{"id":4664,"date":"2025-06-05T11:35:24","date_gmt":"2025-06-05T11:35:24","guid":{"rendered":"https:\/\/www.design-award.cz\/?post_type=portfolio&#038;p=4664"},"modified":"2025-06-06T09:02:11","modified_gmt":"2025-06-06T09:02:11","slug":"produktovy-design-duco-chair","status":"publish","type":"portfolio","link":"https:\/\/www.design-award.cz\/?portfolio=produktovy-design-duco-chair","title":{"rendered":"Produktov\u00fd design &#8211; DUCO chair"},"content":{"rendered":"\n<p><strong>M\u00e1ria M\u00e1rkovics<\/strong><br><br>MICHAEL- S\u0160 a VO\u0160 reklamn\u00ed a um\u011bleck\u00e9 tvorby, s.r.o<br><br>DUCO \u2013 \u017didle pro zuba\u0159e<br><br>Pr\u00e1ce zubn\u00edho l\u00e9ka\u0159e je celo\u017eivotn\u00edm posl\u00e1n\u00edm. Tito specialist\u00e9 tr\u00e1v\u00ed v\u00edce \u010dasu na sv\u00e9 pracovn\u00ed \u017eidli ne\u017e doma. Proto si zaslou\u017e\u00ed vybaven\u00ed, kter\u00e9 nejen podporuje zdrav\u00e9 dr\u017een\u00ed t\u011bla, ale tak\u00e9 esteticky lad\u00ed s modern\u00edm pracovn\u00edm prost\u0159ed\u00edm. DUCO je \u017eidle navr\u017een\u00e1 s d\u016frazem na komfort, styl a funk\u010dnost \u2013 vytvo\u0159en\u00e1 pro ka\u017edodenn\u00ed pou\u017eit\u00ed a dlouh\u00e9 hodiny precizn\u00ed pr\u00e1ce.<br><br>Ka\u017ed\u00fd prvek \u017eidle je pln\u011b nastaviteln\u00fd, aby vyhov\u011bl individu\u00e1ln\u00edm pot\u0159eb\u00e1m ka\u017ed\u00e9ho u\u017eivatele \u2013 bez ohledu na jeho v\u00fd\u0161ku, d\u00e9lku kon\u010detin nebo zp\u016fsob pr\u00e1ce. V\u00fd\u0161ka sed\u00e1ku, podru\u010dek i op\u011brky zad se p\u0159izp\u016fsob\u00ed tak, aby podpo\u0159ila optim\u00e1ln\u00ed ergonomii a minimalizovala \u00fanavu.<br><br>Kombinace m\u011bkk\u00e9ho, p\u0159\u00edjemn\u00e9ho microsuede povrchu a odoln\u00e9 konstrukce z anodizovan\u00e9ho hlin\u00edku v \u0161edo-r\u016f\u017eov\u00e9m proveden\u00ed zaji\u0161\u0165uje dlouhou \u017eivotnost i elegantn\u00ed vzhled. DUCO p\u0159in\u00e1\u0161\u00ed rovnov\u00e1hu mezi pohodl\u00edm a profesionalitou \u2013 p\u0159esn\u011b to, co l\u00e9ka\u0159sk\u00e9 prost\u0159ed\u00ed vy\u017eaduje.<\/p>\n\n\n\n<p>ig @the.markovics<\/p>\n\n\n\n<figure class=\"wp-block-image size-full\"><img decoding=\"async\" width=\"7016\" height=\"9934\" data-src=\"http:\/\/www.design-award.cz\/wp-content\/uploads\/2025\/06\/plakat.jpg\" alt=\"\" class=\"wp-image-4665 lazyload\" src=\"data:image\/svg+xml;base64,PHN2ZyB3aWR0aD0iMSIgaGVpZ2h0PSIxIiB4bWxucz0iaHR0cDovL3d3dy53My5vcmcvMjAwMC9zdmciPjwvc3ZnPg==\" style=\"--smush-placeholder-width: 7016px; --smush-placeholder-aspect-ratio: 7016\/9934;\" \/><\/figure>\n\n\n\n<figure class=\"wp-block-image size-large\"><img decoding=\"async\" width=\"1024\" height=\"594\" data-src=\"http:\/\/www.design-award.cz\/wp-content\/uploads\/2025\/06\/IMG_3722-1024x594.jpg\" alt=\"\" class=\"wp-image-4668 lazyload\" data-srcset=\"https:\/\/www.design-award.cz\/wp-content\/uploads\/2025\/06\/IMG_3722-1024x594.jpg 1024w, https:\/\/www.design-award.cz\/wp-content\/uploads\/2025\/06\/IMG_3722-300x174.jpg 300w, https:\/\/www.design-award.cz\/wp-content\/uploads\/2025\/06\/IMG_3722-768x446.jpg 768w, https:\/\/www.design-award.cz\/wp-content\/uploads\/2025\/06\/IMG_3722-500x290.jpg 500w, https:\/\/www.design-award.cz\/wp-content\/uploads\/2025\/06\/IMG_3722-800x464.jpg 800w, https:\/\/www.design-award.cz\/wp-content\/uploads\/2025\/06\/IMG_3722-1280x743.jpg 1280w, https:\/\/www.design-award.cz\/wp-content\/uploads\/2025\/06\/IMG_3722.jpg 1389w\" data-sizes=\"(max-width: 1024px) 100vw, 1024px\" src=\"data:image\/svg+xml;base64,PHN2ZyB3aWR0aD0iMSIgaGVpZ2h0PSIxIiB4bWxucz0iaHR0cDovL3d3dy53My5vcmcvMjAwMC9zdmciPjwvc3ZnPg==\" style=\"--smush-placeholder-width: 1024px; --smush-placeholder-aspect-ratio: 1024\/594;\" \/><\/figure>\n\n\n\n<figure class=\"wp-block-image size-large\"><img decoding=\"async\" width=\"1024\" height=\"594\" data-src=\"http:\/\/www.design-award.cz\/wp-content\/uploads\/2025\/06\/IMG_3723-1024x594.jpg\" alt=\"\" class=\"wp-image-4669 lazyload\" data-srcset=\"https:\/\/www.design-award.cz\/wp-content\/uploads\/2025\/06\/IMG_3723-1024x594.jpg 1024w, https:\/\/www.design-award.cz\/wp-content\/uploads\/2025\/06\/IMG_3723-300x174.jpg 300w, https:\/\/www.design-award.cz\/wp-content\/uploads\/2025\/06\/IMG_3723-768x446.jpg 768w, https:\/\/www.design-award.cz\/wp-content\/uploads\/2025\/06\/IMG_3723-500x290.jpg 500w, https:\/\/www.design-award.cz\/wp-content\/uploads\/2025\/06\/IMG_3723-800x464.jpg 800w, https:\/\/www.design-award.cz\/wp-content\/uploads\/2025\/06\/IMG_3723-1280x743.jpg 1280w, https:\/\/www.design-award.cz\/wp-content\/uploads\/2025\/06\/IMG_3723.jpg 1389w\" data-sizes=\"(max-width: 1024px) 100vw, 1024px\" src=\"data:image\/svg+xml;base64,PHN2ZyB3aWR0aD0iMSIgaGVpZ2h0PSIxIiB4bWxucz0iaHR0cDovL3d3dy53My5vcmcvMjAwMC9zdmciPjwvc3ZnPg==\" style=\"--smush-placeholder-width: 1024px; --smush-placeholder-aspect-ratio: 1024\/594;\" \/><\/figure>\n\n\n\n<figure class=\"wp-block-image size-large\"><img decoding=\"async\" width=\"1018\" height=\"1024\" data-src=\"http:\/\/www.design-award.cz\/wp-content\/uploads\/2025\/06\/Snimek-obrazovky-2025-06-05-133212-1018x1024.png\" alt=\"\" class=\"wp-image-4666 lazyload\" data-srcset=\"https:\/\/www.design-award.cz\/wp-content\/uploads\/2025\/06\/Snimek-obrazovky-2025-06-05-133212-1018x1024.png 1018w, https:\/\/www.design-award.cz\/wp-content\/uploads\/2025\/06\/Snimek-obrazovky-2025-06-05-133212-298x300.png 298w, https:\/\/www.design-award.cz\/wp-content\/uploads\/2025\/06\/Snimek-obrazovky-2025-06-05-133212-150x150.png 150w, https:\/\/www.design-award.cz\/wp-content\/uploads\/2025\/06\/Snimek-obrazovky-2025-06-05-133212-768x772.png 768w, https:\/\/www.design-award.cz\/wp-content\/uploads\/2025\/06\/Snimek-obrazovky-2025-06-05-133212-500x503.png 500w, https:\/\/www.design-award.cz\/wp-content\/uploads\/2025\/06\/Snimek-obrazovky-2025-06-05-133212-800x805.png 800w, https:\/\/www.design-award.cz\/wp-content\/uploads\/2025\/06\/Snimek-obrazovky-2025-06-05-133212.png 1055w\" data-sizes=\"(max-width: 1018px) 100vw, 1018px\" src=\"data:image\/svg+xml;base64,PHN2ZyB3aWR0aD0iMSIgaGVpZ2h0PSIxIiB4bWxucz0iaHR0cDovL3d3dy53My5vcmcvMjAwMC9zdmciPjwvc3ZnPg==\" style=\"--smush-placeholder-width: 1018px; --smush-placeholder-aspect-ratio: 1018\/1024;\" \/><\/figure>\n","protected":false},"excerpt":{"rendered":"<p>M\u00e1ria M\u00e1rkovics MICHAEL- S\u0160 a VO\u0160 reklamn\u00ed a um\u011bleck\u00e9 tvorby, s.r.o DUCO \u2013 \u017didle pro zuba\u0159e Pr\u00e1ce zubn\u00edho l\u00e9ka\u0159e je celo\u017eivotn\u00edm posl\u00e1n\u00edm. Tito specialist\u00e9 tr\u00e1v\u00ed v\u00edce \u010dasu na sv\u00e9 pracovn\u00ed \u017eidli ne\u017e doma. Proto si zaslou\u017e\u00ed vybaven\u00ed, kter\u00e9 nejen podporuje zdrav\u00e9 dr\u017een\u00ed t\u011bla, ale tak\u00e9 esteticky lad\u00ed s modern\u00edm pracovn\u00edm prost\u0159ed\u00edm. DUCO je \u017eidle navr\u017een\u00e1 [&hellip;]<\/p>\n","protected":false},"author":2,"featured_media":4667,"menu_order":0,"comment_status":"closed","ping_status":"closed","template":"","format":"standard","meta":{"ngg_post_thumbnail":0,"ocean_post_layout":"","ocean_both_sidebars_style":"","ocean_both_sidebars_content_width":0,"ocean_both_sidebars_sidebars_width":0,"ocean_sidebar":"","ocean_second_sidebar":"","ocean_disable_margins":"enable","ocean_add_body_class":"","ocean_shortcode_before_top_bar":"","ocean_shortcode_after_top_bar":"","ocean_shortcode_before_header":"","ocean_shortcode_after_header":"","ocean_has_shortcode":"","ocean_shortcode_after_title":"","ocean_shortcode_before_footer_widgets":"","ocean_shortcode_after_footer_widgets":"","ocean_shortcode_before_footer_bottom":"","ocean_shortcode_after_footer_bottom":"","ocean_display_top_bar":"default","ocean_display_header":"default","ocean_header_style":"","ocean_center_header_left_menu":"","ocean_custom_header_template":"","ocean_custom_logo":0,"ocean_custom_retina_logo":0,"ocean_custom_logo_max_width":0,"ocean_custom_logo_tablet_max_width":0,"ocean_custom_logo_mobile_max_width":0,"ocean_custom_logo_max_height":0,"ocean_custom_logo_tablet_max_height":0,"ocean_custom_logo_mobile_max_height":0,"ocean_header_custom_menu":"","ocean_menu_typo_font_family":"","ocean_menu_typo_font_subset":"","ocean_menu_typo_font_size":0,"ocean_menu_typo_font_size_tablet":0,"ocean_menu_typo_font_size_mobile":0,"ocean_menu_typo_font_size_unit":"px","ocean_menu_typo_font_weight":"","ocean_menu_typo_font_weight_tablet":"","ocean_menu_typo_font_weight_mobile":"","ocean_menu_typo_transform":"","ocean_menu_typo_transform_tablet":"","ocean_menu_typo_transform_mobile":"","ocean_menu_typo_line_height":0,"ocean_menu_typo_line_height_tablet":0,"ocean_menu_typo_line_height_mobile":0,"ocean_menu_typo_line_height_unit":"","ocean_menu_typo_spacing":0,"ocean_menu_typo_spacing_tablet":0,"ocean_menu_typo_spacing_mobile":0,"ocean_menu_typo_spacing_unit":"","ocean_menu_link_color":"","ocean_menu_link_color_hover":"","ocean_menu_link_color_active":"","ocean_menu_link_background":"","ocean_menu_link_hover_background":"","ocean_menu_link_active_background":"","ocean_menu_social_links_bg":"","ocean_menu_social_hover_links_bg":"","ocean_menu_social_links_color":"","ocean_menu_social_hover_links_color":"","ocean_disable_title":"default","ocean_disable_heading":"default","ocean_post_title":"","ocean_post_subheading":"","ocean_post_title_style":"","ocean_post_title_background_color":"","ocean_post_title_background":0,"ocean_post_title_bg_image_position":"","ocean_post_title_bg_image_attachment":"","ocean_post_title_bg_image_repeat":"","ocean_post_title_bg_image_size":"","ocean_post_title_height":0,"ocean_post_title_bg_overlay":0.5,"ocean_post_title_bg_overlay_color":"","ocean_disable_breadcrumbs":"default","ocean_breadcrumbs_color":"","ocean_breadcrumbs_separator_color":"","ocean_breadcrumbs_links_color":"","ocean_breadcrumbs_links_hover_color":"","ocean_display_footer_widgets":"default","ocean_display_footer_bottom":"default","ocean_custom_footer_template":"","_vp_format_video_url":"","_vp_image_focal_point":[],"footnotes":""},"portfolio_category":[],"portfolio_tag":[],"class_list":["post-4664","portfolio","type-portfolio","status-publish","format-standard","has-post-thumbnail","hentry","entry","has-media"],"yoast_head":"<!-- This site is optimized with the Yoast SEO plugin v25.2 - https:\/\/yoast.com\/wordpress\/plugins\/seo\/ -->\n<title>Produktov\u00fd design - DUCO chair - design-award.cz<\/title>\n<meta name=\"robots\" content=\"index, follow, max-snippet:-1, max-image-preview:large, max-video-preview:-1\" \/>\n<link rel=\"canonical\" href=\"https:\/\/www.design-award.cz\/?portfolio=produktovy-design-duco-chair\" \/>\n<meta property=\"og:locale\" content=\"cs_CZ\" \/>\n<meta property=\"og:type\" content=\"article\" \/>\n<meta property=\"og:title\" content=\"Produktov\u00fd design - DUCO chair - design-award.cz\" \/>\n<meta property=\"og:description\" content=\"M\u00e1ria M\u00e1rkovics MICHAEL- S\u0160 a VO\u0160 reklamn\u00ed a um\u011bleck\u00e9 tvorby, s.r.o DUCO \u2013 \u017didle pro zuba\u0159e Pr\u00e1ce zubn\u00edho l\u00e9ka\u0159e je celo\u017eivotn\u00edm posl\u00e1n\u00edm. Tito specialist\u00e9 tr\u00e1v\u00ed v\u00edce \u010dasu na sv\u00e9 pracovn\u00ed \u017eidli ne\u017e doma. Proto si zaslou\u017e\u00ed vybaven\u00ed, kter\u00e9 nejen podporuje zdrav\u00e9 dr\u017een\u00ed t\u011bla, ale tak\u00e9 esteticky lad\u00ed s modern\u00edm pracovn\u00edm prost\u0159ed\u00edm. DUCO je \u017eidle navr\u017een\u00e1 [&hellip;]\" \/>\n<meta property=\"og:url\" content=\"https:\/\/www.design-award.cz\/?portfolio=produktovy-design-duco-chair\" \/>\n<meta property=\"og:site_name\" content=\"design-award.cz\" \/>\n<meta property=\"article:modified_time\" content=\"2025-06-06T09:02:11+00:00\" \/>\n<meta property=\"og:image\" content=\"http:\/\/www.design-award.cz\/wp-content\/uploads\/2025\/06\/IMG_3718.jpg\" \/>\n\t<meta property=\"og:image:width\" content=\"1064\" \/>\n\t<meta property=\"og:image:height\" content=\"806\" \/>\n\t<meta property=\"og:image:type\" content=\"image\/jpeg\" \/>\n<meta name=\"twitter:card\" content=\"summary_large_image\" \/>\n<meta name=\"twitter:label1\" content=\"Odhadovan\u00e1 doba \u010dten\u00ed\" \/>\n\t<meta name=\"twitter:data1\" content=\"2 minuty\" \/>\n<script type=\"application\/ld+json\" class=\"yoast-schema-graph\">{\"@context\":\"https:\/\/schema.org\",\"@graph\":[{\"@type\":\"WebPage\",\"@id\":\"https:\/\/www.design-award.cz\/?portfolio=produktovy-design-duco-chair\",\"url\":\"https:\/\/www.design-award.cz\/?portfolio=produktovy-design-duco-chair\",\"name\":\"Produktov\u00fd design - DUCO chair - design-award.cz\",\"isPartOf\":{\"@id\":\"https:\/\/www.design-award.cz\/#website\"},\"primaryImageOfPage\":{\"@id\":\"https:\/\/www.design-award.cz\/?portfolio=produktovy-design-duco-chair#primaryimage\"},\"image\":{\"@id\":\"https:\/\/www.design-award.cz\/?portfolio=produktovy-design-duco-chair#primaryimage\"},\"thumbnailUrl\":\"https:\/\/www.design-award.cz\/wp-content\/uploads\/2025\/06\/IMG_3718.jpg\",\"datePublished\":\"2025-06-05T11:35:24+00:00\",\"dateModified\":\"2025-06-06T09:02:11+00:00\",\"breadcrumb\":{\"@id\":\"https:\/\/www.design-award.cz\/?portfolio=produktovy-design-duco-chair#breadcrumb\"},\"inLanguage\":\"cs\",\"potentialAction\":[{\"@type\":\"ReadAction\",\"target\":[\"https:\/\/www.design-award.cz\/?portfolio=produktovy-design-duco-chair\"]}]},{\"@type\":\"ImageObject\",\"inLanguage\":\"cs\",\"@id\":\"https:\/\/www.design-award.cz\/?portfolio=produktovy-design-duco-chair#primaryimage\",\"url\":\"https:\/\/www.design-award.cz\/wp-content\/uploads\/2025\/06\/IMG_3718.jpg\",\"contentUrl\":\"https:\/\/www.design-award.cz\/wp-content\/uploads\/2025\/06\/IMG_3718.jpg\",\"width\":1064,\"height\":806},{\"@type\":\"BreadcrumbList\",\"@id\":\"https:\/\/www.design-award.cz\/?portfolio=produktovy-design-duco-chair#breadcrumb\",\"itemListElement\":[{\"@type\":\"ListItem\",\"position\":1,\"name\":\"Dom\u016f\",\"item\":\"https:\/\/www.design-award.cz\/\"},{\"@type\":\"ListItem\",\"position\":2,\"name\":\"Portfolio Items\",\"item\":\"https:\/\/www.design-award.cz\/?post_type=portfolio\"},{\"@type\":\"ListItem\",\"position\":3,\"name\":\"Produktov\u00fd design &#8211; DUCO chair\"}]},{\"@type\":\"WebSite\",\"@id\":\"https:\/\/www.design-award.cz\/#website\",\"url\":\"https:\/\/www.design-award.cz\/\",\"name\":\"design-award.cz\",\"description\":\"WARD vznikla v roce 2022. Je ur\u010dena p\u0159edev\u0161\u00edm student\u016fm st\u0159edn\u00edch um\u011bleck\u00fdch \u0161kol (S\u0160 a VO\u0160), kte\u0159\u00ed mohou bezplatn\u011b zaslat sv\u00e9 n\u00e1vrhy v uveden\u00fdch kategori\u00ed a tak pom\u011b\u0159it sv\u00e9 n\u00e1pady s konkurenc\u00ed sv\u00fdch vrstevn\u00edk\u016f. N\u00e1vrhy jsou n\u00e1sledn\u011b posouzeny nez\u00e1vislou porotou z \u0159ad v\u00fdtvarn\u00edk\u016f, pedagog\u016f a profesion\u00e1l\u016f z oboru.\",\"publisher\":{\"@id\":\"https:\/\/www.design-award.cz\/#organization\"},\"potentialAction\":[{\"@type\":\"SearchAction\",\"target\":{\"@type\":\"EntryPoint\",\"urlTemplate\":\"https:\/\/www.design-award.cz\/?s={search_term_string}\"},\"query-input\":{\"@type\":\"PropertyValueSpecification\",\"valueRequired\":true,\"valueName\":\"search_term_string\"}}],\"inLanguage\":\"cs\"},{\"@type\":\"Organization\",\"@id\":\"https:\/\/www.design-award.cz\/#organization\",\"name\":\"Design Award\",\"url\":\"https:\/\/www.design-award.cz\/\",\"logo\":{\"@type\":\"ImageObject\",\"inLanguage\":\"cs\",\"@id\":\"https:\/\/www.design-award.cz\/#\/schema\/logo\/image\/\",\"url\":\"http:\/\/www.design-award.cz\/wp-content\/uploads\/2021\/12\/hornilogo_design-award.png\",\"contentUrl\":\"http:\/\/www.design-award.cz\/wp-content\/uploads\/2021\/12\/hornilogo_design-award.png\",\"width\":800,\"height\":600,\"caption\":\"Design Award\"},\"image\":{\"@id\":\"https:\/\/www.design-award.cz\/#\/schema\/logo\/image\/\"},\"sameAs\":[\"https:\/\/www.instagram.com\/design_award\/\"]}]}<\/script>\n<!-- \/ Yoast SEO plugin. -->","yoast_head_json":{"title":"Produktov\u00fd design - DUCO chair - design-award.cz","robots":{"index":"index","follow":"follow","max-snippet":"max-snippet:-1","max-image-preview":"max-image-preview:large","max-video-preview":"max-video-preview:-1"},"canonical":"https:\/\/www.design-award.cz\/?portfolio=produktovy-design-duco-chair","og_locale":"cs_CZ","og_type":"article","og_title":"Produktov\u00fd design - DUCO chair - design-award.cz","og_description":"M\u00e1ria M\u00e1rkovics MICHAEL- S\u0160 a VO\u0160 reklamn\u00ed a um\u011bleck\u00e9 tvorby, s.r.o DUCO \u2013 \u017didle pro zuba\u0159e Pr\u00e1ce zubn\u00edho l\u00e9ka\u0159e je celo\u017eivotn\u00edm posl\u00e1n\u00edm. Tito specialist\u00e9 tr\u00e1v\u00ed v\u00edce \u010dasu na sv\u00e9 pracovn\u00ed \u017eidli ne\u017e doma. Proto si zaslou\u017e\u00ed vybaven\u00ed, kter\u00e9 nejen podporuje zdrav\u00e9 dr\u017een\u00ed t\u011bla, ale tak\u00e9 esteticky lad\u00ed s modern\u00edm pracovn\u00edm prost\u0159ed\u00edm. DUCO je \u017eidle navr\u017een\u00e1 [&hellip;]","og_url":"https:\/\/www.design-award.cz\/?portfolio=produktovy-design-duco-chair","og_site_name":"design-award.cz","article_modified_time":"2025-06-06T09:02:11+00:00","og_image":[{"width":1064,"height":806,"url":"http:\/\/www.design-award.cz\/wp-content\/uploads\/2025\/06\/IMG_3718.jpg","type":"image\/jpeg"}],"twitter_card":"summary_large_image","twitter_misc":{"Odhadovan\u00e1 doba \u010dten\u00ed":"2 minuty"},"schema":{"@context":"https:\/\/schema.org","@graph":[{"@type":"WebPage","@id":"https:\/\/www.design-award.cz\/?portfolio=produktovy-design-duco-chair","url":"https:\/\/www.design-award.cz\/?portfolio=produktovy-design-duco-chair","name":"Produktov\u00fd design - DUCO chair - design-award.cz","isPartOf":{"@id":"https:\/\/www.design-award.cz\/#website"},"primaryImageOfPage":{"@id":"https:\/\/www.design-award.cz\/?portfolio=produktovy-design-duco-chair#primaryimage"},"image":{"@id":"https:\/\/www.design-award.cz\/?portfolio=produktovy-design-duco-chair#primaryimage"},"thumbnailUrl":"https:\/\/www.design-award.cz\/wp-content\/uploads\/2025\/06\/IMG_3718.jpg","datePublished":"2025-06-05T11:35:24+00:00","dateModified":"2025-06-06T09:02:11+00:00","breadcrumb":{"@id":"https:\/\/www.design-award.cz\/?portfolio=produktovy-design-duco-chair#breadcrumb"},"inLanguage":"cs","potentialAction":[{"@type":"ReadAction","target":["https:\/\/www.design-award.cz\/?portfolio=produktovy-design-duco-chair"]}]},{"@type":"ImageObject","inLanguage":"cs","@id":"https:\/\/www.design-award.cz\/?portfolio=produktovy-design-duco-chair#primaryimage","url":"https:\/\/www.design-award.cz\/wp-content\/uploads\/2025\/06\/IMG_3718.jpg","contentUrl":"https:\/\/www.design-award.cz\/wp-content\/uploads\/2025\/06\/IMG_3718.jpg","width":1064,"height":806},{"@type":"BreadcrumbList","@id":"https:\/\/www.design-award.cz\/?portfolio=produktovy-design-duco-chair#breadcrumb","itemListElement":[{"@type":"ListItem","position":1,"name":"Dom\u016f","item":"https:\/\/www.design-award.cz\/"},{"@type":"ListItem","position":2,"name":"Portfolio Items","item":"https:\/\/www.design-award.cz\/?post_type=portfolio"},{"@type":"ListItem","position":3,"name":"Produktov\u00fd design &#8211; DUCO chair"}]},{"@type":"WebSite","@id":"https:\/\/www.design-award.cz\/#website","url":"https:\/\/www.design-award.cz\/","name":"design-award.cz","description":"WARD vznikla v roce 2022. Je ur\u010dena p\u0159edev\u0161\u00edm student\u016fm st\u0159edn\u00edch um\u011bleck\u00fdch \u0161kol (S\u0160 a VO\u0160), kte\u0159\u00ed mohou bezplatn\u011b zaslat sv\u00e9 n\u00e1vrhy v uveden\u00fdch kategori\u00ed a tak pom\u011b\u0159it sv\u00e9 n\u00e1pady s konkurenc\u00ed sv\u00fdch vrstevn\u00edk\u016f. N\u00e1vrhy jsou n\u00e1sledn\u011b posouzeny nez\u00e1vislou porotou z \u0159ad v\u00fdtvarn\u00edk\u016f, pedagog\u016f a profesion\u00e1l\u016f z oboru.","publisher":{"@id":"https:\/\/www.design-award.cz\/#organization"},"potentialAction":[{"@type":"SearchAction","target":{"@type":"EntryPoint","urlTemplate":"https:\/\/www.design-award.cz\/?s={search_term_string}"},"query-input":{"@type":"PropertyValueSpecification","valueRequired":true,"valueName":"search_term_string"}}],"inLanguage":"cs"},{"@type":"Organization","@id":"https:\/\/www.design-award.cz\/#organization","name":"Design Award","url":"https:\/\/www.design-award.cz\/","logo":{"@type":"ImageObject","inLanguage":"cs","@id":"https:\/\/www.design-award.cz\/#\/schema\/logo\/image\/","url":"http:\/\/www.design-award.cz\/wp-content\/uploads\/2021\/12\/hornilogo_design-award.png","contentUrl":"http:\/\/www.design-award.cz\/wp-content\/uploads\/2021\/12\/hornilogo_design-award.png","width":800,"height":600,"caption":"Design Award"},"image":{"@id":"https:\/\/www.design-award.cz\/#\/schema\/logo\/image\/"},"sameAs":["https:\/\/www.instagram.com\/design_award\/"]}]}},"_links":{"self":[{"href":"https:\/\/www.design-award.cz\/index.php?rest_route=\/wp\/v2\/portfolio\/4664","targetHints":{"allow":["GET"]}}],"collection":[{"href":"https:\/\/www.design-award.cz\/index.php?rest_route=\/wp\/v2\/portfolio"}],"about":[{"href":"https:\/\/www.design-award.cz\/index.php?rest_route=\/wp\/v2\/types\/portfolio"}],"author":[{"embeddable":true,"href":"https:\/\/www.design-award.cz\/index.php?rest_route=\/wp\/v2\/users\/2"}],"replies":[{"embeddable":true,"href":"https:\/\/www.design-award.cz\/index.php?rest_route=%2Fwp%2Fv2%2Fcomments&post=4664"}],"version-history":[{"count":1,"href":"https:\/\/www.design-award.cz\/index.php?rest_route=\/wp\/v2\/portfolio\/4664\/revisions"}],"predecessor-version":[{"id":4670,"href":"https:\/\/www.design-award.cz\/index.php?rest_route=\/wp\/v2\/portfolio\/4664\/revisions\/4670"}],"wp:featuredmedia":[{"embeddable":true,"href":"https:\/\/www.design-award.cz\/index.php?rest_route=\/wp\/v2\/media\/4667"}],"wp:attachment":[{"href":"https:\/\/www.design-award.cz\/index.php?rest_route=%2Fwp%2Fv2%2Fmedia&parent=4664"}],"wp:term":[{"taxonomy":"portfolio_category","embeddable":true,"href":"https:\/\/www.design-award.cz\/index.php?rest_route=%2Fwp%2Fv2%2Fportfolio_category&post=4664"},{"taxonomy":"portfolio_tag","embeddable":true,"href":"https:\/\/www.design-award.cz\/index.php?rest_route=%2Fwp%2Fv2%2Fportfolio_tag&post=4664"}],"curies":[{"name":"wp","href":"https:\/\/api.w.org\/{rel}","templated":true}]}}