{"id":4686,"date":"2025-06-06T09:07:07","date_gmt":"2025-06-06T09:07:07","guid":{"rendered":"https:\/\/www.design-award.cz\/?post_type=portfolio&#038;p=4686"},"modified":"2025-06-06T09:42:32","modified_gmt":"2025-06-06T09:42:32","slug":"interierovy-design-re-ce-bytoveho-interieru","status":"publish","type":"portfolio","link":"https:\/\/www.design-award.cz\/?portfolio=interierovy-design-re-ce-bytoveho-interieru","title":{"rendered":"Interi\u00e9rov\u00fd design &#8211; RE-CE bytov\u00e9ho interi\u00e9ru"},"content":{"rendered":"\n<p><strong>Vlastimil Preuss<\/strong><br><br>Vy\u0161\u0161\u00ed odborn\u00e1 \u0161kola obalov\u00e9 techniky a St\u0159edn\u00ed \u0161kola, \u0160t\u011bt\u00ed<br><br>Tento n\u00e1vrh se zam\u011b\u0159uje na zm\u011bnu nevyhovuj\u00edc\u00ed dispozice a rekonstrukci interi\u00e9ru, kter\u00fd neodpov\u00eddal sou\u010dasn\u00fdm n\u00e1rok\u016fm na komfortn\u00ed a funk\u010dn\u00ed bydlen\u00ed.<br><br>P\u016fvodn\u00ed byt 3+1 byl p\u0159em\u011bn\u011bn na modern\u00ed 2+kk, kter\u00fd nab\u00edz\u00ed otev\u0159en\u00fd a vzdu\u0161n\u011bj\u0161\u00ed prostor, l\u00e9pe reflektuj\u00edc\u00ed pot\u0159eby dne\u0161n\u00edho \u017eivotn\u00edho stylu.<br><br>Tato zm\u011bna zahrnovala propojen\u00ed toalety s koupelnou, \u010d\u00edm\u017e vznikl jednotn\u00fd a funk\u010dn\u00ed prostor. Ob\u00fdvac\u00ed pokoj byl p\u0159em\u00edst\u011bn a transformov\u00e1n na lo\u017enici, zat\u00edmco p\u016fvodn\u00ed lo\u017enice byla spojena s kuchyn\u00ed, co\u017e umo\u017enilo vytvo\u0159en\u00ed prostorn\u00e9ho a otev\u0159en\u00e9ho obytn\u00e9ho prostoru.<\/p>\n\n\n\n<figure class=\"wp-block-image size-large\"><img decoding=\"async\" width=\"727\" height=\"1024\" data-src=\"http:\/\/www.design-award.cz\/wp-content\/uploads\/2025\/06\/preuss_plakat-727x1024.jpg\" alt=\"\" class=\"wp-image-4688 lazyload\" data-srcset=\"https:\/\/www.design-award.cz\/wp-content\/uploads\/2025\/06\/preuss_plakat-727x1024.jpg 727w, https:\/\/www.design-award.cz\/wp-content\/uploads\/2025\/06\/preuss_plakat-213x300.jpg 213w, https:\/\/www.design-award.cz\/wp-content\/uploads\/2025\/06\/preuss_plakat-768x1082.jpg 768w, https:\/\/www.design-award.cz\/wp-content\/uploads\/2025\/06\/preuss_plakat-1090x1536.jpg 1090w, https:\/\/www.design-award.cz\/wp-content\/uploads\/2025\/06\/preuss_plakat-500x704.jpg 500w, https:\/\/www.design-award.cz\/wp-content\/uploads\/2025\/06\/preuss_plakat-800x1127.jpg 800w, https:\/\/www.design-award.cz\/wp-content\/uploads\/2025\/06\/preuss_plakat-1280x1803.jpg 1280w, https:\/\/www.design-award.cz\/wp-content\/uploads\/2025\/06\/preuss_plakat.jpg 1363w\" data-sizes=\"(max-width: 727px) 100vw, 727px\" src=\"data:image\/svg+xml;base64,PHN2ZyB3aWR0aD0iMSIgaGVpZ2h0PSIxIiB4bWxucz0iaHR0cDovL3d3dy53My5vcmcvMjAwMC9zdmciPjwvc3ZnPg==\" style=\"--smush-placeholder-width: 727px; --smush-placeholder-aspect-ratio: 727\/1024;\" \/><\/figure>\n\n\n\n<figure class=\"wp-block-image size-large\"><img decoding=\"async\" width=\"1024\" height=\"576\" data-src=\"http:\/\/www.design-award.cz\/wp-content\/uploads\/2025\/06\/preuss_predsin-1024x576.jpg\" alt=\"\" class=\"wp-image-4689 lazyload\" data-srcset=\"https:\/\/www.design-award.cz\/wp-content\/uploads\/2025\/06\/preuss_predsin-1024x576.jpg 1024w, https:\/\/www.design-award.cz\/wp-content\/uploads\/2025\/06\/preuss_predsin-300x169.jpg 300w, https:\/\/www.design-award.cz\/wp-content\/uploads\/2025\/06\/preuss_predsin-768x432.jpg 768w, https:\/\/www.design-award.cz\/wp-content\/uploads\/2025\/06\/preuss_predsin-1536x864.jpg 1536w, https:\/\/www.design-award.cz\/wp-content\/uploads\/2025\/06\/preuss_predsin-2048x1152.jpg 2048w, https:\/\/www.design-award.cz\/wp-content\/uploads\/2025\/06\/preuss_predsin-800x450.jpg 800w, https:\/\/www.design-award.cz\/wp-content\/uploads\/2025\/06\/preuss_predsin-500x281.jpg 500w, https:\/\/www.design-award.cz\/wp-content\/uploads\/2025\/06\/preuss_predsin-1280x720.jpg 1280w, https:\/\/www.design-award.cz\/wp-content\/uploads\/2025\/06\/preuss_predsin-1920x1080.jpg 1920w\" data-sizes=\"(max-width: 1024px) 100vw, 1024px\" src=\"data:image\/svg+xml;base64,PHN2ZyB3aWR0aD0iMSIgaGVpZ2h0PSIxIiB4bWxucz0iaHR0cDovL3d3dy53My5vcmcvMjAwMC9zdmciPjwvc3ZnPg==\" style=\"--smush-placeholder-width: 1024px; --smush-placeholder-aspect-ratio: 1024\/576;\" \/><\/figure>\n\n\n\n<figure class=\"wp-block-image size-large\"><img decoding=\"async\" width=\"1024\" height=\"576\" data-src=\"http:\/\/www.design-award.cz\/wp-content\/uploads\/2025\/06\/preuss_koupelna_2-1024x576.jpg\" alt=\"\" class=\"wp-image-4691 lazyload\" data-srcset=\"https:\/\/www.design-award.cz\/wp-content\/uploads\/2025\/06\/preuss_koupelna_2-1024x576.jpg 1024w, https:\/\/www.design-award.cz\/wp-content\/uploads\/2025\/06\/preuss_koupelna_2-300x169.jpg 300w, https:\/\/www.design-award.cz\/wp-content\/uploads\/2025\/06\/preuss_koupelna_2-768x432.jpg 768w, https:\/\/www.design-award.cz\/wp-content\/uploads\/2025\/06\/preuss_koupelna_2-1536x864.jpg 1536w, https:\/\/www.design-award.cz\/wp-content\/uploads\/2025\/06\/preuss_koupelna_2-2048x1152.jpg 2048w, https:\/\/www.design-award.cz\/wp-content\/uploads\/2025\/06\/preuss_koupelna_2-800x450.jpg 800w, https:\/\/www.design-award.cz\/wp-content\/uploads\/2025\/06\/preuss_koupelna_2-500x281.jpg 500w, https:\/\/www.design-award.cz\/wp-content\/uploads\/2025\/06\/preuss_koupelna_2-1280x720.jpg 1280w, https:\/\/www.design-award.cz\/wp-content\/uploads\/2025\/06\/preuss_koupelna_2-1920x1080.jpg 1920w\" data-sizes=\"(max-width: 1024px) 100vw, 1024px\" src=\"data:image\/svg+xml;base64,PHN2ZyB3aWR0aD0iMSIgaGVpZ2h0PSIxIiB4bWxucz0iaHR0cDovL3d3dy53My5vcmcvMjAwMC9zdmciPjwvc3ZnPg==\" style=\"--smush-placeholder-width: 1024px; --smush-placeholder-aspect-ratio: 1024\/576;\" \/><\/figure>\n\n\n\n<figure class=\"wp-block-image size-large\"><img decoding=\"async\" width=\"1024\" height=\"724\" data-src=\"http:\/\/www.design-award.cz\/wp-content\/uploads\/2025\/06\/preuss_tech._vykres-1024x724.png\" alt=\"\" class=\"wp-image-4690 lazyload\" data-srcset=\"https:\/\/www.design-award.cz\/wp-content\/uploads\/2025\/06\/preuss_tech._vykres-1024x724.png 1024w, https:\/\/www.design-award.cz\/wp-content\/uploads\/2025\/06\/preuss_tech._vykres-300x212.png 300w, https:\/\/www.design-award.cz\/wp-content\/uploads\/2025\/06\/preuss_tech._vykres-768x543.png 768w, https:\/\/www.design-award.cz\/wp-content\/uploads\/2025\/06\/preuss_tech._vykres-1536x1086.png 1536w, https:\/\/www.design-award.cz\/wp-content\/uploads\/2025\/06\/preuss_tech._vykres-2048x1449.png 2048w, https:\/\/www.design-award.cz\/wp-content\/uploads\/2025\/06\/preuss_tech._vykres-500x354.png 500w, https:\/\/www.design-award.cz\/wp-content\/uploads\/2025\/06\/preuss_tech._vykres-800x566.png 800w, https:\/\/www.design-award.cz\/wp-content\/uploads\/2025\/06\/preuss_tech._vykres-1280x905.png 1280w, https:\/\/www.design-award.cz\/wp-content\/uploads\/2025\/06\/preuss_tech._vykres-1920x1358.png 1920w\" data-sizes=\"(max-width: 1024px) 100vw, 1024px\" src=\"data:image\/svg+xml;base64,PHN2ZyB3aWR0aD0iMSIgaGVpZ2h0PSIxIiB4bWxucz0iaHR0cDovL3d3dy53My5vcmcvMjAwMC9zdmciPjwvc3ZnPg==\" style=\"--smush-placeholder-width: 1024px; --smush-placeholder-aspect-ratio: 1024\/724;\" \/><\/figure>\n","protected":false},"excerpt":{"rendered":"<p>Vlastimil Preuss Vy\u0161\u0161\u00ed odborn\u00e1 \u0161kola obalov\u00e9 techniky a St\u0159edn\u00ed \u0161kola, \u0160t\u011bt\u00ed Tento n\u00e1vrh se zam\u011b\u0159uje na zm\u011bnu nevyhovuj\u00edc\u00ed dispozice a rekonstrukci interi\u00e9ru, kter\u00fd neodpov\u00eddal sou\u010dasn\u00fdm n\u00e1rok\u016fm na komfortn\u00ed a funk\u010dn\u00ed bydlen\u00ed. P\u016fvodn\u00ed byt 3+1 byl p\u0159em\u011bn\u011bn na modern\u00ed 2+kk, kter\u00fd nab\u00edz\u00ed otev\u0159en\u00fd a vzdu\u0161n\u011bj\u0161\u00ed prostor, l\u00e9pe reflektuj\u00edc\u00ed pot\u0159eby dne\u0161n\u00edho \u017eivotn\u00edho stylu. Tato zm\u011bna zahrnovala propojen\u00ed [&hellip;]<\/p>\n","protected":false},"author":2,"featured_media":4687,"menu_order":0,"comment_status":"closed","ping_status":"closed","template":"","format":"standard","meta":{"ngg_post_thumbnail":0,"ocean_post_layout":"","ocean_both_sidebars_style":"","ocean_both_sidebars_content_width":0,"ocean_both_sidebars_sidebars_width":0,"ocean_sidebar":"","ocean_second_sidebar":"","ocean_disable_margins":"enable","ocean_add_body_class":"","ocean_shortcode_before_top_bar":"","ocean_shortcode_after_top_bar":"","ocean_shortcode_before_header":"","ocean_shortcode_after_header":"","ocean_has_shortcode":"","ocean_shortcode_after_title":"","ocean_shortcode_before_footer_widgets":"","ocean_shortcode_after_footer_widgets":"","ocean_shortcode_before_footer_bottom":"","ocean_shortcode_after_footer_bottom":"","ocean_display_top_bar":"default","ocean_display_header":"default","ocean_header_style":"","ocean_center_header_left_menu":"","ocean_custom_header_template":"","ocean_custom_logo":0,"ocean_custom_retina_logo":0,"ocean_custom_logo_max_width":0,"ocean_custom_logo_tablet_max_width":0,"ocean_custom_logo_mobile_max_width":0,"ocean_custom_logo_max_height":0,"ocean_custom_logo_tablet_max_height":0,"ocean_custom_logo_mobile_max_height":0,"ocean_header_custom_menu":"","ocean_menu_typo_font_family":"","ocean_menu_typo_font_subset":"","ocean_menu_typo_font_size":0,"ocean_menu_typo_font_size_tablet":0,"ocean_menu_typo_font_size_mobile":0,"ocean_menu_typo_font_size_unit":"px","ocean_menu_typo_font_weight":"","ocean_menu_typo_font_weight_tablet":"","ocean_menu_typo_font_weight_mobile":"","ocean_menu_typo_transform":"","ocean_menu_typo_transform_tablet":"","ocean_menu_typo_transform_mobile":"","ocean_menu_typo_line_height":0,"ocean_menu_typo_line_height_tablet":0,"ocean_menu_typo_line_height_mobile":0,"ocean_menu_typo_line_height_unit":"","ocean_menu_typo_spacing":0,"ocean_menu_typo_spacing_tablet":0,"ocean_menu_typo_spacing_mobile":0,"ocean_menu_typo_spacing_unit":"","ocean_menu_link_color":"","ocean_menu_link_color_hover":"","ocean_menu_link_color_active":"","ocean_menu_link_background":"","ocean_menu_link_hover_background":"","ocean_menu_link_active_background":"","ocean_menu_social_links_bg":"","ocean_menu_social_hover_links_bg":"","ocean_menu_social_links_color":"","ocean_menu_social_hover_links_color":"","ocean_disable_title":"default","ocean_disable_heading":"default","ocean_post_title":"","ocean_post_subheading":"","ocean_post_title_style":"","ocean_post_title_background_color":"","ocean_post_title_background":0,"ocean_post_title_bg_image_position":"","ocean_post_title_bg_image_attachment":"","ocean_post_title_bg_image_repeat":"","ocean_post_title_bg_image_size":"","ocean_post_title_height":0,"ocean_post_title_bg_overlay":0.5,"ocean_post_title_bg_overlay_color":"","ocean_disable_breadcrumbs":"default","ocean_breadcrumbs_color":"","ocean_breadcrumbs_separator_color":"","ocean_breadcrumbs_links_color":"","ocean_breadcrumbs_links_hover_color":"","ocean_display_footer_widgets":"default","ocean_display_footer_bottom":"default","ocean_custom_footer_template":"","_vp_format_video_url":"","_vp_image_focal_point":[],"footnotes":""},"portfolio_category":[],"portfolio_tag":[],"class_list":["post-4686","portfolio","type-portfolio","status-publish","format-standard","has-post-thumbnail","hentry","entry","has-media"],"yoast_head":"<!-- This site is optimized with the Yoast SEO plugin v25.2 - https:\/\/yoast.com\/wordpress\/plugins\/seo\/ -->\n<title>Interi\u00e9rov\u00fd design - RE-CE bytov\u00e9ho interi\u00e9ru - design-award.cz<\/title>\n<meta name=\"robots\" content=\"index, follow, max-snippet:-1, max-image-preview:large, max-video-preview:-1\" \/>\n<link rel=\"canonical\" href=\"https:\/\/www.design-award.cz\/?portfolio=interierovy-design-re-ce-bytoveho-interieru\" \/>\n<meta property=\"og:locale\" content=\"cs_CZ\" \/>\n<meta property=\"og:type\" content=\"article\" \/>\n<meta property=\"og:title\" content=\"Interi\u00e9rov\u00fd design - RE-CE bytov\u00e9ho interi\u00e9ru - design-award.cz\" \/>\n<meta property=\"og:description\" content=\"Vlastimil Preuss Vy\u0161\u0161\u00ed odborn\u00e1 \u0161kola obalov\u00e9 techniky a St\u0159edn\u00ed \u0161kola, \u0160t\u011bt\u00ed Tento n\u00e1vrh se zam\u011b\u0159uje na zm\u011bnu nevyhovuj\u00edc\u00ed dispozice a rekonstrukci interi\u00e9ru, kter\u00fd neodpov\u00eddal sou\u010dasn\u00fdm n\u00e1rok\u016fm na komfortn\u00ed a funk\u010dn\u00ed bydlen\u00ed. P\u016fvodn\u00ed byt 3+1 byl p\u0159em\u011bn\u011bn na modern\u00ed 2+kk, kter\u00fd nab\u00edz\u00ed otev\u0159en\u00fd a vzdu\u0161n\u011bj\u0161\u00ed prostor, l\u00e9pe reflektuj\u00edc\u00ed pot\u0159eby dne\u0161n\u00edho \u017eivotn\u00edho stylu. Tato zm\u011bna zahrnovala propojen\u00ed [&hellip;]\" \/>\n<meta property=\"og:url\" content=\"https:\/\/www.design-award.cz\/?portfolio=interierovy-design-re-ce-bytoveho-interieru\" \/>\n<meta property=\"og:site_name\" content=\"design-award.cz\" \/>\n<meta property=\"article:modified_time\" content=\"2025-06-06T09:42:32+00:00\" \/>\n<meta property=\"og:image\" content=\"http:\/\/www.design-award.cz\/wp-content\/uploads\/2025\/06\/preuss_kuchyne-scaled.jpg\" \/>\n\t<meta property=\"og:image:width\" content=\"2560\" \/>\n\t<meta property=\"og:image:height\" content=\"1440\" \/>\n\t<meta property=\"og:image:type\" content=\"image\/jpeg\" \/>\n<meta name=\"twitter:card\" content=\"summary_large_image\" \/>\n<meta name=\"twitter:label1\" content=\"Odhadovan\u00e1 doba \u010dten\u00ed\" \/>\n\t<meta name=\"twitter:data1\" content=\"2 minuty\" \/>\n<script type=\"application\/ld+json\" class=\"yoast-schema-graph\">{\"@context\":\"https:\/\/schema.org\",\"@graph\":[{\"@type\":\"WebPage\",\"@id\":\"https:\/\/www.design-award.cz\/?portfolio=interierovy-design-re-ce-bytoveho-interieru\",\"url\":\"https:\/\/www.design-award.cz\/?portfolio=interierovy-design-re-ce-bytoveho-interieru\",\"name\":\"Interi\u00e9rov\u00fd design - RE-CE bytov\u00e9ho interi\u00e9ru - design-award.cz\",\"isPartOf\":{\"@id\":\"https:\/\/www.design-award.cz\/#website\"},\"primaryImageOfPage\":{\"@id\":\"https:\/\/www.design-award.cz\/?portfolio=interierovy-design-re-ce-bytoveho-interieru#primaryimage\"},\"image\":{\"@id\":\"https:\/\/www.design-award.cz\/?portfolio=interierovy-design-re-ce-bytoveho-interieru#primaryimage\"},\"thumbnailUrl\":\"https:\/\/www.design-award.cz\/wp-content\/uploads\/2025\/06\/preuss_kuchyne-scaled.jpg\",\"datePublished\":\"2025-06-06T09:07:07+00:00\",\"dateModified\":\"2025-06-06T09:42:32+00:00\",\"breadcrumb\":{\"@id\":\"https:\/\/www.design-award.cz\/?portfolio=interierovy-design-re-ce-bytoveho-interieru#breadcrumb\"},\"inLanguage\":\"cs\",\"potentialAction\":[{\"@type\":\"ReadAction\",\"target\":[\"https:\/\/www.design-award.cz\/?portfolio=interierovy-design-re-ce-bytoveho-interieru\"]}]},{\"@type\":\"ImageObject\",\"inLanguage\":\"cs\",\"@id\":\"https:\/\/www.design-award.cz\/?portfolio=interierovy-design-re-ce-bytoveho-interieru#primaryimage\",\"url\":\"https:\/\/www.design-award.cz\/wp-content\/uploads\/2025\/06\/preuss_kuchyne-scaled.jpg\",\"contentUrl\":\"https:\/\/www.design-award.cz\/wp-content\/uploads\/2025\/06\/preuss_kuchyne-scaled.jpg\",\"width\":2560,\"height\":1440},{\"@type\":\"BreadcrumbList\",\"@id\":\"https:\/\/www.design-award.cz\/?portfolio=interierovy-design-re-ce-bytoveho-interieru#breadcrumb\",\"itemListElement\":[{\"@type\":\"ListItem\",\"position\":1,\"name\":\"Dom\u016f\",\"item\":\"https:\/\/www.design-award.cz\/\"},{\"@type\":\"ListItem\",\"position\":2,\"name\":\"Portfolio Items\",\"item\":\"https:\/\/www.design-award.cz\/?post_type=portfolio\"},{\"@type\":\"ListItem\",\"position\":3,\"name\":\"Interi\u00e9rov\u00fd design &#8211; RE-CE bytov\u00e9ho interi\u00e9ru\"}]},{\"@type\":\"WebSite\",\"@id\":\"https:\/\/www.design-award.cz\/#website\",\"url\":\"https:\/\/www.design-award.cz\/\",\"name\":\"design-award.cz\",\"description\":\"WARD vznikla v roce 2022. Je ur\u010dena p\u0159edev\u0161\u00edm student\u016fm st\u0159edn\u00edch um\u011bleck\u00fdch \u0161kol (S\u0160 a VO\u0160), kte\u0159\u00ed mohou bezplatn\u011b zaslat sv\u00e9 n\u00e1vrhy v uveden\u00fdch kategori\u00ed a tak pom\u011b\u0159it sv\u00e9 n\u00e1pady s konkurenc\u00ed sv\u00fdch vrstevn\u00edk\u016f. N\u00e1vrhy jsou n\u00e1sledn\u011b posouzeny nez\u00e1vislou porotou z \u0159ad v\u00fdtvarn\u00edk\u016f, pedagog\u016f a profesion\u00e1l\u016f z oboru.\",\"publisher\":{\"@id\":\"https:\/\/www.design-award.cz\/#organization\"},\"potentialAction\":[{\"@type\":\"SearchAction\",\"target\":{\"@type\":\"EntryPoint\",\"urlTemplate\":\"https:\/\/www.design-award.cz\/?s={search_term_string}\"},\"query-input\":{\"@type\":\"PropertyValueSpecification\",\"valueRequired\":true,\"valueName\":\"search_term_string\"}}],\"inLanguage\":\"cs\"},{\"@type\":\"Organization\",\"@id\":\"https:\/\/www.design-award.cz\/#organization\",\"name\":\"Design Award\",\"url\":\"https:\/\/www.design-award.cz\/\",\"logo\":{\"@type\":\"ImageObject\",\"inLanguage\":\"cs\",\"@id\":\"https:\/\/www.design-award.cz\/#\/schema\/logo\/image\/\",\"url\":\"http:\/\/www.design-award.cz\/wp-content\/uploads\/2021\/12\/hornilogo_design-award.png\",\"contentUrl\":\"http:\/\/www.design-award.cz\/wp-content\/uploads\/2021\/12\/hornilogo_design-award.png\",\"width\":800,\"height\":600,\"caption\":\"Design Award\"},\"image\":{\"@id\":\"https:\/\/www.design-award.cz\/#\/schema\/logo\/image\/\"},\"sameAs\":[\"https:\/\/www.instagram.com\/design_award\/\"]}]}<\/script>\n<!-- \/ Yoast SEO plugin. -->","yoast_head_json":{"title":"Interi\u00e9rov\u00fd design - RE-CE bytov\u00e9ho interi\u00e9ru - design-award.cz","robots":{"index":"index","follow":"follow","max-snippet":"max-snippet:-1","max-image-preview":"max-image-preview:large","max-video-preview":"max-video-preview:-1"},"canonical":"https:\/\/www.design-award.cz\/?portfolio=interierovy-design-re-ce-bytoveho-interieru","og_locale":"cs_CZ","og_type":"article","og_title":"Interi\u00e9rov\u00fd design - RE-CE bytov\u00e9ho interi\u00e9ru - design-award.cz","og_description":"Vlastimil Preuss Vy\u0161\u0161\u00ed odborn\u00e1 \u0161kola obalov\u00e9 techniky a St\u0159edn\u00ed \u0161kola, \u0160t\u011bt\u00ed Tento n\u00e1vrh se zam\u011b\u0159uje na zm\u011bnu nevyhovuj\u00edc\u00ed dispozice a rekonstrukci interi\u00e9ru, kter\u00fd neodpov\u00eddal sou\u010dasn\u00fdm n\u00e1rok\u016fm na komfortn\u00ed a funk\u010dn\u00ed bydlen\u00ed. P\u016fvodn\u00ed byt 3+1 byl p\u0159em\u011bn\u011bn na modern\u00ed 2+kk, kter\u00fd nab\u00edz\u00ed otev\u0159en\u00fd a vzdu\u0161n\u011bj\u0161\u00ed prostor, l\u00e9pe reflektuj\u00edc\u00ed pot\u0159eby dne\u0161n\u00edho \u017eivotn\u00edho stylu. Tato zm\u011bna zahrnovala propojen\u00ed [&hellip;]","og_url":"https:\/\/www.design-award.cz\/?portfolio=interierovy-design-re-ce-bytoveho-interieru","og_site_name":"design-award.cz","article_modified_time":"2025-06-06T09:42:32+00:00","og_image":[{"width":2560,"height":1440,"url":"http:\/\/www.design-award.cz\/wp-content\/uploads\/2025\/06\/preuss_kuchyne-scaled.jpg","type":"image\/jpeg"}],"twitter_card":"summary_large_image","twitter_misc":{"Odhadovan\u00e1 doba \u010dten\u00ed":"2 minuty"},"schema":{"@context":"https:\/\/schema.org","@graph":[{"@type":"WebPage","@id":"https:\/\/www.design-award.cz\/?portfolio=interierovy-design-re-ce-bytoveho-interieru","url":"https:\/\/www.design-award.cz\/?portfolio=interierovy-design-re-ce-bytoveho-interieru","name":"Interi\u00e9rov\u00fd design - RE-CE bytov\u00e9ho interi\u00e9ru - design-award.cz","isPartOf":{"@id":"https:\/\/www.design-award.cz\/#website"},"primaryImageOfPage":{"@id":"https:\/\/www.design-award.cz\/?portfolio=interierovy-design-re-ce-bytoveho-interieru#primaryimage"},"image":{"@id":"https:\/\/www.design-award.cz\/?portfolio=interierovy-design-re-ce-bytoveho-interieru#primaryimage"},"thumbnailUrl":"https:\/\/www.design-award.cz\/wp-content\/uploads\/2025\/06\/preuss_kuchyne-scaled.jpg","datePublished":"2025-06-06T09:07:07+00:00","dateModified":"2025-06-06T09:42:32+00:00","breadcrumb":{"@id":"https:\/\/www.design-award.cz\/?portfolio=interierovy-design-re-ce-bytoveho-interieru#breadcrumb"},"inLanguage":"cs","potentialAction":[{"@type":"ReadAction","target":["https:\/\/www.design-award.cz\/?portfolio=interierovy-design-re-ce-bytoveho-interieru"]}]},{"@type":"ImageObject","inLanguage":"cs","@id":"https:\/\/www.design-award.cz\/?portfolio=interierovy-design-re-ce-bytoveho-interieru#primaryimage","url":"https:\/\/www.design-award.cz\/wp-content\/uploads\/2025\/06\/preuss_kuchyne-scaled.jpg","contentUrl":"https:\/\/www.design-award.cz\/wp-content\/uploads\/2025\/06\/preuss_kuchyne-scaled.jpg","width":2560,"height":1440},{"@type":"BreadcrumbList","@id":"https:\/\/www.design-award.cz\/?portfolio=interierovy-design-re-ce-bytoveho-interieru#breadcrumb","itemListElement":[{"@type":"ListItem","position":1,"name":"Dom\u016f","item":"https:\/\/www.design-award.cz\/"},{"@type":"ListItem","position":2,"name":"Portfolio Items","item":"https:\/\/www.design-award.cz\/?post_type=portfolio"},{"@type":"ListItem","position":3,"name":"Interi\u00e9rov\u00fd design &#8211; RE-CE bytov\u00e9ho interi\u00e9ru"}]},{"@type":"WebSite","@id":"https:\/\/www.design-award.cz\/#website","url":"https:\/\/www.design-award.cz\/","name":"design-award.cz","description":"WARD vznikla v roce 2022. Je ur\u010dena p\u0159edev\u0161\u00edm student\u016fm st\u0159edn\u00edch um\u011bleck\u00fdch \u0161kol (S\u0160 a VO\u0160), kte\u0159\u00ed mohou bezplatn\u011b zaslat sv\u00e9 n\u00e1vrhy v uveden\u00fdch kategori\u00ed a tak pom\u011b\u0159it sv\u00e9 n\u00e1pady s konkurenc\u00ed sv\u00fdch vrstevn\u00edk\u016f. N\u00e1vrhy jsou n\u00e1sledn\u011b posouzeny nez\u00e1vislou porotou z \u0159ad v\u00fdtvarn\u00edk\u016f, pedagog\u016f a profesion\u00e1l\u016f z oboru.","publisher":{"@id":"https:\/\/www.design-award.cz\/#organization"},"potentialAction":[{"@type":"SearchAction","target":{"@type":"EntryPoint","urlTemplate":"https:\/\/www.design-award.cz\/?s={search_term_string}"},"query-input":{"@type":"PropertyValueSpecification","valueRequired":true,"valueName":"search_term_string"}}],"inLanguage":"cs"},{"@type":"Organization","@id":"https:\/\/www.design-award.cz\/#organization","name":"Design Award","url":"https:\/\/www.design-award.cz\/","logo":{"@type":"ImageObject","inLanguage":"cs","@id":"https:\/\/www.design-award.cz\/#\/schema\/logo\/image\/","url":"http:\/\/www.design-award.cz\/wp-content\/uploads\/2021\/12\/hornilogo_design-award.png","contentUrl":"http:\/\/www.design-award.cz\/wp-content\/uploads\/2021\/12\/hornilogo_design-award.png","width":800,"height":600,"caption":"Design Award"},"image":{"@id":"https:\/\/www.design-award.cz\/#\/schema\/logo\/image\/"},"sameAs":["https:\/\/www.instagram.com\/design_award\/"]}]}},"_links":{"self":[{"href":"https:\/\/www.design-award.cz\/index.php?rest_route=\/wp\/v2\/portfolio\/4686","targetHints":{"allow":["GET"]}}],"collection":[{"href":"https:\/\/www.design-award.cz\/index.php?rest_route=\/wp\/v2\/portfolio"}],"about":[{"href":"https:\/\/www.design-award.cz\/index.php?rest_route=\/wp\/v2\/types\/portfolio"}],"author":[{"embeddable":true,"href":"https:\/\/www.design-award.cz\/index.php?rest_route=\/wp\/v2\/users\/2"}],"replies":[{"embeddable":true,"href":"https:\/\/www.design-award.cz\/index.php?rest_route=%2Fwp%2Fv2%2Fcomments&post=4686"}],"version-history":[{"count":2,"href":"https:\/\/www.design-award.cz\/index.php?rest_route=\/wp\/v2\/portfolio\/4686\/revisions"}],"predecessor-version":[{"id":4694,"href":"https:\/\/www.design-award.cz\/index.php?rest_route=\/wp\/v2\/portfolio\/4686\/revisions\/4694"}],"wp:featuredmedia":[{"embeddable":true,"href":"https:\/\/www.design-award.cz\/index.php?rest_route=\/wp\/v2\/media\/4687"}],"wp:attachment":[{"href":"https:\/\/www.design-award.cz\/index.php?rest_route=%2Fwp%2Fv2%2Fmedia&parent=4686"}],"wp:term":[{"taxonomy":"portfolio_category","embeddable":true,"href":"https:\/\/www.design-award.cz\/index.php?rest_route=%2Fwp%2Fv2%2Fportfolio_category&post=4686"},{"taxonomy":"portfolio_tag","embeddable":true,"href":"https:\/\/www.design-award.cz\/index.php?rest_route=%2Fwp%2Fv2%2Fportfolio_tag&post=4686"}],"curies":[{"name":"wp","href":"https:\/\/api.w.org\/{rel}","templated":true}]}}