{"id":4771,"date":"2025-06-12T07:37:54","date_gmt":"2025-06-12T07:37:54","guid":{"rendered":"https:\/\/www.design-award.cz\/?post_type=portfolio&#038;p=4771"},"modified":"2025-06-12T07:39:40","modified_gmt":"2025-06-12T07:39:40","slug":"produktovy-design-silva","status":"publish","type":"portfolio","link":"https:\/\/www.design-award.cz\/?portfolio=produktovy-design-silva","title":{"rendered":"Produktov\u00fd design &#8211; Silva"},"content":{"rendered":"\n<p><strong>Jakub Svoboda<\/strong><br><br>St\u0159edn\u00ed \u0161kola designu interi\u00e9ru Kate\u0159inky &#8211; Liberec, s.r.o.<br><br>N\u011bm\u00fd sluha a d\u011bl\u00edc\u00ed st\u011bna Silva je elegantn\u00ed a funk\u010dn\u00ed d\u011blic\u00ed prvek, ide\u00e1ln\u00ed pro majitele sv\u011btl\u00fdch a modern\u00edch interi\u00e9r\u016f, kte\u0159\u00ed cht\u011bj\u00ed rozd\u011blit prostor, ani\u017e by ob\u011btovali sv\u011btlo a pocit otev\u0159enosti. Dod\u00e1v\u00e1 m\u00edstnosti charakter a jedine\u010dn\u00fd vizu\u00e1ln\u00ed origin\u00e1l.<br>Tento designov\u00fd prvek kombinuje lehkost a vzdu\u0161nost perforovan\u00e9 p\u0159ekli\u017eky, kter\u00e1 p\u0159ipom\u00edn\u00e1 v\u011btven\u00ed strom\u016f, s pevn\u00fdm ocelov\u00fdm r\u00e1mem ve tvaru listu. Stabilitu zaji\u0161\u0165uj\u00ed betonov\u00e9 podno\u017eky, kter\u00e9 vytv\u00e1\u0159ej\u00ed zaj\u00edmav\u00fd kontrast mezi p\u0159\u00edrodn\u00edm a industri\u00e1ln\u00edm materi\u00e1lem.<br>N\u00e1zev \u201eSilva&#8220; poch\u00e1z\u00ed z latiny a znamen\u00e1 \u201eles&#8220; nebo \u201estrom&#8220;, co\u017e dokonale odkazuje na hlavn\u00ed inspiraci \u2013 p\u0159\u00edrodu, organick\u00e9 tvary a klid lesa. N\u00e1zev evokuje d\u0159evo, v\u011btve a listy. Zn\u00ed mezin\u00e1rodn\u011b a harmonizuje s celkov\u00fdm vizu\u00e1ln\u00edm stylem.<br>Silva nazna\u010duje lehk\u00e9, vzdu\u0161n\u00e9 a pevn\u00e9 \u0159e\u0161en\u00ed pro rozd\u011blen\u00ed prostoru, vyu\u017e\u00edvaj\u00edc\u00ed p\u0159\u00edrodn\u00ed materi\u00e1ly a estetiku zalo\u017eenou na rovnov\u00e1ze, rytmu a jednoduchosti. Produkt je univerz\u00e1ln\u011b pou\u017eiteln\u00fd v r\u016fzn\u00fdch typech interi\u00e9r\u016f, od byt\u016f po ve\u0159ejn\u00e9 budovy.<\/p>\n\n\n\n<figure class=\"wp-block-image size-large\"><img decoding=\"async\" width=\"717\" height=\"1024\" data-src=\"http:\/\/www.design-award.cz\/wp-content\/uploads\/2025\/06\/plakat-svoboda-717x1024.png\" alt=\"\" class=\"wp-image-4779 lazyload\" data-srcset=\"https:\/\/www.design-award.cz\/wp-content\/uploads\/2025\/06\/plakat-svoboda-717x1024.png 717w, https:\/\/www.design-award.cz\/wp-content\/uploads\/2025\/06\/plakat-svoboda-210x300.png 210w, https:\/\/www.design-award.cz\/wp-content\/uploads\/2025\/06\/plakat-svoboda-768x1097.png 768w, https:\/\/www.design-award.cz\/wp-content\/uploads\/2025\/06\/plakat-svoboda-1075x1536.png 1075w, https:\/\/www.design-award.cz\/wp-content\/uploads\/2025\/06\/plakat-svoboda-1434x2048.png 1434w, https:\/\/www.design-award.cz\/wp-content\/uploads\/2025\/06\/plakat-svoboda-500x714.png 500w, https:\/\/www.design-award.cz\/wp-content\/uploads\/2025\/06\/plakat-svoboda-800x1143.png 800w, https:\/\/www.design-award.cz\/wp-content\/uploads\/2025\/06\/plakat-svoboda-1280x1829.png 1280w, https:\/\/www.design-award.cz\/wp-content\/uploads\/2025\/06\/plakat-svoboda.png 1500w\" data-sizes=\"(max-width: 717px) 100vw, 717px\" src=\"data:image\/svg+xml;base64,PHN2ZyB3aWR0aD0iMSIgaGVpZ2h0PSIxIiB4bWxucz0iaHR0cDovL3d3dy53My5vcmcvMjAwMC9zdmciPjwvc3ZnPg==\" style=\"--smush-placeholder-width: 717px; --smush-placeholder-aspect-ratio: 717\/1024;\" \/><\/figure>\n\n\n\n<figure class=\"wp-block-image size-large\"><img decoding=\"async\" width=\"1024\" height=\"576\" data-src=\"http:\/\/www.design-award.cz\/wp-content\/uploads\/2025\/06\/k01-1024x576.jpg\" alt=\"\" class=\"wp-image-4776 lazyload\" data-srcset=\"https:\/\/www.design-award.cz\/wp-content\/uploads\/2025\/06\/k01-1024x576.jpg 1024w, https:\/\/www.design-award.cz\/wp-content\/uploads\/2025\/06\/k01-300x169.jpg 300w, https:\/\/www.design-award.cz\/wp-content\/uploads\/2025\/06\/k01-768x432.jpg 768w, https:\/\/www.design-award.cz\/wp-content\/uploads\/2025\/06\/k01-1536x864.jpg 1536w, https:\/\/www.design-award.cz\/wp-content\/uploads\/2025\/06\/k01-2048x1152.jpg 2048w, https:\/\/www.design-award.cz\/wp-content\/uploads\/2025\/06\/k01-800x450.jpg 800w, https:\/\/www.design-award.cz\/wp-content\/uploads\/2025\/06\/k01-500x281.jpg 500w, https:\/\/www.design-award.cz\/wp-content\/uploads\/2025\/06\/k01-1280x720.jpg 1280w, https:\/\/www.design-award.cz\/wp-content\/uploads\/2025\/06\/k01-1920x1080.jpg 1920w\" data-sizes=\"(max-width: 1024px) 100vw, 1024px\" src=\"data:image\/svg+xml;base64,PHN2ZyB3aWR0aD0iMSIgaGVpZ2h0PSIxIiB4bWxucz0iaHR0cDovL3d3dy53My5vcmcvMjAwMC9zdmciPjwvc3ZnPg==\" style=\"--smush-placeholder-width: 1024px; --smush-placeholder-aspect-ratio: 1024\/576;\" \/><\/figure>\n\n\n\n<figure class=\"wp-block-image size-large\"><img decoding=\"async\" width=\"1024\" height=\"576\" data-src=\"http:\/\/www.design-award.cz\/wp-content\/uploads\/2025\/06\/k06-1024x576.jpg\" alt=\"\" class=\"wp-image-4778 lazyload\" data-srcset=\"https:\/\/www.design-award.cz\/wp-content\/uploads\/2025\/06\/k06-1024x576.jpg 1024w, https:\/\/www.design-award.cz\/wp-content\/uploads\/2025\/06\/k06-300x169.jpg 300w, https:\/\/www.design-award.cz\/wp-content\/uploads\/2025\/06\/k06-768x432.jpg 768w, https:\/\/www.design-award.cz\/wp-content\/uploads\/2025\/06\/k06-1536x864.jpg 1536w, https:\/\/www.design-award.cz\/wp-content\/uploads\/2025\/06\/k06-2048x1152.jpg 2048w, https:\/\/www.design-award.cz\/wp-content\/uploads\/2025\/06\/k06-800x450.jpg 800w, https:\/\/www.design-award.cz\/wp-content\/uploads\/2025\/06\/k06-500x281.jpg 500w, https:\/\/www.design-award.cz\/wp-content\/uploads\/2025\/06\/k06-1280x720.jpg 1280w, https:\/\/www.design-award.cz\/wp-content\/uploads\/2025\/06\/k06-1920x1080.jpg 1920w\" data-sizes=\"(max-width: 1024px) 100vw, 1024px\" src=\"data:image\/svg+xml;base64,PHN2ZyB3aWR0aD0iMSIgaGVpZ2h0PSIxIiB4bWxucz0iaHR0cDovL3d3dy53My5vcmcvMjAwMC9zdmciPjwvc3ZnPg==\" style=\"--smush-placeholder-width: 1024px; --smush-placeholder-aspect-ratio: 1024\/576;\" \/><\/figure>\n\n\n\n<figure class=\"wp-block-image size-large\"><img decoding=\"async\" width=\"1024\" height=\"574\" data-src=\"http:\/\/www.design-award.cz\/wp-content\/uploads\/2025\/06\/Snimek-obrazovky-2025-06-10-220353-1024x574.jpg\" alt=\"\" class=\"wp-image-4781 lazyload\" data-srcset=\"https:\/\/www.design-award.cz\/wp-content\/uploads\/2025\/06\/Snimek-obrazovky-2025-06-10-220353-1024x574.jpg 1024w, https:\/\/www.design-award.cz\/wp-content\/uploads\/2025\/06\/Snimek-obrazovky-2025-06-10-220353-300x168.jpg 300w, https:\/\/www.design-award.cz\/wp-content\/uploads\/2025\/06\/Snimek-obrazovky-2025-06-10-220353-768x431.jpg 768w, https:\/\/www.design-award.cz\/wp-content\/uploads\/2025\/06\/Snimek-obrazovky-2025-06-10-220353-1536x861.jpg 1536w, https:\/\/www.design-award.cz\/wp-content\/uploads\/2025\/06\/Snimek-obrazovky-2025-06-10-220353-500x280.jpg 500w, https:\/\/www.design-award.cz\/wp-content\/uploads\/2025\/06\/Snimek-obrazovky-2025-06-10-220353-800x448.jpg 800w, https:\/\/www.design-award.cz\/wp-content\/uploads\/2025\/06\/Snimek-obrazovky-2025-06-10-220353-1280x718.jpg 1280w, https:\/\/www.design-award.cz\/wp-content\/uploads\/2025\/06\/Snimek-obrazovky-2025-06-10-220353-1920x1076.jpg 1920w, https:\/\/www.design-award.cz\/wp-content\/uploads\/2025\/06\/Snimek-obrazovky-2025-06-10-220353.jpg 2048w\" data-sizes=\"(max-width: 1024px) 100vw, 1024px\" src=\"data:image\/svg+xml;base64,PHN2ZyB3aWR0aD0iMSIgaGVpZ2h0PSIxIiB4bWxucz0iaHR0cDovL3d3dy53My5vcmcvMjAwMC9zdmciPjwvc3ZnPg==\" style=\"--smush-placeholder-width: 1024px; --smush-placeholder-aspect-ratio: 1024\/574;\" \/><\/figure>\n","protected":false},"excerpt":{"rendered":"<p>Jakub Svoboda St\u0159edn\u00ed \u0161kola designu interi\u00e9ru Kate\u0159inky &#8211; Liberec, s.r.o. N\u011bm\u00fd sluha a d\u011bl\u00edc\u00ed st\u011bna Silva je elegantn\u00ed a funk\u010dn\u00ed d\u011blic\u00ed prvek, ide\u00e1ln\u00ed pro majitele sv\u011btl\u00fdch a modern\u00edch interi\u00e9r\u016f, kte\u0159\u00ed cht\u011bj\u00ed rozd\u011blit prostor, ani\u017e by ob\u011btovali sv\u011btlo a pocit otev\u0159enosti. Dod\u00e1v\u00e1 m\u00edstnosti charakter a jedine\u010dn\u00fd vizu\u00e1ln\u00ed origin\u00e1l.Tento designov\u00fd prvek kombinuje lehkost a vzdu\u0161nost perforovan\u00e9 p\u0159ekli\u017eky, [&hellip;]<\/p>\n","protected":false},"author":2,"featured_media":4777,"menu_order":0,"comment_status":"closed","ping_status":"closed","template":"","format":"standard","meta":{"ngg_post_thumbnail":0,"ocean_post_layout":"","ocean_both_sidebars_style":"","ocean_both_sidebars_content_width":0,"ocean_both_sidebars_sidebars_width":0,"ocean_sidebar":"","ocean_second_sidebar":"","ocean_disable_margins":"enable","ocean_add_body_class":"","ocean_shortcode_before_top_bar":"","ocean_shortcode_after_top_bar":"","ocean_shortcode_before_header":"","ocean_shortcode_after_header":"","ocean_has_shortcode":"","ocean_shortcode_after_title":"","ocean_shortcode_before_footer_widgets":"","ocean_shortcode_after_footer_widgets":"","ocean_shortcode_before_footer_bottom":"","ocean_shortcode_after_footer_bottom":"","ocean_display_top_bar":"default","ocean_display_header":"default","ocean_header_style":"","ocean_center_header_left_menu":"","ocean_custom_header_template":"","ocean_custom_logo":0,"ocean_custom_retina_logo":0,"ocean_custom_logo_max_width":0,"ocean_custom_logo_tablet_max_width":0,"ocean_custom_logo_mobile_max_width":0,"ocean_custom_logo_max_height":0,"ocean_custom_logo_tablet_max_height":0,"ocean_custom_logo_mobile_max_height":0,"ocean_header_custom_menu":"","ocean_menu_typo_font_family":"","ocean_menu_typo_font_subset":"","ocean_menu_typo_font_size":0,"ocean_menu_typo_font_size_tablet":0,"ocean_menu_typo_font_size_mobile":0,"ocean_menu_typo_font_size_unit":"px","ocean_menu_typo_font_weight":"","ocean_menu_typo_font_weight_tablet":"","ocean_menu_typo_font_weight_mobile":"","ocean_menu_typo_transform":"","ocean_menu_typo_transform_tablet":"","ocean_menu_typo_transform_mobile":"","ocean_menu_typo_line_height":0,"ocean_menu_typo_line_height_tablet":0,"ocean_menu_typo_line_height_mobile":0,"ocean_menu_typo_line_height_unit":"","ocean_menu_typo_spacing":0,"ocean_menu_typo_spacing_tablet":0,"ocean_menu_typo_spacing_mobile":0,"ocean_menu_typo_spacing_unit":"","ocean_menu_link_color":"","ocean_menu_link_color_hover":"","ocean_menu_link_color_active":"","ocean_menu_link_background":"","ocean_menu_link_hover_background":"","ocean_menu_link_active_background":"","ocean_menu_social_links_bg":"","ocean_menu_social_hover_links_bg":"","ocean_menu_social_links_color":"","ocean_menu_social_hover_links_color":"","ocean_disable_title":"default","ocean_disable_heading":"default","ocean_post_title":"","ocean_post_subheading":"","ocean_post_title_style":"","ocean_post_title_background_color":"","ocean_post_title_background":0,"ocean_post_title_bg_image_position":"","ocean_post_title_bg_image_attachment":"","ocean_post_title_bg_image_repeat":"","ocean_post_title_bg_image_size":"","ocean_post_title_height":0,"ocean_post_title_bg_overlay":0.5,"ocean_post_title_bg_overlay_color":"","ocean_disable_breadcrumbs":"default","ocean_breadcrumbs_color":"","ocean_breadcrumbs_separator_color":"","ocean_breadcrumbs_links_color":"","ocean_breadcrumbs_links_hover_color":"","ocean_display_footer_widgets":"default","ocean_display_footer_bottom":"default","ocean_custom_footer_template":"","_vp_format_video_url":"","_vp_image_focal_point":[],"footnotes":""},"portfolio_category":[],"portfolio_tag":[],"class_list":["post-4771","portfolio","type-portfolio","status-publish","format-standard","has-post-thumbnail","hentry","entry","has-media"],"yoast_head":"<!-- This site is optimized with the Yoast SEO plugin v25.2 - https:\/\/yoast.com\/wordpress\/plugins\/seo\/ -->\n<title>Produktov\u00fd design - Silva - design-award.cz<\/title>\n<meta name=\"robots\" content=\"index, follow, max-snippet:-1, max-image-preview:large, max-video-preview:-1\" \/>\n<link rel=\"canonical\" href=\"https:\/\/www.design-award.cz\/?portfolio=produktovy-design-silva\" \/>\n<meta property=\"og:locale\" content=\"cs_CZ\" \/>\n<meta property=\"og:type\" content=\"article\" \/>\n<meta property=\"og:title\" content=\"Produktov\u00fd design - Silva - design-award.cz\" \/>\n<meta property=\"og:description\" content=\"Jakub Svoboda St\u0159edn\u00ed \u0161kola designu interi\u00e9ru Kate\u0159inky &#8211; Liberec, s.r.o. N\u011bm\u00fd sluha a d\u011bl\u00edc\u00ed st\u011bna Silva je elegantn\u00ed a funk\u010dn\u00ed d\u011blic\u00ed prvek, ide\u00e1ln\u00ed pro majitele sv\u011btl\u00fdch a modern\u00edch interi\u00e9r\u016f, kte\u0159\u00ed cht\u011bj\u00ed rozd\u011blit prostor, ani\u017e by ob\u011btovali sv\u011btlo a pocit otev\u0159enosti. Dod\u00e1v\u00e1 m\u00edstnosti charakter a jedine\u010dn\u00fd vizu\u00e1ln\u00ed origin\u00e1l.Tento designov\u00fd prvek kombinuje lehkost a vzdu\u0161nost perforovan\u00e9 p\u0159ekli\u017eky, [&hellip;]\" \/>\n<meta property=\"og:url\" content=\"https:\/\/www.design-award.cz\/?portfolio=produktovy-design-silva\" \/>\n<meta property=\"og:site_name\" content=\"design-award.cz\" \/>\n<meta property=\"article:modified_time\" content=\"2025-06-12T07:39:40+00:00\" \/>\n<meta property=\"og:image\" content=\"http:\/\/www.design-award.cz\/wp-content\/uploads\/2025\/06\/k05.jpg\" \/>\n\t<meta property=\"og:image:width\" content=\"2560\" \/>\n\t<meta property=\"og:image:height\" content=\"1440\" \/>\n\t<meta property=\"og:image:type\" content=\"image\/jpeg\" \/>\n<meta name=\"twitter:card\" content=\"summary_large_image\" \/>\n<meta name=\"twitter:label1\" content=\"Odhadovan\u00e1 doba \u010dten\u00ed\" \/>\n\t<meta name=\"twitter:data1\" content=\"2 minuty\" \/>\n<script type=\"application\/ld+json\" class=\"yoast-schema-graph\">{\"@context\":\"https:\/\/schema.org\",\"@graph\":[{\"@type\":\"WebPage\",\"@id\":\"https:\/\/www.design-award.cz\/?portfolio=produktovy-design-silva\",\"url\":\"https:\/\/www.design-award.cz\/?portfolio=produktovy-design-silva\",\"name\":\"Produktov\u00fd design - Silva - design-award.cz\",\"isPartOf\":{\"@id\":\"https:\/\/www.design-award.cz\/#website\"},\"primaryImageOfPage\":{\"@id\":\"https:\/\/www.design-award.cz\/?portfolio=produktovy-design-silva#primaryimage\"},\"image\":{\"@id\":\"https:\/\/www.design-award.cz\/?portfolio=produktovy-design-silva#primaryimage\"},\"thumbnailUrl\":\"https:\/\/www.design-award.cz\/wp-content\/uploads\/2025\/06\/k05.jpg\",\"datePublished\":\"2025-06-12T07:37:54+00:00\",\"dateModified\":\"2025-06-12T07:39:40+00:00\",\"breadcrumb\":{\"@id\":\"https:\/\/www.design-award.cz\/?portfolio=produktovy-design-silva#breadcrumb\"},\"inLanguage\":\"cs\",\"potentialAction\":[{\"@type\":\"ReadAction\",\"target\":[\"https:\/\/www.design-award.cz\/?portfolio=produktovy-design-silva\"]}]},{\"@type\":\"ImageObject\",\"inLanguage\":\"cs\",\"@id\":\"https:\/\/www.design-award.cz\/?portfolio=produktovy-design-silva#primaryimage\",\"url\":\"https:\/\/www.design-award.cz\/wp-content\/uploads\/2025\/06\/k05.jpg\",\"contentUrl\":\"https:\/\/www.design-award.cz\/wp-content\/uploads\/2025\/06\/k05.jpg\",\"width\":2560,\"height\":1440},{\"@type\":\"BreadcrumbList\",\"@id\":\"https:\/\/www.design-award.cz\/?portfolio=produktovy-design-silva#breadcrumb\",\"itemListElement\":[{\"@type\":\"ListItem\",\"position\":1,\"name\":\"Dom\u016f\",\"item\":\"https:\/\/www.design-award.cz\/\"},{\"@type\":\"ListItem\",\"position\":2,\"name\":\"Portfolio Items\",\"item\":\"https:\/\/www.design-award.cz\/?post_type=portfolio\"},{\"@type\":\"ListItem\",\"position\":3,\"name\":\"Produktov\u00fd design &#8211; Silva\"}]},{\"@type\":\"WebSite\",\"@id\":\"https:\/\/www.design-award.cz\/#website\",\"url\":\"https:\/\/www.design-award.cz\/\",\"name\":\"design-award.cz\",\"description\":\"WARD vznikla v roce 2022. Je ur\u010dena p\u0159edev\u0161\u00edm student\u016fm st\u0159edn\u00edch um\u011bleck\u00fdch \u0161kol (S\u0160 a VO\u0160), kte\u0159\u00ed mohou bezplatn\u011b zaslat sv\u00e9 n\u00e1vrhy v uveden\u00fdch kategori\u00ed a tak pom\u011b\u0159it sv\u00e9 n\u00e1pady s konkurenc\u00ed sv\u00fdch vrstevn\u00edk\u016f. N\u00e1vrhy jsou n\u00e1sledn\u011b posouzeny nez\u00e1vislou porotou z \u0159ad v\u00fdtvarn\u00edk\u016f, pedagog\u016f a profesion\u00e1l\u016f z oboru.\",\"publisher\":{\"@id\":\"https:\/\/www.design-award.cz\/#organization\"},\"potentialAction\":[{\"@type\":\"SearchAction\",\"target\":{\"@type\":\"EntryPoint\",\"urlTemplate\":\"https:\/\/www.design-award.cz\/?s={search_term_string}\"},\"query-input\":{\"@type\":\"PropertyValueSpecification\",\"valueRequired\":true,\"valueName\":\"search_term_string\"}}],\"inLanguage\":\"cs\"},{\"@type\":\"Organization\",\"@id\":\"https:\/\/www.design-award.cz\/#organization\",\"name\":\"Design Award\",\"url\":\"https:\/\/www.design-award.cz\/\",\"logo\":{\"@type\":\"ImageObject\",\"inLanguage\":\"cs\",\"@id\":\"https:\/\/www.design-award.cz\/#\/schema\/logo\/image\/\",\"url\":\"http:\/\/www.design-award.cz\/wp-content\/uploads\/2021\/12\/hornilogo_design-award.png\",\"contentUrl\":\"http:\/\/www.design-award.cz\/wp-content\/uploads\/2021\/12\/hornilogo_design-award.png\",\"width\":800,\"height\":600,\"caption\":\"Design Award\"},\"image\":{\"@id\":\"https:\/\/www.design-award.cz\/#\/schema\/logo\/image\/\"},\"sameAs\":[\"https:\/\/www.instagram.com\/design_award\/\"]}]}<\/script>\n<!-- \/ Yoast SEO plugin. -->","yoast_head_json":{"title":"Produktov\u00fd design - Silva - design-award.cz","robots":{"index":"index","follow":"follow","max-snippet":"max-snippet:-1","max-image-preview":"max-image-preview:large","max-video-preview":"max-video-preview:-1"},"canonical":"https:\/\/www.design-award.cz\/?portfolio=produktovy-design-silva","og_locale":"cs_CZ","og_type":"article","og_title":"Produktov\u00fd design - Silva - design-award.cz","og_description":"Jakub Svoboda St\u0159edn\u00ed \u0161kola designu interi\u00e9ru Kate\u0159inky &#8211; Liberec, s.r.o. N\u011bm\u00fd sluha a d\u011bl\u00edc\u00ed st\u011bna Silva je elegantn\u00ed a funk\u010dn\u00ed d\u011blic\u00ed prvek, ide\u00e1ln\u00ed pro majitele sv\u011btl\u00fdch a modern\u00edch interi\u00e9r\u016f, kte\u0159\u00ed cht\u011bj\u00ed rozd\u011blit prostor, ani\u017e by ob\u011btovali sv\u011btlo a pocit otev\u0159enosti. Dod\u00e1v\u00e1 m\u00edstnosti charakter a jedine\u010dn\u00fd vizu\u00e1ln\u00ed origin\u00e1l.Tento designov\u00fd prvek kombinuje lehkost a vzdu\u0161nost perforovan\u00e9 p\u0159ekli\u017eky, [&hellip;]","og_url":"https:\/\/www.design-award.cz\/?portfolio=produktovy-design-silva","og_site_name":"design-award.cz","article_modified_time":"2025-06-12T07:39:40+00:00","og_image":[{"width":2560,"height":1440,"url":"http:\/\/www.design-award.cz\/wp-content\/uploads\/2025\/06\/k05.jpg","type":"image\/jpeg"}],"twitter_card":"summary_large_image","twitter_misc":{"Odhadovan\u00e1 doba \u010dten\u00ed":"2 minuty"},"schema":{"@context":"https:\/\/schema.org","@graph":[{"@type":"WebPage","@id":"https:\/\/www.design-award.cz\/?portfolio=produktovy-design-silva","url":"https:\/\/www.design-award.cz\/?portfolio=produktovy-design-silva","name":"Produktov\u00fd design - Silva - design-award.cz","isPartOf":{"@id":"https:\/\/www.design-award.cz\/#website"},"primaryImageOfPage":{"@id":"https:\/\/www.design-award.cz\/?portfolio=produktovy-design-silva#primaryimage"},"image":{"@id":"https:\/\/www.design-award.cz\/?portfolio=produktovy-design-silva#primaryimage"},"thumbnailUrl":"https:\/\/www.design-award.cz\/wp-content\/uploads\/2025\/06\/k05.jpg","datePublished":"2025-06-12T07:37:54+00:00","dateModified":"2025-06-12T07:39:40+00:00","breadcrumb":{"@id":"https:\/\/www.design-award.cz\/?portfolio=produktovy-design-silva#breadcrumb"},"inLanguage":"cs","potentialAction":[{"@type":"ReadAction","target":["https:\/\/www.design-award.cz\/?portfolio=produktovy-design-silva"]}]},{"@type":"ImageObject","inLanguage":"cs","@id":"https:\/\/www.design-award.cz\/?portfolio=produktovy-design-silva#primaryimage","url":"https:\/\/www.design-award.cz\/wp-content\/uploads\/2025\/06\/k05.jpg","contentUrl":"https:\/\/www.design-award.cz\/wp-content\/uploads\/2025\/06\/k05.jpg","width":2560,"height":1440},{"@type":"BreadcrumbList","@id":"https:\/\/www.design-award.cz\/?portfolio=produktovy-design-silva#breadcrumb","itemListElement":[{"@type":"ListItem","position":1,"name":"Dom\u016f","item":"https:\/\/www.design-award.cz\/"},{"@type":"ListItem","position":2,"name":"Portfolio Items","item":"https:\/\/www.design-award.cz\/?post_type=portfolio"},{"@type":"ListItem","position":3,"name":"Produktov\u00fd design &#8211; Silva"}]},{"@type":"WebSite","@id":"https:\/\/www.design-award.cz\/#website","url":"https:\/\/www.design-award.cz\/","name":"design-award.cz","description":"WARD vznikla v roce 2022. Je ur\u010dena p\u0159edev\u0161\u00edm student\u016fm st\u0159edn\u00edch um\u011bleck\u00fdch \u0161kol (S\u0160 a VO\u0160), kte\u0159\u00ed mohou bezplatn\u011b zaslat sv\u00e9 n\u00e1vrhy v uveden\u00fdch kategori\u00ed a tak pom\u011b\u0159it sv\u00e9 n\u00e1pady s konkurenc\u00ed sv\u00fdch vrstevn\u00edk\u016f. N\u00e1vrhy jsou n\u00e1sledn\u011b posouzeny nez\u00e1vislou porotou z \u0159ad v\u00fdtvarn\u00edk\u016f, pedagog\u016f a profesion\u00e1l\u016f z oboru.","publisher":{"@id":"https:\/\/www.design-award.cz\/#organization"},"potentialAction":[{"@type":"SearchAction","target":{"@type":"EntryPoint","urlTemplate":"https:\/\/www.design-award.cz\/?s={search_term_string}"},"query-input":{"@type":"PropertyValueSpecification","valueRequired":true,"valueName":"search_term_string"}}],"inLanguage":"cs"},{"@type":"Organization","@id":"https:\/\/www.design-award.cz\/#organization","name":"Design Award","url":"https:\/\/www.design-award.cz\/","logo":{"@type":"ImageObject","inLanguage":"cs","@id":"https:\/\/www.design-award.cz\/#\/schema\/logo\/image\/","url":"http:\/\/www.design-award.cz\/wp-content\/uploads\/2021\/12\/hornilogo_design-award.png","contentUrl":"http:\/\/www.design-award.cz\/wp-content\/uploads\/2021\/12\/hornilogo_design-award.png","width":800,"height":600,"caption":"Design Award"},"image":{"@id":"https:\/\/www.design-award.cz\/#\/schema\/logo\/image\/"},"sameAs":["https:\/\/www.instagram.com\/design_award\/"]}]}},"_links":{"self":[{"href":"https:\/\/www.design-award.cz\/index.php?rest_route=\/wp\/v2\/portfolio\/4771","targetHints":{"allow":["GET"]}}],"collection":[{"href":"https:\/\/www.design-award.cz\/index.php?rest_route=\/wp\/v2\/portfolio"}],"about":[{"href":"https:\/\/www.design-award.cz\/index.php?rest_route=\/wp\/v2\/types\/portfolio"}],"author":[{"embeddable":true,"href":"https:\/\/www.design-award.cz\/index.php?rest_route=\/wp\/v2\/users\/2"}],"replies":[{"embeddable":true,"href":"https:\/\/www.design-award.cz\/index.php?rest_route=%2Fwp%2Fv2%2Fcomments&post=4771"}],"version-history":[{"count":1,"href":"https:\/\/www.design-award.cz\/index.php?rest_route=\/wp\/v2\/portfolio\/4771\/revisions"}],"predecessor-version":[{"id":4782,"href":"https:\/\/www.design-award.cz\/index.php?rest_route=\/wp\/v2\/portfolio\/4771\/revisions\/4782"}],"wp:featuredmedia":[{"embeddable":true,"href":"https:\/\/www.design-award.cz\/index.php?rest_route=\/wp\/v2\/media\/4777"}],"wp:attachment":[{"href":"https:\/\/www.design-award.cz\/index.php?rest_route=%2Fwp%2Fv2%2Fmedia&parent=4771"}],"wp:term":[{"taxonomy":"portfolio_category","embeddable":true,"href":"https:\/\/www.design-award.cz\/index.php?rest_route=%2Fwp%2Fv2%2Fportfolio_category&post=4771"},{"taxonomy":"portfolio_tag","embeddable":true,"href":"https:\/\/www.design-award.cz\/index.php?rest_route=%2Fwp%2Fv2%2Fportfolio_tag&post=4771"}],"curies":[{"name":"wp","href":"https:\/\/api.w.org\/{rel}","templated":true}]}}