{"id":4856,"date":"2025-06-13T11:00:35","date_gmt":"2025-06-13T11:00:35","guid":{"rendered":"https:\/\/www.design-award.cz\/?post_type=portfolio&#038;p=4856"},"modified":"2025-06-20T06:17:11","modified_gmt":"2025-06-20T06:17:11","slug":"produktovy-design-kreslo-concorde","status":"publish","type":"portfolio","link":"https:\/\/www.design-award.cz\/?portfolio=produktovy-design-kreslo-concorde","title":{"rendered":"Produktov\u00fd design &#8211; K\u0159eslo Concorde"},"content":{"rendered":"\n<p><strong>Valerie Kudelov\u00e1<\/strong><br><br>MICHAEL &#8211; S\u0160 a VO\u0160 reklamn\u00ed a um\u011bleck\u00e9 tvorby, s.r.o.<br><br>Tato \u017eidle byla navr\u017eena p\u0159edev\u0161\u00edm s ohledem na vyu\u017eit\u00ed v leti\u0161tn\u00edm prostoru, kde lid\u00e9<br>\u010dasto tr\u00e1v\u00ed dlouh\u00e9 hodiny \u010dek\u00e1n\u00edm na sv\u016fj let. Pr\u00e1v\u011b proto jsem se p\u0159i jej\u00edm navrhov\u00e1n\u00ed<br>zam\u011b\u0159ila p\u0159edev\u0161\u00edm na maxim\u00e1ln\u00ed pohodl\u00ed, prakti\u010dnost a funk\u010dnost, kter\u00e9 jsou v<br>takov\u00e9m prost\u0159ed\u00ed kl\u00ed\u010dov\u00e9.<br>Vrchn\u00ed \u010d\u00e1st k\u0159esla je \u010daloun\u011bn\u00e1 speci\u00e1ln\u00ed akustickou l\u00e1tkou, kterou jsem zvolila<br>z\u00e1m\u011brn\u011b \u2013 jej\u00edm hlavn\u00edm \u00fa\u010delem je pohlcovat okoln\u00ed hluk a t\u00edm p\u0159isp\u00edvat k vytvo\u0159en\u00ed<br>klidn\u011bj\u0161\u00edho, p\u0159\u00edjemn\u011bj\u0161\u00edho prost\u0159ed\u00ed pro u\u017eivatele. Naopak spodn\u00ed \u010d\u00e1st k\u0159esla je<br>pota\u017een\u00e1 ko\u017eenkou, kter\u00e1 je velmi praktick\u00e1, zejm\u00e9na kv\u016fli snadn\u00e9 \u00fadr\u017eby a hygieny,<br>co\u017e je v prost\u0159ed\u00ed s vysokou n\u00e1v\u0161t\u011bvnost\u00ed velmi d\u016fle\u017eit\u00e9.<br>Tmav\u0161\u00ed barevn\u00e9 odst\u00edny jsem zvolila s c\u00edlem podpo\u0159it celkov\u00fd dojem \u00fatulnosti a<br>z\u00e1rove\u0148 nab\u00eddnout u\u017eivateli zv\u00fd\u0161en\u00fd pocit soukrom\u00ed. Soukrom\u00ed jsem tak\u00e9 podpo\u0159ila<br>vy\u0161\u0161\u00ed konstrukc\u00ed, kter\u00e1 \u010d\u00e1ste\u010dn\u011b p\u0159isp\u00edv\u00e1 k prostorov\u00e9mu odd\u011blen\u00ed od okoln\u00edho<br>prost\u0159ed\u00ed.<\/p>\n\n\n\n<figure class=\"wp-block-image size-large\"><img decoding=\"async\" width=\"724\" height=\"1024\" data-src=\"http:\/\/www.design-award.cz\/wp-content\/uploads\/2025\/06\/plakat-zidle-finalni-11-724x1024.jpg\" alt=\"\" class=\"wp-image-4857 lazyload\" data-srcset=\"https:\/\/www.design-award.cz\/wp-content\/uploads\/2025\/06\/plakat-zidle-finalni-11-724x1024.jpg 724w, https:\/\/www.design-award.cz\/wp-content\/uploads\/2025\/06\/plakat-zidle-finalni-11-212x300.jpg 212w, https:\/\/www.design-award.cz\/wp-content\/uploads\/2025\/06\/plakat-zidle-finalni-11-768x1086.jpg 768w, https:\/\/www.design-award.cz\/wp-content\/uploads\/2025\/06\/plakat-zidle-finalni-11-1086x1536.jpg 1086w, https:\/\/www.design-award.cz\/wp-content\/uploads\/2025\/06\/plakat-zidle-finalni-11-1448x2048.jpg 1448w, https:\/\/www.design-award.cz\/wp-content\/uploads\/2025\/06\/plakat-zidle-finalni-11-500x707.jpg 500w, https:\/\/www.design-award.cz\/wp-content\/uploads\/2025\/06\/plakat-zidle-finalni-11-800x1131.jpg 800w, https:\/\/www.design-award.cz\/wp-content\/uploads\/2025\/06\/plakat-zidle-finalni-11-1280x1810.jpg 1280w, https:\/\/www.design-award.cz\/wp-content\/uploads\/2025\/06\/plakat-zidle-finalni-11-1920x2715.jpg 1920w, https:\/\/www.design-award.cz\/wp-content\/uploads\/2025\/06\/plakat-zidle-finalni-11-scaled.jpg 1811w\" data-sizes=\"(max-width: 724px) 100vw, 724px\" src=\"data:image\/svg+xml;base64,PHN2ZyB3aWR0aD0iMSIgaGVpZ2h0PSIxIiB4bWxucz0iaHR0cDovL3d3dy53My5vcmcvMjAwMC9zdmciPjwvc3ZnPg==\" style=\"--smush-placeholder-width: 724px; --smush-placeholder-aspect-ratio: 724\/1024;\" \/><\/figure>\n\n\n\n<figure class=\"wp-block-image size-large\"><img decoding=\"async\" width=\"704\" height=\"1024\" data-src=\"http:\/\/www.design-award.cz\/wp-content\/uploads\/2025\/06\/R-SAMA-BOK-704x1024.png\" alt=\"\" class=\"wp-image-4858 lazyload\" data-srcset=\"https:\/\/www.design-award.cz\/wp-content\/uploads\/2025\/06\/R-SAMA-BOK-704x1024.png 704w, https:\/\/www.design-award.cz\/wp-content\/uploads\/2025\/06\/R-SAMA-BOK-206x300.png 206w, https:\/\/www.design-award.cz\/wp-content\/uploads\/2025\/06\/R-SAMA-BOK-768x1117.png 768w, https:\/\/www.design-award.cz\/wp-content\/uploads\/2025\/06\/R-SAMA-BOK-1056x1536.png 1056w, https:\/\/www.design-award.cz\/wp-content\/uploads\/2025\/06\/R-SAMA-BOK-500x727.png 500w, https:\/\/www.design-award.cz\/wp-content\/uploads\/2025\/06\/R-SAMA-BOK-800x1164.png 800w, https:\/\/www.design-award.cz\/wp-content\/uploads\/2025\/06\/R-SAMA-BOK.png 1100w\" data-sizes=\"(max-width: 704px) 100vw, 704px\" src=\"data:image\/svg+xml;base64,PHN2ZyB3aWR0aD0iMSIgaGVpZ2h0PSIxIiB4bWxucz0iaHR0cDovL3d3dy53My5vcmcvMjAwMC9zdmciPjwvc3ZnPg==\" style=\"--smush-placeholder-width: 704px; --smush-placeholder-aspect-ratio: 704\/1024;\" \/><\/figure>\n\n\n\n<figure class=\"wp-block-image size-full\"><img decoding=\"async\" width=\"641\" height=\"806\" data-src=\"http:\/\/www.design-award.cz\/wp-content\/uploads\/2025\/06\/technicky-vykres-kresla.jpg\" alt=\"\" class=\"wp-image-4861 lazyload\" data-srcset=\"https:\/\/www.design-award.cz\/wp-content\/uploads\/2025\/06\/technicky-vykres-kresla.jpg 641w, https:\/\/www.design-award.cz\/wp-content\/uploads\/2025\/06\/technicky-vykres-kresla-239x300.jpg 239w, https:\/\/www.design-award.cz\/wp-content\/uploads\/2025\/06\/technicky-vykres-kresla-500x629.jpg 500w\" data-sizes=\"(max-width: 641px) 100vw, 641px\" src=\"data:image\/svg+xml;base64,PHN2ZyB3aWR0aD0iMSIgaGVpZ2h0PSIxIiB4bWxucz0iaHR0cDovL3d3dy53My5vcmcvMjAwMC9zdmciPjwvc3ZnPg==\" style=\"--smush-placeholder-width: 641px; --smush-placeholder-aspect-ratio: 641\/806;\" \/><\/figure>\n\n\n\n<p><\/p>\n","protected":false},"excerpt":{"rendered":"<p>Valerie Kudelov\u00e1 MICHAEL &#8211; S\u0160 a VO\u0160 reklamn\u00ed a um\u011bleck\u00e9 tvorby, s.r.o. Tato \u017eidle byla navr\u017eena p\u0159edev\u0161\u00edm s ohledem na vyu\u017eit\u00ed v leti\u0161tn\u00edm prostoru, kde lid\u00e9\u010dasto tr\u00e1v\u00ed dlouh\u00e9 hodiny \u010dek\u00e1n\u00edm na sv\u016fj let. Pr\u00e1v\u011b proto jsem se p\u0159i jej\u00edm navrhov\u00e1n\u00edzam\u011b\u0159ila p\u0159edev\u0161\u00edm na maxim\u00e1ln\u00ed pohodl\u00ed, prakti\u010dnost a funk\u010dnost, kter\u00e9 jsou vtakov\u00e9m prost\u0159ed\u00ed kl\u00ed\u010dov\u00e9.Vrchn\u00ed \u010d\u00e1st k\u0159esla je [&hellip;]<\/p>\n","protected":false},"author":2,"featured_media":4859,"menu_order":0,"comment_status":"closed","ping_status":"closed","template":"","format":"standard","meta":{"ngg_post_thumbnail":0,"ocean_post_layout":"","ocean_both_sidebars_style":"","ocean_both_sidebars_content_width":0,"ocean_both_sidebars_sidebars_width":0,"ocean_sidebar":"","ocean_second_sidebar":"","ocean_disable_margins":"enable","ocean_add_body_class":"","ocean_shortcode_before_top_bar":"","ocean_shortcode_after_top_bar":"","ocean_shortcode_before_header":"","ocean_shortcode_after_header":"","ocean_has_shortcode":"","ocean_shortcode_after_title":"","ocean_shortcode_before_footer_widgets":"","ocean_shortcode_after_footer_widgets":"","ocean_shortcode_before_footer_bottom":"","ocean_shortcode_after_footer_bottom":"","ocean_display_top_bar":"default","ocean_display_header":"default","ocean_header_style":"","ocean_center_header_left_menu":"","ocean_custom_header_template":"","ocean_custom_logo":0,"ocean_custom_retina_logo":0,"ocean_custom_logo_max_width":0,"ocean_custom_logo_tablet_max_width":0,"ocean_custom_logo_mobile_max_width":0,"ocean_custom_logo_max_height":0,"ocean_custom_logo_tablet_max_height":0,"ocean_custom_logo_mobile_max_height":0,"ocean_header_custom_menu":"","ocean_menu_typo_font_family":"","ocean_menu_typo_font_subset":"","ocean_menu_typo_font_size":0,"ocean_menu_typo_font_size_tablet":0,"ocean_menu_typo_font_size_mobile":0,"ocean_menu_typo_font_size_unit":"px","ocean_menu_typo_font_weight":"","ocean_menu_typo_font_weight_tablet":"","ocean_menu_typo_font_weight_mobile":"","ocean_menu_typo_transform":"","ocean_menu_typo_transform_tablet":"","ocean_menu_typo_transform_mobile":"","ocean_menu_typo_line_height":0,"ocean_menu_typo_line_height_tablet":0,"ocean_menu_typo_line_height_mobile":0,"ocean_menu_typo_line_height_unit":"","ocean_menu_typo_spacing":0,"ocean_menu_typo_spacing_tablet":0,"ocean_menu_typo_spacing_mobile":0,"ocean_menu_typo_spacing_unit":"","ocean_menu_link_color":"","ocean_menu_link_color_hover":"","ocean_menu_link_color_active":"","ocean_menu_link_background":"","ocean_menu_link_hover_background":"","ocean_menu_link_active_background":"","ocean_menu_social_links_bg":"","ocean_menu_social_hover_links_bg":"","ocean_menu_social_links_color":"","ocean_menu_social_hover_links_color":"","ocean_disable_title":"default","ocean_disable_heading":"default","ocean_post_title":"","ocean_post_subheading":"","ocean_post_title_style":"","ocean_post_title_background_color":"","ocean_post_title_background":0,"ocean_post_title_bg_image_position":"","ocean_post_title_bg_image_attachment":"","ocean_post_title_bg_image_repeat":"","ocean_post_title_bg_image_size":"","ocean_post_title_height":0,"ocean_post_title_bg_overlay":0.5,"ocean_post_title_bg_overlay_color":"","ocean_disable_breadcrumbs":"default","ocean_breadcrumbs_color":"","ocean_breadcrumbs_separator_color":"","ocean_breadcrumbs_links_color":"","ocean_breadcrumbs_links_hover_color":"","ocean_display_footer_widgets":"default","ocean_display_footer_bottom":"default","ocean_custom_footer_template":"","_vp_format_video_url":"","_vp_image_focal_point":{"x":0.5,"y":0.2},"footnotes":""},"portfolio_category":[],"portfolio_tag":[],"class_list":["post-4856","portfolio","type-portfolio","status-publish","format-standard","has-post-thumbnail","hentry","entry","has-media"],"yoast_head":"<!-- This site is optimized with the Yoast SEO plugin v25.2 - https:\/\/yoast.com\/wordpress\/plugins\/seo\/ -->\n<title>Produktov\u00fd design - K\u0159eslo Concorde - design-award.cz<\/title>\n<meta name=\"robots\" content=\"index, follow, max-snippet:-1, max-image-preview:large, max-video-preview:-1\" \/>\n<link rel=\"canonical\" href=\"https:\/\/www.design-award.cz\/?portfolio=produktovy-design-kreslo-concorde\" \/>\n<meta property=\"og:locale\" content=\"cs_CZ\" \/>\n<meta property=\"og:type\" content=\"article\" \/>\n<meta property=\"og:title\" content=\"Produktov\u00fd design - K\u0159eslo Concorde - design-award.cz\" \/>\n<meta property=\"og:description\" content=\"Valerie Kudelov\u00e1 MICHAEL &#8211; S\u0160 a VO\u0160 reklamn\u00ed a um\u011bleck\u00e9 tvorby, s.r.o. Tato \u017eidle byla navr\u017eena p\u0159edev\u0161\u00edm s ohledem na vyu\u017eit\u00ed v leti\u0161tn\u00edm prostoru, kde lid\u00e9\u010dasto tr\u00e1v\u00ed dlouh\u00e9 hodiny \u010dek\u00e1n\u00edm na sv\u016fj let. Pr\u00e1v\u011b proto jsem se p\u0159i jej\u00edm navrhov\u00e1n\u00edzam\u011b\u0159ila p\u0159edev\u0161\u00edm na maxim\u00e1ln\u00ed pohodl\u00ed, prakti\u010dnost a funk\u010dnost, kter\u00e9 jsou vtakov\u00e9m prost\u0159ed\u00ed kl\u00ed\u010dov\u00e9.Vrchn\u00ed \u010d\u00e1st k\u0159esla je [&hellip;]\" \/>\n<meta property=\"og:url\" content=\"https:\/\/www.design-award.cz\/?portfolio=produktovy-design-kreslo-concorde\" \/>\n<meta property=\"og:site_name\" content=\"design-award.cz\" \/>\n<meta property=\"article:modified_time\" content=\"2025-06-20T06:17:11+00:00\" \/>\n<meta property=\"og:image\" content=\"http:\/\/www.design-award.cz\/wp-content\/uploads\/2025\/06\/R-SAMA-ZEZADU.png\" \/>\n\t<meta property=\"og:image:width\" content=\"1100\" \/>\n\t<meta property=\"og:image:height\" content=\"1600\" \/>\n\t<meta property=\"og:image:type\" content=\"image\/png\" \/>\n<meta name=\"twitter:card\" content=\"summary_large_image\" \/>\n<meta name=\"twitter:label1\" content=\"Odhadovan\u00e1 doba \u010dten\u00ed\" \/>\n\t<meta name=\"twitter:data1\" content=\"2 minuty\" \/>\n<script type=\"application\/ld+json\" class=\"yoast-schema-graph\">{\"@context\":\"https:\/\/schema.org\",\"@graph\":[{\"@type\":\"WebPage\",\"@id\":\"https:\/\/www.design-award.cz\/?portfolio=produktovy-design-kreslo-concorde\",\"url\":\"https:\/\/www.design-award.cz\/?portfolio=produktovy-design-kreslo-concorde\",\"name\":\"Produktov\u00fd design - K\u0159eslo Concorde - design-award.cz\",\"isPartOf\":{\"@id\":\"https:\/\/www.design-award.cz\/#website\"},\"primaryImageOfPage\":{\"@id\":\"https:\/\/www.design-award.cz\/?portfolio=produktovy-design-kreslo-concorde#primaryimage\"},\"image\":{\"@id\":\"https:\/\/www.design-award.cz\/?portfolio=produktovy-design-kreslo-concorde#primaryimage\"},\"thumbnailUrl\":\"https:\/\/www.design-award.cz\/wp-content\/uploads\/2025\/06\/R-SAMA-ZEZADU.png\",\"datePublished\":\"2025-06-13T11:00:35+00:00\",\"dateModified\":\"2025-06-20T06:17:11+00:00\",\"breadcrumb\":{\"@id\":\"https:\/\/www.design-award.cz\/?portfolio=produktovy-design-kreslo-concorde#breadcrumb\"},\"inLanguage\":\"cs\",\"potentialAction\":[{\"@type\":\"ReadAction\",\"target\":[\"https:\/\/www.design-award.cz\/?portfolio=produktovy-design-kreslo-concorde\"]}]},{\"@type\":\"ImageObject\",\"inLanguage\":\"cs\",\"@id\":\"https:\/\/www.design-award.cz\/?portfolio=produktovy-design-kreslo-concorde#primaryimage\",\"url\":\"https:\/\/www.design-award.cz\/wp-content\/uploads\/2025\/06\/R-SAMA-ZEZADU.png\",\"contentUrl\":\"https:\/\/www.design-award.cz\/wp-content\/uploads\/2025\/06\/R-SAMA-ZEZADU.png\",\"width\":1100,\"height\":1600},{\"@type\":\"BreadcrumbList\",\"@id\":\"https:\/\/www.design-award.cz\/?portfolio=produktovy-design-kreslo-concorde#breadcrumb\",\"itemListElement\":[{\"@type\":\"ListItem\",\"position\":1,\"name\":\"Dom\u016f\",\"item\":\"https:\/\/www.design-award.cz\/\"},{\"@type\":\"ListItem\",\"position\":2,\"name\":\"Portfolio Items\",\"item\":\"https:\/\/www.design-award.cz\/?post_type=portfolio\"},{\"@type\":\"ListItem\",\"position\":3,\"name\":\"Produktov\u00fd design &#8211; K\u0159eslo Concorde\"}]},{\"@type\":\"WebSite\",\"@id\":\"https:\/\/www.design-award.cz\/#website\",\"url\":\"https:\/\/www.design-award.cz\/\",\"name\":\"design-award.cz\",\"description\":\"WARD vznikla v roce 2022. Je ur\u010dena p\u0159edev\u0161\u00edm student\u016fm st\u0159edn\u00edch um\u011bleck\u00fdch \u0161kol (S\u0160 a VO\u0160), kte\u0159\u00ed mohou bezplatn\u011b zaslat sv\u00e9 n\u00e1vrhy v uveden\u00fdch kategori\u00ed a tak pom\u011b\u0159it sv\u00e9 n\u00e1pady s konkurenc\u00ed sv\u00fdch vrstevn\u00edk\u016f. N\u00e1vrhy jsou n\u00e1sledn\u011b posouzeny nez\u00e1vislou porotou z \u0159ad v\u00fdtvarn\u00edk\u016f, pedagog\u016f a profesion\u00e1l\u016f z oboru.\",\"publisher\":{\"@id\":\"https:\/\/www.design-award.cz\/#organization\"},\"potentialAction\":[{\"@type\":\"SearchAction\",\"target\":{\"@type\":\"EntryPoint\",\"urlTemplate\":\"https:\/\/www.design-award.cz\/?s={search_term_string}\"},\"query-input\":{\"@type\":\"PropertyValueSpecification\",\"valueRequired\":true,\"valueName\":\"search_term_string\"}}],\"inLanguage\":\"cs\"},{\"@type\":\"Organization\",\"@id\":\"https:\/\/www.design-award.cz\/#organization\",\"name\":\"Design Award\",\"url\":\"https:\/\/www.design-award.cz\/\",\"logo\":{\"@type\":\"ImageObject\",\"inLanguage\":\"cs\",\"@id\":\"https:\/\/www.design-award.cz\/#\/schema\/logo\/image\/\",\"url\":\"http:\/\/www.design-award.cz\/wp-content\/uploads\/2021\/12\/hornilogo_design-award.png\",\"contentUrl\":\"http:\/\/www.design-award.cz\/wp-content\/uploads\/2021\/12\/hornilogo_design-award.png\",\"width\":800,\"height\":600,\"caption\":\"Design Award\"},\"image\":{\"@id\":\"https:\/\/www.design-award.cz\/#\/schema\/logo\/image\/\"},\"sameAs\":[\"https:\/\/www.instagram.com\/design_award\/\"]}]}<\/script>\n<!-- \/ Yoast SEO plugin. -->","yoast_head_json":{"title":"Produktov\u00fd design - K\u0159eslo Concorde - design-award.cz","robots":{"index":"index","follow":"follow","max-snippet":"max-snippet:-1","max-image-preview":"max-image-preview:large","max-video-preview":"max-video-preview:-1"},"canonical":"https:\/\/www.design-award.cz\/?portfolio=produktovy-design-kreslo-concorde","og_locale":"cs_CZ","og_type":"article","og_title":"Produktov\u00fd design - K\u0159eslo Concorde - design-award.cz","og_description":"Valerie Kudelov\u00e1 MICHAEL &#8211; S\u0160 a VO\u0160 reklamn\u00ed a um\u011bleck\u00e9 tvorby, s.r.o. Tato \u017eidle byla navr\u017eena p\u0159edev\u0161\u00edm s ohledem na vyu\u017eit\u00ed v leti\u0161tn\u00edm prostoru, kde lid\u00e9\u010dasto tr\u00e1v\u00ed dlouh\u00e9 hodiny \u010dek\u00e1n\u00edm na sv\u016fj let. Pr\u00e1v\u011b proto jsem se p\u0159i jej\u00edm navrhov\u00e1n\u00edzam\u011b\u0159ila p\u0159edev\u0161\u00edm na maxim\u00e1ln\u00ed pohodl\u00ed, prakti\u010dnost a funk\u010dnost, kter\u00e9 jsou vtakov\u00e9m prost\u0159ed\u00ed kl\u00ed\u010dov\u00e9.Vrchn\u00ed \u010d\u00e1st k\u0159esla je [&hellip;]","og_url":"https:\/\/www.design-award.cz\/?portfolio=produktovy-design-kreslo-concorde","og_site_name":"design-award.cz","article_modified_time":"2025-06-20T06:17:11+00:00","og_image":[{"width":1100,"height":1600,"url":"http:\/\/www.design-award.cz\/wp-content\/uploads\/2025\/06\/R-SAMA-ZEZADU.png","type":"image\/png"}],"twitter_card":"summary_large_image","twitter_misc":{"Odhadovan\u00e1 doba \u010dten\u00ed":"2 minuty"},"schema":{"@context":"https:\/\/schema.org","@graph":[{"@type":"WebPage","@id":"https:\/\/www.design-award.cz\/?portfolio=produktovy-design-kreslo-concorde","url":"https:\/\/www.design-award.cz\/?portfolio=produktovy-design-kreslo-concorde","name":"Produktov\u00fd design - K\u0159eslo Concorde - design-award.cz","isPartOf":{"@id":"https:\/\/www.design-award.cz\/#website"},"primaryImageOfPage":{"@id":"https:\/\/www.design-award.cz\/?portfolio=produktovy-design-kreslo-concorde#primaryimage"},"image":{"@id":"https:\/\/www.design-award.cz\/?portfolio=produktovy-design-kreslo-concorde#primaryimage"},"thumbnailUrl":"https:\/\/www.design-award.cz\/wp-content\/uploads\/2025\/06\/R-SAMA-ZEZADU.png","datePublished":"2025-06-13T11:00:35+00:00","dateModified":"2025-06-20T06:17:11+00:00","breadcrumb":{"@id":"https:\/\/www.design-award.cz\/?portfolio=produktovy-design-kreslo-concorde#breadcrumb"},"inLanguage":"cs","potentialAction":[{"@type":"ReadAction","target":["https:\/\/www.design-award.cz\/?portfolio=produktovy-design-kreslo-concorde"]}]},{"@type":"ImageObject","inLanguage":"cs","@id":"https:\/\/www.design-award.cz\/?portfolio=produktovy-design-kreslo-concorde#primaryimage","url":"https:\/\/www.design-award.cz\/wp-content\/uploads\/2025\/06\/R-SAMA-ZEZADU.png","contentUrl":"https:\/\/www.design-award.cz\/wp-content\/uploads\/2025\/06\/R-SAMA-ZEZADU.png","width":1100,"height":1600},{"@type":"BreadcrumbList","@id":"https:\/\/www.design-award.cz\/?portfolio=produktovy-design-kreslo-concorde#breadcrumb","itemListElement":[{"@type":"ListItem","position":1,"name":"Dom\u016f","item":"https:\/\/www.design-award.cz\/"},{"@type":"ListItem","position":2,"name":"Portfolio Items","item":"https:\/\/www.design-award.cz\/?post_type=portfolio"},{"@type":"ListItem","position":3,"name":"Produktov\u00fd design &#8211; K\u0159eslo Concorde"}]},{"@type":"WebSite","@id":"https:\/\/www.design-award.cz\/#website","url":"https:\/\/www.design-award.cz\/","name":"design-award.cz","description":"WARD vznikla v roce 2022. Je ur\u010dena p\u0159edev\u0161\u00edm student\u016fm st\u0159edn\u00edch um\u011bleck\u00fdch \u0161kol (S\u0160 a VO\u0160), kte\u0159\u00ed mohou bezplatn\u011b zaslat sv\u00e9 n\u00e1vrhy v uveden\u00fdch kategori\u00ed a tak pom\u011b\u0159it sv\u00e9 n\u00e1pady s konkurenc\u00ed sv\u00fdch vrstevn\u00edk\u016f. N\u00e1vrhy jsou n\u00e1sledn\u011b posouzeny nez\u00e1vislou porotou z \u0159ad v\u00fdtvarn\u00edk\u016f, pedagog\u016f a profesion\u00e1l\u016f z oboru.","publisher":{"@id":"https:\/\/www.design-award.cz\/#organization"},"potentialAction":[{"@type":"SearchAction","target":{"@type":"EntryPoint","urlTemplate":"https:\/\/www.design-award.cz\/?s={search_term_string}"},"query-input":{"@type":"PropertyValueSpecification","valueRequired":true,"valueName":"search_term_string"}}],"inLanguage":"cs"},{"@type":"Organization","@id":"https:\/\/www.design-award.cz\/#organization","name":"Design Award","url":"https:\/\/www.design-award.cz\/","logo":{"@type":"ImageObject","inLanguage":"cs","@id":"https:\/\/www.design-award.cz\/#\/schema\/logo\/image\/","url":"http:\/\/www.design-award.cz\/wp-content\/uploads\/2021\/12\/hornilogo_design-award.png","contentUrl":"http:\/\/www.design-award.cz\/wp-content\/uploads\/2021\/12\/hornilogo_design-award.png","width":800,"height":600,"caption":"Design Award"},"image":{"@id":"https:\/\/www.design-award.cz\/#\/schema\/logo\/image\/"},"sameAs":["https:\/\/www.instagram.com\/design_award\/"]}]}},"_links":{"self":[{"href":"https:\/\/www.design-award.cz\/index.php?rest_route=\/wp\/v2\/portfolio\/4856","targetHints":{"allow":["GET"]}}],"collection":[{"href":"https:\/\/www.design-award.cz\/index.php?rest_route=\/wp\/v2\/portfolio"}],"about":[{"href":"https:\/\/www.design-award.cz\/index.php?rest_route=\/wp\/v2\/types\/portfolio"}],"author":[{"embeddable":true,"href":"https:\/\/www.design-award.cz\/index.php?rest_route=\/wp\/v2\/users\/2"}],"replies":[{"embeddable":true,"href":"https:\/\/www.design-award.cz\/index.php?rest_route=%2Fwp%2Fv2%2Fcomments&post=4856"}],"version-history":[{"count":2,"href":"https:\/\/www.design-award.cz\/index.php?rest_route=\/wp\/v2\/portfolio\/4856\/revisions"}],"predecessor-version":[{"id":4862,"href":"https:\/\/www.design-award.cz\/index.php?rest_route=\/wp\/v2\/portfolio\/4856\/revisions\/4862"}],"wp:featuredmedia":[{"embeddable":true,"href":"https:\/\/www.design-award.cz\/index.php?rest_route=\/wp\/v2\/media\/4859"}],"wp:attachment":[{"href":"https:\/\/www.design-award.cz\/index.php?rest_route=%2Fwp%2Fv2%2Fmedia&parent=4856"}],"wp:term":[{"taxonomy":"portfolio_category","embeddable":true,"href":"https:\/\/www.design-award.cz\/index.php?rest_route=%2Fwp%2Fv2%2Fportfolio_category&post=4856"},{"taxonomy":"portfolio_tag","embeddable":true,"href":"https:\/\/www.design-award.cz\/index.php?rest_route=%2Fwp%2Fv2%2Fportfolio_tag&post=4856"}],"curies":[{"name":"wp","href":"https:\/\/api.w.org\/{rel}","templated":true}]}}