{"id":4926,"date":"2025-06-19T13:04:12","date_gmt":"2025-06-19T13:04:12","guid":{"rendered":"https:\/\/www.design-award.cz\/?post_type=portfolio&#038;p=4926"},"modified":"2025-06-19T13:07:11","modified_gmt":"2025-06-19T13:07:11","slug":"interierovy-design-open-office-fei-vsb-tuo","status":"publish","type":"portfolio","link":"https:\/\/www.design-award.cz\/?portfolio=interierovy-design-open-office-fei-vsb-tuo","title":{"rendered":"Interi\u00e9rov\u00fd design &#8211; Open office FEI V\u0160B-TUO"},"content":{"rendered":"\n<p><strong>Simona Juri\u0161tov\u00e1<\/strong><br><br>AVE ART Ostrava &#8211; vy\u0161\u0161\u00ed odborn\u00e1 \u0161kola, st\u0159edn\u00ed um\u011bleck\u00e1 \u0161kola a z\u00e1kladn\u00ed um\u011bleck\u00e1 \u0161kola, s.r.o.<br><br>Zad\u00e1n\u00ed maturitn\u00ed pr\u00e1ce je n\u00e1vrh open office pro FEI V\u0160B-TUO.\u00a0 Hlavn\u00ed prostor slou\u017e\u00ed jako st\u00e1l\u00e9 pracovi\u0161t\u011b &#8211; open office. Hlavn\u00edm prvkem jsou pracovn\u00ed stoly, kter\u00e9 jsou propojeny hlin\u00edkov\u00fdmi jekly, kter\u00e9 slou\u017e\u00ed k v\u00fdvodu elekt\u0159iny. Ka\u017ed\u00fd st\u016fl m\u00e1 jinak zaoblen\u00fd tvar a zvolenou barvu &#8211; inspirac\u00ed mi byly barvy samotn\u00e9 fakulty. Stoly maj\u00ed tak\u00e9 z\u00e1st\u011bnu, kter\u00e1 je vyrobena z oh\u00fdban\u00e9ho ml\u00e9\u010dn\u00e9ho plexiskla. Cel\u00e1 m\u00edstnost je lad\u011bna do modr\u00fdch a \u0161ed\u00fdch odst\u00edn\u016f. Pro lep\u0161\u00ed akustiku jsou na st\u011bn\u00e1ch zvoleny d\u0159ev\u011bn\u00e9 akustick\u00e9 panely a mechov\u00e9 a rostlinn\u00e9 st\u011bny, kter\u00e9 tak\u00e9 dod\u00e1vaj\u00ed prostoru p\u0159\u00edrodn\u00ed n\u00e1dech. Na strop\u011b jsou zav\u011b\u0161eny kovov\u00e9 r\u00e1my s um\u011bl\u00fdmi kv\u011btinami pro ozvl\u00e1\u0161tn\u011bn\u00ed prostoru.\u00a0 Jako d\u011bl\u00edc\u00ed a z\u00e1rove\u0148 odkl\u00e1dac\u00ed prvek jsem vymyslela z\u00e1st\u011bnu, kter\u00e1 m\u00e1 kovov\u00e9 v\u011b\u0161\u00e1ky v podob\u011b loga V\u0160B. V m\u00edstnosti jsou um\u00edst\u011bny silent boxy, kter\u00e9 se nach\u00e1zej\u00ed v prost\u0159edn\u00ed \u010d\u00e1sti cel\u00e9ho prostoru. V t\u011bchto boxech je pracovn\u00ed st\u016fl s kancel\u00e1\u0159skou \u017eidl\u00ed, ale i pohovka pro pohodln\u011bj\u0161\u00ed sezen\u00ed. Na konci prostoru se tak\u00e9 nach\u00e1z\u00ed zasedac\u00ed m\u00edstnost, kter\u00e1 je dopln\u011bna velk\u00fdm zaoblen\u00fdm stolem a\u00a0 osmi m\u00edsty. Na druh\u00e9m konci je naopak m\u00edstnost sp\u00ed\u0161e relaxa\u010dn\u00edho typu. Slou\u017e\u00ed ale i k pohodln\u011bj\u0161\u00ed pr\u00e1ci na laptopu \u010di tabletu, \u010di \u010dten\u00ed.<\/p>\n\n\n\n<figure class=\"wp-block-image size-large\"><img decoding=\"async\" width=\"723\" height=\"1024\" data-src=\"http:\/\/www.design-award.cz\/wp-content\/uploads\/2025\/06\/VSB-Plakat-723x1024.png\" alt=\"\" class=\"wp-image-4930 lazyload\" data-srcset=\"https:\/\/www.design-award.cz\/wp-content\/uploads\/2025\/06\/VSB-Plakat-723x1024.png 723w, https:\/\/www.design-award.cz\/wp-content\/uploads\/2025\/06\/VSB-Plakat-212x300.png 212w, https:\/\/www.design-award.cz\/wp-content\/uploads\/2025\/06\/VSB-Plakat-768x1088.png 768w, https:\/\/www.design-award.cz\/wp-content\/uploads\/2025\/06\/VSB-Plakat-1085x1536.png 1085w, https:\/\/www.design-award.cz\/wp-content\/uploads\/2025\/06\/VSB-Plakat-1446x2048.png 1446w, https:\/\/www.design-award.cz\/wp-content\/uploads\/2025\/06\/VSB-Plakat-500x708.png 500w, https:\/\/www.design-award.cz\/wp-content\/uploads\/2025\/06\/VSB-Plakat-800x1133.png 800w, https:\/\/www.design-award.cz\/wp-content\/uploads\/2025\/06\/VSB-Plakat-1280x1813.png 1280w, https:\/\/www.design-award.cz\/wp-content\/uploads\/2025\/06\/VSB-Plakat-1920x2719.png 1920w, https:\/\/www.design-award.cz\/wp-content\/uploads\/2025\/06\/VSB-Plakat-scaled.png 1808w\" data-sizes=\"(max-width: 723px) 100vw, 723px\" src=\"data:image\/svg+xml;base64,PHN2ZyB3aWR0aD0iMSIgaGVpZ2h0PSIxIiB4bWxucz0iaHR0cDovL3d3dy53My5vcmcvMjAwMC9zdmciPjwvc3ZnPg==\" style=\"--smush-placeholder-width: 723px; --smush-placeholder-aspect-ratio: 723\/1024;\" \/><\/figure>\n\n\n\n<figure class=\"wp-block-image size-large\"><img decoding=\"async\" width=\"1024\" height=\"576\" data-src=\"http:\/\/www.design-award.cz\/wp-content\/uploads\/2025\/06\/Vizualizace-2-1024x576.jpg\" alt=\"\" class=\"wp-image-4929 lazyload\" data-srcset=\"https:\/\/www.design-award.cz\/wp-content\/uploads\/2025\/06\/Vizualizace-2-1024x576.jpg 1024w, https:\/\/www.design-award.cz\/wp-content\/uploads\/2025\/06\/Vizualizace-2-300x169.jpg 300w, https:\/\/www.design-award.cz\/wp-content\/uploads\/2025\/06\/Vizualizace-2-768x432.jpg 768w, https:\/\/www.design-award.cz\/wp-content\/uploads\/2025\/06\/Vizualizace-2-1536x864.jpg 1536w, https:\/\/www.design-award.cz\/wp-content\/uploads\/2025\/06\/Vizualizace-2-2048x1152.jpg 2048w, https:\/\/www.design-award.cz\/wp-content\/uploads\/2025\/06\/Vizualizace-2-800x450.jpg 800w, https:\/\/www.design-award.cz\/wp-content\/uploads\/2025\/06\/Vizualizace-2-500x281.jpg 500w, https:\/\/www.design-award.cz\/wp-content\/uploads\/2025\/06\/Vizualizace-2-1280x720.jpg 1280w, https:\/\/www.design-award.cz\/wp-content\/uploads\/2025\/06\/Vizualizace-2-1920x1080.jpg 1920w\" data-sizes=\"(max-width: 1024px) 100vw, 1024px\" src=\"data:image\/svg+xml;base64,PHN2ZyB3aWR0aD0iMSIgaGVpZ2h0PSIxIiB4bWxucz0iaHR0cDovL3d3dy53My5vcmcvMjAwMC9zdmciPjwvc3ZnPg==\" style=\"--smush-placeholder-width: 1024px; --smush-placeholder-aspect-ratio: 1024\/576;\" \/><\/figure>\n\n\n\n<figure class=\"wp-block-image size-large\"><img decoding=\"async\" width=\"1024\" height=\"576\" data-src=\"http:\/\/www.design-award.cz\/wp-content\/uploads\/2025\/06\/Vuzualizace-3-1024x576.jpg\" alt=\"\" class=\"wp-image-4932 lazyload\" data-srcset=\"https:\/\/www.design-award.cz\/wp-content\/uploads\/2025\/06\/Vuzualizace-3-1024x576.jpg 1024w, https:\/\/www.design-award.cz\/wp-content\/uploads\/2025\/06\/Vuzualizace-3-300x169.jpg 300w, https:\/\/www.design-award.cz\/wp-content\/uploads\/2025\/06\/Vuzualizace-3-768x432.jpg 768w, https:\/\/www.design-award.cz\/wp-content\/uploads\/2025\/06\/Vuzualizace-3-1536x864.jpg 1536w, https:\/\/www.design-award.cz\/wp-content\/uploads\/2025\/06\/Vuzualizace-3-2048x1152.jpg 2048w, https:\/\/www.design-award.cz\/wp-content\/uploads\/2025\/06\/Vuzualizace-3-800x450.jpg 800w, https:\/\/www.design-award.cz\/wp-content\/uploads\/2025\/06\/Vuzualizace-3-500x281.jpg 500w, https:\/\/www.design-award.cz\/wp-content\/uploads\/2025\/06\/Vuzualizace-3-1280x720.jpg 1280w, https:\/\/www.design-award.cz\/wp-content\/uploads\/2025\/06\/Vuzualizace-3-1920x1080.jpg 1920w\" data-sizes=\"(max-width: 1024px) 100vw, 1024px\" src=\"data:image\/svg+xml;base64,PHN2ZyB3aWR0aD0iMSIgaGVpZ2h0PSIxIiB4bWxucz0iaHR0cDovL3d3dy53My5vcmcvMjAwMC9zdmciPjwvc3ZnPg==\" style=\"--smush-placeholder-width: 1024px; --smush-placeholder-aspect-ratio: 1024\/576;\" \/><\/figure>\n\n\n\n<figure class=\"wp-block-image size-large\"><img decoding=\"async\" width=\"1024\" height=\"721\" data-src=\"http:\/\/www.design-award.cz\/wp-content\/uploads\/2025\/06\/Technicky-list-1024x721.png\" alt=\"\" class=\"wp-image-4927 lazyload\" data-srcset=\"https:\/\/www.design-award.cz\/wp-content\/uploads\/2025\/06\/Technicky-list-1024x721.png 1024w, https:\/\/www.design-award.cz\/wp-content\/uploads\/2025\/06\/Technicky-list-300x211.png 300w, https:\/\/www.design-award.cz\/wp-content\/uploads\/2025\/06\/Technicky-list-768x541.png 768w, https:\/\/www.design-award.cz\/wp-content\/uploads\/2025\/06\/Technicky-list-500x352.png 500w, https:\/\/www.design-award.cz\/wp-content\/uploads\/2025\/06\/Technicky-list-800x563.png 800w, https:\/\/www.design-award.cz\/wp-content\/uploads\/2025\/06\/Technicky-list-1280x901.png 1280w, https:\/\/www.design-award.cz\/wp-content\/uploads\/2025\/06\/Technicky-list.png 1399w\" data-sizes=\"(max-width: 1024px) 100vw, 1024px\" src=\"data:image\/svg+xml;base64,PHN2ZyB3aWR0aD0iMSIgaGVpZ2h0PSIxIiB4bWxucz0iaHR0cDovL3d3dy53My5vcmcvMjAwMC9zdmciPjwvc3ZnPg==\" style=\"--smush-placeholder-width: 1024px; --smush-placeholder-aspect-ratio: 1024\/721;\" \/><\/figure>\n","protected":false},"excerpt":{"rendered":"<p>Simona Juri\u0161tov\u00e1 AVE ART Ostrava &#8211; vy\u0161\u0161\u00ed odborn\u00e1 \u0161kola, st\u0159edn\u00ed um\u011bleck\u00e1 \u0161kola a z\u00e1kladn\u00ed um\u011bleck\u00e1 \u0161kola, s.r.o. Zad\u00e1n\u00ed maturitn\u00ed pr\u00e1ce je n\u00e1vrh open office pro FEI V\u0160B-TUO.\u00a0 Hlavn\u00ed prostor slou\u017e\u00ed jako st\u00e1l\u00e9 pracovi\u0161t\u011b &#8211; open office. Hlavn\u00edm prvkem jsou pracovn\u00ed stoly, kter\u00e9 jsou propojeny hlin\u00edkov\u00fdmi jekly, kter\u00e9 slou\u017e\u00ed k v\u00fdvodu elekt\u0159iny. Ka\u017ed\u00fd st\u016fl m\u00e1 jinak [&hellip;]<\/p>\n","protected":false},"author":2,"featured_media":4928,"menu_order":0,"comment_status":"closed","ping_status":"closed","template":"","format":"standard","meta":{"ngg_post_thumbnail":0,"ocean_post_layout":"","ocean_both_sidebars_style":"","ocean_both_sidebars_content_width":0,"ocean_both_sidebars_sidebars_width":0,"ocean_sidebar":"","ocean_second_sidebar":"","ocean_disable_margins":"enable","ocean_add_body_class":"","ocean_shortcode_before_top_bar":"","ocean_shortcode_after_top_bar":"","ocean_shortcode_before_header":"","ocean_shortcode_after_header":"","ocean_has_shortcode":"","ocean_shortcode_after_title":"","ocean_shortcode_before_footer_widgets":"","ocean_shortcode_after_footer_widgets":"","ocean_shortcode_before_footer_bottom":"","ocean_shortcode_after_footer_bottom":"","ocean_display_top_bar":"default","ocean_display_header":"default","ocean_header_style":"","ocean_center_header_left_menu":"","ocean_custom_header_template":"","ocean_custom_logo":0,"ocean_custom_retina_logo":0,"ocean_custom_logo_max_width":0,"ocean_custom_logo_tablet_max_width":0,"ocean_custom_logo_mobile_max_width":0,"ocean_custom_logo_max_height":0,"ocean_custom_logo_tablet_max_height":0,"ocean_custom_logo_mobile_max_height":0,"ocean_header_custom_menu":"","ocean_menu_typo_font_family":"","ocean_menu_typo_font_subset":"","ocean_menu_typo_font_size":0,"ocean_menu_typo_font_size_tablet":0,"ocean_menu_typo_font_size_mobile":0,"ocean_menu_typo_font_size_unit":"px","ocean_menu_typo_font_weight":"","ocean_menu_typo_font_weight_tablet":"","ocean_menu_typo_font_weight_mobile":"","ocean_menu_typo_transform":"","ocean_menu_typo_transform_tablet":"","ocean_menu_typo_transform_mobile":"","ocean_menu_typo_line_height":0,"ocean_menu_typo_line_height_tablet":0,"ocean_menu_typo_line_height_mobile":0,"ocean_menu_typo_line_height_unit":"","ocean_menu_typo_spacing":0,"ocean_menu_typo_spacing_tablet":0,"ocean_menu_typo_spacing_mobile":0,"ocean_menu_typo_spacing_unit":"","ocean_menu_link_color":"","ocean_menu_link_color_hover":"","ocean_menu_link_color_active":"","ocean_menu_link_background":"","ocean_menu_link_hover_background":"","ocean_menu_link_active_background":"","ocean_menu_social_links_bg":"","ocean_menu_social_hover_links_bg":"","ocean_menu_social_links_color":"","ocean_menu_social_hover_links_color":"","ocean_disable_title":"default","ocean_disable_heading":"default","ocean_post_title":"","ocean_post_subheading":"","ocean_post_title_style":"","ocean_post_title_background_color":"","ocean_post_title_background":0,"ocean_post_title_bg_image_position":"","ocean_post_title_bg_image_attachment":"","ocean_post_title_bg_image_repeat":"","ocean_post_title_bg_image_size":"","ocean_post_title_height":0,"ocean_post_title_bg_overlay":0.5,"ocean_post_title_bg_overlay_color":"","ocean_disable_breadcrumbs":"default","ocean_breadcrumbs_color":"","ocean_breadcrumbs_separator_color":"","ocean_breadcrumbs_links_color":"","ocean_breadcrumbs_links_hover_color":"","ocean_display_footer_widgets":"default","ocean_display_footer_bottom":"default","ocean_custom_footer_template":"","_vp_format_video_url":"","_vp_image_focal_point":[],"footnotes":""},"portfolio_category":[],"portfolio_tag":[],"class_list":["post-4926","portfolio","type-portfolio","status-publish","format-standard","has-post-thumbnail","hentry","entry","has-media"],"yoast_head":"<!-- This site is optimized with the Yoast SEO plugin v25.2 - https:\/\/yoast.com\/wordpress\/plugins\/seo\/ -->\n<title>Interi\u00e9rov\u00fd design - Open office FEI V\u0160B-TUO - design-award.cz<\/title>\n<meta name=\"robots\" content=\"index, follow, max-snippet:-1, max-image-preview:large, max-video-preview:-1\" \/>\n<link rel=\"canonical\" href=\"https:\/\/www.design-award.cz\/?portfolio=interierovy-design-open-office-fei-vsb-tuo\" \/>\n<meta property=\"og:locale\" content=\"cs_CZ\" \/>\n<meta property=\"og:type\" content=\"article\" \/>\n<meta property=\"og:title\" content=\"Interi\u00e9rov\u00fd design - Open office FEI V\u0160B-TUO - design-award.cz\" \/>\n<meta property=\"og:description\" content=\"Simona Juri\u0161tov\u00e1 AVE ART Ostrava &#8211; vy\u0161\u0161\u00ed odborn\u00e1 \u0161kola, st\u0159edn\u00ed um\u011bleck\u00e1 \u0161kola a z\u00e1kladn\u00ed um\u011bleck\u00e1 \u0161kola, s.r.o. Zad\u00e1n\u00ed maturitn\u00ed pr\u00e1ce je n\u00e1vrh open office pro FEI V\u0160B-TUO.\u00a0 Hlavn\u00ed prostor slou\u017e\u00ed jako st\u00e1l\u00e9 pracovi\u0161t\u011b &#8211; open office. Hlavn\u00edm prvkem jsou pracovn\u00ed stoly, kter\u00e9 jsou propojeny hlin\u00edkov\u00fdmi jekly, kter\u00e9 slou\u017e\u00ed k v\u00fdvodu elekt\u0159iny. Ka\u017ed\u00fd st\u016fl m\u00e1 jinak [&hellip;]\" \/>\n<meta property=\"og:url\" content=\"https:\/\/www.design-award.cz\/?portfolio=interierovy-design-open-office-fei-vsb-tuo\" \/>\n<meta property=\"og:site_name\" content=\"design-award.cz\" \/>\n<meta property=\"article:modified_time\" content=\"2025-06-19T13:07:11+00:00\" \/>\n<meta property=\"og:image\" content=\"http:\/\/www.design-award.cz\/wp-content\/uploads\/2025\/06\/Vizualizace-1-scaled.jpg\" \/>\n\t<meta property=\"og:image:width\" content=\"2560\" \/>\n\t<meta property=\"og:image:height\" content=\"1440\" \/>\n\t<meta property=\"og:image:type\" content=\"image\/jpeg\" \/>\n<meta name=\"twitter:card\" content=\"summary_large_image\" \/>\n<meta name=\"twitter:label1\" content=\"Odhadovan\u00e1 doba \u010dten\u00ed\" \/>\n\t<meta name=\"twitter:data1\" content=\"3 minuty\" \/>\n<script type=\"application\/ld+json\" class=\"yoast-schema-graph\">{\"@context\":\"https:\/\/schema.org\",\"@graph\":[{\"@type\":\"WebPage\",\"@id\":\"https:\/\/www.design-award.cz\/?portfolio=interierovy-design-open-office-fei-vsb-tuo\",\"url\":\"https:\/\/www.design-award.cz\/?portfolio=interierovy-design-open-office-fei-vsb-tuo\",\"name\":\"Interi\u00e9rov\u00fd design - Open office FEI V\u0160B-TUO - design-award.cz\",\"isPartOf\":{\"@id\":\"https:\/\/www.design-award.cz\/#website\"},\"primaryImageOfPage\":{\"@id\":\"https:\/\/www.design-award.cz\/?portfolio=interierovy-design-open-office-fei-vsb-tuo#primaryimage\"},\"image\":{\"@id\":\"https:\/\/www.design-award.cz\/?portfolio=interierovy-design-open-office-fei-vsb-tuo#primaryimage\"},\"thumbnailUrl\":\"https:\/\/www.design-award.cz\/wp-content\/uploads\/2025\/06\/Vizualizace-1-scaled.jpg\",\"datePublished\":\"2025-06-19T13:04:12+00:00\",\"dateModified\":\"2025-06-19T13:07:11+00:00\",\"breadcrumb\":{\"@id\":\"https:\/\/www.design-award.cz\/?portfolio=interierovy-design-open-office-fei-vsb-tuo#breadcrumb\"},\"inLanguage\":\"cs\",\"potentialAction\":[{\"@type\":\"ReadAction\",\"target\":[\"https:\/\/www.design-award.cz\/?portfolio=interierovy-design-open-office-fei-vsb-tuo\"]}]},{\"@type\":\"ImageObject\",\"inLanguage\":\"cs\",\"@id\":\"https:\/\/www.design-award.cz\/?portfolio=interierovy-design-open-office-fei-vsb-tuo#primaryimage\",\"url\":\"https:\/\/www.design-award.cz\/wp-content\/uploads\/2025\/06\/Vizualizace-1-scaled.jpg\",\"contentUrl\":\"https:\/\/www.design-award.cz\/wp-content\/uploads\/2025\/06\/Vizualizace-1-scaled.jpg\",\"width\":2560,\"height\":1440},{\"@type\":\"BreadcrumbList\",\"@id\":\"https:\/\/www.design-award.cz\/?portfolio=interierovy-design-open-office-fei-vsb-tuo#breadcrumb\",\"itemListElement\":[{\"@type\":\"ListItem\",\"position\":1,\"name\":\"Dom\u016f\",\"item\":\"https:\/\/www.design-award.cz\/\"},{\"@type\":\"ListItem\",\"position\":2,\"name\":\"Portfolio Items\",\"item\":\"https:\/\/www.design-award.cz\/?post_type=portfolio\"},{\"@type\":\"ListItem\",\"position\":3,\"name\":\"Interi\u00e9rov\u00fd design &#8211; Open office FEI V\u0160B-TUO\"}]},{\"@type\":\"WebSite\",\"@id\":\"https:\/\/www.design-award.cz\/#website\",\"url\":\"https:\/\/www.design-award.cz\/\",\"name\":\"design-award.cz\",\"description\":\"WARD vznikla v roce 2022. Je ur\u010dena p\u0159edev\u0161\u00edm student\u016fm st\u0159edn\u00edch um\u011bleck\u00fdch \u0161kol (S\u0160 a VO\u0160), kte\u0159\u00ed mohou bezplatn\u011b zaslat sv\u00e9 n\u00e1vrhy v uveden\u00fdch kategori\u00ed a tak pom\u011b\u0159it sv\u00e9 n\u00e1pady s konkurenc\u00ed sv\u00fdch vrstevn\u00edk\u016f. N\u00e1vrhy jsou n\u00e1sledn\u011b posouzeny nez\u00e1vislou porotou z \u0159ad v\u00fdtvarn\u00edk\u016f, pedagog\u016f a profesion\u00e1l\u016f z oboru.\",\"publisher\":{\"@id\":\"https:\/\/www.design-award.cz\/#organization\"},\"potentialAction\":[{\"@type\":\"SearchAction\",\"target\":{\"@type\":\"EntryPoint\",\"urlTemplate\":\"https:\/\/www.design-award.cz\/?s={search_term_string}\"},\"query-input\":{\"@type\":\"PropertyValueSpecification\",\"valueRequired\":true,\"valueName\":\"search_term_string\"}}],\"inLanguage\":\"cs\"},{\"@type\":\"Organization\",\"@id\":\"https:\/\/www.design-award.cz\/#organization\",\"name\":\"Design Award\",\"url\":\"https:\/\/www.design-award.cz\/\",\"logo\":{\"@type\":\"ImageObject\",\"inLanguage\":\"cs\",\"@id\":\"https:\/\/www.design-award.cz\/#\/schema\/logo\/image\/\",\"url\":\"http:\/\/www.design-award.cz\/wp-content\/uploads\/2021\/12\/hornilogo_design-award.png\",\"contentUrl\":\"http:\/\/www.design-award.cz\/wp-content\/uploads\/2021\/12\/hornilogo_design-award.png\",\"width\":800,\"height\":600,\"caption\":\"Design Award\"},\"image\":{\"@id\":\"https:\/\/www.design-award.cz\/#\/schema\/logo\/image\/\"},\"sameAs\":[\"https:\/\/www.instagram.com\/design_award\/\"]}]}<\/script>\n<!-- \/ Yoast SEO plugin. -->","yoast_head_json":{"title":"Interi\u00e9rov\u00fd design - Open office FEI V\u0160B-TUO - design-award.cz","robots":{"index":"index","follow":"follow","max-snippet":"max-snippet:-1","max-image-preview":"max-image-preview:large","max-video-preview":"max-video-preview:-1"},"canonical":"https:\/\/www.design-award.cz\/?portfolio=interierovy-design-open-office-fei-vsb-tuo","og_locale":"cs_CZ","og_type":"article","og_title":"Interi\u00e9rov\u00fd design - Open office FEI V\u0160B-TUO - design-award.cz","og_description":"Simona Juri\u0161tov\u00e1 AVE ART Ostrava &#8211; vy\u0161\u0161\u00ed odborn\u00e1 \u0161kola, st\u0159edn\u00ed um\u011bleck\u00e1 \u0161kola a z\u00e1kladn\u00ed um\u011bleck\u00e1 \u0161kola, s.r.o. Zad\u00e1n\u00ed maturitn\u00ed pr\u00e1ce je n\u00e1vrh open office pro FEI V\u0160B-TUO.\u00a0 Hlavn\u00ed prostor slou\u017e\u00ed jako st\u00e1l\u00e9 pracovi\u0161t\u011b &#8211; open office. Hlavn\u00edm prvkem jsou pracovn\u00ed stoly, kter\u00e9 jsou propojeny hlin\u00edkov\u00fdmi jekly, kter\u00e9 slou\u017e\u00ed k v\u00fdvodu elekt\u0159iny. Ka\u017ed\u00fd st\u016fl m\u00e1 jinak [&hellip;]","og_url":"https:\/\/www.design-award.cz\/?portfolio=interierovy-design-open-office-fei-vsb-tuo","og_site_name":"design-award.cz","article_modified_time":"2025-06-19T13:07:11+00:00","og_image":[{"width":2560,"height":1440,"url":"http:\/\/www.design-award.cz\/wp-content\/uploads\/2025\/06\/Vizualizace-1-scaled.jpg","type":"image\/jpeg"}],"twitter_card":"summary_large_image","twitter_misc":{"Odhadovan\u00e1 doba \u010dten\u00ed":"3 minuty"},"schema":{"@context":"https:\/\/schema.org","@graph":[{"@type":"WebPage","@id":"https:\/\/www.design-award.cz\/?portfolio=interierovy-design-open-office-fei-vsb-tuo","url":"https:\/\/www.design-award.cz\/?portfolio=interierovy-design-open-office-fei-vsb-tuo","name":"Interi\u00e9rov\u00fd design - Open office FEI V\u0160B-TUO - design-award.cz","isPartOf":{"@id":"https:\/\/www.design-award.cz\/#website"},"primaryImageOfPage":{"@id":"https:\/\/www.design-award.cz\/?portfolio=interierovy-design-open-office-fei-vsb-tuo#primaryimage"},"image":{"@id":"https:\/\/www.design-award.cz\/?portfolio=interierovy-design-open-office-fei-vsb-tuo#primaryimage"},"thumbnailUrl":"https:\/\/www.design-award.cz\/wp-content\/uploads\/2025\/06\/Vizualizace-1-scaled.jpg","datePublished":"2025-06-19T13:04:12+00:00","dateModified":"2025-06-19T13:07:11+00:00","breadcrumb":{"@id":"https:\/\/www.design-award.cz\/?portfolio=interierovy-design-open-office-fei-vsb-tuo#breadcrumb"},"inLanguage":"cs","potentialAction":[{"@type":"ReadAction","target":["https:\/\/www.design-award.cz\/?portfolio=interierovy-design-open-office-fei-vsb-tuo"]}]},{"@type":"ImageObject","inLanguage":"cs","@id":"https:\/\/www.design-award.cz\/?portfolio=interierovy-design-open-office-fei-vsb-tuo#primaryimage","url":"https:\/\/www.design-award.cz\/wp-content\/uploads\/2025\/06\/Vizualizace-1-scaled.jpg","contentUrl":"https:\/\/www.design-award.cz\/wp-content\/uploads\/2025\/06\/Vizualizace-1-scaled.jpg","width":2560,"height":1440},{"@type":"BreadcrumbList","@id":"https:\/\/www.design-award.cz\/?portfolio=interierovy-design-open-office-fei-vsb-tuo#breadcrumb","itemListElement":[{"@type":"ListItem","position":1,"name":"Dom\u016f","item":"https:\/\/www.design-award.cz\/"},{"@type":"ListItem","position":2,"name":"Portfolio Items","item":"https:\/\/www.design-award.cz\/?post_type=portfolio"},{"@type":"ListItem","position":3,"name":"Interi\u00e9rov\u00fd design &#8211; Open office FEI V\u0160B-TUO"}]},{"@type":"WebSite","@id":"https:\/\/www.design-award.cz\/#website","url":"https:\/\/www.design-award.cz\/","name":"design-award.cz","description":"WARD vznikla v roce 2022. Je ur\u010dena p\u0159edev\u0161\u00edm student\u016fm st\u0159edn\u00edch um\u011bleck\u00fdch \u0161kol (S\u0160 a VO\u0160), kte\u0159\u00ed mohou bezplatn\u011b zaslat sv\u00e9 n\u00e1vrhy v uveden\u00fdch kategori\u00ed a tak pom\u011b\u0159it sv\u00e9 n\u00e1pady s konkurenc\u00ed sv\u00fdch vrstevn\u00edk\u016f. N\u00e1vrhy jsou n\u00e1sledn\u011b posouzeny nez\u00e1vislou porotou z \u0159ad v\u00fdtvarn\u00edk\u016f, pedagog\u016f a profesion\u00e1l\u016f z oboru.","publisher":{"@id":"https:\/\/www.design-award.cz\/#organization"},"potentialAction":[{"@type":"SearchAction","target":{"@type":"EntryPoint","urlTemplate":"https:\/\/www.design-award.cz\/?s={search_term_string}"},"query-input":{"@type":"PropertyValueSpecification","valueRequired":true,"valueName":"search_term_string"}}],"inLanguage":"cs"},{"@type":"Organization","@id":"https:\/\/www.design-award.cz\/#organization","name":"Design Award","url":"https:\/\/www.design-award.cz\/","logo":{"@type":"ImageObject","inLanguage":"cs","@id":"https:\/\/www.design-award.cz\/#\/schema\/logo\/image\/","url":"http:\/\/www.design-award.cz\/wp-content\/uploads\/2021\/12\/hornilogo_design-award.png","contentUrl":"http:\/\/www.design-award.cz\/wp-content\/uploads\/2021\/12\/hornilogo_design-award.png","width":800,"height":600,"caption":"Design Award"},"image":{"@id":"https:\/\/www.design-award.cz\/#\/schema\/logo\/image\/"},"sameAs":["https:\/\/www.instagram.com\/design_award\/"]}]}},"_links":{"self":[{"href":"https:\/\/www.design-award.cz\/index.php?rest_route=\/wp\/v2\/portfolio\/4926","targetHints":{"allow":["GET"]}}],"collection":[{"href":"https:\/\/www.design-award.cz\/index.php?rest_route=\/wp\/v2\/portfolio"}],"about":[{"href":"https:\/\/www.design-award.cz\/index.php?rest_route=\/wp\/v2\/types\/portfolio"}],"author":[{"embeddable":true,"href":"https:\/\/www.design-award.cz\/index.php?rest_route=\/wp\/v2\/users\/2"}],"replies":[{"embeddable":true,"href":"https:\/\/www.design-award.cz\/index.php?rest_route=%2Fwp%2Fv2%2Fcomments&post=4926"}],"version-history":[{"count":2,"href":"https:\/\/www.design-award.cz\/index.php?rest_route=\/wp\/v2\/portfolio\/4926\/revisions"}],"predecessor-version":[{"id":4934,"href":"https:\/\/www.design-award.cz\/index.php?rest_route=\/wp\/v2\/portfolio\/4926\/revisions\/4934"}],"wp:featuredmedia":[{"embeddable":true,"href":"https:\/\/www.design-award.cz\/index.php?rest_route=\/wp\/v2\/media\/4928"}],"wp:attachment":[{"href":"https:\/\/www.design-award.cz\/index.php?rest_route=%2Fwp%2Fv2%2Fmedia&parent=4926"}],"wp:term":[{"taxonomy":"portfolio_category","embeddable":true,"href":"https:\/\/www.design-award.cz\/index.php?rest_route=%2Fwp%2Fv2%2Fportfolio_category&post=4926"},{"taxonomy":"portfolio_tag","embeddable":true,"href":"https:\/\/www.design-award.cz\/index.php?rest_route=%2Fwp%2Fv2%2Fportfolio_tag&post=4926"}],"curies":[{"name":"wp","href":"https:\/\/api.w.org\/{rel}","templated":true}]}}