{"id":4968,"date":"2025-06-20T06:23:11","date_gmt":"2025-06-20T06:23:11","guid":{"rendered":"https:\/\/www.design-award.cz\/?post_type=portfolio&#038;p=4968"},"modified":"2025-06-20T06:49:46","modified_gmt":"2025-06-20T06:49:46","slug":"interierovy-design-rekonstrukce-stodoly-na-obytny-prostor-pro-starsi-par","status":"publish","type":"portfolio","link":"https:\/\/www.design-award.cz\/?portfolio=interierovy-design-rekonstrukce-stodoly-na-obytny-prostor-pro-starsi-par","title":{"rendered":"Interi\u00e9rov\u00fd design &#8211; Rekonstrukce stodoly na obytn\u00fd prostor pro star\u0161\u00ed p\u00e1r"},"content":{"rendered":"\n<p>Aneta Malecov\u00e1<br><br>AVE ART Ostrava &#8211; vy\u0161\u0161\u00ed odborn\u00e1 \u0161kola, st\u0159edn\u00ed um\u011bleck\u00e1 \u0161kola a z\u00e1kladn\u00ed um\u011bleck\u00e1 \u0161kola, s.r.o.<br><br>Zad\u00e1n\u00edm maturitn\u00ed pr\u00e1ce byl n\u00e1vrh obytn\u00e9ho prostoru. Po\u017eadavkem bylo zrekonstruovat stodolu na obytn\u00fd<br>prostor pro star\u0161\u00ed p\u00e1r. Obytn\u00fd prostor je situov\u00e1n na pozemku spole\u010dn\u011b s rodinn\u00fdm domem, gar\u00e1\u017e\u00ed a<br>navazuj\u00edc\u00ed zahradou s v\u00fdhledem na jez\u00edrko. Zad\u00e1n\u00ed nen\u00ed omezeno p\u0159\u00edstavbou ani kompozi\u010dn\u00edm \u0159e\u0161en\u00edm.<br>Jedn\u00edm z po\u017eadavk\u016f je ,aby byl prostor bezbari\u00e9rov\u00fd a z\u016fstaly zachov\u00e1ny nosn\u00e9 sloupy.<br>C\u00edlem je vytvo\u0159it \u00fatuln\u00fd, funk\u010dn\u00ed a z\u00e1rove\u0148 esteticky p\u0159\u00edjemn\u00fd prostor, kter\u00fd bude respektovat pot\u0159eby a<br>pohodl\u00ed senior\u016f. Vyt\u00e1p\u011bn\u00ed domu jsem zvolila podlahov\u00e9.<br>Dominantou interi\u00e9ru jsou tr\u00e1my, kter\u00e9 jsou zachovan\u00e9 ze star\u00e9 stodoly.<br>Interi\u00e9r je inspirov\u00e1n skandin\u00e1vsk\u00fdm stylem, zn\u00e1m\u00fdm svou jednoduchost\u00ed a d\u016frazem na p\u0159\u00edrodn\u00ed materi\u00e1ly.<br>Vzhledem k historick\u00e9mu charakteru samotn\u00e9 stodoly bude n\u00e1vrh reflektovat star\u0161\u00ed, ale st\u00e1le modern\u00ed vzhled,<br>kter\u00fd zachov\u00e1 autenticitu a p\u0159\u00edrodn\u00ed kouzlo prostoru. Pou\u017eit\u00e9 materi\u00e1ly a barvy budou kombinovat tepl\u00e9,<br>p\u0159irozen\u00e9 odst\u00edny d\u0159eva, hodn\u011b zelen\u011b, jemn\u00e9 t\u00f3ny b\u00edl\u00fdch a \u0161ed\u00fdch barev a funk\u010dn\u00ed, ale estetick\u00e9 prvky, kter\u00e9<br>zajist\u00ed pohodl\u00ed a \u00fatulnost pro star\u0161\u00ed p\u00e1r. Osv\u011btlen\u00ed je v mnoha p\u0159\u00edpadech \u0159e\u0161eno pomoc\u00ed bodovek.<\/p>\n\n\n\n<figure class=\"wp-block-image size-large\"><img decoding=\"async\" width=\"726\" height=\"1024\" data-src=\"http:\/\/www.design-award.cz\/wp-content\/uploads\/2025\/06\/Snimek-obrazovky-2025-05-12-225026-726x1024.png\" alt=\"\" class=\"wp-image-4977 lazyload\" data-srcset=\"https:\/\/www.design-award.cz\/wp-content\/uploads\/2025\/06\/Snimek-obrazovky-2025-05-12-225026-726x1024.png 726w, https:\/\/www.design-award.cz\/wp-content\/uploads\/2025\/06\/Snimek-obrazovky-2025-05-12-225026-213x300.png 213w, https:\/\/www.design-award.cz\/wp-content\/uploads\/2025\/06\/Snimek-obrazovky-2025-05-12-225026-768x1083.png 768w, https:\/\/www.design-award.cz\/wp-content\/uploads\/2025\/06\/Snimek-obrazovky-2025-05-12-225026-500x705.png 500w, https:\/\/www.design-award.cz\/wp-content\/uploads\/2025\/06\/Snimek-obrazovky-2025-05-12-225026.png 786w\" data-sizes=\"(max-width: 726px) 100vw, 726px\" src=\"data:image\/svg+xml;base64,PHN2ZyB3aWR0aD0iMSIgaGVpZ2h0PSIxIiB4bWxucz0iaHR0cDovL3d3dy53My5vcmcvMjAwMC9zdmciPjwvc3ZnPg==\" style=\"--smush-placeholder-width: 726px; --smush-placeholder-aspect-ratio: 726\/1024;\" \/><\/figure>\n\n\n\n<figure class=\"wp-block-image size-large\"><img decoding=\"async\" width=\"1024\" height=\"544\" data-src=\"http:\/\/www.design-award.cz\/wp-content\/uploads\/2025\/06\/Snimek-obrazovky-2025-05-12-224825-1024x544.png\" alt=\"\" class=\"wp-image-4975 lazyload\" data-srcset=\"https:\/\/www.design-award.cz\/wp-content\/uploads\/2025\/06\/Snimek-obrazovky-2025-05-12-224825-1024x544.png 1024w, https:\/\/www.design-award.cz\/wp-content\/uploads\/2025\/06\/Snimek-obrazovky-2025-05-12-224825-300x159.png 300w, https:\/\/www.design-award.cz\/wp-content\/uploads\/2025\/06\/Snimek-obrazovky-2025-05-12-224825-768x408.png 768w, https:\/\/www.design-award.cz\/wp-content\/uploads\/2025\/06\/Snimek-obrazovky-2025-05-12-224825-500x266.png 500w, https:\/\/www.design-award.cz\/wp-content\/uploads\/2025\/06\/Snimek-obrazovky-2025-05-12-224825-800x425.png 800w, https:\/\/www.design-award.cz\/wp-content\/uploads\/2025\/06\/Snimek-obrazovky-2025-05-12-224825.png 1028w\" data-sizes=\"(max-width: 1024px) 100vw, 1024px\" src=\"data:image\/svg+xml;base64,PHN2ZyB3aWR0aD0iMSIgaGVpZ2h0PSIxIiB4bWxucz0iaHR0cDovL3d3dy53My5vcmcvMjAwMC9zdmciPjwvc3ZnPg==\" style=\"--smush-placeholder-width: 1024px; --smush-placeholder-aspect-ratio: 1024\/544;\" \/><\/figure>\n\n\n\n<figure class=\"wp-block-image size-large\"><img decoding=\"async\" width=\"1024\" height=\"742\" data-src=\"http:\/\/www.design-award.cz\/wp-content\/uploads\/2025\/06\/Snimek-obrazovky-2025-06-17-002109-1024x742.png\" alt=\"\" class=\"wp-image-4978 lazyload\" data-srcset=\"https:\/\/www.design-award.cz\/wp-content\/uploads\/2025\/06\/Snimek-obrazovky-2025-06-17-002109-1024x742.png 1024w, https:\/\/www.design-award.cz\/wp-content\/uploads\/2025\/06\/Snimek-obrazovky-2025-06-17-002109-300x218.png 300w, https:\/\/www.design-award.cz\/wp-content\/uploads\/2025\/06\/Snimek-obrazovky-2025-06-17-002109-768x557.png 768w, https:\/\/www.design-award.cz\/wp-content\/uploads\/2025\/06\/Snimek-obrazovky-2025-06-17-002109-500x363.png 500w, https:\/\/www.design-award.cz\/wp-content\/uploads\/2025\/06\/Snimek-obrazovky-2025-06-17-002109-800x580.png 800w, https:\/\/www.design-award.cz\/wp-content\/uploads\/2025\/06\/Snimek-obrazovky-2025-06-17-002109.png 1160w\" data-sizes=\"(max-width: 1024px) 100vw, 1024px\" src=\"data:image\/svg+xml;base64,PHN2ZyB3aWR0aD0iMSIgaGVpZ2h0PSIxIiB4bWxucz0iaHR0cDovL3d3dy53My5vcmcvMjAwMC9zdmciPjwvc3ZnPg==\" style=\"--smush-placeholder-width: 1024px; --smush-placeholder-aspect-ratio: 1024\/742;\" \/><\/figure>\n\n\n\n<figure class=\"wp-block-image size-full\"><img decoding=\"async\" width=\"906\" height=\"651\" data-src=\"http:\/\/www.design-award.cz\/wp-content\/uploads\/2025\/06\/Snimek-obrazovky-2025-05-12-224902.png\" alt=\"\" class=\"wp-image-4976 lazyload\" data-srcset=\"https:\/\/www.design-award.cz\/wp-content\/uploads\/2025\/06\/Snimek-obrazovky-2025-05-12-224902.png 906w, https:\/\/www.design-award.cz\/wp-content\/uploads\/2025\/06\/Snimek-obrazovky-2025-05-12-224902-300x216.png 300w, https:\/\/www.design-award.cz\/wp-content\/uploads\/2025\/06\/Snimek-obrazovky-2025-05-12-224902-768x552.png 768w, https:\/\/www.design-award.cz\/wp-content\/uploads\/2025\/06\/Snimek-obrazovky-2025-05-12-224902-500x359.png 500w, https:\/\/www.design-award.cz\/wp-content\/uploads\/2025\/06\/Snimek-obrazovky-2025-05-12-224902-800x575.png 800w\" data-sizes=\"(max-width: 906px) 100vw, 906px\" src=\"data:image\/svg+xml;base64,PHN2ZyB3aWR0aD0iMSIgaGVpZ2h0PSIxIiB4bWxucz0iaHR0cDovL3d3dy53My5vcmcvMjAwMC9zdmciPjwvc3ZnPg==\" style=\"--smush-placeholder-width: 906px; --smush-placeholder-aspect-ratio: 906\/651;\" \/><\/figure>\n","protected":false},"excerpt":{"rendered":"<p>Aneta Malecov\u00e1 AVE ART Ostrava &#8211; vy\u0161\u0161\u00ed odborn\u00e1 \u0161kola, st\u0159edn\u00ed um\u011bleck\u00e1 \u0161kola a z\u00e1kladn\u00ed um\u011bleck\u00e1 \u0161kola, s.r.o. Zad\u00e1n\u00edm maturitn\u00ed pr\u00e1ce byl n\u00e1vrh obytn\u00e9ho prostoru. Po\u017eadavkem bylo zrekonstruovat stodolu na obytn\u00fdprostor pro star\u0161\u00ed p\u00e1r. Obytn\u00fd prostor je situov\u00e1n na pozemku spole\u010dn\u011b s rodinn\u00fdm domem, gar\u00e1\u017e\u00ed anavazuj\u00edc\u00ed zahradou s v\u00fdhledem na jez\u00edrko. Zad\u00e1n\u00ed nen\u00ed omezeno p\u0159\u00edstavbou ani [&hellip;]<\/p>\n","protected":false},"author":2,"featured_media":4974,"menu_order":0,"comment_status":"open","ping_status":"closed","template":"","format":"standard","meta":{"ngg_post_thumbnail":0,"ocean_post_layout":"","ocean_both_sidebars_style":"","ocean_both_sidebars_content_width":0,"ocean_both_sidebars_sidebars_width":0,"ocean_sidebar":"","ocean_second_sidebar":"","ocean_disable_margins":"enable","ocean_add_body_class":"","ocean_shortcode_before_top_bar":"","ocean_shortcode_after_top_bar":"","ocean_shortcode_before_header":"","ocean_shortcode_after_header":"","ocean_has_shortcode":"","ocean_shortcode_after_title":"","ocean_shortcode_before_footer_widgets":"","ocean_shortcode_after_footer_widgets":"","ocean_shortcode_before_footer_bottom":"","ocean_shortcode_after_footer_bottom":"","ocean_display_top_bar":"default","ocean_display_header":"default","ocean_header_style":"","ocean_center_header_left_menu":"","ocean_custom_header_template":"","ocean_custom_logo":0,"ocean_custom_retina_logo":0,"ocean_custom_logo_max_width":0,"ocean_custom_logo_tablet_max_width":0,"ocean_custom_logo_mobile_max_width":0,"ocean_custom_logo_max_height":0,"ocean_custom_logo_tablet_max_height":0,"ocean_custom_logo_mobile_max_height":0,"ocean_header_custom_menu":"","ocean_menu_typo_font_family":"","ocean_menu_typo_font_subset":"","ocean_menu_typo_font_size":0,"ocean_menu_typo_font_size_tablet":0,"ocean_menu_typo_font_size_mobile":0,"ocean_menu_typo_font_size_unit":"px","ocean_menu_typo_font_weight":"","ocean_menu_typo_font_weight_tablet":"","ocean_menu_typo_font_weight_mobile":"","ocean_menu_typo_transform":"","ocean_menu_typo_transform_tablet":"","ocean_menu_typo_transform_mobile":"","ocean_menu_typo_line_height":0,"ocean_menu_typo_line_height_tablet":0,"ocean_menu_typo_line_height_mobile":0,"ocean_menu_typo_line_height_unit":"","ocean_menu_typo_spacing":0,"ocean_menu_typo_spacing_tablet":0,"ocean_menu_typo_spacing_mobile":0,"ocean_menu_typo_spacing_unit":"","ocean_menu_link_color":"","ocean_menu_link_color_hover":"","ocean_menu_link_color_active":"","ocean_menu_link_background":"","ocean_menu_link_hover_background":"","ocean_menu_link_active_background":"","ocean_menu_social_links_bg":"","ocean_menu_social_hover_links_bg":"","ocean_menu_social_links_color":"","ocean_menu_social_hover_links_color":"","ocean_disable_title":"default","ocean_disable_heading":"default","ocean_post_title":"","ocean_post_subheading":"","ocean_post_title_style":"","ocean_post_title_background_color":"","ocean_post_title_background":0,"ocean_post_title_bg_image_position":"","ocean_post_title_bg_image_attachment":"","ocean_post_title_bg_image_repeat":"","ocean_post_title_bg_image_size":"","ocean_post_title_height":0,"ocean_post_title_bg_overlay":0.5,"ocean_post_title_bg_overlay_color":"","ocean_disable_breadcrumbs":"default","ocean_breadcrumbs_color":"","ocean_breadcrumbs_separator_color":"","ocean_breadcrumbs_links_color":"","ocean_breadcrumbs_links_hover_color":"","ocean_display_footer_widgets":"default","ocean_display_footer_bottom":"default","ocean_custom_footer_template":"","_vp_format_video_url":"","_vp_image_focal_point":[],"footnotes":""},"portfolio_category":[],"portfolio_tag":[],"class_list":["post-4968","portfolio","type-portfolio","status-publish","format-standard","has-post-thumbnail","hentry","entry","has-media"],"yoast_head":"<!-- This site is optimized with the Yoast SEO plugin v25.2 - https:\/\/yoast.com\/wordpress\/plugins\/seo\/ -->\n<title>Interi\u00e9rov\u00fd design - Rekonstrukce stodoly na obytn\u00fd prostor pro star\u0161\u00ed p\u00e1r - design-award.cz<\/title>\n<meta name=\"robots\" content=\"index, follow, max-snippet:-1, max-image-preview:large, max-video-preview:-1\" \/>\n<link rel=\"canonical\" href=\"https:\/\/www.design-award.cz\/?portfolio=interierovy-design-rekonstrukce-stodoly-na-obytny-prostor-pro-starsi-par\" \/>\n<meta property=\"og:locale\" content=\"cs_CZ\" \/>\n<meta property=\"og:type\" content=\"article\" \/>\n<meta property=\"og:title\" content=\"Interi\u00e9rov\u00fd design - Rekonstrukce stodoly na obytn\u00fd prostor pro star\u0161\u00ed p\u00e1r - design-award.cz\" \/>\n<meta property=\"og:description\" content=\"Aneta Malecov\u00e1 AVE ART Ostrava &#8211; vy\u0161\u0161\u00ed odborn\u00e1 \u0161kola, st\u0159edn\u00ed um\u011bleck\u00e1 \u0161kola a z\u00e1kladn\u00ed um\u011bleck\u00e1 \u0161kola, s.r.o. Zad\u00e1n\u00edm maturitn\u00ed pr\u00e1ce byl n\u00e1vrh obytn\u00e9ho prostoru. Po\u017eadavkem bylo zrekonstruovat stodolu na obytn\u00fdprostor pro star\u0161\u00ed p\u00e1r. Obytn\u00fd prostor je situov\u00e1n na pozemku spole\u010dn\u011b s rodinn\u00fdm domem, gar\u00e1\u017e\u00ed anavazuj\u00edc\u00ed zahradou s v\u00fdhledem na jez\u00edrko. Zad\u00e1n\u00ed nen\u00ed omezeno p\u0159\u00edstavbou ani [&hellip;]\" \/>\n<meta property=\"og:url\" content=\"https:\/\/www.design-award.cz\/?portfolio=interierovy-design-rekonstrukce-stodoly-na-obytny-prostor-pro-starsi-par\" \/>\n<meta property=\"og:site_name\" content=\"design-award.cz\" \/>\n<meta property=\"article:modified_time\" content=\"2025-06-20T06:49:46+00:00\" \/>\n<meta property=\"og:image\" content=\"http:\/\/www.design-award.cz\/wp-content\/uploads\/2025\/06\/Snimek-obrazovky-2025-05-12-224751.png\" \/>\n\t<meta property=\"og:image:width\" content=\"1030\" \/>\n\t<meta property=\"og:image:height\" content=\"578\" \/>\n\t<meta property=\"og:image:type\" content=\"image\/png\" \/>\n<meta name=\"twitter:card\" content=\"summary_large_image\" \/>\n<meta name=\"twitter:label1\" content=\"Odhadovan\u00e1 doba \u010dten\u00ed\" \/>\n\t<meta name=\"twitter:data1\" content=\"2 minuty\" \/>\n<script type=\"application\/ld+json\" class=\"yoast-schema-graph\">{\"@context\":\"https:\/\/schema.org\",\"@graph\":[{\"@type\":\"WebPage\",\"@id\":\"https:\/\/www.design-award.cz\/?portfolio=interierovy-design-rekonstrukce-stodoly-na-obytny-prostor-pro-starsi-par\",\"url\":\"https:\/\/www.design-award.cz\/?portfolio=interierovy-design-rekonstrukce-stodoly-na-obytny-prostor-pro-starsi-par\",\"name\":\"Interi\u00e9rov\u00fd design - Rekonstrukce stodoly na obytn\u00fd prostor pro star\u0161\u00ed p\u00e1r - design-award.cz\",\"isPartOf\":{\"@id\":\"https:\/\/www.design-award.cz\/#website\"},\"primaryImageOfPage\":{\"@id\":\"https:\/\/www.design-award.cz\/?portfolio=interierovy-design-rekonstrukce-stodoly-na-obytny-prostor-pro-starsi-par#primaryimage\"},\"image\":{\"@id\":\"https:\/\/www.design-award.cz\/?portfolio=interierovy-design-rekonstrukce-stodoly-na-obytny-prostor-pro-starsi-par#primaryimage\"},\"thumbnailUrl\":\"https:\/\/www.design-award.cz\/wp-content\/uploads\/2025\/06\/Snimek-obrazovky-2025-05-12-224751.png\",\"datePublished\":\"2025-06-20T06:23:11+00:00\",\"dateModified\":\"2025-06-20T06:49:46+00:00\",\"breadcrumb\":{\"@id\":\"https:\/\/www.design-award.cz\/?portfolio=interierovy-design-rekonstrukce-stodoly-na-obytny-prostor-pro-starsi-par#breadcrumb\"},\"inLanguage\":\"cs\",\"potentialAction\":[{\"@type\":\"ReadAction\",\"target\":[\"https:\/\/www.design-award.cz\/?portfolio=interierovy-design-rekonstrukce-stodoly-na-obytny-prostor-pro-starsi-par\"]}]},{\"@type\":\"ImageObject\",\"inLanguage\":\"cs\",\"@id\":\"https:\/\/www.design-award.cz\/?portfolio=interierovy-design-rekonstrukce-stodoly-na-obytny-prostor-pro-starsi-par#primaryimage\",\"url\":\"https:\/\/www.design-award.cz\/wp-content\/uploads\/2025\/06\/Snimek-obrazovky-2025-05-12-224751.png\",\"contentUrl\":\"https:\/\/www.design-award.cz\/wp-content\/uploads\/2025\/06\/Snimek-obrazovky-2025-05-12-224751.png\",\"width\":1030,\"height\":578},{\"@type\":\"BreadcrumbList\",\"@id\":\"https:\/\/www.design-award.cz\/?portfolio=interierovy-design-rekonstrukce-stodoly-na-obytny-prostor-pro-starsi-par#breadcrumb\",\"itemListElement\":[{\"@type\":\"ListItem\",\"position\":1,\"name\":\"Dom\u016f\",\"item\":\"https:\/\/www.design-award.cz\/\"},{\"@type\":\"ListItem\",\"position\":2,\"name\":\"Portfolio Items\",\"item\":\"https:\/\/www.design-award.cz\/?post_type=portfolio\"},{\"@type\":\"ListItem\",\"position\":3,\"name\":\"Interi\u00e9rov\u00fd design &#8211; Rekonstrukce stodoly na obytn\u00fd prostor pro star\u0161\u00ed p\u00e1r\"}]},{\"@type\":\"WebSite\",\"@id\":\"https:\/\/www.design-award.cz\/#website\",\"url\":\"https:\/\/www.design-award.cz\/\",\"name\":\"design-award.cz\",\"description\":\"WARD vznikla v roce 2022. Je ur\u010dena p\u0159edev\u0161\u00edm student\u016fm st\u0159edn\u00edch um\u011bleck\u00fdch \u0161kol (S\u0160 a VO\u0160), kte\u0159\u00ed mohou bezplatn\u011b zaslat sv\u00e9 n\u00e1vrhy v uveden\u00fdch kategori\u00ed a tak pom\u011b\u0159it sv\u00e9 n\u00e1pady s konkurenc\u00ed sv\u00fdch vrstevn\u00edk\u016f. N\u00e1vrhy jsou n\u00e1sledn\u011b posouzeny nez\u00e1vislou porotou z \u0159ad v\u00fdtvarn\u00edk\u016f, pedagog\u016f a profesion\u00e1l\u016f z oboru.\",\"publisher\":{\"@id\":\"https:\/\/www.design-award.cz\/#organization\"},\"potentialAction\":[{\"@type\":\"SearchAction\",\"target\":{\"@type\":\"EntryPoint\",\"urlTemplate\":\"https:\/\/www.design-award.cz\/?s={search_term_string}\"},\"query-input\":{\"@type\":\"PropertyValueSpecification\",\"valueRequired\":true,\"valueName\":\"search_term_string\"}}],\"inLanguage\":\"cs\"},{\"@type\":\"Organization\",\"@id\":\"https:\/\/www.design-award.cz\/#organization\",\"name\":\"Design Award\",\"url\":\"https:\/\/www.design-award.cz\/\",\"logo\":{\"@type\":\"ImageObject\",\"inLanguage\":\"cs\",\"@id\":\"https:\/\/www.design-award.cz\/#\/schema\/logo\/image\/\",\"url\":\"http:\/\/www.design-award.cz\/wp-content\/uploads\/2021\/12\/hornilogo_design-award.png\",\"contentUrl\":\"http:\/\/www.design-award.cz\/wp-content\/uploads\/2021\/12\/hornilogo_design-award.png\",\"width\":800,\"height\":600,\"caption\":\"Design Award\"},\"image\":{\"@id\":\"https:\/\/www.design-award.cz\/#\/schema\/logo\/image\/\"},\"sameAs\":[\"https:\/\/www.instagram.com\/design_award\/\"]}]}<\/script>\n<!-- \/ Yoast SEO plugin. -->","yoast_head_json":{"title":"Interi\u00e9rov\u00fd design - Rekonstrukce stodoly na obytn\u00fd prostor pro star\u0161\u00ed p\u00e1r - design-award.cz","robots":{"index":"index","follow":"follow","max-snippet":"max-snippet:-1","max-image-preview":"max-image-preview:large","max-video-preview":"max-video-preview:-1"},"canonical":"https:\/\/www.design-award.cz\/?portfolio=interierovy-design-rekonstrukce-stodoly-na-obytny-prostor-pro-starsi-par","og_locale":"cs_CZ","og_type":"article","og_title":"Interi\u00e9rov\u00fd design - Rekonstrukce stodoly na obytn\u00fd prostor pro star\u0161\u00ed p\u00e1r - design-award.cz","og_description":"Aneta Malecov\u00e1 AVE ART Ostrava &#8211; vy\u0161\u0161\u00ed odborn\u00e1 \u0161kola, st\u0159edn\u00ed um\u011bleck\u00e1 \u0161kola a z\u00e1kladn\u00ed um\u011bleck\u00e1 \u0161kola, s.r.o. Zad\u00e1n\u00edm maturitn\u00ed pr\u00e1ce byl n\u00e1vrh obytn\u00e9ho prostoru. Po\u017eadavkem bylo zrekonstruovat stodolu na obytn\u00fdprostor pro star\u0161\u00ed p\u00e1r. Obytn\u00fd prostor je situov\u00e1n na pozemku spole\u010dn\u011b s rodinn\u00fdm domem, gar\u00e1\u017e\u00ed anavazuj\u00edc\u00ed zahradou s v\u00fdhledem na jez\u00edrko. Zad\u00e1n\u00ed nen\u00ed omezeno p\u0159\u00edstavbou ani [&hellip;]","og_url":"https:\/\/www.design-award.cz\/?portfolio=interierovy-design-rekonstrukce-stodoly-na-obytny-prostor-pro-starsi-par","og_site_name":"design-award.cz","article_modified_time":"2025-06-20T06:49:46+00:00","og_image":[{"width":1030,"height":578,"url":"http:\/\/www.design-award.cz\/wp-content\/uploads\/2025\/06\/Snimek-obrazovky-2025-05-12-224751.png","type":"image\/png"}],"twitter_card":"summary_large_image","twitter_misc":{"Odhadovan\u00e1 doba \u010dten\u00ed":"2 minuty"},"schema":{"@context":"https:\/\/schema.org","@graph":[{"@type":"WebPage","@id":"https:\/\/www.design-award.cz\/?portfolio=interierovy-design-rekonstrukce-stodoly-na-obytny-prostor-pro-starsi-par","url":"https:\/\/www.design-award.cz\/?portfolio=interierovy-design-rekonstrukce-stodoly-na-obytny-prostor-pro-starsi-par","name":"Interi\u00e9rov\u00fd design - Rekonstrukce stodoly na obytn\u00fd prostor pro star\u0161\u00ed p\u00e1r - design-award.cz","isPartOf":{"@id":"https:\/\/www.design-award.cz\/#website"},"primaryImageOfPage":{"@id":"https:\/\/www.design-award.cz\/?portfolio=interierovy-design-rekonstrukce-stodoly-na-obytny-prostor-pro-starsi-par#primaryimage"},"image":{"@id":"https:\/\/www.design-award.cz\/?portfolio=interierovy-design-rekonstrukce-stodoly-na-obytny-prostor-pro-starsi-par#primaryimage"},"thumbnailUrl":"https:\/\/www.design-award.cz\/wp-content\/uploads\/2025\/06\/Snimek-obrazovky-2025-05-12-224751.png","datePublished":"2025-06-20T06:23:11+00:00","dateModified":"2025-06-20T06:49:46+00:00","breadcrumb":{"@id":"https:\/\/www.design-award.cz\/?portfolio=interierovy-design-rekonstrukce-stodoly-na-obytny-prostor-pro-starsi-par#breadcrumb"},"inLanguage":"cs","potentialAction":[{"@type":"ReadAction","target":["https:\/\/www.design-award.cz\/?portfolio=interierovy-design-rekonstrukce-stodoly-na-obytny-prostor-pro-starsi-par"]}]},{"@type":"ImageObject","inLanguage":"cs","@id":"https:\/\/www.design-award.cz\/?portfolio=interierovy-design-rekonstrukce-stodoly-na-obytny-prostor-pro-starsi-par#primaryimage","url":"https:\/\/www.design-award.cz\/wp-content\/uploads\/2025\/06\/Snimek-obrazovky-2025-05-12-224751.png","contentUrl":"https:\/\/www.design-award.cz\/wp-content\/uploads\/2025\/06\/Snimek-obrazovky-2025-05-12-224751.png","width":1030,"height":578},{"@type":"BreadcrumbList","@id":"https:\/\/www.design-award.cz\/?portfolio=interierovy-design-rekonstrukce-stodoly-na-obytny-prostor-pro-starsi-par#breadcrumb","itemListElement":[{"@type":"ListItem","position":1,"name":"Dom\u016f","item":"https:\/\/www.design-award.cz\/"},{"@type":"ListItem","position":2,"name":"Portfolio Items","item":"https:\/\/www.design-award.cz\/?post_type=portfolio"},{"@type":"ListItem","position":3,"name":"Interi\u00e9rov\u00fd design &#8211; Rekonstrukce stodoly na obytn\u00fd prostor pro star\u0161\u00ed p\u00e1r"}]},{"@type":"WebSite","@id":"https:\/\/www.design-award.cz\/#website","url":"https:\/\/www.design-award.cz\/","name":"design-award.cz","description":"WARD vznikla v roce 2022. Je ur\u010dena p\u0159edev\u0161\u00edm student\u016fm st\u0159edn\u00edch um\u011bleck\u00fdch \u0161kol (S\u0160 a VO\u0160), kte\u0159\u00ed mohou bezplatn\u011b zaslat sv\u00e9 n\u00e1vrhy v uveden\u00fdch kategori\u00ed a tak pom\u011b\u0159it sv\u00e9 n\u00e1pady s konkurenc\u00ed sv\u00fdch vrstevn\u00edk\u016f. N\u00e1vrhy jsou n\u00e1sledn\u011b posouzeny nez\u00e1vislou porotou z \u0159ad v\u00fdtvarn\u00edk\u016f, pedagog\u016f a profesion\u00e1l\u016f z oboru.","publisher":{"@id":"https:\/\/www.design-award.cz\/#organization"},"potentialAction":[{"@type":"SearchAction","target":{"@type":"EntryPoint","urlTemplate":"https:\/\/www.design-award.cz\/?s={search_term_string}"},"query-input":{"@type":"PropertyValueSpecification","valueRequired":true,"valueName":"search_term_string"}}],"inLanguage":"cs"},{"@type":"Organization","@id":"https:\/\/www.design-award.cz\/#organization","name":"Design Award","url":"https:\/\/www.design-award.cz\/","logo":{"@type":"ImageObject","inLanguage":"cs","@id":"https:\/\/www.design-award.cz\/#\/schema\/logo\/image\/","url":"http:\/\/www.design-award.cz\/wp-content\/uploads\/2021\/12\/hornilogo_design-award.png","contentUrl":"http:\/\/www.design-award.cz\/wp-content\/uploads\/2021\/12\/hornilogo_design-award.png","width":800,"height":600,"caption":"Design Award"},"image":{"@id":"https:\/\/www.design-award.cz\/#\/schema\/logo\/image\/"},"sameAs":["https:\/\/www.instagram.com\/design_award\/"]}]}},"_links":{"self":[{"href":"https:\/\/www.design-award.cz\/index.php?rest_route=\/wp\/v2\/portfolio\/4968","targetHints":{"allow":["GET"]}}],"collection":[{"href":"https:\/\/www.design-award.cz\/index.php?rest_route=\/wp\/v2\/portfolio"}],"about":[{"href":"https:\/\/www.design-award.cz\/index.php?rest_route=\/wp\/v2\/types\/portfolio"}],"author":[{"embeddable":true,"href":"https:\/\/www.design-award.cz\/index.php?rest_route=\/wp\/v2\/users\/2"}],"replies":[{"embeddable":true,"href":"https:\/\/www.design-award.cz\/index.php?rest_route=%2Fwp%2Fv2%2Fcomments&post=4968"}],"version-history":[{"count":1,"href":"https:\/\/www.design-award.cz\/index.php?rest_route=\/wp\/v2\/portfolio\/4968\/revisions"}],"predecessor-version":[{"id":4979,"href":"https:\/\/www.design-award.cz\/index.php?rest_route=\/wp\/v2\/portfolio\/4968\/revisions\/4979"}],"wp:featuredmedia":[{"embeddable":true,"href":"https:\/\/www.design-award.cz\/index.php?rest_route=\/wp\/v2\/media\/4974"}],"wp:attachment":[{"href":"https:\/\/www.design-award.cz\/index.php?rest_route=%2Fwp%2Fv2%2Fmedia&parent=4968"}],"wp:term":[{"taxonomy":"portfolio_category","embeddable":true,"href":"https:\/\/www.design-award.cz\/index.php?rest_route=%2Fwp%2Fv2%2Fportfolio_category&post=4968"},{"taxonomy":"portfolio_tag","embeddable":true,"href":"https:\/\/www.design-award.cz\/index.php?rest_route=%2Fwp%2Fv2%2Fportfolio_tag&post=4968"}],"curies":[{"name":"wp","href":"https:\/\/api.w.org\/{rel}","templated":true}]}}