{"id":5001,"date":"2025-06-20T06:41:16","date_gmt":"2025-06-20T06:41:16","guid":{"rendered":"https:\/\/www.design-award.cz\/?post_type=portfolio&#038;p=5001"},"modified":"2025-06-20T06:49:35","modified_gmt":"2025-06-20T06:49:35","slug":"interierovy-design-rodinny-dum","status":"publish","type":"portfolio","link":"https:\/\/www.design-award.cz\/?portfolio=interierovy-design-rodinny-dum","title":{"rendered":"Interi\u00e9rov\u00fd design &#8211; Rodinn\u00fd d\u016fm"},"content":{"rendered":"\n<p><strong>Simona Palmov\u00e1<\/strong><br><br>St\u0159edn\u00ed um\u011bleckopr\u016fmyslov\u00e1 \u0161kola hudebn\u00edch n\u00e1stroj\u016f a n\u00e1bytku v Hradci Kr\u00e1lov\u00e9<br><br>N\u00e1pl\u0148 m\u00e9 maturitn\u00ed pr\u00e1ce byl n\u00e1vrh rodinn\u00e9ho domu, kde vlastn\u00ed<br>pozemek se nach\u00e1z\u00ed na venkov\u011b a d\u016fm je v pr\u016fb\u011bhu stavby. Projekt m\u011bl b\u00fdt p\u0159izp\u016fsoben\u00fd modern\u00edmu chodu dom\u00e1cnosti pro \u010dty\u0159i \u010dleny rodiny. Barevnost a materi\u00e1ly jsem c\u00edlen\u011b zanechala p\u0159\u00edrodn\u00ed a neutr\u00e1ln\u00ed, aby neru\u0161ili a zapadli do okoln\u00ed scen\u00e9rie. Prostory jsou \u010dist\u00e9, b\u00edl\u00e9 a vybaven\u00e9<br>dubov\u00fdm d\u0159evem se zvolenou zelenou jako dopl\u0148kovou barvu. Obytn\u00e9 pokoje jsou naopak osobit\u00e9 a zdob\u00ed je syt\u011bj\u0161\u00ed barvy \u2013 fialov\u00e1, terakotov\u00e1,<br>modr\u00e1. Cel\u00fd d\u016fm je tak\u00e9 prosv\u011btlen\u00fd p\u0159\u00edrodn\u00edm sv\u011btlem.\u00a0 Nejv\u011bt\u0161\u00ed prostor je ur\u010den\u00fd pro kuchy\u0148, j\u00eddeln\u00ed st\u016fl a ob\u00fdvac\u00ed pokoj.<br>Kuchy\u0148 je pln\u011b vybavena modern\u00edmi spot\u0159ebi\u010di a dobr\u00fdm \u00falo\u017en\u00fdm<br>prostorem s doln\u00edmi i horn\u00edmi sk\u0159\u00edn\u011bmi. Pracovn\u00ed plocha je tak\u00e9 roz\u0161\u00ed\u0159ena<br>o ostr\u016fvek. D\u00e1le m\u00edstnost nese klav\u00edr a velk\u00fd j\u00eddeln\u00ed st\u016fl ur\u010den\u00fd pro \u0161est lid\u00ed. Ob\u00fdv\u00e1k je vybaven n\u00edzkou komodou, televiz\u00ed a pohodln\u00fdm gau\u010dem pro celou rodinu.<\/p>\n\n\n\n<figure class=\"wp-block-image size-large\"><img decoding=\"async\" width=\"717\" height=\"1024\" data-src=\"http:\/\/www.design-award.cz\/wp-content\/uploads\/2025\/06\/poster_Palmova-717x1024.jpg\" alt=\"\" class=\"wp-image-5007 lazyload\" data-srcset=\"https:\/\/www.design-award.cz\/wp-content\/uploads\/2025\/06\/poster_Palmova-717x1024.jpg 717w, https:\/\/www.design-award.cz\/wp-content\/uploads\/2025\/06\/poster_Palmova-210x300.jpg 210w, https:\/\/www.design-award.cz\/wp-content\/uploads\/2025\/06\/poster_Palmova-768x1097.jpg 768w, https:\/\/www.design-award.cz\/wp-content\/uploads\/2025\/06\/poster_Palmova-1075x1536.jpg 1075w, https:\/\/www.design-award.cz\/wp-content\/uploads\/2025\/06\/poster_Palmova-1433x2048.jpg 1433w, https:\/\/www.design-award.cz\/wp-content\/uploads\/2025\/06\/poster_Palmova-500x714.jpg 500w, https:\/\/www.design-award.cz\/wp-content\/uploads\/2025\/06\/poster_Palmova-800x1143.jpg 800w, https:\/\/www.design-award.cz\/wp-content\/uploads\/2025\/06\/poster_Palmova-1280x1829.jpg 1280w, https:\/\/www.design-award.cz\/wp-content\/uploads\/2025\/06\/poster_Palmova-1920x2744.jpg 1920w, https:\/\/www.design-award.cz\/wp-content\/uploads\/2025\/06\/poster_Palmova-scaled.jpg 1792w\" data-sizes=\"(max-width: 717px) 100vw, 717px\" src=\"data:image\/svg+xml;base64,PHN2ZyB3aWR0aD0iMSIgaGVpZ2h0PSIxIiB4bWxucz0iaHR0cDovL3d3dy53My5vcmcvMjAwMC9zdmciPjwvc3ZnPg==\" style=\"--smush-placeholder-width: 717px; --smush-placeholder-aspect-ratio: 717\/1024;\" \/><\/figure>\n\n\n\n<figure class=\"wp-block-image size-large\"><img decoding=\"async\" width=\"819\" height=\"1024\" data-src=\"http:\/\/www.design-award.cz\/wp-content\/uploads\/2025\/06\/Palmova_Simona_4DI_mat_2025_viz_15-819x1024.jpg\" alt=\"\" class=\"wp-image-5006 lazyload\" data-srcset=\"https:\/\/www.design-award.cz\/wp-content\/uploads\/2025\/06\/Palmova_Simona_4DI_mat_2025_viz_15-819x1024.jpg 819w, https:\/\/www.design-award.cz\/wp-content\/uploads\/2025\/06\/Palmova_Simona_4DI_mat_2025_viz_15-240x300.jpg 240w, https:\/\/www.design-award.cz\/wp-content\/uploads\/2025\/06\/Palmova_Simona_4DI_mat_2025_viz_15-768x960.jpg 768w, https:\/\/www.design-award.cz\/wp-content\/uploads\/2025\/06\/Palmova_Simona_4DI_mat_2025_viz_15-1229x1536.jpg 1229w, https:\/\/www.design-award.cz\/wp-content\/uploads\/2025\/06\/Palmova_Simona_4DI_mat_2025_viz_15-1638x2048.jpg 1638w, https:\/\/www.design-award.cz\/wp-content\/uploads\/2025\/06\/Palmova_Simona_4DI_mat_2025_viz_15-500x625.jpg 500w, https:\/\/www.design-award.cz\/wp-content\/uploads\/2025\/06\/Palmova_Simona_4DI_mat_2025_viz_15-800x1000.jpg 800w, https:\/\/www.design-award.cz\/wp-content\/uploads\/2025\/06\/Palmova_Simona_4DI_mat_2025_viz_15-1280x1600.jpg 1280w, https:\/\/www.design-award.cz\/wp-content\/uploads\/2025\/06\/Palmova_Simona_4DI_mat_2025_viz_15-1920x2400.jpg 1920w, https:\/\/www.design-award.cz\/wp-content\/uploads\/2025\/06\/Palmova_Simona_4DI_mat_2025_viz_15.jpg 2000w\" data-sizes=\"(max-width: 819px) 100vw, 819px\" src=\"data:image\/svg+xml;base64,PHN2ZyB3aWR0aD0iMSIgaGVpZ2h0PSIxIiB4bWxucz0iaHR0cDovL3d3dy53My5vcmcvMjAwMC9zdmciPjwvc3ZnPg==\" style=\"--smush-placeholder-width: 819px; --smush-placeholder-aspect-ratio: 819\/1024;\" \/><\/figure>\n\n\n\n<figure class=\"wp-block-image size-large\"><img decoding=\"async\" width=\"1024\" height=\"724\" data-src=\"http:\/\/www.design-award.cz\/wp-content\/uploads\/2025\/06\/moodboard-1024x724.jpg\" alt=\"\" class=\"wp-image-5004 lazyload\" data-srcset=\"https:\/\/www.design-award.cz\/wp-content\/uploads\/2025\/06\/moodboard-1024x724.jpg 1024w, https:\/\/www.design-award.cz\/wp-content\/uploads\/2025\/06\/moodboard-300x212.jpg 300w, https:\/\/www.design-award.cz\/wp-content\/uploads\/2025\/06\/moodboard-768x543.jpg 768w, https:\/\/www.design-award.cz\/wp-content\/uploads\/2025\/06\/moodboard-500x353.jpg 500w, https:\/\/www.design-award.cz\/wp-content\/uploads\/2025\/06\/moodboard-800x566.jpg 800w, https:\/\/www.design-award.cz\/wp-content\/uploads\/2025\/06\/moodboard.jpg 1191w\" data-sizes=\"(max-width: 1024px) 100vw, 1024px\" src=\"data:image\/svg+xml;base64,PHN2ZyB3aWR0aD0iMSIgaGVpZ2h0PSIxIiB4bWxucz0iaHR0cDovL3d3dy53My5vcmcvMjAwMC9zdmciPjwvc3ZnPg==\" style=\"--smush-placeholder-width: 1024px; --smush-placeholder-aspect-ratio: 1024\/724;\" \/><\/figure>\n\n\n\n<figure class=\"wp-block-image size-large\"><img decoding=\"async\" width=\"1024\" height=\"602\" data-src=\"http:\/\/www.design-award.cz\/wp-content\/uploads\/2025\/06\/pudorys-1024x602.jpg\" alt=\"\" class=\"wp-image-5008 lazyload\" data-srcset=\"https:\/\/www.design-award.cz\/wp-content\/uploads\/2025\/06\/pudorys-1024x602.jpg 1024w, https:\/\/www.design-award.cz\/wp-content\/uploads\/2025\/06\/pudorys-300x176.jpg 300w, https:\/\/www.design-award.cz\/wp-content\/uploads\/2025\/06\/pudorys-768x452.jpg 768w, https:\/\/www.design-award.cz\/wp-content\/uploads\/2025\/06\/pudorys-500x294.jpg 500w, https:\/\/www.design-award.cz\/wp-content\/uploads\/2025\/06\/pudorys-800x470.jpg 800w, https:\/\/www.design-award.cz\/wp-content\/uploads\/2025\/06\/pudorys-1280x753.jpg 1280w, https:\/\/www.design-award.cz\/wp-content\/uploads\/2025\/06\/pudorys.jpg 1466w\" data-sizes=\"(max-width: 1024px) 100vw, 1024px\" src=\"data:image\/svg+xml;base64,PHN2ZyB3aWR0aD0iMSIgaGVpZ2h0PSIxIiB4bWxucz0iaHR0cDovL3d3dy53My5vcmcvMjAwMC9zdmciPjwvc3ZnPg==\" style=\"--smush-placeholder-width: 1024px; --smush-placeholder-aspect-ratio: 1024\/602;\" \/><\/figure>\n","protected":false},"excerpt":{"rendered":"<p>Simona Palmov\u00e1 St\u0159edn\u00ed um\u011bleckopr\u016fmyslov\u00e1 \u0161kola hudebn\u00edch n\u00e1stroj\u016f a n\u00e1bytku v Hradci Kr\u00e1lov\u00e9 N\u00e1pl\u0148 m\u00e9 maturitn\u00ed pr\u00e1ce byl n\u00e1vrh rodinn\u00e9ho domu, kde vlastn\u00edpozemek se nach\u00e1z\u00ed na venkov\u011b a d\u016fm je v pr\u016fb\u011bhu stavby. Projekt m\u011bl b\u00fdt p\u0159izp\u016fsoben\u00fd modern\u00edmu chodu dom\u00e1cnosti pro \u010dty\u0159i \u010dleny rodiny. Barevnost a materi\u00e1ly jsem c\u00edlen\u011b zanechala p\u0159\u00edrodn\u00ed a neutr\u00e1ln\u00ed, aby neru\u0161ili a [&hellip;]<\/p>\n","protected":false},"author":2,"featured_media":5005,"menu_order":0,"comment_status":"closed","ping_status":"closed","template":"","format":"standard","meta":{"ngg_post_thumbnail":0,"ocean_post_layout":"","ocean_both_sidebars_style":"","ocean_both_sidebars_content_width":0,"ocean_both_sidebars_sidebars_width":0,"ocean_sidebar":"","ocean_second_sidebar":"","ocean_disable_margins":"enable","ocean_add_body_class":"","ocean_shortcode_before_top_bar":"","ocean_shortcode_after_top_bar":"","ocean_shortcode_before_header":"","ocean_shortcode_after_header":"","ocean_has_shortcode":"","ocean_shortcode_after_title":"","ocean_shortcode_before_footer_widgets":"","ocean_shortcode_after_footer_widgets":"","ocean_shortcode_before_footer_bottom":"","ocean_shortcode_after_footer_bottom":"","ocean_display_top_bar":"default","ocean_display_header":"default","ocean_header_style":"","ocean_center_header_left_menu":"","ocean_custom_header_template":"","ocean_custom_logo":0,"ocean_custom_retina_logo":0,"ocean_custom_logo_max_width":0,"ocean_custom_logo_tablet_max_width":0,"ocean_custom_logo_mobile_max_width":0,"ocean_custom_logo_max_height":0,"ocean_custom_logo_tablet_max_height":0,"ocean_custom_logo_mobile_max_height":0,"ocean_header_custom_menu":"","ocean_menu_typo_font_family":"","ocean_menu_typo_font_subset":"","ocean_menu_typo_font_size":0,"ocean_menu_typo_font_size_tablet":0,"ocean_menu_typo_font_size_mobile":0,"ocean_menu_typo_font_size_unit":"px","ocean_menu_typo_font_weight":"","ocean_menu_typo_font_weight_tablet":"","ocean_menu_typo_font_weight_mobile":"","ocean_menu_typo_transform":"","ocean_menu_typo_transform_tablet":"","ocean_menu_typo_transform_mobile":"","ocean_menu_typo_line_height":0,"ocean_menu_typo_line_height_tablet":0,"ocean_menu_typo_line_height_mobile":0,"ocean_menu_typo_line_height_unit":"","ocean_menu_typo_spacing":0,"ocean_menu_typo_spacing_tablet":0,"ocean_menu_typo_spacing_mobile":0,"ocean_menu_typo_spacing_unit":"","ocean_menu_link_color":"","ocean_menu_link_color_hover":"","ocean_menu_link_color_active":"","ocean_menu_link_background":"","ocean_menu_link_hover_background":"","ocean_menu_link_active_background":"","ocean_menu_social_links_bg":"","ocean_menu_social_hover_links_bg":"","ocean_menu_social_links_color":"","ocean_menu_social_hover_links_color":"","ocean_disable_title":"default","ocean_disable_heading":"default","ocean_post_title":"","ocean_post_subheading":"","ocean_post_title_style":"","ocean_post_title_background_color":"","ocean_post_title_background":0,"ocean_post_title_bg_image_position":"","ocean_post_title_bg_image_attachment":"","ocean_post_title_bg_image_repeat":"","ocean_post_title_bg_image_size":"","ocean_post_title_height":0,"ocean_post_title_bg_overlay":0.5,"ocean_post_title_bg_overlay_color":"","ocean_disable_breadcrumbs":"default","ocean_breadcrumbs_color":"","ocean_breadcrumbs_separator_color":"","ocean_breadcrumbs_links_color":"","ocean_breadcrumbs_links_hover_color":"","ocean_display_footer_widgets":"default","ocean_display_footer_bottom":"default","ocean_custom_footer_template":"","_vp_format_video_url":"","_vp_image_focal_point":[],"footnotes":""},"portfolio_category":[],"portfolio_tag":[],"class_list":["post-5001","portfolio","type-portfolio","status-publish","format-standard","has-post-thumbnail","hentry","entry","has-media"],"yoast_head":"<!-- This site is optimized with the Yoast SEO plugin v25.2 - https:\/\/yoast.com\/wordpress\/plugins\/seo\/ -->\n<title>Interi\u00e9rov\u00fd design - Rodinn\u00fd d\u016fm - design-award.cz<\/title>\n<meta name=\"robots\" content=\"index, follow, max-snippet:-1, max-image-preview:large, max-video-preview:-1\" \/>\n<link rel=\"canonical\" href=\"https:\/\/www.design-award.cz\/?portfolio=interierovy-design-rodinny-dum\" \/>\n<meta property=\"og:locale\" content=\"cs_CZ\" \/>\n<meta property=\"og:type\" content=\"article\" \/>\n<meta property=\"og:title\" content=\"Interi\u00e9rov\u00fd design - Rodinn\u00fd d\u016fm - design-award.cz\" \/>\n<meta property=\"og:description\" content=\"Simona Palmov\u00e1 St\u0159edn\u00ed um\u011bleckopr\u016fmyslov\u00e1 \u0161kola hudebn\u00edch n\u00e1stroj\u016f a n\u00e1bytku v Hradci Kr\u00e1lov\u00e9 N\u00e1pl\u0148 m\u00e9 maturitn\u00ed pr\u00e1ce byl n\u00e1vrh rodinn\u00e9ho domu, kde vlastn\u00edpozemek se nach\u00e1z\u00ed na venkov\u011b a d\u016fm je v pr\u016fb\u011bhu stavby. Projekt m\u011bl b\u00fdt p\u0159izp\u016fsoben\u00fd modern\u00edmu chodu dom\u00e1cnosti pro \u010dty\u0159i \u010dleny rodiny. Barevnost a materi\u00e1ly jsem c\u00edlen\u011b zanechala p\u0159\u00edrodn\u00ed a neutr\u00e1ln\u00ed, aby neru\u0161ili a [&hellip;]\" \/>\n<meta property=\"og:url\" content=\"https:\/\/www.design-award.cz\/?portfolio=interierovy-design-rodinny-dum\" \/>\n<meta property=\"og:site_name\" content=\"design-award.cz\" \/>\n<meta property=\"article:modified_time\" content=\"2025-06-20T06:49:35+00:00\" \/>\n<meta property=\"og:image\" content=\"http:\/\/www.design-award.cz\/wp-content\/uploads\/2025\/06\/Palmova_Simona_4DI_mat_2025_viz_12.jpg\" \/>\n\t<meta property=\"og:image:width\" content=\"2000\" \/>\n\t<meta property=\"og:image:height\" content=\"1125\" \/>\n\t<meta property=\"og:image:type\" content=\"image\/jpeg\" \/>\n<meta name=\"twitter:card\" content=\"summary_large_image\" \/>\n<meta name=\"twitter:label1\" content=\"Odhadovan\u00e1 doba \u010dten\u00ed\" \/>\n\t<meta name=\"twitter:data1\" content=\"2 minuty\" \/>\n<script type=\"application\/ld+json\" class=\"yoast-schema-graph\">{\"@context\":\"https:\/\/schema.org\",\"@graph\":[{\"@type\":\"WebPage\",\"@id\":\"https:\/\/www.design-award.cz\/?portfolio=interierovy-design-rodinny-dum\",\"url\":\"https:\/\/www.design-award.cz\/?portfolio=interierovy-design-rodinny-dum\",\"name\":\"Interi\u00e9rov\u00fd design - Rodinn\u00fd d\u016fm - design-award.cz\",\"isPartOf\":{\"@id\":\"https:\/\/www.design-award.cz\/#website\"},\"primaryImageOfPage\":{\"@id\":\"https:\/\/www.design-award.cz\/?portfolio=interierovy-design-rodinny-dum#primaryimage\"},\"image\":{\"@id\":\"https:\/\/www.design-award.cz\/?portfolio=interierovy-design-rodinny-dum#primaryimage\"},\"thumbnailUrl\":\"https:\/\/www.design-award.cz\/wp-content\/uploads\/2025\/06\/Palmova_Simona_4DI_mat_2025_viz_12.jpg\",\"datePublished\":\"2025-06-20T06:41:16+00:00\",\"dateModified\":\"2025-06-20T06:49:35+00:00\",\"breadcrumb\":{\"@id\":\"https:\/\/www.design-award.cz\/?portfolio=interierovy-design-rodinny-dum#breadcrumb\"},\"inLanguage\":\"cs\",\"potentialAction\":[{\"@type\":\"ReadAction\",\"target\":[\"https:\/\/www.design-award.cz\/?portfolio=interierovy-design-rodinny-dum\"]}]},{\"@type\":\"ImageObject\",\"inLanguage\":\"cs\",\"@id\":\"https:\/\/www.design-award.cz\/?portfolio=interierovy-design-rodinny-dum#primaryimage\",\"url\":\"https:\/\/www.design-award.cz\/wp-content\/uploads\/2025\/06\/Palmova_Simona_4DI_mat_2025_viz_12.jpg\",\"contentUrl\":\"https:\/\/www.design-award.cz\/wp-content\/uploads\/2025\/06\/Palmova_Simona_4DI_mat_2025_viz_12.jpg\",\"width\":2000,\"height\":1125},{\"@type\":\"BreadcrumbList\",\"@id\":\"https:\/\/www.design-award.cz\/?portfolio=interierovy-design-rodinny-dum#breadcrumb\",\"itemListElement\":[{\"@type\":\"ListItem\",\"position\":1,\"name\":\"Dom\u016f\",\"item\":\"https:\/\/www.design-award.cz\/\"},{\"@type\":\"ListItem\",\"position\":2,\"name\":\"Portfolio Items\",\"item\":\"https:\/\/www.design-award.cz\/?post_type=portfolio\"},{\"@type\":\"ListItem\",\"position\":3,\"name\":\"Interi\u00e9rov\u00fd design &#8211; Rodinn\u00fd d\u016fm\"}]},{\"@type\":\"WebSite\",\"@id\":\"https:\/\/www.design-award.cz\/#website\",\"url\":\"https:\/\/www.design-award.cz\/\",\"name\":\"design-award.cz\",\"description\":\"WARD vznikla v roce 2022. Je ur\u010dena p\u0159edev\u0161\u00edm student\u016fm st\u0159edn\u00edch um\u011bleck\u00fdch \u0161kol (S\u0160 a VO\u0160), kte\u0159\u00ed mohou bezplatn\u011b zaslat sv\u00e9 n\u00e1vrhy v uveden\u00fdch kategori\u00ed a tak pom\u011b\u0159it sv\u00e9 n\u00e1pady s konkurenc\u00ed sv\u00fdch vrstevn\u00edk\u016f. N\u00e1vrhy jsou n\u00e1sledn\u011b posouzeny nez\u00e1vislou porotou z \u0159ad v\u00fdtvarn\u00edk\u016f, pedagog\u016f a profesion\u00e1l\u016f z oboru.\",\"publisher\":{\"@id\":\"https:\/\/www.design-award.cz\/#organization\"},\"potentialAction\":[{\"@type\":\"SearchAction\",\"target\":{\"@type\":\"EntryPoint\",\"urlTemplate\":\"https:\/\/www.design-award.cz\/?s={search_term_string}\"},\"query-input\":{\"@type\":\"PropertyValueSpecification\",\"valueRequired\":true,\"valueName\":\"search_term_string\"}}],\"inLanguage\":\"cs\"},{\"@type\":\"Organization\",\"@id\":\"https:\/\/www.design-award.cz\/#organization\",\"name\":\"Design Award\",\"url\":\"https:\/\/www.design-award.cz\/\",\"logo\":{\"@type\":\"ImageObject\",\"inLanguage\":\"cs\",\"@id\":\"https:\/\/www.design-award.cz\/#\/schema\/logo\/image\/\",\"url\":\"http:\/\/www.design-award.cz\/wp-content\/uploads\/2021\/12\/hornilogo_design-award.png\",\"contentUrl\":\"http:\/\/www.design-award.cz\/wp-content\/uploads\/2021\/12\/hornilogo_design-award.png\",\"width\":800,\"height\":600,\"caption\":\"Design Award\"},\"image\":{\"@id\":\"https:\/\/www.design-award.cz\/#\/schema\/logo\/image\/\"},\"sameAs\":[\"https:\/\/www.instagram.com\/design_award\/\"]}]}<\/script>\n<!-- \/ Yoast SEO plugin. -->","yoast_head_json":{"title":"Interi\u00e9rov\u00fd design - Rodinn\u00fd d\u016fm - design-award.cz","robots":{"index":"index","follow":"follow","max-snippet":"max-snippet:-1","max-image-preview":"max-image-preview:large","max-video-preview":"max-video-preview:-1"},"canonical":"https:\/\/www.design-award.cz\/?portfolio=interierovy-design-rodinny-dum","og_locale":"cs_CZ","og_type":"article","og_title":"Interi\u00e9rov\u00fd design - Rodinn\u00fd d\u016fm - design-award.cz","og_description":"Simona Palmov\u00e1 St\u0159edn\u00ed um\u011bleckopr\u016fmyslov\u00e1 \u0161kola hudebn\u00edch n\u00e1stroj\u016f a n\u00e1bytku v Hradci Kr\u00e1lov\u00e9 N\u00e1pl\u0148 m\u00e9 maturitn\u00ed pr\u00e1ce byl n\u00e1vrh rodinn\u00e9ho domu, kde vlastn\u00edpozemek se nach\u00e1z\u00ed na venkov\u011b a d\u016fm je v pr\u016fb\u011bhu stavby. Projekt m\u011bl b\u00fdt p\u0159izp\u016fsoben\u00fd modern\u00edmu chodu dom\u00e1cnosti pro \u010dty\u0159i \u010dleny rodiny. Barevnost a materi\u00e1ly jsem c\u00edlen\u011b zanechala p\u0159\u00edrodn\u00ed a neutr\u00e1ln\u00ed, aby neru\u0161ili a [&hellip;]","og_url":"https:\/\/www.design-award.cz\/?portfolio=interierovy-design-rodinny-dum","og_site_name":"design-award.cz","article_modified_time":"2025-06-20T06:49:35+00:00","og_image":[{"width":2000,"height":1125,"url":"http:\/\/www.design-award.cz\/wp-content\/uploads\/2025\/06\/Palmova_Simona_4DI_mat_2025_viz_12.jpg","type":"image\/jpeg"}],"twitter_card":"summary_large_image","twitter_misc":{"Odhadovan\u00e1 doba \u010dten\u00ed":"2 minuty"},"schema":{"@context":"https:\/\/schema.org","@graph":[{"@type":"WebPage","@id":"https:\/\/www.design-award.cz\/?portfolio=interierovy-design-rodinny-dum","url":"https:\/\/www.design-award.cz\/?portfolio=interierovy-design-rodinny-dum","name":"Interi\u00e9rov\u00fd design - Rodinn\u00fd d\u016fm - design-award.cz","isPartOf":{"@id":"https:\/\/www.design-award.cz\/#website"},"primaryImageOfPage":{"@id":"https:\/\/www.design-award.cz\/?portfolio=interierovy-design-rodinny-dum#primaryimage"},"image":{"@id":"https:\/\/www.design-award.cz\/?portfolio=interierovy-design-rodinny-dum#primaryimage"},"thumbnailUrl":"https:\/\/www.design-award.cz\/wp-content\/uploads\/2025\/06\/Palmova_Simona_4DI_mat_2025_viz_12.jpg","datePublished":"2025-06-20T06:41:16+00:00","dateModified":"2025-06-20T06:49:35+00:00","breadcrumb":{"@id":"https:\/\/www.design-award.cz\/?portfolio=interierovy-design-rodinny-dum#breadcrumb"},"inLanguage":"cs","potentialAction":[{"@type":"ReadAction","target":["https:\/\/www.design-award.cz\/?portfolio=interierovy-design-rodinny-dum"]}]},{"@type":"ImageObject","inLanguage":"cs","@id":"https:\/\/www.design-award.cz\/?portfolio=interierovy-design-rodinny-dum#primaryimage","url":"https:\/\/www.design-award.cz\/wp-content\/uploads\/2025\/06\/Palmova_Simona_4DI_mat_2025_viz_12.jpg","contentUrl":"https:\/\/www.design-award.cz\/wp-content\/uploads\/2025\/06\/Palmova_Simona_4DI_mat_2025_viz_12.jpg","width":2000,"height":1125},{"@type":"BreadcrumbList","@id":"https:\/\/www.design-award.cz\/?portfolio=interierovy-design-rodinny-dum#breadcrumb","itemListElement":[{"@type":"ListItem","position":1,"name":"Dom\u016f","item":"https:\/\/www.design-award.cz\/"},{"@type":"ListItem","position":2,"name":"Portfolio Items","item":"https:\/\/www.design-award.cz\/?post_type=portfolio"},{"@type":"ListItem","position":3,"name":"Interi\u00e9rov\u00fd design &#8211; Rodinn\u00fd d\u016fm"}]},{"@type":"WebSite","@id":"https:\/\/www.design-award.cz\/#website","url":"https:\/\/www.design-award.cz\/","name":"design-award.cz","description":"WARD vznikla v roce 2022. Je ur\u010dena p\u0159edev\u0161\u00edm student\u016fm st\u0159edn\u00edch um\u011bleck\u00fdch \u0161kol (S\u0160 a VO\u0160), kte\u0159\u00ed mohou bezplatn\u011b zaslat sv\u00e9 n\u00e1vrhy v uveden\u00fdch kategori\u00ed a tak pom\u011b\u0159it sv\u00e9 n\u00e1pady s konkurenc\u00ed sv\u00fdch vrstevn\u00edk\u016f. N\u00e1vrhy jsou n\u00e1sledn\u011b posouzeny nez\u00e1vislou porotou z \u0159ad v\u00fdtvarn\u00edk\u016f, pedagog\u016f a profesion\u00e1l\u016f z oboru.","publisher":{"@id":"https:\/\/www.design-award.cz\/#organization"},"potentialAction":[{"@type":"SearchAction","target":{"@type":"EntryPoint","urlTemplate":"https:\/\/www.design-award.cz\/?s={search_term_string}"},"query-input":{"@type":"PropertyValueSpecification","valueRequired":true,"valueName":"search_term_string"}}],"inLanguage":"cs"},{"@type":"Organization","@id":"https:\/\/www.design-award.cz\/#organization","name":"Design Award","url":"https:\/\/www.design-award.cz\/","logo":{"@type":"ImageObject","inLanguage":"cs","@id":"https:\/\/www.design-award.cz\/#\/schema\/logo\/image\/","url":"http:\/\/www.design-award.cz\/wp-content\/uploads\/2021\/12\/hornilogo_design-award.png","contentUrl":"http:\/\/www.design-award.cz\/wp-content\/uploads\/2021\/12\/hornilogo_design-award.png","width":800,"height":600,"caption":"Design Award"},"image":{"@id":"https:\/\/www.design-award.cz\/#\/schema\/logo\/image\/"},"sameAs":["https:\/\/www.instagram.com\/design_award\/"]}]}},"_links":{"self":[{"href":"https:\/\/www.design-award.cz\/index.php?rest_route=\/wp\/v2\/portfolio\/5001","targetHints":{"allow":["GET"]}}],"collection":[{"href":"https:\/\/www.design-award.cz\/index.php?rest_route=\/wp\/v2\/portfolio"}],"about":[{"href":"https:\/\/www.design-award.cz\/index.php?rest_route=\/wp\/v2\/types\/portfolio"}],"author":[{"embeddable":true,"href":"https:\/\/www.design-award.cz\/index.php?rest_route=\/wp\/v2\/users\/2"}],"replies":[{"embeddable":true,"href":"https:\/\/www.design-award.cz\/index.php?rest_route=%2Fwp%2Fv2%2Fcomments&post=5001"}],"version-history":[{"count":1,"href":"https:\/\/www.design-award.cz\/index.php?rest_route=\/wp\/v2\/portfolio\/5001\/revisions"}],"predecessor-version":[{"id":5010,"href":"https:\/\/www.design-award.cz\/index.php?rest_route=\/wp\/v2\/portfolio\/5001\/revisions\/5010"}],"wp:featuredmedia":[{"embeddable":true,"href":"https:\/\/www.design-award.cz\/index.php?rest_route=\/wp\/v2\/media\/5005"}],"wp:attachment":[{"href":"https:\/\/www.design-award.cz\/index.php?rest_route=%2Fwp%2Fv2%2Fmedia&parent=5001"}],"wp:term":[{"taxonomy":"portfolio_category","embeddable":true,"href":"https:\/\/www.design-award.cz\/index.php?rest_route=%2Fwp%2Fv2%2Fportfolio_category&post=5001"},{"taxonomy":"portfolio_tag","embeddable":true,"href":"https:\/\/www.design-award.cz\/index.php?rest_route=%2Fwp%2Fv2%2Fportfolio_tag&post=5001"}],"curies":[{"name":"wp","href":"https:\/\/api.w.org\/{rel}","templated":true}]}}