{"id":5047,"date":"2025-06-25T07:41:17","date_gmt":"2025-06-25T07:41:17","guid":{"rendered":"https:\/\/www.design-award.cz\/?post_type=portfolio&#038;p=5047"},"modified":"2025-06-25T09:04:15","modified_gmt":"2025-06-25T09:04:15","slug":"produktovy-design-duos-mond","status":"publish","type":"portfolio","link":"https:\/\/www.design-award.cz\/?portfolio=produktovy-design-duos-mond","title":{"rendered":"Produktov\u00fd design &#8211; Duos mond"},"content":{"rendered":"\n<p><strong>Anna Rou\u0161ov\u00e1<br><\/strong><br>St\u0159edn\u00ed \u0161kola designu interi\u00e9ru Kate\u0159inky &#8211; Liberec, s.r.o.<br><br>Duos Mond byla navr\u017eena jako klauzurn\u00ed pr\u00e1ce na t\u00e9ma d\u011bl\u00edc\u00ed prvek v interi\u00e9ru. Mezist\u011bna je ur\u010dena p\u0159edev\u0161\u00edm do prostoru mezi kuchyn\u00ed a ob\u00fdvac\u00edm pokojem, j\u00eddelnou nebo do interi\u00e9ru restaurace.<br><br>Touto prac\u00ed jsem cht\u011bla pouk\u00e1zat na st\u00e1le \u010dast\u011bj\u0161\u00ed v\u00fdskyt syntetick\u00fdch materi\u00e1l\u016f v na\u0161em okol\u00ed a na jejich postupn\u00e9 p\u0159ij\u00edm\u00e1n\u00ed jako \u201enorm\u00e1ln\u00ed sou\u010d\u00e1st\u201c \u017eivota.<br>Heslo: \u201eNep\u0159irozen\u011b p\u0159irozen\u00e9\u201c \u2013 i kdy\u017e syntetick\u00e9 materi\u00e1ly nejsou \u010dlov\u011bku p\u0159irozen\u00e9, d\u00edky jejich \u010dast\u00e9mu v\u00fdskytu si na n\u011b lid\u00e9 zvykli a za\u010dali je vn\u00edmat jako b\u011b\u017enou sou\u010d\u00e1st prost\u0159ed\u00ed.<br><br>Mezist\u011bna se skl\u00e1d\u00e1 ze dvou \u010d\u00e1st\u00ed:<br>Prvn\u00ed \u010d\u00e1st slou\u017e\u00ed jako vitr\u00edna pro tvrd\u00fd alkohol a z\u00e1rove\u0148 jako \u00falo\u017en\u00fd prostor na sklenice.<br>Druh\u00e1 \u010d\u00e1st p\u0159edstavuje kontrast mezi dv\u011bma odli\u0161n\u00fdmi materi\u00e1ly, ale z\u00e1rove\u0148 poukazuje na jejich vz\u00e1jemnou harmonii.<br><br>Spodn\u00ed \u010d\u00e1st mezist\u011bny je vytvo\u0159ena z p\u0159\u00edrodn\u00ed tapety zna\u010dky Organoid. Podklad je z ln\u011bn\u00e9ho vl\u00e1kna a na povrchu jsou usu\u0161en\u00e9 kv\u011btiny a byliny s aromaterapeutick\u00fdm \u00fa\u010dinkem, kter\u00e9 vytv\u00e1\u0159ej\u00ed klidnou atmosf\u00e9ru.<br><br>Vrchn\u00ed \u010d\u00e1st tvo\u0159ena z d\u0159ev\u011bn\u00e9ho reli\u00e9fu je pota\u017een\u00e1 epoxydovou prysky\u0159ic\u00ed, kter\u00e1 zastupuje syntetick\u00fd materi\u00e1l.<\/p>\n\n\n\n<figure class=\"wp-block-image size-large\"><img decoding=\"async\" width=\"717\" height=\"1024\" data-src=\"http:\/\/www.design-award.cz\/wp-content\/uploads\/2025\/06\/duos-mond-1-717x1024.jpg\" alt=\"\" class=\"wp-image-5063 lazyload\" data-srcset=\"https:\/\/www.design-award.cz\/wp-content\/uploads\/2025\/06\/duos-mond-1-717x1024.jpg 717w, https:\/\/www.design-award.cz\/wp-content\/uploads\/2025\/06\/duos-mond-1-210x300.jpg 210w, https:\/\/www.design-award.cz\/wp-content\/uploads\/2025\/06\/duos-mond-1-768x1097.jpg 768w, https:\/\/www.design-award.cz\/wp-content\/uploads\/2025\/06\/duos-mond-1-1075x1536.jpg 1075w, https:\/\/www.design-award.cz\/wp-content\/uploads\/2025\/06\/duos-mond-1-1434x2048.jpg 1434w, https:\/\/www.design-award.cz\/wp-content\/uploads\/2025\/06\/duos-mond-1-500x714.jpg 500w, https:\/\/www.design-award.cz\/wp-content\/uploads\/2025\/06\/duos-mond-1-800x1143.jpg 800w, https:\/\/www.design-award.cz\/wp-content\/uploads\/2025\/06\/duos-mond-1-1280x1829.jpg 1280w, https:\/\/www.design-award.cz\/wp-content\/uploads\/2025\/06\/duos-mond-1-1920x2743.jpg 1920w, https:\/\/www.design-award.cz\/wp-content\/uploads\/2025\/06\/duos-mond-1-scaled.jpg 1792w\" data-sizes=\"(max-width: 717px) 100vw, 717px\" src=\"data:image\/svg+xml;base64,PHN2ZyB3aWR0aD0iMSIgaGVpZ2h0PSIxIiB4bWxucz0iaHR0cDovL3d3dy53My5vcmcvMjAwMC9zdmciPjwvc3ZnPg==\" style=\"--smush-placeholder-width: 717px; --smush-placeholder-aspect-ratio: 717\/1024;\" \/><\/figure>\n\n\n\n<figure class=\"wp-block-image size-large\"><img decoding=\"async\" width=\"1024\" height=\"537\" data-src=\"http:\/\/www.design-award.cz\/wp-content\/uploads\/2025\/06\/duos-mond-vizualizace-1024x537.jpg\" alt=\"\" class=\"wp-image-5065 lazyload\" data-srcset=\"https:\/\/www.design-award.cz\/wp-content\/uploads\/2025\/06\/duos-mond-vizualizace-1024x537.jpg 1024w, https:\/\/www.design-award.cz\/wp-content\/uploads\/2025\/06\/duos-mond-vizualizace-300x157.jpg 300w, https:\/\/www.design-award.cz\/wp-content\/uploads\/2025\/06\/duos-mond-vizualizace-768x402.jpg 768w, https:\/\/www.design-award.cz\/wp-content\/uploads\/2025\/06\/duos-mond-vizualizace-1536x805.jpg 1536w, https:\/\/www.design-award.cz\/wp-content\/uploads\/2025\/06\/duos-mond-vizualizace-2048x1073.jpg 2048w, https:\/\/www.design-award.cz\/wp-content\/uploads\/2025\/06\/duos-mond-vizualizace-500x262.jpg 500w, https:\/\/www.design-award.cz\/wp-content\/uploads\/2025\/06\/duos-mond-vizualizace-800x419.jpg 800w, https:\/\/www.design-award.cz\/wp-content\/uploads\/2025\/06\/duos-mond-vizualizace-1280x671.jpg 1280w, https:\/\/www.design-award.cz\/wp-content\/uploads\/2025\/06\/duos-mond-vizualizace-1920x1006.jpg 1920w\" data-sizes=\"(max-width: 1024px) 100vw, 1024px\" src=\"data:image\/svg+xml;base64,PHN2ZyB3aWR0aD0iMSIgaGVpZ2h0PSIxIiB4bWxucz0iaHR0cDovL3d3dy53My5vcmcvMjAwMC9zdmciPjwvc3ZnPg==\" style=\"--smush-placeholder-width: 1024px; --smush-placeholder-aspect-ratio: 1024\/537;\" \/><\/figure>\n\n\n\n<figure class=\"wp-block-image size-large\"><img decoding=\"async\" width=\"717\" height=\"1024\" data-src=\"http:\/\/www.design-award.cz\/wp-content\/uploads\/2025\/06\/duos-mond--717x1024.jpg\" alt=\"\" class=\"wp-image-5062 lazyload\" data-srcset=\"https:\/\/www.design-award.cz\/wp-content\/uploads\/2025\/06\/duos-mond--717x1024.jpg 717w, https:\/\/www.design-award.cz\/wp-content\/uploads\/2025\/06\/duos-mond--210x300.jpg 210w, https:\/\/www.design-award.cz\/wp-content\/uploads\/2025\/06\/duos-mond--768x1097.jpg 768w, https:\/\/www.design-award.cz\/wp-content\/uploads\/2025\/06\/duos-mond--1075x1536.jpg 1075w, https:\/\/www.design-award.cz\/wp-content\/uploads\/2025\/06\/duos-mond--1434x2048.jpg 1434w, https:\/\/www.design-award.cz\/wp-content\/uploads\/2025\/06\/duos-mond--500x714.jpg 500w, https:\/\/www.design-award.cz\/wp-content\/uploads\/2025\/06\/duos-mond--800x1143.jpg 800w, https:\/\/www.design-award.cz\/wp-content\/uploads\/2025\/06\/duos-mond--1280x1829.jpg 1280w, https:\/\/www.design-award.cz\/wp-content\/uploads\/2025\/06\/duos-mond--1920x2743.jpg 1920w, https:\/\/www.design-award.cz\/wp-content\/uploads\/2025\/06\/duos-mond--scaled.jpg 1792w\" data-sizes=\"(max-width: 717px) 100vw, 717px\" src=\"data:image\/svg+xml;base64,PHN2ZyB3aWR0aD0iMSIgaGVpZ2h0PSIxIiB4bWxucz0iaHR0cDovL3d3dy53My5vcmcvMjAwMC9zdmciPjwvc3ZnPg==\" style=\"--smush-placeholder-width: 717px; --smush-placeholder-aspect-ratio: 717\/1024;\" \/><\/figure>\n\n\n\n<figure class=\"wp-block-image size-large\"><img decoding=\"async\" width=\"1024\" height=\"724\" data-src=\"http:\/\/www.design-award.cz\/wp-content\/uploads\/2025\/06\/duos-mond-technicky-vykres-1024x724.jpg\" alt=\"\" class=\"wp-image-5064 lazyload\" data-srcset=\"https:\/\/www.design-award.cz\/wp-content\/uploads\/2025\/06\/duos-mond-technicky-vykres-1024x724.jpg 1024w, https:\/\/www.design-award.cz\/wp-content\/uploads\/2025\/06\/duos-mond-technicky-vykres-300x212.jpg 300w, https:\/\/www.design-award.cz\/wp-content\/uploads\/2025\/06\/duos-mond-technicky-vykres-768x543.jpg 768w, https:\/\/www.design-award.cz\/wp-content\/uploads\/2025\/06\/duos-mond-technicky-vykres-1536x1087.jpg 1536w, https:\/\/www.design-award.cz\/wp-content\/uploads\/2025\/06\/duos-mond-technicky-vykres-2048x1449.jpg 2048w, https:\/\/www.design-award.cz\/wp-content\/uploads\/2025\/06\/duos-mond-technicky-vykres-500x354.jpg 500w, https:\/\/www.design-award.cz\/wp-content\/uploads\/2025\/06\/duos-mond-technicky-vykres-800x566.jpg 800w, https:\/\/www.design-award.cz\/wp-content\/uploads\/2025\/06\/duos-mond-technicky-vykres-1280x905.jpg 1280w, https:\/\/www.design-award.cz\/wp-content\/uploads\/2025\/06\/duos-mond-technicky-vykres-1920x1358.jpg 1920w\" data-sizes=\"(max-width: 1024px) 100vw, 1024px\" src=\"data:image\/svg+xml;base64,PHN2ZyB3aWR0aD0iMSIgaGVpZ2h0PSIxIiB4bWxucz0iaHR0cDovL3d3dy53My5vcmcvMjAwMC9zdmciPjwvc3ZnPg==\" style=\"--smush-placeholder-width: 1024px; --smush-placeholder-aspect-ratio: 1024\/724;\" \/><\/figure>\n","protected":false},"excerpt":{"rendered":"<p>Anna Rou\u0161ov\u00e1St\u0159edn\u00ed \u0161kola designu interi\u00e9ru Kate\u0159inky &#8211; Liberec, s.r.o. Duos Mond byla navr\u017eena jako klauzurn\u00ed pr\u00e1ce na t\u00e9ma d\u011bl\u00edc\u00ed prvek v interi\u00e9ru. Mezist\u011bna je ur\u010dena p\u0159edev\u0161\u00edm do prostoru mezi kuchyn\u00ed a ob\u00fdvac\u00edm pokojem, j\u00eddelnou nebo do interi\u00e9ru restaurace. Touto prac\u00ed jsem cht\u011bla pouk\u00e1zat na st\u00e1le \u010dast\u011bj\u0161\u00ed v\u00fdskyt syntetick\u00fdch materi\u00e1l\u016f v na\u0161em okol\u00ed a na jejich [&hellip;]<\/p>\n","protected":false},"author":2,"featured_media":5066,"menu_order":0,"comment_status":"closed","ping_status":"closed","template":"","format":"standard","meta":{"ngg_post_thumbnail":0,"ocean_post_layout":"","ocean_both_sidebars_style":"","ocean_both_sidebars_content_width":0,"ocean_both_sidebars_sidebars_width":0,"ocean_sidebar":"","ocean_second_sidebar":"","ocean_disable_margins":"enable","ocean_add_body_class":"","ocean_shortcode_before_top_bar":"","ocean_shortcode_after_top_bar":"","ocean_shortcode_before_header":"","ocean_shortcode_after_header":"","ocean_has_shortcode":"","ocean_shortcode_after_title":"","ocean_shortcode_before_footer_widgets":"","ocean_shortcode_after_footer_widgets":"","ocean_shortcode_before_footer_bottom":"","ocean_shortcode_after_footer_bottom":"","ocean_display_top_bar":"default","ocean_display_header":"default","ocean_header_style":"","ocean_center_header_left_menu":"","ocean_custom_header_template":"","ocean_custom_logo":0,"ocean_custom_retina_logo":0,"ocean_custom_logo_max_width":0,"ocean_custom_logo_tablet_max_width":0,"ocean_custom_logo_mobile_max_width":0,"ocean_custom_logo_max_height":0,"ocean_custom_logo_tablet_max_height":0,"ocean_custom_logo_mobile_max_height":0,"ocean_header_custom_menu":"","ocean_menu_typo_font_family":"","ocean_menu_typo_font_subset":"","ocean_menu_typo_font_size":0,"ocean_menu_typo_font_size_tablet":0,"ocean_menu_typo_font_size_mobile":0,"ocean_menu_typo_font_size_unit":"px","ocean_menu_typo_font_weight":"","ocean_menu_typo_font_weight_tablet":"","ocean_menu_typo_font_weight_mobile":"","ocean_menu_typo_transform":"","ocean_menu_typo_transform_tablet":"","ocean_menu_typo_transform_mobile":"","ocean_menu_typo_line_height":0,"ocean_menu_typo_line_height_tablet":0,"ocean_menu_typo_line_height_mobile":0,"ocean_menu_typo_line_height_unit":"","ocean_menu_typo_spacing":0,"ocean_menu_typo_spacing_tablet":0,"ocean_menu_typo_spacing_mobile":0,"ocean_menu_typo_spacing_unit":"","ocean_menu_link_color":"","ocean_menu_link_color_hover":"","ocean_menu_link_color_active":"","ocean_menu_link_background":"","ocean_menu_link_hover_background":"","ocean_menu_link_active_background":"","ocean_menu_social_links_bg":"","ocean_menu_social_hover_links_bg":"","ocean_menu_social_links_color":"","ocean_menu_social_hover_links_color":"","ocean_disable_title":"default","ocean_disable_heading":"default","ocean_post_title":"","ocean_post_subheading":"","ocean_post_title_style":"","ocean_post_title_background_color":"","ocean_post_title_background":0,"ocean_post_title_bg_image_position":"","ocean_post_title_bg_image_attachment":"","ocean_post_title_bg_image_repeat":"","ocean_post_title_bg_image_size":"","ocean_post_title_height":0,"ocean_post_title_bg_overlay":0.5,"ocean_post_title_bg_overlay_color":"","ocean_disable_breadcrumbs":"default","ocean_breadcrumbs_color":"","ocean_breadcrumbs_separator_color":"","ocean_breadcrumbs_links_color":"","ocean_breadcrumbs_links_hover_color":"","ocean_display_footer_widgets":"default","ocean_display_footer_bottom":"default","ocean_custom_footer_template":"","_vp_format_video_url":"","_vp_image_focal_point":[],"footnotes":""},"portfolio_category":[],"portfolio_tag":[],"class_list":["post-5047","portfolio","type-portfolio","status-publish","format-standard","has-post-thumbnail","hentry","entry","has-media"],"yoast_head":"<!-- This site is optimized with the Yoast SEO plugin v25.2 - https:\/\/yoast.com\/wordpress\/plugins\/seo\/ -->\n<title>Produktov\u00fd design - Duos mond - design-award.cz<\/title>\n<meta name=\"robots\" content=\"index, follow, max-snippet:-1, max-image-preview:large, max-video-preview:-1\" \/>\n<link rel=\"canonical\" href=\"https:\/\/www.design-award.cz\/?portfolio=produktovy-design-duos-mond\" \/>\n<meta property=\"og:locale\" content=\"cs_CZ\" \/>\n<meta property=\"og:type\" content=\"article\" \/>\n<meta property=\"og:title\" content=\"Produktov\u00fd design - Duos mond - design-award.cz\" \/>\n<meta property=\"og:description\" content=\"Anna Rou\u0161ov\u00e1St\u0159edn\u00ed \u0161kola designu interi\u00e9ru Kate\u0159inky &#8211; Liberec, s.r.o. Duos Mond byla navr\u017eena jako klauzurn\u00ed pr\u00e1ce na t\u00e9ma d\u011bl\u00edc\u00ed prvek v interi\u00e9ru. Mezist\u011bna je ur\u010dena p\u0159edev\u0161\u00edm do prostoru mezi kuchyn\u00ed a ob\u00fdvac\u00edm pokojem, j\u00eddelnou nebo do interi\u00e9ru restaurace. Touto prac\u00ed jsem cht\u011bla pouk\u00e1zat na st\u00e1le \u010dast\u011bj\u0161\u00ed v\u00fdskyt syntetick\u00fdch materi\u00e1l\u016f v na\u0161em okol\u00ed a na jejich [&hellip;]\" \/>\n<meta property=\"og:url\" content=\"https:\/\/www.design-award.cz\/?portfolio=produktovy-design-duos-mond\" \/>\n<meta property=\"og:site_name\" content=\"design-award.cz\" \/>\n<meta property=\"article:modified_time\" content=\"2025-06-25T09:04:15+00:00\" \/>\n<meta property=\"og:image\" content=\"http:\/\/www.design-award.cz\/wp-content\/uploads\/2025\/06\/duos-mond-vizualizace-2-scaled.jpg\" \/>\n\t<meta property=\"og:image:width\" content=\"2560\" \/>\n\t<meta property=\"og:image:height\" content=\"1440\" \/>\n\t<meta property=\"og:image:type\" content=\"image\/jpeg\" \/>\n<meta name=\"twitter:card\" content=\"summary_large_image\" \/>\n<meta name=\"twitter:label1\" content=\"Odhadovan\u00e1 doba \u010dten\u00ed\" \/>\n\t<meta name=\"twitter:data1\" content=\"2 minuty\" \/>\n<script type=\"application\/ld+json\" class=\"yoast-schema-graph\">{\"@context\":\"https:\/\/schema.org\",\"@graph\":[{\"@type\":\"WebPage\",\"@id\":\"https:\/\/www.design-award.cz\/?portfolio=produktovy-design-duos-mond\",\"url\":\"https:\/\/www.design-award.cz\/?portfolio=produktovy-design-duos-mond\",\"name\":\"Produktov\u00fd design - Duos mond - design-award.cz\",\"isPartOf\":{\"@id\":\"https:\/\/www.design-award.cz\/#website\"},\"primaryImageOfPage\":{\"@id\":\"https:\/\/www.design-award.cz\/?portfolio=produktovy-design-duos-mond#primaryimage\"},\"image\":{\"@id\":\"https:\/\/www.design-award.cz\/?portfolio=produktovy-design-duos-mond#primaryimage\"},\"thumbnailUrl\":\"https:\/\/www.design-award.cz\/wp-content\/uploads\/2025\/06\/duos-mond-vizualizace-2-scaled.jpg\",\"datePublished\":\"2025-06-25T07:41:17+00:00\",\"dateModified\":\"2025-06-25T09:04:15+00:00\",\"breadcrumb\":{\"@id\":\"https:\/\/www.design-award.cz\/?portfolio=produktovy-design-duos-mond#breadcrumb\"},\"inLanguage\":\"cs\",\"potentialAction\":[{\"@type\":\"ReadAction\",\"target\":[\"https:\/\/www.design-award.cz\/?portfolio=produktovy-design-duos-mond\"]}]},{\"@type\":\"ImageObject\",\"inLanguage\":\"cs\",\"@id\":\"https:\/\/www.design-award.cz\/?portfolio=produktovy-design-duos-mond#primaryimage\",\"url\":\"https:\/\/www.design-award.cz\/wp-content\/uploads\/2025\/06\/duos-mond-vizualizace-2-scaled.jpg\",\"contentUrl\":\"https:\/\/www.design-award.cz\/wp-content\/uploads\/2025\/06\/duos-mond-vizualizace-2-scaled.jpg\",\"width\":2560,\"height\":1440},{\"@type\":\"BreadcrumbList\",\"@id\":\"https:\/\/www.design-award.cz\/?portfolio=produktovy-design-duos-mond#breadcrumb\",\"itemListElement\":[{\"@type\":\"ListItem\",\"position\":1,\"name\":\"Dom\u016f\",\"item\":\"https:\/\/www.design-award.cz\/\"},{\"@type\":\"ListItem\",\"position\":2,\"name\":\"Portfolio Items\",\"item\":\"https:\/\/www.design-award.cz\/?post_type=portfolio\"},{\"@type\":\"ListItem\",\"position\":3,\"name\":\"Produktov\u00fd design &#8211; Duos mond\"}]},{\"@type\":\"WebSite\",\"@id\":\"https:\/\/www.design-award.cz\/#website\",\"url\":\"https:\/\/www.design-award.cz\/\",\"name\":\"design-award.cz\",\"description\":\"WARD vznikla v roce 2022. Je ur\u010dena p\u0159edev\u0161\u00edm student\u016fm st\u0159edn\u00edch um\u011bleck\u00fdch \u0161kol (S\u0160 a VO\u0160), kte\u0159\u00ed mohou bezplatn\u011b zaslat sv\u00e9 n\u00e1vrhy v uveden\u00fdch kategori\u00ed a tak pom\u011b\u0159it sv\u00e9 n\u00e1pady s konkurenc\u00ed sv\u00fdch vrstevn\u00edk\u016f. N\u00e1vrhy jsou n\u00e1sledn\u011b posouzeny nez\u00e1vislou porotou z \u0159ad v\u00fdtvarn\u00edk\u016f, pedagog\u016f a profesion\u00e1l\u016f z oboru.\",\"publisher\":{\"@id\":\"https:\/\/www.design-award.cz\/#organization\"},\"potentialAction\":[{\"@type\":\"SearchAction\",\"target\":{\"@type\":\"EntryPoint\",\"urlTemplate\":\"https:\/\/www.design-award.cz\/?s={search_term_string}\"},\"query-input\":{\"@type\":\"PropertyValueSpecification\",\"valueRequired\":true,\"valueName\":\"search_term_string\"}}],\"inLanguage\":\"cs\"},{\"@type\":\"Organization\",\"@id\":\"https:\/\/www.design-award.cz\/#organization\",\"name\":\"Design Award\",\"url\":\"https:\/\/www.design-award.cz\/\",\"logo\":{\"@type\":\"ImageObject\",\"inLanguage\":\"cs\",\"@id\":\"https:\/\/www.design-award.cz\/#\/schema\/logo\/image\/\",\"url\":\"http:\/\/www.design-award.cz\/wp-content\/uploads\/2021\/12\/hornilogo_design-award.png\",\"contentUrl\":\"http:\/\/www.design-award.cz\/wp-content\/uploads\/2021\/12\/hornilogo_design-award.png\",\"width\":800,\"height\":600,\"caption\":\"Design Award\"},\"image\":{\"@id\":\"https:\/\/www.design-award.cz\/#\/schema\/logo\/image\/\"},\"sameAs\":[\"https:\/\/www.instagram.com\/design_award\/\"]}]}<\/script>\n<!-- \/ Yoast SEO plugin. -->","yoast_head_json":{"title":"Produktov\u00fd design - Duos mond - design-award.cz","robots":{"index":"index","follow":"follow","max-snippet":"max-snippet:-1","max-image-preview":"max-image-preview:large","max-video-preview":"max-video-preview:-1"},"canonical":"https:\/\/www.design-award.cz\/?portfolio=produktovy-design-duos-mond","og_locale":"cs_CZ","og_type":"article","og_title":"Produktov\u00fd design - Duos mond - design-award.cz","og_description":"Anna Rou\u0161ov\u00e1St\u0159edn\u00ed \u0161kola designu interi\u00e9ru Kate\u0159inky &#8211; Liberec, s.r.o. Duos Mond byla navr\u017eena jako klauzurn\u00ed pr\u00e1ce na t\u00e9ma d\u011bl\u00edc\u00ed prvek v interi\u00e9ru. Mezist\u011bna je ur\u010dena p\u0159edev\u0161\u00edm do prostoru mezi kuchyn\u00ed a ob\u00fdvac\u00edm pokojem, j\u00eddelnou nebo do interi\u00e9ru restaurace. Touto prac\u00ed jsem cht\u011bla pouk\u00e1zat na st\u00e1le \u010dast\u011bj\u0161\u00ed v\u00fdskyt syntetick\u00fdch materi\u00e1l\u016f v na\u0161em okol\u00ed a na jejich [&hellip;]","og_url":"https:\/\/www.design-award.cz\/?portfolio=produktovy-design-duos-mond","og_site_name":"design-award.cz","article_modified_time":"2025-06-25T09:04:15+00:00","og_image":[{"width":2560,"height":1440,"url":"http:\/\/www.design-award.cz\/wp-content\/uploads\/2025\/06\/duos-mond-vizualizace-2-scaled.jpg","type":"image\/jpeg"}],"twitter_card":"summary_large_image","twitter_misc":{"Odhadovan\u00e1 doba \u010dten\u00ed":"2 minuty"},"schema":{"@context":"https:\/\/schema.org","@graph":[{"@type":"WebPage","@id":"https:\/\/www.design-award.cz\/?portfolio=produktovy-design-duos-mond","url":"https:\/\/www.design-award.cz\/?portfolio=produktovy-design-duos-mond","name":"Produktov\u00fd design - Duos mond - design-award.cz","isPartOf":{"@id":"https:\/\/www.design-award.cz\/#website"},"primaryImageOfPage":{"@id":"https:\/\/www.design-award.cz\/?portfolio=produktovy-design-duos-mond#primaryimage"},"image":{"@id":"https:\/\/www.design-award.cz\/?portfolio=produktovy-design-duos-mond#primaryimage"},"thumbnailUrl":"https:\/\/www.design-award.cz\/wp-content\/uploads\/2025\/06\/duos-mond-vizualizace-2-scaled.jpg","datePublished":"2025-06-25T07:41:17+00:00","dateModified":"2025-06-25T09:04:15+00:00","breadcrumb":{"@id":"https:\/\/www.design-award.cz\/?portfolio=produktovy-design-duos-mond#breadcrumb"},"inLanguage":"cs","potentialAction":[{"@type":"ReadAction","target":["https:\/\/www.design-award.cz\/?portfolio=produktovy-design-duos-mond"]}]},{"@type":"ImageObject","inLanguage":"cs","@id":"https:\/\/www.design-award.cz\/?portfolio=produktovy-design-duos-mond#primaryimage","url":"https:\/\/www.design-award.cz\/wp-content\/uploads\/2025\/06\/duos-mond-vizualizace-2-scaled.jpg","contentUrl":"https:\/\/www.design-award.cz\/wp-content\/uploads\/2025\/06\/duos-mond-vizualizace-2-scaled.jpg","width":2560,"height":1440},{"@type":"BreadcrumbList","@id":"https:\/\/www.design-award.cz\/?portfolio=produktovy-design-duos-mond#breadcrumb","itemListElement":[{"@type":"ListItem","position":1,"name":"Dom\u016f","item":"https:\/\/www.design-award.cz\/"},{"@type":"ListItem","position":2,"name":"Portfolio Items","item":"https:\/\/www.design-award.cz\/?post_type=portfolio"},{"@type":"ListItem","position":3,"name":"Produktov\u00fd design &#8211; Duos mond"}]},{"@type":"WebSite","@id":"https:\/\/www.design-award.cz\/#website","url":"https:\/\/www.design-award.cz\/","name":"design-award.cz","description":"WARD vznikla v roce 2022. Je ur\u010dena p\u0159edev\u0161\u00edm student\u016fm st\u0159edn\u00edch um\u011bleck\u00fdch \u0161kol (S\u0160 a VO\u0160), kte\u0159\u00ed mohou bezplatn\u011b zaslat sv\u00e9 n\u00e1vrhy v uveden\u00fdch kategori\u00ed a tak pom\u011b\u0159it sv\u00e9 n\u00e1pady s konkurenc\u00ed sv\u00fdch vrstevn\u00edk\u016f. N\u00e1vrhy jsou n\u00e1sledn\u011b posouzeny nez\u00e1vislou porotou z \u0159ad v\u00fdtvarn\u00edk\u016f, pedagog\u016f a profesion\u00e1l\u016f z oboru.","publisher":{"@id":"https:\/\/www.design-award.cz\/#organization"},"potentialAction":[{"@type":"SearchAction","target":{"@type":"EntryPoint","urlTemplate":"https:\/\/www.design-award.cz\/?s={search_term_string}"},"query-input":{"@type":"PropertyValueSpecification","valueRequired":true,"valueName":"search_term_string"}}],"inLanguage":"cs"},{"@type":"Organization","@id":"https:\/\/www.design-award.cz\/#organization","name":"Design Award","url":"https:\/\/www.design-award.cz\/","logo":{"@type":"ImageObject","inLanguage":"cs","@id":"https:\/\/www.design-award.cz\/#\/schema\/logo\/image\/","url":"http:\/\/www.design-award.cz\/wp-content\/uploads\/2021\/12\/hornilogo_design-award.png","contentUrl":"http:\/\/www.design-award.cz\/wp-content\/uploads\/2021\/12\/hornilogo_design-award.png","width":800,"height":600,"caption":"Design Award"},"image":{"@id":"https:\/\/www.design-award.cz\/#\/schema\/logo\/image\/"},"sameAs":["https:\/\/www.instagram.com\/design_award\/"]}]}},"_links":{"self":[{"href":"https:\/\/www.design-award.cz\/index.php?rest_route=\/wp\/v2\/portfolio\/5047","targetHints":{"allow":["GET"]}}],"collection":[{"href":"https:\/\/www.design-award.cz\/index.php?rest_route=\/wp\/v2\/portfolio"}],"about":[{"href":"https:\/\/www.design-award.cz\/index.php?rest_route=\/wp\/v2\/types\/portfolio"}],"author":[{"embeddable":true,"href":"https:\/\/www.design-award.cz\/index.php?rest_route=\/wp\/v2\/users\/2"}],"replies":[{"embeddable":true,"href":"https:\/\/www.design-award.cz\/index.php?rest_route=%2Fwp%2Fv2%2Fcomments&post=5047"}],"version-history":[{"count":1,"href":"https:\/\/www.design-award.cz\/index.php?rest_route=\/wp\/v2\/portfolio\/5047\/revisions"}],"predecessor-version":[{"id":5067,"href":"https:\/\/www.design-award.cz\/index.php?rest_route=\/wp\/v2\/portfolio\/5047\/revisions\/5067"}],"wp:featuredmedia":[{"embeddable":true,"href":"https:\/\/www.design-award.cz\/index.php?rest_route=\/wp\/v2\/media\/5066"}],"wp:attachment":[{"href":"https:\/\/www.design-award.cz\/index.php?rest_route=%2Fwp%2Fv2%2Fmedia&parent=5047"}],"wp:term":[{"taxonomy":"portfolio_category","embeddable":true,"href":"https:\/\/www.design-award.cz\/index.php?rest_route=%2Fwp%2Fv2%2Fportfolio_category&post=5047"},{"taxonomy":"portfolio_tag","embeddable":true,"href":"https:\/\/www.design-award.cz\/index.php?rest_route=%2Fwp%2Fv2%2Fportfolio_tag&post=5047"}],"curies":[{"name":"wp","href":"https:\/\/api.w.org\/{rel}","templated":true}]}}