{"id":5048,"date":"2025-06-25T07:45:22","date_gmt":"2025-06-25T07:45:22","guid":{"rendered":"https:\/\/www.design-award.cz\/?post_type=portfolio&#038;p=5048"},"modified":"2025-06-25T09:04:17","modified_gmt":"2025-06-25T09:04:17","slug":"interierovy-design-koupelna-pixel","status":"publish","type":"portfolio","link":"https:\/\/www.design-award.cz\/?portfolio=interierovy-design-koupelna-pixel","title":{"rendered":"Interi\u00e9rov\u00fd design &#8211; koupelna PIXEL"},"content":{"rendered":"\n<p><font size=\"2\"><span style=\"font-size:11pt;\">M\u00e1ria M\u00e1rkovics<br><br>MICHAEL- S\u0160 a VO\u0160 reklamn\u00ed a um\u011bleck\u00e9 tvorby,s. r. o.<br><br>M\u016fj n\u00e1vrh koupelny vznikl jako reakce na typicky uzav\u0159en\u00e9 a funk\u010dn\u011b omezen\u00e9 koupelnov\u00e9 prostory. Inspirovala jsem se v\u00fdstavou v Mil\u00e1n\u011b 2025 a rozhodla se vytvo\u0159it neobvykl\u00fd, otev\u0159en\u00fd koncept. Kombinovala jsem barvy podle barevn\u00e9ho kruhu \u2013 kontrastn\u00ed i harmonick\u00e9 t\u00f3ny \u2013 abych vytvo\u0159ila prostor, kter\u00fd p\u016fsob\u00ed hrav\u011b, ale vyv\u00e1\u017een\u011b. Um\u011bl\u00e9 sv\u011btlo shora simuluje denn\u00ed osv\u011btlen\u00ed a ve styku se zrcadlem vytv\u00e1\u0159\u00ed optick\u00e9 iluze, d\u00edky kter\u00fdm koupelna p\u016fsob\u00ed vzdu\u0161n\u011b a neuzav\u0159en\u011b.<\/span><\/font><\/p>\n\n\n\n<p><font size=\"2\"><span style=\"font-size:11pt;\"><br>Pou\u017eila jsem keramick\u00e9 dla\u017edice s vertik\u00e1ln\u00ed strukturou a sklen\u011bn\u00e9 barevn\u00e9 v\u00fdpln\u011b, kter\u00e9 dod\u00e1vaj\u00ed hloubku a pohyb. Umyvadlo je ze zelen\u00e9ho lit\u00e9ho skla, podlaha z terrazza propojuje r\u016fzn\u00e9 prvky a dod\u00e1v\u00e1 p\u0159irozen\u00fd z\u00e1klad. Tmav\u011b fialov\u00e1 toaleta funguje jako v\u00fdrazn\u00fd kontrast. M\u00fdm c\u00edlem bylo vytvo\u0159it prostor, kter\u00fd p\u0159ekra\u010duje b\u011b\u017en\u00e9 pojet\u00ed oupelny a st\u00e1v\u00e1 se vizu\u00e1ln\u00edm z\u00e1\u017eitkem.<br><\/span><\/font><\/p>\n\n\n\n<figure class=\"wp-block-image size-large\"><img decoding=\"async\" width=\"724\" height=\"1024\" data-src=\"http:\/\/www.design-award.cz\/wp-content\/uploads\/2025\/06\/Plakat-Markovics-724x1024.jpg\" alt=\"\" class=\"wp-image-5071 lazyload\" data-srcset=\"https:\/\/www.design-award.cz\/wp-content\/uploads\/2025\/06\/Plakat-Markovics-724x1024.jpg 724w, https:\/\/www.design-award.cz\/wp-content\/uploads\/2025\/06\/Plakat-Markovics-212x300.jpg 212w, https:\/\/www.design-award.cz\/wp-content\/uploads\/2025\/06\/Plakat-Markovics-768x1086.jpg 768w, https:\/\/www.design-award.cz\/wp-content\/uploads\/2025\/06\/Plakat-Markovics-1086x1536.jpg 1086w, https:\/\/www.design-award.cz\/wp-content\/uploads\/2025\/06\/Plakat-Markovics-1448x2048.jpg 1448w, https:\/\/www.design-award.cz\/wp-content\/uploads\/2025\/06\/Plakat-Markovics-500x707.jpg 500w, https:\/\/www.design-award.cz\/wp-content\/uploads\/2025\/06\/Plakat-Markovics-800x1132.jpg 800w, https:\/\/www.design-award.cz\/wp-content\/uploads\/2025\/06\/Plakat-Markovics-1280x1811.jpg 1280w, https:\/\/www.design-award.cz\/wp-content\/uploads\/2025\/06\/Plakat-Markovics-1920x2716.jpg 1920w, https:\/\/www.design-award.cz\/wp-content\/uploads\/2025\/06\/Plakat-Markovics-scaled.jpg 1810w\" data-sizes=\"(max-width: 724px) 100vw, 724px\" src=\"data:image\/svg+xml;base64,PHN2ZyB3aWR0aD0iMSIgaGVpZ2h0PSIxIiB4bWxucz0iaHR0cDovL3d3dy53My5vcmcvMjAwMC9zdmciPjwvc3ZnPg==\" style=\"--smush-placeholder-width: 724px; --smush-placeholder-aspect-ratio: 724\/1024;\" \/><\/figure>\n\n\n\n<figure class=\"wp-block-image size-large\"><img decoding=\"async\" width=\"1024\" height=\"1024\" data-src=\"http:\/\/www.design-award.cz\/wp-content\/uploads\/2025\/06\/1-2-1024x1024.jpg\" alt=\"\" class=\"wp-image-5068 lazyload\" data-srcset=\"https:\/\/www.design-award.cz\/wp-content\/uploads\/2025\/06\/1-2-1024x1024.jpg 1024w, https:\/\/www.design-award.cz\/wp-content\/uploads\/2025\/06\/1-2-300x300.jpg 300w, https:\/\/www.design-award.cz\/wp-content\/uploads\/2025\/06\/1-2-150x150.jpg 150w, https:\/\/www.design-award.cz\/wp-content\/uploads\/2025\/06\/1-2-768x768.jpg 768w, https:\/\/www.design-award.cz\/wp-content\/uploads\/2025\/06\/1-2-600x600.jpg 600w, https:\/\/www.design-award.cz\/wp-content\/uploads\/2025\/06\/1-2-500x500.jpg 500w, https:\/\/www.design-award.cz\/wp-content\/uploads\/2025\/06\/1-2-800x800.jpg 800w, https:\/\/www.design-award.cz\/wp-content\/uploads\/2025\/06\/1-2.jpg 1080w\" data-sizes=\"(max-width: 1024px) 100vw, 1024px\" src=\"data:image\/svg+xml;base64,PHN2ZyB3aWR0aD0iMSIgaGVpZ2h0PSIxIiB4bWxucz0iaHR0cDovL3d3dy53My5vcmcvMjAwMC9zdmciPjwvc3ZnPg==\" style=\"--smush-placeholder-width: 1024px; --smush-placeholder-aspect-ratio: 1024\/1024;\" \/><\/figure>\n\n\n\n<figure class=\"wp-block-image size-large\"><img decoding=\"async\" width=\"1024\" height=\"1024\" data-src=\"http:\/\/www.design-award.cz\/wp-content\/uploads\/2025\/06\/6-1-1024x1024.jpg\" alt=\"\" class=\"wp-image-5070 lazyload\" data-srcset=\"https:\/\/www.design-award.cz\/wp-content\/uploads\/2025\/06\/6-1-1024x1024.jpg 1024w, https:\/\/www.design-award.cz\/wp-content\/uploads\/2025\/06\/6-1-300x300.jpg 300w, https:\/\/www.design-award.cz\/wp-content\/uploads\/2025\/06\/6-1-150x150.jpg 150w, https:\/\/www.design-award.cz\/wp-content\/uploads\/2025\/06\/6-1-768x768.jpg 768w, https:\/\/www.design-award.cz\/wp-content\/uploads\/2025\/06\/6-1-600x600.jpg 600w, https:\/\/www.design-award.cz\/wp-content\/uploads\/2025\/06\/6-1-500x500.jpg 500w, https:\/\/www.design-award.cz\/wp-content\/uploads\/2025\/06\/6-1-800x800.jpg 800w, https:\/\/www.design-award.cz\/wp-content\/uploads\/2025\/06\/6-1.jpg 1080w\" data-sizes=\"(max-width: 1024px) 100vw, 1024px\" src=\"data:image\/svg+xml;base64,PHN2ZyB3aWR0aD0iMSIgaGVpZ2h0PSIxIiB4bWxucz0iaHR0cDovL3d3dy53My5vcmcvMjAwMC9zdmciPjwvc3ZnPg==\" style=\"--smush-placeholder-width: 1024px; --smush-placeholder-aspect-ratio: 1024\/1024;\" \/><\/figure>\n\n\n\n<figure class=\"wp-block-image size-large\"><img decoding=\"async\" width=\"1024\" height=\"526\" data-src=\"http:\/\/www.design-award.cz\/wp-content\/uploads\/2025\/06\/Snimek-obrazovky-2025-06-20-201500-1024x526.png\" alt=\"\" class=\"wp-image-5072 lazyload\" data-srcset=\"https:\/\/www.design-award.cz\/wp-content\/uploads\/2025\/06\/Snimek-obrazovky-2025-06-20-201500-1024x526.png 1024w, https:\/\/www.design-award.cz\/wp-content\/uploads\/2025\/06\/Snimek-obrazovky-2025-06-20-201500-300x154.png 300w, https:\/\/www.design-award.cz\/wp-content\/uploads\/2025\/06\/Snimek-obrazovky-2025-06-20-201500-768x394.png 768w, https:\/\/www.design-award.cz\/wp-content\/uploads\/2025\/06\/Snimek-obrazovky-2025-06-20-201500-500x257.png 500w, https:\/\/www.design-award.cz\/wp-content\/uploads\/2025\/06\/Snimek-obrazovky-2025-06-20-201500-800x411.png 800w, https:\/\/www.design-award.cz\/wp-content\/uploads\/2025\/06\/Snimek-obrazovky-2025-06-20-201500-1280x657.png 1280w, https:\/\/www.design-award.cz\/wp-content\/uploads\/2025\/06\/Snimek-obrazovky-2025-06-20-201500.png 1392w\" data-sizes=\"(max-width: 1024px) 100vw, 1024px\" src=\"data:image\/svg+xml;base64,PHN2ZyB3aWR0aD0iMSIgaGVpZ2h0PSIxIiB4bWxucz0iaHR0cDovL3d3dy53My5vcmcvMjAwMC9zdmciPjwvc3ZnPg==\" style=\"--smush-placeholder-width: 1024px; --smush-placeholder-aspect-ratio: 1024\/526;\" \/><\/figure>\n","protected":false},"excerpt":{"rendered":"<p>M\u00e1ria M\u00e1rkovics MICHAEL- S\u0160 a VO\u0160 reklamn\u00ed a um\u011bleck\u00e9 tvorby,s. r. o. M\u016fj n\u00e1vrh koupelny vznikl jako reakce na typicky uzav\u0159en\u00e9 a funk\u010dn\u011b omezen\u00e9 koupelnov\u00e9 prostory. Inspirovala jsem se v\u00fdstavou v Mil\u00e1n\u011b 2025 a rozhodla se vytvo\u0159it neobvykl\u00fd, otev\u0159en\u00fd koncept. Kombinovala jsem barvy podle barevn\u00e9ho kruhu \u2013 kontrastn\u00ed i harmonick\u00e9 t\u00f3ny \u2013 abych vytvo\u0159ila prostor, [&hellip;]<\/p>\n","protected":false},"author":2,"featured_media":5069,"menu_order":0,"comment_status":"closed","ping_status":"closed","template":"","format":"standard","meta":{"ngg_post_thumbnail":0,"ocean_post_layout":"","ocean_both_sidebars_style":"","ocean_both_sidebars_content_width":0,"ocean_both_sidebars_sidebars_width":0,"ocean_sidebar":"","ocean_second_sidebar":"","ocean_disable_margins":"enable","ocean_add_body_class":"","ocean_shortcode_before_top_bar":"","ocean_shortcode_after_top_bar":"","ocean_shortcode_before_header":"","ocean_shortcode_after_header":"","ocean_has_shortcode":"","ocean_shortcode_after_title":"","ocean_shortcode_before_footer_widgets":"","ocean_shortcode_after_footer_widgets":"","ocean_shortcode_before_footer_bottom":"","ocean_shortcode_after_footer_bottom":"","ocean_display_top_bar":"default","ocean_display_header":"default","ocean_header_style":"","ocean_center_header_left_menu":"","ocean_custom_header_template":"","ocean_custom_logo":0,"ocean_custom_retina_logo":0,"ocean_custom_logo_max_width":0,"ocean_custom_logo_tablet_max_width":0,"ocean_custom_logo_mobile_max_width":0,"ocean_custom_logo_max_height":0,"ocean_custom_logo_tablet_max_height":0,"ocean_custom_logo_mobile_max_height":0,"ocean_header_custom_menu":"","ocean_menu_typo_font_family":"","ocean_menu_typo_font_subset":"","ocean_menu_typo_font_size":0,"ocean_menu_typo_font_size_tablet":0,"ocean_menu_typo_font_size_mobile":0,"ocean_menu_typo_font_size_unit":"px","ocean_menu_typo_font_weight":"","ocean_menu_typo_font_weight_tablet":"","ocean_menu_typo_font_weight_mobile":"","ocean_menu_typo_transform":"","ocean_menu_typo_transform_tablet":"","ocean_menu_typo_transform_mobile":"","ocean_menu_typo_line_height":0,"ocean_menu_typo_line_height_tablet":0,"ocean_menu_typo_line_height_mobile":0,"ocean_menu_typo_line_height_unit":"","ocean_menu_typo_spacing":0,"ocean_menu_typo_spacing_tablet":0,"ocean_menu_typo_spacing_mobile":0,"ocean_menu_typo_spacing_unit":"","ocean_menu_link_color":"","ocean_menu_link_color_hover":"","ocean_menu_link_color_active":"","ocean_menu_link_background":"","ocean_menu_link_hover_background":"","ocean_menu_link_active_background":"","ocean_menu_social_links_bg":"","ocean_menu_social_hover_links_bg":"","ocean_menu_social_links_color":"","ocean_menu_social_hover_links_color":"","ocean_disable_title":"default","ocean_disable_heading":"default","ocean_post_title":"","ocean_post_subheading":"","ocean_post_title_style":"","ocean_post_title_background_color":"","ocean_post_title_background":0,"ocean_post_title_bg_image_position":"","ocean_post_title_bg_image_attachment":"","ocean_post_title_bg_image_repeat":"","ocean_post_title_bg_image_size":"","ocean_post_title_height":0,"ocean_post_title_bg_overlay":0.5,"ocean_post_title_bg_overlay_color":"","ocean_disable_breadcrumbs":"default","ocean_breadcrumbs_color":"","ocean_breadcrumbs_separator_color":"","ocean_breadcrumbs_links_color":"","ocean_breadcrumbs_links_hover_color":"","ocean_display_footer_widgets":"default","ocean_display_footer_bottom":"default","ocean_custom_footer_template":"","_vp_format_video_url":"","_vp_image_focal_point":[],"footnotes":""},"portfolio_category":[],"portfolio_tag":[],"class_list":["post-5048","portfolio","type-portfolio","status-publish","format-standard","has-post-thumbnail","hentry","entry","has-media"],"yoast_head":"<!-- This site is optimized with the Yoast SEO plugin v25.2 - https:\/\/yoast.com\/wordpress\/plugins\/seo\/ -->\n<title>Interi\u00e9rov\u00fd design - koupelna PIXEL - design-award.cz<\/title>\n<meta name=\"robots\" content=\"index, follow, max-snippet:-1, max-image-preview:large, max-video-preview:-1\" \/>\n<link rel=\"canonical\" href=\"https:\/\/www.design-award.cz\/?portfolio=interierovy-design-koupelna-pixel\" \/>\n<meta property=\"og:locale\" content=\"cs_CZ\" \/>\n<meta property=\"og:type\" content=\"article\" \/>\n<meta property=\"og:title\" content=\"Interi\u00e9rov\u00fd design - koupelna PIXEL - design-award.cz\" \/>\n<meta property=\"og:description\" content=\"M\u00e1ria M\u00e1rkovics MICHAEL- S\u0160 a VO\u0160 reklamn\u00ed a um\u011bleck\u00e9 tvorby,s. r. o. M\u016fj n\u00e1vrh koupelny vznikl jako reakce na typicky uzav\u0159en\u00e9 a funk\u010dn\u011b omezen\u00e9 koupelnov\u00e9 prostory. Inspirovala jsem se v\u00fdstavou v Mil\u00e1n\u011b 2025 a rozhodla se vytvo\u0159it neobvykl\u00fd, otev\u0159en\u00fd koncept. Kombinovala jsem barvy podle barevn\u00e9ho kruhu \u2013 kontrastn\u00ed i harmonick\u00e9 t\u00f3ny \u2013 abych vytvo\u0159ila prostor, [&hellip;]\" \/>\n<meta property=\"og:url\" content=\"https:\/\/www.design-award.cz\/?portfolio=interierovy-design-koupelna-pixel\" \/>\n<meta property=\"og:site_name\" content=\"design-award.cz\" \/>\n<meta property=\"article:modified_time\" content=\"2025-06-25T09:04:17+00:00\" \/>\n<meta property=\"og:image\" content=\"http:\/\/www.design-award.cz\/wp-content\/uploads\/2025\/06\/5-2.jpg\" \/>\n\t<meta property=\"og:image:width\" content=\"1080\" \/>\n\t<meta property=\"og:image:height\" content=\"1080\" \/>\n\t<meta property=\"og:image:type\" content=\"image\/jpeg\" \/>\n<meta name=\"twitter:card\" content=\"summary_large_image\" \/>\n<meta name=\"twitter:label1\" content=\"Odhadovan\u00e1 doba \u010dten\u00ed\" \/>\n\t<meta name=\"twitter:data1\" content=\"2 minuty\" \/>\n<script type=\"application\/ld+json\" class=\"yoast-schema-graph\">{\"@context\":\"https:\/\/schema.org\",\"@graph\":[{\"@type\":\"WebPage\",\"@id\":\"https:\/\/www.design-award.cz\/?portfolio=interierovy-design-koupelna-pixel\",\"url\":\"https:\/\/www.design-award.cz\/?portfolio=interierovy-design-koupelna-pixel\",\"name\":\"Interi\u00e9rov\u00fd design - koupelna PIXEL - design-award.cz\",\"isPartOf\":{\"@id\":\"https:\/\/www.design-award.cz\/#website\"},\"primaryImageOfPage\":{\"@id\":\"https:\/\/www.design-award.cz\/?portfolio=interierovy-design-koupelna-pixel#primaryimage\"},\"image\":{\"@id\":\"https:\/\/www.design-award.cz\/?portfolio=interierovy-design-koupelna-pixel#primaryimage\"},\"thumbnailUrl\":\"https:\/\/www.design-award.cz\/wp-content\/uploads\/2025\/06\/5-2.jpg\",\"datePublished\":\"2025-06-25T07:45:22+00:00\",\"dateModified\":\"2025-06-25T09:04:17+00:00\",\"breadcrumb\":{\"@id\":\"https:\/\/www.design-award.cz\/?portfolio=interierovy-design-koupelna-pixel#breadcrumb\"},\"inLanguage\":\"cs\",\"potentialAction\":[{\"@type\":\"ReadAction\",\"target\":[\"https:\/\/www.design-award.cz\/?portfolio=interierovy-design-koupelna-pixel\"]}]},{\"@type\":\"ImageObject\",\"inLanguage\":\"cs\",\"@id\":\"https:\/\/www.design-award.cz\/?portfolio=interierovy-design-koupelna-pixel#primaryimage\",\"url\":\"https:\/\/www.design-award.cz\/wp-content\/uploads\/2025\/06\/5-2.jpg\",\"contentUrl\":\"https:\/\/www.design-award.cz\/wp-content\/uploads\/2025\/06\/5-2.jpg\",\"width\":1080,\"height\":1080},{\"@type\":\"BreadcrumbList\",\"@id\":\"https:\/\/www.design-award.cz\/?portfolio=interierovy-design-koupelna-pixel#breadcrumb\",\"itemListElement\":[{\"@type\":\"ListItem\",\"position\":1,\"name\":\"Dom\u016f\",\"item\":\"https:\/\/www.design-award.cz\/\"},{\"@type\":\"ListItem\",\"position\":2,\"name\":\"Portfolio Items\",\"item\":\"https:\/\/www.design-award.cz\/?post_type=portfolio\"},{\"@type\":\"ListItem\",\"position\":3,\"name\":\"Interi\u00e9rov\u00fd design &#8211; koupelna PIXEL\"}]},{\"@type\":\"WebSite\",\"@id\":\"https:\/\/www.design-award.cz\/#website\",\"url\":\"https:\/\/www.design-award.cz\/\",\"name\":\"design-award.cz\",\"description\":\"WARD vznikla v roce 2022. Je ur\u010dena p\u0159edev\u0161\u00edm student\u016fm st\u0159edn\u00edch um\u011bleck\u00fdch \u0161kol (S\u0160 a VO\u0160), kte\u0159\u00ed mohou bezplatn\u011b zaslat sv\u00e9 n\u00e1vrhy v uveden\u00fdch kategori\u00ed a tak pom\u011b\u0159it sv\u00e9 n\u00e1pady s konkurenc\u00ed sv\u00fdch vrstevn\u00edk\u016f. N\u00e1vrhy jsou n\u00e1sledn\u011b posouzeny nez\u00e1vislou porotou z \u0159ad v\u00fdtvarn\u00edk\u016f, pedagog\u016f a profesion\u00e1l\u016f z oboru.\",\"publisher\":{\"@id\":\"https:\/\/www.design-award.cz\/#organization\"},\"potentialAction\":[{\"@type\":\"SearchAction\",\"target\":{\"@type\":\"EntryPoint\",\"urlTemplate\":\"https:\/\/www.design-award.cz\/?s={search_term_string}\"},\"query-input\":{\"@type\":\"PropertyValueSpecification\",\"valueRequired\":true,\"valueName\":\"search_term_string\"}}],\"inLanguage\":\"cs\"},{\"@type\":\"Organization\",\"@id\":\"https:\/\/www.design-award.cz\/#organization\",\"name\":\"Design Award\",\"url\":\"https:\/\/www.design-award.cz\/\",\"logo\":{\"@type\":\"ImageObject\",\"inLanguage\":\"cs\",\"@id\":\"https:\/\/www.design-award.cz\/#\/schema\/logo\/image\/\",\"url\":\"http:\/\/www.design-award.cz\/wp-content\/uploads\/2021\/12\/hornilogo_design-award.png\",\"contentUrl\":\"http:\/\/www.design-award.cz\/wp-content\/uploads\/2021\/12\/hornilogo_design-award.png\",\"width\":800,\"height\":600,\"caption\":\"Design Award\"},\"image\":{\"@id\":\"https:\/\/www.design-award.cz\/#\/schema\/logo\/image\/\"},\"sameAs\":[\"https:\/\/www.instagram.com\/design_award\/\"]}]}<\/script>\n<!-- \/ Yoast SEO plugin. -->","yoast_head_json":{"title":"Interi\u00e9rov\u00fd design - koupelna PIXEL - design-award.cz","robots":{"index":"index","follow":"follow","max-snippet":"max-snippet:-1","max-image-preview":"max-image-preview:large","max-video-preview":"max-video-preview:-1"},"canonical":"https:\/\/www.design-award.cz\/?portfolio=interierovy-design-koupelna-pixel","og_locale":"cs_CZ","og_type":"article","og_title":"Interi\u00e9rov\u00fd design - koupelna PIXEL - design-award.cz","og_description":"M\u00e1ria M\u00e1rkovics MICHAEL- S\u0160 a VO\u0160 reklamn\u00ed a um\u011bleck\u00e9 tvorby,s. r. o. M\u016fj n\u00e1vrh koupelny vznikl jako reakce na typicky uzav\u0159en\u00e9 a funk\u010dn\u011b omezen\u00e9 koupelnov\u00e9 prostory. Inspirovala jsem se v\u00fdstavou v Mil\u00e1n\u011b 2025 a rozhodla se vytvo\u0159it neobvykl\u00fd, otev\u0159en\u00fd koncept. Kombinovala jsem barvy podle barevn\u00e9ho kruhu \u2013 kontrastn\u00ed i harmonick\u00e9 t\u00f3ny \u2013 abych vytvo\u0159ila prostor, [&hellip;]","og_url":"https:\/\/www.design-award.cz\/?portfolio=interierovy-design-koupelna-pixel","og_site_name":"design-award.cz","article_modified_time":"2025-06-25T09:04:17+00:00","og_image":[{"width":1080,"height":1080,"url":"http:\/\/www.design-award.cz\/wp-content\/uploads\/2025\/06\/5-2.jpg","type":"image\/jpeg"}],"twitter_card":"summary_large_image","twitter_misc":{"Odhadovan\u00e1 doba \u010dten\u00ed":"2 minuty"},"schema":{"@context":"https:\/\/schema.org","@graph":[{"@type":"WebPage","@id":"https:\/\/www.design-award.cz\/?portfolio=interierovy-design-koupelna-pixel","url":"https:\/\/www.design-award.cz\/?portfolio=interierovy-design-koupelna-pixel","name":"Interi\u00e9rov\u00fd design - koupelna PIXEL - design-award.cz","isPartOf":{"@id":"https:\/\/www.design-award.cz\/#website"},"primaryImageOfPage":{"@id":"https:\/\/www.design-award.cz\/?portfolio=interierovy-design-koupelna-pixel#primaryimage"},"image":{"@id":"https:\/\/www.design-award.cz\/?portfolio=interierovy-design-koupelna-pixel#primaryimage"},"thumbnailUrl":"https:\/\/www.design-award.cz\/wp-content\/uploads\/2025\/06\/5-2.jpg","datePublished":"2025-06-25T07:45:22+00:00","dateModified":"2025-06-25T09:04:17+00:00","breadcrumb":{"@id":"https:\/\/www.design-award.cz\/?portfolio=interierovy-design-koupelna-pixel#breadcrumb"},"inLanguage":"cs","potentialAction":[{"@type":"ReadAction","target":["https:\/\/www.design-award.cz\/?portfolio=interierovy-design-koupelna-pixel"]}]},{"@type":"ImageObject","inLanguage":"cs","@id":"https:\/\/www.design-award.cz\/?portfolio=interierovy-design-koupelna-pixel#primaryimage","url":"https:\/\/www.design-award.cz\/wp-content\/uploads\/2025\/06\/5-2.jpg","contentUrl":"https:\/\/www.design-award.cz\/wp-content\/uploads\/2025\/06\/5-2.jpg","width":1080,"height":1080},{"@type":"BreadcrumbList","@id":"https:\/\/www.design-award.cz\/?portfolio=interierovy-design-koupelna-pixel#breadcrumb","itemListElement":[{"@type":"ListItem","position":1,"name":"Dom\u016f","item":"https:\/\/www.design-award.cz\/"},{"@type":"ListItem","position":2,"name":"Portfolio Items","item":"https:\/\/www.design-award.cz\/?post_type=portfolio"},{"@type":"ListItem","position":3,"name":"Interi\u00e9rov\u00fd design &#8211; koupelna PIXEL"}]},{"@type":"WebSite","@id":"https:\/\/www.design-award.cz\/#website","url":"https:\/\/www.design-award.cz\/","name":"design-award.cz","description":"WARD vznikla v roce 2022. Je ur\u010dena p\u0159edev\u0161\u00edm student\u016fm st\u0159edn\u00edch um\u011bleck\u00fdch \u0161kol (S\u0160 a VO\u0160), kte\u0159\u00ed mohou bezplatn\u011b zaslat sv\u00e9 n\u00e1vrhy v uveden\u00fdch kategori\u00ed a tak pom\u011b\u0159it sv\u00e9 n\u00e1pady s konkurenc\u00ed sv\u00fdch vrstevn\u00edk\u016f. N\u00e1vrhy jsou n\u00e1sledn\u011b posouzeny nez\u00e1vislou porotou z \u0159ad v\u00fdtvarn\u00edk\u016f, pedagog\u016f a profesion\u00e1l\u016f z oboru.","publisher":{"@id":"https:\/\/www.design-award.cz\/#organization"},"potentialAction":[{"@type":"SearchAction","target":{"@type":"EntryPoint","urlTemplate":"https:\/\/www.design-award.cz\/?s={search_term_string}"},"query-input":{"@type":"PropertyValueSpecification","valueRequired":true,"valueName":"search_term_string"}}],"inLanguage":"cs"},{"@type":"Organization","@id":"https:\/\/www.design-award.cz\/#organization","name":"Design Award","url":"https:\/\/www.design-award.cz\/","logo":{"@type":"ImageObject","inLanguage":"cs","@id":"https:\/\/www.design-award.cz\/#\/schema\/logo\/image\/","url":"http:\/\/www.design-award.cz\/wp-content\/uploads\/2021\/12\/hornilogo_design-award.png","contentUrl":"http:\/\/www.design-award.cz\/wp-content\/uploads\/2021\/12\/hornilogo_design-award.png","width":800,"height":600,"caption":"Design Award"},"image":{"@id":"https:\/\/www.design-award.cz\/#\/schema\/logo\/image\/"},"sameAs":["https:\/\/www.instagram.com\/design_award\/"]}]}},"_links":{"self":[{"href":"https:\/\/www.design-award.cz\/index.php?rest_route=\/wp\/v2\/portfolio\/5048","targetHints":{"allow":["GET"]}}],"collection":[{"href":"https:\/\/www.design-award.cz\/index.php?rest_route=\/wp\/v2\/portfolio"}],"about":[{"href":"https:\/\/www.design-award.cz\/index.php?rest_route=\/wp\/v2\/types\/portfolio"}],"author":[{"embeddable":true,"href":"https:\/\/www.design-award.cz\/index.php?rest_route=\/wp\/v2\/users\/2"}],"replies":[{"embeddable":true,"href":"https:\/\/www.design-award.cz\/index.php?rest_route=%2Fwp%2Fv2%2Fcomments&post=5048"}],"version-history":[{"count":1,"href":"https:\/\/www.design-award.cz\/index.php?rest_route=\/wp\/v2\/portfolio\/5048\/revisions"}],"predecessor-version":[{"id":5073,"href":"https:\/\/www.design-award.cz\/index.php?rest_route=\/wp\/v2\/portfolio\/5048\/revisions\/5073"}],"wp:featuredmedia":[{"embeddable":true,"href":"https:\/\/www.design-award.cz\/index.php?rest_route=\/wp\/v2\/media\/5069"}],"wp:attachment":[{"href":"https:\/\/www.design-award.cz\/index.php?rest_route=%2Fwp%2Fv2%2Fmedia&parent=5048"}],"wp:term":[{"taxonomy":"portfolio_category","embeddable":true,"href":"https:\/\/www.design-award.cz\/index.php?rest_route=%2Fwp%2Fv2%2Fportfolio_category&post=5048"},{"taxonomy":"portfolio_tag","embeddable":true,"href":"https:\/\/www.design-award.cz\/index.php?rest_route=%2Fwp%2Fv2%2Fportfolio_tag&post=5048"}],"curies":[{"name":"wp","href":"https:\/\/api.w.org\/{rel}","templated":true}]}}