{"id":5049,"date":"2025-06-25T07:54:39","date_gmt":"2025-06-25T07:54:39","guid":{"rendered":"https:\/\/www.design-award.cz\/?post_type=portfolio&#038;p=5049"},"modified":"2025-06-25T09:04:20","modified_gmt":"2025-06-25T09:04:20","slug":"interierovy-design-navrh-interieru-bytu-ve-stylu-high-tech","status":"publish","type":"portfolio","link":"https:\/\/www.design-award.cz\/?portfolio=interierovy-design-navrh-interieru-bytu-ve-stylu-high-tech","title":{"rendered":"Interi\u00e9rov\u00fd design &#8211; N\u00e1vrh interi\u00e9ru bytu ve stylu high tech"},"content":{"rendered":"\n<p><strong>Tereza Stan\u00edkov\u00e1<\/strong><br><br>St\u0159edn\u00ed um\u011bleckopr\u016fmyslov\u00e1 \u0161kola hudebn\u00edch n\u00e1stroj\u016f a n\u00e1bytku, Hradec Kr\u00e1lov\u00e9<br><br>High tech je styl interi\u00e9rov\u00e9ho designu, kter\u00fd vznikl v 70.letech 20. stolet\u00ed. Tento styl klade d\u016fraz na funk\u010dnost, technickou dokonalost a \u010dist\u00e9 linie. V interi\u00e9ru se \u010dasto objevuj\u00ed prvky, kter\u00e9 p\u0159ipom\u00ednaj\u00ed industri\u00e1ln\u00ed prost\u0159ed\u00ed, jako jsou odkryt\u00e9 konstrukce, kovov\u00e9 detaily, sklen\u011bn\u00e9 plochy, betonov\u00e9 st\u011bny nebo podlahy. Pro tento styl je charakteristick\u00e9 vyu\u017eit\u00ed skla, kovu, betonu nebo plastu.<br>Byt je navr\u017een\u00fd pro mlad\u00fd p\u00e1r nebo jednotlivce, kte\u0159\u00ed maj\u00ed bl\u00edzko k modern\u00edm technologi\u00edm, ocen\u00ed \u010dist\u00fd design a preferuj\u00ed praktick\u00e1 a funk\u010dn\u00ed \u0159e\u0161en\u00ed. Tento typ bytu je vhodn\u00fd pro ty, co cht\u011bj\u00ed m\u00edt ve sv\u00e9m domov\u011b po\u0159\u00e1dek, otev\u0159en\u00fd prostor a mo\u017enost snadno pou\u017e\u00edvat modern\u00ed technologie, jako jsou syst\u00e9my chytr\u00e9 dom\u00e1cnosti, nebo elektronick\u00e9 ovl\u00e1d\u00e1n\u00ed sv\u011btel.<br>Byt je navr\u017een v minimalistick\u00e9m duchu s \u010dist\u00fdmi liniemi a d\u016frazem na technologickou estetiku. Prostor je otev\u0159en\u00fd a propojuje kuchy\u0148, j\u00eddeln\u00ed kout a ob\u00fdvac\u00ed prostor. Kuchy\u0148 je b\u00edl\u00e1 a leskl\u00e1 s<br>vestavn\u00fdmi spot\u0159ebi\u010di a ostr\u016fvkem, kter\u00fd z\u00e1rove\u0148 slou\u017e\u00ed jako j\u00eddeln\u00ed st\u016fl. Ob\u00fdvac\u00ed \u010d\u00e1st je vybavena pohovkou s odkl\u00e1dac\u00edm stolkem a zav\u011b\u0161en\u00fdmi policemi, kter\u00e9 poskytuj\u00ed \u00falo\u017en\u00fd prostor ani\u017e by<br>naru\u0161ovaly \u010distotu interi\u00e9ru. P\u0159ev\u00e1\u017en\u011b jsou vyu\u017eity materi\u00e1ly sklo, beton, kov, plast.<br>Barevn\u00e9 lad\u011bn\u00ed je postaven\u00e9 na kombinaci \u0161ed\u00e9, b\u00edl\u00e9 a \u017elut\u00e9. \u0160ed\u00e1 barva betonu vytv\u00e1\u0159\u00ed neutr\u00e1ln\u00ed<br>z\u00e1klad, b\u00edl\u00e1 dod\u00e1v\u00e1 pocit \u010distoty a prostoru. \u017dlut\u00e1 dod\u00e1 interi\u00e9ru energii a sv\u011b\u017eest.<br>Osv\u011btlen\u00ed je \u0159e\u0161eno bodov\u00fdmi sv\u011btly ve strop\u011b a LED podsv\u00edcen\u00edm kuchy\u0148sk\u00e9ho ostr\u016fvku a<br>n\u011bkter\u00fdch n\u00e1bytkov\u00fdch prvk\u016f. Toto \u0159e\u0161en\u00ed podtrhuje \u010dist\u00e9 linie a zv\u00fdraz\u0148uje geometrii interi\u00e9ru.<br>Dekorace jsou pou\u017eity st\u0159\u00eddm\u011b, aby nenaru\u0161ovaly minimalistyck\u00fd vzhled a podpo\u0159ily celkov\u00fd dojem modern\u00edho a technologicky vysp\u011bl\u00e9ho interi\u00e9ru.<\/p>\n\n\n\n<figure class=\"wp-block-image size-full\"><img decoding=\"async\" width=\"8268\" height=\"11811\" data-src=\"http:\/\/www.design-award.cz\/wp-content\/uploads\/2025\/06\/plakat-4.jpg\" alt=\"\" class=\"wp-image-5077 lazyload\" src=\"data:image\/svg+xml;base64,PHN2ZyB3aWR0aD0iMSIgaGVpZ2h0PSIxIiB4bWxucz0iaHR0cDovL3d3dy53My5vcmcvMjAwMC9zdmciPjwvc3ZnPg==\" style=\"--smush-placeholder-width: 8268px; --smush-placeholder-aspect-ratio: 8268\/11811;\" \/><\/figure>\n\n\n\n<figure class=\"wp-block-image size-large\"><img decoding=\"async\" width=\"1024\" height=\"576\" data-src=\"http:\/\/www.design-award.cz\/wp-content\/uploads\/2025\/06\/volitelny-1024x576.jpg\" alt=\"\" class=\"wp-image-5076 lazyload\" data-srcset=\"https:\/\/www.design-award.cz\/wp-content\/uploads\/2025\/06\/volitelny-1024x576.jpg 1024w, https:\/\/www.design-award.cz\/wp-content\/uploads\/2025\/06\/volitelny-300x169.jpg 300w, https:\/\/www.design-award.cz\/wp-content\/uploads\/2025\/06\/volitelny-768x432.jpg 768w, https:\/\/www.design-award.cz\/wp-content\/uploads\/2025\/06\/volitelny-1536x864.jpg 1536w, https:\/\/www.design-award.cz\/wp-content\/uploads\/2025\/06\/volitelny-2048x1152.jpg 2048w, https:\/\/www.design-award.cz\/wp-content\/uploads\/2025\/06\/volitelny-800x450.jpg 800w, https:\/\/www.design-award.cz\/wp-content\/uploads\/2025\/06\/volitelny-500x281.jpg 500w, https:\/\/www.design-award.cz\/wp-content\/uploads\/2025\/06\/volitelny-1280x720.jpg 1280w, https:\/\/www.design-award.cz\/wp-content\/uploads\/2025\/06\/volitelny-1920x1080.jpg 1920w\" data-sizes=\"(max-width: 1024px) 100vw, 1024px\" src=\"data:image\/svg+xml;base64,PHN2ZyB3aWR0aD0iMSIgaGVpZ2h0PSIxIiB4bWxucz0iaHR0cDovL3d3dy53My5vcmcvMjAwMC9zdmciPjwvc3ZnPg==\" style=\"--smush-placeholder-width: 1024px; --smush-placeholder-aspect-ratio: 1024\/576;\" \/><\/figure>\n\n\n\n<figure class=\"wp-block-image size-large\"><img decoding=\"async\" width=\"1024\" height=\"576\" data-src=\"http:\/\/www.design-award.cz\/wp-content\/uploads\/2025\/06\/vizualizace2-1-1024x576.jpg\" alt=\"\" class=\"wp-image-5075 lazyload\" data-srcset=\"https:\/\/www.design-award.cz\/wp-content\/uploads\/2025\/06\/vizualizace2-1-1024x576.jpg 1024w, https:\/\/www.design-award.cz\/wp-content\/uploads\/2025\/06\/vizualizace2-1-300x169.jpg 300w, https:\/\/www.design-award.cz\/wp-content\/uploads\/2025\/06\/vizualizace2-1-768x432.jpg 768w, https:\/\/www.design-award.cz\/wp-content\/uploads\/2025\/06\/vizualizace2-1-1536x864.jpg 1536w, https:\/\/www.design-award.cz\/wp-content\/uploads\/2025\/06\/vizualizace2-1-2048x1152.jpg 2048w, https:\/\/www.design-award.cz\/wp-content\/uploads\/2025\/06\/vizualizace2-1-800x450.jpg 800w, https:\/\/www.design-award.cz\/wp-content\/uploads\/2025\/06\/vizualizace2-1-500x281.jpg 500w, https:\/\/www.design-award.cz\/wp-content\/uploads\/2025\/06\/vizualizace2-1-1280x720.jpg 1280w, https:\/\/www.design-award.cz\/wp-content\/uploads\/2025\/06\/vizualizace2-1-1920x1080.jpg 1920w\" data-sizes=\"(max-width: 1024px) 100vw, 1024px\" src=\"data:image\/svg+xml;base64,PHN2ZyB3aWR0aD0iMSIgaGVpZ2h0PSIxIiB4bWxucz0iaHR0cDovL3d3dy53My5vcmcvMjAwMC9zdmciPjwvc3ZnPg==\" style=\"--smush-placeholder-width: 1024px; --smush-placeholder-aspect-ratio: 1024\/576;\" \/><\/figure>\n\n\n\n<figure class=\"wp-block-image size-large\"><img decoding=\"async\" width=\"1024\" height=\"724\" data-src=\"http:\/\/www.design-award.cz\/wp-content\/uploads\/2025\/06\/Technicka-dokumentace-1024x724.jpg\" alt=\"\" class=\"wp-image-5078 lazyload\" data-srcset=\"https:\/\/www.design-award.cz\/wp-content\/uploads\/2025\/06\/Technicka-dokumentace-1024x724.jpg 1024w, https:\/\/www.design-award.cz\/wp-content\/uploads\/2025\/06\/Technicka-dokumentace-300x212.jpg 300w, https:\/\/www.design-award.cz\/wp-content\/uploads\/2025\/06\/Technicka-dokumentace-768x543.jpg 768w, https:\/\/www.design-award.cz\/wp-content\/uploads\/2025\/06\/Technicka-dokumentace-1536x1086.jpg 1536w, https:\/\/www.design-award.cz\/wp-content\/uploads\/2025\/06\/Technicka-dokumentace-2048x1448.jpg 2048w, https:\/\/www.design-award.cz\/wp-content\/uploads\/2025\/06\/Technicka-dokumentace-500x354.jpg 500w, https:\/\/www.design-award.cz\/wp-content\/uploads\/2025\/06\/Technicka-dokumentace-800x566.jpg 800w, https:\/\/www.design-award.cz\/wp-content\/uploads\/2025\/06\/Technicka-dokumentace-1280x905.jpg 1280w, https:\/\/www.design-award.cz\/wp-content\/uploads\/2025\/06\/Technicka-dokumentace-1920x1358.jpg 1920w\" data-sizes=\"(max-width: 1024px) 100vw, 1024px\" src=\"data:image\/svg+xml;base64,PHN2ZyB3aWR0aD0iMSIgaGVpZ2h0PSIxIiB4bWxucz0iaHR0cDovL3d3dy53My5vcmcvMjAwMC9zdmciPjwvc3ZnPg==\" style=\"--smush-placeholder-width: 1024px; --smush-placeholder-aspect-ratio: 1024\/724;\" \/><\/figure>\n","protected":false},"excerpt":{"rendered":"<p>Tereza Stan\u00edkov\u00e1 St\u0159edn\u00ed um\u011bleckopr\u016fmyslov\u00e1 \u0161kola hudebn\u00edch n\u00e1stroj\u016f a n\u00e1bytku, Hradec Kr\u00e1lov\u00e9 High tech je styl interi\u00e9rov\u00e9ho designu, kter\u00fd vznikl v 70.letech 20. stolet\u00ed. Tento styl klade d\u016fraz na funk\u010dnost, technickou dokonalost a \u010dist\u00e9 linie. V interi\u00e9ru se \u010dasto objevuj\u00ed prvky, kter\u00e9 p\u0159ipom\u00ednaj\u00ed industri\u00e1ln\u00ed prost\u0159ed\u00ed, jako jsou odkryt\u00e9 konstrukce, kovov\u00e9 detaily, sklen\u011bn\u00e9 plochy, betonov\u00e9 st\u011bny nebo [&hellip;]<\/p>\n","protected":false},"author":2,"featured_media":5074,"menu_order":0,"comment_status":"closed","ping_status":"closed","template":"","format":"standard","meta":{"ngg_post_thumbnail":0,"ocean_post_layout":"","ocean_both_sidebars_style":"","ocean_both_sidebars_content_width":0,"ocean_both_sidebars_sidebars_width":0,"ocean_sidebar":"","ocean_second_sidebar":"","ocean_disable_margins":"enable","ocean_add_body_class":"","ocean_shortcode_before_top_bar":"","ocean_shortcode_after_top_bar":"","ocean_shortcode_before_header":"","ocean_shortcode_after_header":"","ocean_has_shortcode":"","ocean_shortcode_after_title":"","ocean_shortcode_before_footer_widgets":"","ocean_shortcode_after_footer_widgets":"","ocean_shortcode_before_footer_bottom":"","ocean_shortcode_after_footer_bottom":"","ocean_display_top_bar":"default","ocean_display_header":"default","ocean_header_style":"","ocean_center_header_left_menu":"","ocean_custom_header_template":"","ocean_custom_logo":0,"ocean_custom_retina_logo":0,"ocean_custom_logo_max_width":0,"ocean_custom_logo_tablet_max_width":0,"ocean_custom_logo_mobile_max_width":0,"ocean_custom_logo_max_height":0,"ocean_custom_logo_tablet_max_height":0,"ocean_custom_logo_mobile_max_height":0,"ocean_header_custom_menu":"","ocean_menu_typo_font_family":"","ocean_menu_typo_font_subset":"","ocean_menu_typo_font_size":0,"ocean_menu_typo_font_size_tablet":0,"ocean_menu_typo_font_size_mobile":0,"ocean_menu_typo_font_size_unit":"px","ocean_menu_typo_font_weight":"","ocean_menu_typo_font_weight_tablet":"","ocean_menu_typo_font_weight_mobile":"","ocean_menu_typo_transform":"","ocean_menu_typo_transform_tablet":"","ocean_menu_typo_transform_mobile":"","ocean_menu_typo_line_height":0,"ocean_menu_typo_line_height_tablet":0,"ocean_menu_typo_line_height_mobile":0,"ocean_menu_typo_line_height_unit":"","ocean_menu_typo_spacing":0,"ocean_menu_typo_spacing_tablet":0,"ocean_menu_typo_spacing_mobile":0,"ocean_menu_typo_spacing_unit":"","ocean_menu_link_color":"","ocean_menu_link_color_hover":"","ocean_menu_link_color_active":"","ocean_menu_link_background":"","ocean_menu_link_hover_background":"","ocean_menu_link_active_background":"","ocean_menu_social_links_bg":"","ocean_menu_social_hover_links_bg":"","ocean_menu_social_links_color":"","ocean_menu_social_hover_links_color":"","ocean_disable_title":"default","ocean_disable_heading":"default","ocean_post_title":"","ocean_post_subheading":"","ocean_post_title_style":"","ocean_post_title_background_color":"","ocean_post_title_background":0,"ocean_post_title_bg_image_position":"","ocean_post_title_bg_image_attachment":"","ocean_post_title_bg_image_repeat":"","ocean_post_title_bg_image_size":"","ocean_post_title_height":0,"ocean_post_title_bg_overlay":0.5,"ocean_post_title_bg_overlay_color":"","ocean_disable_breadcrumbs":"default","ocean_breadcrumbs_color":"","ocean_breadcrumbs_separator_color":"","ocean_breadcrumbs_links_color":"","ocean_breadcrumbs_links_hover_color":"","ocean_display_footer_widgets":"default","ocean_display_footer_bottom":"default","ocean_custom_footer_template":"","_vp_format_video_url":"","_vp_image_focal_point":[],"footnotes":""},"portfolio_category":[],"portfolio_tag":[],"class_list":["post-5049","portfolio","type-portfolio","status-publish","format-standard","has-post-thumbnail","hentry","entry","has-media"],"yoast_head":"<!-- This site is optimized with the Yoast SEO plugin v25.2 - https:\/\/yoast.com\/wordpress\/plugins\/seo\/ -->\n<title>Interi\u00e9rov\u00fd design - N\u00e1vrh interi\u00e9ru bytu ve stylu high tech - design-award.cz<\/title>\n<meta name=\"robots\" content=\"index, follow, max-snippet:-1, max-image-preview:large, max-video-preview:-1\" \/>\n<link rel=\"canonical\" href=\"https:\/\/www.design-award.cz\/?portfolio=interierovy-design-navrh-interieru-bytu-ve-stylu-high-tech\" \/>\n<meta property=\"og:locale\" content=\"cs_CZ\" \/>\n<meta property=\"og:type\" content=\"article\" \/>\n<meta property=\"og:title\" content=\"Interi\u00e9rov\u00fd design - N\u00e1vrh interi\u00e9ru bytu ve stylu high tech - design-award.cz\" \/>\n<meta property=\"og:description\" content=\"Tereza Stan\u00edkov\u00e1 St\u0159edn\u00ed um\u011bleckopr\u016fmyslov\u00e1 \u0161kola hudebn\u00edch n\u00e1stroj\u016f a n\u00e1bytku, Hradec Kr\u00e1lov\u00e9 High tech je styl interi\u00e9rov\u00e9ho designu, kter\u00fd vznikl v 70.letech 20. stolet\u00ed. Tento styl klade d\u016fraz na funk\u010dnost, technickou dokonalost a \u010dist\u00e9 linie. V interi\u00e9ru se \u010dasto objevuj\u00ed prvky, kter\u00e9 p\u0159ipom\u00ednaj\u00ed industri\u00e1ln\u00ed prost\u0159ed\u00ed, jako jsou odkryt\u00e9 konstrukce, kovov\u00e9 detaily, sklen\u011bn\u00e9 plochy, betonov\u00e9 st\u011bny nebo [&hellip;]\" \/>\n<meta property=\"og:url\" content=\"https:\/\/www.design-award.cz\/?portfolio=interierovy-design-navrh-interieru-bytu-ve-stylu-high-tech\" \/>\n<meta property=\"og:site_name\" content=\"design-award.cz\" \/>\n<meta property=\"article:modified_time\" content=\"2025-06-25T09:04:20+00:00\" \/>\n<meta property=\"og:image\" content=\"http:\/\/www.design-award.cz\/wp-content\/uploads\/2025\/06\/vizualizace1-scaled.jpg\" \/>\n\t<meta property=\"og:image:width\" content=\"2560\" \/>\n\t<meta property=\"og:image:height\" content=\"1440\" \/>\n\t<meta property=\"og:image:type\" content=\"image\/jpeg\" \/>\n<meta name=\"twitter:card\" content=\"summary_large_image\" \/>\n<meta name=\"twitter:label1\" content=\"Odhadovan\u00e1 doba \u010dten\u00ed\" \/>\n\t<meta name=\"twitter:data1\" content=\"3 minuty\" \/>\n<script type=\"application\/ld+json\" class=\"yoast-schema-graph\">{\"@context\":\"https:\/\/schema.org\",\"@graph\":[{\"@type\":\"WebPage\",\"@id\":\"https:\/\/www.design-award.cz\/?portfolio=interierovy-design-navrh-interieru-bytu-ve-stylu-high-tech\",\"url\":\"https:\/\/www.design-award.cz\/?portfolio=interierovy-design-navrh-interieru-bytu-ve-stylu-high-tech\",\"name\":\"Interi\u00e9rov\u00fd design - N\u00e1vrh interi\u00e9ru bytu ve stylu high tech - design-award.cz\",\"isPartOf\":{\"@id\":\"https:\/\/www.design-award.cz\/#website\"},\"primaryImageOfPage\":{\"@id\":\"https:\/\/www.design-award.cz\/?portfolio=interierovy-design-navrh-interieru-bytu-ve-stylu-high-tech#primaryimage\"},\"image\":{\"@id\":\"https:\/\/www.design-award.cz\/?portfolio=interierovy-design-navrh-interieru-bytu-ve-stylu-high-tech#primaryimage\"},\"thumbnailUrl\":\"https:\/\/www.design-award.cz\/wp-content\/uploads\/2025\/06\/vizualizace1-scaled.jpg\",\"datePublished\":\"2025-06-25T07:54:39+00:00\",\"dateModified\":\"2025-06-25T09:04:20+00:00\",\"breadcrumb\":{\"@id\":\"https:\/\/www.design-award.cz\/?portfolio=interierovy-design-navrh-interieru-bytu-ve-stylu-high-tech#breadcrumb\"},\"inLanguage\":\"cs\",\"potentialAction\":[{\"@type\":\"ReadAction\",\"target\":[\"https:\/\/www.design-award.cz\/?portfolio=interierovy-design-navrh-interieru-bytu-ve-stylu-high-tech\"]}]},{\"@type\":\"ImageObject\",\"inLanguage\":\"cs\",\"@id\":\"https:\/\/www.design-award.cz\/?portfolio=interierovy-design-navrh-interieru-bytu-ve-stylu-high-tech#primaryimage\",\"url\":\"https:\/\/www.design-award.cz\/wp-content\/uploads\/2025\/06\/vizualizace1-scaled.jpg\",\"contentUrl\":\"https:\/\/www.design-award.cz\/wp-content\/uploads\/2025\/06\/vizualizace1-scaled.jpg\",\"width\":2560,\"height\":1440},{\"@type\":\"BreadcrumbList\",\"@id\":\"https:\/\/www.design-award.cz\/?portfolio=interierovy-design-navrh-interieru-bytu-ve-stylu-high-tech#breadcrumb\",\"itemListElement\":[{\"@type\":\"ListItem\",\"position\":1,\"name\":\"Dom\u016f\",\"item\":\"https:\/\/www.design-award.cz\/\"},{\"@type\":\"ListItem\",\"position\":2,\"name\":\"Portfolio Items\",\"item\":\"https:\/\/www.design-award.cz\/?post_type=portfolio\"},{\"@type\":\"ListItem\",\"position\":3,\"name\":\"Interi\u00e9rov\u00fd design &#8211; N\u00e1vrh interi\u00e9ru bytu ve stylu high tech\"}]},{\"@type\":\"WebSite\",\"@id\":\"https:\/\/www.design-award.cz\/#website\",\"url\":\"https:\/\/www.design-award.cz\/\",\"name\":\"design-award.cz\",\"description\":\"WARD vznikla v roce 2022. Je ur\u010dena p\u0159edev\u0161\u00edm student\u016fm st\u0159edn\u00edch um\u011bleck\u00fdch \u0161kol (S\u0160 a VO\u0160), kte\u0159\u00ed mohou bezplatn\u011b zaslat sv\u00e9 n\u00e1vrhy v uveden\u00fdch kategori\u00ed a tak pom\u011b\u0159it sv\u00e9 n\u00e1pady s konkurenc\u00ed sv\u00fdch vrstevn\u00edk\u016f. N\u00e1vrhy jsou n\u00e1sledn\u011b posouzeny nez\u00e1vislou porotou z \u0159ad v\u00fdtvarn\u00edk\u016f, pedagog\u016f a profesion\u00e1l\u016f z oboru.\",\"publisher\":{\"@id\":\"https:\/\/www.design-award.cz\/#organization\"},\"potentialAction\":[{\"@type\":\"SearchAction\",\"target\":{\"@type\":\"EntryPoint\",\"urlTemplate\":\"https:\/\/www.design-award.cz\/?s={search_term_string}\"},\"query-input\":{\"@type\":\"PropertyValueSpecification\",\"valueRequired\":true,\"valueName\":\"search_term_string\"}}],\"inLanguage\":\"cs\"},{\"@type\":\"Organization\",\"@id\":\"https:\/\/www.design-award.cz\/#organization\",\"name\":\"Design Award\",\"url\":\"https:\/\/www.design-award.cz\/\",\"logo\":{\"@type\":\"ImageObject\",\"inLanguage\":\"cs\",\"@id\":\"https:\/\/www.design-award.cz\/#\/schema\/logo\/image\/\",\"url\":\"http:\/\/www.design-award.cz\/wp-content\/uploads\/2021\/12\/hornilogo_design-award.png\",\"contentUrl\":\"http:\/\/www.design-award.cz\/wp-content\/uploads\/2021\/12\/hornilogo_design-award.png\",\"width\":800,\"height\":600,\"caption\":\"Design Award\"},\"image\":{\"@id\":\"https:\/\/www.design-award.cz\/#\/schema\/logo\/image\/\"},\"sameAs\":[\"https:\/\/www.instagram.com\/design_award\/\"]}]}<\/script>\n<!-- \/ Yoast SEO plugin. -->","yoast_head_json":{"title":"Interi\u00e9rov\u00fd design - N\u00e1vrh interi\u00e9ru bytu ve stylu high tech - design-award.cz","robots":{"index":"index","follow":"follow","max-snippet":"max-snippet:-1","max-image-preview":"max-image-preview:large","max-video-preview":"max-video-preview:-1"},"canonical":"https:\/\/www.design-award.cz\/?portfolio=interierovy-design-navrh-interieru-bytu-ve-stylu-high-tech","og_locale":"cs_CZ","og_type":"article","og_title":"Interi\u00e9rov\u00fd design - N\u00e1vrh interi\u00e9ru bytu ve stylu high tech - design-award.cz","og_description":"Tereza Stan\u00edkov\u00e1 St\u0159edn\u00ed um\u011bleckopr\u016fmyslov\u00e1 \u0161kola hudebn\u00edch n\u00e1stroj\u016f a n\u00e1bytku, Hradec Kr\u00e1lov\u00e9 High tech je styl interi\u00e9rov\u00e9ho designu, kter\u00fd vznikl v 70.letech 20. stolet\u00ed. Tento styl klade d\u016fraz na funk\u010dnost, technickou dokonalost a \u010dist\u00e9 linie. V interi\u00e9ru se \u010dasto objevuj\u00ed prvky, kter\u00e9 p\u0159ipom\u00ednaj\u00ed industri\u00e1ln\u00ed prost\u0159ed\u00ed, jako jsou odkryt\u00e9 konstrukce, kovov\u00e9 detaily, sklen\u011bn\u00e9 plochy, betonov\u00e9 st\u011bny nebo [&hellip;]","og_url":"https:\/\/www.design-award.cz\/?portfolio=interierovy-design-navrh-interieru-bytu-ve-stylu-high-tech","og_site_name":"design-award.cz","article_modified_time":"2025-06-25T09:04:20+00:00","og_image":[{"width":2560,"height":1440,"url":"http:\/\/www.design-award.cz\/wp-content\/uploads\/2025\/06\/vizualizace1-scaled.jpg","type":"image\/jpeg"}],"twitter_card":"summary_large_image","twitter_misc":{"Odhadovan\u00e1 doba \u010dten\u00ed":"3 minuty"},"schema":{"@context":"https:\/\/schema.org","@graph":[{"@type":"WebPage","@id":"https:\/\/www.design-award.cz\/?portfolio=interierovy-design-navrh-interieru-bytu-ve-stylu-high-tech","url":"https:\/\/www.design-award.cz\/?portfolio=interierovy-design-navrh-interieru-bytu-ve-stylu-high-tech","name":"Interi\u00e9rov\u00fd design - N\u00e1vrh interi\u00e9ru bytu ve stylu high tech - design-award.cz","isPartOf":{"@id":"https:\/\/www.design-award.cz\/#website"},"primaryImageOfPage":{"@id":"https:\/\/www.design-award.cz\/?portfolio=interierovy-design-navrh-interieru-bytu-ve-stylu-high-tech#primaryimage"},"image":{"@id":"https:\/\/www.design-award.cz\/?portfolio=interierovy-design-navrh-interieru-bytu-ve-stylu-high-tech#primaryimage"},"thumbnailUrl":"https:\/\/www.design-award.cz\/wp-content\/uploads\/2025\/06\/vizualizace1-scaled.jpg","datePublished":"2025-06-25T07:54:39+00:00","dateModified":"2025-06-25T09:04:20+00:00","breadcrumb":{"@id":"https:\/\/www.design-award.cz\/?portfolio=interierovy-design-navrh-interieru-bytu-ve-stylu-high-tech#breadcrumb"},"inLanguage":"cs","potentialAction":[{"@type":"ReadAction","target":["https:\/\/www.design-award.cz\/?portfolio=interierovy-design-navrh-interieru-bytu-ve-stylu-high-tech"]}]},{"@type":"ImageObject","inLanguage":"cs","@id":"https:\/\/www.design-award.cz\/?portfolio=interierovy-design-navrh-interieru-bytu-ve-stylu-high-tech#primaryimage","url":"https:\/\/www.design-award.cz\/wp-content\/uploads\/2025\/06\/vizualizace1-scaled.jpg","contentUrl":"https:\/\/www.design-award.cz\/wp-content\/uploads\/2025\/06\/vizualizace1-scaled.jpg","width":2560,"height":1440},{"@type":"BreadcrumbList","@id":"https:\/\/www.design-award.cz\/?portfolio=interierovy-design-navrh-interieru-bytu-ve-stylu-high-tech#breadcrumb","itemListElement":[{"@type":"ListItem","position":1,"name":"Dom\u016f","item":"https:\/\/www.design-award.cz\/"},{"@type":"ListItem","position":2,"name":"Portfolio Items","item":"https:\/\/www.design-award.cz\/?post_type=portfolio"},{"@type":"ListItem","position":3,"name":"Interi\u00e9rov\u00fd design &#8211; N\u00e1vrh interi\u00e9ru bytu ve stylu high tech"}]},{"@type":"WebSite","@id":"https:\/\/www.design-award.cz\/#website","url":"https:\/\/www.design-award.cz\/","name":"design-award.cz","description":"WARD vznikla v roce 2022. Je ur\u010dena p\u0159edev\u0161\u00edm student\u016fm st\u0159edn\u00edch um\u011bleck\u00fdch \u0161kol (S\u0160 a VO\u0160), kte\u0159\u00ed mohou bezplatn\u011b zaslat sv\u00e9 n\u00e1vrhy v uveden\u00fdch kategori\u00ed a tak pom\u011b\u0159it sv\u00e9 n\u00e1pady s konkurenc\u00ed sv\u00fdch vrstevn\u00edk\u016f. N\u00e1vrhy jsou n\u00e1sledn\u011b posouzeny nez\u00e1vislou porotou z \u0159ad v\u00fdtvarn\u00edk\u016f, pedagog\u016f a profesion\u00e1l\u016f z oboru.","publisher":{"@id":"https:\/\/www.design-award.cz\/#organization"},"potentialAction":[{"@type":"SearchAction","target":{"@type":"EntryPoint","urlTemplate":"https:\/\/www.design-award.cz\/?s={search_term_string}"},"query-input":{"@type":"PropertyValueSpecification","valueRequired":true,"valueName":"search_term_string"}}],"inLanguage":"cs"},{"@type":"Organization","@id":"https:\/\/www.design-award.cz\/#organization","name":"Design Award","url":"https:\/\/www.design-award.cz\/","logo":{"@type":"ImageObject","inLanguage":"cs","@id":"https:\/\/www.design-award.cz\/#\/schema\/logo\/image\/","url":"http:\/\/www.design-award.cz\/wp-content\/uploads\/2021\/12\/hornilogo_design-award.png","contentUrl":"http:\/\/www.design-award.cz\/wp-content\/uploads\/2021\/12\/hornilogo_design-award.png","width":800,"height":600,"caption":"Design Award"},"image":{"@id":"https:\/\/www.design-award.cz\/#\/schema\/logo\/image\/"},"sameAs":["https:\/\/www.instagram.com\/design_award\/"]}]}},"_links":{"self":[{"href":"https:\/\/www.design-award.cz\/index.php?rest_route=\/wp\/v2\/portfolio\/5049","targetHints":{"allow":["GET"]}}],"collection":[{"href":"https:\/\/www.design-award.cz\/index.php?rest_route=\/wp\/v2\/portfolio"}],"about":[{"href":"https:\/\/www.design-award.cz\/index.php?rest_route=\/wp\/v2\/types\/portfolio"}],"author":[{"embeddable":true,"href":"https:\/\/www.design-award.cz\/index.php?rest_route=\/wp\/v2\/users\/2"}],"replies":[{"embeddable":true,"href":"https:\/\/www.design-award.cz\/index.php?rest_route=%2Fwp%2Fv2%2Fcomments&post=5049"}],"version-history":[{"count":1,"href":"https:\/\/www.design-award.cz\/index.php?rest_route=\/wp\/v2\/portfolio\/5049\/revisions"}],"predecessor-version":[{"id":5079,"href":"https:\/\/www.design-award.cz\/index.php?rest_route=\/wp\/v2\/portfolio\/5049\/revisions\/5079"}],"wp:featuredmedia":[{"embeddable":true,"href":"https:\/\/www.design-award.cz\/index.php?rest_route=\/wp\/v2\/media\/5074"}],"wp:attachment":[{"href":"https:\/\/www.design-award.cz\/index.php?rest_route=%2Fwp%2Fv2%2Fmedia&parent=5049"}],"wp:term":[{"taxonomy":"portfolio_category","embeddable":true,"href":"https:\/\/www.design-award.cz\/index.php?rest_route=%2Fwp%2Fv2%2Fportfolio_category&post=5049"},{"taxonomy":"portfolio_tag","embeddable":true,"href":"https:\/\/www.design-award.cz\/index.php?rest_route=%2Fwp%2Fv2%2Fportfolio_tag&post=5049"}],"curies":[{"name":"wp","href":"https:\/\/api.w.org\/{rel}","templated":true}]}}