{"id":5081,"date":"2025-06-25T08:56:39","date_gmt":"2025-06-25T08:56:39","guid":{"rendered":"https:\/\/www.design-award.cz\/?post_type=portfolio&#038;p=5081"},"modified":"2025-06-25T09:04:03","modified_gmt":"2025-06-25T09:04:03","slug":"interierovy-design-navrh-interieru-bytu-high-tech","status":"publish","type":"portfolio","link":"https:\/\/www.design-award.cz\/?portfolio=interierovy-design-navrh-interieru-bytu-high-tech","title":{"rendered":"Interi\u00e9rov\u00fd design &#8211; N\u00e1vrh interi\u00e9ru bytu High-Tech"},"content":{"rendered":"\n<p><strong>Ond\u0159ej Muller<\/strong><br><br>St\u0159edn\u00ed Um\u011blecko-Pr\u016fmyslov\u00e1 \u0161kola Hradec Kr\u00e1lov\u00e9 design interi\u00e9ru<br><br>Na druh\u00e9 pololet\u00ed klauzurn\u00ed pr\u00e1ce ve t\u0159et\u00edm ro\u010dn\u00edku bylo zad\u00e1no t\u00e9ma pro navr\u017een\u00ed bytu. Styly byly losovan\u00e9 a m\u016fj n\u00e1vrh je na styl high-tech. Byt jsem navrhl pro svoj\u00ed p\u0159edstavu ohledn\u011b zvuku, hudebn\u00ed produkce a akustiky. R\u00e1d pracuji s kovy a sklem, v\u017edy se sna\u017e\u00edm vymyslet n\u011b\u010d\u00edm zaj\u00edmavou estetiku co by v lidech probudila konverzaci kdyby se v takov\u00e9m to interi\u00e9ru nach\u00e1zeli. Oran\u017eov\u00e1 barva je pouk\u00e1z\u00e1na na &#8222;funk\u010dn\u00ed&#8220; p\u0159edm\u011bty; v\u011bci kter\u00e9 se h\u00fdbou, m\u016f\u017eou b\u00fdt uchopeny a pou\u017eity. J\u00e1 osobn\u011b jsem s v\u00fdsledkem nadm\u011brn\u011b spokojen a dok\u00e1zal bych si p\u0159edstavit s\u00e1m sebe v takov\u00e9mto interi\u00e9ru \u017e\u00edt.<br>Muller O.<\/p>\n\n\n\n<figure class=\"wp-block-image size-large\"><img decoding=\"async\" width=\"717\" height=\"1024\" data-src=\"http:\/\/www.design-award.cz\/wp-content\/uploads\/2025\/06\/plakat-3-1-717x1024.jpg\" alt=\"\" class=\"wp-image-5085 lazyload\" data-srcset=\"https:\/\/www.design-award.cz\/wp-content\/uploads\/2025\/06\/plakat-3-1-717x1024.jpg 717w, https:\/\/www.design-award.cz\/wp-content\/uploads\/2025\/06\/plakat-3-1-210x300.jpg 210w, https:\/\/www.design-award.cz\/wp-content\/uploads\/2025\/06\/plakat-3-1-768x1097.jpg 768w, https:\/\/www.design-award.cz\/wp-content\/uploads\/2025\/06\/plakat-3-1-1075x1536.jpg 1075w, https:\/\/www.design-award.cz\/wp-content\/uploads\/2025\/06\/plakat-3-1-1434x2048.jpg 1434w, https:\/\/www.design-award.cz\/wp-content\/uploads\/2025\/06\/plakat-3-1-500x714.jpg 500w, https:\/\/www.design-award.cz\/wp-content\/uploads\/2025\/06\/plakat-3-1-800x1143.jpg 800w, https:\/\/www.design-award.cz\/wp-content\/uploads\/2025\/06\/plakat-3-1-1280x1829.jpg 1280w, https:\/\/www.design-award.cz\/wp-content\/uploads\/2025\/06\/plakat-3-1-1920x2743.jpg 1920w, https:\/\/www.design-award.cz\/wp-content\/uploads\/2025\/06\/plakat-3-1-scaled.jpg 1792w\" data-sizes=\"(max-width: 717px) 100vw, 717px\" src=\"data:image\/svg+xml;base64,PHN2ZyB3aWR0aD0iMSIgaGVpZ2h0PSIxIiB4bWxucz0iaHR0cDovL3d3dy53My5vcmcvMjAwMC9zdmciPjwvc3ZnPg==\" style=\"--smush-placeholder-width: 717px; --smush-placeholder-aspect-ratio: 717\/1024;\" \/><\/figure>\n\n\n\n<figure class=\"wp-block-image size-large\"><img decoding=\"async\" width=\"1024\" height=\"576\" data-src=\"http:\/\/www.design-award.cz\/wp-content\/uploads\/2025\/06\/obyvak-2-psp-1024x576.jpg\" alt=\"\" class=\"wp-image-5084 lazyload\" data-srcset=\"https:\/\/www.design-award.cz\/wp-content\/uploads\/2025\/06\/obyvak-2-psp-1024x576.jpg 1024w, https:\/\/www.design-award.cz\/wp-content\/uploads\/2025\/06\/obyvak-2-psp-300x169.jpg 300w, https:\/\/www.design-award.cz\/wp-content\/uploads\/2025\/06\/obyvak-2-psp-768x432.jpg 768w, https:\/\/www.design-award.cz\/wp-content\/uploads\/2025\/06\/obyvak-2-psp-1536x864.jpg 1536w, https:\/\/www.design-award.cz\/wp-content\/uploads\/2025\/06\/obyvak-2-psp-2048x1152.jpg 2048w, https:\/\/www.design-award.cz\/wp-content\/uploads\/2025\/06\/obyvak-2-psp-800x450.jpg 800w, https:\/\/www.design-award.cz\/wp-content\/uploads\/2025\/06\/obyvak-2-psp-500x281.jpg 500w, https:\/\/www.design-award.cz\/wp-content\/uploads\/2025\/06\/obyvak-2-psp-1280x720.jpg 1280w, https:\/\/www.design-award.cz\/wp-content\/uploads\/2025\/06\/obyvak-2-psp-1920x1080.jpg 1920w\" data-sizes=\"(max-width: 1024px) 100vw, 1024px\" src=\"data:image\/svg+xml;base64,PHN2ZyB3aWR0aD0iMSIgaGVpZ2h0PSIxIiB4bWxucz0iaHR0cDovL3d3dy53My5vcmcvMjAwMC9zdmciPjwvc3ZnPg==\" style=\"--smush-placeholder-width: 1024px; --smush-placeholder-aspect-ratio: 1024\/576;\" \/><\/figure>\n\n\n\n<figure class=\"wp-block-image size-large\"><img decoding=\"async\" width=\"1024\" height=\"576\" data-src=\"http:\/\/www.design-award.cz\/wp-content\/uploads\/2025\/06\/loznice-1-psp-1024x576.jpg\" alt=\"\" class=\"wp-image-5082 lazyload\" data-srcset=\"https:\/\/www.design-award.cz\/wp-content\/uploads\/2025\/06\/loznice-1-psp-1024x576.jpg 1024w, https:\/\/www.design-award.cz\/wp-content\/uploads\/2025\/06\/loznice-1-psp-300x169.jpg 300w, https:\/\/www.design-award.cz\/wp-content\/uploads\/2025\/06\/loznice-1-psp-768x432.jpg 768w, https:\/\/www.design-award.cz\/wp-content\/uploads\/2025\/06\/loznice-1-psp-1536x864.jpg 1536w, https:\/\/www.design-award.cz\/wp-content\/uploads\/2025\/06\/loznice-1-psp-2048x1152.jpg 2048w, https:\/\/www.design-award.cz\/wp-content\/uploads\/2025\/06\/loznice-1-psp-800x450.jpg 800w, https:\/\/www.design-award.cz\/wp-content\/uploads\/2025\/06\/loznice-1-psp-500x281.jpg 500w, https:\/\/www.design-award.cz\/wp-content\/uploads\/2025\/06\/loznice-1-psp-1280x720.jpg 1280w, https:\/\/www.design-award.cz\/wp-content\/uploads\/2025\/06\/loznice-1-psp-1920x1080.jpg 1920w\" data-sizes=\"(max-width: 1024px) 100vw, 1024px\" src=\"data:image\/svg+xml;base64,PHN2ZyB3aWR0aD0iMSIgaGVpZ2h0PSIxIiB4bWxucz0iaHR0cDovL3d3dy53My5vcmcvMjAwMC9zdmciPjwvc3ZnPg==\" style=\"--smush-placeholder-width: 1024px; --smush-placeholder-aspect-ratio: 1024\/576;\" \/><\/figure>\n\n\n\n<figure class=\"wp-block-image size-large\"><img decoding=\"async\" width=\"1024\" height=\"724\" data-src=\"http:\/\/www.design-award.cz\/wp-content\/uploads\/2025\/06\/pudorys-klauzura-2-barvy-1024x724.jpg\" alt=\"\" class=\"wp-image-5086 lazyload\" data-srcset=\"https:\/\/www.design-award.cz\/wp-content\/uploads\/2025\/06\/pudorys-klauzura-2-barvy-1024x724.jpg 1024w, https:\/\/www.design-award.cz\/wp-content\/uploads\/2025\/06\/pudorys-klauzura-2-barvy-300x212.jpg 300w, https:\/\/www.design-award.cz\/wp-content\/uploads\/2025\/06\/pudorys-klauzura-2-barvy-768x543.jpg 768w, https:\/\/www.design-award.cz\/wp-content\/uploads\/2025\/06\/pudorys-klauzura-2-barvy-1536x1086.jpg 1536w, https:\/\/www.design-award.cz\/wp-content\/uploads\/2025\/06\/pudorys-klauzura-2-barvy-2048x1448.jpg 2048w, https:\/\/www.design-award.cz\/wp-content\/uploads\/2025\/06\/pudorys-klauzura-2-barvy-500x354.jpg 500w, https:\/\/www.design-award.cz\/wp-content\/uploads\/2025\/06\/pudorys-klauzura-2-barvy-800x566.jpg 800w, https:\/\/www.design-award.cz\/wp-content\/uploads\/2025\/06\/pudorys-klauzura-2-barvy-1280x905.jpg 1280w, https:\/\/www.design-award.cz\/wp-content\/uploads\/2025\/06\/pudorys-klauzura-2-barvy-1920x1358.jpg 1920w\" data-sizes=\"(max-width: 1024px) 100vw, 1024px\" src=\"data:image\/svg+xml;base64,PHN2ZyB3aWR0aD0iMSIgaGVpZ2h0PSIxIiB4bWxucz0iaHR0cDovL3d3dy53My5vcmcvMjAwMC9zdmciPjwvc3ZnPg==\" style=\"--smush-placeholder-width: 1024px; --smush-placeholder-aspect-ratio: 1024\/724;\" \/><\/figure>\n","protected":false},"excerpt":{"rendered":"<p>Ond\u0159ej Muller St\u0159edn\u00ed Um\u011blecko-Pr\u016fmyslov\u00e1 \u0161kola Hradec Kr\u00e1lov\u00e9 design interi\u00e9ru Na druh\u00e9 pololet\u00ed klauzurn\u00ed pr\u00e1ce ve t\u0159et\u00edm ro\u010dn\u00edku bylo zad\u00e1no t\u00e9ma pro navr\u017een\u00ed bytu. Styly byly losovan\u00e9 a m\u016fj n\u00e1vrh je na styl high-tech. Byt jsem navrhl pro svoj\u00ed p\u0159edstavu ohledn\u011b zvuku, hudebn\u00ed produkce a akustiky. R\u00e1d pracuji s kovy a sklem, v\u017edy se sna\u017e\u00edm vymyslet [&hellip;]<\/p>\n","protected":false},"author":2,"featured_media":5083,"menu_order":0,"comment_status":"closed","ping_status":"closed","template":"","format":"standard","meta":{"ngg_post_thumbnail":0,"ocean_post_layout":"","ocean_both_sidebars_style":"","ocean_both_sidebars_content_width":0,"ocean_both_sidebars_sidebars_width":0,"ocean_sidebar":"","ocean_second_sidebar":"","ocean_disable_margins":"enable","ocean_add_body_class":"","ocean_shortcode_before_top_bar":"","ocean_shortcode_after_top_bar":"","ocean_shortcode_before_header":"","ocean_shortcode_after_header":"","ocean_has_shortcode":"","ocean_shortcode_after_title":"","ocean_shortcode_before_footer_widgets":"","ocean_shortcode_after_footer_widgets":"","ocean_shortcode_before_footer_bottom":"","ocean_shortcode_after_footer_bottom":"","ocean_display_top_bar":"default","ocean_display_header":"default","ocean_header_style":"","ocean_center_header_left_menu":"","ocean_custom_header_template":"","ocean_custom_logo":0,"ocean_custom_retina_logo":0,"ocean_custom_logo_max_width":0,"ocean_custom_logo_tablet_max_width":0,"ocean_custom_logo_mobile_max_width":0,"ocean_custom_logo_max_height":0,"ocean_custom_logo_tablet_max_height":0,"ocean_custom_logo_mobile_max_height":0,"ocean_header_custom_menu":"","ocean_menu_typo_font_family":"","ocean_menu_typo_font_subset":"","ocean_menu_typo_font_size":0,"ocean_menu_typo_font_size_tablet":0,"ocean_menu_typo_font_size_mobile":0,"ocean_menu_typo_font_size_unit":"px","ocean_menu_typo_font_weight":"","ocean_menu_typo_font_weight_tablet":"","ocean_menu_typo_font_weight_mobile":"","ocean_menu_typo_transform":"","ocean_menu_typo_transform_tablet":"","ocean_menu_typo_transform_mobile":"","ocean_menu_typo_line_height":0,"ocean_menu_typo_line_height_tablet":0,"ocean_menu_typo_line_height_mobile":0,"ocean_menu_typo_line_height_unit":"","ocean_menu_typo_spacing":0,"ocean_menu_typo_spacing_tablet":0,"ocean_menu_typo_spacing_mobile":0,"ocean_menu_typo_spacing_unit":"","ocean_menu_link_color":"","ocean_menu_link_color_hover":"","ocean_menu_link_color_active":"","ocean_menu_link_background":"","ocean_menu_link_hover_background":"","ocean_menu_link_active_background":"","ocean_menu_social_links_bg":"","ocean_menu_social_hover_links_bg":"","ocean_menu_social_links_color":"","ocean_menu_social_hover_links_color":"","ocean_disable_title":"default","ocean_disable_heading":"default","ocean_post_title":"","ocean_post_subheading":"","ocean_post_title_style":"","ocean_post_title_background_color":"","ocean_post_title_background":0,"ocean_post_title_bg_image_position":"","ocean_post_title_bg_image_attachment":"","ocean_post_title_bg_image_repeat":"","ocean_post_title_bg_image_size":"","ocean_post_title_height":0,"ocean_post_title_bg_overlay":0.5,"ocean_post_title_bg_overlay_color":"","ocean_disable_breadcrumbs":"default","ocean_breadcrumbs_color":"","ocean_breadcrumbs_separator_color":"","ocean_breadcrumbs_links_color":"","ocean_breadcrumbs_links_hover_color":"","ocean_display_footer_widgets":"default","ocean_display_footer_bottom":"default","ocean_custom_footer_template":"","_vp_format_video_url":"","_vp_image_focal_point":[],"footnotes":""},"portfolio_category":[],"portfolio_tag":[],"class_list":["post-5081","portfolio","type-portfolio","status-publish","format-standard","has-post-thumbnail","hentry","entry","has-media"],"yoast_head":"<!-- This site is optimized with the Yoast SEO plugin v25.2 - https:\/\/yoast.com\/wordpress\/plugins\/seo\/ -->\n<title>Interi\u00e9rov\u00fd design - N\u00e1vrh interi\u00e9ru bytu High-Tech - design-award.cz<\/title>\n<meta name=\"robots\" content=\"index, follow, max-snippet:-1, max-image-preview:large, max-video-preview:-1\" \/>\n<link rel=\"canonical\" href=\"https:\/\/www.design-award.cz\/?portfolio=interierovy-design-navrh-interieru-bytu-high-tech\" \/>\n<meta property=\"og:locale\" content=\"cs_CZ\" \/>\n<meta property=\"og:type\" content=\"article\" \/>\n<meta property=\"og:title\" content=\"Interi\u00e9rov\u00fd design - N\u00e1vrh interi\u00e9ru bytu High-Tech - design-award.cz\" \/>\n<meta property=\"og:description\" content=\"Ond\u0159ej Muller St\u0159edn\u00ed Um\u011blecko-Pr\u016fmyslov\u00e1 \u0161kola Hradec Kr\u00e1lov\u00e9 design interi\u00e9ru Na druh\u00e9 pololet\u00ed klauzurn\u00ed pr\u00e1ce ve t\u0159et\u00edm ro\u010dn\u00edku bylo zad\u00e1no t\u00e9ma pro navr\u017een\u00ed bytu. Styly byly losovan\u00e9 a m\u016fj n\u00e1vrh je na styl high-tech. Byt jsem navrhl pro svoj\u00ed p\u0159edstavu ohledn\u011b zvuku, hudebn\u00ed produkce a akustiky. R\u00e1d pracuji s kovy a sklem, v\u017edy se sna\u017e\u00edm vymyslet [&hellip;]\" \/>\n<meta property=\"og:url\" content=\"https:\/\/www.design-award.cz\/?portfolio=interierovy-design-navrh-interieru-bytu-high-tech\" \/>\n<meta property=\"og:site_name\" content=\"design-award.cz\" \/>\n<meta property=\"article:modified_time\" content=\"2025-06-25T09:04:03+00:00\" \/>\n<meta property=\"og:image\" content=\"http:\/\/www.design-award.cz\/wp-content\/uploads\/2025\/06\/obyvak-1-psp-scaled.jpg\" \/>\n\t<meta property=\"og:image:width\" content=\"2560\" \/>\n\t<meta property=\"og:image:height\" content=\"1440\" \/>\n\t<meta property=\"og:image:type\" content=\"image\/jpeg\" \/>\n<meta name=\"twitter:card\" content=\"summary_large_image\" \/>\n<meta name=\"twitter:label1\" content=\"Odhadovan\u00e1 doba \u010dten\u00ed\" \/>\n\t<meta name=\"twitter:data1\" content=\"2 minuty\" \/>\n<script type=\"application\/ld+json\" class=\"yoast-schema-graph\">{\"@context\":\"https:\/\/schema.org\",\"@graph\":[{\"@type\":\"WebPage\",\"@id\":\"https:\/\/www.design-award.cz\/?portfolio=interierovy-design-navrh-interieru-bytu-high-tech\",\"url\":\"https:\/\/www.design-award.cz\/?portfolio=interierovy-design-navrh-interieru-bytu-high-tech\",\"name\":\"Interi\u00e9rov\u00fd design - N\u00e1vrh interi\u00e9ru bytu High-Tech - design-award.cz\",\"isPartOf\":{\"@id\":\"https:\/\/www.design-award.cz\/#website\"},\"primaryImageOfPage\":{\"@id\":\"https:\/\/www.design-award.cz\/?portfolio=interierovy-design-navrh-interieru-bytu-high-tech#primaryimage\"},\"image\":{\"@id\":\"https:\/\/www.design-award.cz\/?portfolio=interierovy-design-navrh-interieru-bytu-high-tech#primaryimage\"},\"thumbnailUrl\":\"https:\/\/www.design-award.cz\/wp-content\/uploads\/2025\/06\/obyvak-1-psp-scaled.jpg\",\"datePublished\":\"2025-06-25T08:56:39+00:00\",\"dateModified\":\"2025-06-25T09:04:03+00:00\",\"breadcrumb\":{\"@id\":\"https:\/\/www.design-award.cz\/?portfolio=interierovy-design-navrh-interieru-bytu-high-tech#breadcrumb\"},\"inLanguage\":\"cs\",\"potentialAction\":[{\"@type\":\"ReadAction\",\"target\":[\"https:\/\/www.design-award.cz\/?portfolio=interierovy-design-navrh-interieru-bytu-high-tech\"]}]},{\"@type\":\"ImageObject\",\"inLanguage\":\"cs\",\"@id\":\"https:\/\/www.design-award.cz\/?portfolio=interierovy-design-navrh-interieru-bytu-high-tech#primaryimage\",\"url\":\"https:\/\/www.design-award.cz\/wp-content\/uploads\/2025\/06\/obyvak-1-psp-scaled.jpg\",\"contentUrl\":\"https:\/\/www.design-award.cz\/wp-content\/uploads\/2025\/06\/obyvak-1-psp-scaled.jpg\",\"width\":2560,\"height\":1440},{\"@type\":\"BreadcrumbList\",\"@id\":\"https:\/\/www.design-award.cz\/?portfolio=interierovy-design-navrh-interieru-bytu-high-tech#breadcrumb\",\"itemListElement\":[{\"@type\":\"ListItem\",\"position\":1,\"name\":\"Dom\u016f\",\"item\":\"https:\/\/www.design-award.cz\/\"},{\"@type\":\"ListItem\",\"position\":2,\"name\":\"Portfolio Items\",\"item\":\"https:\/\/www.design-award.cz\/?post_type=portfolio\"},{\"@type\":\"ListItem\",\"position\":3,\"name\":\"Interi\u00e9rov\u00fd design &#8211; N\u00e1vrh interi\u00e9ru bytu High-Tech\"}]},{\"@type\":\"WebSite\",\"@id\":\"https:\/\/www.design-award.cz\/#website\",\"url\":\"https:\/\/www.design-award.cz\/\",\"name\":\"design-award.cz\",\"description\":\"WARD vznikla v roce 2022. Je ur\u010dena p\u0159edev\u0161\u00edm student\u016fm st\u0159edn\u00edch um\u011bleck\u00fdch \u0161kol (S\u0160 a VO\u0160), kte\u0159\u00ed mohou bezplatn\u011b zaslat sv\u00e9 n\u00e1vrhy v uveden\u00fdch kategori\u00ed a tak pom\u011b\u0159it sv\u00e9 n\u00e1pady s konkurenc\u00ed sv\u00fdch vrstevn\u00edk\u016f. N\u00e1vrhy jsou n\u00e1sledn\u011b posouzeny nez\u00e1vislou porotou z \u0159ad v\u00fdtvarn\u00edk\u016f, pedagog\u016f a profesion\u00e1l\u016f z oboru.\",\"publisher\":{\"@id\":\"https:\/\/www.design-award.cz\/#organization\"},\"potentialAction\":[{\"@type\":\"SearchAction\",\"target\":{\"@type\":\"EntryPoint\",\"urlTemplate\":\"https:\/\/www.design-award.cz\/?s={search_term_string}\"},\"query-input\":{\"@type\":\"PropertyValueSpecification\",\"valueRequired\":true,\"valueName\":\"search_term_string\"}}],\"inLanguage\":\"cs\"},{\"@type\":\"Organization\",\"@id\":\"https:\/\/www.design-award.cz\/#organization\",\"name\":\"Design Award\",\"url\":\"https:\/\/www.design-award.cz\/\",\"logo\":{\"@type\":\"ImageObject\",\"inLanguage\":\"cs\",\"@id\":\"https:\/\/www.design-award.cz\/#\/schema\/logo\/image\/\",\"url\":\"http:\/\/www.design-award.cz\/wp-content\/uploads\/2021\/12\/hornilogo_design-award.png\",\"contentUrl\":\"http:\/\/www.design-award.cz\/wp-content\/uploads\/2021\/12\/hornilogo_design-award.png\",\"width\":800,\"height\":600,\"caption\":\"Design Award\"},\"image\":{\"@id\":\"https:\/\/www.design-award.cz\/#\/schema\/logo\/image\/\"},\"sameAs\":[\"https:\/\/www.instagram.com\/design_award\/\"]}]}<\/script>\n<!-- \/ Yoast SEO plugin. -->","yoast_head_json":{"title":"Interi\u00e9rov\u00fd design - N\u00e1vrh interi\u00e9ru bytu High-Tech - design-award.cz","robots":{"index":"index","follow":"follow","max-snippet":"max-snippet:-1","max-image-preview":"max-image-preview:large","max-video-preview":"max-video-preview:-1"},"canonical":"https:\/\/www.design-award.cz\/?portfolio=interierovy-design-navrh-interieru-bytu-high-tech","og_locale":"cs_CZ","og_type":"article","og_title":"Interi\u00e9rov\u00fd design - N\u00e1vrh interi\u00e9ru bytu High-Tech - design-award.cz","og_description":"Ond\u0159ej Muller St\u0159edn\u00ed Um\u011blecko-Pr\u016fmyslov\u00e1 \u0161kola Hradec Kr\u00e1lov\u00e9 design interi\u00e9ru Na druh\u00e9 pololet\u00ed klauzurn\u00ed pr\u00e1ce ve t\u0159et\u00edm ro\u010dn\u00edku bylo zad\u00e1no t\u00e9ma pro navr\u017een\u00ed bytu. Styly byly losovan\u00e9 a m\u016fj n\u00e1vrh je na styl high-tech. Byt jsem navrhl pro svoj\u00ed p\u0159edstavu ohledn\u011b zvuku, hudebn\u00ed produkce a akustiky. R\u00e1d pracuji s kovy a sklem, v\u017edy se sna\u017e\u00edm vymyslet [&hellip;]","og_url":"https:\/\/www.design-award.cz\/?portfolio=interierovy-design-navrh-interieru-bytu-high-tech","og_site_name":"design-award.cz","article_modified_time":"2025-06-25T09:04:03+00:00","og_image":[{"width":2560,"height":1440,"url":"http:\/\/www.design-award.cz\/wp-content\/uploads\/2025\/06\/obyvak-1-psp-scaled.jpg","type":"image\/jpeg"}],"twitter_card":"summary_large_image","twitter_misc":{"Odhadovan\u00e1 doba \u010dten\u00ed":"2 minuty"},"schema":{"@context":"https:\/\/schema.org","@graph":[{"@type":"WebPage","@id":"https:\/\/www.design-award.cz\/?portfolio=interierovy-design-navrh-interieru-bytu-high-tech","url":"https:\/\/www.design-award.cz\/?portfolio=interierovy-design-navrh-interieru-bytu-high-tech","name":"Interi\u00e9rov\u00fd design - N\u00e1vrh interi\u00e9ru bytu High-Tech - design-award.cz","isPartOf":{"@id":"https:\/\/www.design-award.cz\/#website"},"primaryImageOfPage":{"@id":"https:\/\/www.design-award.cz\/?portfolio=interierovy-design-navrh-interieru-bytu-high-tech#primaryimage"},"image":{"@id":"https:\/\/www.design-award.cz\/?portfolio=interierovy-design-navrh-interieru-bytu-high-tech#primaryimage"},"thumbnailUrl":"https:\/\/www.design-award.cz\/wp-content\/uploads\/2025\/06\/obyvak-1-psp-scaled.jpg","datePublished":"2025-06-25T08:56:39+00:00","dateModified":"2025-06-25T09:04:03+00:00","breadcrumb":{"@id":"https:\/\/www.design-award.cz\/?portfolio=interierovy-design-navrh-interieru-bytu-high-tech#breadcrumb"},"inLanguage":"cs","potentialAction":[{"@type":"ReadAction","target":["https:\/\/www.design-award.cz\/?portfolio=interierovy-design-navrh-interieru-bytu-high-tech"]}]},{"@type":"ImageObject","inLanguage":"cs","@id":"https:\/\/www.design-award.cz\/?portfolio=interierovy-design-navrh-interieru-bytu-high-tech#primaryimage","url":"https:\/\/www.design-award.cz\/wp-content\/uploads\/2025\/06\/obyvak-1-psp-scaled.jpg","contentUrl":"https:\/\/www.design-award.cz\/wp-content\/uploads\/2025\/06\/obyvak-1-psp-scaled.jpg","width":2560,"height":1440},{"@type":"BreadcrumbList","@id":"https:\/\/www.design-award.cz\/?portfolio=interierovy-design-navrh-interieru-bytu-high-tech#breadcrumb","itemListElement":[{"@type":"ListItem","position":1,"name":"Dom\u016f","item":"https:\/\/www.design-award.cz\/"},{"@type":"ListItem","position":2,"name":"Portfolio Items","item":"https:\/\/www.design-award.cz\/?post_type=portfolio"},{"@type":"ListItem","position":3,"name":"Interi\u00e9rov\u00fd design &#8211; N\u00e1vrh interi\u00e9ru bytu High-Tech"}]},{"@type":"WebSite","@id":"https:\/\/www.design-award.cz\/#website","url":"https:\/\/www.design-award.cz\/","name":"design-award.cz","description":"WARD vznikla v roce 2022. Je ur\u010dena p\u0159edev\u0161\u00edm student\u016fm st\u0159edn\u00edch um\u011bleck\u00fdch \u0161kol (S\u0160 a VO\u0160), kte\u0159\u00ed mohou bezplatn\u011b zaslat sv\u00e9 n\u00e1vrhy v uveden\u00fdch kategori\u00ed a tak pom\u011b\u0159it sv\u00e9 n\u00e1pady s konkurenc\u00ed sv\u00fdch vrstevn\u00edk\u016f. N\u00e1vrhy jsou n\u00e1sledn\u011b posouzeny nez\u00e1vislou porotou z \u0159ad v\u00fdtvarn\u00edk\u016f, pedagog\u016f a profesion\u00e1l\u016f z oboru.","publisher":{"@id":"https:\/\/www.design-award.cz\/#organization"},"potentialAction":[{"@type":"SearchAction","target":{"@type":"EntryPoint","urlTemplate":"https:\/\/www.design-award.cz\/?s={search_term_string}"},"query-input":{"@type":"PropertyValueSpecification","valueRequired":true,"valueName":"search_term_string"}}],"inLanguage":"cs"},{"@type":"Organization","@id":"https:\/\/www.design-award.cz\/#organization","name":"Design Award","url":"https:\/\/www.design-award.cz\/","logo":{"@type":"ImageObject","inLanguage":"cs","@id":"https:\/\/www.design-award.cz\/#\/schema\/logo\/image\/","url":"http:\/\/www.design-award.cz\/wp-content\/uploads\/2021\/12\/hornilogo_design-award.png","contentUrl":"http:\/\/www.design-award.cz\/wp-content\/uploads\/2021\/12\/hornilogo_design-award.png","width":800,"height":600,"caption":"Design Award"},"image":{"@id":"https:\/\/www.design-award.cz\/#\/schema\/logo\/image\/"},"sameAs":["https:\/\/www.instagram.com\/design_award\/"]}]}},"_links":{"self":[{"href":"https:\/\/www.design-award.cz\/index.php?rest_route=\/wp\/v2\/portfolio\/5081","targetHints":{"allow":["GET"]}}],"collection":[{"href":"https:\/\/www.design-award.cz\/index.php?rest_route=\/wp\/v2\/portfolio"}],"about":[{"href":"https:\/\/www.design-award.cz\/index.php?rest_route=\/wp\/v2\/types\/portfolio"}],"author":[{"embeddable":true,"href":"https:\/\/www.design-award.cz\/index.php?rest_route=\/wp\/v2\/users\/2"}],"replies":[{"embeddable":true,"href":"https:\/\/www.design-award.cz\/index.php?rest_route=%2Fwp%2Fv2%2Fcomments&post=5081"}],"version-history":[{"count":1,"href":"https:\/\/www.design-award.cz\/index.php?rest_route=\/wp\/v2\/portfolio\/5081\/revisions"}],"predecessor-version":[{"id":5092,"href":"https:\/\/www.design-award.cz\/index.php?rest_route=\/wp\/v2\/portfolio\/5081\/revisions\/5092"}],"wp:featuredmedia":[{"embeddable":true,"href":"https:\/\/www.design-award.cz\/index.php?rest_route=\/wp\/v2\/media\/5083"}],"wp:attachment":[{"href":"https:\/\/www.design-award.cz\/index.php?rest_route=%2Fwp%2Fv2%2Fmedia&parent=5081"}],"wp:term":[{"taxonomy":"portfolio_category","embeddable":true,"href":"https:\/\/www.design-award.cz\/index.php?rest_route=%2Fwp%2Fv2%2Fportfolio_category&post=5081"},{"taxonomy":"portfolio_tag","embeddable":true,"href":"https:\/\/www.design-award.cz\/index.php?rest_route=%2Fwp%2Fv2%2Fportfolio_tag&post=5081"}],"curies":[{"name":"wp","href":"https:\/\/api.w.org\/{rel}","templated":true}]}}