{"id":5168,"date":"2025-06-27T06:59:31","date_gmt":"2025-06-27T06:59:31","guid":{"rendered":"https:\/\/www.design-award.cz\/?post_type=portfolio&#038;p=5168"},"modified":"2025-06-27T07:01:12","modified_gmt":"2025-06-27T07:01:12","slug":"produktovy-design-mantis","status":"publish","type":"portfolio","link":"https:\/\/www.design-award.cz\/?portfolio=produktovy-design-mantis","title":{"rendered":"Produktov\u00fd design &#8211; Mantis"},"content":{"rendered":"\n<p><strong>Radka Duch\u00e1\u010dkov\u00e1<\/strong><br><br>Vy\u0161\u0161\u00ed odborn\u00e1 \u0161kola a St\u0159edn\u00ed pr\u016fmyslov\u00e1 \u0161kola Volyn\u011b<br><br>N\u011bm\u00fd sluha Mantis je inspirovan\u00fd fascinuj\u00edc\u00edm z\u00e1stupcem hmyzu \u2013 kudlankou n\u00e1bo\u017enou. Nejv\u00fdrazn\u011bj\u0161\u00ed jsou modl\u00edc\u00ed se ruce, kter\u00e9 jsou z\u00e1rove\u0148 nejprakti\u010dt\u011bj\u0161\u00ed \u010d\u00e1st\u00ed n\u011bm\u00e9ho sluhy. Mantis nen\u00ed pouze designov\u00fdm prvkem, ale i dob\u0159e vyu\u017eiteln\u00fdm kusem n\u00e1bytku. Materi\u00e1l pou\u017eit\u00fd pro v\u00fdrobu byl masivn\u00ed buk a bukov\u00e1 p\u0159ekli\u017eka, d\u00edly jsou spojen\u00e9 pomoc\u00ed bukov\u00fdch kol\u00edk\u016f a jako povrchov\u00e1 \u00faprava byl zvolen nev\u0161edn\u00ed odst\u00edn modrozelen\u00e9 barvy.<\/p>\n\n\n\n<figure class=\"wp-block-image size-full\"><img decoding=\"async\" width=\"7000\" height=\"10000\" data-src=\"http:\/\/www.design-award.cz\/wp-content\/uploads\/2025\/06\/Duchackova_Mantis_poster.jpg\" alt=\"\" class=\"wp-image-5174 lazyload\" src=\"data:image\/svg+xml;base64,PHN2ZyB3aWR0aD0iMSIgaGVpZ2h0PSIxIiB4bWxucz0iaHR0cDovL3d3dy53My5vcmcvMjAwMC9zdmciPjwvc3ZnPg==\" style=\"--smush-placeholder-width: 7000px; --smush-placeholder-aspect-ratio: 7000\/10000;\" \/><\/figure>\n\n\n\n<figure class=\"wp-block-image size-large\"><img decoding=\"async\" width=\"575\" height=\"1024\" data-src=\"http:\/\/www.design-award.cz\/wp-content\/uploads\/2025\/06\/Duchackova_Mantis_foto1-575x1024.jpg\" alt=\"\" class=\"wp-image-5169 lazyload\" data-srcset=\"https:\/\/www.design-award.cz\/wp-content\/uploads\/2025\/06\/Duchackova_Mantis_foto1-575x1024.jpg 575w, https:\/\/www.design-award.cz\/wp-content\/uploads\/2025\/06\/Duchackova_Mantis_foto1-168x300.jpg 168w, https:\/\/www.design-award.cz\/wp-content\/uploads\/2025\/06\/Duchackova_Mantis_foto1-768x1368.jpg 768w, https:\/\/www.design-award.cz\/wp-content\/uploads\/2025\/06\/Duchackova_Mantis_foto1-862x1536.jpg 862w, https:\/\/www.design-award.cz\/wp-content\/uploads\/2025\/06\/Duchackova_Mantis_foto1-1150x2048.jpg 1150w, https:\/\/www.design-award.cz\/wp-content\/uploads\/2025\/06\/Duchackova_Mantis_foto1-500x891.jpg 500w, https:\/\/www.design-award.cz\/wp-content\/uploads\/2025\/06\/Duchackova_Mantis_foto1-800x1425.jpg 800w, https:\/\/www.design-award.cz\/wp-content\/uploads\/2025\/06\/Duchackova_Mantis_foto1-1280x2280.jpg 1280w, https:\/\/www.design-award.cz\/wp-content\/uploads\/2025\/06\/Duchackova_Mantis_foto1-1920x3420.jpg 1920w, https:\/\/www.design-award.cz\/wp-content\/uploads\/2025\/06\/Duchackova_Mantis_foto1-scaled.jpg 1437w\" data-sizes=\"(max-width: 575px) 100vw, 575px\" src=\"data:image\/svg+xml;base64,PHN2ZyB3aWR0aD0iMSIgaGVpZ2h0PSIxIiB4bWxucz0iaHR0cDovL3d3dy53My5vcmcvMjAwMC9zdmciPjwvc3ZnPg==\" style=\"--smush-placeholder-width: 575px; --smush-placeholder-aspect-ratio: 575\/1024;\" \/><\/figure>\n\n\n\n<figure class=\"wp-block-image size-large\"><img decoding=\"async\" width=\"575\" height=\"1024\" data-src=\"http:\/\/www.design-award.cz\/wp-content\/uploads\/2025\/06\/Duchackova_Mantis_foto3-575x1024.jpg\" alt=\"\" class=\"wp-image-5171 lazyload\" data-srcset=\"https:\/\/www.design-award.cz\/wp-content\/uploads\/2025\/06\/Duchackova_Mantis_foto3-575x1024.jpg 575w, https:\/\/www.design-award.cz\/wp-content\/uploads\/2025\/06\/Duchackova_Mantis_foto3-168x300.jpg 168w, https:\/\/www.design-award.cz\/wp-content\/uploads\/2025\/06\/Duchackova_Mantis_foto3-768x1369.jpg 768w, https:\/\/www.design-award.cz\/wp-content\/uploads\/2025\/06\/Duchackova_Mantis_foto3-862x1536.jpg 862w, https:\/\/www.design-award.cz\/wp-content\/uploads\/2025\/06\/Duchackova_Mantis_foto3-1149x2048.jpg 1149w, https:\/\/www.design-award.cz\/wp-content\/uploads\/2025\/06\/Duchackova_Mantis_foto3-500x891.jpg 500w, https:\/\/www.design-award.cz\/wp-content\/uploads\/2025\/06\/Duchackova_Mantis_foto3-800x1426.jpg 800w, https:\/\/www.design-award.cz\/wp-content\/uploads\/2025\/06\/Duchackova_Mantis_foto3-1280x2281.jpg 1280w, https:\/\/www.design-award.cz\/wp-content\/uploads\/2025\/06\/Duchackova_Mantis_foto3-1920x3422.jpg 1920w, https:\/\/www.design-award.cz\/wp-content\/uploads\/2025\/06\/Duchackova_Mantis_foto3-scaled.jpg 1436w\" data-sizes=\"(max-width: 575px) 100vw, 575px\" src=\"data:image\/svg+xml;base64,PHN2ZyB3aWR0aD0iMSIgaGVpZ2h0PSIxIiB4bWxucz0iaHR0cDovL3d3dy53My5vcmcvMjAwMC9zdmciPjwvc3ZnPg==\" style=\"--smush-placeholder-width: 575px; --smush-placeholder-aspect-ratio: 575\/1024;\" \/><\/figure>\n\n\n\n<figure class=\"wp-block-image size-large is-resized\"><img decoding=\"async\" width=\"1024\" height=\"724\" data-src=\"http:\/\/www.design-award.cz\/wp-content\/uploads\/2025\/06\/Duchackova_Mantis_konstrukcni_vykres-1024x724.jpg\" alt=\"\" class=\"wp-image-5172 lazyload\" style=\"--smush-placeholder-width: 1024px; --smush-placeholder-aspect-ratio: 1024\/724;width:840px;height:auto\" data-srcset=\"https:\/\/www.design-award.cz\/wp-content\/uploads\/2025\/06\/Duchackova_Mantis_konstrukcni_vykres-1024x724.jpg 1024w, https:\/\/www.design-award.cz\/wp-content\/uploads\/2025\/06\/Duchackova_Mantis_konstrukcni_vykres-300x212.jpg 300w, https:\/\/www.design-award.cz\/wp-content\/uploads\/2025\/06\/Duchackova_Mantis_konstrukcni_vykres-768x543.jpg 768w, https:\/\/www.design-award.cz\/wp-content\/uploads\/2025\/06\/Duchackova_Mantis_konstrukcni_vykres-1536x1087.jpg 1536w, https:\/\/www.design-award.cz\/wp-content\/uploads\/2025\/06\/Duchackova_Mantis_konstrukcni_vykres-2048x1449.jpg 2048w, https:\/\/www.design-award.cz\/wp-content\/uploads\/2025\/06\/Duchackova_Mantis_konstrukcni_vykres-500x354.jpg 500w, https:\/\/www.design-award.cz\/wp-content\/uploads\/2025\/06\/Duchackova_Mantis_konstrukcni_vykres-800x566.jpg 800w, https:\/\/www.design-award.cz\/wp-content\/uploads\/2025\/06\/Duchackova_Mantis_konstrukcni_vykres-1280x906.jpg 1280w, https:\/\/www.design-award.cz\/wp-content\/uploads\/2025\/06\/Duchackova_Mantis_konstrukcni_vykres-1920x1358.jpg 1920w\" data-sizes=\"(max-width: 1024px) 100vw, 1024px\" src=\"data:image\/svg+xml;base64,PHN2ZyB3aWR0aD0iMSIgaGVpZ2h0PSIxIiB4bWxucz0iaHR0cDovL3d3dy53My5vcmcvMjAwMC9zdmciPjwvc3ZnPg==\" \/><\/figure>\n","protected":false},"excerpt":{"rendered":"<p>Radka Duch\u00e1\u010dkov\u00e1 Vy\u0161\u0161\u00ed odborn\u00e1 \u0161kola a St\u0159edn\u00ed pr\u016fmyslov\u00e1 \u0161kola Volyn\u011b N\u011bm\u00fd sluha Mantis je inspirovan\u00fd fascinuj\u00edc\u00edm z\u00e1stupcem hmyzu \u2013 kudlankou n\u00e1bo\u017enou. Nejv\u00fdrazn\u011bj\u0161\u00ed jsou modl\u00edc\u00ed se ruce, kter\u00e9 jsou z\u00e1rove\u0148 nejprakti\u010dt\u011bj\u0161\u00ed \u010d\u00e1st\u00ed n\u011bm\u00e9ho sluhy. Mantis nen\u00ed pouze designov\u00fdm prvkem, ale i dob\u0159e vyu\u017eiteln\u00fdm kusem n\u00e1bytku. Materi\u00e1l pou\u017eit\u00fd pro v\u00fdrobu byl masivn\u00ed buk a bukov\u00e1 p\u0159ekli\u017eka, d\u00edly [&hellip;]<\/p>\n","protected":false},"author":2,"featured_media":5170,"menu_order":0,"comment_status":"closed","ping_status":"closed","template":"","format":"standard","meta":{"ngg_post_thumbnail":0,"ocean_post_layout":"","ocean_both_sidebars_style":"","ocean_both_sidebars_content_width":0,"ocean_both_sidebars_sidebars_width":0,"ocean_sidebar":"","ocean_second_sidebar":"","ocean_disable_margins":"enable","ocean_add_body_class":"","ocean_shortcode_before_top_bar":"","ocean_shortcode_after_top_bar":"","ocean_shortcode_before_header":"","ocean_shortcode_after_header":"","ocean_has_shortcode":"","ocean_shortcode_after_title":"","ocean_shortcode_before_footer_widgets":"","ocean_shortcode_after_footer_widgets":"","ocean_shortcode_before_footer_bottom":"","ocean_shortcode_after_footer_bottom":"","ocean_display_top_bar":"default","ocean_display_header":"default","ocean_header_style":"","ocean_center_header_left_menu":"","ocean_custom_header_template":"","ocean_custom_logo":0,"ocean_custom_retina_logo":0,"ocean_custom_logo_max_width":0,"ocean_custom_logo_tablet_max_width":0,"ocean_custom_logo_mobile_max_width":0,"ocean_custom_logo_max_height":0,"ocean_custom_logo_tablet_max_height":0,"ocean_custom_logo_mobile_max_height":0,"ocean_header_custom_menu":"","ocean_menu_typo_font_family":"","ocean_menu_typo_font_subset":"","ocean_menu_typo_font_size":0,"ocean_menu_typo_font_size_tablet":0,"ocean_menu_typo_font_size_mobile":0,"ocean_menu_typo_font_size_unit":"px","ocean_menu_typo_font_weight":"","ocean_menu_typo_font_weight_tablet":"","ocean_menu_typo_font_weight_mobile":"","ocean_menu_typo_transform":"","ocean_menu_typo_transform_tablet":"","ocean_menu_typo_transform_mobile":"","ocean_menu_typo_line_height":0,"ocean_menu_typo_line_height_tablet":0,"ocean_menu_typo_line_height_mobile":0,"ocean_menu_typo_line_height_unit":"","ocean_menu_typo_spacing":0,"ocean_menu_typo_spacing_tablet":0,"ocean_menu_typo_spacing_mobile":0,"ocean_menu_typo_spacing_unit":"","ocean_menu_link_color":"","ocean_menu_link_color_hover":"","ocean_menu_link_color_active":"","ocean_menu_link_background":"","ocean_menu_link_hover_background":"","ocean_menu_link_active_background":"","ocean_menu_social_links_bg":"","ocean_menu_social_hover_links_bg":"","ocean_menu_social_links_color":"","ocean_menu_social_hover_links_color":"","ocean_disable_title":"default","ocean_disable_heading":"default","ocean_post_title":"","ocean_post_subheading":"","ocean_post_title_style":"","ocean_post_title_background_color":"","ocean_post_title_background":0,"ocean_post_title_bg_image_position":"","ocean_post_title_bg_image_attachment":"","ocean_post_title_bg_image_repeat":"","ocean_post_title_bg_image_size":"","ocean_post_title_height":0,"ocean_post_title_bg_overlay":0.5,"ocean_post_title_bg_overlay_color":"","ocean_disable_breadcrumbs":"default","ocean_breadcrumbs_color":"","ocean_breadcrumbs_separator_color":"","ocean_breadcrumbs_links_color":"","ocean_breadcrumbs_links_hover_color":"","ocean_display_footer_widgets":"default","ocean_display_footer_bottom":"default","ocean_custom_footer_template":"","_vp_format_video_url":"","_vp_image_focal_point":[],"footnotes":""},"portfolio_category":[],"portfolio_tag":[],"class_list":["post-5168","portfolio","type-portfolio","status-publish","format-standard","has-post-thumbnail","hentry","entry","has-media"],"yoast_head":"<!-- This site is optimized with the Yoast SEO plugin v25.2 - https:\/\/yoast.com\/wordpress\/plugins\/seo\/ -->\n<title>Produktov\u00fd design - Mantis - design-award.cz<\/title>\n<meta name=\"robots\" content=\"index, follow, max-snippet:-1, max-image-preview:large, max-video-preview:-1\" \/>\n<link rel=\"canonical\" href=\"https:\/\/www.design-award.cz\/?portfolio=produktovy-design-mantis\" \/>\n<meta property=\"og:locale\" content=\"cs_CZ\" \/>\n<meta property=\"og:type\" content=\"article\" \/>\n<meta property=\"og:title\" content=\"Produktov\u00fd design - Mantis - design-award.cz\" \/>\n<meta property=\"og:description\" content=\"Radka Duch\u00e1\u010dkov\u00e1 Vy\u0161\u0161\u00ed odborn\u00e1 \u0161kola a St\u0159edn\u00ed pr\u016fmyslov\u00e1 \u0161kola Volyn\u011b N\u011bm\u00fd sluha Mantis je inspirovan\u00fd fascinuj\u00edc\u00edm z\u00e1stupcem hmyzu \u2013 kudlankou n\u00e1bo\u017enou. Nejv\u00fdrazn\u011bj\u0161\u00ed jsou modl\u00edc\u00ed se ruce, kter\u00e9 jsou z\u00e1rove\u0148 nejprakti\u010dt\u011bj\u0161\u00ed \u010d\u00e1st\u00ed n\u011bm\u00e9ho sluhy. Mantis nen\u00ed pouze designov\u00fdm prvkem, ale i dob\u0159e vyu\u017eiteln\u00fdm kusem n\u00e1bytku. Materi\u00e1l pou\u017eit\u00fd pro v\u00fdrobu byl masivn\u00ed buk a bukov\u00e1 p\u0159ekli\u017eka, d\u00edly [&hellip;]\" \/>\n<meta property=\"og:url\" content=\"https:\/\/www.design-award.cz\/?portfolio=produktovy-design-mantis\" \/>\n<meta property=\"og:site_name\" content=\"design-award.cz\" \/>\n<meta property=\"article:modified_time\" content=\"2025-06-27T07:01:12+00:00\" \/>\n<meta property=\"og:image\" content=\"http:\/\/www.design-award.cz\/wp-content\/uploads\/2025\/06\/Duchackova_Mantis_foto2-scaled.jpg\" \/>\n\t<meta property=\"og:image:width\" content=\"1437\" \/>\n\t<meta property=\"og:image:height\" content=\"2560\" \/>\n\t<meta property=\"og:image:type\" content=\"image\/jpeg\" \/>\n<meta name=\"twitter:card\" content=\"summary_large_image\" \/>\n<meta name=\"twitter:label1\" content=\"Odhadovan\u00e1 doba \u010dten\u00ed\" \/>\n\t<meta name=\"twitter:data1\" content=\"2 minuty\" \/>\n<script type=\"application\/ld+json\" class=\"yoast-schema-graph\">{\"@context\":\"https:\/\/schema.org\",\"@graph\":[{\"@type\":\"WebPage\",\"@id\":\"https:\/\/www.design-award.cz\/?portfolio=produktovy-design-mantis\",\"url\":\"https:\/\/www.design-award.cz\/?portfolio=produktovy-design-mantis\",\"name\":\"Produktov\u00fd design - Mantis - design-award.cz\",\"isPartOf\":{\"@id\":\"https:\/\/www.design-award.cz\/#website\"},\"primaryImageOfPage\":{\"@id\":\"https:\/\/www.design-award.cz\/?portfolio=produktovy-design-mantis#primaryimage\"},\"image\":{\"@id\":\"https:\/\/www.design-award.cz\/?portfolio=produktovy-design-mantis#primaryimage\"},\"thumbnailUrl\":\"https:\/\/www.design-award.cz\/wp-content\/uploads\/2025\/06\/Duchackova_Mantis_foto2-scaled.jpg\",\"datePublished\":\"2025-06-27T06:59:31+00:00\",\"dateModified\":\"2025-06-27T07:01:12+00:00\",\"breadcrumb\":{\"@id\":\"https:\/\/www.design-award.cz\/?portfolio=produktovy-design-mantis#breadcrumb\"},\"inLanguage\":\"cs\",\"potentialAction\":[{\"@type\":\"ReadAction\",\"target\":[\"https:\/\/www.design-award.cz\/?portfolio=produktovy-design-mantis\"]}]},{\"@type\":\"ImageObject\",\"inLanguage\":\"cs\",\"@id\":\"https:\/\/www.design-award.cz\/?portfolio=produktovy-design-mantis#primaryimage\",\"url\":\"https:\/\/www.design-award.cz\/wp-content\/uploads\/2025\/06\/Duchackova_Mantis_foto2-scaled.jpg\",\"contentUrl\":\"https:\/\/www.design-award.cz\/wp-content\/uploads\/2025\/06\/Duchackova_Mantis_foto2-scaled.jpg\",\"width\":1437,\"height\":2560},{\"@type\":\"BreadcrumbList\",\"@id\":\"https:\/\/www.design-award.cz\/?portfolio=produktovy-design-mantis#breadcrumb\",\"itemListElement\":[{\"@type\":\"ListItem\",\"position\":1,\"name\":\"Dom\u016f\",\"item\":\"https:\/\/www.design-award.cz\/\"},{\"@type\":\"ListItem\",\"position\":2,\"name\":\"Portfolio Items\",\"item\":\"https:\/\/www.design-award.cz\/?post_type=portfolio\"},{\"@type\":\"ListItem\",\"position\":3,\"name\":\"Produktov\u00fd design &#8211; Mantis\"}]},{\"@type\":\"WebSite\",\"@id\":\"https:\/\/www.design-award.cz\/#website\",\"url\":\"https:\/\/www.design-award.cz\/\",\"name\":\"design-award.cz\",\"description\":\"WARD vznikla v roce 2022. Je ur\u010dena p\u0159edev\u0161\u00edm student\u016fm st\u0159edn\u00edch um\u011bleck\u00fdch \u0161kol (S\u0160 a VO\u0160), kte\u0159\u00ed mohou bezplatn\u011b zaslat sv\u00e9 n\u00e1vrhy v uveden\u00fdch kategori\u00ed a tak pom\u011b\u0159it sv\u00e9 n\u00e1pady s konkurenc\u00ed sv\u00fdch vrstevn\u00edk\u016f. N\u00e1vrhy jsou n\u00e1sledn\u011b posouzeny nez\u00e1vislou porotou z \u0159ad v\u00fdtvarn\u00edk\u016f, pedagog\u016f a profesion\u00e1l\u016f z oboru.\",\"publisher\":{\"@id\":\"https:\/\/www.design-award.cz\/#organization\"},\"potentialAction\":[{\"@type\":\"SearchAction\",\"target\":{\"@type\":\"EntryPoint\",\"urlTemplate\":\"https:\/\/www.design-award.cz\/?s={search_term_string}\"},\"query-input\":{\"@type\":\"PropertyValueSpecification\",\"valueRequired\":true,\"valueName\":\"search_term_string\"}}],\"inLanguage\":\"cs\"},{\"@type\":\"Organization\",\"@id\":\"https:\/\/www.design-award.cz\/#organization\",\"name\":\"Design Award\",\"url\":\"https:\/\/www.design-award.cz\/\",\"logo\":{\"@type\":\"ImageObject\",\"inLanguage\":\"cs\",\"@id\":\"https:\/\/www.design-award.cz\/#\/schema\/logo\/image\/\",\"url\":\"http:\/\/www.design-award.cz\/wp-content\/uploads\/2021\/12\/hornilogo_design-award.png\",\"contentUrl\":\"http:\/\/www.design-award.cz\/wp-content\/uploads\/2021\/12\/hornilogo_design-award.png\",\"width\":800,\"height\":600,\"caption\":\"Design Award\"},\"image\":{\"@id\":\"https:\/\/www.design-award.cz\/#\/schema\/logo\/image\/\"},\"sameAs\":[\"https:\/\/www.instagram.com\/design_award\/\"]}]}<\/script>\n<!-- \/ Yoast SEO plugin. -->","yoast_head_json":{"title":"Produktov\u00fd design - Mantis - design-award.cz","robots":{"index":"index","follow":"follow","max-snippet":"max-snippet:-1","max-image-preview":"max-image-preview:large","max-video-preview":"max-video-preview:-1"},"canonical":"https:\/\/www.design-award.cz\/?portfolio=produktovy-design-mantis","og_locale":"cs_CZ","og_type":"article","og_title":"Produktov\u00fd design - Mantis - design-award.cz","og_description":"Radka Duch\u00e1\u010dkov\u00e1 Vy\u0161\u0161\u00ed odborn\u00e1 \u0161kola a St\u0159edn\u00ed pr\u016fmyslov\u00e1 \u0161kola Volyn\u011b N\u011bm\u00fd sluha Mantis je inspirovan\u00fd fascinuj\u00edc\u00edm z\u00e1stupcem hmyzu \u2013 kudlankou n\u00e1bo\u017enou. Nejv\u00fdrazn\u011bj\u0161\u00ed jsou modl\u00edc\u00ed se ruce, kter\u00e9 jsou z\u00e1rove\u0148 nejprakti\u010dt\u011bj\u0161\u00ed \u010d\u00e1st\u00ed n\u011bm\u00e9ho sluhy. Mantis nen\u00ed pouze designov\u00fdm prvkem, ale i dob\u0159e vyu\u017eiteln\u00fdm kusem n\u00e1bytku. Materi\u00e1l pou\u017eit\u00fd pro v\u00fdrobu byl masivn\u00ed buk a bukov\u00e1 p\u0159ekli\u017eka, d\u00edly [&hellip;]","og_url":"https:\/\/www.design-award.cz\/?portfolio=produktovy-design-mantis","og_site_name":"design-award.cz","article_modified_time":"2025-06-27T07:01:12+00:00","og_image":[{"width":1437,"height":2560,"url":"http:\/\/www.design-award.cz\/wp-content\/uploads\/2025\/06\/Duchackova_Mantis_foto2-scaled.jpg","type":"image\/jpeg"}],"twitter_card":"summary_large_image","twitter_misc":{"Odhadovan\u00e1 doba \u010dten\u00ed":"2 minuty"},"schema":{"@context":"https:\/\/schema.org","@graph":[{"@type":"WebPage","@id":"https:\/\/www.design-award.cz\/?portfolio=produktovy-design-mantis","url":"https:\/\/www.design-award.cz\/?portfolio=produktovy-design-mantis","name":"Produktov\u00fd design - Mantis - design-award.cz","isPartOf":{"@id":"https:\/\/www.design-award.cz\/#website"},"primaryImageOfPage":{"@id":"https:\/\/www.design-award.cz\/?portfolio=produktovy-design-mantis#primaryimage"},"image":{"@id":"https:\/\/www.design-award.cz\/?portfolio=produktovy-design-mantis#primaryimage"},"thumbnailUrl":"https:\/\/www.design-award.cz\/wp-content\/uploads\/2025\/06\/Duchackova_Mantis_foto2-scaled.jpg","datePublished":"2025-06-27T06:59:31+00:00","dateModified":"2025-06-27T07:01:12+00:00","breadcrumb":{"@id":"https:\/\/www.design-award.cz\/?portfolio=produktovy-design-mantis#breadcrumb"},"inLanguage":"cs","potentialAction":[{"@type":"ReadAction","target":["https:\/\/www.design-award.cz\/?portfolio=produktovy-design-mantis"]}]},{"@type":"ImageObject","inLanguage":"cs","@id":"https:\/\/www.design-award.cz\/?portfolio=produktovy-design-mantis#primaryimage","url":"https:\/\/www.design-award.cz\/wp-content\/uploads\/2025\/06\/Duchackova_Mantis_foto2-scaled.jpg","contentUrl":"https:\/\/www.design-award.cz\/wp-content\/uploads\/2025\/06\/Duchackova_Mantis_foto2-scaled.jpg","width":1437,"height":2560},{"@type":"BreadcrumbList","@id":"https:\/\/www.design-award.cz\/?portfolio=produktovy-design-mantis#breadcrumb","itemListElement":[{"@type":"ListItem","position":1,"name":"Dom\u016f","item":"https:\/\/www.design-award.cz\/"},{"@type":"ListItem","position":2,"name":"Portfolio Items","item":"https:\/\/www.design-award.cz\/?post_type=portfolio"},{"@type":"ListItem","position":3,"name":"Produktov\u00fd design &#8211; Mantis"}]},{"@type":"WebSite","@id":"https:\/\/www.design-award.cz\/#website","url":"https:\/\/www.design-award.cz\/","name":"design-award.cz","description":"WARD vznikla v roce 2022. Je ur\u010dena p\u0159edev\u0161\u00edm student\u016fm st\u0159edn\u00edch um\u011bleck\u00fdch \u0161kol (S\u0160 a VO\u0160), kte\u0159\u00ed mohou bezplatn\u011b zaslat sv\u00e9 n\u00e1vrhy v uveden\u00fdch kategori\u00ed a tak pom\u011b\u0159it sv\u00e9 n\u00e1pady s konkurenc\u00ed sv\u00fdch vrstevn\u00edk\u016f. N\u00e1vrhy jsou n\u00e1sledn\u011b posouzeny nez\u00e1vislou porotou z \u0159ad v\u00fdtvarn\u00edk\u016f, pedagog\u016f a profesion\u00e1l\u016f z oboru.","publisher":{"@id":"https:\/\/www.design-award.cz\/#organization"},"potentialAction":[{"@type":"SearchAction","target":{"@type":"EntryPoint","urlTemplate":"https:\/\/www.design-award.cz\/?s={search_term_string}"},"query-input":{"@type":"PropertyValueSpecification","valueRequired":true,"valueName":"search_term_string"}}],"inLanguage":"cs"},{"@type":"Organization","@id":"https:\/\/www.design-award.cz\/#organization","name":"Design Award","url":"https:\/\/www.design-award.cz\/","logo":{"@type":"ImageObject","inLanguage":"cs","@id":"https:\/\/www.design-award.cz\/#\/schema\/logo\/image\/","url":"http:\/\/www.design-award.cz\/wp-content\/uploads\/2021\/12\/hornilogo_design-award.png","contentUrl":"http:\/\/www.design-award.cz\/wp-content\/uploads\/2021\/12\/hornilogo_design-award.png","width":800,"height":600,"caption":"Design Award"},"image":{"@id":"https:\/\/www.design-award.cz\/#\/schema\/logo\/image\/"},"sameAs":["https:\/\/www.instagram.com\/design_award\/"]}]}},"_links":{"self":[{"href":"https:\/\/www.design-award.cz\/index.php?rest_route=\/wp\/v2\/portfolio\/5168","targetHints":{"allow":["GET"]}}],"collection":[{"href":"https:\/\/www.design-award.cz\/index.php?rest_route=\/wp\/v2\/portfolio"}],"about":[{"href":"https:\/\/www.design-award.cz\/index.php?rest_route=\/wp\/v2\/types\/portfolio"}],"author":[{"embeddable":true,"href":"https:\/\/www.design-award.cz\/index.php?rest_route=\/wp\/v2\/users\/2"}],"replies":[{"embeddable":true,"href":"https:\/\/www.design-award.cz\/index.php?rest_route=%2Fwp%2Fv2%2Fcomments&post=5168"}],"version-history":[{"count":1,"href":"https:\/\/www.design-award.cz\/index.php?rest_route=\/wp\/v2\/portfolio\/5168\/revisions"}],"predecessor-version":[{"id":5178,"href":"https:\/\/www.design-award.cz\/index.php?rest_route=\/wp\/v2\/portfolio\/5168\/revisions\/5178"}],"wp:featuredmedia":[{"embeddable":true,"href":"https:\/\/www.design-award.cz\/index.php?rest_route=\/wp\/v2\/media\/5170"}],"wp:attachment":[{"href":"https:\/\/www.design-award.cz\/index.php?rest_route=%2Fwp%2Fv2%2Fmedia&parent=5168"}],"wp:term":[{"taxonomy":"portfolio_category","embeddable":true,"href":"https:\/\/www.design-award.cz\/index.php?rest_route=%2Fwp%2Fv2%2Fportfolio_category&post=5168"},{"taxonomy":"portfolio_tag","embeddable":true,"href":"https:\/\/www.design-award.cz\/index.php?rest_route=%2Fwp%2Fv2%2Fportfolio_tag&post=5168"}],"curies":[{"name":"wp","href":"https:\/\/api.w.org\/{rel}","templated":true}]}}