{"id":5189,"date":"2025-06-27T07:42:15","date_gmt":"2025-06-27T07:42:15","guid":{"rendered":"https:\/\/www.design-award.cz\/?post_type=portfolio&#038;p=5189"},"modified":"2025-06-30T09:00:49","modified_gmt":"2025-06-30T09:00:49","slug":"interierovy-design-interier-o","status":"publish","type":"portfolio","link":"https:\/\/www.design-award.cz\/?portfolio=interierovy-design-interier-o","title":{"rendered":"Interi\u00e9rov\u00fd design &#8211; interi\u00e9r \u00f8"},"content":{"rendered":"\n<p><strong>Jan Vicek<\/strong><br><br>Vy\u0161\u0161\u00ed odborn\u00e1 a St\u0159edn\u00ed pr\u016fmyslov\u00e1 \u0161kola Volyn\u011b<br><br>Zad\u00e1n\u00ed projektu spo\u010d\u00edvalo v n\u00e1vrhu interi\u00e9ru bytu v novostavb\u011b bytov\u00e9ho domu. Byt je ur\u010den pro dv\u011b osoby k trval\u00e9mu bydlen\u00ed s mo\u017enost\u00ed kr\u00e1tkodob\u00e9ho ubytov\u00e1n\u00ed host\u016f ve vyhrazen\u00e9m pokoji, kter\u00fd lze v budoucnu snadno p\u0159em\u011bnit na d\u011btsk\u00fd pokoj. N\u00e1vrh zohled\u0148uje flexibilitu prostoru a schopnost interi\u00e9ru p\u0159izp\u016fsobit se m\u011bn\u00edc\u00edm pot\u0159eb\u00e1m obyvatel. D\u016fle\u017eitou sou\u010d\u00e1st\u00ed konceptu je tak\u00e9 prostorn\u00e9 pracovn\u00ed m\u00edsto um\u00edst\u011bn\u00e9 v ob\u00fdvac\u00edm pokoji, kter\u00e9 umo\u017e\u0148uje pohodln\u00e9 a dlouhodob\u00e9 pracovn\u00ed vyu\u017eit\u00ed z domova.<br><br>Interi\u00e9r nese n\u00e1zev \u00f8, inspirovan\u00fd skandin\u00e1vsk\u00fdm znakem, kter\u00fd odkazuje nejen na seversk\u00fd styl, jen\u017e se prom\u00edt\u00e1 do cel\u00e9ho n\u00e1vrhu, ale tak\u00e9 na v\u00fdrazn\u00fd kruhov\u00fd otvor ve s\u00e1drokartonov\u00e9 d\u011blic\u00ed st\u011bn\u011b mezi j\u00eddeln\u00ed \u010d\u00e1st\u00ed a kuchyn\u00ed. Tento otvor je kompozi\u010dn\u011b rozd\u011blen horizont\u00e1ln\u00ed lini\u00ed horn\u00edch kuchy\u0148sk\u00fdch sk\u0159\u00edn\u011bk, \u010d\u00edm\u017e vznik\u00e1 vizu\u00e1ln\u011b \u010dist\u00fd a vyv\u00e1\u017een\u00fd prvek, kter\u00fd se st\u00e1v\u00e1 \u00fast\u0159edn\u00edm motivem prostoru.<br><br>Byt je vybaven modern\u00edmi technologiemi \u2013 podlahov\u00fdm vyt\u00e1p\u011bn\u00edm ve v\u0161ech m\u00edstnostech a elektrick\u00fdmi venkovn\u00edmi \u017ealuziemi na d\u00e1lkov\u00e9 ovl\u00e1d\u00e1n\u00ed. V interi\u00e9ru se hojn\u011b vyu\u017e\u00edvaj\u00ed s\u00e1drokartonov\u00e9 konstrukce, a to jak z funk\u010dn\u00edho, tak estetick\u00e9ho hlediska. Krom\u011b zm\u00edn\u011bn\u00e9 d\u011blic\u00ed st\u011bny s otvorem jsou to podhledy v koupeln\u011b a na toalet\u011b nebo v\u00fdklenky pro dekorace a \u00falo\u017en\u00e9 prostory.<br><br>Cel\u00fd prostor je koncipov\u00e1n v duchu modern\u00edho skandin\u00e1vsk\u00e9ho minimalismu \u2013 p\u0159eva\u017euj\u00ed p\u0159\u00edrodn\u00ed materi\u00e1ly, jednoduch\u00e9 tvary, funk\u010dnost a tlumen\u00e1 barevnost. Pou\u017eit\u00ed v\u00fdrazn\u011bj\u0161\u00ed modr\u00e9 barvy v kuchyni a dopl\u0148c\u00edch dod\u00e1v\u00e1 interi\u00e9ru charakter a energii. Lo\u017enice i pokoj pro hosty jsou lad\u011bny do klidn\u00fdch, tepl\u00fdch t\u00f3n\u016f, kter\u00e9 podporuj\u00ed relaxaci a celkov\u00fd pocit \u00fatulnosti.<\/p>\n\n\n\n<figure class=\"wp-block-image size-large\"><img decoding=\"async\" width=\"717\" height=\"1024\" data-src=\"http:\/\/www.design-award.cz\/wp-content\/uploads\/2025\/06\/vicek_poster-717x1024.jpg\" alt=\"\" class=\"wp-image-5193 lazyload\" data-srcset=\"https:\/\/www.design-award.cz\/wp-content\/uploads\/2025\/06\/vicek_poster-717x1024.jpg 717w, https:\/\/www.design-award.cz\/wp-content\/uploads\/2025\/06\/vicek_poster-210x300.jpg 210w, https:\/\/www.design-award.cz\/wp-content\/uploads\/2025\/06\/vicek_poster-768x1097.jpg 768w, https:\/\/www.design-award.cz\/wp-content\/uploads\/2025\/06\/vicek_poster-1075x1536.jpg 1075w, https:\/\/www.design-award.cz\/wp-content\/uploads\/2025\/06\/vicek_poster-500x714.jpg 500w, https:\/\/www.design-award.cz\/wp-content\/uploads\/2025\/06\/vicek_poster-800x1143.jpg 800w, https:\/\/www.design-award.cz\/wp-content\/uploads\/2025\/06\/vicek_poster-1920x2743.jpg 1920w\" data-sizes=\"(max-width: 717px) 100vw, 717px\" src=\"data:image\/svg+xml;base64,PHN2ZyB3aWR0aD0iMSIgaGVpZ2h0PSIxIiB4bWxucz0iaHR0cDovL3d3dy53My5vcmcvMjAwMC9zdmciPjwvc3ZnPg==\" style=\"--smush-placeholder-width: 717px; --smush-placeholder-aspect-ratio: 717\/1024;\" \/><\/figure>\n\n\n\n<figure class=\"wp-block-image size-large\"><img decoding=\"async\" width=\"1024\" height=\"724\" data-src=\"http:\/\/www.design-award.cz\/wp-content\/uploads\/2025\/06\/vicek_pokojprohosty-1024x724.jpg\" alt=\"\" class=\"wp-image-5192 lazyload\" data-srcset=\"https:\/\/www.design-award.cz\/wp-content\/uploads\/2025\/06\/vicek_pokojprohosty-1024x724.jpg 1024w, https:\/\/www.design-award.cz\/wp-content\/uploads\/2025\/06\/vicek_pokojprohosty-300x212.jpg 300w, https:\/\/www.design-award.cz\/wp-content\/uploads\/2025\/06\/vicek_pokojprohosty-768x543.jpg 768w, https:\/\/www.design-award.cz\/wp-content\/uploads\/2025\/06\/vicek_pokojprohosty-1536x1086.jpg 1536w, https:\/\/www.design-award.cz\/wp-content\/uploads\/2025\/06\/vicek_pokojprohosty-2048x1448.jpg 2048w, https:\/\/www.design-award.cz\/wp-content\/uploads\/2025\/06\/vicek_pokojprohosty-500x354.jpg 500w, https:\/\/www.design-award.cz\/wp-content\/uploads\/2025\/06\/vicek_pokojprohosty-800x566.jpg 800w, https:\/\/www.design-award.cz\/wp-content\/uploads\/2025\/06\/vicek_pokojprohosty-1280x905.jpg 1280w, https:\/\/www.design-award.cz\/wp-content\/uploads\/2025\/06\/vicek_pokojprohosty-1920x1358.jpg 1920w\" data-sizes=\"(max-width: 1024px) 100vw, 1024px\" src=\"data:image\/svg+xml;base64,PHN2ZyB3aWR0aD0iMSIgaGVpZ2h0PSIxIiB4bWxucz0iaHR0cDovL3d3dy53My5vcmcvMjAwMC9zdmciPjwvc3ZnPg==\" style=\"--smush-placeholder-width: 1024px; --smush-placeholder-aspect-ratio: 1024\/724;\" \/><\/figure>\n\n\n\n<figure class=\"wp-block-image size-large\"><img decoding=\"async\" width=\"1024\" height=\"724\" data-src=\"http:\/\/www.design-award.cz\/wp-content\/uploads\/2025\/06\/vicek_koupelna-1024x724.jpg\" alt=\"\" class=\"wp-image-5195 lazyload\" data-srcset=\"https:\/\/www.design-award.cz\/wp-content\/uploads\/2025\/06\/vicek_koupelna-1024x724.jpg 1024w, https:\/\/www.design-award.cz\/wp-content\/uploads\/2025\/06\/vicek_koupelna-300x212.jpg 300w, https:\/\/www.design-award.cz\/wp-content\/uploads\/2025\/06\/vicek_koupelna-768x543.jpg 768w, https:\/\/www.design-award.cz\/wp-content\/uploads\/2025\/06\/vicek_koupelna-1536x1086.jpg 1536w, https:\/\/www.design-award.cz\/wp-content\/uploads\/2025\/06\/vicek_koupelna-2048x1448.jpg 2048w, https:\/\/www.design-award.cz\/wp-content\/uploads\/2025\/06\/vicek_koupelna-500x354.jpg 500w, https:\/\/www.design-award.cz\/wp-content\/uploads\/2025\/06\/vicek_koupelna-800x566.jpg 800w, https:\/\/www.design-award.cz\/wp-content\/uploads\/2025\/06\/vicek_koupelna-1280x905.jpg 1280w, https:\/\/www.design-award.cz\/wp-content\/uploads\/2025\/06\/vicek_koupelna-1920x1358.jpg 1920w\" data-sizes=\"(max-width: 1024px) 100vw, 1024px\" src=\"data:image\/svg+xml;base64,PHN2ZyB3aWR0aD0iMSIgaGVpZ2h0PSIxIiB4bWxucz0iaHR0cDovL3d3dy53My5vcmcvMjAwMC9zdmciPjwvc3ZnPg==\" style=\"--smush-placeholder-width: 1024px; --smush-placeholder-aspect-ratio: 1024\/724;\" \/><\/figure>\n\n\n\n<figure class=\"wp-block-image size-large\"><img decoding=\"async\" width=\"1024\" height=\"724\" data-src=\"http:\/\/www.design-award.cz\/wp-content\/uploads\/2025\/06\/vicek_interier_zarizeni-1024x724.jpg\" alt=\"\" class=\"wp-image-5190 lazyload\" data-srcset=\"https:\/\/www.design-award.cz\/wp-content\/uploads\/2025\/06\/vicek_interier_zarizeni-1024x724.jpg 1024w, https:\/\/www.design-award.cz\/wp-content\/uploads\/2025\/06\/vicek_interier_zarizeni-300x212.jpg 300w, https:\/\/www.design-award.cz\/wp-content\/uploads\/2025\/06\/vicek_interier_zarizeni-768x543.jpg 768w, https:\/\/www.design-award.cz\/wp-content\/uploads\/2025\/06\/vicek_interier_zarizeni-1536x1086.jpg 1536w, https:\/\/www.design-award.cz\/wp-content\/uploads\/2025\/06\/vicek_interier_zarizeni-2048x1448.jpg 2048w, https:\/\/www.design-award.cz\/wp-content\/uploads\/2025\/06\/vicek_interier_zarizeni-500x354.jpg 500w, https:\/\/www.design-award.cz\/wp-content\/uploads\/2025\/06\/vicek_interier_zarizeni-800x566.jpg 800w, https:\/\/www.design-award.cz\/wp-content\/uploads\/2025\/06\/vicek_interier_zarizeni-1280x905.jpg 1280w, https:\/\/www.design-award.cz\/wp-content\/uploads\/2025\/06\/vicek_interier_zarizeni-1920x1358.jpg 1920w\" data-sizes=\"(max-width: 1024px) 100vw, 1024px\" src=\"data:image\/svg+xml;base64,PHN2ZyB3aWR0aD0iMSIgaGVpZ2h0PSIxIiB4bWxucz0iaHR0cDovL3d3dy53My5vcmcvMjAwMC9zdmciPjwvc3ZnPg==\" style=\"--smush-placeholder-width: 1024px; --smush-placeholder-aspect-ratio: 1024\/724;\" \/><\/figure>\n","protected":false},"excerpt":{"rendered":"<p>Jan Vicek Vy\u0161\u0161\u00ed odborn\u00e1 a St\u0159edn\u00ed pr\u016fmyslov\u00e1 \u0161kola Volyn\u011b Zad\u00e1n\u00ed projektu spo\u010d\u00edvalo v n\u00e1vrhu interi\u00e9ru bytu v novostavb\u011b bytov\u00e9ho domu. Byt je ur\u010den pro dv\u011b osoby k trval\u00e9mu bydlen\u00ed s mo\u017enost\u00ed kr\u00e1tkodob\u00e9ho ubytov\u00e1n\u00ed host\u016f ve vyhrazen\u00e9m pokoji, kter\u00fd lze v budoucnu snadno p\u0159em\u011bnit na d\u011btsk\u00fd pokoj. N\u00e1vrh zohled\u0148uje flexibilitu prostoru a schopnost interi\u00e9ru p\u0159izp\u016fsobit se [&hellip;]<\/p>\n","protected":false},"author":2,"featured_media":5191,"menu_order":0,"comment_status":"closed","ping_status":"closed","template":"","format":"standard","meta":{"ngg_post_thumbnail":0,"ocean_post_layout":"","ocean_both_sidebars_style":"","ocean_both_sidebars_content_width":0,"ocean_both_sidebars_sidebars_width":0,"ocean_sidebar":"","ocean_second_sidebar":"","ocean_disable_margins":"enable","ocean_add_body_class":"","ocean_shortcode_before_top_bar":"","ocean_shortcode_after_top_bar":"","ocean_shortcode_before_header":"","ocean_shortcode_after_header":"","ocean_has_shortcode":"","ocean_shortcode_after_title":"","ocean_shortcode_before_footer_widgets":"","ocean_shortcode_after_footer_widgets":"","ocean_shortcode_before_footer_bottom":"","ocean_shortcode_after_footer_bottom":"","ocean_display_top_bar":"default","ocean_display_header":"default","ocean_header_style":"","ocean_center_header_left_menu":"","ocean_custom_header_template":"","ocean_custom_logo":0,"ocean_custom_retina_logo":0,"ocean_custom_logo_max_width":0,"ocean_custom_logo_tablet_max_width":0,"ocean_custom_logo_mobile_max_width":0,"ocean_custom_logo_max_height":0,"ocean_custom_logo_tablet_max_height":0,"ocean_custom_logo_mobile_max_height":0,"ocean_header_custom_menu":"","ocean_menu_typo_font_family":"","ocean_menu_typo_font_subset":"","ocean_menu_typo_font_size":0,"ocean_menu_typo_font_size_tablet":0,"ocean_menu_typo_font_size_mobile":0,"ocean_menu_typo_font_size_unit":"px","ocean_menu_typo_font_weight":"","ocean_menu_typo_font_weight_tablet":"","ocean_menu_typo_font_weight_mobile":"","ocean_menu_typo_transform":"","ocean_menu_typo_transform_tablet":"","ocean_menu_typo_transform_mobile":"","ocean_menu_typo_line_height":0,"ocean_menu_typo_line_height_tablet":0,"ocean_menu_typo_line_height_mobile":0,"ocean_menu_typo_line_height_unit":"","ocean_menu_typo_spacing":0,"ocean_menu_typo_spacing_tablet":0,"ocean_menu_typo_spacing_mobile":0,"ocean_menu_typo_spacing_unit":"","ocean_menu_link_color":"","ocean_menu_link_color_hover":"","ocean_menu_link_color_active":"","ocean_menu_link_background":"","ocean_menu_link_hover_background":"","ocean_menu_link_active_background":"","ocean_menu_social_links_bg":"","ocean_menu_social_hover_links_bg":"","ocean_menu_social_links_color":"","ocean_menu_social_hover_links_color":"","ocean_disable_title":"default","ocean_disable_heading":"default","ocean_post_title":"","ocean_post_subheading":"","ocean_post_title_style":"","ocean_post_title_background_color":"","ocean_post_title_background":0,"ocean_post_title_bg_image_position":"","ocean_post_title_bg_image_attachment":"","ocean_post_title_bg_image_repeat":"","ocean_post_title_bg_image_size":"","ocean_post_title_height":0,"ocean_post_title_bg_overlay":0.5,"ocean_post_title_bg_overlay_color":"","ocean_disable_breadcrumbs":"default","ocean_breadcrumbs_color":"","ocean_breadcrumbs_separator_color":"","ocean_breadcrumbs_links_color":"","ocean_breadcrumbs_links_hover_color":"","ocean_display_footer_widgets":"default","ocean_display_footer_bottom":"default","ocean_custom_footer_template":"","_vp_format_video_url":"","_vp_image_focal_point":[],"footnotes":""},"portfolio_category":[],"portfolio_tag":[],"class_list":["post-5189","portfolio","type-portfolio","status-publish","format-standard","has-post-thumbnail","hentry","entry","has-media"],"yoast_head":"<!-- This site is optimized with the Yoast SEO plugin v25.2 - https:\/\/yoast.com\/wordpress\/plugins\/seo\/ -->\n<title>Interi\u00e9rov\u00fd design - interi\u00e9r \u00f8 - design-award.cz<\/title>\n<meta name=\"robots\" content=\"index, follow, max-snippet:-1, max-image-preview:large, max-video-preview:-1\" \/>\n<link rel=\"canonical\" href=\"https:\/\/www.design-award.cz\/?portfolio=interierovy-design-interier-o\" \/>\n<meta property=\"og:locale\" content=\"cs_CZ\" \/>\n<meta property=\"og:type\" content=\"article\" \/>\n<meta property=\"og:title\" content=\"Interi\u00e9rov\u00fd design - interi\u00e9r \u00f8 - design-award.cz\" \/>\n<meta property=\"og:description\" content=\"Jan Vicek Vy\u0161\u0161\u00ed odborn\u00e1 a St\u0159edn\u00ed pr\u016fmyslov\u00e1 \u0161kola Volyn\u011b Zad\u00e1n\u00ed projektu spo\u010d\u00edvalo v n\u00e1vrhu interi\u00e9ru bytu v novostavb\u011b bytov\u00e9ho domu. Byt je ur\u010den pro dv\u011b osoby k trval\u00e9mu bydlen\u00ed s mo\u017enost\u00ed kr\u00e1tkodob\u00e9ho ubytov\u00e1n\u00ed host\u016f ve vyhrazen\u00e9m pokoji, kter\u00fd lze v budoucnu snadno p\u0159em\u011bnit na d\u011btsk\u00fd pokoj. N\u00e1vrh zohled\u0148uje flexibilitu prostoru a schopnost interi\u00e9ru p\u0159izp\u016fsobit se [&hellip;]\" \/>\n<meta property=\"og:url\" content=\"https:\/\/www.design-award.cz\/?portfolio=interierovy-design-interier-o\" \/>\n<meta property=\"og:site_name\" content=\"design-award.cz\" \/>\n<meta property=\"article:modified_time\" content=\"2025-06-30T09:00:49+00:00\" \/>\n<meta property=\"og:image\" content=\"https:\/\/www.design-award.cz\/wp-content\/uploads\/2025\/06\/vicek_obyvacipokoj-scaled.jpg\" \/>\n\t<meta property=\"og:image:width\" content=\"2560\" \/>\n\t<meta property=\"og:image:height\" content=\"1810\" \/>\n\t<meta property=\"og:image:type\" content=\"image\/jpeg\" \/>\n<meta name=\"twitter:card\" content=\"summary_large_image\" \/>\n<meta name=\"twitter:label1\" content=\"Odhadovan\u00e1 doba \u010dten\u00ed\" \/>\n\t<meta name=\"twitter:data1\" content=\"3 minuty\" \/>\n<script type=\"application\/ld+json\" class=\"yoast-schema-graph\">{\"@context\":\"https:\/\/schema.org\",\"@graph\":[{\"@type\":\"WebPage\",\"@id\":\"https:\/\/www.design-award.cz\/?portfolio=interierovy-design-interier-o\",\"url\":\"https:\/\/www.design-award.cz\/?portfolio=interierovy-design-interier-o\",\"name\":\"Interi\u00e9rov\u00fd design - interi\u00e9r \u00f8 - design-award.cz\",\"isPartOf\":{\"@id\":\"https:\/\/www.design-award.cz\/#website\"},\"primaryImageOfPage\":{\"@id\":\"https:\/\/www.design-award.cz\/?portfolio=interierovy-design-interier-o#primaryimage\"},\"image\":{\"@id\":\"https:\/\/www.design-award.cz\/?portfolio=interierovy-design-interier-o#primaryimage\"},\"thumbnailUrl\":\"https:\/\/www.design-award.cz\/wp-content\/uploads\/2025\/06\/vicek_obyvacipokoj-scaled.jpg\",\"datePublished\":\"2025-06-27T07:42:15+00:00\",\"dateModified\":\"2025-06-30T09:00:49+00:00\",\"breadcrumb\":{\"@id\":\"https:\/\/www.design-award.cz\/?portfolio=interierovy-design-interier-o#breadcrumb\"},\"inLanguage\":\"cs\",\"potentialAction\":[{\"@type\":\"ReadAction\",\"target\":[\"https:\/\/www.design-award.cz\/?portfolio=interierovy-design-interier-o\"]}]},{\"@type\":\"ImageObject\",\"inLanguage\":\"cs\",\"@id\":\"https:\/\/www.design-award.cz\/?portfolio=interierovy-design-interier-o#primaryimage\",\"url\":\"https:\/\/www.design-award.cz\/wp-content\/uploads\/2025\/06\/vicek_obyvacipokoj-scaled.jpg\",\"contentUrl\":\"https:\/\/www.design-award.cz\/wp-content\/uploads\/2025\/06\/vicek_obyvacipokoj-scaled.jpg\",\"width\":2560,\"height\":1810},{\"@type\":\"BreadcrumbList\",\"@id\":\"https:\/\/www.design-award.cz\/?portfolio=interierovy-design-interier-o#breadcrumb\",\"itemListElement\":[{\"@type\":\"ListItem\",\"position\":1,\"name\":\"Dom\u016f\",\"item\":\"https:\/\/www.design-award.cz\/\"},{\"@type\":\"ListItem\",\"position\":2,\"name\":\"Portfolio Items\",\"item\":\"https:\/\/www.design-award.cz\/?post_type=portfolio\"},{\"@type\":\"ListItem\",\"position\":3,\"name\":\"Interi\u00e9rov\u00fd design &#8211; interi\u00e9r \u00f8\"}]},{\"@type\":\"WebSite\",\"@id\":\"https:\/\/www.design-award.cz\/#website\",\"url\":\"https:\/\/www.design-award.cz\/\",\"name\":\"design-award.cz\",\"description\":\"WARD vznikla v roce 2022. Je ur\u010dena p\u0159edev\u0161\u00edm student\u016fm st\u0159edn\u00edch um\u011bleck\u00fdch \u0161kol (S\u0160 a VO\u0160), kte\u0159\u00ed mohou bezplatn\u011b zaslat sv\u00e9 n\u00e1vrhy v uveden\u00fdch kategori\u00ed a tak pom\u011b\u0159it sv\u00e9 n\u00e1pady s konkurenc\u00ed sv\u00fdch vrstevn\u00edk\u016f. N\u00e1vrhy jsou n\u00e1sledn\u011b posouzeny nez\u00e1vislou porotou z \u0159ad v\u00fdtvarn\u00edk\u016f, pedagog\u016f a profesion\u00e1l\u016f z oboru.\",\"publisher\":{\"@id\":\"https:\/\/www.design-award.cz\/#organization\"},\"potentialAction\":[{\"@type\":\"SearchAction\",\"target\":{\"@type\":\"EntryPoint\",\"urlTemplate\":\"https:\/\/www.design-award.cz\/?s={search_term_string}\"},\"query-input\":{\"@type\":\"PropertyValueSpecification\",\"valueRequired\":true,\"valueName\":\"search_term_string\"}}],\"inLanguage\":\"cs\"},{\"@type\":\"Organization\",\"@id\":\"https:\/\/www.design-award.cz\/#organization\",\"name\":\"Design Award\",\"url\":\"https:\/\/www.design-award.cz\/\",\"logo\":{\"@type\":\"ImageObject\",\"inLanguage\":\"cs\",\"@id\":\"https:\/\/www.design-award.cz\/#\/schema\/logo\/image\/\",\"url\":\"http:\/\/www.design-award.cz\/wp-content\/uploads\/2021\/12\/hornilogo_design-award.png\",\"contentUrl\":\"http:\/\/www.design-award.cz\/wp-content\/uploads\/2021\/12\/hornilogo_design-award.png\",\"width\":800,\"height\":600,\"caption\":\"Design Award\"},\"image\":{\"@id\":\"https:\/\/www.design-award.cz\/#\/schema\/logo\/image\/\"},\"sameAs\":[\"https:\/\/www.instagram.com\/design_award\/\"]}]}<\/script>\n<!-- \/ Yoast SEO plugin. -->","yoast_head_json":{"title":"Interi\u00e9rov\u00fd design - interi\u00e9r \u00f8 - design-award.cz","robots":{"index":"index","follow":"follow","max-snippet":"max-snippet:-1","max-image-preview":"max-image-preview:large","max-video-preview":"max-video-preview:-1"},"canonical":"https:\/\/www.design-award.cz\/?portfolio=interierovy-design-interier-o","og_locale":"cs_CZ","og_type":"article","og_title":"Interi\u00e9rov\u00fd design - interi\u00e9r \u00f8 - design-award.cz","og_description":"Jan Vicek Vy\u0161\u0161\u00ed odborn\u00e1 a St\u0159edn\u00ed pr\u016fmyslov\u00e1 \u0161kola Volyn\u011b Zad\u00e1n\u00ed projektu spo\u010d\u00edvalo v n\u00e1vrhu interi\u00e9ru bytu v novostavb\u011b bytov\u00e9ho domu. Byt je ur\u010den pro dv\u011b osoby k trval\u00e9mu bydlen\u00ed s mo\u017enost\u00ed kr\u00e1tkodob\u00e9ho ubytov\u00e1n\u00ed host\u016f ve vyhrazen\u00e9m pokoji, kter\u00fd lze v budoucnu snadno p\u0159em\u011bnit na d\u011btsk\u00fd pokoj. N\u00e1vrh zohled\u0148uje flexibilitu prostoru a schopnost interi\u00e9ru p\u0159izp\u016fsobit se [&hellip;]","og_url":"https:\/\/www.design-award.cz\/?portfolio=interierovy-design-interier-o","og_site_name":"design-award.cz","article_modified_time":"2025-06-30T09:00:49+00:00","og_image":[{"width":2560,"height":1810,"url":"https:\/\/www.design-award.cz\/wp-content\/uploads\/2025\/06\/vicek_obyvacipokoj-scaled.jpg","type":"image\/jpeg"}],"twitter_card":"summary_large_image","twitter_misc":{"Odhadovan\u00e1 doba \u010dten\u00ed":"3 minuty"},"schema":{"@context":"https:\/\/schema.org","@graph":[{"@type":"WebPage","@id":"https:\/\/www.design-award.cz\/?portfolio=interierovy-design-interier-o","url":"https:\/\/www.design-award.cz\/?portfolio=interierovy-design-interier-o","name":"Interi\u00e9rov\u00fd design - interi\u00e9r \u00f8 - design-award.cz","isPartOf":{"@id":"https:\/\/www.design-award.cz\/#website"},"primaryImageOfPage":{"@id":"https:\/\/www.design-award.cz\/?portfolio=interierovy-design-interier-o#primaryimage"},"image":{"@id":"https:\/\/www.design-award.cz\/?portfolio=interierovy-design-interier-o#primaryimage"},"thumbnailUrl":"https:\/\/www.design-award.cz\/wp-content\/uploads\/2025\/06\/vicek_obyvacipokoj-scaled.jpg","datePublished":"2025-06-27T07:42:15+00:00","dateModified":"2025-06-30T09:00:49+00:00","breadcrumb":{"@id":"https:\/\/www.design-award.cz\/?portfolio=interierovy-design-interier-o#breadcrumb"},"inLanguage":"cs","potentialAction":[{"@type":"ReadAction","target":["https:\/\/www.design-award.cz\/?portfolio=interierovy-design-interier-o"]}]},{"@type":"ImageObject","inLanguage":"cs","@id":"https:\/\/www.design-award.cz\/?portfolio=interierovy-design-interier-o#primaryimage","url":"https:\/\/www.design-award.cz\/wp-content\/uploads\/2025\/06\/vicek_obyvacipokoj-scaled.jpg","contentUrl":"https:\/\/www.design-award.cz\/wp-content\/uploads\/2025\/06\/vicek_obyvacipokoj-scaled.jpg","width":2560,"height":1810},{"@type":"BreadcrumbList","@id":"https:\/\/www.design-award.cz\/?portfolio=interierovy-design-interier-o#breadcrumb","itemListElement":[{"@type":"ListItem","position":1,"name":"Dom\u016f","item":"https:\/\/www.design-award.cz\/"},{"@type":"ListItem","position":2,"name":"Portfolio Items","item":"https:\/\/www.design-award.cz\/?post_type=portfolio"},{"@type":"ListItem","position":3,"name":"Interi\u00e9rov\u00fd design &#8211; interi\u00e9r \u00f8"}]},{"@type":"WebSite","@id":"https:\/\/www.design-award.cz\/#website","url":"https:\/\/www.design-award.cz\/","name":"design-award.cz","description":"WARD vznikla v roce 2022. Je ur\u010dena p\u0159edev\u0161\u00edm student\u016fm st\u0159edn\u00edch um\u011bleck\u00fdch \u0161kol (S\u0160 a VO\u0160), kte\u0159\u00ed mohou bezplatn\u011b zaslat sv\u00e9 n\u00e1vrhy v uveden\u00fdch kategori\u00ed a tak pom\u011b\u0159it sv\u00e9 n\u00e1pady s konkurenc\u00ed sv\u00fdch vrstevn\u00edk\u016f. N\u00e1vrhy jsou n\u00e1sledn\u011b posouzeny nez\u00e1vislou porotou z \u0159ad v\u00fdtvarn\u00edk\u016f, pedagog\u016f a profesion\u00e1l\u016f z oboru.","publisher":{"@id":"https:\/\/www.design-award.cz\/#organization"},"potentialAction":[{"@type":"SearchAction","target":{"@type":"EntryPoint","urlTemplate":"https:\/\/www.design-award.cz\/?s={search_term_string}"},"query-input":{"@type":"PropertyValueSpecification","valueRequired":true,"valueName":"search_term_string"}}],"inLanguage":"cs"},{"@type":"Organization","@id":"https:\/\/www.design-award.cz\/#organization","name":"Design Award","url":"https:\/\/www.design-award.cz\/","logo":{"@type":"ImageObject","inLanguage":"cs","@id":"https:\/\/www.design-award.cz\/#\/schema\/logo\/image\/","url":"http:\/\/www.design-award.cz\/wp-content\/uploads\/2021\/12\/hornilogo_design-award.png","contentUrl":"http:\/\/www.design-award.cz\/wp-content\/uploads\/2021\/12\/hornilogo_design-award.png","width":800,"height":600,"caption":"Design Award"},"image":{"@id":"https:\/\/www.design-award.cz\/#\/schema\/logo\/image\/"},"sameAs":["https:\/\/www.instagram.com\/design_award\/"]}]}},"_links":{"self":[{"href":"https:\/\/www.design-award.cz\/index.php?rest_route=\/wp\/v2\/portfolio\/5189","targetHints":{"allow":["GET"]}}],"collection":[{"href":"https:\/\/www.design-award.cz\/index.php?rest_route=\/wp\/v2\/portfolio"}],"about":[{"href":"https:\/\/www.design-award.cz\/index.php?rest_route=\/wp\/v2\/types\/portfolio"}],"author":[{"embeddable":true,"href":"https:\/\/www.design-award.cz\/index.php?rest_route=\/wp\/v2\/users\/2"}],"replies":[{"embeddable":true,"href":"https:\/\/www.design-award.cz\/index.php?rest_route=%2Fwp%2Fv2%2Fcomments&post=5189"}],"version-history":[{"count":1,"href":"https:\/\/www.design-award.cz\/index.php?rest_route=\/wp\/v2\/portfolio\/5189\/revisions"}],"predecessor-version":[{"id":5196,"href":"https:\/\/www.design-award.cz\/index.php?rest_route=\/wp\/v2\/portfolio\/5189\/revisions\/5196"}],"wp:featuredmedia":[{"embeddable":true,"href":"https:\/\/www.design-award.cz\/index.php?rest_route=\/wp\/v2\/media\/5191"}],"wp:attachment":[{"href":"https:\/\/www.design-award.cz\/index.php?rest_route=%2Fwp%2Fv2%2Fmedia&parent=5189"}],"wp:term":[{"taxonomy":"portfolio_category","embeddable":true,"href":"https:\/\/www.design-award.cz\/index.php?rest_route=%2Fwp%2Fv2%2Fportfolio_category&post=5189"},{"taxonomy":"portfolio_tag","embeddable":true,"href":"https:\/\/www.design-award.cz\/index.php?rest_route=%2Fwp%2Fv2%2Fportfolio_tag&post=5189"}],"curies":[{"name":"wp","href":"https:\/\/api.w.org\/{rel}","templated":true}]}}