{"id":5274,"date":"2025-06-30T09:51:28","date_gmt":"2025-06-30T09:51:28","guid":{"rendered":"https:\/\/www.design-award.cz\/?post_type=portfolio&#038;p=5274"},"modified":"2025-06-30T09:51:29","modified_gmt":"2025-06-30T09:51:29","slug":"interierovy-design-laitiqon-laitiqoasa-svetlo-a-architektura-v-rovnovaze-s-krajinou","status":"publish","type":"portfolio","link":"https:\/\/www.design-award.cz\/?portfolio=interierovy-design-laitiqon-laitiqoasa-svetlo-a-architektura-v-rovnovaze-s-krajinou","title":{"rendered":"Interi\u00e9rov\u00fd design &#8211; Laitiqon &amp; Laitiqoasa \u2013 Sv\u011btlo a architektura v rovnov\u00e1ze s krajinou"},"content":{"rendered":"\n<p>Jakub Svoboda<br><br>SO\u0160 obchodu, u\u017eit\u00e9ho um\u011bn\u00ed a designu, Nerudova 33, Plze\u0148<br><br>Projekt propojuje design n\u00e1st\u011bnn\u00e9ho sv\u00edtidla Laitiqon a koncept minimalistick\u00e9ho domu Laitiqoasa, \u010d\u00e1ste\u010dn\u011b zapu\u0161t\u011bn\u00e9ho do svahu na ostrov\u011b Samos. Sv\u00edtidlo z betonu a recyklovan\u00e9ho skla podporuje intimitu prostoru a p\u0159irozen\u011b se integruje do interi\u00e9ru i exteri\u00e9ru. Architektura domu vyu\u017e\u00edv\u00e1 zrcadlov\u00e9 sklo a p\u0159irozen\u00fd ter\u00e9n k vytvo\u0159en\u00ed t\u00e9m\u011b\u0159 neviditeln\u00e9ho objektu v krajin\u011b. Oba prvky funguj\u00ed v dialogu \u2013 sv\u011btlo a<br>architektura v rovnov\u00e1ze. Pr\u00e1ce vznikla jako \u0161koln\u00ed projekt na t\u00e9ma \u201cneviditeln\u00e1 architektura\u201d. D\u016fm Laitiqoasa je \u010d\u00e1ste\u010dn\u011b zapu\u0161t\u011bn<br>do svahu s v\u00fdhledem na mo\u0159e a reaguje na p\u0159irozen\u00e9 podm\u00ednky ostrova Samos. Zrcadlov\u00e1 skla odr\u00e1\u017eej\u00ed okoln\u00ed p\u0159\u00edrodu a \u010din\u00ed d\u016fm vizu\u00e1ln\u011b neviditeln\u00fdm. Interi\u00e9r je lad\u011bn do sv\u011btl\u00fdch t\u00f3n\u016f, s d\u016frazem na otev\u0159enost, funk\u010dnost a propojen\u00ed s exteri\u00e9rem. Sou\u010d\u00e1st\u00ed projektu je i sv\u00edtidlo Laitiqon, navr\u017een\u00e9 jako modul\u00e1rn\u00ed objekt z betonu a recyklovan\u00e9ho skla. Slou\u017e\u00ed jako sv\u011bteln\u00fd prvek s nen\u00e1padn\u00fdm v\u00fdrazem, kter\u00fd umoc\u0148uje prostor a jeho atmosf\u00e9ru. Pou\u017eit\u00e9 materi\u00e1ly \u2013 beton, sklo, kov \u2013 vych\u00e1zej\u00ed z princip\u016f trval\u00e9 udr\u017eitelnosti a jednoduch\u00e9ho, \u010diteln\u00e9ho designu. Cel\u00fd n\u00e1vrh stav\u00ed na harmonii technick\u00e9ho a organick\u00e9ho p\u0159\u00edstupu. Projekt poukazuje na mo\u017enosti tich\u00e9ho, respektuj\u00edc\u00edho p\u0159\u00edstupu k p\u0159\u00edrod\u011b, ve kter\u00e9 je architektura p\u0159\u00edtomna, ani\u017e by dominovala.<\/p>\n\n\n\n<figure class=\"wp-block-image size-large\"><img decoding=\"async\" width=\"714\" height=\"1024\" data-src=\"http:\/\/www.design-award.cz\/wp-content\/uploads\/2025\/06\/SVOBODA_Jakub_LAITOQoasa_plakat-714x1024.jpg\" alt=\"\" class=\"wp-image-5341 lazyload\" data-srcset=\"https:\/\/www.design-award.cz\/wp-content\/uploads\/2025\/06\/SVOBODA_Jakub_LAITOQoasa_plakat-714x1024.jpg 714w, https:\/\/www.design-award.cz\/wp-content\/uploads\/2025\/06\/SVOBODA_Jakub_LAITOQoasa_plakat-209x300.jpg 209w, https:\/\/www.design-award.cz\/wp-content\/uploads\/2025\/06\/SVOBODA_Jakub_LAITOQoasa_plakat-768x1101.jpg 768w, https:\/\/www.design-award.cz\/wp-content\/uploads\/2025\/06\/SVOBODA_Jakub_LAITOQoasa_plakat-1072x1536.jpg 1072w, https:\/\/www.design-award.cz\/wp-content\/uploads\/2025\/06\/SVOBODA_Jakub_LAITOQoasa_plakat-500x717.jpg 500w, https:\/\/www.design-award.cz\/wp-content\/uploads\/2025\/06\/SVOBODA_Jakub_LAITOQoasa_plakat-800x1147.jpg 800w, https:\/\/www.design-award.cz\/wp-content\/uploads\/2025\/06\/SVOBODA_Jakub_LAITOQoasa_plakat.jpg 1110w\" data-sizes=\"(max-width: 714px) 100vw, 714px\" src=\"data:image\/svg+xml;base64,PHN2ZyB3aWR0aD0iMSIgaGVpZ2h0PSIxIiB4bWxucz0iaHR0cDovL3d3dy53My5vcmcvMjAwMC9zdmciPjwvc3ZnPg==\" style=\"--smush-placeholder-width: 714px; --smush-placeholder-aspect-ratio: 714\/1024;\" \/><\/figure>\n\n\n\n<figure class=\"wp-block-image size-large\"><img decoding=\"async\" width=\"1024\" height=\"754\" data-src=\"http:\/\/www.design-award.cz\/wp-content\/uploads\/2025\/06\/SVOBODA_Jakub_LAITOQoasa_podklady-1-1024x754.jpg\" alt=\"\" class=\"wp-image-5343 lazyload\" data-srcset=\"https:\/\/www.design-award.cz\/wp-content\/uploads\/2025\/06\/SVOBODA_Jakub_LAITOQoasa_podklady-1-1024x754.jpg 1024w, https:\/\/www.design-award.cz\/wp-content\/uploads\/2025\/06\/SVOBODA_Jakub_LAITOQoasa_podklady-1-300x221.jpg 300w, https:\/\/www.design-award.cz\/wp-content\/uploads\/2025\/06\/SVOBODA_Jakub_LAITOQoasa_podklady-1-768x565.jpg 768w, https:\/\/www.design-award.cz\/wp-content\/uploads\/2025\/06\/SVOBODA_Jakub_LAITOQoasa_podklady-1-500x368.jpg 500w, https:\/\/www.design-award.cz\/wp-content\/uploads\/2025\/06\/SVOBODA_Jakub_LAITOQoasa_podklady-1-800x589.jpg 800w, https:\/\/www.design-award.cz\/wp-content\/uploads\/2025\/06\/SVOBODA_Jakub_LAITOQoasa_podklady-1.jpg 1179w\" data-sizes=\"(max-width: 1024px) 100vw, 1024px\" src=\"data:image\/svg+xml;base64,PHN2ZyB3aWR0aD0iMSIgaGVpZ2h0PSIxIiB4bWxucz0iaHR0cDovL3d3dy53My5vcmcvMjAwMC9zdmciPjwvc3ZnPg==\" style=\"--smush-placeholder-width: 1024px; --smush-placeholder-aspect-ratio: 1024\/754;\" \/><\/figure>\n\n\n\n<figure class=\"wp-block-image size-large\"><img decoding=\"async\" width=\"673\" height=\"1024\" data-src=\"http:\/\/www.design-award.cz\/wp-content\/uploads\/2025\/06\/SVOBODA_Jakub_LAITOQoasa_svitidlo-673x1024.jpg\" alt=\"\" class=\"wp-image-5345 lazyload\" data-srcset=\"https:\/\/www.design-award.cz\/wp-content\/uploads\/2025\/06\/SVOBODA_Jakub_LAITOQoasa_svitidlo-673x1024.jpg 673w, https:\/\/www.design-award.cz\/wp-content\/uploads\/2025\/06\/SVOBODA_Jakub_LAITOQoasa_svitidlo-197x300.jpg 197w, https:\/\/www.design-award.cz\/wp-content\/uploads\/2025\/06\/SVOBODA_Jakub_LAITOQoasa_svitidlo-768x1169.jpg 768w, https:\/\/www.design-award.cz\/wp-content\/uploads\/2025\/06\/SVOBODA_Jakub_LAITOQoasa_svitidlo-1009x1536.jpg 1009w, https:\/\/www.design-award.cz\/wp-content\/uploads\/2025\/06\/SVOBODA_Jakub_LAITOQoasa_svitidlo-500x761.jpg 500w, https:\/\/www.design-award.cz\/wp-content\/uploads\/2025\/06\/SVOBODA_Jakub_LAITOQoasa_svitidlo-800x1218.jpg 800w, https:\/\/www.design-award.cz\/wp-content\/uploads\/2025\/06\/SVOBODA_Jakub_LAITOQoasa_svitidlo.jpg 1137w\" data-sizes=\"(max-width: 673px) 100vw, 673px\" src=\"data:image\/svg+xml;base64,PHN2ZyB3aWR0aD0iMSIgaGVpZ2h0PSIxIiB4bWxucz0iaHR0cDovL3d3dy53My5vcmcvMjAwMC9zdmciPjwvc3ZnPg==\" style=\"--smush-placeholder-width: 673px; --smush-placeholder-aspect-ratio: 673\/1024;\" \/><\/figure>\n\n\n\n<figure class=\"wp-block-image size-large\"><img decoding=\"async\" width=\"714\" height=\"1024\" data-src=\"http:\/\/www.design-award.cz\/wp-content\/uploads\/2025\/06\/SVOBODA_Jakub_LAITOQoasa_pudorys-714x1024.jpg\" alt=\"\" class=\"wp-image-5344 lazyload\" data-srcset=\"https:\/\/www.design-award.cz\/wp-content\/uploads\/2025\/06\/SVOBODA_Jakub_LAITOQoasa_pudorys-714x1024.jpg 714w, https:\/\/www.design-award.cz\/wp-content\/uploads\/2025\/06\/SVOBODA_Jakub_LAITOQoasa_pudorys-209x300.jpg 209w, https:\/\/www.design-award.cz\/wp-content\/uploads\/2025\/06\/SVOBODA_Jakub_LAITOQoasa_pudorys-768x1102.jpg 768w, https:\/\/www.design-award.cz\/wp-content\/uploads\/2025\/06\/SVOBODA_Jakub_LAITOQoasa_pudorys-500x717.jpg 500w, https:\/\/www.design-award.cz\/wp-content\/uploads\/2025\/06\/SVOBODA_Jakub_LAITOQoasa_pudorys.jpg 784w\" data-sizes=\"(max-width: 714px) 100vw, 714px\" src=\"data:image\/svg+xml;base64,PHN2ZyB3aWR0aD0iMSIgaGVpZ2h0PSIxIiB4bWxucz0iaHR0cDovL3d3dy53My5vcmcvMjAwMC9zdmciPjwvc3ZnPg==\" style=\"--smush-placeholder-width: 714px; --smush-placeholder-aspect-ratio: 714\/1024;\" \/><\/figure>\n","protected":false},"excerpt":{"rendered":"<p>Jakub Svoboda SO\u0160 obchodu, u\u017eit\u00e9ho um\u011bn\u00ed a designu, Nerudova 33, Plze\u0148 Projekt propojuje design n\u00e1st\u011bnn\u00e9ho sv\u00edtidla Laitiqon a koncept minimalistick\u00e9ho domu Laitiqoasa, \u010d\u00e1ste\u010dn\u011b zapu\u0161t\u011bn\u00e9ho do svahu na ostrov\u011b Samos. Sv\u00edtidlo z betonu a recyklovan\u00e9ho skla podporuje intimitu prostoru a p\u0159irozen\u011b se integruje do interi\u00e9ru i exteri\u00e9ru. Architektura domu vyu\u017e\u00edv\u00e1 zrcadlov\u00e9 sklo a p\u0159irozen\u00fd ter\u00e9n k [&hellip;]<\/p>\n","protected":false},"author":2,"featured_media":5342,"menu_order":0,"comment_status":"closed","ping_status":"closed","template":"","format":"standard","meta":{"ngg_post_thumbnail":0,"ocean_post_layout":"","ocean_both_sidebars_style":"","ocean_both_sidebars_content_width":0,"ocean_both_sidebars_sidebars_width":0,"ocean_sidebar":"","ocean_second_sidebar":"","ocean_disable_margins":"enable","ocean_add_body_class":"","ocean_shortcode_before_top_bar":"","ocean_shortcode_after_top_bar":"","ocean_shortcode_before_header":"","ocean_shortcode_after_header":"","ocean_has_shortcode":"","ocean_shortcode_after_title":"","ocean_shortcode_before_footer_widgets":"","ocean_shortcode_after_footer_widgets":"","ocean_shortcode_before_footer_bottom":"","ocean_shortcode_after_footer_bottom":"","ocean_display_top_bar":"default","ocean_display_header":"default","ocean_header_style":"","ocean_center_header_left_menu":"","ocean_custom_header_template":"","ocean_custom_logo":0,"ocean_custom_retina_logo":0,"ocean_custom_logo_max_width":0,"ocean_custom_logo_tablet_max_width":0,"ocean_custom_logo_mobile_max_width":0,"ocean_custom_logo_max_height":0,"ocean_custom_logo_tablet_max_height":0,"ocean_custom_logo_mobile_max_height":0,"ocean_header_custom_menu":"","ocean_menu_typo_font_family":"","ocean_menu_typo_font_subset":"","ocean_menu_typo_font_size":0,"ocean_menu_typo_font_size_tablet":0,"ocean_menu_typo_font_size_mobile":0,"ocean_menu_typo_font_size_unit":"px","ocean_menu_typo_font_weight":"","ocean_menu_typo_font_weight_tablet":"","ocean_menu_typo_font_weight_mobile":"","ocean_menu_typo_transform":"","ocean_menu_typo_transform_tablet":"","ocean_menu_typo_transform_mobile":"","ocean_menu_typo_line_height":0,"ocean_menu_typo_line_height_tablet":0,"ocean_menu_typo_line_height_mobile":0,"ocean_menu_typo_line_height_unit":"","ocean_menu_typo_spacing":0,"ocean_menu_typo_spacing_tablet":0,"ocean_menu_typo_spacing_mobile":0,"ocean_menu_typo_spacing_unit":"","ocean_menu_link_color":"","ocean_menu_link_color_hover":"","ocean_menu_link_color_active":"","ocean_menu_link_background":"","ocean_menu_link_hover_background":"","ocean_menu_link_active_background":"","ocean_menu_social_links_bg":"","ocean_menu_social_hover_links_bg":"","ocean_menu_social_links_color":"","ocean_menu_social_hover_links_color":"","ocean_disable_title":"default","ocean_disable_heading":"default","ocean_post_title":"","ocean_post_subheading":"","ocean_post_title_style":"","ocean_post_title_background_color":"","ocean_post_title_background":0,"ocean_post_title_bg_image_position":"","ocean_post_title_bg_image_attachment":"","ocean_post_title_bg_image_repeat":"","ocean_post_title_bg_image_size":"","ocean_post_title_height":0,"ocean_post_title_bg_overlay":0.5,"ocean_post_title_bg_overlay_color":"","ocean_disable_breadcrumbs":"default","ocean_breadcrumbs_color":"","ocean_breadcrumbs_separator_color":"","ocean_breadcrumbs_links_color":"","ocean_breadcrumbs_links_hover_color":"","ocean_display_footer_widgets":"default","ocean_display_footer_bottom":"default","ocean_custom_footer_template":"","_vp_format_video_url":"","_vp_image_focal_point":[],"footnotes":""},"portfolio_category":[],"portfolio_tag":[],"class_list":["post-5274","portfolio","type-portfolio","status-publish","format-standard","has-post-thumbnail","hentry","entry","has-media"],"yoast_head":"<!-- This site is optimized with the Yoast SEO plugin v25.2 - https:\/\/yoast.com\/wordpress\/plugins\/seo\/ -->\n<title>Interi\u00e9rov\u00fd design - Laitiqon &amp; Laitiqoasa \u2013 Sv\u011btlo a architektura v rovnov\u00e1ze s krajinou - design-award.cz<\/title>\n<meta name=\"robots\" content=\"index, follow, max-snippet:-1, max-image-preview:large, max-video-preview:-1\" \/>\n<link rel=\"canonical\" href=\"https:\/\/www.design-award.cz\/?portfolio=interierovy-design-laitiqon-laitiqoasa-svetlo-a-architektura-v-rovnovaze-s-krajinou\" \/>\n<meta property=\"og:locale\" content=\"cs_CZ\" \/>\n<meta property=\"og:type\" content=\"article\" \/>\n<meta property=\"og:title\" content=\"Interi\u00e9rov\u00fd design - Laitiqon &amp; Laitiqoasa \u2013 Sv\u011btlo a architektura v rovnov\u00e1ze s krajinou - design-award.cz\" \/>\n<meta property=\"og:description\" content=\"Jakub Svoboda SO\u0160 obchodu, u\u017eit\u00e9ho um\u011bn\u00ed a designu, Nerudova 33, Plze\u0148 Projekt propojuje design n\u00e1st\u011bnn\u00e9ho sv\u00edtidla Laitiqon a koncept minimalistick\u00e9ho domu Laitiqoasa, \u010d\u00e1ste\u010dn\u011b zapu\u0161t\u011bn\u00e9ho do svahu na ostrov\u011b Samos. Sv\u00edtidlo z betonu a recyklovan\u00e9ho skla podporuje intimitu prostoru a p\u0159irozen\u011b se integruje do interi\u00e9ru i exteri\u00e9ru. Architektura domu vyu\u017e\u00edv\u00e1 zrcadlov\u00e9 sklo a p\u0159irozen\u00fd ter\u00e9n k [&hellip;]\" \/>\n<meta property=\"og:url\" content=\"https:\/\/www.design-award.cz\/?portfolio=interierovy-design-laitiqon-laitiqoasa-svetlo-a-architektura-v-rovnovaze-s-krajinou\" \/>\n<meta property=\"og:site_name\" content=\"design-award.cz\" \/>\n<meta property=\"article:modified_time\" content=\"2025-06-30T09:51:29+00:00\" \/>\n<meta property=\"og:image\" content=\"http:\/\/www.design-award.cz\/wp-content\/uploads\/2025\/06\/SVOBODA_Jakub_LAITOQoasa_podklady--scaled.jpg\" \/>\n\t<meta property=\"og:image:width\" content=\"2560\" \/>\n\t<meta property=\"og:image:height\" content=\"1919\" \/>\n\t<meta property=\"og:image:type\" content=\"image\/jpeg\" \/>\n<meta name=\"twitter:card\" content=\"summary_large_image\" \/>\n<meta name=\"twitter:label1\" content=\"Odhadovan\u00e1 doba \u010dten\u00ed\" \/>\n\t<meta name=\"twitter:data1\" content=\"3 minuty\" \/>\n<script type=\"application\/ld+json\" class=\"yoast-schema-graph\">{\"@context\":\"https:\/\/schema.org\",\"@graph\":[{\"@type\":\"WebPage\",\"@id\":\"https:\/\/www.design-award.cz\/?portfolio=interierovy-design-laitiqon-laitiqoasa-svetlo-a-architektura-v-rovnovaze-s-krajinou\",\"url\":\"https:\/\/www.design-award.cz\/?portfolio=interierovy-design-laitiqon-laitiqoasa-svetlo-a-architektura-v-rovnovaze-s-krajinou\",\"name\":\"Interi\u00e9rov\u00fd design - Laitiqon &amp; Laitiqoasa \u2013 Sv\u011btlo a architektura v rovnov\u00e1ze s krajinou - design-award.cz\",\"isPartOf\":{\"@id\":\"https:\/\/www.design-award.cz\/#website\"},\"primaryImageOfPage\":{\"@id\":\"https:\/\/www.design-award.cz\/?portfolio=interierovy-design-laitiqon-laitiqoasa-svetlo-a-architektura-v-rovnovaze-s-krajinou#primaryimage\"},\"image\":{\"@id\":\"https:\/\/www.design-award.cz\/?portfolio=interierovy-design-laitiqon-laitiqoasa-svetlo-a-architektura-v-rovnovaze-s-krajinou#primaryimage\"},\"thumbnailUrl\":\"https:\/\/www.design-award.cz\/wp-content\/uploads\/2025\/06\/SVOBODA_Jakub_LAITOQoasa_podklady--scaled.jpg\",\"datePublished\":\"2025-06-30T09:51:28+00:00\",\"dateModified\":\"2025-06-30T09:51:29+00:00\",\"breadcrumb\":{\"@id\":\"https:\/\/www.design-award.cz\/?portfolio=interierovy-design-laitiqon-laitiqoasa-svetlo-a-architektura-v-rovnovaze-s-krajinou#breadcrumb\"},\"inLanguage\":\"cs\",\"potentialAction\":[{\"@type\":\"ReadAction\",\"target\":[\"https:\/\/www.design-award.cz\/?portfolio=interierovy-design-laitiqon-laitiqoasa-svetlo-a-architektura-v-rovnovaze-s-krajinou\"]}]},{\"@type\":\"ImageObject\",\"inLanguage\":\"cs\",\"@id\":\"https:\/\/www.design-award.cz\/?portfolio=interierovy-design-laitiqon-laitiqoasa-svetlo-a-architektura-v-rovnovaze-s-krajinou#primaryimage\",\"url\":\"https:\/\/www.design-award.cz\/wp-content\/uploads\/2025\/06\/SVOBODA_Jakub_LAITOQoasa_podklady--scaled.jpg\",\"contentUrl\":\"https:\/\/www.design-award.cz\/wp-content\/uploads\/2025\/06\/SVOBODA_Jakub_LAITOQoasa_podklady--scaled.jpg\",\"width\":2560,\"height\":1919},{\"@type\":\"BreadcrumbList\",\"@id\":\"https:\/\/www.design-award.cz\/?portfolio=interierovy-design-laitiqon-laitiqoasa-svetlo-a-architektura-v-rovnovaze-s-krajinou#breadcrumb\",\"itemListElement\":[{\"@type\":\"ListItem\",\"position\":1,\"name\":\"Dom\u016f\",\"item\":\"https:\/\/www.design-award.cz\/\"},{\"@type\":\"ListItem\",\"position\":2,\"name\":\"Portfolio Items\",\"item\":\"https:\/\/www.design-award.cz\/?post_type=portfolio\"},{\"@type\":\"ListItem\",\"position\":3,\"name\":\"Interi\u00e9rov\u00fd design &#8211; Laitiqon &amp; Laitiqoasa \u2013 Sv\u011btlo a architektura v rovnov\u00e1ze s krajinou\"}]},{\"@type\":\"WebSite\",\"@id\":\"https:\/\/www.design-award.cz\/#website\",\"url\":\"https:\/\/www.design-award.cz\/\",\"name\":\"design-award.cz\",\"description\":\"WARD vznikla v roce 2022. Je ur\u010dena p\u0159edev\u0161\u00edm student\u016fm st\u0159edn\u00edch um\u011bleck\u00fdch \u0161kol (S\u0160 a VO\u0160), kte\u0159\u00ed mohou bezplatn\u011b zaslat sv\u00e9 n\u00e1vrhy v uveden\u00fdch kategori\u00ed a tak pom\u011b\u0159it sv\u00e9 n\u00e1pady s konkurenc\u00ed sv\u00fdch vrstevn\u00edk\u016f. N\u00e1vrhy jsou n\u00e1sledn\u011b posouzeny nez\u00e1vislou porotou z \u0159ad v\u00fdtvarn\u00edk\u016f, pedagog\u016f a profesion\u00e1l\u016f z oboru.\",\"publisher\":{\"@id\":\"https:\/\/www.design-award.cz\/#organization\"},\"potentialAction\":[{\"@type\":\"SearchAction\",\"target\":{\"@type\":\"EntryPoint\",\"urlTemplate\":\"https:\/\/www.design-award.cz\/?s={search_term_string}\"},\"query-input\":{\"@type\":\"PropertyValueSpecification\",\"valueRequired\":true,\"valueName\":\"search_term_string\"}}],\"inLanguage\":\"cs\"},{\"@type\":\"Organization\",\"@id\":\"https:\/\/www.design-award.cz\/#organization\",\"name\":\"Design Award\",\"url\":\"https:\/\/www.design-award.cz\/\",\"logo\":{\"@type\":\"ImageObject\",\"inLanguage\":\"cs\",\"@id\":\"https:\/\/www.design-award.cz\/#\/schema\/logo\/image\/\",\"url\":\"http:\/\/www.design-award.cz\/wp-content\/uploads\/2021\/12\/hornilogo_design-award.png\",\"contentUrl\":\"http:\/\/www.design-award.cz\/wp-content\/uploads\/2021\/12\/hornilogo_design-award.png\",\"width\":800,\"height\":600,\"caption\":\"Design Award\"},\"image\":{\"@id\":\"https:\/\/www.design-award.cz\/#\/schema\/logo\/image\/\"},\"sameAs\":[\"https:\/\/www.instagram.com\/design_award\/\"]}]}<\/script>\n<!-- \/ Yoast SEO plugin. -->","yoast_head_json":{"title":"Interi\u00e9rov\u00fd design - Laitiqon &amp; Laitiqoasa \u2013 Sv\u011btlo a architektura v rovnov\u00e1ze s krajinou - design-award.cz","robots":{"index":"index","follow":"follow","max-snippet":"max-snippet:-1","max-image-preview":"max-image-preview:large","max-video-preview":"max-video-preview:-1"},"canonical":"https:\/\/www.design-award.cz\/?portfolio=interierovy-design-laitiqon-laitiqoasa-svetlo-a-architektura-v-rovnovaze-s-krajinou","og_locale":"cs_CZ","og_type":"article","og_title":"Interi\u00e9rov\u00fd design - Laitiqon &amp; Laitiqoasa \u2013 Sv\u011btlo a architektura v rovnov\u00e1ze s krajinou - design-award.cz","og_description":"Jakub Svoboda SO\u0160 obchodu, u\u017eit\u00e9ho um\u011bn\u00ed a designu, Nerudova 33, Plze\u0148 Projekt propojuje design n\u00e1st\u011bnn\u00e9ho sv\u00edtidla Laitiqon a koncept minimalistick\u00e9ho domu Laitiqoasa, \u010d\u00e1ste\u010dn\u011b zapu\u0161t\u011bn\u00e9ho do svahu na ostrov\u011b Samos. Sv\u00edtidlo z betonu a recyklovan\u00e9ho skla podporuje intimitu prostoru a p\u0159irozen\u011b se integruje do interi\u00e9ru i exteri\u00e9ru. Architektura domu vyu\u017e\u00edv\u00e1 zrcadlov\u00e9 sklo a p\u0159irozen\u00fd ter\u00e9n k [&hellip;]","og_url":"https:\/\/www.design-award.cz\/?portfolio=interierovy-design-laitiqon-laitiqoasa-svetlo-a-architektura-v-rovnovaze-s-krajinou","og_site_name":"design-award.cz","article_modified_time":"2025-06-30T09:51:29+00:00","og_image":[{"width":2560,"height":1919,"url":"http:\/\/www.design-award.cz\/wp-content\/uploads\/2025\/06\/SVOBODA_Jakub_LAITOQoasa_podklady--scaled.jpg","type":"image\/jpeg"}],"twitter_card":"summary_large_image","twitter_misc":{"Odhadovan\u00e1 doba \u010dten\u00ed":"3 minuty"},"schema":{"@context":"https:\/\/schema.org","@graph":[{"@type":"WebPage","@id":"https:\/\/www.design-award.cz\/?portfolio=interierovy-design-laitiqon-laitiqoasa-svetlo-a-architektura-v-rovnovaze-s-krajinou","url":"https:\/\/www.design-award.cz\/?portfolio=interierovy-design-laitiqon-laitiqoasa-svetlo-a-architektura-v-rovnovaze-s-krajinou","name":"Interi\u00e9rov\u00fd design - Laitiqon &amp; Laitiqoasa \u2013 Sv\u011btlo a architektura v rovnov\u00e1ze s krajinou - design-award.cz","isPartOf":{"@id":"https:\/\/www.design-award.cz\/#website"},"primaryImageOfPage":{"@id":"https:\/\/www.design-award.cz\/?portfolio=interierovy-design-laitiqon-laitiqoasa-svetlo-a-architektura-v-rovnovaze-s-krajinou#primaryimage"},"image":{"@id":"https:\/\/www.design-award.cz\/?portfolio=interierovy-design-laitiqon-laitiqoasa-svetlo-a-architektura-v-rovnovaze-s-krajinou#primaryimage"},"thumbnailUrl":"https:\/\/www.design-award.cz\/wp-content\/uploads\/2025\/06\/SVOBODA_Jakub_LAITOQoasa_podklady--scaled.jpg","datePublished":"2025-06-30T09:51:28+00:00","dateModified":"2025-06-30T09:51:29+00:00","breadcrumb":{"@id":"https:\/\/www.design-award.cz\/?portfolio=interierovy-design-laitiqon-laitiqoasa-svetlo-a-architektura-v-rovnovaze-s-krajinou#breadcrumb"},"inLanguage":"cs","potentialAction":[{"@type":"ReadAction","target":["https:\/\/www.design-award.cz\/?portfolio=interierovy-design-laitiqon-laitiqoasa-svetlo-a-architektura-v-rovnovaze-s-krajinou"]}]},{"@type":"ImageObject","inLanguage":"cs","@id":"https:\/\/www.design-award.cz\/?portfolio=interierovy-design-laitiqon-laitiqoasa-svetlo-a-architektura-v-rovnovaze-s-krajinou#primaryimage","url":"https:\/\/www.design-award.cz\/wp-content\/uploads\/2025\/06\/SVOBODA_Jakub_LAITOQoasa_podklady--scaled.jpg","contentUrl":"https:\/\/www.design-award.cz\/wp-content\/uploads\/2025\/06\/SVOBODA_Jakub_LAITOQoasa_podklady--scaled.jpg","width":2560,"height":1919},{"@type":"BreadcrumbList","@id":"https:\/\/www.design-award.cz\/?portfolio=interierovy-design-laitiqon-laitiqoasa-svetlo-a-architektura-v-rovnovaze-s-krajinou#breadcrumb","itemListElement":[{"@type":"ListItem","position":1,"name":"Dom\u016f","item":"https:\/\/www.design-award.cz\/"},{"@type":"ListItem","position":2,"name":"Portfolio Items","item":"https:\/\/www.design-award.cz\/?post_type=portfolio"},{"@type":"ListItem","position":3,"name":"Interi\u00e9rov\u00fd design &#8211; Laitiqon &amp; Laitiqoasa \u2013 Sv\u011btlo a architektura v rovnov\u00e1ze s krajinou"}]},{"@type":"WebSite","@id":"https:\/\/www.design-award.cz\/#website","url":"https:\/\/www.design-award.cz\/","name":"design-award.cz","description":"WARD vznikla v roce 2022. Je ur\u010dena p\u0159edev\u0161\u00edm student\u016fm st\u0159edn\u00edch um\u011bleck\u00fdch \u0161kol (S\u0160 a VO\u0160), kte\u0159\u00ed mohou bezplatn\u011b zaslat sv\u00e9 n\u00e1vrhy v uveden\u00fdch kategori\u00ed a tak pom\u011b\u0159it sv\u00e9 n\u00e1pady s konkurenc\u00ed sv\u00fdch vrstevn\u00edk\u016f. N\u00e1vrhy jsou n\u00e1sledn\u011b posouzeny nez\u00e1vislou porotou z \u0159ad v\u00fdtvarn\u00edk\u016f, pedagog\u016f a profesion\u00e1l\u016f z oboru.","publisher":{"@id":"https:\/\/www.design-award.cz\/#organization"},"potentialAction":[{"@type":"SearchAction","target":{"@type":"EntryPoint","urlTemplate":"https:\/\/www.design-award.cz\/?s={search_term_string}"},"query-input":{"@type":"PropertyValueSpecification","valueRequired":true,"valueName":"search_term_string"}}],"inLanguage":"cs"},{"@type":"Organization","@id":"https:\/\/www.design-award.cz\/#organization","name":"Design Award","url":"https:\/\/www.design-award.cz\/","logo":{"@type":"ImageObject","inLanguage":"cs","@id":"https:\/\/www.design-award.cz\/#\/schema\/logo\/image\/","url":"http:\/\/www.design-award.cz\/wp-content\/uploads\/2021\/12\/hornilogo_design-award.png","contentUrl":"http:\/\/www.design-award.cz\/wp-content\/uploads\/2021\/12\/hornilogo_design-award.png","width":800,"height":600,"caption":"Design Award"},"image":{"@id":"https:\/\/www.design-award.cz\/#\/schema\/logo\/image\/"},"sameAs":["https:\/\/www.instagram.com\/design_award\/"]}]}},"_links":{"self":[{"href":"https:\/\/www.design-award.cz\/index.php?rest_route=\/wp\/v2\/portfolio\/5274","targetHints":{"allow":["GET"]}}],"collection":[{"href":"https:\/\/www.design-award.cz\/index.php?rest_route=\/wp\/v2\/portfolio"}],"about":[{"href":"https:\/\/www.design-award.cz\/index.php?rest_route=\/wp\/v2\/types\/portfolio"}],"author":[{"embeddable":true,"href":"https:\/\/www.design-award.cz\/index.php?rest_route=\/wp\/v2\/users\/2"}],"replies":[{"embeddable":true,"href":"https:\/\/www.design-award.cz\/index.php?rest_route=%2Fwp%2Fv2%2Fcomments&post=5274"}],"version-history":[{"count":1,"href":"https:\/\/www.design-award.cz\/index.php?rest_route=\/wp\/v2\/portfolio\/5274\/revisions"}],"predecessor-version":[{"id":5346,"href":"https:\/\/www.design-award.cz\/index.php?rest_route=\/wp\/v2\/portfolio\/5274\/revisions\/5346"}],"wp:featuredmedia":[{"embeddable":true,"href":"https:\/\/www.design-award.cz\/index.php?rest_route=\/wp\/v2\/media\/5342"}],"wp:attachment":[{"href":"https:\/\/www.design-award.cz\/index.php?rest_route=%2Fwp%2Fv2%2Fmedia&parent=5274"}],"wp:term":[{"taxonomy":"portfolio_category","embeddable":true,"href":"https:\/\/www.design-award.cz\/index.php?rest_route=%2Fwp%2Fv2%2Fportfolio_category&post=5274"},{"taxonomy":"portfolio_tag","embeddable":true,"href":"https:\/\/www.design-award.cz\/index.php?rest_route=%2Fwp%2Fv2%2Fportfolio_tag&post=5274"}],"curies":[{"name":"wp","href":"https:\/\/api.w.org\/{rel}","templated":true}]}}