{"id":5277,"date":"2025-06-30T09:38:45","date_gmt":"2025-06-30T09:38:45","guid":{"rendered":"https:\/\/www.design-award.cz\/?post_type=portfolio&#038;p=5277"},"modified":"2025-06-30T09:38:46","modified_gmt":"2025-06-30T09:38:46","slug":"interierovy-design-navrh-interieru-bytu-2","status":"publish","type":"portfolio","link":"https:\/\/www.design-award.cz\/?portfolio=interierovy-design-navrh-interieru-bytu-2","title":{"rendered":"Interi\u00e9rov\u00fd design &#8211; N\u00e1vrh interi\u00e9ru bytu"},"content":{"rendered":"\n<p><font size=\"2\"><span style=\"font-size:11pt;\">Veronika Sh\u00e1n\u011blov\u00e1<br><br>St\u0159edn\u00ed um\u011bleckopr\u016fmyslov\u00e1 \u0161kola hudebn\u00edch n\u00e1stroj\u016f a n\u00e1bytku<br><br>V r\u00e1mci projektu jsme obdr\u017eeli p\u016fdorys bytu, kter\u00fd jsme m\u011bli za \u00fakol <br>za\u0159\u00eddit n\u00e1bytkem ve vylosovan\u00e9m stylu. M\u00fdm t\u00e9matem byl etno design \u2013 <br>styl, kter\u00fd m\u011b osobn\u011b zaujal svou pestrost\u00ed, propojen\u00edm r\u016fzn\u00fdch kultur a<br> d\u016frazem na p\u0159\u00edrodn\u00ed materi\u00e1ly.<br><br>Navrhla jsem interi\u00e9r pro mlad\u00fd p\u00e1r, kter\u00fd \u010dasto cestuje a sv\u016fj domov <br>vn\u00edm\u00e1 jako m\u00edsto odpo\u010dinku, klidu a z\u00e1rove\u0148 prostor, kde se mohou <br>obklopit vzpom\u00ednkami na sv\u00e1 dobrodru\u017estv\u00ed. Vych\u00e1zela jsem proto z <br>otev\u0159en\u00e9ho dispozi\u010dn\u00edho \u0159e\u0161en\u00ed, kter\u00e9 umo\u017e\u0148uje voln\u011b vkl\u00e1dat nov\u00e9 prvky a<br> p\u0159edm\u011bty bez naru\u0161en\u00ed celkov\u00e9 harmonie.<br><br>Etno styl jsem pojala jako hlavn\u00ed sjednocuj\u00edc\u00ed prvek. Pracovala jsem s <br>materi\u00e1ly, kter\u00e9 p\u016fsob\u00ed p\u0159irozen\u011b a \u00fatuln\u011b \u2013 d\u0159evo, k\u016f\u017ee, ratan, k\u00e1men <br>nebo keramika. Ty jsem doplnila ru\u010dn\u011b tkan\u00fdmi textiliemi a strukturami, <br>kter\u00e9 prostoru dod\u00e1vaj\u00ed hloubku a charakter. Barevn\u00e1 paleta je lad\u011bn\u00e1 do<br> zemit\u00fdch t\u00f3n\u016f inspirovan\u00fdch p\u0159\u00edrodou a tradi\u010dn\u00edmi vzory z r\u016fzn\u00fdch kout\u016f<br> sv\u011bta.<br><br>Byt slou\u017e\u00ed sp\u00ed\u0161 jako \u00fato\u010di\u0161t\u011b mezi cestami ne\u017e jako pracovn\u00ed prostor \u2013 <br>proto jsem kladla d\u016fraz na klidnou atmosf\u00e9ru, teplo domova a vizu\u00e1ln\u00ed <br>bohatost. Ka\u017ed\u00fd prvek m\u00e1 sv\u016fj p\u0159\u00edb\u011bh, stejn\u011b jako lid\u00e9, kte\u0159\u00ed v tomto <br>prostoru \u017eij\u00ed.<br><\/span><\/font><\/p>\n\n\n\n<figure class=\"wp-block-image size-large\"><img decoding=\"async\" width=\"683\" height=\"1024\" data-src=\"http:\/\/www.design-award.cz\/wp-content\/uploads\/2025\/06\/plachta-683x1024.jpg\" alt=\"\" class=\"wp-image-5320 lazyload\" data-srcset=\"https:\/\/www.design-award.cz\/wp-content\/uploads\/2025\/06\/plachta-683x1024.jpg 683w, https:\/\/www.design-award.cz\/wp-content\/uploads\/2025\/06\/plachta-200x300.jpg 200w, https:\/\/www.design-award.cz\/wp-content\/uploads\/2025\/06\/plachta-768x1152.jpg 768w, https:\/\/www.design-award.cz\/wp-content\/uploads\/2025\/06\/plachta-1024x1536.jpg 1024w, https:\/\/www.design-award.cz\/wp-content\/uploads\/2025\/06\/plachta-1365x2048.jpg 1365w, https:\/\/www.design-award.cz\/wp-content\/uploads\/2025\/06\/plachta-500x750.jpg 500w, https:\/\/www.design-award.cz\/wp-content\/uploads\/2025\/06\/plachta-800x1200.jpg 800w, https:\/\/www.design-award.cz\/wp-content\/uploads\/2025\/06\/plachta-1280x1920.jpg 1280w, https:\/\/www.design-award.cz\/wp-content\/uploads\/2025\/06\/plachta-1920x2880.jpg 1920w, https:\/\/www.design-award.cz\/wp-content\/uploads\/2025\/06\/plachta-scaled.jpg 1707w\" data-sizes=\"(max-width: 683px) 100vw, 683px\" src=\"data:image\/svg+xml;base64,PHN2ZyB3aWR0aD0iMSIgaGVpZ2h0PSIxIiB4bWxucz0iaHR0cDovL3d3dy53My5vcmcvMjAwMC9zdmciPjwvc3ZnPg==\" style=\"--smush-placeholder-width: 683px; --smush-placeholder-aspect-ratio: 683\/1024;\" \/><\/figure>\n\n\n\n<figure class=\"wp-block-image size-large\"><img decoding=\"async\" width=\"1024\" height=\"576\" data-src=\"http:\/\/www.design-award.cz\/wp-content\/uploads\/2025\/06\/vizualizace-2-3-1024x576.jpg\" alt=\"\" class=\"wp-image-5324 lazyload\" data-srcset=\"https:\/\/www.design-award.cz\/wp-content\/uploads\/2025\/06\/vizualizace-2-3-1024x576.jpg 1024w, https:\/\/www.design-award.cz\/wp-content\/uploads\/2025\/06\/vizualizace-2-3-300x169.jpg 300w, https:\/\/www.design-award.cz\/wp-content\/uploads\/2025\/06\/vizualizace-2-3-768x432.jpg 768w, https:\/\/www.design-award.cz\/wp-content\/uploads\/2025\/06\/vizualizace-2-3-800x450.jpg 800w, https:\/\/www.design-award.cz\/wp-content\/uploads\/2025\/06\/vizualizace-2-3-500x281.jpg 500w, https:\/\/www.design-award.cz\/wp-content\/uploads\/2025\/06\/vizualizace-2-3-1280x720.jpg 1280w, https:\/\/www.design-award.cz\/wp-content\/uploads\/2025\/06\/vizualizace-2-3.jpg 1363w\" data-sizes=\"(max-width: 1024px) 100vw, 1024px\" src=\"data:image\/svg+xml;base64,PHN2ZyB3aWR0aD0iMSIgaGVpZ2h0PSIxIiB4bWxucz0iaHR0cDovL3d3dy53My5vcmcvMjAwMC9zdmciPjwvc3ZnPg==\" style=\"--smush-placeholder-width: 1024px; --smush-placeholder-aspect-ratio: 1024\/576;\" \/><\/figure>\n\n\n\n<figure class=\"wp-block-image size-large\"><img decoding=\"async\" width=\"1024\" height=\"576\" data-src=\"http:\/\/www.design-award.cz\/wp-content\/uploads\/2025\/06\/vizualizace-3-2-1024x576.jpg\" alt=\"\" class=\"wp-image-5325 lazyload\" data-srcset=\"https:\/\/www.design-award.cz\/wp-content\/uploads\/2025\/06\/vizualizace-3-2-1024x576.jpg 1024w, https:\/\/www.design-award.cz\/wp-content\/uploads\/2025\/06\/vizualizace-3-2-300x169.jpg 300w, https:\/\/www.design-award.cz\/wp-content\/uploads\/2025\/06\/vizualizace-3-2-768x432.jpg 768w, https:\/\/www.design-award.cz\/wp-content\/uploads\/2025\/06\/vizualizace-3-2-800x450.jpg 800w, https:\/\/www.design-award.cz\/wp-content\/uploads\/2025\/06\/vizualizace-3-2-500x281.jpg 500w, https:\/\/www.design-award.cz\/wp-content\/uploads\/2025\/06\/vizualizace-3-2-1280x720.jpg 1280w, https:\/\/www.design-award.cz\/wp-content\/uploads\/2025\/06\/vizualizace-3-2.jpg 1363w\" data-sizes=\"(max-width: 1024px) 100vw, 1024px\" src=\"data:image\/svg+xml;base64,PHN2ZyB3aWR0aD0iMSIgaGVpZ2h0PSIxIiB4bWxucz0iaHR0cDovL3d3dy53My5vcmcvMjAwMC9zdmciPjwvc3ZnPg==\" style=\"--smush-placeholder-width: 1024px; --smush-placeholder-aspect-ratio: 1024\/576;\" \/><\/figure>\n\n\n\n<figure class=\"wp-block-image size-large\"><img decoding=\"async\" width=\"988\" height=\"1024\" data-src=\"http:\/\/www.design-award.cz\/wp-content\/uploads\/2025\/06\/pudprys-988x1024.jpg\" alt=\"\" class=\"wp-image-5322 lazyload\" data-srcset=\"https:\/\/www.design-award.cz\/wp-content\/uploads\/2025\/06\/pudprys-988x1024.jpg 988w, https:\/\/www.design-award.cz\/wp-content\/uploads\/2025\/06\/pudprys-289x300.jpg 289w, https:\/\/www.design-award.cz\/wp-content\/uploads\/2025\/06\/pudprys-768x796.jpg 768w, https:\/\/www.design-award.cz\/wp-content\/uploads\/2025\/06\/pudprys-500x518.jpg 500w, https:\/\/www.design-award.cz\/wp-content\/uploads\/2025\/06\/pudprys-800x829.jpg 800w, https:\/\/www.design-award.cz\/wp-content\/uploads\/2025\/06\/pudprys.jpg 992w\" data-sizes=\"(max-width: 988px) 100vw, 988px\" src=\"data:image\/svg+xml;base64,PHN2ZyB3aWR0aD0iMSIgaGVpZ2h0PSIxIiB4bWxucz0iaHR0cDovL3d3dy53My5vcmcvMjAwMC9zdmciPjwvc3ZnPg==\" style=\"--smush-placeholder-width: 988px; --smush-placeholder-aspect-ratio: 988\/1024;\" \/><\/figure>\n","protected":false},"excerpt":{"rendered":"<p>Veronika Sh\u00e1n\u011blov\u00e1 St\u0159edn\u00ed um\u011bleckopr\u016fmyslov\u00e1 \u0161kola hudebn\u00edch n\u00e1stroj\u016f a n\u00e1bytku V r\u00e1mci projektu jsme obdr\u017eeli p\u016fdorys bytu, kter\u00fd jsme m\u011bli za \u00fakol za\u0159\u00eddit n\u00e1bytkem ve vylosovan\u00e9m stylu. M\u00fdm t\u00e9matem byl etno design \u2013 styl, kter\u00fd m\u011b osobn\u011b zaujal svou pestrost\u00ed, propojen\u00edm r\u016fzn\u00fdch kultur a d\u016frazem na p\u0159\u00edrodn\u00ed materi\u00e1ly. Navrhla jsem interi\u00e9r pro mlad\u00fd p\u00e1r, kter\u00fd \u010dasto [&hellip;]<\/p>\n","protected":false},"author":2,"featured_media":5323,"menu_order":0,"comment_status":"closed","ping_status":"closed","template":"","format":"standard","meta":{"ngg_post_thumbnail":0,"ocean_post_layout":"","ocean_both_sidebars_style":"","ocean_both_sidebars_content_width":0,"ocean_both_sidebars_sidebars_width":0,"ocean_sidebar":"","ocean_second_sidebar":"","ocean_disable_margins":"enable","ocean_add_body_class":"","ocean_shortcode_before_top_bar":"","ocean_shortcode_after_top_bar":"","ocean_shortcode_before_header":"","ocean_shortcode_after_header":"","ocean_has_shortcode":"","ocean_shortcode_after_title":"","ocean_shortcode_before_footer_widgets":"","ocean_shortcode_after_footer_widgets":"","ocean_shortcode_before_footer_bottom":"","ocean_shortcode_after_footer_bottom":"","ocean_display_top_bar":"default","ocean_display_header":"default","ocean_header_style":"","ocean_center_header_left_menu":"","ocean_custom_header_template":"","ocean_custom_logo":0,"ocean_custom_retina_logo":0,"ocean_custom_logo_max_width":0,"ocean_custom_logo_tablet_max_width":0,"ocean_custom_logo_mobile_max_width":0,"ocean_custom_logo_max_height":0,"ocean_custom_logo_tablet_max_height":0,"ocean_custom_logo_mobile_max_height":0,"ocean_header_custom_menu":"","ocean_menu_typo_font_family":"","ocean_menu_typo_font_subset":"","ocean_menu_typo_font_size":0,"ocean_menu_typo_font_size_tablet":0,"ocean_menu_typo_font_size_mobile":0,"ocean_menu_typo_font_size_unit":"px","ocean_menu_typo_font_weight":"","ocean_menu_typo_font_weight_tablet":"","ocean_menu_typo_font_weight_mobile":"","ocean_menu_typo_transform":"","ocean_menu_typo_transform_tablet":"","ocean_menu_typo_transform_mobile":"","ocean_menu_typo_line_height":0,"ocean_menu_typo_line_height_tablet":0,"ocean_menu_typo_line_height_mobile":0,"ocean_menu_typo_line_height_unit":"","ocean_menu_typo_spacing":0,"ocean_menu_typo_spacing_tablet":0,"ocean_menu_typo_spacing_mobile":0,"ocean_menu_typo_spacing_unit":"","ocean_menu_link_color":"","ocean_menu_link_color_hover":"","ocean_menu_link_color_active":"","ocean_menu_link_background":"","ocean_menu_link_hover_background":"","ocean_menu_link_active_background":"","ocean_menu_social_links_bg":"","ocean_menu_social_hover_links_bg":"","ocean_menu_social_links_color":"","ocean_menu_social_hover_links_color":"","ocean_disable_title":"default","ocean_disable_heading":"default","ocean_post_title":"","ocean_post_subheading":"","ocean_post_title_style":"","ocean_post_title_background_color":"","ocean_post_title_background":0,"ocean_post_title_bg_image_position":"","ocean_post_title_bg_image_attachment":"","ocean_post_title_bg_image_repeat":"","ocean_post_title_bg_image_size":"","ocean_post_title_height":0,"ocean_post_title_bg_overlay":0.5,"ocean_post_title_bg_overlay_color":"","ocean_disable_breadcrumbs":"default","ocean_breadcrumbs_color":"","ocean_breadcrumbs_separator_color":"","ocean_breadcrumbs_links_color":"","ocean_breadcrumbs_links_hover_color":"","ocean_display_footer_widgets":"default","ocean_display_footer_bottom":"default","ocean_custom_footer_template":"","_vp_format_video_url":"","_vp_image_focal_point":[],"footnotes":""},"portfolio_category":[],"portfolio_tag":[],"class_list":["post-5277","portfolio","type-portfolio","status-publish","format-standard","has-post-thumbnail","hentry","entry","has-media"],"yoast_head":"<!-- This site is optimized with the Yoast SEO plugin v25.2 - https:\/\/yoast.com\/wordpress\/plugins\/seo\/ -->\n<title>Interi\u00e9rov\u00fd design - N\u00e1vrh interi\u00e9ru bytu - design-award.cz<\/title>\n<meta name=\"robots\" content=\"index, follow, max-snippet:-1, max-image-preview:large, max-video-preview:-1\" \/>\n<link rel=\"canonical\" href=\"https:\/\/www.design-award.cz\/?portfolio=interierovy-design-navrh-interieru-bytu-2\" \/>\n<meta property=\"og:locale\" content=\"cs_CZ\" \/>\n<meta property=\"og:type\" content=\"article\" \/>\n<meta property=\"og:title\" content=\"Interi\u00e9rov\u00fd design - N\u00e1vrh interi\u00e9ru bytu - design-award.cz\" \/>\n<meta property=\"og:description\" content=\"Veronika Sh\u00e1n\u011blov\u00e1 St\u0159edn\u00ed um\u011bleckopr\u016fmyslov\u00e1 \u0161kola hudebn\u00edch n\u00e1stroj\u016f a n\u00e1bytku V r\u00e1mci projektu jsme obdr\u017eeli p\u016fdorys bytu, kter\u00fd jsme m\u011bli za \u00fakol za\u0159\u00eddit n\u00e1bytkem ve vylosovan\u00e9m stylu. M\u00fdm t\u00e9matem byl etno design \u2013 styl, kter\u00fd m\u011b osobn\u011b zaujal svou pestrost\u00ed, propojen\u00edm r\u016fzn\u00fdch kultur a d\u016frazem na p\u0159\u00edrodn\u00ed materi\u00e1ly. Navrhla jsem interi\u00e9r pro mlad\u00fd p\u00e1r, kter\u00fd \u010dasto [&hellip;]\" \/>\n<meta property=\"og:url\" content=\"https:\/\/www.design-award.cz\/?portfolio=interierovy-design-navrh-interieru-bytu-2\" \/>\n<meta property=\"og:site_name\" content=\"design-award.cz\" \/>\n<meta property=\"article:modified_time\" content=\"2025-06-30T09:38:46+00:00\" \/>\n<meta property=\"og:image\" content=\"http:\/\/www.design-award.cz\/wp-content\/uploads\/2025\/06\/vizualizace-1-2.jpg\" \/>\n\t<meta property=\"og:image:width\" content=\"1366\" \/>\n\t<meta property=\"og:image:height\" content=\"768\" \/>\n\t<meta property=\"og:image:type\" content=\"image\/jpeg\" \/>\n<meta name=\"twitter:card\" content=\"summary_large_image\" \/>\n<meta name=\"twitter:label1\" content=\"Odhadovan\u00e1 doba \u010dten\u00ed\" \/>\n\t<meta name=\"twitter:data1\" content=\"2 minuty\" \/>\n<script type=\"application\/ld+json\" class=\"yoast-schema-graph\">{\"@context\":\"https:\/\/schema.org\",\"@graph\":[{\"@type\":\"WebPage\",\"@id\":\"https:\/\/www.design-award.cz\/?portfolio=interierovy-design-navrh-interieru-bytu-2\",\"url\":\"https:\/\/www.design-award.cz\/?portfolio=interierovy-design-navrh-interieru-bytu-2\",\"name\":\"Interi\u00e9rov\u00fd design - N\u00e1vrh interi\u00e9ru bytu - design-award.cz\",\"isPartOf\":{\"@id\":\"https:\/\/www.design-award.cz\/#website\"},\"primaryImageOfPage\":{\"@id\":\"https:\/\/www.design-award.cz\/?portfolio=interierovy-design-navrh-interieru-bytu-2#primaryimage\"},\"image\":{\"@id\":\"https:\/\/www.design-award.cz\/?portfolio=interierovy-design-navrh-interieru-bytu-2#primaryimage\"},\"thumbnailUrl\":\"https:\/\/www.design-award.cz\/wp-content\/uploads\/2025\/06\/vizualizace-1-2.jpg\",\"datePublished\":\"2025-06-30T09:38:45+00:00\",\"dateModified\":\"2025-06-30T09:38:46+00:00\",\"breadcrumb\":{\"@id\":\"https:\/\/www.design-award.cz\/?portfolio=interierovy-design-navrh-interieru-bytu-2#breadcrumb\"},\"inLanguage\":\"cs\",\"potentialAction\":[{\"@type\":\"ReadAction\",\"target\":[\"https:\/\/www.design-award.cz\/?portfolio=interierovy-design-navrh-interieru-bytu-2\"]}]},{\"@type\":\"ImageObject\",\"inLanguage\":\"cs\",\"@id\":\"https:\/\/www.design-award.cz\/?portfolio=interierovy-design-navrh-interieru-bytu-2#primaryimage\",\"url\":\"https:\/\/www.design-award.cz\/wp-content\/uploads\/2025\/06\/vizualizace-1-2.jpg\",\"contentUrl\":\"https:\/\/www.design-award.cz\/wp-content\/uploads\/2025\/06\/vizualizace-1-2.jpg\",\"width\":1366,\"height\":768},{\"@type\":\"BreadcrumbList\",\"@id\":\"https:\/\/www.design-award.cz\/?portfolio=interierovy-design-navrh-interieru-bytu-2#breadcrumb\",\"itemListElement\":[{\"@type\":\"ListItem\",\"position\":1,\"name\":\"Dom\u016f\",\"item\":\"https:\/\/www.design-award.cz\/\"},{\"@type\":\"ListItem\",\"position\":2,\"name\":\"Portfolio Items\",\"item\":\"https:\/\/www.design-award.cz\/?post_type=portfolio\"},{\"@type\":\"ListItem\",\"position\":3,\"name\":\"Interi\u00e9rov\u00fd design &#8211; N\u00e1vrh interi\u00e9ru bytu\"}]},{\"@type\":\"WebSite\",\"@id\":\"https:\/\/www.design-award.cz\/#website\",\"url\":\"https:\/\/www.design-award.cz\/\",\"name\":\"design-award.cz\",\"description\":\"WARD vznikla v roce 2022. Je ur\u010dena p\u0159edev\u0161\u00edm student\u016fm st\u0159edn\u00edch um\u011bleck\u00fdch \u0161kol (S\u0160 a VO\u0160), kte\u0159\u00ed mohou bezplatn\u011b zaslat sv\u00e9 n\u00e1vrhy v uveden\u00fdch kategori\u00ed a tak pom\u011b\u0159it sv\u00e9 n\u00e1pady s konkurenc\u00ed sv\u00fdch vrstevn\u00edk\u016f. N\u00e1vrhy jsou n\u00e1sledn\u011b posouzeny nez\u00e1vislou porotou z \u0159ad v\u00fdtvarn\u00edk\u016f, pedagog\u016f a profesion\u00e1l\u016f z oboru.\",\"publisher\":{\"@id\":\"https:\/\/www.design-award.cz\/#organization\"},\"potentialAction\":[{\"@type\":\"SearchAction\",\"target\":{\"@type\":\"EntryPoint\",\"urlTemplate\":\"https:\/\/www.design-award.cz\/?s={search_term_string}\"},\"query-input\":{\"@type\":\"PropertyValueSpecification\",\"valueRequired\":true,\"valueName\":\"search_term_string\"}}],\"inLanguage\":\"cs\"},{\"@type\":\"Organization\",\"@id\":\"https:\/\/www.design-award.cz\/#organization\",\"name\":\"Design Award\",\"url\":\"https:\/\/www.design-award.cz\/\",\"logo\":{\"@type\":\"ImageObject\",\"inLanguage\":\"cs\",\"@id\":\"https:\/\/www.design-award.cz\/#\/schema\/logo\/image\/\",\"url\":\"http:\/\/www.design-award.cz\/wp-content\/uploads\/2021\/12\/hornilogo_design-award.png\",\"contentUrl\":\"http:\/\/www.design-award.cz\/wp-content\/uploads\/2021\/12\/hornilogo_design-award.png\",\"width\":800,\"height\":600,\"caption\":\"Design Award\"},\"image\":{\"@id\":\"https:\/\/www.design-award.cz\/#\/schema\/logo\/image\/\"},\"sameAs\":[\"https:\/\/www.instagram.com\/design_award\/\"]}]}<\/script>\n<!-- \/ Yoast SEO plugin. -->","yoast_head_json":{"title":"Interi\u00e9rov\u00fd design - N\u00e1vrh interi\u00e9ru bytu - design-award.cz","robots":{"index":"index","follow":"follow","max-snippet":"max-snippet:-1","max-image-preview":"max-image-preview:large","max-video-preview":"max-video-preview:-1"},"canonical":"https:\/\/www.design-award.cz\/?portfolio=interierovy-design-navrh-interieru-bytu-2","og_locale":"cs_CZ","og_type":"article","og_title":"Interi\u00e9rov\u00fd design - N\u00e1vrh interi\u00e9ru bytu - design-award.cz","og_description":"Veronika Sh\u00e1n\u011blov\u00e1 St\u0159edn\u00ed um\u011bleckopr\u016fmyslov\u00e1 \u0161kola hudebn\u00edch n\u00e1stroj\u016f a n\u00e1bytku V r\u00e1mci projektu jsme obdr\u017eeli p\u016fdorys bytu, kter\u00fd jsme m\u011bli za \u00fakol za\u0159\u00eddit n\u00e1bytkem ve vylosovan\u00e9m stylu. M\u00fdm t\u00e9matem byl etno design \u2013 styl, kter\u00fd m\u011b osobn\u011b zaujal svou pestrost\u00ed, propojen\u00edm r\u016fzn\u00fdch kultur a d\u016frazem na p\u0159\u00edrodn\u00ed materi\u00e1ly. Navrhla jsem interi\u00e9r pro mlad\u00fd p\u00e1r, kter\u00fd \u010dasto [&hellip;]","og_url":"https:\/\/www.design-award.cz\/?portfolio=interierovy-design-navrh-interieru-bytu-2","og_site_name":"design-award.cz","article_modified_time":"2025-06-30T09:38:46+00:00","og_image":[{"width":1366,"height":768,"url":"http:\/\/www.design-award.cz\/wp-content\/uploads\/2025\/06\/vizualizace-1-2.jpg","type":"image\/jpeg"}],"twitter_card":"summary_large_image","twitter_misc":{"Odhadovan\u00e1 doba \u010dten\u00ed":"2 minuty"},"schema":{"@context":"https:\/\/schema.org","@graph":[{"@type":"WebPage","@id":"https:\/\/www.design-award.cz\/?portfolio=interierovy-design-navrh-interieru-bytu-2","url":"https:\/\/www.design-award.cz\/?portfolio=interierovy-design-navrh-interieru-bytu-2","name":"Interi\u00e9rov\u00fd design - N\u00e1vrh interi\u00e9ru bytu - design-award.cz","isPartOf":{"@id":"https:\/\/www.design-award.cz\/#website"},"primaryImageOfPage":{"@id":"https:\/\/www.design-award.cz\/?portfolio=interierovy-design-navrh-interieru-bytu-2#primaryimage"},"image":{"@id":"https:\/\/www.design-award.cz\/?portfolio=interierovy-design-navrh-interieru-bytu-2#primaryimage"},"thumbnailUrl":"https:\/\/www.design-award.cz\/wp-content\/uploads\/2025\/06\/vizualizace-1-2.jpg","datePublished":"2025-06-30T09:38:45+00:00","dateModified":"2025-06-30T09:38:46+00:00","breadcrumb":{"@id":"https:\/\/www.design-award.cz\/?portfolio=interierovy-design-navrh-interieru-bytu-2#breadcrumb"},"inLanguage":"cs","potentialAction":[{"@type":"ReadAction","target":["https:\/\/www.design-award.cz\/?portfolio=interierovy-design-navrh-interieru-bytu-2"]}]},{"@type":"ImageObject","inLanguage":"cs","@id":"https:\/\/www.design-award.cz\/?portfolio=interierovy-design-navrh-interieru-bytu-2#primaryimage","url":"https:\/\/www.design-award.cz\/wp-content\/uploads\/2025\/06\/vizualizace-1-2.jpg","contentUrl":"https:\/\/www.design-award.cz\/wp-content\/uploads\/2025\/06\/vizualizace-1-2.jpg","width":1366,"height":768},{"@type":"BreadcrumbList","@id":"https:\/\/www.design-award.cz\/?portfolio=interierovy-design-navrh-interieru-bytu-2#breadcrumb","itemListElement":[{"@type":"ListItem","position":1,"name":"Dom\u016f","item":"https:\/\/www.design-award.cz\/"},{"@type":"ListItem","position":2,"name":"Portfolio Items","item":"https:\/\/www.design-award.cz\/?post_type=portfolio"},{"@type":"ListItem","position":3,"name":"Interi\u00e9rov\u00fd design &#8211; N\u00e1vrh interi\u00e9ru bytu"}]},{"@type":"WebSite","@id":"https:\/\/www.design-award.cz\/#website","url":"https:\/\/www.design-award.cz\/","name":"design-award.cz","description":"WARD vznikla v roce 2022. Je ur\u010dena p\u0159edev\u0161\u00edm student\u016fm st\u0159edn\u00edch um\u011bleck\u00fdch \u0161kol (S\u0160 a VO\u0160), kte\u0159\u00ed mohou bezplatn\u011b zaslat sv\u00e9 n\u00e1vrhy v uveden\u00fdch kategori\u00ed a tak pom\u011b\u0159it sv\u00e9 n\u00e1pady s konkurenc\u00ed sv\u00fdch vrstevn\u00edk\u016f. N\u00e1vrhy jsou n\u00e1sledn\u011b posouzeny nez\u00e1vislou porotou z \u0159ad v\u00fdtvarn\u00edk\u016f, pedagog\u016f a profesion\u00e1l\u016f z oboru.","publisher":{"@id":"https:\/\/www.design-award.cz\/#organization"},"potentialAction":[{"@type":"SearchAction","target":{"@type":"EntryPoint","urlTemplate":"https:\/\/www.design-award.cz\/?s={search_term_string}"},"query-input":{"@type":"PropertyValueSpecification","valueRequired":true,"valueName":"search_term_string"}}],"inLanguage":"cs"},{"@type":"Organization","@id":"https:\/\/www.design-award.cz\/#organization","name":"Design Award","url":"https:\/\/www.design-award.cz\/","logo":{"@type":"ImageObject","inLanguage":"cs","@id":"https:\/\/www.design-award.cz\/#\/schema\/logo\/image\/","url":"http:\/\/www.design-award.cz\/wp-content\/uploads\/2021\/12\/hornilogo_design-award.png","contentUrl":"http:\/\/www.design-award.cz\/wp-content\/uploads\/2021\/12\/hornilogo_design-award.png","width":800,"height":600,"caption":"Design Award"},"image":{"@id":"https:\/\/www.design-award.cz\/#\/schema\/logo\/image\/"},"sameAs":["https:\/\/www.instagram.com\/design_award\/"]}]}},"_links":{"self":[{"href":"https:\/\/www.design-award.cz\/index.php?rest_route=\/wp\/v2\/portfolio\/5277","targetHints":{"allow":["GET"]}}],"collection":[{"href":"https:\/\/www.design-award.cz\/index.php?rest_route=\/wp\/v2\/portfolio"}],"about":[{"href":"https:\/\/www.design-award.cz\/index.php?rest_route=\/wp\/v2\/types\/portfolio"}],"author":[{"embeddable":true,"href":"https:\/\/www.design-award.cz\/index.php?rest_route=\/wp\/v2\/users\/2"}],"replies":[{"embeddable":true,"href":"https:\/\/www.design-award.cz\/index.php?rest_route=%2Fwp%2Fv2%2Fcomments&post=5277"}],"version-history":[{"count":1,"href":"https:\/\/www.design-award.cz\/index.php?rest_route=\/wp\/v2\/portfolio\/5277\/revisions"}],"predecessor-version":[{"id":5328,"href":"https:\/\/www.design-award.cz\/index.php?rest_route=\/wp\/v2\/portfolio\/5277\/revisions\/5328"}],"wp:featuredmedia":[{"embeddable":true,"href":"https:\/\/www.design-award.cz\/index.php?rest_route=\/wp\/v2\/media\/5323"}],"wp:attachment":[{"href":"https:\/\/www.design-award.cz\/index.php?rest_route=%2Fwp%2Fv2%2Fmedia&parent=5277"}],"wp:term":[{"taxonomy":"portfolio_category","embeddable":true,"href":"https:\/\/www.design-award.cz\/index.php?rest_route=%2Fwp%2Fv2%2Fportfolio_category&post=5277"},{"taxonomy":"portfolio_tag","embeddable":true,"href":"https:\/\/www.design-award.cz\/index.php?rest_route=%2Fwp%2Fv2%2Fportfolio_tag&post=5277"}],"curies":[{"name":"wp","href":"https:\/\/api.w.org\/{rel}","templated":true}]}}