{"id":5280,"date":"2025-06-30T09:23:30","date_gmt":"2025-06-30T09:23:30","guid":{"rendered":"https:\/\/www.design-award.cz\/?post_type=portfolio&#038;p=5280"},"modified":"2025-06-30T09:23:31","modified_gmt":"2025-06-30T09:23:31","slug":"interierovy-design-kontejner-jako-prilezitost","status":"publish","type":"portfolio","link":"https:\/\/www.design-award.cz\/?portfolio=interierovy-design-kontejner-jako-prilezitost","title":{"rendered":"Interi\u00e9rov\u00fd design &#8211; kontejner jako p\u0159\u00edle\u017eitost"},"content":{"rendered":"\n<p>Marta Rebeka Dolanov\u00e1<br><br>St\u0159edn\u00ed um\u011bleckopr\u016fmyslov\u00e1 \u0161kola hudebn\u00edch n\u00e1stroj\u016f a n\u00e1bytku<br><br>WEIVy VIEW je kontejnerov\u00fd objekt zasazen\u00fd do horsk\u00e9ho prost\u0159ed\u00ed pobl\u00ed\u017e Prad\u011bdu. Vytv\u00e1\u0159\u00ed jedine\u010dnou p\u0159\u00edle\u017eitost zastavit se uprost\u0159ed nezastaviteln\u00e9ho.<br>Je pro v\u0161echny milovn\u00edky sjezdov\u00fdch ly\u017e\u00ed a snowboardu. Pro ty, kte\u0159\u00ed si cht\u011bj\u00ed vychutnat neopakovateln\u00fd v\u00fdhled na nejvy\u0161\u0161\u00ed bod \u010cesk\u00e9 republiky a p\u0159\u00edrodu moravsk\u00e9ho poho\u0159\u00ed.<br>Je zasazen p\u0159\u00edmo na sjezdovou tra\u0165. Kdy\u017e do n\u011bj vkro\u010d\u00edme, z\u00edsk\u00e1me pocit \u201elevitace\u201c nad sjezdovkou.<\/p>\n\n\n\n<figure class=\"wp-block-image size-large\"><img decoding=\"async\" width=\"640\" height=\"1024\" data-src=\"http:\/\/www.design-award.cz\/wp-content\/uploads\/2025\/06\/plakat-640x1024.png\" alt=\"\" class=\"wp-image-5302 lazyload\" data-srcset=\"https:\/\/www.design-award.cz\/wp-content\/uploads\/2025\/06\/plakat-640x1024.png 640w, https:\/\/www.design-award.cz\/wp-content\/uploads\/2025\/06\/plakat-188x300.png 188w, https:\/\/www.design-award.cz\/wp-content\/uploads\/2025\/06\/plakat-768x1228.png 768w, https:\/\/www.design-award.cz\/wp-content\/uploads\/2025\/06\/plakat-960x1536.png 960w, https:\/\/www.design-award.cz\/wp-content\/uploads\/2025\/06\/plakat-500x800.png 500w, https:\/\/www.design-award.cz\/wp-content\/uploads\/2025\/06\/plakat-800x1280.png 800w, https:\/\/www.design-award.cz\/wp-content\/uploads\/2025\/06\/plakat.png 1276w\" data-sizes=\"(max-width: 640px) 100vw, 640px\" src=\"data:image\/svg+xml;base64,PHN2ZyB3aWR0aD0iMSIgaGVpZ2h0PSIxIiB4bWxucz0iaHR0cDovL3d3dy53My5vcmcvMjAwMC9zdmciPjwvc3ZnPg==\" style=\"--smush-placeholder-width: 640px; --smush-placeholder-aspect-ratio: 640\/1024;\" \/><\/figure>\n\n\n\n<figure class=\"wp-block-image size-large\"><img decoding=\"async\" width=\"1024\" height=\"576\" data-src=\"http:\/\/www.design-award.cz\/wp-content\/uploads\/2025\/06\/render2-1-1024x576.jpg\" alt=\"\" class=\"wp-image-5304 lazyload\" data-srcset=\"https:\/\/www.design-award.cz\/wp-content\/uploads\/2025\/06\/render2-1-1024x576.jpg 1024w, https:\/\/www.design-award.cz\/wp-content\/uploads\/2025\/06\/render2-1-300x169.jpg 300w, https:\/\/www.design-award.cz\/wp-content\/uploads\/2025\/06\/render2-1-768x432.jpg 768w, https:\/\/www.design-award.cz\/wp-content\/uploads\/2025\/06\/render2-1-1536x864.jpg 1536w, https:\/\/www.design-award.cz\/wp-content\/uploads\/2025\/06\/render2-1-800x450.jpg 800w, https:\/\/www.design-award.cz\/wp-content\/uploads\/2025\/06\/render2-1-500x281.jpg 500w, https:\/\/www.design-award.cz\/wp-content\/uploads\/2025\/06\/render2-1-1280x720.jpg 1280w, https:\/\/www.design-award.cz\/wp-content\/uploads\/2025\/06\/render2-1-1920x1080.jpg 1920w, https:\/\/www.design-award.cz\/wp-content\/uploads\/2025\/06\/render2-1.jpg 2048w\" data-sizes=\"(max-width: 1024px) 100vw, 1024px\" src=\"data:image\/svg+xml;base64,PHN2ZyB3aWR0aD0iMSIgaGVpZ2h0PSIxIiB4bWxucz0iaHR0cDovL3d3dy53My5vcmcvMjAwMC9zdmciPjwvc3ZnPg==\" style=\"--smush-placeholder-width: 1024px; --smush-placeholder-aspect-ratio: 1024\/576;\" \/><\/figure>\n\n\n\n<figure class=\"wp-block-image size-large\"><img decoding=\"async\" width=\"1024\" height=\"576\" data-src=\"http:\/\/www.design-award.cz\/wp-content\/uploads\/2025\/06\/render33-1024x576.png\" alt=\"\" class=\"wp-image-5306 lazyload\" data-srcset=\"https:\/\/www.design-award.cz\/wp-content\/uploads\/2025\/06\/render33-1024x576.png 1024w, https:\/\/www.design-award.cz\/wp-content\/uploads\/2025\/06\/render33-300x169.png 300w, https:\/\/www.design-award.cz\/wp-content\/uploads\/2025\/06\/render33-768x432.png 768w, https:\/\/www.design-award.cz\/wp-content\/uploads\/2025\/06\/render33-800x450.png 800w, https:\/\/www.design-award.cz\/wp-content\/uploads\/2025\/06\/render33-500x281.png 500w, https:\/\/www.design-award.cz\/wp-content\/uploads\/2025\/06\/render33.png 1276w\" data-sizes=\"(max-width: 1024px) 100vw, 1024px\" src=\"data:image\/svg+xml;base64,PHN2ZyB3aWR0aD0iMSIgaGVpZ2h0PSIxIiB4bWxucz0iaHR0cDovL3d3dy53My5vcmcvMjAwMC9zdmciPjwvc3ZnPg==\" style=\"--smush-placeholder-width: 1024px; --smush-placeholder-aspect-ratio: 1024\/576;\" \/><\/figure>\n\n\n\n<figure class=\"wp-block-image size-large\"><img decoding=\"async\" width=\"717\" height=\"1024\" data-src=\"http:\/\/www.design-award.cz\/wp-content\/uploads\/2025\/06\/technicky-vykres-717x1024.png\" alt=\"\" class=\"wp-image-5307 lazyload\" data-srcset=\"https:\/\/www.design-award.cz\/wp-content\/uploads\/2025\/06\/technicky-vykres-717x1024.png 717w, https:\/\/www.design-award.cz\/wp-content\/uploads\/2025\/06\/technicky-vykres-210x300.png 210w, https:\/\/www.design-award.cz\/wp-content\/uploads\/2025\/06\/technicky-vykres-768x1097.png 768w, https:\/\/www.design-award.cz\/wp-content\/uploads\/2025\/06\/technicky-vykres-1075x1536.png 1075w, https:\/\/www.design-award.cz\/wp-content\/uploads\/2025\/06\/technicky-vykres-1433x2048.png 1433w, https:\/\/www.design-award.cz\/wp-content\/uploads\/2025\/06\/technicky-vykres-500x714.png 500w, https:\/\/www.design-award.cz\/wp-content\/uploads\/2025\/06\/technicky-vykres-800x1143.png 800w, https:\/\/www.design-award.cz\/wp-content\/uploads\/2025\/06\/technicky-vykres-1280x1829.png 1280w, https:\/\/www.design-award.cz\/wp-content\/uploads\/2025\/06\/technicky-vykres.png 1786w\" data-sizes=\"(max-width: 717px) 100vw, 717px\" src=\"data:image\/svg+xml;base64,PHN2ZyB3aWR0aD0iMSIgaGVpZ2h0PSIxIiB4bWxucz0iaHR0cDovL3d3dy53My5vcmcvMjAwMC9zdmciPjwvc3ZnPg==\" style=\"--smush-placeholder-width: 717px; --smush-placeholder-aspect-ratio: 717\/1024;\" \/><\/figure>\n","protected":false},"excerpt":{"rendered":"<p>Marta Rebeka Dolanov\u00e1 St\u0159edn\u00ed um\u011bleckopr\u016fmyslov\u00e1 \u0161kola hudebn\u00edch n\u00e1stroj\u016f a n\u00e1bytku WEIVy VIEW je kontejnerov\u00fd objekt zasazen\u00fd do horsk\u00e9ho prost\u0159ed\u00ed pobl\u00ed\u017e Prad\u011bdu. Vytv\u00e1\u0159\u00ed jedine\u010dnou p\u0159\u00edle\u017eitost zastavit se uprost\u0159ed nezastaviteln\u00e9ho.Je pro v\u0161echny milovn\u00edky sjezdov\u00fdch ly\u017e\u00ed a snowboardu. Pro ty, kte\u0159\u00ed si cht\u011bj\u00ed vychutnat neopakovateln\u00fd v\u00fdhled na nejvy\u0161\u0161\u00ed bod \u010cesk\u00e9 republiky a p\u0159\u00edrodu moravsk\u00e9ho poho\u0159\u00ed.Je zasazen p\u0159\u00edmo na [&hellip;]<\/p>\n","protected":false},"author":2,"featured_media":5303,"menu_order":0,"comment_status":"closed","ping_status":"closed","template":"","format":"standard","meta":{"ngg_post_thumbnail":0,"ocean_post_layout":"","ocean_both_sidebars_style":"","ocean_both_sidebars_content_width":0,"ocean_both_sidebars_sidebars_width":0,"ocean_sidebar":"","ocean_second_sidebar":"","ocean_disable_margins":"enable","ocean_add_body_class":"","ocean_shortcode_before_top_bar":"","ocean_shortcode_after_top_bar":"","ocean_shortcode_before_header":"","ocean_shortcode_after_header":"","ocean_has_shortcode":"","ocean_shortcode_after_title":"","ocean_shortcode_before_footer_widgets":"","ocean_shortcode_after_footer_widgets":"","ocean_shortcode_before_footer_bottom":"","ocean_shortcode_after_footer_bottom":"","ocean_display_top_bar":"default","ocean_display_header":"default","ocean_header_style":"","ocean_center_header_left_menu":"","ocean_custom_header_template":"","ocean_custom_logo":0,"ocean_custom_retina_logo":0,"ocean_custom_logo_max_width":0,"ocean_custom_logo_tablet_max_width":0,"ocean_custom_logo_mobile_max_width":0,"ocean_custom_logo_max_height":0,"ocean_custom_logo_tablet_max_height":0,"ocean_custom_logo_mobile_max_height":0,"ocean_header_custom_menu":"","ocean_menu_typo_font_family":"","ocean_menu_typo_font_subset":"","ocean_menu_typo_font_size":0,"ocean_menu_typo_font_size_tablet":0,"ocean_menu_typo_font_size_mobile":0,"ocean_menu_typo_font_size_unit":"px","ocean_menu_typo_font_weight":"","ocean_menu_typo_font_weight_tablet":"","ocean_menu_typo_font_weight_mobile":"","ocean_menu_typo_transform":"","ocean_menu_typo_transform_tablet":"","ocean_menu_typo_transform_mobile":"","ocean_menu_typo_line_height":0,"ocean_menu_typo_line_height_tablet":0,"ocean_menu_typo_line_height_mobile":0,"ocean_menu_typo_line_height_unit":"","ocean_menu_typo_spacing":0,"ocean_menu_typo_spacing_tablet":0,"ocean_menu_typo_spacing_mobile":0,"ocean_menu_typo_spacing_unit":"","ocean_menu_link_color":"","ocean_menu_link_color_hover":"","ocean_menu_link_color_active":"","ocean_menu_link_background":"","ocean_menu_link_hover_background":"","ocean_menu_link_active_background":"","ocean_menu_social_links_bg":"","ocean_menu_social_hover_links_bg":"","ocean_menu_social_links_color":"","ocean_menu_social_hover_links_color":"","ocean_disable_title":"default","ocean_disable_heading":"default","ocean_post_title":"","ocean_post_subheading":"","ocean_post_title_style":"","ocean_post_title_background_color":"","ocean_post_title_background":0,"ocean_post_title_bg_image_position":"","ocean_post_title_bg_image_attachment":"","ocean_post_title_bg_image_repeat":"","ocean_post_title_bg_image_size":"","ocean_post_title_height":0,"ocean_post_title_bg_overlay":0.5,"ocean_post_title_bg_overlay_color":"","ocean_disable_breadcrumbs":"default","ocean_breadcrumbs_color":"","ocean_breadcrumbs_separator_color":"","ocean_breadcrumbs_links_color":"","ocean_breadcrumbs_links_hover_color":"","ocean_display_footer_widgets":"default","ocean_display_footer_bottom":"default","ocean_custom_footer_template":"","_vp_format_video_url":"","_vp_image_focal_point":[],"footnotes":""},"portfolio_category":[],"portfolio_tag":[],"class_list":["post-5280","portfolio","type-portfolio","status-publish","format-standard","has-post-thumbnail","hentry","entry","has-media"],"yoast_head":"<!-- This site is optimized with the Yoast SEO plugin v25.2 - https:\/\/yoast.com\/wordpress\/plugins\/seo\/ -->\n<title>Interi\u00e9rov\u00fd design - kontejner jako p\u0159\u00edle\u017eitost - design-award.cz<\/title>\n<meta name=\"robots\" content=\"index, follow, max-snippet:-1, max-image-preview:large, max-video-preview:-1\" \/>\n<link rel=\"canonical\" href=\"https:\/\/www.design-award.cz\/?portfolio=interierovy-design-kontejner-jako-prilezitost\" \/>\n<meta property=\"og:locale\" content=\"cs_CZ\" \/>\n<meta property=\"og:type\" content=\"article\" \/>\n<meta property=\"og:title\" content=\"Interi\u00e9rov\u00fd design - kontejner jako p\u0159\u00edle\u017eitost - design-award.cz\" \/>\n<meta property=\"og:description\" content=\"Marta Rebeka Dolanov\u00e1 St\u0159edn\u00ed um\u011bleckopr\u016fmyslov\u00e1 \u0161kola hudebn\u00edch n\u00e1stroj\u016f a n\u00e1bytku WEIVy VIEW je kontejnerov\u00fd objekt zasazen\u00fd do horsk\u00e9ho prost\u0159ed\u00ed pobl\u00ed\u017e Prad\u011bdu. Vytv\u00e1\u0159\u00ed jedine\u010dnou p\u0159\u00edle\u017eitost zastavit se uprost\u0159ed nezastaviteln\u00e9ho.Je pro v\u0161echny milovn\u00edky sjezdov\u00fdch ly\u017e\u00ed a snowboardu. Pro ty, kte\u0159\u00ed si cht\u011bj\u00ed vychutnat neopakovateln\u00fd v\u00fdhled na nejvy\u0161\u0161\u00ed bod \u010cesk\u00e9 republiky a p\u0159\u00edrodu moravsk\u00e9ho poho\u0159\u00ed.Je zasazen p\u0159\u00edmo na [&hellip;]\" \/>\n<meta property=\"og:url\" content=\"https:\/\/www.design-award.cz\/?portfolio=interierovy-design-kontejner-jako-prilezitost\" \/>\n<meta property=\"og:site_name\" content=\"design-award.cz\" \/>\n<meta property=\"article:modified_time\" content=\"2025-06-30T09:23:31+00:00\" \/>\n<meta property=\"og:image\" content=\"http:\/\/www.design-award.cz\/wp-content\/uploads\/2025\/06\/render1.png\" \/>\n\t<meta property=\"og:image:width\" content=\"1250\" \/>\n\t<meta property=\"og:image:height\" content=\"700\" \/>\n\t<meta property=\"og:image:type\" content=\"image\/png\" \/>\n<meta name=\"twitter:card\" content=\"summary_large_image\" \/>\n<meta name=\"twitter:label1\" content=\"Odhadovan\u00e1 doba \u010dten\u00ed\" \/>\n\t<meta name=\"twitter:data1\" content=\"2 minuty\" \/>\n<script type=\"application\/ld+json\" class=\"yoast-schema-graph\">{\"@context\":\"https:\/\/schema.org\",\"@graph\":[{\"@type\":\"WebPage\",\"@id\":\"https:\/\/www.design-award.cz\/?portfolio=interierovy-design-kontejner-jako-prilezitost\",\"url\":\"https:\/\/www.design-award.cz\/?portfolio=interierovy-design-kontejner-jako-prilezitost\",\"name\":\"Interi\u00e9rov\u00fd design - kontejner jako p\u0159\u00edle\u017eitost - design-award.cz\",\"isPartOf\":{\"@id\":\"https:\/\/www.design-award.cz\/#website\"},\"primaryImageOfPage\":{\"@id\":\"https:\/\/www.design-award.cz\/?portfolio=interierovy-design-kontejner-jako-prilezitost#primaryimage\"},\"image\":{\"@id\":\"https:\/\/www.design-award.cz\/?portfolio=interierovy-design-kontejner-jako-prilezitost#primaryimage\"},\"thumbnailUrl\":\"https:\/\/www.design-award.cz\/wp-content\/uploads\/2025\/06\/render1.png\",\"datePublished\":\"2025-06-30T09:23:30+00:00\",\"dateModified\":\"2025-06-30T09:23:31+00:00\",\"breadcrumb\":{\"@id\":\"https:\/\/www.design-award.cz\/?portfolio=interierovy-design-kontejner-jako-prilezitost#breadcrumb\"},\"inLanguage\":\"cs\",\"potentialAction\":[{\"@type\":\"ReadAction\",\"target\":[\"https:\/\/www.design-award.cz\/?portfolio=interierovy-design-kontejner-jako-prilezitost\"]}]},{\"@type\":\"ImageObject\",\"inLanguage\":\"cs\",\"@id\":\"https:\/\/www.design-award.cz\/?portfolio=interierovy-design-kontejner-jako-prilezitost#primaryimage\",\"url\":\"https:\/\/www.design-award.cz\/wp-content\/uploads\/2025\/06\/render1.png\",\"contentUrl\":\"https:\/\/www.design-award.cz\/wp-content\/uploads\/2025\/06\/render1.png\",\"width\":1250,\"height\":700},{\"@type\":\"BreadcrumbList\",\"@id\":\"https:\/\/www.design-award.cz\/?portfolio=interierovy-design-kontejner-jako-prilezitost#breadcrumb\",\"itemListElement\":[{\"@type\":\"ListItem\",\"position\":1,\"name\":\"Dom\u016f\",\"item\":\"https:\/\/www.design-award.cz\/\"},{\"@type\":\"ListItem\",\"position\":2,\"name\":\"Portfolio Items\",\"item\":\"https:\/\/www.design-award.cz\/?post_type=portfolio\"},{\"@type\":\"ListItem\",\"position\":3,\"name\":\"Interi\u00e9rov\u00fd design &#8211; kontejner jako p\u0159\u00edle\u017eitost\"}]},{\"@type\":\"WebSite\",\"@id\":\"https:\/\/www.design-award.cz\/#website\",\"url\":\"https:\/\/www.design-award.cz\/\",\"name\":\"design-award.cz\",\"description\":\"WARD vznikla v roce 2022. Je ur\u010dena p\u0159edev\u0161\u00edm student\u016fm st\u0159edn\u00edch um\u011bleck\u00fdch \u0161kol (S\u0160 a VO\u0160), kte\u0159\u00ed mohou bezplatn\u011b zaslat sv\u00e9 n\u00e1vrhy v uveden\u00fdch kategori\u00ed a tak pom\u011b\u0159it sv\u00e9 n\u00e1pady s konkurenc\u00ed sv\u00fdch vrstevn\u00edk\u016f. N\u00e1vrhy jsou n\u00e1sledn\u011b posouzeny nez\u00e1vislou porotou z \u0159ad v\u00fdtvarn\u00edk\u016f, pedagog\u016f a profesion\u00e1l\u016f z oboru.\",\"publisher\":{\"@id\":\"https:\/\/www.design-award.cz\/#organization\"},\"potentialAction\":[{\"@type\":\"SearchAction\",\"target\":{\"@type\":\"EntryPoint\",\"urlTemplate\":\"https:\/\/www.design-award.cz\/?s={search_term_string}\"},\"query-input\":{\"@type\":\"PropertyValueSpecification\",\"valueRequired\":true,\"valueName\":\"search_term_string\"}}],\"inLanguage\":\"cs\"},{\"@type\":\"Organization\",\"@id\":\"https:\/\/www.design-award.cz\/#organization\",\"name\":\"Design Award\",\"url\":\"https:\/\/www.design-award.cz\/\",\"logo\":{\"@type\":\"ImageObject\",\"inLanguage\":\"cs\",\"@id\":\"https:\/\/www.design-award.cz\/#\/schema\/logo\/image\/\",\"url\":\"http:\/\/www.design-award.cz\/wp-content\/uploads\/2021\/12\/hornilogo_design-award.png\",\"contentUrl\":\"http:\/\/www.design-award.cz\/wp-content\/uploads\/2021\/12\/hornilogo_design-award.png\",\"width\":800,\"height\":600,\"caption\":\"Design Award\"},\"image\":{\"@id\":\"https:\/\/www.design-award.cz\/#\/schema\/logo\/image\/\"},\"sameAs\":[\"https:\/\/www.instagram.com\/design_award\/\"]}]}<\/script>\n<!-- \/ Yoast SEO plugin. -->","yoast_head_json":{"title":"Interi\u00e9rov\u00fd design - kontejner jako p\u0159\u00edle\u017eitost - design-award.cz","robots":{"index":"index","follow":"follow","max-snippet":"max-snippet:-1","max-image-preview":"max-image-preview:large","max-video-preview":"max-video-preview:-1"},"canonical":"https:\/\/www.design-award.cz\/?portfolio=interierovy-design-kontejner-jako-prilezitost","og_locale":"cs_CZ","og_type":"article","og_title":"Interi\u00e9rov\u00fd design - kontejner jako p\u0159\u00edle\u017eitost - design-award.cz","og_description":"Marta Rebeka Dolanov\u00e1 St\u0159edn\u00ed um\u011bleckopr\u016fmyslov\u00e1 \u0161kola hudebn\u00edch n\u00e1stroj\u016f a n\u00e1bytku WEIVy VIEW je kontejnerov\u00fd objekt zasazen\u00fd do horsk\u00e9ho prost\u0159ed\u00ed pobl\u00ed\u017e Prad\u011bdu. Vytv\u00e1\u0159\u00ed jedine\u010dnou p\u0159\u00edle\u017eitost zastavit se uprost\u0159ed nezastaviteln\u00e9ho.Je pro v\u0161echny milovn\u00edky sjezdov\u00fdch ly\u017e\u00ed a snowboardu. Pro ty, kte\u0159\u00ed si cht\u011bj\u00ed vychutnat neopakovateln\u00fd v\u00fdhled na nejvy\u0161\u0161\u00ed bod \u010cesk\u00e9 republiky a p\u0159\u00edrodu moravsk\u00e9ho poho\u0159\u00ed.Je zasazen p\u0159\u00edmo na [&hellip;]","og_url":"https:\/\/www.design-award.cz\/?portfolio=interierovy-design-kontejner-jako-prilezitost","og_site_name":"design-award.cz","article_modified_time":"2025-06-30T09:23:31+00:00","og_image":[{"width":1250,"height":700,"url":"http:\/\/www.design-award.cz\/wp-content\/uploads\/2025\/06\/render1.png","type":"image\/png"}],"twitter_card":"summary_large_image","twitter_misc":{"Odhadovan\u00e1 doba \u010dten\u00ed":"2 minuty"},"schema":{"@context":"https:\/\/schema.org","@graph":[{"@type":"WebPage","@id":"https:\/\/www.design-award.cz\/?portfolio=interierovy-design-kontejner-jako-prilezitost","url":"https:\/\/www.design-award.cz\/?portfolio=interierovy-design-kontejner-jako-prilezitost","name":"Interi\u00e9rov\u00fd design - kontejner jako p\u0159\u00edle\u017eitost - design-award.cz","isPartOf":{"@id":"https:\/\/www.design-award.cz\/#website"},"primaryImageOfPage":{"@id":"https:\/\/www.design-award.cz\/?portfolio=interierovy-design-kontejner-jako-prilezitost#primaryimage"},"image":{"@id":"https:\/\/www.design-award.cz\/?portfolio=interierovy-design-kontejner-jako-prilezitost#primaryimage"},"thumbnailUrl":"https:\/\/www.design-award.cz\/wp-content\/uploads\/2025\/06\/render1.png","datePublished":"2025-06-30T09:23:30+00:00","dateModified":"2025-06-30T09:23:31+00:00","breadcrumb":{"@id":"https:\/\/www.design-award.cz\/?portfolio=interierovy-design-kontejner-jako-prilezitost#breadcrumb"},"inLanguage":"cs","potentialAction":[{"@type":"ReadAction","target":["https:\/\/www.design-award.cz\/?portfolio=interierovy-design-kontejner-jako-prilezitost"]}]},{"@type":"ImageObject","inLanguage":"cs","@id":"https:\/\/www.design-award.cz\/?portfolio=interierovy-design-kontejner-jako-prilezitost#primaryimage","url":"https:\/\/www.design-award.cz\/wp-content\/uploads\/2025\/06\/render1.png","contentUrl":"https:\/\/www.design-award.cz\/wp-content\/uploads\/2025\/06\/render1.png","width":1250,"height":700},{"@type":"BreadcrumbList","@id":"https:\/\/www.design-award.cz\/?portfolio=interierovy-design-kontejner-jako-prilezitost#breadcrumb","itemListElement":[{"@type":"ListItem","position":1,"name":"Dom\u016f","item":"https:\/\/www.design-award.cz\/"},{"@type":"ListItem","position":2,"name":"Portfolio Items","item":"https:\/\/www.design-award.cz\/?post_type=portfolio"},{"@type":"ListItem","position":3,"name":"Interi\u00e9rov\u00fd design &#8211; kontejner jako p\u0159\u00edle\u017eitost"}]},{"@type":"WebSite","@id":"https:\/\/www.design-award.cz\/#website","url":"https:\/\/www.design-award.cz\/","name":"design-award.cz","description":"WARD vznikla v roce 2022. Je ur\u010dena p\u0159edev\u0161\u00edm student\u016fm st\u0159edn\u00edch um\u011bleck\u00fdch \u0161kol (S\u0160 a VO\u0160), kte\u0159\u00ed mohou bezplatn\u011b zaslat sv\u00e9 n\u00e1vrhy v uveden\u00fdch kategori\u00ed a tak pom\u011b\u0159it sv\u00e9 n\u00e1pady s konkurenc\u00ed sv\u00fdch vrstevn\u00edk\u016f. N\u00e1vrhy jsou n\u00e1sledn\u011b posouzeny nez\u00e1vislou porotou z \u0159ad v\u00fdtvarn\u00edk\u016f, pedagog\u016f a profesion\u00e1l\u016f z oboru.","publisher":{"@id":"https:\/\/www.design-award.cz\/#organization"},"potentialAction":[{"@type":"SearchAction","target":{"@type":"EntryPoint","urlTemplate":"https:\/\/www.design-award.cz\/?s={search_term_string}"},"query-input":{"@type":"PropertyValueSpecification","valueRequired":true,"valueName":"search_term_string"}}],"inLanguage":"cs"},{"@type":"Organization","@id":"https:\/\/www.design-award.cz\/#organization","name":"Design Award","url":"https:\/\/www.design-award.cz\/","logo":{"@type":"ImageObject","inLanguage":"cs","@id":"https:\/\/www.design-award.cz\/#\/schema\/logo\/image\/","url":"http:\/\/www.design-award.cz\/wp-content\/uploads\/2021\/12\/hornilogo_design-award.png","contentUrl":"http:\/\/www.design-award.cz\/wp-content\/uploads\/2021\/12\/hornilogo_design-award.png","width":800,"height":600,"caption":"Design Award"},"image":{"@id":"https:\/\/www.design-award.cz\/#\/schema\/logo\/image\/"},"sameAs":["https:\/\/www.instagram.com\/design_award\/"]}]}},"_links":{"self":[{"href":"https:\/\/www.design-award.cz\/index.php?rest_route=\/wp\/v2\/portfolio\/5280","targetHints":{"allow":["GET"]}}],"collection":[{"href":"https:\/\/www.design-award.cz\/index.php?rest_route=\/wp\/v2\/portfolio"}],"about":[{"href":"https:\/\/www.design-award.cz\/index.php?rest_route=\/wp\/v2\/types\/portfolio"}],"author":[{"embeddable":true,"href":"https:\/\/www.design-award.cz\/index.php?rest_route=\/wp\/v2\/users\/2"}],"replies":[{"embeddable":true,"href":"https:\/\/www.design-award.cz\/index.php?rest_route=%2Fwp%2Fv2%2Fcomments&post=5280"}],"version-history":[{"count":1,"href":"https:\/\/www.design-award.cz\/index.php?rest_route=\/wp\/v2\/portfolio\/5280\/revisions"}],"predecessor-version":[{"id":5308,"href":"https:\/\/www.design-award.cz\/index.php?rest_route=\/wp\/v2\/portfolio\/5280\/revisions\/5308"}],"wp:featuredmedia":[{"embeddable":true,"href":"https:\/\/www.design-award.cz\/index.php?rest_route=\/wp\/v2\/media\/5303"}],"wp:attachment":[{"href":"https:\/\/www.design-award.cz\/index.php?rest_route=%2Fwp%2Fv2%2Fmedia&parent=5280"}],"wp:term":[{"taxonomy":"portfolio_category","embeddable":true,"href":"https:\/\/www.design-award.cz\/index.php?rest_route=%2Fwp%2Fv2%2Fportfolio_category&post=5280"},{"taxonomy":"portfolio_tag","embeddable":true,"href":"https:\/\/www.design-award.cz\/index.php?rest_route=%2Fwp%2Fv2%2Fportfolio_tag&post=5280"}],"curies":[{"name":"wp","href":"https:\/\/api.w.org\/{rel}","templated":true}]}}