{"id":5282,"date":"2025-06-30T09:10:03","date_gmt":"2025-06-30T09:10:03","guid":{"rendered":"https:\/\/www.design-award.cz\/?post_type=portfolio&#038;p=5282"},"modified":"2025-06-30T09:10:13","modified_gmt":"2025-06-30T09:10:13","slug":"interierovy-design-organicky-loft","status":"publish","type":"portfolio","link":"https:\/\/www.design-award.cz\/?portfolio=interierovy-design-organicky-loft","title":{"rendered":"Interi\u00e9rov\u00fd design &#8211; Organick\u00fd loft"},"content":{"rendered":"\n<p>Michaela Posp\u00ed\u0161ilov\u00e1<br><br>St\u0159edn\u00ed \u0161kola designu a m\u00f3dy, Prost\u011bjov &#8211; SSDAM<br><br>Loftov\u00e9 bydlen\u00ed je navr\u017eeno pro projekt Lofty Kolbenova a je um\u00edst\u011bno do star\u0161\u00edho pr\u016fmyslov\u00e9ho objektu v prostor\u00e1ch b\u00fdval\u00e9 CKD tov\u00e1rny v m\u011bstsk\u00e9 \u010d\u00e1sti Prahy 9 \u2013 Vyso\u010dany. Cel\u00fd projekt Lofty Kolbenova navazuje na historickou stopu pr\u016fmyslov\u00e9 \u010d\u00e1sti pra\u017esk\u00fdch Vyso\u010dan. Projekt jsem zpracovala jako loft pro mlad\u00fd p\u00e1r ilustr\u00e1tor\u016f. Zvolila jsem \u00fazk\u00fd a men\u0161\u00ed p\u016fdorys. Do p\u0159\u00edsn\u00e9 pr\u016fmyslov\u00e9 stavby jsem p\u0159enesla organick\u00e9 tvary a \u00fazk\u00fd prostor tak rozehr\u00e1la v plynul\u00e9 prol\u00edn\u00e1n\u00ed k\u0159ivek a struktur. V interi\u00e9ru jsou pou\u017eity kvalitn\u00ed p\u0159edev\u0161\u00edm p\u0159\u00edrodn\u00ed materi\u00e1ly ve sv\u00e9 p\u016fvodn\u00ed barevnosti. Materi\u00e1ly i k\u0159ivky se do sebe prol\u00ednaj\u00ed, navazuj\u00ed na sebe a rozehr\u00e1vaj\u00ed specifickou atmosf\u00e9ru spole\u010dn\u011b s osv\u011btlen\u00edm. Pou\u017eila jsem zde vlastn\u00ed malbu jako podklad pro tapetu a folii do sklen\u011bn\u00e9 st\u011bny a vy\u0159e\u0161ila tak zapojen\u00ed um\u011bleck\u00e9ho d\u00edla v interi\u00e9ru. Design m\u00e1 evokovat objemy a textury s klidn\u00fdm a poetick\u00fdm charakterem.<br>Sou\u010d\u00e1st\u00ed pr\u00e1ce je rozs\u00e1hl\u00fd odd\u00edl skic, kreseb i maleb interi\u00e9ru a tak\u00e9 model z 3D tisk\u00e1rny, kter\u00fd dopl\u0148uje tento typ projektu o v\u00edce podla\u017e\u00edch.<\/p>\n\n\n\n<figure class=\"wp-block-image size-large\"><img decoding=\"async\" width=\"724\" height=\"1024\" data-src=\"http:\/\/www.design-award.cz\/wp-content\/uploads\/2025\/06\/PLAKAT-MATURITNI-TISK-724x1024.jpg\" alt=\"\" class=\"wp-image-5292 lazyload\" data-srcset=\"https:\/\/www.design-award.cz\/wp-content\/uploads\/2025\/06\/PLAKAT-MATURITNI-TISK-724x1024.jpg 724w, https:\/\/www.design-award.cz\/wp-content\/uploads\/2025\/06\/PLAKAT-MATURITNI-TISK-212x300.jpg 212w, https:\/\/www.design-award.cz\/wp-content\/uploads\/2025\/06\/PLAKAT-MATURITNI-TISK-768x1086.jpg 768w, https:\/\/www.design-award.cz\/wp-content\/uploads\/2025\/06\/PLAKAT-MATURITNI-TISK-1086x1536.jpg 1086w, https:\/\/www.design-award.cz\/wp-content\/uploads\/2025\/06\/PLAKAT-MATURITNI-TISK-1449x2048.jpg 1449w, https:\/\/www.design-award.cz\/wp-content\/uploads\/2025\/06\/PLAKAT-MATURITNI-TISK-500x707.jpg 500w, https:\/\/www.design-award.cz\/wp-content\/uploads\/2025\/06\/PLAKAT-MATURITNI-TISK-800x1131.jpg 800w, https:\/\/www.design-award.cz\/wp-content\/uploads\/2025\/06\/PLAKAT-MATURITNI-TISK-1280x1810.jpg 1280w, https:\/\/www.design-award.cz\/wp-content\/uploads\/2025\/06\/PLAKAT-MATURITNI-TISK-1920x2715.jpg 1920w, https:\/\/www.design-award.cz\/wp-content\/uploads\/2025\/06\/PLAKAT-MATURITNI-TISK-scaled.jpg 1811w\" data-sizes=\"(max-width: 724px) 100vw, 724px\" src=\"data:image\/svg+xml;base64,PHN2ZyB3aWR0aD0iMSIgaGVpZ2h0PSIxIiB4bWxucz0iaHR0cDovL3d3dy53My5vcmcvMjAwMC9zdmciPjwvc3ZnPg==\" style=\"--smush-placeholder-width: 724px; --smush-placeholder-aspect-ratio: 724\/1024;\" \/><\/figure>\n\n\n\n<figure class=\"wp-block-image size-large\"><img decoding=\"async\" width=\"1024\" height=\"724\" data-src=\"http:\/\/www.design-award.cz\/wp-content\/uploads\/2025\/06\/Snimek36-1024x724.png\" alt=\"\" class=\"wp-image-5291 lazyload\" data-srcset=\"https:\/\/www.design-award.cz\/wp-content\/uploads\/2025\/06\/Snimek36-1024x724.png 1024w, https:\/\/www.design-award.cz\/wp-content\/uploads\/2025\/06\/Snimek36-300x212.png 300w, https:\/\/www.design-award.cz\/wp-content\/uploads\/2025\/06\/Snimek36-768x543.png 768w, https:\/\/www.design-award.cz\/wp-content\/uploads\/2025\/06\/Snimek36-1536x1086.png 1536w, https:\/\/www.design-award.cz\/wp-content\/uploads\/2025\/06\/Snimek36-500x353.png 500w, https:\/\/www.design-award.cz\/wp-content\/uploads\/2025\/06\/Snimek36-800x566.png 800w, https:\/\/www.design-award.cz\/wp-content\/uploads\/2025\/06\/Snimek36-1280x905.png 1280w, https:\/\/www.design-award.cz\/wp-content\/uploads\/2025\/06\/Snimek36.png 1587w\" data-sizes=\"(max-width: 1024px) 100vw, 1024px\" src=\"data:image\/svg+xml;base64,PHN2ZyB3aWR0aD0iMSIgaGVpZ2h0PSIxIiB4bWxucz0iaHR0cDovL3d3dy53My5vcmcvMjAwMC9zdmciPjwvc3ZnPg==\" style=\"--smush-placeholder-width: 1024px; --smush-placeholder-aspect-ratio: 1024\/724;\" \/><\/figure>\n\n\n\n<figure class=\"wp-block-image size-large\"><img decoding=\"async\" width=\"1024\" height=\"576\" data-src=\"http:\/\/www.design-award.cz\/wp-content\/uploads\/2025\/06\/Render10-1024x576.jpg\" alt=\"\" class=\"wp-image-5295 lazyload\" data-srcset=\"https:\/\/www.design-award.cz\/wp-content\/uploads\/2025\/06\/Render10-1024x576.jpg 1024w, https:\/\/www.design-award.cz\/wp-content\/uploads\/2025\/06\/Render10-300x169.jpg 300w, https:\/\/www.design-award.cz\/wp-content\/uploads\/2025\/06\/Render10-768x432.jpg 768w, https:\/\/www.design-award.cz\/wp-content\/uploads\/2025\/06\/Render10-1536x864.jpg 1536w, https:\/\/www.design-award.cz\/wp-content\/uploads\/2025\/06\/Render10-800x450.jpg 800w, https:\/\/www.design-award.cz\/wp-content\/uploads\/2025\/06\/Render10-500x281.jpg 500w, https:\/\/www.design-award.cz\/wp-content\/uploads\/2025\/06\/Render10-1280x720.jpg 1280w, https:\/\/www.design-award.cz\/wp-content\/uploads\/2025\/06\/Render10-1920x1080.jpg 1920w, https:\/\/www.design-award.cz\/wp-content\/uploads\/2025\/06\/Render10.jpg 2000w\" data-sizes=\"(max-width: 1024px) 100vw, 1024px\" src=\"data:image\/svg+xml;base64,PHN2ZyB3aWR0aD0iMSIgaGVpZ2h0PSIxIiB4bWxucz0iaHR0cDovL3d3dy53My5vcmcvMjAwMC9zdmciPjwvc3ZnPg==\" style=\"--smush-placeholder-width: 1024px; --smush-placeholder-aspect-ratio: 1024\/576;\" \/><\/figure>\n\n\n\n<figure class=\"wp-block-image size-large\"><img decoding=\"async\" width=\"1024\" height=\"724\" data-src=\"http:\/\/www.design-award.cz\/wp-content\/uploads\/2025\/06\/Snimek12-1024x724.png\" alt=\"\" class=\"wp-image-5290 lazyload\" data-srcset=\"https:\/\/www.design-award.cz\/wp-content\/uploads\/2025\/06\/Snimek12-1024x724.png 1024w, https:\/\/www.design-award.cz\/wp-content\/uploads\/2025\/06\/Snimek12-300x212.png 300w, https:\/\/www.design-award.cz\/wp-content\/uploads\/2025\/06\/Snimek12-768x543.png 768w, https:\/\/www.design-award.cz\/wp-content\/uploads\/2025\/06\/Snimek12-1536x1086.png 1536w, https:\/\/www.design-award.cz\/wp-content\/uploads\/2025\/06\/Snimek12-500x353.png 500w, https:\/\/www.design-award.cz\/wp-content\/uploads\/2025\/06\/Snimek12-800x566.png 800w, https:\/\/www.design-award.cz\/wp-content\/uploads\/2025\/06\/Snimek12-1280x905.png 1280w, https:\/\/www.design-award.cz\/wp-content\/uploads\/2025\/06\/Snimek12.png 1587w\" data-sizes=\"(max-width: 1024px) 100vw, 1024px\" src=\"data:image\/svg+xml;base64,PHN2ZyB3aWR0aD0iMSIgaGVpZ2h0PSIxIiB4bWxucz0iaHR0cDovL3d3dy53My5vcmcvMjAwMC9zdmciPjwvc3ZnPg==\" style=\"--smush-placeholder-width: 1024px; --smush-placeholder-aspect-ratio: 1024\/724;\" \/><\/figure>\n","protected":false},"excerpt":{"rendered":"<p>Michaela Posp\u00ed\u0161ilov\u00e1 St\u0159edn\u00ed \u0161kola designu a m\u00f3dy, Prost\u011bjov &#8211; SSDAM Loftov\u00e9 bydlen\u00ed je navr\u017eeno pro projekt Lofty Kolbenova a je um\u00edst\u011bno do star\u0161\u00edho pr\u016fmyslov\u00e9ho objektu v prostor\u00e1ch b\u00fdval\u00e9 CKD tov\u00e1rny v m\u011bstsk\u00e9 \u010d\u00e1sti Prahy 9 \u2013 Vyso\u010dany. Cel\u00fd projekt Lofty Kolbenova navazuje na historickou stopu pr\u016fmyslov\u00e9 \u010d\u00e1sti pra\u017esk\u00fdch Vyso\u010dan. Projekt jsem zpracovala jako loft pro [&hellip;]<\/p>\n","protected":false},"author":2,"featured_media":5294,"menu_order":0,"comment_status":"closed","ping_status":"closed","template":"","format":"standard","meta":{"ngg_post_thumbnail":0,"ocean_post_layout":"","ocean_both_sidebars_style":"","ocean_both_sidebars_content_width":0,"ocean_both_sidebars_sidebars_width":0,"ocean_sidebar":"","ocean_second_sidebar":"","ocean_disable_margins":"enable","ocean_add_body_class":"","ocean_shortcode_before_top_bar":"","ocean_shortcode_after_top_bar":"","ocean_shortcode_before_header":"","ocean_shortcode_after_header":"","ocean_has_shortcode":"","ocean_shortcode_after_title":"","ocean_shortcode_before_footer_widgets":"","ocean_shortcode_after_footer_widgets":"","ocean_shortcode_before_footer_bottom":"","ocean_shortcode_after_footer_bottom":"","ocean_display_top_bar":"default","ocean_display_header":"default","ocean_header_style":"","ocean_center_header_left_menu":"","ocean_custom_header_template":"","ocean_custom_logo":0,"ocean_custom_retina_logo":0,"ocean_custom_logo_max_width":0,"ocean_custom_logo_tablet_max_width":0,"ocean_custom_logo_mobile_max_width":0,"ocean_custom_logo_max_height":0,"ocean_custom_logo_tablet_max_height":0,"ocean_custom_logo_mobile_max_height":0,"ocean_header_custom_menu":"","ocean_menu_typo_font_family":"","ocean_menu_typo_font_subset":"","ocean_menu_typo_font_size":0,"ocean_menu_typo_font_size_tablet":0,"ocean_menu_typo_font_size_mobile":0,"ocean_menu_typo_font_size_unit":"px","ocean_menu_typo_font_weight":"","ocean_menu_typo_font_weight_tablet":"","ocean_menu_typo_font_weight_mobile":"","ocean_menu_typo_transform":"","ocean_menu_typo_transform_tablet":"","ocean_menu_typo_transform_mobile":"","ocean_menu_typo_line_height":0,"ocean_menu_typo_line_height_tablet":0,"ocean_menu_typo_line_height_mobile":0,"ocean_menu_typo_line_height_unit":"","ocean_menu_typo_spacing":0,"ocean_menu_typo_spacing_tablet":0,"ocean_menu_typo_spacing_mobile":0,"ocean_menu_typo_spacing_unit":"","ocean_menu_link_color":"","ocean_menu_link_color_hover":"","ocean_menu_link_color_active":"","ocean_menu_link_background":"","ocean_menu_link_hover_background":"","ocean_menu_link_active_background":"","ocean_menu_social_links_bg":"","ocean_menu_social_hover_links_bg":"","ocean_menu_social_links_color":"","ocean_menu_social_hover_links_color":"","ocean_disable_title":"default","ocean_disable_heading":"default","ocean_post_title":"","ocean_post_subheading":"","ocean_post_title_style":"","ocean_post_title_background_color":"","ocean_post_title_background":0,"ocean_post_title_bg_image_position":"","ocean_post_title_bg_image_attachment":"","ocean_post_title_bg_image_repeat":"","ocean_post_title_bg_image_size":"","ocean_post_title_height":0,"ocean_post_title_bg_overlay":0.5,"ocean_post_title_bg_overlay_color":"","ocean_disable_breadcrumbs":"default","ocean_breadcrumbs_color":"","ocean_breadcrumbs_separator_color":"","ocean_breadcrumbs_links_color":"","ocean_breadcrumbs_links_hover_color":"","ocean_display_footer_widgets":"default","ocean_display_footer_bottom":"default","ocean_custom_footer_template":"","_vp_format_video_url":"","_vp_image_focal_point":[],"footnotes":""},"portfolio_category":[],"portfolio_tag":[],"class_list":["post-5282","portfolio","type-portfolio","status-publish","format-standard","has-post-thumbnail","hentry","entry","has-media"],"yoast_head":"<!-- This site is optimized with the Yoast SEO plugin v25.2 - https:\/\/yoast.com\/wordpress\/plugins\/seo\/ -->\n<title>Interi\u00e9rov\u00fd design - Organick\u00fd loft - design-award.cz<\/title>\n<meta name=\"robots\" content=\"index, follow, max-snippet:-1, max-image-preview:large, max-video-preview:-1\" \/>\n<link rel=\"canonical\" href=\"https:\/\/www.design-award.cz\/?portfolio=interierovy-design-organicky-loft\" \/>\n<meta property=\"og:locale\" content=\"cs_CZ\" \/>\n<meta property=\"og:type\" content=\"article\" \/>\n<meta property=\"og:title\" content=\"Interi\u00e9rov\u00fd design - Organick\u00fd loft - design-award.cz\" \/>\n<meta property=\"og:description\" content=\"Michaela Posp\u00ed\u0161ilov\u00e1 St\u0159edn\u00ed \u0161kola designu a m\u00f3dy, Prost\u011bjov &#8211; SSDAM Loftov\u00e9 bydlen\u00ed je navr\u017eeno pro projekt Lofty Kolbenova a je um\u00edst\u011bno do star\u0161\u00edho pr\u016fmyslov\u00e9ho objektu v prostor\u00e1ch b\u00fdval\u00e9 CKD tov\u00e1rny v m\u011bstsk\u00e9 \u010d\u00e1sti Prahy 9 \u2013 Vyso\u010dany. Cel\u00fd projekt Lofty Kolbenova navazuje na historickou stopu pr\u016fmyslov\u00e9 \u010d\u00e1sti pra\u017esk\u00fdch Vyso\u010dan. Projekt jsem zpracovala jako loft pro [&hellip;]\" \/>\n<meta property=\"og:url\" content=\"https:\/\/www.design-award.cz\/?portfolio=interierovy-design-organicky-loft\" \/>\n<meta property=\"og:site_name\" content=\"design-award.cz\" \/>\n<meta property=\"article:modified_time\" content=\"2025-06-30T09:10:13+00:00\" \/>\n<meta property=\"og:image\" content=\"http:\/\/www.design-award.cz\/wp-content\/uploads\/2025\/06\/Render2.jpg\" \/>\n\t<meta property=\"og:image:width\" content=\"2000\" \/>\n\t<meta property=\"og:image:height\" content=\"1125\" \/>\n\t<meta property=\"og:image:type\" content=\"image\/jpeg\" \/>\n<meta name=\"twitter:card\" content=\"summary_large_image\" \/>\n<meta name=\"twitter:label1\" content=\"Odhadovan\u00e1 doba \u010dten\u00ed\" \/>\n\t<meta name=\"twitter:data1\" content=\"2 minuty\" \/>\n<script type=\"application\/ld+json\" class=\"yoast-schema-graph\">{\"@context\":\"https:\/\/schema.org\",\"@graph\":[{\"@type\":\"WebPage\",\"@id\":\"https:\/\/www.design-award.cz\/?portfolio=interierovy-design-organicky-loft\",\"url\":\"https:\/\/www.design-award.cz\/?portfolio=interierovy-design-organicky-loft\",\"name\":\"Interi\u00e9rov\u00fd design - Organick\u00fd loft - design-award.cz\",\"isPartOf\":{\"@id\":\"https:\/\/www.design-award.cz\/#website\"},\"primaryImageOfPage\":{\"@id\":\"https:\/\/www.design-award.cz\/?portfolio=interierovy-design-organicky-loft#primaryimage\"},\"image\":{\"@id\":\"https:\/\/www.design-award.cz\/?portfolio=interierovy-design-organicky-loft#primaryimage\"},\"thumbnailUrl\":\"https:\/\/www.design-award.cz\/wp-content\/uploads\/2025\/06\/Render2.jpg\",\"datePublished\":\"2025-06-30T09:10:03+00:00\",\"dateModified\":\"2025-06-30T09:10:13+00:00\",\"breadcrumb\":{\"@id\":\"https:\/\/www.design-award.cz\/?portfolio=interierovy-design-organicky-loft#breadcrumb\"},\"inLanguage\":\"cs\",\"potentialAction\":[{\"@type\":\"ReadAction\",\"target\":[\"https:\/\/www.design-award.cz\/?portfolio=interierovy-design-organicky-loft\"]}]},{\"@type\":\"ImageObject\",\"inLanguage\":\"cs\",\"@id\":\"https:\/\/www.design-award.cz\/?portfolio=interierovy-design-organicky-loft#primaryimage\",\"url\":\"https:\/\/www.design-award.cz\/wp-content\/uploads\/2025\/06\/Render2.jpg\",\"contentUrl\":\"https:\/\/www.design-award.cz\/wp-content\/uploads\/2025\/06\/Render2.jpg\",\"width\":2000,\"height\":1125},{\"@type\":\"BreadcrumbList\",\"@id\":\"https:\/\/www.design-award.cz\/?portfolio=interierovy-design-organicky-loft#breadcrumb\",\"itemListElement\":[{\"@type\":\"ListItem\",\"position\":1,\"name\":\"Dom\u016f\",\"item\":\"https:\/\/www.design-award.cz\/\"},{\"@type\":\"ListItem\",\"position\":2,\"name\":\"Portfolio Items\",\"item\":\"https:\/\/www.design-award.cz\/?post_type=portfolio\"},{\"@type\":\"ListItem\",\"position\":3,\"name\":\"Interi\u00e9rov\u00fd design &#8211; Organick\u00fd loft\"}]},{\"@type\":\"WebSite\",\"@id\":\"https:\/\/www.design-award.cz\/#website\",\"url\":\"https:\/\/www.design-award.cz\/\",\"name\":\"design-award.cz\",\"description\":\"WARD vznikla v roce 2022. Je ur\u010dena p\u0159edev\u0161\u00edm student\u016fm st\u0159edn\u00edch um\u011bleck\u00fdch \u0161kol (S\u0160 a VO\u0160), kte\u0159\u00ed mohou bezplatn\u011b zaslat sv\u00e9 n\u00e1vrhy v uveden\u00fdch kategori\u00ed a tak pom\u011b\u0159it sv\u00e9 n\u00e1pady s konkurenc\u00ed sv\u00fdch vrstevn\u00edk\u016f. N\u00e1vrhy jsou n\u00e1sledn\u011b posouzeny nez\u00e1vislou porotou z \u0159ad v\u00fdtvarn\u00edk\u016f, pedagog\u016f a profesion\u00e1l\u016f z oboru.\",\"publisher\":{\"@id\":\"https:\/\/www.design-award.cz\/#organization\"},\"potentialAction\":[{\"@type\":\"SearchAction\",\"target\":{\"@type\":\"EntryPoint\",\"urlTemplate\":\"https:\/\/www.design-award.cz\/?s={search_term_string}\"},\"query-input\":{\"@type\":\"PropertyValueSpecification\",\"valueRequired\":true,\"valueName\":\"search_term_string\"}}],\"inLanguage\":\"cs\"},{\"@type\":\"Organization\",\"@id\":\"https:\/\/www.design-award.cz\/#organization\",\"name\":\"Design Award\",\"url\":\"https:\/\/www.design-award.cz\/\",\"logo\":{\"@type\":\"ImageObject\",\"inLanguage\":\"cs\",\"@id\":\"https:\/\/www.design-award.cz\/#\/schema\/logo\/image\/\",\"url\":\"http:\/\/www.design-award.cz\/wp-content\/uploads\/2021\/12\/hornilogo_design-award.png\",\"contentUrl\":\"http:\/\/www.design-award.cz\/wp-content\/uploads\/2021\/12\/hornilogo_design-award.png\",\"width\":800,\"height\":600,\"caption\":\"Design Award\"},\"image\":{\"@id\":\"https:\/\/www.design-award.cz\/#\/schema\/logo\/image\/\"},\"sameAs\":[\"https:\/\/www.instagram.com\/design_award\/\"]}]}<\/script>\n<!-- \/ Yoast SEO plugin. -->","yoast_head_json":{"title":"Interi\u00e9rov\u00fd design - Organick\u00fd loft - design-award.cz","robots":{"index":"index","follow":"follow","max-snippet":"max-snippet:-1","max-image-preview":"max-image-preview:large","max-video-preview":"max-video-preview:-1"},"canonical":"https:\/\/www.design-award.cz\/?portfolio=interierovy-design-organicky-loft","og_locale":"cs_CZ","og_type":"article","og_title":"Interi\u00e9rov\u00fd design - Organick\u00fd loft - design-award.cz","og_description":"Michaela Posp\u00ed\u0161ilov\u00e1 St\u0159edn\u00ed \u0161kola designu a m\u00f3dy, Prost\u011bjov &#8211; SSDAM Loftov\u00e9 bydlen\u00ed je navr\u017eeno pro projekt Lofty Kolbenova a je um\u00edst\u011bno do star\u0161\u00edho pr\u016fmyslov\u00e9ho objektu v prostor\u00e1ch b\u00fdval\u00e9 CKD tov\u00e1rny v m\u011bstsk\u00e9 \u010d\u00e1sti Prahy 9 \u2013 Vyso\u010dany. Cel\u00fd projekt Lofty Kolbenova navazuje na historickou stopu pr\u016fmyslov\u00e9 \u010d\u00e1sti pra\u017esk\u00fdch Vyso\u010dan. Projekt jsem zpracovala jako loft pro [&hellip;]","og_url":"https:\/\/www.design-award.cz\/?portfolio=interierovy-design-organicky-loft","og_site_name":"design-award.cz","article_modified_time":"2025-06-30T09:10:13+00:00","og_image":[{"width":2000,"height":1125,"url":"http:\/\/www.design-award.cz\/wp-content\/uploads\/2025\/06\/Render2.jpg","type":"image\/jpeg"}],"twitter_card":"summary_large_image","twitter_misc":{"Odhadovan\u00e1 doba \u010dten\u00ed":"2 minuty"},"schema":{"@context":"https:\/\/schema.org","@graph":[{"@type":"WebPage","@id":"https:\/\/www.design-award.cz\/?portfolio=interierovy-design-organicky-loft","url":"https:\/\/www.design-award.cz\/?portfolio=interierovy-design-organicky-loft","name":"Interi\u00e9rov\u00fd design - Organick\u00fd loft - design-award.cz","isPartOf":{"@id":"https:\/\/www.design-award.cz\/#website"},"primaryImageOfPage":{"@id":"https:\/\/www.design-award.cz\/?portfolio=interierovy-design-organicky-loft#primaryimage"},"image":{"@id":"https:\/\/www.design-award.cz\/?portfolio=interierovy-design-organicky-loft#primaryimage"},"thumbnailUrl":"https:\/\/www.design-award.cz\/wp-content\/uploads\/2025\/06\/Render2.jpg","datePublished":"2025-06-30T09:10:03+00:00","dateModified":"2025-06-30T09:10:13+00:00","breadcrumb":{"@id":"https:\/\/www.design-award.cz\/?portfolio=interierovy-design-organicky-loft#breadcrumb"},"inLanguage":"cs","potentialAction":[{"@type":"ReadAction","target":["https:\/\/www.design-award.cz\/?portfolio=interierovy-design-organicky-loft"]}]},{"@type":"ImageObject","inLanguage":"cs","@id":"https:\/\/www.design-award.cz\/?portfolio=interierovy-design-organicky-loft#primaryimage","url":"https:\/\/www.design-award.cz\/wp-content\/uploads\/2025\/06\/Render2.jpg","contentUrl":"https:\/\/www.design-award.cz\/wp-content\/uploads\/2025\/06\/Render2.jpg","width":2000,"height":1125},{"@type":"BreadcrumbList","@id":"https:\/\/www.design-award.cz\/?portfolio=interierovy-design-organicky-loft#breadcrumb","itemListElement":[{"@type":"ListItem","position":1,"name":"Dom\u016f","item":"https:\/\/www.design-award.cz\/"},{"@type":"ListItem","position":2,"name":"Portfolio Items","item":"https:\/\/www.design-award.cz\/?post_type=portfolio"},{"@type":"ListItem","position":3,"name":"Interi\u00e9rov\u00fd design &#8211; Organick\u00fd loft"}]},{"@type":"WebSite","@id":"https:\/\/www.design-award.cz\/#website","url":"https:\/\/www.design-award.cz\/","name":"design-award.cz","description":"WARD vznikla v roce 2022. Je ur\u010dena p\u0159edev\u0161\u00edm student\u016fm st\u0159edn\u00edch um\u011bleck\u00fdch \u0161kol (S\u0160 a VO\u0160), kte\u0159\u00ed mohou bezplatn\u011b zaslat sv\u00e9 n\u00e1vrhy v uveden\u00fdch kategori\u00ed a tak pom\u011b\u0159it sv\u00e9 n\u00e1pady s konkurenc\u00ed sv\u00fdch vrstevn\u00edk\u016f. N\u00e1vrhy jsou n\u00e1sledn\u011b posouzeny nez\u00e1vislou porotou z \u0159ad v\u00fdtvarn\u00edk\u016f, pedagog\u016f a profesion\u00e1l\u016f z oboru.","publisher":{"@id":"https:\/\/www.design-award.cz\/#organization"},"potentialAction":[{"@type":"SearchAction","target":{"@type":"EntryPoint","urlTemplate":"https:\/\/www.design-award.cz\/?s={search_term_string}"},"query-input":{"@type":"PropertyValueSpecification","valueRequired":true,"valueName":"search_term_string"}}],"inLanguage":"cs"},{"@type":"Organization","@id":"https:\/\/www.design-award.cz\/#organization","name":"Design Award","url":"https:\/\/www.design-award.cz\/","logo":{"@type":"ImageObject","inLanguage":"cs","@id":"https:\/\/www.design-award.cz\/#\/schema\/logo\/image\/","url":"http:\/\/www.design-award.cz\/wp-content\/uploads\/2021\/12\/hornilogo_design-award.png","contentUrl":"http:\/\/www.design-award.cz\/wp-content\/uploads\/2021\/12\/hornilogo_design-award.png","width":800,"height":600,"caption":"Design Award"},"image":{"@id":"https:\/\/www.design-award.cz\/#\/schema\/logo\/image\/"},"sameAs":["https:\/\/www.instagram.com\/design_award\/"]}]}},"_links":{"self":[{"href":"https:\/\/www.design-award.cz\/index.php?rest_route=\/wp\/v2\/portfolio\/5282","targetHints":{"allow":["GET"]}}],"collection":[{"href":"https:\/\/www.design-award.cz\/index.php?rest_route=\/wp\/v2\/portfolio"}],"about":[{"href":"https:\/\/www.design-award.cz\/index.php?rest_route=\/wp\/v2\/types\/portfolio"}],"author":[{"embeddable":true,"href":"https:\/\/www.design-award.cz\/index.php?rest_route=\/wp\/v2\/users\/2"}],"replies":[{"embeddable":true,"href":"https:\/\/www.design-award.cz\/index.php?rest_route=%2Fwp%2Fv2%2Fcomments&post=5282"}],"version-history":[{"count":1,"href":"https:\/\/www.design-award.cz\/index.php?rest_route=\/wp\/v2\/portfolio\/5282\/revisions"}],"predecessor-version":[{"id":5299,"href":"https:\/\/www.design-award.cz\/index.php?rest_route=\/wp\/v2\/portfolio\/5282\/revisions\/5299"}],"wp:featuredmedia":[{"embeddable":true,"href":"https:\/\/www.design-award.cz\/index.php?rest_route=\/wp\/v2\/media\/5294"}],"wp:attachment":[{"href":"https:\/\/www.design-award.cz\/index.php?rest_route=%2Fwp%2Fv2%2Fmedia&parent=5282"}],"wp:term":[{"taxonomy":"portfolio_category","embeddable":true,"href":"https:\/\/www.design-award.cz\/index.php?rest_route=%2Fwp%2Fv2%2Fportfolio_category&post=5282"},{"taxonomy":"portfolio_tag","embeddable":true,"href":"https:\/\/www.design-award.cz\/index.php?rest_route=%2Fwp%2Fv2%2Fportfolio_tag&post=5282"}],"curies":[{"name":"wp","href":"https:\/\/api.w.org\/{rel}","templated":true}]}}