{"id":5283,"date":"2025-06-30T09:06:38","date_gmt":"2025-06-30T09:06:38","guid":{"rendered":"https:\/\/www.design-award.cz\/?post_type=portfolio&#038;p=5283"},"modified":"2025-06-30T09:06:39","modified_gmt":"2025-06-30T09:06:39","slug":"produktovy-design-record","status":"publish","type":"portfolio","link":"https:\/\/www.design-award.cz\/?portfolio=produktovy-design-record","title":{"rendered":"Produktov\u00fd design &#8211; Record"},"content":{"rendered":"\n<p>Roz\u00e1lie Pokorn\u00e1<br><br>Vy\u0161\u0161\u00ed odborn\u00e1 \u0161kola a st\u0159edn\u00ed pr\u016fmyslov\u00e1 \u0161kola Volyn\u011b<br><br>\u201cRecord\u201d je maturitn\u00ed pr\u00e1ce se zad\u00e1n\u00edm konferen\u010dn\u00ed stolek. Je inspirov\u00e1n vinylov\u00fdmi deskami. P\u0159edstavuje z\u00e1bavn\u00e9 zpest\u0159en\u00ed do interi\u00e9ru. Je vhodn\u00fd do dom\u00e1cnost\u00ed milovn\u00edk\u016f hudby, ale m\u016f\u017ee naj\u00edt vyu\u017eit\u00ed nap\u0159\u00edklad i\u00a0 v obchod\u011b s hudebninami.<br><br>Konstrukce stolku je slo\u017eena ze \u010dty\u0159 gramofonov\u00fdch desek. Jednotliv\u00e9 desky jsou vyrobeny z p\u0159ekli\u017eky tlou\u0161\u0165ky 18 mm. Na ka\u017ed\u00e9 desce najdeme dr\u00e1\u017eky zn\u00e1zor\u0148uj\u00edc\u00ed konce skladeb \u010di p\u0159\u00edb\u011bh\u016f. Desky jsou navr\u017eeny tak, \u017ee do sebe zapadaj\u00ed na sucho, a proto je cel\u00fd stolek demontovateln\u00fd. Konstrukce stolku je zpevn\u011bna dv\u011bma vruty, kter\u00e9 ale po smontov\u00e1n\u00ed nelze spat\u0159it. Povrchov\u00e1 \u00faprava v\u0161ech desek se m\u00edrn\u011b li\u0161\u00ed &#8211; st\u0159edy desek maj\u00ed r\u016fzn\u00e9 barvy (\u010dervenou, tmav\u011b modrou a tmav\u011b tyrkysovou) a jsou matn\u00e9, zat\u00edmco \u010dern\u00e1 barva je leskl\u00e1. Stolov\u00e1 deska je sklen\u011bn\u00e1 o tlou\u0161\u0165ce 8 mm a m\u00e1 tvar kruhu o pr\u016fm\u011bru 700 mm. Sklo na stolku dr\u017e\u00ed d\u00edky gumov\u00fdm \u010do\u010dk\u00e1m. Stolek je navr\u017een tak, \u017ee d\u00edky n\u00e1klonu a um\u00edst\u011bn\u00ed spodn\u00ed desky vznik\u00e1 odkl\u00e1dac\u00ed prostor i pod hlavn\u00ed stolovou deskou.<\/p>\n\n\n\n<figure class=\"wp-block-image size-large\"><img decoding=\"async\" width=\"717\" height=\"1024\" data-src=\"http:\/\/www.design-award.cz\/wp-content\/uploads\/2025\/06\/Pokorna-Record-poster-717x1024.jpg\" alt=\"\" class=\"wp-image-5288 lazyload\" data-srcset=\"https:\/\/www.design-award.cz\/wp-content\/uploads\/2025\/06\/Pokorna-Record-poster-717x1024.jpg 717w, https:\/\/www.design-award.cz\/wp-content\/uploads\/2025\/06\/Pokorna-Record-poster-210x300.jpg 210w, https:\/\/www.design-award.cz\/wp-content\/uploads\/2025\/06\/Pokorna-Record-poster-768x1097.jpg 768w, https:\/\/www.design-award.cz\/wp-content\/uploads\/2025\/06\/Pokorna-Record-poster-500x714.jpg 500w, https:\/\/www.design-award.cz\/wp-content\/uploads\/2025\/06\/Pokorna-Record-poster-800x1143.jpg 800w\" data-sizes=\"(max-width: 717px) 100vw, 717px\" src=\"data:image\/svg+xml;base64,PHN2ZyB3aWR0aD0iMSIgaGVpZ2h0PSIxIiB4bWxucz0iaHR0cDovL3d3dy53My5vcmcvMjAwMC9zdmciPjwvc3ZnPg==\" style=\"--smush-placeholder-width: 717px; --smush-placeholder-aspect-ratio: 717\/1024;\" \/><\/figure>\n\n\n\n<figure class=\"wp-block-image size-large\"><img decoding=\"async\" width=\"1024\" height=\"683\" data-src=\"http:\/\/www.design-award.cz\/wp-content\/uploads\/2025\/06\/Pokorna-Record-pohled1-1024x683.jpg\" alt=\"\" class=\"wp-image-5285 lazyload\" data-srcset=\"https:\/\/www.design-award.cz\/wp-content\/uploads\/2025\/06\/Pokorna-Record-pohled1-1024x683.jpg 1024w, https:\/\/www.design-award.cz\/wp-content\/uploads\/2025\/06\/Pokorna-Record-pohled1-300x200.jpg 300w, https:\/\/www.design-award.cz\/wp-content\/uploads\/2025\/06\/Pokorna-Record-pohled1-768x512.jpg 768w, https:\/\/www.design-award.cz\/wp-content\/uploads\/2025\/06\/Pokorna-Record-pohled1-1536x1024.jpg 1536w, https:\/\/www.design-award.cz\/wp-content\/uploads\/2025\/06\/Pokorna-Record-pohled1-2048x1365.jpg 2048w, https:\/\/www.design-award.cz\/wp-content\/uploads\/2025\/06\/Pokorna-Record-pohled1-500x333.jpg 500w, https:\/\/www.design-award.cz\/wp-content\/uploads\/2025\/06\/Pokorna-Record-pohled1-800x533.jpg 800w, https:\/\/www.design-award.cz\/wp-content\/uploads\/2025\/06\/Pokorna-Record-pohled1-1280x853.jpg 1280w, https:\/\/www.design-award.cz\/wp-content\/uploads\/2025\/06\/Pokorna-Record-pohled1-1920x1280.jpg 1920w\" data-sizes=\"(max-width: 1024px) 100vw, 1024px\" src=\"data:image\/svg+xml;base64,PHN2ZyB3aWR0aD0iMSIgaGVpZ2h0PSIxIiB4bWxucz0iaHR0cDovL3d3dy53My5vcmcvMjAwMC9zdmciPjwvc3ZnPg==\" style=\"--smush-placeholder-width: 1024px; --smush-placeholder-aspect-ratio: 1024\/683;\" \/><\/figure>\n\n\n\n<figure class=\"wp-block-image size-large\"><img decoding=\"async\" width=\"1024\" height=\"683\" data-src=\"http:\/\/www.design-award.cz\/wp-content\/uploads\/2025\/06\/Pokorna-Record-pohled3-1024x683.jpg\" alt=\"\" class=\"wp-image-5287 lazyload\" data-srcset=\"https:\/\/www.design-award.cz\/wp-content\/uploads\/2025\/06\/Pokorna-Record-pohled3-1024x683.jpg 1024w, https:\/\/www.design-award.cz\/wp-content\/uploads\/2025\/06\/Pokorna-Record-pohled3-300x200.jpg 300w, https:\/\/www.design-award.cz\/wp-content\/uploads\/2025\/06\/Pokorna-Record-pohled3-768x512.jpg 768w, https:\/\/www.design-award.cz\/wp-content\/uploads\/2025\/06\/Pokorna-Record-pohled3-1536x1024.jpg 1536w, https:\/\/www.design-award.cz\/wp-content\/uploads\/2025\/06\/Pokorna-Record-pohled3-2048x1365.jpg 2048w, https:\/\/www.design-award.cz\/wp-content\/uploads\/2025\/06\/Pokorna-Record-pohled3-500x333.jpg 500w, https:\/\/www.design-award.cz\/wp-content\/uploads\/2025\/06\/Pokorna-Record-pohled3-800x533.jpg 800w, https:\/\/www.design-award.cz\/wp-content\/uploads\/2025\/06\/Pokorna-Record-pohled3-1280x853.jpg 1280w, https:\/\/www.design-award.cz\/wp-content\/uploads\/2025\/06\/Pokorna-Record-pohled3-1920x1280.jpg 1920w\" data-sizes=\"(max-width: 1024px) 100vw, 1024px\" src=\"data:image\/svg+xml;base64,PHN2ZyB3aWR0aD0iMSIgaGVpZ2h0PSIxIiB4bWxucz0iaHR0cDovL3d3dy53My5vcmcvMjAwMC9zdmciPjwvc3ZnPg==\" style=\"--smush-placeholder-width: 1024px; --smush-placeholder-aspect-ratio: 1024\/683;\" \/><\/figure>\n\n\n\n<figure class=\"wp-block-image size-large\"><img decoding=\"async\" width=\"1024\" height=\"724\" data-src=\"http:\/\/www.design-award.cz\/wp-content\/uploads\/2025\/06\/Pokorna-Record-technicky-vykres-1024x724.jpg\" alt=\"\" class=\"wp-image-5289 lazyload\" data-srcset=\"https:\/\/www.design-award.cz\/wp-content\/uploads\/2025\/06\/Pokorna-Record-technicky-vykres-1024x724.jpg 1024w, https:\/\/www.design-award.cz\/wp-content\/uploads\/2025\/06\/Pokorna-Record-technicky-vykres-300x212.jpg 300w, https:\/\/www.design-award.cz\/wp-content\/uploads\/2025\/06\/Pokorna-Record-technicky-vykres-768x543.jpg 768w, https:\/\/www.design-award.cz\/wp-content\/uploads\/2025\/06\/Pokorna-Record-technicky-vykres-1536x1086.jpg 1536w, https:\/\/www.design-award.cz\/wp-content\/uploads\/2025\/06\/Pokorna-Record-technicky-vykres-2048x1448.jpg 2048w, https:\/\/www.design-award.cz\/wp-content\/uploads\/2025\/06\/Pokorna-Record-technicky-vykres-500x354.jpg 500w, https:\/\/www.design-award.cz\/wp-content\/uploads\/2025\/06\/Pokorna-Record-technicky-vykres-800x566.jpg 800w, https:\/\/www.design-award.cz\/wp-content\/uploads\/2025\/06\/Pokorna-Record-technicky-vykres-1280x905.jpg 1280w, https:\/\/www.design-award.cz\/wp-content\/uploads\/2025\/06\/Pokorna-Record-technicky-vykres-1920x1358.jpg 1920w\" data-sizes=\"(max-width: 1024px) 100vw, 1024px\" src=\"data:image\/svg+xml;base64,PHN2ZyB3aWR0aD0iMSIgaGVpZ2h0PSIxIiB4bWxucz0iaHR0cDovL3d3dy53My5vcmcvMjAwMC9zdmciPjwvc3ZnPg==\" style=\"--smush-placeholder-width: 1024px; --smush-placeholder-aspect-ratio: 1024\/724;\" \/><\/figure>\n","protected":false},"excerpt":{"rendered":"<p>Roz\u00e1lie Pokorn\u00e1 Vy\u0161\u0161\u00ed odborn\u00e1 \u0161kola a st\u0159edn\u00ed pr\u016fmyslov\u00e1 \u0161kola Volyn\u011b \u201cRecord\u201d je maturitn\u00ed pr\u00e1ce se zad\u00e1n\u00edm konferen\u010dn\u00ed stolek. Je inspirov\u00e1n vinylov\u00fdmi deskami. P\u0159edstavuje z\u00e1bavn\u00e9 zpest\u0159en\u00ed do interi\u00e9ru. Je vhodn\u00fd do dom\u00e1cnost\u00ed milovn\u00edk\u016f hudby, ale m\u016f\u017ee naj\u00edt vyu\u017eit\u00ed nap\u0159\u00edklad i\u00a0 v obchod\u011b s hudebninami. Konstrukce stolku je slo\u017eena ze \u010dty\u0159 gramofonov\u00fdch desek. Jednotliv\u00e9 desky jsou vyrobeny [&hellip;]<\/p>\n","protected":false},"author":2,"featured_media":5286,"menu_order":0,"comment_status":"closed","ping_status":"closed","template":"","format":"standard","meta":{"ngg_post_thumbnail":0,"ocean_post_layout":"","ocean_both_sidebars_style":"","ocean_both_sidebars_content_width":0,"ocean_both_sidebars_sidebars_width":0,"ocean_sidebar":"","ocean_second_sidebar":"","ocean_disable_margins":"enable","ocean_add_body_class":"","ocean_shortcode_before_top_bar":"","ocean_shortcode_after_top_bar":"","ocean_shortcode_before_header":"","ocean_shortcode_after_header":"","ocean_has_shortcode":"","ocean_shortcode_after_title":"","ocean_shortcode_before_footer_widgets":"","ocean_shortcode_after_footer_widgets":"","ocean_shortcode_before_footer_bottom":"","ocean_shortcode_after_footer_bottom":"","ocean_display_top_bar":"default","ocean_display_header":"default","ocean_header_style":"","ocean_center_header_left_menu":"","ocean_custom_header_template":"","ocean_custom_logo":0,"ocean_custom_retina_logo":0,"ocean_custom_logo_max_width":0,"ocean_custom_logo_tablet_max_width":0,"ocean_custom_logo_mobile_max_width":0,"ocean_custom_logo_max_height":0,"ocean_custom_logo_tablet_max_height":0,"ocean_custom_logo_mobile_max_height":0,"ocean_header_custom_menu":"","ocean_menu_typo_font_family":"","ocean_menu_typo_font_subset":"","ocean_menu_typo_font_size":0,"ocean_menu_typo_font_size_tablet":0,"ocean_menu_typo_font_size_mobile":0,"ocean_menu_typo_font_size_unit":"px","ocean_menu_typo_font_weight":"","ocean_menu_typo_font_weight_tablet":"","ocean_menu_typo_font_weight_mobile":"","ocean_menu_typo_transform":"","ocean_menu_typo_transform_tablet":"","ocean_menu_typo_transform_mobile":"","ocean_menu_typo_line_height":0,"ocean_menu_typo_line_height_tablet":0,"ocean_menu_typo_line_height_mobile":0,"ocean_menu_typo_line_height_unit":"","ocean_menu_typo_spacing":0,"ocean_menu_typo_spacing_tablet":0,"ocean_menu_typo_spacing_mobile":0,"ocean_menu_typo_spacing_unit":"","ocean_menu_link_color":"","ocean_menu_link_color_hover":"","ocean_menu_link_color_active":"","ocean_menu_link_background":"","ocean_menu_link_hover_background":"","ocean_menu_link_active_background":"","ocean_menu_social_links_bg":"","ocean_menu_social_hover_links_bg":"","ocean_menu_social_links_color":"","ocean_menu_social_hover_links_color":"","ocean_disable_title":"default","ocean_disable_heading":"default","ocean_post_title":"","ocean_post_subheading":"","ocean_post_title_style":"","ocean_post_title_background_color":"","ocean_post_title_background":0,"ocean_post_title_bg_image_position":"","ocean_post_title_bg_image_attachment":"","ocean_post_title_bg_image_repeat":"","ocean_post_title_bg_image_size":"","ocean_post_title_height":0,"ocean_post_title_bg_overlay":0.5,"ocean_post_title_bg_overlay_color":"","ocean_disable_breadcrumbs":"default","ocean_breadcrumbs_color":"","ocean_breadcrumbs_separator_color":"","ocean_breadcrumbs_links_color":"","ocean_breadcrumbs_links_hover_color":"","ocean_display_footer_widgets":"default","ocean_display_footer_bottom":"default","ocean_custom_footer_template":"","_vp_format_video_url":"","_vp_image_focal_point":[],"footnotes":""},"portfolio_category":[],"portfolio_tag":[],"class_list":["post-5283","portfolio","type-portfolio","status-publish","format-standard","has-post-thumbnail","hentry","entry","has-media"],"yoast_head":"<!-- This site is optimized with the Yoast SEO plugin v25.2 - https:\/\/yoast.com\/wordpress\/plugins\/seo\/ -->\n<title>Produktov\u00fd design - Record - design-award.cz<\/title>\n<meta name=\"robots\" content=\"index, follow, max-snippet:-1, max-image-preview:large, max-video-preview:-1\" \/>\n<link rel=\"canonical\" href=\"https:\/\/www.design-award.cz\/?portfolio=produktovy-design-record\" \/>\n<meta property=\"og:locale\" content=\"cs_CZ\" \/>\n<meta property=\"og:type\" content=\"article\" \/>\n<meta property=\"og:title\" content=\"Produktov\u00fd design - Record - design-award.cz\" \/>\n<meta property=\"og:description\" content=\"Roz\u00e1lie Pokorn\u00e1 Vy\u0161\u0161\u00ed odborn\u00e1 \u0161kola a st\u0159edn\u00ed pr\u016fmyslov\u00e1 \u0161kola Volyn\u011b \u201cRecord\u201d je maturitn\u00ed pr\u00e1ce se zad\u00e1n\u00edm konferen\u010dn\u00ed stolek. Je inspirov\u00e1n vinylov\u00fdmi deskami. P\u0159edstavuje z\u00e1bavn\u00e9 zpest\u0159en\u00ed do interi\u00e9ru. Je vhodn\u00fd do dom\u00e1cnost\u00ed milovn\u00edk\u016f hudby, ale m\u016f\u017ee naj\u00edt vyu\u017eit\u00ed nap\u0159\u00edklad i\u00a0 v obchod\u011b s hudebninami. Konstrukce stolku je slo\u017eena ze \u010dty\u0159 gramofonov\u00fdch desek. Jednotliv\u00e9 desky jsou vyrobeny [&hellip;]\" \/>\n<meta property=\"og:url\" content=\"https:\/\/www.design-award.cz\/?portfolio=produktovy-design-record\" \/>\n<meta property=\"og:site_name\" content=\"design-award.cz\" \/>\n<meta property=\"article:modified_time\" content=\"2025-06-30T09:06:39+00:00\" \/>\n<meta property=\"og:image\" content=\"http:\/\/www.design-award.cz\/wp-content\/uploads\/2025\/06\/Pokorna-Record-pohled2-scaled.jpg\" \/>\n\t<meta property=\"og:image:width\" content=\"2560\" \/>\n\t<meta property=\"og:image:height\" content=\"1707\" \/>\n\t<meta property=\"og:image:type\" content=\"image\/jpeg\" \/>\n<meta name=\"twitter:card\" content=\"summary_large_image\" \/>\n<meta name=\"twitter:label1\" content=\"Odhadovan\u00e1 doba \u010dten\u00ed\" \/>\n\t<meta name=\"twitter:data1\" content=\"2 minuty\" \/>\n<script type=\"application\/ld+json\" class=\"yoast-schema-graph\">{\"@context\":\"https:\/\/schema.org\",\"@graph\":[{\"@type\":\"WebPage\",\"@id\":\"https:\/\/www.design-award.cz\/?portfolio=produktovy-design-record\",\"url\":\"https:\/\/www.design-award.cz\/?portfolio=produktovy-design-record\",\"name\":\"Produktov\u00fd design - Record - design-award.cz\",\"isPartOf\":{\"@id\":\"https:\/\/www.design-award.cz\/#website\"},\"primaryImageOfPage\":{\"@id\":\"https:\/\/www.design-award.cz\/?portfolio=produktovy-design-record#primaryimage\"},\"image\":{\"@id\":\"https:\/\/www.design-award.cz\/?portfolio=produktovy-design-record#primaryimage\"},\"thumbnailUrl\":\"https:\/\/www.design-award.cz\/wp-content\/uploads\/2025\/06\/Pokorna-Record-pohled2-scaled.jpg\",\"datePublished\":\"2025-06-30T09:06:38+00:00\",\"dateModified\":\"2025-06-30T09:06:39+00:00\",\"breadcrumb\":{\"@id\":\"https:\/\/www.design-award.cz\/?portfolio=produktovy-design-record#breadcrumb\"},\"inLanguage\":\"cs\",\"potentialAction\":[{\"@type\":\"ReadAction\",\"target\":[\"https:\/\/www.design-award.cz\/?portfolio=produktovy-design-record\"]}]},{\"@type\":\"ImageObject\",\"inLanguage\":\"cs\",\"@id\":\"https:\/\/www.design-award.cz\/?portfolio=produktovy-design-record#primaryimage\",\"url\":\"https:\/\/www.design-award.cz\/wp-content\/uploads\/2025\/06\/Pokorna-Record-pohled2-scaled.jpg\",\"contentUrl\":\"https:\/\/www.design-award.cz\/wp-content\/uploads\/2025\/06\/Pokorna-Record-pohled2-scaled.jpg\",\"width\":2560,\"height\":1707},{\"@type\":\"BreadcrumbList\",\"@id\":\"https:\/\/www.design-award.cz\/?portfolio=produktovy-design-record#breadcrumb\",\"itemListElement\":[{\"@type\":\"ListItem\",\"position\":1,\"name\":\"Dom\u016f\",\"item\":\"https:\/\/www.design-award.cz\/\"},{\"@type\":\"ListItem\",\"position\":2,\"name\":\"Portfolio Items\",\"item\":\"https:\/\/www.design-award.cz\/?post_type=portfolio\"},{\"@type\":\"ListItem\",\"position\":3,\"name\":\"Produktov\u00fd design &#8211; Record\"}]},{\"@type\":\"WebSite\",\"@id\":\"https:\/\/www.design-award.cz\/#website\",\"url\":\"https:\/\/www.design-award.cz\/\",\"name\":\"design-award.cz\",\"description\":\"WARD vznikla v roce 2022. Je ur\u010dena p\u0159edev\u0161\u00edm student\u016fm st\u0159edn\u00edch um\u011bleck\u00fdch \u0161kol (S\u0160 a VO\u0160), kte\u0159\u00ed mohou bezplatn\u011b zaslat sv\u00e9 n\u00e1vrhy v uveden\u00fdch kategori\u00ed a tak pom\u011b\u0159it sv\u00e9 n\u00e1pady s konkurenc\u00ed sv\u00fdch vrstevn\u00edk\u016f. N\u00e1vrhy jsou n\u00e1sledn\u011b posouzeny nez\u00e1vislou porotou z \u0159ad v\u00fdtvarn\u00edk\u016f, pedagog\u016f a profesion\u00e1l\u016f z oboru.\",\"publisher\":{\"@id\":\"https:\/\/www.design-award.cz\/#organization\"},\"potentialAction\":[{\"@type\":\"SearchAction\",\"target\":{\"@type\":\"EntryPoint\",\"urlTemplate\":\"https:\/\/www.design-award.cz\/?s={search_term_string}\"},\"query-input\":{\"@type\":\"PropertyValueSpecification\",\"valueRequired\":true,\"valueName\":\"search_term_string\"}}],\"inLanguage\":\"cs\"},{\"@type\":\"Organization\",\"@id\":\"https:\/\/www.design-award.cz\/#organization\",\"name\":\"Design Award\",\"url\":\"https:\/\/www.design-award.cz\/\",\"logo\":{\"@type\":\"ImageObject\",\"inLanguage\":\"cs\",\"@id\":\"https:\/\/www.design-award.cz\/#\/schema\/logo\/image\/\",\"url\":\"http:\/\/www.design-award.cz\/wp-content\/uploads\/2021\/12\/hornilogo_design-award.png\",\"contentUrl\":\"http:\/\/www.design-award.cz\/wp-content\/uploads\/2021\/12\/hornilogo_design-award.png\",\"width\":800,\"height\":600,\"caption\":\"Design Award\"},\"image\":{\"@id\":\"https:\/\/www.design-award.cz\/#\/schema\/logo\/image\/\"},\"sameAs\":[\"https:\/\/www.instagram.com\/design_award\/\"]}]}<\/script>\n<!-- \/ Yoast SEO plugin. -->","yoast_head_json":{"title":"Produktov\u00fd design - Record - design-award.cz","robots":{"index":"index","follow":"follow","max-snippet":"max-snippet:-1","max-image-preview":"max-image-preview:large","max-video-preview":"max-video-preview:-1"},"canonical":"https:\/\/www.design-award.cz\/?portfolio=produktovy-design-record","og_locale":"cs_CZ","og_type":"article","og_title":"Produktov\u00fd design - Record - design-award.cz","og_description":"Roz\u00e1lie Pokorn\u00e1 Vy\u0161\u0161\u00ed odborn\u00e1 \u0161kola a st\u0159edn\u00ed pr\u016fmyslov\u00e1 \u0161kola Volyn\u011b \u201cRecord\u201d je maturitn\u00ed pr\u00e1ce se zad\u00e1n\u00edm konferen\u010dn\u00ed stolek. Je inspirov\u00e1n vinylov\u00fdmi deskami. P\u0159edstavuje z\u00e1bavn\u00e9 zpest\u0159en\u00ed do interi\u00e9ru. Je vhodn\u00fd do dom\u00e1cnost\u00ed milovn\u00edk\u016f hudby, ale m\u016f\u017ee naj\u00edt vyu\u017eit\u00ed nap\u0159\u00edklad i\u00a0 v obchod\u011b s hudebninami. Konstrukce stolku je slo\u017eena ze \u010dty\u0159 gramofonov\u00fdch desek. Jednotliv\u00e9 desky jsou vyrobeny [&hellip;]","og_url":"https:\/\/www.design-award.cz\/?portfolio=produktovy-design-record","og_site_name":"design-award.cz","article_modified_time":"2025-06-30T09:06:39+00:00","og_image":[{"width":2560,"height":1707,"url":"http:\/\/www.design-award.cz\/wp-content\/uploads\/2025\/06\/Pokorna-Record-pohled2-scaled.jpg","type":"image\/jpeg"}],"twitter_card":"summary_large_image","twitter_misc":{"Odhadovan\u00e1 doba \u010dten\u00ed":"2 minuty"},"schema":{"@context":"https:\/\/schema.org","@graph":[{"@type":"WebPage","@id":"https:\/\/www.design-award.cz\/?portfolio=produktovy-design-record","url":"https:\/\/www.design-award.cz\/?portfolio=produktovy-design-record","name":"Produktov\u00fd design - Record - design-award.cz","isPartOf":{"@id":"https:\/\/www.design-award.cz\/#website"},"primaryImageOfPage":{"@id":"https:\/\/www.design-award.cz\/?portfolio=produktovy-design-record#primaryimage"},"image":{"@id":"https:\/\/www.design-award.cz\/?portfolio=produktovy-design-record#primaryimage"},"thumbnailUrl":"https:\/\/www.design-award.cz\/wp-content\/uploads\/2025\/06\/Pokorna-Record-pohled2-scaled.jpg","datePublished":"2025-06-30T09:06:38+00:00","dateModified":"2025-06-30T09:06:39+00:00","breadcrumb":{"@id":"https:\/\/www.design-award.cz\/?portfolio=produktovy-design-record#breadcrumb"},"inLanguage":"cs","potentialAction":[{"@type":"ReadAction","target":["https:\/\/www.design-award.cz\/?portfolio=produktovy-design-record"]}]},{"@type":"ImageObject","inLanguage":"cs","@id":"https:\/\/www.design-award.cz\/?portfolio=produktovy-design-record#primaryimage","url":"https:\/\/www.design-award.cz\/wp-content\/uploads\/2025\/06\/Pokorna-Record-pohled2-scaled.jpg","contentUrl":"https:\/\/www.design-award.cz\/wp-content\/uploads\/2025\/06\/Pokorna-Record-pohled2-scaled.jpg","width":2560,"height":1707},{"@type":"BreadcrumbList","@id":"https:\/\/www.design-award.cz\/?portfolio=produktovy-design-record#breadcrumb","itemListElement":[{"@type":"ListItem","position":1,"name":"Dom\u016f","item":"https:\/\/www.design-award.cz\/"},{"@type":"ListItem","position":2,"name":"Portfolio Items","item":"https:\/\/www.design-award.cz\/?post_type=portfolio"},{"@type":"ListItem","position":3,"name":"Produktov\u00fd design &#8211; Record"}]},{"@type":"WebSite","@id":"https:\/\/www.design-award.cz\/#website","url":"https:\/\/www.design-award.cz\/","name":"design-award.cz","description":"WARD vznikla v roce 2022. Je ur\u010dena p\u0159edev\u0161\u00edm student\u016fm st\u0159edn\u00edch um\u011bleck\u00fdch \u0161kol (S\u0160 a VO\u0160), kte\u0159\u00ed mohou bezplatn\u011b zaslat sv\u00e9 n\u00e1vrhy v uveden\u00fdch kategori\u00ed a tak pom\u011b\u0159it sv\u00e9 n\u00e1pady s konkurenc\u00ed sv\u00fdch vrstevn\u00edk\u016f. N\u00e1vrhy jsou n\u00e1sledn\u011b posouzeny nez\u00e1vislou porotou z \u0159ad v\u00fdtvarn\u00edk\u016f, pedagog\u016f a profesion\u00e1l\u016f z oboru.","publisher":{"@id":"https:\/\/www.design-award.cz\/#organization"},"potentialAction":[{"@type":"SearchAction","target":{"@type":"EntryPoint","urlTemplate":"https:\/\/www.design-award.cz\/?s={search_term_string}"},"query-input":{"@type":"PropertyValueSpecification","valueRequired":true,"valueName":"search_term_string"}}],"inLanguage":"cs"},{"@type":"Organization","@id":"https:\/\/www.design-award.cz\/#organization","name":"Design Award","url":"https:\/\/www.design-award.cz\/","logo":{"@type":"ImageObject","inLanguage":"cs","@id":"https:\/\/www.design-award.cz\/#\/schema\/logo\/image\/","url":"http:\/\/www.design-award.cz\/wp-content\/uploads\/2021\/12\/hornilogo_design-award.png","contentUrl":"http:\/\/www.design-award.cz\/wp-content\/uploads\/2021\/12\/hornilogo_design-award.png","width":800,"height":600,"caption":"Design Award"},"image":{"@id":"https:\/\/www.design-award.cz\/#\/schema\/logo\/image\/"},"sameAs":["https:\/\/www.instagram.com\/design_award\/"]}]}},"_links":{"self":[{"href":"https:\/\/www.design-award.cz\/index.php?rest_route=\/wp\/v2\/portfolio\/5283","targetHints":{"allow":["GET"]}}],"collection":[{"href":"https:\/\/www.design-award.cz\/index.php?rest_route=\/wp\/v2\/portfolio"}],"about":[{"href":"https:\/\/www.design-award.cz\/index.php?rest_route=\/wp\/v2\/types\/portfolio"}],"author":[{"embeddable":true,"href":"https:\/\/www.design-award.cz\/index.php?rest_route=\/wp\/v2\/users\/2"}],"replies":[{"embeddable":true,"href":"https:\/\/www.design-award.cz\/index.php?rest_route=%2Fwp%2Fv2%2Fcomments&post=5283"}],"version-history":[{"count":1,"href":"https:\/\/www.design-award.cz\/index.php?rest_route=\/wp\/v2\/portfolio\/5283\/revisions"}],"predecessor-version":[{"id":5293,"href":"https:\/\/www.design-award.cz\/index.php?rest_route=\/wp\/v2\/portfolio\/5283\/revisions\/5293"}],"wp:featuredmedia":[{"embeddable":true,"href":"https:\/\/www.design-award.cz\/index.php?rest_route=\/wp\/v2\/media\/5286"}],"wp:attachment":[{"href":"https:\/\/www.design-award.cz\/index.php?rest_route=%2Fwp%2Fv2%2Fmedia&parent=5283"}],"wp:term":[{"taxonomy":"portfolio_category","embeddable":true,"href":"https:\/\/www.design-award.cz\/index.php?rest_route=%2Fwp%2Fv2%2Fportfolio_category&post=5283"},{"taxonomy":"portfolio_tag","embeddable":true,"href":"https:\/\/www.design-award.cz\/index.php?rest_route=%2Fwp%2Fv2%2Fportfolio_tag&post=5283"}],"curies":[{"name":"wp","href":"https:\/\/api.w.org\/{rel}","templated":true}]}}