{"id":5353,"date":"2025-06-30T11:45:38","date_gmt":"2025-06-30T11:45:38","guid":{"rendered":"https:\/\/www.design-award.cz\/?post_type=portfolio&#038;p=5353"},"modified":"2025-06-30T11:45:38","modified_gmt":"2025-06-30T11:45:38","slug":"interierovy-design-byt-ul-trojicka","status":"publish","type":"portfolio","link":"https:\/\/www.design-award.cz\/?portfolio=interierovy-design-byt-ul-trojicka","title":{"rendered":"Interi\u00e9rov\u00fd design &#8211; Byt ul. Trojick\u00e1"},"content":{"rendered":"\n<p>Vojt\u011bch Vodol\u00e1n<br><br>St\u0159edn\u00ed \u0161kola designu a \u0159emesel Kladno<br><br>N\u00e1vrh pra\u017esk\u00e9ho bytu vznikl pro n\u00e1ro\u010dn\u00e9, m\u011bstsk\u00e9 a movit\u00e9 klienty \u2013 man\u017eelsk\u00fd p\u00e1r s hlubok\u00fdm vztahem k um\u011bn\u00ed, designu a spole\u010densk\u00e9mu \u017eivotu. Vzhledem k tomu, \u017ee \u010dasto host\u00ed p\u0159\u00e1tele, bylo m\u00fdm c\u00edlem vytvo\u0159it velkorys\u00fd otev\u0159en\u00fd prostor spojuj\u00edc\u00ed kuchy\u0148, j\u00eddelnu a ob\u00fdvac\u00ed pokoj. Tato denn\u00ed z\u00f3na se stala velk\u00fdm srdcem bytu, kter\u00fd se nach\u00e1z\u00ed v Praze na V\u00fdtoni a nab\u00edz\u00ed p\u016fsobiv\u00fd v\u00fdhled na pra\u017esk\u00e9 panorama od \u017eelezni\u010dn\u00edho mostu p\u0159es Vltavu a\u017e po Pra\u017esk\u00fd hrad.<br><br>Dominantn\u00edm prvkem je pohledov\u00fd strop z tmav\u00fdch lamel, inspirovan\u00fd hladinou Vltavy \u2013 rytmick\u00e1 struktura, kter\u00e1 prostor sjednocuje a dod\u00e1v\u00e1 mu hloubku a my\u0161lenku. Industri\u00e1ln\u00ed charakter dopl\u0148uj\u00ed p\u0159\u00edrodn\u00ed textury, p\u00edskov\u00e1 st\u011bna a oran\u017eov\u00e9 akcenty, nap\u0159\u00edklad v podob\u011b transparentn\u00edch \u017eidl\u00ed \u010di podsv\u00edcen\u00fdch vitr\u00edn. V kuchyni s nerezov\u00fdmi liniemi, kter\u00e9 propojuj\u00ed funk\u010dnost s eleganc\u00ed, se nach\u00e1z\u00ed i velk\u00fd lustr, kter\u00fd p\u0159ipom\u00edn\u00e1 varhany.<br><br>Hlavn\u00ed lo\u017enice i pokoj, koncipovan\u00fd prim\u00e1rn\u011b pro jejich dosp\u011blou dceru, kter\u00e1 je obvykle nav\u0161t\u011bvuje, ale i jako hostinsk\u00fd pokoj, byly navr\u017eeny individu\u00e1ln\u011b s d\u016frazem na klidnou atmosf\u00e9ru, vizu\u00e1ln\u00ed \u010distotu a zanechan\u00fdmi p\u016fvodn\u00edmi prvky bytu jako \u0161kr\u00e1ban\u00e1 om\u00edtka. Plasticky pojat\u00e9 st\u011bny v ob\u00fdvac\u00edm pokoji a lo\u017enici odkazuj\u00ed na k\u00e1men a lokalitu v Podskal\u00ed, \u010d\u00edm\u017e propojuj\u00ed byt s jeho okol\u00edm. V koupeln\u011b zaujme sprchov\u00e1 z\u00e1st\u011bna z modr\u00e9ho prol\u00e1man\u00e9ho skla, kter\u00fd je autorsk\u00fd designov\u00fd prvek na m\u00edru. Vstupn\u00ed hala nen\u00ed jen p\u0159echod, je to prim\u00e1rn\u011b prvn\u00ed kontakt s filozofi\u00ed cel\u00e9ho bytu.<br><br><br>V\u00fdsledkem je interi\u00e9r, kter\u00fd nejen spl\u0148uje praktick\u00e9 pot\u0159eby a spojuje estetiku s ka\u017edodenn\u00edm \u017eivotem, ale dok\u00e1\u017ee vypr\u00e1v\u011bt p\u0159\u00edb\u011bh o sv\u00fdch majitel\u00edch.<\/p>\n\n\n\n<figure class=\"wp-block-image size-large\"><img decoding=\"async\" width=\"724\" height=\"1024\" data-src=\"http:\/\/www.design-award.cz\/wp-content\/uploads\/2025\/06\/plakat-maturitni-prace-2025-Vojtech-Vodolan-mensi-kvalita-724x1024.jpg\" alt=\"\" class=\"wp-image-5403 lazyload\" data-srcset=\"https:\/\/www.design-award.cz\/wp-content\/uploads\/2025\/06\/plakat-maturitni-prace-2025-Vojtech-Vodolan-mensi-kvalita-724x1024.jpg 724w, https:\/\/www.design-award.cz\/wp-content\/uploads\/2025\/06\/plakat-maturitni-prace-2025-Vojtech-Vodolan-mensi-kvalita-212x300.jpg 212w, https:\/\/www.design-award.cz\/wp-content\/uploads\/2025\/06\/plakat-maturitni-prace-2025-Vojtech-Vodolan-mensi-kvalita-768x1086.jpg 768w, https:\/\/www.design-award.cz\/wp-content\/uploads\/2025\/06\/plakat-maturitni-prace-2025-Vojtech-Vodolan-mensi-kvalita-1086x1536.jpg 1086w, https:\/\/www.design-award.cz\/wp-content\/uploads\/2025\/06\/plakat-maturitni-prace-2025-Vojtech-Vodolan-mensi-kvalita-1448x2048.jpg 1448w, https:\/\/www.design-award.cz\/wp-content\/uploads\/2025\/06\/plakat-maturitni-prace-2025-Vojtech-Vodolan-mensi-kvalita-500x707.jpg 500w, https:\/\/www.design-award.cz\/wp-content\/uploads\/2025\/06\/plakat-maturitni-prace-2025-Vojtech-Vodolan-mensi-kvalita-800x1131.jpg 800w, https:\/\/www.design-award.cz\/wp-content\/uploads\/2025\/06\/plakat-maturitni-prace-2025-Vojtech-Vodolan-mensi-kvalita-1280x1810.jpg 1280w, https:\/\/www.design-award.cz\/wp-content\/uploads\/2025\/06\/plakat-maturitni-prace-2025-Vojtech-Vodolan-mensi-kvalita-1920x2715.jpg 1920w, https:\/\/www.design-award.cz\/wp-content\/uploads\/2025\/06\/plakat-maturitni-prace-2025-Vojtech-Vodolan-mensi-kvalita-scaled.jpg 1810w\" data-sizes=\"(max-width: 724px) 100vw, 724px\" src=\"data:image\/svg+xml;base64,PHN2ZyB3aWR0aD0iMSIgaGVpZ2h0PSIxIiB4bWxucz0iaHR0cDovL3d3dy53My5vcmcvMjAwMC9zdmciPjwvc3ZnPg==\" style=\"--smush-placeholder-width: 724px; --smush-placeholder-aspect-ratio: 724\/1024;\" \/><\/figure>\n\n\n\n<figure class=\"wp-block-image size-large\"><img decoding=\"async\" width=\"1024\" height=\"724\" data-src=\"http:\/\/www.design-award.cz\/wp-content\/uploads\/2025\/06\/vizualizace-2-4-1024x724.jpg\" alt=\"\" class=\"wp-image-5405 lazyload\" data-srcset=\"https:\/\/www.design-award.cz\/wp-content\/uploads\/2025\/06\/vizualizace-2-4-1024x724.jpg 1024w, https:\/\/www.design-award.cz\/wp-content\/uploads\/2025\/06\/vizualizace-2-4-300x212.jpg 300w, https:\/\/www.design-award.cz\/wp-content\/uploads\/2025\/06\/vizualizace-2-4-768x543.jpg 768w, https:\/\/www.design-award.cz\/wp-content\/uploads\/2025\/06\/vizualizace-2-4-1536x1086.jpg 1536w, https:\/\/www.design-award.cz\/wp-content\/uploads\/2025\/06\/vizualizace-2-4-2048x1448.jpg 2048w, https:\/\/www.design-award.cz\/wp-content\/uploads\/2025\/06\/vizualizace-2-4-500x354.jpg 500w, https:\/\/www.design-award.cz\/wp-content\/uploads\/2025\/06\/vizualizace-2-4-800x566.jpg 800w, https:\/\/www.design-award.cz\/wp-content\/uploads\/2025\/06\/vizualizace-2-4-1280x905.jpg 1280w, https:\/\/www.design-award.cz\/wp-content\/uploads\/2025\/06\/vizualizace-2-4-1920x1358.jpg 1920w\" data-sizes=\"(max-width: 1024px) 100vw, 1024px\" src=\"data:image\/svg+xml;base64,PHN2ZyB3aWR0aD0iMSIgaGVpZ2h0PSIxIiB4bWxucz0iaHR0cDovL3d3dy53My5vcmcvMjAwMC9zdmciPjwvc3ZnPg==\" style=\"--smush-placeholder-width: 1024px; --smush-placeholder-aspect-ratio: 1024\/724;\" \/><\/figure>\n\n\n\n<figure class=\"wp-block-image size-large\"><img decoding=\"async\" width=\"1024\" height=\"724\" data-src=\"http:\/\/www.design-award.cz\/wp-content\/uploads\/2025\/06\/vizualizace-3-3-1024x724.jpg\" alt=\"\" class=\"wp-image-5406 lazyload\" data-srcset=\"https:\/\/www.design-award.cz\/wp-content\/uploads\/2025\/06\/vizualizace-3-3-1024x724.jpg 1024w, https:\/\/www.design-award.cz\/wp-content\/uploads\/2025\/06\/vizualizace-3-3-300x212.jpg 300w, https:\/\/www.design-award.cz\/wp-content\/uploads\/2025\/06\/vizualizace-3-3-768x543.jpg 768w, https:\/\/www.design-award.cz\/wp-content\/uploads\/2025\/06\/vizualizace-3-3-1536x1086.jpg 1536w, https:\/\/www.design-award.cz\/wp-content\/uploads\/2025\/06\/vizualizace-3-3-2048x1448.jpg 2048w, https:\/\/www.design-award.cz\/wp-content\/uploads\/2025\/06\/vizualizace-3-3-500x354.jpg 500w, https:\/\/www.design-award.cz\/wp-content\/uploads\/2025\/06\/vizualizace-3-3-800x566.jpg 800w, https:\/\/www.design-award.cz\/wp-content\/uploads\/2025\/06\/vizualizace-3-3-1280x905.jpg 1280w, https:\/\/www.design-award.cz\/wp-content\/uploads\/2025\/06\/vizualizace-3-3-1920x1358.jpg 1920w\" data-sizes=\"(max-width: 1024px) 100vw, 1024px\" src=\"data:image\/svg+xml;base64,PHN2ZyB3aWR0aD0iMSIgaGVpZ2h0PSIxIiB4bWxucz0iaHR0cDovL3d3dy53My5vcmcvMjAwMC9zdmciPjwvc3ZnPg==\" style=\"--smush-placeholder-width: 1024px; --smush-placeholder-aspect-ratio: 1024\/724;\" \/><\/figure>\n\n\n\n<figure class=\"wp-block-image size-full\"><img decoding=\"async\" width=\"9921\" height=\"7016\" data-src=\"http:\/\/www.design-award.cz\/wp-content\/uploads\/2025\/06\/pudorys-bytu-Trojicka.jpg\" alt=\"\" class=\"wp-image-5404 lazyload\" src=\"data:image\/svg+xml;base64,PHN2ZyB3aWR0aD0iMSIgaGVpZ2h0PSIxIiB4bWxucz0iaHR0cDovL3d3dy53My5vcmcvMjAwMC9zdmciPjwvc3ZnPg==\" style=\"--smush-placeholder-width: 9921px; --smush-placeholder-aspect-ratio: 9921\/7016;\" \/><\/figure>\n","protected":false},"excerpt":{"rendered":"<p>Vojt\u011bch Vodol\u00e1n St\u0159edn\u00ed \u0161kola designu a \u0159emesel Kladno N\u00e1vrh pra\u017esk\u00e9ho bytu vznikl pro n\u00e1ro\u010dn\u00e9, m\u011bstsk\u00e9 a movit\u00e9 klienty \u2013 man\u017eelsk\u00fd p\u00e1r s hlubok\u00fdm vztahem k um\u011bn\u00ed, designu a spole\u010densk\u00e9mu \u017eivotu. Vzhledem k tomu, \u017ee \u010dasto host\u00ed p\u0159\u00e1tele, bylo m\u00fdm c\u00edlem vytvo\u0159it velkorys\u00fd otev\u0159en\u00fd prostor spojuj\u00edc\u00ed kuchy\u0148, j\u00eddelnu a ob\u00fdvac\u00ed pokoj. Tato denn\u00ed z\u00f3na se stala [&hellip;]<\/p>\n","protected":false},"author":2,"featured_media":5402,"menu_order":0,"comment_status":"closed","ping_status":"closed","template":"","format":"standard","meta":{"ngg_post_thumbnail":0,"ocean_post_layout":"","ocean_both_sidebars_style":"","ocean_both_sidebars_content_width":0,"ocean_both_sidebars_sidebars_width":0,"ocean_sidebar":"","ocean_second_sidebar":"","ocean_disable_margins":"enable","ocean_add_body_class":"","ocean_shortcode_before_top_bar":"","ocean_shortcode_after_top_bar":"","ocean_shortcode_before_header":"","ocean_shortcode_after_header":"","ocean_has_shortcode":"","ocean_shortcode_after_title":"","ocean_shortcode_before_footer_widgets":"","ocean_shortcode_after_footer_widgets":"","ocean_shortcode_before_footer_bottom":"","ocean_shortcode_after_footer_bottom":"","ocean_display_top_bar":"default","ocean_display_header":"default","ocean_header_style":"","ocean_center_header_left_menu":"","ocean_custom_header_template":"","ocean_custom_logo":0,"ocean_custom_retina_logo":0,"ocean_custom_logo_max_width":0,"ocean_custom_logo_tablet_max_width":0,"ocean_custom_logo_mobile_max_width":0,"ocean_custom_logo_max_height":0,"ocean_custom_logo_tablet_max_height":0,"ocean_custom_logo_mobile_max_height":0,"ocean_header_custom_menu":"","ocean_menu_typo_font_family":"","ocean_menu_typo_font_subset":"","ocean_menu_typo_font_size":0,"ocean_menu_typo_font_size_tablet":0,"ocean_menu_typo_font_size_mobile":0,"ocean_menu_typo_font_size_unit":"px","ocean_menu_typo_font_weight":"","ocean_menu_typo_font_weight_tablet":"","ocean_menu_typo_font_weight_mobile":"","ocean_menu_typo_transform":"","ocean_menu_typo_transform_tablet":"","ocean_menu_typo_transform_mobile":"","ocean_menu_typo_line_height":0,"ocean_menu_typo_line_height_tablet":0,"ocean_menu_typo_line_height_mobile":0,"ocean_menu_typo_line_height_unit":"","ocean_menu_typo_spacing":0,"ocean_menu_typo_spacing_tablet":0,"ocean_menu_typo_spacing_mobile":0,"ocean_menu_typo_spacing_unit":"","ocean_menu_link_color":"","ocean_menu_link_color_hover":"","ocean_menu_link_color_active":"","ocean_menu_link_background":"","ocean_menu_link_hover_background":"","ocean_menu_link_active_background":"","ocean_menu_social_links_bg":"","ocean_menu_social_hover_links_bg":"","ocean_menu_social_links_color":"","ocean_menu_social_hover_links_color":"","ocean_disable_title":"default","ocean_disable_heading":"default","ocean_post_title":"","ocean_post_subheading":"","ocean_post_title_style":"","ocean_post_title_background_color":"","ocean_post_title_background":0,"ocean_post_title_bg_image_position":"","ocean_post_title_bg_image_attachment":"","ocean_post_title_bg_image_repeat":"","ocean_post_title_bg_image_size":"","ocean_post_title_height":0,"ocean_post_title_bg_overlay":0.5,"ocean_post_title_bg_overlay_color":"","ocean_disable_breadcrumbs":"default","ocean_breadcrumbs_color":"","ocean_breadcrumbs_separator_color":"","ocean_breadcrumbs_links_color":"","ocean_breadcrumbs_links_hover_color":"","ocean_display_footer_widgets":"default","ocean_display_footer_bottom":"default","ocean_custom_footer_template":"","_vp_format_video_url":"","_vp_image_focal_point":[],"footnotes":""},"portfolio_category":[],"portfolio_tag":[],"class_list":["post-5353","portfolio","type-portfolio","status-publish","format-standard","has-post-thumbnail","hentry","entry","has-media"],"yoast_head":"<!-- This site is optimized with the Yoast SEO plugin v25.2 - https:\/\/yoast.com\/wordpress\/plugins\/seo\/ -->\n<title>Interi\u00e9rov\u00fd design - Byt ul. Trojick\u00e1 - design-award.cz<\/title>\n<meta name=\"robots\" content=\"index, follow, max-snippet:-1, max-image-preview:large, max-video-preview:-1\" \/>\n<link rel=\"canonical\" href=\"https:\/\/www.design-award.cz\/?portfolio=interierovy-design-byt-ul-trojicka\" \/>\n<meta property=\"og:locale\" content=\"cs_CZ\" \/>\n<meta property=\"og:type\" content=\"article\" \/>\n<meta property=\"og:title\" content=\"Interi\u00e9rov\u00fd design - Byt ul. Trojick\u00e1 - design-award.cz\" \/>\n<meta property=\"og:description\" content=\"Vojt\u011bch Vodol\u00e1n St\u0159edn\u00ed \u0161kola designu a \u0159emesel Kladno N\u00e1vrh pra\u017esk\u00e9ho bytu vznikl pro n\u00e1ro\u010dn\u00e9, m\u011bstsk\u00e9 a movit\u00e9 klienty \u2013 man\u017eelsk\u00fd p\u00e1r s hlubok\u00fdm vztahem k um\u011bn\u00ed, designu a spole\u010densk\u00e9mu \u017eivotu. Vzhledem k tomu, \u017ee \u010dasto host\u00ed p\u0159\u00e1tele, bylo m\u00fdm c\u00edlem vytvo\u0159it velkorys\u00fd otev\u0159en\u00fd prostor spojuj\u00edc\u00ed kuchy\u0148, j\u00eddelnu a ob\u00fdvac\u00ed pokoj. Tato denn\u00ed z\u00f3na se stala [&hellip;]\" \/>\n<meta property=\"og:url\" content=\"https:\/\/www.design-award.cz\/?portfolio=interierovy-design-byt-ul-trojicka\" \/>\n<meta property=\"og:site_name\" content=\"design-award.cz\" \/>\n<meta property=\"og:image\" content=\"http:\/\/www.design-award.cz\/wp-content\/uploads\/2025\/06\/IMG_2452.jpg\" \/>\n\t<meta property=\"og:image:width\" content=\"2048\" \/>\n\t<meta property=\"og:image:height\" content=\"1152\" \/>\n\t<meta property=\"og:image:type\" content=\"image\/jpeg\" \/>\n<meta name=\"twitter:card\" content=\"summary_large_image\" \/>\n<meta name=\"twitter:label1\" content=\"Odhadovan\u00e1 doba \u010dten\u00ed\" \/>\n\t<meta name=\"twitter:data1\" content=\"3 minuty\" \/>\n<script type=\"application\/ld+json\" class=\"yoast-schema-graph\">{\"@context\":\"https:\/\/schema.org\",\"@graph\":[{\"@type\":\"WebPage\",\"@id\":\"https:\/\/www.design-award.cz\/?portfolio=interierovy-design-byt-ul-trojicka\",\"url\":\"https:\/\/www.design-award.cz\/?portfolio=interierovy-design-byt-ul-trojicka\",\"name\":\"Interi\u00e9rov\u00fd design - Byt ul. Trojick\u00e1 - design-award.cz\",\"isPartOf\":{\"@id\":\"https:\/\/www.design-award.cz\/#website\"},\"primaryImageOfPage\":{\"@id\":\"https:\/\/www.design-award.cz\/?portfolio=interierovy-design-byt-ul-trojicka#primaryimage\"},\"image\":{\"@id\":\"https:\/\/www.design-award.cz\/?portfolio=interierovy-design-byt-ul-trojicka#primaryimage\"},\"thumbnailUrl\":\"https:\/\/www.design-award.cz\/wp-content\/uploads\/2025\/06\/IMG_2452.jpg\",\"datePublished\":\"2025-06-30T11:45:38+00:00\",\"breadcrumb\":{\"@id\":\"https:\/\/www.design-award.cz\/?portfolio=interierovy-design-byt-ul-trojicka#breadcrumb\"},\"inLanguage\":\"cs\",\"potentialAction\":[{\"@type\":\"ReadAction\",\"target\":[\"https:\/\/www.design-award.cz\/?portfolio=interierovy-design-byt-ul-trojicka\"]}]},{\"@type\":\"ImageObject\",\"inLanguage\":\"cs\",\"@id\":\"https:\/\/www.design-award.cz\/?portfolio=interierovy-design-byt-ul-trojicka#primaryimage\",\"url\":\"https:\/\/www.design-award.cz\/wp-content\/uploads\/2025\/06\/IMG_2452.jpg\",\"contentUrl\":\"https:\/\/www.design-award.cz\/wp-content\/uploads\/2025\/06\/IMG_2452.jpg\",\"width\":2048,\"height\":1152},{\"@type\":\"BreadcrumbList\",\"@id\":\"https:\/\/www.design-award.cz\/?portfolio=interierovy-design-byt-ul-trojicka#breadcrumb\",\"itemListElement\":[{\"@type\":\"ListItem\",\"position\":1,\"name\":\"Dom\u016f\",\"item\":\"https:\/\/www.design-award.cz\/\"},{\"@type\":\"ListItem\",\"position\":2,\"name\":\"Portfolio Items\",\"item\":\"https:\/\/www.design-award.cz\/?post_type=portfolio\"},{\"@type\":\"ListItem\",\"position\":3,\"name\":\"Interi\u00e9rov\u00fd design &#8211; Byt ul. Trojick\u00e1\"}]},{\"@type\":\"WebSite\",\"@id\":\"https:\/\/www.design-award.cz\/#website\",\"url\":\"https:\/\/www.design-award.cz\/\",\"name\":\"design-award.cz\",\"description\":\"WARD vznikla v roce 2022. Je ur\u010dena p\u0159edev\u0161\u00edm student\u016fm st\u0159edn\u00edch um\u011bleck\u00fdch \u0161kol (S\u0160 a VO\u0160), kte\u0159\u00ed mohou bezplatn\u011b zaslat sv\u00e9 n\u00e1vrhy v uveden\u00fdch kategori\u00ed a tak pom\u011b\u0159it sv\u00e9 n\u00e1pady s konkurenc\u00ed sv\u00fdch vrstevn\u00edk\u016f. N\u00e1vrhy jsou n\u00e1sledn\u011b posouzeny nez\u00e1vislou porotou z \u0159ad v\u00fdtvarn\u00edk\u016f, pedagog\u016f a profesion\u00e1l\u016f z oboru.\",\"publisher\":{\"@id\":\"https:\/\/www.design-award.cz\/#organization\"},\"potentialAction\":[{\"@type\":\"SearchAction\",\"target\":{\"@type\":\"EntryPoint\",\"urlTemplate\":\"https:\/\/www.design-award.cz\/?s={search_term_string}\"},\"query-input\":{\"@type\":\"PropertyValueSpecification\",\"valueRequired\":true,\"valueName\":\"search_term_string\"}}],\"inLanguage\":\"cs\"},{\"@type\":\"Organization\",\"@id\":\"https:\/\/www.design-award.cz\/#organization\",\"name\":\"Design Award\",\"url\":\"https:\/\/www.design-award.cz\/\",\"logo\":{\"@type\":\"ImageObject\",\"inLanguage\":\"cs\",\"@id\":\"https:\/\/www.design-award.cz\/#\/schema\/logo\/image\/\",\"url\":\"http:\/\/www.design-award.cz\/wp-content\/uploads\/2021\/12\/hornilogo_design-award.png\",\"contentUrl\":\"http:\/\/www.design-award.cz\/wp-content\/uploads\/2021\/12\/hornilogo_design-award.png\",\"width\":800,\"height\":600,\"caption\":\"Design Award\"},\"image\":{\"@id\":\"https:\/\/www.design-award.cz\/#\/schema\/logo\/image\/\"},\"sameAs\":[\"https:\/\/www.instagram.com\/design_award\/\"]}]}<\/script>\n<!-- \/ Yoast SEO plugin. -->","yoast_head_json":{"title":"Interi\u00e9rov\u00fd design - Byt ul. Trojick\u00e1 - design-award.cz","robots":{"index":"index","follow":"follow","max-snippet":"max-snippet:-1","max-image-preview":"max-image-preview:large","max-video-preview":"max-video-preview:-1"},"canonical":"https:\/\/www.design-award.cz\/?portfolio=interierovy-design-byt-ul-trojicka","og_locale":"cs_CZ","og_type":"article","og_title":"Interi\u00e9rov\u00fd design - Byt ul. Trojick\u00e1 - design-award.cz","og_description":"Vojt\u011bch Vodol\u00e1n St\u0159edn\u00ed \u0161kola designu a \u0159emesel Kladno N\u00e1vrh pra\u017esk\u00e9ho bytu vznikl pro n\u00e1ro\u010dn\u00e9, m\u011bstsk\u00e9 a movit\u00e9 klienty \u2013 man\u017eelsk\u00fd p\u00e1r s hlubok\u00fdm vztahem k um\u011bn\u00ed, designu a spole\u010densk\u00e9mu \u017eivotu. Vzhledem k tomu, \u017ee \u010dasto host\u00ed p\u0159\u00e1tele, bylo m\u00fdm c\u00edlem vytvo\u0159it velkorys\u00fd otev\u0159en\u00fd prostor spojuj\u00edc\u00ed kuchy\u0148, j\u00eddelnu a ob\u00fdvac\u00ed pokoj. Tato denn\u00ed z\u00f3na se stala [&hellip;]","og_url":"https:\/\/www.design-award.cz\/?portfolio=interierovy-design-byt-ul-trojicka","og_site_name":"design-award.cz","og_image":[{"width":2048,"height":1152,"url":"http:\/\/www.design-award.cz\/wp-content\/uploads\/2025\/06\/IMG_2452.jpg","type":"image\/jpeg"}],"twitter_card":"summary_large_image","twitter_misc":{"Odhadovan\u00e1 doba \u010dten\u00ed":"3 minuty"},"schema":{"@context":"https:\/\/schema.org","@graph":[{"@type":"WebPage","@id":"https:\/\/www.design-award.cz\/?portfolio=interierovy-design-byt-ul-trojicka","url":"https:\/\/www.design-award.cz\/?portfolio=interierovy-design-byt-ul-trojicka","name":"Interi\u00e9rov\u00fd design - Byt ul. Trojick\u00e1 - design-award.cz","isPartOf":{"@id":"https:\/\/www.design-award.cz\/#website"},"primaryImageOfPage":{"@id":"https:\/\/www.design-award.cz\/?portfolio=interierovy-design-byt-ul-trojicka#primaryimage"},"image":{"@id":"https:\/\/www.design-award.cz\/?portfolio=interierovy-design-byt-ul-trojicka#primaryimage"},"thumbnailUrl":"https:\/\/www.design-award.cz\/wp-content\/uploads\/2025\/06\/IMG_2452.jpg","datePublished":"2025-06-30T11:45:38+00:00","breadcrumb":{"@id":"https:\/\/www.design-award.cz\/?portfolio=interierovy-design-byt-ul-trojicka#breadcrumb"},"inLanguage":"cs","potentialAction":[{"@type":"ReadAction","target":["https:\/\/www.design-award.cz\/?portfolio=interierovy-design-byt-ul-trojicka"]}]},{"@type":"ImageObject","inLanguage":"cs","@id":"https:\/\/www.design-award.cz\/?portfolio=interierovy-design-byt-ul-trojicka#primaryimage","url":"https:\/\/www.design-award.cz\/wp-content\/uploads\/2025\/06\/IMG_2452.jpg","contentUrl":"https:\/\/www.design-award.cz\/wp-content\/uploads\/2025\/06\/IMG_2452.jpg","width":2048,"height":1152},{"@type":"BreadcrumbList","@id":"https:\/\/www.design-award.cz\/?portfolio=interierovy-design-byt-ul-trojicka#breadcrumb","itemListElement":[{"@type":"ListItem","position":1,"name":"Dom\u016f","item":"https:\/\/www.design-award.cz\/"},{"@type":"ListItem","position":2,"name":"Portfolio Items","item":"https:\/\/www.design-award.cz\/?post_type=portfolio"},{"@type":"ListItem","position":3,"name":"Interi\u00e9rov\u00fd design &#8211; Byt ul. Trojick\u00e1"}]},{"@type":"WebSite","@id":"https:\/\/www.design-award.cz\/#website","url":"https:\/\/www.design-award.cz\/","name":"design-award.cz","description":"WARD vznikla v roce 2022. Je ur\u010dena p\u0159edev\u0161\u00edm student\u016fm st\u0159edn\u00edch um\u011bleck\u00fdch \u0161kol (S\u0160 a VO\u0160), kte\u0159\u00ed mohou bezplatn\u011b zaslat sv\u00e9 n\u00e1vrhy v uveden\u00fdch kategori\u00ed a tak pom\u011b\u0159it sv\u00e9 n\u00e1pady s konkurenc\u00ed sv\u00fdch vrstevn\u00edk\u016f. N\u00e1vrhy jsou n\u00e1sledn\u011b posouzeny nez\u00e1vislou porotou z \u0159ad v\u00fdtvarn\u00edk\u016f, pedagog\u016f a profesion\u00e1l\u016f z oboru.","publisher":{"@id":"https:\/\/www.design-award.cz\/#organization"},"potentialAction":[{"@type":"SearchAction","target":{"@type":"EntryPoint","urlTemplate":"https:\/\/www.design-award.cz\/?s={search_term_string}"},"query-input":{"@type":"PropertyValueSpecification","valueRequired":true,"valueName":"search_term_string"}}],"inLanguage":"cs"},{"@type":"Organization","@id":"https:\/\/www.design-award.cz\/#organization","name":"Design Award","url":"https:\/\/www.design-award.cz\/","logo":{"@type":"ImageObject","inLanguage":"cs","@id":"https:\/\/www.design-award.cz\/#\/schema\/logo\/image\/","url":"http:\/\/www.design-award.cz\/wp-content\/uploads\/2021\/12\/hornilogo_design-award.png","contentUrl":"http:\/\/www.design-award.cz\/wp-content\/uploads\/2021\/12\/hornilogo_design-award.png","width":800,"height":600,"caption":"Design Award"},"image":{"@id":"https:\/\/www.design-award.cz\/#\/schema\/logo\/image\/"},"sameAs":["https:\/\/www.instagram.com\/design_award\/"]}]}},"_links":{"self":[{"href":"https:\/\/www.design-award.cz\/index.php?rest_route=\/wp\/v2\/portfolio\/5353","targetHints":{"allow":["GET"]}}],"collection":[{"href":"https:\/\/www.design-award.cz\/index.php?rest_route=\/wp\/v2\/portfolio"}],"about":[{"href":"https:\/\/www.design-award.cz\/index.php?rest_route=\/wp\/v2\/types\/portfolio"}],"author":[{"embeddable":true,"href":"https:\/\/www.design-award.cz\/index.php?rest_route=\/wp\/v2\/users\/2"}],"replies":[{"embeddable":true,"href":"https:\/\/www.design-award.cz\/index.php?rest_route=%2Fwp%2Fv2%2Fcomments&post=5353"}],"version-history":[{"count":1,"href":"https:\/\/www.design-award.cz\/index.php?rest_route=\/wp\/v2\/portfolio\/5353\/revisions"}],"predecessor-version":[{"id":5408,"href":"https:\/\/www.design-award.cz\/index.php?rest_route=\/wp\/v2\/portfolio\/5353\/revisions\/5408"}],"wp:featuredmedia":[{"embeddable":true,"href":"https:\/\/www.design-award.cz\/index.php?rest_route=\/wp\/v2\/media\/5402"}],"wp:attachment":[{"href":"https:\/\/www.design-award.cz\/index.php?rest_route=%2Fwp%2Fv2%2Fmedia&parent=5353"}],"wp:term":[{"taxonomy":"portfolio_category","embeddable":true,"href":"https:\/\/www.design-award.cz\/index.php?rest_route=%2Fwp%2Fv2%2Fportfolio_category&post=5353"},{"taxonomy":"portfolio_tag","embeddable":true,"href":"https:\/\/www.design-award.cz\/index.php?rest_route=%2Fwp%2Fv2%2Fportfolio_tag&post=5353"}],"curies":[{"name":"wp","href":"https:\/\/api.w.org\/{rel}","templated":true}]}}