{"id":5355,"date":"2025-06-30T11:35:42","date_gmt":"2025-06-30T11:35:42","guid":{"rendered":"https:\/\/www.design-award.cz\/?post_type=portfolio&#038;p=5355"},"modified":"2025-06-30T11:39:45","modified_gmt":"2025-06-30T11:39:45","slug":"interierovy-design-bistro-kavarna","status":"publish","type":"portfolio","link":"https:\/\/www.design-award.cz\/?portfolio=interierovy-design-bistro-kavarna","title":{"rendered":"Interi\u00e9rov\u00fd design &#8211; bistro-kav\u00e1rna"},"content":{"rendered":"\n<p>Tereza \u010cervenkov\u00e1<br><br>VO\u0160 a SP\u0160 Volyn\u011b<br><br>T\u00e9matem m\u00e9 maturitn\u00ed pr\u00e1ce je n\u00e1vrh interi\u00e9ru kav\u00e1rny. Konceptu\u00e1ln\u011b se nejedn\u00e1 o standardn\u00ed kav\u00e1rnu, ale bistro-kav\u00e1rnu. Krom\u011b klasick\u00e9ho kav\u00e1rensk\u00e9ho posezen\u00ed nab\u00edz\u00ed interi\u00e9r pultov\u00fd prodej. Z\u00e1kazn\u00edk vstoup\u00ed, nakoup\u00ed a odejde, ani\u017e by naru\u0161il chod kav\u00e1rny. V prostoru jsou dominantn\u00ed velk\u00e1 okna, jejich\u017e parapet jsem \u010d\u00e1ste\u010dn\u011b upravila pro sezen\u00ed a zv\u011bt\u0161ila tak kapacitu kav\u00e1rny. V interi\u00e9ru je kladen d\u016fraz na zemit\u011bj\u0161\u00ed t\u00f3ny dubov\u00e9ho d\u0159eva v kombinaci<br>s industri\u00e1ln\u00edmi prvky a materi\u00e1ly, jako je betonov\u00e1 st\u011brka na st\u011bn\u011b za pultem, \u010dern\u00e9 kovov\u00e9 prvky a osv\u011btlovac\u00ed t\u011blesa nebo pracovn\u00ed deska v imitaci b\u0159idlice. Horizont\u00e1ln\u00ed dekor pultu je vyroben z epoxidov\u00e9 prysky\u0159ice lahvov\u011b zelen\u00e9 barvy, kter\u00e1 m\u011bn\u00ed sv\u00e9 zabarven\u00ed v z\u00e1vislosti na intenzit\u011b a typu osv\u011btlen\u00ed. Glazovan\u00e1 slinut\u00e1 dla\u017eba b\u00e9\u017eov\u00e9ho odst\u00ednu na podlaze p\u016fsob\u00ed p\u0159\u00edjemn\u011b a nen\u00e1siln\u011b. Tvarov\u00fdm o\u017eiven\u00edm interi\u00e9ru jsou n\u00e1st\u011bnn\u00e9 kovov\u00e9 v\u011b\u0161\u00e1ky nepravideln\u00e9ho tvaru a podlouhl\u00fd mechov\u00fd obraz na hlavn\u00ed st\u011bn\u011b. Temn\u011b \u010dern\u00e9 kulat\u00e9 vyp\u00edna\u010de a kryty z\u00e1suvek jsou ide\u00e1ln\u00edm dopl\u0148kem industri\u00e1ln\u00edho interi\u00e9ru.<\/p>\n\n\n\n<figure class=\"wp-block-image size-large\"><img decoding=\"async\" width=\"717\" height=\"1024\" data-src=\"http:\/\/www.design-award.cz\/wp-content\/uploads\/2025\/06\/bistro-kavarna-717x1024.jpg\" alt=\"\" class=\"wp-image-5384 lazyload\" data-srcset=\"https:\/\/www.design-award.cz\/wp-content\/uploads\/2025\/06\/bistro-kavarna-717x1024.jpg 717w, https:\/\/www.design-award.cz\/wp-content\/uploads\/2025\/06\/bistro-kavarna-210x300.jpg 210w, https:\/\/www.design-award.cz\/wp-content\/uploads\/2025\/06\/bistro-kavarna-768x1097.jpg 768w, https:\/\/www.design-award.cz\/wp-content\/uploads\/2025\/06\/bistro-kavarna-1075x1536.jpg 1075w, https:\/\/www.design-award.cz\/wp-content\/uploads\/2025\/06\/bistro-kavarna-500x714.jpg 500w, https:\/\/www.design-award.cz\/wp-content\/uploads\/2025\/06\/bistro-kavarna-800x1143.jpg 800w, https:\/\/www.design-award.cz\/wp-content\/uploads\/2025\/06\/bistro-kavarna-1280x1829.jpg 1280w, https:\/\/www.design-award.cz\/wp-content\/uploads\/2025\/06\/bistro-kavarna.jpg 1323w\" data-sizes=\"(max-width: 717px) 100vw, 717px\" src=\"data:image\/svg+xml;base64,PHN2ZyB3aWR0aD0iMSIgaGVpZ2h0PSIxIiB4bWxucz0iaHR0cDovL3d3dy53My5vcmcvMjAwMC9zdmciPjwvc3ZnPg==\" style=\"--smush-placeholder-width: 717px; --smush-placeholder-aspect-ratio: 717\/1024;\" \/><\/figure>\n\n\n\n<figure class=\"wp-block-image size-large\"><img decoding=\"async\" width=\"1024\" height=\"576\" data-src=\"http:\/\/www.design-award.cz\/wp-content\/uploads\/2025\/06\/IMG_0671-1024x576.jpg\" alt=\"\" class=\"wp-image-5385 lazyload\" data-srcset=\"https:\/\/www.design-award.cz\/wp-content\/uploads\/2025\/06\/IMG_0671-1024x576.jpg 1024w, https:\/\/www.design-award.cz\/wp-content\/uploads\/2025\/06\/IMG_0671-300x169.jpg 300w, https:\/\/www.design-award.cz\/wp-content\/uploads\/2025\/06\/IMG_0671-768x432.jpg 768w, https:\/\/www.design-award.cz\/wp-content\/uploads\/2025\/06\/IMG_0671-1536x864.jpg 1536w, https:\/\/www.design-award.cz\/wp-content\/uploads\/2025\/06\/IMG_0671-800x450.jpg 800w, https:\/\/www.design-award.cz\/wp-content\/uploads\/2025\/06\/IMG_0671-500x281.jpg 500w, https:\/\/www.design-award.cz\/wp-content\/uploads\/2025\/06\/IMG_0671-1280x720.jpg 1280w, https:\/\/www.design-award.cz\/wp-content\/uploads\/2025\/06\/IMG_0671.jpg 1920w\" data-sizes=\"(max-width: 1024px) 100vw, 1024px\" src=\"data:image\/svg+xml;base64,PHN2ZyB3aWR0aD0iMSIgaGVpZ2h0PSIxIiB4bWxucz0iaHR0cDovL3d3dy53My5vcmcvMjAwMC9zdmciPjwvc3ZnPg==\" style=\"--smush-placeholder-width: 1024px; --smush-placeholder-aspect-ratio: 1024\/576;\" \/><\/figure>\n\n\n\n<figure class=\"wp-block-image size-large\"><img decoding=\"async\" width=\"1024\" height=\"363\" data-src=\"http:\/\/www.design-award.cz\/wp-content\/uploads\/2025\/06\/IMG_0673-1024x363.jpg\" alt=\"\" class=\"wp-image-5387 lazyload\" data-srcset=\"https:\/\/www.design-award.cz\/wp-content\/uploads\/2025\/06\/IMG_0673-1024x363.jpg 1024w, https:\/\/www.design-award.cz\/wp-content\/uploads\/2025\/06\/IMG_0673-300x106.jpg 300w, https:\/\/www.design-award.cz\/wp-content\/uploads\/2025\/06\/IMG_0673-768x272.jpg 768w, https:\/\/www.design-award.cz\/wp-content\/uploads\/2025\/06\/IMG_0673-1536x544.jpg 1536w, https:\/\/www.design-award.cz\/wp-content\/uploads\/2025\/06\/IMG_0673-500x177.jpg 500w, https:\/\/www.design-award.cz\/wp-content\/uploads\/2025\/06\/IMG_0673-800x283.jpg 800w, https:\/\/www.design-award.cz\/wp-content\/uploads\/2025\/06\/IMG_0673-1280x453.jpg 1280w, https:\/\/www.design-award.cz\/wp-content\/uploads\/2025\/06\/IMG_0673.jpg 1880w\" data-sizes=\"(max-width: 1024px) 100vw, 1024px\" src=\"data:image\/svg+xml;base64,PHN2ZyB3aWR0aD0iMSIgaGVpZ2h0PSIxIiB4bWxucz0iaHR0cDovL3d3dy53My5vcmcvMjAwMC9zdmciPjwvc3ZnPg==\" style=\"--smush-placeholder-width: 1024px; --smush-placeholder-aspect-ratio: 1024\/363;\" \/><\/figure>\n\n\n\n<figure class=\"wp-block-image size-large\"><img decoding=\"async\" width=\"1024\" height=\"724\" data-src=\"http:\/\/www.design-award.cz\/wp-content\/uploads\/2025\/06\/pudorys-se-zarizenim-1024x724.jpg\" alt=\"\" class=\"wp-image-5388 lazyload\" data-srcset=\"https:\/\/www.design-award.cz\/wp-content\/uploads\/2025\/06\/pudorys-se-zarizenim-1024x724.jpg 1024w, https:\/\/www.design-award.cz\/wp-content\/uploads\/2025\/06\/pudorys-se-zarizenim-300x212.jpg 300w, https:\/\/www.design-award.cz\/wp-content\/uploads\/2025\/06\/pudorys-se-zarizenim-768x543.jpg 768w, https:\/\/www.design-award.cz\/wp-content\/uploads\/2025\/06\/pudorys-se-zarizenim-1536x1086.jpg 1536w, https:\/\/www.design-award.cz\/wp-content\/uploads\/2025\/06\/pudorys-se-zarizenim-2048x1448.jpg 2048w, https:\/\/www.design-award.cz\/wp-content\/uploads\/2025\/06\/pudorys-se-zarizenim-500x354.jpg 500w, https:\/\/www.design-award.cz\/wp-content\/uploads\/2025\/06\/pudorys-se-zarizenim-800x566.jpg 800w, https:\/\/www.design-award.cz\/wp-content\/uploads\/2025\/06\/pudorys-se-zarizenim-1280x905.jpg 1280w, https:\/\/www.design-award.cz\/wp-content\/uploads\/2025\/06\/pudorys-se-zarizenim-1920x1358.jpg 1920w\" data-sizes=\"(max-width: 1024px) 100vw, 1024px\" src=\"data:image\/svg+xml;base64,PHN2ZyB3aWR0aD0iMSIgaGVpZ2h0PSIxIiB4bWxucz0iaHR0cDovL3d3dy53My5vcmcvMjAwMC9zdmciPjwvc3ZnPg==\" style=\"--smush-placeholder-width: 1024px; --smush-placeholder-aspect-ratio: 1024\/724;\" \/><\/figure>\n","protected":false},"excerpt":{"rendered":"<p>Tereza \u010cervenkov\u00e1 VO\u0160 a SP\u0160 Volyn\u011b T\u00e9matem m\u00e9 maturitn\u00ed pr\u00e1ce je n\u00e1vrh interi\u00e9ru kav\u00e1rny. Konceptu\u00e1ln\u011b se nejedn\u00e1 o standardn\u00ed kav\u00e1rnu, ale bistro-kav\u00e1rnu. Krom\u011b klasick\u00e9ho kav\u00e1rensk\u00e9ho posezen\u00ed nab\u00edz\u00ed interi\u00e9r pultov\u00fd prodej. Z\u00e1kazn\u00edk vstoup\u00ed, nakoup\u00ed a odejde, ani\u017e by naru\u0161il chod kav\u00e1rny. V prostoru jsou dominantn\u00ed velk\u00e1 okna, jejich\u017e parapet jsem \u010d\u00e1ste\u010dn\u011b upravila pro sezen\u00ed a zv\u011bt\u0161ila [&hellip;]<\/p>\n","protected":false},"author":2,"featured_media":5386,"menu_order":0,"comment_status":"closed","ping_status":"closed","template":"","format":"standard","meta":{"ngg_post_thumbnail":0,"ocean_post_layout":"","ocean_both_sidebars_style":"","ocean_both_sidebars_content_width":0,"ocean_both_sidebars_sidebars_width":0,"ocean_sidebar":"","ocean_second_sidebar":"","ocean_disable_margins":"enable","ocean_add_body_class":"","ocean_shortcode_before_top_bar":"","ocean_shortcode_after_top_bar":"","ocean_shortcode_before_header":"","ocean_shortcode_after_header":"","ocean_has_shortcode":"","ocean_shortcode_after_title":"","ocean_shortcode_before_footer_widgets":"","ocean_shortcode_after_footer_widgets":"","ocean_shortcode_before_footer_bottom":"","ocean_shortcode_after_footer_bottom":"","ocean_display_top_bar":"default","ocean_display_header":"default","ocean_header_style":"","ocean_center_header_left_menu":"","ocean_custom_header_template":"","ocean_custom_logo":0,"ocean_custom_retina_logo":0,"ocean_custom_logo_max_width":0,"ocean_custom_logo_tablet_max_width":0,"ocean_custom_logo_mobile_max_width":0,"ocean_custom_logo_max_height":0,"ocean_custom_logo_tablet_max_height":0,"ocean_custom_logo_mobile_max_height":0,"ocean_header_custom_menu":"","ocean_menu_typo_font_family":"","ocean_menu_typo_font_subset":"","ocean_menu_typo_font_size":0,"ocean_menu_typo_font_size_tablet":0,"ocean_menu_typo_font_size_mobile":0,"ocean_menu_typo_font_size_unit":"px","ocean_menu_typo_font_weight":"","ocean_menu_typo_font_weight_tablet":"","ocean_menu_typo_font_weight_mobile":"","ocean_menu_typo_transform":"","ocean_menu_typo_transform_tablet":"","ocean_menu_typo_transform_mobile":"","ocean_menu_typo_line_height":0,"ocean_menu_typo_line_height_tablet":0,"ocean_menu_typo_line_height_mobile":0,"ocean_menu_typo_line_height_unit":"","ocean_menu_typo_spacing":0,"ocean_menu_typo_spacing_tablet":0,"ocean_menu_typo_spacing_mobile":0,"ocean_menu_typo_spacing_unit":"","ocean_menu_link_color":"","ocean_menu_link_color_hover":"","ocean_menu_link_color_active":"","ocean_menu_link_background":"","ocean_menu_link_hover_background":"","ocean_menu_link_active_background":"","ocean_menu_social_links_bg":"","ocean_menu_social_hover_links_bg":"","ocean_menu_social_links_color":"","ocean_menu_social_hover_links_color":"","ocean_disable_title":"default","ocean_disable_heading":"default","ocean_post_title":"","ocean_post_subheading":"","ocean_post_title_style":"","ocean_post_title_background_color":"","ocean_post_title_background":0,"ocean_post_title_bg_image_position":"","ocean_post_title_bg_image_attachment":"","ocean_post_title_bg_image_repeat":"","ocean_post_title_bg_image_size":"","ocean_post_title_height":0,"ocean_post_title_bg_overlay":0.5,"ocean_post_title_bg_overlay_color":"","ocean_disable_breadcrumbs":"default","ocean_breadcrumbs_color":"","ocean_breadcrumbs_separator_color":"","ocean_breadcrumbs_links_color":"","ocean_breadcrumbs_links_hover_color":"","ocean_display_footer_widgets":"default","ocean_display_footer_bottom":"default","ocean_custom_footer_template":"","_vp_format_video_url":"","_vp_image_focal_point":[],"footnotes":""},"portfolio_category":[],"portfolio_tag":[],"class_list":["post-5355","portfolio","type-portfolio","status-publish","format-standard","has-post-thumbnail","hentry","entry","has-media"],"yoast_head":"<!-- This site is optimized with the Yoast SEO plugin v25.2 - https:\/\/yoast.com\/wordpress\/plugins\/seo\/ -->\n<title>Interi\u00e9rov\u00fd design - bistro-kav\u00e1rna - design-award.cz<\/title>\n<meta name=\"robots\" content=\"index, follow, max-snippet:-1, max-image-preview:large, max-video-preview:-1\" \/>\n<link rel=\"canonical\" href=\"https:\/\/www.design-award.cz\/?portfolio=interierovy-design-bistro-kavarna\" \/>\n<meta property=\"og:locale\" content=\"cs_CZ\" \/>\n<meta property=\"og:type\" content=\"article\" \/>\n<meta property=\"og:title\" content=\"Interi\u00e9rov\u00fd design - bistro-kav\u00e1rna - design-award.cz\" \/>\n<meta property=\"og:description\" content=\"Tereza \u010cervenkov\u00e1 VO\u0160 a SP\u0160 Volyn\u011b T\u00e9matem m\u00e9 maturitn\u00ed pr\u00e1ce je n\u00e1vrh interi\u00e9ru kav\u00e1rny. Konceptu\u00e1ln\u011b se nejedn\u00e1 o standardn\u00ed kav\u00e1rnu, ale bistro-kav\u00e1rnu. Krom\u011b klasick\u00e9ho kav\u00e1rensk\u00e9ho posezen\u00ed nab\u00edz\u00ed interi\u00e9r pultov\u00fd prodej. Z\u00e1kazn\u00edk vstoup\u00ed, nakoup\u00ed a odejde, ani\u017e by naru\u0161il chod kav\u00e1rny. V prostoru jsou dominantn\u00ed velk\u00e1 okna, jejich\u017e parapet jsem \u010d\u00e1ste\u010dn\u011b upravila pro sezen\u00ed a zv\u011bt\u0161ila [&hellip;]\" \/>\n<meta property=\"og:url\" content=\"https:\/\/www.design-award.cz\/?portfolio=interierovy-design-bistro-kavarna\" \/>\n<meta property=\"og:site_name\" content=\"design-award.cz\" \/>\n<meta property=\"article:modified_time\" content=\"2025-06-30T11:39:45+00:00\" \/>\n<meta property=\"og:image\" content=\"http:\/\/www.design-award.cz\/wp-content\/uploads\/2025\/06\/IMG_0672.jpg\" \/>\n\t<meta property=\"og:image:width\" content=\"1920\" \/>\n\t<meta property=\"og:image:height\" content=\"1080\" \/>\n\t<meta property=\"og:image:type\" content=\"image\/jpeg\" \/>\n<meta name=\"twitter:card\" content=\"summary_large_image\" \/>\n<meta name=\"twitter:label1\" content=\"Odhadovan\u00e1 doba \u010dten\u00ed\" \/>\n\t<meta name=\"twitter:data1\" content=\"2 minuty\" \/>\n<script type=\"application\/ld+json\" class=\"yoast-schema-graph\">{\"@context\":\"https:\/\/schema.org\",\"@graph\":[{\"@type\":\"WebPage\",\"@id\":\"https:\/\/www.design-award.cz\/?portfolio=interierovy-design-bistro-kavarna\",\"url\":\"https:\/\/www.design-award.cz\/?portfolio=interierovy-design-bistro-kavarna\",\"name\":\"Interi\u00e9rov\u00fd design - bistro-kav\u00e1rna - design-award.cz\",\"isPartOf\":{\"@id\":\"https:\/\/www.design-award.cz\/#website\"},\"primaryImageOfPage\":{\"@id\":\"https:\/\/www.design-award.cz\/?portfolio=interierovy-design-bistro-kavarna#primaryimage\"},\"image\":{\"@id\":\"https:\/\/www.design-award.cz\/?portfolio=interierovy-design-bistro-kavarna#primaryimage\"},\"thumbnailUrl\":\"https:\/\/www.design-award.cz\/wp-content\/uploads\/2025\/06\/IMG_0672.jpg\",\"datePublished\":\"2025-06-30T11:35:42+00:00\",\"dateModified\":\"2025-06-30T11:39:45+00:00\",\"breadcrumb\":{\"@id\":\"https:\/\/www.design-award.cz\/?portfolio=interierovy-design-bistro-kavarna#breadcrumb\"},\"inLanguage\":\"cs\",\"potentialAction\":[{\"@type\":\"ReadAction\",\"target\":[\"https:\/\/www.design-award.cz\/?portfolio=interierovy-design-bistro-kavarna\"]}]},{\"@type\":\"ImageObject\",\"inLanguage\":\"cs\",\"@id\":\"https:\/\/www.design-award.cz\/?portfolio=interierovy-design-bistro-kavarna#primaryimage\",\"url\":\"https:\/\/www.design-award.cz\/wp-content\/uploads\/2025\/06\/IMG_0672.jpg\",\"contentUrl\":\"https:\/\/www.design-award.cz\/wp-content\/uploads\/2025\/06\/IMG_0672.jpg\",\"width\":1920,\"height\":1080},{\"@type\":\"BreadcrumbList\",\"@id\":\"https:\/\/www.design-award.cz\/?portfolio=interierovy-design-bistro-kavarna#breadcrumb\",\"itemListElement\":[{\"@type\":\"ListItem\",\"position\":1,\"name\":\"Dom\u016f\",\"item\":\"https:\/\/www.design-award.cz\/\"},{\"@type\":\"ListItem\",\"position\":2,\"name\":\"Portfolio Items\",\"item\":\"https:\/\/www.design-award.cz\/?post_type=portfolio\"},{\"@type\":\"ListItem\",\"position\":3,\"name\":\"Interi\u00e9rov\u00fd design &#8211; bistro-kav\u00e1rna\"}]},{\"@type\":\"WebSite\",\"@id\":\"https:\/\/www.design-award.cz\/#website\",\"url\":\"https:\/\/www.design-award.cz\/\",\"name\":\"design-award.cz\",\"description\":\"WARD vznikla v roce 2022. Je ur\u010dena p\u0159edev\u0161\u00edm student\u016fm st\u0159edn\u00edch um\u011bleck\u00fdch \u0161kol (S\u0160 a VO\u0160), kte\u0159\u00ed mohou bezplatn\u011b zaslat sv\u00e9 n\u00e1vrhy v uveden\u00fdch kategori\u00ed a tak pom\u011b\u0159it sv\u00e9 n\u00e1pady s konkurenc\u00ed sv\u00fdch vrstevn\u00edk\u016f. N\u00e1vrhy jsou n\u00e1sledn\u011b posouzeny nez\u00e1vislou porotou z \u0159ad v\u00fdtvarn\u00edk\u016f, pedagog\u016f a profesion\u00e1l\u016f z oboru.\",\"publisher\":{\"@id\":\"https:\/\/www.design-award.cz\/#organization\"},\"potentialAction\":[{\"@type\":\"SearchAction\",\"target\":{\"@type\":\"EntryPoint\",\"urlTemplate\":\"https:\/\/www.design-award.cz\/?s={search_term_string}\"},\"query-input\":{\"@type\":\"PropertyValueSpecification\",\"valueRequired\":true,\"valueName\":\"search_term_string\"}}],\"inLanguage\":\"cs\"},{\"@type\":\"Organization\",\"@id\":\"https:\/\/www.design-award.cz\/#organization\",\"name\":\"Design Award\",\"url\":\"https:\/\/www.design-award.cz\/\",\"logo\":{\"@type\":\"ImageObject\",\"inLanguage\":\"cs\",\"@id\":\"https:\/\/www.design-award.cz\/#\/schema\/logo\/image\/\",\"url\":\"http:\/\/www.design-award.cz\/wp-content\/uploads\/2021\/12\/hornilogo_design-award.png\",\"contentUrl\":\"http:\/\/www.design-award.cz\/wp-content\/uploads\/2021\/12\/hornilogo_design-award.png\",\"width\":800,\"height\":600,\"caption\":\"Design Award\"},\"image\":{\"@id\":\"https:\/\/www.design-award.cz\/#\/schema\/logo\/image\/\"},\"sameAs\":[\"https:\/\/www.instagram.com\/design_award\/\"]}]}<\/script>\n<!-- \/ Yoast SEO plugin. -->","yoast_head_json":{"title":"Interi\u00e9rov\u00fd design - bistro-kav\u00e1rna - design-award.cz","robots":{"index":"index","follow":"follow","max-snippet":"max-snippet:-1","max-image-preview":"max-image-preview:large","max-video-preview":"max-video-preview:-1"},"canonical":"https:\/\/www.design-award.cz\/?portfolio=interierovy-design-bistro-kavarna","og_locale":"cs_CZ","og_type":"article","og_title":"Interi\u00e9rov\u00fd design - bistro-kav\u00e1rna - design-award.cz","og_description":"Tereza \u010cervenkov\u00e1 VO\u0160 a SP\u0160 Volyn\u011b T\u00e9matem m\u00e9 maturitn\u00ed pr\u00e1ce je n\u00e1vrh interi\u00e9ru kav\u00e1rny. Konceptu\u00e1ln\u011b se nejedn\u00e1 o standardn\u00ed kav\u00e1rnu, ale bistro-kav\u00e1rnu. Krom\u011b klasick\u00e9ho kav\u00e1rensk\u00e9ho posezen\u00ed nab\u00edz\u00ed interi\u00e9r pultov\u00fd prodej. Z\u00e1kazn\u00edk vstoup\u00ed, nakoup\u00ed a odejde, ani\u017e by naru\u0161il chod kav\u00e1rny. V prostoru jsou dominantn\u00ed velk\u00e1 okna, jejich\u017e parapet jsem \u010d\u00e1ste\u010dn\u011b upravila pro sezen\u00ed a zv\u011bt\u0161ila [&hellip;]","og_url":"https:\/\/www.design-award.cz\/?portfolio=interierovy-design-bistro-kavarna","og_site_name":"design-award.cz","article_modified_time":"2025-06-30T11:39:45+00:00","og_image":[{"width":1920,"height":1080,"url":"http:\/\/www.design-award.cz\/wp-content\/uploads\/2025\/06\/IMG_0672.jpg","type":"image\/jpeg"}],"twitter_card":"summary_large_image","twitter_misc":{"Odhadovan\u00e1 doba \u010dten\u00ed":"2 minuty"},"schema":{"@context":"https:\/\/schema.org","@graph":[{"@type":"WebPage","@id":"https:\/\/www.design-award.cz\/?portfolio=interierovy-design-bistro-kavarna","url":"https:\/\/www.design-award.cz\/?portfolio=interierovy-design-bistro-kavarna","name":"Interi\u00e9rov\u00fd design - bistro-kav\u00e1rna - design-award.cz","isPartOf":{"@id":"https:\/\/www.design-award.cz\/#website"},"primaryImageOfPage":{"@id":"https:\/\/www.design-award.cz\/?portfolio=interierovy-design-bistro-kavarna#primaryimage"},"image":{"@id":"https:\/\/www.design-award.cz\/?portfolio=interierovy-design-bistro-kavarna#primaryimage"},"thumbnailUrl":"https:\/\/www.design-award.cz\/wp-content\/uploads\/2025\/06\/IMG_0672.jpg","datePublished":"2025-06-30T11:35:42+00:00","dateModified":"2025-06-30T11:39:45+00:00","breadcrumb":{"@id":"https:\/\/www.design-award.cz\/?portfolio=interierovy-design-bistro-kavarna#breadcrumb"},"inLanguage":"cs","potentialAction":[{"@type":"ReadAction","target":["https:\/\/www.design-award.cz\/?portfolio=interierovy-design-bistro-kavarna"]}]},{"@type":"ImageObject","inLanguage":"cs","@id":"https:\/\/www.design-award.cz\/?portfolio=interierovy-design-bistro-kavarna#primaryimage","url":"https:\/\/www.design-award.cz\/wp-content\/uploads\/2025\/06\/IMG_0672.jpg","contentUrl":"https:\/\/www.design-award.cz\/wp-content\/uploads\/2025\/06\/IMG_0672.jpg","width":1920,"height":1080},{"@type":"BreadcrumbList","@id":"https:\/\/www.design-award.cz\/?portfolio=interierovy-design-bistro-kavarna#breadcrumb","itemListElement":[{"@type":"ListItem","position":1,"name":"Dom\u016f","item":"https:\/\/www.design-award.cz\/"},{"@type":"ListItem","position":2,"name":"Portfolio Items","item":"https:\/\/www.design-award.cz\/?post_type=portfolio"},{"@type":"ListItem","position":3,"name":"Interi\u00e9rov\u00fd design &#8211; bistro-kav\u00e1rna"}]},{"@type":"WebSite","@id":"https:\/\/www.design-award.cz\/#website","url":"https:\/\/www.design-award.cz\/","name":"design-award.cz","description":"WARD vznikla v roce 2022. Je ur\u010dena p\u0159edev\u0161\u00edm student\u016fm st\u0159edn\u00edch um\u011bleck\u00fdch \u0161kol (S\u0160 a VO\u0160), kte\u0159\u00ed mohou bezplatn\u011b zaslat sv\u00e9 n\u00e1vrhy v uveden\u00fdch kategori\u00ed a tak pom\u011b\u0159it sv\u00e9 n\u00e1pady s konkurenc\u00ed sv\u00fdch vrstevn\u00edk\u016f. N\u00e1vrhy jsou n\u00e1sledn\u011b posouzeny nez\u00e1vislou porotou z \u0159ad v\u00fdtvarn\u00edk\u016f, pedagog\u016f a profesion\u00e1l\u016f z oboru.","publisher":{"@id":"https:\/\/www.design-award.cz\/#organization"},"potentialAction":[{"@type":"SearchAction","target":{"@type":"EntryPoint","urlTemplate":"https:\/\/www.design-award.cz\/?s={search_term_string}"},"query-input":{"@type":"PropertyValueSpecification","valueRequired":true,"valueName":"search_term_string"}}],"inLanguage":"cs"},{"@type":"Organization","@id":"https:\/\/www.design-award.cz\/#organization","name":"Design Award","url":"https:\/\/www.design-award.cz\/","logo":{"@type":"ImageObject","inLanguage":"cs","@id":"https:\/\/www.design-award.cz\/#\/schema\/logo\/image\/","url":"http:\/\/www.design-award.cz\/wp-content\/uploads\/2021\/12\/hornilogo_design-award.png","contentUrl":"http:\/\/www.design-award.cz\/wp-content\/uploads\/2021\/12\/hornilogo_design-award.png","width":800,"height":600,"caption":"Design Award"},"image":{"@id":"https:\/\/www.design-award.cz\/#\/schema\/logo\/image\/"},"sameAs":["https:\/\/www.instagram.com\/design_award\/"]}]}},"_links":{"self":[{"href":"https:\/\/www.design-award.cz\/index.php?rest_route=\/wp\/v2\/portfolio\/5355","targetHints":{"allow":["GET"]}}],"collection":[{"href":"https:\/\/www.design-award.cz\/index.php?rest_route=\/wp\/v2\/portfolio"}],"about":[{"href":"https:\/\/www.design-award.cz\/index.php?rest_route=\/wp\/v2\/types\/portfolio"}],"author":[{"embeddable":true,"href":"https:\/\/www.design-award.cz\/index.php?rest_route=\/wp\/v2\/users\/2"}],"replies":[{"embeddable":true,"href":"https:\/\/www.design-award.cz\/index.php?rest_route=%2Fwp%2Fv2%2Fcomments&post=5355"}],"version-history":[{"count":1,"href":"https:\/\/www.design-award.cz\/index.php?rest_route=\/wp\/v2\/portfolio\/5355\/revisions"}],"predecessor-version":[{"id":5393,"href":"https:\/\/www.design-award.cz\/index.php?rest_route=\/wp\/v2\/portfolio\/5355\/revisions\/5393"}],"wp:featuredmedia":[{"embeddable":true,"href":"https:\/\/www.design-award.cz\/index.php?rest_route=\/wp\/v2\/media\/5386"}],"wp:attachment":[{"href":"https:\/\/www.design-award.cz\/index.php?rest_route=%2Fwp%2Fv2%2Fmedia&parent=5355"}],"wp:term":[{"taxonomy":"portfolio_category","embeddable":true,"href":"https:\/\/www.design-award.cz\/index.php?rest_route=%2Fwp%2Fv2%2Fportfolio_category&post=5355"},{"taxonomy":"portfolio_tag","embeddable":true,"href":"https:\/\/www.design-award.cz\/index.php?rest_route=%2Fwp%2Fv2%2Fportfolio_tag&post=5355"}],"curies":[{"name":"wp","href":"https:\/\/api.w.org\/{rel}","templated":true}]}}