{"id":5358,"date":"2025-06-30T11:21:25","date_gmt":"2025-06-30T11:21:25","guid":{"rendered":"https:\/\/www.design-award.cz\/?post_type=portfolio&#038;p=5358"},"modified":"2025-06-30T11:21:40","modified_gmt":"2025-06-30T11:21:40","slug":"interierovy-design-lio-vystava-v-prirode","status":"publish","type":"portfolio","link":"https:\/\/www.design-award.cz\/?portfolio=interierovy-design-lio-vystava-v-prirode","title":{"rendered":"Interi\u00e9rov\u00fd design &#8211; LIO \u2013 V\u00fdstava v p\u0159\u00edrod\u011b"},"content":{"rendered":"\n<p>Ad\u00e9la \u0160efrnov\u00e1<br><br>SO\u0160 obchodu, u\u017eit\u00e9ho um\u011bn\u00ed a designu, Nerudova 33, Plze\u0148<br><br>LIO je koncept v\u00fdstavy v p\u0159\u00edrod\u011b, zasazen\u00fd do krajiny Ji\u017en\u00edho Tyrolska. N\u00e1vrh propojuje architekturu s p\u0159\u00edrodou pomoc\u00ed organick\u00e9ho tvaru kruhu, symbolizuj\u00edc\u00edho kolob\u011bh \u017eivota. Objekt je \u010d\u00e1ste\u010dn\u011b zapu\u0161t\u011bn do svahu, vyu\u017e\u00edv\u00e1 p\u0159\u00edrodn\u00ed materi\u00e1ly jako d\u0159evo a zele\u0148. V\u00fdstava nab\u00edz\u00ed spojen\u00ed um\u011bn\u00ed, prostoru a my\u0161lenky obnovy. Projekt LIO p\u0159edstavuje n\u00e1vrh v\u00fdstavy zasazen\u00e9 do p\u0159\u00edrody v Ji\u017en\u00edm Tyrolsku, konkr\u00e9tn\u011b do prostoru SMACH Art Park. Zad\u00e1n\u00edm bylo vytvo\u0159it objekt, kter\u00fd spoj\u00ed architekturu, krajinu a voln\u00e9 um\u011bn\u00ed. N\u00e1vrh vych\u00e1z\u00ed z my\u0161lenky kolob\u011bhu \u017eivota, proto je stavba navr\u017eena ve tvaru otev\u0159en\u00e9ho kruhu, kter\u00fd symbolizuje nekone\u010dn\u00fd cyklus existence. V\u00fdstavn\u00ed prostory jsou rozd\u011bleny na osm \u010d\u00e1st\u00ed, je\u017e reprezentuj\u00ed jednotliv\u00e9 f\u00e1ze lidsk\u00e9ho \u017eivota, a plynule p\u0159ech\u00e1zej\u00ed do parku s centr\u00e1ln\u00edm jez\u00edrkem \u2013 srdcem cel\u00e9ho n\u00e1vrhu. D\u016fraz byl kladen na citliv\u00e9 zasazen\u00ed do ter\u00e9nu, proto je objekt zapu\u0161t\u011bn do svahu a opat\u0159en zelenou st\u0159echou. Pou\u017eity jsou p\u0159\u00edrodn\u00ed materi\u00e1ly, p\u0159ev\u00e1\u017en\u011b d\u0159evo (ak\u00e1t) a beton. Stavba propojuje modern\u00ed architekturu s p\u0159\u00edrodou, p\u0159in\u00e1\u0161\u00ed inovativn\u00ed \u0159e\u0161en\u00ed formou neviditeln\u00e9 architektury a vytv\u00e1\u0159\u00ed prost\u0159ed\u00ed, kter\u00e9 nen\u00e1siln\u011b spojuje prostor, um\u011bn\u00ed a p\u0159\u00edrodn\u00ed kontext.<\/p>\n\n\n\n<figure class=\"wp-block-image size-large\"><img decoding=\"async\" width=\"724\" height=\"1024\" data-src=\"http:\/\/www.design-award.cz\/wp-content\/uploads\/2025\/06\/SEFRNOVA_Adela_LIO_plakat_bez-hlavicky-724x1024.jpg\" alt=\"\" class=\"wp-image-5369 lazyload\" data-srcset=\"https:\/\/www.design-award.cz\/wp-content\/uploads\/2025\/06\/SEFRNOVA_Adela_LIO_plakat_bez-hlavicky-724x1024.jpg 724w, https:\/\/www.design-award.cz\/wp-content\/uploads\/2025\/06\/SEFRNOVA_Adela_LIO_plakat_bez-hlavicky-212x300.jpg 212w, https:\/\/www.design-award.cz\/wp-content\/uploads\/2025\/06\/SEFRNOVA_Adela_LIO_plakat_bez-hlavicky-768x1087.jpg 768w, https:\/\/www.design-award.cz\/wp-content\/uploads\/2025\/06\/SEFRNOVA_Adela_LIO_plakat_bez-hlavicky-1085x1536.jpg 1085w, https:\/\/www.design-award.cz\/wp-content\/uploads\/2025\/06\/SEFRNOVA_Adela_LIO_plakat_bez-hlavicky-1447x2048.jpg 1447w, https:\/\/www.design-award.cz\/wp-content\/uploads\/2025\/06\/SEFRNOVA_Adela_LIO_plakat_bez-hlavicky-500x708.jpg 500w, https:\/\/www.design-award.cz\/wp-content\/uploads\/2025\/06\/SEFRNOVA_Adela_LIO_plakat_bez-hlavicky-800x1132.jpg 800w, https:\/\/www.design-award.cz\/wp-content\/uploads\/2025\/06\/SEFRNOVA_Adela_LIO_plakat_bez-hlavicky-1280x1812.jpg 1280w, https:\/\/www.design-award.cz\/wp-content\/uploads\/2025\/06\/SEFRNOVA_Adela_LIO_plakat_bez-hlavicky-1920x2717.jpg 1920w, https:\/\/www.design-award.cz\/wp-content\/uploads\/2025\/06\/SEFRNOVA_Adela_LIO_plakat_bez-hlavicky-scaled.jpg 1809w\" data-sizes=\"(max-width: 724px) 100vw, 724px\" src=\"data:image\/svg+xml;base64,PHN2ZyB3aWR0aD0iMSIgaGVpZ2h0PSIxIiB4bWxucz0iaHR0cDovL3d3dy53My5vcmcvMjAwMC9zdmciPjwvc3ZnPg==\" style=\"--smush-placeholder-width: 724px; --smush-placeholder-aspect-ratio: 724\/1024;\" \/><\/figure>\n\n\n\n<figure class=\"wp-block-image size-large\"><img decoding=\"async\" width=\"1024\" height=\"682\" data-src=\"http:\/\/www.design-award.cz\/wp-content\/uploads\/2025\/06\/BLAHOVA_Justyna_Reflua_1-1024x682.jpg\" alt=\"\" class=\"wp-image-5365 lazyload\" data-srcset=\"https:\/\/www.design-award.cz\/wp-content\/uploads\/2025\/06\/BLAHOVA_Justyna_Reflua_1-1024x682.jpg 1024w, https:\/\/www.design-award.cz\/wp-content\/uploads\/2025\/06\/BLAHOVA_Justyna_Reflua_1-300x200.jpg 300w, https:\/\/www.design-award.cz\/wp-content\/uploads\/2025\/06\/BLAHOVA_Justyna_Reflua_1-768x511.jpg 768w, https:\/\/www.design-award.cz\/wp-content\/uploads\/2025\/06\/BLAHOVA_Justyna_Reflua_1-1536x1023.jpg 1536w, https:\/\/www.design-award.cz\/wp-content\/uploads\/2025\/06\/BLAHOVA_Justyna_Reflua_1-2048x1364.jpg 2048w, https:\/\/www.design-award.cz\/wp-content\/uploads\/2025\/06\/BLAHOVA_Justyna_Reflua_1-500x333.jpg 500w, https:\/\/www.design-award.cz\/wp-content\/uploads\/2025\/06\/BLAHOVA_Justyna_Reflua_1-800x533.jpg 800w, https:\/\/www.design-award.cz\/wp-content\/uploads\/2025\/06\/BLAHOVA_Justyna_Reflua_1-1280x852.jpg 1280w, https:\/\/www.design-award.cz\/wp-content\/uploads\/2025\/06\/BLAHOVA_Justyna_Reflua_1-1920x1279.jpg 1920w\" data-sizes=\"(max-width: 1024px) 100vw, 1024px\" src=\"data:image\/svg+xml;base64,PHN2ZyB3aWR0aD0iMSIgaGVpZ2h0PSIxIiB4bWxucz0iaHR0cDovL3d3dy53My5vcmcvMjAwMC9zdmciPjwvc3ZnPg==\" style=\"--smush-placeholder-width: 1024px; --smush-placeholder-aspect-ratio: 1024\/682;\" \/><\/figure>\n\n\n\n<figure class=\"wp-block-image size-large\"><img decoding=\"async\" width=\"1024\" height=\"731\" data-src=\"http:\/\/www.design-award.cz\/wp-content\/uploads\/2025\/06\/SEFRNOVA_Adela_LIO_obrazova_priloha-5-1024x731.jpg\" alt=\"\" class=\"wp-image-5367 lazyload\" data-srcset=\"https:\/\/www.design-award.cz\/wp-content\/uploads\/2025\/06\/SEFRNOVA_Adela_LIO_obrazova_priloha-5-1024x731.jpg 1024w, https:\/\/www.design-award.cz\/wp-content\/uploads\/2025\/06\/SEFRNOVA_Adela_LIO_obrazova_priloha-5-300x214.jpg 300w, https:\/\/www.design-award.cz\/wp-content\/uploads\/2025\/06\/SEFRNOVA_Adela_LIO_obrazova_priloha-5-768x549.jpg 768w, https:\/\/www.design-award.cz\/wp-content\/uploads\/2025\/06\/SEFRNOVA_Adela_LIO_obrazova_priloha-5-500x357.jpg 500w, https:\/\/www.design-award.cz\/wp-content\/uploads\/2025\/06\/SEFRNOVA_Adela_LIO_obrazova_priloha-5-800x571.jpg 800w, https:\/\/www.design-award.cz\/wp-content\/uploads\/2025\/06\/SEFRNOVA_Adela_LIO_obrazova_priloha-5-1280x914.jpg 1280w, https:\/\/www.design-award.cz\/wp-content\/uploads\/2025\/06\/SEFRNOVA_Adela_LIO_obrazova_priloha-5.jpg 1400w\" data-sizes=\"(max-width: 1024px) 100vw, 1024px\" src=\"data:image\/svg+xml;base64,PHN2ZyB3aWR0aD0iMSIgaGVpZ2h0PSIxIiB4bWxucz0iaHR0cDovL3d3dy53My5vcmcvMjAwMC9zdmciPjwvc3ZnPg==\" style=\"--smush-placeholder-width: 1024px; --smush-placeholder-aspect-ratio: 1024\/731;\" \/><\/figure>\n\n\n\n<figure class=\"wp-block-image size-large\"><img decoding=\"async\" width=\"1024\" height=\"731\" data-src=\"http:\/\/www.design-award.cz\/wp-content\/uploads\/2025\/06\/SEFRNOVA_Adela_LIO_kolaz-1024x731.png\" alt=\"\" class=\"wp-image-5364 lazyload\" data-srcset=\"https:\/\/www.design-award.cz\/wp-content\/uploads\/2025\/06\/SEFRNOVA_Adela_LIO_kolaz-1024x731.png 1024w, https:\/\/www.design-award.cz\/wp-content\/uploads\/2025\/06\/SEFRNOVA_Adela_LIO_kolaz-300x214.png 300w, https:\/\/www.design-award.cz\/wp-content\/uploads\/2025\/06\/SEFRNOVA_Adela_LIO_kolaz-768x549.png 768w, https:\/\/www.design-award.cz\/wp-content\/uploads\/2025\/06\/SEFRNOVA_Adela_LIO_kolaz-500x357.png 500w, https:\/\/www.design-award.cz\/wp-content\/uploads\/2025\/06\/SEFRNOVA_Adela_LIO_kolaz-800x571.png 800w, https:\/\/www.design-award.cz\/wp-content\/uploads\/2025\/06\/SEFRNOVA_Adela_LIO_kolaz-1280x914.png 1280w, https:\/\/www.design-award.cz\/wp-content\/uploads\/2025\/06\/SEFRNOVA_Adela_LIO_kolaz.png 1400w\" data-sizes=\"(max-width: 1024px) 100vw, 1024px\" src=\"data:image\/svg+xml;base64,PHN2ZyB3aWR0aD0iMSIgaGVpZ2h0PSIxIiB4bWxucz0iaHR0cDovL3d3dy53My5vcmcvMjAwMC9zdmciPjwvc3ZnPg==\" style=\"--smush-placeholder-width: 1024px; --smush-placeholder-aspect-ratio: 1024\/731;\" \/><\/figure>\n\n\n\n<figure class=\"wp-block-image size-large\"><img decoding=\"async\" width=\"1024\" height=\"724\" data-src=\"http:\/\/www.design-award.cz\/wp-content\/uploads\/2025\/06\/SEFRNOVA_Adela_LIO_pudorysne_schema-1024x724.jpg\" alt=\"\" class=\"wp-image-5370 lazyload\" data-srcset=\"https:\/\/www.design-award.cz\/wp-content\/uploads\/2025\/06\/SEFRNOVA_Adela_LIO_pudorysne_schema-1024x724.jpg 1024w, https:\/\/www.design-award.cz\/wp-content\/uploads\/2025\/06\/SEFRNOVA_Adela_LIO_pudorysne_schema-300x212.jpg 300w, https:\/\/www.design-award.cz\/wp-content\/uploads\/2025\/06\/SEFRNOVA_Adela_LIO_pudorysne_schema-768x543.jpg 768w, https:\/\/www.design-award.cz\/wp-content\/uploads\/2025\/06\/SEFRNOVA_Adela_LIO_pudorysne_schema-1536x1086.jpg 1536w, https:\/\/www.design-award.cz\/wp-content\/uploads\/2025\/06\/SEFRNOVA_Adela_LIO_pudorysne_schema-2048x1449.jpg 2048w, https:\/\/www.design-award.cz\/wp-content\/uploads\/2025\/06\/SEFRNOVA_Adela_LIO_pudorysne_schema-500x354.jpg 500w, https:\/\/www.design-award.cz\/wp-content\/uploads\/2025\/06\/SEFRNOVA_Adela_LIO_pudorysne_schema-800x566.jpg 800w, https:\/\/www.design-award.cz\/wp-content\/uploads\/2025\/06\/SEFRNOVA_Adela_LIO_pudorysne_schema-1280x905.jpg 1280w, https:\/\/www.design-award.cz\/wp-content\/uploads\/2025\/06\/SEFRNOVA_Adela_LIO_pudorysne_schema-1920x1358.jpg 1920w\" data-sizes=\"(max-width: 1024px) 100vw, 1024px\" src=\"data:image\/svg+xml;base64,PHN2ZyB3aWR0aD0iMSIgaGVpZ2h0PSIxIiB4bWxucz0iaHR0cDovL3d3dy53My5vcmcvMjAwMC9zdmciPjwvc3ZnPg==\" style=\"--smush-placeholder-width: 1024px; --smush-placeholder-aspect-ratio: 1024\/724;\" \/><\/figure>\n","protected":false},"excerpt":{"rendered":"<p>Ad\u00e9la \u0160efrnov\u00e1 SO\u0160 obchodu, u\u017eit\u00e9ho um\u011bn\u00ed a designu, Nerudova 33, Plze\u0148 LIO je koncept v\u00fdstavy v p\u0159\u00edrod\u011b, zasazen\u00fd do krajiny Ji\u017en\u00edho Tyrolska. N\u00e1vrh propojuje architekturu s p\u0159\u00edrodou pomoc\u00ed organick\u00e9ho tvaru kruhu, symbolizuj\u00edc\u00edho kolob\u011bh \u017eivota. Objekt je \u010d\u00e1ste\u010dn\u011b zapu\u0161t\u011bn do svahu, vyu\u017e\u00edv\u00e1 p\u0159\u00edrodn\u00ed materi\u00e1ly jako d\u0159evo a zele\u0148. V\u00fdstava nab\u00edz\u00ed spojen\u00ed um\u011bn\u00ed, prostoru a my\u0161lenky obnovy. [&hellip;]<\/p>\n","protected":false},"author":2,"featured_media":5366,"menu_order":0,"comment_status":"closed","ping_status":"closed","template":"","format":"standard","meta":{"ngg_post_thumbnail":0,"ocean_post_layout":"","ocean_both_sidebars_style":"","ocean_both_sidebars_content_width":0,"ocean_both_sidebars_sidebars_width":0,"ocean_sidebar":"","ocean_second_sidebar":"","ocean_disable_margins":"enable","ocean_add_body_class":"","ocean_shortcode_before_top_bar":"","ocean_shortcode_after_top_bar":"","ocean_shortcode_before_header":"","ocean_shortcode_after_header":"","ocean_has_shortcode":"","ocean_shortcode_after_title":"","ocean_shortcode_before_footer_widgets":"","ocean_shortcode_after_footer_widgets":"","ocean_shortcode_before_footer_bottom":"","ocean_shortcode_after_footer_bottom":"","ocean_display_top_bar":"default","ocean_display_header":"default","ocean_header_style":"","ocean_center_header_left_menu":"","ocean_custom_header_template":"","ocean_custom_logo":0,"ocean_custom_retina_logo":0,"ocean_custom_logo_max_width":0,"ocean_custom_logo_tablet_max_width":0,"ocean_custom_logo_mobile_max_width":0,"ocean_custom_logo_max_height":0,"ocean_custom_logo_tablet_max_height":0,"ocean_custom_logo_mobile_max_height":0,"ocean_header_custom_menu":"","ocean_menu_typo_font_family":"","ocean_menu_typo_font_subset":"","ocean_menu_typo_font_size":0,"ocean_menu_typo_font_size_tablet":0,"ocean_menu_typo_font_size_mobile":0,"ocean_menu_typo_font_size_unit":"px","ocean_menu_typo_font_weight":"","ocean_menu_typo_font_weight_tablet":"","ocean_menu_typo_font_weight_mobile":"","ocean_menu_typo_transform":"","ocean_menu_typo_transform_tablet":"","ocean_menu_typo_transform_mobile":"","ocean_menu_typo_line_height":0,"ocean_menu_typo_line_height_tablet":0,"ocean_menu_typo_line_height_mobile":0,"ocean_menu_typo_line_height_unit":"","ocean_menu_typo_spacing":0,"ocean_menu_typo_spacing_tablet":0,"ocean_menu_typo_spacing_mobile":0,"ocean_menu_typo_spacing_unit":"","ocean_menu_link_color":"","ocean_menu_link_color_hover":"","ocean_menu_link_color_active":"","ocean_menu_link_background":"","ocean_menu_link_hover_background":"","ocean_menu_link_active_background":"","ocean_menu_social_links_bg":"","ocean_menu_social_hover_links_bg":"","ocean_menu_social_links_color":"","ocean_menu_social_hover_links_color":"","ocean_disable_title":"default","ocean_disable_heading":"default","ocean_post_title":"","ocean_post_subheading":"","ocean_post_title_style":"","ocean_post_title_background_color":"","ocean_post_title_background":0,"ocean_post_title_bg_image_position":"","ocean_post_title_bg_image_attachment":"","ocean_post_title_bg_image_repeat":"","ocean_post_title_bg_image_size":"","ocean_post_title_height":0,"ocean_post_title_bg_overlay":0.5,"ocean_post_title_bg_overlay_color":"","ocean_disable_breadcrumbs":"default","ocean_breadcrumbs_color":"","ocean_breadcrumbs_separator_color":"","ocean_breadcrumbs_links_color":"","ocean_breadcrumbs_links_hover_color":"","ocean_display_footer_widgets":"default","ocean_display_footer_bottom":"default","ocean_custom_footer_template":"","_vp_format_video_url":"","_vp_image_focal_point":[],"footnotes":""},"portfolio_category":[],"portfolio_tag":[],"class_list":["post-5358","portfolio","type-portfolio","status-publish","format-standard","has-post-thumbnail","hentry","entry","has-media"],"yoast_head":"<!-- This site is optimized with the Yoast SEO plugin v25.2 - https:\/\/yoast.com\/wordpress\/plugins\/seo\/ -->\n<title>Interi\u00e9rov\u00fd design - LIO \u2013 V\u00fdstava v p\u0159\u00edrod\u011b - design-award.cz<\/title>\n<meta name=\"robots\" content=\"index, follow, max-snippet:-1, max-image-preview:large, max-video-preview:-1\" \/>\n<link rel=\"canonical\" href=\"https:\/\/www.design-award.cz\/?portfolio=interierovy-design-lio-vystava-v-prirode\" \/>\n<meta property=\"og:locale\" content=\"cs_CZ\" \/>\n<meta property=\"og:type\" content=\"article\" \/>\n<meta property=\"og:title\" content=\"Interi\u00e9rov\u00fd design - LIO \u2013 V\u00fdstava v p\u0159\u00edrod\u011b - design-award.cz\" \/>\n<meta property=\"og:description\" content=\"Ad\u00e9la \u0160efrnov\u00e1 SO\u0160 obchodu, u\u017eit\u00e9ho um\u011bn\u00ed a designu, Nerudova 33, Plze\u0148 LIO je koncept v\u00fdstavy v p\u0159\u00edrod\u011b, zasazen\u00fd do krajiny Ji\u017en\u00edho Tyrolska. N\u00e1vrh propojuje architekturu s p\u0159\u00edrodou pomoc\u00ed organick\u00e9ho tvaru kruhu, symbolizuj\u00edc\u00edho kolob\u011bh \u017eivota. Objekt je \u010d\u00e1ste\u010dn\u011b zapu\u0161t\u011bn do svahu, vyu\u017e\u00edv\u00e1 p\u0159\u00edrodn\u00ed materi\u00e1ly jako d\u0159evo a zele\u0148. V\u00fdstava nab\u00edz\u00ed spojen\u00ed um\u011bn\u00ed, prostoru a my\u0161lenky obnovy. [&hellip;]\" \/>\n<meta property=\"og:url\" content=\"https:\/\/www.design-award.cz\/?portfolio=interierovy-design-lio-vystava-v-prirode\" \/>\n<meta property=\"og:site_name\" content=\"design-award.cz\" \/>\n<meta property=\"article:modified_time\" content=\"2025-06-30T11:21:40+00:00\" \/>\n<meta property=\"og:image\" content=\"http:\/\/www.design-award.cz\/wp-content\/uploads\/2025\/06\/SEFRNOVA_Adela_LIO_obrazova_priloha-3-1024x731.png\" \/>\n\t<meta property=\"og:image:width\" content=\"1024\" \/>\n\t<meta property=\"og:image:height\" content=\"731\" \/>\n\t<meta property=\"og:image:type\" content=\"image\/png\" \/>\n<meta name=\"twitter:card\" content=\"summary_large_image\" \/>\n<meta name=\"twitter:label1\" content=\"Odhadovan\u00e1 doba \u010dten\u00ed\" \/>\n\t<meta name=\"twitter:data1\" content=\"3 minuty\" \/>\n<script type=\"application\/ld+json\" class=\"yoast-schema-graph\">{\"@context\":\"https:\/\/schema.org\",\"@graph\":[{\"@type\":\"WebPage\",\"@id\":\"https:\/\/www.design-award.cz\/?portfolio=interierovy-design-lio-vystava-v-prirode\",\"url\":\"https:\/\/www.design-award.cz\/?portfolio=interierovy-design-lio-vystava-v-prirode\",\"name\":\"Interi\u00e9rov\u00fd design - LIO \u2013 V\u00fdstava v p\u0159\u00edrod\u011b - design-award.cz\",\"isPartOf\":{\"@id\":\"https:\/\/www.design-award.cz\/#website\"},\"primaryImageOfPage\":{\"@id\":\"https:\/\/www.design-award.cz\/?portfolio=interierovy-design-lio-vystava-v-prirode#primaryimage\"},\"image\":{\"@id\":\"https:\/\/www.design-award.cz\/?portfolio=interierovy-design-lio-vystava-v-prirode#primaryimage\"},\"thumbnailUrl\":\"https:\/\/www.design-award.cz\/wp-content\/uploads\/2025\/06\/SEFRNOVA_Adela_LIO_obrazova_priloha-3.png\",\"datePublished\":\"2025-06-30T11:21:25+00:00\",\"dateModified\":\"2025-06-30T11:21:40+00:00\",\"breadcrumb\":{\"@id\":\"https:\/\/www.design-award.cz\/?portfolio=interierovy-design-lio-vystava-v-prirode#breadcrumb\"},\"inLanguage\":\"cs\",\"potentialAction\":[{\"@type\":\"ReadAction\",\"target\":[\"https:\/\/www.design-award.cz\/?portfolio=interierovy-design-lio-vystava-v-prirode\"]}]},{\"@type\":\"ImageObject\",\"inLanguage\":\"cs\",\"@id\":\"https:\/\/www.design-award.cz\/?portfolio=interierovy-design-lio-vystava-v-prirode#primaryimage\",\"url\":\"https:\/\/www.design-award.cz\/wp-content\/uploads\/2025\/06\/SEFRNOVA_Adela_LIO_obrazova_priloha-3.png\",\"contentUrl\":\"https:\/\/www.design-award.cz\/wp-content\/uploads\/2025\/06\/SEFRNOVA_Adela_LIO_obrazova_priloha-3.png\",\"width\":1400,\"height\":1000},{\"@type\":\"BreadcrumbList\",\"@id\":\"https:\/\/www.design-award.cz\/?portfolio=interierovy-design-lio-vystava-v-prirode#breadcrumb\",\"itemListElement\":[{\"@type\":\"ListItem\",\"position\":1,\"name\":\"Dom\u016f\",\"item\":\"https:\/\/www.design-award.cz\/\"},{\"@type\":\"ListItem\",\"position\":2,\"name\":\"Portfolio Items\",\"item\":\"https:\/\/www.design-award.cz\/?post_type=portfolio\"},{\"@type\":\"ListItem\",\"position\":3,\"name\":\"Interi\u00e9rov\u00fd design &#8211; LIO \u2013 V\u00fdstava v p\u0159\u00edrod\u011b\"}]},{\"@type\":\"WebSite\",\"@id\":\"https:\/\/www.design-award.cz\/#website\",\"url\":\"https:\/\/www.design-award.cz\/\",\"name\":\"design-award.cz\",\"description\":\"WARD vznikla v roce 2022. Je ur\u010dena p\u0159edev\u0161\u00edm student\u016fm st\u0159edn\u00edch um\u011bleck\u00fdch \u0161kol (S\u0160 a VO\u0160), kte\u0159\u00ed mohou bezplatn\u011b zaslat sv\u00e9 n\u00e1vrhy v uveden\u00fdch kategori\u00ed a tak pom\u011b\u0159it sv\u00e9 n\u00e1pady s konkurenc\u00ed sv\u00fdch vrstevn\u00edk\u016f. N\u00e1vrhy jsou n\u00e1sledn\u011b posouzeny nez\u00e1vislou porotou z \u0159ad v\u00fdtvarn\u00edk\u016f, pedagog\u016f a profesion\u00e1l\u016f z oboru.\",\"publisher\":{\"@id\":\"https:\/\/www.design-award.cz\/#organization\"},\"potentialAction\":[{\"@type\":\"SearchAction\",\"target\":{\"@type\":\"EntryPoint\",\"urlTemplate\":\"https:\/\/www.design-award.cz\/?s={search_term_string}\"},\"query-input\":{\"@type\":\"PropertyValueSpecification\",\"valueRequired\":true,\"valueName\":\"search_term_string\"}}],\"inLanguage\":\"cs\"},{\"@type\":\"Organization\",\"@id\":\"https:\/\/www.design-award.cz\/#organization\",\"name\":\"Design Award\",\"url\":\"https:\/\/www.design-award.cz\/\",\"logo\":{\"@type\":\"ImageObject\",\"inLanguage\":\"cs\",\"@id\":\"https:\/\/www.design-award.cz\/#\/schema\/logo\/image\/\",\"url\":\"http:\/\/www.design-award.cz\/wp-content\/uploads\/2021\/12\/hornilogo_design-award.png\",\"contentUrl\":\"http:\/\/www.design-award.cz\/wp-content\/uploads\/2021\/12\/hornilogo_design-award.png\",\"width\":800,\"height\":600,\"caption\":\"Design Award\"},\"image\":{\"@id\":\"https:\/\/www.design-award.cz\/#\/schema\/logo\/image\/\"},\"sameAs\":[\"https:\/\/www.instagram.com\/design_award\/\"]}]}<\/script>\n<!-- \/ Yoast SEO plugin. -->","yoast_head_json":{"title":"Interi\u00e9rov\u00fd design - LIO \u2013 V\u00fdstava v p\u0159\u00edrod\u011b - design-award.cz","robots":{"index":"index","follow":"follow","max-snippet":"max-snippet:-1","max-image-preview":"max-image-preview:large","max-video-preview":"max-video-preview:-1"},"canonical":"https:\/\/www.design-award.cz\/?portfolio=interierovy-design-lio-vystava-v-prirode","og_locale":"cs_CZ","og_type":"article","og_title":"Interi\u00e9rov\u00fd design - LIO \u2013 V\u00fdstava v p\u0159\u00edrod\u011b - design-award.cz","og_description":"Ad\u00e9la \u0160efrnov\u00e1 SO\u0160 obchodu, u\u017eit\u00e9ho um\u011bn\u00ed a designu, Nerudova 33, Plze\u0148 LIO je koncept v\u00fdstavy v p\u0159\u00edrod\u011b, zasazen\u00fd do krajiny Ji\u017en\u00edho Tyrolska. N\u00e1vrh propojuje architekturu s p\u0159\u00edrodou pomoc\u00ed organick\u00e9ho tvaru kruhu, symbolizuj\u00edc\u00edho kolob\u011bh \u017eivota. Objekt je \u010d\u00e1ste\u010dn\u011b zapu\u0161t\u011bn do svahu, vyu\u017e\u00edv\u00e1 p\u0159\u00edrodn\u00ed materi\u00e1ly jako d\u0159evo a zele\u0148. V\u00fdstava nab\u00edz\u00ed spojen\u00ed um\u011bn\u00ed, prostoru a my\u0161lenky obnovy. [&hellip;]","og_url":"https:\/\/www.design-award.cz\/?portfolio=interierovy-design-lio-vystava-v-prirode","og_site_name":"design-award.cz","article_modified_time":"2025-06-30T11:21:40+00:00","og_image":[{"width":1024,"height":731,"url":"http:\/\/www.design-award.cz\/wp-content\/uploads\/2025\/06\/SEFRNOVA_Adela_LIO_obrazova_priloha-3-1024x731.png","type":"image\/png"}],"twitter_card":"summary_large_image","twitter_misc":{"Odhadovan\u00e1 doba \u010dten\u00ed":"3 minuty"},"schema":{"@context":"https:\/\/schema.org","@graph":[{"@type":"WebPage","@id":"https:\/\/www.design-award.cz\/?portfolio=interierovy-design-lio-vystava-v-prirode","url":"https:\/\/www.design-award.cz\/?portfolio=interierovy-design-lio-vystava-v-prirode","name":"Interi\u00e9rov\u00fd design - LIO \u2013 V\u00fdstava v p\u0159\u00edrod\u011b - design-award.cz","isPartOf":{"@id":"https:\/\/www.design-award.cz\/#website"},"primaryImageOfPage":{"@id":"https:\/\/www.design-award.cz\/?portfolio=interierovy-design-lio-vystava-v-prirode#primaryimage"},"image":{"@id":"https:\/\/www.design-award.cz\/?portfolio=interierovy-design-lio-vystava-v-prirode#primaryimage"},"thumbnailUrl":"https:\/\/www.design-award.cz\/wp-content\/uploads\/2025\/06\/SEFRNOVA_Adela_LIO_obrazova_priloha-3.png","datePublished":"2025-06-30T11:21:25+00:00","dateModified":"2025-06-30T11:21:40+00:00","breadcrumb":{"@id":"https:\/\/www.design-award.cz\/?portfolio=interierovy-design-lio-vystava-v-prirode#breadcrumb"},"inLanguage":"cs","potentialAction":[{"@type":"ReadAction","target":["https:\/\/www.design-award.cz\/?portfolio=interierovy-design-lio-vystava-v-prirode"]}]},{"@type":"ImageObject","inLanguage":"cs","@id":"https:\/\/www.design-award.cz\/?portfolio=interierovy-design-lio-vystava-v-prirode#primaryimage","url":"https:\/\/www.design-award.cz\/wp-content\/uploads\/2025\/06\/SEFRNOVA_Adela_LIO_obrazova_priloha-3.png","contentUrl":"https:\/\/www.design-award.cz\/wp-content\/uploads\/2025\/06\/SEFRNOVA_Adela_LIO_obrazova_priloha-3.png","width":1400,"height":1000},{"@type":"BreadcrumbList","@id":"https:\/\/www.design-award.cz\/?portfolio=interierovy-design-lio-vystava-v-prirode#breadcrumb","itemListElement":[{"@type":"ListItem","position":1,"name":"Dom\u016f","item":"https:\/\/www.design-award.cz\/"},{"@type":"ListItem","position":2,"name":"Portfolio Items","item":"https:\/\/www.design-award.cz\/?post_type=portfolio"},{"@type":"ListItem","position":3,"name":"Interi\u00e9rov\u00fd design &#8211; LIO \u2013 V\u00fdstava v p\u0159\u00edrod\u011b"}]},{"@type":"WebSite","@id":"https:\/\/www.design-award.cz\/#website","url":"https:\/\/www.design-award.cz\/","name":"design-award.cz","description":"WARD vznikla v roce 2022. Je ur\u010dena p\u0159edev\u0161\u00edm student\u016fm st\u0159edn\u00edch um\u011bleck\u00fdch \u0161kol (S\u0160 a VO\u0160), kte\u0159\u00ed mohou bezplatn\u011b zaslat sv\u00e9 n\u00e1vrhy v uveden\u00fdch kategori\u00ed a tak pom\u011b\u0159it sv\u00e9 n\u00e1pady s konkurenc\u00ed sv\u00fdch vrstevn\u00edk\u016f. N\u00e1vrhy jsou n\u00e1sledn\u011b posouzeny nez\u00e1vislou porotou z \u0159ad v\u00fdtvarn\u00edk\u016f, pedagog\u016f a profesion\u00e1l\u016f z oboru.","publisher":{"@id":"https:\/\/www.design-award.cz\/#organization"},"potentialAction":[{"@type":"SearchAction","target":{"@type":"EntryPoint","urlTemplate":"https:\/\/www.design-award.cz\/?s={search_term_string}"},"query-input":{"@type":"PropertyValueSpecification","valueRequired":true,"valueName":"search_term_string"}}],"inLanguage":"cs"},{"@type":"Organization","@id":"https:\/\/www.design-award.cz\/#organization","name":"Design Award","url":"https:\/\/www.design-award.cz\/","logo":{"@type":"ImageObject","inLanguage":"cs","@id":"https:\/\/www.design-award.cz\/#\/schema\/logo\/image\/","url":"http:\/\/www.design-award.cz\/wp-content\/uploads\/2021\/12\/hornilogo_design-award.png","contentUrl":"http:\/\/www.design-award.cz\/wp-content\/uploads\/2021\/12\/hornilogo_design-award.png","width":800,"height":600,"caption":"Design Award"},"image":{"@id":"https:\/\/www.design-award.cz\/#\/schema\/logo\/image\/"},"sameAs":["https:\/\/www.instagram.com\/design_award\/"]}]}},"_links":{"self":[{"href":"https:\/\/www.design-award.cz\/index.php?rest_route=\/wp\/v2\/portfolio\/5358","targetHints":{"allow":["GET"]}}],"collection":[{"href":"https:\/\/www.design-award.cz\/index.php?rest_route=\/wp\/v2\/portfolio"}],"about":[{"href":"https:\/\/www.design-award.cz\/index.php?rest_route=\/wp\/v2\/types\/portfolio"}],"author":[{"embeddable":true,"href":"https:\/\/www.design-award.cz\/index.php?rest_route=\/wp\/v2\/users\/2"}],"replies":[{"embeddable":true,"href":"https:\/\/www.design-award.cz\/index.php?rest_route=%2Fwp%2Fv2%2Fcomments&post=5358"}],"version-history":[{"count":1,"href":"https:\/\/www.design-award.cz\/index.php?rest_route=\/wp\/v2\/portfolio\/5358\/revisions"}],"predecessor-version":[{"id":5372,"href":"https:\/\/www.design-award.cz\/index.php?rest_route=\/wp\/v2\/portfolio\/5358\/revisions\/5372"}],"wp:featuredmedia":[{"embeddable":true,"href":"https:\/\/www.design-award.cz\/index.php?rest_route=\/wp\/v2\/media\/5366"}],"wp:attachment":[{"href":"https:\/\/www.design-award.cz\/index.php?rest_route=%2Fwp%2Fv2%2Fmedia&parent=5358"}],"wp:term":[{"taxonomy":"portfolio_category","embeddable":true,"href":"https:\/\/www.design-award.cz\/index.php?rest_route=%2Fwp%2Fv2%2Fportfolio_category&post=5358"},{"taxonomy":"portfolio_tag","embeddable":true,"href":"https:\/\/www.design-award.cz\/index.php?rest_route=%2Fwp%2Fv2%2Fportfolio_tag&post=5358"}],"curies":[{"name":"wp","href":"https:\/\/api.w.org\/{rel}","templated":true}]}}