{"id":5435,"date":"2025-06-30T12:34:30","date_gmt":"2025-06-30T12:34:30","guid":{"rendered":"https:\/\/www.design-award.cz\/?post_type=portfolio&#038;p=5435"},"modified":"2025-06-30T12:34:30","modified_gmt":"2025-06-30T12:34:30","slug":"interierovy-design-internatni-pokoj-2","status":"publish","type":"portfolio","link":"https:\/\/www.design-award.cz\/?portfolio=interierovy-design-internatni-pokoj-2","title":{"rendered":"Interi\u00e9rov\u00fd design &#8211; Intern\u00e1tn\u00ed pokoj"},"content":{"rendered":"\n<p>Nella \u010cunkov\u00e1<br><br>St\u0159edn\u00ed \u0161kola n\u00e1bytk\u00e1\u0159sk\u00e1 a obchodn\u00ed Byst\u0159ice pod Host\u00fdnem<br><br>Projekt interi\u00e9ru studentsk\u00e9ho pokoje, kter\u00fd byl zpracov\u00e1n jako maturitn\u00ed pr\u00e1ce, se zam\u011b\u0159uje na modernizaci a celkovou optimalizaci prostoru ur\u010den\u00e9ho pro ubytov\u00e1n\u00ed t\u0159\u00ed student\u016f v domov\u011b ml\u00e1de\u017ee v Byst\u0159ici pod Host\u00fdnem. N\u00e1vrh reaguje na zastaral\u00e9 vybaven\u00ed a nedostate\u010dn\u00e9 \u0159e\u0161en\u00ed soukrom\u00ed v p\u016fvodn\u00edm pokoji. Interi\u00e9r je navr\u017een s d\u016frazem na funk\u010dnost, komfort a estetiku, aby podporoval nejen studium, ale i odpo\u010dinek a psychickou pohodu student\u016f.<br><br>Hlavn\u00edmi prvky n\u00e1vrhu jsou chytr\u00e9 \u00falo\u017en\u00e9 syst\u00e9my integrovan\u00e9 do n\u00e1bytkov\u00fdch prvk\u016f, z\u00e1v\u011bsy u l\u016f\u017eek inspirovan\u00e9 kajutami pro vy\u0161\u0161\u00ed m\u00edru soukrom\u00ed a velk\u00fd ov\u00e1ln\u00fd st\u016fl pro spole\u010dnou pr\u00e1ci. Dispozice pokoje byla p\u0159epracov\u00e1na tak, aby ka\u017ed\u00e9mu studentovi zajistila soukromou z\u00f3nu, nap\u0159\u00edklad pomoc\u00ed vestav\u011bn\u00e9 st\u011bny s l\u016f\u017ekem nebo niky vytvo\u0159en\u00e9 po \u00faprav\u011b koupelny. Barevn\u00e9 \u0159e\u0161en\u00ed v kombinaci sv\u011btl\u00e9ho d\u0159eva a neutr\u00e1ln\u00edch t\u00f3n\u016f podporuje klidnou a modern\u00ed atmosf\u00e9ru interi\u00e9ru.<br><br>Cel\u00fd projekt byl podpo\u0159en pe\u010dlivou anal\u00fdzou pot\u0159eb student\u016f, re\u0161er\u0161\u00ed inspirac\u00ed i konzultacemi, a v\u00fdsledkem je n\u00e1vrh, kter\u00fd respektuje sou\u010dasn\u00e9 po\u017eadavky na modern\u00ed studentsk\u00e9 bydlen\u00ed a p\u0159in\u00e1\u0161\u00ed vyv\u00e1\u017een\u00e9 \u0159e\u0161en\u00ed z hlediska prakti\u010dnosti, estetiky i p\u0159\u00edjemn\u00e9ho ka\u017edodenn\u00edho u\u017e\u00edv\u00e1n\u00ed.<\/p>\n\n\n\n<figure class=\"wp-block-image size-large\"><img decoding=\"async\" width=\"1024\" height=\"554\" data-src=\"http:\/\/www.design-award.cz\/wp-content\/uploads\/2025\/06\/SCR_02-1024x554.jpg\" alt=\"\" class=\"wp-image-5464 lazyload\" data-srcset=\"https:\/\/www.design-award.cz\/wp-content\/uploads\/2025\/06\/SCR_02-1024x554.jpg 1024w, https:\/\/www.design-award.cz\/wp-content\/uploads\/2025\/06\/SCR_02-300x162.jpg 300w, https:\/\/www.design-award.cz\/wp-content\/uploads\/2025\/06\/SCR_02-768x416.jpg 768w, https:\/\/www.design-award.cz\/wp-content\/uploads\/2025\/06\/SCR_02-1536x832.jpg 1536w, https:\/\/www.design-award.cz\/wp-content\/uploads\/2025\/06\/SCR_02-500x271.jpg 500w, https:\/\/www.design-award.cz\/wp-content\/uploads\/2025\/06\/SCR_02-800x433.jpg 800w, https:\/\/www.design-award.cz\/wp-content\/uploads\/2025\/06\/SCR_02-1280x693.jpg 1280w, https:\/\/www.design-award.cz\/wp-content\/uploads\/2025\/06\/SCR_02.jpg 1596w\" data-sizes=\"(max-width: 1024px) 100vw, 1024px\" src=\"data:image\/svg+xml;base64,PHN2ZyB3aWR0aD0iMSIgaGVpZ2h0PSIxIiB4bWxucz0iaHR0cDovL3d3dy53My5vcmcvMjAwMC9zdmciPjwvc3ZnPg==\" style=\"--smush-placeholder-width: 1024px; --smush-placeholder-aspect-ratio: 1024\/554;\" \/><\/figure>\n\n\n\n<figure class=\"wp-block-image size-large\"><img decoding=\"async\" width=\"1024\" height=\"555\" data-src=\"http:\/\/www.design-award.cz\/wp-content\/uploads\/2025\/06\/SCR_01-1024x555.jpg\" alt=\"\" class=\"wp-image-5468 lazyload\" data-srcset=\"https:\/\/www.design-award.cz\/wp-content\/uploads\/2025\/06\/SCR_01-1024x555.jpg 1024w, https:\/\/www.design-award.cz\/wp-content\/uploads\/2025\/06\/SCR_01-300x162.jpg 300w, https:\/\/www.design-award.cz\/wp-content\/uploads\/2025\/06\/SCR_01-768x416.jpg 768w, https:\/\/www.design-award.cz\/wp-content\/uploads\/2025\/06\/SCR_01-1536x832.jpg 1536w, https:\/\/www.design-award.cz\/wp-content\/uploads\/2025\/06\/SCR_01-500x271.jpg 500w, https:\/\/www.design-award.cz\/wp-content\/uploads\/2025\/06\/SCR_01-800x433.jpg 800w, https:\/\/www.design-award.cz\/wp-content\/uploads\/2025\/06\/SCR_01-1280x693.jpg 1280w, https:\/\/www.design-award.cz\/wp-content\/uploads\/2025\/06\/SCR_01.jpg 1599w\" data-sizes=\"(max-width: 1024px) 100vw, 1024px\" src=\"data:image\/svg+xml;base64,PHN2ZyB3aWR0aD0iMSIgaGVpZ2h0PSIxIiB4bWxucz0iaHR0cDovL3d3dy53My5vcmcvMjAwMC9zdmciPjwvc3ZnPg==\" style=\"--smush-placeholder-width: 1024px; --smush-placeholder-aspect-ratio: 1024\/555;\" \/><\/figure>\n\n\n\n<figure class=\"wp-block-image size-large\"><img decoding=\"async\" width=\"1024\" height=\"576\" data-src=\"http:\/\/www.design-award.cz\/wp-content\/uploads\/2025\/06\/SCR_04-1024x576.jpg\" alt=\"\" class=\"wp-image-5466 lazyload\" data-srcset=\"https:\/\/www.design-award.cz\/wp-content\/uploads\/2025\/06\/SCR_04-1024x576.jpg 1024w, https:\/\/www.design-award.cz\/wp-content\/uploads\/2025\/06\/SCR_04-300x169.jpg 300w, https:\/\/www.design-award.cz\/wp-content\/uploads\/2025\/06\/SCR_04-768x432.jpg 768w, https:\/\/www.design-award.cz\/wp-content\/uploads\/2025\/06\/SCR_04-1536x863.jpg 1536w, https:\/\/www.design-award.cz\/wp-content\/uploads\/2025\/06\/SCR_04-800x450.jpg 800w, https:\/\/www.design-award.cz\/wp-content\/uploads\/2025\/06\/SCR_04-500x281.jpg 500w, https:\/\/www.design-award.cz\/wp-content\/uploads\/2025\/06\/SCR_04-1280x719.jpg 1280w, https:\/\/www.design-award.cz\/wp-content\/uploads\/2025\/06\/SCR_04.jpg 1884w\" data-sizes=\"(max-width: 1024px) 100vw, 1024px\" src=\"data:image\/svg+xml;base64,PHN2ZyB3aWR0aD0iMSIgaGVpZ2h0PSIxIiB4bWxucz0iaHR0cDovL3d3dy53My5vcmcvMjAwMC9zdmciPjwvc3ZnPg==\" style=\"--smush-placeholder-width: 1024px; --smush-placeholder-aspect-ratio: 1024\/576;\" \/><\/figure>\n","protected":false},"excerpt":{"rendered":"<p>Nella \u010cunkov\u00e1 St\u0159edn\u00ed \u0161kola n\u00e1bytk\u00e1\u0159sk\u00e1 a obchodn\u00ed Byst\u0159ice pod Host\u00fdnem Projekt interi\u00e9ru studentsk\u00e9ho pokoje, kter\u00fd byl zpracov\u00e1n jako maturitn\u00ed pr\u00e1ce, se zam\u011b\u0159uje na modernizaci a celkovou optimalizaci prostoru ur\u010den\u00e9ho pro ubytov\u00e1n\u00ed t\u0159\u00ed student\u016f v domov\u011b ml\u00e1de\u017ee v Byst\u0159ici pod Host\u00fdnem. N\u00e1vrh reaguje na zastaral\u00e9 vybaven\u00ed a nedostate\u010dn\u00e9 \u0159e\u0161en\u00ed soukrom\u00ed v p\u016fvodn\u00edm pokoji. Interi\u00e9r je navr\u017een [&hellip;]<\/p>\n","protected":false},"author":2,"featured_media":5465,"menu_order":0,"comment_status":"open","ping_status":"closed","template":"","format":"standard","meta":{"ngg_post_thumbnail":0,"ocean_post_layout":"","ocean_both_sidebars_style":"","ocean_both_sidebars_content_width":0,"ocean_both_sidebars_sidebars_width":0,"ocean_sidebar":"","ocean_second_sidebar":"","ocean_disable_margins":"enable","ocean_add_body_class":"","ocean_shortcode_before_top_bar":"","ocean_shortcode_after_top_bar":"","ocean_shortcode_before_header":"","ocean_shortcode_after_header":"","ocean_has_shortcode":"","ocean_shortcode_after_title":"","ocean_shortcode_before_footer_widgets":"","ocean_shortcode_after_footer_widgets":"","ocean_shortcode_before_footer_bottom":"","ocean_shortcode_after_footer_bottom":"","ocean_display_top_bar":"default","ocean_display_header":"default","ocean_header_style":"","ocean_center_header_left_menu":"","ocean_custom_header_template":"","ocean_custom_logo":0,"ocean_custom_retina_logo":0,"ocean_custom_logo_max_width":0,"ocean_custom_logo_tablet_max_width":0,"ocean_custom_logo_mobile_max_width":0,"ocean_custom_logo_max_height":0,"ocean_custom_logo_tablet_max_height":0,"ocean_custom_logo_mobile_max_height":0,"ocean_header_custom_menu":"","ocean_menu_typo_font_family":"","ocean_menu_typo_font_subset":"","ocean_menu_typo_font_size":0,"ocean_menu_typo_font_size_tablet":0,"ocean_menu_typo_font_size_mobile":0,"ocean_menu_typo_font_size_unit":"px","ocean_menu_typo_font_weight":"","ocean_menu_typo_font_weight_tablet":"","ocean_menu_typo_font_weight_mobile":"","ocean_menu_typo_transform":"","ocean_menu_typo_transform_tablet":"","ocean_menu_typo_transform_mobile":"","ocean_menu_typo_line_height":0,"ocean_menu_typo_line_height_tablet":0,"ocean_menu_typo_line_height_mobile":0,"ocean_menu_typo_line_height_unit":"","ocean_menu_typo_spacing":0,"ocean_menu_typo_spacing_tablet":0,"ocean_menu_typo_spacing_mobile":0,"ocean_menu_typo_spacing_unit":"","ocean_menu_link_color":"","ocean_menu_link_color_hover":"","ocean_menu_link_color_active":"","ocean_menu_link_background":"","ocean_menu_link_hover_background":"","ocean_menu_link_active_background":"","ocean_menu_social_links_bg":"","ocean_menu_social_hover_links_bg":"","ocean_menu_social_links_color":"","ocean_menu_social_hover_links_color":"","ocean_disable_title":"default","ocean_disable_heading":"default","ocean_post_title":"","ocean_post_subheading":"","ocean_post_title_style":"","ocean_post_title_background_color":"","ocean_post_title_background":0,"ocean_post_title_bg_image_position":"","ocean_post_title_bg_image_attachment":"","ocean_post_title_bg_image_repeat":"","ocean_post_title_bg_image_size":"","ocean_post_title_height":0,"ocean_post_title_bg_overlay":0.5,"ocean_post_title_bg_overlay_color":"","ocean_disable_breadcrumbs":"default","ocean_breadcrumbs_color":"","ocean_breadcrumbs_separator_color":"","ocean_breadcrumbs_links_color":"","ocean_breadcrumbs_links_hover_color":"","ocean_display_footer_widgets":"default","ocean_display_footer_bottom":"default","ocean_custom_footer_template":"","_vp_format_video_url":"","_vp_image_focal_point":[],"footnotes":""},"portfolio_category":[],"portfolio_tag":[],"class_list":["post-5435","portfolio","type-portfolio","status-publish","format-standard","has-post-thumbnail","hentry","entry","has-media"],"yoast_head":"<!-- This site is optimized with the Yoast SEO plugin v25.2 - https:\/\/yoast.com\/wordpress\/plugins\/seo\/ -->\n<title>Interi\u00e9rov\u00fd design - Intern\u00e1tn\u00ed pokoj - design-award.cz<\/title>\n<meta name=\"robots\" content=\"index, follow, max-snippet:-1, max-image-preview:large, max-video-preview:-1\" \/>\n<link rel=\"canonical\" href=\"https:\/\/www.design-award.cz\/?portfolio=interierovy-design-internatni-pokoj-2\" \/>\n<meta property=\"og:locale\" content=\"cs_CZ\" \/>\n<meta property=\"og:type\" content=\"article\" \/>\n<meta property=\"og:title\" content=\"Interi\u00e9rov\u00fd design - Intern\u00e1tn\u00ed pokoj - design-award.cz\" \/>\n<meta property=\"og:description\" content=\"Nella \u010cunkov\u00e1 St\u0159edn\u00ed \u0161kola n\u00e1bytk\u00e1\u0159sk\u00e1 a obchodn\u00ed Byst\u0159ice pod Host\u00fdnem Projekt interi\u00e9ru studentsk\u00e9ho pokoje, kter\u00fd byl zpracov\u00e1n jako maturitn\u00ed pr\u00e1ce, se zam\u011b\u0159uje na modernizaci a celkovou optimalizaci prostoru ur\u010den\u00e9ho pro ubytov\u00e1n\u00ed t\u0159\u00ed student\u016f v domov\u011b ml\u00e1de\u017ee v Byst\u0159ici pod Host\u00fdnem. N\u00e1vrh reaguje na zastaral\u00e9 vybaven\u00ed a nedostate\u010dn\u00e9 \u0159e\u0161en\u00ed soukrom\u00ed v p\u016fvodn\u00edm pokoji. Interi\u00e9r je navr\u017een [&hellip;]\" \/>\n<meta property=\"og:url\" content=\"https:\/\/www.design-award.cz\/?portfolio=interierovy-design-internatni-pokoj-2\" \/>\n<meta property=\"og:site_name\" content=\"design-award.cz\" \/>\n<meta property=\"og:image\" content=\"http:\/\/www.design-award.cz\/wp-content\/uploads\/2025\/06\/SCR_03.jpg\" \/>\n\t<meta property=\"og:image:width\" content=\"1596\" \/>\n\t<meta property=\"og:image:height\" content=\"863\" \/>\n\t<meta property=\"og:image:type\" content=\"image\/jpeg\" \/>\n<meta name=\"twitter:card\" content=\"summary_large_image\" \/>\n<meta name=\"twitter:label1\" content=\"Odhadovan\u00e1 doba \u010dten\u00ed\" \/>\n\t<meta name=\"twitter:data1\" content=\"2 minuty\" \/>\n<script type=\"application\/ld+json\" class=\"yoast-schema-graph\">{\"@context\":\"https:\/\/schema.org\",\"@graph\":[{\"@type\":\"WebPage\",\"@id\":\"https:\/\/www.design-award.cz\/?portfolio=interierovy-design-internatni-pokoj-2\",\"url\":\"https:\/\/www.design-award.cz\/?portfolio=interierovy-design-internatni-pokoj-2\",\"name\":\"Interi\u00e9rov\u00fd design - Intern\u00e1tn\u00ed pokoj - design-award.cz\",\"isPartOf\":{\"@id\":\"https:\/\/www.design-award.cz\/#website\"},\"primaryImageOfPage\":{\"@id\":\"https:\/\/www.design-award.cz\/?portfolio=interierovy-design-internatni-pokoj-2#primaryimage\"},\"image\":{\"@id\":\"https:\/\/www.design-award.cz\/?portfolio=interierovy-design-internatni-pokoj-2#primaryimage\"},\"thumbnailUrl\":\"https:\/\/www.design-award.cz\/wp-content\/uploads\/2025\/06\/SCR_03.jpg\",\"datePublished\":\"2025-06-30T12:34:30+00:00\",\"breadcrumb\":{\"@id\":\"https:\/\/www.design-award.cz\/?portfolio=interierovy-design-internatni-pokoj-2#breadcrumb\"},\"inLanguage\":\"cs\",\"potentialAction\":[{\"@type\":\"ReadAction\",\"target\":[\"https:\/\/www.design-award.cz\/?portfolio=interierovy-design-internatni-pokoj-2\"]}]},{\"@type\":\"ImageObject\",\"inLanguage\":\"cs\",\"@id\":\"https:\/\/www.design-award.cz\/?portfolio=interierovy-design-internatni-pokoj-2#primaryimage\",\"url\":\"https:\/\/www.design-award.cz\/wp-content\/uploads\/2025\/06\/SCR_03.jpg\",\"contentUrl\":\"https:\/\/www.design-award.cz\/wp-content\/uploads\/2025\/06\/SCR_03.jpg\",\"width\":1596,\"height\":863},{\"@type\":\"BreadcrumbList\",\"@id\":\"https:\/\/www.design-award.cz\/?portfolio=interierovy-design-internatni-pokoj-2#breadcrumb\",\"itemListElement\":[{\"@type\":\"ListItem\",\"position\":1,\"name\":\"Dom\u016f\",\"item\":\"https:\/\/www.design-award.cz\/\"},{\"@type\":\"ListItem\",\"position\":2,\"name\":\"Portfolio Items\",\"item\":\"https:\/\/www.design-award.cz\/?post_type=portfolio\"},{\"@type\":\"ListItem\",\"position\":3,\"name\":\"Interi\u00e9rov\u00fd design &#8211; Intern\u00e1tn\u00ed pokoj\"}]},{\"@type\":\"WebSite\",\"@id\":\"https:\/\/www.design-award.cz\/#website\",\"url\":\"https:\/\/www.design-award.cz\/\",\"name\":\"design-award.cz\",\"description\":\"WARD vznikla v roce 2022. Je ur\u010dena p\u0159edev\u0161\u00edm student\u016fm st\u0159edn\u00edch um\u011bleck\u00fdch \u0161kol (S\u0160 a VO\u0160), kte\u0159\u00ed mohou bezplatn\u011b zaslat sv\u00e9 n\u00e1vrhy v uveden\u00fdch kategori\u00ed a tak pom\u011b\u0159it sv\u00e9 n\u00e1pady s konkurenc\u00ed sv\u00fdch vrstevn\u00edk\u016f. N\u00e1vrhy jsou n\u00e1sledn\u011b posouzeny nez\u00e1vislou porotou z \u0159ad v\u00fdtvarn\u00edk\u016f, pedagog\u016f a profesion\u00e1l\u016f z oboru.\",\"publisher\":{\"@id\":\"https:\/\/www.design-award.cz\/#organization\"},\"potentialAction\":[{\"@type\":\"SearchAction\",\"target\":{\"@type\":\"EntryPoint\",\"urlTemplate\":\"https:\/\/www.design-award.cz\/?s={search_term_string}\"},\"query-input\":{\"@type\":\"PropertyValueSpecification\",\"valueRequired\":true,\"valueName\":\"search_term_string\"}}],\"inLanguage\":\"cs\"},{\"@type\":\"Organization\",\"@id\":\"https:\/\/www.design-award.cz\/#organization\",\"name\":\"Design Award\",\"url\":\"https:\/\/www.design-award.cz\/\",\"logo\":{\"@type\":\"ImageObject\",\"inLanguage\":\"cs\",\"@id\":\"https:\/\/www.design-award.cz\/#\/schema\/logo\/image\/\",\"url\":\"http:\/\/www.design-award.cz\/wp-content\/uploads\/2021\/12\/hornilogo_design-award.png\",\"contentUrl\":\"http:\/\/www.design-award.cz\/wp-content\/uploads\/2021\/12\/hornilogo_design-award.png\",\"width\":800,\"height\":600,\"caption\":\"Design Award\"},\"image\":{\"@id\":\"https:\/\/www.design-award.cz\/#\/schema\/logo\/image\/\"},\"sameAs\":[\"https:\/\/www.instagram.com\/design_award\/\"]}]}<\/script>\n<!-- \/ Yoast SEO plugin. -->","yoast_head_json":{"title":"Interi\u00e9rov\u00fd design - Intern\u00e1tn\u00ed pokoj - design-award.cz","robots":{"index":"index","follow":"follow","max-snippet":"max-snippet:-1","max-image-preview":"max-image-preview:large","max-video-preview":"max-video-preview:-1"},"canonical":"https:\/\/www.design-award.cz\/?portfolio=interierovy-design-internatni-pokoj-2","og_locale":"cs_CZ","og_type":"article","og_title":"Interi\u00e9rov\u00fd design - Intern\u00e1tn\u00ed pokoj - design-award.cz","og_description":"Nella \u010cunkov\u00e1 St\u0159edn\u00ed \u0161kola n\u00e1bytk\u00e1\u0159sk\u00e1 a obchodn\u00ed Byst\u0159ice pod Host\u00fdnem Projekt interi\u00e9ru studentsk\u00e9ho pokoje, kter\u00fd byl zpracov\u00e1n jako maturitn\u00ed pr\u00e1ce, se zam\u011b\u0159uje na modernizaci a celkovou optimalizaci prostoru ur\u010den\u00e9ho pro ubytov\u00e1n\u00ed t\u0159\u00ed student\u016f v domov\u011b ml\u00e1de\u017ee v Byst\u0159ici pod Host\u00fdnem. N\u00e1vrh reaguje na zastaral\u00e9 vybaven\u00ed a nedostate\u010dn\u00e9 \u0159e\u0161en\u00ed soukrom\u00ed v p\u016fvodn\u00edm pokoji. Interi\u00e9r je navr\u017een [&hellip;]","og_url":"https:\/\/www.design-award.cz\/?portfolio=interierovy-design-internatni-pokoj-2","og_site_name":"design-award.cz","og_image":[{"width":1596,"height":863,"url":"http:\/\/www.design-award.cz\/wp-content\/uploads\/2025\/06\/SCR_03.jpg","type":"image\/jpeg"}],"twitter_card":"summary_large_image","twitter_misc":{"Odhadovan\u00e1 doba \u010dten\u00ed":"2 minuty"},"schema":{"@context":"https:\/\/schema.org","@graph":[{"@type":"WebPage","@id":"https:\/\/www.design-award.cz\/?portfolio=interierovy-design-internatni-pokoj-2","url":"https:\/\/www.design-award.cz\/?portfolio=interierovy-design-internatni-pokoj-2","name":"Interi\u00e9rov\u00fd design - Intern\u00e1tn\u00ed pokoj - design-award.cz","isPartOf":{"@id":"https:\/\/www.design-award.cz\/#website"},"primaryImageOfPage":{"@id":"https:\/\/www.design-award.cz\/?portfolio=interierovy-design-internatni-pokoj-2#primaryimage"},"image":{"@id":"https:\/\/www.design-award.cz\/?portfolio=interierovy-design-internatni-pokoj-2#primaryimage"},"thumbnailUrl":"https:\/\/www.design-award.cz\/wp-content\/uploads\/2025\/06\/SCR_03.jpg","datePublished":"2025-06-30T12:34:30+00:00","breadcrumb":{"@id":"https:\/\/www.design-award.cz\/?portfolio=interierovy-design-internatni-pokoj-2#breadcrumb"},"inLanguage":"cs","potentialAction":[{"@type":"ReadAction","target":["https:\/\/www.design-award.cz\/?portfolio=interierovy-design-internatni-pokoj-2"]}]},{"@type":"ImageObject","inLanguage":"cs","@id":"https:\/\/www.design-award.cz\/?portfolio=interierovy-design-internatni-pokoj-2#primaryimage","url":"https:\/\/www.design-award.cz\/wp-content\/uploads\/2025\/06\/SCR_03.jpg","contentUrl":"https:\/\/www.design-award.cz\/wp-content\/uploads\/2025\/06\/SCR_03.jpg","width":1596,"height":863},{"@type":"BreadcrumbList","@id":"https:\/\/www.design-award.cz\/?portfolio=interierovy-design-internatni-pokoj-2#breadcrumb","itemListElement":[{"@type":"ListItem","position":1,"name":"Dom\u016f","item":"https:\/\/www.design-award.cz\/"},{"@type":"ListItem","position":2,"name":"Portfolio Items","item":"https:\/\/www.design-award.cz\/?post_type=portfolio"},{"@type":"ListItem","position":3,"name":"Interi\u00e9rov\u00fd design &#8211; Intern\u00e1tn\u00ed pokoj"}]},{"@type":"WebSite","@id":"https:\/\/www.design-award.cz\/#website","url":"https:\/\/www.design-award.cz\/","name":"design-award.cz","description":"WARD vznikla v roce 2022. Je ur\u010dena p\u0159edev\u0161\u00edm student\u016fm st\u0159edn\u00edch um\u011bleck\u00fdch \u0161kol (S\u0160 a VO\u0160), kte\u0159\u00ed mohou bezplatn\u011b zaslat sv\u00e9 n\u00e1vrhy v uveden\u00fdch kategori\u00ed a tak pom\u011b\u0159it sv\u00e9 n\u00e1pady s konkurenc\u00ed sv\u00fdch vrstevn\u00edk\u016f. N\u00e1vrhy jsou n\u00e1sledn\u011b posouzeny nez\u00e1vislou porotou z \u0159ad v\u00fdtvarn\u00edk\u016f, pedagog\u016f a profesion\u00e1l\u016f z oboru.","publisher":{"@id":"https:\/\/www.design-award.cz\/#organization"},"potentialAction":[{"@type":"SearchAction","target":{"@type":"EntryPoint","urlTemplate":"https:\/\/www.design-award.cz\/?s={search_term_string}"},"query-input":{"@type":"PropertyValueSpecification","valueRequired":true,"valueName":"search_term_string"}}],"inLanguage":"cs"},{"@type":"Organization","@id":"https:\/\/www.design-award.cz\/#organization","name":"Design Award","url":"https:\/\/www.design-award.cz\/","logo":{"@type":"ImageObject","inLanguage":"cs","@id":"https:\/\/www.design-award.cz\/#\/schema\/logo\/image\/","url":"http:\/\/www.design-award.cz\/wp-content\/uploads\/2021\/12\/hornilogo_design-award.png","contentUrl":"http:\/\/www.design-award.cz\/wp-content\/uploads\/2021\/12\/hornilogo_design-award.png","width":800,"height":600,"caption":"Design Award"},"image":{"@id":"https:\/\/www.design-award.cz\/#\/schema\/logo\/image\/"},"sameAs":["https:\/\/www.instagram.com\/design_award\/"]}]}},"_links":{"self":[{"href":"https:\/\/www.design-award.cz\/index.php?rest_route=\/wp\/v2\/portfolio\/5435","targetHints":{"allow":["GET"]}}],"collection":[{"href":"https:\/\/www.design-award.cz\/index.php?rest_route=\/wp\/v2\/portfolio"}],"about":[{"href":"https:\/\/www.design-award.cz\/index.php?rest_route=\/wp\/v2\/types\/portfolio"}],"author":[{"embeddable":true,"href":"https:\/\/www.design-award.cz\/index.php?rest_route=\/wp\/v2\/users\/2"}],"replies":[{"embeddable":true,"href":"https:\/\/www.design-award.cz\/index.php?rest_route=%2Fwp%2Fv2%2Fcomments&post=5435"}],"version-history":[{"count":1,"href":"https:\/\/www.design-award.cz\/index.php?rest_route=\/wp\/v2\/portfolio\/5435\/revisions"}],"predecessor-version":[{"id":5469,"href":"https:\/\/www.design-award.cz\/index.php?rest_route=\/wp\/v2\/portfolio\/5435\/revisions\/5469"}],"wp:featuredmedia":[{"embeddable":true,"href":"https:\/\/www.design-award.cz\/index.php?rest_route=\/wp\/v2\/media\/5465"}],"wp:attachment":[{"href":"https:\/\/www.design-award.cz\/index.php?rest_route=%2Fwp%2Fv2%2Fmedia&parent=5435"}],"wp:term":[{"taxonomy":"portfolio_category","embeddable":true,"href":"https:\/\/www.design-award.cz\/index.php?rest_route=%2Fwp%2Fv2%2Fportfolio_category&post=5435"},{"taxonomy":"portfolio_tag","embeddable":true,"href":"https:\/\/www.design-award.cz\/index.php?rest_route=%2Fwp%2Fv2%2Fportfolio_tag&post=5435"}],"curies":[{"name":"wp","href":"https:\/\/api.w.org\/{rel}","templated":true}]}}