{"id":5437,"date":"2025-06-30T12:28:20","date_gmt":"2025-06-30T12:28:20","guid":{"rendered":"https:\/\/www.design-award.cz\/?post_type=portfolio&#038;p=5437"},"modified":"2025-06-30T12:28:21","modified_gmt":"2025-06-30T12:28:21","slug":"produktovy-design-scandere-prolezacka-pro-deti","status":"publish","type":"portfolio","link":"https:\/\/www.design-award.cz\/?portfolio=produktovy-design-scandere-prolezacka-pro-deti","title":{"rendered":"Produktov\u00fd design &#8211; SCANDERE &#8211; prol\u00e9za\u010dka pro d\u011bti"},"content":{"rendered":"\n<p>Tereza \u017digov\u00e1<br><br>St\u0159edn\u00ed \u0161kola n\u00e1bytk\u00e1\u0159sk\u00e1 a obchodn\u00ed Byst\u0159ice pod Host\u00fdnem<br><br>Projekt d\u011btsk\u00e9 prol\u00e9za\u010dky s n\u00e1zvem Scandere, kter\u00fd byl zpracov\u00e1n jako pololetn\u00ed pr\u00e1ce, vych\u00e1z\u00ed z my\u0161lenky multifunk\u010dn\u00edho a bezpe\u010dn\u00e9ho n\u00e1bytku pro d\u011bti od dvou let. N\u00e1vrh je ur\u010den do interi\u00e9ru a respektuje pot\u0159eby mal\u00fdch d\u011bt\u00ed i po\u017eadavky na snadnou \u00fadr\u017ebu a dlouhou \u017eivotnost. Pro v\u00fdrobu byla zvolena bukov\u00e1 p\u0159ekli\u017eka, kter\u00e1 zaru\u010duje pevnost, p\u0159\u00edrodn\u00ed vzhled a p\u0159\u00edjemn\u00fd kontakt s d\u011btskou poko\u017ekou.<br><br>Scandere nab\u00edz\u00ed variabiln\u00ed vyu\u017eit\u00ed \u2014 slou\u017e\u00ed jako prol\u00e9za\u010dka, skluzavka, prostorov\u00e9 ohrani\u010den\u00ed, st\u016fl nebo branka. D\u00edky \u010dty\u0159em vym\u011bniteln\u00fdm d\u00edlc\u016fm s praktick\u00fdm samosvorn\u00fdm spojem lze snadno m\u011bnit jej\u00ed funkci a p\u0159izp\u016fsobit ji aktu\u00e1ln\u00edm pot\u0159eb\u00e1m d\u00edt\u011bte. Kompaktn\u00ed rozm\u011bry umo\u017e\u0148uj\u00ed um\u00edst\u011bn\u00ed i v men\u0161\u00edch interi\u00e9rech a z\u00e1rove\u0148 poskytuj\u00ed dostatek prostoru pro aktivn\u00ed pohyb a rozvoj motoriky.<br><br>Cel\u00fd koncept je navr\u017een s ohledem na rozvoj d\u011btsk\u00e9 kreativity a samostatnosti. Minimalistick\u00fd a nad\u010dasov\u00fd design podporuje harmonick\u00e9 zapojen\u00ed prol\u00e9za\u010dky do dom\u00e1c\u00edho prost\u0159ed\u00ed a \u010din\u00ed z n\u00ed atraktivn\u00ed prvek d\u011btsk\u00e9ho pokoje i hern\u00edho koutku.<\/p>\n\n\n\n<figure class=\"wp-block-image size-large\"><img decoding=\"async\" width=\"715\" height=\"1024\" data-src=\"http:\/\/www.design-award.cz\/wp-content\/uploads\/2025\/06\/scandere_plakat_011-715x1024.jpg\" alt=\"\" class=\"wp-image-5456 lazyload\" data-srcset=\"https:\/\/www.design-award.cz\/wp-content\/uploads\/2025\/06\/scandere_plakat_011-715x1024.jpg 715w, https:\/\/www.design-award.cz\/wp-content\/uploads\/2025\/06\/scandere_plakat_011-209x300.jpg 209w, https:\/\/www.design-award.cz\/wp-content\/uploads\/2025\/06\/scandere_plakat_011-500x716.jpg 500w, https:\/\/www.design-award.cz\/wp-content\/uploads\/2025\/06\/scandere_plakat_011.jpg 744w\" data-sizes=\"(max-width: 715px) 100vw, 715px\" src=\"data:image\/svg+xml;base64,PHN2ZyB3aWR0aD0iMSIgaGVpZ2h0PSIxIiB4bWxucz0iaHR0cDovL3d3dy53My5vcmcvMjAwMC9zdmciPjwvc3ZnPg==\" style=\"--smush-placeholder-width: 715px; --smush-placeholder-aspect-ratio: 715\/1024;\" \/><\/figure>\n\n\n\n<figure class=\"wp-block-image size-large\"><img decoding=\"async\" width=\"1024\" height=\"576\" data-src=\"http:\/\/www.design-award.cz\/wp-content\/uploads\/2025\/06\/08-1024x576.jpg\" alt=\"\" class=\"wp-image-5454 lazyload\" data-srcset=\"https:\/\/www.design-award.cz\/wp-content\/uploads\/2025\/06\/08-1024x576.jpg 1024w, https:\/\/www.design-award.cz\/wp-content\/uploads\/2025\/06\/08-300x169.jpg 300w, https:\/\/www.design-award.cz\/wp-content\/uploads\/2025\/06\/08-768x432.jpg 768w, https:\/\/www.design-award.cz\/wp-content\/uploads\/2025\/06\/08-1536x864.jpg 1536w, https:\/\/www.design-award.cz\/wp-content\/uploads\/2025\/06\/08-2048x1152.jpg 2048w, https:\/\/www.design-award.cz\/wp-content\/uploads\/2025\/06\/08-800x450.jpg 800w, https:\/\/www.design-award.cz\/wp-content\/uploads\/2025\/06\/08-500x281.jpg 500w, https:\/\/www.design-award.cz\/wp-content\/uploads\/2025\/06\/08-1280x720.jpg 1280w, https:\/\/www.design-award.cz\/wp-content\/uploads\/2025\/06\/08-1920x1080.jpg 1920w\" data-sizes=\"(max-width: 1024px) 100vw, 1024px\" src=\"data:image\/svg+xml;base64,PHN2ZyB3aWR0aD0iMSIgaGVpZ2h0PSIxIiB4bWxucz0iaHR0cDovL3d3dy53My5vcmcvMjAwMC9zdmciPjwvc3ZnPg==\" style=\"--smush-placeholder-width: 1024px; --smush-placeholder-aspect-ratio: 1024\/576;\" \/><\/figure>\n\n\n\n<figure class=\"wp-block-image size-large\"><img decoding=\"async\" width=\"1024\" height=\"576\" data-src=\"http:\/\/www.design-award.cz\/wp-content\/uploads\/2025\/06\/01-1024x576.jpg\" alt=\"\" class=\"wp-image-5452 lazyload\" data-srcset=\"https:\/\/www.design-award.cz\/wp-content\/uploads\/2025\/06\/01-1024x576.jpg 1024w, https:\/\/www.design-award.cz\/wp-content\/uploads\/2025\/06\/01-300x169.jpg 300w, https:\/\/www.design-award.cz\/wp-content\/uploads\/2025\/06\/01-768x432.jpg 768w, https:\/\/www.design-award.cz\/wp-content\/uploads\/2025\/06\/01-1536x864.jpg 1536w, https:\/\/www.design-award.cz\/wp-content\/uploads\/2025\/06\/01-2048x1152.jpg 2048w, https:\/\/www.design-award.cz\/wp-content\/uploads\/2025\/06\/01-800x450.jpg 800w, https:\/\/www.design-award.cz\/wp-content\/uploads\/2025\/06\/01-500x281.jpg 500w, https:\/\/www.design-award.cz\/wp-content\/uploads\/2025\/06\/01-1280x720.jpg 1280w, https:\/\/www.design-award.cz\/wp-content\/uploads\/2025\/06\/01-1920x1080.jpg 1920w\" data-sizes=\"(max-width: 1024px) 100vw, 1024px\" src=\"data:image\/svg+xml;base64,PHN2ZyB3aWR0aD0iMSIgaGVpZ2h0PSIxIiB4bWxucz0iaHR0cDovL3d3dy53My5vcmcvMjAwMC9zdmciPjwvc3ZnPg==\" style=\"--smush-placeholder-width: 1024px; --smush-placeholder-aspect-ratio: 1024\/576;\" \/><\/figure>\n","protected":false},"excerpt":{"rendered":"<p>Tereza \u017digov\u00e1 St\u0159edn\u00ed \u0161kola n\u00e1bytk\u00e1\u0159sk\u00e1 a obchodn\u00ed Byst\u0159ice pod Host\u00fdnem Projekt d\u011btsk\u00e9 prol\u00e9za\u010dky s n\u00e1zvem Scandere, kter\u00fd byl zpracov\u00e1n jako pololetn\u00ed pr\u00e1ce, vych\u00e1z\u00ed z my\u0161lenky multifunk\u010dn\u00edho a bezpe\u010dn\u00e9ho n\u00e1bytku pro d\u011bti od dvou let. N\u00e1vrh je ur\u010den do interi\u00e9ru a respektuje pot\u0159eby mal\u00fdch d\u011bt\u00ed i po\u017eadavky na snadnou \u00fadr\u017ebu a dlouhou \u017eivotnost. Pro v\u00fdrobu byla [&hellip;]<\/p>\n","protected":false},"author":2,"featured_media":5453,"menu_order":0,"comment_status":"closed","ping_status":"closed","template":"","format":"standard","meta":{"ngg_post_thumbnail":0,"ocean_post_layout":"","ocean_both_sidebars_style":"","ocean_both_sidebars_content_width":0,"ocean_both_sidebars_sidebars_width":0,"ocean_sidebar":"","ocean_second_sidebar":"","ocean_disable_margins":"enable","ocean_add_body_class":"","ocean_shortcode_before_top_bar":"","ocean_shortcode_after_top_bar":"","ocean_shortcode_before_header":"","ocean_shortcode_after_header":"","ocean_has_shortcode":"","ocean_shortcode_after_title":"","ocean_shortcode_before_footer_widgets":"","ocean_shortcode_after_footer_widgets":"","ocean_shortcode_before_footer_bottom":"","ocean_shortcode_after_footer_bottom":"","ocean_display_top_bar":"default","ocean_display_header":"default","ocean_header_style":"","ocean_center_header_left_menu":"","ocean_custom_header_template":"","ocean_custom_logo":0,"ocean_custom_retina_logo":0,"ocean_custom_logo_max_width":0,"ocean_custom_logo_tablet_max_width":0,"ocean_custom_logo_mobile_max_width":0,"ocean_custom_logo_max_height":0,"ocean_custom_logo_tablet_max_height":0,"ocean_custom_logo_mobile_max_height":0,"ocean_header_custom_menu":"","ocean_menu_typo_font_family":"","ocean_menu_typo_font_subset":"","ocean_menu_typo_font_size":0,"ocean_menu_typo_font_size_tablet":0,"ocean_menu_typo_font_size_mobile":0,"ocean_menu_typo_font_size_unit":"px","ocean_menu_typo_font_weight":"","ocean_menu_typo_font_weight_tablet":"","ocean_menu_typo_font_weight_mobile":"","ocean_menu_typo_transform":"","ocean_menu_typo_transform_tablet":"","ocean_menu_typo_transform_mobile":"","ocean_menu_typo_line_height":0,"ocean_menu_typo_line_height_tablet":0,"ocean_menu_typo_line_height_mobile":0,"ocean_menu_typo_line_height_unit":"","ocean_menu_typo_spacing":0,"ocean_menu_typo_spacing_tablet":0,"ocean_menu_typo_spacing_mobile":0,"ocean_menu_typo_spacing_unit":"","ocean_menu_link_color":"","ocean_menu_link_color_hover":"","ocean_menu_link_color_active":"","ocean_menu_link_background":"","ocean_menu_link_hover_background":"","ocean_menu_link_active_background":"","ocean_menu_social_links_bg":"","ocean_menu_social_hover_links_bg":"","ocean_menu_social_links_color":"","ocean_menu_social_hover_links_color":"","ocean_disable_title":"default","ocean_disable_heading":"default","ocean_post_title":"","ocean_post_subheading":"","ocean_post_title_style":"","ocean_post_title_background_color":"","ocean_post_title_background":0,"ocean_post_title_bg_image_position":"","ocean_post_title_bg_image_attachment":"","ocean_post_title_bg_image_repeat":"","ocean_post_title_bg_image_size":"","ocean_post_title_height":0,"ocean_post_title_bg_overlay":0.5,"ocean_post_title_bg_overlay_color":"","ocean_disable_breadcrumbs":"default","ocean_breadcrumbs_color":"","ocean_breadcrumbs_separator_color":"","ocean_breadcrumbs_links_color":"","ocean_breadcrumbs_links_hover_color":"","ocean_display_footer_widgets":"default","ocean_display_footer_bottom":"default","ocean_custom_footer_template":"","_vp_format_video_url":"","_vp_image_focal_point":[],"footnotes":""},"portfolio_category":[],"portfolio_tag":[],"class_list":["post-5437","portfolio","type-portfolio","status-publish","format-standard","has-post-thumbnail","hentry","entry","has-media"],"yoast_head":"<!-- This site is optimized with the Yoast SEO plugin v25.2 - https:\/\/yoast.com\/wordpress\/plugins\/seo\/ -->\n<title>Produktov\u00fd design - SCANDERE - prol\u00e9za\u010dka pro d\u011bti - design-award.cz<\/title>\n<meta name=\"robots\" content=\"index, follow, max-snippet:-1, max-image-preview:large, max-video-preview:-1\" \/>\n<link rel=\"canonical\" href=\"https:\/\/www.design-award.cz\/?portfolio=produktovy-design-scandere-prolezacka-pro-deti\" \/>\n<meta property=\"og:locale\" content=\"cs_CZ\" \/>\n<meta property=\"og:type\" content=\"article\" \/>\n<meta property=\"og:title\" content=\"Produktov\u00fd design - SCANDERE - prol\u00e9za\u010dka pro d\u011bti - design-award.cz\" \/>\n<meta property=\"og:description\" content=\"Tereza \u017digov\u00e1 St\u0159edn\u00ed \u0161kola n\u00e1bytk\u00e1\u0159sk\u00e1 a obchodn\u00ed Byst\u0159ice pod Host\u00fdnem Projekt d\u011btsk\u00e9 prol\u00e9za\u010dky s n\u00e1zvem Scandere, kter\u00fd byl zpracov\u00e1n jako pololetn\u00ed pr\u00e1ce, vych\u00e1z\u00ed z my\u0161lenky multifunk\u010dn\u00edho a bezpe\u010dn\u00e9ho n\u00e1bytku pro d\u011bti od dvou let. N\u00e1vrh je ur\u010den do interi\u00e9ru a respektuje pot\u0159eby mal\u00fdch d\u011bt\u00ed i po\u017eadavky na snadnou \u00fadr\u017ebu a dlouhou \u017eivotnost. Pro v\u00fdrobu byla [&hellip;]\" \/>\n<meta property=\"og:url\" content=\"https:\/\/www.design-award.cz\/?portfolio=produktovy-design-scandere-prolezacka-pro-deti\" \/>\n<meta property=\"og:site_name\" content=\"design-award.cz\" \/>\n<meta property=\"article:modified_time\" content=\"2025-06-30T12:28:21+00:00\" \/>\n<meta property=\"og:image\" content=\"http:\/\/www.design-award.cz\/wp-content\/uploads\/2025\/06\/02-scaled.jpg\" \/>\n\t<meta property=\"og:image:width\" content=\"2560\" \/>\n\t<meta property=\"og:image:height\" content=\"1440\" \/>\n\t<meta property=\"og:image:type\" content=\"image\/jpeg\" \/>\n<meta name=\"twitter:card\" content=\"summary_large_image\" \/>\n<meta name=\"twitter:label1\" content=\"Odhadovan\u00e1 doba \u010dten\u00ed\" \/>\n\t<meta name=\"twitter:data1\" content=\"2 minuty\" \/>\n<script type=\"application\/ld+json\" class=\"yoast-schema-graph\">{\"@context\":\"https:\/\/schema.org\",\"@graph\":[{\"@type\":\"WebPage\",\"@id\":\"https:\/\/www.design-award.cz\/?portfolio=produktovy-design-scandere-prolezacka-pro-deti\",\"url\":\"https:\/\/www.design-award.cz\/?portfolio=produktovy-design-scandere-prolezacka-pro-deti\",\"name\":\"Produktov\u00fd design - SCANDERE - prol\u00e9za\u010dka pro d\u011bti - design-award.cz\",\"isPartOf\":{\"@id\":\"https:\/\/www.design-award.cz\/#website\"},\"primaryImageOfPage\":{\"@id\":\"https:\/\/www.design-award.cz\/?portfolio=produktovy-design-scandere-prolezacka-pro-deti#primaryimage\"},\"image\":{\"@id\":\"https:\/\/www.design-award.cz\/?portfolio=produktovy-design-scandere-prolezacka-pro-deti#primaryimage\"},\"thumbnailUrl\":\"https:\/\/www.design-award.cz\/wp-content\/uploads\/2025\/06\/02-scaled.jpg\",\"datePublished\":\"2025-06-30T12:28:20+00:00\",\"dateModified\":\"2025-06-30T12:28:21+00:00\",\"breadcrumb\":{\"@id\":\"https:\/\/www.design-award.cz\/?portfolio=produktovy-design-scandere-prolezacka-pro-deti#breadcrumb\"},\"inLanguage\":\"cs\",\"potentialAction\":[{\"@type\":\"ReadAction\",\"target\":[\"https:\/\/www.design-award.cz\/?portfolio=produktovy-design-scandere-prolezacka-pro-deti\"]}]},{\"@type\":\"ImageObject\",\"inLanguage\":\"cs\",\"@id\":\"https:\/\/www.design-award.cz\/?portfolio=produktovy-design-scandere-prolezacka-pro-deti#primaryimage\",\"url\":\"https:\/\/www.design-award.cz\/wp-content\/uploads\/2025\/06\/02-scaled.jpg\",\"contentUrl\":\"https:\/\/www.design-award.cz\/wp-content\/uploads\/2025\/06\/02-scaled.jpg\",\"width\":2560,\"height\":1440},{\"@type\":\"BreadcrumbList\",\"@id\":\"https:\/\/www.design-award.cz\/?portfolio=produktovy-design-scandere-prolezacka-pro-deti#breadcrumb\",\"itemListElement\":[{\"@type\":\"ListItem\",\"position\":1,\"name\":\"Dom\u016f\",\"item\":\"https:\/\/www.design-award.cz\/\"},{\"@type\":\"ListItem\",\"position\":2,\"name\":\"Portfolio Items\",\"item\":\"https:\/\/www.design-award.cz\/?post_type=portfolio\"},{\"@type\":\"ListItem\",\"position\":3,\"name\":\"Produktov\u00fd design &#8211; SCANDERE &#8211; prol\u00e9za\u010dka pro d\u011bti\"}]},{\"@type\":\"WebSite\",\"@id\":\"https:\/\/www.design-award.cz\/#website\",\"url\":\"https:\/\/www.design-award.cz\/\",\"name\":\"design-award.cz\",\"description\":\"WARD vznikla v roce 2022. Je ur\u010dena p\u0159edev\u0161\u00edm student\u016fm st\u0159edn\u00edch um\u011bleck\u00fdch \u0161kol (S\u0160 a VO\u0160), kte\u0159\u00ed mohou bezplatn\u011b zaslat sv\u00e9 n\u00e1vrhy v uveden\u00fdch kategori\u00ed a tak pom\u011b\u0159it sv\u00e9 n\u00e1pady s konkurenc\u00ed sv\u00fdch vrstevn\u00edk\u016f. N\u00e1vrhy jsou n\u00e1sledn\u011b posouzeny nez\u00e1vislou porotou z \u0159ad v\u00fdtvarn\u00edk\u016f, pedagog\u016f a profesion\u00e1l\u016f z oboru.\",\"publisher\":{\"@id\":\"https:\/\/www.design-award.cz\/#organization\"},\"potentialAction\":[{\"@type\":\"SearchAction\",\"target\":{\"@type\":\"EntryPoint\",\"urlTemplate\":\"https:\/\/www.design-award.cz\/?s={search_term_string}\"},\"query-input\":{\"@type\":\"PropertyValueSpecification\",\"valueRequired\":true,\"valueName\":\"search_term_string\"}}],\"inLanguage\":\"cs\"},{\"@type\":\"Organization\",\"@id\":\"https:\/\/www.design-award.cz\/#organization\",\"name\":\"Design Award\",\"url\":\"https:\/\/www.design-award.cz\/\",\"logo\":{\"@type\":\"ImageObject\",\"inLanguage\":\"cs\",\"@id\":\"https:\/\/www.design-award.cz\/#\/schema\/logo\/image\/\",\"url\":\"http:\/\/www.design-award.cz\/wp-content\/uploads\/2021\/12\/hornilogo_design-award.png\",\"contentUrl\":\"http:\/\/www.design-award.cz\/wp-content\/uploads\/2021\/12\/hornilogo_design-award.png\",\"width\":800,\"height\":600,\"caption\":\"Design Award\"},\"image\":{\"@id\":\"https:\/\/www.design-award.cz\/#\/schema\/logo\/image\/\"},\"sameAs\":[\"https:\/\/www.instagram.com\/design_award\/\"]}]}<\/script>\n<!-- \/ Yoast SEO plugin. -->","yoast_head_json":{"title":"Produktov\u00fd design - SCANDERE - prol\u00e9za\u010dka pro d\u011bti - design-award.cz","robots":{"index":"index","follow":"follow","max-snippet":"max-snippet:-1","max-image-preview":"max-image-preview:large","max-video-preview":"max-video-preview:-1"},"canonical":"https:\/\/www.design-award.cz\/?portfolio=produktovy-design-scandere-prolezacka-pro-deti","og_locale":"cs_CZ","og_type":"article","og_title":"Produktov\u00fd design - SCANDERE - prol\u00e9za\u010dka pro d\u011bti - design-award.cz","og_description":"Tereza \u017digov\u00e1 St\u0159edn\u00ed \u0161kola n\u00e1bytk\u00e1\u0159sk\u00e1 a obchodn\u00ed Byst\u0159ice pod Host\u00fdnem Projekt d\u011btsk\u00e9 prol\u00e9za\u010dky s n\u00e1zvem Scandere, kter\u00fd byl zpracov\u00e1n jako pololetn\u00ed pr\u00e1ce, vych\u00e1z\u00ed z my\u0161lenky multifunk\u010dn\u00edho a bezpe\u010dn\u00e9ho n\u00e1bytku pro d\u011bti od dvou let. N\u00e1vrh je ur\u010den do interi\u00e9ru a respektuje pot\u0159eby mal\u00fdch d\u011bt\u00ed i po\u017eadavky na snadnou \u00fadr\u017ebu a dlouhou \u017eivotnost. Pro v\u00fdrobu byla [&hellip;]","og_url":"https:\/\/www.design-award.cz\/?portfolio=produktovy-design-scandere-prolezacka-pro-deti","og_site_name":"design-award.cz","article_modified_time":"2025-06-30T12:28:21+00:00","og_image":[{"width":2560,"height":1440,"url":"http:\/\/www.design-award.cz\/wp-content\/uploads\/2025\/06\/02-scaled.jpg","type":"image\/jpeg"}],"twitter_card":"summary_large_image","twitter_misc":{"Odhadovan\u00e1 doba \u010dten\u00ed":"2 minuty"},"schema":{"@context":"https:\/\/schema.org","@graph":[{"@type":"WebPage","@id":"https:\/\/www.design-award.cz\/?portfolio=produktovy-design-scandere-prolezacka-pro-deti","url":"https:\/\/www.design-award.cz\/?portfolio=produktovy-design-scandere-prolezacka-pro-deti","name":"Produktov\u00fd design - SCANDERE - prol\u00e9za\u010dka pro d\u011bti - design-award.cz","isPartOf":{"@id":"https:\/\/www.design-award.cz\/#website"},"primaryImageOfPage":{"@id":"https:\/\/www.design-award.cz\/?portfolio=produktovy-design-scandere-prolezacka-pro-deti#primaryimage"},"image":{"@id":"https:\/\/www.design-award.cz\/?portfolio=produktovy-design-scandere-prolezacka-pro-deti#primaryimage"},"thumbnailUrl":"https:\/\/www.design-award.cz\/wp-content\/uploads\/2025\/06\/02-scaled.jpg","datePublished":"2025-06-30T12:28:20+00:00","dateModified":"2025-06-30T12:28:21+00:00","breadcrumb":{"@id":"https:\/\/www.design-award.cz\/?portfolio=produktovy-design-scandere-prolezacka-pro-deti#breadcrumb"},"inLanguage":"cs","potentialAction":[{"@type":"ReadAction","target":["https:\/\/www.design-award.cz\/?portfolio=produktovy-design-scandere-prolezacka-pro-deti"]}]},{"@type":"ImageObject","inLanguage":"cs","@id":"https:\/\/www.design-award.cz\/?portfolio=produktovy-design-scandere-prolezacka-pro-deti#primaryimage","url":"https:\/\/www.design-award.cz\/wp-content\/uploads\/2025\/06\/02-scaled.jpg","contentUrl":"https:\/\/www.design-award.cz\/wp-content\/uploads\/2025\/06\/02-scaled.jpg","width":2560,"height":1440},{"@type":"BreadcrumbList","@id":"https:\/\/www.design-award.cz\/?portfolio=produktovy-design-scandere-prolezacka-pro-deti#breadcrumb","itemListElement":[{"@type":"ListItem","position":1,"name":"Dom\u016f","item":"https:\/\/www.design-award.cz\/"},{"@type":"ListItem","position":2,"name":"Portfolio Items","item":"https:\/\/www.design-award.cz\/?post_type=portfolio"},{"@type":"ListItem","position":3,"name":"Produktov\u00fd design &#8211; SCANDERE &#8211; prol\u00e9za\u010dka pro d\u011bti"}]},{"@type":"WebSite","@id":"https:\/\/www.design-award.cz\/#website","url":"https:\/\/www.design-award.cz\/","name":"design-award.cz","description":"WARD vznikla v roce 2022. Je ur\u010dena p\u0159edev\u0161\u00edm student\u016fm st\u0159edn\u00edch um\u011bleck\u00fdch \u0161kol (S\u0160 a VO\u0160), kte\u0159\u00ed mohou bezplatn\u011b zaslat sv\u00e9 n\u00e1vrhy v uveden\u00fdch kategori\u00ed a tak pom\u011b\u0159it sv\u00e9 n\u00e1pady s konkurenc\u00ed sv\u00fdch vrstevn\u00edk\u016f. N\u00e1vrhy jsou n\u00e1sledn\u011b posouzeny nez\u00e1vislou porotou z \u0159ad v\u00fdtvarn\u00edk\u016f, pedagog\u016f a profesion\u00e1l\u016f z oboru.","publisher":{"@id":"https:\/\/www.design-award.cz\/#organization"},"potentialAction":[{"@type":"SearchAction","target":{"@type":"EntryPoint","urlTemplate":"https:\/\/www.design-award.cz\/?s={search_term_string}"},"query-input":{"@type":"PropertyValueSpecification","valueRequired":true,"valueName":"search_term_string"}}],"inLanguage":"cs"},{"@type":"Organization","@id":"https:\/\/www.design-award.cz\/#organization","name":"Design Award","url":"https:\/\/www.design-award.cz\/","logo":{"@type":"ImageObject","inLanguage":"cs","@id":"https:\/\/www.design-award.cz\/#\/schema\/logo\/image\/","url":"http:\/\/www.design-award.cz\/wp-content\/uploads\/2021\/12\/hornilogo_design-award.png","contentUrl":"http:\/\/www.design-award.cz\/wp-content\/uploads\/2021\/12\/hornilogo_design-award.png","width":800,"height":600,"caption":"Design Award"},"image":{"@id":"https:\/\/www.design-award.cz\/#\/schema\/logo\/image\/"},"sameAs":["https:\/\/www.instagram.com\/design_award\/"]}]}},"_links":{"self":[{"href":"https:\/\/www.design-award.cz\/index.php?rest_route=\/wp\/v2\/portfolio\/5437","targetHints":{"allow":["GET"]}}],"collection":[{"href":"https:\/\/www.design-award.cz\/index.php?rest_route=\/wp\/v2\/portfolio"}],"about":[{"href":"https:\/\/www.design-award.cz\/index.php?rest_route=\/wp\/v2\/types\/portfolio"}],"author":[{"embeddable":true,"href":"https:\/\/www.design-award.cz\/index.php?rest_route=\/wp\/v2\/users\/2"}],"replies":[{"embeddable":true,"href":"https:\/\/www.design-award.cz\/index.php?rest_route=%2Fwp%2Fv2%2Fcomments&post=5437"}],"version-history":[{"count":1,"href":"https:\/\/www.design-award.cz\/index.php?rest_route=\/wp\/v2\/portfolio\/5437\/revisions"}],"predecessor-version":[{"id":5457,"href":"https:\/\/www.design-award.cz\/index.php?rest_route=\/wp\/v2\/portfolio\/5437\/revisions\/5457"}],"wp:featuredmedia":[{"embeddable":true,"href":"https:\/\/www.design-award.cz\/index.php?rest_route=\/wp\/v2\/media\/5453"}],"wp:attachment":[{"href":"https:\/\/www.design-award.cz\/index.php?rest_route=%2Fwp%2Fv2%2Fmedia&parent=5437"}],"wp:term":[{"taxonomy":"portfolio_category","embeddable":true,"href":"https:\/\/www.design-award.cz\/index.php?rest_route=%2Fwp%2Fv2%2Fportfolio_category&post=5437"},{"taxonomy":"portfolio_tag","embeddable":true,"href":"https:\/\/www.design-award.cz\/index.php?rest_route=%2Fwp%2Fv2%2Fportfolio_tag&post=5437"}],"curies":[{"name":"wp","href":"https:\/\/api.w.org\/{rel}","templated":true}]}}