{"id":5438,"date":"2025-06-30T12:25:32","date_gmt":"2025-06-30T12:25:32","guid":{"rendered":"https:\/\/www.design-award.cz\/?post_type=portfolio&#038;p=5438"},"modified":"2025-06-30T12:26:04","modified_gmt":"2025-06-30T12:26:04","slug":"interierovy-design-kancelar-interieroveho-studia","status":"publish","type":"portfolio","link":"https:\/\/www.design-award.cz\/?portfolio=interierovy-design-kancelar-interieroveho-studia","title":{"rendered":"Interi\u00e9rov\u00fd design &#8211; Kancel\u00e1\u0159 interi\u00e9rov\u00e9ho studia"},"content":{"rendered":"\n<p>Mikul\u00e1\u0161 Kr\u00e1l<br><br>SO\u0160 obchodu, u\u017eit\u00e9ho um\u011bn\u00ed a designu, Nerudova 33, Plze\u0148<br><br>Moji p\u0159edstavou pro n\u00e1vrh kancel\u00e1\u0159sk\u00e9ho prostoru bylo vytvo\u0159it otev\u0159enou, modern\u00ed a funk\u010dn\u00ed pracovn\u00ed z\u00f3nu s d\u016frazem na minimalistickou estetiku. Dominantn\u00edmi prvky interi\u00e9ru jsou materi\u00e1ly jako beton, kov a sv\u011btl\u00e9 d\u0159evo, v kombinaci s akcentn\u00ed modrou a b\u00edlou barvou. Uspo\u0159\u00e1d\u00e1n\u00ed prostoru podporuje otev\u0159enou komunikaci i klid pro pr\u00e1ci d\u00edky z\u00f3nov\u00e1n\u00ed na relaxa\u010dn\u00ed a pracovn\u00ed \u010d\u00e1sti. Inovativn\u00edm prvkem je flexibiln\u00ed uspo\u0159\u00e1d\u00e1n\u00ed n\u00e1bytku a viditeln\u00e9 technick\u00e9 rozvody jako estetick\u00fd prvek. Projekt se od ostatn\u00edch li\u0161\u00ed svou nev\u0161edn\u00ed barevnou kombinac\u00ed v interi\u00e9ru a zaj\u00edmav\u00fdmi prvky jako je nap\u0159\u00edklad velk\u00fd \u0159et\u011bz um\u00edst\u011bn uprost\u0159ed kancel\u00e1\u0159e, kter\u00fd slou\u017e\u00ed k odpo\u010dinku a sezen\u00ed.<\/p>\n\n\n\n<p><\/p>\n\n\n\n<figure class=\"wp-block-image size-large\"><img decoding=\"async\" width=\"735\" height=\"1024\" data-src=\"http:\/\/www.design-award.cz\/wp-content\/uploads\/2025\/06\/KRAL_Mikulas_INTERIEROVE_STUDIO_plakat-735x1024.jpg\" alt=\"\" class=\"wp-image-5447 lazyload\" data-srcset=\"https:\/\/www.design-award.cz\/wp-content\/uploads\/2025\/06\/KRAL_Mikulas_INTERIEROVE_STUDIO_plakat-735x1024.jpg 735w, https:\/\/www.design-award.cz\/wp-content\/uploads\/2025\/06\/KRAL_Mikulas_INTERIEROVE_STUDIO_plakat-215x300.jpg 215w, https:\/\/www.design-award.cz\/wp-content\/uploads\/2025\/06\/KRAL_Mikulas_INTERIEROVE_STUDIO_plakat-768x1071.jpg 768w, https:\/\/www.design-award.cz\/wp-content\/uploads\/2025\/06\/KRAL_Mikulas_INTERIEROVE_STUDIO_plakat-1102x1536.jpg 1102w, https:\/\/www.design-award.cz\/wp-content\/uploads\/2025\/06\/KRAL_Mikulas_INTERIEROVE_STUDIO_plakat-1469x2048.jpg 1469w, https:\/\/www.design-award.cz\/wp-content\/uploads\/2025\/06\/KRAL_Mikulas_INTERIEROVE_STUDIO_plakat-500x697.jpg 500w, https:\/\/www.design-award.cz\/wp-content\/uploads\/2025\/06\/KRAL_Mikulas_INTERIEROVE_STUDIO_plakat-800x1115.jpg 800w, https:\/\/www.design-award.cz\/wp-content\/uploads\/2025\/06\/KRAL_Mikulas_INTERIEROVE_STUDIO_plakat-1280x1784.jpg 1280w, https:\/\/www.design-award.cz\/wp-content\/uploads\/2025\/06\/KRAL_Mikulas_INTERIEROVE_STUDIO_plakat-1920x2676.jpg 1920w, https:\/\/www.design-award.cz\/wp-content\/uploads\/2025\/06\/KRAL_Mikulas_INTERIEROVE_STUDIO_plakat-scaled.jpg 1837w\" data-sizes=\"(max-width: 735px) 100vw, 735px\" src=\"data:image\/svg+xml;base64,PHN2ZyB3aWR0aD0iMSIgaGVpZ2h0PSIxIiB4bWxucz0iaHR0cDovL3d3dy53My5vcmcvMjAwMC9zdmciPjwvc3ZnPg==\" style=\"--smush-placeholder-width: 735px; --smush-placeholder-aspect-ratio: 735\/1024;\" \/><\/figure>\n\n\n\n<figure class=\"wp-block-image size-large\"><img decoding=\"async\" width=\"1024\" height=\"536\" data-src=\"http:\/\/www.design-award.cz\/wp-content\/uploads\/2025\/06\/KRAL_Mikulas_INTERIEROVE_STUDIO_kolaz-1024x536.jpg\" alt=\"\" class=\"wp-image-5446 lazyload\" data-srcset=\"https:\/\/www.design-award.cz\/wp-content\/uploads\/2025\/06\/KRAL_Mikulas_INTERIEROVE_STUDIO_kolaz-1024x536.jpg 1024w, https:\/\/www.design-award.cz\/wp-content\/uploads\/2025\/06\/KRAL_Mikulas_INTERIEROVE_STUDIO_kolaz-300x157.jpg 300w, https:\/\/www.design-award.cz\/wp-content\/uploads\/2025\/06\/KRAL_Mikulas_INTERIEROVE_STUDIO_kolaz-768x402.jpg 768w, https:\/\/www.design-award.cz\/wp-content\/uploads\/2025\/06\/KRAL_Mikulas_INTERIEROVE_STUDIO_kolaz-1536x805.jpg 1536w, https:\/\/www.design-award.cz\/wp-content\/uploads\/2025\/06\/KRAL_Mikulas_INTERIEROVE_STUDIO_kolaz-2048x1073.jpg 2048w, https:\/\/www.design-award.cz\/wp-content\/uploads\/2025\/06\/KRAL_Mikulas_INTERIEROVE_STUDIO_kolaz-500x262.jpg 500w, https:\/\/www.design-award.cz\/wp-content\/uploads\/2025\/06\/KRAL_Mikulas_INTERIEROVE_STUDIO_kolaz-800x419.jpg 800w, https:\/\/www.design-award.cz\/wp-content\/uploads\/2025\/06\/KRAL_Mikulas_INTERIEROVE_STUDIO_kolaz-1280x670.jpg 1280w, https:\/\/www.design-award.cz\/wp-content\/uploads\/2025\/06\/KRAL_Mikulas_INTERIEROVE_STUDIO_kolaz-1920x1006.jpg 1920w\" data-sizes=\"(max-width: 1024px) 100vw, 1024px\" src=\"data:image\/svg+xml;base64,PHN2ZyB3aWR0aD0iMSIgaGVpZ2h0PSIxIiB4bWxucz0iaHR0cDovL3d3dy53My5vcmcvMjAwMC9zdmciPjwvc3ZnPg==\" style=\"--smush-placeholder-width: 1024px; --smush-placeholder-aspect-ratio: 1024\/536;\" \/><\/figure>\n\n\n\n<figure class=\"wp-block-image size-large\"><img decoding=\"async\" width=\"1024\" height=\"576\" data-src=\"http:\/\/www.design-award.cz\/wp-content\/uploads\/2025\/06\/Kral-kancelar-interieroveho-studia-1024x576.jpg\" alt=\"\" class=\"wp-image-5450 lazyload\" data-srcset=\"https:\/\/www.design-award.cz\/wp-content\/uploads\/2025\/06\/Kral-kancelar-interieroveho-studia-1024x576.jpg 1024w, https:\/\/www.design-award.cz\/wp-content\/uploads\/2025\/06\/Kral-kancelar-interieroveho-studia-300x169.jpg 300w, https:\/\/www.design-award.cz\/wp-content\/uploads\/2025\/06\/Kral-kancelar-interieroveho-studia-768x432.jpg 768w, https:\/\/www.design-award.cz\/wp-content\/uploads\/2025\/06\/Kral-kancelar-interieroveho-studia-1536x864.jpg 1536w, https:\/\/www.design-award.cz\/wp-content\/uploads\/2025\/06\/Kral-kancelar-interieroveho-studia-800x450.jpg 800w, https:\/\/www.design-award.cz\/wp-content\/uploads\/2025\/06\/Kral-kancelar-interieroveho-studia-500x281.jpg 500w, https:\/\/www.design-award.cz\/wp-content\/uploads\/2025\/06\/Kral-kancelar-interieroveho-studia-1280x720.jpg 1280w, https:\/\/www.design-award.cz\/wp-content\/uploads\/2025\/06\/Kral-kancelar-interieroveho-studia.jpg 1920w\" data-sizes=\"(max-width: 1024px) 100vw, 1024px\" src=\"data:image\/svg+xml;base64,PHN2ZyB3aWR0aD0iMSIgaGVpZ2h0PSIxIiB4bWxucz0iaHR0cDovL3d3dy53My5vcmcvMjAwMC9zdmciPjwvc3ZnPg==\" style=\"--smush-placeholder-width: 1024px; --smush-placeholder-aspect-ratio: 1024\/576;\" \/><\/figure>\n\n\n\n<figure class=\"wp-block-image size-large\"><img decoding=\"async\" width=\"1024\" height=\"576\" data-src=\"http:\/\/www.design-award.cz\/wp-content\/uploads\/2025\/06\/KRAL_Mikulas_INTERIEROVE_STUDIO_pudorys-1024x576.jpg\" alt=\"\" class=\"wp-image-5448 lazyload\" data-srcset=\"https:\/\/www.design-award.cz\/wp-content\/uploads\/2025\/06\/KRAL_Mikulas_INTERIEROVE_STUDIO_pudorys-1024x576.jpg 1024w, https:\/\/www.design-award.cz\/wp-content\/uploads\/2025\/06\/KRAL_Mikulas_INTERIEROVE_STUDIO_pudorys-300x169.jpg 300w, https:\/\/www.design-award.cz\/wp-content\/uploads\/2025\/06\/KRAL_Mikulas_INTERIEROVE_STUDIO_pudorys-768x432.jpg 768w, https:\/\/www.design-award.cz\/wp-content\/uploads\/2025\/06\/KRAL_Mikulas_INTERIEROVE_STUDIO_pudorys-1536x864.jpg 1536w, https:\/\/www.design-award.cz\/wp-content\/uploads\/2025\/06\/KRAL_Mikulas_INTERIEROVE_STUDIO_pudorys-2048x1152.jpg 2048w, https:\/\/www.design-award.cz\/wp-content\/uploads\/2025\/06\/KRAL_Mikulas_INTERIEROVE_STUDIO_pudorys-800x450.jpg 800w, https:\/\/www.design-award.cz\/wp-content\/uploads\/2025\/06\/KRAL_Mikulas_INTERIEROVE_STUDIO_pudorys-500x281.jpg 500w, https:\/\/www.design-award.cz\/wp-content\/uploads\/2025\/06\/KRAL_Mikulas_INTERIEROVE_STUDIO_pudorys-1280x720.jpg 1280w, https:\/\/www.design-award.cz\/wp-content\/uploads\/2025\/06\/KRAL_Mikulas_INTERIEROVE_STUDIO_pudorys-1920x1080.jpg 1920w\" data-sizes=\"(max-width: 1024px) 100vw, 1024px\" src=\"data:image\/svg+xml;base64,PHN2ZyB3aWR0aD0iMSIgaGVpZ2h0PSIxIiB4bWxucz0iaHR0cDovL3d3dy53My5vcmcvMjAwMC9zdmciPjwvc3ZnPg==\" style=\"--smush-placeholder-width: 1024px; --smush-placeholder-aspect-ratio: 1024\/576;\" \/><\/figure>\n","protected":false},"excerpt":{"rendered":"<p>Mikul\u00e1\u0161 Kr\u00e1l SO\u0160 obchodu, u\u017eit\u00e9ho um\u011bn\u00ed a designu, Nerudova 33, Plze\u0148 Moji p\u0159edstavou pro n\u00e1vrh kancel\u00e1\u0159sk\u00e9ho prostoru bylo vytvo\u0159it otev\u0159enou, modern\u00ed a funk\u010dn\u00ed pracovn\u00ed z\u00f3nu s d\u016frazem na minimalistickou estetiku. Dominantn\u00edmi prvky interi\u00e9ru jsou materi\u00e1ly jako beton, kov a sv\u011btl\u00e9 d\u0159evo, v kombinaci s akcentn\u00ed modrou a b\u00edlou barvou. Uspo\u0159\u00e1d\u00e1n\u00ed prostoru podporuje otev\u0159enou komunikaci i [&hellip;]<\/p>\n","protected":false},"author":2,"featured_media":5449,"menu_order":0,"comment_status":"closed","ping_status":"closed","template":"","format":"standard","meta":{"ngg_post_thumbnail":0,"ocean_post_layout":"","ocean_both_sidebars_style":"","ocean_both_sidebars_content_width":0,"ocean_both_sidebars_sidebars_width":0,"ocean_sidebar":"","ocean_second_sidebar":"","ocean_disable_margins":"enable","ocean_add_body_class":"","ocean_shortcode_before_top_bar":"","ocean_shortcode_after_top_bar":"","ocean_shortcode_before_header":"","ocean_shortcode_after_header":"","ocean_has_shortcode":"","ocean_shortcode_after_title":"","ocean_shortcode_before_footer_widgets":"","ocean_shortcode_after_footer_widgets":"","ocean_shortcode_before_footer_bottom":"","ocean_shortcode_after_footer_bottom":"","ocean_display_top_bar":"default","ocean_display_header":"default","ocean_header_style":"","ocean_center_header_left_menu":"","ocean_custom_header_template":"","ocean_custom_logo":0,"ocean_custom_retina_logo":0,"ocean_custom_logo_max_width":0,"ocean_custom_logo_tablet_max_width":0,"ocean_custom_logo_mobile_max_width":0,"ocean_custom_logo_max_height":0,"ocean_custom_logo_tablet_max_height":0,"ocean_custom_logo_mobile_max_height":0,"ocean_header_custom_menu":"","ocean_menu_typo_font_family":"","ocean_menu_typo_font_subset":"","ocean_menu_typo_font_size":0,"ocean_menu_typo_font_size_tablet":0,"ocean_menu_typo_font_size_mobile":0,"ocean_menu_typo_font_size_unit":"px","ocean_menu_typo_font_weight":"","ocean_menu_typo_font_weight_tablet":"","ocean_menu_typo_font_weight_mobile":"","ocean_menu_typo_transform":"","ocean_menu_typo_transform_tablet":"","ocean_menu_typo_transform_mobile":"","ocean_menu_typo_line_height":0,"ocean_menu_typo_line_height_tablet":0,"ocean_menu_typo_line_height_mobile":0,"ocean_menu_typo_line_height_unit":"","ocean_menu_typo_spacing":0,"ocean_menu_typo_spacing_tablet":0,"ocean_menu_typo_spacing_mobile":0,"ocean_menu_typo_spacing_unit":"","ocean_menu_link_color":"","ocean_menu_link_color_hover":"","ocean_menu_link_color_active":"","ocean_menu_link_background":"","ocean_menu_link_hover_background":"","ocean_menu_link_active_background":"","ocean_menu_social_links_bg":"","ocean_menu_social_hover_links_bg":"","ocean_menu_social_links_color":"","ocean_menu_social_hover_links_color":"","ocean_disable_title":"default","ocean_disable_heading":"default","ocean_post_title":"","ocean_post_subheading":"","ocean_post_title_style":"","ocean_post_title_background_color":"","ocean_post_title_background":0,"ocean_post_title_bg_image_position":"","ocean_post_title_bg_image_attachment":"","ocean_post_title_bg_image_repeat":"","ocean_post_title_bg_image_size":"","ocean_post_title_height":0,"ocean_post_title_bg_overlay":0.5,"ocean_post_title_bg_overlay_color":"","ocean_disable_breadcrumbs":"default","ocean_breadcrumbs_color":"","ocean_breadcrumbs_separator_color":"","ocean_breadcrumbs_links_color":"","ocean_breadcrumbs_links_hover_color":"","ocean_display_footer_widgets":"default","ocean_display_footer_bottom":"default","ocean_custom_footer_template":"","_vp_format_video_url":"","_vp_image_focal_point":[],"footnotes":""},"portfolio_category":[],"portfolio_tag":[],"class_list":["post-5438","portfolio","type-portfolio","status-publish","format-standard","has-post-thumbnail","hentry","entry","has-media"],"yoast_head":"<!-- This site is optimized with the Yoast SEO plugin v25.2 - https:\/\/yoast.com\/wordpress\/plugins\/seo\/ -->\n<title>Interi\u00e9rov\u00fd design - Kancel\u00e1\u0159 interi\u00e9rov\u00e9ho studia - design-award.cz<\/title>\n<meta name=\"robots\" content=\"index, follow, max-snippet:-1, max-image-preview:large, max-video-preview:-1\" \/>\n<link rel=\"canonical\" href=\"https:\/\/www.design-award.cz\/?portfolio=interierovy-design-kancelar-interieroveho-studia\" \/>\n<meta property=\"og:locale\" content=\"cs_CZ\" \/>\n<meta property=\"og:type\" content=\"article\" \/>\n<meta property=\"og:title\" content=\"Interi\u00e9rov\u00fd design - Kancel\u00e1\u0159 interi\u00e9rov\u00e9ho studia - design-award.cz\" \/>\n<meta property=\"og:description\" content=\"Mikul\u00e1\u0161 Kr\u00e1l SO\u0160 obchodu, u\u017eit\u00e9ho um\u011bn\u00ed a designu, Nerudova 33, Plze\u0148 Moji p\u0159edstavou pro n\u00e1vrh kancel\u00e1\u0159sk\u00e9ho prostoru bylo vytvo\u0159it otev\u0159enou, modern\u00ed a funk\u010dn\u00ed pracovn\u00ed z\u00f3nu s d\u016frazem na minimalistickou estetiku. Dominantn\u00edmi prvky interi\u00e9ru jsou materi\u00e1ly jako beton, kov a sv\u011btl\u00e9 d\u0159evo, v kombinaci s akcentn\u00ed modrou a b\u00edlou barvou. Uspo\u0159\u00e1d\u00e1n\u00ed prostoru podporuje otev\u0159enou komunikaci i [&hellip;]\" \/>\n<meta property=\"og:url\" content=\"https:\/\/www.design-award.cz\/?portfolio=interierovy-design-kancelar-interieroveho-studia\" \/>\n<meta property=\"og:site_name\" content=\"design-award.cz\" \/>\n<meta property=\"article:modified_time\" content=\"2025-06-30T12:26:04+00:00\" \/>\n<meta property=\"og:image\" content=\"http:\/\/www.design-award.cz\/wp-content\/uploads\/2025\/06\/KRAL_Mikulas_INTERIEROVE_STUDIO_viz_1.jpg\" \/>\n\t<meta property=\"og:image:width\" content=\"2264\" \/>\n\t<meta property=\"og:image:height\" content=\"1274\" \/>\n\t<meta property=\"og:image:type\" content=\"image\/jpeg\" \/>\n<meta name=\"twitter:card\" content=\"summary_large_image\" \/>\n<meta name=\"twitter:label1\" content=\"Odhadovan\u00e1 doba \u010dten\u00ed\" \/>\n\t<meta name=\"twitter:data1\" content=\"2 minuty\" \/>\n<script type=\"application\/ld+json\" class=\"yoast-schema-graph\">{\"@context\":\"https:\/\/schema.org\",\"@graph\":[{\"@type\":\"WebPage\",\"@id\":\"https:\/\/www.design-award.cz\/?portfolio=interierovy-design-kancelar-interieroveho-studia\",\"url\":\"https:\/\/www.design-award.cz\/?portfolio=interierovy-design-kancelar-interieroveho-studia\",\"name\":\"Interi\u00e9rov\u00fd design - Kancel\u00e1\u0159 interi\u00e9rov\u00e9ho studia - design-award.cz\",\"isPartOf\":{\"@id\":\"https:\/\/www.design-award.cz\/#website\"},\"primaryImageOfPage\":{\"@id\":\"https:\/\/www.design-award.cz\/?portfolio=interierovy-design-kancelar-interieroveho-studia#primaryimage\"},\"image\":{\"@id\":\"https:\/\/www.design-award.cz\/?portfolio=interierovy-design-kancelar-interieroveho-studia#primaryimage\"},\"thumbnailUrl\":\"https:\/\/www.design-award.cz\/wp-content\/uploads\/2025\/06\/KRAL_Mikulas_INTERIEROVE_STUDIO_viz_1.jpg\",\"datePublished\":\"2025-06-30T12:25:32+00:00\",\"dateModified\":\"2025-06-30T12:26:04+00:00\",\"breadcrumb\":{\"@id\":\"https:\/\/www.design-award.cz\/?portfolio=interierovy-design-kancelar-interieroveho-studia#breadcrumb\"},\"inLanguage\":\"cs\",\"potentialAction\":[{\"@type\":\"ReadAction\",\"target\":[\"https:\/\/www.design-award.cz\/?portfolio=interierovy-design-kancelar-interieroveho-studia\"]}]},{\"@type\":\"ImageObject\",\"inLanguage\":\"cs\",\"@id\":\"https:\/\/www.design-award.cz\/?portfolio=interierovy-design-kancelar-interieroveho-studia#primaryimage\",\"url\":\"https:\/\/www.design-award.cz\/wp-content\/uploads\/2025\/06\/KRAL_Mikulas_INTERIEROVE_STUDIO_viz_1.jpg\",\"contentUrl\":\"https:\/\/www.design-award.cz\/wp-content\/uploads\/2025\/06\/KRAL_Mikulas_INTERIEROVE_STUDIO_viz_1.jpg\",\"width\":2264,\"height\":1274},{\"@type\":\"BreadcrumbList\",\"@id\":\"https:\/\/www.design-award.cz\/?portfolio=interierovy-design-kancelar-interieroveho-studia#breadcrumb\",\"itemListElement\":[{\"@type\":\"ListItem\",\"position\":1,\"name\":\"Dom\u016f\",\"item\":\"https:\/\/www.design-award.cz\/\"},{\"@type\":\"ListItem\",\"position\":2,\"name\":\"Portfolio Items\",\"item\":\"https:\/\/www.design-award.cz\/?post_type=portfolio\"},{\"@type\":\"ListItem\",\"position\":3,\"name\":\"Interi\u00e9rov\u00fd design &#8211; Kancel\u00e1\u0159 interi\u00e9rov\u00e9ho studia\"}]},{\"@type\":\"WebSite\",\"@id\":\"https:\/\/www.design-award.cz\/#website\",\"url\":\"https:\/\/www.design-award.cz\/\",\"name\":\"design-award.cz\",\"description\":\"WARD vznikla v roce 2022. Je ur\u010dena p\u0159edev\u0161\u00edm student\u016fm st\u0159edn\u00edch um\u011bleck\u00fdch \u0161kol (S\u0160 a VO\u0160), kte\u0159\u00ed mohou bezplatn\u011b zaslat sv\u00e9 n\u00e1vrhy v uveden\u00fdch kategori\u00ed a tak pom\u011b\u0159it sv\u00e9 n\u00e1pady s konkurenc\u00ed sv\u00fdch vrstevn\u00edk\u016f. N\u00e1vrhy jsou n\u00e1sledn\u011b posouzeny nez\u00e1vislou porotou z \u0159ad v\u00fdtvarn\u00edk\u016f, pedagog\u016f a profesion\u00e1l\u016f z oboru.\",\"publisher\":{\"@id\":\"https:\/\/www.design-award.cz\/#organization\"},\"potentialAction\":[{\"@type\":\"SearchAction\",\"target\":{\"@type\":\"EntryPoint\",\"urlTemplate\":\"https:\/\/www.design-award.cz\/?s={search_term_string}\"},\"query-input\":{\"@type\":\"PropertyValueSpecification\",\"valueRequired\":true,\"valueName\":\"search_term_string\"}}],\"inLanguage\":\"cs\"},{\"@type\":\"Organization\",\"@id\":\"https:\/\/www.design-award.cz\/#organization\",\"name\":\"Design Award\",\"url\":\"https:\/\/www.design-award.cz\/\",\"logo\":{\"@type\":\"ImageObject\",\"inLanguage\":\"cs\",\"@id\":\"https:\/\/www.design-award.cz\/#\/schema\/logo\/image\/\",\"url\":\"http:\/\/www.design-award.cz\/wp-content\/uploads\/2021\/12\/hornilogo_design-award.png\",\"contentUrl\":\"http:\/\/www.design-award.cz\/wp-content\/uploads\/2021\/12\/hornilogo_design-award.png\",\"width\":800,\"height\":600,\"caption\":\"Design Award\"},\"image\":{\"@id\":\"https:\/\/www.design-award.cz\/#\/schema\/logo\/image\/\"},\"sameAs\":[\"https:\/\/www.instagram.com\/design_award\/\"]}]}<\/script>\n<!-- \/ Yoast SEO plugin. -->","yoast_head_json":{"title":"Interi\u00e9rov\u00fd design - Kancel\u00e1\u0159 interi\u00e9rov\u00e9ho studia - design-award.cz","robots":{"index":"index","follow":"follow","max-snippet":"max-snippet:-1","max-image-preview":"max-image-preview:large","max-video-preview":"max-video-preview:-1"},"canonical":"https:\/\/www.design-award.cz\/?portfolio=interierovy-design-kancelar-interieroveho-studia","og_locale":"cs_CZ","og_type":"article","og_title":"Interi\u00e9rov\u00fd design - Kancel\u00e1\u0159 interi\u00e9rov\u00e9ho studia - design-award.cz","og_description":"Mikul\u00e1\u0161 Kr\u00e1l SO\u0160 obchodu, u\u017eit\u00e9ho um\u011bn\u00ed a designu, Nerudova 33, Plze\u0148 Moji p\u0159edstavou pro n\u00e1vrh kancel\u00e1\u0159sk\u00e9ho prostoru bylo vytvo\u0159it otev\u0159enou, modern\u00ed a funk\u010dn\u00ed pracovn\u00ed z\u00f3nu s d\u016frazem na minimalistickou estetiku. Dominantn\u00edmi prvky interi\u00e9ru jsou materi\u00e1ly jako beton, kov a sv\u011btl\u00e9 d\u0159evo, v kombinaci s akcentn\u00ed modrou a b\u00edlou barvou. Uspo\u0159\u00e1d\u00e1n\u00ed prostoru podporuje otev\u0159enou komunikaci i [&hellip;]","og_url":"https:\/\/www.design-award.cz\/?portfolio=interierovy-design-kancelar-interieroveho-studia","og_site_name":"design-award.cz","article_modified_time":"2025-06-30T12:26:04+00:00","og_image":[{"width":2264,"height":1274,"url":"http:\/\/www.design-award.cz\/wp-content\/uploads\/2025\/06\/KRAL_Mikulas_INTERIEROVE_STUDIO_viz_1.jpg","type":"image\/jpeg"}],"twitter_card":"summary_large_image","twitter_misc":{"Odhadovan\u00e1 doba \u010dten\u00ed":"2 minuty"},"schema":{"@context":"https:\/\/schema.org","@graph":[{"@type":"WebPage","@id":"https:\/\/www.design-award.cz\/?portfolio=interierovy-design-kancelar-interieroveho-studia","url":"https:\/\/www.design-award.cz\/?portfolio=interierovy-design-kancelar-interieroveho-studia","name":"Interi\u00e9rov\u00fd design - Kancel\u00e1\u0159 interi\u00e9rov\u00e9ho studia - design-award.cz","isPartOf":{"@id":"https:\/\/www.design-award.cz\/#website"},"primaryImageOfPage":{"@id":"https:\/\/www.design-award.cz\/?portfolio=interierovy-design-kancelar-interieroveho-studia#primaryimage"},"image":{"@id":"https:\/\/www.design-award.cz\/?portfolio=interierovy-design-kancelar-interieroveho-studia#primaryimage"},"thumbnailUrl":"https:\/\/www.design-award.cz\/wp-content\/uploads\/2025\/06\/KRAL_Mikulas_INTERIEROVE_STUDIO_viz_1.jpg","datePublished":"2025-06-30T12:25:32+00:00","dateModified":"2025-06-30T12:26:04+00:00","breadcrumb":{"@id":"https:\/\/www.design-award.cz\/?portfolio=interierovy-design-kancelar-interieroveho-studia#breadcrumb"},"inLanguage":"cs","potentialAction":[{"@type":"ReadAction","target":["https:\/\/www.design-award.cz\/?portfolio=interierovy-design-kancelar-interieroveho-studia"]}]},{"@type":"ImageObject","inLanguage":"cs","@id":"https:\/\/www.design-award.cz\/?portfolio=interierovy-design-kancelar-interieroveho-studia#primaryimage","url":"https:\/\/www.design-award.cz\/wp-content\/uploads\/2025\/06\/KRAL_Mikulas_INTERIEROVE_STUDIO_viz_1.jpg","contentUrl":"https:\/\/www.design-award.cz\/wp-content\/uploads\/2025\/06\/KRAL_Mikulas_INTERIEROVE_STUDIO_viz_1.jpg","width":2264,"height":1274},{"@type":"BreadcrumbList","@id":"https:\/\/www.design-award.cz\/?portfolio=interierovy-design-kancelar-interieroveho-studia#breadcrumb","itemListElement":[{"@type":"ListItem","position":1,"name":"Dom\u016f","item":"https:\/\/www.design-award.cz\/"},{"@type":"ListItem","position":2,"name":"Portfolio Items","item":"https:\/\/www.design-award.cz\/?post_type=portfolio"},{"@type":"ListItem","position":3,"name":"Interi\u00e9rov\u00fd design &#8211; Kancel\u00e1\u0159 interi\u00e9rov\u00e9ho studia"}]},{"@type":"WebSite","@id":"https:\/\/www.design-award.cz\/#website","url":"https:\/\/www.design-award.cz\/","name":"design-award.cz","description":"WARD vznikla v roce 2022. Je ur\u010dena p\u0159edev\u0161\u00edm student\u016fm st\u0159edn\u00edch um\u011bleck\u00fdch \u0161kol (S\u0160 a VO\u0160), kte\u0159\u00ed mohou bezplatn\u011b zaslat sv\u00e9 n\u00e1vrhy v uveden\u00fdch kategori\u00ed a tak pom\u011b\u0159it sv\u00e9 n\u00e1pady s konkurenc\u00ed sv\u00fdch vrstevn\u00edk\u016f. N\u00e1vrhy jsou n\u00e1sledn\u011b posouzeny nez\u00e1vislou porotou z \u0159ad v\u00fdtvarn\u00edk\u016f, pedagog\u016f a profesion\u00e1l\u016f z oboru.","publisher":{"@id":"https:\/\/www.design-award.cz\/#organization"},"potentialAction":[{"@type":"SearchAction","target":{"@type":"EntryPoint","urlTemplate":"https:\/\/www.design-award.cz\/?s={search_term_string}"},"query-input":{"@type":"PropertyValueSpecification","valueRequired":true,"valueName":"search_term_string"}}],"inLanguage":"cs"},{"@type":"Organization","@id":"https:\/\/www.design-award.cz\/#organization","name":"Design Award","url":"https:\/\/www.design-award.cz\/","logo":{"@type":"ImageObject","inLanguage":"cs","@id":"https:\/\/www.design-award.cz\/#\/schema\/logo\/image\/","url":"http:\/\/www.design-award.cz\/wp-content\/uploads\/2021\/12\/hornilogo_design-award.png","contentUrl":"http:\/\/www.design-award.cz\/wp-content\/uploads\/2021\/12\/hornilogo_design-award.png","width":800,"height":600,"caption":"Design Award"},"image":{"@id":"https:\/\/www.design-award.cz\/#\/schema\/logo\/image\/"},"sameAs":["https:\/\/www.instagram.com\/design_award\/"]}]}},"_links":{"self":[{"href":"https:\/\/www.design-award.cz\/index.php?rest_route=\/wp\/v2\/portfolio\/5438","targetHints":{"allow":["GET"]}}],"collection":[{"href":"https:\/\/www.design-award.cz\/index.php?rest_route=\/wp\/v2\/portfolio"}],"about":[{"href":"https:\/\/www.design-award.cz\/index.php?rest_route=\/wp\/v2\/types\/portfolio"}],"author":[{"embeddable":true,"href":"https:\/\/www.design-award.cz\/index.php?rest_route=\/wp\/v2\/users\/2"}],"replies":[{"embeddable":true,"href":"https:\/\/www.design-award.cz\/index.php?rest_route=%2Fwp%2Fv2%2Fcomments&post=5438"}],"version-history":[{"count":1,"href":"https:\/\/www.design-award.cz\/index.php?rest_route=\/wp\/v2\/portfolio\/5438\/revisions"}],"predecessor-version":[{"id":5451,"href":"https:\/\/www.design-award.cz\/index.php?rest_route=\/wp\/v2\/portfolio\/5438\/revisions\/5451"}],"wp:featuredmedia":[{"embeddable":true,"href":"https:\/\/www.design-award.cz\/index.php?rest_route=\/wp\/v2\/media\/5449"}],"wp:attachment":[{"href":"https:\/\/www.design-award.cz\/index.php?rest_route=%2Fwp%2Fv2%2Fmedia&parent=5438"}],"wp:term":[{"taxonomy":"portfolio_category","embeddable":true,"href":"https:\/\/www.design-award.cz\/index.php?rest_route=%2Fwp%2Fv2%2Fportfolio_category&post=5438"},{"taxonomy":"portfolio_tag","embeddable":true,"href":"https:\/\/www.design-award.cz\/index.php?rest_route=%2Fwp%2Fv2%2Fportfolio_tag&post=5438"}],"curies":[{"name":"wp","href":"https:\/\/api.w.org\/{rel}","templated":true}]}}