{"id":5569,"date":"2025-06-30T21:46:58","date_gmt":"2025-06-30T21:46:58","guid":{"rendered":"https:\/\/www.design-award.cz\/?post_type=portfolio&#038;p=5569"},"modified":"2025-06-30T21:49:02","modified_gmt":"2025-06-30T21:49:02","slug":"interierovy-design-studio-interieroveho-designera","status":"publish","type":"portfolio","link":"https:\/\/www.design-award.cz\/?portfolio=interierovy-design-studio-interieroveho-designera","title":{"rendered":"Interi\u00e9rov\u00fd design &#8211; Studio interi\u00e9rov\u00e9ho design\u00e9ra"},"content":{"rendered":"\n<p>R\u016f\u017eena Haj\u0161manov\u00e1<br><br>SO\u0160 obchodu, u\u017eit\u00e9ho um\u011bn\u00ed a designu, Nerudova 33, Plze\u0148<br><br>Zad\u00e1n\u00ed vych\u00e1zelo z po\u017eadavku vytvo\u0159it vizualizace kancel\u00e1\u0159\u00ed vlastn\u00edho interi\u00e9rov\u00e9ho studia, kter\u00e9 maj\u00ed b\u00fdt<br>osobit\u00e9 a odli\u0161n\u00e9 od b\u011b\u017en\u00fdch pracovn\u00edch prostor. C\u00edlem bylo navrhnout origin\u00e1ln\u00ed interi\u00e9r bez nutnosti<br>pou\u017eit\u00ed drah\u00e9ho n\u00e1bytku, s d\u016frazem na n\u00e1pad a charakter prostoru, nikoli pouze na slad\u011bn\u00ed barev \u010di<br>materi\u00e1l\u016f. Po\u017eadov\u00e1no bylo zahrnout recepci, kancel\u00e1\u0159 \u0159editele, zasedac\u00ed m\u00edstnost pro 9 osob, pracovn\u00ed<br>m\u00edsta pro 8 zam\u011bstnanc\u016f, showroom s uk\u00e1zkou materi\u00e1l\u016f a m\u00edsto k ob\u010derstven\u00ed.<br>N\u00e1vrh zahrnuje v\u0161echny tyto prostory a je koncipov\u00e1n pro 8 pracovn\u00edk\u016f, \u0159editele a n\u00e1v\u0161t\u011bvy \u010di z\u00e1kazn\u00edky.<br>Zam\u011b\u0159ila jsem se na nad\u010dasovost a vytvo\u0159en\u00ed p\u0159\u00edjemn\u00e9ho prost\u0159ed\u00ed. Pou\u017eila jsem kombinaci cihlov\u00fdch,<br>b\u00edl\u00fdch a \u0161ed\u00fdch barev s p\u0159\u00edrodn\u00edmi materi\u00e1ly. Hlavn\u00edm prvkem je dubov\u00e9 d\u0159evo, kter\u00e9 prostory z\u00fatul\u0148uje,<br>dopln\u011bn\u00e9 d\u0159ev\u011bn\u00fdmi obklady od firmy Jap. Minimalismus a \u010distota designu jsou podpo\u0159eny pou\u017eit\u00edm<br>akustick\u00fdch panel\u016f, kter\u00e9 zaji\u0161\u0165uj\u00ed komfortn\u00ed prost\u0159ed\u00ed i ve ve\u0159ejn\u00fdch \u010d\u00e1stech kancel\u00e1\u0159\u00ed.<\/p>\n\n\n\n<figure class=\"wp-block-image size-large\"><img decoding=\"async\" width=\"1024\" height=\"724\" data-src=\"http:\/\/www.design-award.cz\/wp-content\/uploads\/2025\/06\/HAJSMANOVA_Ruzena_KANCELAR_INTERIEROVEHO_DESIGNERA_moodboard-1024x724.jpg\" alt=\"\" class=\"wp-image-5583 lazyload\" data-srcset=\"https:\/\/www.design-award.cz\/wp-content\/uploads\/2025\/06\/HAJSMANOVA_Ruzena_KANCELAR_INTERIEROVEHO_DESIGNERA_moodboard-1024x724.jpg 1024w, https:\/\/www.design-award.cz\/wp-content\/uploads\/2025\/06\/HAJSMANOVA_Ruzena_KANCELAR_INTERIEROVEHO_DESIGNERA_moodboard-300x212.jpg 300w, https:\/\/www.design-award.cz\/wp-content\/uploads\/2025\/06\/HAJSMANOVA_Ruzena_KANCELAR_INTERIEROVEHO_DESIGNERA_moodboard-768x543.jpg 768w, https:\/\/www.design-award.cz\/wp-content\/uploads\/2025\/06\/HAJSMANOVA_Ruzena_KANCELAR_INTERIEROVEHO_DESIGNERA_moodboard-1536x1086.jpg 1536w, https:\/\/www.design-award.cz\/wp-content\/uploads\/2025\/06\/HAJSMANOVA_Ruzena_KANCELAR_INTERIEROVEHO_DESIGNERA_moodboard-2048x1448.jpg 2048w, https:\/\/www.design-award.cz\/wp-content\/uploads\/2025\/06\/HAJSMANOVA_Ruzena_KANCELAR_INTERIEROVEHO_DESIGNERA_moodboard-500x353.jpg 500w, https:\/\/www.design-award.cz\/wp-content\/uploads\/2025\/06\/HAJSMANOVA_Ruzena_KANCELAR_INTERIEROVEHO_DESIGNERA_moodboard-800x566.jpg 800w, https:\/\/www.design-award.cz\/wp-content\/uploads\/2025\/06\/HAJSMANOVA_Ruzena_KANCELAR_INTERIEROVEHO_DESIGNERA_moodboard-1280x905.jpg 1280w, https:\/\/www.design-award.cz\/wp-content\/uploads\/2025\/06\/HAJSMANOVA_Ruzena_KANCELAR_INTERIEROVEHO_DESIGNERA_moodboard-1920x1357.jpg 1920w\" data-sizes=\"(max-width: 1024px) 100vw, 1024px\" src=\"data:image\/svg+xml;base64,PHN2ZyB3aWR0aD0iMSIgaGVpZ2h0PSIxIiB4bWxucz0iaHR0cDovL3d3dy53My5vcmcvMjAwMC9zdmciPjwvc3ZnPg==\" style=\"--smush-placeholder-width: 1024px; --smush-placeholder-aspect-ratio: 1024\/724;\" \/><\/figure>\n\n\n\n<figure class=\"wp-block-image size-large\"><img decoding=\"async\" width=\"1024\" height=\"536\" data-src=\"http:\/\/www.design-award.cz\/wp-content\/uploads\/2025\/06\/HAJSMANOVA_Ruzena_KANCELAR_INTERIEROVEHO_DESIGNERA_vizualizace-1024x536.jpg\" alt=\"\" class=\"wp-image-5586 lazyload\" data-srcset=\"https:\/\/www.design-award.cz\/wp-content\/uploads\/2025\/06\/HAJSMANOVA_Ruzena_KANCELAR_INTERIEROVEHO_DESIGNERA_vizualizace-1024x536.jpg 1024w, https:\/\/www.design-award.cz\/wp-content\/uploads\/2025\/06\/HAJSMANOVA_Ruzena_KANCELAR_INTERIEROVEHO_DESIGNERA_vizualizace-300x157.jpg 300w, https:\/\/www.design-award.cz\/wp-content\/uploads\/2025\/06\/HAJSMANOVA_Ruzena_KANCELAR_INTERIEROVEHO_DESIGNERA_vizualizace-768x402.jpg 768w, https:\/\/www.design-award.cz\/wp-content\/uploads\/2025\/06\/HAJSMANOVA_Ruzena_KANCELAR_INTERIEROVEHO_DESIGNERA_vizualizace-1536x805.jpg 1536w, https:\/\/www.design-award.cz\/wp-content\/uploads\/2025\/06\/HAJSMANOVA_Ruzena_KANCELAR_INTERIEROVEHO_DESIGNERA_vizualizace-2048x1073.jpg 2048w, https:\/\/www.design-award.cz\/wp-content\/uploads\/2025\/06\/HAJSMANOVA_Ruzena_KANCELAR_INTERIEROVEHO_DESIGNERA_vizualizace-500x262.jpg 500w, https:\/\/www.design-award.cz\/wp-content\/uploads\/2025\/06\/HAJSMANOVA_Ruzena_KANCELAR_INTERIEROVEHO_DESIGNERA_vizualizace-800x419.jpg 800w, https:\/\/www.design-award.cz\/wp-content\/uploads\/2025\/06\/HAJSMANOVA_Ruzena_KANCELAR_INTERIEROVEHO_DESIGNERA_vizualizace-1280x670.jpg 1280w, https:\/\/www.design-award.cz\/wp-content\/uploads\/2025\/06\/HAJSMANOVA_Ruzena_KANCELAR_INTERIEROVEHO_DESIGNERA_vizualizace-1920x1006.jpg 1920w\" data-sizes=\"(max-width: 1024px) 100vw, 1024px\" src=\"data:image\/svg+xml;base64,PHN2ZyB3aWR0aD0iMSIgaGVpZ2h0PSIxIiB4bWxucz0iaHR0cDovL3d3dy53My5vcmcvMjAwMC9zdmciPjwvc3ZnPg==\" style=\"--smush-placeholder-width: 1024px; --smush-placeholder-aspect-ratio: 1024\/536;\" \/><\/figure>\n\n\n\n<figure class=\"wp-block-image size-large\"><img decoding=\"async\" width=\"1024\" height=\"962\" data-src=\"http:\/\/www.design-award.cz\/wp-content\/uploads\/2025\/06\/HAJSMANOVA_Ruzena_KANCELAR_INTERIEROVEHO_DESIGNERA_pudorys-1024x962.jpg\" alt=\"\" class=\"wp-image-5584 lazyload\" data-srcset=\"https:\/\/www.design-award.cz\/wp-content\/uploads\/2025\/06\/HAJSMANOVA_Ruzena_KANCELAR_INTERIEROVEHO_DESIGNERA_pudorys-1024x962.jpg 1024w, https:\/\/www.design-award.cz\/wp-content\/uploads\/2025\/06\/HAJSMANOVA_Ruzena_KANCELAR_INTERIEROVEHO_DESIGNERA_pudorys-300x282.jpg 300w, https:\/\/www.design-award.cz\/wp-content\/uploads\/2025\/06\/HAJSMANOVA_Ruzena_KANCELAR_INTERIEROVEHO_DESIGNERA_pudorys-768x721.jpg 768w, https:\/\/www.design-award.cz\/wp-content\/uploads\/2025\/06\/HAJSMANOVA_Ruzena_KANCELAR_INTERIEROVEHO_DESIGNERA_pudorys-1536x1443.jpg 1536w, https:\/\/www.design-award.cz\/wp-content\/uploads\/2025\/06\/HAJSMANOVA_Ruzena_KANCELAR_INTERIEROVEHO_DESIGNERA_pudorys-2048x1923.jpg 2048w, https:\/\/www.design-award.cz\/wp-content\/uploads\/2025\/06\/HAJSMANOVA_Ruzena_KANCELAR_INTERIEROVEHO_DESIGNERA_pudorys-500x470.jpg 500w, https:\/\/www.design-award.cz\/wp-content\/uploads\/2025\/06\/HAJSMANOVA_Ruzena_KANCELAR_INTERIEROVEHO_DESIGNERA_pudorys-800x751.jpg 800w, https:\/\/www.design-award.cz\/wp-content\/uploads\/2025\/06\/HAJSMANOVA_Ruzena_KANCELAR_INTERIEROVEHO_DESIGNERA_pudorys-1280x1202.jpg 1280w, https:\/\/www.design-award.cz\/wp-content\/uploads\/2025\/06\/HAJSMANOVA_Ruzena_KANCELAR_INTERIEROVEHO_DESIGNERA_pudorys-1920x1803.jpg 1920w\" data-sizes=\"(max-width: 1024px) 100vw, 1024px\" src=\"data:image\/svg+xml;base64,PHN2ZyB3aWR0aD0iMSIgaGVpZ2h0PSIxIiB4bWxucz0iaHR0cDovL3d3dy53My5vcmcvMjAwMC9zdmciPjwvc3ZnPg==\" style=\"--smush-placeholder-width: 1024px; --smush-placeholder-aspect-ratio: 1024\/962;\" \/><\/figure>\n","protected":false},"excerpt":{"rendered":"<p>R\u016f\u017eena Haj\u0161manov\u00e1 SO\u0160 obchodu, u\u017eit\u00e9ho um\u011bn\u00ed a designu, Nerudova 33, Plze\u0148 Zad\u00e1n\u00ed vych\u00e1zelo z po\u017eadavku vytvo\u0159it vizualizace kancel\u00e1\u0159\u00ed vlastn\u00edho interi\u00e9rov\u00e9ho studia, kter\u00e9 maj\u00ed b\u00fdtosobit\u00e9 a odli\u0161n\u00e9 od b\u011b\u017en\u00fdch pracovn\u00edch prostor. C\u00edlem bylo navrhnout origin\u00e1ln\u00ed interi\u00e9r bez nutnostipou\u017eit\u00ed drah\u00e9ho n\u00e1bytku, s d\u016frazem na n\u00e1pad a charakter prostoru, nikoli pouze na slad\u011bn\u00ed barev \u010dimateri\u00e1l\u016f. Po\u017eadov\u00e1no bylo zahrnout [&hellip;]<\/p>\n","protected":false},"author":2,"featured_media":5585,"menu_order":0,"comment_status":"closed","ping_status":"closed","template":"","format":"standard","meta":{"ngg_post_thumbnail":0,"ocean_post_layout":"","ocean_both_sidebars_style":"","ocean_both_sidebars_content_width":0,"ocean_both_sidebars_sidebars_width":0,"ocean_sidebar":"","ocean_second_sidebar":"","ocean_disable_margins":"enable","ocean_add_body_class":"","ocean_shortcode_before_top_bar":"","ocean_shortcode_after_top_bar":"","ocean_shortcode_before_header":"","ocean_shortcode_after_header":"","ocean_has_shortcode":"","ocean_shortcode_after_title":"","ocean_shortcode_before_footer_widgets":"","ocean_shortcode_after_footer_widgets":"","ocean_shortcode_before_footer_bottom":"","ocean_shortcode_after_footer_bottom":"","ocean_display_top_bar":"default","ocean_display_header":"default","ocean_header_style":"","ocean_center_header_left_menu":"","ocean_custom_header_template":"","ocean_custom_logo":0,"ocean_custom_retina_logo":0,"ocean_custom_logo_max_width":0,"ocean_custom_logo_tablet_max_width":0,"ocean_custom_logo_mobile_max_width":0,"ocean_custom_logo_max_height":0,"ocean_custom_logo_tablet_max_height":0,"ocean_custom_logo_mobile_max_height":0,"ocean_header_custom_menu":"","ocean_menu_typo_font_family":"","ocean_menu_typo_font_subset":"","ocean_menu_typo_font_size":0,"ocean_menu_typo_font_size_tablet":0,"ocean_menu_typo_font_size_mobile":0,"ocean_menu_typo_font_size_unit":"px","ocean_menu_typo_font_weight":"","ocean_menu_typo_font_weight_tablet":"","ocean_menu_typo_font_weight_mobile":"","ocean_menu_typo_transform":"","ocean_menu_typo_transform_tablet":"","ocean_menu_typo_transform_mobile":"","ocean_menu_typo_line_height":0,"ocean_menu_typo_line_height_tablet":0,"ocean_menu_typo_line_height_mobile":0,"ocean_menu_typo_line_height_unit":"","ocean_menu_typo_spacing":0,"ocean_menu_typo_spacing_tablet":0,"ocean_menu_typo_spacing_mobile":0,"ocean_menu_typo_spacing_unit":"","ocean_menu_link_color":"","ocean_menu_link_color_hover":"","ocean_menu_link_color_active":"","ocean_menu_link_background":"","ocean_menu_link_hover_background":"","ocean_menu_link_active_background":"","ocean_menu_social_links_bg":"","ocean_menu_social_hover_links_bg":"","ocean_menu_social_links_color":"","ocean_menu_social_hover_links_color":"","ocean_disable_title":"default","ocean_disable_heading":"default","ocean_post_title":"","ocean_post_subheading":"","ocean_post_title_style":"","ocean_post_title_background_color":"","ocean_post_title_background":0,"ocean_post_title_bg_image_position":"","ocean_post_title_bg_image_attachment":"","ocean_post_title_bg_image_repeat":"","ocean_post_title_bg_image_size":"","ocean_post_title_height":0,"ocean_post_title_bg_overlay":0.5,"ocean_post_title_bg_overlay_color":"","ocean_disable_breadcrumbs":"default","ocean_breadcrumbs_color":"","ocean_breadcrumbs_separator_color":"","ocean_breadcrumbs_links_color":"","ocean_breadcrumbs_links_hover_color":"","ocean_display_footer_widgets":"default","ocean_display_footer_bottom":"default","ocean_custom_footer_template":"","_vp_format_video_url":"","_vp_image_focal_point":[],"footnotes":""},"portfolio_category":[],"portfolio_tag":[],"class_list":["post-5569","portfolio","type-portfolio","status-publish","format-standard","has-post-thumbnail","hentry","entry","has-media"],"yoast_head":"<!-- This site is optimized with the Yoast SEO plugin v25.2 - https:\/\/yoast.com\/wordpress\/plugins\/seo\/ -->\n<title>Interi\u00e9rov\u00fd design - Studio interi\u00e9rov\u00e9ho design\u00e9ra - design-award.cz<\/title>\n<meta name=\"robots\" content=\"index, follow, max-snippet:-1, max-image-preview:large, max-video-preview:-1\" \/>\n<link rel=\"canonical\" href=\"https:\/\/www.design-award.cz\/?portfolio=interierovy-design-studio-interieroveho-designera\" \/>\n<meta property=\"og:locale\" content=\"cs_CZ\" \/>\n<meta property=\"og:type\" content=\"article\" \/>\n<meta property=\"og:title\" content=\"Interi\u00e9rov\u00fd design - Studio interi\u00e9rov\u00e9ho design\u00e9ra - design-award.cz\" \/>\n<meta property=\"og:description\" content=\"R\u016f\u017eena Haj\u0161manov\u00e1 SO\u0160 obchodu, u\u017eit\u00e9ho um\u011bn\u00ed a designu, Nerudova 33, Plze\u0148 Zad\u00e1n\u00ed vych\u00e1zelo z po\u017eadavku vytvo\u0159it vizualizace kancel\u00e1\u0159\u00ed vlastn\u00edho interi\u00e9rov\u00e9ho studia, kter\u00e9 maj\u00ed b\u00fdtosobit\u00e9 a odli\u0161n\u00e9 od b\u011b\u017en\u00fdch pracovn\u00edch prostor. C\u00edlem bylo navrhnout origin\u00e1ln\u00ed interi\u00e9r bez nutnostipou\u017eit\u00ed drah\u00e9ho n\u00e1bytku, s d\u016frazem na n\u00e1pad a charakter prostoru, nikoli pouze na slad\u011bn\u00ed barev \u010dimateri\u00e1l\u016f. Po\u017eadov\u00e1no bylo zahrnout [&hellip;]\" \/>\n<meta property=\"og:url\" content=\"https:\/\/www.design-award.cz\/?portfolio=interierovy-design-studio-interieroveho-designera\" \/>\n<meta property=\"og:site_name\" content=\"design-award.cz\" \/>\n<meta property=\"article:modified_time\" content=\"2025-06-30T21:49:02+00:00\" \/>\n<meta property=\"og:image\" content=\"http:\/\/www.design-award.cz\/wp-content\/uploads\/2025\/06\/HAJSMANOVA_Ruzena_KANCELAR_INTERIEROVEHO_DESIGNERA_showroom.jpg\" \/>\n\t<meta property=\"og:image:width\" content=\"2112\" \/>\n\t<meta property=\"og:image:height\" content=\"1408\" \/>\n\t<meta property=\"og:image:type\" content=\"image\/jpeg\" \/>\n<meta name=\"twitter:card\" content=\"summary_large_image\" \/>\n<meta name=\"twitter:label1\" content=\"Odhadovan\u00e1 doba \u010dten\u00ed\" \/>\n\t<meta name=\"twitter:data1\" content=\"2 minuty\" \/>\n<script type=\"application\/ld+json\" class=\"yoast-schema-graph\">{\"@context\":\"https:\/\/schema.org\",\"@graph\":[{\"@type\":\"WebPage\",\"@id\":\"https:\/\/www.design-award.cz\/?portfolio=interierovy-design-studio-interieroveho-designera\",\"url\":\"https:\/\/www.design-award.cz\/?portfolio=interierovy-design-studio-interieroveho-designera\",\"name\":\"Interi\u00e9rov\u00fd design - Studio interi\u00e9rov\u00e9ho design\u00e9ra - design-award.cz\",\"isPartOf\":{\"@id\":\"https:\/\/www.design-award.cz\/#website\"},\"primaryImageOfPage\":{\"@id\":\"https:\/\/www.design-award.cz\/?portfolio=interierovy-design-studio-interieroveho-designera#primaryimage\"},\"image\":{\"@id\":\"https:\/\/www.design-award.cz\/?portfolio=interierovy-design-studio-interieroveho-designera#primaryimage\"},\"thumbnailUrl\":\"https:\/\/www.design-award.cz\/wp-content\/uploads\/2025\/06\/HAJSMANOVA_Ruzena_KANCELAR_INTERIEROVEHO_DESIGNERA_showroom.jpg\",\"datePublished\":\"2025-06-30T21:46:58+00:00\",\"dateModified\":\"2025-06-30T21:49:02+00:00\",\"breadcrumb\":{\"@id\":\"https:\/\/www.design-award.cz\/?portfolio=interierovy-design-studio-interieroveho-designera#breadcrumb\"},\"inLanguage\":\"cs\",\"potentialAction\":[{\"@type\":\"ReadAction\",\"target\":[\"https:\/\/www.design-award.cz\/?portfolio=interierovy-design-studio-interieroveho-designera\"]}]},{\"@type\":\"ImageObject\",\"inLanguage\":\"cs\",\"@id\":\"https:\/\/www.design-award.cz\/?portfolio=interierovy-design-studio-interieroveho-designera#primaryimage\",\"url\":\"https:\/\/www.design-award.cz\/wp-content\/uploads\/2025\/06\/HAJSMANOVA_Ruzena_KANCELAR_INTERIEROVEHO_DESIGNERA_showroom.jpg\",\"contentUrl\":\"https:\/\/www.design-award.cz\/wp-content\/uploads\/2025\/06\/HAJSMANOVA_Ruzena_KANCELAR_INTERIEROVEHO_DESIGNERA_showroom.jpg\",\"width\":2112,\"height\":1408},{\"@type\":\"BreadcrumbList\",\"@id\":\"https:\/\/www.design-award.cz\/?portfolio=interierovy-design-studio-interieroveho-designera#breadcrumb\",\"itemListElement\":[{\"@type\":\"ListItem\",\"position\":1,\"name\":\"Dom\u016f\",\"item\":\"https:\/\/www.design-award.cz\/\"},{\"@type\":\"ListItem\",\"position\":2,\"name\":\"Portfolio Items\",\"item\":\"https:\/\/www.design-award.cz\/?post_type=portfolio\"},{\"@type\":\"ListItem\",\"position\":3,\"name\":\"Interi\u00e9rov\u00fd design &#8211; Studio interi\u00e9rov\u00e9ho design\u00e9ra\"}]},{\"@type\":\"WebSite\",\"@id\":\"https:\/\/www.design-award.cz\/#website\",\"url\":\"https:\/\/www.design-award.cz\/\",\"name\":\"design-award.cz\",\"description\":\"WARD vznikla v roce 2022. Je ur\u010dena p\u0159edev\u0161\u00edm student\u016fm st\u0159edn\u00edch um\u011bleck\u00fdch \u0161kol (S\u0160 a VO\u0160), kte\u0159\u00ed mohou bezplatn\u011b zaslat sv\u00e9 n\u00e1vrhy v uveden\u00fdch kategori\u00ed a tak pom\u011b\u0159it sv\u00e9 n\u00e1pady s konkurenc\u00ed sv\u00fdch vrstevn\u00edk\u016f. N\u00e1vrhy jsou n\u00e1sledn\u011b posouzeny nez\u00e1vislou porotou z \u0159ad v\u00fdtvarn\u00edk\u016f, pedagog\u016f a profesion\u00e1l\u016f z oboru.\",\"publisher\":{\"@id\":\"https:\/\/www.design-award.cz\/#organization\"},\"potentialAction\":[{\"@type\":\"SearchAction\",\"target\":{\"@type\":\"EntryPoint\",\"urlTemplate\":\"https:\/\/www.design-award.cz\/?s={search_term_string}\"},\"query-input\":{\"@type\":\"PropertyValueSpecification\",\"valueRequired\":true,\"valueName\":\"search_term_string\"}}],\"inLanguage\":\"cs\"},{\"@type\":\"Organization\",\"@id\":\"https:\/\/www.design-award.cz\/#organization\",\"name\":\"Design Award\",\"url\":\"https:\/\/www.design-award.cz\/\",\"logo\":{\"@type\":\"ImageObject\",\"inLanguage\":\"cs\",\"@id\":\"https:\/\/www.design-award.cz\/#\/schema\/logo\/image\/\",\"url\":\"http:\/\/www.design-award.cz\/wp-content\/uploads\/2021\/12\/hornilogo_design-award.png\",\"contentUrl\":\"http:\/\/www.design-award.cz\/wp-content\/uploads\/2021\/12\/hornilogo_design-award.png\",\"width\":800,\"height\":600,\"caption\":\"Design Award\"},\"image\":{\"@id\":\"https:\/\/www.design-award.cz\/#\/schema\/logo\/image\/\"},\"sameAs\":[\"https:\/\/www.instagram.com\/design_award\/\"]}]}<\/script>\n<!-- \/ Yoast SEO plugin. -->","yoast_head_json":{"title":"Interi\u00e9rov\u00fd design - Studio interi\u00e9rov\u00e9ho design\u00e9ra - design-award.cz","robots":{"index":"index","follow":"follow","max-snippet":"max-snippet:-1","max-image-preview":"max-image-preview:large","max-video-preview":"max-video-preview:-1"},"canonical":"https:\/\/www.design-award.cz\/?portfolio=interierovy-design-studio-interieroveho-designera","og_locale":"cs_CZ","og_type":"article","og_title":"Interi\u00e9rov\u00fd design - Studio interi\u00e9rov\u00e9ho design\u00e9ra - design-award.cz","og_description":"R\u016f\u017eena Haj\u0161manov\u00e1 SO\u0160 obchodu, u\u017eit\u00e9ho um\u011bn\u00ed a designu, Nerudova 33, Plze\u0148 Zad\u00e1n\u00ed vych\u00e1zelo z po\u017eadavku vytvo\u0159it vizualizace kancel\u00e1\u0159\u00ed vlastn\u00edho interi\u00e9rov\u00e9ho studia, kter\u00e9 maj\u00ed b\u00fdtosobit\u00e9 a odli\u0161n\u00e9 od b\u011b\u017en\u00fdch pracovn\u00edch prostor. C\u00edlem bylo navrhnout origin\u00e1ln\u00ed interi\u00e9r bez nutnostipou\u017eit\u00ed drah\u00e9ho n\u00e1bytku, s d\u016frazem na n\u00e1pad a charakter prostoru, nikoli pouze na slad\u011bn\u00ed barev \u010dimateri\u00e1l\u016f. Po\u017eadov\u00e1no bylo zahrnout [&hellip;]","og_url":"https:\/\/www.design-award.cz\/?portfolio=interierovy-design-studio-interieroveho-designera","og_site_name":"design-award.cz","article_modified_time":"2025-06-30T21:49:02+00:00","og_image":[{"width":2112,"height":1408,"url":"http:\/\/www.design-award.cz\/wp-content\/uploads\/2025\/06\/HAJSMANOVA_Ruzena_KANCELAR_INTERIEROVEHO_DESIGNERA_showroom.jpg","type":"image\/jpeg"}],"twitter_card":"summary_large_image","twitter_misc":{"Odhadovan\u00e1 doba \u010dten\u00ed":"2 minuty"},"schema":{"@context":"https:\/\/schema.org","@graph":[{"@type":"WebPage","@id":"https:\/\/www.design-award.cz\/?portfolio=interierovy-design-studio-interieroveho-designera","url":"https:\/\/www.design-award.cz\/?portfolio=interierovy-design-studio-interieroveho-designera","name":"Interi\u00e9rov\u00fd design - Studio interi\u00e9rov\u00e9ho design\u00e9ra - design-award.cz","isPartOf":{"@id":"https:\/\/www.design-award.cz\/#website"},"primaryImageOfPage":{"@id":"https:\/\/www.design-award.cz\/?portfolio=interierovy-design-studio-interieroveho-designera#primaryimage"},"image":{"@id":"https:\/\/www.design-award.cz\/?portfolio=interierovy-design-studio-interieroveho-designera#primaryimage"},"thumbnailUrl":"https:\/\/www.design-award.cz\/wp-content\/uploads\/2025\/06\/HAJSMANOVA_Ruzena_KANCELAR_INTERIEROVEHO_DESIGNERA_showroom.jpg","datePublished":"2025-06-30T21:46:58+00:00","dateModified":"2025-06-30T21:49:02+00:00","breadcrumb":{"@id":"https:\/\/www.design-award.cz\/?portfolio=interierovy-design-studio-interieroveho-designera#breadcrumb"},"inLanguage":"cs","potentialAction":[{"@type":"ReadAction","target":["https:\/\/www.design-award.cz\/?portfolio=interierovy-design-studio-interieroveho-designera"]}]},{"@type":"ImageObject","inLanguage":"cs","@id":"https:\/\/www.design-award.cz\/?portfolio=interierovy-design-studio-interieroveho-designera#primaryimage","url":"https:\/\/www.design-award.cz\/wp-content\/uploads\/2025\/06\/HAJSMANOVA_Ruzena_KANCELAR_INTERIEROVEHO_DESIGNERA_showroom.jpg","contentUrl":"https:\/\/www.design-award.cz\/wp-content\/uploads\/2025\/06\/HAJSMANOVA_Ruzena_KANCELAR_INTERIEROVEHO_DESIGNERA_showroom.jpg","width":2112,"height":1408},{"@type":"BreadcrumbList","@id":"https:\/\/www.design-award.cz\/?portfolio=interierovy-design-studio-interieroveho-designera#breadcrumb","itemListElement":[{"@type":"ListItem","position":1,"name":"Dom\u016f","item":"https:\/\/www.design-award.cz\/"},{"@type":"ListItem","position":2,"name":"Portfolio Items","item":"https:\/\/www.design-award.cz\/?post_type=portfolio"},{"@type":"ListItem","position":3,"name":"Interi\u00e9rov\u00fd design &#8211; Studio interi\u00e9rov\u00e9ho design\u00e9ra"}]},{"@type":"WebSite","@id":"https:\/\/www.design-award.cz\/#website","url":"https:\/\/www.design-award.cz\/","name":"design-award.cz","description":"WARD vznikla v roce 2022. Je ur\u010dena p\u0159edev\u0161\u00edm student\u016fm st\u0159edn\u00edch um\u011bleck\u00fdch \u0161kol (S\u0160 a VO\u0160), kte\u0159\u00ed mohou bezplatn\u011b zaslat sv\u00e9 n\u00e1vrhy v uveden\u00fdch kategori\u00ed a tak pom\u011b\u0159it sv\u00e9 n\u00e1pady s konkurenc\u00ed sv\u00fdch vrstevn\u00edk\u016f. N\u00e1vrhy jsou n\u00e1sledn\u011b posouzeny nez\u00e1vislou porotou z \u0159ad v\u00fdtvarn\u00edk\u016f, pedagog\u016f a profesion\u00e1l\u016f z oboru.","publisher":{"@id":"https:\/\/www.design-award.cz\/#organization"},"potentialAction":[{"@type":"SearchAction","target":{"@type":"EntryPoint","urlTemplate":"https:\/\/www.design-award.cz\/?s={search_term_string}"},"query-input":{"@type":"PropertyValueSpecification","valueRequired":true,"valueName":"search_term_string"}}],"inLanguage":"cs"},{"@type":"Organization","@id":"https:\/\/www.design-award.cz\/#organization","name":"Design Award","url":"https:\/\/www.design-award.cz\/","logo":{"@type":"ImageObject","inLanguage":"cs","@id":"https:\/\/www.design-award.cz\/#\/schema\/logo\/image\/","url":"http:\/\/www.design-award.cz\/wp-content\/uploads\/2021\/12\/hornilogo_design-award.png","contentUrl":"http:\/\/www.design-award.cz\/wp-content\/uploads\/2021\/12\/hornilogo_design-award.png","width":800,"height":600,"caption":"Design Award"},"image":{"@id":"https:\/\/www.design-award.cz\/#\/schema\/logo\/image\/"},"sameAs":["https:\/\/www.instagram.com\/design_award\/"]}]}},"_links":{"self":[{"href":"https:\/\/www.design-award.cz\/index.php?rest_route=\/wp\/v2\/portfolio\/5569","targetHints":{"allow":["GET"]}}],"collection":[{"href":"https:\/\/www.design-award.cz\/index.php?rest_route=\/wp\/v2\/portfolio"}],"about":[{"href":"https:\/\/www.design-award.cz\/index.php?rest_route=\/wp\/v2\/types\/portfolio"}],"author":[{"embeddable":true,"href":"https:\/\/www.design-award.cz\/index.php?rest_route=\/wp\/v2\/users\/2"}],"replies":[{"embeddable":true,"href":"https:\/\/www.design-award.cz\/index.php?rest_route=%2Fwp%2Fv2%2Fcomments&post=5569"}],"version-history":[{"count":1,"href":"https:\/\/www.design-award.cz\/index.php?rest_route=\/wp\/v2\/portfolio\/5569\/revisions"}],"predecessor-version":[{"id":5587,"href":"https:\/\/www.design-award.cz\/index.php?rest_route=\/wp\/v2\/portfolio\/5569\/revisions\/5587"}],"wp:featuredmedia":[{"embeddable":true,"href":"https:\/\/www.design-award.cz\/index.php?rest_route=\/wp\/v2\/media\/5585"}],"wp:attachment":[{"href":"https:\/\/www.design-award.cz\/index.php?rest_route=%2Fwp%2Fv2%2Fmedia&parent=5569"}],"wp:term":[{"taxonomy":"portfolio_category","embeddable":true,"href":"https:\/\/www.design-award.cz\/index.php?rest_route=%2Fwp%2Fv2%2Fportfolio_category&post=5569"},{"taxonomy":"portfolio_tag","embeddable":true,"href":"https:\/\/www.design-award.cz\/index.php?rest_route=%2Fwp%2Fv2%2Fportfolio_tag&post=5569"}],"curies":[{"name":"wp","href":"https:\/\/api.w.org\/{rel}","templated":true}]}}