{"id":5606,"date":"2025-07-01T13:30:41","date_gmt":"2025-07-01T13:30:41","guid":{"rendered":"https:\/\/www.design-award.cz\/?post_type=portfolio&#038;p=5606"},"modified":"2025-07-01T13:30:42","modified_gmt":"2025-07-01T13:30:42","slug":"interierovy-design-spolecensky-prostor-do-skolni-zahrady","status":"publish","type":"portfolio","link":"https:\/\/www.design-award.cz\/?portfolio=interierovy-design-spolecensky-prostor-do-skolni-zahrady","title":{"rendered":"Interi\u00e9rov\u00fd design &#8211; SPOLE\u010cENSK\u00dd PROSTOR DO \u0160KOLN\u00cd ZAHRADY"},"content":{"rendered":"\n<p>Mariana Kon\u0161tiakov\u00e1 a Zuzana Havelkov\u00e1<\/p>\n\n\n\n<p>MICHAEL &#8211; S\u0160 a VO\u0160 reklamn\u00ed a um\u011bleck\u00e9 tvorby, s.r.o.<\/p>\n\n\n\n<p>Tento n\u00e1vrh vznikl jako zp\u016fsob, jak obohatit \u0161koln\u00ed zahradu o prostor, kter\u00fd by bylo mo\u017en\u00e9 vyu\u017e\u00edvat jak k odpo\u010dinku, tak i ke vzd\u011bl\u00e1vac\u00edm aktivit\u00e1m.<br>Vzhledem k n\u00edzk\u00e9 kapacit\u011b st\u00e1vaj\u00edc\u00edch lavi\u010dek a omezen\u00fdm mo\u017enostem pro venkovn\u00ed v\u00fduku nebo neform\u00e1ln\u00ed setk\u00e1v\u00e1n\u00ed student\u016f i u\u010ditel\u016f, by tento prostor p\u0159inesl nov\u00e9 mo\u017enosti vyu\u017eit\u00ed. Navr\u017een\u00e9 d\u0159ev\u011bn\u00e9 konstrukce se zav\u011b\u0161en\u00fdmi s\u00edt\u011bmi umo\u017e\u0148uj\u00ed pohodln\u00e9 sezen\u00ed i le\u017een\u00ed, a daj\u00ed se tak vyu\u017e\u00edt jak k relaxaci mezi hodinami, tak t\u0159eba i ke skupinov\u00e9 pr\u00e1ci, \u010dten\u00ed<br>nebo klidn\u00e9 v\u00fduce venku. N\u011bkter\u00e9 prvky maj\u00ed i praktick\u00fd \u00falo\u017en\u00fd prostor na deky nebo pol\u0161t\u00e1\u0159ky, d\u00edky \u010demu\u017e lze prostor vyu\u017e\u00edt i v chladn\u011bj\u0161\u00edm po\u010das\u00ed. <\/p>\n\n\n\n<p>Cel\u00fd n\u00e1vrh je navr\u017een tak, aby p\u0159irozen\u011b zapadl do prost\u0159ed\u00ed zahrady.<\/p>\n\n\n\n<figure class=\"wp-block-image size-large\"><img decoding=\"async\" width=\"724\" height=\"1024\" data-src=\"http:\/\/www.design-award.cz\/wp-content\/uploads\/2025\/07\/Zahrada_Konstiakova_Havelkova-724x1024.jpg\" alt=\"\" class=\"wp-image-5644 lazyload\" data-srcset=\"https:\/\/www.design-award.cz\/wp-content\/uploads\/2025\/07\/Zahrada_Konstiakova_Havelkova-724x1024.jpg 724w, https:\/\/www.design-award.cz\/wp-content\/uploads\/2025\/07\/Zahrada_Konstiakova_Havelkova-212x300.jpg 212w, https:\/\/www.design-award.cz\/wp-content\/uploads\/2025\/07\/Zahrada_Konstiakova_Havelkova-768x1086.jpg 768w, https:\/\/www.design-award.cz\/wp-content\/uploads\/2025\/07\/Zahrada_Konstiakova_Havelkova-1086x1536.jpg 1086w, https:\/\/www.design-award.cz\/wp-content\/uploads\/2025\/07\/Zahrada_Konstiakova_Havelkova-1448x2048.jpg 1448w, https:\/\/www.design-award.cz\/wp-content\/uploads\/2025\/07\/Zahrada_Konstiakova_Havelkova-500x707.jpg 500w, https:\/\/www.design-award.cz\/wp-content\/uploads\/2025\/07\/Zahrada_Konstiakova_Havelkova-800x1132.jpg 800w, https:\/\/www.design-award.cz\/wp-content\/uploads\/2025\/07\/Zahrada_Konstiakova_Havelkova-1280x1811.jpg 1280w, https:\/\/www.design-award.cz\/wp-content\/uploads\/2025\/07\/Zahrada_Konstiakova_Havelkova.jpg 1500w\" data-sizes=\"(max-width: 724px) 100vw, 724px\" src=\"data:image\/svg+xml;base64,PHN2ZyB3aWR0aD0iMSIgaGVpZ2h0PSIxIiB4bWxucz0iaHR0cDovL3d3dy53My5vcmcvMjAwMC9zdmciPjwvc3ZnPg==\" style=\"--smush-placeholder-width: 724px; --smush-placeholder-aspect-ratio: 724\/1024;\" \/><\/figure>\n\n\n\n<figure class=\"wp-block-image size-full\"><img decoding=\"async\" width=\"861\" height=\"682\" data-src=\"http:\/\/www.design-award.cz\/wp-content\/uploads\/2025\/07\/havel4.png\" alt=\"\" class=\"wp-image-5645 lazyload\" data-srcset=\"https:\/\/www.design-award.cz\/wp-content\/uploads\/2025\/07\/havel4.png 861w, https:\/\/www.design-award.cz\/wp-content\/uploads\/2025\/07\/havel4-300x238.png 300w, https:\/\/www.design-award.cz\/wp-content\/uploads\/2025\/07\/havel4-768x608.png 768w, https:\/\/www.design-award.cz\/wp-content\/uploads\/2025\/07\/havel4-500x396.png 500w, https:\/\/www.design-award.cz\/wp-content\/uploads\/2025\/07\/havel4-800x634.png 800w\" data-sizes=\"(max-width: 861px) 100vw, 861px\" src=\"data:image\/svg+xml;base64,PHN2ZyB3aWR0aD0iMSIgaGVpZ2h0PSIxIiB4bWxucz0iaHR0cDovL3d3dy53My5vcmcvMjAwMC9zdmciPjwvc3ZnPg==\" style=\"--smush-placeholder-width: 861px; --smush-placeholder-aspect-ratio: 861\/682;\" \/><\/figure>\n\n\n\n<figure class=\"wp-block-image size-large\"><img decoding=\"async\" width=\"1024\" height=\"650\" data-src=\"http:\/\/www.design-award.cz\/wp-content\/uploads\/2025\/07\/havel2-1024x650.png\" alt=\"\" class=\"wp-image-5642 lazyload\" data-srcset=\"https:\/\/www.design-award.cz\/wp-content\/uploads\/2025\/07\/havel2-1024x650.png 1024w, https:\/\/www.design-award.cz\/wp-content\/uploads\/2025\/07\/havel2-300x190.png 300w, https:\/\/www.design-award.cz\/wp-content\/uploads\/2025\/07\/havel2-768x487.png 768w, https:\/\/www.design-award.cz\/wp-content\/uploads\/2025\/07\/havel2-500x317.png 500w, https:\/\/www.design-award.cz\/wp-content\/uploads\/2025\/07\/havel2-800x508.png 800w, https:\/\/www.design-award.cz\/wp-content\/uploads\/2025\/07\/havel2-1280x812.png 1280w, https:\/\/www.design-award.cz\/wp-content\/uploads\/2025\/07\/havel2.png 1305w\" data-sizes=\"(max-width: 1024px) 100vw, 1024px\" src=\"data:image\/svg+xml;base64,PHN2ZyB3aWR0aD0iMSIgaGVpZ2h0PSIxIiB4bWxucz0iaHR0cDovL3d3dy53My5vcmcvMjAwMC9zdmciPjwvc3ZnPg==\" style=\"--smush-placeholder-width: 1024px; --smush-placeholder-aspect-ratio: 1024\/650;\" \/><\/figure>\n\n\n\n<figure class=\"wp-block-image size-full\"><img decoding=\"async\" width=\"982\" height=\"942\" data-src=\"http:\/\/www.design-award.cz\/wp-content\/uploads\/2025\/07\/havel3.png\" alt=\"\" class=\"wp-image-5646 lazyload\" data-srcset=\"https:\/\/www.design-award.cz\/wp-content\/uploads\/2025\/07\/havel3.png 982w, https:\/\/www.design-award.cz\/wp-content\/uploads\/2025\/07\/havel3-300x288.png 300w, https:\/\/www.design-award.cz\/wp-content\/uploads\/2025\/07\/havel3-768x737.png 768w, https:\/\/www.design-award.cz\/wp-content\/uploads\/2025\/07\/havel3-500x480.png 500w, https:\/\/www.design-award.cz\/wp-content\/uploads\/2025\/07\/havel3-800x767.png 800w\" data-sizes=\"(max-width: 982px) 100vw, 982px\" src=\"data:image\/svg+xml;base64,PHN2ZyB3aWR0aD0iMSIgaGVpZ2h0PSIxIiB4bWxucz0iaHR0cDovL3d3dy53My5vcmcvMjAwMC9zdmciPjwvc3ZnPg==\" style=\"--smush-placeholder-width: 982px; --smush-placeholder-aspect-ratio: 982\/942;\" \/><\/figure>\n","protected":false},"excerpt":{"rendered":"<p>Mariana Kon\u0161tiakov\u00e1 a Zuzana Havelkov\u00e1 MICHAEL &#8211; S\u0160 a VO\u0160 reklamn\u00ed a um\u011bleck\u00e9 tvorby, s.r.o. Tento n\u00e1vrh vznikl jako zp\u016fsob, jak obohatit \u0161koln\u00ed zahradu o prostor, kter\u00fd by bylo mo\u017en\u00e9 vyu\u017e\u00edvat jak k odpo\u010dinku, tak i ke vzd\u011bl\u00e1vac\u00edm aktivit\u00e1m.Vzhledem k n\u00edzk\u00e9 kapacit\u011b st\u00e1vaj\u00edc\u00edch lavi\u010dek a omezen\u00fdm mo\u017enostem pro venkovn\u00ed v\u00fduku nebo neform\u00e1ln\u00ed setk\u00e1v\u00e1n\u00ed student\u016f i [&hellip;]<\/p>\n","protected":false},"author":2,"featured_media":5643,"menu_order":0,"comment_status":"closed","ping_status":"closed","template":"","format":"standard","meta":{"ngg_post_thumbnail":0,"ocean_post_layout":"","ocean_both_sidebars_style":"","ocean_both_sidebars_content_width":0,"ocean_both_sidebars_sidebars_width":0,"ocean_sidebar":"","ocean_second_sidebar":"","ocean_disable_margins":"enable","ocean_add_body_class":"","ocean_shortcode_before_top_bar":"","ocean_shortcode_after_top_bar":"","ocean_shortcode_before_header":"","ocean_shortcode_after_header":"","ocean_has_shortcode":"","ocean_shortcode_after_title":"","ocean_shortcode_before_footer_widgets":"","ocean_shortcode_after_footer_widgets":"","ocean_shortcode_before_footer_bottom":"","ocean_shortcode_after_footer_bottom":"","ocean_display_top_bar":"default","ocean_display_header":"default","ocean_header_style":"","ocean_center_header_left_menu":"","ocean_custom_header_template":"","ocean_custom_logo":0,"ocean_custom_retina_logo":0,"ocean_custom_logo_max_width":0,"ocean_custom_logo_tablet_max_width":0,"ocean_custom_logo_mobile_max_width":0,"ocean_custom_logo_max_height":0,"ocean_custom_logo_tablet_max_height":0,"ocean_custom_logo_mobile_max_height":0,"ocean_header_custom_menu":"","ocean_menu_typo_font_family":"","ocean_menu_typo_font_subset":"","ocean_menu_typo_font_size":0,"ocean_menu_typo_font_size_tablet":0,"ocean_menu_typo_font_size_mobile":0,"ocean_menu_typo_font_size_unit":"px","ocean_menu_typo_font_weight":"","ocean_menu_typo_font_weight_tablet":"","ocean_menu_typo_font_weight_mobile":"","ocean_menu_typo_transform":"","ocean_menu_typo_transform_tablet":"","ocean_menu_typo_transform_mobile":"","ocean_menu_typo_line_height":0,"ocean_menu_typo_line_height_tablet":0,"ocean_menu_typo_line_height_mobile":0,"ocean_menu_typo_line_height_unit":"","ocean_menu_typo_spacing":0,"ocean_menu_typo_spacing_tablet":0,"ocean_menu_typo_spacing_mobile":0,"ocean_menu_typo_spacing_unit":"","ocean_menu_link_color":"","ocean_menu_link_color_hover":"","ocean_menu_link_color_active":"","ocean_menu_link_background":"","ocean_menu_link_hover_background":"","ocean_menu_link_active_background":"","ocean_menu_social_links_bg":"","ocean_menu_social_hover_links_bg":"","ocean_menu_social_links_color":"","ocean_menu_social_hover_links_color":"","ocean_disable_title":"default","ocean_disable_heading":"default","ocean_post_title":"","ocean_post_subheading":"","ocean_post_title_style":"","ocean_post_title_background_color":"","ocean_post_title_background":0,"ocean_post_title_bg_image_position":"","ocean_post_title_bg_image_attachment":"","ocean_post_title_bg_image_repeat":"","ocean_post_title_bg_image_size":"","ocean_post_title_height":0,"ocean_post_title_bg_overlay":0.5,"ocean_post_title_bg_overlay_color":"","ocean_disable_breadcrumbs":"default","ocean_breadcrumbs_color":"","ocean_breadcrumbs_separator_color":"","ocean_breadcrumbs_links_color":"","ocean_breadcrumbs_links_hover_color":"","ocean_display_footer_widgets":"default","ocean_display_footer_bottom":"default","ocean_custom_footer_template":"","_vp_format_video_url":"","_vp_image_focal_point":[],"footnotes":""},"portfolio_category":[],"portfolio_tag":[],"class_list":["post-5606","portfolio","type-portfolio","status-publish","format-standard","has-post-thumbnail","hentry","entry","has-media"],"yoast_head":"<!-- This site is optimized with the Yoast SEO plugin v25.2 - https:\/\/yoast.com\/wordpress\/plugins\/seo\/ -->\n<title>Interi\u00e9rov\u00fd design - SPOLE\u010cENSK\u00dd PROSTOR DO \u0160KOLN\u00cd ZAHRADY - design-award.cz<\/title>\n<meta name=\"robots\" content=\"index, follow, max-snippet:-1, max-image-preview:large, max-video-preview:-1\" \/>\n<link rel=\"canonical\" href=\"https:\/\/www.design-award.cz\/?portfolio=interierovy-design-spolecensky-prostor-do-skolni-zahrady\" \/>\n<meta property=\"og:locale\" content=\"cs_CZ\" \/>\n<meta property=\"og:type\" content=\"article\" \/>\n<meta property=\"og:title\" content=\"Interi\u00e9rov\u00fd design - SPOLE\u010cENSK\u00dd PROSTOR DO \u0160KOLN\u00cd ZAHRADY - design-award.cz\" \/>\n<meta property=\"og:description\" content=\"Mariana Kon\u0161tiakov\u00e1 a Zuzana Havelkov\u00e1 MICHAEL &#8211; S\u0160 a VO\u0160 reklamn\u00ed a um\u011bleck\u00e9 tvorby, s.r.o. Tento n\u00e1vrh vznikl jako zp\u016fsob, jak obohatit \u0161koln\u00ed zahradu o prostor, kter\u00fd by bylo mo\u017en\u00e9 vyu\u017e\u00edvat jak k odpo\u010dinku, tak i ke vzd\u011bl\u00e1vac\u00edm aktivit\u00e1m.Vzhledem k n\u00edzk\u00e9 kapacit\u011b st\u00e1vaj\u00edc\u00edch lavi\u010dek a omezen\u00fdm mo\u017enostem pro venkovn\u00ed v\u00fduku nebo neform\u00e1ln\u00ed setk\u00e1v\u00e1n\u00ed student\u016f i [&hellip;]\" \/>\n<meta property=\"og:url\" content=\"https:\/\/www.design-award.cz\/?portfolio=interierovy-design-spolecensky-prostor-do-skolni-zahrady\" \/>\n<meta property=\"og:site_name\" content=\"design-award.cz\" \/>\n<meta property=\"article:modified_time\" content=\"2025-07-01T13:30:42+00:00\" \/>\n<meta property=\"og:image\" content=\"http:\/\/www.design-award.cz\/wp-content\/uploads\/2025\/07\/havel1.png\" \/>\n\t<meta property=\"og:image:width\" content=\"1496\" \/>\n\t<meta property=\"og:image:height\" content=\"957\" \/>\n\t<meta property=\"og:image:type\" content=\"image\/png\" \/>\n<meta name=\"twitter:card\" content=\"summary_large_image\" \/>\n<meta name=\"twitter:label1\" content=\"Odhadovan\u00e1 doba \u010dten\u00ed\" \/>\n\t<meta name=\"twitter:data1\" content=\"2 minuty\" \/>\n<script type=\"application\/ld+json\" class=\"yoast-schema-graph\">{\"@context\":\"https:\/\/schema.org\",\"@graph\":[{\"@type\":\"WebPage\",\"@id\":\"https:\/\/www.design-award.cz\/?portfolio=interierovy-design-spolecensky-prostor-do-skolni-zahrady\",\"url\":\"https:\/\/www.design-award.cz\/?portfolio=interierovy-design-spolecensky-prostor-do-skolni-zahrady\",\"name\":\"Interi\u00e9rov\u00fd design - SPOLE\u010cENSK\u00dd PROSTOR DO \u0160KOLN\u00cd ZAHRADY - design-award.cz\",\"isPartOf\":{\"@id\":\"https:\/\/www.design-award.cz\/#website\"},\"primaryImageOfPage\":{\"@id\":\"https:\/\/www.design-award.cz\/?portfolio=interierovy-design-spolecensky-prostor-do-skolni-zahrady#primaryimage\"},\"image\":{\"@id\":\"https:\/\/www.design-award.cz\/?portfolio=interierovy-design-spolecensky-prostor-do-skolni-zahrady#primaryimage\"},\"thumbnailUrl\":\"https:\/\/www.design-award.cz\/wp-content\/uploads\/2025\/07\/havel1.png\",\"datePublished\":\"2025-07-01T13:30:41+00:00\",\"dateModified\":\"2025-07-01T13:30:42+00:00\",\"breadcrumb\":{\"@id\":\"https:\/\/www.design-award.cz\/?portfolio=interierovy-design-spolecensky-prostor-do-skolni-zahrady#breadcrumb\"},\"inLanguage\":\"cs\",\"potentialAction\":[{\"@type\":\"ReadAction\",\"target\":[\"https:\/\/www.design-award.cz\/?portfolio=interierovy-design-spolecensky-prostor-do-skolni-zahrady\"]}]},{\"@type\":\"ImageObject\",\"inLanguage\":\"cs\",\"@id\":\"https:\/\/www.design-award.cz\/?portfolio=interierovy-design-spolecensky-prostor-do-skolni-zahrady#primaryimage\",\"url\":\"https:\/\/www.design-award.cz\/wp-content\/uploads\/2025\/07\/havel1.png\",\"contentUrl\":\"https:\/\/www.design-award.cz\/wp-content\/uploads\/2025\/07\/havel1.png\",\"width\":1496,\"height\":957},{\"@type\":\"BreadcrumbList\",\"@id\":\"https:\/\/www.design-award.cz\/?portfolio=interierovy-design-spolecensky-prostor-do-skolni-zahrady#breadcrumb\",\"itemListElement\":[{\"@type\":\"ListItem\",\"position\":1,\"name\":\"Dom\u016f\",\"item\":\"https:\/\/www.design-award.cz\/\"},{\"@type\":\"ListItem\",\"position\":2,\"name\":\"Portfolio Items\",\"item\":\"https:\/\/www.design-award.cz\/?post_type=portfolio\"},{\"@type\":\"ListItem\",\"position\":3,\"name\":\"Interi\u00e9rov\u00fd design &#8211; SPOLE\u010cENSK\u00dd PROSTOR DO \u0160KOLN\u00cd ZAHRADY\"}]},{\"@type\":\"WebSite\",\"@id\":\"https:\/\/www.design-award.cz\/#website\",\"url\":\"https:\/\/www.design-award.cz\/\",\"name\":\"design-award.cz\",\"description\":\"WARD vznikla v roce 2022. Je ur\u010dena p\u0159edev\u0161\u00edm student\u016fm st\u0159edn\u00edch um\u011bleck\u00fdch \u0161kol (S\u0160 a VO\u0160), kte\u0159\u00ed mohou bezplatn\u011b zaslat sv\u00e9 n\u00e1vrhy v uveden\u00fdch kategori\u00ed a tak pom\u011b\u0159it sv\u00e9 n\u00e1pady s konkurenc\u00ed sv\u00fdch vrstevn\u00edk\u016f. N\u00e1vrhy jsou n\u00e1sledn\u011b posouzeny nez\u00e1vislou porotou z \u0159ad v\u00fdtvarn\u00edk\u016f, pedagog\u016f a profesion\u00e1l\u016f z oboru.\",\"publisher\":{\"@id\":\"https:\/\/www.design-award.cz\/#organization\"},\"potentialAction\":[{\"@type\":\"SearchAction\",\"target\":{\"@type\":\"EntryPoint\",\"urlTemplate\":\"https:\/\/www.design-award.cz\/?s={search_term_string}\"},\"query-input\":{\"@type\":\"PropertyValueSpecification\",\"valueRequired\":true,\"valueName\":\"search_term_string\"}}],\"inLanguage\":\"cs\"},{\"@type\":\"Organization\",\"@id\":\"https:\/\/www.design-award.cz\/#organization\",\"name\":\"Design Award\",\"url\":\"https:\/\/www.design-award.cz\/\",\"logo\":{\"@type\":\"ImageObject\",\"inLanguage\":\"cs\",\"@id\":\"https:\/\/www.design-award.cz\/#\/schema\/logo\/image\/\",\"url\":\"http:\/\/www.design-award.cz\/wp-content\/uploads\/2021\/12\/hornilogo_design-award.png\",\"contentUrl\":\"http:\/\/www.design-award.cz\/wp-content\/uploads\/2021\/12\/hornilogo_design-award.png\",\"width\":800,\"height\":600,\"caption\":\"Design Award\"},\"image\":{\"@id\":\"https:\/\/www.design-award.cz\/#\/schema\/logo\/image\/\"},\"sameAs\":[\"https:\/\/www.instagram.com\/design_award\/\"]}]}<\/script>\n<!-- \/ Yoast SEO plugin. -->","yoast_head_json":{"title":"Interi\u00e9rov\u00fd design - SPOLE\u010cENSK\u00dd PROSTOR DO \u0160KOLN\u00cd ZAHRADY - design-award.cz","robots":{"index":"index","follow":"follow","max-snippet":"max-snippet:-1","max-image-preview":"max-image-preview:large","max-video-preview":"max-video-preview:-1"},"canonical":"https:\/\/www.design-award.cz\/?portfolio=interierovy-design-spolecensky-prostor-do-skolni-zahrady","og_locale":"cs_CZ","og_type":"article","og_title":"Interi\u00e9rov\u00fd design - SPOLE\u010cENSK\u00dd PROSTOR DO \u0160KOLN\u00cd ZAHRADY - design-award.cz","og_description":"Mariana Kon\u0161tiakov\u00e1 a Zuzana Havelkov\u00e1 MICHAEL &#8211; S\u0160 a VO\u0160 reklamn\u00ed a um\u011bleck\u00e9 tvorby, s.r.o. Tento n\u00e1vrh vznikl jako zp\u016fsob, jak obohatit \u0161koln\u00ed zahradu o prostor, kter\u00fd by bylo mo\u017en\u00e9 vyu\u017e\u00edvat jak k odpo\u010dinku, tak i ke vzd\u011bl\u00e1vac\u00edm aktivit\u00e1m.Vzhledem k n\u00edzk\u00e9 kapacit\u011b st\u00e1vaj\u00edc\u00edch lavi\u010dek a omezen\u00fdm mo\u017enostem pro venkovn\u00ed v\u00fduku nebo neform\u00e1ln\u00ed setk\u00e1v\u00e1n\u00ed student\u016f i [&hellip;]","og_url":"https:\/\/www.design-award.cz\/?portfolio=interierovy-design-spolecensky-prostor-do-skolni-zahrady","og_site_name":"design-award.cz","article_modified_time":"2025-07-01T13:30:42+00:00","og_image":[{"width":1496,"height":957,"url":"http:\/\/www.design-award.cz\/wp-content\/uploads\/2025\/07\/havel1.png","type":"image\/png"}],"twitter_card":"summary_large_image","twitter_misc":{"Odhadovan\u00e1 doba \u010dten\u00ed":"2 minuty"},"schema":{"@context":"https:\/\/schema.org","@graph":[{"@type":"WebPage","@id":"https:\/\/www.design-award.cz\/?portfolio=interierovy-design-spolecensky-prostor-do-skolni-zahrady","url":"https:\/\/www.design-award.cz\/?portfolio=interierovy-design-spolecensky-prostor-do-skolni-zahrady","name":"Interi\u00e9rov\u00fd design - SPOLE\u010cENSK\u00dd PROSTOR DO \u0160KOLN\u00cd ZAHRADY - design-award.cz","isPartOf":{"@id":"https:\/\/www.design-award.cz\/#website"},"primaryImageOfPage":{"@id":"https:\/\/www.design-award.cz\/?portfolio=interierovy-design-spolecensky-prostor-do-skolni-zahrady#primaryimage"},"image":{"@id":"https:\/\/www.design-award.cz\/?portfolio=interierovy-design-spolecensky-prostor-do-skolni-zahrady#primaryimage"},"thumbnailUrl":"https:\/\/www.design-award.cz\/wp-content\/uploads\/2025\/07\/havel1.png","datePublished":"2025-07-01T13:30:41+00:00","dateModified":"2025-07-01T13:30:42+00:00","breadcrumb":{"@id":"https:\/\/www.design-award.cz\/?portfolio=interierovy-design-spolecensky-prostor-do-skolni-zahrady#breadcrumb"},"inLanguage":"cs","potentialAction":[{"@type":"ReadAction","target":["https:\/\/www.design-award.cz\/?portfolio=interierovy-design-spolecensky-prostor-do-skolni-zahrady"]}]},{"@type":"ImageObject","inLanguage":"cs","@id":"https:\/\/www.design-award.cz\/?portfolio=interierovy-design-spolecensky-prostor-do-skolni-zahrady#primaryimage","url":"https:\/\/www.design-award.cz\/wp-content\/uploads\/2025\/07\/havel1.png","contentUrl":"https:\/\/www.design-award.cz\/wp-content\/uploads\/2025\/07\/havel1.png","width":1496,"height":957},{"@type":"BreadcrumbList","@id":"https:\/\/www.design-award.cz\/?portfolio=interierovy-design-spolecensky-prostor-do-skolni-zahrady#breadcrumb","itemListElement":[{"@type":"ListItem","position":1,"name":"Dom\u016f","item":"https:\/\/www.design-award.cz\/"},{"@type":"ListItem","position":2,"name":"Portfolio Items","item":"https:\/\/www.design-award.cz\/?post_type=portfolio"},{"@type":"ListItem","position":3,"name":"Interi\u00e9rov\u00fd design &#8211; SPOLE\u010cENSK\u00dd PROSTOR DO \u0160KOLN\u00cd ZAHRADY"}]},{"@type":"WebSite","@id":"https:\/\/www.design-award.cz\/#website","url":"https:\/\/www.design-award.cz\/","name":"design-award.cz","description":"WARD vznikla v roce 2022. Je ur\u010dena p\u0159edev\u0161\u00edm student\u016fm st\u0159edn\u00edch um\u011bleck\u00fdch \u0161kol (S\u0160 a VO\u0160), kte\u0159\u00ed mohou bezplatn\u011b zaslat sv\u00e9 n\u00e1vrhy v uveden\u00fdch kategori\u00ed a tak pom\u011b\u0159it sv\u00e9 n\u00e1pady s konkurenc\u00ed sv\u00fdch vrstevn\u00edk\u016f. N\u00e1vrhy jsou n\u00e1sledn\u011b posouzeny nez\u00e1vislou porotou z \u0159ad v\u00fdtvarn\u00edk\u016f, pedagog\u016f a profesion\u00e1l\u016f z oboru.","publisher":{"@id":"https:\/\/www.design-award.cz\/#organization"},"potentialAction":[{"@type":"SearchAction","target":{"@type":"EntryPoint","urlTemplate":"https:\/\/www.design-award.cz\/?s={search_term_string}"},"query-input":{"@type":"PropertyValueSpecification","valueRequired":true,"valueName":"search_term_string"}}],"inLanguage":"cs"},{"@type":"Organization","@id":"https:\/\/www.design-award.cz\/#organization","name":"Design Award","url":"https:\/\/www.design-award.cz\/","logo":{"@type":"ImageObject","inLanguage":"cs","@id":"https:\/\/www.design-award.cz\/#\/schema\/logo\/image\/","url":"http:\/\/www.design-award.cz\/wp-content\/uploads\/2021\/12\/hornilogo_design-award.png","contentUrl":"http:\/\/www.design-award.cz\/wp-content\/uploads\/2021\/12\/hornilogo_design-award.png","width":800,"height":600,"caption":"Design Award"},"image":{"@id":"https:\/\/www.design-award.cz\/#\/schema\/logo\/image\/"},"sameAs":["https:\/\/www.instagram.com\/design_award\/"]}]}},"_links":{"self":[{"href":"https:\/\/www.design-award.cz\/index.php?rest_route=\/wp\/v2\/portfolio\/5606","targetHints":{"allow":["GET"]}}],"collection":[{"href":"https:\/\/www.design-award.cz\/index.php?rest_route=\/wp\/v2\/portfolio"}],"about":[{"href":"https:\/\/www.design-award.cz\/index.php?rest_route=\/wp\/v2\/types\/portfolio"}],"author":[{"embeddable":true,"href":"https:\/\/www.design-award.cz\/index.php?rest_route=\/wp\/v2\/users\/2"}],"replies":[{"embeddable":true,"href":"https:\/\/www.design-award.cz\/index.php?rest_route=%2Fwp%2Fv2%2Fcomments&post=5606"}],"version-history":[{"count":1,"href":"https:\/\/www.design-award.cz\/index.php?rest_route=\/wp\/v2\/portfolio\/5606\/revisions"}],"predecessor-version":[{"id":5647,"href":"https:\/\/www.design-award.cz\/index.php?rest_route=\/wp\/v2\/portfolio\/5606\/revisions\/5647"}],"wp:featuredmedia":[{"embeddable":true,"href":"https:\/\/www.design-award.cz\/index.php?rest_route=\/wp\/v2\/media\/5643"}],"wp:attachment":[{"href":"https:\/\/www.design-award.cz\/index.php?rest_route=%2Fwp%2Fv2%2Fmedia&parent=5606"}],"wp:term":[{"taxonomy":"portfolio_category","embeddable":true,"href":"https:\/\/www.design-award.cz\/index.php?rest_route=%2Fwp%2Fv2%2Fportfolio_category&post=5606"},{"taxonomy":"portfolio_tag","embeddable":true,"href":"https:\/\/www.design-award.cz\/index.php?rest_route=%2Fwp%2Fv2%2Fportfolio_tag&post=5606"}],"curies":[{"name":"wp","href":"https:\/\/api.w.org\/{rel}","templated":true}]}}