{"id":5607,"date":"2025-07-01T13:20:10","date_gmt":"2025-07-01T13:20:10","guid":{"rendered":"https:\/\/www.design-award.cz\/?post_type=portfolio&#038;p=5607"},"modified":"2025-07-01T13:20:11","modified_gmt":"2025-07-01T13:20:11","slug":"interierovy-design-rekonstrukce-zahrada-michael","status":"publish","type":"portfolio","link":"https:\/\/www.design-award.cz\/?portfolio=interierovy-design-rekonstrukce-zahrada-michael","title":{"rendered":"Interi\u00e9rov\u00fd design &#8211; rekonstrukce &#8222;ZAHRADA MICHAEL&#8220;"},"content":{"rendered":"\n<p>Hrabov\u00e1 Anna<\/p>\n\n\n\n<p>MICHAEL &#8211; S\u0160 a VO\u0160 reklamn\u00ed a um\u011bleck\u00e9 tvorby, s.r.o.<\/p>\n\n\n\n<p>Zahrada je na na\u0161\u00ed \u0161kole jedno z nejv\u00edce frekventovan\u00fdch m\u00edst. Je vyu\u017e\u00edvan\u00e1, nejen k odpo\u010dinku o p\u0159est\u00e1vk\u00e1ch, ale i pro v\u00fduku v tepl\u00fdch dnech. V\u011bt\u0161ina student\u016f zahradu vyu\u017e\u00edv\u00e1 prim\u00e1rn\u011b k socializaci s ostatn\u00edmi \u017e\u00e1ky. V n\u00e1vrhu jsem se pokusila v\u0161echny tyto jej\u00ed parametry zachovat.<br>M\u016fj projekt tvo\u0159\u00ed dvoustup\u0148ov\u00e1 terasa s betonov\u00fdm obezd\u011bn\u00edm a lavicemi. Cel\u00fd prostor jsem obklopila rostlinami, abych vytvo\u0159ila z\u00e1rove\u0148 pocit soukrom\u00ed, ale umo\u017enila i jasn\u00fd v\u00fdhled na okol\u00ed. Ni\u017e\u0161\u00ed stupe\u0148 terasy m\u00e1 ve sv\u00e9m st\u0159edu objemnou kruhovou lavici, kter\u00e1 slou\u017e\u00ed jako prot\u011bj\u0161\u00ed lavi\u010dka k t\u011bm okrajn\u00edm. Z\u00e1rove\u0148 je ale tak\u00e9 dostate\u010dn\u011b prostorn\u00e1 na to, aby si na n\u00ed student mohl lehnout a odpo\u010d\u00edvat.<br>Terasu jsem neobezdila po cel\u00e9m jej\u00edm obvodu abych nenavodila pocit \u00fapln\u00e9 izolace jej\u00edho vnit\u0159ku. C\u00edlem bylo vytvo\u0159it prostor kter\u00fd je sice odd\u011blen\u00fd, ale z\u00e1rove\u0148 otev\u0159en\u011b komunikuje se sv\u00fdm okol\u00edm.<\/p>\n\n\n\n<figure class=\"wp-block-image size-large\"><img decoding=\"async\" width=\"724\" height=\"1024\" data-src=\"http:\/\/www.design-award.cz\/wp-content\/uploads\/2025\/07\/hrabova_plakat-724x1024.jpg\" alt=\"\" class=\"wp-image-5638 lazyload\" data-srcset=\"https:\/\/www.design-award.cz\/wp-content\/uploads\/2025\/07\/hrabova_plakat-724x1024.jpg 724w, https:\/\/www.design-award.cz\/wp-content\/uploads\/2025\/07\/hrabova_plakat-212x300.jpg 212w, https:\/\/www.design-award.cz\/wp-content\/uploads\/2025\/07\/hrabova_plakat-768x1086.jpg 768w, https:\/\/www.design-award.cz\/wp-content\/uploads\/2025\/07\/hrabova_plakat-1086x1536.jpg 1086w, https:\/\/www.design-award.cz\/wp-content\/uploads\/2025\/07\/hrabova_plakat-1448x2048.jpg 1448w, https:\/\/www.design-award.cz\/wp-content\/uploads\/2025\/07\/hrabova_plakat-500x707.jpg 500w, https:\/\/www.design-award.cz\/wp-content\/uploads\/2025\/07\/hrabova_plakat-800x1131.jpg 800w, https:\/\/www.design-award.cz\/wp-content\/uploads\/2025\/07\/hrabova_plakat-1280x1810.jpg 1280w, https:\/\/www.design-award.cz\/wp-content\/uploads\/2025\/07\/hrabova_plakat-1920x2715.jpg 1920w, https:\/\/www.design-award.cz\/wp-content\/uploads\/2025\/07\/hrabova_plakat-scaled.jpg 1810w\" data-sizes=\"(max-width: 724px) 100vw, 724px\" src=\"data:image\/svg+xml;base64,PHN2ZyB3aWR0aD0iMSIgaGVpZ2h0PSIxIiB4bWxucz0iaHR0cDovL3d3dy53My5vcmcvMjAwMC9zdmciPjwvc3ZnPg==\" style=\"--smush-placeholder-width: 724px; --smush-placeholder-aspect-ratio: 724\/1024;\" \/><\/figure>\n\n\n\n<figure class=\"wp-block-image size-large\"><img decoding=\"async\" width=\"1024\" height=\"524\" data-src=\"http:\/\/www.design-award.cz\/wp-content\/uploads\/2025\/07\/hrabova3-1024x524.png\" alt=\"\" class=\"wp-image-5640 lazyload\" data-srcset=\"https:\/\/www.design-award.cz\/wp-content\/uploads\/2025\/07\/hrabova3-1024x524.png 1024w, https:\/\/www.design-award.cz\/wp-content\/uploads\/2025\/07\/hrabova3-300x154.png 300w, https:\/\/www.design-award.cz\/wp-content\/uploads\/2025\/07\/hrabova3-768x393.png 768w, https:\/\/www.design-award.cz\/wp-content\/uploads\/2025\/07\/hrabova3-1536x787.png 1536w, https:\/\/www.design-award.cz\/wp-content\/uploads\/2025\/07\/hrabova3-500x256.png 500w, https:\/\/www.design-award.cz\/wp-content\/uploads\/2025\/07\/hrabova3-800x410.png 800w, https:\/\/www.design-award.cz\/wp-content\/uploads\/2025\/07\/hrabova3-1280x655.png 1280w, https:\/\/www.design-award.cz\/wp-content\/uploads\/2025\/07\/hrabova3.png 1861w\" data-sizes=\"(max-width: 1024px) 100vw, 1024px\" src=\"data:image\/svg+xml;base64,PHN2ZyB3aWR0aD0iMSIgaGVpZ2h0PSIxIiB4bWxucz0iaHR0cDovL3d3dy53My5vcmcvMjAwMC9zdmciPjwvc3ZnPg==\" style=\"--smush-placeholder-width: 1024px; --smush-placeholder-aspect-ratio: 1024\/524;\" \/><\/figure>\n\n\n\n<figure class=\"wp-block-image size-large\"><img decoding=\"async\" width=\"1024\" height=\"534\" data-src=\"http:\/\/www.design-award.cz\/wp-content\/uploads\/2025\/07\/hrabova2-1024x534.png\" alt=\"\" class=\"wp-image-5636 lazyload\" data-srcset=\"https:\/\/www.design-award.cz\/wp-content\/uploads\/2025\/07\/hrabova2-1024x534.png 1024w, https:\/\/www.design-award.cz\/wp-content\/uploads\/2025\/07\/hrabova2-300x156.png 300w, https:\/\/www.design-award.cz\/wp-content\/uploads\/2025\/07\/hrabova2-768x400.png 768w, https:\/\/www.design-award.cz\/wp-content\/uploads\/2025\/07\/hrabova2-1536x801.png 1536w, https:\/\/www.design-award.cz\/wp-content\/uploads\/2025\/07\/hrabova2-500x261.png 500w, https:\/\/www.design-award.cz\/wp-content\/uploads\/2025\/07\/hrabova2-800x417.png 800w, https:\/\/www.design-award.cz\/wp-content\/uploads\/2025\/07\/hrabova2-1280x667.png 1280w, https:\/\/www.design-award.cz\/wp-content\/uploads\/2025\/07\/hrabova2.png 1862w\" data-sizes=\"(max-width: 1024px) 100vw, 1024px\" src=\"data:image\/svg+xml;base64,PHN2ZyB3aWR0aD0iMSIgaGVpZ2h0PSIxIiB4bWxucz0iaHR0cDovL3d3dy53My5vcmcvMjAwMC9zdmciPjwvc3ZnPg==\" style=\"--smush-placeholder-width: 1024px; --smush-placeholder-aspect-ratio: 1024\/534;\" \/><\/figure>\n\n\n\n<figure class=\"wp-block-image size-full\"><img decoding=\"async\" width=\"878\" height=\"943\" data-src=\"http:\/\/www.design-award.cz\/wp-content\/uploads\/2025\/07\/hrabova4.png\" alt=\"\" class=\"wp-image-5639 lazyload\" data-srcset=\"https:\/\/www.design-award.cz\/wp-content\/uploads\/2025\/07\/hrabova4.png 878w, https:\/\/www.design-award.cz\/wp-content\/uploads\/2025\/07\/hrabova4-279x300.png 279w, https:\/\/www.design-award.cz\/wp-content\/uploads\/2025\/07\/hrabova4-768x825.png 768w, https:\/\/www.design-award.cz\/wp-content\/uploads\/2025\/07\/hrabova4-500x537.png 500w, https:\/\/www.design-award.cz\/wp-content\/uploads\/2025\/07\/hrabova4-800x859.png 800w\" data-sizes=\"(max-width: 878px) 100vw, 878px\" src=\"data:image\/svg+xml;base64,PHN2ZyB3aWR0aD0iMSIgaGVpZ2h0PSIxIiB4bWxucz0iaHR0cDovL3d3dy53My5vcmcvMjAwMC9zdmciPjwvc3ZnPg==\" style=\"--smush-placeholder-width: 878px; --smush-placeholder-aspect-ratio: 878\/943;\" \/><\/figure>\n","protected":false},"excerpt":{"rendered":"<p>Hrabov\u00e1 Anna MICHAEL &#8211; S\u0160 a VO\u0160 reklamn\u00ed a um\u011bleck\u00e9 tvorby, s.r.o. Zahrada je na na\u0161\u00ed \u0161kole jedno z nejv\u00edce frekventovan\u00fdch m\u00edst. Je vyu\u017e\u00edvan\u00e1, nejen k odpo\u010dinku o p\u0159est\u00e1vk\u00e1ch, ale i pro v\u00fduku v tepl\u00fdch dnech. V\u011bt\u0161ina student\u016f zahradu vyu\u017e\u00edv\u00e1 prim\u00e1rn\u011b k socializaci s ostatn\u00edmi \u017e\u00e1ky. V n\u00e1vrhu jsem se pokusila v\u0161echny tyto jej\u00ed parametry [&hellip;]<\/p>\n","protected":false},"author":2,"featured_media":5637,"menu_order":0,"comment_status":"closed","ping_status":"closed","template":"","format":"standard","meta":{"ngg_post_thumbnail":0,"ocean_post_layout":"","ocean_both_sidebars_style":"","ocean_both_sidebars_content_width":0,"ocean_both_sidebars_sidebars_width":0,"ocean_sidebar":"","ocean_second_sidebar":"","ocean_disable_margins":"enable","ocean_add_body_class":"","ocean_shortcode_before_top_bar":"","ocean_shortcode_after_top_bar":"","ocean_shortcode_before_header":"","ocean_shortcode_after_header":"","ocean_has_shortcode":"","ocean_shortcode_after_title":"","ocean_shortcode_before_footer_widgets":"","ocean_shortcode_after_footer_widgets":"","ocean_shortcode_before_footer_bottom":"","ocean_shortcode_after_footer_bottom":"","ocean_display_top_bar":"default","ocean_display_header":"default","ocean_header_style":"","ocean_center_header_left_menu":"","ocean_custom_header_template":"","ocean_custom_logo":0,"ocean_custom_retina_logo":0,"ocean_custom_logo_max_width":0,"ocean_custom_logo_tablet_max_width":0,"ocean_custom_logo_mobile_max_width":0,"ocean_custom_logo_max_height":0,"ocean_custom_logo_tablet_max_height":0,"ocean_custom_logo_mobile_max_height":0,"ocean_header_custom_menu":"","ocean_menu_typo_font_family":"","ocean_menu_typo_font_subset":"","ocean_menu_typo_font_size":0,"ocean_menu_typo_font_size_tablet":0,"ocean_menu_typo_font_size_mobile":0,"ocean_menu_typo_font_size_unit":"px","ocean_menu_typo_font_weight":"","ocean_menu_typo_font_weight_tablet":"","ocean_menu_typo_font_weight_mobile":"","ocean_menu_typo_transform":"","ocean_menu_typo_transform_tablet":"","ocean_menu_typo_transform_mobile":"","ocean_menu_typo_line_height":0,"ocean_menu_typo_line_height_tablet":0,"ocean_menu_typo_line_height_mobile":0,"ocean_menu_typo_line_height_unit":"","ocean_menu_typo_spacing":0,"ocean_menu_typo_spacing_tablet":0,"ocean_menu_typo_spacing_mobile":0,"ocean_menu_typo_spacing_unit":"","ocean_menu_link_color":"","ocean_menu_link_color_hover":"","ocean_menu_link_color_active":"","ocean_menu_link_background":"","ocean_menu_link_hover_background":"","ocean_menu_link_active_background":"","ocean_menu_social_links_bg":"","ocean_menu_social_hover_links_bg":"","ocean_menu_social_links_color":"","ocean_menu_social_hover_links_color":"","ocean_disable_title":"default","ocean_disable_heading":"default","ocean_post_title":"","ocean_post_subheading":"","ocean_post_title_style":"","ocean_post_title_background_color":"","ocean_post_title_background":0,"ocean_post_title_bg_image_position":"","ocean_post_title_bg_image_attachment":"","ocean_post_title_bg_image_repeat":"","ocean_post_title_bg_image_size":"","ocean_post_title_height":0,"ocean_post_title_bg_overlay":0.5,"ocean_post_title_bg_overlay_color":"","ocean_disable_breadcrumbs":"default","ocean_breadcrumbs_color":"","ocean_breadcrumbs_separator_color":"","ocean_breadcrumbs_links_color":"","ocean_breadcrumbs_links_hover_color":"","ocean_display_footer_widgets":"default","ocean_display_footer_bottom":"default","ocean_custom_footer_template":"","_vp_format_video_url":"","_vp_image_focal_point":[],"footnotes":""},"portfolio_category":[],"portfolio_tag":[],"class_list":["post-5607","portfolio","type-portfolio","status-publish","format-standard","has-post-thumbnail","hentry","entry","has-media"],"yoast_head":"<!-- This site is optimized with the Yoast SEO plugin v25.2 - https:\/\/yoast.com\/wordpress\/plugins\/seo\/ -->\n<title>Interi\u00e9rov\u00fd design - rekonstrukce &quot;ZAHRADA MICHAEL&quot; - design-award.cz<\/title>\n<meta name=\"robots\" content=\"index, follow, max-snippet:-1, max-image-preview:large, max-video-preview:-1\" \/>\n<link rel=\"canonical\" href=\"https:\/\/www.design-award.cz\/?portfolio=interierovy-design-rekonstrukce-zahrada-michael\" \/>\n<meta property=\"og:locale\" content=\"cs_CZ\" \/>\n<meta property=\"og:type\" content=\"article\" \/>\n<meta property=\"og:title\" content=\"Interi\u00e9rov\u00fd design - rekonstrukce &quot;ZAHRADA MICHAEL&quot; - design-award.cz\" \/>\n<meta property=\"og:description\" content=\"Hrabov\u00e1 Anna MICHAEL &#8211; S\u0160 a VO\u0160 reklamn\u00ed a um\u011bleck\u00e9 tvorby, s.r.o. Zahrada je na na\u0161\u00ed \u0161kole jedno z nejv\u00edce frekventovan\u00fdch m\u00edst. Je vyu\u017e\u00edvan\u00e1, nejen k odpo\u010dinku o p\u0159est\u00e1vk\u00e1ch, ale i pro v\u00fduku v tepl\u00fdch dnech. V\u011bt\u0161ina student\u016f zahradu vyu\u017e\u00edv\u00e1 prim\u00e1rn\u011b k socializaci s ostatn\u00edmi \u017e\u00e1ky. V n\u00e1vrhu jsem se pokusila v\u0161echny tyto jej\u00ed parametry [&hellip;]\" \/>\n<meta property=\"og:url\" content=\"https:\/\/www.design-award.cz\/?portfolio=interierovy-design-rekonstrukce-zahrada-michael\" \/>\n<meta property=\"og:site_name\" content=\"design-award.cz\" \/>\n<meta property=\"article:modified_time\" content=\"2025-07-01T13:20:11+00:00\" \/>\n<meta property=\"og:image\" content=\"http:\/\/www.design-award.cz\/wp-content\/uploads\/2025\/07\/Hrabova1-1024x535.png\" \/>\n\t<meta property=\"og:image:width\" content=\"1024\" \/>\n\t<meta property=\"og:image:height\" content=\"535\" \/>\n\t<meta property=\"og:image:type\" content=\"image\/png\" \/>\n<meta name=\"twitter:card\" content=\"summary_large_image\" \/>\n<meta name=\"twitter:label1\" content=\"Odhadovan\u00e1 doba \u010dten\u00ed\" \/>\n\t<meta name=\"twitter:data1\" content=\"2 minuty\" \/>\n<script type=\"application\/ld+json\" class=\"yoast-schema-graph\">{\"@context\":\"https:\/\/schema.org\",\"@graph\":[{\"@type\":\"WebPage\",\"@id\":\"https:\/\/www.design-award.cz\/?portfolio=interierovy-design-rekonstrukce-zahrada-michael\",\"url\":\"https:\/\/www.design-award.cz\/?portfolio=interierovy-design-rekonstrukce-zahrada-michael\",\"name\":\"Interi\u00e9rov\u00fd design - rekonstrukce \\\"ZAHRADA MICHAEL\\\" - design-award.cz\",\"isPartOf\":{\"@id\":\"https:\/\/www.design-award.cz\/#website\"},\"primaryImageOfPage\":{\"@id\":\"https:\/\/www.design-award.cz\/?portfolio=interierovy-design-rekonstrukce-zahrada-michael#primaryimage\"},\"image\":{\"@id\":\"https:\/\/www.design-award.cz\/?portfolio=interierovy-design-rekonstrukce-zahrada-michael#primaryimage\"},\"thumbnailUrl\":\"https:\/\/www.design-award.cz\/wp-content\/uploads\/2025\/07\/Hrabova1.png\",\"datePublished\":\"2025-07-01T13:20:10+00:00\",\"dateModified\":\"2025-07-01T13:20:11+00:00\",\"breadcrumb\":{\"@id\":\"https:\/\/www.design-award.cz\/?portfolio=interierovy-design-rekonstrukce-zahrada-michael#breadcrumb\"},\"inLanguage\":\"cs\",\"potentialAction\":[{\"@type\":\"ReadAction\",\"target\":[\"https:\/\/www.design-award.cz\/?portfolio=interierovy-design-rekonstrukce-zahrada-michael\"]}]},{\"@type\":\"ImageObject\",\"inLanguage\":\"cs\",\"@id\":\"https:\/\/www.design-award.cz\/?portfolio=interierovy-design-rekonstrukce-zahrada-michael#primaryimage\",\"url\":\"https:\/\/www.design-award.cz\/wp-content\/uploads\/2025\/07\/Hrabova1.png\",\"contentUrl\":\"https:\/\/www.design-award.cz\/wp-content\/uploads\/2025\/07\/Hrabova1.png\",\"width\":1736,\"height\":907},{\"@type\":\"BreadcrumbList\",\"@id\":\"https:\/\/www.design-award.cz\/?portfolio=interierovy-design-rekonstrukce-zahrada-michael#breadcrumb\",\"itemListElement\":[{\"@type\":\"ListItem\",\"position\":1,\"name\":\"Dom\u016f\",\"item\":\"https:\/\/www.design-award.cz\/\"},{\"@type\":\"ListItem\",\"position\":2,\"name\":\"Portfolio Items\",\"item\":\"https:\/\/www.design-award.cz\/?post_type=portfolio\"},{\"@type\":\"ListItem\",\"position\":3,\"name\":\"Interi\u00e9rov\u00fd design &#8211; rekonstrukce &#8222;ZAHRADA MICHAEL&#8220;\"}]},{\"@type\":\"WebSite\",\"@id\":\"https:\/\/www.design-award.cz\/#website\",\"url\":\"https:\/\/www.design-award.cz\/\",\"name\":\"design-award.cz\",\"description\":\"WARD vznikla v roce 2022. Je ur\u010dena p\u0159edev\u0161\u00edm student\u016fm st\u0159edn\u00edch um\u011bleck\u00fdch \u0161kol (S\u0160 a VO\u0160), kte\u0159\u00ed mohou bezplatn\u011b zaslat sv\u00e9 n\u00e1vrhy v uveden\u00fdch kategori\u00ed a tak pom\u011b\u0159it sv\u00e9 n\u00e1pady s konkurenc\u00ed sv\u00fdch vrstevn\u00edk\u016f. N\u00e1vrhy jsou n\u00e1sledn\u011b posouzeny nez\u00e1vislou porotou z \u0159ad v\u00fdtvarn\u00edk\u016f, pedagog\u016f a profesion\u00e1l\u016f z oboru.\",\"publisher\":{\"@id\":\"https:\/\/www.design-award.cz\/#organization\"},\"potentialAction\":[{\"@type\":\"SearchAction\",\"target\":{\"@type\":\"EntryPoint\",\"urlTemplate\":\"https:\/\/www.design-award.cz\/?s={search_term_string}\"},\"query-input\":{\"@type\":\"PropertyValueSpecification\",\"valueRequired\":true,\"valueName\":\"search_term_string\"}}],\"inLanguage\":\"cs\"},{\"@type\":\"Organization\",\"@id\":\"https:\/\/www.design-award.cz\/#organization\",\"name\":\"Design Award\",\"url\":\"https:\/\/www.design-award.cz\/\",\"logo\":{\"@type\":\"ImageObject\",\"inLanguage\":\"cs\",\"@id\":\"https:\/\/www.design-award.cz\/#\/schema\/logo\/image\/\",\"url\":\"http:\/\/www.design-award.cz\/wp-content\/uploads\/2021\/12\/hornilogo_design-award.png\",\"contentUrl\":\"http:\/\/www.design-award.cz\/wp-content\/uploads\/2021\/12\/hornilogo_design-award.png\",\"width\":800,\"height\":600,\"caption\":\"Design Award\"},\"image\":{\"@id\":\"https:\/\/www.design-award.cz\/#\/schema\/logo\/image\/\"},\"sameAs\":[\"https:\/\/www.instagram.com\/design_award\/\"]}]}<\/script>\n<!-- \/ Yoast SEO plugin. -->","yoast_head_json":{"title":"Interi\u00e9rov\u00fd design - rekonstrukce \"ZAHRADA MICHAEL\" - design-award.cz","robots":{"index":"index","follow":"follow","max-snippet":"max-snippet:-1","max-image-preview":"max-image-preview:large","max-video-preview":"max-video-preview:-1"},"canonical":"https:\/\/www.design-award.cz\/?portfolio=interierovy-design-rekonstrukce-zahrada-michael","og_locale":"cs_CZ","og_type":"article","og_title":"Interi\u00e9rov\u00fd design - rekonstrukce \"ZAHRADA MICHAEL\" - design-award.cz","og_description":"Hrabov\u00e1 Anna MICHAEL &#8211; S\u0160 a VO\u0160 reklamn\u00ed a um\u011bleck\u00e9 tvorby, s.r.o. Zahrada je na na\u0161\u00ed \u0161kole jedno z nejv\u00edce frekventovan\u00fdch m\u00edst. Je vyu\u017e\u00edvan\u00e1, nejen k odpo\u010dinku o p\u0159est\u00e1vk\u00e1ch, ale i pro v\u00fduku v tepl\u00fdch dnech. V\u011bt\u0161ina student\u016f zahradu vyu\u017e\u00edv\u00e1 prim\u00e1rn\u011b k socializaci s ostatn\u00edmi \u017e\u00e1ky. V n\u00e1vrhu jsem se pokusila v\u0161echny tyto jej\u00ed parametry [&hellip;]","og_url":"https:\/\/www.design-award.cz\/?portfolio=interierovy-design-rekonstrukce-zahrada-michael","og_site_name":"design-award.cz","article_modified_time":"2025-07-01T13:20:11+00:00","og_image":[{"width":1024,"height":535,"url":"http:\/\/www.design-award.cz\/wp-content\/uploads\/2025\/07\/Hrabova1-1024x535.png","type":"image\/png"}],"twitter_card":"summary_large_image","twitter_misc":{"Odhadovan\u00e1 doba \u010dten\u00ed":"2 minuty"},"schema":{"@context":"https:\/\/schema.org","@graph":[{"@type":"WebPage","@id":"https:\/\/www.design-award.cz\/?portfolio=interierovy-design-rekonstrukce-zahrada-michael","url":"https:\/\/www.design-award.cz\/?portfolio=interierovy-design-rekonstrukce-zahrada-michael","name":"Interi\u00e9rov\u00fd design - rekonstrukce \"ZAHRADA MICHAEL\" - design-award.cz","isPartOf":{"@id":"https:\/\/www.design-award.cz\/#website"},"primaryImageOfPage":{"@id":"https:\/\/www.design-award.cz\/?portfolio=interierovy-design-rekonstrukce-zahrada-michael#primaryimage"},"image":{"@id":"https:\/\/www.design-award.cz\/?portfolio=interierovy-design-rekonstrukce-zahrada-michael#primaryimage"},"thumbnailUrl":"https:\/\/www.design-award.cz\/wp-content\/uploads\/2025\/07\/Hrabova1.png","datePublished":"2025-07-01T13:20:10+00:00","dateModified":"2025-07-01T13:20:11+00:00","breadcrumb":{"@id":"https:\/\/www.design-award.cz\/?portfolio=interierovy-design-rekonstrukce-zahrada-michael#breadcrumb"},"inLanguage":"cs","potentialAction":[{"@type":"ReadAction","target":["https:\/\/www.design-award.cz\/?portfolio=interierovy-design-rekonstrukce-zahrada-michael"]}]},{"@type":"ImageObject","inLanguage":"cs","@id":"https:\/\/www.design-award.cz\/?portfolio=interierovy-design-rekonstrukce-zahrada-michael#primaryimage","url":"https:\/\/www.design-award.cz\/wp-content\/uploads\/2025\/07\/Hrabova1.png","contentUrl":"https:\/\/www.design-award.cz\/wp-content\/uploads\/2025\/07\/Hrabova1.png","width":1736,"height":907},{"@type":"BreadcrumbList","@id":"https:\/\/www.design-award.cz\/?portfolio=interierovy-design-rekonstrukce-zahrada-michael#breadcrumb","itemListElement":[{"@type":"ListItem","position":1,"name":"Dom\u016f","item":"https:\/\/www.design-award.cz\/"},{"@type":"ListItem","position":2,"name":"Portfolio Items","item":"https:\/\/www.design-award.cz\/?post_type=portfolio"},{"@type":"ListItem","position":3,"name":"Interi\u00e9rov\u00fd design &#8211; rekonstrukce &#8222;ZAHRADA MICHAEL&#8220;"}]},{"@type":"WebSite","@id":"https:\/\/www.design-award.cz\/#website","url":"https:\/\/www.design-award.cz\/","name":"design-award.cz","description":"WARD vznikla v roce 2022. Je ur\u010dena p\u0159edev\u0161\u00edm student\u016fm st\u0159edn\u00edch um\u011bleck\u00fdch \u0161kol (S\u0160 a VO\u0160), kte\u0159\u00ed mohou bezplatn\u011b zaslat sv\u00e9 n\u00e1vrhy v uveden\u00fdch kategori\u00ed a tak pom\u011b\u0159it sv\u00e9 n\u00e1pady s konkurenc\u00ed sv\u00fdch vrstevn\u00edk\u016f. N\u00e1vrhy jsou n\u00e1sledn\u011b posouzeny nez\u00e1vislou porotou z \u0159ad v\u00fdtvarn\u00edk\u016f, pedagog\u016f a profesion\u00e1l\u016f z oboru.","publisher":{"@id":"https:\/\/www.design-award.cz\/#organization"},"potentialAction":[{"@type":"SearchAction","target":{"@type":"EntryPoint","urlTemplate":"https:\/\/www.design-award.cz\/?s={search_term_string}"},"query-input":{"@type":"PropertyValueSpecification","valueRequired":true,"valueName":"search_term_string"}}],"inLanguage":"cs"},{"@type":"Organization","@id":"https:\/\/www.design-award.cz\/#organization","name":"Design Award","url":"https:\/\/www.design-award.cz\/","logo":{"@type":"ImageObject","inLanguage":"cs","@id":"https:\/\/www.design-award.cz\/#\/schema\/logo\/image\/","url":"http:\/\/www.design-award.cz\/wp-content\/uploads\/2021\/12\/hornilogo_design-award.png","contentUrl":"http:\/\/www.design-award.cz\/wp-content\/uploads\/2021\/12\/hornilogo_design-award.png","width":800,"height":600,"caption":"Design Award"},"image":{"@id":"https:\/\/www.design-award.cz\/#\/schema\/logo\/image\/"},"sameAs":["https:\/\/www.instagram.com\/design_award\/"]}]}},"_links":{"self":[{"href":"https:\/\/www.design-award.cz\/index.php?rest_route=\/wp\/v2\/portfolio\/5607","targetHints":{"allow":["GET"]}}],"collection":[{"href":"https:\/\/www.design-award.cz\/index.php?rest_route=\/wp\/v2\/portfolio"}],"about":[{"href":"https:\/\/www.design-award.cz\/index.php?rest_route=\/wp\/v2\/types\/portfolio"}],"author":[{"embeddable":true,"href":"https:\/\/www.design-award.cz\/index.php?rest_route=\/wp\/v2\/users\/2"}],"replies":[{"embeddable":true,"href":"https:\/\/www.design-award.cz\/index.php?rest_route=%2Fwp%2Fv2%2Fcomments&post=5607"}],"version-history":[{"count":1,"href":"https:\/\/www.design-award.cz\/index.php?rest_route=\/wp\/v2\/portfolio\/5607\/revisions"}],"predecessor-version":[{"id":5641,"href":"https:\/\/www.design-award.cz\/index.php?rest_route=\/wp\/v2\/portfolio\/5607\/revisions\/5641"}],"wp:featuredmedia":[{"embeddable":true,"href":"https:\/\/www.design-award.cz\/index.php?rest_route=\/wp\/v2\/media\/5637"}],"wp:attachment":[{"href":"https:\/\/www.design-award.cz\/index.php?rest_route=%2Fwp%2Fv2%2Fmedia&parent=5607"}],"wp:term":[{"taxonomy":"portfolio_category","embeddable":true,"href":"https:\/\/www.design-award.cz\/index.php?rest_route=%2Fwp%2Fv2%2Fportfolio_category&post=5607"},{"taxonomy":"portfolio_tag","embeddable":true,"href":"https:\/\/www.design-award.cz\/index.php?rest_route=%2Fwp%2Fv2%2Fportfolio_tag&post=5607"}],"curies":[{"name":"wp","href":"https:\/\/api.w.org\/{rel}","templated":true}]}}