{"id":5608,"date":"2025-07-01T13:05:10","date_gmt":"2025-07-01T13:05:10","guid":{"rendered":"https:\/\/www.design-award.cz\/?post_type=portfolio&#038;p=5608"},"modified":"2025-07-01T13:05:11","modified_gmt":"2025-07-01T13:05:11","slug":"interierovy-design-rekreacni-objekt-2","status":"publish","type":"portfolio","link":"https:\/\/www.design-award.cz\/?portfolio=interierovy-design-rekreacni-objekt-2","title":{"rendered":"Interi\u00e9rov\u00fd design &#8211; Rekrea\u010dn\u00ed objekt"},"content":{"rendered":"\n<p>Nat\u00e1lie Stuchl\u00edkov\u00e1<br><br>Akademie Sv\u011btl\u00e1 nad S\u00e1zavou, st\u0159edn\u00ed \u0161kola a vy\u0161\u0161\u00ed odborn\u00e1 \u0161kola<br><br>Zad\u00e1n\u00edm maturitn\u00ed pr\u00e1ce bylo navrhnout interi\u00e9r rekrea\u010dn\u00edho objektu s dispozic\u00ed 3+kk a sedlovou st\u0159echou. Na z\u00e1klad\u011b v\u00fdkresu navrhnout dispozi\u010dn\u00ed \u0159e\u0161en\u00ed interi\u00e9ru, zvolit materi\u00e1ly, styl a vybaven\u00ed. Bylo mo\u017en\u00e9 upravovat nenosn\u00e9 p\u0159\u00ed\u010dky, interi\u00e9rov\u00e9 dve\u0159e i schodi\u0161t\u011b dle vlastn\u00edho n\u00e1vrhu, ale um\u00edst\u011bn\u00ed oken a vstupn\u00edch dve\u0159\u00ed muselo z\u016fstat zachov\u00e1no.<br><br>M\u016fj rekrea\u010dn\u00ed objekt se nach\u00e1z\u00ed nedaleko \u010desko-n\u011bmeck\u00fdch hranic na \u00a0\u0160umav\u011b a je ur\u010den\u00fd a\u017e pro 4 osoby. Interi\u00e9r vznikl kombinac\u00ed v\u00edce styl\u016f, jako nap\u0159\u00edklad japandi nebo industri\u00e1ln\u00ed, ale nejv\u00edce se zde odr\u00e1\u017e\u00ed styl skandin\u00e1vsk\u00fd.<br><br>Tento objekt slou\u017e\u00ed ke kr\u00e1tkodob\u00e9mu pobytu, rekreaci a odpo\u010dinku. M\u00fdm c\u00edlem bylo vytvo\u0159it prostor, kter\u00fd navozuje pocit klidu, \u010distoty a jednoduchosti, je z\u00e1rove\u0148 praktick\u00fd, vyv\u00e1\u017een\u00fd a co nejv\u00edce propojen\u00fd s p\u0159\u00edrodou.<br><br>Tomu jsem se p\u0159ibl\u00ed\u017eila hned p\u0159i prvn\u00ed velk\u00e9 zm\u011bn\u011b a tou bylo probour\u00e1n\u00ed a \u00a0zv\u011bt\u0161en\u00ed oken v t\u00e9 nejprostorn\u011bj\u0161\u00ed \u010d\u00e1sti objektu, kter\u00e1 si podle m\u011b zaslou\u017eila co nejv\u00edce denn\u00edho sv\u011btla. Nyn\u00ed nab\u00edz\u00ed kr\u00e1sn\u00fd pohled do kopcovit\u00e9 \u0161umavsk\u00e9 krajiny.<br><br>Dispozici prvn\u00edho patra jsem zanechala t\u00e9m\u011b\u0159 nezm\u011bn\u011bnou. Ve druh\u00e9m pat\u0159e jsem pomoc\u00ed p\u0159istav\u011bn\u00fdch p\u0159\u00ed\u010dek rozd\u011blila jeden velk\u00fd pokoj na t\u0159i men\u0161\u00ed \u010d\u00e1sti (koupelnu, lo\u017enici a \u0161atnu\/technickou m\u00edstnost). V\u011bt\u0161ina st\u011bn je oblo\u017een\u00e1 laminovan\u00fdmi d\u0159evot\u0159\u00edskov\u00fdmi deskami. Mezi nejv\u00fdrazn\u011bj\u0161\u00ed barvy pat\u0159\u00ed cihlov\u00e1 \u010derven\u00e1, kter\u00e1 se objevuje v n\u011bkolika podob\u00e1ch nap\u0159\u00ed\u010d cel\u00fdm interi\u00e9rem. Je dopln\u011bn\u00e1 o sv\u011btl\u00e9 barevn\u00e9 odst\u00edny v kontrastu s \u00a0matnou \u010dernou, kter\u00e1 je pou\u017eita na kovov\u00e9 \u010d\u00e1sti.<\/p>\n\n\n\n<figure class=\"wp-block-image size-large\"><img decoding=\"async\" width=\"722\" height=\"1024\" data-src=\"http:\/\/www.design-award.cz\/wp-content\/uploads\/2025\/07\/PLAKAT-722x1024.png\" alt=\"\" class=\"wp-image-5632 lazyload\" data-srcset=\"https:\/\/www.design-award.cz\/wp-content\/uploads\/2025\/07\/PLAKAT-722x1024.png 722w, https:\/\/www.design-award.cz\/wp-content\/uploads\/2025\/07\/PLAKAT-212x300.png 212w, https:\/\/www.design-award.cz\/wp-content\/uploads\/2025\/07\/PLAKAT-768x1089.png 768w, https:\/\/www.design-award.cz\/wp-content\/uploads\/2025\/07\/PLAKAT-500x709.png 500w, https:\/\/www.design-award.cz\/wp-content\/uploads\/2025\/07\/PLAKAT-800x1135.png 800w, https:\/\/www.design-award.cz\/wp-content\/uploads\/2025\/07\/PLAKAT.png 973w\" data-sizes=\"(max-width: 722px) 100vw, 722px\" src=\"data:image\/svg+xml;base64,PHN2ZyB3aWR0aD0iMSIgaGVpZ2h0PSIxIiB4bWxucz0iaHR0cDovL3d3dy53My5vcmcvMjAwMC9zdmciPjwvc3ZnPg==\" style=\"--smush-placeholder-width: 722px; --smush-placeholder-aspect-ratio: 722\/1024;\" \/><\/figure>\n\n\n\n<figure class=\"wp-block-image size-large\"><img decoding=\"async\" width=\"1024\" height=\"763\" data-src=\"http:\/\/www.design-award.cz\/wp-content\/uploads\/2025\/07\/volitelny-1-1024x763.png\" alt=\"\" class=\"wp-image-5631 lazyload\" data-srcset=\"https:\/\/www.design-award.cz\/wp-content\/uploads\/2025\/07\/volitelny-1-1024x763.png 1024w, https:\/\/www.design-award.cz\/wp-content\/uploads\/2025\/07\/volitelny-1-300x224.png 300w, https:\/\/www.design-award.cz\/wp-content\/uploads\/2025\/07\/volitelny-1-768x573.png 768w, https:\/\/www.design-award.cz\/wp-content\/uploads\/2025\/07\/volitelny-1-500x373.png 500w, https:\/\/www.design-award.cz\/wp-content\/uploads\/2025\/07\/volitelny-1-800x596.png 800w, https:\/\/www.design-award.cz\/wp-content\/uploads\/2025\/07\/volitelny-1-1280x954.png 1280w, https:\/\/www.design-award.cz\/wp-content\/uploads\/2025\/07\/volitelny-1.png 1462w\" data-sizes=\"(max-width: 1024px) 100vw, 1024px\" src=\"data:image\/svg+xml;base64,PHN2ZyB3aWR0aD0iMSIgaGVpZ2h0PSIxIiB4bWxucz0iaHR0cDovL3d3dy53My5vcmcvMjAwMC9zdmciPjwvc3ZnPg==\" style=\"--smush-placeholder-width: 1024px; --smush-placeholder-aspect-ratio: 1024\/763;\" \/><\/figure>\n\n\n\n<figure class=\"wp-block-image size-large\"><img decoding=\"async\" width=\"1024\" height=\"576\" data-src=\"http:\/\/www.design-award.cz\/wp-content\/uploads\/2025\/07\/vizualizace-2-1024x576.png\" alt=\"\" class=\"wp-image-5630 lazyload\" data-srcset=\"https:\/\/www.design-award.cz\/wp-content\/uploads\/2025\/07\/vizualizace-2-1024x576.png 1024w, https:\/\/www.design-award.cz\/wp-content\/uploads\/2025\/07\/vizualizace-2-300x169.png 300w, https:\/\/www.design-award.cz\/wp-content\/uploads\/2025\/07\/vizualizace-2-768x432.png 768w, https:\/\/www.design-award.cz\/wp-content\/uploads\/2025\/07\/vizualizace-2-1536x864.png 1536w, https:\/\/www.design-award.cz\/wp-content\/uploads\/2025\/07\/vizualizace-2-2048x1152.png 2048w, https:\/\/www.design-award.cz\/wp-content\/uploads\/2025\/07\/vizualizace-2-800x450.png 800w, https:\/\/www.design-award.cz\/wp-content\/uploads\/2025\/07\/vizualizace-2-500x281.png 500w, https:\/\/www.design-award.cz\/wp-content\/uploads\/2025\/07\/vizualizace-2-1280x720.png 1280w, https:\/\/www.design-award.cz\/wp-content\/uploads\/2025\/07\/vizualizace-2-1920x1080.png 1920w\" data-sizes=\"(max-width: 1024px) 100vw, 1024px\" src=\"data:image\/svg+xml;base64,PHN2ZyB3aWR0aD0iMSIgaGVpZ2h0PSIxIiB4bWxucz0iaHR0cDovL3d3dy53My5vcmcvMjAwMC9zdmciPjwvc3ZnPg==\" style=\"--smush-placeholder-width: 1024px; --smush-placeholder-aspect-ratio: 1024\/576;\" \/><\/figure>\n\n\n\n<figure class=\"wp-block-image size-large\"><img decoding=\"async\" width=\"724\" height=\"1024\" data-src=\"http:\/\/www.design-award.cz\/wp-content\/uploads\/2025\/07\/technicky-vykres-724x1024.jpg\" alt=\"\" class=\"wp-image-5633 lazyload\" data-srcset=\"https:\/\/www.design-award.cz\/wp-content\/uploads\/2025\/07\/technicky-vykres-724x1024.jpg 724w, https:\/\/www.design-award.cz\/wp-content\/uploads\/2025\/07\/technicky-vykres-212x300.jpg 212w, https:\/\/www.design-award.cz\/wp-content\/uploads\/2025\/07\/technicky-vykres-768x1086.jpg 768w, https:\/\/www.design-award.cz\/wp-content\/uploads\/2025\/07\/technicky-vykres-1086x1536.jpg 1086w, https:\/\/www.design-award.cz\/wp-content\/uploads\/2025\/07\/technicky-vykres-1448x2048.jpg 1448w, https:\/\/www.design-award.cz\/wp-content\/uploads\/2025\/07\/technicky-vykres-500x707.jpg 500w, https:\/\/www.design-award.cz\/wp-content\/uploads\/2025\/07\/technicky-vykres-800x1132.jpg 800w, https:\/\/www.design-award.cz\/wp-content\/uploads\/2025\/07\/technicky-vykres-1280x1811.jpg 1280w, https:\/\/www.design-award.cz\/wp-content\/uploads\/2025\/07\/technicky-vykres.jpg 1754w\" data-sizes=\"(max-width: 724px) 100vw, 724px\" src=\"data:image\/svg+xml;base64,PHN2ZyB3aWR0aD0iMSIgaGVpZ2h0PSIxIiB4bWxucz0iaHR0cDovL3d3dy53My5vcmcvMjAwMC9zdmciPjwvc3ZnPg==\" style=\"--smush-placeholder-width: 724px; --smush-placeholder-aspect-ratio: 724\/1024;\" \/><\/figure>\n","protected":false},"excerpt":{"rendered":"<p>Nat\u00e1lie Stuchl\u00edkov\u00e1 Akademie Sv\u011btl\u00e1 nad S\u00e1zavou, st\u0159edn\u00ed \u0161kola a vy\u0161\u0161\u00ed odborn\u00e1 \u0161kola Zad\u00e1n\u00edm maturitn\u00ed pr\u00e1ce bylo navrhnout interi\u00e9r rekrea\u010dn\u00edho objektu s dispozic\u00ed 3+kk a sedlovou st\u0159echou. Na z\u00e1klad\u011b v\u00fdkresu navrhnout dispozi\u010dn\u00ed \u0159e\u0161en\u00ed interi\u00e9ru, zvolit materi\u00e1ly, styl a vybaven\u00ed. Bylo mo\u017en\u00e9 upravovat nenosn\u00e9 p\u0159\u00ed\u010dky, interi\u00e9rov\u00e9 dve\u0159e i schodi\u0161t\u011b dle vlastn\u00edho n\u00e1vrhu, ale um\u00edst\u011bn\u00ed oken a vstupn\u00edch [&hellip;]<\/p>\n","protected":false},"author":2,"featured_media":5634,"menu_order":0,"comment_status":"closed","ping_status":"closed","template":"","format":"standard","meta":{"ngg_post_thumbnail":0,"ocean_post_layout":"","ocean_both_sidebars_style":"","ocean_both_sidebars_content_width":0,"ocean_both_sidebars_sidebars_width":0,"ocean_sidebar":"","ocean_second_sidebar":"","ocean_disable_margins":"enable","ocean_add_body_class":"","ocean_shortcode_before_top_bar":"","ocean_shortcode_after_top_bar":"","ocean_shortcode_before_header":"","ocean_shortcode_after_header":"","ocean_has_shortcode":"","ocean_shortcode_after_title":"","ocean_shortcode_before_footer_widgets":"","ocean_shortcode_after_footer_widgets":"","ocean_shortcode_before_footer_bottom":"","ocean_shortcode_after_footer_bottom":"","ocean_display_top_bar":"default","ocean_display_header":"default","ocean_header_style":"","ocean_center_header_left_menu":"","ocean_custom_header_template":"","ocean_custom_logo":0,"ocean_custom_retina_logo":0,"ocean_custom_logo_max_width":0,"ocean_custom_logo_tablet_max_width":0,"ocean_custom_logo_mobile_max_width":0,"ocean_custom_logo_max_height":0,"ocean_custom_logo_tablet_max_height":0,"ocean_custom_logo_mobile_max_height":0,"ocean_header_custom_menu":"","ocean_menu_typo_font_family":"","ocean_menu_typo_font_subset":"","ocean_menu_typo_font_size":0,"ocean_menu_typo_font_size_tablet":0,"ocean_menu_typo_font_size_mobile":0,"ocean_menu_typo_font_size_unit":"px","ocean_menu_typo_font_weight":"","ocean_menu_typo_font_weight_tablet":"","ocean_menu_typo_font_weight_mobile":"","ocean_menu_typo_transform":"","ocean_menu_typo_transform_tablet":"","ocean_menu_typo_transform_mobile":"","ocean_menu_typo_line_height":0,"ocean_menu_typo_line_height_tablet":0,"ocean_menu_typo_line_height_mobile":0,"ocean_menu_typo_line_height_unit":"","ocean_menu_typo_spacing":0,"ocean_menu_typo_spacing_tablet":0,"ocean_menu_typo_spacing_mobile":0,"ocean_menu_typo_spacing_unit":"","ocean_menu_link_color":"","ocean_menu_link_color_hover":"","ocean_menu_link_color_active":"","ocean_menu_link_background":"","ocean_menu_link_hover_background":"","ocean_menu_link_active_background":"","ocean_menu_social_links_bg":"","ocean_menu_social_hover_links_bg":"","ocean_menu_social_links_color":"","ocean_menu_social_hover_links_color":"","ocean_disable_title":"default","ocean_disable_heading":"default","ocean_post_title":"","ocean_post_subheading":"","ocean_post_title_style":"","ocean_post_title_background_color":"","ocean_post_title_background":0,"ocean_post_title_bg_image_position":"","ocean_post_title_bg_image_attachment":"","ocean_post_title_bg_image_repeat":"","ocean_post_title_bg_image_size":"","ocean_post_title_height":0,"ocean_post_title_bg_overlay":0.5,"ocean_post_title_bg_overlay_color":"","ocean_disable_breadcrumbs":"default","ocean_breadcrumbs_color":"","ocean_breadcrumbs_separator_color":"","ocean_breadcrumbs_links_color":"","ocean_breadcrumbs_links_hover_color":"","ocean_display_footer_widgets":"default","ocean_display_footer_bottom":"default","ocean_custom_footer_template":"","_vp_format_video_url":"","_vp_image_focal_point":[],"footnotes":""},"portfolio_category":[],"portfolio_tag":[],"class_list":["post-5608","portfolio","type-portfolio","status-publish","format-standard","has-post-thumbnail","hentry","entry","has-media"],"yoast_head":"<!-- This site is optimized with the Yoast SEO plugin v25.2 - https:\/\/yoast.com\/wordpress\/plugins\/seo\/ -->\n<title>Interi\u00e9rov\u00fd design - Rekrea\u010dn\u00ed objekt - design-award.cz<\/title>\n<meta name=\"robots\" content=\"index, follow, max-snippet:-1, max-image-preview:large, max-video-preview:-1\" \/>\n<link rel=\"canonical\" href=\"https:\/\/www.design-award.cz\/?portfolio=interierovy-design-rekreacni-objekt-2\" \/>\n<meta property=\"og:locale\" content=\"cs_CZ\" \/>\n<meta property=\"og:type\" content=\"article\" \/>\n<meta property=\"og:title\" content=\"Interi\u00e9rov\u00fd design - Rekrea\u010dn\u00ed objekt - design-award.cz\" \/>\n<meta property=\"og:description\" content=\"Nat\u00e1lie Stuchl\u00edkov\u00e1 Akademie Sv\u011btl\u00e1 nad S\u00e1zavou, st\u0159edn\u00ed \u0161kola a vy\u0161\u0161\u00ed odborn\u00e1 \u0161kola Zad\u00e1n\u00edm maturitn\u00ed pr\u00e1ce bylo navrhnout interi\u00e9r rekrea\u010dn\u00edho objektu s dispozic\u00ed 3+kk a sedlovou st\u0159echou. Na z\u00e1klad\u011b v\u00fdkresu navrhnout dispozi\u010dn\u00ed \u0159e\u0161en\u00ed interi\u00e9ru, zvolit materi\u00e1ly, styl a vybaven\u00ed. Bylo mo\u017en\u00e9 upravovat nenosn\u00e9 p\u0159\u00ed\u010dky, interi\u00e9rov\u00e9 dve\u0159e i schodi\u0161t\u011b dle vlastn\u00edho n\u00e1vrhu, ale um\u00edst\u011bn\u00ed oken a vstupn\u00edch [&hellip;]\" \/>\n<meta property=\"og:url\" content=\"https:\/\/www.design-award.cz\/?portfolio=interierovy-design-rekreacni-objekt-2\" \/>\n<meta property=\"og:site_name\" content=\"design-award.cz\" \/>\n<meta property=\"article:modified_time\" content=\"2025-07-01T13:05:11+00:00\" \/>\n<meta property=\"og:image\" content=\"http:\/\/www.design-award.cz\/wp-content\/uploads\/2025\/07\/vizualizace-1-1-1024x572.png\" \/>\n\t<meta property=\"og:image:width\" content=\"1024\" \/>\n\t<meta property=\"og:image:height\" content=\"572\" \/>\n\t<meta property=\"og:image:type\" content=\"image\/png\" \/>\n<meta name=\"twitter:card\" content=\"summary_large_image\" \/>\n<meta name=\"twitter:label1\" content=\"Odhadovan\u00e1 doba \u010dten\u00ed\" \/>\n\t<meta name=\"twitter:data1\" content=\"3 minuty\" \/>\n<script type=\"application\/ld+json\" class=\"yoast-schema-graph\">{\"@context\":\"https:\/\/schema.org\",\"@graph\":[{\"@type\":\"WebPage\",\"@id\":\"https:\/\/www.design-award.cz\/?portfolio=interierovy-design-rekreacni-objekt-2\",\"url\":\"https:\/\/www.design-award.cz\/?portfolio=interierovy-design-rekreacni-objekt-2\",\"name\":\"Interi\u00e9rov\u00fd design - Rekrea\u010dn\u00ed objekt - design-award.cz\",\"isPartOf\":{\"@id\":\"https:\/\/www.design-award.cz\/#website\"},\"primaryImageOfPage\":{\"@id\":\"https:\/\/www.design-award.cz\/?portfolio=interierovy-design-rekreacni-objekt-2#primaryimage\"},\"image\":{\"@id\":\"https:\/\/www.design-award.cz\/?portfolio=interierovy-design-rekreacni-objekt-2#primaryimage\"},\"thumbnailUrl\":\"https:\/\/www.design-award.cz\/wp-content\/uploads\/2025\/07\/vizualizace-1-1.png\",\"datePublished\":\"2025-07-01T13:05:10+00:00\",\"dateModified\":\"2025-07-01T13:05:11+00:00\",\"breadcrumb\":{\"@id\":\"https:\/\/www.design-award.cz\/?portfolio=interierovy-design-rekreacni-objekt-2#breadcrumb\"},\"inLanguage\":\"cs\",\"potentialAction\":[{\"@type\":\"ReadAction\",\"target\":[\"https:\/\/www.design-award.cz\/?portfolio=interierovy-design-rekreacni-objekt-2\"]}]},{\"@type\":\"ImageObject\",\"inLanguage\":\"cs\",\"@id\":\"https:\/\/www.design-award.cz\/?portfolio=interierovy-design-rekreacni-objekt-2#primaryimage\",\"url\":\"https:\/\/www.design-award.cz\/wp-content\/uploads\/2025\/07\/vizualizace-1-1.png\",\"contentUrl\":\"https:\/\/www.design-award.cz\/wp-content\/uploads\/2025\/07\/vizualizace-1-1.png\",\"width\":1829,\"height\":1021},{\"@type\":\"BreadcrumbList\",\"@id\":\"https:\/\/www.design-award.cz\/?portfolio=interierovy-design-rekreacni-objekt-2#breadcrumb\",\"itemListElement\":[{\"@type\":\"ListItem\",\"position\":1,\"name\":\"Dom\u016f\",\"item\":\"https:\/\/www.design-award.cz\/\"},{\"@type\":\"ListItem\",\"position\":2,\"name\":\"Portfolio Items\",\"item\":\"https:\/\/www.design-award.cz\/?post_type=portfolio\"},{\"@type\":\"ListItem\",\"position\":3,\"name\":\"Interi\u00e9rov\u00fd design &#8211; Rekrea\u010dn\u00ed objekt\"}]},{\"@type\":\"WebSite\",\"@id\":\"https:\/\/www.design-award.cz\/#website\",\"url\":\"https:\/\/www.design-award.cz\/\",\"name\":\"design-award.cz\",\"description\":\"WARD vznikla v roce 2022. Je ur\u010dena p\u0159edev\u0161\u00edm student\u016fm st\u0159edn\u00edch um\u011bleck\u00fdch \u0161kol (S\u0160 a VO\u0160), kte\u0159\u00ed mohou bezplatn\u011b zaslat sv\u00e9 n\u00e1vrhy v uveden\u00fdch kategori\u00ed a tak pom\u011b\u0159it sv\u00e9 n\u00e1pady s konkurenc\u00ed sv\u00fdch vrstevn\u00edk\u016f. N\u00e1vrhy jsou n\u00e1sledn\u011b posouzeny nez\u00e1vislou porotou z \u0159ad v\u00fdtvarn\u00edk\u016f, pedagog\u016f a profesion\u00e1l\u016f z oboru.\",\"publisher\":{\"@id\":\"https:\/\/www.design-award.cz\/#organization\"},\"potentialAction\":[{\"@type\":\"SearchAction\",\"target\":{\"@type\":\"EntryPoint\",\"urlTemplate\":\"https:\/\/www.design-award.cz\/?s={search_term_string}\"},\"query-input\":{\"@type\":\"PropertyValueSpecification\",\"valueRequired\":true,\"valueName\":\"search_term_string\"}}],\"inLanguage\":\"cs\"},{\"@type\":\"Organization\",\"@id\":\"https:\/\/www.design-award.cz\/#organization\",\"name\":\"Design Award\",\"url\":\"https:\/\/www.design-award.cz\/\",\"logo\":{\"@type\":\"ImageObject\",\"inLanguage\":\"cs\",\"@id\":\"https:\/\/www.design-award.cz\/#\/schema\/logo\/image\/\",\"url\":\"http:\/\/www.design-award.cz\/wp-content\/uploads\/2021\/12\/hornilogo_design-award.png\",\"contentUrl\":\"http:\/\/www.design-award.cz\/wp-content\/uploads\/2021\/12\/hornilogo_design-award.png\",\"width\":800,\"height\":600,\"caption\":\"Design Award\"},\"image\":{\"@id\":\"https:\/\/www.design-award.cz\/#\/schema\/logo\/image\/\"},\"sameAs\":[\"https:\/\/www.instagram.com\/design_award\/\"]}]}<\/script>\n<!-- \/ Yoast SEO plugin. -->","yoast_head_json":{"title":"Interi\u00e9rov\u00fd design - Rekrea\u010dn\u00ed objekt - design-award.cz","robots":{"index":"index","follow":"follow","max-snippet":"max-snippet:-1","max-image-preview":"max-image-preview:large","max-video-preview":"max-video-preview:-1"},"canonical":"https:\/\/www.design-award.cz\/?portfolio=interierovy-design-rekreacni-objekt-2","og_locale":"cs_CZ","og_type":"article","og_title":"Interi\u00e9rov\u00fd design - Rekrea\u010dn\u00ed objekt - design-award.cz","og_description":"Nat\u00e1lie Stuchl\u00edkov\u00e1 Akademie Sv\u011btl\u00e1 nad S\u00e1zavou, st\u0159edn\u00ed \u0161kola a vy\u0161\u0161\u00ed odborn\u00e1 \u0161kola Zad\u00e1n\u00edm maturitn\u00ed pr\u00e1ce bylo navrhnout interi\u00e9r rekrea\u010dn\u00edho objektu s dispozic\u00ed 3+kk a sedlovou st\u0159echou. Na z\u00e1klad\u011b v\u00fdkresu navrhnout dispozi\u010dn\u00ed \u0159e\u0161en\u00ed interi\u00e9ru, zvolit materi\u00e1ly, styl a vybaven\u00ed. Bylo mo\u017en\u00e9 upravovat nenosn\u00e9 p\u0159\u00ed\u010dky, interi\u00e9rov\u00e9 dve\u0159e i schodi\u0161t\u011b dle vlastn\u00edho n\u00e1vrhu, ale um\u00edst\u011bn\u00ed oken a vstupn\u00edch [&hellip;]","og_url":"https:\/\/www.design-award.cz\/?portfolio=interierovy-design-rekreacni-objekt-2","og_site_name":"design-award.cz","article_modified_time":"2025-07-01T13:05:11+00:00","og_image":[{"width":1024,"height":572,"url":"http:\/\/www.design-award.cz\/wp-content\/uploads\/2025\/07\/vizualizace-1-1-1024x572.png","type":"image\/png"}],"twitter_card":"summary_large_image","twitter_misc":{"Odhadovan\u00e1 doba \u010dten\u00ed":"3 minuty"},"schema":{"@context":"https:\/\/schema.org","@graph":[{"@type":"WebPage","@id":"https:\/\/www.design-award.cz\/?portfolio=interierovy-design-rekreacni-objekt-2","url":"https:\/\/www.design-award.cz\/?portfolio=interierovy-design-rekreacni-objekt-2","name":"Interi\u00e9rov\u00fd design - Rekrea\u010dn\u00ed objekt - design-award.cz","isPartOf":{"@id":"https:\/\/www.design-award.cz\/#website"},"primaryImageOfPage":{"@id":"https:\/\/www.design-award.cz\/?portfolio=interierovy-design-rekreacni-objekt-2#primaryimage"},"image":{"@id":"https:\/\/www.design-award.cz\/?portfolio=interierovy-design-rekreacni-objekt-2#primaryimage"},"thumbnailUrl":"https:\/\/www.design-award.cz\/wp-content\/uploads\/2025\/07\/vizualizace-1-1.png","datePublished":"2025-07-01T13:05:10+00:00","dateModified":"2025-07-01T13:05:11+00:00","breadcrumb":{"@id":"https:\/\/www.design-award.cz\/?portfolio=interierovy-design-rekreacni-objekt-2#breadcrumb"},"inLanguage":"cs","potentialAction":[{"@type":"ReadAction","target":["https:\/\/www.design-award.cz\/?portfolio=interierovy-design-rekreacni-objekt-2"]}]},{"@type":"ImageObject","inLanguage":"cs","@id":"https:\/\/www.design-award.cz\/?portfolio=interierovy-design-rekreacni-objekt-2#primaryimage","url":"https:\/\/www.design-award.cz\/wp-content\/uploads\/2025\/07\/vizualizace-1-1.png","contentUrl":"https:\/\/www.design-award.cz\/wp-content\/uploads\/2025\/07\/vizualizace-1-1.png","width":1829,"height":1021},{"@type":"BreadcrumbList","@id":"https:\/\/www.design-award.cz\/?portfolio=interierovy-design-rekreacni-objekt-2#breadcrumb","itemListElement":[{"@type":"ListItem","position":1,"name":"Dom\u016f","item":"https:\/\/www.design-award.cz\/"},{"@type":"ListItem","position":2,"name":"Portfolio Items","item":"https:\/\/www.design-award.cz\/?post_type=portfolio"},{"@type":"ListItem","position":3,"name":"Interi\u00e9rov\u00fd design &#8211; Rekrea\u010dn\u00ed objekt"}]},{"@type":"WebSite","@id":"https:\/\/www.design-award.cz\/#website","url":"https:\/\/www.design-award.cz\/","name":"design-award.cz","description":"WARD vznikla v roce 2022. Je ur\u010dena p\u0159edev\u0161\u00edm student\u016fm st\u0159edn\u00edch um\u011bleck\u00fdch \u0161kol (S\u0160 a VO\u0160), kte\u0159\u00ed mohou bezplatn\u011b zaslat sv\u00e9 n\u00e1vrhy v uveden\u00fdch kategori\u00ed a tak pom\u011b\u0159it sv\u00e9 n\u00e1pady s konkurenc\u00ed sv\u00fdch vrstevn\u00edk\u016f. N\u00e1vrhy jsou n\u00e1sledn\u011b posouzeny nez\u00e1vislou porotou z \u0159ad v\u00fdtvarn\u00edk\u016f, pedagog\u016f a profesion\u00e1l\u016f z oboru.","publisher":{"@id":"https:\/\/www.design-award.cz\/#organization"},"potentialAction":[{"@type":"SearchAction","target":{"@type":"EntryPoint","urlTemplate":"https:\/\/www.design-award.cz\/?s={search_term_string}"},"query-input":{"@type":"PropertyValueSpecification","valueRequired":true,"valueName":"search_term_string"}}],"inLanguage":"cs"},{"@type":"Organization","@id":"https:\/\/www.design-award.cz\/#organization","name":"Design Award","url":"https:\/\/www.design-award.cz\/","logo":{"@type":"ImageObject","inLanguage":"cs","@id":"https:\/\/www.design-award.cz\/#\/schema\/logo\/image\/","url":"http:\/\/www.design-award.cz\/wp-content\/uploads\/2021\/12\/hornilogo_design-award.png","contentUrl":"http:\/\/www.design-award.cz\/wp-content\/uploads\/2021\/12\/hornilogo_design-award.png","width":800,"height":600,"caption":"Design Award"},"image":{"@id":"https:\/\/www.design-award.cz\/#\/schema\/logo\/image\/"},"sameAs":["https:\/\/www.instagram.com\/design_award\/"]}]}},"_links":{"self":[{"href":"https:\/\/www.design-award.cz\/index.php?rest_route=\/wp\/v2\/portfolio\/5608","targetHints":{"allow":["GET"]}}],"collection":[{"href":"https:\/\/www.design-award.cz\/index.php?rest_route=\/wp\/v2\/portfolio"}],"about":[{"href":"https:\/\/www.design-award.cz\/index.php?rest_route=\/wp\/v2\/types\/portfolio"}],"author":[{"embeddable":true,"href":"https:\/\/www.design-award.cz\/index.php?rest_route=\/wp\/v2\/users\/2"}],"replies":[{"embeddable":true,"href":"https:\/\/www.design-award.cz\/index.php?rest_route=%2Fwp%2Fv2%2Fcomments&post=5608"}],"version-history":[{"count":1,"href":"https:\/\/www.design-award.cz\/index.php?rest_route=\/wp\/v2\/portfolio\/5608\/revisions"}],"predecessor-version":[{"id":5635,"href":"https:\/\/www.design-award.cz\/index.php?rest_route=\/wp\/v2\/portfolio\/5608\/revisions\/5635"}],"wp:featuredmedia":[{"embeddable":true,"href":"https:\/\/www.design-award.cz\/index.php?rest_route=\/wp\/v2\/media\/5634"}],"wp:attachment":[{"href":"https:\/\/www.design-award.cz\/index.php?rest_route=%2Fwp%2Fv2%2Fmedia&parent=5608"}],"wp:term":[{"taxonomy":"portfolio_category","embeddable":true,"href":"https:\/\/www.design-award.cz\/index.php?rest_route=%2Fwp%2Fv2%2Fportfolio_category&post=5608"},{"taxonomy":"portfolio_tag","embeddable":true,"href":"https:\/\/www.design-award.cz\/index.php?rest_route=%2Fwp%2Fv2%2Fportfolio_tag&post=5608"}],"curies":[{"name":"wp","href":"https:\/\/api.w.org\/{rel}","templated":true}]}}