{"id":5610,"date":"2025-07-01T12:55:47","date_gmt":"2025-07-01T12:55:47","guid":{"rendered":"https:\/\/www.design-award.cz\/?post_type=portfolio&#038;p=5610"},"modified":"2025-07-01T12:55:48","modified_gmt":"2025-07-01T12:55:48","slug":"interierovy-design-rekreacni-objekt","status":"publish","type":"portfolio","link":"https:\/\/www.design-award.cz\/?portfolio=interierovy-design-rekreacni-objekt","title":{"rendered":"Interi\u00e9rov\u00fd design &#8211; Rekrea\u010dn\u00ed objekt"},"content":{"rendered":"\n<p>Karolina S\u016fvov\u00e1<br><br>Akademie Sv\u011btl\u00e1 nad S\u00e1zavou, st\u0159edn\u00ed \u0161kola a vy\u0161\u0161\u00ed odborn\u00e1 \u0161kola<br><br>Hlavn\u00ed my\u0161lenkou, bylo vytvo\u0159it klidn\u00e9 a harmonick\u00e9 prost\u0159ed\u00ed, kde si \u00a0\u010dlov\u011bk m\u016f\u017ee opravdu odpo\u010dinout a na\u010derpat novou energii. Cht\u011bla jsem, aby prostor p\u016fsobil nad\u010dasov\u011b, vzdu\u0161n\u011b a p\u0159irozen\u011b \u2013 bez zbyte\u010dn\u00fdch ru\u0161iv\u00fdch prvk\u016f, a \u00a0p\u0159itom byl praktick\u00fd a vizu\u00e1ln\u011b p\u016fsobiv\u00fd.<br><br>Zvolila jsem proto styl japandi, kter\u00fd propojuje severskou funk\u010dnost a \u00a0\u010distotu s \u00a0japonsk\u00fdm smyslem pro jednoduchost, rovnov\u00e1hu a \u00a0\u00factu k p\u0159\u00edrod\u011b. Cel\u00fd interi\u00e9r se nese v jemn\u00e9, p\u0159\u00edrodn\u00ed barevnosti, ve kter\u00e9 dominuj\u00ed t\u00f3ny b\u00edl\u00e9. Do t\u00e9to sv\u011btl\u00e9 palety jsem z\u00e1m\u011brn\u011b vlo\u017eila kontrastn\u00ed akcenty \u2013 p\u0159edev\u0161\u00edm prvky z \u00a0tmav\u00e9ho d\u0159eva a \u010dern\u00e9 kovov\u00e9 detaily. Ty dod\u00e1vaj\u00ed interi\u00e9ru hloubku a \u00a0z\u00e1rove\u0148 zachov\u00e1vaj\u00ed jeho \u010dist\u00fd a \u00a0p\u0159irozen\u00fd charakter.<br><br>Kuchy\u0148sk\u00e1 linka, kter\u00e1 je jedn\u00edm z dominantn\u00edch prvk\u016f obytn\u00e9ho prostoru, je vyrobena z um\u011bl\u00e9ho kamene. Tento materi\u00e1l nejen skv\u011ble vypad\u00e1, ale je i \u00a0velmi odoln\u00fd a \u00a0praktick\u00fd pro ka\u017edodenn\u00ed pou\u017eit\u00ed. P\u016fsob\u00ed elegantn\u011b \u00a0a \u00a0z\u00e1rove\u0148 nen\u00e1siln\u011b zapad\u00e1 do celkov\u00e9 estetiky prostoru.<br><br>Podlahov\u00e9 krytiny byly voleny s d\u016frazem na pohodl\u00ed, odolnost i \u00a0designovou jednotnost. V obytn\u00e9 \u010d\u00e1sti, lo\u017enic\u00edch i dal\u0161\u00edch m\u00edstnostech je polo\u017eena vinylov\u00e1 podlaha, kter\u00e1 sv\u00fdm tepl\u00fdm t\u00f3nem kr\u00e1sn\u011b dopl\u0148uje zbytek interi\u00e9ru a z\u00e1rove\u0148 poskytuje snadnou \u00fadr\u017ebu. Pouze v koupeln\u011b byla zvolena velkoform\u00e1tov\u00e1 dla\u017eba v b\u00e9\u017eov\u00e9m odst\u00ednu.<\/p>\n\n\n\n<figure class=\"wp-block-image size-full\"><img decoding=\"async\" width=\"7016\" height=\"9934\" data-src=\"http:\/\/www.design-award.cz\/wp-content\/uploads\/2025\/07\/SUVOVA_KAROLINA_PLAKAT.jpg\" alt=\"\" class=\"wp-image-5619 lazyload\" src=\"data:image\/svg+xml;base64,PHN2ZyB3aWR0aD0iMSIgaGVpZ2h0PSIxIiB4bWxucz0iaHR0cDovL3d3dy53My5vcmcvMjAwMC9zdmciPjwvc3ZnPg==\" style=\"--smush-placeholder-width: 7016px; --smush-placeholder-aspect-ratio: 7016\/9934;\" \/><\/figure>\n\n\n\n<figure class=\"wp-block-image size-large\"><img decoding=\"async\" width=\"1024\" height=\"724\" data-src=\"http:\/\/www.design-award.cz\/wp-content\/uploads\/2025\/07\/SUVOVA_KAROLINA_MODEL-1024x724.jpg\" alt=\"\" class=\"wp-image-5618 lazyload\" data-srcset=\"https:\/\/www.design-award.cz\/wp-content\/uploads\/2025\/07\/SUVOVA_KAROLINA_MODEL-1024x724.jpg 1024w, https:\/\/www.design-award.cz\/wp-content\/uploads\/2025\/07\/SUVOVA_KAROLINA_MODEL-300x212.jpg 300w, https:\/\/www.design-award.cz\/wp-content\/uploads\/2025\/07\/SUVOVA_KAROLINA_MODEL-768x543.jpg 768w, https:\/\/www.design-award.cz\/wp-content\/uploads\/2025\/07\/SUVOVA_KAROLINA_MODEL-1536x1086.jpg 1536w, https:\/\/www.design-award.cz\/wp-content\/uploads\/2025\/07\/SUVOVA_KAROLINA_MODEL-2048x1448.jpg 2048w, https:\/\/www.design-award.cz\/wp-content\/uploads\/2025\/07\/SUVOVA_KAROLINA_MODEL-500x354.jpg 500w, https:\/\/www.design-award.cz\/wp-content\/uploads\/2025\/07\/SUVOVA_KAROLINA_MODEL-800x566.jpg 800w, https:\/\/www.design-award.cz\/wp-content\/uploads\/2025\/07\/SUVOVA_KAROLINA_MODEL-1280x905.jpg 1280w, https:\/\/www.design-award.cz\/wp-content\/uploads\/2025\/07\/SUVOVA_KAROLINA_MODEL-1920x1358.jpg 1920w\" data-sizes=\"(max-width: 1024px) 100vw, 1024px\" src=\"data:image\/svg+xml;base64,PHN2ZyB3aWR0aD0iMSIgaGVpZ2h0PSIxIiB4bWxucz0iaHR0cDovL3d3dy53My5vcmcvMjAwMC9zdmciPjwvc3ZnPg==\" style=\"--smush-placeholder-width: 1024px; --smush-placeholder-aspect-ratio: 1024\/724;\" \/><\/figure>\n\n\n\n<figure class=\"wp-block-image size-full\"><img decoding=\"async\" width=\"981\" height=\"844\" data-src=\"http:\/\/www.design-award.cz\/wp-content\/uploads\/2025\/07\/SUVOVA_KAROLINA_VIZUALIZACE1.png\" alt=\"\" class=\"wp-image-5620 lazyload\" data-srcset=\"https:\/\/www.design-award.cz\/wp-content\/uploads\/2025\/07\/SUVOVA_KAROLINA_VIZUALIZACE1.png 981w, https:\/\/www.design-award.cz\/wp-content\/uploads\/2025\/07\/SUVOVA_KAROLINA_VIZUALIZACE1-300x258.png 300w, https:\/\/www.design-award.cz\/wp-content\/uploads\/2025\/07\/SUVOVA_KAROLINA_VIZUALIZACE1-768x661.png 768w, https:\/\/www.design-award.cz\/wp-content\/uploads\/2025\/07\/SUVOVA_KAROLINA_VIZUALIZACE1-500x430.png 500w, https:\/\/www.design-award.cz\/wp-content\/uploads\/2025\/07\/SUVOVA_KAROLINA_VIZUALIZACE1-800x688.png 800w\" data-sizes=\"(max-width: 981px) 100vw, 981px\" src=\"data:image\/svg+xml;base64,PHN2ZyB3aWR0aD0iMSIgaGVpZ2h0PSIxIiB4bWxucz0iaHR0cDovL3d3dy53My5vcmcvMjAwMC9zdmciPjwvc3ZnPg==\" style=\"--smush-placeholder-width: 981px; --smush-placeholder-aspect-ratio: 981\/844;\" \/><\/figure>\n\n\n\n<figure class=\"wp-block-image size-large\"><img decoding=\"async\" width=\"1024\" height=\"724\" data-src=\"http:\/\/www.design-award.cz\/wp-content\/uploads\/2025\/07\/TECHN_V_SUVOVA_KAROLINA-1024x724.jpg\" alt=\"\" class=\"wp-image-5622 lazyload\" data-srcset=\"https:\/\/www.design-award.cz\/wp-content\/uploads\/2025\/07\/TECHN_V_SUVOVA_KAROLINA-1024x724.jpg 1024w, https:\/\/www.design-award.cz\/wp-content\/uploads\/2025\/07\/TECHN_V_SUVOVA_KAROLINA-300x212.jpg 300w, https:\/\/www.design-award.cz\/wp-content\/uploads\/2025\/07\/TECHN_V_SUVOVA_KAROLINA-768x543.jpg 768w, https:\/\/www.design-award.cz\/wp-content\/uploads\/2025\/07\/TECHN_V_SUVOVA_KAROLINA-1536x1086.jpg 1536w, https:\/\/www.design-award.cz\/wp-content\/uploads\/2025\/07\/TECHN_V_SUVOVA_KAROLINA-2048x1448.jpg 2048w, https:\/\/www.design-award.cz\/wp-content\/uploads\/2025\/07\/TECHN_V_SUVOVA_KAROLINA-500x354.jpg 500w, https:\/\/www.design-award.cz\/wp-content\/uploads\/2025\/07\/TECHN_V_SUVOVA_KAROLINA-800x566.jpg 800w, https:\/\/www.design-award.cz\/wp-content\/uploads\/2025\/07\/TECHN_V_SUVOVA_KAROLINA-1280x905.jpg 1280w, https:\/\/www.design-award.cz\/wp-content\/uploads\/2025\/07\/TECHN_V_SUVOVA_KAROLINA-1920x1358.jpg 1920w\" data-sizes=\"(max-width: 1024px) 100vw, 1024px\" src=\"data:image\/svg+xml;base64,PHN2ZyB3aWR0aD0iMSIgaGVpZ2h0PSIxIiB4bWxucz0iaHR0cDovL3d3dy53My5vcmcvMjAwMC9zdmciPjwvc3ZnPg==\" style=\"--smush-placeholder-width: 1024px; --smush-placeholder-aspect-ratio: 1024\/724;\" \/><\/figure>\n","protected":false},"excerpt":{"rendered":"<p>Karolina S\u016fvov\u00e1 Akademie Sv\u011btl\u00e1 nad S\u00e1zavou, st\u0159edn\u00ed \u0161kola a vy\u0161\u0161\u00ed odborn\u00e1 \u0161kola Hlavn\u00ed my\u0161lenkou, bylo vytvo\u0159it klidn\u00e9 a harmonick\u00e9 prost\u0159ed\u00ed, kde si \u00a0\u010dlov\u011bk m\u016f\u017ee opravdu odpo\u010dinout a na\u010derpat novou energii. Cht\u011bla jsem, aby prostor p\u016fsobil nad\u010dasov\u011b, vzdu\u0161n\u011b a p\u0159irozen\u011b \u2013 bez zbyte\u010dn\u00fdch ru\u0161iv\u00fdch prvk\u016f, a \u00a0p\u0159itom byl praktick\u00fd a vizu\u00e1ln\u011b p\u016fsobiv\u00fd. Zvolila jsem proto styl [&hellip;]<\/p>\n","protected":false},"author":2,"featured_media":5621,"menu_order":0,"comment_status":"closed","ping_status":"closed","template":"","format":"standard","meta":{"ngg_post_thumbnail":0,"ocean_post_layout":"","ocean_both_sidebars_style":"","ocean_both_sidebars_content_width":0,"ocean_both_sidebars_sidebars_width":0,"ocean_sidebar":"","ocean_second_sidebar":"","ocean_disable_margins":"enable","ocean_add_body_class":"","ocean_shortcode_before_top_bar":"","ocean_shortcode_after_top_bar":"","ocean_shortcode_before_header":"","ocean_shortcode_after_header":"","ocean_has_shortcode":"","ocean_shortcode_after_title":"","ocean_shortcode_before_footer_widgets":"","ocean_shortcode_after_footer_widgets":"","ocean_shortcode_before_footer_bottom":"","ocean_shortcode_after_footer_bottom":"","ocean_display_top_bar":"default","ocean_display_header":"default","ocean_header_style":"","ocean_center_header_left_menu":"","ocean_custom_header_template":"","ocean_custom_logo":0,"ocean_custom_retina_logo":0,"ocean_custom_logo_max_width":0,"ocean_custom_logo_tablet_max_width":0,"ocean_custom_logo_mobile_max_width":0,"ocean_custom_logo_max_height":0,"ocean_custom_logo_tablet_max_height":0,"ocean_custom_logo_mobile_max_height":0,"ocean_header_custom_menu":"","ocean_menu_typo_font_family":"","ocean_menu_typo_font_subset":"","ocean_menu_typo_font_size":0,"ocean_menu_typo_font_size_tablet":0,"ocean_menu_typo_font_size_mobile":0,"ocean_menu_typo_font_size_unit":"px","ocean_menu_typo_font_weight":"","ocean_menu_typo_font_weight_tablet":"","ocean_menu_typo_font_weight_mobile":"","ocean_menu_typo_transform":"","ocean_menu_typo_transform_tablet":"","ocean_menu_typo_transform_mobile":"","ocean_menu_typo_line_height":0,"ocean_menu_typo_line_height_tablet":0,"ocean_menu_typo_line_height_mobile":0,"ocean_menu_typo_line_height_unit":"","ocean_menu_typo_spacing":0,"ocean_menu_typo_spacing_tablet":0,"ocean_menu_typo_spacing_mobile":0,"ocean_menu_typo_spacing_unit":"","ocean_menu_link_color":"","ocean_menu_link_color_hover":"","ocean_menu_link_color_active":"","ocean_menu_link_background":"","ocean_menu_link_hover_background":"","ocean_menu_link_active_background":"","ocean_menu_social_links_bg":"","ocean_menu_social_hover_links_bg":"","ocean_menu_social_links_color":"","ocean_menu_social_hover_links_color":"","ocean_disable_title":"default","ocean_disable_heading":"default","ocean_post_title":"","ocean_post_subheading":"","ocean_post_title_style":"","ocean_post_title_background_color":"","ocean_post_title_background":0,"ocean_post_title_bg_image_position":"","ocean_post_title_bg_image_attachment":"","ocean_post_title_bg_image_repeat":"","ocean_post_title_bg_image_size":"","ocean_post_title_height":0,"ocean_post_title_bg_overlay":0.5,"ocean_post_title_bg_overlay_color":"","ocean_disable_breadcrumbs":"default","ocean_breadcrumbs_color":"","ocean_breadcrumbs_separator_color":"","ocean_breadcrumbs_links_color":"","ocean_breadcrumbs_links_hover_color":"","ocean_display_footer_widgets":"default","ocean_display_footer_bottom":"default","ocean_custom_footer_template":"","_vp_format_video_url":"","_vp_image_focal_point":[],"footnotes":""},"portfolio_category":[],"portfolio_tag":[],"class_list":["post-5610","portfolio","type-portfolio","status-publish","format-standard","has-post-thumbnail","hentry","entry","has-media"],"yoast_head":"<!-- This site is optimized with the Yoast SEO plugin v25.2 - https:\/\/yoast.com\/wordpress\/plugins\/seo\/ -->\n<title>Interi\u00e9rov\u00fd design - Rekrea\u010dn\u00ed objekt - design-award.cz<\/title>\n<meta name=\"robots\" content=\"index, follow, max-snippet:-1, max-image-preview:large, max-video-preview:-1\" \/>\n<link rel=\"canonical\" href=\"https:\/\/www.design-award.cz\/?portfolio=interierovy-design-rekreacni-objekt\" \/>\n<meta property=\"og:locale\" content=\"cs_CZ\" \/>\n<meta property=\"og:type\" content=\"article\" \/>\n<meta property=\"og:title\" content=\"Interi\u00e9rov\u00fd design - Rekrea\u010dn\u00ed objekt - design-award.cz\" \/>\n<meta property=\"og:description\" content=\"Karolina S\u016fvov\u00e1 Akademie Sv\u011btl\u00e1 nad S\u00e1zavou, st\u0159edn\u00ed \u0161kola a vy\u0161\u0161\u00ed odborn\u00e1 \u0161kola Hlavn\u00ed my\u0161lenkou, bylo vytvo\u0159it klidn\u00e9 a harmonick\u00e9 prost\u0159ed\u00ed, kde si \u00a0\u010dlov\u011bk m\u016f\u017ee opravdu odpo\u010dinout a na\u010derpat novou energii. Cht\u011bla jsem, aby prostor p\u016fsobil nad\u010dasov\u011b, vzdu\u0161n\u011b a p\u0159irozen\u011b \u2013 bez zbyte\u010dn\u00fdch ru\u0161iv\u00fdch prvk\u016f, a \u00a0p\u0159itom byl praktick\u00fd a vizu\u00e1ln\u011b p\u016fsobiv\u00fd. Zvolila jsem proto styl [&hellip;]\" \/>\n<meta property=\"og:url\" content=\"https:\/\/www.design-award.cz\/?portfolio=interierovy-design-rekreacni-objekt\" \/>\n<meta property=\"og:site_name\" content=\"design-award.cz\" \/>\n<meta property=\"article:modified_time\" content=\"2025-07-01T12:55:48+00:00\" \/>\n<meta property=\"og:image\" content=\"http:\/\/www.design-award.cz\/wp-content\/uploads\/2025\/07\/SUVOVA_KAROLINA_VIZUALIZACE2.jpg\" \/>\n\t<meta property=\"og:image:width\" content=\"2000\" \/>\n\t<meta property=\"og:image:height\" content=\"1125\" \/>\n\t<meta property=\"og:image:type\" content=\"image\/jpeg\" \/>\n<meta name=\"twitter:card\" content=\"summary_large_image\" \/>\n<meta name=\"twitter:label1\" content=\"Odhadovan\u00e1 doba \u010dten\u00ed\" \/>\n\t<meta name=\"twitter:data1\" content=\"3 minuty\" \/>\n<script type=\"application\/ld+json\" class=\"yoast-schema-graph\">{\"@context\":\"https:\/\/schema.org\",\"@graph\":[{\"@type\":\"WebPage\",\"@id\":\"https:\/\/www.design-award.cz\/?portfolio=interierovy-design-rekreacni-objekt\",\"url\":\"https:\/\/www.design-award.cz\/?portfolio=interierovy-design-rekreacni-objekt\",\"name\":\"Interi\u00e9rov\u00fd design - Rekrea\u010dn\u00ed objekt - design-award.cz\",\"isPartOf\":{\"@id\":\"https:\/\/www.design-award.cz\/#website\"},\"primaryImageOfPage\":{\"@id\":\"https:\/\/www.design-award.cz\/?portfolio=interierovy-design-rekreacni-objekt#primaryimage\"},\"image\":{\"@id\":\"https:\/\/www.design-award.cz\/?portfolio=interierovy-design-rekreacni-objekt#primaryimage\"},\"thumbnailUrl\":\"https:\/\/www.design-award.cz\/wp-content\/uploads\/2025\/07\/SUVOVA_KAROLINA_VIZUALIZACE2.jpg\",\"datePublished\":\"2025-07-01T12:55:47+00:00\",\"dateModified\":\"2025-07-01T12:55:48+00:00\",\"breadcrumb\":{\"@id\":\"https:\/\/www.design-award.cz\/?portfolio=interierovy-design-rekreacni-objekt#breadcrumb\"},\"inLanguage\":\"cs\",\"potentialAction\":[{\"@type\":\"ReadAction\",\"target\":[\"https:\/\/www.design-award.cz\/?portfolio=interierovy-design-rekreacni-objekt\"]}]},{\"@type\":\"ImageObject\",\"inLanguage\":\"cs\",\"@id\":\"https:\/\/www.design-award.cz\/?portfolio=interierovy-design-rekreacni-objekt#primaryimage\",\"url\":\"https:\/\/www.design-award.cz\/wp-content\/uploads\/2025\/07\/SUVOVA_KAROLINA_VIZUALIZACE2.jpg\",\"contentUrl\":\"https:\/\/www.design-award.cz\/wp-content\/uploads\/2025\/07\/SUVOVA_KAROLINA_VIZUALIZACE2.jpg\",\"width\":2000,\"height\":1125},{\"@type\":\"BreadcrumbList\",\"@id\":\"https:\/\/www.design-award.cz\/?portfolio=interierovy-design-rekreacni-objekt#breadcrumb\",\"itemListElement\":[{\"@type\":\"ListItem\",\"position\":1,\"name\":\"Dom\u016f\",\"item\":\"https:\/\/www.design-award.cz\/\"},{\"@type\":\"ListItem\",\"position\":2,\"name\":\"Portfolio Items\",\"item\":\"https:\/\/www.design-award.cz\/?post_type=portfolio\"},{\"@type\":\"ListItem\",\"position\":3,\"name\":\"Interi\u00e9rov\u00fd design &#8211; Rekrea\u010dn\u00ed objekt\"}]},{\"@type\":\"WebSite\",\"@id\":\"https:\/\/www.design-award.cz\/#website\",\"url\":\"https:\/\/www.design-award.cz\/\",\"name\":\"design-award.cz\",\"description\":\"WARD vznikla v roce 2022. Je ur\u010dena p\u0159edev\u0161\u00edm student\u016fm st\u0159edn\u00edch um\u011bleck\u00fdch \u0161kol (S\u0160 a VO\u0160), kte\u0159\u00ed mohou bezplatn\u011b zaslat sv\u00e9 n\u00e1vrhy v uveden\u00fdch kategori\u00ed a tak pom\u011b\u0159it sv\u00e9 n\u00e1pady s konkurenc\u00ed sv\u00fdch vrstevn\u00edk\u016f. N\u00e1vrhy jsou n\u00e1sledn\u011b posouzeny nez\u00e1vislou porotou z \u0159ad v\u00fdtvarn\u00edk\u016f, pedagog\u016f a profesion\u00e1l\u016f z oboru.\",\"publisher\":{\"@id\":\"https:\/\/www.design-award.cz\/#organization\"},\"potentialAction\":[{\"@type\":\"SearchAction\",\"target\":{\"@type\":\"EntryPoint\",\"urlTemplate\":\"https:\/\/www.design-award.cz\/?s={search_term_string}\"},\"query-input\":{\"@type\":\"PropertyValueSpecification\",\"valueRequired\":true,\"valueName\":\"search_term_string\"}}],\"inLanguage\":\"cs\"},{\"@type\":\"Organization\",\"@id\":\"https:\/\/www.design-award.cz\/#organization\",\"name\":\"Design Award\",\"url\":\"https:\/\/www.design-award.cz\/\",\"logo\":{\"@type\":\"ImageObject\",\"inLanguage\":\"cs\",\"@id\":\"https:\/\/www.design-award.cz\/#\/schema\/logo\/image\/\",\"url\":\"http:\/\/www.design-award.cz\/wp-content\/uploads\/2021\/12\/hornilogo_design-award.png\",\"contentUrl\":\"http:\/\/www.design-award.cz\/wp-content\/uploads\/2021\/12\/hornilogo_design-award.png\",\"width\":800,\"height\":600,\"caption\":\"Design Award\"},\"image\":{\"@id\":\"https:\/\/www.design-award.cz\/#\/schema\/logo\/image\/\"},\"sameAs\":[\"https:\/\/www.instagram.com\/design_award\/\"]}]}<\/script>\n<!-- \/ Yoast SEO plugin. -->","yoast_head_json":{"title":"Interi\u00e9rov\u00fd design - Rekrea\u010dn\u00ed objekt - design-award.cz","robots":{"index":"index","follow":"follow","max-snippet":"max-snippet:-1","max-image-preview":"max-image-preview:large","max-video-preview":"max-video-preview:-1"},"canonical":"https:\/\/www.design-award.cz\/?portfolio=interierovy-design-rekreacni-objekt","og_locale":"cs_CZ","og_type":"article","og_title":"Interi\u00e9rov\u00fd design - Rekrea\u010dn\u00ed objekt - design-award.cz","og_description":"Karolina S\u016fvov\u00e1 Akademie Sv\u011btl\u00e1 nad S\u00e1zavou, st\u0159edn\u00ed \u0161kola a vy\u0161\u0161\u00ed odborn\u00e1 \u0161kola Hlavn\u00ed my\u0161lenkou, bylo vytvo\u0159it klidn\u00e9 a harmonick\u00e9 prost\u0159ed\u00ed, kde si \u00a0\u010dlov\u011bk m\u016f\u017ee opravdu odpo\u010dinout a na\u010derpat novou energii. Cht\u011bla jsem, aby prostor p\u016fsobil nad\u010dasov\u011b, vzdu\u0161n\u011b a p\u0159irozen\u011b \u2013 bez zbyte\u010dn\u00fdch ru\u0161iv\u00fdch prvk\u016f, a \u00a0p\u0159itom byl praktick\u00fd a vizu\u00e1ln\u011b p\u016fsobiv\u00fd. Zvolila jsem proto styl [&hellip;]","og_url":"https:\/\/www.design-award.cz\/?portfolio=interierovy-design-rekreacni-objekt","og_site_name":"design-award.cz","article_modified_time":"2025-07-01T12:55:48+00:00","og_image":[{"width":2000,"height":1125,"url":"http:\/\/www.design-award.cz\/wp-content\/uploads\/2025\/07\/SUVOVA_KAROLINA_VIZUALIZACE2.jpg","type":"image\/jpeg"}],"twitter_card":"summary_large_image","twitter_misc":{"Odhadovan\u00e1 doba \u010dten\u00ed":"3 minuty"},"schema":{"@context":"https:\/\/schema.org","@graph":[{"@type":"WebPage","@id":"https:\/\/www.design-award.cz\/?portfolio=interierovy-design-rekreacni-objekt","url":"https:\/\/www.design-award.cz\/?portfolio=interierovy-design-rekreacni-objekt","name":"Interi\u00e9rov\u00fd design - Rekrea\u010dn\u00ed objekt - design-award.cz","isPartOf":{"@id":"https:\/\/www.design-award.cz\/#website"},"primaryImageOfPage":{"@id":"https:\/\/www.design-award.cz\/?portfolio=interierovy-design-rekreacni-objekt#primaryimage"},"image":{"@id":"https:\/\/www.design-award.cz\/?portfolio=interierovy-design-rekreacni-objekt#primaryimage"},"thumbnailUrl":"https:\/\/www.design-award.cz\/wp-content\/uploads\/2025\/07\/SUVOVA_KAROLINA_VIZUALIZACE2.jpg","datePublished":"2025-07-01T12:55:47+00:00","dateModified":"2025-07-01T12:55:48+00:00","breadcrumb":{"@id":"https:\/\/www.design-award.cz\/?portfolio=interierovy-design-rekreacni-objekt#breadcrumb"},"inLanguage":"cs","potentialAction":[{"@type":"ReadAction","target":["https:\/\/www.design-award.cz\/?portfolio=interierovy-design-rekreacni-objekt"]}]},{"@type":"ImageObject","inLanguage":"cs","@id":"https:\/\/www.design-award.cz\/?portfolio=interierovy-design-rekreacni-objekt#primaryimage","url":"https:\/\/www.design-award.cz\/wp-content\/uploads\/2025\/07\/SUVOVA_KAROLINA_VIZUALIZACE2.jpg","contentUrl":"https:\/\/www.design-award.cz\/wp-content\/uploads\/2025\/07\/SUVOVA_KAROLINA_VIZUALIZACE2.jpg","width":2000,"height":1125},{"@type":"BreadcrumbList","@id":"https:\/\/www.design-award.cz\/?portfolio=interierovy-design-rekreacni-objekt#breadcrumb","itemListElement":[{"@type":"ListItem","position":1,"name":"Dom\u016f","item":"https:\/\/www.design-award.cz\/"},{"@type":"ListItem","position":2,"name":"Portfolio Items","item":"https:\/\/www.design-award.cz\/?post_type=portfolio"},{"@type":"ListItem","position":3,"name":"Interi\u00e9rov\u00fd design &#8211; Rekrea\u010dn\u00ed objekt"}]},{"@type":"WebSite","@id":"https:\/\/www.design-award.cz\/#website","url":"https:\/\/www.design-award.cz\/","name":"design-award.cz","description":"WARD vznikla v roce 2022. Je ur\u010dena p\u0159edev\u0161\u00edm student\u016fm st\u0159edn\u00edch um\u011bleck\u00fdch \u0161kol (S\u0160 a VO\u0160), kte\u0159\u00ed mohou bezplatn\u011b zaslat sv\u00e9 n\u00e1vrhy v uveden\u00fdch kategori\u00ed a tak pom\u011b\u0159it sv\u00e9 n\u00e1pady s konkurenc\u00ed sv\u00fdch vrstevn\u00edk\u016f. N\u00e1vrhy jsou n\u00e1sledn\u011b posouzeny nez\u00e1vislou porotou z \u0159ad v\u00fdtvarn\u00edk\u016f, pedagog\u016f a profesion\u00e1l\u016f z oboru.","publisher":{"@id":"https:\/\/www.design-award.cz\/#organization"},"potentialAction":[{"@type":"SearchAction","target":{"@type":"EntryPoint","urlTemplate":"https:\/\/www.design-award.cz\/?s={search_term_string}"},"query-input":{"@type":"PropertyValueSpecification","valueRequired":true,"valueName":"search_term_string"}}],"inLanguage":"cs"},{"@type":"Organization","@id":"https:\/\/www.design-award.cz\/#organization","name":"Design Award","url":"https:\/\/www.design-award.cz\/","logo":{"@type":"ImageObject","inLanguage":"cs","@id":"https:\/\/www.design-award.cz\/#\/schema\/logo\/image\/","url":"http:\/\/www.design-award.cz\/wp-content\/uploads\/2021\/12\/hornilogo_design-award.png","contentUrl":"http:\/\/www.design-award.cz\/wp-content\/uploads\/2021\/12\/hornilogo_design-award.png","width":800,"height":600,"caption":"Design Award"},"image":{"@id":"https:\/\/www.design-award.cz\/#\/schema\/logo\/image\/"},"sameAs":["https:\/\/www.instagram.com\/design_award\/"]}]}},"_links":{"self":[{"href":"https:\/\/www.design-award.cz\/index.php?rest_route=\/wp\/v2\/portfolio\/5610","targetHints":{"allow":["GET"]}}],"collection":[{"href":"https:\/\/www.design-award.cz\/index.php?rest_route=\/wp\/v2\/portfolio"}],"about":[{"href":"https:\/\/www.design-award.cz\/index.php?rest_route=\/wp\/v2\/types\/portfolio"}],"author":[{"embeddable":true,"href":"https:\/\/www.design-award.cz\/index.php?rest_route=\/wp\/v2\/users\/2"}],"replies":[{"embeddable":true,"href":"https:\/\/www.design-award.cz\/index.php?rest_route=%2Fwp%2Fv2%2Fcomments&post=5610"}],"version-history":[{"count":1,"href":"https:\/\/www.design-award.cz\/index.php?rest_route=\/wp\/v2\/portfolio\/5610\/revisions"}],"predecessor-version":[{"id":5623,"href":"https:\/\/www.design-award.cz\/index.php?rest_route=\/wp\/v2\/portfolio\/5610\/revisions\/5623"}],"wp:featuredmedia":[{"embeddable":true,"href":"https:\/\/www.design-award.cz\/index.php?rest_route=\/wp\/v2\/media\/5621"}],"wp:attachment":[{"href":"https:\/\/www.design-award.cz\/index.php?rest_route=%2Fwp%2Fv2%2Fmedia&parent=5610"}],"wp:term":[{"taxonomy":"portfolio_category","embeddable":true,"href":"https:\/\/www.design-award.cz\/index.php?rest_route=%2Fwp%2Fv2%2Fportfolio_category&post=5610"},{"taxonomy":"portfolio_tag","embeddable":true,"href":"https:\/\/www.design-award.cz\/index.php?rest_route=%2Fwp%2Fv2%2Fportfolio_tag&post=5610"}],"curies":[{"name":"wp","href":"https:\/\/api.w.org\/{rel}","templated":true}]}}