{"id":5654,"date":"2025-07-01T13:49:38","date_gmt":"2025-07-01T13:49:38","guid":{"rendered":"https:\/\/www.design-award.cz\/?post_type=portfolio&#038;p=5654"},"modified":"2025-07-01T13:49:45","modified_gmt":"2025-07-01T13:49:45","slug":"produktovy-design-fjol-jidelni-sestava-nabytku","status":"publish","type":"portfolio","link":"https:\/\/www.design-award.cz\/?portfolio=produktovy-design-fjol-jidelni-sestava-nabytku","title":{"rendered":"Produktov\u00fd design &#8211; fjol \u2013 j\u00eddeln\u00ed sestava n\u00e1bytku"},"content":{"rendered":"\n<p>Vojt\u011bch Piroch<br><br>St\u0159edn\u00ed \u0161kola designu interi\u00e9ru Kate\u0159inky &#8211; Liberec, s.r.o.<br><br>Fjol \u2013 j\u00eddeln\u00ed sestava n\u00e1bytku<br><br>Fjol je modern\u00ed venkovn\u00ed sezen\u00ed navr\u017een\u00e9 pro zahrady, \u0161koly i ve\u0159ejn\u00e1 prostranstv\u00ed. Spojuje odolnost, prakti\u010dnost a jednoduchou mont\u00e1\u017e s modern\u00edm designem. Jeho konstrukce stoj\u00ed na pevn\u00fdch ak\u00e1tov\u00fdch noh\u00e1ch a p\u0159\u00ed\u010dk\u00e1ch, kter\u00e9 dr\u017e\u00ed pohromad\u011b kovov\u00e9 luby. Ak\u00e1t je d\u0159evo, kter\u00e9 p\u0159irozen\u011b odol\u00e1v\u00e1 pov\u011btrnostn\u00edm vliv\u016fm, tak\u017ee Fjol vydr\u017e\u00ed dlouh\u00e1 l\u00e9ta bez pot\u0159eby chemick\u00e9 \u00fapravy.<br><br>Zaj\u00edmavost\u00ed jsou pr\u00e1v\u011b luby \u2013 skl\u00e1daj\u00ed se ze \u010dty\u0159 rohov\u00fdch d\u00edl\u016f, kter\u00e9 jsou mezi sebou spojeny \u0161rouby. D\u00edky tomu jde sestavu snadno rozlo\u017eit, opravit nebo znovu slo\u017eit. Ide\u00e1ln\u00ed \u0159e\u0161en\u00ed i pro s\u00e9riovou v\u00fdrobu.<br><br>Fjol existuje ve \u010dty\u0159ech barevn\u00fdch variant\u00e1ch \u2013 oran\u017eov\u00e9, \u017elut\u00e9, \u010dern\u00e9 a modr\u00e9. Ty dod\u00e1vaj\u00ed cel\u00e9 sestav\u011b modern\u00ed a sv\u011b\u017e\u00ed vzhled.<br><br>Cel\u00fd projekt stoj\u00ed na my\u0161lence vytvo\u0159it venkovn\u00ed n\u00e1bytek, kter\u00fd je praktick\u00fd, udr\u017eiteln\u00fd a kr\u00e1sn\u00fd z\u00e1rove\u0148. Fjol je d\u016fkazem, \u017ee chytr\u00e9 technick\u00e9 \u0159e\u0161en\u00ed m\u016f\u017ee j\u00edt ruku v ruce s designem, kter\u00fd zaujme.<\/p>\n\n\n\n<figure class=\"wp-block-image size-large\"><img decoding=\"async\" width=\"717\" height=\"1024\" data-src=\"http:\/\/www.design-award.cz\/wp-content\/uploads\/2025\/07\/fjol-plakat-717x1024.png\" alt=\"\" class=\"wp-image-5658 lazyload\" data-srcset=\"https:\/\/www.design-award.cz\/wp-content\/uploads\/2025\/07\/fjol-plakat-717x1024.png 717w, https:\/\/www.design-award.cz\/wp-content\/uploads\/2025\/07\/fjol-plakat-210x300.png 210w, https:\/\/www.design-award.cz\/wp-content\/uploads\/2025\/07\/fjol-plakat-768x1097.png 768w, https:\/\/www.design-award.cz\/wp-content\/uploads\/2025\/07\/fjol-plakat-1075x1536.png 1075w, https:\/\/www.design-award.cz\/wp-content\/uploads\/2025\/07\/fjol-plakat-1434x2048.png 1434w, https:\/\/www.design-award.cz\/wp-content\/uploads\/2025\/07\/fjol-plakat-500x714.png 500w, https:\/\/www.design-award.cz\/wp-content\/uploads\/2025\/07\/fjol-plakat-800x1143.png 800w, https:\/\/www.design-award.cz\/wp-content\/uploads\/2025\/07\/fjol-plakat-1280x1829.png 1280w, https:\/\/www.design-award.cz\/wp-content\/uploads\/2025\/07\/fjol-plakat-1920x2743.png 1920w, https:\/\/www.design-award.cz\/wp-content\/uploads\/2025\/07\/fjol-plakat-scaled.png 1792w\" data-sizes=\"(max-width: 717px) 100vw, 717px\" src=\"data:image\/svg+xml;base64,PHN2ZyB3aWR0aD0iMSIgaGVpZ2h0PSIxIiB4bWxucz0iaHR0cDovL3d3dy53My5vcmcvMjAwMC9zdmciPjwvc3ZnPg==\" style=\"--smush-placeholder-width: 717px; --smush-placeholder-aspect-ratio: 717\/1024;\" \/><\/figure>\n\n\n\n<figure class=\"wp-block-image size-large\"><img decoding=\"async\" width=\"1024\" height=\"1024\" data-src=\"http:\/\/www.design-award.cz\/wp-content\/uploads\/2025\/07\/fjol-pudorys-1024x1024.png\" alt=\"\" class=\"wp-image-5661 lazyload\" data-srcset=\"https:\/\/www.design-award.cz\/wp-content\/uploads\/2025\/07\/fjol-pudorys-1024x1024.png 1024w, https:\/\/www.design-award.cz\/wp-content\/uploads\/2025\/07\/fjol-pudorys-300x300.png 300w, https:\/\/www.design-award.cz\/wp-content\/uploads\/2025\/07\/fjol-pudorys-150x150.png 150w, https:\/\/www.design-award.cz\/wp-content\/uploads\/2025\/07\/fjol-pudorys-768x768.png 768w, https:\/\/www.design-award.cz\/wp-content\/uploads\/2025\/07\/fjol-pudorys-600x600.png 600w, https:\/\/www.design-award.cz\/wp-content\/uploads\/2025\/07\/fjol-pudorys-500x500.png 500w, https:\/\/www.design-award.cz\/wp-content\/uploads\/2025\/07\/fjol-pudorys-800x800.png 800w, https:\/\/www.design-award.cz\/wp-content\/uploads\/2025\/07\/fjol-pudorys.png 1142w\" data-sizes=\"(max-width: 1024px) 100vw, 1024px\" src=\"data:image\/svg+xml;base64,PHN2ZyB3aWR0aD0iMSIgaGVpZ2h0PSIxIiB4bWxucz0iaHR0cDovL3d3dy53My5vcmcvMjAwMC9zdmciPjwvc3ZnPg==\" style=\"--smush-placeholder-width: 1024px; --smush-placeholder-aspect-ratio: 1024\/1024;\" \/><\/figure>\n\n\n\n<figure class=\"wp-block-image size-large\"><img decoding=\"async\" width=\"1024\" height=\"576\" data-src=\"http:\/\/www.design-award.cz\/wp-content\/uploads\/2025\/07\/fjol-v-zahrade-1024x576.jpg\" alt=\"\" class=\"wp-image-5663 lazyload\" data-srcset=\"https:\/\/www.design-award.cz\/wp-content\/uploads\/2025\/07\/fjol-v-zahrade-1024x576.jpg 1024w, https:\/\/www.design-award.cz\/wp-content\/uploads\/2025\/07\/fjol-v-zahrade-300x169.jpg 300w, https:\/\/www.design-award.cz\/wp-content\/uploads\/2025\/07\/fjol-v-zahrade-768x432.jpg 768w, https:\/\/www.design-award.cz\/wp-content\/uploads\/2025\/07\/fjol-v-zahrade-1536x864.jpg 1536w, https:\/\/www.design-award.cz\/wp-content\/uploads\/2025\/07\/fjol-v-zahrade-800x450.jpg 800w, https:\/\/www.design-award.cz\/wp-content\/uploads\/2025\/07\/fjol-v-zahrade-500x281.jpg 500w, https:\/\/www.design-award.cz\/wp-content\/uploads\/2025\/07\/fjol-v-zahrade-1280x720.jpg 1280w, https:\/\/www.design-award.cz\/wp-content\/uploads\/2025\/07\/fjol-v-zahrade.jpg 1920w\" data-sizes=\"(max-width: 1024px) 100vw, 1024px\" src=\"data:image\/svg+xml;base64,PHN2ZyB3aWR0aD0iMSIgaGVpZ2h0PSIxIiB4bWxucz0iaHR0cDovL3d3dy53My5vcmcvMjAwMC9zdmciPjwvc3ZnPg==\" style=\"--smush-placeholder-width: 1024px; --smush-placeholder-aspect-ratio: 1024\/576;\" \/><\/figure>\n\n\n\n<figure class=\"wp-block-image size-large\"><img decoding=\"async\" width=\"1024\" height=\"576\" data-src=\"http:\/\/www.design-award.cz\/wp-content\/uploads\/2025\/07\/fjol-vykres-1024x576.png\" alt=\"\" class=\"wp-image-5662 lazyload\" data-srcset=\"https:\/\/www.design-award.cz\/wp-content\/uploads\/2025\/07\/fjol-vykres-1024x576.png 1024w, https:\/\/www.design-award.cz\/wp-content\/uploads\/2025\/07\/fjol-vykres-300x169.png 300w, https:\/\/www.design-award.cz\/wp-content\/uploads\/2025\/07\/fjol-vykres-768x432.png 768w, https:\/\/www.design-award.cz\/wp-content\/uploads\/2025\/07\/fjol-vykres-1536x864.png 1536w, https:\/\/www.design-award.cz\/wp-content\/uploads\/2025\/07\/fjol-vykres-2048x1152.png 2048w, https:\/\/www.design-award.cz\/wp-content\/uploads\/2025\/07\/fjol-vykres-800x450.png 800w, https:\/\/www.design-award.cz\/wp-content\/uploads\/2025\/07\/fjol-vykres-500x281.png 500w, https:\/\/www.design-award.cz\/wp-content\/uploads\/2025\/07\/fjol-vykres-1280x720.png 1280w, https:\/\/www.design-award.cz\/wp-content\/uploads\/2025\/07\/fjol-vykres-1920x1080.png 1920w\" data-sizes=\"(max-width: 1024px) 100vw, 1024px\" src=\"data:image\/svg+xml;base64,PHN2ZyB3aWR0aD0iMSIgaGVpZ2h0PSIxIiB4bWxucz0iaHR0cDovL3d3dy53My5vcmcvMjAwMC9zdmciPjwvc3ZnPg==\" style=\"--smush-placeholder-width: 1024px; --smush-placeholder-aspect-ratio: 1024\/576;\" \/><\/figure>\n","protected":false},"excerpt":{"rendered":"<p>Vojt\u011bch Piroch St\u0159edn\u00ed \u0161kola designu interi\u00e9ru Kate\u0159inky &#8211; Liberec, s.r.o. Fjol \u2013 j\u00eddeln\u00ed sestava n\u00e1bytku Fjol je modern\u00ed venkovn\u00ed sezen\u00ed navr\u017een\u00e9 pro zahrady, \u0161koly i ve\u0159ejn\u00e1 prostranstv\u00ed. Spojuje odolnost, prakti\u010dnost a jednoduchou mont\u00e1\u017e s modern\u00edm designem. Jeho konstrukce stoj\u00ed na pevn\u00fdch ak\u00e1tov\u00fdch noh\u00e1ch a p\u0159\u00ed\u010dk\u00e1ch, kter\u00e9 dr\u017e\u00ed pohromad\u011b kovov\u00e9 luby. Ak\u00e1t je d\u0159evo, kter\u00e9 p\u0159irozen\u011b [&hellip;]<\/p>\n","protected":false},"author":2,"featured_media":5656,"menu_order":0,"comment_status":"closed","ping_status":"closed","template":"","format":"standard","meta":{"ngg_post_thumbnail":0,"ocean_post_layout":"","ocean_both_sidebars_style":"","ocean_both_sidebars_content_width":0,"ocean_both_sidebars_sidebars_width":0,"ocean_sidebar":"","ocean_second_sidebar":"","ocean_disable_margins":"enable","ocean_add_body_class":"","ocean_shortcode_before_top_bar":"","ocean_shortcode_after_top_bar":"","ocean_shortcode_before_header":"","ocean_shortcode_after_header":"","ocean_has_shortcode":"","ocean_shortcode_after_title":"","ocean_shortcode_before_footer_widgets":"","ocean_shortcode_after_footer_widgets":"","ocean_shortcode_before_footer_bottom":"","ocean_shortcode_after_footer_bottom":"","ocean_display_top_bar":"default","ocean_display_header":"default","ocean_header_style":"","ocean_center_header_left_menu":"","ocean_custom_header_template":"","ocean_custom_logo":0,"ocean_custom_retina_logo":0,"ocean_custom_logo_max_width":0,"ocean_custom_logo_tablet_max_width":0,"ocean_custom_logo_mobile_max_width":0,"ocean_custom_logo_max_height":0,"ocean_custom_logo_tablet_max_height":0,"ocean_custom_logo_mobile_max_height":0,"ocean_header_custom_menu":"","ocean_menu_typo_font_family":"","ocean_menu_typo_font_subset":"","ocean_menu_typo_font_size":0,"ocean_menu_typo_font_size_tablet":0,"ocean_menu_typo_font_size_mobile":0,"ocean_menu_typo_font_size_unit":"px","ocean_menu_typo_font_weight":"","ocean_menu_typo_font_weight_tablet":"","ocean_menu_typo_font_weight_mobile":"","ocean_menu_typo_transform":"","ocean_menu_typo_transform_tablet":"","ocean_menu_typo_transform_mobile":"","ocean_menu_typo_line_height":0,"ocean_menu_typo_line_height_tablet":0,"ocean_menu_typo_line_height_mobile":0,"ocean_menu_typo_line_height_unit":"","ocean_menu_typo_spacing":0,"ocean_menu_typo_spacing_tablet":0,"ocean_menu_typo_spacing_mobile":0,"ocean_menu_typo_spacing_unit":"","ocean_menu_link_color":"","ocean_menu_link_color_hover":"","ocean_menu_link_color_active":"","ocean_menu_link_background":"","ocean_menu_link_hover_background":"","ocean_menu_link_active_background":"","ocean_menu_social_links_bg":"","ocean_menu_social_hover_links_bg":"","ocean_menu_social_links_color":"","ocean_menu_social_hover_links_color":"","ocean_disable_title":"default","ocean_disable_heading":"default","ocean_post_title":"","ocean_post_subheading":"","ocean_post_title_style":"","ocean_post_title_background_color":"","ocean_post_title_background":0,"ocean_post_title_bg_image_position":"","ocean_post_title_bg_image_attachment":"","ocean_post_title_bg_image_repeat":"","ocean_post_title_bg_image_size":"","ocean_post_title_height":0,"ocean_post_title_bg_overlay":0.5,"ocean_post_title_bg_overlay_color":"","ocean_disable_breadcrumbs":"default","ocean_breadcrumbs_color":"","ocean_breadcrumbs_separator_color":"","ocean_breadcrumbs_links_color":"","ocean_breadcrumbs_links_hover_color":"","ocean_display_footer_widgets":"default","ocean_display_footer_bottom":"default","ocean_custom_footer_template":"","_vp_format_video_url":"","_vp_image_focal_point":[],"footnotes":""},"portfolio_category":[],"portfolio_tag":[],"class_list":["post-5654","portfolio","type-portfolio","status-publish","format-standard","has-post-thumbnail","hentry","entry","has-media"],"yoast_head":"<!-- This site is optimized with the Yoast SEO plugin v25.2 - https:\/\/yoast.com\/wordpress\/plugins\/seo\/ -->\n<title>Produktov\u00fd design - fjol \u2013 j\u00eddeln\u00ed sestava n\u00e1bytku - design-award.cz<\/title>\n<meta name=\"robots\" content=\"index, follow, max-snippet:-1, max-image-preview:large, max-video-preview:-1\" \/>\n<link rel=\"canonical\" href=\"https:\/\/www.design-award.cz\/?portfolio=produktovy-design-fjol-jidelni-sestava-nabytku\" \/>\n<meta property=\"og:locale\" content=\"cs_CZ\" \/>\n<meta property=\"og:type\" content=\"article\" \/>\n<meta property=\"og:title\" content=\"Produktov\u00fd design - fjol \u2013 j\u00eddeln\u00ed sestava n\u00e1bytku - design-award.cz\" \/>\n<meta property=\"og:description\" content=\"Vojt\u011bch Piroch St\u0159edn\u00ed \u0161kola designu interi\u00e9ru Kate\u0159inky &#8211; Liberec, s.r.o. Fjol \u2013 j\u00eddeln\u00ed sestava n\u00e1bytku Fjol je modern\u00ed venkovn\u00ed sezen\u00ed navr\u017een\u00e9 pro zahrady, \u0161koly i ve\u0159ejn\u00e1 prostranstv\u00ed. Spojuje odolnost, prakti\u010dnost a jednoduchou mont\u00e1\u017e s modern\u00edm designem. Jeho konstrukce stoj\u00ed na pevn\u00fdch ak\u00e1tov\u00fdch noh\u00e1ch a p\u0159\u00ed\u010dk\u00e1ch, kter\u00e9 dr\u017e\u00ed pohromad\u011b kovov\u00e9 luby. Ak\u00e1t je d\u0159evo, kter\u00e9 p\u0159irozen\u011b [&hellip;]\" \/>\n<meta property=\"og:url\" content=\"https:\/\/www.design-award.cz\/?portfolio=produktovy-design-fjol-jidelni-sestava-nabytku\" \/>\n<meta property=\"og:site_name\" content=\"design-award.cz\" \/>\n<meta property=\"article:modified_time\" content=\"2025-07-01T13:49:45+00:00\" \/>\n<meta property=\"og:image\" content=\"http:\/\/www.design-award.cz\/wp-content\/uploads\/2025\/07\/fjol-barvy.png\" \/>\n\t<meta property=\"og:image:width\" content=\"1920\" \/>\n\t<meta property=\"og:image:height\" content=\"1080\" \/>\n\t<meta property=\"og:image:type\" content=\"image\/png\" \/>\n<meta name=\"twitter:card\" content=\"summary_large_image\" \/>\n<meta name=\"twitter:label1\" content=\"Odhadovan\u00e1 doba \u010dten\u00ed\" \/>\n\t<meta name=\"twitter:data1\" content=\"2 minuty\" \/>\n<script type=\"application\/ld+json\" class=\"yoast-schema-graph\">{\"@context\":\"https:\/\/schema.org\",\"@graph\":[{\"@type\":\"WebPage\",\"@id\":\"https:\/\/www.design-award.cz\/?portfolio=produktovy-design-fjol-jidelni-sestava-nabytku\",\"url\":\"https:\/\/www.design-award.cz\/?portfolio=produktovy-design-fjol-jidelni-sestava-nabytku\",\"name\":\"Produktov\u00fd design - fjol \u2013 j\u00eddeln\u00ed sestava n\u00e1bytku - design-award.cz\",\"isPartOf\":{\"@id\":\"https:\/\/www.design-award.cz\/#website\"},\"primaryImageOfPage\":{\"@id\":\"https:\/\/www.design-award.cz\/?portfolio=produktovy-design-fjol-jidelni-sestava-nabytku#primaryimage\"},\"image\":{\"@id\":\"https:\/\/www.design-award.cz\/?portfolio=produktovy-design-fjol-jidelni-sestava-nabytku#primaryimage\"},\"thumbnailUrl\":\"https:\/\/www.design-award.cz\/wp-content\/uploads\/2025\/07\/fjol-barvy.png\",\"datePublished\":\"2025-07-01T13:49:38+00:00\",\"dateModified\":\"2025-07-01T13:49:45+00:00\",\"breadcrumb\":{\"@id\":\"https:\/\/www.design-award.cz\/?portfolio=produktovy-design-fjol-jidelni-sestava-nabytku#breadcrumb\"},\"inLanguage\":\"cs\",\"potentialAction\":[{\"@type\":\"ReadAction\",\"target\":[\"https:\/\/www.design-award.cz\/?portfolio=produktovy-design-fjol-jidelni-sestava-nabytku\"]}]},{\"@type\":\"ImageObject\",\"inLanguage\":\"cs\",\"@id\":\"https:\/\/www.design-award.cz\/?portfolio=produktovy-design-fjol-jidelni-sestava-nabytku#primaryimage\",\"url\":\"https:\/\/www.design-award.cz\/wp-content\/uploads\/2025\/07\/fjol-barvy.png\",\"contentUrl\":\"https:\/\/www.design-award.cz\/wp-content\/uploads\/2025\/07\/fjol-barvy.png\",\"width\":1920,\"height\":1080},{\"@type\":\"BreadcrumbList\",\"@id\":\"https:\/\/www.design-award.cz\/?portfolio=produktovy-design-fjol-jidelni-sestava-nabytku#breadcrumb\",\"itemListElement\":[{\"@type\":\"ListItem\",\"position\":1,\"name\":\"Dom\u016f\",\"item\":\"https:\/\/www.design-award.cz\/\"},{\"@type\":\"ListItem\",\"position\":2,\"name\":\"Portfolio Items\",\"item\":\"https:\/\/www.design-award.cz\/?post_type=portfolio\"},{\"@type\":\"ListItem\",\"position\":3,\"name\":\"Produktov\u00fd design &#8211; fjol \u2013 j\u00eddeln\u00ed sestava n\u00e1bytku\"}]},{\"@type\":\"WebSite\",\"@id\":\"https:\/\/www.design-award.cz\/#website\",\"url\":\"https:\/\/www.design-award.cz\/\",\"name\":\"design-award.cz\",\"description\":\"WARD vznikla v roce 2022. Je ur\u010dena p\u0159edev\u0161\u00edm student\u016fm st\u0159edn\u00edch um\u011bleck\u00fdch \u0161kol (S\u0160 a VO\u0160), kte\u0159\u00ed mohou bezplatn\u011b zaslat sv\u00e9 n\u00e1vrhy v uveden\u00fdch kategori\u00ed a tak pom\u011b\u0159it sv\u00e9 n\u00e1pady s konkurenc\u00ed sv\u00fdch vrstevn\u00edk\u016f. N\u00e1vrhy jsou n\u00e1sledn\u011b posouzeny nez\u00e1vislou porotou z \u0159ad v\u00fdtvarn\u00edk\u016f, pedagog\u016f a profesion\u00e1l\u016f z oboru.\",\"publisher\":{\"@id\":\"https:\/\/www.design-award.cz\/#organization\"},\"potentialAction\":[{\"@type\":\"SearchAction\",\"target\":{\"@type\":\"EntryPoint\",\"urlTemplate\":\"https:\/\/www.design-award.cz\/?s={search_term_string}\"},\"query-input\":{\"@type\":\"PropertyValueSpecification\",\"valueRequired\":true,\"valueName\":\"search_term_string\"}}],\"inLanguage\":\"cs\"},{\"@type\":\"Organization\",\"@id\":\"https:\/\/www.design-award.cz\/#organization\",\"name\":\"Design Award\",\"url\":\"https:\/\/www.design-award.cz\/\",\"logo\":{\"@type\":\"ImageObject\",\"inLanguage\":\"cs\",\"@id\":\"https:\/\/www.design-award.cz\/#\/schema\/logo\/image\/\",\"url\":\"http:\/\/www.design-award.cz\/wp-content\/uploads\/2021\/12\/hornilogo_design-award.png\",\"contentUrl\":\"http:\/\/www.design-award.cz\/wp-content\/uploads\/2021\/12\/hornilogo_design-award.png\",\"width\":800,\"height\":600,\"caption\":\"Design Award\"},\"image\":{\"@id\":\"https:\/\/www.design-award.cz\/#\/schema\/logo\/image\/\"},\"sameAs\":[\"https:\/\/www.instagram.com\/design_award\/\"]}]}<\/script>\n<!-- \/ Yoast SEO plugin. -->","yoast_head_json":{"title":"Produktov\u00fd design - fjol \u2013 j\u00eddeln\u00ed sestava n\u00e1bytku - design-award.cz","robots":{"index":"index","follow":"follow","max-snippet":"max-snippet:-1","max-image-preview":"max-image-preview:large","max-video-preview":"max-video-preview:-1"},"canonical":"https:\/\/www.design-award.cz\/?portfolio=produktovy-design-fjol-jidelni-sestava-nabytku","og_locale":"cs_CZ","og_type":"article","og_title":"Produktov\u00fd design - fjol \u2013 j\u00eddeln\u00ed sestava n\u00e1bytku - design-award.cz","og_description":"Vojt\u011bch Piroch St\u0159edn\u00ed \u0161kola designu interi\u00e9ru Kate\u0159inky &#8211; Liberec, s.r.o. Fjol \u2013 j\u00eddeln\u00ed sestava n\u00e1bytku Fjol je modern\u00ed venkovn\u00ed sezen\u00ed navr\u017een\u00e9 pro zahrady, \u0161koly i ve\u0159ejn\u00e1 prostranstv\u00ed. Spojuje odolnost, prakti\u010dnost a jednoduchou mont\u00e1\u017e s modern\u00edm designem. Jeho konstrukce stoj\u00ed na pevn\u00fdch ak\u00e1tov\u00fdch noh\u00e1ch a p\u0159\u00ed\u010dk\u00e1ch, kter\u00e9 dr\u017e\u00ed pohromad\u011b kovov\u00e9 luby. Ak\u00e1t je d\u0159evo, kter\u00e9 p\u0159irozen\u011b [&hellip;]","og_url":"https:\/\/www.design-award.cz\/?portfolio=produktovy-design-fjol-jidelni-sestava-nabytku","og_site_name":"design-award.cz","article_modified_time":"2025-07-01T13:49:45+00:00","og_image":[{"width":1920,"height":1080,"url":"http:\/\/www.design-award.cz\/wp-content\/uploads\/2025\/07\/fjol-barvy.png","type":"image\/png"}],"twitter_card":"summary_large_image","twitter_misc":{"Odhadovan\u00e1 doba \u010dten\u00ed":"2 minuty"},"schema":{"@context":"https:\/\/schema.org","@graph":[{"@type":"WebPage","@id":"https:\/\/www.design-award.cz\/?portfolio=produktovy-design-fjol-jidelni-sestava-nabytku","url":"https:\/\/www.design-award.cz\/?portfolio=produktovy-design-fjol-jidelni-sestava-nabytku","name":"Produktov\u00fd design - fjol \u2013 j\u00eddeln\u00ed sestava n\u00e1bytku - design-award.cz","isPartOf":{"@id":"https:\/\/www.design-award.cz\/#website"},"primaryImageOfPage":{"@id":"https:\/\/www.design-award.cz\/?portfolio=produktovy-design-fjol-jidelni-sestava-nabytku#primaryimage"},"image":{"@id":"https:\/\/www.design-award.cz\/?portfolio=produktovy-design-fjol-jidelni-sestava-nabytku#primaryimage"},"thumbnailUrl":"https:\/\/www.design-award.cz\/wp-content\/uploads\/2025\/07\/fjol-barvy.png","datePublished":"2025-07-01T13:49:38+00:00","dateModified":"2025-07-01T13:49:45+00:00","breadcrumb":{"@id":"https:\/\/www.design-award.cz\/?portfolio=produktovy-design-fjol-jidelni-sestava-nabytku#breadcrumb"},"inLanguage":"cs","potentialAction":[{"@type":"ReadAction","target":["https:\/\/www.design-award.cz\/?portfolio=produktovy-design-fjol-jidelni-sestava-nabytku"]}]},{"@type":"ImageObject","inLanguage":"cs","@id":"https:\/\/www.design-award.cz\/?portfolio=produktovy-design-fjol-jidelni-sestava-nabytku#primaryimage","url":"https:\/\/www.design-award.cz\/wp-content\/uploads\/2025\/07\/fjol-barvy.png","contentUrl":"https:\/\/www.design-award.cz\/wp-content\/uploads\/2025\/07\/fjol-barvy.png","width":1920,"height":1080},{"@type":"BreadcrumbList","@id":"https:\/\/www.design-award.cz\/?portfolio=produktovy-design-fjol-jidelni-sestava-nabytku#breadcrumb","itemListElement":[{"@type":"ListItem","position":1,"name":"Dom\u016f","item":"https:\/\/www.design-award.cz\/"},{"@type":"ListItem","position":2,"name":"Portfolio Items","item":"https:\/\/www.design-award.cz\/?post_type=portfolio"},{"@type":"ListItem","position":3,"name":"Produktov\u00fd design &#8211; fjol \u2013 j\u00eddeln\u00ed sestava n\u00e1bytku"}]},{"@type":"WebSite","@id":"https:\/\/www.design-award.cz\/#website","url":"https:\/\/www.design-award.cz\/","name":"design-award.cz","description":"WARD vznikla v roce 2022. Je ur\u010dena p\u0159edev\u0161\u00edm student\u016fm st\u0159edn\u00edch um\u011bleck\u00fdch \u0161kol (S\u0160 a VO\u0160), kte\u0159\u00ed mohou bezplatn\u011b zaslat sv\u00e9 n\u00e1vrhy v uveden\u00fdch kategori\u00ed a tak pom\u011b\u0159it sv\u00e9 n\u00e1pady s konkurenc\u00ed sv\u00fdch vrstevn\u00edk\u016f. N\u00e1vrhy jsou n\u00e1sledn\u011b posouzeny nez\u00e1vislou porotou z \u0159ad v\u00fdtvarn\u00edk\u016f, pedagog\u016f a profesion\u00e1l\u016f z oboru.","publisher":{"@id":"https:\/\/www.design-award.cz\/#organization"},"potentialAction":[{"@type":"SearchAction","target":{"@type":"EntryPoint","urlTemplate":"https:\/\/www.design-award.cz\/?s={search_term_string}"},"query-input":{"@type":"PropertyValueSpecification","valueRequired":true,"valueName":"search_term_string"}}],"inLanguage":"cs"},{"@type":"Organization","@id":"https:\/\/www.design-award.cz\/#organization","name":"Design Award","url":"https:\/\/www.design-award.cz\/","logo":{"@type":"ImageObject","inLanguage":"cs","@id":"https:\/\/www.design-award.cz\/#\/schema\/logo\/image\/","url":"http:\/\/www.design-award.cz\/wp-content\/uploads\/2021\/12\/hornilogo_design-award.png","contentUrl":"http:\/\/www.design-award.cz\/wp-content\/uploads\/2021\/12\/hornilogo_design-award.png","width":800,"height":600,"caption":"Design Award"},"image":{"@id":"https:\/\/www.design-award.cz\/#\/schema\/logo\/image\/"},"sameAs":["https:\/\/www.instagram.com\/design_award\/"]}]}},"_links":{"self":[{"href":"https:\/\/www.design-award.cz\/index.php?rest_route=\/wp\/v2\/portfolio\/5654","targetHints":{"allow":["GET"]}}],"collection":[{"href":"https:\/\/www.design-award.cz\/index.php?rest_route=\/wp\/v2\/portfolio"}],"about":[{"href":"https:\/\/www.design-award.cz\/index.php?rest_route=\/wp\/v2\/types\/portfolio"}],"author":[{"embeddable":true,"href":"https:\/\/www.design-award.cz\/index.php?rest_route=\/wp\/v2\/users\/2"}],"replies":[{"embeddable":true,"href":"https:\/\/www.design-award.cz\/index.php?rest_route=%2Fwp%2Fv2%2Fcomments&post=5654"}],"version-history":[{"count":1,"href":"https:\/\/www.design-award.cz\/index.php?rest_route=\/wp\/v2\/portfolio\/5654\/revisions"}],"predecessor-version":[{"id":5665,"href":"https:\/\/www.design-award.cz\/index.php?rest_route=\/wp\/v2\/portfolio\/5654\/revisions\/5665"}],"wp:featuredmedia":[{"embeddable":true,"href":"https:\/\/www.design-award.cz\/index.php?rest_route=\/wp\/v2\/media\/5656"}],"wp:attachment":[{"href":"https:\/\/www.design-award.cz\/index.php?rest_route=%2Fwp%2Fv2%2Fmedia&parent=5654"}],"wp:term":[{"taxonomy":"portfolio_category","embeddable":true,"href":"https:\/\/www.design-award.cz\/index.php?rest_route=%2Fwp%2Fv2%2Fportfolio_category&post=5654"},{"taxonomy":"portfolio_tag","embeddable":true,"href":"https:\/\/www.design-award.cz\/index.php?rest_route=%2Fwp%2Fv2%2Fportfolio_tag&post=5654"}],"curies":[{"name":"wp","href":"https:\/\/api.w.org\/{rel}","templated":true}]}}