{"id":5675,"date":"2025-07-30T09:30:36","date_gmt":"2025-07-30T09:30:36","guid":{"rendered":"https:\/\/www.design-award.cz\/?post_type=portfolio&#038;p=5675"},"modified":"2025-07-30T09:30:50","modified_gmt":"2025-07-30T09:30:50","slug":"interierovy-design-navrh-horskeho-rodinneho-apartmanu","status":"publish","type":"portfolio","link":"https:\/\/www.design-award.cz\/?portfolio=interierovy-design-navrh-horskeho-rodinneho-apartmanu","title":{"rendered":"Interi\u00e9rov\u00fd design &#8211; N\u00c1VRH HORSK\u00c9HO RODINN\u00c9HO APARTM\u00c1NU"},"content":{"rendered":"\n<p><strong>Barbora Sudov\u00e1<\/strong><\/p>\n\n\n\n<p>MICHAEL &#8211; S\u0160 a VO\u0160 reklamn\u00ed a um\u011bleck\u00e9 tvorby, s.r.o.<\/p>\n\n\n\n<p>T\u00e9ma leto\u0161n\u00ed absolventsk\u00e9 pr\u00e1ce nese n\u00e1zev \u201eVyu\u017eit\u00ed kontejneru pro tvorbu interi\u00e9rov\u00e9ho n\u00e1vrhu\u201c. Na ur\u010den\u00e9 t\u00e9ma jsem zvolila vyu\u017eit\u00ed lodn\u00edch kontejner\u016f pro tvorbu horsk\u00e9ho rodinn\u00e9ho apartm\u00e1nu, kter\u00fd mi p\u0159ipom\u00edn\u00e1 \u010dasy str\u00e1ven\u00e9 v Rakousk\u00fdch Alp\u00e1ch.<br>Hlavn\u00edm \u00fakolem bylo navrhnou prostor s vyu\u017eit\u00edm lodn\u00edch kontejner\u016f a zhotovit vizualizace n\u00e1vrhu spole\u010dn\u011b s technick\u00fdmi v\u00fdkresy. D\u016fle\u017eit\u00e9 pro tvorbu horsk\u00e9ho rodinn\u00e9ho apartm\u00e1nu bylo dodr\u017eov\u00e1n\u00ed dispozi\u010dn\u00edch norem, zvolen\u00ed vhodn\u00fdch udr\u017eiteln\u00fdch a vodiv\u00fdch materi\u00e1l\u016f, ale tak\u00e9 spr\u00e1vn\u00e9 izola\u010dn\u00ed \u0159e\u0161en\u00ed kontejner\u016f. V projektu jsem se zam\u011b\u0159ila tak\u00e9 na spr\u00e1vnou ergonomii a antropometrii v prostoru, osv\u011btlen\u00ed v interi\u00e9ru, izola\u010dn\u00ed a tepeln\u00fd syst\u00e9m, zdrav\u00e9 osv\u011btlen\u00ed, skl\u00e1dac\u00ed a modul\u00e1rn\u00ed n\u00e1bytek, materi\u00e1ly v interi\u00e9ru, st\u0159e\u0161n\u00ed krytinu a sol\u00e1rn\u00ed panely. Vybrala jsem tato t\u00e9mata, proto\u017ee jsou nepostradateln\u00fdmi prvky pro tvorbu horsk\u00e9ho apartm\u00e1nu, a z\u00e1rove\u0148 jsem se o t\u011bchto t\u00e9matech cht\u011bla dozv\u011bd\u011bt v\u00edce. Co se t\u00fd\u010de materi\u00e1l\u016f, v projektu p\u0159evl\u00e1daj\u00ed p\u0159\u00edrodn\u00ed materi\u00e1ly jako d\u0159evo, k\u00e1men a keramika.<\/p>\n\n\n\n<figure class=\"wp-block-image size-large\"><img decoding=\"async\" width=\"1024\" height=\"576\" data-src=\"http:\/\/www.design-award.cz\/wp-content\/uploads\/2025\/07\/render-6-AP-1024x576.jpg\" alt=\"\" class=\"wp-image-5686 lazyload\" data-srcset=\"https:\/\/www.design-award.cz\/wp-content\/uploads\/2025\/07\/render-6-AP-1024x576.jpg 1024w, https:\/\/www.design-award.cz\/wp-content\/uploads\/2025\/07\/render-6-AP-300x169.jpg 300w, https:\/\/www.design-award.cz\/wp-content\/uploads\/2025\/07\/render-6-AP-768x432.jpg 768w, https:\/\/www.design-award.cz\/wp-content\/uploads\/2025\/07\/render-6-AP-1536x864.jpg 1536w, https:\/\/www.design-award.cz\/wp-content\/uploads\/2025\/07\/render-6-AP-2048x1153.jpg 2048w, https:\/\/www.design-award.cz\/wp-content\/uploads\/2025\/07\/render-6-AP-800x450.jpg 800w, https:\/\/www.design-award.cz\/wp-content\/uploads\/2025\/07\/render-6-AP-500x281.jpg 500w, https:\/\/www.design-award.cz\/wp-content\/uploads\/2025\/07\/render-6-AP-1280x720.jpg 1280w, https:\/\/www.design-award.cz\/wp-content\/uploads\/2025\/07\/render-6-AP-1920x1081.jpg 1920w\" data-sizes=\"(max-width: 1024px) 100vw, 1024px\" src=\"data:image\/svg+xml;base64,PHN2ZyB3aWR0aD0iMSIgaGVpZ2h0PSIxIiB4bWxucz0iaHR0cDovL3d3dy53My5vcmcvMjAwMC9zdmciPjwvc3ZnPg==\" style=\"--smush-placeholder-width: 1024px; --smush-placeholder-aspect-ratio: 1024\/576;\" \/><\/figure>\n\n\n\n<figure class=\"wp-block-image size-large\"><img decoding=\"async\" width=\"1024\" height=\"576\" data-src=\"http:\/\/www.design-award.cz\/wp-content\/uploads\/2025\/07\/render-7-koupelna-kopie-1024x576.jpg\" alt=\"\" class=\"wp-image-5687 lazyload\" data-srcset=\"https:\/\/www.design-award.cz\/wp-content\/uploads\/2025\/07\/render-7-koupelna-kopie-1024x576.jpg 1024w, https:\/\/www.design-award.cz\/wp-content\/uploads\/2025\/07\/render-7-koupelna-kopie-300x169.jpg 300w, https:\/\/www.design-award.cz\/wp-content\/uploads\/2025\/07\/render-7-koupelna-kopie-768x432.jpg 768w, https:\/\/www.design-award.cz\/wp-content\/uploads\/2025\/07\/render-7-koupelna-kopie-1536x864.jpg 1536w, https:\/\/www.design-award.cz\/wp-content\/uploads\/2025\/07\/render-7-koupelna-kopie-2048x1152.jpg 2048w, https:\/\/www.design-award.cz\/wp-content\/uploads\/2025\/07\/render-7-koupelna-kopie-800x450.jpg 800w, https:\/\/www.design-award.cz\/wp-content\/uploads\/2025\/07\/render-7-koupelna-kopie-500x281.jpg 500w, https:\/\/www.design-award.cz\/wp-content\/uploads\/2025\/07\/render-7-koupelna-kopie-1280x720.jpg 1280w, https:\/\/www.design-award.cz\/wp-content\/uploads\/2025\/07\/render-7-koupelna-kopie-1920x1080.jpg 1920w\" data-sizes=\"(max-width: 1024px) 100vw, 1024px\" src=\"data:image\/svg+xml;base64,PHN2ZyB3aWR0aD0iMSIgaGVpZ2h0PSIxIiB4bWxucz0iaHR0cDovL3d3dy53My5vcmcvMjAwMC9zdmciPjwvc3ZnPg==\" style=\"--smush-placeholder-width: 1024px; --smush-placeholder-aspect-ratio: 1024\/576;\" \/><\/figure>\n\n\n\n<figure class=\"wp-block-image size-large\"><img decoding=\"async\" width=\"1024\" height=\"576\" data-src=\"http:\/\/www.design-award.cz\/wp-content\/uploads\/2025\/07\/render-AP-pokoj-1-1024x576.jpg\" alt=\"\" class=\"wp-image-5688 lazyload\" data-srcset=\"https:\/\/www.design-award.cz\/wp-content\/uploads\/2025\/07\/render-AP-pokoj-1-1024x576.jpg 1024w, https:\/\/www.design-award.cz\/wp-content\/uploads\/2025\/07\/render-AP-pokoj-1-300x169.jpg 300w, https:\/\/www.design-award.cz\/wp-content\/uploads\/2025\/07\/render-AP-pokoj-1-768x432.jpg 768w, https:\/\/www.design-award.cz\/wp-content\/uploads\/2025\/07\/render-AP-pokoj-1-1536x864.jpg 1536w, https:\/\/www.design-award.cz\/wp-content\/uploads\/2025\/07\/render-AP-pokoj-1-2048x1153.jpg 2048w, https:\/\/www.design-award.cz\/wp-content\/uploads\/2025\/07\/render-AP-pokoj-1-800x450.jpg 800w, https:\/\/www.design-award.cz\/wp-content\/uploads\/2025\/07\/render-AP-pokoj-1-500x281.jpg 500w, https:\/\/www.design-award.cz\/wp-content\/uploads\/2025\/07\/render-AP-pokoj-1-1280x720.jpg 1280w, https:\/\/www.design-award.cz\/wp-content\/uploads\/2025\/07\/render-AP-pokoj-1-1920x1081.jpg 1920w\" data-sizes=\"(max-width: 1024px) 100vw, 1024px\" src=\"data:image\/svg+xml;base64,PHN2ZyB3aWR0aD0iMSIgaGVpZ2h0PSIxIiB4bWxucz0iaHR0cDovL3d3dy53My5vcmcvMjAwMC9zdmciPjwvc3ZnPg==\" style=\"--smush-placeholder-width: 1024px; --smush-placeholder-aspect-ratio: 1024\/576;\" \/><\/figure>\n\n\n\n<figure class=\"wp-block-image size-large\"><img decoding=\"async\" width=\"1024\" height=\"576\" data-src=\"http:\/\/www.design-award.cz\/wp-content\/uploads\/2025\/07\/render-kuchyno-1024x576.jpg\" alt=\"\" class=\"wp-image-5689 lazyload\" data-srcset=\"https:\/\/www.design-award.cz\/wp-content\/uploads\/2025\/07\/render-kuchyno-1024x576.jpg 1024w, https:\/\/www.design-award.cz\/wp-content\/uploads\/2025\/07\/render-kuchyno-300x169.jpg 300w, https:\/\/www.design-award.cz\/wp-content\/uploads\/2025\/07\/render-kuchyno-768x432.jpg 768w, https:\/\/www.design-award.cz\/wp-content\/uploads\/2025\/07\/render-kuchyno-1536x864.jpg 1536w, https:\/\/www.design-award.cz\/wp-content\/uploads\/2025\/07\/render-kuchyno-2048x1152.jpg 2048w, https:\/\/www.design-award.cz\/wp-content\/uploads\/2025\/07\/render-kuchyno-800x450.jpg 800w, https:\/\/www.design-award.cz\/wp-content\/uploads\/2025\/07\/render-kuchyno-500x281.jpg 500w, https:\/\/www.design-award.cz\/wp-content\/uploads\/2025\/07\/render-kuchyno-1280x720.jpg 1280w, https:\/\/www.design-award.cz\/wp-content\/uploads\/2025\/07\/render-kuchyno-1920x1080.jpg 1920w\" data-sizes=\"(max-width: 1024px) 100vw, 1024px\" src=\"data:image\/svg+xml;base64,PHN2ZyB3aWR0aD0iMSIgaGVpZ2h0PSIxIiB4bWxucz0iaHR0cDovL3d3dy53My5vcmcvMjAwMC9zdmciPjwvc3ZnPg==\" style=\"--smush-placeholder-width: 1024px; --smush-placeholder-aspect-ratio: 1024\/576;\" \/><\/figure>\n\n\n\n<figure class=\"wp-block-image size-large\"><img decoding=\"async\" width=\"1024\" height=\"576\" data-src=\"http:\/\/www.design-award.cz\/wp-content\/uploads\/2025\/07\/schody-sud.-kopie-1024x576.jpg\" alt=\"\" class=\"wp-image-5690 lazyload\" data-srcset=\"https:\/\/www.design-award.cz\/wp-content\/uploads\/2025\/07\/schody-sud.-kopie-1024x576.jpg 1024w, https:\/\/www.design-award.cz\/wp-content\/uploads\/2025\/07\/schody-sud.-kopie-300x169.jpg 300w, https:\/\/www.design-award.cz\/wp-content\/uploads\/2025\/07\/schody-sud.-kopie-768x432.jpg 768w, https:\/\/www.design-award.cz\/wp-content\/uploads\/2025\/07\/schody-sud.-kopie-1536x864.jpg 1536w, https:\/\/www.design-award.cz\/wp-content\/uploads\/2025\/07\/schody-sud.-kopie-2048x1152.jpg 2048w, https:\/\/www.design-award.cz\/wp-content\/uploads\/2025\/07\/schody-sud.-kopie-800x450.jpg 800w, https:\/\/www.design-award.cz\/wp-content\/uploads\/2025\/07\/schody-sud.-kopie-500x281.jpg 500w, https:\/\/www.design-award.cz\/wp-content\/uploads\/2025\/07\/schody-sud.-kopie-1280x720.jpg 1280w, https:\/\/www.design-award.cz\/wp-content\/uploads\/2025\/07\/schody-sud.-kopie-1920x1080.jpg 1920w\" data-sizes=\"(max-width: 1024px) 100vw, 1024px\" src=\"data:image\/svg+xml;base64,PHN2ZyB3aWR0aD0iMSIgaGVpZ2h0PSIxIiB4bWxucz0iaHR0cDovL3d3dy53My5vcmcvMjAwMC9zdmciPjwvc3ZnPg==\" style=\"--smush-placeholder-width: 1024px; --smush-placeholder-aspect-ratio: 1024\/576;\" \/><\/figure>\n\n\n\n<figure class=\"wp-block-image size-large\"><img decoding=\"async\" width=\"1024\" height=\"716\" data-src=\"http:\/\/www.design-award.cz\/wp-content\/uploads\/2025\/07\/sudov-pud-3-1024x716.png\" alt=\"\" class=\"wp-image-5691 lazyload\" data-srcset=\"https:\/\/www.design-award.cz\/wp-content\/uploads\/2025\/07\/sudov-pud-3-1024x716.png 1024w, https:\/\/www.design-award.cz\/wp-content\/uploads\/2025\/07\/sudov-pud-3-300x210.png 300w, https:\/\/www.design-award.cz\/wp-content\/uploads\/2025\/07\/sudov-pud-3-768x537.png 768w, https:\/\/www.design-award.cz\/wp-content\/uploads\/2025\/07\/sudov-pud-3-1536x1075.png 1536w, https:\/\/www.design-award.cz\/wp-content\/uploads\/2025\/07\/sudov-pud-3-2048x1433.png 2048w, https:\/\/www.design-award.cz\/wp-content\/uploads\/2025\/07\/sudov-pud-3-500x350.png 500w, https:\/\/www.design-award.cz\/wp-content\/uploads\/2025\/07\/sudov-pud-3-800x560.png 800w, https:\/\/www.design-award.cz\/wp-content\/uploads\/2025\/07\/sudov-pud-3-1280x896.png 1280w, https:\/\/www.design-award.cz\/wp-content\/uploads\/2025\/07\/sudov-pud-3-1920x1343.png 1920w\" data-sizes=\"(max-width: 1024px) 100vw, 1024px\" src=\"data:image\/svg+xml;base64,PHN2ZyB3aWR0aD0iMSIgaGVpZ2h0PSIxIiB4bWxucz0iaHR0cDovL3d3dy53My5vcmcvMjAwMC9zdmciPjwvc3ZnPg==\" style=\"--smush-placeholder-width: 1024px; --smush-placeholder-aspect-ratio: 1024\/716;\" \/><\/figure>\n","protected":false},"excerpt":{"rendered":"<p>Barbora Sudov\u00e1 MICHAEL &#8211; S\u0160 a VO\u0160 reklamn\u00ed a um\u011bleck\u00e9 tvorby, s.r.o. T\u00e9ma leto\u0161n\u00ed absolventsk\u00e9 pr\u00e1ce nese n\u00e1zev \u201eVyu\u017eit\u00ed kontejneru pro tvorbu interi\u00e9rov\u00e9ho n\u00e1vrhu\u201c. Na ur\u010den\u00e9 t\u00e9ma jsem zvolila vyu\u017eit\u00ed lodn\u00edch kontejner\u016f pro tvorbu horsk\u00e9ho rodinn\u00e9ho apartm\u00e1nu, kter\u00fd mi p\u0159ipom\u00edn\u00e1 \u010dasy str\u00e1ven\u00e9 v Rakousk\u00fdch Alp\u00e1ch.Hlavn\u00edm \u00fakolem bylo navrhnou prostor s vyu\u017eit\u00edm lodn\u00edch kontejner\u016f a zhotovit [&hellip;]<\/p>\n","protected":false},"author":2,"featured_media":5685,"menu_order":0,"comment_status":"closed","ping_status":"closed","template":"","format":"standard","meta":{"ngg_post_thumbnail":0,"ocean_post_layout":"","ocean_both_sidebars_style":"","ocean_both_sidebars_content_width":0,"ocean_both_sidebars_sidebars_width":0,"ocean_sidebar":"","ocean_second_sidebar":"","ocean_disable_margins":"enable","ocean_add_body_class":"","ocean_shortcode_before_top_bar":"","ocean_shortcode_after_top_bar":"","ocean_shortcode_before_header":"","ocean_shortcode_after_header":"","ocean_has_shortcode":"","ocean_shortcode_after_title":"","ocean_shortcode_before_footer_widgets":"","ocean_shortcode_after_footer_widgets":"","ocean_shortcode_before_footer_bottom":"","ocean_shortcode_after_footer_bottom":"","ocean_display_top_bar":"default","ocean_display_header":"default","ocean_header_style":"","ocean_center_header_left_menu":"","ocean_custom_header_template":"","ocean_custom_logo":0,"ocean_custom_retina_logo":0,"ocean_custom_logo_max_width":0,"ocean_custom_logo_tablet_max_width":0,"ocean_custom_logo_mobile_max_width":0,"ocean_custom_logo_max_height":0,"ocean_custom_logo_tablet_max_height":0,"ocean_custom_logo_mobile_max_height":0,"ocean_header_custom_menu":"","ocean_menu_typo_font_family":"","ocean_menu_typo_font_subset":"","ocean_menu_typo_font_size":0,"ocean_menu_typo_font_size_tablet":0,"ocean_menu_typo_font_size_mobile":0,"ocean_menu_typo_font_size_unit":"px","ocean_menu_typo_font_weight":"","ocean_menu_typo_font_weight_tablet":"","ocean_menu_typo_font_weight_mobile":"","ocean_menu_typo_transform":"","ocean_menu_typo_transform_tablet":"","ocean_menu_typo_transform_mobile":"","ocean_menu_typo_line_height":0,"ocean_menu_typo_line_height_tablet":0,"ocean_menu_typo_line_height_mobile":0,"ocean_menu_typo_line_height_unit":"","ocean_menu_typo_spacing":0,"ocean_menu_typo_spacing_tablet":0,"ocean_menu_typo_spacing_mobile":0,"ocean_menu_typo_spacing_unit":"","ocean_menu_link_color":"","ocean_menu_link_color_hover":"","ocean_menu_link_color_active":"","ocean_menu_link_background":"","ocean_menu_link_hover_background":"","ocean_menu_link_active_background":"","ocean_menu_social_links_bg":"","ocean_menu_social_hover_links_bg":"","ocean_menu_social_links_color":"","ocean_menu_social_hover_links_color":"","ocean_disable_title":"default","ocean_disable_heading":"default","ocean_post_title":"","ocean_post_subheading":"","ocean_post_title_style":"","ocean_post_title_background_color":"","ocean_post_title_background":0,"ocean_post_title_bg_image_position":"","ocean_post_title_bg_image_attachment":"","ocean_post_title_bg_image_repeat":"","ocean_post_title_bg_image_size":"","ocean_post_title_height":0,"ocean_post_title_bg_overlay":0.5,"ocean_post_title_bg_overlay_color":"","ocean_disable_breadcrumbs":"default","ocean_breadcrumbs_color":"","ocean_breadcrumbs_separator_color":"","ocean_breadcrumbs_links_color":"","ocean_breadcrumbs_links_hover_color":"","ocean_display_footer_widgets":"default","ocean_display_footer_bottom":"default","ocean_custom_footer_template":"","_vp_format_video_url":"","_vp_image_focal_point":[],"footnotes":""},"portfolio_category":[],"portfolio_tag":[],"class_list":["post-5675","portfolio","type-portfolio","status-publish","format-standard","has-post-thumbnail","hentry","entry","has-media"],"yoast_head":"<!-- This site is optimized with the Yoast SEO plugin v25.2 - https:\/\/yoast.com\/wordpress\/plugins\/seo\/ -->\n<title>Interi\u00e9rov\u00fd design - N\u00c1VRH HORSK\u00c9HO RODINN\u00c9HO APARTM\u00c1NU - design-award.cz<\/title>\n<meta name=\"robots\" content=\"index, follow, max-snippet:-1, max-image-preview:large, max-video-preview:-1\" \/>\n<link rel=\"canonical\" href=\"https:\/\/www.design-award.cz\/?portfolio=interierovy-design-navrh-horskeho-rodinneho-apartmanu\" \/>\n<meta property=\"og:locale\" content=\"cs_CZ\" \/>\n<meta property=\"og:type\" content=\"article\" \/>\n<meta property=\"og:title\" content=\"Interi\u00e9rov\u00fd design - N\u00c1VRH HORSK\u00c9HO RODINN\u00c9HO APARTM\u00c1NU - design-award.cz\" \/>\n<meta property=\"og:description\" content=\"Barbora Sudov\u00e1 MICHAEL &#8211; S\u0160 a VO\u0160 reklamn\u00ed a um\u011bleck\u00e9 tvorby, s.r.o. T\u00e9ma leto\u0161n\u00ed absolventsk\u00e9 pr\u00e1ce nese n\u00e1zev \u201eVyu\u017eit\u00ed kontejneru pro tvorbu interi\u00e9rov\u00e9ho n\u00e1vrhu\u201c. Na ur\u010den\u00e9 t\u00e9ma jsem zvolila vyu\u017eit\u00ed lodn\u00edch kontejner\u016f pro tvorbu horsk\u00e9ho rodinn\u00e9ho apartm\u00e1nu, kter\u00fd mi p\u0159ipom\u00edn\u00e1 \u010dasy str\u00e1ven\u00e9 v Rakousk\u00fdch Alp\u00e1ch.Hlavn\u00edm \u00fakolem bylo navrhnou prostor s vyu\u017eit\u00edm lodn\u00edch kontejner\u016f a zhotovit [&hellip;]\" \/>\n<meta property=\"og:url\" content=\"https:\/\/www.design-award.cz\/?portfolio=interierovy-design-navrh-horskeho-rodinneho-apartmanu\" \/>\n<meta property=\"og:site_name\" content=\"design-award.cz\" \/>\n<meta property=\"article:modified_time\" content=\"2025-07-30T09:30:50+00:00\" \/>\n<meta property=\"og:image\" content=\"http:\/\/www.design-award.cz\/wp-content\/uploads\/2025\/07\/render-1-plakt-kopie.jpg\" \/>\n\t<meta property=\"og:image:width\" content=\"1181\" \/>\n\t<meta property=\"og:image:height\" content=\"664\" \/>\n\t<meta property=\"og:image:type\" content=\"image\/jpeg\" \/>\n<meta name=\"twitter:card\" content=\"summary_large_image\" \/>\n<meta name=\"twitter:label1\" content=\"Odhadovan\u00e1 doba \u010dten\u00ed\" \/>\n\t<meta name=\"twitter:data1\" content=\"3 minuty\" \/>\n<script type=\"application\/ld+json\" class=\"yoast-schema-graph\">{\"@context\":\"https:\/\/schema.org\",\"@graph\":[{\"@type\":\"WebPage\",\"@id\":\"https:\/\/www.design-award.cz\/?portfolio=interierovy-design-navrh-horskeho-rodinneho-apartmanu\",\"url\":\"https:\/\/www.design-award.cz\/?portfolio=interierovy-design-navrh-horskeho-rodinneho-apartmanu\",\"name\":\"Interi\u00e9rov\u00fd design - N\u00c1VRH HORSK\u00c9HO RODINN\u00c9HO APARTM\u00c1NU - design-award.cz\",\"isPartOf\":{\"@id\":\"https:\/\/www.design-award.cz\/#website\"},\"primaryImageOfPage\":{\"@id\":\"https:\/\/www.design-award.cz\/?portfolio=interierovy-design-navrh-horskeho-rodinneho-apartmanu#primaryimage\"},\"image\":{\"@id\":\"https:\/\/www.design-award.cz\/?portfolio=interierovy-design-navrh-horskeho-rodinneho-apartmanu#primaryimage\"},\"thumbnailUrl\":\"https:\/\/www.design-award.cz\/wp-content\/uploads\/2025\/07\/render-1-plakt-kopie.jpg\",\"datePublished\":\"2025-07-30T09:30:36+00:00\",\"dateModified\":\"2025-07-30T09:30:50+00:00\",\"breadcrumb\":{\"@id\":\"https:\/\/www.design-award.cz\/?portfolio=interierovy-design-navrh-horskeho-rodinneho-apartmanu#breadcrumb\"},\"inLanguage\":\"cs\",\"potentialAction\":[{\"@type\":\"ReadAction\",\"target\":[\"https:\/\/www.design-award.cz\/?portfolio=interierovy-design-navrh-horskeho-rodinneho-apartmanu\"]}]},{\"@type\":\"ImageObject\",\"inLanguage\":\"cs\",\"@id\":\"https:\/\/www.design-award.cz\/?portfolio=interierovy-design-navrh-horskeho-rodinneho-apartmanu#primaryimage\",\"url\":\"https:\/\/www.design-award.cz\/wp-content\/uploads\/2025\/07\/render-1-plakt-kopie.jpg\",\"contentUrl\":\"https:\/\/www.design-award.cz\/wp-content\/uploads\/2025\/07\/render-1-plakt-kopie.jpg\",\"width\":1181,\"height\":664},{\"@type\":\"BreadcrumbList\",\"@id\":\"https:\/\/www.design-award.cz\/?portfolio=interierovy-design-navrh-horskeho-rodinneho-apartmanu#breadcrumb\",\"itemListElement\":[{\"@type\":\"ListItem\",\"position\":1,\"name\":\"Dom\u016f\",\"item\":\"https:\/\/www.design-award.cz\/\"},{\"@type\":\"ListItem\",\"position\":2,\"name\":\"Portfolio Items\",\"item\":\"https:\/\/www.design-award.cz\/?post_type=portfolio\"},{\"@type\":\"ListItem\",\"position\":3,\"name\":\"Interi\u00e9rov\u00fd design &#8211; N\u00c1VRH HORSK\u00c9HO RODINN\u00c9HO APARTM\u00c1NU\"}]},{\"@type\":\"WebSite\",\"@id\":\"https:\/\/www.design-award.cz\/#website\",\"url\":\"https:\/\/www.design-award.cz\/\",\"name\":\"design-award.cz\",\"description\":\"WARD vznikla v roce 2022. Je ur\u010dena p\u0159edev\u0161\u00edm student\u016fm st\u0159edn\u00edch um\u011bleck\u00fdch \u0161kol (S\u0160 a VO\u0160), kte\u0159\u00ed mohou bezplatn\u011b zaslat sv\u00e9 n\u00e1vrhy v uveden\u00fdch kategori\u00ed a tak pom\u011b\u0159it sv\u00e9 n\u00e1pady s konkurenc\u00ed sv\u00fdch vrstevn\u00edk\u016f. N\u00e1vrhy jsou n\u00e1sledn\u011b posouzeny nez\u00e1vislou porotou z \u0159ad v\u00fdtvarn\u00edk\u016f, pedagog\u016f a profesion\u00e1l\u016f z oboru.\",\"publisher\":{\"@id\":\"https:\/\/www.design-award.cz\/#organization\"},\"potentialAction\":[{\"@type\":\"SearchAction\",\"target\":{\"@type\":\"EntryPoint\",\"urlTemplate\":\"https:\/\/www.design-award.cz\/?s={search_term_string}\"},\"query-input\":{\"@type\":\"PropertyValueSpecification\",\"valueRequired\":true,\"valueName\":\"search_term_string\"}}],\"inLanguage\":\"cs\"},{\"@type\":\"Organization\",\"@id\":\"https:\/\/www.design-award.cz\/#organization\",\"name\":\"Design Award\",\"url\":\"https:\/\/www.design-award.cz\/\",\"logo\":{\"@type\":\"ImageObject\",\"inLanguage\":\"cs\",\"@id\":\"https:\/\/www.design-award.cz\/#\/schema\/logo\/image\/\",\"url\":\"http:\/\/www.design-award.cz\/wp-content\/uploads\/2021\/12\/hornilogo_design-award.png\",\"contentUrl\":\"http:\/\/www.design-award.cz\/wp-content\/uploads\/2021\/12\/hornilogo_design-award.png\",\"width\":800,\"height\":600,\"caption\":\"Design Award\"},\"image\":{\"@id\":\"https:\/\/www.design-award.cz\/#\/schema\/logo\/image\/\"},\"sameAs\":[\"https:\/\/www.instagram.com\/design_award\/\"]}]}<\/script>\n<!-- \/ Yoast SEO plugin. -->","yoast_head_json":{"title":"Interi\u00e9rov\u00fd design - N\u00c1VRH HORSK\u00c9HO RODINN\u00c9HO APARTM\u00c1NU - design-award.cz","robots":{"index":"index","follow":"follow","max-snippet":"max-snippet:-1","max-image-preview":"max-image-preview:large","max-video-preview":"max-video-preview:-1"},"canonical":"https:\/\/www.design-award.cz\/?portfolio=interierovy-design-navrh-horskeho-rodinneho-apartmanu","og_locale":"cs_CZ","og_type":"article","og_title":"Interi\u00e9rov\u00fd design - N\u00c1VRH HORSK\u00c9HO RODINN\u00c9HO APARTM\u00c1NU - design-award.cz","og_description":"Barbora Sudov\u00e1 MICHAEL &#8211; S\u0160 a VO\u0160 reklamn\u00ed a um\u011bleck\u00e9 tvorby, s.r.o. T\u00e9ma leto\u0161n\u00ed absolventsk\u00e9 pr\u00e1ce nese n\u00e1zev \u201eVyu\u017eit\u00ed kontejneru pro tvorbu interi\u00e9rov\u00e9ho n\u00e1vrhu\u201c. Na ur\u010den\u00e9 t\u00e9ma jsem zvolila vyu\u017eit\u00ed lodn\u00edch kontejner\u016f pro tvorbu horsk\u00e9ho rodinn\u00e9ho apartm\u00e1nu, kter\u00fd mi p\u0159ipom\u00edn\u00e1 \u010dasy str\u00e1ven\u00e9 v Rakousk\u00fdch Alp\u00e1ch.Hlavn\u00edm \u00fakolem bylo navrhnou prostor s vyu\u017eit\u00edm lodn\u00edch kontejner\u016f a zhotovit [&hellip;]","og_url":"https:\/\/www.design-award.cz\/?portfolio=interierovy-design-navrh-horskeho-rodinneho-apartmanu","og_site_name":"design-award.cz","article_modified_time":"2025-07-30T09:30:50+00:00","og_image":[{"width":1181,"height":664,"url":"http:\/\/www.design-award.cz\/wp-content\/uploads\/2025\/07\/render-1-plakt-kopie.jpg","type":"image\/jpeg"}],"twitter_card":"summary_large_image","twitter_misc":{"Odhadovan\u00e1 doba \u010dten\u00ed":"3 minuty"},"schema":{"@context":"https:\/\/schema.org","@graph":[{"@type":"WebPage","@id":"https:\/\/www.design-award.cz\/?portfolio=interierovy-design-navrh-horskeho-rodinneho-apartmanu","url":"https:\/\/www.design-award.cz\/?portfolio=interierovy-design-navrh-horskeho-rodinneho-apartmanu","name":"Interi\u00e9rov\u00fd design - N\u00c1VRH HORSK\u00c9HO RODINN\u00c9HO APARTM\u00c1NU - design-award.cz","isPartOf":{"@id":"https:\/\/www.design-award.cz\/#website"},"primaryImageOfPage":{"@id":"https:\/\/www.design-award.cz\/?portfolio=interierovy-design-navrh-horskeho-rodinneho-apartmanu#primaryimage"},"image":{"@id":"https:\/\/www.design-award.cz\/?portfolio=interierovy-design-navrh-horskeho-rodinneho-apartmanu#primaryimage"},"thumbnailUrl":"https:\/\/www.design-award.cz\/wp-content\/uploads\/2025\/07\/render-1-plakt-kopie.jpg","datePublished":"2025-07-30T09:30:36+00:00","dateModified":"2025-07-30T09:30:50+00:00","breadcrumb":{"@id":"https:\/\/www.design-award.cz\/?portfolio=interierovy-design-navrh-horskeho-rodinneho-apartmanu#breadcrumb"},"inLanguage":"cs","potentialAction":[{"@type":"ReadAction","target":["https:\/\/www.design-award.cz\/?portfolio=interierovy-design-navrh-horskeho-rodinneho-apartmanu"]}]},{"@type":"ImageObject","inLanguage":"cs","@id":"https:\/\/www.design-award.cz\/?portfolio=interierovy-design-navrh-horskeho-rodinneho-apartmanu#primaryimage","url":"https:\/\/www.design-award.cz\/wp-content\/uploads\/2025\/07\/render-1-plakt-kopie.jpg","contentUrl":"https:\/\/www.design-award.cz\/wp-content\/uploads\/2025\/07\/render-1-plakt-kopie.jpg","width":1181,"height":664},{"@type":"BreadcrumbList","@id":"https:\/\/www.design-award.cz\/?portfolio=interierovy-design-navrh-horskeho-rodinneho-apartmanu#breadcrumb","itemListElement":[{"@type":"ListItem","position":1,"name":"Dom\u016f","item":"https:\/\/www.design-award.cz\/"},{"@type":"ListItem","position":2,"name":"Portfolio Items","item":"https:\/\/www.design-award.cz\/?post_type=portfolio"},{"@type":"ListItem","position":3,"name":"Interi\u00e9rov\u00fd design &#8211; N\u00c1VRH HORSK\u00c9HO RODINN\u00c9HO APARTM\u00c1NU"}]},{"@type":"WebSite","@id":"https:\/\/www.design-award.cz\/#website","url":"https:\/\/www.design-award.cz\/","name":"design-award.cz","description":"WARD vznikla v roce 2022. Je ur\u010dena p\u0159edev\u0161\u00edm student\u016fm st\u0159edn\u00edch um\u011bleck\u00fdch \u0161kol (S\u0160 a VO\u0160), kte\u0159\u00ed mohou bezplatn\u011b zaslat sv\u00e9 n\u00e1vrhy v uveden\u00fdch kategori\u00ed a tak pom\u011b\u0159it sv\u00e9 n\u00e1pady s konkurenc\u00ed sv\u00fdch vrstevn\u00edk\u016f. N\u00e1vrhy jsou n\u00e1sledn\u011b posouzeny nez\u00e1vislou porotou z \u0159ad v\u00fdtvarn\u00edk\u016f, pedagog\u016f a profesion\u00e1l\u016f z oboru.","publisher":{"@id":"https:\/\/www.design-award.cz\/#organization"},"potentialAction":[{"@type":"SearchAction","target":{"@type":"EntryPoint","urlTemplate":"https:\/\/www.design-award.cz\/?s={search_term_string}"},"query-input":{"@type":"PropertyValueSpecification","valueRequired":true,"valueName":"search_term_string"}}],"inLanguage":"cs"},{"@type":"Organization","@id":"https:\/\/www.design-award.cz\/#organization","name":"Design Award","url":"https:\/\/www.design-award.cz\/","logo":{"@type":"ImageObject","inLanguage":"cs","@id":"https:\/\/www.design-award.cz\/#\/schema\/logo\/image\/","url":"http:\/\/www.design-award.cz\/wp-content\/uploads\/2021\/12\/hornilogo_design-award.png","contentUrl":"http:\/\/www.design-award.cz\/wp-content\/uploads\/2021\/12\/hornilogo_design-award.png","width":800,"height":600,"caption":"Design Award"},"image":{"@id":"https:\/\/www.design-award.cz\/#\/schema\/logo\/image\/"},"sameAs":["https:\/\/www.instagram.com\/design_award\/"]}]}},"_links":{"self":[{"href":"https:\/\/www.design-award.cz\/index.php?rest_route=\/wp\/v2\/portfolio\/5675","targetHints":{"allow":["GET"]}}],"collection":[{"href":"https:\/\/www.design-award.cz\/index.php?rest_route=\/wp\/v2\/portfolio"}],"about":[{"href":"https:\/\/www.design-award.cz\/index.php?rest_route=\/wp\/v2\/types\/portfolio"}],"author":[{"embeddable":true,"href":"https:\/\/www.design-award.cz\/index.php?rest_route=\/wp\/v2\/users\/2"}],"replies":[{"embeddable":true,"href":"https:\/\/www.design-award.cz\/index.php?rest_route=%2Fwp%2Fv2%2Fcomments&post=5675"}],"version-history":[{"count":1,"href":"https:\/\/www.design-award.cz\/index.php?rest_route=\/wp\/v2\/portfolio\/5675\/revisions"}],"predecessor-version":[{"id":5692,"href":"https:\/\/www.design-award.cz\/index.php?rest_route=\/wp\/v2\/portfolio\/5675\/revisions\/5692"}],"wp:featuredmedia":[{"embeddable":true,"href":"https:\/\/www.design-award.cz\/index.php?rest_route=\/wp\/v2\/media\/5685"}],"wp:attachment":[{"href":"https:\/\/www.design-award.cz\/index.php?rest_route=%2Fwp%2Fv2%2Fmedia&parent=5675"}],"wp:term":[{"taxonomy":"portfolio_category","embeddable":true,"href":"https:\/\/www.design-award.cz\/index.php?rest_route=%2Fwp%2Fv2%2Fportfolio_category&post=5675"},{"taxonomy":"portfolio_tag","embeddable":true,"href":"https:\/\/www.design-award.cz\/index.php?rest_route=%2Fwp%2Fv2%2Fportfolio_tag&post=5675"}],"curies":[{"name":"wp","href":"https:\/\/api.w.org\/{rel}","templated":true}]}}