{"id":568,"date":"2022-03-31T17:48:57","date_gmt":"2022-03-31T17:48:57","guid":{"rendered":"https:\/\/www.design-award.cz\/?post_type=portfolio&#038;p=568"},"modified":"2022-04-16T10:11:03","modified_gmt":"2022-04-16T10:11:03","slug":"soukromy-interier-rekonstrukce-bytoveho-interieru","status":"publish","type":"portfolio","link":"https:\/\/www.design-award.cz\/?portfolio=soukromy-interier-rekonstrukce-bytoveho-interieru","title":{"rendered":"Soukrom\u00fd interi\u00e9r &#8211; Rekonstrukce bytov\u00e9ho interi\u00e9ru"},"content":{"rendered":"\n<h2 class=\"wp-block-heading\">Eli\u0161ka Bo\u010danov\u00e1<\/h2>\n\n\n\n<p><strong>Integrovan\u00e1 st\u0159edn\u00ed \u0161kola \u017eivnostensk\u00e1, Plze\u0148, \u0160kroupova 13<\/strong><\/p>\n\n\n\n<p>C\u00edlem bylo \u0159e\u0161en\u00ed dispozice bytu 2 + 1. Hlavn\u00edm c\u00edlem bylo vytvo\u0159it praktick\u00fd a modern\u00ed interi\u00e9r, kter\u00fd bude spl\u0148ovat v\u0161echny po\u017eadavky investor\u016f. Nejd\u016fle\u017eit\u011bj\u0161\u00ed m\u00edstnost\u00ed je ob\u00fdvac\u00ed pokoj, kter\u00fd se sv\u00fdmi z\u00e1kladn\u00edmi 20 m2 nespl\u0148oval po\u017eadavky investora. Proto bylo nutn\u00e9 m\u00edstnost dispozi\u010dn\u011b zm\u011bnit. Samoz\u0159ejm\u011b jsem se zab\u00fdvala i zbyl\u00fdmi obytn\u00fdmi m\u00edstnostmi a kuchyn\u00ed s koupelnou. Z d\u016fvodu zmen\u0161en\u00ed prostoru kuchyn\u011b, bylo nutn\u00e9 um\u00edstit j\u00eddeln\u00ed st\u016fl do jin\u00e9 m\u00edstnosti. Proto byl v ob\u00fdvac\u00edm pokoji vytvo\u0159en j\u00eddeln\u00ed kout. St\u0159edem j\u00eddeln\u00edho koutu je velk\u00fd \u0161estim\u00edstn\u00fd st\u016fl. Tento prostor je odd\u011blen\u00fd od samotn\u00e9ho ob\u00fdvac\u00edho prostoru polopropustnou knihovnou. Polopropustn\u00e1 je z d\u016fvodu nedostatku p\u0159\u00edrodn\u00edho sv\u011btla p\u0159ich\u00e1zej\u00edc\u00edho z okna na opa\u010dn\u00e9 stran\u011b m\u00edstnosti. T\u00edmto zp\u016fsobem jsme doc\u00edlili dostatku p\u0159\u00edrodn\u00edho sv\u011btla i v prostoru j\u00eddeln\u00edho koutu. Samotn\u00fd ob\u00fdvac\u00ed prostor je vypln\u011bn rohovou pohovkou, dopln\u011bnou o konferen\u010dn\u00ed stolek ve stejn\u00e9m stylu jako je j\u00eddeln\u00ed st\u016fl. Nad pohovkou jsou poli\u010dky, kter\u00e9 se stejn\u011b, jako televizn\u00ed st\u011bna a polopropustn\u00e1 knihovna dr\u017e\u00ed \u010dtvercov\u00e9ho tvaru. D\u00edky tomu bylo doc\u00edleno propojen\u00ed j\u00eddeln\u00edho koutu s ob\u00fdvac\u00ed \u010d\u00e1st\u00ed. Naproti pohovce se nach\u00e1z\u00ed televizn\u00ed st\u011bna zav\u011b\u0161en\u00e1 na ze\u010f. Zaj\u00edmav\u00fdm aspektem cel\u00e9ho prostoru, je v\u00fdstup na lod\u017eii, d\u00edky n\u011bmu\u017e je do m\u00edstnosti p\u0159es prosklen\u00e9 dve\u0159e a okno propu\u0161t\u011bno mnohem v\u00edce p\u0159\u00edrodn\u00edho sv\u011btla. Dekorace jsou lad\u011bny do \u017elut\u00e9 barvy. Investo\u0159i si p\u0159\u00e1li m\u00edt v interi\u00e9ru zakomponovanou v\u00fdrazn\u011bj\u0161\u00ed barvu. P\u0159i\u0161lo mi vhodn\u00e9 um\u00edstit j\u00ed tam pouze v dopl\u0148c\u00edch, aby bylo mo\u017en\u00e9 ji kdykoliv vym\u011bnit za jinou modern\u011bj\u0161\u00ed barvu. Interi\u00e9r je jinak v b\u00edl\u00e9 barv\u011b a r\u016fzn\u00fdch odst\u00ednech \u0161ed\u00e9.<\/p>\n\n\n\n<figure class=\"wp-block-image size-large is-style-default\"><img decoding=\"async\" width=\"1024\" height=\"576\" data-src=\"http:\/\/www.design-award.cz\/wp-content\/uploads\/2022\/03\/vizualizace-2-1024x576.png\" alt=\"\" class=\"wp-image-576 lazyload\" data-srcset=\"https:\/\/www.design-award.cz\/wp-content\/uploads\/2022\/03\/vizualizace-2-1024x576.png 1024w, https:\/\/www.design-award.cz\/wp-content\/uploads\/2022\/03\/vizualizace-2-300x169.png 300w, https:\/\/www.design-award.cz\/wp-content\/uploads\/2022\/03\/vizualizace-2-768x432.png 768w, https:\/\/www.design-award.cz\/wp-content\/uploads\/2022\/03\/vizualizace-2-1536x864.png 1536w, https:\/\/www.design-award.cz\/wp-content\/uploads\/2022\/03\/vizualizace-2-500x281.png 500w, https:\/\/www.design-award.cz\/wp-content\/uploads\/2022\/03\/vizualizace-2-800x450.png 800w, https:\/\/www.design-award.cz\/wp-content\/uploads\/2022\/03\/vizualizace-2-1280x720.png 1280w, https:\/\/www.design-award.cz\/wp-content\/uploads\/2022\/03\/vizualizace-2.png 1920w\" data-sizes=\"(max-width: 1024px) 100vw, 1024px\" src=\"data:image\/svg+xml;base64,PHN2ZyB3aWR0aD0iMSIgaGVpZ2h0PSIxIiB4bWxucz0iaHR0cDovL3d3dy53My5vcmcvMjAwMC9zdmciPjwvc3ZnPg==\" style=\"--smush-placeholder-width: 1024px; --smush-placeholder-aspect-ratio: 1024\/576;\" \/><\/figure>\n\n\n\n<figure class=\"wp-block-image size-large is-style-default\"><img decoding=\"async\" width=\"1024\" height=\"576\" data-src=\"http:\/\/www.design-award.cz\/wp-content\/uploads\/2022\/03\/vizualizace-3-1024x576.png\" alt=\"\" class=\"wp-image-577 lazyload\" data-srcset=\"https:\/\/www.design-award.cz\/wp-content\/uploads\/2022\/03\/vizualizace-3-1024x576.png 1024w, https:\/\/www.design-award.cz\/wp-content\/uploads\/2022\/03\/vizualizace-3-300x169.png 300w, https:\/\/www.design-award.cz\/wp-content\/uploads\/2022\/03\/vizualizace-3-768x432.png 768w, https:\/\/www.design-award.cz\/wp-content\/uploads\/2022\/03\/vizualizace-3-1536x864.png 1536w, https:\/\/www.design-award.cz\/wp-content\/uploads\/2022\/03\/vizualizace-3-500x281.png 500w, https:\/\/www.design-award.cz\/wp-content\/uploads\/2022\/03\/vizualizace-3-800x450.png 800w, https:\/\/www.design-award.cz\/wp-content\/uploads\/2022\/03\/vizualizace-3-1280x720.png 1280w, https:\/\/www.design-award.cz\/wp-content\/uploads\/2022\/03\/vizualizace-3.png 1920w\" data-sizes=\"(max-width: 1024px) 100vw, 1024px\" src=\"data:image\/svg+xml;base64,PHN2ZyB3aWR0aD0iMSIgaGVpZ2h0PSIxIiB4bWxucz0iaHR0cDovL3d3dy53My5vcmcvMjAwMC9zdmciPjwvc3ZnPg==\" style=\"--smush-placeholder-width: 1024px; --smush-placeholder-aspect-ratio: 1024\/576;\" \/><\/figure>\n\n\n\n<figure class=\"wp-block-image size-full is-style-default\"><img decoding=\"async\" width=\"481\" height=\"693\" data-src=\"http:\/\/www.design-award.cz\/wp-content\/uploads\/2022\/03\/Kolaz-mobiliare.jpg\" alt=\"\" class=\"wp-image-571 lazyload\" data-srcset=\"https:\/\/www.design-award.cz\/wp-content\/uploads\/2022\/03\/Kolaz-mobiliare.jpg 481w, https:\/\/www.design-award.cz\/wp-content\/uploads\/2022\/03\/Kolaz-mobiliare-208x300.jpg 208w\" data-sizes=\"(max-width: 481px) 100vw, 481px\" src=\"data:image\/svg+xml;base64,PHN2ZyB3aWR0aD0iMSIgaGVpZ2h0PSIxIiB4bWxucz0iaHR0cDovL3d3dy53My5vcmcvMjAwMC9zdmciPjwvc3ZnPg==\" style=\"--smush-placeholder-width: 481px; --smush-placeholder-aspect-ratio: 481\/693;\" \/><\/figure>\n\n\n\n<figure class=\"wp-block-image size-full is-style-default\"><img decoding=\"async\" width=\"956\" height=\"715\" data-src=\"http:\/\/www.design-award.cz\/wp-content\/uploads\/2022\/03\/puvodni-pudorys.jpg\" alt=\"\" class=\"wp-image-574 lazyload\" data-srcset=\"https:\/\/www.design-award.cz\/wp-content\/uploads\/2022\/03\/puvodni-pudorys.jpg 956w, https:\/\/www.design-award.cz\/wp-content\/uploads\/2022\/03\/puvodni-pudorys-300x224.jpg 300w, https:\/\/www.design-award.cz\/wp-content\/uploads\/2022\/03\/puvodni-pudorys-768x574.jpg 768w, https:\/\/www.design-award.cz\/wp-content\/uploads\/2022\/03\/puvodni-pudorys-500x374.jpg 500w, https:\/\/www.design-award.cz\/wp-content\/uploads\/2022\/03\/puvodni-pudorys-800x598.jpg 800w\" data-sizes=\"(max-width: 956px) 100vw, 956px\" src=\"data:image\/svg+xml;base64,PHN2ZyB3aWR0aD0iMSIgaGVpZ2h0PSIxIiB4bWxucz0iaHR0cDovL3d3dy53My5vcmcvMjAwMC9zdmciPjwvc3ZnPg==\" style=\"--smush-placeholder-width: 956px; --smush-placeholder-aspect-ratio: 956\/715;\" \/><\/figure>\n\n\n\n<figure class=\"wp-block-image size-full is-style-default\"><img decoding=\"async\" width=\"961\" height=\"712\" data-src=\"http:\/\/www.design-award.cz\/wp-content\/uploads\/2022\/03\/pudorys-bytu-po-rekonstrukci.jpg\" alt=\"\" class=\"wp-image-573 lazyload\" data-srcset=\"https:\/\/www.design-award.cz\/wp-content\/uploads\/2022\/03\/pudorys-bytu-po-rekonstrukci.jpg 961w, https:\/\/www.design-award.cz\/wp-content\/uploads\/2022\/03\/pudorys-bytu-po-rekonstrukci-300x222.jpg 300w, https:\/\/www.design-award.cz\/wp-content\/uploads\/2022\/03\/pudorys-bytu-po-rekonstrukci-768x569.jpg 768w, https:\/\/www.design-award.cz\/wp-content\/uploads\/2022\/03\/pudorys-bytu-po-rekonstrukci-500x370.jpg 500w, https:\/\/www.design-award.cz\/wp-content\/uploads\/2022\/03\/pudorys-bytu-po-rekonstrukci-800x593.jpg 800w\" data-sizes=\"(max-width: 961px) 100vw, 961px\" src=\"data:image\/svg+xml;base64,PHN2ZyB3aWR0aD0iMSIgaGVpZ2h0PSIxIiB4bWxucz0iaHR0cDovL3d3dy53My5vcmcvMjAwMC9zdmciPjwvc3ZnPg==\" style=\"--smush-placeholder-width: 961px; --smush-placeholder-aspect-ratio: 961\/712;\" \/><\/figure>\n\n\n<div class=\"wp-block-visual-portfolio\">\n<div class=\"vp-portfolio vp-uid-2ece4a06 vp-id-607\"\n\tdata-vp-layout=\"slider\" data-vp-content-source=\"post-based\" data-vp-items-style=\"fade\" data-vp-items-click-action=\"url\" data-vp-items-gap=\"12\" data-vp-items-gap-vertical=\"\" data-vp-pagination=\"load-more\" data-vp-next-page-url=\"https:\/\/www.design-award.cz\/index.php?rest_route=%2Fwp%2Fv2%2Fportfolio%2F568&#038;vp_page=2\" data-vp-random-seed=\"1587366037\" data-vp-slider-effect=\"slide\" data-vp-slider-items-height=\"80%\" data-vp-slider-items-min-height=\"\" data-vp-slider-slides-per-view=\"3\" data-vp-slider-speed=\"0.3\" data-vp-slider-autoplay=\"4.8\" data-vp-slider-autoplay-hover-pause=\"false\" data-vp-slider-centered-slides=\"true\" data-vp-slider-loop=\"true\" data-vp-slider-free-mode=\"false\" data-vp-slider-free-mode-sticky=\"false\" data-vp-slider-arrows=\"true\" data-vp-slider-bullets=\"false\" data-vp-slider-bullets-dynamic=\"false\" data-vp-slider-mousewheel=\"false\" data-vp-slider-thumbnails=\"false\" >\n\t<div class=\"vp-portfolio__preloader-wrap\">\n\t\t<div class=\"vp-portfolio__preloader\">\n\t\t\t<img decoding=\"async\" loading=\"eager\" src=\"https:\/\/www.design-award.cz\/wp-content\/plugins\/visual-portfolio\/assets\/images\/logo-dark.svg\" alt=\"Visual Portfolio, Posts &amp; Image Gallery for WordPress\" width=\"20\" height=\"20\" data-skip-lazy>\n\t\t<\/div>\n\t<\/div>\n\t\t<div class=\"vp-portfolio__items-wrap\">\n\t\t\t\n<div class=\"vp-portfolio__items vp-portfolio__items-style-fade vp-portfolio__items-show-overlay-hover\">\n\n\t\t<article\t\tclass=\"vp-portfolio__item-wrap post-3556 portfolio type-portfolio status-publish format-standard has-post-thumbnail hentry entry has-media vp-portfolio__item-uid-c6b62ca3\" data-vp-filter=\"\" \t\t>\n\t\t\t\t\t\t\t\t\t<figure class=\"vp-portfolio__item\">\n\t\t\t\t\n<div class=\"vp-portfolio__item-img-wrap\">\n\t<div class=\"vp-portfolio__item-img\">\n\t\t\t<a\n\t\thref=\"https:\/\/www.design-award.cz\/?portfolio=produktovy-design-zvireci-calounena-mozaika-do-materske-skoly\"\n\t\t\t>\n\t\n\t\t<noscript><img decoding=\"async\" width=\"1920\" height=\"1080\" data-skip-lazy src=\"https:\/\/www.design-award.cz\/wp-content\/uploads\/2024\/06\/1.4444.effectsResult-min1-1920x1080.png\" class=\"wp-image-3585\" alt=\"\" srcset=\"https:\/\/www.design-award.cz\/wp-content\/uploads\/2024\/06\/1.4444.effectsResult-min1-1920x1080.png 1920w, https:\/\/www.design-award.cz\/wp-content\/uploads\/2024\/06\/1.4444.effectsResult-min1-300x169.png 300w, https:\/\/www.design-award.cz\/wp-content\/uploads\/2024\/06\/1.4444.effectsResult-min1-1024x576.png 1024w, https:\/\/www.design-award.cz\/wp-content\/uploads\/2024\/06\/1.4444.effectsResult-min1-768x432.png 768w, https:\/\/www.design-award.cz\/wp-content\/uploads\/2024\/06\/1.4444.effectsResult-min1-1536x864.png 1536w, https:\/\/www.design-award.cz\/wp-content\/uploads\/2024\/06\/1.4444.effectsResult-min1-2048x1152.png 2048w, https:\/\/www.design-award.cz\/wp-content\/uploads\/2024\/06\/1.4444.effectsResult-min1-500x281.png 500w, https:\/\/www.design-award.cz\/wp-content\/uploads\/2024\/06\/1.4444.effectsResult-min1-800x450.png 800w, https:\/\/www.design-award.cz\/wp-content\/uploads\/2024\/06\/1.4444.effectsResult-min1-1280x720.png 1280w\" sizes=\"(max-width: 1920px) 100vw, 1920px\" \/><\/noscript><img fetchpriority=\"high\" decoding=\"async\" width=\"1920\" height=\"1080\" src=\"https:\/\/www.design-award.cz\/wp-content\/uploads\/2024\/06\/1.4444.effectsResult-min1-1920x1080.png\" class=\"wp-image-3585 vp-lazyload\" alt srcset=\"data:image\/svg+xml;base64,PHN2ZyB3aWR0aD0iMTkyMCIgaGVpZ2h0PSIxMDgwIiB2aWV3Qm94PSIwIDAgMTkyMCAxMDgwIiBmaWxsPSJub25lIiB4bWxucz0iaHR0cDovL3d3dy53My5vcmcvMjAwMC9zdmciPjwvc3ZnPg==\" data-src=\"https:\/\/www.design-award.cz\/wp-content\/uploads\/2024\/06\/1.4444.effectsResult-min1-1920x1080.png\" data-srcset=\"https:\/\/www.design-award.cz\/wp-content\/uploads\/2024\/06\/1.4444.effectsResult-min1-1920x1080.png 1920w, https:\/\/www.design-award.cz\/wp-content\/uploads\/2024\/06\/1.4444.effectsResult-min1-300x169.png 300w, https:\/\/www.design-award.cz\/wp-content\/uploads\/2024\/06\/1.4444.effectsResult-min1-1024x576.png 1024w, https:\/\/www.design-award.cz\/wp-content\/uploads\/2024\/06\/1.4444.effectsResult-min1-768x432.png 768w, https:\/\/www.design-award.cz\/wp-content\/uploads\/2024\/06\/1.4444.effectsResult-min1-1536x864.png 1536w, https:\/\/www.design-award.cz\/wp-content\/uploads\/2024\/06\/1.4444.effectsResult-min1-2048x1152.png 2048w, https:\/\/www.design-award.cz\/wp-content\/uploads\/2024\/06\/1.4444.effectsResult-min1-500x281.png 500w, https:\/\/www.design-award.cz\/wp-content\/uploads\/2024\/06\/1.4444.effectsResult-min1-800x450.png 800w, https:\/\/www.design-award.cz\/wp-content\/uploads\/2024\/06\/1.4444.effectsResult-min1-1280x720.png 1280w\" data-sizes=\"auto\" loading=\"eager\">\n\t\t<\/a>\t<\/div>\n<\/div>\n\t<figcaption class=\"vp-portfolio__item-overlay vp-portfolio__item-overlay-text-align-center\">\n\t\t<div class=\"vp-portfolio__item-meta-wrap vp-portfolio__custom-scrollbar\">\n\t\t\t\t<a\n\t\thref=\"https:\/\/www.design-award.cz\/?portfolio=produktovy-design-zvireci-calounena-mozaika-do-materske-skoly\"\n\t\ttabindex=\"-1\" class=\"vp-portfolio__item-meta\" \t>\n\t\n<h2 class=\"vp-portfolio__item-meta-title\">\n\tProduktov\u00fd design &#8211; Zv\u00ed\u0159ec\u00ed \u010daloun\u011bn\u00e1 mozaika do Mate\u0159sk\u00e9 \u0161koly<\/h2>\n<\/a>\t\t<\/div>\n\t<\/figcaption>\n\t\t\t<\/figure>\n\t\t\t\t\t<\/article>\n\t\t\n\t\t<article\t\tclass=\"vp-portfolio__item-wrap post-5189 portfolio type-portfolio status-publish format-standard has-post-thumbnail hentry entry has-media vp-portfolio__item-uid-c1c5b87f\" data-vp-filter=\"\" \t\t>\n\t\t\t\t\t\t\t\t\t<figure class=\"vp-portfolio__item\">\n\t\t\t\t\n<div class=\"vp-portfolio__item-img-wrap\">\n\t<div class=\"vp-portfolio__item-img\">\n\t\t\t<a\n\t\thref=\"https:\/\/www.design-award.cz\/?portfolio=interierovy-design-interier-o\"\n\t\t\t>\n\t\n\t\t<noscript><img decoding=\"async\" width=\"1920\" height=\"1358\" data-skip-lazy src=\"https:\/\/www.design-award.cz\/wp-content\/uploads\/2025\/06\/vicek_obyvacipokoj-1920x1358.jpg\" class=\"wp-image-5191\" alt=\"\" srcset=\"https:\/\/www.design-award.cz\/wp-content\/uploads\/2025\/06\/vicek_obyvacipokoj-1920x1358.jpg 1920w, https:\/\/www.design-award.cz\/wp-content\/uploads\/2025\/06\/vicek_obyvacipokoj-300x212.jpg 300w, https:\/\/www.design-award.cz\/wp-content\/uploads\/2025\/06\/vicek_obyvacipokoj-1024x724.jpg 1024w, https:\/\/www.design-award.cz\/wp-content\/uploads\/2025\/06\/vicek_obyvacipokoj-768x543.jpg 768w, https:\/\/www.design-award.cz\/wp-content\/uploads\/2025\/06\/vicek_obyvacipokoj-1536x1086.jpg 1536w, https:\/\/www.design-award.cz\/wp-content\/uploads\/2025\/06\/vicek_obyvacipokoj-2048x1448.jpg 2048w, https:\/\/www.design-award.cz\/wp-content\/uploads\/2025\/06\/vicek_obyvacipokoj-500x354.jpg 500w, https:\/\/www.design-award.cz\/wp-content\/uploads\/2025\/06\/vicek_obyvacipokoj-800x566.jpg 800w, https:\/\/www.design-award.cz\/wp-content\/uploads\/2025\/06\/vicek_obyvacipokoj-1280x905.jpg 1280w\" sizes=\"(max-width: 1920px) 100vw, 1920px\" \/><\/noscript><img decoding=\"async\" width=\"1920\" height=\"1358\" src=\"https:\/\/www.design-award.cz\/wp-content\/uploads\/2025\/06\/vicek_obyvacipokoj-1920x1358.jpg\" class=\"wp-image-5191 vp-lazyload\" alt srcset=\"data:image\/svg+xml;base64,PHN2ZyB3aWR0aD0iMTkyMCIgaGVpZ2h0PSIxMzU4IiB2aWV3Qm94PSIwIDAgMTkyMCAxMzU4IiBmaWxsPSJub25lIiB4bWxucz0iaHR0cDovL3d3dy53My5vcmcvMjAwMC9zdmciPjwvc3ZnPg==\" data-src=\"https:\/\/www.design-award.cz\/wp-content\/uploads\/2025\/06\/vicek_obyvacipokoj-1920x1358.jpg\" data-srcset=\"https:\/\/www.design-award.cz\/wp-content\/uploads\/2025\/06\/vicek_obyvacipokoj-1920x1358.jpg 1920w, https:\/\/www.design-award.cz\/wp-content\/uploads\/2025\/06\/vicek_obyvacipokoj-300x212.jpg 300w, https:\/\/www.design-award.cz\/wp-content\/uploads\/2025\/06\/vicek_obyvacipokoj-1024x724.jpg 1024w, https:\/\/www.design-award.cz\/wp-content\/uploads\/2025\/06\/vicek_obyvacipokoj-768x543.jpg 768w, https:\/\/www.design-award.cz\/wp-content\/uploads\/2025\/06\/vicek_obyvacipokoj-1536x1086.jpg 1536w, https:\/\/www.design-award.cz\/wp-content\/uploads\/2025\/06\/vicek_obyvacipokoj-2048x1448.jpg 2048w, https:\/\/www.design-award.cz\/wp-content\/uploads\/2025\/06\/vicek_obyvacipokoj-500x354.jpg 500w, https:\/\/www.design-award.cz\/wp-content\/uploads\/2025\/06\/vicek_obyvacipokoj-800x566.jpg 800w, https:\/\/www.design-award.cz\/wp-content\/uploads\/2025\/06\/vicek_obyvacipokoj-1280x905.jpg 1280w\" data-sizes=\"auto\" loading=\"eager\">\n\t\t<\/a>\t<\/div>\n<\/div>\n\t<figcaption class=\"vp-portfolio__item-overlay vp-portfolio__item-overlay-text-align-center\">\n\t\t<div class=\"vp-portfolio__item-meta-wrap vp-portfolio__custom-scrollbar\">\n\t\t\t\t<a\n\t\thref=\"https:\/\/www.design-award.cz\/?portfolio=interierovy-design-interier-o\"\n\t\ttabindex=\"-1\" class=\"vp-portfolio__item-meta\" \t>\n\t\n<h2 class=\"vp-portfolio__item-meta-title\">\n\tInteri\u00e9rov\u00fd design &#8211; interi\u00e9r \u00f8<\/h2>\n<\/a>\t\t<\/div>\n\t<\/figcaption>\n\t\t\t<\/figure>\n\t\t\t\t\t<\/article>\n\t\t\n\t\t<article\t\tclass=\"vp-portfolio__item-wrap post-4708 portfolio type-portfolio status-publish format-standard has-post-thumbnail hentry entry has-media vp-portfolio__item-uid-c22a1936\" data-vp-filter=\"\" \t\t>\n\t\t\t\t\t\t\t\t\t<figure class=\"vp-portfolio__item\">\n\t\t\t\t\n<div class=\"vp-portfolio__item-img-wrap\">\n\t<div class=\"vp-portfolio__item-img\">\n\t\t\t<a\n\t\thref=\"https:\/\/www.design-award.cz\/?portfolio=produktovy-design-fold-eco-chair\"\n\t\t\t>\n\t\n\t\t<noscript><img decoding=\"async\" width=\"1600\" height=\"1200\" data-skip-lazy src=\"https:\/\/www.design-award.cz\/wp-content\/uploads\/2025\/06\/render_1_havelkova.jpg\" class=\"wp-image-4715\" alt=\"\" srcset=\"https:\/\/www.design-award.cz\/wp-content\/uploads\/2025\/06\/render_1_havelkova.jpg 1600w, https:\/\/www.design-award.cz\/wp-content\/uploads\/2025\/06\/render_1_havelkova-300x225.jpg 300w, https:\/\/www.design-award.cz\/wp-content\/uploads\/2025\/06\/render_1_havelkova-1024x768.jpg 1024w, https:\/\/www.design-award.cz\/wp-content\/uploads\/2025\/06\/render_1_havelkova-768x576.jpg 768w, https:\/\/www.design-award.cz\/wp-content\/uploads\/2025\/06\/render_1_havelkova-1536x1152.jpg 1536w, https:\/\/www.design-award.cz\/wp-content\/uploads\/2025\/06\/render_1_havelkova-500x375.jpg 500w, https:\/\/www.design-award.cz\/wp-content\/uploads\/2025\/06\/render_1_havelkova-800x600.jpg 800w, https:\/\/www.design-award.cz\/wp-content\/uploads\/2025\/06\/render_1_havelkova-1280x960.jpg 1280w\" sizes=\"(max-width: 1600px) 100vw, 1600px\" \/><\/noscript><img decoding=\"async\" width=\"1600\" height=\"1200\" src=\"https:\/\/www.design-award.cz\/wp-content\/uploads\/2025\/06\/render_1_havelkova.jpg\" class=\"wp-image-4715 vp-lazyload\" alt srcset=\"data:image\/svg+xml;base64,PHN2ZyB3aWR0aD0iMTYwMCIgaGVpZ2h0PSIxMjAwIiB2aWV3Qm94PSIwIDAgMTYwMCAxMjAwIiBmaWxsPSJub25lIiB4bWxucz0iaHR0cDovL3d3dy53My5vcmcvMjAwMC9zdmciPjwvc3ZnPg==\" data-src=\"https:\/\/www.design-award.cz\/wp-content\/uploads\/2025\/06\/render_1_havelkova.jpg\" data-srcset=\"https:\/\/www.design-award.cz\/wp-content\/uploads\/2025\/06\/render_1_havelkova.jpg 1600w, https:\/\/www.design-award.cz\/wp-content\/uploads\/2025\/06\/render_1_havelkova-300x225.jpg 300w, https:\/\/www.design-award.cz\/wp-content\/uploads\/2025\/06\/render_1_havelkova-1024x768.jpg 1024w, https:\/\/www.design-award.cz\/wp-content\/uploads\/2025\/06\/render_1_havelkova-768x576.jpg 768w, https:\/\/www.design-award.cz\/wp-content\/uploads\/2025\/06\/render_1_havelkova-1536x1152.jpg 1536w, https:\/\/www.design-award.cz\/wp-content\/uploads\/2025\/06\/render_1_havelkova-500x375.jpg 500w, https:\/\/www.design-award.cz\/wp-content\/uploads\/2025\/06\/render_1_havelkova-800x600.jpg 800w, https:\/\/www.design-award.cz\/wp-content\/uploads\/2025\/06\/render_1_havelkova-1280x960.jpg 1280w\" data-sizes=\"auto\" loading=\"eager\">\n\t\t<\/a>\t<\/div>\n<\/div>\n\t<figcaption class=\"vp-portfolio__item-overlay vp-portfolio__item-overlay-text-align-center\">\n\t\t<div class=\"vp-portfolio__item-meta-wrap vp-portfolio__custom-scrollbar\">\n\t\t\t\t<a\n\t\thref=\"https:\/\/www.design-award.cz\/?portfolio=produktovy-design-fold-eco-chair\"\n\t\ttabindex=\"-1\" class=\"vp-portfolio__item-meta\" \t>\n\t\n<h2 class=\"vp-portfolio__item-meta-title\">\n\tProduktov\u00fd design &#8211; FOLD-ECO Chair<\/h2>\n<\/a>\t\t<\/div>\n\t<\/figcaption>\n\t\t\t<\/figure>\n\t\t\t\t\t<\/article>\n\t\t\n\t\t<article\t\tclass=\"vp-portfolio__item-wrap post-2075 portfolio type-portfolio status-publish format-standard has-post-thumbnail hentry portfolio_category-soutezici-2023 entry has-media vp-portfolio__item-uid-d3feba15\" data-vp-filter=\"soutezici-2023\" \t\t>\n\t\t\t\t\t\t\t\t\t<figure class=\"vp-portfolio__item\">\n\t\t\t\t\n<div class=\"vp-portfolio__item-img-wrap\">\n\t<div class=\"vp-portfolio__item-img\">\n\t\t\t<a\n\t\thref=\"https:\/\/www.design-award.cz\/?portfolio=soukromy-interier-koupelna\"\n\t\t\t>\n\t\n\t\t<noscript><img decoding=\"async\" width=\"1412\" height=\"798\" data-skip-lazy src=\"https:\/\/www.design-award.cz\/wp-content\/uploads\/2023\/04\/render-1.png\" class=\"wp-image-2077\" alt=\"\" srcset=\"https:\/\/www.design-award.cz\/wp-content\/uploads\/2023\/04\/render-1.png 1412w, https:\/\/www.design-award.cz\/wp-content\/uploads\/2023\/04\/render-1-300x170.png 300w, https:\/\/www.design-award.cz\/wp-content\/uploads\/2023\/04\/render-1-1024x579.png 1024w, https:\/\/www.design-award.cz\/wp-content\/uploads\/2023\/04\/render-1-768x434.png 768w, https:\/\/www.design-award.cz\/wp-content\/uploads\/2023\/04\/render-1-500x283.png 500w, https:\/\/www.design-award.cz\/wp-content\/uploads\/2023\/04\/render-1-800x452.png 800w, https:\/\/www.design-award.cz\/wp-content\/uploads\/2023\/04\/render-1-1280x723.png 1280w\" sizes=\"(max-width: 1412px) 100vw, 1412px\" \/><\/noscript><img decoding=\"async\" width=\"1412\" height=\"798\" src=\"https:\/\/www.design-award.cz\/wp-content\/uploads\/2023\/04\/render-1.png\" class=\"wp-image-2077 vp-lazyload\" alt srcset=\"data:image\/svg+xml;base64,PHN2ZyB3aWR0aD0iMTQxMiIgaGVpZ2h0PSI3OTgiIHZpZXdCb3g9IjAgMCAxNDEyIDc5OCIgZmlsbD0ibm9uZSIgeG1sbnM9Imh0dHA6Ly93d3cudzMub3JnLzIwMDAvc3ZnIj48L3N2Zz4=\" data-src=\"https:\/\/www.design-award.cz\/wp-content\/uploads\/2023\/04\/render-1.png\" data-srcset=\"https:\/\/www.design-award.cz\/wp-content\/uploads\/2023\/04\/render-1.png 1412w, https:\/\/www.design-award.cz\/wp-content\/uploads\/2023\/04\/render-1-300x170.png 300w, https:\/\/www.design-award.cz\/wp-content\/uploads\/2023\/04\/render-1-1024x579.png 1024w, https:\/\/www.design-award.cz\/wp-content\/uploads\/2023\/04\/render-1-768x434.png 768w, https:\/\/www.design-award.cz\/wp-content\/uploads\/2023\/04\/render-1-500x283.png 500w, https:\/\/www.design-award.cz\/wp-content\/uploads\/2023\/04\/render-1-800x452.png 800w, https:\/\/www.design-award.cz\/wp-content\/uploads\/2023\/04\/render-1-1280x723.png 1280w\" data-sizes=\"auto\" loading=\"eager\">\n\t\t<\/a>\t<\/div>\n<\/div>\n\t<figcaption class=\"vp-portfolio__item-overlay vp-portfolio__item-overlay-text-align-center\">\n\t\t<div class=\"vp-portfolio__item-meta-wrap vp-portfolio__custom-scrollbar\">\n\t\t\t\t<a\n\t\thref=\"https:\/\/www.design-award.cz\/?portfolio=soukromy-interier-koupelna\"\n\t\ttabindex=\"-1\" class=\"vp-portfolio__item-meta\" \t>\n\t\n<div class=\"vp-portfolio__item-meta-categories\">\n\t\t\t<div class=\"vp-portfolio__item-meta-category\">\n\t\t\t\t<span\t\t\t>\n\tSOUT\u011a\u017d\u00cdC\u00cd 2023<\/span>\t\t<\/div>\n\t\t<\/div>\n\n<h2 class=\"vp-portfolio__item-meta-title\">\n\tSoukrom\u00fd interi\u00e9r &#8211; koupelna<\/h2>\n<\/a>\t\t<\/div>\n\t<\/figcaption>\n\t\t\t<\/figure>\n\t\t\t\t\t<\/article>\n\t\t\n\t\t<article\t\tclass=\"vp-portfolio__item-wrap post-2525 portfolio type-portfolio status-publish format-standard has-post-thumbnail hentry portfolio_category-soutezici-2023 entry has-media vp-portfolio__item-uid-a8428cbb\" data-vp-filter=\"soutezici-2023\" \t\t>\n\t\t\t\t\t\t\t\t\t<figure class=\"vp-portfolio__item\">\n\t\t\t\t\n<div class=\"vp-portfolio__item-img-wrap\">\n\t<div class=\"vp-portfolio__item-img\">\n\t\t\t<a\n\t\thref=\"https:\/\/www.design-award.cz\/?portfolio=produktovy-design-polohovatelna-stolni-lampa\"\n\t\t\t>\n\t\n\t\t<noscript><img decoding=\"async\" width=\"1920\" height=\"1080\" data-skip-lazy src=\"https:\/\/www.design-award.cz\/wp-content\/uploads\/2023\/04\/7-1920x1080.jpg\" class=\"wp-image-2528\" alt=\"\" srcset=\"https:\/\/www.design-award.cz\/wp-content\/uploads\/2023\/04\/7-1920x1080.jpg 1920w, https:\/\/www.design-award.cz\/wp-content\/uploads\/2023\/04\/7-300x169.jpg 300w, https:\/\/www.design-award.cz\/wp-content\/uploads\/2023\/04\/7-1024x576.jpg 1024w, https:\/\/www.design-award.cz\/wp-content\/uploads\/2023\/04\/7-768x432.jpg 768w, https:\/\/www.design-award.cz\/wp-content\/uploads\/2023\/04\/7-1536x864.jpg 1536w, https:\/\/www.design-award.cz\/wp-content\/uploads\/2023\/04\/7-2048x1152.jpg 2048w, https:\/\/www.design-award.cz\/wp-content\/uploads\/2023\/04\/7-500x281.jpg 500w, https:\/\/www.design-award.cz\/wp-content\/uploads\/2023\/04\/7-800x450.jpg 800w, https:\/\/www.design-award.cz\/wp-content\/uploads\/2023\/04\/7-1280x720.jpg 1280w\" sizes=\"(max-width: 1920px) 100vw, 1920px\" \/><\/noscript><img decoding=\"async\" width=\"1920\" height=\"1080\" src=\"https:\/\/www.design-award.cz\/wp-content\/uploads\/2023\/04\/7-1920x1080.jpg\" class=\"wp-image-2528 vp-lazyload\" alt srcset=\"data:image\/svg+xml;base64,PHN2ZyB3aWR0aD0iMTkyMCIgaGVpZ2h0PSIxMDgwIiB2aWV3Qm94PSIwIDAgMTkyMCAxMDgwIiBmaWxsPSJub25lIiB4bWxucz0iaHR0cDovL3d3dy53My5vcmcvMjAwMC9zdmciPjwvc3ZnPg==\" data-src=\"https:\/\/www.design-award.cz\/wp-content\/uploads\/2023\/04\/7-1920x1080.jpg\" data-srcset=\"https:\/\/www.design-award.cz\/wp-content\/uploads\/2023\/04\/7-1920x1080.jpg 1920w, https:\/\/www.design-award.cz\/wp-content\/uploads\/2023\/04\/7-300x169.jpg 300w, https:\/\/www.design-award.cz\/wp-content\/uploads\/2023\/04\/7-1024x576.jpg 1024w, https:\/\/www.design-award.cz\/wp-content\/uploads\/2023\/04\/7-768x432.jpg 768w, https:\/\/www.design-award.cz\/wp-content\/uploads\/2023\/04\/7-1536x864.jpg 1536w, https:\/\/www.design-award.cz\/wp-content\/uploads\/2023\/04\/7-2048x1152.jpg 2048w, https:\/\/www.design-award.cz\/wp-content\/uploads\/2023\/04\/7-500x281.jpg 500w, https:\/\/www.design-award.cz\/wp-content\/uploads\/2023\/04\/7-800x450.jpg 800w, https:\/\/www.design-award.cz\/wp-content\/uploads\/2023\/04\/7-1280x720.jpg 1280w\" data-sizes=\"auto\" loading=\"eager\">\n\t\t<\/a>\t<\/div>\n<\/div>\n\t<figcaption class=\"vp-portfolio__item-overlay vp-portfolio__item-overlay-text-align-center\">\n\t\t<div class=\"vp-portfolio__item-meta-wrap vp-portfolio__custom-scrollbar\">\n\t\t\t\t<a\n\t\thref=\"https:\/\/www.design-award.cz\/?portfolio=produktovy-design-polohovatelna-stolni-lampa\"\n\t\ttabindex=\"-1\" class=\"vp-portfolio__item-meta\" \t>\n\t\n<div class=\"vp-portfolio__item-meta-categories\">\n\t\t\t<div class=\"vp-portfolio__item-meta-category\">\n\t\t\t\t<span\t\t\t>\n\tSOUT\u011a\u017d\u00cdC\u00cd 2023<\/span>\t\t<\/div>\n\t\t<\/div>\n\n<h2 class=\"vp-portfolio__item-meta-title\">\n\tProduktov\u00fd design &#8211; Polohovateln\u00e1 stoln\u00ed lampa<\/h2>\n<\/a>\t\t<\/div>\n\t<\/figcaption>\n\t\t\t<\/figure>\n\t\t\t\t\t<\/article>\n\t\t\n\t\t<article\t\tclass=\"vp-portfolio__item-wrap post-5357 portfolio type-portfolio status-publish format-standard has-post-thumbnail hentry entry has-media vp-portfolio__item-uid-90573f5b\" data-vp-filter=\"\" \t\t>\n\t\t\t\t\t\t\t\t\t<figure class=\"vp-portfolio__item\">\n\t\t\t\t\n<div class=\"vp-portfolio__item-img-wrap\">\n\t<div class=\"vp-portfolio__item-img\">\n\t\t\t<a\n\t\thref=\"https:\/\/www.design-award.cz\/?portfolio=interierovy-design-horska-chata-lumen-lodge\"\n\t\t\t>\n\t\n\t\t<noscript><img decoding=\"async\" width=\"1920\" height=\"1438\" data-skip-lazy src=\"https:\/\/www.design-award.cz\/wp-content\/uploads\/2025\/06\/KRAL_Mikulas_Lumen_Lodge_horska_chata_2-1920x1438.jpg\" class=\"wp-image-5377\" alt=\"\" srcset=\"https:\/\/www.design-award.cz\/wp-content\/uploads\/2025\/06\/KRAL_Mikulas_Lumen_Lodge_horska_chata_2-1920x1438.jpg 1920w, https:\/\/www.design-award.cz\/wp-content\/uploads\/2025\/06\/KRAL_Mikulas_Lumen_Lodge_horska_chata_2-300x225.jpg 300w, https:\/\/www.design-award.cz\/wp-content\/uploads\/2025\/06\/KRAL_Mikulas_Lumen_Lodge_horska_chata_2-1024x767.jpg 1024w, https:\/\/www.design-award.cz\/wp-content\/uploads\/2025\/06\/KRAL_Mikulas_Lumen_Lodge_horska_chata_2-768x575.jpg 768w, https:\/\/www.design-award.cz\/wp-content\/uploads\/2025\/06\/KRAL_Mikulas_Lumen_Lodge_horska_chata_2-1536x1151.jpg 1536w, https:\/\/www.design-award.cz\/wp-content\/uploads\/2025\/06\/KRAL_Mikulas_Lumen_Lodge_horska_chata_2-2048x1534.jpg 2048w, https:\/\/www.design-award.cz\/wp-content\/uploads\/2025\/06\/KRAL_Mikulas_Lumen_Lodge_horska_chata_2-500x375.jpg 500w, https:\/\/www.design-award.cz\/wp-content\/uploads\/2025\/06\/KRAL_Mikulas_Lumen_Lodge_horska_chata_2-800x599.jpg 800w, https:\/\/www.design-award.cz\/wp-content\/uploads\/2025\/06\/KRAL_Mikulas_Lumen_Lodge_horska_chata_2-1280x959.jpg 1280w\" sizes=\"(max-width: 1920px) 100vw, 1920px\" \/><\/noscript><img decoding=\"async\" width=\"1920\" height=\"1438\" src=\"https:\/\/www.design-award.cz\/wp-content\/uploads\/2025\/06\/KRAL_Mikulas_Lumen_Lodge_horska_chata_2-1920x1438.jpg\" class=\"wp-image-5377 vp-lazyload\" alt srcset=\"data:image\/svg+xml;base64,PHN2ZyB3aWR0aD0iMTkyMCIgaGVpZ2h0PSIxNDM4IiB2aWV3Qm94PSIwIDAgMTkyMCAxNDM4IiBmaWxsPSJub25lIiB4bWxucz0iaHR0cDovL3d3dy53My5vcmcvMjAwMC9zdmciPjwvc3ZnPg==\" data-src=\"https:\/\/www.design-award.cz\/wp-content\/uploads\/2025\/06\/KRAL_Mikulas_Lumen_Lodge_horska_chata_2-1920x1438.jpg\" data-srcset=\"https:\/\/www.design-award.cz\/wp-content\/uploads\/2025\/06\/KRAL_Mikulas_Lumen_Lodge_horska_chata_2-1920x1438.jpg 1920w, https:\/\/www.design-award.cz\/wp-content\/uploads\/2025\/06\/KRAL_Mikulas_Lumen_Lodge_horska_chata_2-300x225.jpg 300w, https:\/\/www.design-award.cz\/wp-content\/uploads\/2025\/06\/KRAL_Mikulas_Lumen_Lodge_horska_chata_2-1024x767.jpg 1024w, https:\/\/www.design-award.cz\/wp-content\/uploads\/2025\/06\/KRAL_Mikulas_Lumen_Lodge_horska_chata_2-768x575.jpg 768w, https:\/\/www.design-award.cz\/wp-content\/uploads\/2025\/06\/KRAL_Mikulas_Lumen_Lodge_horska_chata_2-1536x1151.jpg 1536w, https:\/\/www.design-award.cz\/wp-content\/uploads\/2025\/06\/KRAL_Mikulas_Lumen_Lodge_horska_chata_2-2048x1534.jpg 2048w, https:\/\/www.design-award.cz\/wp-content\/uploads\/2025\/06\/KRAL_Mikulas_Lumen_Lodge_horska_chata_2-500x375.jpg 500w, https:\/\/www.design-award.cz\/wp-content\/uploads\/2025\/06\/KRAL_Mikulas_Lumen_Lodge_horska_chata_2-800x599.jpg 800w, https:\/\/www.design-award.cz\/wp-content\/uploads\/2025\/06\/KRAL_Mikulas_Lumen_Lodge_horska_chata_2-1280x959.jpg 1280w\" data-sizes=\"auto\" loading=\"eager\">\n\t\t<\/a>\t<\/div>\n<\/div>\n\t<figcaption class=\"vp-portfolio__item-overlay vp-portfolio__item-overlay-text-align-center\">\n\t\t<div class=\"vp-portfolio__item-meta-wrap vp-portfolio__custom-scrollbar\">\n\t\t\t\t<a\n\t\thref=\"https:\/\/www.design-award.cz\/?portfolio=interierovy-design-horska-chata-lumen-lodge\"\n\t\ttabindex=\"-1\" class=\"vp-portfolio__item-meta\" \t>\n\t\n<h2 class=\"vp-portfolio__item-meta-title\">\n\tInteri\u00e9rov\u00fd design &#8211; Horsk\u00e1 chata &#8211; Lumen Lodge<\/h2>\n<\/a>\t\t<\/div>\n\t<\/figcaption>\n\t\t\t<\/figure>\n\t\t\t\t\t<\/article>\n\t\t\n\t\t<article\t\tclass=\"vp-portfolio__item-wrap post-2469 portfolio type-portfolio status-publish format-standard has-post-thumbnail hentry portfolio_category-soutezici-2023 entry has-media vp-portfolio__item-uid-c45a6fa3\" data-vp-filter=\"soutezici-2023\" \t\t>\n\t\t\t\t\t\t\t\t\t<figure class=\"vp-portfolio__item\">\n\t\t\t\t\n<div class=\"vp-portfolio__item-img-wrap\">\n\t<div class=\"vp-portfolio__item-img\">\n\t\t\t<a\n\t\thref=\"https:\/\/www.design-award.cz\/?portfolio=verejny-interier-dynamic-urban-furniture\"\n\t\t\t>\n\t\n\t\t<noscript><img decoding=\"async\" width=\"1920\" height=\"1437\" data-skip-lazy src=\"https:\/\/www.design-award.cz\/wp-content\/uploads\/2023\/04\/smotkova3-1920x1437.jpg\" class=\"wp-image-2471\" alt=\"\" srcset=\"https:\/\/www.design-award.cz\/wp-content\/uploads\/2023\/04\/smotkova3-1920x1437.jpg 1920w, https:\/\/www.design-award.cz\/wp-content\/uploads\/2023\/04\/smotkova3-300x225.jpg 300w, https:\/\/www.design-award.cz\/wp-content\/uploads\/2023\/04\/smotkova3-1024x766.jpg 1024w, https:\/\/www.design-award.cz\/wp-content\/uploads\/2023\/04\/smotkova3-768x575.jpg 768w, https:\/\/www.design-award.cz\/wp-content\/uploads\/2023\/04\/smotkova3-1536x1150.jpg 1536w, https:\/\/www.design-award.cz\/wp-content\/uploads\/2023\/04\/smotkova3-2048x1533.jpg 2048w, https:\/\/www.design-award.cz\/wp-content\/uploads\/2023\/04\/smotkova3-500x374.jpg 500w, https:\/\/www.design-award.cz\/wp-content\/uploads\/2023\/04\/smotkova3-800x599.jpg 800w, https:\/\/www.design-award.cz\/wp-content\/uploads\/2023\/04\/smotkova3-1280x958.jpg 1280w\" sizes=\"(max-width: 1920px) 100vw, 1920px\" \/><\/noscript><img decoding=\"async\" width=\"1920\" height=\"1437\" src=\"https:\/\/www.design-award.cz\/wp-content\/uploads\/2023\/04\/smotkova3-1920x1437.jpg\" class=\"wp-image-2471 vp-lazyload\" alt srcset=\"data:image\/svg+xml;base64,PHN2ZyB3aWR0aD0iMTkyMCIgaGVpZ2h0PSIxNDM3IiB2aWV3Qm94PSIwIDAgMTkyMCAxNDM3IiBmaWxsPSJub25lIiB4bWxucz0iaHR0cDovL3d3dy53My5vcmcvMjAwMC9zdmciPjwvc3ZnPg==\" data-src=\"https:\/\/www.design-award.cz\/wp-content\/uploads\/2023\/04\/smotkova3-1920x1437.jpg\" data-srcset=\"https:\/\/www.design-award.cz\/wp-content\/uploads\/2023\/04\/smotkova3-1920x1437.jpg 1920w, https:\/\/www.design-award.cz\/wp-content\/uploads\/2023\/04\/smotkova3-300x225.jpg 300w, https:\/\/www.design-award.cz\/wp-content\/uploads\/2023\/04\/smotkova3-1024x766.jpg 1024w, https:\/\/www.design-award.cz\/wp-content\/uploads\/2023\/04\/smotkova3-768x575.jpg 768w, https:\/\/www.design-award.cz\/wp-content\/uploads\/2023\/04\/smotkova3-1536x1150.jpg 1536w, https:\/\/www.design-award.cz\/wp-content\/uploads\/2023\/04\/smotkova3-2048x1533.jpg 2048w, https:\/\/www.design-award.cz\/wp-content\/uploads\/2023\/04\/smotkova3-500x374.jpg 500w, https:\/\/www.design-award.cz\/wp-content\/uploads\/2023\/04\/smotkova3-800x599.jpg 800w, https:\/\/www.design-award.cz\/wp-content\/uploads\/2023\/04\/smotkova3-1280x958.jpg 1280w\" data-sizes=\"auto\" loading=\"eager\">\n\t\t<\/a>\t<\/div>\n<\/div>\n\t<figcaption class=\"vp-portfolio__item-overlay vp-portfolio__item-overlay-text-align-center\">\n\t\t<div class=\"vp-portfolio__item-meta-wrap vp-portfolio__custom-scrollbar\">\n\t\t\t\t<a\n\t\thref=\"https:\/\/www.design-award.cz\/?portfolio=verejny-interier-dynamic-urban-furniture\"\n\t\ttabindex=\"-1\" class=\"vp-portfolio__item-meta\" \t>\n\t\n<div class=\"vp-portfolio__item-meta-categories\">\n\t\t\t<div class=\"vp-portfolio__item-meta-category\">\n\t\t\t\t<span\t\t\t>\n\tSOUT\u011a\u017d\u00cdC\u00cd 2023<\/span>\t\t<\/div>\n\t\t<\/div>\n\n<h2 class=\"vp-portfolio__item-meta-title\">\n\tVe\u0159ejn\u00fd interi\u00e9r &#8211; Dynamic Urban Furniture<\/h2>\n<\/a>\t\t<\/div>\n\t<\/figcaption>\n\t\t\t<\/figure>\n\t\t\t\t\t<\/article>\n\t\t\n\t\t<article\t\tclass=\"vp-portfolio__item-wrap post-1782 portfolio type-portfolio status-publish format-standard has-post-thumbnail hentry portfolio_category-soutezici-2023 entry has-media vp-portfolio__item-uid-ddf88a12\" data-vp-filter=\"soutezici-2023\" \t\t>\n\t\t\t\t\t\t\t\t\t<figure class=\"vp-portfolio__item\">\n\t\t\t\t\n<div class=\"vp-portfolio__item-img-wrap\">\n\t<div class=\"vp-portfolio__item-img\">\n\t\t\t<a\n\t\thref=\"https:\/\/www.design-award.cz\/?portfolio=soukromy-interier-navrh-studentskeho-bytu\"\n\t\t\t>\n\t\n\t\t<noscript><img decoding=\"async\" width=\"1920\" height=\"1080\" data-skip-lazy src=\"https:\/\/www.design-award.cz\/wp-content\/uploads\/2023\/03\/kuchyn-render-new-1920x1080.png\" class=\"wp-image-1786\" alt=\"\" srcset=\"https:\/\/www.design-award.cz\/wp-content\/uploads\/2023\/03\/kuchyn-render-new-1920x1080.png 1920w, https:\/\/www.design-award.cz\/wp-content\/uploads\/2023\/03\/kuchyn-render-new-300x169.png 300w, https:\/\/www.design-award.cz\/wp-content\/uploads\/2023\/03\/kuchyn-render-new-1024x576.png 1024w, https:\/\/www.design-award.cz\/wp-content\/uploads\/2023\/03\/kuchyn-render-new-768x432.png 768w, https:\/\/www.design-award.cz\/wp-content\/uploads\/2023\/03\/kuchyn-render-new-1536x864.png 1536w, https:\/\/www.design-award.cz\/wp-content\/uploads\/2023\/03\/kuchyn-render-new-500x281.png 500w, https:\/\/www.design-award.cz\/wp-content\/uploads\/2023\/03\/kuchyn-render-new-800x450.png 800w, https:\/\/www.design-award.cz\/wp-content\/uploads\/2023\/03\/kuchyn-render-new-1280x720.png 1280w, https:\/\/www.design-award.cz\/wp-content\/uploads\/2023\/03\/kuchyn-render-new.png 1984w\" sizes=\"(max-width: 1920px) 100vw, 1920px\" \/><\/noscript><img decoding=\"async\" width=\"1920\" height=\"1080\" src=\"https:\/\/www.design-award.cz\/wp-content\/uploads\/2023\/03\/kuchyn-render-new-1920x1080.png\" class=\"wp-image-1786 vp-lazyload\" alt srcset=\"data:image\/svg+xml;base64,PHN2ZyB3aWR0aD0iMTkyMCIgaGVpZ2h0PSIxMDgwIiB2aWV3Qm94PSIwIDAgMTkyMCAxMDgwIiBmaWxsPSJub25lIiB4bWxucz0iaHR0cDovL3d3dy53My5vcmcvMjAwMC9zdmciPjwvc3ZnPg==\" data-src=\"https:\/\/www.design-award.cz\/wp-content\/uploads\/2023\/03\/kuchyn-render-new-1920x1080.png\" data-srcset=\"https:\/\/www.design-award.cz\/wp-content\/uploads\/2023\/03\/kuchyn-render-new-1920x1080.png 1920w, https:\/\/www.design-award.cz\/wp-content\/uploads\/2023\/03\/kuchyn-render-new-300x169.png 300w, https:\/\/www.design-award.cz\/wp-content\/uploads\/2023\/03\/kuchyn-render-new-1024x576.png 1024w, https:\/\/www.design-award.cz\/wp-content\/uploads\/2023\/03\/kuchyn-render-new-768x432.png 768w, https:\/\/www.design-award.cz\/wp-content\/uploads\/2023\/03\/kuchyn-render-new-1536x864.png 1536w, https:\/\/www.design-award.cz\/wp-content\/uploads\/2023\/03\/kuchyn-render-new-500x281.png 500w, https:\/\/www.design-award.cz\/wp-content\/uploads\/2023\/03\/kuchyn-render-new-800x450.png 800w, https:\/\/www.design-award.cz\/wp-content\/uploads\/2023\/03\/kuchyn-render-new-1280x720.png 1280w, https:\/\/www.design-award.cz\/wp-content\/uploads\/2023\/03\/kuchyn-render-new.png 1984w\" data-sizes=\"auto\" loading=\"eager\">\n\t\t<\/a>\t<\/div>\n<\/div>\n\t<figcaption class=\"vp-portfolio__item-overlay vp-portfolio__item-overlay-text-align-center\">\n\t\t<div class=\"vp-portfolio__item-meta-wrap vp-portfolio__custom-scrollbar\">\n\t\t\t\t<a\n\t\thref=\"https:\/\/www.design-award.cz\/?portfolio=soukromy-interier-navrh-studentskeho-bytu\"\n\t\ttabindex=\"-1\" class=\"vp-portfolio__item-meta\" \t>\n\t\n<div class=\"vp-portfolio__item-meta-categories\">\n\t\t\t<div class=\"vp-portfolio__item-meta-category\">\n\t\t\t\t<span\t\t\t>\n\tSOUT\u011a\u017d\u00cdC\u00cd 2023<\/span>\t\t<\/div>\n\t\t<\/div>\n\n<h2 class=\"vp-portfolio__item-meta-title\">\n\tSoukrom\u00fd interi\u00e9r &#8211; N\u00e1vrh studentsk\u00e9ho bytu<\/h2>\n<\/a>\t\t<\/div>\n\t<\/figcaption>\n\t\t\t<\/figure>\n\t\t\t\t\t<\/article>\n\t\t\n<\/div>\n\n<div class=\"vp-portfolio__items-arrow vp-portfolio__items-arrow-prev\" tabindex=\"0\" role=\"button\" aria-label=\"Previous Slide\">\n\t\n<svg class=\"vp-svg-icon\" width=\"20\" height=\"20\" viewBox=\"0 0 20 20\" fill=\"none\" xmlns=\"http:\/\/www.w3.org\/2000\/svg\">\n\t<path d=\"M12 4L6 10L12 16\" stroke=\"currentColor\" stroke-width=\"1.5\" stroke-linecap=\"round\" stroke-linejoin=\"round\" fill=\"transparent\" \/>\n<\/svg>\n<\/div>\n<div class=\"vp-portfolio__items-arrow vp-portfolio__items-arrow-next\" tabindex=\"0\" role=\"button\" aria-label=\"Next Slide\">\n\t\n<svg class=\"vp-svg-icon\" width=\"20\" height=\"20\" viewBox=\"0 0 20 20\" fill=\"none\" xmlns=\"http:\/\/www.w3.org\/2000\/svg\">\n\t<path d=\"M8 4L14 10L8 16\" stroke=\"currentColor\" stroke-width=\"1.5\" stroke-linecap=\"round\" stroke-linejoin=\"round\" fill=\"transparent\" \/>\n<\/svg>\n<\/div>\n\t\t<\/div>\n\t\t\t\t<div class=\"vp-portfolio__layout-elements vp-portfolio__layout-elements-bottom vp-portfolio__layout-elements-align-center\">\n\t\t\t\t<div class=\"vp-portfolio__pagination-wrap\">\n\t\t\n<div class=\"vp-pagination vp-pagination__style-minimal\" data-vp-pagination-type=\"load-more\">\n\t<div class=\"vp-pagination__item\">\n\t\t<a class=\"vp-pagination__load-more\" href=\"https:\/\/www.design-award.cz\/index.php?rest_route=%2Fwp%2Fv2%2Fportfolio%2F568&#038;vp_page=2\">\n\t\t\t<span>Load More<\/span>\n\t\t\t<span class=\"vp-pagination__load-more-loading\"><span class=\"vp-spinner\"><\/span><span class=\"vp-screen-reader-text\"> Loading More&#8230;<\/span><\/span>\n\t\t\t<span class=\"vp-pagination__load-more-no-more\">You\u2019ve reached the end of the list<\/span>\n\t\t<\/a>\n\t<\/div>\n<\/div>\n\t\t<\/div>\n\t\t\t\t<\/div>\n\t\t\n<\/div>\n<\/div>","protected":false},"excerpt":{"rendered":"<p>Eli\u0161ka Bo\u010danov\u00e1 Integrovan\u00e1 st\u0159edn\u00ed \u0161kola \u017eivnostensk\u00e1, Plze\u0148, \u0160kroupova 13 C\u00edlem bylo \u0159e\u0161en\u00ed dispozice bytu 2 + 1. Hlavn\u00edm c\u00edlem bylo vytvo\u0159it praktick\u00fd a modern\u00ed interi\u00e9r, kter\u00fd bude spl\u0148ovat v\u0161echny po\u017eadavky investor\u016f. Nejd\u016fle\u017eit\u011bj\u0161\u00ed m\u00edstnost\u00ed je ob\u00fdvac\u00ed pokoj, kter\u00fd se sv\u00fdmi z\u00e1kladn\u00edmi 20 m2 nespl\u0148oval po\u017eadavky investora. Proto bylo nutn\u00e9 m\u00edstnost dispozi\u010dn\u011b zm\u011bnit. Samoz\u0159ejm\u011b jsem se zab\u00fdvala [&hellip;]<\/p>\n","protected":false},"author":1,"featured_media":570,"menu_order":0,"comment_status":"closed","ping_status":"closed","template":"","format":"standard","meta":{"ngg_post_thumbnail":0,"ocean_post_layout":"","ocean_both_sidebars_style":"","ocean_both_sidebars_content_width":0,"ocean_both_sidebars_sidebars_width":0,"ocean_sidebar":"","ocean_second_sidebar":"","ocean_disable_margins":"enable","ocean_add_body_class":"","ocean_shortcode_before_top_bar":"","ocean_shortcode_after_top_bar":"","ocean_shortcode_before_header":"","ocean_shortcode_after_header":"","ocean_has_shortcode":"","ocean_shortcode_after_title":"","ocean_shortcode_before_footer_widgets":"","ocean_shortcode_after_footer_widgets":"","ocean_shortcode_before_footer_bottom":"","ocean_shortcode_after_footer_bottom":"","ocean_display_top_bar":"default","ocean_display_header":"default","ocean_header_style":"","ocean_center_header_left_menu":"","ocean_custom_header_template":"","ocean_custom_logo":0,"ocean_custom_retina_logo":0,"ocean_custom_logo_max_width":0,"ocean_custom_logo_tablet_max_width":0,"ocean_custom_logo_mobile_max_width":0,"ocean_custom_logo_max_height":0,"ocean_custom_logo_tablet_max_height":0,"ocean_custom_logo_mobile_max_height":0,"ocean_header_custom_menu":"","ocean_menu_typo_font_family":"","ocean_menu_typo_font_subset":"","ocean_menu_typo_font_size":0,"ocean_menu_typo_font_size_tablet":0,"ocean_menu_typo_font_size_mobile":0,"ocean_menu_typo_font_size_unit":"px","ocean_menu_typo_font_weight":"","ocean_menu_typo_font_weight_tablet":"","ocean_menu_typo_font_weight_mobile":"","ocean_menu_typo_transform":"","ocean_menu_typo_transform_tablet":"","ocean_menu_typo_transform_mobile":"","ocean_menu_typo_line_height":0,"ocean_menu_typo_line_height_tablet":0,"ocean_menu_typo_line_height_mobile":0,"ocean_menu_typo_line_height_unit":"","ocean_menu_typo_spacing":0,"ocean_menu_typo_spacing_tablet":0,"ocean_menu_typo_spacing_mobile":0,"ocean_menu_typo_spacing_unit":"","ocean_menu_link_color":"","ocean_menu_link_color_hover":"","ocean_menu_link_color_active":"","ocean_menu_link_background":"","ocean_menu_link_hover_background":"","ocean_menu_link_active_background":"","ocean_menu_social_links_bg":"","ocean_menu_social_hover_links_bg":"","ocean_menu_social_links_color":"","ocean_menu_social_hover_links_color":"","ocean_disable_title":"default","ocean_disable_heading":"default","ocean_post_title":"","ocean_post_subheading":"","ocean_post_title_style":"","ocean_post_title_background_color":"","ocean_post_title_background":0,"ocean_post_title_bg_image_position":"","ocean_post_title_bg_image_attachment":"","ocean_post_title_bg_image_repeat":"","ocean_post_title_bg_image_size":"","ocean_post_title_height":0,"ocean_post_title_bg_overlay":0.5,"ocean_post_title_bg_overlay_color":"","ocean_disable_breadcrumbs":"default","ocean_breadcrumbs_color":"","ocean_breadcrumbs_separator_color":"","ocean_breadcrumbs_links_color":"","ocean_breadcrumbs_links_hover_color":"","ocean_display_footer_widgets":"default","ocean_display_footer_bottom":"default","ocean_custom_footer_template":"","_vp_format_video_url":"","_vp_image_focal_point":[],"footnotes":""},"portfolio_category":[],"portfolio_tag":[],"class_list":["post-568","portfolio","type-portfolio","status-publish","format-standard","has-post-thumbnail","hentry","entry","has-media"],"yoast_head":"<!-- This site is optimized with the Yoast SEO plugin v25.2 - https:\/\/yoast.com\/wordpress\/plugins\/seo\/ -->\n<title>Soukrom\u00fd interi\u00e9r - Rekonstrukce bytov\u00e9ho interi\u00e9ru - design-award.cz<\/title>\n<meta name=\"robots\" content=\"index, follow, max-snippet:-1, max-image-preview:large, max-video-preview:-1\" \/>\n<link rel=\"canonical\" href=\"https:\/\/www.design-award.cz\/?portfolio=soukromy-interier-rekonstrukce-bytoveho-interieru\" \/>\n<meta property=\"og:locale\" content=\"cs_CZ\" \/>\n<meta property=\"og:type\" content=\"article\" \/>\n<meta property=\"og:title\" content=\"Soukrom\u00fd interi\u00e9r - Rekonstrukce bytov\u00e9ho interi\u00e9ru - design-award.cz\" \/>\n<meta property=\"og:description\" content=\"Eli\u0161ka Bo\u010danov\u00e1 Integrovan\u00e1 st\u0159edn\u00ed \u0161kola \u017eivnostensk\u00e1, Plze\u0148, \u0160kroupova 13 C\u00edlem bylo \u0159e\u0161en\u00ed dispozice bytu 2 + 1. Hlavn\u00edm c\u00edlem bylo vytvo\u0159it praktick\u00fd a modern\u00ed interi\u00e9r, kter\u00fd bude spl\u0148ovat v\u0161echny po\u017eadavky investor\u016f. Nejd\u016fle\u017eit\u011bj\u0161\u00ed m\u00edstnost\u00ed je ob\u00fdvac\u00ed pokoj, kter\u00fd se sv\u00fdmi z\u00e1kladn\u00edmi 20 m2 nespl\u0148oval po\u017eadavky investora. Proto bylo nutn\u00e9 m\u00edstnost dispozi\u010dn\u011b zm\u011bnit. Samoz\u0159ejm\u011b jsem se zab\u00fdvala [&hellip;]\" \/>\n<meta property=\"og:url\" content=\"https:\/\/www.design-award.cz\/?portfolio=soukromy-interier-rekonstrukce-bytoveho-interieru\" \/>\n<meta property=\"og:site_name\" content=\"design-award.cz\" \/>\n<meta property=\"article:modified_time\" content=\"2022-04-16T10:11:03+00:00\" \/>\n<meta property=\"og:image\" content=\"http:\/\/www.design-award.cz\/wp-content\/uploads\/2022\/03\/Vizualizace-1-1024x576.png\" \/>\n\t<meta property=\"og:image:width\" content=\"1024\" \/>\n\t<meta property=\"og:image:height\" content=\"576\" \/>\n\t<meta property=\"og:image:type\" content=\"image\/png\" \/>\n<meta name=\"twitter:card\" content=\"summary_large_image\" \/>\n<meta name=\"twitter:label1\" content=\"Odhadovan\u00e1 doba \u010dten\u00ed\" \/>\n\t<meta name=\"twitter:data1\" content=\"3 minuty\" \/>\n<script type=\"application\/ld+json\" class=\"yoast-schema-graph\">{\"@context\":\"https:\/\/schema.org\",\"@graph\":[{\"@type\":\"WebPage\",\"@id\":\"https:\/\/www.design-award.cz\/?portfolio=soukromy-interier-rekonstrukce-bytoveho-interieru\",\"url\":\"https:\/\/www.design-award.cz\/?portfolio=soukromy-interier-rekonstrukce-bytoveho-interieru\",\"name\":\"Soukrom\u00fd interi\u00e9r - Rekonstrukce bytov\u00e9ho interi\u00e9ru - design-award.cz\",\"isPartOf\":{\"@id\":\"https:\/\/www.design-award.cz\/#website\"},\"primaryImageOfPage\":{\"@id\":\"https:\/\/www.design-award.cz\/?portfolio=soukromy-interier-rekonstrukce-bytoveho-interieru#primaryimage\"},\"image\":{\"@id\":\"https:\/\/www.design-award.cz\/?portfolio=soukromy-interier-rekonstrukce-bytoveho-interieru#primaryimage\"},\"thumbnailUrl\":\"https:\/\/www.design-award.cz\/wp-content\/uploads\/2022\/03\/Vizualizace-1.png\",\"datePublished\":\"2022-03-31T17:48:57+00:00\",\"dateModified\":\"2022-04-16T10:11:03+00:00\",\"breadcrumb\":{\"@id\":\"https:\/\/www.design-award.cz\/?portfolio=soukromy-interier-rekonstrukce-bytoveho-interieru#breadcrumb\"},\"inLanguage\":\"cs\",\"potentialAction\":[{\"@type\":\"ReadAction\",\"target\":[\"https:\/\/www.design-award.cz\/?portfolio=soukromy-interier-rekonstrukce-bytoveho-interieru\"]}]},{\"@type\":\"ImageObject\",\"inLanguage\":\"cs\",\"@id\":\"https:\/\/www.design-award.cz\/?portfolio=soukromy-interier-rekonstrukce-bytoveho-interieru#primaryimage\",\"url\":\"https:\/\/www.design-award.cz\/wp-content\/uploads\/2022\/03\/Vizualizace-1.png\",\"contentUrl\":\"https:\/\/www.design-award.cz\/wp-content\/uploads\/2022\/03\/Vizualizace-1.png\",\"width\":1920,\"height\":1080},{\"@type\":\"BreadcrumbList\",\"@id\":\"https:\/\/www.design-award.cz\/?portfolio=soukromy-interier-rekonstrukce-bytoveho-interieru#breadcrumb\",\"itemListElement\":[{\"@type\":\"ListItem\",\"position\":1,\"name\":\"Dom\u016f\",\"item\":\"https:\/\/www.design-award.cz\/\"},{\"@type\":\"ListItem\",\"position\":2,\"name\":\"Portfolio Items\",\"item\":\"https:\/\/www.design-award.cz\/?post_type=portfolio\"},{\"@type\":\"ListItem\",\"position\":3,\"name\":\"Soukrom\u00fd interi\u00e9r &#8211; Rekonstrukce bytov\u00e9ho interi\u00e9ru\"}]},{\"@type\":\"WebSite\",\"@id\":\"https:\/\/www.design-award.cz\/#website\",\"url\":\"https:\/\/www.design-award.cz\/\",\"name\":\"design-award.cz\",\"description\":\"WARD vznikla v roce 2022. Je ur\u010dena p\u0159edev\u0161\u00edm student\u016fm st\u0159edn\u00edch um\u011bleck\u00fdch \u0161kol (S\u0160 a VO\u0160), kte\u0159\u00ed mohou bezplatn\u011b zaslat sv\u00e9 n\u00e1vrhy v uveden\u00fdch kategori\u00ed a tak pom\u011b\u0159it sv\u00e9 n\u00e1pady s konkurenc\u00ed sv\u00fdch vrstevn\u00edk\u016f. N\u00e1vrhy jsou n\u00e1sledn\u011b posouzeny nez\u00e1vislou porotou z \u0159ad v\u00fdtvarn\u00edk\u016f, pedagog\u016f a profesion\u00e1l\u016f z oboru.\",\"publisher\":{\"@id\":\"https:\/\/www.design-award.cz\/#organization\"},\"potentialAction\":[{\"@type\":\"SearchAction\",\"target\":{\"@type\":\"EntryPoint\",\"urlTemplate\":\"https:\/\/www.design-award.cz\/?s={search_term_string}\"},\"query-input\":{\"@type\":\"PropertyValueSpecification\",\"valueRequired\":true,\"valueName\":\"search_term_string\"}}],\"inLanguage\":\"cs\"},{\"@type\":\"Organization\",\"@id\":\"https:\/\/www.design-award.cz\/#organization\",\"name\":\"Design Award\",\"url\":\"https:\/\/www.design-award.cz\/\",\"logo\":{\"@type\":\"ImageObject\",\"inLanguage\":\"cs\",\"@id\":\"https:\/\/www.design-award.cz\/#\/schema\/logo\/image\/\",\"url\":\"http:\/\/www.design-award.cz\/wp-content\/uploads\/2021\/12\/hornilogo_design-award.png\",\"contentUrl\":\"http:\/\/www.design-award.cz\/wp-content\/uploads\/2021\/12\/hornilogo_design-award.png\",\"width\":800,\"height\":600,\"caption\":\"Design Award\"},\"image\":{\"@id\":\"https:\/\/www.design-award.cz\/#\/schema\/logo\/image\/\"},\"sameAs\":[\"https:\/\/www.instagram.com\/design_award\/\"]}]}<\/script>\n<!-- \/ Yoast SEO plugin. -->","yoast_head_json":{"title":"Soukrom\u00fd interi\u00e9r - Rekonstrukce bytov\u00e9ho interi\u00e9ru - design-award.cz","robots":{"index":"index","follow":"follow","max-snippet":"max-snippet:-1","max-image-preview":"max-image-preview:large","max-video-preview":"max-video-preview:-1"},"canonical":"https:\/\/www.design-award.cz\/?portfolio=soukromy-interier-rekonstrukce-bytoveho-interieru","og_locale":"cs_CZ","og_type":"article","og_title":"Soukrom\u00fd interi\u00e9r - Rekonstrukce bytov\u00e9ho interi\u00e9ru - design-award.cz","og_description":"Eli\u0161ka Bo\u010danov\u00e1 Integrovan\u00e1 st\u0159edn\u00ed \u0161kola \u017eivnostensk\u00e1, Plze\u0148, \u0160kroupova 13 C\u00edlem bylo \u0159e\u0161en\u00ed dispozice bytu 2 + 1. Hlavn\u00edm c\u00edlem bylo vytvo\u0159it praktick\u00fd a modern\u00ed interi\u00e9r, kter\u00fd bude spl\u0148ovat v\u0161echny po\u017eadavky investor\u016f. Nejd\u016fle\u017eit\u011bj\u0161\u00ed m\u00edstnost\u00ed je ob\u00fdvac\u00ed pokoj, kter\u00fd se sv\u00fdmi z\u00e1kladn\u00edmi 20 m2 nespl\u0148oval po\u017eadavky investora. Proto bylo nutn\u00e9 m\u00edstnost dispozi\u010dn\u011b zm\u011bnit. Samoz\u0159ejm\u011b jsem se zab\u00fdvala [&hellip;]","og_url":"https:\/\/www.design-award.cz\/?portfolio=soukromy-interier-rekonstrukce-bytoveho-interieru","og_site_name":"design-award.cz","article_modified_time":"2022-04-16T10:11:03+00:00","og_image":[{"width":1024,"height":576,"url":"http:\/\/www.design-award.cz\/wp-content\/uploads\/2022\/03\/Vizualizace-1-1024x576.png","type":"image\/png"}],"twitter_card":"summary_large_image","twitter_misc":{"Odhadovan\u00e1 doba \u010dten\u00ed":"3 minuty"},"schema":{"@context":"https:\/\/schema.org","@graph":[{"@type":"WebPage","@id":"https:\/\/www.design-award.cz\/?portfolio=soukromy-interier-rekonstrukce-bytoveho-interieru","url":"https:\/\/www.design-award.cz\/?portfolio=soukromy-interier-rekonstrukce-bytoveho-interieru","name":"Soukrom\u00fd interi\u00e9r - Rekonstrukce bytov\u00e9ho interi\u00e9ru - design-award.cz","isPartOf":{"@id":"https:\/\/www.design-award.cz\/#website"},"primaryImageOfPage":{"@id":"https:\/\/www.design-award.cz\/?portfolio=soukromy-interier-rekonstrukce-bytoveho-interieru#primaryimage"},"image":{"@id":"https:\/\/www.design-award.cz\/?portfolio=soukromy-interier-rekonstrukce-bytoveho-interieru#primaryimage"},"thumbnailUrl":"https:\/\/www.design-award.cz\/wp-content\/uploads\/2022\/03\/Vizualizace-1.png","datePublished":"2022-03-31T17:48:57+00:00","dateModified":"2022-04-16T10:11:03+00:00","breadcrumb":{"@id":"https:\/\/www.design-award.cz\/?portfolio=soukromy-interier-rekonstrukce-bytoveho-interieru#breadcrumb"},"inLanguage":"cs","potentialAction":[{"@type":"ReadAction","target":["https:\/\/www.design-award.cz\/?portfolio=soukromy-interier-rekonstrukce-bytoveho-interieru"]}]},{"@type":"ImageObject","inLanguage":"cs","@id":"https:\/\/www.design-award.cz\/?portfolio=soukromy-interier-rekonstrukce-bytoveho-interieru#primaryimage","url":"https:\/\/www.design-award.cz\/wp-content\/uploads\/2022\/03\/Vizualizace-1.png","contentUrl":"https:\/\/www.design-award.cz\/wp-content\/uploads\/2022\/03\/Vizualizace-1.png","width":1920,"height":1080},{"@type":"BreadcrumbList","@id":"https:\/\/www.design-award.cz\/?portfolio=soukromy-interier-rekonstrukce-bytoveho-interieru#breadcrumb","itemListElement":[{"@type":"ListItem","position":1,"name":"Dom\u016f","item":"https:\/\/www.design-award.cz\/"},{"@type":"ListItem","position":2,"name":"Portfolio Items","item":"https:\/\/www.design-award.cz\/?post_type=portfolio"},{"@type":"ListItem","position":3,"name":"Soukrom\u00fd interi\u00e9r &#8211; Rekonstrukce bytov\u00e9ho interi\u00e9ru"}]},{"@type":"WebSite","@id":"https:\/\/www.design-award.cz\/#website","url":"https:\/\/www.design-award.cz\/","name":"design-award.cz","description":"WARD vznikla v roce 2022. Je ur\u010dena p\u0159edev\u0161\u00edm student\u016fm st\u0159edn\u00edch um\u011bleck\u00fdch \u0161kol (S\u0160 a VO\u0160), kte\u0159\u00ed mohou bezplatn\u011b zaslat sv\u00e9 n\u00e1vrhy v uveden\u00fdch kategori\u00ed a tak pom\u011b\u0159it sv\u00e9 n\u00e1pady s konkurenc\u00ed sv\u00fdch vrstevn\u00edk\u016f. N\u00e1vrhy jsou n\u00e1sledn\u011b posouzeny nez\u00e1vislou porotou z \u0159ad v\u00fdtvarn\u00edk\u016f, pedagog\u016f a profesion\u00e1l\u016f z oboru.","publisher":{"@id":"https:\/\/www.design-award.cz\/#organization"},"potentialAction":[{"@type":"SearchAction","target":{"@type":"EntryPoint","urlTemplate":"https:\/\/www.design-award.cz\/?s={search_term_string}"},"query-input":{"@type":"PropertyValueSpecification","valueRequired":true,"valueName":"search_term_string"}}],"inLanguage":"cs"},{"@type":"Organization","@id":"https:\/\/www.design-award.cz\/#organization","name":"Design Award","url":"https:\/\/www.design-award.cz\/","logo":{"@type":"ImageObject","inLanguage":"cs","@id":"https:\/\/www.design-award.cz\/#\/schema\/logo\/image\/","url":"http:\/\/www.design-award.cz\/wp-content\/uploads\/2021\/12\/hornilogo_design-award.png","contentUrl":"http:\/\/www.design-award.cz\/wp-content\/uploads\/2021\/12\/hornilogo_design-award.png","width":800,"height":600,"caption":"Design Award"},"image":{"@id":"https:\/\/www.design-award.cz\/#\/schema\/logo\/image\/"},"sameAs":["https:\/\/www.instagram.com\/design_award\/"]}]}},"_links":{"self":[{"href":"https:\/\/www.design-award.cz\/index.php?rest_route=\/wp\/v2\/portfolio\/568","targetHints":{"allow":["GET"]}}],"collection":[{"href":"https:\/\/www.design-award.cz\/index.php?rest_route=\/wp\/v2\/portfolio"}],"about":[{"href":"https:\/\/www.design-award.cz\/index.php?rest_route=\/wp\/v2\/types\/portfolio"}],"author":[{"embeddable":true,"href":"https:\/\/www.design-award.cz\/index.php?rest_route=\/wp\/v2\/users\/1"}],"replies":[{"embeddable":true,"href":"https:\/\/www.design-award.cz\/index.php?rest_route=%2Fwp%2Fv2%2Fcomments&post=568"}],"version-history":[{"count":5,"href":"https:\/\/www.design-award.cz\/index.php?rest_route=\/wp\/v2\/portfolio\/568\/revisions"}],"predecessor-version":[{"id":611,"href":"https:\/\/www.design-award.cz\/index.php?rest_route=\/wp\/v2\/portfolio\/568\/revisions\/611"}],"wp:featuredmedia":[{"embeddable":true,"href":"https:\/\/www.design-award.cz\/index.php?rest_route=\/wp\/v2\/media\/570"}],"wp:attachment":[{"href":"https:\/\/www.design-award.cz\/index.php?rest_route=%2Fwp%2Fv2%2Fmedia&parent=568"}],"wp:term":[{"taxonomy":"portfolio_category","embeddable":true,"href":"https:\/\/www.design-award.cz\/index.php?rest_route=%2Fwp%2Fv2%2Fportfolio_category&post=568"},{"taxonomy":"portfolio_tag","embeddable":true,"href":"https:\/\/www.design-award.cz\/index.php?rest_route=%2Fwp%2Fv2%2Fportfolio_tag&post=568"}],"curies":[{"name":"wp","href":"https:\/\/api.w.org\/{rel}","templated":true}]}}