{"id":579,"date":"2022-03-31T17:58:16","date_gmt":"2022-03-31T17:58:16","guid":{"rendered":"https:\/\/www.design-award.cz\/?post_type=portfolio&#038;p=579"},"modified":"2022-04-30T10:11:31","modified_gmt":"2022-04-30T10:11:31","slug":"produktovy-design-predmet-pro-nekoho","status":"publish","type":"portfolio","link":"https:\/\/www.design-award.cz\/?portfolio=produktovy-design-predmet-pro-nekoho","title":{"rendered":"Produktov\u00fd design &#8211; P\u0159edm\u011bt pro n\u011bkoho"},"content":{"rendered":"\n<h2 class=\"wp-block-heading\">Daniela M\u00e1lkov\u00e1<\/h2>\n\n\n\n<p><strong>Akademie-vy\u0161\u0161\u00ed Odborn\u00e1 \u0160kola, Gymn\u00e1zium A St\u0159edn\u00ed Odborn\u00e1 \u0160kola Um\u011bleckopr\u016fmyslov\u00e1 Sv\u011btl\u00e1 Nad S\u00e1zavou<\/strong><\/p>\n\n\n\n<p>P\u0159edm\u011bt, konkr\u00e9tn\u011b tuto v\u00e1zu bych dala n\u011bkomu, komu se l\u00edb\u00ed v\u011bci, kter\u00e9 vych\u00e1z\u00ed z n\u011bjak\u00fdch geometrick\u00fdch tvar\u016f. Osobn\u011b si mysl\u00edm, \u017ee by se dala zakomponovat do r\u016fzn\u00fdch typ\u016f interi\u00e9ru. P\u0159edm\u011bt vznikl fouk\u00e1n\u00edm skla do formy z d\u0159ev\u011bn\u00fdch t\u0159\u00edsek. Forma z d\u0159ev\u011bn\u00fdch t\u0159\u00edsek byla jednou z hlavn\u00edch \u010d\u00e1st\u00ed pro vytvo\u0159en\u00ed v\u00e1zy. Vych\u00e1zela jsem z jednoduch\u00fdch geometrick\u00fdch tvar\u016f, v tomto p\u0159\u00edpad\u011b jsem volila \u010dty\u0159\u00faheln\u00edky vrstven\u00e9 na sebe do n\u011bkolika pater, kter\u00e9 byly r\u016fzn\u011b odsk\u00e1kan\u00e9. U tohoto zad\u00e1n\u00ed jsem nejv\u00edce p\u0159em\u00fd\u0161lela nad jednoduchost\u00ed a jedine\u010dnost\u00ed tvaru.<\/p>\n\n\n\n<figure class=\"wp-block-image size-large is-style-default\"><img decoding=\"async\" width=\"681\" height=\"1024\" data-src=\"http:\/\/www.design-award.cz\/wp-content\/uploads\/2022\/04\/279338963_977124226499620_1479642728440075155_n-681x1024.jpg\" alt=\"\" class=\"wp-image-1170 lazyload\" data-srcset=\"https:\/\/www.design-award.cz\/wp-content\/uploads\/2022\/04\/279338963_977124226499620_1479642728440075155_n-681x1024.jpg 681w, https:\/\/www.design-award.cz\/wp-content\/uploads\/2022\/04\/279338963_977124226499620_1479642728440075155_n-200x300.jpg 200w, https:\/\/www.design-award.cz\/wp-content\/uploads\/2022\/04\/279338963_977124226499620_1479642728440075155_n-768x1155.jpg 768w, https:\/\/www.design-award.cz\/wp-content\/uploads\/2022\/04\/279338963_977124226499620_1479642728440075155_n-1022x1536.jpg 1022w, https:\/\/www.design-award.cz\/wp-content\/uploads\/2022\/04\/279338963_977124226499620_1479642728440075155_n-500x752.jpg 500w, https:\/\/www.design-award.cz\/wp-content\/uploads\/2022\/04\/279338963_977124226499620_1479642728440075155_n-800x1203.jpg 800w, https:\/\/www.design-award.cz\/wp-content\/uploads\/2022\/04\/279338963_977124226499620_1479642728440075155_n-1280x1925.jpg 1280w, https:\/\/www.design-award.cz\/wp-content\/uploads\/2022\/04\/279338963_977124226499620_1479642728440075155_n.jpg 1362w\" data-sizes=\"(max-width: 681px) 100vw, 681px\" src=\"data:image\/svg+xml;base64,PHN2ZyB3aWR0aD0iMSIgaGVpZ2h0PSIxIiB4bWxucz0iaHR0cDovL3d3dy53My5vcmcvMjAwMC9zdmciPjwvc3ZnPg==\" style=\"--smush-placeholder-width: 681px; --smush-placeholder-aspect-ratio: 681\/1024;\" \/><\/figure>\n\n\n\n<figure class=\"wp-block-image size-full is-style-default\"><img decoding=\"async\" width=\"1000\" height=\"665\" data-src=\"http:\/\/www.design-award.cz\/wp-content\/uploads\/2022\/03\/IMG7431.jpg\" alt=\"\" class=\"wp-image-582 lazyload\" data-srcset=\"https:\/\/www.design-award.cz\/wp-content\/uploads\/2022\/03\/IMG7431.jpg 1000w, https:\/\/www.design-award.cz\/wp-content\/uploads\/2022\/03\/IMG7431-300x200.jpg 300w, https:\/\/www.design-award.cz\/wp-content\/uploads\/2022\/03\/IMG7431-768x511.jpg 768w, https:\/\/www.design-award.cz\/wp-content\/uploads\/2022\/03\/IMG7431-500x333.jpg 500w, https:\/\/www.design-award.cz\/wp-content\/uploads\/2022\/03\/IMG7431-800x532.jpg 800w\" data-sizes=\"(max-width: 1000px) 100vw, 1000px\" src=\"data:image\/svg+xml;base64,PHN2ZyB3aWR0aD0iMSIgaGVpZ2h0PSIxIiB4bWxucz0iaHR0cDovL3d3dy53My5vcmcvMjAwMC9zdmciPjwvc3ZnPg==\" style=\"--smush-placeholder-width: 1000px; --smush-placeholder-aspect-ratio: 1000\/665;\" \/><\/figure>\n\n\n\n<figure class=\"wp-block-image size-large is-style-default\"><img decoding=\"async\" width=\"879\" height=\"1024\" data-src=\"http:\/\/www.design-award.cz\/wp-content\/uploads\/2022\/03\/vazy-3-879x1024.jpg\" alt=\"\" class=\"wp-image-585 lazyload\" data-srcset=\"https:\/\/www.design-award.cz\/wp-content\/uploads\/2022\/03\/vazy-3-879x1024.jpg 879w, https:\/\/www.design-award.cz\/wp-content\/uploads\/2022\/03\/vazy-3-258x300.jpg 258w, https:\/\/www.design-award.cz\/wp-content\/uploads\/2022\/03\/vazy-3-768x894.jpg 768w, https:\/\/www.design-award.cz\/wp-content\/uploads\/2022\/03\/vazy-3-500x582.jpg 500w, https:\/\/www.design-award.cz\/wp-content\/uploads\/2022\/03\/vazy-3-800x931.jpg 800w, https:\/\/www.design-award.cz\/wp-content\/uploads\/2022\/03\/vazy-3.jpg 992w\" data-sizes=\"(max-width: 879px) 100vw, 879px\" src=\"data:image\/svg+xml;base64,PHN2ZyB3aWR0aD0iMSIgaGVpZ2h0PSIxIiB4bWxucz0iaHR0cDovL3d3dy53My5vcmcvMjAwMC9zdmciPjwvc3ZnPg==\" style=\"--smush-placeholder-width: 879px; --smush-placeholder-aspect-ratio: 879\/1024;\" \/><\/figure>\n\n\n\n<figure class=\"wp-block-image size-large is-style-default\"><img decoding=\"async\" width=\"1024\" height=\"926\" data-src=\"http:\/\/www.design-award.cz\/wp-content\/uploads\/2022\/03\/formy-sklo-2-1024x926.jpg\" alt=\"\" class=\"wp-image-580 lazyload\" data-srcset=\"https:\/\/www.design-award.cz\/wp-content\/uploads\/2022\/03\/formy-sklo-2-1024x926.jpg 1024w, https:\/\/www.design-award.cz\/wp-content\/uploads\/2022\/03\/formy-sklo-2-300x271.jpg 300w, https:\/\/www.design-award.cz\/wp-content\/uploads\/2022\/03\/formy-sklo-2-768x695.jpg 768w, https:\/\/www.design-award.cz\/wp-content\/uploads\/2022\/03\/formy-sklo-2-1536x1390.jpg 1536w, https:\/\/www.design-award.cz\/wp-content\/uploads\/2022\/03\/formy-sklo-2-500x452.jpg 500w, https:\/\/www.design-award.cz\/wp-content\/uploads\/2022\/03\/formy-sklo-2-800x724.jpg 800w, https:\/\/www.design-award.cz\/wp-content\/uploads\/2022\/03\/formy-sklo-2-1280x1158.jpg 1280w, https:\/\/www.design-award.cz\/wp-content\/uploads\/2022\/03\/formy-sklo-2.jpg 1564w\" data-sizes=\"(max-width: 1024px) 100vw, 1024px\" src=\"data:image\/svg+xml;base64,PHN2ZyB3aWR0aD0iMSIgaGVpZ2h0PSIxIiB4bWxucz0iaHR0cDovL3d3dy53My5vcmcvMjAwMC9zdmciPjwvc3ZnPg==\" style=\"--smush-placeholder-width: 1024px; --smush-placeholder-aspect-ratio: 1024\/926;\" \/><\/figure>\n\n\n\n<figure class=\"wp-block-image size-full is-style-default\"><img decoding=\"async\" width=\"671\" height=\"402\" data-src=\"http:\/\/www.design-award.cz\/wp-content\/uploads\/2022\/03\/cervena-vaza-vykres.jpg\" alt=\"\" class=\"wp-image-584 lazyload\" data-srcset=\"https:\/\/www.design-award.cz\/wp-content\/uploads\/2022\/03\/cervena-vaza-vykres.jpg 671w, https:\/\/www.design-award.cz\/wp-content\/uploads\/2022\/03\/cervena-vaza-vykres-300x180.jpg 300w, https:\/\/www.design-award.cz\/wp-content\/uploads\/2022\/03\/cervena-vaza-vykres-500x300.jpg 500w\" data-sizes=\"(max-width: 671px) 100vw, 671px\" src=\"data:image\/svg+xml;base64,PHN2ZyB3aWR0aD0iMSIgaGVpZ2h0PSIxIiB4bWxucz0iaHR0cDovL3d3dy53My5vcmcvMjAwMC9zdmciPjwvc3ZnPg==\" style=\"--smush-placeholder-width: 671px; --smush-placeholder-aspect-ratio: 671\/402;\" \/><\/figure>\n\n\n<div class=\"wp-block-visual-portfolio\">\n<div class=\"vp-portfolio vp-uid-2ece4a06 vp-id-607\"\n\tdata-vp-layout=\"slider\" data-vp-content-source=\"post-based\" data-vp-items-style=\"fade\" data-vp-items-click-action=\"url\" data-vp-items-gap=\"12\" data-vp-items-gap-vertical=\"\" data-vp-pagination=\"load-more\" data-vp-next-page-url=\"https:\/\/www.design-award.cz\/index.php?rest_route=%2Fwp%2Fv2%2Fportfolio%2F579&#038;vp_page=2\" data-vp-random-seed=\"443703505\" data-vp-slider-effect=\"slide\" data-vp-slider-items-height=\"80%\" data-vp-slider-items-min-height=\"\" data-vp-slider-slides-per-view=\"3\" data-vp-slider-speed=\"0.3\" data-vp-slider-autoplay=\"4.8\" data-vp-slider-autoplay-hover-pause=\"false\" data-vp-slider-centered-slides=\"true\" data-vp-slider-loop=\"true\" data-vp-slider-free-mode=\"false\" data-vp-slider-free-mode-sticky=\"false\" data-vp-slider-arrows=\"true\" data-vp-slider-bullets=\"false\" data-vp-slider-bullets-dynamic=\"false\" data-vp-slider-mousewheel=\"false\" data-vp-slider-thumbnails=\"false\" >\n\t<div class=\"vp-portfolio__preloader-wrap\">\n\t\t<div class=\"vp-portfolio__preloader\">\n\t\t\t<img decoding=\"async\" loading=\"eager\" src=\"https:\/\/www.design-award.cz\/wp-content\/plugins\/visual-portfolio\/assets\/images\/logo-dark.svg\" alt=\"Visual Portfolio, Posts &amp; Image Gallery for WordPress\" width=\"20\" height=\"20\" data-skip-lazy>\n\t\t<\/div>\n\t<\/div>\n\t\t<div class=\"vp-portfolio__items-wrap\">\n\t\t\t\n<div class=\"vp-portfolio__items vp-portfolio__items-style-fade vp-portfolio__items-show-overlay-hover\">\n\n\t\t<article\t\tclass=\"vp-portfolio__item-wrap post-5434 portfolio type-portfolio status-publish format-standard has-post-thumbnail hentry entry has-media vp-portfolio__item-uid-5a4bdfe2\" data-vp-filter=\"\" \t\t>\n\t\t\t\t\t\t\t\t\t<figure class=\"vp-portfolio__item\">\n\t\t\t\t\n<div class=\"vp-portfolio__item-img-wrap\">\n\t<div class=\"vp-portfolio__item-img\">\n\t\t\t<a\n\t\thref=\"https:\/\/www.design-award.cz\/?portfolio=5434\"\n\t\t\t>\n\t\n\t\t<noscript><img decoding=\"async\" width=\"905\" height=\"1134\" data-skip-lazy src=\"https:\/\/www.design-award.cz\/wp-content\/uploads\/2025\/06\/IMG_4894_converted.png\" class=\"wp-image-5471\" alt=\"\" srcset=\"https:\/\/www.design-award.cz\/wp-content\/uploads\/2025\/06\/IMG_4894_converted.png 905w, https:\/\/www.design-award.cz\/wp-content\/uploads\/2025\/06\/IMG_4894_converted-239x300.png 239w, https:\/\/www.design-award.cz\/wp-content\/uploads\/2025\/06\/IMG_4894_converted-817x1024.png 817w, https:\/\/www.design-award.cz\/wp-content\/uploads\/2025\/06\/IMG_4894_converted-768x962.png 768w, https:\/\/www.design-award.cz\/wp-content\/uploads\/2025\/06\/IMG_4894_converted-500x627.png 500w, https:\/\/www.design-award.cz\/wp-content\/uploads\/2025\/06\/IMG_4894_converted-800x1002.png 800w\" sizes=\"(max-width: 905px) 100vw, 905px\" \/><\/noscript><img fetchpriority=\"high\" decoding=\"async\" width=\"905\" height=\"1134\" src=\"https:\/\/www.design-award.cz\/wp-content\/uploads\/2025\/06\/IMG_4894_converted.png\" class=\"wp-image-5471 vp-lazyload\" alt srcset=\"data:image\/svg+xml;base64,PHN2ZyB3aWR0aD0iOTA1IiBoZWlnaHQ9IjExMzQiIHZpZXdCb3g9IjAgMCA5MDUgMTEzNCIgZmlsbD0ibm9uZSIgeG1sbnM9Imh0dHA6Ly93d3cudzMub3JnLzIwMDAvc3ZnIj48L3N2Zz4=\" data-src=\"https:\/\/www.design-award.cz\/wp-content\/uploads\/2025\/06\/IMG_4894_converted.png\" data-srcset=\"https:\/\/www.design-award.cz\/wp-content\/uploads\/2025\/06\/IMG_4894_converted.png 905w, https:\/\/www.design-award.cz\/wp-content\/uploads\/2025\/06\/IMG_4894_converted-239x300.png 239w, https:\/\/www.design-award.cz\/wp-content\/uploads\/2025\/06\/IMG_4894_converted-817x1024.png 817w, https:\/\/www.design-award.cz\/wp-content\/uploads\/2025\/06\/IMG_4894_converted-768x962.png 768w, https:\/\/www.design-award.cz\/wp-content\/uploads\/2025\/06\/IMG_4894_converted-500x627.png 500w, https:\/\/www.design-award.cz\/wp-content\/uploads\/2025\/06\/IMG_4894_converted-800x1002.png 800w\" data-sizes=\"auto\" loading=\"eager\">\n\t\t<\/a>\t<\/div>\n<\/div>\n\t<figcaption class=\"vp-portfolio__item-overlay vp-portfolio__item-overlay-text-align-center\">\n\t\t<div class=\"vp-portfolio__item-meta-wrap vp-portfolio__custom-scrollbar\">\n\t\t\t\t<a\n\t\thref=\"https:\/\/www.design-award.cz\/?portfolio=5434\"\n\t\ttabindex=\"-1\" class=\"vp-portfolio__item-meta\" \t>\n\t\n<h2 class=\"vp-portfolio__item-meta-title\">\n\tProduktov\u00fd design &#8211; Hra pro d\u011bti<\/h2>\n<\/a>\t\t<\/div>\n\t<\/figcaption>\n\t\t\t<\/figure>\n\t\t\t\t\t<\/article>\n\t\t\n\t\t<article\t\tclass=\"vp-portfolio__item-wrap post-1234 portfolio type-portfolio status-publish format-standard has-post-thumbnail hentry entry has-media vp-portfolio__item-uid-d1a43407\" data-vp-filter=\"\" \t\t>\n\t\t\t\t\t\t\t\t\t<figure class=\"vp-portfolio__item\">\n\t\t\t\t\n<div class=\"vp-portfolio__item-img-wrap\">\n\t<div class=\"vp-portfolio__item-img\">\n\t\t\t<a\n\t\thref=\"https:\/\/www.design-award.cz\/?portfolio=soukromy-interier-70s-fall-in-new-york-city-garsonka\"\n\t\t\t>\n\t\n\t\t<noscript><img decoding=\"async\" width=\"1916\" height=\"728\" data-skip-lazy src=\"https:\/\/www.design-award.cz\/wp-content\/uploads\/2022\/04\/hlavni-prostor-rez.jpg\" class=\"wp-image-1235\" alt=\"\" srcset=\"https:\/\/www.design-award.cz\/wp-content\/uploads\/2022\/04\/hlavni-prostor-rez.jpg 1916w, https:\/\/www.design-award.cz\/wp-content\/uploads\/2022\/04\/hlavni-prostor-rez-300x114.jpg 300w, https:\/\/www.design-award.cz\/wp-content\/uploads\/2022\/04\/hlavni-prostor-rez-1024x389.jpg 1024w, https:\/\/www.design-award.cz\/wp-content\/uploads\/2022\/04\/hlavni-prostor-rez-768x292.jpg 768w, https:\/\/www.design-award.cz\/wp-content\/uploads\/2022\/04\/hlavni-prostor-rez-1536x584.jpg 1536w, https:\/\/www.design-award.cz\/wp-content\/uploads\/2022\/04\/hlavni-prostor-rez-500x190.jpg 500w, https:\/\/www.design-award.cz\/wp-content\/uploads\/2022\/04\/hlavni-prostor-rez-800x304.jpg 800w, https:\/\/www.design-award.cz\/wp-content\/uploads\/2022\/04\/hlavni-prostor-rez-1280x486.jpg 1280w\" sizes=\"(max-width: 1916px) 100vw, 1916px\" \/><\/noscript><img decoding=\"async\" width=\"1916\" height=\"728\" src=\"https:\/\/www.design-award.cz\/wp-content\/uploads\/2022\/04\/hlavni-prostor-rez.jpg\" class=\"wp-image-1235 vp-lazyload\" alt srcset=\"data:image\/svg+xml;base64,PHN2ZyB3aWR0aD0iMTkxNiIgaGVpZ2h0PSI3MjgiIHZpZXdCb3g9IjAgMCAxOTE2IDcyOCIgZmlsbD0ibm9uZSIgeG1sbnM9Imh0dHA6Ly93d3cudzMub3JnLzIwMDAvc3ZnIj48L3N2Zz4=\" data-src=\"https:\/\/www.design-award.cz\/wp-content\/uploads\/2022\/04\/hlavni-prostor-rez.jpg\" data-srcset=\"https:\/\/www.design-award.cz\/wp-content\/uploads\/2022\/04\/hlavni-prostor-rez.jpg 1916w, https:\/\/www.design-award.cz\/wp-content\/uploads\/2022\/04\/hlavni-prostor-rez-300x114.jpg 300w, https:\/\/www.design-award.cz\/wp-content\/uploads\/2022\/04\/hlavni-prostor-rez-1024x389.jpg 1024w, https:\/\/www.design-award.cz\/wp-content\/uploads\/2022\/04\/hlavni-prostor-rez-768x292.jpg 768w, https:\/\/www.design-award.cz\/wp-content\/uploads\/2022\/04\/hlavni-prostor-rez-1536x584.jpg 1536w, https:\/\/www.design-award.cz\/wp-content\/uploads\/2022\/04\/hlavni-prostor-rez-500x190.jpg 500w, https:\/\/www.design-award.cz\/wp-content\/uploads\/2022\/04\/hlavni-prostor-rez-800x304.jpg 800w, https:\/\/www.design-award.cz\/wp-content\/uploads\/2022\/04\/hlavni-prostor-rez-1280x486.jpg 1280w\" data-sizes=\"auto\" loading=\"eager\">\n\t\t<\/a>\t<\/div>\n<\/div>\n\t<figcaption class=\"vp-portfolio__item-overlay vp-portfolio__item-overlay-text-align-center\">\n\t\t<div class=\"vp-portfolio__item-meta-wrap vp-portfolio__custom-scrollbar\">\n\t\t\t\t<a\n\t\thref=\"https:\/\/www.design-award.cz\/?portfolio=soukromy-interier-70s-fall-in-new-york-city-garsonka\"\n\t\ttabindex=\"-1\" class=\"vp-portfolio__item-meta\" \t>\n\t\n<h2 class=\"vp-portfolio__item-meta-title\">\n\tSoukrom\u00fd interi\u00e9r &#8211; 70&#8217;s fall in New York City, GARSONKA<\/h2>\n<\/a>\t\t<\/div>\n\t<\/figcaption>\n\t\t\t<\/figure>\n\t\t\t\t\t<\/article>\n\t\t\n\t\t<article\t\tclass=\"vp-portfolio__item-wrap post-1959 portfolio type-portfolio status-publish format-standard has-post-thumbnail hentry portfolio_category-soutezici-2023 entry has-media vp-portfolio__item-uid-f51a00dd\" data-vp-filter=\"soutezici-2023\" \t\t>\n\t\t\t\t\t\t\t\t\t<figure class=\"vp-portfolio__item\">\n\t\t\t\t\n<div class=\"vp-portfolio__item-img-wrap\">\n\t<div class=\"vp-portfolio__item-img\">\n\t\t\t<a\n\t\thref=\"https:\/\/www.design-award.cz\/?portfolio=soukromy-interier-natural\"\n\t\t\t>\n\t\n\t\t<noscript><img decoding=\"async\" width=\"1920\" height=\"1006\" data-skip-lazy src=\"https:\/\/www.design-award.cz\/wp-content\/uploads\/2023\/04\/bresky-treehouse-rendery_1-Photo.jpg\" class=\"wp-image-1960\" alt=\"\" srcset=\"https:\/\/www.design-award.cz\/wp-content\/uploads\/2023\/04\/bresky-treehouse-rendery_1-Photo.jpg 1920w, https:\/\/www.design-award.cz\/wp-content\/uploads\/2023\/04\/bresky-treehouse-rendery_1-Photo-300x157.jpg 300w, https:\/\/www.design-award.cz\/wp-content\/uploads\/2023\/04\/bresky-treehouse-rendery_1-Photo-1024x537.jpg 1024w, https:\/\/www.design-award.cz\/wp-content\/uploads\/2023\/04\/bresky-treehouse-rendery_1-Photo-768x402.jpg 768w, https:\/\/www.design-award.cz\/wp-content\/uploads\/2023\/04\/bresky-treehouse-rendery_1-Photo-1536x805.jpg 1536w, https:\/\/www.design-award.cz\/wp-content\/uploads\/2023\/04\/bresky-treehouse-rendery_1-Photo-500x262.jpg 500w, https:\/\/www.design-award.cz\/wp-content\/uploads\/2023\/04\/bresky-treehouse-rendery_1-Photo-800x419.jpg 800w, https:\/\/www.design-award.cz\/wp-content\/uploads\/2023\/04\/bresky-treehouse-rendery_1-Photo-1280x671.jpg 1280w\" sizes=\"(max-width: 1920px) 100vw, 1920px\" \/><\/noscript><img decoding=\"async\" width=\"1920\" height=\"1006\" src=\"https:\/\/www.design-award.cz\/wp-content\/uploads\/2023\/04\/bresky-treehouse-rendery_1-Photo.jpg\" class=\"wp-image-1960 vp-lazyload\" alt srcset=\"data:image\/svg+xml;base64,PHN2ZyB3aWR0aD0iMTkyMCIgaGVpZ2h0PSIxMDA2IiB2aWV3Qm94PSIwIDAgMTkyMCAxMDA2IiBmaWxsPSJub25lIiB4bWxucz0iaHR0cDovL3d3dy53My5vcmcvMjAwMC9zdmciPjwvc3ZnPg==\" data-src=\"https:\/\/www.design-award.cz\/wp-content\/uploads\/2023\/04\/bresky-treehouse-rendery_1-Photo.jpg\" data-srcset=\"https:\/\/www.design-award.cz\/wp-content\/uploads\/2023\/04\/bresky-treehouse-rendery_1-Photo.jpg 1920w, https:\/\/www.design-award.cz\/wp-content\/uploads\/2023\/04\/bresky-treehouse-rendery_1-Photo-300x157.jpg 300w, https:\/\/www.design-award.cz\/wp-content\/uploads\/2023\/04\/bresky-treehouse-rendery_1-Photo-1024x537.jpg 1024w, https:\/\/www.design-award.cz\/wp-content\/uploads\/2023\/04\/bresky-treehouse-rendery_1-Photo-768x402.jpg 768w, https:\/\/www.design-award.cz\/wp-content\/uploads\/2023\/04\/bresky-treehouse-rendery_1-Photo-1536x805.jpg 1536w, https:\/\/www.design-award.cz\/wp-content\/uploads\/2023\/04\/bresky-treehouse-rendery_1-Photo-500x262.jpg 500w, https:\/\/www.design-award.cz\/wp-content\/uploads\/2023\/04\/bresky-treehouse-rendery_1-Photo-800x419.jpg 800w, https:\/\/www.design-award.cz\/wp-content\/uploads\/2023\/04\/bresky-treehouse-rendery_1-Photo-1280x671.jpg 1280w\" data-sizes=\"auto\" loading=\"eager\">\n\t\t<\/a>\t<\/div>\n<\/div>\n\t<figcaption class=\"vp-portfolio__item-overlay vp-portfolio__item-overlay-text-align-center\">\n\t\t<div class=\"vp-portfolio__item-meta-wrap vp-portfolio__custom-scrollbar\">\n\t\t\t\t<a\n\t\thref=\"https:\/\/www.design-award.cz\/?portfolio=soukromy-interier-natural\"\n\t\ttabindex=\"-1\" class=\"vp-portfolio__item-meta\" \t>\n\t\n<div class=\"vp-portfolio__item-meta-categories\">\n\t\t\t<div class=\"vp-portfolio__item-meta-category\">\n\t\t\t\t<span\t\t\t>\n\tSOUT\u011a\u017d\u00cdC\u00cd 2023<\/span>\t\t<\/div>\n\t\t<\/div>\n\n<h2 class=\"vp-portfolio__item-meta-title\">\n\tSoukrom\u00fd interi\u00e9r &#8211; Natural<\/h2>\n<\/a>\t\t<\/div>\n\t<\/figcaption>\n\t\t\t<\/figure>\n\t\t\t\t\t<\/article>\n\t\t\n\t\t<article\t\tclass=\"vp-portfolio__item-wrap post-1403 portfolio type-portfolio status-publish format-standard has-post-thumbnail hentry portfolio_category-https-www-design-award-cz-page_id1603 portfolio_tag-9 entry has-media vp-portfolio__item-uid-60608ed5\" data-vp-filter=\"https-www-design-award-cz-page_id1603\" \t\t>\n\t\t\t\t\t\t\t\t\t<figure class=\"vp-portfolio__item\">\n\t\t\t\t\n<div class=\"vp-portfolio__item-img-wrap\">\n\t<div class=\"vp-portfolio__item-img\">\n\t\t\t<a\n\t\thref=\"https:\/\/www.design-award.cz\/?portfolio=produktovy-design-tricage-set\"\n\t\t\t>\n\t\n\t\t<noscript><img decoding=\"async\" width=\"1920\" height=\"1080\" data-skip-lazy src=\"https:\/\/www.design-award.cz\/wp-content\/uploads\/2022\/04\/9.jpg\" class=\"wp-image-1406\" alt=\"\" srcset=\"https:\/\/www.design-award.cz\/wp-content\/uploads\/2022\/04\/9.jpg 1920w, https:\/\/www.design-award.cz\/wp-content\/uploads\/2022\/04\/9-300x169.jpg 300w, https:\/\/www.design-award.cz\/wp-content\/uploads\/2022\/04\/9-1024x576.jpg 1024w, https:\/\/www.design-award.cz\/wp-content\/uploads\/2022\/04\/9-768x432.jpg 768w, https:\/\/www.design-award.cz\/wp-content\/uploads\/2022\/04\/9-1536x864.jpg 1536w, https:\/\/www.design-award.cz\/wp-content\/uploads\/2022\/04\/9-500x281.jpg 500w, https:\/\/www.design-award.cz\/wp-content\/uploads\/2022\/04\/9-800x450.jpg 800w, https:\/\/www.design-award.cz\/wp-content\/uploads\/2022\/04\/9-1280x720.jpg 1280w\" sizes=\"(max-width: 1920px) 100vw, 1920px\" \/><\/noscript><img decoding=\"async\" width=\"1920\" height=\"1080\" src=\"https:\/\/www.design-award.cz\/wp-content\/uploads\/2022\/04\/9.jpg\" class=\"wp-image-1406 vp-lazyload\" alt srcset=\"data:image\/svg+xml;base64,PHN2ZyB3aWR0aD0iMTkyMCIgaGVpZ2h0PSIxMDgwIiB2aWV3Qm94PSIwIDAgMTkyMCAxMDgwIiBmaWxsPSJub25lIiB4bWxucz0iaHR0cDovL3d3dy53My5vcmcvMjAwMC9zdmciPjwvc3ZnPg==\" data-src=\"https:\/\/www.design-award.cz\/wp-content\/uploads\/2022\/04\/9.jpg\" data-srcset=\"https:\/\/www.design-award.cz\/wp-content\/uploads\/2022\/04\/9.jpg 1920w, https:\/\/www.design-award.cz\/wp-content\/uploads\/2022\/04\/9-300x169.jpg 300w, https:\/\/www.design-award.cz\/wp-content\/uploads\/2022\/04\/9-1024x576.jpg 1024w, https:\/\/www.design-award.cz\/wp-content\/uploads\/2022\/04\/9-768x432.jpg 768w, https:\/\/www.design-award.cz\/wp-content\/uploads\/2022\/04\/9-1536x864.jpg 1536w, https:\/\/www.design-award.cz\/wp-content\/uploads\/2022\/04\/9-500x281.jpg 500w, https:\/\/www.design-award.cz\/wp-content\/uploads\/2022\/04\/9-800x450.jpg 800w, https:\/\/www.design-award.cz\/wp-content\/uploads\/2022\/04\/9-1280x720.jpg 1280w\" data-sizes=\"auto\" loading=\"eager\">\n\t\t<\/a>\t<\/div>\n<\/div>\n\t<figcaption class=\"vp-portfolio__item-overlay vp-portfolio__item-overlay-text-align-center\">\n\t\t<div class=\"vp-portfolio__item-meta-wrap vp-portfolio__custom-scrollbar\">\n\t\t\t\t<a\n\t\thref=\"https:\/\/www.design-award.cz\/?portfolio=produktovy-design-tricage-set\"\n\t\ttabindex=\"-1\" class=\"vp-portfolio__item-meta\" \t>\n\t\n<div class=\"vp-portfolio__item-meta-categories\">\n\t\t\t<div class=\"vp-portfolio__item-meta-category\">\n\t\t\t\t<span\t\t\t>\n\tArchiv 2022<\/span>\t\t<\/div>\n\t\t<\/div>\n\n<h2 class=\"vp-portfolio__item-meta-title\">\n\tProduktov\u00fd design &#8211; TriCage set<\/h2>\n<\/a>\t\t<\/div>\n\t<\/figcaption>\n\t\t\t<\/figure>\n\t\t\t\t\t<\/article>\n\t\t\n\t\t<article\t\tclass=\"vp-portfolio__item-wrap post-3863 portfolio type-portfolio status-publish format-standard has-post-thumbnail hentry entry has-media vp-portfolio__item-uid-952918bc\" data-vp-filter=\"\" \t\t>\n\t\t\t\t\t\t\t\t\t<figure class=\"vp-portfolio__item\">\n\t\t\t\t\n<div class=\"vp-portfolio__item-img-wrap\">\n\t<div class=\"vp-portfolio__item-img\">\n\t\t\t<a\n\t\thref=\"https:\/\/www.design-award.cz\/?portfolio=produktovy-design-variabilni-venkovni-stul-ignis\"\n\t\t\t>\n\t\n\t\t<noscript><img decoding=\"async\" width=\"1920\" height=\"985\" data-skip-lazy src=\"https:\/\/www.design-award.cz\/wp-content\/uploads\/2024\/06\/render5-1920x985.jpg\" class=\"wp-image-3868\" alt=\"\" srcset=\"https:\/\/www.design-award.cz\/wp-content\/uploads\/2024\/06\/render5-1920x985.jpg 1920w, https:\/\/www.design-award.cz\/wp-content\/uploads\/2024\/06\/render5-300x154.jpg 300w, https:\/\/www.design-award.cz\/wp-content\/uploads\/2024\/06\/render5-1024x525.jpg 1024w, https:\/\/www.design-award.cz\/wp-content\/uploads\/2024\/06\/render5-768x394.jpg 768w, https:\/\/www.design-award.cz\/wp-content\/uploads\/2024\/06\/render5-1536x788.jpg 1536w, https:\/\/www.design-award.cz\/wp-content\/uploads\/2024\/06\/render5-2048x1050.jpg 2048w, https:\/\/www.design-award.cz\/wp-content\/uploads\/2024\/06\/render5-500x256.jpg 500w, https:\/\/www.design-award.cz\/wp-content\/uploads\/2024\/06\/render5-800x410.jpg 800w, https:\/\/www.design-award.cz\/wp-content\/uploads\/2024\/06\/render5-1280x656.jpg 1280w\" sizes=\"(max-width: 1920px) 100vw, 1920px\" \/><\/noscript><img decoding=\"async\" width=\"1920\" height=\"985\" src=\"https:\/\/www.design-award.cz\/wp-content\/uploads\/2024\/06\/render5-1920x985.jpg\" class=\"wp-image-3868 vp-lazyload\" alt srcset=\"data:image\/svg+xml;base64,PHN2ZyB3aWR0aD0iMTkyMCIgaGVpZ2h0PSI5ODUiIHZpZXdCb3g9IjAgMCAxOTIwIDk4NSIgZmlsbD0ibm9uZSIgeG1sbnM9Imh0dHA6Ly93d3cudzMub3JnLzIwMDAvc3ZnIj48L3N2Zz4=\" data-src=\"https:\/\/www.design-award.cz\/wp-content\/uploads\/2024\/06\/render5-1920x985.jpg\" data-srcset=\"https:\/\/www.design-award.cz\/wp-content\/uploads\/2024\/06\/render5-1920x985.jpg 1920w, https:\/\/www.design-award.cz\/wp-content\/uploads\/2024\/06\/render5-300x154.jpg 300w, https:\/\/www.design-award.cz\/wp-content\/uploads\/2024\/06\/render5-1024x525.jpg 1024w, https:\/\/www.design-award.cz\/wp-content\/uploads\/2024\/06\/render5-768x394.jpg 768w, https:\/\/www.design-award.cz\/wp-content\/uploads\/2024\/06\/render5-1536x788.jpg 1536w, https:\/\/www.design-award.cz\/wp-content\/uploads\/2024\/06\/render5-2048x1050.jpg 2048w, https:\/\/www.design-award.cz\/wp-content\/uploads\/2024\/06\/render5-500x256.jpg 500w, https:\/\/www.design-award.cz\/wp-content\/uploads\/2024\/06\/render5-800x410.jpg 800w, https:\/\/www.design-award.cz\/wp-content\/uploads\/2024\/06\/render5-1280x656.jpg 1280w\" data-sizes=\"auto\" loading=\"eager\">\n\t\t<\/a>\t<\/div>\n<\/div>\n\t<figcaption class=\"vp-portfolio__item-overlay vp-portfolio__item-overlay-text-align-center\">\n\t\t<div class=\"vp-portfolio__item-meta-wrap vp-portfolio__custom-scrollbar\">\n\t\t\t\t<a\n\t\thref=\"https:\/\/www.design-award.cz\/?portfolio=produktovy-design-variabilni-venkovni-stul-ignis\"\n\t\ttabindex=\"-1\" class=\"vp-portfolio__item-meta\" \t>\n\t\n<h2 class=\"vp-portfolio__item-meta-title\">\n\tProduktov\u00fd design &#8211; Cork Collection<\/h2>\n<\/a>\t\t<\/div>\n\t<\/figcaption>\n\t\t\t<\/figure>\n\t\t\t\t\t<\/article>\n\t\t\n\t\t<article\t\tclass=\"vp-portfolio__item-wrap post-5146 portfolio type-portfolio status-publish format-standard has-post-thumbnail hentry entry has-media vp-portfolio__item-uid-fdcfeae2\" data-vp-filter=\"\" style=\"--vp-images__object-position: 50% 25%;\" \t\t>\n\t\t\t\t\t\t\t\t\t<figure class=\"vp-portfolio__item\">\n\t\t\t\t\n<div class=\"vp-portfolio__item-img-wrap\">\n\t<div class=\"vp-portfolio__item-img\">\n\t\t\t<a\n\t\thref=\"https:\/\/www.design-award.cz\/?portfolio=produktovy-design-svitak\"\n\t\t\t>\n\t\n\t\t<noscript><img decoding=\"async\" width=\"1126\" height=\"797\" data-skip-lazy src=\"https:\/\/www.design-award.cz\/wp-content\/uploads\/2025\/06\/Snimek-obrazovky-2025-06-27-083110.png\" class=\"wp-image-5151\" alt=\"\" srcset=\"https:\/\/www.design-award.cz\/wp-content\/uploads\/2025\/06\/Snimek-obrazovky-2025-06-27-083110.png 1126w, https:\/\/www.design-award.cz\/wp-content\/uploads\/2025\/06\/Snimek-obrazovky-2025-06-27-083110-300x212.png 300w, https:\/\/www.design-award.cz\/wp-content\/uploads\/2025\/06\/Snimek-obrazovky-2025-06-27-083110-1024x725.png 1024w, https:\/\/www.design-award.cz\/wp-content\/uploads\/2025\/06\/Snimek-obrazovky-2025-06-27-083110-768x544.png 768w, https:\/\/www.design-award.cz\/wp-content\/uploads\/2025\/06\/Snimek-obrazovky-2025-06-27-083110-500x354.png 500w, https:\/\/www.design-award.cz\/wp-content\/uploads\/2025\/06\/Snimek-obrazovky-2025-06-27-083110-800x566.png 800w\" sizes=\"(max-width: 1126px) 100vw, 1126px\" \/><\/noscript><img decoding=\"async\" width=\"1126\" height=\"797\" src=\"https:\/\/www.design-award.cz\/wp-content\/uploads\/2025\/06\/Snimek-obrazovky-2025-06-27-083110.png\" class=\"wp-image-5151 vp-lazyload\" alt srcset=\"data:image\/svg+xml;base64,PHN2ZyB3aWR0aD0iMTEyNiIgaGVpZ2h0PSI3OTciIHZpZXdCb3g9IjAgMCAxMTI2IDc5NyIgZmlsbD0ibm9uZSIgeG1sbnM9Imh0dHA6Ly93d3cudzMub3JnLzIwMDAvc3ZnIj48L3N2Zz4=\" data-src=\"https:\/\/www.design-award.cz\/wp-content\/uploads\/2025\/06\/Snimek-obrazovky-2025-06-27-083110.png\" data-srcset=\"https:\/\/www.design-award.cz\/wp-content\/uploads\/2025\/06\/Snimek-obrazovky-2025-06-27-083110.png 1126w, https:\/\/www.design-award.cz\/wp-content\/uploads\/2025\/06\/Snimek-obrazovky-2025-06-27-083110-300x212.png 300w, https:\/\/www.design-award.cz\/wp-content\/uploads\/2025\/06\/Snimek-obrazovky-2025-06-27-083110-1024x725.png 1024w, https:\/\/www.design-award.cz\/wp-content\/uploads\/2025\/06\/Snimek-obrazovky-2025-06-27-083110-768x544.png 768w, https:\/\/www.design-award.cz\/wp-content\/uploads\/2025\/06\/Snimek-obrazovky-2025-06-27-083110-500x354.png 500w, https:\/\/www.design-award.cz\/wp-content\/uploads\/2025\/06\/Snimek-obrazovky-2025-06-27-083110-800x566.png 800w\" data-sizes=\"auto\" loading=\"eager\">\n\t\t<\/a>\t<\/div>\n<\/div>\n\t<figcaption class=\"vp-portfolio__item-overlay vp-portfolio__item-overlay-text-align-center\">\n\t\t<div class=\"vp-portfolio__item-meta-wrap vp-portfolio__custom-scrollbar\">\n\t\t\t\t<a\n\t\thref=\"https:\/\/www.design-award.cz\/?portfolio=produktovy-design-svitak\"\n\t\ttabindex=\"-1\" class=\"vp-portfolio__item-meta\" \t>\n\t\n<h2 class=\"vp-portfolio__item-meta-title\">\n\tProduktov\u00fd design &#8211; Sv\u00ed\u0165\u00e1k<\/h2>\n<\/a>\t\t<\/div>\n\t<\/figcaption>\n\t\t\t<\/figure>\n\t\t\t\t\t<\/article>\n\t\t\n\t\t<article\t\tclass=\"vp-portfolio__item-wrap post-3131 portfolio type-portfolio status-publish format-standard has-post-thumbnail hentry portfolio_category-soutezici-2024 entry has-media vp-portfolio__item-uid-0981b65a\" data-vp-filter=\"soutezici-2024\" \t\t>\n\t\t\t\t\t\t\t\t\t<figure class=\"vp-portfolio__item\">\n\t\t\t\t\n<div class=\"vp-portfolio__item-img-wrap\">\n\t<div class=\"vp-portfolio__item-img\">\n\t\t\t<a\n\t\thref=\"https:\/\/www.design-award.cz\/?portfolio=produktovy-design-vohynek\"\n\t\t\t>\n\t\n\t\t<noscript><img decoding=\"async\" width=\"1920\" height=\"1080\" data-skip-lazy src=\"https:\/\/www.design-award.cz\/wp-content\/uploads\/2024\/04\/emakrajickova_vohynek_foto1-1920x1080.jpg\" class=\"wp-image-3133\" alt=\"\" srcset=\"https:\/\/www.design-award.cz\/wp-content\/uploads\/2024\/04\/emakrajickova_vohynek_foto1-1920x1080.jpg 1920w, https:\/\/www.design-award.cz\/wp-content\/uploads\/2024\/04\/emakrajickova_vohynek_foto1-300x169.jpg 300w, https:\/\/www.design-award.cz\/wp-content\/uploads\/2024\/04\/emakrajickova_vohynek_foto1-1024x576.jpg 1024w, https:\/\/www.design-award.cz\/wp-content\/uploads\/2024\/04\/emakrajickova_vohynek_foto1-768x432.jpg 768w, https:\/\/www.design-award.cz\/wp-content\/uploads\/2024\/04\/emakrajickova_vohynek_foto1-1536x864.jpg 1536w, https:\/\/www.design-award.cz\/wp-content\/uploads\/2024\/04\/emakrajickova_vohynek_foto1-2048x1152.jpg 2048w, https:\/\/www.design-award.cz\/wp-content\/uploads\/2024\/04\/emakrajickova_vohynek_foto1-500x281.jpg 500w, https:\/\/www.design-award.cz\/wp-content\/uploads\/2024\/04\/emakrajickova_vohynek_foto1-800x450.jpg 800w, https:\/\/www.design-award.cz\/wp-content\/uploads\/2024\/04\/emakrajickova_vohynek_foto1-1280x720.jpg 1280w\" sizes=\"(max-width: 1920px) 100vw, 1920px\" \/><\/noscript><img decoding=\"async\" width=\"1920\" height=\"1080\" src=\"https:\/\/www.design-award.cz\/wp-content\/uploads\/2024\/04\/emakrajickova_vohynek_foto1-1920x1080.jpg\" class=\"wp-image-3133 vp-lazyload\" alt srcset=\"data:image\/svg+xml;base64,PHN2ZyB3aWR0aD0iMTkyMCIgaGVpZ2h0PSIxMDgwIiB2aWV3Qm94PSIwIDAgMTkyMCAxMDgwIiBmaWxsPSJub25lIiB4bWxucz0iaHR0cDovL3d3dy53My5vcmcvMjAwMC9zdmciPjwvc3ZnPg==\" data-src=\"https:\/\/www.design-award.cz\/wp-content\/uploads\/2024\/04\/emakrajickova_vohynek_foto1-1920x1080.jpg\" data-srcset=\"https:\/\/www.design-award.cz\/wp-content\/uploads\/2024\/04\/emakrajickova_vohynek_foto1-1920x1080.jpg 1920w, https:\/\/www.design-award.cz\/wp-content\/uploads\/2024\/04\/emakrajickova_vohynek_foto1-300x169.jpg 300w, https:\/\/www.design-award.cz\/wp-content\/uploads\/2024\/04\/emakrajickova_vohynek_foto1-1024x576.jpg 1024w, https:\/\/www.design-award.cz\/wp-content\/uploads\/2024\/04\/emakrajickova_vohynek_foto1-768x432.jpg 768w, https:\/\/www.design-award.cz\/wp-content\/uploads\/2024\/04\/emakrajickova_vohynek_foto1-1536x864.jpg 1536w, https:\/\/www.design-award.cz\/wp-content\/uploads\/2024\/04\/emakrajickova_vohynek_foto1-2048x1152.jpg 2048w, https:\/\/www.design-award.cz\/wp-content\/uploads\/2024\/04\/emakrajickova_vohynek_foto1-500x281.jpg 500w, https:\/\/www.design-award.cz\/wp-content\/uploads\/2024\/04\/emakrajickova_vohynek_foto1-800x450.jpg 800w, https:\/\/www.design-award.cz\/wp-content\/uploads\/2024\/04\/emakrajickova_vohynek_foto1-1280x720.jpg 1280w\" data-sizes=\"auto\" loading=\"eager\">\n\t\t<\/a>\t<\/div>\n<\/div>\n\t<figcaption class=\"vp-portfolio__item-overlay vp-portfolio__item-overlay-text-align-center\">\n\t\t<div class=\"vp-portfolio__item-meta-wrap vp-portfolio__custom-scrollbar\">\n\t\t\t\t<a\n\t\thref=\"https:\/\/www.design-award.cz\/?portfolio=produktovy-design-vohynek\"\n\t\ttabindex=\"-1\" class=\"vp-portfolio__item-meta\" \t>\n\t\n<div class=\"vp-portfolio__item-meta-categories\">\n\t\t\t<div class=\"vp-portfolio__item-meta-category\">\n\t\t\t\t<span\t\t\t>\n\tSOUT\u011a\u017d\u00cdC\u00cd 2024<\/span>\t\t<\/div>\n\t\t<\/div>\n\n<h2 class=\"vp-portfolio__item-meta-title\">\n\tProduktov\u00fd design &#8211; Voh\u00fdnek<\/h2>\n<\/a>\t\t<\/div>\n\t<\/figcaption>\n\t\t\t<\/figure>\n\t\t\t\t\t<\/article>\n\t\t\n\t\t<article\t\tclass=\"vp-portfolio__item-wrap post-2150 portfolio type-portfolio status-publish format-standard has-post-thumbnail hentry portfolio_category-soutezici-2023 entry has-media vp-portfolio__item-uid-9060462f\" data-vp-filter=\"soutezici-2023\" \t\t>\n\t\t\t\t\t\t\t\t\t<figure class=\"vp-portfolio__item\">\n\t\t\t\t\n<div class=\"vp-portfolio__item-img-wrap\">\n\t<div class=\"vp-portfolio__item-img\">\n\t\t\t<a\n\t\thref=\"https:\/\/www.design-award.cz\/?portfolio=produktovy-design-dvouluzko-gravity\"\n\t\t\t>\n\t\n\t\t<noscript><img decoding=\"async\" width=\"1575\" height=\"884\" data-skip-lazy src=\"https:\/\/www.design-award.cz\/wp-content\/uploads\/2023\/04\/render-45-postel-gravity.jpg\" class=\"wp-image-2153\" alt=\"\" srcset=\"https:\/\/www.design-award.cz\/wp-content\/uploads\/2023\/04\/render-45-postel-gravity.jpg 1575w, https:\/\/www.design-award.cz\/wp-content\/uploads\/2023\/04\/render-45-postel-gravity-300x168.jpg 300w, https:\/\/www.design-award.cz\/wp-content\/uploads\/2023\/04\/render-45-postel-gravity-1024x575.jpg 1024w, https:\/\/www.design-award.cz\/wp-content\/uploads\/2023\/04\/render-45-postel-gravity-768x431.jpg 768w, https:\/\/www.design-award.cz\/wp-content\/uploads\/2023\/04\/render-45-postel-gravity-1536x862.jpg 1536w, https:\/\/www.design-award.cz\/wp-content\/uploads\/2023\/04\/render-45-postel-gravity-500x281.jpg 500w, https:\/\/www.design-award.cz\/wp-content\/uploads\/2023\/04\/render-45-postel-gravity-800x449.jpg 800w, https:\/\/www.design-award.cz\/wp-content\/uploads\/2023\/04\/render-45-postel-gravity-1280x718.jpg 1280w\" sizes=\"(max-width: 1575px) 100vw, 1575px\" \/><\/noscript><img decoding=\"async\" width=\"1575\" height=\"884\" src=\"https:\/\/www.design-award.cz\/wp-content\/uploads\/2023\/04\/render-45-postel-gravity.jpg\" class=\"wp-image-2153 vp-lazyload\" alt srcset=\"data:image\/svg+xml;base64,PHN2ZyB3aWR0aD0iMTU3NSIgaGVpZ2h0PSI4ODQiIHZpZXdCb3g9IjAgMCAxNTc1IDg4NCIgZmlsbD0ibm9uZSIgeG1sbnM9Imh0dHA6Ly93d3cudzMub3JnLzIwMDAvc3ZnIj48L3N2Zz4=\" data-src=\"https:\/\/www.design-award.cz\/wp-content\/uploads\/2023\/04\/render-45-postel-gravity.jpg\" data-srcset=\"https:\/\/www.design-award.cz\/wp-content\/uploads\/2023\/04\/render-45-postel-gravity.jpg 1575w, https:\/\/www.design-award.cz\/wp-content\/uploads\/2023\/04\/render-45-postel-gravity-300x168.jpg 300w, https:\/\/www.design-award.cz\/wp-content\/uploads\/2023\/04\/render-45-postel-gravity-1024x575.jpg 1024w, https:\/\/www.design-award.cz\/wp-content\/uploads\/2023\/04\/render-45-postel-gravity-768x431.jpg 768w, https:\/\/www.design-award.cz\/wp-content\/uploads\/2023\/04\/render-45-postel-gravity-1536x862.jpg 1536w, https:\/\/www.design-award.cz\/wp-content\/uploads\/2023\/04\/render-45-postel-gravity-500x281.jpg 500w, https:\/\/www.design-award.cz\/wp-content\/uploads\/2023\/04\/render-45-postel-gravity-800x449.jpg 800w, https:\/\/www.design-award.cz\/wp-content\/uploads\/2023\/04\/render-45-postel-gravity-1280x718.jpg 1280w\" data-sizes=\"auto\" loading=\"eager\">\n\t\t<\/a>\t<\/div>\n<\/div>\n\t<figcaption class=\"vp-portfolio__item-overlay vp-portfolio__item-overlay-text-align-center\">\n\t\t<div class=\"vp-portfolio__item-meta-wrap vp-portfolio__custom-scrollbar\">\n\t\t\t\t<a\n\t\thref=\"https:\/\/www.design-award.cz\/?portfolio=produktovy-design-dvouluzko-gravity\"\n\t\ttabindex=\"-1\" class=\"vp-portfolio__item-meta\" \t>\n\t\n<div class=\"vp-portfolio__item-meta-categories\">\n\t\t\t<div class=\"vp-portfolio__item-meta-category\">\n\t\t\t\t<span\t\t\t>\n\tSOUT\u011a\u017d\u00cdC\u00cd 2023<\/span>\t\t<\/div>\n\t\t<\/div>\n\n<h2 class=\"vp-portfolio__item-meta-title\">\n\tProduktov\u00fd design &#8211; dvoul\u016f\u017eko &#8211; GRAVITY<\/h2>\n<\/a>\t\t<\/div>\n\t<\/figcaption>\n\t\t\t<\/figure>\n\t\t\t\t\t<\/article>\n\t\t\n<\/div>\n\n<div class=\"vp-portfolio__items-arrow vp-portfolio__items-arrow-prev\" tabindex=\"0\" role=\"button\" aria-label=\"Previous Slide\">\n\t\n<svg class=\"vp-svg-icon\" width=\"20\" height=\"20\" viewBox=\"0 0 20 20\" fill=\"none\" xmlns=\"http:\/\/www.w3.org\/2000\/svg\">\n\t<path d=\"M12 4L6 10L12 16\" stroke=\"currentColor\" stroke-width=\"1.5\" stroke-linecap=\"round\" stroke-linejoin=\"round\" fill=\"transparent\" \/>\n<\/svg>\n<\/div>\n<div class=\"vp-portfolio__items-arrow vp-portfolio__items-arrow-next\" tabindex=\"0\" role=\"button\" aria-label=\"Next Slide\">\n\t\n<svg class=\"vp-svg-icon\" width=\"20\" height=\"20\" viewBox=\"0 0 20 20\" fill=\"none\" xmlns=\"http:\/\/www.w3.org\/2000\/svg\">\n\t<path d=\"M8 4L14 10L8 16\" stroke=\"currentColor\" stroke-width=\"1.5\" stroke-linecap=\"round\" stroke-linejoin=\"round\" fill=\"transparent\" \/>\n<\/svg>\n<\/div>\n\t\t<\/div>\n\t\t\t\t<div class=\"vp-portfolio__layout-elements vp-portfolio__layout-elements-bottom vp-portfolio__layout-elements-align-center\">\n\t\t\t\t<div class=\"vp-portfolio__pagination-wrap\">\n\t\t\n<div class=\"vp-pagination vp-pagination__style-minimal\" data-vp-pagination-type=\"load-more\">\n\t<div class=\"vp-pagination__item\">\n\t\t<a class=\"vp-pagination__load-more\" href=\"https:\/\/www.design-award.cz\/index.php?rest_route=%2Fwp%2Fv2%2Fportfolio%2F579&#038;vp_page=2\">\n\t\t\t<span>Load More<\/span>\n\t\t\t<span class=\"vp-pagination__load-more-loading\"><span class=\"vp-spinner\"><\/span><span class=\"vp-screen-reader-text\"> Loading More&#8230;<\/span><\/span>\n\t\t\t<span class=\"vp-pagination__load-more-no-more\">You\u2019ve reached the end of the list<\/span>\n\t\t<\/a>\n\t<\/div>\n<\/div>\n\t\t<\/div>\n\t\t\t\t<\/div>\n\t\t\n<\/div>\n<\/div>","protected":false},"excerpt":{"rendered":"<p>Daniela M\u00e1lkov\u00e1 Akademie-vy\u0161\u0161\u00ed Odborn\u00e1 \u0160kola, Gymn\u00e1zium A St\u0159edn\u00ed Odborn\u00e1 \u0160kola Um\u011bleckopr\u016fmyslov\u00e1 Sv\u011btl\u00e1 Nad S\u00e1zavou P\u0159edm\u011bt, konkr\u00e9tn\u011b tuto v\u00e1zu bych dala n\u011bkomu, komu se l\u00edb\u00ed v\u011bci, kter\u00e9 vych\u00e1z\u00ed z n\u011bjak\u00fdch geometrick\u00fdch tvar\u016f. Osobn\u011b si mysl\u00edm, \u017ee by se dala zakomponovat do r\u016fzn\u00fdch typ\u016f interi\u00e9ru. P\u0159edm\u011bt vznikl fouk\u00e1n\u00edm skla do formy z d\u0159ev\u011bn\u00fdch t\u0159\u00edsek. Forma z d\u0159ev\u011bn\u00fdch [&hellip;]<\/p>\n","protected":false},"author":1,"featured_media":1171,"menu_order":0,"comment_status":"closed","ping_status":"closed","template":"","format":"standard","meta":{"ngg_post_thumbnail":0,"ocean_post_layout":"","ocean_both_sidebars_style":"","ocean_both_sidebars_content_width":0,"ocean_both_sidebars_sidebars_width":0,"ocean_sidebar":"","ocean_second_sidebar":"","ocean_disable_margins":"enable","ocean_add_body_class":"","ocean_shortcode_before_top_bar":"","ocean_shortcode_after_top_bar":"","ocean_shortcode_before_header":"","ocean_shortcode_after_header":"","ocean_has_shortcode":"","ocean_shortcode_after_title":"","ocean_shortcode_before_footer_widgets":"","ocean_shortcode_after_footer_widgets":"","ocean_shortcode_before_footer_bottom":"","ocean_shortcode_after_footer_bottom":"","ocean_display_top_bar":"default","ocean_display_header":"default","ocean_header_style":"","ocean_center_header_left_menu":"","ocean_custom_header_template":"","ocean_custom_logo":0,"ocean_custom_retina_logo":0,"ocean_custom_logo_max_width":0,"ocean_custom_logo_tablet_max_width":0,"ocean_custom_logo_mobile_max_width":0,"ocean_custom_logo_max_height":0,"ocean_custom_logo_tablet_max_height":0,"ocean_custom_logo_mobile_max_height":0,"ocean_header_custom_menu":"","ocean_menu_typo_font_family":"","ocean_menu_typo_font_subset":"","ocean_menu_typo_font_size":0,"ocean_menu_typo_font_size_tablet":0,"ocean_menu_typo_font_size_mobile":0,"ocean_menu_typo_font_size_unit":"px","ocean_menu_typo_font_weight":"","ocean_menu_typo_font_weight_tablet":"","ocean_menu_typo_font_weight_mobile":"","ocean_menu_typo_transform":"","ocean_menu_typo_transform_tablet":"","ocean_menu_typo_transform_mobile":"","ocean_menu_typo_line_height":0,"ocean_menu_typo_line_height_tablet":0,"ocean_menu_typo_line_height_mobile":0,"ocean_menu_typo_line_height_unit":"","ocean_menu_typo_spacing":0,"ocean_menu_typo_spacing_tablet":0,"ocean_menu_typo_spacing_mobile":0,"ocean_menu_typo_spacing_unit":"","ocean_menu_link_color":"","ocean_menu_link_color_hover":"","ocean_menu_link_color_active":"","ocean_menu_link_background":"","ocean_menu_link_hover_background":"","ocean_menu_link_active_background":"","ocean_menu_social_links_bg":"","ocean_menu_social_hover_links_bg":"","ocean_menu_social_links_color":"","ocean_menu_social_hover_links_color":"","ocean_disable_title":"default","ocean_disable_heading":"default","ocean_post_title":"","ocean_post_subheading":"","ocean_post_title_style":"","ocean_post_title_background_color":"","ocean_post_title_background":0,"ocean_post_title_bg_image_position":"","ocean_post_title_bg_image_attachment":"","ocean_post_title_bg_image_repeat":"","ocean_post_title_bg_image_size":"","ocean_post_title_height":0,"ocean_post_title_bg_overlay":0.5,"ocean_post_title_bg_overlay_color":"","ocean_disable_breadcrumbs":"default","ocean_breadcrumbs_color":"","ocean_breadcrumbs_separator_color":"","ocean_breadcrumbs_links_color":"","ocean_breadcrumbs_links_hover_color":"","ocean_display_footer_widgets":"default","ocean_display_footer_bottom":"default","ocean_custom_footer_template":"","_vp_format_video_url":"","_vp_image_focal_point":[],"footnotes":""},"portfolio_category":[],"portfolio_tag":[],"class_list":["post-579","portfolio","type-portfolio","status-publish","format-standard","has-post-thumbnail","hentry","entry","has-media"],"yoast_head":"<!-- This site is optimized with the Yoast SEO plugin v25.2 - https:\/\/yoast.com\/wordpress\/plugins\/seo\/ -->\n<title>Produktov\u00fd design - P\u0159edm\u011bt pro n\u011bkoho - design-award.cz<\/title>\n<meta name=\"description\" content=\"P\u0159edm\u011bt, konkr\u00e9tn\u011b tuto v\u00e1zu bych dala n\u011bkomu, komu se l\u00edb\u00ed v\u011bci, kter\u00e9 vych\u00e1z\u00ed z n\u011bjak\u00fdch geometrick\u00fdch tvar\u016f. Osobn\u011b si mysl\u00edm, \u017ee by se dala zakomponovat do r\u016fzn\u00fdch typ\u016f interi\u00e9ru. P\u0159edm\u011bt vznikl fouk\u00e1n\u00edm skla do formy z d\u0159ev\u011bn\u00fdch t\u0159\u00edsek. Forma z d\u0159ev\u011bn\u00fdch t\u0159\u00edsek byla jednou z hlavn\u00edch \u010d\u00e1st\u00ed pro vytvo\u0159en\u00ed v\u00e1zy. Vych\u00e1zela jsem z jednoduch\u00fdch geometrick\u00fdch tvar\u016f, v tomto p\u0159\u00edpad\u011b jsem volila \u010dty\u0159\u00faheln\u00edky vrstven\u00e9 na sebe do n\u011bkolika pater, kter\u00e9 byly r\u016fzn\u011b odsk\u00e1kan\u00e9. U tohoto zad\u00e1n\u00ed jsem nejv\u00edce p\u0159em\u00fd\u0161lela nad jednoduchost\u00ed a jedine\u010dnost\u00ed tvaru.\" \/>\n<meta name=\"robots\" content=\"index, follow, max-snippet:-1, max-image-preview:large, max-video-preview:-1\" \/>\n<link rel=\"canonical\" href=\"https:\/\/www.design-award.cz\/?portfolio=produktovy-design-predmet-pro-nekoho\" \/>\n<meta property=\"og:locale\" content=\"cs_CZ\" \/>\n<meta property=\"og:type\" content=\"article\" \/>\n<meta property=\"og:title\" content=\"Produktov\u00fd design - P\u0159edm\u011bt pro n\u011bkoho - design-award.cz\" \/>\n<meta property=\"og:description\" content=\"P\u0159edm\u011bt, konkr\u00e9tn\u011b tuto v\u00e1zu bych dala n\u011bkomu, komu se l\u00edb\u00ed v\u011bci, kter\u00e9 vych\u00e1z\u00ed z n\u011bjak\u00fdch geometrick\u00fdch tvar\u016f. Osobn\u011b si mysl\u00edm, \u017ee by se dala zakomponovat do r\u016fzn\u00fdch typ\u016f interi\u00e9ru. P\u0159edm\u011bt vznikl fouk\u00e1n\u00edm skla do formy z d\u0159ev\u011bn\u00fdch t\u0159\u00edsek. Forma z d\u0159ev\u011bn\u00fdch t\u0159\u00edsek byla jednou z hlavn\u00edch \u010d\u00e1st\u00ed pro vytvo\u0159en\u00ed v\u00e1zy. Vych\u00e1zela jsem z jednoduch\u00fdch geometrick\u00fdch tvar\u016f, v tomto p\u0159\u00edpad\u011b jsem volila \u010dty\u0159\u00faheln\u00edky vrstven\u00e9 na sebe do n\u011bkolika pater, kter\u00e9 byly r\u016fzn\u011b odsk\u00e1kan\u00e9. U tohoto zad\u00e1n\u00ed jsem nejv\u00edce p\u0159em\u00fd\u0161lela nad jednoduchost\u00ed a jedine\u010dnost\u00ed tvaru.\" \/>\n<meta property=\"og:url\" content=\"https:\/\/www.design-award.cz\/?portfolio=produktovy-design-predmet-pro-nekoho\" \/>\n<meta property=\"og:site_name\" content=\"design-award.cz\" \/>\n<meta property=\"article:modified_time\" content=\"2022-04-30T10:11:31+00:00\" \/>\n<meta property=\"og:image\" content=\"http:\/\/www.design-award.cz\/wp-content\/uploads\/2022\/04\/279300579_514637566964410_1739989663304846621_n.jpg\" \/>\n\t<meta property=\"og:image:width\" content=\"2048\" \/>\n\t<meta property=\"og:image:height\" content=\"1362\" \/>\n\t<meta property=\"og:image:type\" content=\"image\/jpeg\" \/>\n<meta name=\"twitter:card\" content=\"summary_large_image\" \/>\n<meta name=\"twitter:label1\" content=\"Odhadovan\u00e1 doba \u010dten\u00ed\" \/>\n\t<meta name=\"twitter:data1\" content=\"2 minuty\" \/>\n<script type=\"application\/ld+json\" class=\"yoast-schema-graph\">{\"@context\":\"https:\/\/schema.org\",\"@graph\":[{\"@type\":\"WebPage\",\"@id\":\"https:\/\/www.design-award.cz\/?portfolio=produktovy-design-predmet-pro-nekoho\",\"url\":\"https:\/\/www.design-award.cz\/?portfolio=produktovy-design-predmet-pro-nekoho\",\"name\":\"Produktov\u00fd design - P\u0159edm\u011bt pro n\u011bkoho - design-award.cz\",\"isPartOf\":{\"@id\":\"https:\/\/www.design-award.cz\/#website\"},\"primaryImageOfPage\":{\"@id\":\"https:\/\/www.design-award.cz\/?portfolio=produktovy-design-predmet-pro-nekoho#primaryimage\"},\"image\":{\"@id\":\"https:\/\/www.design-award.cz\/?portfolio=produktovy-design-predmet-pro-nekoho#primaryimage\"},\"thumbnailUrl\":\"https:\/\/www.design-award.cz\/wp-content\/uploads\/2022\/04\/279300579_514637566964410_1739989663304846621_n.jpg\",\"datePublished\":\"2022-03-31T17:58:16+00:00\",\"dateModified\":\"2022-04-30T10:11:31+00:00\",\"description\":\"P\u0159edm\u011bt, konkr\u00e9tn\u011b tuto v\u00e1zu bych dala n\u011bkomu, komu se l\u00edb\u00ed v\u011bci, kter\u00e9 vych\u00e1z\u00ed z n\u011bjak\u00fdch geometrick\u00fdch tvar\u016f. Osobn\u011b si mysl\u00edm, \u017ee by se dala zakomponovat do r\u016fzn\u00fdch typ\u016f interi\u00e9ru. P\u0159edm\u011bt vznikl fouk\u00e1n\u00edm skla do formy z d\u0159ev\u011bn\u00fdch t\u0159\u00edsek. Forma z d\u0159ev\u011bn\u00fdch t\u0159\u00edsek byla jednou z hlavn\u00edch \u010d\u00e1st\u00ed pro vytvo\u0159en\u00ed v\u00e1zy. Vych\u00e1zela jsem z jednoduch\u00fdch geometrick\u00fdch tvar\u016f, v tomto p\u0159\u00edpad\u011b jsem volila \u010dty\u0159\u00faheln\u00edky vrstven\u00e9 na sebe do n\u011bkolika pater, kter\u00e9 byly r\u016fzn\u011b odsk\u00e1kan\u00e9. U tohoto zad\u00e1n\u00ed jsem nejv\u00edce p\u0159em\u00fd\u0161lela nad jednoduchost\u00ed a jedine\u010dnost\u00ed tvaru.\",\"breadcrumb\":{\"@id\":\"https:\/\/www.design-award.cz\/?portfolio=produktovy-design-predmet-pro-nekoho#breadcrumb\"},\"inLanguage\":\"cs\",\"potentialAction\":[{\"@type\":\"ReadAction\",\"target\":[\"https:\/\/www.design-award.cz\/?portfolio=produktovy-design-predmet-pro-nekoho\"]}]},{\"@type\":\"ImageObject\",\"inLanguage\":\"cs\",\"@id\":\"https:\/\/www.design-award.cz\/?portfolio=produktovy-design-predmet-pro-nekoho#primaryimage\",\"url\":\"https:\/\/www.design-award.cz\/wp-content\/uploads\/2022\/04\/279300579_514637566964410_1739989663304846621_n.jpg\",\"contentUrl\":\"https:\/\/www.design-award.cz\/wp-content\/uploads\/2022\/04\/279300579_514637566964410_1739989663304846621_n.jpg\",\"width\":2048,\"height\":1362},{\"@type\":\"BreadcrumbList\",\"@id\":\"https:\/\/www.design-award.cz\/?portfolio=produktovy-design-predmet-pro-nekoho#breadcrumb\",\"itemListElement\":[{\"@type\":\"ListItem\",\"position\":1,\"name\":\"Dom\u016f\",\"item\":\"https:\/\/www.design-award.cz\/\"},{\"@type\":\"ListItem\",\"position\":2,\"name\":\"Portfolio Items\",\"item\":\"https:\/\/www.design-award.cz\/?post_type=portfolio\"},{\"@type\":\"ListItem\",\"position\":3,\"name\":\"Produktov\u00fd design &#8211; P\u0159edm\u011bt pro n\u011bkoho\"}]},{\"@type\":\"WebSite\",\"@id\":\"https:\/\/www.design-award.cz\/#website\",\"url\":\"https:\/\/www.design-award.cz\/\",\"name\":\"design-award.cz\",\"description\":\"WARD vznikla v roce 2022. Je ur\u010dena p\u0159edev\u0161\u00edm student\u016fm st\u0159edn\u00edch um\u011bleck\u00fdch \u0161kol (S\u0160 a VO\u0160), kte\u0159\u00ed mohou bezplatn\u011b zaslat sv\u00e9 n\u00e1vrhy v uveden\u00fdch kategori\u00ed a tak pom\u011b\u0159it sv\u00e9 n\u00e1pady s konkurenc\u00ed sv\u00fdch vrstevn\u00edk\u016f. N\u00e1vrhy jsou n\u00e1sledn\u011b posouzeny nez\u00e1vislou porotou z \u0159ad v\u00fdtvarn\u00edk\u016f, pedagog\u016f a profesion\u00e1l\u016f z oboru.\",\"publisher\":{\"@id\":\"https:\/\/www.design-award.cz\/#organization\"},\"potentialAction\":[{\"@type\":\"SearchAction\",\"target\":{\"@type\":\"EntryPoint\",\"urlTemplate\":\"https:\/\/www.design-award.cz\/?s={search_term_string}\"},\"query-input\":{\"@type\":\"PropertyValueSpecification\",\"valueRequired\":true,\"valueName\":\"search_term_string\"}}],\"inLanguage\":\"cs\"},{\"@type\":\"Organization\",\"@id\":\"https:\/\/www.design-award.cz\/#organization\",\"name\":\"Design Award\",\"url\":\"https:\/\/www.design-award.cz\/\",\"logo\":{\"@type\":\"ImageObject\",\"inLanguage\":\"cs\",\"@id\":\"https:\/\/www.design-award.cz\/#\/schema\/logo\/image\/\",\"url\":\"http:\/\/www.design-award.cz\/wp-content\/uploads\/2021\/12\/hornilogo_design-award.png\",\"contentUrl\":\"http:\/\/www.design-award.cz\/wp-content\/uploads\/2021\/12\/hornilogo_design-award.png\",\"width\":800,\"height\":600,\"caption\":\"Design Award\"},\"image\":{\"@id\":\"https:\/\/www.design-award.cz\/#\/schema\/logo\/image\/\"},\"sameAs\":[\"https:\/\/www.instagram.com\/design_award\/\"]}]}<\/script>\n<!-- \/ Yoast SEO plugin. -->","yoast_head_json":{"title":"Produktov\u00fd design - P\u0159edm\u011bt pro n\u011bkoho - design-award.cz","description":"P\u0159edm\u011bt, konkr\u00e9tn\u011b tuto v\u00e1zu bych dala n\u011bkomu, komu se l\u00edb\u00ed v\u011bci, kter\u00e9 vych\u00e1z\u00ed z n\u011bjak\u00fdch geometrick\u00fdch tvar\u016f. Osobn\u011b si mysl\u00edm, \u017ee by se dala zakomponovat do r\u016fzn\u00fdch typ\u016f interi\u00e9ru. P\u0159edm\u011bt vznikl fouk\u00e1n\u00edm skla do formy z d\u0159ev\u011bn\u00fdch t\u0159\u00edsek. Forma z d\u0159ev\u011bn\u00fdch t\u0159\u00edsek byla jednou z hlavn\u00edch \u010d\u00e1st\u00ed pro vytvo\u0159en\u00ed v\u00e1zy. Vych\u00e1zela jsem z jednoduch\u00fdch geometrick\u00fdch tvar\u016f, v tomto p\u0159\u00edpad\u011b jsem volila \u010dty\u0159\u00faheln\u00edky vrstven\u00e9 na sebe do n\u011bkolika pater, kter\u00e9 byly r\u016fzn\u011b odsk\u00e1kan\u00e9. U tohoto zad\u00e1n\u00ed jsem nejv\u00edce p\u0159em\u00fd\u0161lela nad jednoduchost\u00ed a jedine\u010dnost\u00ed tvaru.","robots":{"index":"index","follow":"follow","max-snippet":"max-snippet:-1","max-image-preview":"max-image-preview:large","max-video-preview":"max-video-preview:-1"},"canonical":"https:\/\/www.design-award.cz\/?portfolio=produktovy-design-predmet-pro-nekoho","og_locale":"cs_CZ","og_type":"article","og_title":"Produktov\u00fd design - P\u0159edm\u011bt pro n\u011bkoho - design-award.cz","og_description":"P\u0159edm\u011bt, konkr\u00e9tn\u011b tuto v\u00e1zu bych dala n\u011bkomu, komu se l\u00edb\u00ed v\u011bci, kter\u00e9 vych\u00e1z\u00ed z n\u011bjak\u00fdch geometrick\u00fdch tvar\u016f. Osobn\u011b si mysl\u00edm, \u017ee by se dala zakomponovat do r\u016fzn\u00fdch typ\u016f interi\u00e9ru. P\u0159edm\u011bt vznikl fouk\u00e1n\u00edm skla do formy z d\u0159ev\u011bn\u00fdch t\u0159\u00edsek. Forma z d\u0159ev\u011bn\u00fdch t\u0159\u00edsek byla jednou z hlavn\u00edch \u010d\u00e1st\u00ed pro vytvo\u0159en\u00ed v\u00e1zy. Vych\u00e1zela jsem z jednoduch\u00fdch geometrick\u00fdch tvar\u016f, v tomto p\u0159\u00edpad\u011b jsem volila \u010dty\u0159\u00faheln\u00edky vrstven\u00e9 na sebe do n\u011bkolika pater, kter\u00e9 byly r\u016fzn\u011b odsk\u00e1kan\u00e9. U tohoto zad\u00e1n\u00ed jsem nejv\u00edce p\u0159em\u00fd\u0161lela nad jednoduchost\u00ed a jedine\u010dnost\u00ed tvaru.","og_url":"https:\/\/www.design-award.cz\/?portfolio=produktovy-design-predmet-pro-nekoho","og_site_name":"design-award.cz","article_modified_time":"2022-04-30T10:11:31+00:00","og_image":[{"width":2048,"height":1362,"url":"http:\/\/www.design-award.cz\/wp-content\/uploads\/2022\/04\/279300579_514637566964410_1739989663304846621_n.jpg","type":"image\/jpeg"}],"twitter_card":"summary_large_image","twitter_misc":{"Odhadovan\u00e1 doba \u010dten\u00ed":"2 minuty"},"schema":{"@context":"https:\/\/schema.org","@graph":[{"@type":"WebPage","@id":"https:\/\/www.design-award.cz\/?portfolio=produktovy-design-predmet-pro-nekoho","url":"https:\/\/www.design-award.cz\/?portfolio=produktovy-design-predmet-pro-nekoho","name":"Produktov\u00fd design - P\u0159edm\u011bt pro n\u011bkoho - design-award.cz","isPartOf":{"@id":"https:\/\/www.design-award.cz\/#website"},"primaryImageOfPage":{"@id":"https:\/\/www.design-award.cz\/?portfolio=produktovy-design-predmet-pro-nekoho#primaryimage"},"image":{"@id":"https:\/\/www.design-award.cz\/?portfolio=produktovy-design-predmet-pro-nekoho#primaryimage"},"thumbnailUrl":"https:\/\/www.design-award.cz\/wp-content\/uploads\/2022\/04\/279300579_514637566964410_1739989663304846621_n.jpg","datePublished":"2022-03-31T17:58:16+00:00","dateModified":"2022-04-30T10:11:31+00:00","description":"P\u0159edm\u011bt, konkr\u00e9tn\u011b tuto v\u00e1zu bych dala n\u011bkomu, komu se l\u00edb\u00ed v\u011bci, kter\u00e9 vych\u00e1z\u00ed z n\u011bjak\u00fdch geometrick\u00fdch tvar\u016f. Osobn\u011b si mysl\u00edm, \u017ee by se dala zakomponovat do r\u016fzn\u00fdch typ\u016f interi\u00e9ru. P\u0159edm\u011bt vznikl fouk\u00e1n\u00edm skla do formy z d\u0159ev\u011bn\u00fdch t\u0159\u00edsek. Forma z d\u0159ev\u011bn\u00fdch t\u0159\u00edsek byla jednou z hlavn\u00edch \u010d\u00e1st\u00ed pro vytvo\u0159en\u00ed v\u00e1zy. Vych\u00e1zela jsem z jednoduch\u00fdch geometrick\u00fdch tvar\u016f, v tomto p\u0159\u00edpad\u011b jsem volila \u010dty\u0159\u00faheln\u00edky vrstven\u00e9 na sebe do n\u011bkolika pater, kter\u00e9 byly r\u016fzn\u011b odsk\u00e1kan\u00e9. U tohoto zad\u00e1n\u00ed jsem nejv\u00edce p\u0159em\u00fd\u0161lela nad jednoduchost\u00ed a jedine\u010dnost\u00ed tvaru.","breadcrumb":{"@id":"https:\/\/www.design-award.cz\/?portfolio=produktovy-design-predmet-pro-nekoho#breadcrumb"},"inLanguage":"cs","potentialAction":[{"@type":"ReadAction","target":["https:\/\/www.design-award.cz\/?portfolio=produktovy-design-predmet-pro-nekoho"]}]},{"@type":"ImageObject","inLanguage":"cs","@id":"https:\/\/www.design-award.cz\/?portfolio=produktovy-design-predmet-pro-nekoho#primaryimage","url":"https:\/\/www.design-award.cz\/wp-content\/uploads\/2022\/04\/279300579_514637566964410_1739989663304846621_n.jpg","contentUrl":"https:\/\/www.design-award.cz\/wp-content\/uploads\/2022\/04\/279300579_514637566964410_1739989663304846621_n.jpg","width":2048,"height":1362},{"@type":"BreadcrumbList","@id":"https:\/\/www.design-award.cz\/?portfolio=produktovy-design-predmet-pro-nekoho#breadcrumb","itemListElement":[{"@type":"ListItem","position":1,"name":"Dom\u016f","item":"https:\/\/www.design-award.cz\/"},{"@type":"ListItem","position":2,"name":"Portfolio Items","item":"https:\/\/www.design-award.cz\/?post_type=portfolio"},{"@type":"ListItem","position":3,"name":"Produktov\u00fd design &#8211; P\u0159edm\u011bt pro n\u011bkoho"}]},{"@type":"WebSite","@id":"https:\/\/www.design-award.cz\/#website","url":"https:\/\/www.design-award.cz\/","name":"design-award.cz","description":"WARD vznikla v roce 2022. Je ur\u010dena p\u0159edev\u0161\u00edm student\u016fm st\u0159edn\u00edch um\u011bleck\u00fdch \u0161kol (S\u0160 a VO\u0160), kte\u0159\u00ed mohou bezplatn\u011b zaslat sv\u00e9 n\u00e1vrhy v uveden\u00fdch kategori\u00ed a tak pom\u011b\u0159it sv\u00e9 n\u00e1pady s konkurenc\u00ed sv\u00fdch vrstevn\u00edk\u016f. N\u00e1vrhy jsou n\u00e1sledn\u011b posouzeny nez\u00e1vislou porotou z \u0159ad v\u00fdtvarn\u00edk\u016f, pedagog\u016f a profesion\u00e1l\u016f z oboru.","publisher":{"@id":"https:\/\/www.design-award.cz\/#organization"},"potentialAction":[{"@type":"SearchAction","target":{"@type":"EntryPoint","urlTemplate":"https:\/\/www.design-award.cz\/?s={search_term_string}"},"query-input":{"@type":"PropertyValueSpecification","valueRequired":true,"valueName":"search_term_string"}}],"inLanguage":"cs"},{"@type":"Organization","@id":"https:\/\/www.design-award.cz\/#organization","name":"Design Award","url":"https:\/\/www.design-award.cz\/","logo":{"@type":"ImageObject","inLanguage":"cs","@id":"https:\/\/www.design-award.cz\/#\/schema\/logo\/image\/","url":"http:\/\/www.design-award.cz\/wp-content\/uploads\/2021\/12\/hornilogo_design-award.png","contentUrl":"http:\/\/www.design-award.cz\/wp-content\/uploads\/2021\/12\/hornilogo_design-award.png","width":800,"height":600,"caption":"Design Award"},"image":{"@id":"https:\/\/www.design-award.cz\/#\/schema\/logo\/image\/"},"sameAs":["https:\/\/www.instagram.com\/design_award\/"]}]}},"_links":{"self":[{"href":"https:\/\/www.design-award.cz\/index.php?rest_route=\/wp\/v2\/portfolio\/579","targetHints":{"allow":["GET"]}}],"collection":[{"href":"https:\/\/www.design-award.cz\/index.php?rest_route=\/wp\/v2\/portfolio"}],"about":[{"href":"https:\/\/www.design-award.cz\/index.php?rest_route=\/wp\/v2\/types\/portfolio"}],"author":[{"embeddable":true,"href":"https:\/\/www.design-award.cz\/index.php?rest_route=\/wp\/v2\/users\/1"}],"replies":[{"embeddable":true,"href":"https:\/\/www.design-award.cz\/index.php?rest_route=%2Fwp%2Fv2%2Fcomments&post=579"}],"version-history":[{"count":4,"href":"https:\/\/www.design-award.cz\/index.php?rest_route=\/wp\/v2\/portfolio\/579\/revisions"}],"predecessor-version":[{"id":1172,"href":"https:\/\/www.design-award.cz\/index.php?rest_route=\/wp\/v2\/portfolio\/579\/revisions\/1172"}],"wp:featuredmedia":[{"embeddable":true,"href":"https:\/\/www.design-award.cz\/index.php?rest_route=\/wp\/v2\/media\/1171"}],"wp:attachment":[{"href":"https:\/\/www.design-award.cz\/index.php?rest_route=%2Fwp%2Fv2%2Fmedia&parent=579"}],"wp:term":[{"taxonomy":"portfolio_category","embeddable":true,"href":"https:\/\/www.design-award.cz\/index.php?rest_route=%2Fwp%2Fv2%2Fportfolio_category&post=579"},{"taxonomy":"portfolio_tag","embeddable":true,"href":"https:\/\/www.design-award.cz\/index.php?rest_route=%2Fwp%2Fv2%2Fportfolio_tag&post=579"}],"curies":[{"name":"wp","href":"https:\/\/api.w.org\/{rel}","templated":true}]}}