{"id":641,"date":"2022-04-19T10:58:18","date_gmt":"2022-04-19T10:58:18","guid":{"rendered":"https:\/\/www.design-award.cz\/?post_type=portfolio&#038;p=641"},"modified":"2022-04-19T10:58:19","modified_gmt":"2022-04-19T10:58:19","slug":"produktovy-design-grow","status":"publish","type":"portfolio","link":"https:\/\/www.design-award.cz\/?portfolio=produktovy-design-grow","title":{"rendered":"Produktov\u00fd design &#8211; Grow"},"content":{"rendered":"\n<h2 class=\"wp-block-heading\">Marie Pato\u010dkov\u00e1<\/h2>\n\n\n\n<p><strong>St\u0159edn\u00ed \u0161kola designu interi\u00e9ru Kate\u0159inky<\/strong><\/p>\n\n\n\n<p>Grow je demontovateln\u00fd stolek, kter\u00fd roste spolu s d\u00edt\u011btem a je mu z\u00e1rove\u0148 didaktickou pom\u016fckou. Celkem m\u00e1 t\u0159i formy, \u010d\u00edm\u017e je vhodn\u00fd pro d\u011bti zhruba od p\u016fl roku do 8 let.<br>\u00a0Prvn\u00ed formou je d\u011btsk\u00e1 ohr\u00e1dka. Haptick\u00e9 zkoum\u00e1n\u00ed nov\u00fdch materi\u00e1l\u016f a tvar\u016f je d\u016fle\u017eitou sou\u010d\u00e1st\u00ed d\u011btsk\u00e9ho pozn\u00e1v\u00e1n\u00ed, proto jsou zde zakomponov\u00e1ny prvky rozv\u00edjej\u00edc\u00ed kreativitu a jemnou motoriku. Jedn\u00e1 se o kostky, v\u00e1lce a troj\u00faheln\u00edky posouvaj\u00edc\u00ed se po ty\u010dk\u00e1ch a oblo\u017een\u00ed st\u011bn z r\u016fzn\u00fdch druh\u016f materi\u00e1lu (organoid, vroubkovan\u00fd plast, kam\u00ednky, ply\u0161). Pozornost je zde v\u011bnov\u00e1na i barevn\u00e9 pestrosti t\u011bchto komponent.<br>P\u0159emontov\u00e1n\u00edm d\u00edlc\u016f z\u00edsk\u00e1me men\u0161\u00ed stolek, n\u00e1sledn\u00fdm oto\u010den\u00edm stolov\u00e9 desky v\u011bt\u0161\u00ed stolek. Otvory na stran\u00e1ch stolk\u016f je mo\u017en\u00e9 vyu\u017e\u00edt k zav\u011b\u0161en\u00ed \u00falo\u017en\u00fdch box\u016f \u010di kapes. Dv\u011b strany tohoto koutku tvo\u0159\u00ed st\u011bny z korku a tabule na k\u0159\u00eddy, kde se d\u00edt\u011b m\u016f\u017ee jakkoli kreativn\u011b projevit, p\u0159ipnout si d\u016fle\u017eit\u00e9 pozn\u00e1mky nebo t\u0159eba obr\u00e1zek pro maminku. D\u00edky st\u011bn\u00e1m m\u016f\u017ee b\u00fdt koutek um\u00edst\u011bn i v prostoru a p\u0159esto vytv\u00e1\u0159\u00ed pocit soukrom\u00ed.<br>D\u00edlce stolu jsou z rovn\u00e9 a oh\u00fdban\u00e9 borovicov\u00e9 p\u0159ekli\u017eky tlou\u0161\u0165ky 18mm a jsou spojeny \u0161rouby. Pro v\u011bt\u0161\u00ed stabilitu je v zadn\u00ed spodn\u00ed \u010d\u00e1sti lub, kter\u00fd je tak\u00e9 p\u0159ipevn\u011bn \u0161rouby.<br>U stolku Grow se mohou d\u011bti st\u00e1t mal\u00fdm Picassem, Einsteinem, \u010di Sherlockem Holmesem. Nab\u00edz\u00ed jim spoustu mo\u017enost\u00ed a funkc\u00ed, kter\u00e9 jim pomohou se rozv\u00edjet a hledat sv\u016fj talent.<\/p>\n\n\n\n<figure class=\"wp-block-image size-large\"><img decoding=\"async\" width=\"1024\" height=\"576\" data-src=\"http:\/\/www.design-award.cz\/wp-content\/uploads\/2022\/04\/vetsi-stolek-1024x576.jpg\" alt=\"\" class=\"wp-image-645 lazyload\" data-srcset=\"https:\/\/www.design-award.cz\/wp-content\/uploads\/2022\/04\/vetsi-stolek-1024x576.jpg 1024w, https:\/\/www.design-award.cz\/wp-content\/uploads\/2022\/04\/vetsi-stolek-300x169.jpg 300w, https:\/\/www.design-award.cz\/wp-content\/uploads\/2022\/04\/vetsi-stolek-768x432.jpg 768w, https:\/\/www.design-award.cz\/wp-content\/uploads\/2022\/04\/vetsi-stolek-1536x864.jpg 1536w, https:\/\/www.design-award.cz\/wp-content\/uploads\/2022\/04\/vetsi-stolek-500x281.jpg 500w, https:\/\/www.design-award.cz\/wp-content\/uploads\/2022\/04\/vetsi-stolek-800x450.jpg 800w, https:\/\/www.design-award.cz\/wp-content\/uploads\/2022\/04\/vetsi-stolek-1280x720.jpg 1280w, https:\/\/www.design-award.cz\/wp-content\/uploads\/2022\/04\/vetsi-stolek.jpg 1920w\" data-sizes=\"(max-width: 1024px) 100vw, 1024px\" src=\"data:image\/svg+xml;base64,PHN2ZyB3aWR0aD0iMSIgaGVpZ2h0PSIxIiB4bWxucz0iaHR0cDovL3d3dy53My5vcmcvMjAwMC9zdmciPjwvc3ZnPg==\" style=\"--smush-placeholder-width: 1024px; --smush-placeholder-aspect-ratio: 1024\/576;\" \/><\/figure>\n\n\n\n<figure class=\"wp-block-image size-large\"><img decoding=\"async\" width=\"1024\" height=\"576\" data-src=\"http:\/\/www.design-award.cz\/wp-content\/uploads\/2022\/04\/ohradka-1024x576.jpg\" alt=\"\" class=\"wp-image-644 lazyload\" data-srcset=\"https:\/\/www.design-award.cz\/wp-content\/uploads\/2022\/04\/ohradka-1024x576.jpg 1024w, https:\/\/www.design-award.cz\/wp-content\/uploads\/2022\/04\/ohradka-300x169.jpg 300w, https:\/\/www.design-award.cz\/wp-content\/uploads\/2022\/04\/ohradka-768x432.jpg 768w, https:\/\/www.design-award.cz\/wp-content\/uploads\/2022\/04\/ohradka-1536x864.jpg 1536w, https:\/\/www.design-award.cz\/wp-content\/uploads\/2022\/04\/ohradka-500x281.jpg 500w, https:\/\/www.design-award.cz\/wp-content\/uploads\/2022\/04\/ohradka-800x450.jpg 800w, https:\/\/www.design-award.cz\/wp-content\/uploads\/2022\/04\/ohradka-1280x720.jpg 1280w, https:\/\/www.design-award.cz\/wp-content\/uploads\/2022\/04\/ohradka.jpg 1920w\" data-sizes=\"(max-width: 1024px) 100vw, 1024px\" src=\"data:image\/svg+xml;base64,PHN2ZyB3aWR0aD0iMSIgaGVpZ2h0PSIxIiB4bWxucz0iaHR0cDovL3d3dy53My5vcmcvMjAwMC9zdmciPjwvc3ZnPg==\" style=\"--smush-placeholder-width: 1024px; --smush-placeholder-aspect-ratio: 1024\/576;\" \/><\/figure>\n\n\n\n<figure class=\"wp-block-image size-large\"><img decoding=\"async\" width=\"1024\" height=\"576\" data-src=\"http:\/\/www.design-award.cz\/wp-content\/uploads\/2022\/04\/mensi-stolek-1024x576.jpg\" alt=\"\" class=\"wp-image-643 lazyload\" data-srcset=\"https:\/\/www.design-award.cz\/wp-content\/uploads\/2022\/04\/mensi-stolek-1024x576.jpg 1024w, https:\/\/www.design-award.cz\/wp-content\/uploads\/2022\/04\/mensi-stolek-300x169.jpg 300w, https:\/\/www.design-award.cz\/wp-content\/uploads\/2022\/04\/mensi-stolek-768x432.jpg 768w, https:\/\/www.design-award.cz\/wp-content\/uploads\/2022\/04\/mensi-stolek-1536x864.jpg 1536w, https:\/\/www.design-award.cz\/wp-content\/uploads\/2022\/04\/mensi-stolek-500x281.jpg 500w, https:\/\/www.design-award.cz\/wp-content\/uploads\/2022\/04\/mensi-stolek-800x450.jpg 800w, https:\/\/www.design-award.cz\/wp-content\/uploads\/2022\/04\/mensi-stolek-1280x720.jpg 1280w, https:\/\/www.design-award.cz\/wp-content\/uploads\/2022\/04\/mensi-stolek.jpg 1920w\" data-sizes=\"(max-width: 1024px) 100vw, 1024px\" src=\"data:image\/svg+xml;base64,PHN2ZyB3aWR0aD0iMSIgaGVpZ2h0PSIxIiB4bWxucz0iaHR0cDovL3d3dy53My5vcmcvMjAwMC9zdmciPjwvc3ZnPg==\" style=\"--smush-placeholder-width: 1024px; --smush-placeholder-aspect-ratio: 1024\/576;\" \/><\/figure>\n\n\n\n<figure class=\"wp-block-image size-large\"><img decoding=\"async\" width=\"1024\" height=\"423\" data-src=\"http:\/\/www.design-award.cz\/wp-content\/uploads\/2022\/04\/koty-1024x423.png\" alt=\"\" class=\"wp-image-642 lazyload\" data-srcset=\"https:\/\/www.design-award.cz\/wp-content\/uploads\/2022\/04\/koty-1024x423.png 1024w, https:\/\/www.design-award.cz\/wp-content\/uploads\/2022\/04\/koty-300x124.png 300w, https:\/\/www.design-award.cz\/wp-content\/uploads\/2022\/04\/koty-768x318.png 768w, https:\/\/www.design-award.cz\/wp-content\/uploads\/2022\/04\/koty-1536x635.png 1536w, https:\/\/www.design-award.cz\/wp-content\/uploads\/2022\/04\/koty-2048x847.png 2048w, https:\/\/www.design-award.cz\/wp-content\/uploads\/2022\/04\/koty-500x207.png 500w, https:\/\/www.design-award.cz\/wp-content\/uploads\/2022\/04\/koty-800x331.png 800w, https:\/\/www.design-award.cz\/wp-content\/uploads\/2022\/04\/koty-1280x529.png 1280w, https:\/\/www.design-award.cz\/wp-content\/uploads\/2022\/04\/koty-1920x794.png 1920w\" data-sizes=\"(max-width: 1024px) 100vw, 1024px\" src=\"data:image\/svg+xml;base64,PHN2ZyB3aWR0aD0iMSIgaGVpZ2h0PSIxIiB4bWxucz0iaHR0cDovL3d3dy53My5vcmcvMjAwMC9zdmciPjwvc3ZnPg==\" style=\"--smush-placeholder-width: 1024px; --smush-placeholder-aspect-ratio: 1024\/423;\" \/><\/figure>\n\n\n<div class=\"wp-block-visual-portfolio\">\n<div class=\"vp-portfolio vp-uid-2ece4a06 vp-id-607\"\n\tdata-vp-layout=\"slider\" data-vp-content-source=\"post-based\" data-vp-items-style=\"fade\" data-vp-items-click-action=\"url\" data-vp-items-gap=\"12\" data-vp-items-gap-vertical=\"\" data-vp-pagination=\"load-more\" data-vp-next-page-url=\"https:\/\/www.design-award.cz\/index.php?rest_route=%2Fwp%2Fv2%2Fportfolio%2F641&#038;vp_page=2\" data-vp-random-seed=\"1541831431\" data-vp-slider-effect=\"slide\" data-vp-slider-items-height=\"80%\" data-vp-slider-items-min-height=\"\" data-vp-slider-slides-per-view=\"3\" data-vp-slider-speed=\"0.3\" data-vp-slider-autoplay=\"4.8\" data-vp-slider-autoplay-hover-pause=\"false\" data-vp-slider-centered-slides=\"true\" data-vp-slider-loop=\"true\" data-vp-slider-free-mode=\"false\" data-vp-slider-free-mode-sticky=\"false\" data-vp-slider-arrows=\"true\" data-vp-slider-bullets=\"false\" data-vp-slider-bullets-dynamic=\"false\" data-vp-slider-mousewheel=\"false\" data-vp-slider-thumbnails=\"false\" >\n\t<div class=\"vp-portfolio__preloader-wrap\">\n\t\t<div class=\"vp-portfolio__preloader\">\n\t\t\t<img decoding=\"async\" loading=\"eager\" src=\"https:\/\/www.design-award.cz\/wp-content\/plugins\/visual-portfolio\/assets\/images\/logo-dark.svg\" alt=\"Visual Portfolio, Posts &amp; Image Gallery for WordPress\" width=\"20\" height=\"20\" data-skip-lazy>\n\t\t<\/div>\n\t<\/div>\n\t\t<div class=\"vp-portfolio__items-wrap\">\n\t\t\t\n<div class=\"vp-portfolio__items vp-portfolio__items-style-fade vp-portfolio__items-show-overlay-hover\">\n\n\t\t<article\t\tclass=\"vp-portfolio__item-wrap post-4856 portfolio type-portfolio status-publish format-standard has-post-thumbnail hentry entry has-media vp-portfolio__item-uid-53b98749\" data-vp-filter=\"\" style=\"--vp-images__object-position: 50% 20%;\" \t\t>\n\t\t\t\t\t\t\t\t\t<figure class=\"vp-portfolio__item\">\n\t\t\t\t\n<div class=\"vp-portfolio__item-img-wrap\">\n\t<div class=\"vp-portfolio__item-img\">\n\t\t\t<a\n\t\thref=\"https:\/\/www.design-award.cz\/?portfolio=produktovy-design-kreslo-concorde\"\n\t\t\t>\n\t\n\t\t<noscript><img decoding=\"async\" width=\"1100\" height=\"1600\" data-skip-lazy src=\"https:\/\/www.design-award.cz\/wp-content\/uploads\/2025\/06\/R-SAMA-ZEZADU.png\" class=\"wp-image-4859\" alt=\"\" srcset=\"https:\/\/www.design-award.cz\/wp-content\/uploads\/2025\/06\/R-SAMA-ZEZADU.png 1100w, https:\/\/www.design-award.cz\/wp-content\/uploads\/2025\/06\/R-SAMA-ZEZADU-206x300.png 206w, https:\/\/www.design-award.cz\/wp-content\/uploads\/2025\/06\/R-SAMA-ZEZADU-704x1024.png 704w, https:\/\/www.design-award.cz\/wp-content\/uploads\/2025\/06\/R-SAMA-ZEZADU-768x1117.png 768w, https:\/\/www.design-award.cz\/wp-content\/uploads\/2025\/06\/R-SAMA-ZEZADU-1056x1536.png 1056w, https:\/\/www.design-award.cz\/wp-content\/uploads\/2025\/06\/R-SAMA-ZEZADU-500x727.png 500w, https:\/\/www.design-award.cz\/wp-content\/uploads\/2025\/06\/R-SAMA-ZEZADU-800x1164.png 800w\" sizes=\"(max-width: 1100px) 100vw, 1100px\" \/><\/noscript><img fetchpriority=\"high\" decoding=\"async\" width=\"1100\" height=\"1600\" src=\"https:\/\/www.design-award.cz\/wp-content\/uploads\/2025\/06\/R-SAMA-ZEZADU.png\" class=\"wp-image-4859 vp-lazyload\" alt srcset=\"data:image\/svg+xml;base64,PHN2ZyB3aWR0aD0iMTEwMCIgaGVpZ2h0PSIxNjAwIiB2aWV3Qm94PSIwIDAgMTEwMCAxNjAwIiBmaWxsPSJub25lIiB4bWxucz0iaHR0cDovL3d3dy53My5vcmcvMjAwMC9zdmciPjwvc3ZnPg==\" data-src=\"https:\/\/www.design-award.cz\/wp-content\/uploads\/2025\/06\/R-SAMA-ZEZADU.png\" data-srcset=\"https:\/\/www.design-award.cz\/wp-content\/uploads\/2025\/06\/R-SAMA-ZEZADU.png 1100w, https:\/\/www.design-award.cz\/wp-content\/uploads\/2025\/06\/R-SAMA-ZEZADU-206x300.png 206w, https:\/\/www.design-award.cz\/wp-content\/uploads\/2025\/06\/R-SAMA-ZEZADU-704x1024.png 704w, https:\/\/www.design-award.cz\/wp-content\/uploads\/2025\/06\/R-SAMA-ZEZADU-768x1117.png 768w, https:\/\/www.design-award.cz\/wp-content\/uploads\/2025\/06\/R-SAMA-ZEZADU-1056x1536.png 1056w, https:\/\/www.design-award.cz\/wp-content\/uploads\/2025\/06\/R-SAMA-ZEZADU-500x727.png 500w, https:\/\/www.design-award.cz\/wp-content\/uploads\/2025\/06\/R-SAMA-ZEZADU-800x1164.png 800w\" data-sizes=\"auto\" loading=\"eager\">\n\t\t<\/a>\t<\/div>\n<\/div>\n\t<figcaption class=\"vp-portfolio__item-overlay vp-portfolio__item-overlay-text-align-center\">\n\t\t<div class=\"vp-portfolio__item-meta-wrap vp-portfolio__custom-scrollbar\">\n\t\t\t\t<a\n\t\thref=\"https:\/\/www.design-award.cz\/?portfolio=produktovy-design-kreslo-concorde\"\n\t\ttabindex=\"-1\" class=\"vp-portfolio__item-meta\" \t>\n\t\n<h2 class=\"vp-portfolio__item-meta-title\">\n\tProduktov\u00fd design &#8211; K\u0159eslo Concorde<\/h2>\n<\/a>\t\t<\/div>\n\t<\/figcaption>\n\t\t\t<\/figure>\n\t\t\t\t\t<\/article>\n\t\t\n\t\t<article\t\tclass=\"vp-portfolio__item-wrap post-4754 portfolio type-portfolio status-publish format-standard has-post-thumbnail hentry entry has-media vp-portfolio__item-uid-b6eba158\" data-vp-filter=\"\" \t\t>\n\t\t\t\t\t\t\t\t\t<figure class=\"vp-portfolio__item\">\n\t\t\t\t\n<div class=\"vp-portfolio__item-img-wrap\">\n\t<div class=\"vp-portfolio__item-img\">\n\t\t\t<a\n\t\thref=\"https:\/\/www.design-award.cz\/?portfolio=produktovy-design-detske-edukacni-sedadlo-loopio\"\n\t\t\t>\n\t\n\t\t<noscript><img decoding=\"async\" width=\"1180\" height=\"854\" data-skip-lazy src=\"https:\/\/www.design-award.cz\/wp-content\/uploads\/2025\/06\/obrazek_2025-06-10_170802774.png\" class=\"wp-image-4761\" alt=\"\" srcset=\"https:\/\/www.design-award.cz\/wp-content\/uploads\/2025\/06\/obrazek_2025-06-10_170802774.png 1180w, https:\/\/www.design-award.cz\/wp-content\/uploads\/2025\/06\/obrazek_2025-06-10_170802774-300x217.png 300w, https:\/\/www.design-award.cz\/wp-content\/uploads\/2025\/06\/obrazek_2025-06-10_170802774-1024x741.png 1024w, https:\/\/www.design-award.cz\/wp-content\/uploads\/2025\/06\/obrazek_2025-06-10_170802774-768x556.png 768w, https:\/\/www.design-award.cz\/wp-content\/uploads\/2025\/06\/obrazek_2025-06-10_170802774-500x362.png 500w, https:\/\/www.design-award.cz\/wp-content\/uploads\/2025\/06\/obrazek_2025-06-10_170802774-800x579.png 800w\" sizes=\"(max-width: 1180px) 100vw, 1180px\" \/><\/noscript><img decoding=\"async\" width=\"1180\" height=\"854\" src=\"https:\/\/www.design-award.cz\/wp-content\/uploads\/2025\/06\/obrazek_2025-06-10_170802774.png\" class=\"wp-image-4761 vp-lazyload\" alt srcset=\"data:image\/svg+xml;base64,PHN2ZyB3aWR0aD0iMTE4MCIgaGVpZ2h0PSI4NTQiIHZpZXdCb3g9IjAgMCAxMTgwIDg1NCIgZmlsbD0ibm9uZSIgeG1sbnM9Imh0dHA6Ly93d3cudzMub3JnLzIwMDAvc3ZnIj48L3N2Zz4=\" data-src=\"https:\/\/www.design-award.cz\/wp-content\/uploads\/2025\/06\/obrazek_2025-06-10_170802774.png\" data-srcset=\"https:\/\/www.design-award.cz\/wp-content\/uploads\/2025\/06\/obrazek_2025-06-10_170802774.png 1180w, https:\/\/www.design-award.cz\/wp-content\/uploads\/2025\/06\/obrazek_2025-06-10_170802774-300x217.png 300w, https:\/\/www.design-award.cz\/wp-content\/uploads\/2025\/06\/obrazek_2025-06-10_170802774-1024x741.png 1024w, https:\/\/www.design-award.cz\/wp-content\/uploads\/2025\/06\/obrazek_2025-06-10_170802774-768x556.png 768w, https:\/\/www.design-award.cz\/wp-content\/uploads\/2025\/06\/obrazek_2025-06-10_170802774-500x362.png 500w, https:\/\/www.design-award.cz\/wp-content\/uploads\/2025\/06\/obrazek_2025-06-10_170802774-800x579.png 800w\" data-sizes=\"auto\" loading=\"eager\">\n\t\t<\/a>\t<\/div>\n<\/div>\n\t<figcaption class=\"vp-portfolio__item-overlay vp-portfolio__item-overlay-text-align-center\">\n\t\t<div class=\"vp-portfolio__item-meta-wrap vp-portfolio__custom-scrollbar\">\n\t\t\t\t<a\n\t\thref=\"https:\/\/www.design-award.cz\/?portfolio=produktovy-design-detske-edukacni-sedadlo-loopio\"\n\t\ttabindex=\"-1\" class=\"vp-portfolio__item-meta\" \t>\n\t\n<h2 class=\"vp-portfolio__item-meta-title\">\n\tProduktov\u00fd design &#8211; D\u011btsk\u00e9 eduka\u010dn\u00ed sedadlo Loopio<\/h2>\n<\/a>\t\t<\/div>\n\t<\/figcaption>\n\t\t\t<\/figure>\n\t\t\t\t\t<\/article>\n\t\t\n\t\t<article\t\tclass=\"vp-portfolio__item-wrap post-1371 portfolio type-portfolio status-publish format-standard has-post-thumbnail hentry portfolio_category-https-www-design-award-cz-page_id1603 portfolio_tag-9 entry has-media vp-portfolio__item-uid-c4606fbb\" data-vp-filter=\"https-www-design-award-cz-page_id1603\" \t\t>\n\t\t\t\t\t\t\t\t\t<figure class=\"vp-portfolio__item\">\n\t\t\t\t\n<div class=\"vp-portfolio__item-img-wrap\">\n\t<div class=\"vp-portfolio__item-img\">\n\t\t\t<a\n\t\thref=\"https:\/\/www.design-award.cz\/?portfolio=soukromy-interier-spolecenska-cast-rodinneho-domu-3\"\n\t\t\t>\n\t\n\t\t<noscript><img decoding=\"async\" width=\"1771\" height=\"1052\" data-skip-lazy src=\"https:\/\/www.design-award.cz\/wp-content\/uploads\/2022\/04\/4-4.png\" class=\"wp-image-1372\" alt=\"\" srcset=\"https:\/\/www.design-award.cz\/wp-content\/uploads\/2022\/04\/4-4.png 1771w, https:\/\/www.design-award.cz\/wp-content\/uploads\/2022\/04\/4-4-300x178.png 300w, https:\/\/www.design-award.cz\/wp-content\/uploads\/2022\/04\/4-4-1024x608.png 1024w, https:\/\/www.design-award.cz\/wp-content\/uploads\/2022\/04\/4-4-768x456.png 768w, https:\/\/www.design-award.cz\/wp-content\/uploads\/2022\/04\/4-4-1536x912.png 1536w, https:\/\/www.design-award.cz\/wp-content\/uploads\/2022\/04\/4-4-500x297.png 500w, https:\/\/www.design-award.cz\/wp-content\/uploads\/2022\/04\/4-4-800x475.png 800w, https:\/\/www.design-award.cz\/wp-content\/uploads\/2022\/04\/4-4-1280x760.png 1280w\" sizes=\"(max-width: 1771px) 100vw, 1771px\" \/><\/noscript><img decoding=\"async\" width=\"1771\" height=\"1052\" src=\"https:\/\/www.design-award.cz\/wp-content\/uploads\/2022\/04\/4-4.png\" class=\"wp-image-1372 vp-lazyload\" alt srcset=\"data:image\/svg+xml;base64,PHN2ZyB3aWR0aD0iMTc3MSIgaGVpZ2h0PSIxMDUyIiB2aWV3Qm94PSIwIDAgMTc3MSAxMDUyIiBmaWxsPSJub25lIiB4bWxucz0iaHR0cDovL3d3dy53My5vcmcvMjAwMC9zdmciPjwvc3ZnPg==\" data-src=\"https:\/\/www.design-award.cz\/wp-content\/uploads\/2022\/04\/4-4.png\" data-srcset=\"https:\/\/www.design-award.cz\/wp-content\/uploads\/2022\/04\/4-4.png 1771w, https:\/\/www.design-award.cz\/wp-content\/uploads\/2022\/04\/4-4-300x178.png 300w, https:\/\/www.design-award.cz\/wp-content\/uploads\/2022\/04\/4-4-1024x608.png 1024w, https:\/\/www.design-award.cz\/wp-content\/uploads\/2022\/04\/4-4-768x456.png 768w, https:\/\/www.design-award.cz\/wp-content\/uploads\/2022\/04\/4-4-1536x912.png 1536w, https:\/\/www.design-award.cz\/wp-content\/uploads\/2022\/04\/4-4-500x297.png 500w, https:\/\/www.design-award.cz\/wp-content\/uploads\/2022\/04\/4-4-800x475.png 800w, https:\/\/www.design-award.cz\/wp-content\/uploads\/2022\/04\/4-4-1280x760.png 1280w\" data-sizes=\"auto\" loading=\"eager\">\n\t\t<\/a>\t<\/div>\n<\/div>\n\t<figcaption class=\"vp-portfolio__item-overlay vp-portfolio__item-overlay-text-align-center\">\n\t\t<div class=\"vp-portfolio__item-meta-wrap vp-portfolio__custom-scrollbar\">\n\t\t\t\t<a\n\t\thref=\"https:\/\/www.design-award.cz\/?portfolio=soukromy-interier-spolecenska-cast-rodinneho-domu-3\"\n\t\ttabindex=\"-1\" class=\"vp-portfolio__item-meta\" \t>\n\t\n<div class=\"vp-portfolio__item-meta-categories\">\n\t\t\t<div class=\"vp-portfolio__item-meta-category\">\n\t\t\t\t<span\t\t\t>\n\tArchiv 2022<\/span>\t\t<\/div>\n\t\t<\/div>\n\n<h2 class=\"vp-portfolio__item-meta-title\">\n\tSoukrom\u00fd interi\u00e9r &#8211; Spole\u010densk\u00e1 \u010d\u00e1st rodinn\u00e9ho domu<\/h2>\n<\/a>\t\t<\/div>\n\t<\/figcaption>\n\t\t\t<\/figure>\n\t\t\t\t\t<\/article>\n\t\t\n\t\t<article\t\tclass=\"vp-portfolio__item-wrap post-4161 portfolio type-portfolio status-publish format-standard has-post-thumbnail hentry entry has-media vp-portfolio__item-uid-e9217aa6\" data-vp-filter=\"\" \t\t>\n\t\t\t\t\t\t\t\t\t<figure class=\"vp-portfolio__item\">\n\t\t\t\t\n<div class=\"vp-portfolio__item-img-wrap\">\n\t<div class=\"vp-portfolio__item-img\">\n\t\t\t<a\n\t\thref=\"https:\/\/www.design-award.cz\/?portfolio=verejny-interier-utulna\"\n\t\t\t>\n\t\n\t\t<noscript><img decoding=\"async\" width=\"1920\" height=\"1080\" data-skip-lazy src=\"https:\/\/www.design-award.cz\/wp-content\/uploads\/2024\/07\/01.png\" class=\"wp-image-4185\" alt=\"\" srcset=\"https:\/\/www.design-award.cz\/wp-content\/uploads\/2024\/07\/01.png 1920w, https:\/\/www.design-award.cz\/wp-content\/uploads\/2024\/07\/01-300x169.png 300w, https:\/\/www.design-award.cz\/wp-content\/uploads\/2024\/07\/01-1024x576.png 1024w, https:\/\/www.design-award.cz\/wp-content\/uploads\/2024\/07\/01-768x432.png 768w, https:\/\/www.design-award.cz\/wp-content\/uploads\/2024\/07\/01-1536x864.png 1536w, https:\/\/www.design-award.cz\/wp-content\/uploads\/2024\/07\/01-500x281.png 500w, https:\/\/www.design-award.cz\/wp-content\/uploads\/2024\/07\/01-800x450.png 800w, https:\/\/www.design-award.cz\/wp-content\/uploads\/2024\/07\/01-1280x720.png 1280w\" sizes=\"(max-width: 1920px) 100vw, 1920px\" \/><\/noscript><img decoding=\"async\" width=\"1920\" height=\"1080\" src=\"https:\/\/www.design-award.cz\/wp-content\/uploads\/2024\/07\/01.png\" class=\"wp-image-4185 vp-lazyload\" alt srcset=\"data:image\/svg+xml;base64,PHN2ZyB3aWR0aD0iMTkyMCIgaGVpZ2h0PSIxMDgwIiB2aWV3Qm94PSIwIDAgMTkyMCAxMDgwIiBmaWxsPSJub25lIiB4bWxucz0iaHR0cDovL3d3dy53My5vcmcvMjAwMC9zdmciPjwvc3ZnPg==\" data-src=\"https:\/\/www.design-award.cz\/wp-content\/uploads\/2024\/07\/01.png\" data-srcset=\"https:\/\/www.design-award.cz\/wp-content\/uploads\/2024\/07\/01.png 1920w, https:\/\/www.design-award.cz\/wp-content\/uploads\/2024\/07\/01-300x169.png 300w, https:\/\/www.design-award.cz\/wp-content\/uploads\/2024\/07\/01-1024x576.png 1024w, https:\/\/www.design-award.cz\/wp-content\/uploads\/2024\/07\/01-768x432.png 768w, https:\/\/www.design-award.cz\/wp-content\/uploads\/2024\/07\/01-1536x864.png 1536w, https:\/\/www.design-award.cz\/wp-content\/uploads\/2024\/07\/01-500x281.png 500w, https:\/\/www.design-award.cz\/wp-content\/uploads\/2024\/07\/01-800x450.png 800w, https:\/\/www.design-award.cz\/wp-content\/uploads\/2024\/07\/01-1280x720.png 1280w\" data-sizes=\"auto\" loading=\"eager\">\n\t\t<\/a>\t<\/div>\n<\/div>\n\t<figcaption class=\"vp-portfolio__item-overlay vp-portfolio__item-overlay-text-align-center\">\n\t\t<div class=\"vp-portfolio__item-meta-wrap vp-portfolio__custom-scrollbar\">\n\t\t\t\t<a\n\t\thref=\"https:\/\/www.design-award.cz\/?portfolio=verejny-interier-utulna\"\n\t\ttabindex=\"-1\" class=\"vp-portfolio__item-meta\" \t>\n\t\n<h2 class=\"vp-portfolio__item-meta-title\">\n\tVe\u0159ejn\u00fd interi\u00e9r &#8211; \u00datulna<\/h2>\n<\/a>\t\t<\/div>\n\t<\/figcaption>\n\t\t\t<\/figure>\n\t\t\t\t\t<\/article>\n\t\t\n\t\t<article\t\tclass=\"vp-portfolio__item-wrap post-732 portfolio type-portfolio status-publish format-standard has-post-thumbnail hentry entry has-media vp-portfolio__item-uid-7aa8fbd3\" data-vp-filter=\"\" \t\t>\n\t\t\t\t\t\t\t\t\t<figure class=\"vp-portfolio__item\">\n\t\t\t\t\n<div class=\"vp-portfolio__item-img-wrap\">\n\t<div class=\"vp-portfolio__item-img\">\n\t\t\t<a\n\t\thref=\"https:\/\/www.design-award.cz\/?portfolio=soukromy-interier-spolecenska-cast-rodinneho-domu\"\n\t\t\t>\n\t\n\t\t<noscript><img decoding=\"async\" width=\"1920\" height=\"990\" data-skip-lazy src=\"https:\/\/www.design-award.cz\/wp-content\/uploads\/2022\/04\/bresky-obyvak-render-kopie2-1920x990.jpg\" class=\"wp-image-734\" alt=\"\" srcset=\"https:\/\/www.design-award.cz\/wp-content\/uploads\/2022\/04\/bresky-obyvak-render-kopie2-1920x990.jpg 1920w, https:\/\/www.design-award.cz\/wp-content\/uploads\/2022\/04\/bresky-obyvak-render-kopie2-300x155.jpg 300w, https:\/\/www.design-award.cz\/wp-content\/uploads\/2022\/04\/bresky-obyvak-render-kopie2-1024x528.jpg 1024w, https:\/\/www.design-award.cz\/wp-content\/uploads\/2022\/04\/bresky-obyvak-render-kopie2-768x396.jpg 768w, https:\/\/www.design-award.cz\/wp-content\/uploads\/2022\/04\/bresky-obyvak-render-kopie2-1536x792.jpg 1536w, https:\/\/www.design-award.cz\/wp-content\/uploads\/2022\/04\/bresky-obyvak-render-kopie2-2048x1057.jpg 2048w, https:\/\/www.design-award.cz\/wp-content\/uploads\/2022\/04\/bresky-obyvak-render-kopie2-500x258.jpg 500w, https:\/\/www.design-award.cz\/wp-content\/uploads\/2022\/04\/bresky-obyvak-render-kopie2-800x413.jpg 800w, https:\/\/www.design-award.cz\/wp-content\/uploads\/2022\/04\/bresky-obyvak-render-kopie2-1280x660.jpg 1280w\" sizes=\"(max-width: 1920px) 100vw, 1920px\" \/><\/noscript><img decoding=\"async\" width=\"1920\" height=\"990\" src=\"https:\/\/www.design-award.cz\/wp-content\/uploads\/2022\/04\/bresky-obyvak-render-kopie2-1920x990.jpg\" class=\"wp-image-734 vp-lazyload\" alt srcset=\"data:image\/svg+xml;base64,PHN2ZyB3aWR0aD0iMTkyMCIgaGVpZ2h0PSI5OTAiIHZpZXdCb3g9IjAgMCAxOTIwIDk5MCIgZmlsbD0ibm9uZSIgeG1sbnM9Imh0dHA6Ly93d3cudzMub3JnLzIwMDAvc3ZnIj48L3N2Zz4=\" data-src=\"https:\/\/www.design-award.cz\/wp-content\/uploads\/2022\/04\/bresky-obyvak-render-kopie2-1920x990.jpg\" data-srcset=\"https:\/\/www.design-award.cz\/wp-content\/uploads\/2022\/04\/bresky-obyvak-render-kopie2-1920x990.jpg 1920w, https:\/\/www.design-award.cz\/wp-content\/uploads\/2022\/04\/bresky-obyvak-render-kopie2-300x155.jpg 300w, https:\/\/www.design-award.cz\/wp-content\/uploads\/2022\/04\/bresky-obyvak-render-kopie2-1024x528.jpg 1024w, https:\/\/www.design-award.cz\/wp-content\/uploads\/2022\/04\/bresky-obyvak-render-kopie2-768x396.jpg 768w, https:\/\/www.design-award.cz\/wp-content\/uploads\/2022\/04\/bresky-obyvak-render-kopie2-1536x792.jpg 1536w, https:\/\/www.design-award.cz\/wp-content\/uploads\/2022\/04\/bresky-obyvak-render-kopie2-2048x1057.jpg 2048w, https:\/\/www.design-award.cz\/wp-content\/uploads\/2022\/04\/bresky-obyvak-render-kopie2-500x258.jpg 500w, https:\/\/www.design-award.cz\/wp-content\/uploads\/2022\/04\/bresky-obyvak-render-kopie2-800x413.jpg 800w, https:\/\/www.design-award.cz\/wp-content\/uploads\/2022\/04\/bresky-obyvak-render-kopie2-1280x660.jpg 1280w\" data-sizes=\"auto\" loading=\"eager\">\n\t\t<\/a>\t<\/div>\n<\/div>\n\t<figcaption class=\"vp-portfolio__item-overlay vp-portfolio__item-overlay-text-align-center\">\n\t\t<div class=\"vp-portfolio__item-meta-wrap vp-portfolio__custom-scrollbar\">\n\t\t\t\t<a\n\t\thref=\"https:\/\/www.design-award.cz\/?portfolio=soukromy-interier-spolecenska-cast-rodinneho-domu\"\n\t\ttabindex=\"-1\" class=\"vp-portfolio__item-meta\" \t>\n\t\n<h2 class=\"vp-portfolio__item-meta-title\">\n\tSoukrom\u00fd interi\u00e9r &#8211; Spole\u010densk\u00e1 \u010d\u00e1st rodinn\u00e9ho domu<\/h2>\n<\/a>\t\t<\/div>\n\t<\/figcaption>\n\t\t\t<\/figure>\n\t\t\t\t\t<\/article>\n\t\t\n\t\t<article\t\tclass=\"vp-portfolio__item-wrap post-1934 portfolio type-portfolio status-publish format-standard has-post-thumbnail hentry portfolio_category-soutezici-2023 entry has-media vp-portfolio__item-uid-ddf1dbe6\" data-vp-filter=\"soutezici-2023\" \t\t>\n\t\t\t\t\t\t\t\t\t<figure class=\"vp-portfolio__item\">\n\t\t\t\t\n<div class=\"vp-portfolio__item-img-wrap\">\n\t<div class=\"vp-portfolio__item-img\">\n\t\t\t<a\n\t\thref=\"https:\/\/www.design-award.cz\/?portfolio=produktovy-design-soubor-rohu\"\n\t\t\t>\n\t\n\t\t<noscript><img decoding=\"async\" width=\"1920\" height=\"2715\" data-skip-lazy src=\"https:\/\/www.design-award.cz\/wp-content\/uploads\/2023\/04\/rohy-1920x2715.jpg\" class=\"wp-image-1936\" alt=\"\" srcset=\"https:\/\/www.design-award.cz\/wp-content\/uploads\/2023\/04\/rohy-1920x2715.jpg 1920w, https:\/\/www.design-award.cz\/wp-content\/uploads\/2023\/04\/rohy-212x300.jpg 212w, https:\/\/www.design-award.cz\/wp-content\/uploads\/2023\/04\/rohy-724x1024.jpg 724w, https:\/\/www.design-award.cz\/wp-content\/uploads\/2023\/04\/rohy-768x1086.jpg 768w, https:\/\/www.design-award.cz\/wp-content\/uploads\/2023\/04\/rohy-1086x1536.jpg 1086w, https:\/\/www.design-award.cz\/wp-content\/uploads\/2023\/04\/rohy-1448x2048.jpg 1448w, https:\/\/www.design-award.cz\/wp-content\/uploads\/2023\/04\/rohy-500x707.jpg 500w, https:\/\/www.design-award.cz\/wp-content\/uploads\/2023\/04\/rohy-800x1131.jpg 800w, https:\/\/www.design-award.cz\/wp-content\/uploads\/2023\/04\/rohy-1280x1810.jpg 1280w, https:\/\/www.design-award.cz\/wp-content\/uploads\/2023\/04\/rohy-scaled.jpg 1811w\" sizes=\"(max-width: 1920px) 100vw, 1920px\" \/><\/noscript><img decoding=\"async\" width=\"1920\" height=\"2715\" src=\"https:\/\/www.design-award.cz\/wp-content\/uploads\/2023\/04\/rohy-1920x2715.jpg\" class=\"wp-image-1936 vp-lazyload\" alt srcset=\"data:image\/svg+xml;base64,PHN2ZyB3aWR0aD0iMTkyMCIgaGVpZ2h0PSIyNzE1IiB2aWV3Qm94PSIwIDAgMTkyMCAyNzE1IiBmaWxsPSJub25lIiB4bWxucz0iaHR0cDovL3d3dy53My5vcmcvMjAwMC9zdmciPjwvc3ZnPg==\" data-src=\"https:\/\/www.design-award.cz\/wp-content\/uploads\/2023\/04\/rohy-1920x2715.jpg\" data-srcset=\"https:\/\/www.design-award.cz\/wp-content\/uploads\/2023\/04\/rohy-1920x2715.jpg 1920w, https:\/\/www.design-award.cz\/wp-content\/uploads\/2023\/04\/rohy-212x300.jpg 212w, https:\/\/www.design-award.cz\/wp-content\/uploads\/2023\/04\/rohy-724x1024.jpg 724w, https:\/\/www.design-award.cz\/wp-content\/uploads\/2023\/04\/rohy-768x1086.jpg 768w, https:\/\/www.design-award.cz\/wp-content\/uploads\/2023\/04\/rohy-1086x1536.jpg 1086w, https:\/\/www.design-award.cz\/wp-content\/uploads\/2023\/04\/rohy-1448x2048.jpg 1448w, https:\/\/www.design-award.cz\/wp-content\/uploads\/2023\/04\/rohy-500x707.jpg 500w, https:\/\/www.design-award.cz\/wp-content\/uploads\/2023\/04\/rohy-800x1131.jpg 800w, https:\/\/www.design-award.cz\/wp-content\/uploads\/2023\/04\/rohy-1280x1810.jpg 1280w, https:\/\/www.design-award.cz\/wp-content\/uploads\/2023\/04\/rohy-scaled.jpg 1811w\" data-sizes=\"auto\" loading=\"eager\">\n\t\t<\/a>\t<\/div>\n<\/div>\n\t<figcaption class=\"vp-portfolio__item-overlay vp-portfolio__item-overlay-text-align-center\">\n\t\t<div class=\"vp-portfolio__item-meta-wrap vp-portfolio__custom-scrollbar\">\n\t\t\t\t<a\n\t\thref=\"https:\/\/www.design-award.cz\/?portfolio=produktovy-design-soubor-rohu\"\n\t\ttabindex=\"-1\" class=\"vp-portfolio__item-meta\" \t>\n\t\n<div class=\"vp-portfolio__item-meta-categories\">\n\t\t\t<div class=\"vp-portfolio__item-meta-category\">\n\t\t\t\t<span\t\t\t>\n\tSOUT\u011a\u017d\u00cdC\u00cd 2023<\/span>\t\t<\/div>\n\t\t<\/div>\n\n<h2 class=\"vp-portfolio__item-meta-title\">\n\tProduktov\u00fd design &#8211; soubor roh\u016f<\/h2>\n<\/a>\t\t<\/div>\n\t<\/figcaption>\n\t\t\t<\/figure>\n\t\t\t\t\t<\/article>\n\t\t\n\t\t<article\t\tclass=\"vp-portfolio__item-wrap post-3673 portfolio type-portfolio status-publish format-standard has-post-thumbnail hentry entry has-media vp-portfolio__item-uid-86ac04f7\" data-vp-filter=\"\" \t\t>\n\t\t\t\t\t\t\t\t\t<figure class=\"vp-portfolio__item\">\n\t\t\t\t\n<div class=\"vp-portfolio__item-img-wrap\">\n\t<div class=\"vp-portfolio__item-img\">\n\t\t\t<a\n\t\thref=\"https:\/\/www.design-award.cz\/?portfolio=soukromy-interier-arch\"\n\t\t\t>\n\t\n\t\t<noscript><img decoding=\"async\" width=\"1920\" height=\"1080\" data-skip-lazy src=\"https:\/\/www.design-award.cz\/wp-content\/uploads\/2024\/06\/jidelna2-1920x1080.jpg\" class=\"wp-image-3683\" alt=\"\" srcset=\"https:\/\/www.design-award.cz\/wp-content\/uploads\/2024\/06\/jidelna2-1920x1080.jpg 1920w, https:\/\/www.design-award.cz\/wp-content\/uploads\/2024\/06\/jidelna2-300x169.jpg 300w, https:\/\/www.design-award.cz\/wp-content\/uploads\/2024\/06\/jidelna2-1024x576.jpg 1024w, https:\/\/www.design-award.cz\/wp-content\/uploads\/2024\/06\/jidelna2-768x432.jpg 768w, https:\/\/www.design-award.cz\/wp-content\/uploads\/2024\/06\/jidelna2-1536x864.jpg 1536w, https:\/\/www.design-award.cz\/wp-content\/uploads\/2024\/06\/jidelna2-2048x1152.jpg 2048w, https:\/\/www.design-award.cz\/wp-content\/uploads\/2024\/06\/jidelna2-500x281.jpg 500w, https:\/\/www.design-award.cz\/wp-content\/uploads\/2024\/06\/jidelna2-800x450.jpg 800w, https:\/\/www.design-award.cz\/wp-content\/uploads\/2024\/06\/jidelna2-1280x720.jpg 1280w\" sizes=\"(max-width: 1920px) 100vw, 1920px\" \/><\/noscript><img decoding=\"async\" width=\"1920\" height=\"1080\" src=\"https:\/\/www.design-award.cz\/wp-content\/uploads\/2024\/06\/jidelna2-1920x1080.jpg\" class=\"wp-image-3683 vp-lazyload\" alt srcset=\"data:image\/svg+xml;base64,PHN2ZyB3aWR0aD0iMTkyMCIgaGVpZ2h0PSIxMDgwIiB2aWV3Qm94PSIwIDAgMTkyMCAxMDgwIiBmaWxsPSJub25lIiB4bWxucz0iaHR0cDovL3d3dy53My5vcmcvMjAwMC9zdmciPjwvc3ZnPg==\" data-src=\"https:\/\/www.design-award.cz\/wp-content\/uploads\/2024\/06\/jidelna2-1920x1080.jpg\" data-srcset=\"https:\/\/www.design-award.cz\/wp-content\/uploads\/2024\/06\/jidelna2-1920x1080.jpg 1920w, https:\/\/www.design-award.cz\/wp-content\/uploads\/2024\/06\/jidelna2-300x169.jpg 300w, https:\/\/www.design-award.cz\/wp-content\/uploads\/2024\/06\/jidelna2-1024x576.jpg 1024w, https:\/\/www.design-award.cz\/wp-content\/uploads\/2024\/06\/jidelna2-768x432.jpg 768w, https:\/\/www.design-award.cz\/wp-content\/uploads\/2024\/06\/jidelna2-1536x864.jpg 1536w, https:\/\/www.design-award.cz\/wp-content\/uploads\/2024\/06\/jidelna2-2048x1152.jpg 2048w, https:\/\/www.design-award.cz\/wp-content\/uploads\/2024\/06\/jidelna2-500x281.jpg 500w, https:\/\/www.design-award.cz\/wp-content\/uploads\/2024\/06\/jidelna2-800x450.jpg 800w, https:\/\/www.design-award.cz\/wp-content\/uploads\/2024\/06\/jidelna2-1280x720.jpg 1280w\" data-sizes=\"auto\" loading=\"eager\">\n\t\t<\/a>\t<\/div>\n<\/div>\n\t<figcaption class=\"vp-portfolio__item-overlay vp-portfolio__item-overlay-text-align-center\">\n\t\t<div class=\"vp-portfolio__item-meta-wrap vp-portfolio__custom-scrollbar\">\n\t\t\t\t<a\n\t\thref=\"https:\/\/www.design-award.cz\/?portfolio=soukromy-interier-arch\"\n\t\ttabindex=\"-1\" class=\"vp-portfolio__item-meta\" \t>\n\t\n<h2 class=\"vp-portfolio__item-meta-title\">\n\tSoukrom\u00fd interi\u00e9r &#8211; Arch<\/h2>\n<\/a>\t\t<\/div>\n\t<\/figcaption>\n\t\t\t<\/figure>\n\t\t\t\t\t<\/article>\n\t\t\n\t\t<article\t\tclass=\"vp-portfolio__item-wrap post-5274 portfolio type-portfolio status-publish format-standard has-post-thumbnail hentry entry has-media vp-portfolio__item-uid-3aaa6654\" data-vp-filter=\"\" \t\t>\n\t\t\t\t\t\t\t\t\t<figure class=\"vp-portfolio__item\">\n\t\t\t\t\n<div class=\"vp-portfolio__item-img-wrap\">\n\t<div class=\"vp-portfolio__item-img\">\n\t\t\t<a\n\t\thref=\"https:\/\/www.design-award.cz\/?portfolio=interierovy-design-laitiqon-laitiqoasa-svetlo-a-architektura-v-rovnovaze-s-krajinou\"\n\t\t\t>\n\t\n\t\t<noscript><img decoding=\"async\" width=\"1920\" height=\"1440\" data-skip-lazy src=\"https:\/\/www.design-award.cz\/wp-content\/uploads\/2025\/06\/SVOBODA_Jakub_LAITOQoasa_podklady--1920x1440.jpg\" class=\"wp-image-5342\" alt=\"\" srcset=\"https:\/\/www.design-award.cz\/wp-content\/uploads\/2025\/06\/SVOBODA_Jakub_LAITOQoasa_podklady--1920x1440.jpg 1920w, https:\/\/www.design-award.cz\/wp-content\/uploads\/2025\/06\/SVOBODA_Jakub_LAITOQoasa_podklady--300x225.jpg 300w, https:\/\/www.design-award.cz\/wp-content\/uploads\/2025\/06\/SVOBODA_Jakub_LAITOQoasa_podklady--1024x768.jpg 1024w, https:\/\/www.design-award.cz\/wp-content\/uploads\/2025\/06\/SVOBODA_Jakub_LAITOQoasa_podklady--768x576.jpg 768w, https:\/\/www.design-award.cz\/wp-content\/uploads\/2025\/06\/SVOBODA_Jakub_LAITOQoasa_podklady--1536x1152.jpg 1536w, https:\/\/www.design-award.cz\/wp-content\/uploads\/2025\/06\/SVOBODA_Jakub_LAITOQoasa_podklady--2048x1536.jpg 2048w, https:\/\/www.design-award.cz\/wp-content\/uploads\/2025\/06\/SVOBODA_Jakub_LAITOQoasa_podklady--500x375.jpg 500w, https:\/\/www.design-award.cz\/wp-content\/uploads\/2025\/06\/SVOBODA_Jakub_LAITOQoasa_podklady--800x600.jpg 800w, https:\/\/www.design-award.cz\/wp-content\/uploads\/2025\/06\/SVOBODA_Jakub_LAITOQoasa_podklady--1280x960.jpg 1280w\" sizes=\"(max-width: 1920px) 100vw, 1920px\" \/><\/noscript><img decoding=\"async\" width=\"1920\" height=\"1440\" src=\"https:\/\/www.design-award.cz\/wp-content\/uploads\/2025\/06\/SVOBODA_Jakub_LAITOQoasa_podklady--1920x1440.jpg\" class=\"wp-image-5342 vp-lazyload\" alt srcset=\"data:image\/svg+xml;base64,PHN2ZyB3aWR0aD0iMTkyMCIgaGVpZ2h0PSIxNDQwIiB2aWV3Qm94PSIwIDAgMTkyMCAxNDQwIiBmaWxsPSJub25lIiB4bWxucz0iaHR0cDovL3d3dy53My5vcmcvMjAwMC9zdmciPjwvc3ZnPg==\" data-src=\"https:\/\/www.design-award.cz\/wp-content\/uploads\/2025\/06\/SVOBODA_Jakub_LAITOQoasa_podklady--1920x1440.jpg\" data-srcset=\"https:\/\/www.design-award.cz\/wp-content\/uploads\/2025\/06\/SVOBODA_Jakub_LAITOQoasa_podklady--1920x1440.jpg 1920w, https:\/\/www.design-award.cz\/wp-content\/uploads\/2025\/06\/SVOBODA_Jakub_LAITOQoasa_podklady--300x225.jpg 300w, https:\/\/www.design-award.cz\/wp-content\/uploads\/2025\/06\/SVOBODA_Jakub_LAITOQoasa_podklady--1024x768.jpg 1024w, https:\/\/www.design-award.cz\/wp-content\/uploads\/2025\/06\/SVOBODA_Jakub_LAITOQoasa_podklady--768x576.jpg 768w, https:\/\/www.design-award.cz\/wp-content\/uploads\/2025\/06\/SVOBODA_Jakub_LAITOQoasa_podklady--1536x1152.jpg 1536w, https:\/\/www.design-award.cz\/wp-content\/uploads\/2025\/06\/SVOBODA_Jakub_LAITOQoasa_podklady--2048x1536.jpg 2048w, https:\/\/www.design-award.cz\/wp-content\/uploads\/2025\/06\/SVOBODA_Jakub_LAITOQoasa_podklady--500x375.jpg 500w, https:\/\/www.design-award.cz\/wp-content\/uploads\/2025\/06\/SVOBODA_Jakub_LAITOQoasa_podklady--800x600.jpg 800w, https:\/\/www.design-award.cz\/wp-content\/uploads\/2025\/06\/SVOBODA_Jakub_LAITOQoasa_podklady--1280x960.jpg 1280w\" data-sizes=\"auto\" loading=\"eager\">\n\t\t<\/a>\t<\/div>\n<\/div>\n\t<figcaption class=\"vp-portfolio__item-overlay vp-portfolio__item-overlay-text-align-center\">\n\t\t<div class=\"vp-portfolio__item-meta-wrap vp-portfolio__custom-scrollbar\">\n\t\t\t\t<a\n\t\thref=\"https:\/\/www.design-award.cz\/?portfolio=interierovy-design-laitiqon-laitiqoasa-svetlo-a-architektura-v-rovnovaze-s-krajinou\"\n\t\ttabindex=\"-1\" class=\"vp-portfolio__item-meta\" \t>\n\t\n<h2 class=\"vp-portfolio__item-meta-title\">\n\tInteri\u00e9rov\u00fd design &#8211; Laitiqon &amp; Laitiqoasa \u2013 Sv\u011btlo a architektura v rovnov\u00e1ze s krajinou<\/h2>\n<\/a>\t\t<\/div>\n\t<\/figcaption>\n\t\t\t<\/figure>\n\t\t\t\t\t<\/article>\n\t\t\n<\/div>\n\n<div class=\"vp-portfolio__items-arrow vp-portfolio__items-arrow-prev\" tabindex=\"0\" role=\"button\" aria-label=\"Previous Slide\">\n\t\n<svg class=\"vp-svg-icon\" width=\"20\" height=\"20\" viewBox=\"0 0 20 20\" fill=\"none\" xmlns=\"http:\/\/www.w3.org\/2000\/svg\">\n\t<path d=\"M12 4L6 10L12 16\" stroke=\"currentColor\" stroke-width=\"1.5\" stroke-linecap=\"round\" stroke-linejoin=\"round\" fill=\"transparent\" \/>\n<\/svg>\n<\/div>\n<div class=\"vp-portfolio__items-arrow vp-portfolio__items-arrow-next\" tabindex=\"0\" role=\"button\" aria-label=\"Next Slide\">\n\t\n<svg class=\"vp-svg-icon\" width=\"20\" height=\"20\" viewBox=\"0 0 20 20\" fill=\"none\" xmlns=\"http:\/\/www.w3.org\/2000\/svg\">\n\t<path d=\"M8 4L14 10L8 16\" stroke=\"currentColor\" stroke-width=\"1.5\" stroke-linecap=\"round\" stroke-linejoin=\"round\" fill=\"transparent\" \/>\n<\/svg>\n<\/div>\n\t\t<\/div>\n\t\t\t\t<div class=\"vp-portfolio__layout-elements vp-portfolio__layout-elements-bottom vp-portfolio__layout-elements-align-center\">\n\t\t\t\t<div class=\"vp-portfolio__pagination-wrap\">\n\t\t\n<div class=\"vp-pagination vp-pagination__style-minimal\" data-vp-pagination-type=\"load-more\">\n\t<div class=\"vp-pagination__item\">\n\t\t<a class=\"vp-pagination__load-more\" href=\"https:\/\/www.design-award.cz\/index.php?rest_route=%2Fwp%2Fv2%2Fportfolio%2F641&#038;vp_page=2\">\n\t\t\t<span>Load More<\/span>\n\t\t\t<span class=\"vp-pagination__load-more-loading\"><span class=\"vp-spinner\"><\/span><span class=\"vp-screen-reader-text\"> Loading More&#8230;<\/span><\/span>\n\t\t\t<span class=\"vp-pagination__load-more-no-more\">You\u2019ve reached the end of the list<\/span>\n\t\t<\/a>\n\t<\/div>\n<\/div>\n\t\t<\/div>\n\t\t\t\t<\/div>\n\t\t\n<\/div>\n<\/div>","protected":false},"excerpt":{"rendered":"<p>Marie Pato\u010dkov\u00e1 St\u0159edn\u00ed \u0161kola designu interi\u00e9ru Kate\u0159inky Grow je demontovateln\u00fd stolek, kter\u00fd roste spolu s d\u00edt\u011btem a je mu z\u00e1rove\u0148 didaktickou pom\u016fckou. Celkem m\u00e1 t\u0159i formy, \u010d\u00edm\u017e je vhodn\u00fd pro d\u011bti zhruba od p\u016fl roku do 8 let.\u00a0Prvn\u00ed formou je d\u011btsk\u00e1 ohr\u00e1dka. Haptick\u00e9 zkoum\u00e1n\u00ed nov\u00fdch materi\u00e1l\u016f a tvar\u016f je d\u016fle\u017eitou sou\u010d\u00e1st\u00ed d\u011btsk\u00e9ho pozn\u00e1v\u00e1n\u00ed, proto jsou [&hellip;]<\/p>\n","protected":false},"author":1,"featured_media":646,"menu_order":0,"comment_status":"closed","ping_status":"closed","template":"","format":"standard","meta":{"ngg_post_thumbnail":0,"ocean_post_layout":"","ocean_both_sidebars_style":"","ocean_both_sidebars_content_width":0,"ocean_both_sidebars_sidebars_width":0,"ocean_sidebar":"","ocean_second_sidebar":"","ocean_disable_margins":"enable","ocean_add_body_class":"","ocean_shortcode_before_top_bar":"","ocean_shortcode_after_top_bar":"","ocean_shortcode_before_header":"","ocean_shortcode_after_header":"","ocean_has_shortcode":"","ocean_shortcode_after_title":"","ocean_shortcode_before_footer_widgets":"","ocean_shortcode_after_footer_widgets":"","ocean_shortcode_before_footer_bottom":"","ocean_shortcode_after_footer_bottom":"","ocean_display_top_bar":"default","ocean_display_header":"default","ocean_header_style":"","ocean_center_header_left_menu":"","ocean_custom_header_template":"","ocean_custom_logo":0,"ocean_custom_retina_logo":0,"ocean_custom_logo_max_width":0,"ocean_custom_logo_tablet_max_width":0,"ocean_custom_logo_mobile_max_width":0,"ocean_custom_logo_max_height":0,"ocean_custom_logo_tablet_max_height":0,"ocean_custom_logo_mobile_max_height":0,"ocean_header_custom_menu":"","ocean_menu_typo_font_family":"","ocean_menu_typo_font_subset":"","ocean_menu_typo_font_size":0,"ocean_menu_typo_font_size_tablet":0,"ocean_menu_typo_font_size_mobile":0,"ocean_menu_typo_font_size_unit":"px","ocean_menu_typo_font_weight":"","ocean_menu_typo_font_weight_tablet":"","ocean_menu_typo_font_weight_mobile":"","ocean_menu_typo_transform":"","ocean_menu_typo_transform_tablet":"","ocean_menu_typo_transform_mobile":"","ocean_menu_typo_line_height":0,"ocean_menu_typo_line_height_tablet":0,"ocean_menu_typo_line_height_mobile":0,"ocean_menu_typo_line_height_unit":"","ocean_menu_typo_spacing":0,"ocean_menu_typo_spacing_tablet":0,"ocean_menu_typo_spacing_mobile":0,"ocean_menu_typo_spacing_unit":"","ocean_menu_link_color":"","ocean_menu_link_color_hover":"","ocean_menu_link_color_active":"","ocean_menu_link_background":"","ocean_menu_link_hover_background":"","ocean_menu_link_active_background":"","ocean_menu_social_links_bg":"","ocean_menu_social_hover_links_bg":"","ocean_menu_social_links_color":"","ocean_menu_social_hover_links_color":"","ocean_disable_title":"default","ocean_disable_heading":"default","ocean_post_title":"","ocean_post_subheading":"","ocean_post_title_style":"","ocean_post_title_background_color":"","ocean_post_title_background":0,"ocean_post_title_bg_image_position":"","ocean_post_title_bg_image_attachment":"","ocean_post_title_bg_image_repeat":"","ocean_post_title_bg_image_size":"","ocean_post_title_height":0,"ocean_post_title_bg_overlay":0.5,"ocean_post_title_bg_overlay_color":"","ocean_disable_breadcrumbs":"default","ocean_breadcrumbs_color":"","ocean_breadcrumbs_separator_color":"","ocean_breadcrumbs_links_color":"","ocean_breadcrumbs_links_hover_color":"","ocean_display_footer_widgets":"default","ocean_display_footer_bottom":"default","ocean_custom_footer_template":"","_vp_format_video_url":"","_vp_image_focal_point":[],"footnotes":""},"portfolio_category":[],"portfolio_tag":[],"class_list":["post-641","portfolio","type-portfolio","status-publish","format-standard","has-post-thumbnail","hentry","entry","has-media"],"yoast_head":"<!-- This site is optimized with the Yoast SEO plugin v25.2 - https:\/\/yoast.com\/wordpress\/plugins\/seo\/ -->\n<title>Produktov\u00fd design - Grow - design-award.cz<\/title>\n<meta name=\"robots\" content=\"index, follow, max-snippet:-1, max-image-preview:large, max-video-preview:-1\" \/>\n<link rel=\"canonical\" href=\"https:\/\/www.design-award.cz\/?portfolio=produktovy-design-grow\" \/>\n<meta property=\"og:locale\" content=\"cs_CZ\" \/>\n<meta property=\"og:type\" content=\"article\" \/>\n<meta property=\"og:title\" content=\"Produktov\u00fd design - Grow - design-award.cz\" \/>\n<meta property=\"og:description\" content=\"Marie Pato\u010dkov\u00e1 St\u0159edn\u00ed \u0161kola designu interi\u00e9ru Kate\u0159inky Grow je demontovateln\u00fd stolek, kter\u00fd roste spolu s d\u00edt\u011btem a je mu z\u00e1rove\u0148 didaktickou pom\u016fckou. Celkem m\u00e1 t\u0159i formy, \u010d\u00edm\u017e je vhodn\u00fd pro d\u011bti zhruba od p\u016fl roku do 8 let.\u00a0Prvn\u00ed formou je d\u011btsk\u00e1 ohr\u00e1dka. Haptick\u00e9 zkoum\u00e1n\u00ed nov\u00fdch materi\u00e1l\u016f a tvar\u016f je d\u016fle\u017eitou sou\u010d\u00e1st\u00ed d\u011btsk\u00e9ho pozn\u00e1v\u00e1n\u00ed, proto jsou [&hellip;]\" \/>\n<meta property=\"og:url\" content=\"https:\/\/www.design-award.cz\/?portfolio=produktovy-design-grow\" \/>\n<meta property=\"og:site_name\" content=\"design-award.cz\" \/>\n<meta property=\"article:modified_time\" content=\"2022-04-19T10:58:19+00:00\" \/>\n<meta property=\"og:image\" content=\"http:\/\/www.design-award.cz\/wp-content\/uploads\/2022\/04\/vsechny-stolky.jpg\" \/>\n\t<meta property=\"og:image:width\" content=\"1920\" \/>\n\t<meta property=\"og:image:height\" content=\"1080\" \/>\n\t<meta property=\"og:image:type\" content=\"image\/jpeg\" \/>\n<meta name=\"twitter:card\" content=\"summary_large_image\" \/>\n<meta name=\"twitter:label1\" content=\"Odhadovan\u00e1 doba \u010dten\u00ed\" \/>\n\t<meta name=\"twitter:data1\" content=\"2 minuty\" \/>\n<script type=\"application\/ld+json\" class=\"yoast-schema-graph\">{\"@context\":\"https:\/\/schema.org\",\"@graph\":[{\"@type\":\"WebPage\",\"@id\":\"https:\/\/www.design-award.cz\/?portfolio=produktovy-design-grow\",\"url\":\"https:\/\/www.design-award.cz\/?portfolio=produktovy-design-grow\",\"name\":\"Produktov\u00fd design - Grow - design-award.cz\",\"isPartOf\":{\"@id\":\"https:\/\/www.design-award.cz\/#website\"},\"primaryImageOfPage\":{\"@id\":\"https:\/\/www.design-award.cz\/?portfolio=produktovy-design-grow#primaryimage\"},\"image\":{\"@id\":\"https:\/\/www.design-award.cz\/?portfolio=produktovy-design-grow#primaryimage\"},\"thumbnailUrl\":\"https:\/\/www.design-award.cz\/wp-content\/uploads\/2022\/04\/vsechny-stolky.jpg\",\"datePublished\":\"2022-04-19T10:58:18+00:00\",\"dateModified\":\"2022-04-19T10:58:19+00:00\",\"breadcrumb\":{\"@id\":\"https:\/\/www.design-award.cz\/?portfolio=produktovy-design-grow#breadcrumb\"},\"inLanguage\":\"cs\",\"potentialAction\":[{\"@type\":\"ReadAction\",\"target\":[\"https:\/\/www.design-award.cz\/?portfolio=produktovy-design-grow\"]}]},{\"@type\":\"ImageObject\",\"inLanguage\":\"cs\",\"@id\":\"https:\/\/www.design-award.cz\/?portfolio=produktovy-design-grow#primaryimage\",\"url\":\"https:\/\/www.design-award.cz\/wp-content\/uploads\/2022\/04\/vsechny-stolky.jpg\",\"contentUrl\":\"https:\/\/www.design-award.cz\/wp-content\/uploads\/2022\/04\/vsechny-stolky.jpg\",\"width\":1920,\"height\":1080},{\"@type\":\"BreadcrumbList\",\"@id\":\"https:\/\/www.design-award.cz\/?portfolio=produktovy-design-grow#breadcrumb\",\"itemListElement\":[{\"@type\":\"ListItem\",\"position\":1,\"name\":\"Dom\u016f\",\"item\":\"https:\/\/www.design-award.cz\/\"},{\"@type\":\"ListItem\",\"position\":2,\"name\":\"Portfolio Items\",\"item\":\"https:\/\/www.design-award.cz\/?post_type=portfolio\"},{\"@type\":\"ListItem\",\"position\":3,\"name\":\"Produktov\u00fd design &#8211; Grow\"}]},{\"@type\":\"WebSite\",\"@id\":\"https:\/\/www.design-award.cz\/#website\",\"url\":\"https:\/\/www.design-award.cz\/\",\"name\":\"design-award.cz\",\"description\":\"WARD vznikla v roce 2022. Je ur\u010dena p\u0159edev\u0161\u00edm student\u016fm st\u0159edn\u00edch um\u011bleck\u00fdch \u0161kol (S\u0160 a VO\u0160), kte\u0159\u00ed mohou bezplatn\u011b zaslat sv\u00e9 n\u00e1vrhy v uveden\u00fdch kategori\u00ed a tak pom\u011b\u0159it sv\u00e9 n\u00e1pady s konkurenc\u00ed sv\u00fdch vrstevn\u00edk\u016f. N\u00e1vrhy jsou n\u00e1sledn\u011b posouzeny nez\u00e1vislou porotou z \u0159ad v\u00fdtvarn\u00edk\u016f, pedagog\u016f a profesion\u00e1l\u016f z oboru.\",\"publisher\":{\"@id\":\"https:\/\/www.design-award.cz\/#organization\"},\"potentialAction\":[{\"@type\":\"SearchAction\",\"target\":{\"@type\":\"EntryPoint\",\"urlTemplate\":\"https:\/\/www.design-award.cz\/?s={search_term_string}\"},\"query-input\":{\"@type\":\"PropertyValueSpecification\",\"valueRequired\":true,\"valueName\":\"search_term_string\"}}],\"inLanguage\":\"cs\"},{\"@type\":\"Organization\",\"@id\":\"https:\/\/www.design-award.cz\/#organization\",\"name\":\"Design Award\",\"url\":\"https:\/\/www.design-award.cz\/\",\"logo\":{\"@type\":\"ImageObject\",\"inLanguage\":\"cs\",\"@id\":\"https:\/\/www.design-award.cz\/#\/schema\/logo\/image\/\",\"url\":\"http:\/\/www.design-award.cz\/wp-content\/uploads\/2021\/12\/hornilogo_design-award.png\",\"contentUrl\":\"http:\/\/www.design-award.cz\/wp-content\/uploads\/2021\/12\/hornilogo_design-award.png\",\"width\":800,\"height\":600,\"caption\":\"Design Award\"},\"image\":{\"@id\":\"https:\/\/www.design-award.cz\/#\/schema\/logo\/image\/\"},\"sameAs\":[\"https:\/\/www.instagram.com\/design_award\/\"]}]}<\/script>\n<!-- \/ Yoast SEO plugin. -->","yoast_head_json":{"title":"Produktov\u00fd design - Grow - design-award.cz","robots":{"index":"index","follow":"follow","max-snippet":"max-snippet:-1","max-image-preview":"max-image-preview:large","max-video-preview":"max-video-preview:-1"},"canonical":"https:\/\/www.design-award.cz\/?portfolio=produktovy-design-grow","og_locale":"cs_CZ","og_type":"article","og_title":"Produktov\u00fd design - Grow - design-award.cz","og_description":"Marie Pato\u010dkov\u00e1 St\u0159edn\u00ed \u0161kola designu interi\u00e9ru Kate\u0159inky Grow je demontovateln\u00fd stolek, kter\u00fd roste spolu s d\u00edt\u011btem a je mu z\u00e1rove\u0148 didaktickou pom\u016fckou. Celkem m\u00e1 t\u0159i formy, \u010d\u00edm\u017e je vhodn\u00fd pro d\u011bti zhruba od p\u016fl roku do 8 let.\u00a0Prvn\u00ed formou je d\u011btsk\u00e1 ohr\u00e1dka. Haptick\u00e9 zkoum\u00e1n\u00ed nov\u00fdch materi\u00e1l\u016f a tvar\u016f je d\u016fle\u017eitou sou\u010d\u00e1st\u00ed d\u011btsk\u00e9ho pozn\u00e1v\u00e1n\u00ed, proto jsou [&hellip;]","og_url":"https:\/\/www.design-award.cz\/?portfolio=produktovy-design-grow","og_site_name":"design-award.cz","article_modified_time":"2022-04-19T10:58:19+00:00","og_image":[{"width":1920,"height":1080,"url":"http:\/\/www.design-award.cz\/wp-content\/uploads\/2022\/04\/vsechny-stolky.jpg","type":"image\/jpeg"}],"twitter_card":"summary_large_image","twitter_misc":{"Odhadovan\u00e1 doba \u010dten\u00ed":"2 minuty"},"schema":{"@context":"https:\/\/schema.org","@graph":[{"@type":"WebPage","@id":"https:\/\/www.design-award.cz\/?portfolio=produktovy-design-grow","url":"https:\/\/www.design-award.cz\/?portfolio=produktovy-design-grow","name":"Produktov\u00fd design - Grow - design-award.cz","isPartOf":{"@id":"https:\/\/www.design-award.cz\/#website"},"primaryImageOfPage":{"@id":"https:\/\/www.design-award.cz\/?portfolio=produktovy-design-grow#primaryimage"},"image":{"@id":"https:\/\/www.design-award.cz\/?portfolio=produktovy-design-grow#primaryimage"},"thumbnailUrl":"https:\/\/www.design-award.cz\/wp-content\/uploads\/2022\/04\/vsechny-stolky.jpg","datePublished":"2022-04-19T10:58:18+00:00","dateModified":"2022-04-19T10:58:19+00:00","breadcrumb":{"@id":"https:\/\/www.design-award.cz\/?portfolio=produktovy-design-grow#breadcrumb"},"inLanguage":"cs","potentialAction":[{"@type":"ReadAction","target":["https:\/\/www.design-award.cz\/?portfolio=produktovy-design-grow"]}]},{"@type":"ImageObject","inLanguage":"cs","@id":"https:\/\/www.design-award.cz\/?portfolio=produktovy-design-grow#primaryimage","url":"https:\/\/www.design-award.cz\/wp-content\/uploads\/2022\/04\/vsechny-stolky.jpg","contentUrl":"https:\/\/www.design-award.cz\/wp-content\/uploads\/2022\/04\/vsechny-stolky.jpg","width":1920,"height":1080},{"@type":"BreadcrumbList","@id":"https:\/\/www.design-award.cz\/?portfolio=produktovy-design-grow#breadcrumb","itemListElement":[{"@type":"ListItem","position":1,"name":"Dom\u016f","item":"https:\/\/www.design-award.cz\/"},{"@type":"ListItem","position":2,"name":"Portfolio Items","item":"https:\/\/www.design-award.cz\/?post_type=portfolio"},{"@type":"ListItem","position":3,"name":"Produktov\u00fd design &#8211; Grow"}]},{"@type":"WebSite","@id":"https:\/\/www.design-award.cz\/#website","url":"https:\/\/www.design-award.cz\/","name":"design-award.cz","description":"WARD vznikla v roce 2022. Je ur\u010dena p\u0159edev\u0161\u00edm student\u016fm st\u0159edn\u00edch um\u011bleck\u00fdch \u0161kol (S\u0160 a VO\u0160), kte\u0159\u00ed mohou bezplatn\u011b zaslat sv\u00e9 n\u00e1vrhy v uveden\u00fdch kategori\u00ed a tak pom\u011b\u0159it sv\u00e9 n\u00e1pady s konkurenc\u00ed sv\u00fdch vrstevn\u00edk\u016f. N\u00e1vrhy jsou n\u00e1sledn\u011b posouzeny nez\u00e1vislou porotou z \u0159ad v\u00fdtvarn\u00edk\u016f, pedagog\u016f a profesion\u00e1l\u016f z oboru.","publisher":{"@id":"https:\/\/www.design-award.cz\/#organization"},"potentialAction":[{"@type":"SearchAction","target":{"@type":"EntryPoint","urlTemplate":"https:\/\/www.design-award.cz\/?s={search_term_string}"},"query-input":{"@type":"PropertyValueSpecification","valueRequired":true,"valueName":"search_term_string"}}],"inLanguage":"cs"},{"@type":"Organization","@id":"https:\/\/www.design-award.cz\/#organization","name":"Design Award","url":"https:\/\/www.design-award.cz\/","logo":{"@type":"ImageObject","inLanguage":"cs","@id":"https:\/\/www.design-award.cz\/#\/schema\/logo\/image\/","url":"http:\/\/www.design-award.cz\/wp-content\/uploads\/2021\/12\/hornilogo_design-award.png","contentUrl":"http:\/\/www.design-award.cz\/wp-content\/uploads\/2021\/12\/hornilogo_design-award.png","width":800,"height":600,"caption":"Design Award"},"image":{"@id":"https:\/\/www.design-award.cz\/#\/schema\/logo\/image\/"},"sameAs":["https:\/\/www.instagram.com\/design_award\/"]}]}},"_links":{"self":[{"href":"https:\/\/www.design-award.cz\/index.php?rest_route=\/wp\/v2\/portfolio\/641","targetHints":{"allow":["GET"]}}],"collection":[{"href":"https:\/\/www.design-award.cz\/index.php?rest_route=\/wp\/v2\/portfolio"}],"about":[{"href":"https:\/\/www.design-award.cz\/index.php?rest_route=\/wp\/v2\/types\/portfolio"}],"author":[{"embeddable":true,"href":"https:\/\/www.design-award.cz\/index.php?rest_route=\/wp\/v2\/users\/1"}],"replies":[{"embeddable":true,"href":"https:\/\/www.design-award.cz\/index.php?rest_route=%2Fwp%2Fv2%2Fcomments&post=641"}],"version-history":[{"count":1,"href":"https:\/\/www.design-award.cz\/index.php?rest_route=\/wp\/v2\/portfolio\/641\/revisions"}],"predecessor-version":[{"id":647,"href":"https:\/\/www.design-award.cz\/index.php?rest_route=\/wp\/v2\/portfolio\/641\/revisions\/647"}],"wp:featuredmedia":[{"embeddable":true,"href":"https:\/\/www.design-award.cz\/index.php?rest_route=\/wp\/v2\/media\/646"}],"wp:attachment":[{"href":"https:\/\/www.design-award.cz\/index.php?rest_route=%2Fwp%2Fv2%2Fmedia&parent=641"}],"wp:term":[{"taxonomy":"portfolio_category","embeddable":true,"href":"https:\/\/www.design-award.cz\/index.php?rest_route=%2Fwp%2Fv2%2Fportfolio_category&post=641"},{"taxonomy":"portfolio_tag","embeddable":true,"href":"https:\/\/www.design-award.cz\/index.php?rest_route=%2Fwp%2Fv2%2Fportfolio_tag&post=641"}],"curies":[{"name":"wp","href":"https:\/\/api.w.org\/{rel}","templated":true}]}}