{"id":684,"date":"2022-04-22T10:39:23","date_gmt":"2022-04-22T10:39:23","guid":{"rendered":"https:\/\/www.design-award.cz\/?post_type=portfolio&#038;p=684"},"modified":"2022-04-22T10:39:42","modified_gmt":"2022-04-22T10:39:42","slug":"soukromy-interier-sky-thru","status":"publish","type":"portfolio","link":"https:\/\/www.design-award.cz\/?portfolio=soukromy-interier-sky-thru","title":{"rendered":"Soukrom\u00fd interi\u00e9r &#8211; Sky Thru"},"content":{"rendered":"\n<h2 class=\"wp-block-heading\">Jan Galac<\/h2>\n\n\n\n<p><strong>St\u0159edn\u00ed \u0161kola um\u011bn\u00ed a designu a Vy\u0161\u0161\u00ed odborn\u00e1 \u0161kola Brno, p\u0159\u00edsp\u011bvkov\u00e1 organizace<\/strong><\/p>\n\n\n\n<p>Jedn\u00e1 se o klauzurn\u00ed pr\u00e1ci prvn\u00edho pololet\u00ed 4. ro\u010dn\u00edku 2021\/2022<\/p>\n\n\n\n<p>Moje hlavn\u00ed c\u00edle p\u0159i vytv\u00e1\u0159en\u00ed tohoto interi\u00e9ru byla my\u0161lenka propojen\u00ed \u010dlov\u011bka s p\u0159\u00edrodou, \u010distota, jednoduchost a vzdu\u0161nost obytn\u00fdch prostor.<\/p>\n\n\n\n<p>V prezentovan\u00e9m konceptu jsem d\u00edky \u017eiv\u00e9 st\u011bn\u011b a rohov\u00e9mu oknu dok\u00e1zal prostor propojit jak s oblohou tak se zem\u00ed. Pro spojen\u00ed vnit\u0159n\u00edch prostor jsem pou\u017eil otev\u0159en\u00e9 port\u00e1ly, kter\u00e9 p\u0159in\u00e1\u0161ej\u00ed ji\u017e zmi\u0148ovanou vzdu\u0161nost a tak\u00e9 sv\u011btelnost.<\/p>\n\n\n\n<p>Prostor ob\u00fdvac\u00edho pokoje jsem rozd\u011blil na dv\u011b \u010d\u00e1sti &#8211; z\u00f3nu klidovou a z\u00f3nu spole\u010denskou.<br>Z\u00f3na klidov\u00e1 je p\u00f3dium mezi rohov\u00fdm oknem a \u017eivou st\u011bnou \/ stropem kde d\u00edky dostate\u010dn\u00e9 sv\u011btelnosti je mo\u017eno relaxovat nap\u0159\u00edklad s kn\u00ed\u017ekou v ruce.<br>Naproti se rozp\u00edn\u00e1 z\u00f3na spole\u010densk\u00e1. Ta d\u00edky sedac\u00ed souprav\u011b p\u0159in\u00e1\u0161\u00ed m\u00edsto k tr\u00e1ven\u00ed \u010dasu s va\u0161imi bl\u00edzk\u00fdmi za p\u0159irozen\u00e9ho sv\u011btla d\u00edky krbu.<\/p>\n\n\n\n<p>Rohov\u00e9 okno plynule navazuje na venkovn\u00ed fas\u00e1du a d\u00edky tomu se vytvo\u0159ilo m\u00edsto pro ventilaci a topen\u00ed ve v\u00fdkroji zdi.<\/p>\n\n\n\n<p>Podhled jsem pou\u017eil pro skryt\u00ed nosn\u00e9 konstrukce kv\u011btin\u00e1\u010d\u016f, ze kter\u00fdch se po m\u0159\u00ed\u017ece rozep\u00ednaj\u00ed rostliny a zapl\u0148uj\u00ed jinak pr\u00e1zdn\u00fd prostor u stropu.<\/p>\n\n\n\n<p>Zaoblen\u00e9 k\u0159ivky n\u00e1bytku a zaoblen\u00e1 st\u011bna s vestav\u011bn\u00fdm krbem opticky roz\u0161i\u0159uje prostor.<\/p>\n\n\n\n<p><\/p>\n\n\n\n<figure class=\"wp-block-image size-large\"><img decoding=\"async\" width=\"778\" height=\"1024\" data-src=\"http:\/\/www.design-award.cz\/wp-content\/uploads\/2022\/04\/plakat-verze333333-min-778x1024.png\" alt=\"\" class=\"wp-image-690 lazyload\" data-srcset=\"https:\/\/www.design-award.cz\/wp-content\/uploads\/2022\/04\/plakat-verze333333-min-778x1024.png 778w, https:\/\/www.design-award.cz\/wp-content\/uploads\/2022\/04\/plakat-verze333333-min-228x300.png 228w, https:\/\/www.design-award.cz\/wp-content\/uploads\/2022\/04\/plakat-verze333333-min-768x1011.png 768w, https:\/\/www.design-award.cz\/wp-content\/uploads\/2022\/04\/plakat-verze333333-min-1167x1536.png 1167w, https:\/\/www.design-award.cz\/wp-content\/uploads\/2022\/04\/plakat-verze333333-min-1556x2048.png 1556w, https:\/\/www.design-award.cz\/wp-content\/uploads\/2022\/04\/plakat-verze333333-min-500x658.png 500w, https:\/\/www.design-award.cz\/wp-content\/uploads\/2022\/04\/plakat-verze333333-min-800x1053.png 800w, https:\/\/www.design-award.cz\/wp-content\/uploads\/2022\/04\/plakat-verze333333-min-1280x1685.png 1280w, https:\/\/www.design-award.cz\/wp-content\/uploads\/2022\/04\/plakat-verze333333-min-1920x2527.png 1920w, https:\/\/www.design-award.cz\/wp-content\/uploads\/2022\/04\/plakat-verze333333-min.png 2009w\" data-sizes=\"(max-width: 778px) 100vw, 778px\" src=\"data:image\/svg+xml;base64,PHN2ZyB3aWR0aD0iMSIgaGVpZ2h0PSIxIiB4bWxucz0iaHR0cDovL3d3dy53My5vcmcvMjAwMC9zdmciPjwvc3ZnPg==\" style=\"--smush-placeholder-width: 778px; --smush-placeholder-aspect-ratio: 778\/1024;\" \/><\/figure>\n\n\n\n<figure class=\"wp-block-image size-large\"><img decoding=\"async\" width=\"1024\" height=\"576\" data-src=\"http:\/\/www.design-award.cz\/wp-content\/uploads\/2022\/04\/finis_Photo-kopie-upraveny-1-1024x576.png\" alt=\"\" class=\"wp-image-689 lazyload\" data-srcset=\"https:\/\/www.design-award.cz\/wp-content\/uploads\/2022\/04\/finis_Photo-kopie-upraveny-1-1024x576.png 1024w, https:\/\/www.design-award.cz\/wp-content\/uploads\/2022\/04\/finis_Photo-kopie-upraveny-1-300x169.png 300w, https:\/\/www.design-award.cz\/wp-content\/uploads\/2022\/04\/finis_Photo-kopie-upraveny-1-768x432.png 768w, https:\/\/www.design-award.cz\/wp-content\/uploads\/2022\/04\/finis_Photo-kopie-upraveny-1-1536x864.png 1536w, https:\/\/www.design-award.cz\/wp-content\/uploads\/2022\/04\/finis_Photo-kopie-upraveny-1-2048x1153.png 2048w, https:\/\/www.design-award.cz\/wp-content\/uploads\/2022\/04\/finis_Photo-kopie-upraveny-1-500x281.png 500w, https:\/\/www.design-award.cz\/wp-content\/uploads\/2022\/04\/finis_Photo-kopie-upraveny-1-800x450.png 800w, https:\/\/www.design-award.cz\/wp-content\/uploads\/2022\/04\/finis_Photo-kopie-upraveny-1-1280x720.png 1280w, https:\/\/www.design-award.cz\/wp-content\/uploads\/2022\/04\/finis_Photo-kopie-upraveny-1-1920x1080.png 1920w\" data-sizes=\"(max-width: 1024px) 100vw, 1024px\" src=\"data:image\/svg+xml;base64,PHN2ZyB3aWR0aD0iMSIgaGVpZ2h0PSIxIiB4bWxucz0iaHR0cDovL3d3dy53My5vcmcvMjAwMC9zdmciPjwvc3ZnPg==\" style=\"--smush-placeholder-width: 1024px; --smush-placeholder-aspect-ratio: 1024\/576;\" \/><\/figure>\n\n\n\n<figure class=\"wp-block-image size-large\"><img decoding=\"async\" width=\"1024\" height=\"576\" data-src=\"http:\/\/www.design-award.cz\/wp-content\/uploads\/2022\/04\/venku-kopie-1024x576.png\" alt=\"\" class=\"wp-image-691 lazyload\" data-srcset=\"https:\/\/www.design-award.cz\/wp-content\/uploads\/2022\/04\/venku-kopie-1024x576.png 1024w, https:\/\/www.design-award.cz\/wp-content\/uploads\/2022\/04\/venku-kopie-300x169.png 300w, https:\/\/www.design-award.cz\/wp-content\/uploads\/2022\/04\/venku-kopie-768x432.png 768w, https:\/\/www.design-award.cz\/wp-content\/uploads\/2022\/04\/venku-kopie-1536x864.png 1536w, https:\/\/www.design-award.cz\/wp-content\/uploads\/2022\/04\/venku-kopie-500x281.png 500w, https:\/\/www.design-award.cz\/wp-content\/uploads\/2022\/04\/venku-kopie-800x450.png 800w, https:\/\/www.design-award.cz\/wp-content\/uploads\/2022\/04\/venku-kopie-1280x720.png 1280w, https:\/\/www.design-award.cz\/wp-content\/uploads\/2022\/04\/venku-kopie.png 1920w\" data-sizes=\"(max-width: 1024px) 100vw, 1024px\" src=\"data:image\/svg+xml;base64,PHN2ZyB3aWR0aD0iMSIgaGVpZ2h0PSIxIiB4bWxucz0iaHR0cDovL3d3dy53My5vcmcvMjAwMC9zdmciPjwvc3ZnPg==\" style=\"--smush-placeholder-width: 1024px; --smush-placeholder-aspect-ratio: 1024\/576;\" \/><\/figure>\n\n\n\n<figure class=\"wp-block-image size-large\"><img decoding=\"async\" width=\"1024\" height=\"576\" data-src=\"http:\/\/www.design-award.cz\/wp-content\/uploads\/2022\/04\/finis_Photo-4-kopie-1024x576.png\" alt=\"\" class=\"wp-image-686 lazyload\" data-srcset=\"https:\/\/www.design-award.cz\/wp-content\/uploads\/2022\/04\/finis_Photo-4-kopie-1024x576.png 1024w, https:\/\/www.design-award.cz\/wp-content\/uploads\/2022\/04\/finis_Photo-4-kopie-300x169.png 300w, https:\/\/www.design-award.cz\/wp-content\/uploads\/2022\/04\/finis_Photo-4-kopie-768x432.png 768w, https:\/\/www.design-award.cz\/wp-content\/uploads\/2022\/04\/finis_Photo-4-kopie-1536x864.png 1536w, https:\/\/www.design-award.cz\/wp-content\/uploads\/2022\/04\/finis_Photo-4-kopie-2048x1153.png 2048w, https:\/\/www.design-award.cz\/wp-content\/uploads\/2022\/04\/finis_Photo-4-kopie-500x281.png 500w, https:\/\/www.design-award.cz\/wp-content\/uploads\/2022\/04\/finis_Photo-4-kopie-800x450.png 800w, https:\/\/www.design-award.cz\/wp-content\/uploads\/2022\/04\/finis_Photo-4-kopie-1280x720.png 1280w, https:\/\/www.design-award.cz\/wp-content\/uploads\/2022\/04\/finis_Photo-4-kopie-1920x1080.png 1920w\" data-sizes=\"(max-width: 1024px) 100vw, 1024px\" src=\"data:image\/svg+xml;base64,PHN2ZyB3aWR0aD0iMSIgaGVpZ2h0PSIxIiB4bWxucz0iaHR0cDovL3d3dy53My5vcmcvMjAwMC9zdmciPjwvc3ZnPg==\" style=\"--smush-placeholder-width: 1024px; --smush-placeholder-aspect-ratio: 1024\/576;\" \/><\/figure>\n\n\n\n<figure class=\"wp-block-image size-large\"><img decoding=\"async\" width=\"724\" height=\"1024\" data-src=\"http:\/\/www.design-award.cz\/wp-content\/uploads\/2022\/04\/cad-724x1024.jpg\" alt=\"\" class=\"wp-image-685 lazyload\" data-srcset=\"https:\/\/www.design-award.cz\/wp-content\/uploads\/2022\/04\/cad-724x1024.jpg 724w, https:\/\/www.design-award.cz\/wp-content\/uploads\/2022\/04\/cad-212x300.jpg 212w, https:\/\/www.design-award.cz\/wp-content\/uploads\/2022\/04\/cad-768x1086.jpg 768w, https:\/\/www.design-award.cz\/wp-content\/uploads\/2022\/04\/cad-1086x1536.jpg 1086w, https:\/\/www.design-award.cz\/wp-content\/uploads\/2022\/04\/cad-1448x2048.jpg 1448w, https:\/\/www.design-award.cz\/wp-content\/uploads\/2022\/04\/cad-500x707.jpg 500w, https:\/\/www.design-award.cz\/wp-content\/uploads\/2022\/04\/cad-800x1132.jpg 800w, https:\/\/www.design-award.cz\/wp-content\/uploads\/2022\/04\/cad-1280x1811.jpg 1280w, https:\/\/www.design-award.cz\/wp-content\/uploads\/2022\/04\/cad-1920x2716.jpg 1920w, https:\/\/www.design-award.cz\/wp-content\/uploads\/2022\/04\/cad-scaled.jpg 1810w\" data-sizes=\"(max-width: 724px) 100vw, 724px\" src=\"data:image\/svg+xml;base64,PHN2ZyB3aWR0aD0iMSIgaGVpZ2h0PSIxIiB4bWxucz0iaHR0cDovL3d3dy53My5vcmcvMjAwMC9zdmciPjwvc3ZnPg==\" style=\"--smush-placeholder-width: 724px; --smush-placeholder-aspect-ratio: 724\/1024;\" \/><\/figure>\n\n\n\n<p>obor: design interi\u00e9ru<br>v<sub>edouc\u00ed: Petr Coufal<\/sub><\/p>\n\n\n<div class=\"wp-block-visual-portfolio\">\n<div class=\"vp-portfolio vp-uid-2ece4a06 vp-id-607\"\n\tdata-vp-layout=\"slider\" data-vp-content-source=\"post-based\" data-vp-items-style=\"fade\" data-vp-items-click-action=\"url\" data-vp-items-gap=\"12\" data-vp-items-gap-vertical=\"\" data-vp-pagination=\"load-more\" data-vp-next-page-url=\"https:\/\/www.design-award.cz\/index.php?rest_route=%2Fwp%2Fv2%2Fportfolio%2F684&#038;vp_page=2\" data-vp-random-seed=\"2209980788\" data-vp-slider-effect=\"slide\" data-vp-slider-items-height=\"80%\" data-vp-slider-items-min-height=\"\" data-vp-slider-slides-per-view=\"3\" data-vp-slider-speed=\"0.3\" data-vp-slider-autoplay=\"4.8\" data-vp-slider-autoplay-hover-pause=\"false\" data-vp-slider-centered-slides=\"true\" data-vp-slider-loop=\"true\" data-vp-slider-free-mode=\"false\" data-vp-slider-free-mode-sticky=\"false\" data-vp-slider-arrows=\"true\" data-vp-slider-bullets=\"false\" data-vp-slider-bullets-dynamic=\"false\" data-vp-slider-mousewheel=\"false\" data-vp-slider-thumbnails=\"false\" >\n\t<div class=\"vp-portfolio__preloader-wrap\">\n\t\t<div class=\"vp-portfolio__preloader\">\n\t\t\t<img decoding=\"async\" loading=\"eager\" src=\"https:\/\/www.design-award.cz\/wp-content\/plugins\/visual-portfolio\/assets\/images\/logo-dark.svg\" alt=\"Visual Portfolio, Posts &amp; Image Gallery for WordPress\" width=\"20\" height=\"20\" data-skip-lazy>\n\t\t<\/div>\n\t<\/div>\n\t\t<div class=\"vp-portfolio__items-wrap\">\n\t\t\t\n<div class=\"vp-portfolio__items vp-portfolio__items-style-fade vp-portfolio__items-show-overlay-hover\">\n\n\t\t<article\t\tclass=\"vp-portfolio__item-wrap post-2357 portfolio type-portfolio status-publish format-standard has-post-thumbnail hentry portfolio_category-soutezici-2023 entry has-media vp-portfolio__item-uid-0d8007e2\" data-vp-filter=\"soutezici-2023\" \t\t>\n\t\t\t\t\t\t\t\t\t<figure class=\"vp-portfolio__item\">\n\t\t\t\t\n<div class=\"vp-portfolio__item-img-wrap\">\n\t<div class=\"vp-portfolio__item-img\">\n\t\t\t<a\n\t\thref=\"https:\/\/www.design-award.cz\/?portfolio=produktovy-design-lampa-dekorativni\"\n\t\t\t>\n\t\n\t\t<noscript><img decoding=\"async\" width=\"1920\" height=\"2560\" data-skip-lazy src=\"https:\/\/www.design-award.cz\/wp-content\/uploads\/2023\/04\/Sabina-Bindrova-dekorativni-lampa-1-1920x2560.jpg\" class=\"wp-image-2367\" alt=\"\" srcset=\"https:\/\/www.design-award.cz\/wp-content\/uploads\/2023\/04\/Sabina-Bindrova-dekorativni-lampa-1-scaled.jpg 1920w, https:\/\/www.design-award.cz\/wp-content\/uploads\/2023\/04\/Sabina-Bindrova-dekorativni-lampa-1-225x300.jpg 225w, https:\/\/www.design-award.cz\/wp-content\/uploads\/2023\/04\/Sabina-Bindrova-dekorativni-lampa-1-768x1024.jpg 768w, https:\/\/www.design-award.cz\/wp-content\/uploads\/2023\/04\/Sabina-Bindrova-dekorativni-lampa-1-1152x1536.jpg 1152w, https:\/\/www.design-award.cz\/wp-content\/uploads\/2023\/04\/Sabina-Bindrova-dekorativni-lampa-1-1536x2048.jpg 1536w, https:\/\/www.design-award.cz\/wp-content\/uploads\/2023\/04\/Sabina-Bindrova-dekorativni-lampa-1-500x667.jpg 500w, https:\/\/www.design-award.cz\/wp-content\/uploads\/2023\/04\/Sabina-Bindrova-dekorativni-lampa-1-800x1067.jpg 800w, https:\/\/www.design-award.cz\/wp-content\/uploads\/2023\/04\/Sabina-Bindrova-dekorativni-lampa-1-1280x1707.jpg 1280w\" sizes=\"(max-width: 1920px) 100vw, 1920px\" \/><\/noscript><img fetchpriority=\"high\" decoding=\"async\" width=\"1920\" height=\"2560\" src=\"https:\/\/www.design-award.cz\/wp-content\/uploads\/2023\/04\/Sabina-Bindrova-dekorativni-lampa-1-1920x2560.jpg\" class=\"wp-image-2367 vp-lazyload\" alt srcset=\"data:image\/svg+xml;base64,PHN2ZyB3aWR0aD0iMTkyMCIgaGVpZ2h0PSIyNTYwIiB2aWV3Qm94PSIwIDAgMTkyMCAyNTYwIiBmaWxsPSJub25lIiB4bWxucz0iaHR0cDovL3d3dy53My5vcmcvMjAwMC9zdmciPjwvc3ZnPg==\" data-src=\"https:\/\/www.design-award.cz\/wp-content\/uploads\/2023\/04\/Sabina-Bindrova-dekorativni-lampa-1-1920x2560.jpg\" data-srcset=\"https:\/\/www.design-award.cz\/wp-content\/uploads\/2023\/04\/Sabina-Bindrova-dekorativni-lampa-1-scaled.jpg 1920w, https:\/\/www.design-award.cz\/wp-content\/uploads\/2023\/04\/Sabina-Bindrova-dekorativni-lampa-1-225x300.jpg 225w, https:\/\/www.design-award.cz\/wp-content\/uploads\/2023\/04\/Sabina-Bindrova-dekorativni-lampa-1-768x1024.jpg 768w, https:\/\/www.design-award.cz\/wp-content\/uploads\/2023\/04\/Sabina-Bindrova-dekorativni-lampa-1-1152x1536.jpg 1152w, https:\/\/www.design-award.cz\/wp-content\/uploads\/2023\/04\/Sabina-Bindrova-dekorativni-lampa-1-1536x2048.jpg 1536w, https:\/\/www.design-award.cz\/wp-content\/uploads\/2023\/04\/Sabina-Bindrova-dekorativni-lampa-1-500x667.jpg 500w, https:\/\/www.design-award.cz\/wp-content\/uploads\/2023\/04\/Sabina-Bindrova-dekorativni-lampa-1-800x1067.jpg 800w, https:\/\/www.design-award.cz\/wp-content\/uploads\/2023\/04\/Sabina-Bindrova-dekorativni-lampa-1-1280x1707.jpg 1280w\" data-sizes=\"auto\" loading=\"eager\">\n\t\t<\/a>\t<\/div>\n<\/div>\n\t<figcaption class=\"vp-portfolio__item-overlay vp-portfolio__item-overlay-text-align-center\">\n\t\t<div class=\"vp-portfolio__item-meta-wrap vp-portfolio__custom-scrollbar\">\n\t\t\t\t<a\n\t\thref=\"https:\/\/www.design-award.cz\/?portfolio=produktovy-design-lampa-dekorativni\"\n\t\ttabindex=\"-1\" class=\"vp-portfolio__item-meta\" \t>\n\t\n<div class=\"vp-portfolio__item-meta-categories\">\n\t\t\t<div class=\"vp-portfolio__item-meta-category\">\n\t\t\t\t<span\t\t\t>\n\tSOUT\u011a\u017d\u00cdC\u00cd 2023<\/span>\t\t<\/div>\n\t\t<\/div>\n\n<h2 class=\"vp-portfolio__item-meta-title\">\n\tProduktov\u00fd design &#8211; Lampa dekorativn\u00ed<\/h2>\n<\/a>\t\t<\/div>\n\t<\/figcaption>\n\t\t\t<\/figure>\n\t\t\t\t\t<\/article>\n\t\t\n\t\t<article\t\tclass=\"vp-portfolio__item-wrap post-111 portfolio type-portfolio status-publish format-standard has-post-thumbnail hentry entry has-media vp-portfolio__item-uid-d51ab459\" data-vp-filter=\"\" \t\t>\n\t\t\t\t\t\t\t\t\t<figure class=\"vp-portfolio__item\">\n\t\t\t\t\n<div class=\"vp-portfolio__item-img-wrap\">\n\t<div class=\"vp-portfolio__item-img\">\n\t\t\t<a\n\t\thref=\"https:\/\/www.design-award.cz\/?portfolio=cenda-kavarna\"\n\t\t\t>\n\t\n\t\t<noscript><img decoding=\"async\" width=\"1920\" height=\"1080\" data-skip-lazy src=\"https:\/\/www.design-award.cz\/wp-content\/uploads\/2022\/05\/cenek-travnicek.jpg\" class=\"wp-image-1515\" alt=\"\" srcset=\"https:\/\/www.design-award.cz\/wp-content\/uploads\/2022\/05\/cenek-travnicek.jpg 1920w, https:\/\/www.design-award.cz\/wp-content\/uploads\/2022\/05\/cenek-travnicek-300x169.jpg 300w, https:\/\/www.design-award.cz\/wp-content\/uploads\/2022\/05\/cenek-travnicek-1024x576.jpg 1024w, https:\/\/www.design-award.cz\/wp-content\/uploads\/2022\/05\/cenek-travnicek-768x432.jpg 768w, https:\/\/www.design-award.cz\/wp-content\/uploads\/2022\/05\/cenek-travnicek-1536x864.jpg 1536w, https:\/\/www.design-award.cz\/wp-content\/uploads\/2022\/05\/cenek-travnicek-500x281.jpg 500w, https:\/\/www.design-award.cz\/wp-content\/uploads\/2022\/05\/cenek-travnicek-800x450.jpg 800w, https:\/\/www.design-award.cz\/wp-content\/uploads\/2022\/05\/cenek-travnicek-1280x720.jpg 1280w\" sizes=\"(max-width: 1920px) 100vw, 1920px\" \/><\/noscript><img decoding=\"async\" width=\"1920\" height=\"1080\" src=\"https:\/\/www.design-award.cz\/wp-content\/uploads\/2022\/05\/cenek-travnicek.jpg\" class=\"wp-image-1515 vp-lazyload\" alt srcset=\"data:image\/svg+xml;base64,PHN2ZyB3aWR0aD0iMTkyMCIgaGVpZ2h0PSIxMDgwIiB2aWV3Qm94PSIwIDAgMTkyMCAxMDgwIiBmaWxsPSJub25lIiB4bWxucz0iaHR0cDovL3d3dy53My5vcmcvMjAwMC9zdmciPjwvc3ZnPg==\" data-src=\"https:\/\/www.design-award.cz\/wp-content\/uploads\/2022\/05\/cenek-travnicek.jpg\" data-srcset=\"https:\/\/www.design-award.cz\/wp-content\/uploads\/2022\/05\/cenek-travnicek.jpg 1920w, https:\/\/www.design-award.cz\/wp-content\/uploads\/2022\/05\/cenek-travnicek-300x169.jpg 300w, https:\/\/www.design-award.cz\/wp-content\/uploads\/2022\/05\/cenek-travnicek-1024x576.jpg 1024w, https:\/\/www.design-award.cz\/wp-content\/uploads\/2022\/05\/cenek-travnicek-768x432.jpg 768w, https:\/\/www.design-award.cz\/wp-content\/uploads\/2022\/05\/cenek-travnicek-1536x864.jpg 1536w, https:\/\/www.design-award.cz\/wp-content\/uploads\/2022\/05\/cenek-travnicek-500x281.jpg 500w, https:\/\/www.design-award.cz\/wp-content\/uploads\/2022\/05\/cenek-travnicek-800x450.jpg 800w, https:\/\/www.design-award.cz\/wp-content\/uploads\/2022\/05\/cenek-travnicek-1280x720.jpg 1280w\" data-sizes=\"auto\" loading=\"eager\">\n\t\t<\/a>\t<\/div>\n<\/div>\n\t<figcaption class=\"vp-portfolio__item-overlay vp-portfolio__item-overlay-text-align-center\">\n\t\t<div class=\"vp-portfolio__item-meta-wrap vp-portfolio__custom-scrollbar\">\n\t\t\t\t<a\n\t\thref=\"https:\/\/www.design-award.cz\/?portfolio=cenda-kavarna\"\n\t\ttabindex=\"-1\" class=\"vp-portfolio__item-meta\" \t>\n\t\n<h2 class=\"vp-portfolio__item-meta-title\">\n\tVe\u0159ejn\u00fd interi\u00e9r &#8211; Kav\u00e1rna<\/h2>\n<\/a>\t\t<\/div>\n\t<\/figcaption>\n\t\t\t<\/figure>\n\t\t\t\t\t<\/article>\n\t\t\n\t\t<article\t\tclass=\"vp-portfolio__item-wrap post-1104 portfolio type-portfolio status-publish format-standard has-post-thumbnail hentry entry has-media vp-portfolio__item-uid-f8cfd99d\" data-vp-filter=\"\" \t\t>\n\t\t\t\t\t\t\t\t\t<figure class=\"vp-portfolio__item\">\n\t\t\t\t\n<div class=\"vp-portfolio__item-img-wrap\">\n\t<div class=\"vp-portfolio__item-img\">\n\t\t\t<a\n\t\thref=\"https:\/\/www.design-award.cz\/?portfolio=produktovy-design-skyscraper\"\n\t\t\t>\n\t\n\t\t<noscript><img decoding=\"async\" width=\"1920\" height=\"1252\" data-skip-lazy src=\"https:\/\/www.design-award.cz\/wp-content\/uploads\/2022\/04\/IMG4005-1920x1252.jpg\" class=\"wp-image-1109\" alt=\"\" srcset=\"https:\/\/www.design-award.cz\/wp-content\/uploads\/2022\/04\/IMG4005-1920x1252.jpg 1920w, https:\/\/www.design-award.cz\/wp-content\/uploads\/2022\/04\/IMG4005-300x196.jpg 300w, https:\/\/www.design-award.cz\/wp-content\/uploads\/2022\/04\/IMG4005-1024x668.jpg 1024w, https:\/\/www.design-award.cz\/wp-content\/uploads\/2022\/04\/IMG4005-768x501.jpg 768w, https:\/\/www.design-award.cz\/wp-content\/uploads\/2022\/04\/IMG4005-1536x1002.jpg 1536w, https:\/\/www.design-award.cz\/wp-content\/uploads\/2022\/04\/IMG4005-2048x1336.jpg 2048w, https:\/\/www.design-award.cz\/wp-content\/uploads\/2022\/04\/IMG4005-500x326.jpg 500w, https:\/\/www.design-award.cz\/wp-content\/uploads\/2022\/04\/IMG4005-800x522.jpg 800w, https:\/\/www.design-award.cz\/wp-content\/uploads\/2022\/04\/IMG4005-1280x835.jpg 1280w\" sizes=\"(max-width: 1920px) 100vw, 1920px\" \/><\/noscript><img decoding=\"async\" width=\"1920\" height=\"1252\" src=\"https:\/\/www.design-award.cz\/wp-content\/uploads\/2022\/04\/IMG4005-1920x1252.jpg\" class=\"wp-image-1109 vp-lazyload\" alt srcset=\"data:image\/svg+xml;base64,PHN2ZyB3aWR0aD0iMTkyMCIgaGVpZ2h0PSIxMjUyIiB2aWV3Qm94PSIwIDAgMTkyMCAxMjUyIiBmaWxsPSJub25lIiB4bWxucz0iaHR0cDovL3d3dy53My5vcmcvMjAwMC9zdmciPjwvc3ZnPg==\" data-src=\"https:\/\/www.design-award.cz\/wp-content\/uploads\/2022\/04\/IMG4005-1920x1252.jpg\" data-srcset=\"https:\/\/www.design-award.cz\/wp-content\/uploads\/2022\/04\/IMG4005-1920x1252.jpg 1920w, https:\/\/www.design-award.cz\/wp-content\/uploads\/2022\/04\/IMG4005-300x196.jpg 300w, https:\/\/www.design-award.cz\/wp-content\/uploads\/2022\/04\/IMG4005-1024x668.jpg 1024w, https:\/\/www.design-award.cz\/wp-content\/uploads\/2022\/04\/IMG4005-768x501.jpg 768w, https:\/\/www.design-award.cz\/wp-content\/uploads\/2022\/04\/IMG4005-1536x1002.jpg 1536w, https:\/\/www.design-award.cz\/wp-content\/uploads\/2022\/04\/IMG4005-2048x1336.jpg 2048w, https:\/\/www.design-award.cz\/wp-content\/uploads\/2022\/04\/IMG4005-500x326.jpg 500w, https:\/\/www.design-award.cz\/wp-content\/uploads\/2022\/04\/IMG4005-800x522.jpg 800w, https:\/\/www.design-award.cz\/wp-content\/uploads\/2022\/04\/IMG4005-1280x835.jpg 1280w\" data-sizes=\"auto\" loading=\"eager\">\n\t\t<\/a>\t<\/div>\n<\/div>\n\t<figcaption class=\"vp-portfolio__item-overlay vp-portfolio__item-overlay-text-align-center\">\n\t\t<div class=\"vp-portfolio__item-meta-wrap vp-portfolio__custom-scrollbar\">\n\t\t\t\t<a\n\t\thref=\"https:\/\/www.design-award.cz\/?portfolio=produktovy-design-skyscraper\"\n\t\ttabindex=\"-1\" class=\"vp-portfolio__item-meta\" \t>\n\t\n<h2 class=\"vp-portfolio__item-meta-title\">\n\tProduktov\u00fd design &#8211; Skyscraper<\/h2>\n<\/a>\t\t<\/div>\n\t<\/figcaption>\n\t\t\t<\/figure>\n\t\t\t\t\t<\/article>\n\t\t\n\t\t<article\t\tclass=\"vp-portfolio__item-wrap post-3776 portfolio type-portfolio status-publish format-standard has-post-thumbnail hentry entry has-media vp-portfolio__item-uid-f7049a4f\" data-vp-filter=\"\" \t\t>\n\t\t\t\t\t\t\t\t\t<figure class=\"vp-portfolio__item\">\n\t\t\t\t\n<div class=\"vp-portfolio__item-img-wrap\">\n\t<div class=\"vp-portfolio__item-img\">\n\t\t\t<a\n\t\thref=\"https:\/\/www.design-award.cz\/?portfolio=produktovy-design-slza-pohrebni-urna-do-interieru\"\n\t\t\t>\n\t\n\t\t<noscript><img decoding=\"async\" width=\"1920\" height=\"1357\" data-skip-lazy src=\"https:\/\/www.design-award.cz\/wp-content\/uploads\/2024\/06\/SLZA-urna-01-1920x1357.jpg\" class=\"wp-image-3781\" alt=\"\" srcset=\"https:\/\/www.design-award.cz\/wp-content\/uploads\/2024\/06\/SLZA-urna-01-1920x1357.jpg 1920w, https:\/\/www.design-award.cz\/wp-content\/uploads\/2024\/06\/SLZA-urna-01-300x212.jpg 300w, https:\/\/www.design-award.cz\/wp-content\/uploads\/2024\/06\/SLZA-urna-01-1024x724.jpg 1024w, https:\/\/www.design-award.cz\/wp-content\/uploads\/2024\/06\/SLZA-urna-01-768x543.jpg 768w, https:\/\/www.design-award.cz\/wp-content\/uploads\/2024\/06\/SLZA-urna-01-1536x1086.jpg 1536w, https:\/\/www.design-award.cz\/wp-content\/uploads\/2024\/06\/SLZA-urna-01-2048x1448.jpg 2048w, https:\/\/www.design-award.cz\/wp-content\/uploads\/2024\/06\/SLZA-urna-01-500x353.jpg 500w, https:\/\/www.design-award.cz\/wp-content\/uploads\/2024\/06\/SLZA-urna-01-800x566.jpg 800w, https:\/\/www.design-award.cz\/wp-content\/uploads\/2024\/06\/SLZA-urna-01-1280x905.jpg 1280w\" sizes=\"(max-width: 1920px) 100vw, 1920px\" \/><\/noscript><img decoding=\"async\" width=\"1920\" height=\"1357\" src=\"https:\/\/www.design-award.cz\/wp-content\/uploads\/2024\/06\/SLZA-urna-01-1920x1357.jpg\" class=\"wp-image-3781 vp-lazyload\" alt srcset=\"data:image\/svg+xml;base64,PHN2ZyB3aWR0aD0iMTkyMCIgaGVpZ2h0PSIxMzU3IiB2aWV3Qm94PSIwIDAgMTkyMCAxMzU3IiBmaWxsPSJub25lIiB4bWxucz0iaHR0cDovL3d3dy53My5vcmcvMjAwMC9zdmciPjwvc3ZnPg==\" data-src=\"https:\/\/www.design-award.cz\/wp-content\/uploads\/2024\/06\/SLZA-urna-01-1920x1357.jpg\" data-srcset=\"https:\/\/www.design-award.cz\/wp-content\/uploads\/2024\/06\/SLZA-urna-01-1920x1357.jpg 1920w, https:\/\/www.design-award.cz\/wp-content\/uploads\/2024\/06\/SLZA-urna-01-300x212.jpg 300w, https:\/\/www.design-award.cz\/wp-content\/uploads\/2024\/06\/SLZA-urna-01-1024x724.jpg 1024w, https:\/\/www.design-award.cz\/wp-content\/uploads\/2024\/06\/SLZA-urna-01-768x543.jpg 768w, https:\/\/www.design-award.cz\/wp-content\/uploads\/2024\/06\/SLZA-urna-01-1536x1086.jpg 1536w, https:\/\/www.design-award.cz\/wp-content\/uploads\/2024\/06\/SLZA-urna-01-2048x1448.jpg 2048w, https:\/\/www.design-award.cz\/wp-content\/uploads\/2024\/06\/SLZA-urna-01-500x353.jpg 500w, https:\/\/www.design-award.cz\/wp-content\/uploads\/2024\/06\/SLZA-urna-01-800x566.jpg 800w, https:\/\/www.design-award.cz\/wp-content\/uploads\/2024\/06\/SLZA-urna-01-1280x905.jpg 1280w\" data-sizes=\"auto\" loading=\"eager\">\n\t\t<\/a>\t<\/div>\n<\/div>\n\t<figcaption class=\"vp-portfolio__item-overlay vp-portfolio__item-overlay-text-align-center\">\n\t\t<div class=\"vp-portfolio__item-meta-wrap vp-portfolio__custom-scrollbar\">\n\t\t\t\t<a\n\t\thref=\"https:\/\/www.design-award.cz\/?portfolio=produktovy-design-slza-pohrebni-urna-do-interieru\"\n\t\ttabindex=\"-1\" class=\"vp-portfolio__item-meta\" \t>\n\t\n<h2 class=\"vp-portfolio__item-meta-title\">\n\tProduktov\u00fd design &#8211; SLZA &#8211; poh\u0159ebn\u00ed urna do interi\u00e9ru<\/h2>\n<\/a>\t\t<\/div>\n\t<\/figcaption>\n\t\t\t<\/figure>\n\t\t\t\t\t<\/article>\n\t\t\n\t\t<article\t\tclass=\"vp-portfolio__item-wrap post-3559 portfolio type-portfolio status-publish format-standard has-post-thumbnail hentry entry has-media vp-portfolio__item-uid-56093132\" data-vp-filter=\"\" \t\t>\n\t\t\t\t\t\t\t\t\t<figure class=\"vp-portfolio__item\">\n\t\t\t\t\n<div class=\"vp-portfolio__item-img-wrap\">\n\t<div class=\"vp-portfolio__item-img\">\n\t\t\t<a\n\t\thref=\"https:\/\/www.design-award.cz\/?portfolio=verejny-interier-hotel-drhleny\"\n\t\t\t>\n\t\n\t\t<noscript><img decoding=\"async\" width=\"1920\" height=\"1080\" data-skip-lazy src=\"https:\/\/www.design-award.cz\/wp-content\/uploads\/2024\/06\/7-1920x1080.jpg\" class=\"wp-image-3566\" alt=\"\" srcset=\"https:\/\/www.design-award.cz\/wp-content\/uploads\/2024\/06\/7-1920x1080.jpg 1920w, https:\/\/www.design-award.cz\/wp-content\/uploads\/2024\/06\/7-300x169.jpg 300w, https:\/\/www.design-award.cz\/wp-content\/uploads\/2024\/06\/7-1024x576.jpg 1024w, https:\/\/www.design-award.cz\/wp-content\/uploads\/2024\/06\/7-768x432.jpg 768w, https:\/\/www.design-award.cz\/wp-content\/uploads\/2024\/06\/7-1536x864.jpg 1536w, https:\/\/www.design-award.cz\/wp-content\/uploads\/2024\/06\/7-2048x1152.jpg 2048w, https:\/\/www.design-award.cz\/wp-content\/uploads\/2024\/06\/7-500x281.jpg 500w, https:\/\/www.design-award.cz\/wp-content\/uploads\/2024\/06\/7-800x450.jpg 800w, https:\/\/www.design-award.cz\/wp-content\/uploads\/2024\/06\/7-1280x720.jpg 1280w\" sizes=\"(max-width: 1920px) 100vw, 1920px\" \/><\/noscript><img decoding=\"async\" width=\"1920\" height=\"1080\" src=\"https:\/\/www.design-award.cz\/wp-content\/uploads\/2024\/06\/7-1920x1080.jpg\" class=\"wp-image-3566 vp-lazyload\" alt srcset=\"data:image\/svg+xml;base64,PHN2ZyB3aWR0aD0iMTkyMCIgaGVpZ2h0PSIxMDgwIiB2aWV3Qm94PSIwIDAgMTkyMCAxMDgwIiBmaWxsPSJub25lIiB4bWxucz0iaHR0cDovL3d3dy53My5vcmcvMjAwMC9zdmciPjwvc3ZnPg==\" data-src=\"https:\/\/www.design-award.cz\/wp-content\/uploads\/2024\/06\/7-1920x1080.jpg\" data-srcset=\"https:\/\/www.design-award.cz\/wp-content\/uploads\/2024\/06\/7-1920x1080.jpg 1920w, https:\/\/www.design-award.cz\/wp-content\/uploads\/2024\/06\/7-300x169.jpg 300w, https:\/\/www.design-award.cz\/wp-content\/uploads\/2024\/06\/7-1024x576.jpg 1024w, https:\/\/www.design-award.cz\/wp-content\/uploads\/2024\/06\/7-768x432.jpg 768w, https:\/\/www.design-award.cz\/wp-content\/uploads\/2024\/06\/7-1536x864.jpg 1536w, https:\/\/www.design-award.cz\/wp-content\/uploads\/2024\/06\/7-2048x1152.jpg 2048w, https:\/\/www.design-award.cz\/wp-content\/uploads\/2024\/06\/7-500x281.jpg 500w, https:\/\/www.design-award.cz\/wp-content\/uploads\/2024\/06\/7-800x450.jpg 800w, https:\/\/www.design-award.cz\/wp-content\/uploads\/2024\/06\/7-1280x720.jpg 1280w\" data-sizes=\"auto\" loading=\"eager\">\n\t\t<\/a>\t<\/div>\n<\/div>\n\t<figcaption class=\"vp-portfolio__item-overlay vp-portfolio__item-overlay-text-align-center\">\n\t\t<div class=\"vp-portfolio__item-meta-wrap vp-portfolio__custom-scrollbar\">\n\t\t\t\t<a\n\t\thref=\"https:\/\/www.design-award.cz\/?portfolio=verejny-interier-hotel-drhleny\"\n\t\ttabindex=\"-1\" class=\"vp-portfolio__item-meta\" \t>\n\t\n<h2 class=\"vp-portfolio__item-meta-title\">\n\tVe\u0159ejn\u00fd interi\u00e9r &#8211; Hotel Drhleny<\/h2>\n<\/a>\t\t<\/div>\n\t<\/figcaption>\n\t\t\t<\/figure>\n\t\t\t\t\t<\/article>\n\t\t\n\t\t<article\t\tclass=\"vp-portfolio__item-wrap post-3055 portfolio type-portfolio status-publish format-standard has-post-thumbnail hentry portfolio_category-soutezici-2024 entry has-media vp-portfolio__item-uid-5974bff2\" data-vp-filter=\"soutezici-2024\" \t\t>\n\t\t\t\t\t\t\t\t\t<figure class=\"vp-portfolio__item\">\n\t\t\t\t\n<div class=\"vp-portfolio__item-img-wrap\">\n\t<div class=\"vp-portfolio__item-img\">\n\t\t\t<a\n\t\thref=\"https:\/\/www.design-award.cz\/?portfolio=produktovy-design-wooden-duet\"\n\t\t\t>\n\t\n\t\t<noscript><img decoding=\"async\" width=\"1920\" height=\"1080\" data-skip-lazy src=\"https:\/\/www.design-award.cz\/wp-content\/uploads\/2024\/02\/5-1920x1080.jpg\" class=\"wp-image-3056\" alt=\"\" srcset=\"https:\/\/www.design-award.cz\/wp-content\/uploads\/2024\/02\/5-1920x1080.jpg 1920w, https:\/\/www.design-award.cz\/wp-content\/uploads\/2024\/02\/5-300x169.jpg 300w, https:\/\/www.design-award.cz\/wp-content\/uploads\/2024\/02\/5-1024x576.jpg 1024w, https:\/\/www.design-award.cz\/wp-content\/uploads\/2024\/02\/5-768x432.jpg 768w, https:\/\/www.design-award.cz\/wp-content\/uploads\/2024\/02\/5-1536x864.jpg 1536w, https:\/\/www.design-award.cz\/wp-content\/uploads\/2024\/02\/5-2048x1152.jpg 2048w, https:\/\/www.design-award.cz\/wp-content\/uploads\/2024\/02\/5-500x281.jpg 500w, https:\/\/www.design-award.cz\/wp-content\/uploads\/2024\/02\/5-800x450.jpg 800w, https:\/\/www.design-award.cz\/wp-content\/uploads\/2024\/02\/5-1280x720.jpg 1280w\" sizes=\"(max-width: 1920px) 100vw, 1920px\" \/><\/noscript><img decoding=\"async\" width=\"1920\" height=\"1080\" src=\"https:\/\/www.design-award.cz\/wp-content\/uploads\/2024\/02\/5-1920x1080.jpg\" class=\"wp-image-3056 vp-lazyload\" alt srcset=\"data:image\/svg+xml;base64,PHN2ZyB3aWR0aD0iMTkyMCIgaGVpZ2h0PSIxMDgwIiB2aWV3Qm94PSIwIDAgMTkyMCAxMDgwIiBmaWxsPSJub25lIiB4bWxucz0iaHR0cDovL3d3dy53My5vcmcvMjAwMC9zdmciPjwvc3ZnPg==\" data-src=\"https:\/\/www.design-award.cz\/wp-content\/uploads\/2024\/02\/5-1920x1080.jpg\" data-srcset=\"https:\/\/www.design-award.cz\/wp-content\/uploads\/2024\/02\/5-1920x1080.jpg 1920w, https:\/\/www.design-award.cz\/wp-content\/uploads\/2024\/02\/5-300x169.jpg 300w, https:\/\/www.design-award.cz\/wp-content\/uploads\/2024\/02\/5-1024x576.jpg 1024w, https:\/\/www.design-award.cz\/wp-content\/uploads\/2024\/02\/5-768x432.jpg 768w, https:\/\/www.design-award.cz\/wp-content\/uploads\/2024\/02\/5-1536x864.jpg 1536w, https:\/\/www.design-award.cz\/wp-content\/uploads\/2024\/02\/5-2048x1152.jpg 2048w, https:\/\/www.design-award.cz\/wp-content\/uploads\/2024\/02\/5-500x281.jpg 500w, https:\/\/www.design-award.cz\/wp-content\/uploads\/2024\/02\/5-800x450.jpg 800w, https:\/\/www.design-award.cz\/wp-content\/uploads\/2024\/02\/5-1280x720.jpg 1280w\" data-sizes=\"auto\" loading=\"eager\">\n\t\t<\/a>\t<\/div>\n<\/div>\n\t<figcaption class=\"vp-portfolio__item-overlay vp-portfolio__item-overlay-text-align-center\">\n\t\t<div class=\"vp-portfolio__item-meta-wrap vp-portfolio__custom-scrollbar\">\n\t\t\t\t<a\n\t\thref=\"https:\/\/www.design-award.cz\/?portfolio=produktovy-design-wooden-duet\"\n\t\ttabindex=\"-1\" class=\"vp-portfolio__item-meta\" \t>\n\t\n<div class=\"vp-portfolio__item-meta-categories\">\n\t\t\t<div class=\"vp-portfolio__item-meta-category\">\n\t\t\t\t<span\t\t\t>\n\tSOUT\u011a\u017d\u00cdC\u00cd 2024<\/span>\t\t<\/div>\n\t\t<\/div>\n\n<h2 class=\"vp-portfolio__item-meta-title\">\n\tProduktov\u00fd design &#8211; Wooden Duet<\/h2>\n<\/a>\t\t<\/div>\n\t<\/figcaption>\n\t\t\t<\/figure>\n\t\t\t\t\t<\/article>\n\t\t\n\t\t<article\t\tclass=\"vp-portfolio__item-wrap post-2075 portfolio type-portfolio status-publish format-standard has-post-thumbnail hentry portfolio_category-soutezici-2023 entry has-media vp-portfolio__item-uid-d3feba15\" data-vp-filter=\"soutezici-2023\" \t\t>\n\t\t\t\t\t\t\t\t\t<figure class=\"vp-portfolio__item\">\n\t\t\t\t\n<div class=\"vp-portfolio__item-img-wrap\">\n\t<div class=\"vp-portfolio__item-img\">\n\t\t\t<a\n\t\thref=\"https:\/\/www.design-award.cz\/?portfolio=soukromy-interier-koupelna\"\n\t\t\t>\n\t\n\t\t<noscript><img decoding=\"async\" width=\"1412\" height=\"798\" data-skip-lazy src=\"https:\/\/www.design-award.cz\/wp-content\/uploads\/2023\/04\/render-1.png\" class=\"wp-image-2077\" alt=\"\" srcset=\"https:\/\/www.design-award.cz\/wp-content\/uploads\/2023\/04\/render-1.png 1412w, https:\/\/www.design-award.cz\/wp-content\/uploads\/2023\/04\/render-1-300x170.png 300w, https:\/\/www.design-award.cz\/wp-content\/uploads\/2023\/04\/render-1-1024x579.png 1024w, https:\/\/www.design-award.cz\/wp-content\/uploads\/2023\/04\/render-1-768x434.png 768w, https:\/\/www.design-award.cz\/wp-content\/uploads\/2023\/04\/render-1-500x283.png 500w, https:\/\/www.design-award.cz\/wp-content\/uploads\/2023\/04\/render-1-800x452.png 800w, https:\/\/www.design-award.cz\/wp-content\/uploads\/2023\/04\/render-1-1280x723.png 1280w\" sizes=\"(max-width: 1412px) 100vw, 1412px\" \/><\/noscript><img decoding=\"async\" width=\"1412\" height=\"798\" src=\"https:\/\/www.design-award.cz\/wp-content\/uploads\/2023\/04\/render-1.png\" class=\"wp-image-2077 vp-lazyload\" alt srcset=\"data:image\/svg+xml;base64,PHN2ZyB3aWR0aD0iMTQxMiIgaGVpZ2h0PSI3OTgiIHZpZXdCb3g9IjAgMCAxNDEyIDc5OCIgZmlsbD0ibm9uZSIgeG1sbnM9Imh0dHA6Ly93d3cudzMub3JnLzIwMDAvc3ZnIj48L3N2Zz4=\" data-src=\"https:\/\/www.design-award.cz\/wp-content\/uploads\/2023\/04\/render-1.png\" data-srcset=\"https:\/\/www.design-award.cz\/wp-content\/uploads\/2023\/04\/render-1.png 1412w, https:\/\/www.design-award.cz\/wp-content\/uploads\/2023\/04\/render-1-300x170.png 300w, https:\/\/www.design-award.cz\/wp-content\/uploads\/2023\/04\/render-1-1024x579.png 1024w, https:\/\/www.design-award.cz\/wp-content\/uploads\/2023\/04\/render-1-768x434.png 768w, https:\/\/www.design-award.cz\/wp-content\/uploads\/2023\/04\/render-1-500x283.png 500w, https:\/\/www.design-award.cz\/wp-content\/uploads\/2023\/04\/render-1-800x452.png 800w, https:\/\/www.design-award.cz\/wp-content\/uploads\/2023\/04\/render-1-1280x723.png 1280w\" data-sizes=\"auto\" loading=\"eager\">\n\t\t<\/a>\t<\/div>\n<\/div>\n\t<figcaption class=\"vp-portfolio__item-overlay vp-portfolio__item-overlay-text-align-center\">\n\t\t<div class=\"vp-portfolio__item-meta-wrap vp-portfolio__custom-scrollbar\">\n\t\t\t\t<a\n\t\thref=\"https:\/\/www.design-award.cz\/?portfolio=soukromy-interier-koupelna\"\n\t\ttabindex=\"-1\" class=\"vp-portfolio__item-meta\" \t>\n\t\n<div class=\"vp-portfolio__item-meta-categories\">\n\t\t\t<div class=\"vp-portfolio__item-meta-category\">\n\t\t\t\t<span\t\t\t>\n\tSOUT\u011a\u017d\u00cdC\u00cd 2023<\/span>\t\t<\/div>\n\t\t<\/div>\n\n<h2 class=\"vp-portfolio__item-meta-title\">\n\tSoukrom\u00fd interi\u00e9r &#8211; koupelna<\/h2>\n<\/a>\t\t<\/div>\n\t<\/figcaption>\n\t\t\t<\/figure>\n\t\t\t\t\t<\/article>\n\t\t\n\t\t<article\t\tclass=\"vp-portfolio__item-wrap post-4327 portfolio type-portfolio status-publish format-standard has-post-thumbnail hentry entry has-media vp-portfolio__item-uid-67aacef9\" data-vp-filter=\"\" \t\t>\n\t\t\t\t\t\t\t\t\t<figure class=\"vp-portfolio__item\">\n\t\t\t\t\n<div class=\"vp-portfolio__item-img-wrap\">\n\t<div class=\"vp-portfolio__item-img\">\n\t\t\t<a\n\t\thref=\"https:\/\/www.design-award.cz\/?portfolio=produktovy-design-favonius-fen-do-verejneho-prostoru\"\n\t\t\t>\n\t\n\t\t<noscript><img decoding=\"async\" width=\"1387\" height=\"2176\" data-skip-lazy src=\"https:\/\/www.design-award.cz\/wp-content\/uploads\/2024\/07\/render.jpg\" class=\"wp-image-4359\" alt=\"\" srcset=\"https:\/\/www.design-award.cz\/wp-content\/uploads\/2024\/07\/render.jpg 1387w, https:\/\/www.design-award.cz\/wp-content\/uploads\/2024\/07\/render-191x300.jpg 191w, https:\/\/www.design-award.cz\/wp-content\/uploads\/2024\/07\/render-653x1024.jpg 653w, https:\/\/www.design-award.cz\/wp-content\/uploads\/2024\/07\/render-768x1205.jpg 768w, https:\/\/www.design-award.cz\/wp-content\/uploads\/2024\/07\/render-979x1536.jpg 979w, https:\/\/www.design-award.cz\/wp-content\/uploads\/2024\/07\/render-1305x2048.jpg 1305w, https:\/\/www.design-award.cz\/wp-content\/uploads\/2024\/07\/render-500x784.jpg 500w, https:\/\/www.design-award.cz\/wp-content\/uploads\/2024\/07\/render-800x1255.jpg 800w, https:\/\/www.design-award.cz\/wp-content\/uploads\/2024\/07\/render-1280x2008.jpg 1280w\" sizes=\"(max-width: 1387px) 100vw, 1387px\" \/><\/noscript><img decoding=\"async\" width=\"1387\" height=\"2176\" src=\"https:\/\/www.design-award.cz\/wp-content\/uploads\/2024\/07\/render.jpg\" class=\"wp-image-4359 vp-lazyload\" alt srcset=\"data:image\/svg+xml;base64,PHN2ZyB3aWR0aD0iMTM4NyIgaGVpZ2h0PSIyMTc2IiB2aWV3Qm94PSIwIDAgMTM4NyAyMTc2IiBmaWxsPSJub25lIiB4bWxucz0iaHR0cDovL3d3dy53My5vcmcvMjAwMC9zdmciPjwvc3ZnPg==\" data-src=\"https:\/\/www.design-award.cz\/wp-content\/uploads\/2024\/07\/render.jpg\" data-srcset=\"https:\/\/www.design-award.cz\/wp-content\/uploads\/2024\/07\/render.jpg 1387w, https:\/\/www.design-award.cz\/wp-content\/uploads\/2024\/07\/render-191x300.jpg 191w, https:\/\/www.design-award.cz\/wp-content\/uploads\/2024\/07\/render-653x1024.jpg 653w, https:\/\/www.design-award.cz\/wp-content\/uploads\/2024\/07\/render-768x1205.jpg 768w, https:\/\/www.design-award.cz\/wp-content\/uploads\/2024\/07\/render-979x1536.jpg 979w, https:\/\/www.design-award.cz\/wp-content\/uploads\/2024\/07\/render-1305x2048.jpg 1305w, https:\/\/www.design-award.cz\/wp-content\/uploads\/2024\/07\/render-500x784.jpg 500w, https:\/\/www.design-award.cz\/wp-content\/uploads\/2024\/07\/render-800x1255.jpg 800w, https:\/\/www.design-award.cz\/wp-content\/uploads\/2024\/07\/render-1280x2008.jpg 1280w\" data-sizes=\"auto\" loading=\"eager\">\n\t\t<\/a>\t<\/div>\n<\/div>\n\t<figcaption class=\"vp-portfolio__item-overlay vp-portfolio__item-overlay-text-align-center\">\n\t\t<div class=\"vp-portfolio__item-meta-wrap vp-portfolio__custom-scrollbar\">\n\t\t\t\t<a\n\t\thref=\"https:\/\/www.design-award.cz\/?portfolio=produktovy-design-favonius-fen-do-verejneho-prostoru\"\n\t\ttabindex=\"-1\" class=\"vp-portfolio__item-meta\" \t>\n\t\n<h2 class=\"vp-portfolio__item-meta-title\">\n\tProduktov\u00fd design &#8211; Favonius &#8211; f\u00e9n do ve\u0159ejn\u00e9ho prostoru<\/h2>\n<\/a>\t\t<\/div>\n\t<\/figcaption>\n\t\t\t<\/figure>\n\t\t\t\t\t<\/article>\n\t\t\n<\/div>\n\n<div class=\"vp-portfolio__items-arrow vp-portfolio__items-arrow-prev\" tabindex=\"0\" role=\"button\" aria-label=\"Previous Slide\">\n\t\n<svg class=\"vp-svg-icon\" width=\"20\" height=\"20\" viewBox=\"0 0 20 20\" fill=\"none\" xmlns=\"http:\/\/www.w3.org\/2000\/svg\">\n\t<path d=\"M12 4L6 10L12 16\" stroke=\"currentColor\" stroke-width=\"1.5\" stroke-linecap=\"round\" stroke-linejoin=\"round\" fill=\"transparent\" \/>\n<\/svg>\n<\/div>\n<div class=\"vp-portfolio__items-arrow vp-portfolio__items-arrow-next\" tabindex=\"0\" role=\"button\" aria-label=\"Next Slide\">\n\t\n<svg class=\"vp-svg-icon\" width=\"20\" height=\"20\" viewBox=\"0 0 20 20\" fill=\"none\" xmlns=\"http:\/\/www.w3.org\/2000\/svg\">\n\t<path d=\"M8 4L14 10L8 16\" stroke=\"currentColor\" stroke-width=\"1.5\" stroke-linecap=\"round\" stroke-linejoin=\"round\" fill=\"transparent\" \/>\n<\/svg>\n<\/div>\n\t\t<\/div>\n\t\t\t\t<div class=\"vp-portfolio__layout-elements vp-portfolio__layout-elements-bottom vp-portfolio__layout-elements-align-center\">\n\t\t\t\t<div class=\"vp-portfolio__pagination-wrap\">\n\t\t\n<div class=\"vp-pagination vp-pagination__style-minimal\" data-vp-pagination-type=\"load-more\">\n\t<div class=\"vp-pagination__item\">\n\t\t<a class=\"vp-pagination__load-more\" href=\"https:\/\/www.design-award.cz\/index.php?rest_route=%2Fwp%2Fv2%2Fportfolio%2F684&#038;vp_page=2\">\n\t\t\t<span>Load More<\/span>\n\t\t\t<span class=\"vp-pagination__load-more-loading\"><span class=\"vp-spinner\"><\/span><span class=\"vp-screen-reader-text\"> Loading More&#8230;<\/span><\/span>\n\t\t\t<span class=\"vp-pagination__load-more-no-more\">You\u2019ve reached the end of the list<\/span>\n\t\t<\/a>\n\t<\/div>\n<\/div>\n\t\t<\/div>\n\t\t\t\t<\/div>\n\t\t\n<\/div>\n<\/div>","protected":false},"excerpt":{"rendered":"<p>Jan Galac St\u0159edn\u00ed \u0161kola um\u011bn\u00ed a designu a Vy\u0161\u0161\u00ed odborn\u00e1 \u0161kola Brno, p\u0159\u00edsp\u011bvkov\u00e1 organizace Jedn\u00e1 se o klauzurn\u00ed pr\u00e1ci prvn\u00edho pololet\u00ed 4. ro\u010dn\u00edku 2021\/2022 Moje hlavn\u00ed c\u00edle p\u0159i vytv\u00e1\u0159en\u00ed tohoto interi\u00e9ru byla my\u0161lenka propojen\u00ed \u010dlov\u011bka s p\u0159\u00edrodou, \u010distota, jednoduchost a vzdu\u0161nost obytn\u00fdch prostor. V prezentovan\u00e9m konceptu jsem d\u00edky \u017eiv\u00e9 st\u011bn\u011b a rohov\u00e9mu oknu dok\u00e1zal prostor [&hellip;]<\/p>\n","protected":false},"author":1,"featured_media":688,"menu_order":0,"comment_status":"closed","ping_status":"closed","template":"","format":"standard","meta":{"ngg_post_thumbnail":0,"ocean_post_layout":"","ocean_both_sidebars_style":"","ocean_both_sidebars_content_width":0,"ocean_both_sidebars_sidebars_width":0,"ocean_sidebar":"","ocean_second_sidebar":"","ocean_disable_margins":"enable","ocean_add_body_class":"","ocean_shortcode_before_top_bar":"","ocean_shortcode_after_top_bar":"","ocean_shortcode_before_header":"","ocean_shortcode_after_header":"","ocean_has_shortcode":"","ocean_shortcode_after_title":"","ocean_shortcode_before_footer_widgets":"","ocean_shortcode_after_footer_widgets":"","ocean_shortcode_before_footer_bottom":"","ocean_shortcode_after_footer_bottom":"","ocean_display_top_bar":"default","ocean_display_header":"default","ocean_header_style":"","ocean_center_header_left_menu":"","ocean_custom_header_template":"","ocean_custom_logo":0,"ocean_custom_retina_logo":0,"ocean_custom_logo_max_width":0,"ocean_custom_logo_tablet_max_width":0,"ocean_custom_logo_mobile_max_width":0,"ocean_custom_logo_max_height":0,"ocean_custom_logo_tablet_max_height":0,"ocean_custom_logo_mobile_max_height":0,"ocean_header_custom_menu":"","ocean_menu_typo_font_family":"","ocean_menu_typo_font_subset":"","ocean_menu_typo_font_size":0,"ocean_menu_typo_font_size_tablet":0,"ocean_menu_typo_font_size_mobile":0,"ocean_menu_typo_font_size_unit":"px","ocean_menu_typo_font_weight":"","ocean_menu_typo_font_weight_tablet":"","ocean_menu_typo_font_weight_mobile":"","ocean_menu_typo_transform":"","ocean_menu_typo_transform_tablet":"","ocean_menu_typo_transform_mobile":"","ocean_menu_typo_line_height":0,"ocean_menu_typo_line_height_tablet":0,"ocean_menu_typo_line_height_mobile":0,"ocean_menu_typo_line_height_unit":"","ocean_menu_typo_spacing":0,"ocean_menu_typo_spacing_tablet":0,"ocean_menu_typo_spacing_mobile":0,"ocean_menu_typo_spacing_unit":"","ocean_menu_link_color":"","ocean_menu_link_color_hover":"","ocean_menu_link_color_active":"","ocean_menu_link_background":"","ocean_menu_link_hover_background":"","ocean_menu_link_active_background":"","ocean_menu_social_links_bg":"","ocean_menu_social_hover_links_bg":"","ocean_menu_social_links_color":"","ocean_menu_social_hover_links_color":"","ocean_disable_title":"default","ocean_disable_heading":"default","ocean_post_title":"","ocean_post_subheading":"","ocean_post_title_style":"","ocean_post_title_background_color":"","ocean_post_title_background":0,"ocean_post_title_bg_image_position":"","ocean_post_title_bg_image_attachment":"","ocean_post_title_bg_image_repeat":"","ocean_post_title_bg_image_size":"","ocean_post_title_height":0,"ocean_post_title_bg_overlay":0.5,"ocean_post_title_bg_overlay_color":"","ocean_disable_breadcrumbs":"default","ocean_breadcrumbs_color":"","ocean_breadcrumbs_separator_color":"","ocean_breadcrumbs_links_color":"","ocean_breadcrumbs_links_hover_color":"","ocean_display_footer_widgets":"default","ocean_display_footer_bottom":"default","ocean_custom_footer_template":"","_vp_format_video_url":"","_vp_image_focal_point":[],"footnotes":""},"portfolio_category":[],"portfolio_tag":[],"class_list":["post-684","portfolio","type-portfolio","status-publish","format-standard","has-post-thumbnail","hentry","entry","has-media"],"yoast_head":"<!-- This site is optimized with the Yoast SEO plugin v25.2 - https:\/\/yoast.com\/wordpress\/plugins\/seo\/ -->\n<title>Soukrom\u00fd interi\u00e9r - Sky Thru - design-award.cz<\/title>\n<meta name=\"robots\" content=\"index, follow, max-snippet:-1, max-image-preview:large, max-video-preview:-1\" \/>\n<link rel=\"canonical\" href=\"https:\/\/www.design-award.cz\/?portfolio=soukromy-interier-sky-thru\" \/>\n<meta property=\"og:locale\" content=\"cs_CZ\" \/>\n<meta property=\"og:type\" content=\"article\" \/>\n<meta property=\"og:title\" content=\"Soukrom\u00fd interi\u00e9r - Sky Thru - design-award.cz\" \/>\n<meta property=\"og:description\" content=\"Jan Galac St\u0159edn\u00ed \u0161kola um\u011bn\u00ed a designu a Vy\u0161\u0161\u00ed odborn\u00e1 \u0161kola Brno, p\u0159\u00edsp\u011bvkov\u00e1 organizace Jedn\u00e1 se o klauzurn\u00ed pr\u00e1ci prvn\u00edho pololet\u00ed 4. ro\u010dn\u00edku 2021\/2022 Moje hlavn\u00ed c\u00edle p\u0159i vytv\u00e1\u0159en\u00ed tohoto interi\u00e9ru byla my\u0161lenka propojen\u00ed \u010dlov\u011bka s p\u0159\u00edrodou, \u010distota, jednoduchost a vzdu\u0161nost obytn\u00fdch prostor. V prezentovan\u00e9m konceptu jsem d\u00edky \u017eiv\u00e9 st\u011bn\u011b a rohov\u00e9mu oknu dok\u00e1zal prostor [&hellip;]\" \/>\n<meta property=\"og:url\" content=\"https:\/\/www.design-award.cz\/?portfolio=soukromy-interier-sky-thru\" \/>\n<meta property=\"og:site_name\" content=\"design-award.cz\" \/>\n<meta property=\"article:modified_time\" content=\"2022-04-22T10:39:42+00:00\" \/>\n<meta property=\"og:image\" content=\"http:\/\/www.design-award.cz\/wp-content\/uploads\/2022\/04\/finis_Photo-kopie-upraveny-1024x576.png\" \/>\n\t<meta property=\"og:image:width\" content=\"1024\" \/>\n\t<meta property=\"og:image:height\" content=\"576\" \/>\n\t<meta property=\"og:image:type\" content=\"image\/png\" \/>\n<meta name=\"twitter:card\" content=\"summary_large_image\" \/>\n<meta name=\"twitter:label1\" content=\"Odhadovan\u00e1 doba \u010dten\u00ed\" \/>\n\t<meta name=\"twitter:data1\" content=\"3 minuty\" \/>\n<script type=\"application\/ld+json\" class=\"yoast-schema-graph\">{\"@context\":\"https:\/\/schema.org\",\"@graph\":[{\"@type\":\"WebPage\",\"@id\":\"https:\/\/www.design-award.cz\/?portfolio=soukromy-interier-sky-thru\",\"url\":\"https:\/\/www.design-award.cz\/?portfolio=soukromy-interier-sky-thru\",\"name\":\"Soukrom\u00fd interi\u00e9r - Sky Thru - design-award.cz\",\"isPartOf\":{\"@id\":\"https:\/\/www.design-award.cz\/#website\"},\"primaryImageOfPage\":{\"@id\":\"https:\/\/www.design-award.cz\/?portfolio=soukromy-interier-sky-thru#primaryimage\"},\"image\":{\"@id\":\"https:\/\/www.design-award.cz\/?portfolio=soukromy-interier-sky-thru#primaryimage\"},\"thumbnailUrl\":\"https:\/\/www.design-award.cz\/wp-content\/uploads\/2022\/04\/finis_Photo-kopie-upraveny.png\",\"datePublished\":\"2022-04-22T10:39:23+00:00\",\"dateModified\":\"2022-04-22T10:39:42+00:00\",\"breadcrumb\":{\"@id\":\"https:\/\/www.design-award.cz\/?portfolio=soukromy-interier-sky-thru#breadcrumb\"},\"inLanguage\":\"cs\",\"potentialAction\":[{\"@type\":\"ReadAction\",\"target\":[\"https:\/\/www.design-award.cz\/?portfolio=soukromy-interier-sky-thru\"]}]},{\"@type\":\"ImageObject\",\"inLanguage\":\"cs\",\"@id\":\"https:\/\/www.design-award.cz\/?portfolio=soukromy-interier-sky-thru#primaryimage\",\"url\":\"https:\/\/www.design-award.cz\/wp-content\/uploads\/2022\/04\/finis_Photo-kopie-upraveny.png\",\"contentUrl\":\"https:\/\/www.design-award.cz\/wp-content\/uploads\/2022\/04\/finis_Photo-kopie-upraveny.png\",\"width\":2534,\"height\":1426},{\"@type\":\"BreadcrumbList\",\"@id\":\"https:\/\/www.design-award.cz\/?portfolio=soukromy-interier-sky-thru#breadcrumb\",\"itemListElement\":[{\"@type\":\"ListItem\",\"position\":1,\"name\":\"Dom\u016f\",\"item\":\"https:\/\/www.design-award.cz\/\"},{\"@type\":\"ListItem\",\"position\":2,\"name\":\"Portfolio Items\",\"item\":\"https:\/\/www.design-award.cz\/?post_type=portfolio\"},{\"@type\":\"ListItem\",\"position\":3,\"name\":\"Soukrom\u00fd interi\u00e9r &#8211; Sky Thru\"}]},{\"@type\":\"WebSite\",\"@id\":\"https:\/\/www.design-award.cz\/#website\",\"url\":\"https:\/\/www.design-award.cz\/\",\"name\":\"design-award.cz\",\"description\":\"WARD vznikla v roce 2022. Je ur\u010dena p\u0159edev\u0161\u00edm student\u016fm st\u0159edn\u00edch um\u011bleck\u00fdch \u0161kol (S\u0160 a VO\u0160), kte\u0159\u00ed mohou bezplatn\u011b zaslat sv\u00e9 n\u00e1vrhy v uveden\u00fdch kategori\u00ed a tak pom\u011b\u0159it sv\u00e9 n\u00e1pady s konkurenc\u00ed sv\u00fdch vrstevn\u00edk\u016f. N\u00e1vrhy jsou n\u00e1sledn\u011b posouzeny nez\u00e1vislou porotou z \u0159ad v\u00fdtvarn\u00edk\u016f, pedagog\u016f a profesion\u00e1l\u016f z oboru.\",\"publisher\":{\"@id\":\"https:\/\/www.design-award.cz\/#organization\"},\"potentialAction\":[{\"@type\":\"SearchAction\",\"target\":{\"@type\":\"EntryPoint\",\"urlTemplate\":\"https:\/\/www.design-award.cz\/?s={search_term_string}\"},\"query-input\":{\"@type\":\"PropertyValueSpecification\",\"valueRequired\":true,\"valueName\":\"search_term_string\"}}],\"inLanguage\":\"cs\"},{\"@type\":\"Organization\",\"@id\":\"https:\/\/www.design-award.cz\/#organization\",\"name\":\"Design Award\",\"url\":\"https:\/\/www.design-award.cz\/\",\"logo\":{\"@type\":\"ImageObject\",\"inLanguage\":\"cs\",\"@id\":\"https:\/\/www.design-award.cz\/#\/schema\/logo\/image\/\",\"url\":\"http:\/\/www.design-award.cz\/wp-content\/uploads\/2021\/12\/hornilogo_design-award.png\",\"contentUrl\":\"http:\/\/www.design-award.cz\/wp-content\/uploads\/2021\/12\/hornilogo_design-award.png\",\"width\":800,\"height\":600,\"caption\":\"Design Award\"},\"image\":{\"@id\":\"https:\/\/www.design-award.cz\/#\/schema\/logo\/image\/\"},\"sameAs\":[\"https:\/\/www.instagram.com\/design_award\/\"]}]}<\/script>\n<!-- \/ Yoast SEO plugin. -->","yoast_head_json":{"title":"Soukrom\u00fd interi\u00e9r - Sky Thru - design-award.cz","robots":{"index":"index","follow":"follow","max-snippet":"max-snippet:-1","max-image-preview":"max-image-preview:large","max-video-preview":"max-video-preview:-1"},"canonical":"https:\/\/www.design-award.cz\/?portfolio=soukromy-interier-sky-thru","og_locale":"cs_CZ","og_type":"article","og_title":"Soukrom\u00fd interi\u00e9r - Sky Thru - design-award.cz","og_description":"Jan Galac St\u0159edn\u00ed \u0161kola um\u011bn\u00ed a designu a Vy\u0161\u0161\u00ed odborn\u00e1 \u0161kola Brno, p\u0159\u00edsp\u011bvkov\u00e1 organizace Jedn\u00e1 se o klauzurn\u00ed pr\u00e1ci prvn\u00edho pololet\u00ed 4. ro\u010dn\u00edku 2021\/2022 Moje hlavn\u00ed c\u00edle p\u0159i vytv\u00e1\u0159en\u00ed tohoto interi\u00e9ru byla my\u0161lenka propojen\u00ed \u010dlov\u011bka s p\u0159\u00edrodou, \u010distota, jednoduchost a vzdu\u0161nost obytn\u00fdch prostor. V prezentovan\u00e9m konceptu jsem d\u00edky \u017eiv\u00e9 st\u011bn\u011b a rohov\u00e9mu oknu dok\u00e1zal prostor [&hellip;]","og_url":"https:\/\/www.design-award.cz\/?portfolio=soukromy-interier-sky-thru","og_site_name":"design-award.cz","article_modified_time":"2022-04-22T10:39:42+00:00","og_image":[{"width":1024,"height":576,"url":"http:\/\/www.design-award.cz\/wp-content\/uploads\/2022\/04\/finis_Photo-kopie-upraveny-1024x576.png","type":"image\/png"}],"twitter_card":"summary_large_image","twitter_misc":{"Odhadovan\u00e1 doba \u010dten\u00ed":"3 minuty"},"schema":{"@context":"https:\/\/schema.org","@graph":[{"@type":"WebPage","@id":"https:\/\/www.design-award.cz\/?portfolio=soukromy-interier-sky-thru","url":"https:\/\/www.design-award.cz\/?portfolio=soukromy-interier-sky-thru","name":"Soukrom\u00fd interi\u00e9r - Sky Thru - design-award.cz","isPartOf":{"@id":"https:\/\/www.design-award.cz\/#website"},"primaryImageOfPage":{"@id":"https:\/\/www.design-award.cz\/?portfolio=soukromy-interier-sky-thru#primaryimage"},"image":{"@id":"https:\/\/www.design-award.cz\/?portfolio=soukromy-interier-sky-thru#primaryimage"},"thumbnailUrl":"https:\/\/www.design-award.cz\/wp-content\/uploads\/2022\/04\/finis_Photo-kopie-upraveny.png","datePublished":"2022-04-22T10:39:23+00:00","dateModified":"2022-04-22T10:39:42+00:00","breadcrumb":{"@id":"https:\/\/www.design-award.cz\/?portfolio=soukromy-interier-sky-thru#breadcrumb"},"inLanguage":"cs","potentialAction":[{"@type":"ReadAction","target":["https:\/\/www.design-award.cz\/?portfolio=soukromy-interier-sky-thru"]}]},{"@type":"ImageObject","inLanguage":"cs","@id":"https:\/\/www.design-award.cz\/?portfolio=soukromy-interier-sky-thru#primaryimage","url":"https:\/\/www.design-award.cz\/wp-content\/uploads\/2022\/04\/finis_Photo-kopie-upraveny.png","contentUrl":"https:\/\/www.design-award.cz\/wp-content\/uploads\/2022\/04\/finis_Photo-kopie-upraveny.png","width":2534,"height":1426},{"@type":"BreadcrumbList","@id":"https:\/\/www.design-award.cz\/?portfolio=soukromy-interier-sky-thru#breadcrumb","itemListElement":[{"@type":"ListItem","position":1,"name":"Dom\u016f","item":"https:\/\/www.design-award.cz\/"},{"@type":"ListItem","position":2,"name":"Portfolio Items","item":"https:\/\/www.design-award.cz\/?post_type=portfolio"},{"@type":"ListItem","position":3,"name":"Soukrom\u00fd interi\u00e9r &#8211; Sky Thru"}]},{"@type":"WebSite","@id":"https:\/\/www.design-award.cz\/#website","url":"https:\/\/www.design-award.cz\/","name":"design-award.cz","description":"WARD vznikla v roce 2022. Je ur\u010dena p\u0159edev\u0161\u00edm student\u016fm st\u0159edn\u00edch um\u011bleck\u00fdch \u0161kol (S\u0160 a VO\u0160), kte\u0159\u00ed mohou bezplatn\u011b zaslat sv\u00e9 n\u00e1vrhy v uveden\u00fdch kategori\u00ed a tak pom\u011b\u0159it sv\u00e9 n\u00e1pady s konkurenc\u00ed sv\u00fdch vrstevn\u00edk\u016f. N\u00e1vrhy jsou n\u00e1sledn\u011b posouzeny nez\u00e1vislou porotou z \u0159ad v\u00fdtvarn\u00edk\u016f, pedagog\u016f a profesion\u00e1l\u016f z oboru.","publisher":{"@id":"https:\/\/www.design-award.cz\/#organization"},"potentialAction":[{"@type":"SearchAction","target":{"@type":"EntryPoint","urlTemplate":"https:\/\/www.design-award.cz\/?s={search_term_string}"},"query-input":{"@type":"PropertyValueSpecification","valueRequired":true,"valueName":"search_term_string"}}],"inLanguage":"cs"},{"@type":"Organization","@id":"https:\/\/www.design-award.cz\/#organization","name":"Design Award","url":"https:\/\/www.design-award.cz\/","logo":{"@type":"ImageObject","inLanguage":"cs","@id":"https:\/\/www.design-award.cz\/#\/schema\/logo\/image\/","url":"http:\/\/www.design-award.cz\/wp-content\/uploads\/2021\/12\/hornilogo_design-award.png","contentUrl":"http:\/\/www.design-award.cz\/wp-content\/uploads\/2021\/12\/hornilogo_design-award.png","width":800,"height":600,"caption":"Design Award"},"image":{"@id":"https:\/\/www.design-award.cz\/#\/schema\/logo\/image\/"},"sameAs":["https:\/\/www.instagram.com\/design_award\/"]}]}},"_links":{"self":[{"href":"https:\/\/www.design-award.cz\/index.php?rest_route=\/wp\/v2\/portfolio\/684","targetHints":{"allow":["GET"]}}],"collection":[{"href":"https:\/\/www.design-award.cz\/index.php?rest_route=\/wp\/v2\/portfolio"}],"about":[{"href":"https:\/\/www.design-award.cz\/index.php?rest_route=\/wp\/v2\/types\/portfolio"}],"author":[{"embeddable":true,"href":"https:\/\/www.design-award.cz\/index.php?rest_route=\/wp\/v2\/users\/1"}],"replies":[{"embeddable":true,"href":"https:\/\/www.design-award.cz\/index.php?rest_route=%2Fwp%2Fv2%2Fcomments&post=684"}],"version-history":[{"count":1,"href":"https:\/\/www.design-award.cz\/index.php?rest_route=\/wp\/v2\/portfolio\/684\/revisions"}],"predecessor-version":[{"id":692,"href":"https:\/\/www.design-award.cz\/index.php?rest_route=\/wp\/v2\/portfolio\/684\/revisions\/692"}],"wp:featuredmedia":[{"embeddable":true,"href":"https:\/\/www.design-award.cz\/index.php?rest_route=\/wp\/v2\/media\/688"}],"wp:attachment":[{"href":"https:\/\/www.design-award.cz\/index.php?rest_route=%2Fwp%2Fv2%2Fmedia&parent=684"}],"wp:term":[{"taxonomy":"portfolio_category","embeddable":true,"href":"https:\/\/www.design-award.cz\/index.php?rest_route=%2Fwp%2Fv2%2Fportfolio_category&post=684"},{"taxonomy":"portfolio_tag","embeddable":true,"href":"https:\/\/www.design-award.cz\/index.php?rest_route=%2Fwp%2Fv2%2Fportfolio_tag&post=684"}],"curies":[{"name":"wp","href":"https:\/\/api.w.org\/{rel}","templated":true}]}}