{"id":696,"date":"2022-04-24T20:50:49","date_gmt":"2022-04-24T20:50:49","guid":{"rendered":"https:\/\/www.design-award.cz\/?post_type=portfolio&#038;p=696"},"modified":"2022-04-24T20:50:50","modified_gmt":"2022-04-24T20:50:50","slug":"soukromy-interier-dum-ve-stredomorskem-stylu-s-akcentem-na-etno-styl","status":"publish","type":"portfolio","link":"https:\/\/www.design-award.cz\/?portfolio=soukromy-interier-dum-ve-stredomorskem-stylu-s-akcentem-na-etno-styl","title":{"rendered":"Soukrom\u00fd interi\u00e9r &#8211; D\u016fm ve st\u0159edomo\u0159sk\u00e9m stylu s akcentem na etno styl"},"content":{"rendered":"\n<h2 class=\"wp-block-heading\">Than Thi Minh Chau<\/h2>\n\n\n\n<p><strong>St\u0159edn\u00ed um\u011bleck\u00e1 \u0161kola varhan\u00e1\u0159sk\u00e1 o. p. s.<\/strong><\/p>\n\n\n\n<p>\u00da\u010delem projektu je navrhnout d\u016fm ve st\u0159edomo\u0159sk\u00e9m stylu s akcentem na etno styl. Dle po\u017eadavku z\u00e1kazn\u00edka d\u016fm m\u00e1 b\u00fdt prosv\u011btlen\u00fd, m\u00e1 vyza\u0159ovat pohodu, je kladen d\u016fraz na asymetrii, zemitost.<\/p>\n\n\n\n<p>Hlavn\u00edmi pou\u017eit\u00fdmi barvami jsou z\u00e1\u0159iv\u011b b\u00edl\u00e1 s neutr\u00e1ln\u00edmi zemit\u00fdmi odst\u00edny, kter\u00e9 lad\u00ed s p\u0159\u00edmo\u0159sk\u00fdm stylem. Modrou barvu najdeme v dopl\u0148c\u00edch po cel\u00e9m dom\u011b a zjem\u0148uj\u00ed ji nejen sv\u011btl\u00e9 barvy, ale i vhodn\u011b zvolen\u00e9 materi\u00e1ly.<br>Nejvhodn\u011bj\u0161\u00edm n\u00e1bytkem pro takto zvolen\u00fd interi\u00e9r je n\u00e1bytek z masivn\u00edho d\u0159eva. Jsou velmi odoln\u00e9 a bezpe\u010dn\u00e9 p\u0159i pou\u017eit\u00ed. Masivn\u00ed d\u0159evo je mnoha generacemi prov\u011b\u0159en\u00fd stavebn\u00ed materi\u00e1l, kter\u00fd spl\u0148uje nejvy\u0161\u0161\u00ed krit\u00e9ria pro zdrav\u00fd domov, a proto se doporu\u010duje i d\u011btem a alergik\u016fm. V\u00fdrobky z ratanu jsou leh\u010d\u00ed ne\u017e jin\u00fd n\u00e1bytek, tak\u017ee se s nimi snadno manipuluje.<\/p>\n\n\n\n<p>Ob\u00fdvac\u00ed pokoj, kter\u00fd je srdcem domova a je nep\u0159\u00edmo spojen\u00fd s j\u00eddelnou a kuchyn\u00ed. Dostatek denn\u00edho sv\u011btla sem pronik\u00e1 skrze velk\u00e1 okna, kter\u00fdmi lze vstoupit na malou terasu. N\u00e1sleduje hlavn\u00ed lo\u017enice, koupelna, \u0161atna a d\u011btsk\u00e9 pokoje. V\u0161echny jsou navr\u017eeny tak, aby vyhovovaly preferenc\u00edm a osobnosti ka\u017ed\u00e9ho \u010dlena dom\u00e1cnosti.<\/p>\n\n\n\n<figure class=\"wp-block-image size-large\"><img decoding=\"async\" width=\"1024\" height=\"576\" data-src=\"http:\/\/www.design-award.cz\/wp-content\/uploads\/2022\/04\/Snimek6-1024x576.png\" alt=\"\" class=\"wp-image-702 lazyload\" data-srcset=\"https:\/\/www.design-award.cz\/wp-content\/uploads\/2022\/04\/Snimek6-1024x576.png 1024w, https:\/\/www.design-award.cz\/wp-content\/uploads\/2022\/04\/Snimek6-300x169.png 300w, https:\/\/www.design-award.cz\/wp-content\/uploads\/2022\/04\/Snimek6-768x432.png 768w, https:\/\/www.design-award.cz\/wp-content\/uploads\/2022\/04\/Snimek6-500x281.png 500w, https:\/\/www.design-award.cz\/wp-content\/uploads\/2022\/04\/Snimek6-800x450.png 800w, https:\/\/www.design-award.cz\/wp-content\/uploads\/2022\/04\/Snimek6.png 1280w\" data-sizes=\"(max-width: 1024px) 100vw, 1024px\" src=\"data:image\/svg+xml;base64,PHN2ZyB3aWR0aD0iMSIgaGVpZ2h0PSIxIiB4bWxucz0iaHR0cDovL3d3dy53My5vcmcvMjAwMC9zdmciPjwvc3ZnPg==\" style=\"--smush-placeholder-width: 1024px; --smush-placeholder-aspect-ratio: 1024\/576;\" \/><\/figure>\n\n\n\n<figure class=\"wp-block-image size-large\"><img decoding=\"async\" width=\"1024\" height=\"576\" data-src=\"http:\/\/www.design-award.cz\/wp-content\/uploads\/2022\/04\/Snimek5-1024x576.png\" alt=\"\" class=\"wp-image-701 lazyload\" data-srcset=\"https:\/\/www.design-award.cz\/wp-content\/uploads\/2022\/04\/Snimek5-1024x576.png 1024w, https:\/\/www.design-award.cz\/wp-content\/uploads\/2022\/04\/Snimek5-300x169.png 300w, https:\/\/www.design-award.cz\/wp-content\/uploads\/2022\/04\/Snimek5-768x432.png 768w, https:\/\/www.design-award.cz\/wp-content\/uploads\/2022\/04\/Snimek5-500x281.png 500w, https:\/\/www.design-award.cz\/wp-content\/uploads\/2022\/04\/Snimek5-800x450.png 800w, https:\/\/www.design-award.cz\/wp-content\/uploads\/2022\/04\/Snimek5.png 1280w\" data-sizes=\"(max-width: 1024px) 100vw, 1024px\" src=\"data:image\/svg+xml;base64,PHN2ZyB3aWR0aD0iMSIgaGVpZ2h0PSIxIiB4bWxucz0iaHR0cDovL3d3dy53My5vcmcvMjAwMC9zdmciPjwvc3ZnPg==\" style=\"--smush-placeholder-width: 1024px; --smush-placeholder-aspect-ratio: 1024\/576;\" \/><\/figure>\n\n\n\n<figure class=\"wp-block-image size-large\"><img decoding=\"async\" width=\"1024\" height=\"576\" data-src=\"http:\/\/www.design-award.cz\/wp-content\/uploads\/2022\/04\/Snimek3-1024x576.png\" alt=\"\" class=\"wp-image-700 lazyload\" data-srcset=\"https:\/\/www.design-award.cz\/wp-content\/uploads\/2022\/04\/Snimek3-1024x576.png 1024w, https:\/\/www.design-award.cz\/wp-content\/uploads\/2022\/04\/Snimek3-300x169.png 300w, https:\/\/www.design-award.cz\/wp-content\/uploads\/2022\/04\/Snimek3-768x432.png 768w, https:\/\/www.design-award.cz\/wp-content\/uploads\/2022\/04\/Snimek3-500x281.png 500w, https:\/\/www.design-award.cz\/wp-content\/uploads\/2022\/04\/Snimek3-800x450.png 800w, https:\/\/www.design-award.cz\/wp-content\/uploads\/2022\/04\/Snimek3.png 1280w\" data-sizes=\"(max-width: 1024px) 100vw, 1024px\" src=\"data:image\/svg+xml;base64,PHN2ZyB3aWR0aD0iMSIgaGVpZ2h0PSIxIiB4bWxucz0iaHR0cDovL3d3dy53My5vcmcvMjAwMC9zdmciPjwvc3ZnPg==\" style=\"--smush-placeholder-width: 1024px; --smush-placeholder-aspect-ratio: 1024\/576;\" \/><\/figure>\n\n\n\n<figure class=\"wp-block-image size-large\"><img decoding=\"async\" width=\"1024\" height=\"576\" data-src=\"http:\/\/www.design-award.cz\/wp-content\/uploads\/2022\/04\/Snimek2-1024x576.png\" alt=\"\" class=\"wp-image-699 lazyload\" data-srcset=\"https:\/\/www.design-award.cz\/wp-content\/uploads\/2022\/04\/Snimek2-1024x576.png 1024w, https:\/\/www.design-award.cz\/wp-content\/uploads\/2022\/04\/Snimek2-300x169.png 300w, https:\/\/www.design-award.cz\/wp-content\/uploads\/2022\/04\/Snimek2-768x432.png 768w, https:\/\/www.design-award.cz\/wp-content\/uploads\/2022\/04\/Snimek2-500x281.png 500w, https:\/\/www.design-award.cz\/wp-content\/uploads\/2022\/04\/Snimek2-800x450.png 800w, https:\/\/www.design-award.cz\/wp-content\/uploads\/2022\/04\/Snimek2.png 1280w\" data-sizes=\"(max-width: 1024px) 100vw, 1024px\" src=\"data:image\/svg+xml;base64,PHN2ZyB3aWR0aD0iMSIgaGVpZ2h0PSIxIiB4bWxucz0iaHR0cDovL3d3dy53My5vcmcvMjAwMC9zdmciPjwvc3ZnPg==\" style=\"--smush-placeholder-width: 1024px; --smush-placeholder-aspect-ratio: 1024\/576;\" \/><\/figure>\n\n\n\n<figure class=\"wp-block-image size-large\"><img decoding=\"async\" width=\"1024\" height=\"576\" data-src=\"http:\/\/www.design-award.cz\/wp-content\/uploads\/2022\/04\/Pudorys-1024x576.png\" alt=\"\" class=\"wp-image-698 lazyload\" data-srcset=\"https:\/\/www.design-award.cz\/wp-content\/uploads\/2022\/04\/Pudorys-1024x576.png 1024w, https:\/\/www.design-award.cz\/wp-content\/uploads\/2022\/04\/Pudorys-300x169.png 300w, https:\/\/www.design-award.cz\/wp-content\/uploads\/2022\/04\/Pudorys-768x432.png 768w, https:\/\/www.design-award.cz\/wp-content\/uploads\/2022\/04\/Pudorys-500x281.png 500w, https:\/\/www.design-award.cz\/wp-content\/uploads\/2022\/04\/Pudorys-800x450.png 800w, https:\/\/www.design-award.cz\/wp-content\/uploads\/2022\/04\/Pudorys.png 1280w\" data-sizes=\"(max-width: 1024px) 100vw, 1024px\" src=\"data:image\/svg+xml;base64,PHN2ZyB3aWR0aD0iMSIgaGVpZ2h0PSIxIiB4bWxucz0iaHR0cDovL3d3dy53My5vcmcvMjAwMC9zdmciPjwvc3ZnPg==\" style=\"--smush-placeholder-width: 1024px; --smush-placeholder-aspect-ratio: 1024\/576;\" \/><\/figure>\n\n\n<div class=\"wp-block-visual-portfolio\">\n<div class=\"vp-portfolio vp-uid-2ece4a06 vp-id-607\"\n\tdata-vp-layout=\"slider\" data-vp-content-source=\"post-based\" data-vp-items-style=\"fade\" data-vp-items-click-action=\"url\" data-vp-items-gap=\"12\" data-vp-items-gap-vertical=\"\" data-vp-pagination=\"load-more\" data-vp-next-page-url=\"https:\/\/www.design-award.cz\/index.php?rest_route=%2Fwp%2Fv2%2Fportfolio%2F696&#038;vp_page=2\" data-vp-random-seed=\"1346894990\" data-vp-slider-effect=\"slide\" data-vp-slider-items-height=\"80%\" data-vp-slider-items-min-height=\"\" data-vp-slider-slides-per-view=\"3\" data-vp-slider-speed=\"0.3\" data-vp-slider-autoplay=\"4.8\" data-vp-slider-autoplay-hover-pause=\"false\" data-vp-slider-centered-slides=\"true\" data-vp-slider-loop=\"true\" data-vp-slider-free-mode=\"false\" data-vp-slider-free-mode-sticky=\"false\" data-vp-slider-arrows=\"true\" data-vp-slider-bullets=\"false\" data-vp-slider-bullets-dynamic=\"false\" data-vp-slider-mousewheel=\"false\" data-vp-slider-thumbnails=\"false\" >\n\t<div class=\"vp-portfolio__preloader-wrap\">\n\t\t<div class=\"vp-portfolio__preloader\">\n\t\t\t<img decoding=\"async\" loading=\"eager\" src=\"https:\/\/www.design-award.cz\/wp-content\/plugins\/visual-portfolio\/assets\/images\/logo-dark.svg\" alt=\"Visual Portfolio, Posts &amp; Image Gallery for WordPress\" width=\"20\" height=\"20\" data-skip-lazy>\n\t\t<\/div>\n\t<\/div>\n\t\t<div class=\"vp-portfolio__items-wrap\">\n\t\t\t\n<div class=\"vp-portfolio__items vp-portfolio__items-style-fade vp-portfolio__items-show-overlay-hover\">\n\n\t\t<article\t\tclass=\"vp-portfolio__item-wrap post-4771 portfolio type-portfolio status-publish format-standard has-post-thumbnail hentry entry has-media vp-portfolio__item-uid-f4b73755\" data-vp-filter=\"\" \t\t>\n\t\t\t\t\t\t\t\t\t<figure class=\"vp-portfolio__item\">\n\t\t\t\t\n<div class=\"vp-portfolio__item-img-wrap\">\n\t<div class=\"vp-portfolio__item-img\">\n\t\t\t<a\n\t\thref=\"https:\/\/www.design-award.cz\/?portfolio=produktovy-design-silva\"\n\t\t\t>\n\t\n\t\t<noscript><img decoding=\"async\" width=\"1920\" height=\"1080\" data-skip-lazy src=\"https:\/\/www.design-award.cz\/wp-content\/uploads\/2025\/06\/k05-1920x1080.jpg\" class=\"wp-image-4777\" alt=\"\" srcset=\"https:\/\/www.design-award.cz\/wp-content\/uploads\/2025\/06\/k05-1920x1080.jpg 1920w, https:\/\/www.design-award.cz\/wp-content\/uploads\/2025\/06\/k05-300x169.jpg 300w, https:\/\/www.design-award.cz\/wp-content\/uploads\/2025\/06\/k05-1024x576.jpg 1024w, https:\/\/www.design-award.cz\/wp-content\/uploads\/2025\/06\/k05-768x432.jpg 768w, https:\/\/www.design-award.cz\/wp-content\/uploads\/2025\/06\/k05-1536x864.jpg 1536w, https:\/\/www.design-award.cz\/wp-content\/uploads\/2025\/06\/k05-2048x1152.jpg 2048w, https:\/\/www.design-award.cz\/wp-content\/uploads\/2025\/06\/k05-800x450.jpg 800w, https:\/\/www.design-award.cz\/wp-content\/uploads\/2025\/06\/k05-500x281.jpg 500w, https:\/\/www.design-award.cz\/wp-content\/uploads\/2025\/06\/k05-1280x720.jpg 1280w\" sizes=\"(max-width: 1920px) 100vw, 1920px\" \/><\/noscript><img fetchpriority=\"high\" decoding=\"async\" width=\"1920\" height=\"1080\" src=\"https:\/\/www.design-award.cz\/wp-content\/uploads\/2025\/06\/k05-1920x1080.jpg\" class=\"wp-image-4777 vp-lazyload\" alt srcset=\"data:image\/svg+xml;base64,PHN2ZyB3aWR0aD0iMTkyMCIgaGVpZ2h0PSIxMDgwIiB2aWV3Qm94PSIwIDAgMTkyMCAxMDgwIiBmaWxsPSJub25lIiB4bWxucz0iaHR0cDovL3d3dy53My5vcmcvMjAwMC9zdmciPjwvc3ZnPg==\" data-src=\"https:\/\/www.design-award.cz\/wp-content\/uploads\/2025\/06\/k05-1920x1080.jpg\" data-srcset=\"https:\/\/www.design-award.cz\/wp-content\/uploads\/2025\/06\/k05-1920x1080.jpg 1920w, https:\/\/www.design-award.cz\/wp-content\/uploads\/2025\/06\/k05-300x169.jpg 300w, https:\/\/www.design-award.cz\/wp-content\/uploads\/2025\/06\/k05-1024x576.jpg 1024w, https:\/\/www.design-award.cz\/wp-content\/uploads\/2025\/06\/k05-768x432.jpg 768w, https:\/\/www.design-award.cz\/wp-content\/uploads\/2025\/06\/k05-1536x864.jpg 1536w, https:\/\/www.design-award.cz\/wp-content\/uploads\/2025\/06\/k05-2048x1152.jpg 2048w, https:\/\/www.design-award.cz\/wp-content\/uploads\/2025\/06\/k05-800x450.jpg 800w, https:\/\/www.design-award.cz\/wp-content\/uploads\/2025\/06\/k05-500x281.jpg 500w, https:\/\/www.design-award.cz\/wp-content\/uploads\/2025\/06\/k05-1280x720.jpg 1280w\" data-sizes=\"auto\" loading=\"eager\">\n\t\t<\/a>\t<\/div>\n<\/div>\n\t<figcaption class=\"vp-portfolio__item-overlay vp-portfolio__item-overlay-text-align-center\">\n\t\t<div class=\"vp-portfolio__item-meta-wrap vp-portfolio__custom-scrollbar\">\n\t\t\t\t<a\n\t\thref=\"https:\/\/www.design-award.cz\/?portfolio=produktovy-design-silva\"\n\t\ttabindex=\"-1\" class=\"vp-portfolio__item-meta\" \t>\n\t\n<h2 class=\"vp-portfolio__item-meta-title\">\n\tProduktov\u00fd design &#8211; Silva<\/h2>\n<\/a>\t\t<\/div>\n\t<\/figcaption>\n\t\t\t<\/figure>\n\t\t\t\t\t<\/article>\n\t\t\n\t\t<article\t\tclass=\"vp-portfolio__item-wrap post-3558 portfolio type-portfolio status-publish format-standard has-post-thumbnail hentry entry has-media vp-portfolio__item-uid-210e01a4\" data-vp-filter=\"\" \t\t>\n\t\t\t\t\t\t\t\t\t<figure class=\"vp-portfolio__item\">\n\t\t\t\t\n<div class=\"vp-portfolio__item-img-wrap\">\n\t<div class=\"vp-portfolio__item-img\">\n\t\t\t<a\n\t\thref=\"https:\/\/www.design-award.cz\/?portfolio=produktovy-design-flip\"\n\t\t\t>\n\t\n\t\t<noscript><img decoding=\"async\" width=\"1920\" height=\"1080\" data-skip-lazy src=\"https:\/\/www.design-award.cz\/wp-content\/uploads\/2024\/06\/2-1920x1080.jpg\" class=\"wp-image-3572\" alt=\"\" srcset=\"https:\/\/www.design-award.cz\/wp-content\/uploads\/2024\/06\/2-1920x1080.jpg 1920w, https:\/\/www.design-award.cz\/wp-content\/uploads\/2024\/06\/2-300x169.jpg 300w, https:\/\/www.design-award.cz\/wp-content\/uploads\/2024\/06\/2-1024x576.jpg 1024w, https:\/\/www.design-award.cz\/wp-content\/uploads\/2024\/06\/2-768x432.jpg 768w, https:\/\/www.design-award.cz\/wp-content\/uploads\/2024\/06\/2-1536x864.jpg 1536w, https:\/\/www.design-award.cz\/wp-content\/uploads\/2024\/06\/2-2048x1152.jpg 2048w, https:\/\/www.design-award.cz\/wp-content\/uploads\/2024\/06\/2-500x281.jpg 500w, https:\/\/www.design-award.cz\/wp-content\/uploads\/2024\/06\/2-800x450.jpg 800w, https:\/\/www.design-award.cz\/wp-content\/uploads\/2024\/06\/2-1280x720.jpg 1280w\" sizes=\"(max-width: 1920px) 100vw, 1920px\" \/><\/noscript><img decoding=\"async\" width=\"1920\" height=\"1080\" src=\"https:\/\/www.design-award.cz\/wp-content\/uploads\/2024\/06\/2-1920x1080.jpg\" class=\"wp-image-3572 vp-lazyload\" alt srcset=\"data:image\/svg+xml;base64,PHN2ZyB3aWR0aD0iMTkyMCIgaGVpZ2h0PSIxMDgwIiB2aWV3Qm94PSIwIDAgMTkyMCAxMDgwIiBmaWxsPSJub25lIiB4bWxucz0iaHR0cDovL3d3dy53My5vcmcvMjAwMC9zdmciPjwvc3ZnPg==\" data-src=\"https:\/\/www.design-award.cz\/wp-content\/uploads\/2024\/06\/2-1920x1080.jpg\" data-srcset=\"https:\/\/www.design-award.cz\/wp-content\/uploads\/2024\/06\/2-1920x1080.jpg 1920w, https:\/\/www.design-award.cz\/wp-content\/uploads\/2024\/06\/2-300x169.jpg 300w, https:\/\/www.design-award.cz\/wp-content\/uploads\/2024\/06\/2-1024x576.jpg 1024w, https:\/\/www.design-award.cz\/wp-content\/uploads\/2024\/06\/2-768x432.jpg 768w, https:\/\/www.design-award.cz\/wp-content\/uploads\/2024\/06\/2-1536x864.jpg 1536w, https:\/\/www.design-award.cz\/wp-content\/uploads\/2024\/06\/2-2048x1152.jpg 2048w, https:\/\/www.design-award.cz\/wp-content\/uploads\/2024\/06\/2-500x281.jpg 500w, https:\/\/www.design-award.cz\/wp-content\/uploads\/2024\/06\/2-800x450.jpg 800w, https:\/\/www.design-award.cz\/wp-content\/uploads\/2024\/06\/2-1280x720.jpg 1280w\" data-sizes=\"auto\" loading=\"eager\">\n\t\t<\/a>\t<\/div>\n<\/div>\n\t<figcaption class=\"vp-portfolio__item-overlay vp-portfolio__item-overlay-text-align-center\">\n\t\t<div class=\"vp-portfolio__item-meta-wrap vp-portfolio__custom-scrollbar\">\n\t\t\t\t<a\n\t\thref=\"https:\/\/www.design-award.cz\/?portfolio=produktovy-design-flip\"\n\t\ttabindex=\"-1\" class=\"vp-portfolio__item-meta\" \t>\n\t\n<h2 class=\"vp-portfolio__item-meta-title\">\n\tProduktov\u00fd design &#8211; Flip<\/h2>\n<\/a>\t\t<\/div>\n\t<\/figcaption>\n\t\t\t<\/figure>\n\t\t\t\t\t<\/article>\n\t\t\n\t\t<article\t\tclass=\"vp-portfolio__item-wrap post-1663 portfolio type-portfolio status-publish format-standard has-post-thumbnail hentry portfolio_category-soutezici-2023 entry has-media vp-portfolio__item-uid-35befd3d\" data-vp-filter=\"soutezici-2023\" \t\t>\n\t\t\t\t\t\t\t\t\t<figure class=\"vp-portfolio__item\">\n\t\t\t\t\n<div class=\"vp-portfolio__item-img-wrap\">\n\t<div class=\"vp-portfolio__item-img\">\n\t\t\t<a\n\t\thref=\"https:\/\/www.design-award.cz\/?portfolio=produktovy-design-hexalite\"\n\t\t\t>\n\t\n\t\t<noscript><img decoding=\"async\" width=\"1920\" height=\"1080\" data-skip-lazy src=\"https:\/\/www.design-award.cz\/wp-content\/uploads\/2023\/01\/Moravec_jakub_Hexalite_2-1920x1080.jpg\" class=\"wp-image-1664\" alt=\"\" srcset=\"https:\/\/www.design-award.cz\/wp-content\/uploads\/2023\/01\/Moravec_jakub_Hexalite_2-1920x1080.jpg 1920w, https:\/\/www.design-award.cz\/wp-content\/uploads\/2023\/01\/Moravec_jakub_Hexalite_2-300x169.jpg 300w, https:\/\/www.design-award.cz\/wp-content\/uploads\/2023\/01\/Moravec_jakub_Hexalite_2-1024x576.jpg 1024w, https:\/\/www.design-award.cz\/wp-content\/uploads\/2023\/01\/Moravec_jakub_Hexalite_2-768x432.jpg 768w, https:\/\/www.design-award.cz\/wp-content\/uploads\/2023\/01\/Moravec_jakub_Hexalite_2-1536x864.jpg 1536w, https:\/\/www.design-award.cz\/wp-content\/uploads\/2023\/01\/Moravec_jakub_Hexalite_2-500x281.jpg 500w, https:\/\/www.design-award.cz\/wp-content\/uploads\/2023\/01\/Moravec_jakub_Hexalite_2-800x450.jpg 800w, https:\/\/www.design-award.cz\/wp-content\/uploads\/2023\/01\/Moravec_jakub_Hexalite_2-1280x720.jpg 1280w, https:\/\/www.design-award.cz\/wp-content\/uploads\/2023\/01\/Moravec_jakub_Hexalite_2.jpg 2000w\" sizes=\"(max-width: 1920px) 100vw, 1920px\" \/><\/noscript><img decoding=\"async\" width=\"1920\" height=\"1080\" src=\"https:\/\/www.design-award.cz\/wp-content\/uploads\/2023\/01\/Moravec_jakub_Hexalite_2-1920x1080.jpg\" class=\"wp-image-1664 vp-lazyload\" alt srcset=\"data:image\/svg+xml;base64,PHN2ZyB3aWR0aD0iMTkyMCIgaGVpZ2h0PSIxMDgwIiB2aWV3Qm94PSIwIDAgMTkyMCAxMDgwIiBmaWxsPSJub25lIiB4bWxucz0iaHR0cDovL3d3dy53My5vcmcvMjAwMC9zdmciPjwvc3ZnPg==\" data-src=\"https:\/\/www.design-award.cz\/wp-content\/uploads\/2023\/01\/Moravec_jakub_Hexalite_2-1920x1080.jpg\" data-srcset=\"https:\/\/www.design-award.cz\/wp-content\/uploads\/2023\/01\/Moravec_jakub_Hexalite_2-1920x1080.jpg 1920w, https:\/\/www.design-award.cz\/wp-content\/uploads\/2023\/01\/Moravec_jakub_Hexalite_2-300x169.jpg 300w, https:\/\/www.design-award.cz\/wp-content\/uploads\/2023\/01\/Moravec_jakub_Hexalite_2-1024x576.jpg 1024w, https:\/\/www.design-award.cz\/wp-content\/uploads\/2023\/01\/Moravec_jakub_Hexalite_2-768x432.jpg 768w, https:\/\/www.design-award.cz\/wp-content\/uploads\/2023\/01\/Moravec_jakub_Hexalite_2-1536x864.jpg 1536w, https:\/\/www.design-award.cz\/wp-content\/uploads\/2023\/01\/Moravec_jakub_Hexalite_2-500x281.jpg 500w, https:\/\/www.design-award.cz\/wp-content\/uploads\/2023\/01\/Moravec_jakub_Hexalite_2-800x450.jpg 800w, https:\/\/www.design-award.cz\/wp-content\/uploads\/2023\/01\/Moravec_jakub_Hexalite_2-1280x720.jpg 1280w, https:\/\/www.design-award.cz\/wp-content\/uploads\/2023\/01\/Moravec_jakub_Hexalite_2.jpg 2000w\" data-sizes=\"auto\" loading=\"eager\">\n\t\t<\/a>\t<\/div>\n<\/div>\n\t<figcaption class=\"vp-portfolio__item-overlay vp-portfolio__item-overlay-text-align-center\">\n\t\t<div class=\"vp-portfolio__item-meta-wrap vp-portfolio__custom-scrollbar\">\n\t\t\t\t<a\n\t\thref=\"https:\/\/www.design-award.cz\/?portfolio=produktovy-design-hexalite\"\n\t\ttabindex=\"-1\" class=\"vp-portfolio__item-meta\" \t>\n\t\n<div class=\"vp-portfolio__item-meta-categories\">\n\t\t\t<div class=\"vp-portfolio__item-meta-category\">\n\t\t\t\t<span\t\t\t>\n\tSOUT\u011a\u017d\u00cdC\u00cd 2023<\/span>\t\t<\/div>\n\t\t<\/div>\n\n<h2 class=\"vp-portfolio__item-meta-title\">\n\tProduktov\u00fd design &#8211; Hexalite<\/h2>\n<\/a>\t\t<\/div>\n\t<\/figcaption>\n\t\t\t<\/figure>\n\t\t\t\t\t<\/article>\n\t\t\n\t\t<article\t\tclass=\"vp-portfolio__item-wrap post-3989 portfolio type-portfolio status-publish format-standard has-post-thumbnail hentry entry has-media vp-portfolio__item-uid-eabdb61b\" data-vp-filter=\"\" \t\t>\n\t\t\t\t\t\t\t\t\t<figure class=\"vp-portfolio__item\">\n\t\t\t\t\n<div class=\"vp-portfolio__item-img-wrap\">\n\t<div class=\"vp-portfolio__item-img\">\n\t\t\t<a\n\t\thref=\"https:\/\/www.design-award.cz\/?portfolio=produktovy-design-mubedo\"\n\t\t\t>\n\t\n\t\t<noscript><img decoding=\"async\" width=\"1920\" height=\"1536\" data-skip-lazy src=\"https:\/\/www.design-award.cz\/wp-content\/uploads\/2024\/06\/varianta-bila-1920x1536.jpg\" class=\"wp-image-3999\" alt=\"\" srcset=\"https:\/\/www.design-award.cz\/wp-content\/uploads\/2024\/06\/varianta-bila-1920x1536.jpg 1920w, https:\/\/www.design-award.cz\/wp-content\/uploads\/2024\/06\/varianta-bila-300x240.jpg 300w, https:\/\/www.design-award.cz\/wp-content\/uploads\/2024\/06\/varianta-bila-1024x819.jpg 1024w, https:\/\/www.design-award.cz\/wp-content\/uploads\/2024\/06\/varianta-bila-768x614.jpg 768w, https:\/\/www.design-award.cz\/wp-content\/uploads\/2024\/06\/varianta-bila-1536x1229.jpg 1536w, https:\/\/www.design-award.cz\/wp-content\/uploads\/2024\/06\/varianta-bila-2048x1638.jpg 2048w, https:\/\/www.design-award.cz\/wp-content\/uploads\/2024\/06\/varianta-bila-500x400.jpg 500w, https:\/\/www.design-award.cz\/wp-content\/uploads\/2024\/06\/varianta-bila-800x640.jpg 800w, https:\/\/www.design-award.cz\/wp-content\/uploads\/2024\/06\/varianta-bila-1280x1024.jpg 1280w\" sizes=\"(max-width: 1920px) 100vw, 1920px\" \/><\/noscript><img decoding=\"async\" width=\"1920\" height=\"1536\" src=\"https:\/\/www.design-award.cz\/wp-content\/uploads\/2024\/06\/varianta-bila-1920x1536.jpg\" class=\"wp-image-3999 vp-lazyload\" alt srcset=\"data:image\/svg+xml;base64,PHN2ZyB3aWR0aD0iMTkyMCIgaGVpZ2h0PSIxNTM2IiB2aWV3Qm94PSIwIDAgMTkyMCAxNTM2IiBmaWxsPSJub25lIiB4bWxucz0iaHR0cDovL3d3dy53My5vcmcvMjAwMC9zdmciPjwvc3ZnPg==\" data-src=\"https:\/\/www.design-award.cz\/wp-content\/uploads\/2024\/06\/varianta-bila-1920x1536.jpg\" data-srcset=\"https:\/\/www.design-award.cz\/wp-content\/uploads\/2024\/06\/varianta-bila-1920x1536.jpg 1920w, https:\/\/www.design-award.cz\/wp-content\/uploads\/2024\/06\/varianta-bila-300x240.jpg 300w, https:\/\/www.design-award.cz\/wp-content\/uploads\/2024\/06\/varianta-bila-1024x819.jpg 1024w, https:\/\/www.design-award.cz\/wp-content\/uploads\/2024\/06\/varianta-bila-768x614.jpg 768w, https:\/\/www.design-award.cz\/wp-content\/uploads\/2024\/06\/varianta-bila-1536x1229.jpg 1536w, https:\/\/www.design-award.cz\/wp-content\/uploads\/2024\/06\/varianta-bila-2048x1638.jpg 2048w, https:\/\/www.design-award.cz\/wp-content\/uploads\/2024\/06\/varianta-bila-500x400.jpg 500w, https:\/\/www.design-award.cz\/wp-content\/uploads\/2024\/06\/varianta-bila-800x640.jpg 800w, https:\/\/www.design-award.cz\/wp-content\/uploads\/2024\/06\/varianta-bila-1280x1024.jpg 1280w\" data-sizes=\"auto\" loading=\"eager\">\n\t\t<\/a>\t<\/div>\n<\/div>\n\t<figcaption class=\"vp-portfolio__item-overlay vp-portfolio__item-overlay-text-align-center\">\n\t\t<div class=\"vp-portfolio__item-meta-wrap vp-portfolio__custom-scrollbar\">\n\t\t\t\t<a\n\t\thref=\"https:\/\/www.design-award.cz\/?portfolio=produktovy-design-mubedo\"\n\t\ttabindex=\"-1\" class=\"vp-portfolio__item-meta\" \t>\n\t\n<h2 class=\"vp-portfolio__item-meta-title\">\n\tProduktov\u00fd design &#8211; MUBEDO<\/h2>\n<\/a>\t\t<\/div>\n\t<\/figcaption>\n\t\t\t<\/figure>\n\t\t\t\t\t<\/article>\n\t\t\n\t\t<article\t\tclass=\"vp-portfolio__item-wrap post-3992 portfolio type-portfolio status-publish format-standard has-post-thumbnail hentry entry has-media vp-portfolio__item-uid-64745ed2\" data-vp-filter=\"\" \t\t>\n\t\t\t\t\t\t\t\t\t<figure class=\"vp-portfolio__item\">\n\t\t\t\t\n<div class=\"vp-portfolio__item-img-wrap\">\n\t<div class=\"vp-portfolio__item-img\">\n\t\t\t<a\n\t\thref=\"https:\/\/www.design-award.cz\/?portfolio=produktovy-design-promena\"\n\t\t\t>\n\t\n\t\t<noscript><img decoding=\"async\" width=\"1920\" height=\"1231\" data-skip-lazy src=\"https:\/\/www.design-award.cz\/wp-content\/uploads\/2024\/06\/Balcarova_Andrea_4DV_mat_2024_viz3-1920x1231.jpg\" class=\"wp-image-4020\" alt=\"\" srcset=\"https:\/\/www.design-award.cz\/wp-content\/uploads\/2024\/06\/Balcarova_Andrea_4DV_mat_2024_viz3-1920x1231.jpg 1920w, https:\/\/www.design-award.cz\/wp-content\/uploads\/2024\/06\/Balcarova_Andrea_4DV_mat_2024_viz3-300x192.jpg 300w, https:\/\/www.design-award.cz\/wp-content\/uploads\/2024\/06\/Balcarova_Andrea_4DV_mat_2024_viz3-1024x656.jpg 1024w, https:\/\/www.design-award.cz\/wp-content\/uploads\/2024\/06\/Balcarova_Andrea_4DV_mat_2024_viz3-768x492.jpg 768w, https:\/\/www.design-award.cz\/wp-content\/uploads\/2024\/06\/Balcarova_Andrea_4DV_mat_2024_viz3-1536x985.jpg 1536w, https:\/\/www.design-award.cz\/wp-content\/uploads\/2024\/06\/Balcarova_Andrea_4DV_mat_2024_viz3-2048x1313.jpg 2048w, https:\/\/www.design-award.cz\/wp-content\/uploads\/2024\/06\/Balcarova_Andrea_4DV_mat_2024_viz3-500x321.jpg 500w, https:\/\/www.design-award.cz\/wp-content\/uploads\/2024\/06\/Balcarova_Andrea_4DV_mat_2024_viz3-800x513.jpg 800w, https:\/\/www.design-award.cz\/wp-content\/uploads\/2024\/06\/Balcarova_Andrea_4DV_mat_2024_viz3-1280x820.jpg 1280w\" sizes=\"(max-width: 1920px) 100vw, 1920px\" \/><\/noscript><img decoding=\"async\" width=\"1920\" height=\"1231\" src=\"https:\/\/www.design-award.cz\/wp-content\/uploads\/2024\/06\/Balcarova_Andrea_4DV_mat_2024_viz3-1920x1231.jpg\" class=\"wp-image-4020 vp-lazyload\" alt srcset=\"data:image\/svg+xml;base64,PHN2ZyB3aWR0aD0iMTkyMCIgaGVpZ2h0PSIxMjMxIiB2aWV3Qm94PSIwIDAgMTkyMCAxMjMxIiBmaWxsPSJub25lIiB4bWxucz0iaHR0cDovL3d3dy53My5vcmcvMjAwMC9zdmciPjwvc3ZnPg==\" data-src=\"https:\/\/www.design-award.cz\/wp-content\/uploads\/2024\/06\/Balcarova_Andrea_4DV_mat_2024_viz3-1920x1231.jpg\" data-srcset=\"https:\/\/www.design-award.cz\/wp-content\/uploads\/2024\/06\/Balcarova_Andrea_4DV_mat_2024_viz3-1920x1231.jpg 1920w, https:\/\/www.design-award.cz\/wp-content\/uploads\/2024\/06\/Balcarova_Andrea_4DV_mat_2024_viz3-300x192.jpg 300w, https:\/\/www.design-award.cz\/wp-content\/uploads\/2024\/06\/Balcarova_Andrea_4DV_mat_2024_viz3-1024x656.jpg 1024w, https:\/\/www.design-award.cz\/wp-content\/uploads\/2024\/06\/Balcarova_Andrea_4DV_mat_2024_viz3-768x492.jpg 768w, https:\/\/www.design-award.cz\/wp-content\/uploads\/2024\/06\/Balcarova_Andrea_4DV_mat_2024_viz3-1536x985.jpg 1536w, https:\/\/www.design-award.cz\/wp-content\/uploads\/2024\/06\/Balcarova_Andrea_4DV_mat_2024_viz3-2048x1313.jpg 2048w, https:\/\/www.design-award.cz\/wp-content\/uploads\/2024\/06\/Balcarova_Andrea_4DV_mat_2024_viz3-500x321.jpg 500w, https:\/\/www.design-award.cz\/wp-content\/uploads\/2024\/06\/Balcarova_Andrea_4DV_mat_2024_viz3-800x513.jpg 800w, https:\/\/www.design-award.cz\/wp-content\/uploads\/2024\/06\/Balcarova_Andrea_4DV_mat_2024_viz3-1280x820.jpg 1280w\" data-sizes=\"auto\" loading=\"eager\">\n\t\t<\/a>\t<\/div>\n<\/div>\n\t<figcaption class=\"vp-portfolio__item-overlay vp-portfolio__item-overlay-text-align-center\">\n\t\t<div class=\"vp-portfolio__item-meta-wrap vp-portfolio__custom-scrollbar\">\n\t\t\t\t<a\n\t\thref=\"https:\/\/www.design-award.cz\/?portfolio=produktovy-design-promena\"\n\t\ttabindex=\"-1\" class=\"vp-portfolio__item-meta\" \t>\n\t\n<h2 class=\"vp-portfolio__item-meta-title\">\n\tProduktov\u00fd design &#8211; Prom\u011bna<\/h2>\n<\/a>\t\t<\/div>\n\t<\/figcaption>\n\t\t\t<\/figure>\n\t\t\t\t\t<\/article>\n\t\t\n\t\t<article\t\tclass=\"vp-portfolio__item-wrap post-3777 portfolio type-portfolio status-publish format-standard has-post-thumbnail hentry entry has-media vp-portfolio__item-uid-8003aad9\" data-vp-filter=\"\" \t\t>\n\t\t\t\t\t\t\t\t\t<figure class=\"vp-portfolio__item\">\n\t\t\t\t\n<div class=\"vp-portfolio__item-img-wrap\">\n\t<div class=\"vp-portfolio__item-img\">\n\t\t\t<a\n\t\thref=\"https:\/\/www.design-award.cz\/?portfolio=verejny-interier-asmodias-tramvaj-chtice\"\n\t\t\t>\n\t\n\t\t<noscript><img decoding=\"async\" width=\"1920\" height=\"1080\" data-skip-lazy src=\"https:\/\/www.design-award.cz\/wp-content\/uploads\/2024\/06\/Rendr-1-1920x1080.jpg\" class=\"wp-image-3790\" alt=\"\" srcset=\"https:\/\/www.design-award.cz\/wp-content\/uploads\/2024\/06\/Rendr-1-1920x1080.jpg 1920w, https:\/\/www.design-award.cz\/wp-content\/uploads\/2024\/06\/Rendr-1-300x169.jpg 300w, https:\/\/www.design-award.cz\/wp-content\/uploads\/2024\/06\/Rendr-1-1024x576.jpg 1024w, https:\/\/www.design-award.cz\/wp-content\/uploads\/2024\/06\/Rendr-1-768x432.jpg 768w, https:\/\/www.design-award.cz\/wp-content\/uploads\/2024\/06\/Rendr-1-1536x864.jpg 1536w, https:\/\/www.design-award.cz\/wp-content\/uploads\/2024\/06\/Rendr-1-2048x1152.jpg 2048w, https:\/\/www.design-award.cz\/wp-content\/uploads\/2024\/06\/Rendr-1-500x281.jpg 500w, https:\/\/www.design-award.cz\/wp-content\/uploads\/2024\/06\/Rendr-1-800x450.jpg 800w, https:\/\/www.design-award.cz\/wp-content\/uploads\/2024\/06\/Rendr-1-1280x720.jpg 1280w\" sizes=\"(max-width: 1920px) 100vw, 1920px\" \/><\/noscript><img decoding=\"async\" width=\"1920\" height=\"1080\" src=\"https:\/\/www.design-award.cz\/wp-content\/uploads\/2024\/06\/Rendr-1-1920x1080.jpg\" class=\"wp-image-3790 vp-lazyload\" alt srcset=\"data:image\/svg+xml;base64,PHN2ZyB3aWR0aD0iMTkyMCIgaGVpZ2h0PSIxMDgwIiB2aWV3Qm94PSIwIDAgMTkyMCAxMDgwIiBmaWxsPSJub25lIiB4bWxucz0iaHR0cDovL3d3dy53My5vcmcvMjAwMC9zdmciPjwvc3ZnPg==\" data-src=\"https:\/\/www.design-award.cz\/wp-content\/uploads\/2024\/06\/Rendr-1-1920x1080.jpg\" data-srcset=\"https:\/\/www.design-award.cz\/wp-content\/uploads\/2024\/06\/Rendr-1-1920x1080.jpg 1920w, https:\/\/www.design-award.cz\/wp-content\/uploads\/2024\/06\/Rendr-1-300x169.jpg 300w, https:\/\/www.design-award.cz\/wp-content\/uploads\/2024\/06\/Rendr-1-1024x576.jpg 1024w, https:\/\/www.design-award.cz\/wp-content\/uploads\/2024\/06\/Rendr-1-768x432.jpg 768w, https:\/\/www.design-award.cz\/wp-content\/uploads\/2024\/06\/Rendr-1-1536x864.jpg 1536w, https:\/\/www.design-award.cz\/wp-content\/uploads\/2024\/06\/Rendr-1-2048x1152.jpg 2048w, https:\/\/www.design-award.cz\/wp-content\/uploads\/2024\/06\/Rendr-1-500x281.jpg 500w, https:\/\/www.design-award.cz\/wp-content\/uploads\/2024\/06\/Rendr-1-800x450.jpg 800w, https:\/\/www.design-award.cz\/wp-content\/uploads\/2024\/06\/Rendr-1-1280x720.jpg 1280w\" data-sizes=\"auto\" loading=\"eager\">\n\t\t<\/a>\t<\/div>\n<\/div>\n\t<figcaption class=\"vp-portfolio__item-overlay vp-portfolio__item-overlay-text-align-center\">\n\t\t<div class=\"vp-portfolio__item-meta-wrap vp-portfolio__custom-scrollbar\">\n\t\t\t\t<a\n\t\thref=\"https:\/\/www.design-award.cz\/?portfolio=verejny-interier-asmodias-tramvaj-chtice\"\n\t\ttabindex=\"-1\" class=\"vp-portfolio__item-meta\" \t>\n\t\n<h2 class=\"vp-portfolio__item-meta-title\">\n\tVe\u0159ejn\u00fd interi\u00e9r &#8211; ASMODEUS &#8211; Tramvaj Cht\u00ed\u010de<\/h2>\n<\/a>\t\t<\/div>\n\t<\/figcaption>\n\t\t\t<\/figure>\n\t\t\t\t\t<\/article>\n\t\t\n\t\t<article\t\tclass=\"vp-portfolio__item-wrap post-800 portfolio type-portfolio status-publish format-standard has-post-thumbnail hentry entry has-media vp-portfolio__item-uid-b4d78e01\" data-vp-filter=\"\" \t\t>\n\t\t\t\t\t\t\t\t\t<figure class=\"vp-portfolio__item\">\n\t\t\t\t\n<div class=\"vp-portfolio__item-img-wrap\">\n\t<div class=\"vp-portfolio__item-img\">\n\t\t\t<a\n\t\thref=\"https:\/\/www.design-award.cz\/?portfolio=verejny-interier-rekonstrukce-panskych-toalet-na-ss\"\n\t\t\t>\n\t\n\t\t<noscript><img decoding=\"async\" width=\"1920\" height=\"1080\" data-skip-lazy src=\"https:\/\/www.design-award.cz\/wp-content\/uploads\/2022\/04\/3.png\" class=\"wp-image-803\" alt=\"\" srcset=\"https:\/\/www.design-award.cz\/wp-content\/uploads\/2022\/04\/3.png 1920w, https:\/\/www.design-award.cz\/wp-content\/uploads\/2022\/04\/3-300x169.png 300w, https:\/\/www.design-award.cz\/wp-content\/uploads\/2022\/04\/3-1024x576.png 1024w, https:\/\/www.design-award.cz\/wp-content\/uploads\/2022\/04\/3-768x432.png 768w, https:\/\/www.design-award.cz\/wp-content\/uploads\/2022\/04\/3-1536x864.png 1536w, https:\/\/www.design-award.cz\/wp-content\/uploads\/2022\/04\/3-500x281.png 500w, https:\/\/www.design-award.cz\/wp-content\/uploads\/2022\/04\/3-800x450.png 800w, https:\/\/www.design-award.cz\/wp-content\/uploads\/2022\/04\/3-1280x720.png 1280w\" sizes=\"(max-width: 1920px) 100vw, 1920px\" \/><\/noscript><img decoding=\"async\" width=\"1920\" height=\"1080\" src=\"https:\/\/www.design-award.cz\/wp-content\/uploads\/2022\/04\/3.png\" class=\"wp-image-803 vp-lazyload\" alt srcset=\"data:image\/svg+xml;base64,PHN2ZyB3aWR0aD0iMTkyMCIgaGVpZ2h0PSIxMDgwIiB2aWV3Qm94PSIwIDAgMTkyMCAxMDgwIiBmaWxsPSJub25lIiB4bWxucz0iaHR0cDovL3d3dy53My5vcmcvMjAwMC9zdmciPjwvc3ZnPg==\" data-src=\"https:\/\/www.design-award.cz\/wp-content\/uploads\/2022\/04\/3.png\" data-srcset=\"https:\/\/www.design-award.cz\/wp-content\/uploads\/2022\/04\/3.png 1920w, https:\/\/www.design-award.cz\/wp-content\/uploads\/2022\/04\/3-300x169.png 300w, https:\/\/www.design-award.cz\/wp-content\/uploads\/2022\/04\/3-1024x576.png 1024w, https:\/\/www.design-award.cz\/wp-content\/uploads\/2022\/04\/3-768x432.png 768w, https:\/\/www.design-award.cz\/wp-content\/uploads\/2022\/04\/3-1536x864.png 1536w, https:\/\/www.design-award.cz\/wp-content\/uploads\/2022\/04\/3-500x281.png 500w, https:\/\/www.design-award.cz\/wp-content\/uploads\/2022\/04\/3-800x450.png 800w, https:\/\/www.design-award.cz\/wp-content\/uploads\/2022\/04\/3-1280x720.png 1280w\" data-sizes=\"auto\" loading=\"eager\">\n\t\t<\/a>\t<\/div>\n<\/div>\n\t<figcaption class=\"vp-portfolio__item-overlay vp-portfolio__item-overlay-text-align-center\">\n\t\t<div class=\"vp-portfolio__item-meta-wrap vp-portfolio__custom-scrollbar\">\n\t\t\t\t<a\n\t\thref=\"https:\/\/www.design-award.cz\/?portfolio=verejny-interier-rekonstrukce-panskych-toalet-na-ss\"\n\t\ttabindex=\"-1\" class=\"vp-portfolio__item-meta\" \t>\n\t\n<h2 class=\"vp-portfolio__item-meta-title\">\n\tVe\u0159ejn\u00fd interi\u00e9r &#8211; Rekonstrukce p\u00e1nsk\u00fdch toalet na S\u0160<\/h2>\n<\/a>\t\t<\/div>\n\t<\/figcaption>\n\t\t\t<\/figure>\n\t\t\t\t\t<\/article>\n\t\t\n\t\t<article\t\tclass=\"vp-portfolio__item-wrap post-3632 portfolio type-portfolio status-publish format-standard has-post-thumbnail hentry entry has-media vp-portfolio__item-uid-95c7f165\" data-vp-filter=\"\" \t\t>\n\t\t\t\t\t\t\t\t\t<figure class=\"vp-portfolio__item\">\n\t\t\t\t\n<div class=\"vp-portfolio__item-img-wrap\">\n\t<div class=\"vp-portfolio__item-img\">\n\t\t\t<a\n\t\thref=\"https:\/\/www.design-award.cz\/?portfolio=verejny-interier-kafe\"\n\t\t\t>\n\t\n\t\t<noscript><img decoding=\"async\" width=\"1920\" height=\"1080\" data-skip-lazy src=\"https:\/\/www.design-award.cz\/wp-content\/uploads\/2024\/06\/render-venku-kafe_Photo-2-copy-1920x1080.jpg\" class=\"wp-image-3639\" alt=\"\" srcset=\"https:\/\/www.design-award.cz\/wp-content\/uploads\/2024\/06\/render-venku-kafe_Photo-2-copy-1920x1080.jpg 1920w, https:\/\/www.design-award.cz\/wp-content\/uploads\/2024\/06\/render-venku-kafe_Photo-2-copy-300x169.jpg 300w, https:\/\/www.design-award.cz\/wp-content\/uploads\/2024\/06\/render-venku-kafe_Photo-2-copy-1024x576.jpg 1024w, https:\/\/www.design-award.cz\/wp-content\/uploads\/2024\/06\/render-venku-kafe_Photo-2-copy-768x432.jpg 768w, https:\/\/www.design-award.cz\/wp-content\/uploads\/2024\/06\/render-venku-kafe_Photo-2-copy-1536x864.jpg 1536w, https:\/\/www.design-award.cz\/wp-content\/uploads\/2024\/06\/render-venku-kafe_Photo-2-copy-2048x1152.jpg 2048w, https:\/\/www.design-award.cz\/wp-content\/uploads\/2024\/06\/render-venku-kafe_Photo-2-copy-500x281.jpg 500w, https:\/\/www.design-award.cz\/wp-content\/uploads\/2024\/06\/render-venku-kafe_Photo-2-copy-800x450.jpg 800w, https:\/\/www.design-award.cz\/wp-content\/uploads\/2024\/06\/render-venku-kafe_Photo-2-copy-1280x720.jpg 1280w\" sizes=\"(max-width: 1920px) 100vw, 1920px\" \/><\/noscript><img decoding=\"async\" width=\"1920\" height=\"1080\" src=\"https:\/\/www.design-award.cz\/wp-content\/uploads\/2024\/06\/render-venku-kafe_Photo-2-copy-1920x1080.jpg\" class=\"wp-image-3639 vp-lazyload\" alt srcset=\"data:image\/svg+xml;base64,PHN2ZyB3aWR0aD0iMTkyMCIgaGVpZ2h0PSIxMDgwIiB2aWV3Qm94PSIwIDAgMTkyMCAxMDgwIiBmaWxsPSJub25lIiB4bWxucz0iaHR0cDovL3d3dy53My5vcmcvMjAwMC9zdmciPjwvc3ZnPg==\" data-src=\"https:\/\/www.design-award.cz\/wp-content\/uploads\/2024\/06\/render-venku-kafe_Photo-2-copy-1920x1080.jpg\" data-srcset=\"https:\/\/www.design-award.cz\/wp-content\/uploads\/2024\/06\/render-venku-kafe_Photo-2-copy-1920x1080.jpg 1920w, https:\/\/www.design-award.cz\/wp-content\/uploads\/2024\/06\/render-venku-kafe_Photo-2-copy-300x169.jpg 300w, https:\/\/www.design-award.cz\/wp-content\/uploads\/2024\/06\/render-venku-kafe_Photo-2-copy-1024x576.jpg 1024w, https:\/\/www.design-award.cz\/wp-content\/uploads\/2024\/06\/render-venku-kafe_Photo-2-copy-768x432.jpg 768w, https:\/\/www.design-award.cz\/wp-content\/uploads\/2024\/06\/render-venku-kafe_Photo-2-copy-1536x864.jpg 1536w, https:\/\/www.design-award.cz\/wp-content\/uploads\/2024\/06\/render-venku-kafe_Photo-2-copy-2048x1152.jpg 2048w, https:\/\/www.design-award.cz\/wp-content\/uploads\/2024\/06\/render-venku-kafe_Photo-2-copy-500x281.jpg 500w, https:\/\/www.design-award.cz\/wp-content\/uploads\/2024\/06\/render-venku-kafe_Photo-2-copy-800x450.jpg 800w, https:\/\/www.design-award.cz\/wp-content\/uploads\/2024\/06\/render-venku-kafe_Photo-2-copy-1280x720.jpg 1280w\" data-sizes=\"auto\" loading=\"eager\">\n\t\t<\/a>\t<\/div>\n<\/div>\n\t<figcaption class=\"vp-portfolio__item-overlay vp-portfolio__item-overlay-text-align-center\">\n\t\t<div class=\"vp-portfolio__item-meta-wrap vp-portfolio__custom-scrollbar\">\n\t\t\t\t<a\n\t\thref=\"https:\/\/www.design-award.cz\/?portfolio=verejny-interier-kafe\"\n\t\ttabindex=\"-1\" class=\"vp-portfolio__item-meta\" \t>\n\t\n<h2 class=\"vp-portfolio__item-meta-title\">\n\tVe\u0159ejn\u00fd interi\u00e9r &#8211; KAFE?<\/h2>\n<\/a>\t\t<\/div>\n\t<\/figcaption>\n\t\t\t<\/figure>\n\t\t\t\t\t<\/article>\n\t\t\n<\/div>\n\n<div class=\"vp-portfolio__items-arrow vp-portfolio__items-arrow-prev\" tabindex=\"0\" role=\"button\" aria-label=\"Previous Slide\">\n\t\n<svg class=\"vp-svg-icon\" width=\"20\" height=\"20\" viewBox=\"0 0 20 20\" fill=\"none\" xmlns=\"http:\/\/www.w3.org\/2000\/svg\">\n\t<path d=\"M12 4L6 10L12 16\" stroke=\"currentColor\" stroke-width=\"1.5\" stroke-linecap=\"round\" stroke-linejoin=\"round\" fill=\"transparent\" \/>\n<\/svg>\n<\/div>\n<div class=\"vp-portfolio__items-arrow vp-portfolio__items-arrow-next\" tabindex=\"0\" role=\"button\" aria-label=\"Next Slide\">\n\t\n<svg class=\"vp-svg-icon\" width=\"20\" height=\"20\" viewBox=\"0 0 20 20\" fill=\"none\" xmlns=\"http:\/\/www.w3.org\/2000\/svg\">\n\t<path d=\"M8 4L14 10L8 16\" stroke=\"currentColor\" stroke-width=\"1.5\" stroke-linecap=\"round\" stroke-linejoin=\"round\" fill=\"transparent\" \/>\n<\/svg>\n<\/div>\n\t\t<\/div>\n\t\t\t\t<div class=\"vp-portfolio__layout-elements vp-portfolio__layout-elements-bottom vp-portfolio__layout-elements-align-center\">\n\t\t\t\t<div class=\"vp-portfolio__pagination-wrap\">\n\t\t\n<div class=\"vp-pagination vp-pagination__style-minimal\" data-vp-pagination-type=\"load-more\">\n\t<div class=\"vp-pagination__item\">\n\t\t<a class=\"vp-pagination__load-more\" href=\"https:\/\/www.design-award.cz\/index.php?rest_route=%2Fwp%2Fv2%2Fportfolio%2F696&#038;vp_page=2\">\n\t\t\t<span>Load More<\/span>\n\t\t\t<span class=\"vp-pagination__load-more-loading\"><span class=\"vp-spinner\"><\/span><span class=\"vp-screen-reader-text\"> Loading More&#8230;<\/span><\/span>\n\t\t\t<span class=\"vp-pagination__load-more-no-more\">You\u2019ve reached the end of the list<\/span>\n\t\t<\/a>\n\t<\/div>\n<\/div>\n\t\t<\/div>\n\t\t\t\t<\/div>\n\t\t\n<\/div>\n<\/div>","protected":false},"excerpt":{"rendered":"<p>Than Thi Minh Chau St\u0159edn\u00ed um\u011bleck\u00e1 \u0161kola varhan\u00e1\u0159sk\u00e1 o. p. s. \u00da\u010delem projektu je navrhnout d\u016fm ve st\u0159edomo\u0159sk\u00e9m stylu s akcentem na etno styl. Dle po\u017eadavku z\u00e1kazn\u00edka d\u016fm m\u00e1 b\u00fdt prosv\u011btlen\u00fd, m\u00e1 vyza\u0159ovat pohodu, je kladen d\u016fraz na asymetrii, zemitost. Hlavn\u00edmi pou\u017eit\u00fdmi barvami jsou z\u00e1\u0159iv\u011b b\u00edl\u00e1 s neutr\u00e1ln\u00edmi zemit\u00fdmi odst\u00edny, kter\u00e9 lad\u00ed s p\u0159\u00edmo\u0159sk\u00fdm stylem. [&hellip;]<\/p>\n","protected":false},"author":1,"featured_media":697,"menu_order":0,"comment_status":"closed","ping_status":"closed","template":"","format":"standard","meta":{"ngg_post_thumbnail":0,"ocean_post_layout":"","ocean_both_sidebars_style":"","ocean_both_sidebars_content_width":0,"ocean_both_sidebars_sidebars_width":0,"ocean_sidebar":"","ocean_second_sidebar":"","ocean_disable_margins":"enable","ocean_add_body_class":"","ocean_shortcode_before_top_bar":"","ocean_shortcode_after_top_bar":"","ocean_shortcode_before_header":"","ocean_shortcode_after_header":"","ocean_has_shortcode":"","ocean_shortcode_after_title":"","ocean_shortcode_before_footer_widgets":"","ocean_shortcode_after_footer_widgets":"","ocean_shortcode_before_footer_bottom":"","ocean_shortcode_after_footer_bottom":"","ocean_display_top_bar":"default","ocean_display_header":"default","ocean_header_style":"","ocean_center_header_left_menu":"","ocean_custom_header_template":"","ocean_custom_logo":0,"ocean_custom_retina_logo":0,"ocean_custom_logo_max_width":0,"ocean_custom_logo_tablet_max_width":0,"ocean_custom_logo_mobile_max_width":0,"ocean_custom_logo_max_height":0,"ocean_custom_logo_tablet_max_height":0,"ocean_custom_logo_mobile_max_height":0,"ocean_header_custom_menu":"","ocean_menu_typo_font_family":"","ocean_menu_typo_font_subset":"","ocean_menu_typo_font_size":0,"ocean_menu_typo_font_size_tablet":0,"ocean_menu_typo_font_size_mobile":0,"ocean_menu_typo_font_size_unit":"px","ocean_menu_typo_font_weight":"","ocean_menu_typo_font_weight_tablet":"","ocean_menu_typo_font_weight_mobile":"","ocean_menu_typo_transform":"","ocean_menu_typo_transform_tablet":"","ocean_menu_typo_transform_mobile":"","ocean_menu_typo_line_height":0,"ocean_menu_typo_line_height_tablet":0,"ocean_menu_typo_line_height_mobile":0,"ocean_menu_typo_line_height_unit":"","ocean_menu_typo_spacing":0,"ocean_menu_typo_spacing_tablet":0,"ocean_menu_typo_spacing_mobile":0,"ocean_menu_typo_spacing_unit":"","ocean_menu_link_color":"","ocean_menu_link_color_hover":"","ocean_menu_link_color_active":"","ocean_menu_link_background":"","ocean_menu_link_hover_background":"","ocean_menu_link_active_background":"","ocean_menu_social_links_bg":"","ocean_menu_social_hover_links_bg":"","ocean_menu_social_links_color":"","ocean_menu_social_hover_links_color":"","ocean_disable_title":"default","ocean_disable_heading":"default","ocean_post_title":"","ocean_post_subheading":"","ocean_post_title_style":"","ocean_post_title_background_color":"","ocean_post_title_background":0,"ocean_post_title_bg_image_position":"","ocean_post_title_bg_image_attachment":"","ocean_post_title_bg_image_repeat":"","ocean_post_title_bg_image_size":"","ocean_post_title_height":0,"ocean_post_title_bg_overlay":0.5,"ocean_post_title_bg_overlay_color":"","ocean_disable_breadcrumbs":"default","ocean_breadcrumbs_color":"","ocean_breadcrumbs_separator_color":"","ocean_breadcrumbs_links_color":"","ocean_breadcrumbs_links_hover_color":"","ocean_display_footer_widgets":"default","ocean_display_footer_bottom":"default","ocean_custom_footer_template":"","_vp_format_video_url":"","_vp_image_focal_point":[],"footnotes":""},"portfolio_category":[],"portfolio_tag":[],"class_list":["post-696","portfolio","type-portfolio","status-publish","format-standard","has-post-thumbnail","hentry","entry","has-media"],"yoast_head":"<!-- This site is optimized with the Yoast SEO plugin v25.2 - https:\/\/yoast.com\/wordpress\/plugins\/seo\/ -->\n<title>Soukrom\u00fd interi\u00e9r - D\u016fm ve st\u0159edomo\u0159sk\u00e9m stylu s akcentem na etno styl - design-award.cz<\/title>\n<meta name=\"robots\" content=\"index, follow, max-snippet:-1, max-image-preview:large, max-video-preview:-1\" \/>\n<link rel=\"canonical\" href=\"https:\/\/www.design-award.cz\/?portfolio=soukromy-interier-dum-ve-stredomorskem-stylu-s-akcentem-na-etno-styl\" \/>\n<meta property=\"og:locale\" content=\"cs_CZ\" \/>\n<meta property=\"og:type\" content=\"article\" \/>\n<meta property=\"og:title\" content=\"Soukrom\u00fd interi\u00e9r - D\u016fm ve st\u0159edomo\u0159sk\u00e9m stylu s akcentem na etno styl - design-award.cz\" \/>\n<meta property=\"og:description\" content=\"Than Thi Minh Chau St\u0159edn\u00ed um\u011bleck\u00e1 \u0161kola varhan\u00e1\u0159sk\u00e1 o. p. s. \u00da\u010delem projektu je navrhnout d\u016fm ve st\u0159edomo\u0159sk\u00e9m stylu s akcentem na etno styl. Dle po\u017eadavku z\u00e1kazn\u00edka d\u016fm m\u00e1 b\u00fdt prosv\u011btlen\u00fd, m\u00e1 vyza\u0159ovat pohodu, je kladen d\u016fraz na asymetrii, zemitost. Hlavn\u00edmi pou\u017eit\u00fdmi barvami jsou z\u00e1\u0159iv\u011b b\u00edl\u00e1 s neutr\u00e1ln\u00edmi zemit\u00fdmi odst\u00edny, kter\u00e9 lad\u00ed s p\u0159\u00edmo\u0159sk\u00fdm stylem. [&hellip;]\" \/>\n<meta property=\"og:url\" content=\"https:\/\/www.design-award.cz\/?portfolio=soukromy-interier-dum-ve-stredomorskem-stylu-s-akcentem-na-etno-styl\" \/>\n<meta property=\"og:site_name\" content=\"design-award.cz\" \/>\n<meta property=\"article:modified_time\" content=\"2022-04-24T20:50:50+00:00\" \/>\n<meta property=\"og:image\" content=\"http:\/\/www.design-award.cz\/wp-content\/uploads\/2022\/04\/IMG_20220408_075040.jpg\" \/>\n\t<meta property=\"og:image:width\" content=\"1000\" \/>\n\t<meta property=\"og:image:height\" content=\"750\" \/>\n\t<meta property=\"og:image:type\" content=\"image\/jpeg\" \/>\n<meta name=\"twitter:card\" content=\"summary_large_image\" \/>\n<meta name=\"twitter:label1\" content=\"Odhadovan\u00e1 doba \u010dten\u00ed\" \/>\n\t<meta name=\"twitter:data1\" content=\"2 minuty\" \/>\n<script type=\"application\/ld+json\" class=\"yoast-schema-graph\">{\"@context\":\"https:\/\/schema.org\",\"@graph\":[{\"@type\":\"WebPage\",\"@id\":\"https:\/\/www.design-award.cz\/?portfolio=soukromy-interier-dum-ve-stredomorskem-stylu-s-akcentem-na-etno-styl\",\"url\":\"https:\/\/www.design-award.cz\/?portfolio=soukromy-interier-dum-ve-stredomorskem-stylu-s-akcentem-na-etno-styl\",\"name\":\"Soukrom\u00fd interi\u00e9r - D\u016fm ve st\u0159edomo\u0159sk\u00e9m stylu s akcentem na etno styl - design-award.cz\",\"isPartOf\":{\"@id\":\"https:\/\/www.design-award.cz\/#website\"},\"primaryImageOfPage\":{\"@id\":\"https:\/\/www.design-award.cz\/?portfolio=soukromy-interier-dum-ve-stredomorskem-stylu-s-akcentem-na-etno-styl#primaryimage\"},\"image\":{\"@id\":\"https:\/\/www.design-award.cz\/?portfolio=soukromy-interier-dum-ve-stredomorskem-stylu-s-akcentem-na-etno-styl#primaryimage\"},\"thumbnailUrl\":\"https:\/\/www.design-award.cz\/wp-content\/uploads\/2022\/04\/IMG_20220408_075040.jpg\",\"datePublished\":\"2022-04-24T20:50:49+00:00\",\"dateModified\":\"2022-04-24T20:50:50+00:00\",\"breadcrumb\":{\"@id\":\"https:\/\/www.design-award.cz\/?portfolio=soukromy-interier-dum-ve-stredomorskem-stylu-s-akcentem-na-etno-styl#breadcrumb\"},\"inLanguage\":\"cs\",\"potentialAction\":[{\"@type\":\"ReadAction\",\"target\":[\"https:\/\/www.design-award.cz\/?portfolio=soukromy-interier-dum-ve-stredomorskem-stylu-s-akcentem-na-etno-styl\"]}]},{\"@type\":\"ImageObject\",\"inLanguage\":\"cs\",\"@id\":\"https:\/\/www.design-award.cz\/?portfolio=soukromy-interier-dum-ve-stredomorskem-stylu-s-akcentem-na-etno-styl#primaryimage\",\"url\":\"https:\/\/www.design-award.cz\/wp-content\/uploads\/2022\/04\/IMG_20220408_075040.jpg\",\"contentUrl\":\"https:\/\/www.design-award.cz\/wp-content\/uploads\/2022\/04\/IMG_20220408_075040.jpg\",\"width\":1000,\"height\":750},{\"@type\":\"BreadcrumbList\",\"@id\":\"https:\/\/www.design-award.cz\/?portfolio=soukromy-interier-dum-ve-stredomorskem-stylu-s-akcentem-na-etno-styl#breadcrumb\",\"itemListElement\":[{\"@type\":\"ListItem\",\"position\":1,\"name\":\"Dom\u016f\",\"item\":\"https:\/\/www.design-award.cz\/\"},{\"@type\":\"ListItem\",\"position\":2,\"name\":\"Portfolio Items\",\"item\":\"https:\/\/www.design-award.cz\/?post_type=portfolio\"},{\"@type\":\"ListItem\",\"position\":3,\"name\":\"Soukrom\u00fd interi\u00e9r &#8211; D\u016fm ve st\u0159edomo\u0159sk\u00e9m stylu s akcentem na etno styl\"}]},{\"@type\":\"WebSite\",\"@id\":\"https:\/\/www.design-award.cz\/#website\",\"url\":\"https:\/\/www.design-award.cz\/\",\"name\":\"design-award.cz\",\"description\":\"WARD vznikla v roce 2022. Je ur\u010dena p\u0159edev\u0161\u00edm student\u016fm st\u0159edn\u00edch um\u011bleck\u00fdch \u0161kol (S\u0160 a VO\u0160), kte\u0159\u00ed mohou bezplatn\u011b zaslat sv\u00e9 n\u00e1vrhy v uveden\u00fdch kategori\u00ed a tak pom\u011b\u0159it sv\u00e9 n\u00e1pady s konkurenc\u00ed sv\u00fdch vrstevn\u00edk\u016f. N\u00e1vrhy jsou n\u00e1sledn\u011b posouzeny nez\u00e1vislou porotou z \u0159ad v\u00fdtvarn\u00edk\u016f, pedagog\u016f a profesion\u00e1l\u016f z oboru.\",\"publisher\":{\"@id\":\"https:\/\/www.design-award.cz\/#organization\"},\"potentialAction\":[{\"@type\":\"SearchAction\",\"target\":{\"@type\":\"EntryPoint\",\"urlTemplate\":\"https:\/\/www.design-award.cz\/?s={search_term_string}\"},\"query-input\":{\"@type\":\"PropertyValueSpecification\",\"valueRequired\":true,\"valueName\":\"search_term_string\"}}],\"inLanguage\":\"cs\"},{\"@type\":\"Organization\",\"@id\":\"https:\/\/www.design-award.cz\/#organization\",\"name\":\"Design Award\",\"url\":\"https:\/\/www.design-award.cz\/\",\"logo\":{\"@type\":\"ImageObject\",\"inLanguage\":\"cs\",\"@id\":\"https:\/\/www.design-award.cz\/#\/schema\/logo\/image\/\",\"url\":\"http:\/\/www.design-award.cz\/wp-content\/uploads\/2021\/12\/hornilogo_design-award.png\",\"contentUrl\":\"http:\/\/www.design-award.cz\/wp-content\/uploads\/2021\/12\/hornilogo_design-award.png\",\"width\":800,\"height\":600,\"caption\":\"Design Award\"},\"image\":{\"@id\":\"https:\/\/www.design-award.cz\/#\/schema\/logo\/image\/\"},\"sameAs\":[\"https:\/\/www.instagram.com\/design_award\/\"]}]}<\/script>\n<!-- \/ Yoast SEO plugin. -->","yoast_head_json":{"title":"Soukrom\u00fd interi\u00e9r - D\u016fm ve st\u0159edomo\u0159sk\u00e9m stylu s akcentem na etno styl - design-award.cz","robots":{"index":"index","follow":"follow","max-snippet":"max-snippet:-1","max-image-preview":"max-image-preview:large","max-video-preview":"max-video-preview:-1"},"canonical":"https:\/\/www.design-award.cz\/?portfolio=soukromy-interier-dum-ve-stredomorskem-stylu-s-akcentem-na-etno-styl","og_locale":"cs_CZ","og_type":"article","og_title":"Soukrom\u00fd interi\u00e9r - D\u016fm ve st\u0159edomo\u0159sk\u00e9m stylu s akcentem na etno styl - design-award.cz","og_description":"Than Thi Minh Chau St\u0159edn\u00ed um\u011bleck\u00e1 \u0161kola varhan\u00e1\u0159sk\u00e1 o. p. s. \u00da\u010delem projektu je navrhnout d\u016fm ve st\u0159edomo\u0159sk\u00e9m stylu s akcentem na etno styl. Dle po\u017eadavku z\u00e1kazn\u00edka d\u016fm m\u00e1 b\u00fdt prosv\u011btlen\u00fd, m\u00e1 vyza\u0159ovat pohodu, je kladen d\u016fraz na asymetrii, zemitost. Hlavn\u00edmi pou\u017eit\u00fdmi barvami jsou z\u00e1\u0159iv\u011b b\u00edl\u00e1 s neutr\u00e1ln\u00edmi zemit\u00fdmi odst\u00edny, kter\u00e9 lad\u00ed s p\u0159\u00edmo\u0159sk\u00fdm stylem. [&hellip;]","og_url":"https:\/\/www.design-award.cz\/?portfolio=soukromy-interier-dum-ve-stredomorskem-stylu-s-akcentem-na-etno-styl","og_site_name":"design-award.cz","article_modified_time":"2022-04-24T20:50:50+00:00","og_image":[{"width":1000,"height":750,"url":"http:\/\/www.design-award.cz\/wp-content\/uploads\/2022\/04\/IMG_20220408_075040.jpg","type":"image\/jpeg"}],"twitter_card":"summary_large_image","twitter_misc":{"Odhadovan\u00e1 doba \u010dten\u00ed":"2 minuty"},"schema":{"@context":"https:\/\/schema.org","@graph":[{"@type":"WebPage","@id":"https:\/\/www.design-award.cz\/?portfolio=soukromy-interier-dum-ve-stredomorskem-stylu-s-akcentem-na-etno-styl","url":"https:\/\/www.design-award.cz\/?portfolio=soukromy-interier-dum-ve-stredomorskem-stylu-s-akcentem-na-etno-styl","name":"Soukrom\u00fd interi\u00e9r - D\u016fm ve st\u0159edomo\u0159sk\u00e9m stylu s akcentem na etno styl - design-award.cz","isPartOf":{"@id":"https:\/\/www.design-award.cz\/#website"},"primaryImageOfPage":{"@id":"https:\/\/www.design-award.cz\/?portfolio=soukromy-interier-dum-ve-stredomorskem-stylu-s-akcentem-na-etno-styl#primaryimage"},"image":{"@id":"https:\/\/www.design-award.cz\/?portfolio=soukromy-interier-dum-ve-stredomorskem-stylu-s-akcentem-na-etno-styl#primaryimage"},"thumbnailUrl":"https:\/\/www.design-award.cz\/wp-content\/uploads\/2022\/04\/IMG_20220408_075040.jpg","datePublished":"2022-04-24T20:50:49+00:00","dateModified":"2022-04-24T20:50:50+00:00","breadcrumb":{"@id":"https:\/\/www.design-award.cz\/?portfolio=soukromy-interier-dum-ve-stredomorskem-stylu-s-akcentem-na-etno-styl#breadcrumb"},"inLanguage":"cs","potentialAction":[{"@type":"ReadAction","target":["https:\/\/www.design-award.cz\/?portfolio=soukromy-interier-dum-ve-stredomorskem-stylu-s-akcentem-na-etno-styl"]}]},{"@type":"ImageObject","inLanguage":"cs","@id":"https:\/\/www.design-award.cz\/?portfolio=soukromy-interier-dum-ve-stredomorskem-stylu-s-akcentem-na-etno-styl#primaryimage","url":"https:\/\/www.design-award.cz\/wp-content\/uploads\/2022\/04\/IMG_20220408_075040.jpg","contentUrl":"https:\/\/www.design-award.cz\/wp-content\/uploads\/2022\/04\/IMG_20220408_075040.jpg","width":1000,"height":750},{"@type":"BreadcrumbList","@id":"https:\/\/www.design-award.cz\/?portfolio=soukromy-interier-dum-ve-stredomorskem-stylu-s-akcentem-na-etno-styl#breadcrumb","itemListElement":[{"@type":"ListItem","position":1,"name":"Dom\u016f","item":"https:\/\/www.design-award.cz\/"},{"@type":"ListItem","position":2,"name":"Portfolio Items","item":"https:\/\/www.design-award.cz\/?post_type=portfolio"},{"@type":"ListItem","position":3,"name":"Soukrom\u00fd interi\u00e9r &#8211; D\u016fm ve st\u0159edomo\u0159sk\u00e9m stylu s akcentem na etno styl"}]},{"@type":"WebSite","@id":"https:\/\/www.design-award.cz\/#website","url":"https:\/\/www.design-award.cz\/","name":"design-award.cz","description":"WARD vznikla v roce 2022. Je ur\u010dena p\u0159edev\u0161\u00edm student\u016fm st\u0159edn\u00edch um\u011bleck\u00fdch \u0161kol (S\u0160 a VO\u0160), kte\u0159\u00ed mohou bezplatn\u011b zaslat sv\u00e9 n\u00e1vrhy v uveden\u00fdch kategori\u00ed a tak pom\u011b\u0159it sv\u00e9 n\u00e1pady s konkurenc\u00ed sv\u00fdch vrstevn\u00edk\u016f. N\u00e1vrhy jsou n\u00e1sledn\u011b posouzeny nez\u00e1vislou porotou z \u0159ad v\u00fdtvarn\u00edk\u016f, pedagog\u016f a profesion\u00e1l\u016f z oboru.","publisher":{"@id":"https:\/\/www.design-award.cz\/#organization"},"potentialAction":[{"@type":"SearchAction","target":{"@type":"EntryPoint","urlTemplate":"https:\/\/www.design-award.cz\/?s={search_term_string}"},"query-input":{"@type":"PropertyValueSpecification","valueRequired":true,"valueName":"search_term_string"}}],"inLanguage":"cs"},{"@type":"Organization","@id":"https:\/\/www.design-award.cz\/#organization","name":"Design Award","url":"https:\/\/www.design-award.cz\/","logo":{"@type":"ImageObject","inLanguage":"cs","@id":"https:\/\/www.design-award.cz\/#\/schema\/logo\/image\/","url":"http:\/\/www.design-award.cz\/wp-content\/uploads\/2021\/12\/hornilogo_design-award.png","contentUrl":"http:\/\/www.design-award.cz\/wp-content\/uploads\/2021\/12\/hornilogo_design-award.png","width":800,"height":600,"caption":"Design Award"},"image":{"@id":"https:\/\/www.design-award.cz\/#\/schema\/logo\/image\/"},"sameAs":["https:\/\/www.instagram.com\/design_award\/"]}]}},"_links":{"self":[{"href":"https:\/\/www.design-award.cz\/index.php?rest_route=\/wp\/v2\/portfolio\/696","targetHints":{"allow":["GET"]}}],"collection":[{"href":"https:\/\/www.design-award.cz\/index.php?rest_route=\/wp\/v2\/portfolio"}],"about":[{"href":"https:\/\/www.design-award.cz\/index.php?rest_route=\/wp\/v2\/types\/portfolio"}],"author":[{"embeddable":true,"href":"https:\/\/www.design-award.cz\/index.php?rest_route=\/wp\/v2\/users\/1"}],"replies":[{"embeddable":true,"href":"https:\/\/www.design-award.cz\/index.php?rest_route=%2Fwp%2Fv2%2Fcomments&post=696"}],"version-history":[{"count":1,"href":"https:\/\/www.design-award.cz\/index.php?rest_route=\/wp\/v2\/portfolio\/696\/revisions"}],"predecessor-version":[{"id":703,"href":"https:\/\/www.design-award.cz\/index.php?rest_route=\/wp\/v2\/portfolio\/696\/revisions\/703"}],"wp:featuredmedia":[{"embeddable":true,"href":"https:\/\/www.design-award.cz\/index.php?rest_route=\/wp\/v2\/media\/697"}],"wp:attachment":[{"href":"https:\/\/www.design-award.cz\/index.php?rest_route=%2Fwp%2Fv2%2Fmedia&parent=696"}],"wp:term":[{"taxonomy":"portfolio_category","embeddable":true,"href":"https:\/\/www.design-award.cz\/index.php?rest_route=%2Fwp%2Fv2%2Fportfolio_category&post=696"},{"taxonomy":"portfolio_tag","embeddable":true,"href":"https:\/\/www.design-award.cz\/index.php?rest_route=%2Fwp%2Fv2%2Fportfolio_tag&post=696"}],"curies":[{"name":"wp","href":"https:\/\/api.w.org\/{rel}","templated":true}]}}