{"id":706,"date":"2022-04-25T13:17:20","date_gmt":"2022-04-25T13:17:20","guid":{"rendered":"https:\/\/www.design-award.cz\/?post_type=portfolio&#038;p=706"},"modified":"2022-04-25T13:18:23","modified_gmt":"2022-04-25T13:18:23","slug":"soukromy-interier-navrh-pokoje-pro-14-leteho-chlapce","status":"publish","type":"portfolio","link":"https:\/\/www.design-award.cz\/?portfolio=soukromy-interier-navrh-pokoje-pro-14-leteho-chlapce","title":{"rendered":"Soukrom\u00fd interi\u00e9r &#8211; N\u00e1vrh pokoje pro 14 let\u00e9ho chlapce"},"content":{"rendered":"\n<h2 class=\"wp-block-heading\">\u010cen\u011bk Tr\u00e1vn\u00ed\u010dek<\/h2>\n\n\n\n<p><strong>Michael \u2013 St\u0159edn\u00ed \u0161kola a Vy\u0161\u0161\u00ed odborn\u00e1 \u0161kola reklamn\u00ed a um\u011bleck\u00e9 tvorby<\/strong><\/p>\n\n\n\n<p>Projekt je sou\u010d\u00e1st\u00ed zad\u00e1n\u00ed maturitn\u00ed pr\u00e1ce, pro kterou je navrhov\u00e1n. Prostor m\u00e1 rozlohu 25 metr\u016f \u010dtvere\u010dn\u00edch. St\u00e1v\u00e1 se tak dosti velk\u00fdm prostorem. V podkrov\u00ed jsou v\u0161ak tyto velikosti b\u011b\u017en\u00e9 a jsou opticky zmen\u0161ov\u00e1ny \u0161ikmou st\u0159echou. Pokoj je v pr\u016fb\u011bhu let variabiln\u00ed, s mo\u017enost\u00ed levn\u00fdch \u00faprav. Moj\u00ed snahou bylo, aby to v\u0161ak nebylo nutn\u00e9.<br>N\u00e1bytek je typov\u00fd, dopln\u011bn\u00fd jednotliv\u00fdmi kusy na m\u00edru. Vyroben je z borovicov\u00e9ho masivu, kter\u00fd je cenov\u011b dostupn\u00fd a spolu s b\u00edlou barvou pokoje tvo\u0159\u00ed nad\u010dasov\u00fd design, ide\u00e1ln\u00ed pro d\u011btsk\u00e9 pokoje. Ve\u0161ker\u00e9 d\u0159evo v pokoj\u00edku dod\u00e1v\u00e1 tepl\u00fd a m\u011bkk\u00fd n\u00e1dech. Chlapec sv\u00fdmi z\u00e1jmy dod\u00e1v\u00e1 pokoji du\u0161i, a t\u00edm i barevnost.<br>Prostor je koncipov\u00e1n do jednotliv\u00fdch z\u00f3n, pro co nejvy\u0161\u0161\u00ed koncentraci na danou \u010dinnost. D\u011bl\u00ed se na pracovn\u00ed, spac\u00ed a odpo\u010dinkovou z\u00f3nu.<br>V pracovn\u00ed z\u00f3n\u011b je navr\u017eena speci\u00e1ln\u00ed n\u00e1st\u011bnka p\u0159es celou st\u011bnu, na kterou se daj\u00ed odkl\u00e1dat r\u016fzn\u00e9 v\u011bci a je jen na d\u011btsk\u00e9 fantazii co a jak chlapec uchyt\u00ed.<br>D\u00edky dispozici bylo mo\u017en\u00e9 vytvo\u0159it odpo\u010dinkovou z\u00f3nu nad spac\u00ed, tak aby chlapec m\u011bl dostatek soukrom\u00ed. Do patra vedou sch\u016fdky, pod kter\u00fdmi je zabudov\u00e1na sk\u0159\u00ed\u0148 na sportovn\u00ed vybaven\u00ed. V pokoji je dostatek \u00falo\u017en\u00fdch prostor pro odkl\u00e1d\u00e1n\u00ed r\u016fzn\u00fdch v\u011bc\u00ed, tak i oble\u010den\u00ed. Pokoj disponuje chytr\u00fdmi sv\u011btly, kter\u00e9 se p\u0159izp\u016fsobuj\u00ed denn\u00ed dob\u011b.<\/p>\n\n\n\n<p>M\u00e1te-li z\u00e1jem o prohl\u00e9dnut\u00ed si pokoje v 360\u00b0, naskenujte n\u00ed\u017ee uveden\u00e9 QR k\u00f3dy nebo klikn\u011bte na odkaz uveden\u00fd zde:<\/p>\n\n\n\n<figure class=\"wp-block-image size-large is-resized\"><img decoding=\"async\" data-src=\"https:\/\/www.design-award.cz\/wp-content\/uploads\/2022\/04\/QR-kody-soutez-final-edited-scaled.jpg\" alt=\"\" class=\"wp-image-713 lazyload\" width=\"313\" height=\"443\" data-srcset=\"https:\/\/www.design-award.cz\/wp-content\/uploads\/2022\/04\/QR-kody-soutez-final-edited-scaled.jpg 1810w, https:\/\/www.design-award.cz\/wp-content\/uploads\/2022\/04\/QR-kody-soutez-final-edited-212x300.jpg 212w, https:\/\/www.design-award.cz\/wp-content\/uploads\/2022\/04\/QR-kody-soutez-final-edited-724x1024.jpg 724w, https:\/\/www.design-award.cz\/wp-content\/uploads\/2022\/04\/QR-kody-soutez-final-edited-768x1086.jpg 768w, https:\/\/www.design-award.cz\/wp-content\/uploads\/2022\/04\/QR-kody-soutez-final-edited-1086x1536.jpg 1086w, https:\/\/www.design-award.cz\/wp-content\/uploads\/2022\/04\/QR-kody-soutez-final-edited-1448x2048.jpg 1448w, https:\/\/www.design-award.cz\/wp-content\/uploads\/2022\/04\/QR-kody-soutez-final-edited-500x707.jpg 500w, https:\/\/www.design-award.cz\/wp-content\/uploads\/2022\/04\/QR-kody-soutez-final-edited-800x1132.jpg 800w, https:\/\/www.design-award.cz\/wp-content\/uploads\/2022\/04\/QR-kody-soutez-final-edited-1280x1810.jpg 1280w, https:\/\/www.design-award.cz\/wp-content\/uploads\/2022\/04\/QR-kody-soutez-final-edited-1920x2716.jpg 1920w\" data-sizes=\"(max-width: 313px) 100vw, 313px\" src=\"data:image\/svg+xml;base64,PHN2ZyB3aWR0aD0iMSIgaGVpZ2h0PSIxIiB4bWxucz0iaHR0cDovL3d3dy53My5vcmcvMjAwMC9zdmciPjwvc3ZnPg==\" style=\"--smush-placeholder-width: 313px; --smush-placeholder-aspect-ratio: 313\/443;\" \/><\/figure>\n\n\n\n<p>pohled od prost\u0159ed:&nbsp;<a href=\"https:\/\/api2.enscape3d.com\/v3\/view\/e7e36eab-ec4e-44c1-afa6-600bc0940896\" target=\"_blank\" rel=\"noreferrer noopener\">https:\/\/api2.enscape3d.com\/v3\/view\/e7e36eab-ec4e-44c1-afa6-600bc0940896<\/a><\/p>\n\n\n\n<p>pohled od stolu:&nbsp;<a href=\"https:\/\/api2.enscape3d.com\/v3\/view\/83220886-40ad-4fdc-a301-3a119b48125c\" target=\"_blank\" rel=\"noreferrer noopener\">https:\/\/api2.enscape3d.com\/v3\/view\/83220886-40ad-4fdc-a301-3a119b48125c<\/a><\/p>\n\n\n\n<p>Doporu\u010duji otev\u00edrat p\u0159es mobiln\u00ed za\u0159\u00edzen\u00ed.<\/p>\n\n\n\n<figure class=\"wp-block-image size-large\"><img decoding=\"async\" width=\"1024\" height=\"602\" data-src=\"http:\/\/www.design-award.cz\/wp-content\/uploads\/2022\/04\/render-1-1024x602.jpg\" alt=\"\" class=\"wp-image-708 lazyload\" data-srcset=\"https:\/\/www.design-award.cz\/wp-content\/uploads\/2022\/04\/render-1-1024x602.jpg 1024w, https:\/\/www.design-award.cz\/wp-content\/uploads\/2022\/04\/render-1-300x176.jpg 300w, https:\/\/www.design-award.cz\/wp-content\/uploads\/2022\/04\/render-1-768x451.jpg 768w, https:\/\/www.design-award.cz\/wp-content\/uploads\/2022\/04\/render-1-1536x902.jpg 1536w, https:\/\/www.design-award.cz\/wp-content\/uploads\/2022\/04\/render-1-2048x1203.jpg 2048w, https:\/\/www.design-award.cz\/wp-content\/uploads\/2022\/04\/render-1-500x294.jpg 500w, https:\/\/www.design-award.cz\/wp-content\/uploads\/2022\/04\/render-1-800x470.jpg 800w, https:\/\/www.design-award.cz\/wp-content\/uploads\/2022\/04\/render-1-1280x752.jpg 1280w, https:\/\/www.design-award.cz\/wp-content\/uploads\/2022\/04\/render-1-1920x1128.jpg 1920w\" data-sizes=\"(max-width: 1024px) 100vw, 1024px\" src=\"data:image\/svg+xml;base64,PHN2ZyB3aWR0aD0iMSIgaGVpZ2h0PSIxIiB4bWxucz0iaHR0cDovL3d3dy53My5vcmcvMjAwMC9zdmciPjwvc3ZnPg==\" style=\"--smush-placeholder-width: 1024px; --smush-placeholder-aspect-ratio: 1024\/602;\" \/><\/figure>\n\n\n\n<figure class=\"wp-block-image size-large\"><img decoding=\"async\" width=\"1024\" height=\"597\" data-src=\"http:\/\/www.design-award.cz\/wp-content\/uploads\/2022\/04\/render-4-1024x597.jpg\" alt=\"\" class=\"wp-image-711 lazyload\" data-srcset=\"https:\/\/www.design-award.cz\/wp-content\/uploads\/2022\/04\/render-4-1024x597.jpg 1024w, https:\/\/www.design-award.cz\/wp-content\/uploads\/2022\/04\/render-4-300x175.jpg 300w, https:\/\/www.design-award.cz\/wp-content\/uploads\/2022\/04\/render-4-768x448.jpg 768w, https:\/\/www.design-award.cz\/wp-content\/uploads\/2022\/04\/render-4-1536x896.jpg 1536w, https:\/\/www.design-award.cz\/wp-content\/uploads\/2022\/04\/render-4-2048x1194.jpg 2048w, https:\/\/www.design-award.cz\/wp-content\/uploads\/2022\/04\/render-4-500x292.jpg 500w, https:\/\/www.design-award.cz\/wp-content\/uploads\/2022\/04\/render-4-800x466.jpg 800w, https:\/\/www.design-award.cz\/wp-content\/uploads\/2022\/04\/render-4-1280x746.jpg 1280w, https:\/\/www.design-award.cz\/wp-content\/uploads\/2022\/04\/render-4-1920x1119.jpg 1920w\" data-sizes=\"(max-width: 1024px) 100vw, 1024px\" src=\"data:image\/svg+xml;base64,PHN2ZyB3aWR0aD0iMSIgaGVpZ2h0PSIxIiB4bWxucz0iaHR0cDovL3d3dy53My5vcmcvMjAwMC9zdmciPjwvc3ZnPg==\" style=\"--smush-placeholder-width: 1024px; --smush-placeholder-aspect-ratio: 1024\/597;\" \/><\/figure>\n\n\n\n<figure class=\"wp-block-image size-large\"><img decoding=\"async\" width=\"1024\" height=\"541\" data-src=\"http:\/\/www.design-award.cz\/wp-content\/uploads\/2022\/04\/render-2-1024x541.jpg\" alt=\"\" class=\"wp-image-709 lazyload\" data-srcset=\"https:\/\/www.design-award.cz\/wp-content\/uploads\/2022\/04\/render-2-1024x541.jpg 1024w, https:\/\/www.design-award.cz\/wp-content\/uploads\/2022\/04\/render-2-300x158.jpg 300w, https:\/\/www.design-award.cz\/wp-content\/uploads\/2022\/04\/render-2-768x406.jpg 768w, https:\/\/www.design-award.cz\/wp-content\/uploads\/2022\/04\/render-2-1536x811.jpg 1536w, https:\/\/www.design-award.cz\/wp-content\/uploads\/2022\/04\/render-2-2048x1082.jpg 2048w, https:\/\/www.design-award.cz\/wp-content\/uploads\/2022\/04\/render-2-500x264.jpg 500w, https:\/\/www.design-award.cz\/wp-content\/uploads\/2022\/04\/render-2-800x422.jpg 800w, https:\/\/www.design-award.cz\/wp-content\/uploads\/2022\/04\/render-2-1280x676.jpg 1280w, https:\/\/www.design-award.cz\/wp-content\/uploads\/2022\/04\/render-2-1920x1014.jpg 1920w\" data-sizes=\"(max-width: 1024px) 100vw, 1024px\" src=\"data:image\/svg+xml;base64,PHN2ZyB3aWR0aD0iMSIgaGVpZ2h0PSIxIiB4bWxucz0iaHR0cDovL3d3dy53My5vcmcvMjAwMC9zdmciPjwvc3ZnPg==\" style=\"--smush-placeholder-width: 1024px; --smush-placeholder-aspect-ratio: 1024\/541;\" \/><\/figure>\n\n\n\n<figure class=\"wp-block-image size-large\"><img decoding=\"async\" width=\"724\" height=\"1024\" data-src=\"http:\/\/www.design-award.cz\/wp-content\/uploads\/2022\/04\/vykres-kluk-724x1024.jpg\" alt=\"\" class=\"wp-image-712 lazyload\" data-srcset=\"https:\/\/www.design-award.cz\/wp-content\/uploads\/2022\/04\/vykres-kluk-724x1024.jpg 724w, https:\/\/www.design-award.cz\/wp-content\/uploads\/2022\/04\/vykres-kluk-212x300.jpg 212w, https:\/\/www.design-award.cz\/wp-content\/uploads\/2022\/04\/vykres-kluk-768x1086.jpg 768w, https:\/\/www.design-award.cz\/wp-content\/uploads\/2022\/04\/vykres-kluk-1086x1536.jpg 1086w, https:\/\/www.design-award.cz\/wp-content\/uploads\/2022\/04\/vykres-kluk-1448x2048.jpg 1448w, https:\/\/www.design-award.cz\/wp-content\/uploads\/2022\/04\/vykres-kluk-500x707.jpg 500w, https:\/\/www.design-award.cz\/wp-content\/uploads\/2022\/04\/vykres-kluk-800x1131.jpg 800w, https:\/\/www.design-award.cz\/wp-content\/uploads\/2022\/04\/vykres-kluk-1280x1810.jpg 1280w, https:\/\/www.design-award.cz\/wp-content\/uploads\/2022\/04\/vykres-kluk-1920x2715.jpg 1920w, https:\/\/www.design-award.cz\/wp-content\/uploads\/2022\/04\/vykres-kluk-scaled.jpg 1810w\" data-sizes=\"(max-width: 724px) 100vw, 724px\" src=\"data:image\/svg+xml;base64,PHN2ZyB3aWR0aD0iMSIgaGVpZ2h0PSIxIiB4bWxucz0iaHR0cDovL3d3dy53My5vcmcvMjAwMC9zdmciPjwvc3ZnPg==\" style=\"--smush-placeholder-width: 724px; --smush-placeholder-aspect-ratio: 724\/1024;\" \/><\/figure>\n\n\n<div class=\"wp-block-visual-portfolio\">\n<div class=\"vp-portfolio vp-uid-2ece4a06 vp-id-607\"\n\tdata-vp-layout=\"slider\" data-vp-content-source=\"post-based\" data-vp-items-style=\"fade\" data-vp-items-click-action=\"url\" data-vp-items-gap=\"12\" data-vp-items-gap-vertical=\"\" data-vp-pagination=\"load-more\" data-vp-next-page-url=\"https:\/\/www.design-award.cz\/index.php?rest_route=%2Fwp%2Fv2%2Fportfolio%2F706&#038;vp_page=2\" data-vp-random-seed=\"584439832\" data-vp-slider-effect=\"slide\" data-vp-slider-items-height=\"80%\" data-vp-slider-items-min-height=\"\" data-vp-slider-slides-per-view=\"3\" data-vp-slider-speed=\"0.3\" data-vp-slider-autoplay=\"4.8\" data-vp-slider-autoplay-hover-pause=\"false\" data-vp-slider-centered-slides=\"true\" data-vp-slider-loop=\"true\" data-vp-slider-free-mode=\"false\" data-vp-slider-free-mode-sticky=\"false\" data-vp-slider-arrows=\"true\" data-vp-slider-bullets=\"false\" data-vp-slider-bullets-dynamic=\"false\" data-vp-slider-mousewheel=\"false\" data-vp-slider-thumbnails=\"false\" >\n\t<div class=\"vp-portfolio__preloader-wrap\">\n\t\t<div class=\"vp-portfolio__preloader\">\n\t\t\t<img decoding=\"async\" loading=\"eager\" src=\"https:\/\/www.design-award.cz\/wp-content\/plugins\/visual-portfolio\/assets\/images\/logo-dark.svg\" alt=\"Visual Portfolio, Posts &amp; Image Gallery for WordPress\" width=\"20\" height=\"20\" data-skip-lazy>\n\t\t<\/div>\n\t<\/div>\n\t\t<div class=\"vp-portfolio__items-wrap\">\n\t\t\t\n<div class=\"vp-portfolio__items vp-portfolio__items-style-fade vp-portfolio__items-show-overlay-hover\">\n\n\t\t<article\t\tclass=\"vp-portfolio__item-wrap post-5046 portfolio type-portfolio status-publish format-standard has-post-thumbnail hentry entry has-media vp-portfolio__item-uid-fc0d80d5\" data-vp-filter=\"\" \t\t>\n\t\t\t\t\t\t\t\t\t<figure class=\"vp-portfolio__item\">\n\t\t\t\t\n<div class=\"vp-portfolio__item-img-wrap\">\n\t<div class=\"vp-portfolio__item-img\">\n\t\t\t<a\n\t\thref=\"https:\/\/www.design-award.cz\/?portfolio=produktovy-design-pribeh-pod-prsty\"\n\t\t\t>\n\t\n\t\t<noscript><img decoding=\"async\" width=\"1920\" height=\"1440\" data-skip-lazy src=\"https:\/\/www.design-award.cz\/wp-content\/uploads\/2025\/06\/Foto-hovorkova-1920x1440.jpg\" class=\"wp-image-5055\" alt=\"\" srcset=\"https:\/\/www.design-award.cz\/wp-content\/uploads\/2025\/06\/Foto-hovorkova-1920x1440.jpg 1920w, https:\/\/www.design-award.cz\/wp-content\/uploads\/2025\/06\/Foto-hovorkova-300x225.jpg 300w, https:\/\/www.design-award.cz\/wp-content\/uploads\/2025\/06\/Foto-hovorkova-1024x768.jpg 1024w, https:\/\/www.design-award.cz\/wp-content\/uploads\/2025\/06\/Foto-hovorkova-768x576.jpg 768w, https:\/\/www.design-award.cz\/wp-content\/uploads\/2025\/06\/Foto-hovorkova-1536x1152.jpg 1536w, https:\/\/www.design-award.cz\/wp-content\/uploads\/2025\/06\/Foto-hovorkova-2048x1536.jpg 2048w, https:\/\/www.design-award.cz\/wp-content\/uploads\/2025\/06\/Foto-hovorkova-500x375.jpg 500w, https:\/\/www.design-award.cz\/wp-content\/uploads\/2025\/06\/Foto-hovorkova-800x600.jpg 800w, https:\/\/www.design-award.cz\/wp-content\/uploads\/2025\/06\/Foto-hovorkova-1280x960.jpg 1280w\" sizes=\"(max-width: 1920px) 100vw, 1920px\" \/><\/noscript><img fetchpriority=\"high\" decoding=\"async\" width=\"1920\" height=\"1440\" src=\"https:\/\/www.design-award.cz\/wp-content\/uploads\/2025\/06\/Foto-hovorkova-1920x1440.jpg\" class=\"wp-image-5055 vp-lazyload\" alt srcset=\"data:image\/svg+xml;base64,PHN2ZyB3aWR0aD0iMTkyMCIgaGVpZ2h0PSIxNDQwIiB2aWV3Qm94PSIwIDAgMTkyMCAxNDQwIiBmaWxsPSJub25lIiB4bWxucz0iaHR0cDovL3d3dy53My5vcmcvMjAwMC9zdmciPjwvc3ZnPg==\" data-src=\"https:\/\/www.design-award.cz\/wp-content\/uploads\/2025\/06\/Foto-hovorkova-1920x1440.jpg\" data-srcset=\"https:\/\/www.design-award.cz\/wp-content\/uploads\/2025\/06\/Foto-hovorkova-1920x1440.jpg 1920w, https:\/\/www.design-award.cz\/wp-content\/uploads\/2025\/06\/Foto-hovorkova-300x225.jpg 300w, https:\/\/www.design-award.cz\/wp-content\/uploads\/2025\/06\/Foto-hovorkova-1024x768.jpg 1024w, https:\/\/www.design-award.cz\/wp-content\/uploads\/2025\/06\/Foto-hovorkova-768x576.jpg 768w, https:\/\/www.design-award.cz\/wp-content\/uploads\/2025\/06\/Foto-hovorkova-1536x1152.jpg 1536w, https:\/\/www.design-award.cz\/wp-content\/uploads\/2025\/06\/Foto-hovorkova-2048x1536.jpg 2048w, https:\/\/www.design-award.cz\/wp-content\/uploads\/2025\/06\/Foto-hovorkova-500x375.jpg 500w, https:\/\/www.design-award.cz\/wp-content\/uploads\/2025\/06\/Foto-hovorkova-800x600.jpg 800w, https:\/\/www.design-award.cz\/wp-content\/uploads\/2025\/06\/Foto-hovorkova-1280x960.jpg 1280w\" data-sizes=\"auto\" loading=\"eager\">\n\t\t<\/a>\t<\/div>\n<\/div>\n\t<figcaption class=\"vp-portfolio__item-overlay vp-portfolio__item-overlay-text-align-center\">\n\t\t<div class=\"vp-portfolio__item-meta-wrap vp-portfolio__custom-scrollbar\">\n\t\t\t\t<a\n\t\thref=\"https:\/\/www.design-award.cz\/?portfolio=produktovy-design-pribeh-pod-prsty\"\n\t\ttabindex=\"-1\" class=\"vp-portfolio__item-meta\" \t>\n\t\n<h2 class=\"vp-portfolio__item-meta-title\">\n\tProduktov\u00fd design &#8211; P\u0159\u00edb\u011bh pod prsty<\/h2>\n<\/a>\t\t<\/div>\n\t<\/figcaption>\n\t\t\t<\/figure>\n\t\t\t\t\t<\/article>\n\t\t\n\t\t<article\t\tclass=\"vp-portfolio__item-wrap post-4682 portfolio type-portfolio status-publish format-standard has-post-thumbnail hentry entry has-media vp-portfolio__item-uid-ebe41017\" data-vp-filter=\"\" \t\t>\n\t\t\t\t\t\t\t\t\t<figure class=\"vp-portfolio__item\">\n\t\t\t\t\n<div class=\"vp-portfolio__item-img-wrap\">\n\t<div class=\"vp-portfolio__item-img\">\n\t\t\t<a\n\t\thref=\"https:\/\/www.design-award.cz\/?portfolio=produktovy-design-verona-lounge\"\n\t\t\t>\n\t\n\t\t<noscript><img decoding=\"async\" width=\"1920\" height=\"1080\" data-skip-lazy src=\"https:\/\/www.design-award.cz\/wp-content\/uploads\/2025\/06\/viz.-3-1920x1080.jpg\" class=\"wp-image-4681\" alt=\"\" srcset=\"https:\/\/www.design-award.cz\/wp-content\/uploads\/2025\/06\/viz.-3-1920x1080.jpg 1920w, https:\/\/www.design-award.cz\/wp-content\/uploads\/2025\/06\/viz.-3-300x169.jpg 300w, https:\/\/www.design-award.cz\/wp-content\/uploads\/2025\/06\/viz.-3-1024x576.jpg 1024w, https:\/\/www.design-award.cz\/wp-content\/uploads\/2025\/06\/viz.-3-768x432.jpg 768w, https:\/\/www.design-award.cz\/wp-content\/uploads\/2025\/06\/viz.-3-1536x864.jpg 1536w, https:\/\/www.design-award.cz\/wp-content\/uploads\/2025\/06\/viz.-3-2048x1152.jpg 2048w, https:\/\/www.design-award.cz\/wp-content\/uploads\/2025\/06\/viz.-3-800x450.jpg 800w, https:\/\/www.design-award.cz\/wp-content\/uploads\/2025\/06\/viz.-3-500x281.jpg 500w, https:\/\/www.design-award.cz\/wp-content\/uploads\/2025\/06\/viz.-3-1280x720.jpg 1280w\" sizes=\"(max-width: 1920px) 100vw, 1920px\" \/><\/noscript><img decoding=\"async\" width=\"1920\" height=\"1080\" src=\"https:\/\/www.design-award.cz\/wp-content\/uploads\/2025\/06\/viz.-3-1920x1080.jpg\" class=\"wp-image-4681 vp-lazyload\" alt srcset=\"data:image\/svg+xml;base64,PHN2ZyB3aWR0aD0iMTkyMCIgaGVpZ2h0PSIxMDgwIiB2aWV3Qm94PSIwIDAgMTkyMCAxMDgwIiBmaWxsPSJub25lIiB4bWxucz0iaHR0cDovL3d3dy53My5vcmcvMjAwMC9zdmciPjwvc3ZnPg==\" data-src=\"https:\/\/www.design-award.cz\/wp-content\/uploads\/2025\/06\/viz.-3-1920x1080.jpg\" data-srcset=\"https:\/\/www.design-award.cz\/wp-content\/uploads\/2025\/06\/viz.-3-1920x1080.jpg 1920w, https:\/\/www.design-award.cz\/wp-content\/uploads\/2025\/06\/viz.-3-300x169.jpg 300w, https:\/\/www.design-award.cz\/wp-content\/uploads\/2025\/06\/viz.-3-1024x576.jpg 1024w, https:\/\/www.design-award.cz\/wp-content\/uploads\/2025\/06\/viz.-3-768x432.jpg 768w, https:\/\/www.design-award.cz\/wp-content\/uploads\/2025\/06\/viz.-3-1536x864.jpg 1536w, https:\/\/www.design-award.cz\/wp-content\/uploads\/2025\/06\/viz.-3-2048x1152.jpg 2048w, https:\/\/www.design-award.cz\/wp-content\/uploads\/2025\/06\/viz.-3-800x450.jpg 800w, https:\/\/www.design-award.cz\/wp-content\/uploads\/2025\/06\/viz.-3-500x281.jpg 500w, https:\/\/www.design-award.cz\/wp-content\/uploads\/2025\/06\/viz.-3-1280x720.jpg 1280w\" data-sizes=\"auto\" loading=\"eager\">\n\t\t<\/a>\t<\/div>\n<\/div>\n\t<figcaption class=\"vp-portfolio__item-overlay vp-portfolio__item-overlay-text-align-center\">\n\t\t<div class=\"vp-portfolio__item-meta-wrap vp-portfolio__custom-scrollbar\">\n\t\t\t\t<a\n\t\thref=\"https:\/\/www.design-award.cz\/?portfolio=produktovy-design-verona-lounge\"\n\t\ttabindex=\"-1\" class=\"vp-portfolio__item-meta\" \t>\n\t\n<h2 class=\"vp-portfolio__item-meta-title\">\n\tProduktov\u00fd design &#8211; Verona lounge<\/h2>\n<\/a>\t\t<\/div>\n\t<\/figcaption>\n\t\t\t<\/figure>\n\t\t\t\t\t<\/article>\n\t\t\n\t\t<article\t\tclass=\"vp-portfolio__item-wrap post-4326 portfolio type-portfolio status-publish format-standard has-post-thumbnail hentry entry has-media vp-portfolio__item-uid-10adfe6f\" data-vp-filter=\"\" \t\t>\n\t\t\t\t\t\t\t\t\t<figure class=\"vp-portfolio__item\">\n\t\t\t\t\n<div class=\"vp-portfolio__item-img-wrap\">\n\t<div class=\"vp-portfolio__item-img\">\n\t\t\t<a\n\t\thref=\"https:\/\/www.design-award.cz\/?portfolio=produktovy-design-resurrection-2\"\n\t\t\t>\n\t\n\t\t<noscript><img decoding=\"async\" width=\"1920\" height=\"1080\" data-skip-lazy src=\"https:\/\/www.design-award.cz\/wp-content\/uploads\/2024\/07\/1.jpg\" class=\"wp-image-4350\" alt=\"\" srcset=\"https:\/\/www.design-award.cz\/wp-content\/uploads\/2024\/07\/1.jpg 1920w, https:\/\/www.design-award.cz\/wp-content\/uploads\/2024\/07\/1-300x169.jpg 300w, https:\/\/www.design-award.cz\/wp-content\/uploads\/2024\/07\/1-1024x576.jpg 1024w, https:\/\/www.design-award.cz\/wp-content\/uploads\/2024\/07\/1-768x432.jpg 768w, https:\/\/www.design-award.cz\/wp-content\/uploads\/2024\/07\/1-1536x864.jpg 1536w, https:\/\/www.design-award.cz\/wp-content\/uploads\/2024\/07\/1-500x281.jpg 500w, https:\/\/www.design-award.cz\/wp-content\/uploads\/2024\/07\/1-800x450.jpg 800w, https:\/\/www.design-award.cz\/wp-content\/uploads\/2024\/07\/1-1280x720.jpg 1280w\" sizes=\"(max-width: 1920px) 100vw, 1920px\" \/><\/noscript><img decoding=\"async\" width=\"1920\" height=\"1080\" src=\"https:\/\/www.design-award.cz\/wp-content\/uploads\/2024\/07\/1.jpg\" class=\"wp-image-4350 vp-lazyload\" alt srcset=\"data:image\/svg+xml;base64,PHN2ZyB3aWR0aD0iMTkyMCIgaGVpZ2h0PSIxMDgwIiB2aWV3Qm94PSIwIDAgMTkyMCAxMDgwIiBmaWxsPSJub25lIiB4bWxucz0iaHR0cDovL3d3dy53My5vcmcvMjAwMC9zdmciPjwvc3ZnPg==\" data-src=\"https:\/\/www.design-award.cz\/wp-content\/uploads\/2024\/07\/1.jpg\" data-srcset=\"https:\/\/www.design-award.cz\/wp-content\/uploads\/2024\/07\/1.jpg 1920w, https:\/\/www.design-award.cz\/wp-content\/uploads\/2024\/07\/1-300x169.jpg 300w, https:\/\/www.design-award.cz\/wp-content\/uploads\/2024\/07\/1-1024x576.jpg 1024w, https:\/\/www.design-award.cz\/wp-content\/uploads\/2024\/07\/1-768x432.jpg 768w, https:\/\/www.design-award.cz\/wp-content\/uploads\/2024\/07\/1-1536x864.jpg 1536w, https:\/\/www.design-award.cz\/wp-content\/uploads\/2024\/07\/1-500x281.jpg 500w, https:\/\/www.design-award.cz\/wp-content\/uploads\/2024\/07\/1-800x450.jpg 800w, https:\/\/www.design-award.cz\/wp-content\/uploads\/2024\/07\/1-1280x720.jpg 1280w\" data-sizes=\"auto\" loading=\"eager\">\n\t\t<\/a>\t<\/div>\n<\/div>\n\t<figcaption class=\"vp-portfolio__item-overlay vp-portfolio__item-overlay-text-align-center\">\n\t\t<div class=\"vp-portfolio__item-meta-wrap vp-portfolio__custom-scrollbar\">\n\t\t\t\t<a\n\t\thref=\"https:\/\/www.design-award.cz\/?portfolio=produktovy-design-resurrection-2\"\n\t\ttabindex=\"-1\" class=\"vp-portfolio__item-meta\" \t>\n\t\n<h2 class=\"vp-portfolio__item-meta-title\">\n\tProduktov\u00fd design &#8211; Resurrection<\/h2>\n<\/a>\t\t<\/div>\n\t<\/figcaption>\n\t\t\t<\/figure>\n\t\t\t\t\t<\/article>\n\t\t\n\t\t<article\t\tclass=\"vp-portfolio__item-wrap post-3484 portfolio type-portfolio status-publish format-standard has-post-thumbnail hentry entry has-media vp-portfolio__item-uid-9cd459f5\" data-vp-filter=\"\" \t\t>\n\t\t\t\t\t\t\t\t\t<figure class=\"vp-portfolio__item\">\n\t\t\t\t\n<div class=\"vp-portfolio__item-img-wrap\">\n\t<div class=\"vp-portfolio__item-img\">\n\t\t\t<a\n\t\thref=\"https:\/\/www.design-award.cz\/?portfolio=verejny-interier-coffe-time\"\n\t\t\t>\n\t\n\t\t<noscript><img decoding=\"async\" width=\"848\" height=\"663\" data-skip-lazy src=\"https:\/\/www.design-award.cz\/wp-content\/uploads\/2024\/06\/D5_Image_20240412_210548-min.png\" class=\"wp-image-3490\" alt=\"\" srcset=\"https:\/\/www.design-award.cz\/wp-content\/uploads\/2024\/06\/D5_Image_20240412_210548-min.png 848w, https:\/\/www.design-award.cz\/wp-content\/uploads\/2024\/06\/D5_Image_20240412_210548-min-300x235.png 300w, https:\/\/www.design-award.cz\/wp-content\/uploads\/2024\/06\/D5_Image_20240412_210548-min-768x600.png 768w, https:\/\/www.design-award.cz\/wp-content\/uploads\/2024\/06\/D5_Image_20240412_210548-min-500x391.png 500w, https:\/\/www.design-award.cz\/wp-content\/uploads\/2024\/06\/D5_Image_20240412_210548-min-800x625.png 800w\" sizes=\"(max-width: 848px) 100vw, 848px\" \/><\/noscript><img decoding=\"async\" width=\"848\" height=\"663\" src=\"https:\/\/www.design-award.cz\/wp-content\/uploads\/2024\/06\/D5_Image_20240412_210548-min.png\" class=\"wp-image-3490 vp-lazyload\" alt srcset=\"data:image\/svg+xml;base64,PHN2ZyB3aWR0aD0iODQ4IiBoZWlnaHQ9IjY2MyIgdmlld0JveD0iMCAwIDg0OCA2NjMiIGZpbGw9Im5vbmUiIHhtbG5zPSJodHRwOi8vd3d3LnczLm9yZy8yMDAwL3N2ZyI+PC9zdmc+\" data-src=\"https:\/\/www.design-award.cz\/wp-content\/uploads\/2024\/06\/D5_Image_20240412_210548-min.png\" data-srcset=\"https:\/\/www.design-award.cz\/wp-content\/uploads\/2024\/06\/D5_Image_20240412_210548-min.png 848w, https:\/\/www.design-award.cz\/wp-content\/uploads\/2024\/06\/D5_Image_20240412_210548-min-300x235.png 300w, https:\/\/www.design-award.cz\/wp-content\/uploads\/2024\/06\/D5_Image_20240412_210548-min-768x600.png 768w, https:\/\/www.design-award.cz\/wp-content\/uploads\/2024\/06\/D5_Image_20240412_210548-min-500x391.png 500w, https:\/\/www.design-award.cz\/wp-content\/uploads\/2024\/06\/D5_Image_20240412_210548-min-800x625.png 800w\" data-sizes=\"auto\" loading=\"eager\">\n\t\t<\/a>\t<\/div>\n<\/div>\n\t<figcaption class=\"vp-portfolio__item-overlay vp-portfolio__item-overlay-text-align-center\">\n\t\t<div class=\"vp-portfolio__item-meta-wrap vp-portfolio__custom-scrollbar\">\n\t\t\t\t<a\n\t\thref=\"https:\/\/www.design-award.cz\/?portfolio=verejny-interier-coffe-time\"\n\t\ttabindex=\"-1\" class=\"vp-portfolio__item-meta\" \t>\n\t\n<h2 class=\"vp-portfolio__item-meta-title\">\n\tVe\u0159ejn\u00fd interi\u00e9r &#8211; Coffe time<\/h2>\n<\/a>\t\t<\/div>\n\t<\/figcaption>\n\t\t\t<\/figure>\n\t\t\t\t\t<\/article>\n\t\t\n\t\t<article\t\tclass=\"vp-portfolio__item-wrap post-4061 portfolio type-portfolio status-publish format-standard has-post-thumbnail hentry entry has-media vp-portfolio__item-uid-e8e31091\" data-vp-filter=\"\" \t\t>\n\t\t\t\t\t\t\t\t\t<figure class=\"vp-portfolio__item\">\n\t\t\t\t\n<div class=\"vp-portfolio__item-img-wrap\">\n\t<div class=\"vp-portfolio__item-img\">\n\t\t\t<a\n\t\thref=\"https:\/\/www.design-award.cz\/?portfolio=produktovy-design-oculum\"\n\t\t\t>\n\t\n\t\t<noscript><img decoding=\"async\" width=\"1541\" height=\"814\" data-skip-lazy src=\"https:\/\/www.design-award.cz\/wp-content\/uploads\/2024\/06\/render-lampy.jpg\" class=\"wp-image-4110\" alt=\"\" srcset=\"https:\/\/www.design-award.cz\/wp-content\/uploads\/2024\/06\/render-lampy.jpg 1541w, https:\/\/www.design-award.cz\/wp-content\/uploads\/2024\/06\/render-lampy-300x158.jpg 300w, https:\/\/www.design-award.cz\/wp-content\/uploads\/2024\/06\/render-lampy-1024x541.jpg 1024w, https:\/\/www.design-award.cz\/wp-content\/uploads\/2024\/06\/render-lampy-768x406.jpg 768w, https:\/\/www.design-award.cz\/wp-content\/uploads\/2024\/06\/render-lampy-1536x811.jpg 1536w, https:\/\/www.design-award.cz\/wp-content\/uploads\/2024\/06\/render-lampy-500x264.jpg 500w, https:\/\/www.design-award.cz\/wp-content\/uploads\/2024\/06\/render-lampy-800x423.jpg 800w, https:\/\/www.design-award.cz\/wp-content\/uploads\/2024\/06\/render-lampy-1280x676.jpg 1280w\" sizes=\"(max-width: 1541px) 100vw, 1541px\" \/><\/noscript><img decoding=\"async\" width=\"1541\" height=\"814\" src=\"https:\/\/www.design-award.cz\/wp-content\/uploads\/2024\/06\/render-lampy.jpg\" class=\"wp-image-4110 vp-lazyload\" alt srcset=\"data:image\/svg+xml;base64,PHN2ZyB3aWR0aD0iMTU0MSIgaGVpZ2h0PSI4MTQiIHZpZXdCb3g9IjAgMCAxNTQxIDgxNCIgZmlsbD0ibm9uZSIgeG1sbnM9Imh0dHA6Ly93d3cudzMub3JnLzIwMDAvc3ZnIj48L3N2Zz4=\" data-src=\"https:\/\/www.design-award.cz\/wp-content\/uploads\/2024\/06\/render-lampy.jpg\" data-srcset=\"https:\/\/www.design-award.cz\/wp-content\/uploads\/2024\/06\/render-lampy.jpg 1541w, https:\/\/www.design-award.cz\/wp-content\/uploads\/2024\/06\/render-lampy-300x158.jpg 300w, https:\/\/www.design-award.cz\/wp-content\/uploads\/2024\/06\/render-lampy-1024x541.jpg 1024w, https:\/\/www.design-award.cz\/wp-content\/uploads\/2024\/06\/render-lampy-768x406.jpg 768w, https:\/\/www.design-award.cz\/wp-content\/uploads\/2024\/06\/render-lampy-1536x811.jpg 1536w, https:\/\/www.design-award.cz\/wp-content\/uploads\/2024\/06\/render-lampy-500x264.jpg 500w, https:\/\/www.design-award.cz\/wp-content\/uploads\/2024\/06\/render-lampy-800x423.jpg 800w, https:\/\/www.design-award.cz\/wp-content\/uploads\/2024\/06\/render-lampy-1280x676.jpg 1280w\" data-sizes=\"auto\" loading=\"eager\">\n\t\t<\/a>\t<\/div>\n<\/div>\n\t<figcaption class=\"vp-portfolio__item-overlay vp-portfolio__item-overlay-text-align-center\">\n\t\t<div class=\"vp-portfolio__item-meta-wrap vp-portfolio__custom-scrollbar\">\n\t\t\t\t<a\n\t\thref=\"https:\/\/www.design-award.cz\/?portfolio=produktovy-design-oculum\"\n\t\ttabindex=\"-1\" class=\"vp-portfolio__item-meta\" \t>\n\t\n<h2 class=\"vp-portfolio__item-meta-title\">\n\tProduktov\u00fd design &#8211; Oculum<\/h2>\n<\/a>\t\t<\/div>\n\t<\/figcaption>\n\t\t\t<\/figure>\n\t\t\t\t\t<\/article>\n\t\t\n\t\t<article\t\tclass=\"vp-portfolio__item-wrap post-5357 portfolio type-portfolio status-publish format-standard has-post-thumbnail hentry entry has-media vp-portfolio__item-uid-90573f5b\" data-vp-filter=\"\" \t\t>\n\t\t\t\t\t\t\t\t\t<figure class=\"vp-portfolio__item\">\n\t\t\t\t\n<div class=\"vp-portfolio__item-img-wrap\">\n\t<div class=\"vp-portfolio__item-img\">\n\t\t\t<a\n\t\thref=\"https:\/\/www.design-award.cz\/?portfolio=interierovy-design-horska-chata-lumen-lodge\"\n\t\t\t>\n\t\n\t\t<noscript><img decoding=\"async\" width=\"1920\" height=\"1438\" data-skip-lazy src=\"https:\/\/www.design-award.cz\/wp-content\/uploads\/2025\/06\/KRAL_Mikulas_Lumen_Lodge_horska_chata_2-1920x1438.jpg\" class=\"wp-image-5377\" alt=\"\" srcset=\"https:\/\/www.design-award.cz\/wp-content\/uploads\/2025\/06\/KRAL_Mikulas_Lumen_Lodge_horska_chata_2-1920x1438.jpg 1920w, https:\/\/www.design-award.cz\/wp-content\/uploads\/2025\/06\/KRAL_Mikulas_Lumen_Lodge_horska_chata_2-300x225.jpg 300w, https:\/\/www.design-award.cz\/wp-content\/uploads\/2025\/06\/KRAL_Mikulas_Lumen_Lodge_horska_chata_2-1024x767.jpg 1024w, https:\/\/www.design-award.cz\/wp-content\/uploads\/2025\/06\/KRAL_Mikulas_Lumen_Lodge_horska_chata_2-768x575.jpg 768w, https:\/\/www.design-award.cz\/wp-content\/uploads\/2025\/06\/KRAL_Mikulas_Lumen_Lodge_horska_chata_2-1536x1151.jpg 1536w, https:\/\/www.design-award.cz\/wp-content\/uploads\/2025\/06\/KRAL_Mikulas_Lumen_Lodge_horska_chata_2-2048x1534.jpg 2048w, https:\/\/www.design-award.cz\/wp-content\/uploads\/2025\/06\/KRAL_Mikulas_Lumen_Lodge_horska_chata_2-500x375.jpg 500w, https:\/\/www.design-award.cz\/wp-content\/uploads\/2025\/06\/KRAL_Mikulas_Lumen_Lodge_horska_chata_2-800x599.jpg 800w, https:\/\/www.design-award.cz\/wp-content\/uploads\/2025\/06\/KRAL_Mikulas_Lumen_Lodge_horska_chata_2-1280x959.jpg 1280w\" sizes=\"(max-width: 1920px) 100vw, 1920px\" \/><\/noscript><img decoding=\"async\" width=\"1920\" height=\"1438\" src=\"https:\/\/www.design-award.cz\/wp-content\/uploads\/2025\/06\/KRAL_Mikulas_Lumen_Lodge_horska_chata_2-1920x1438.jpg\" class=\"wp-image-5377 vp-lazyload\" alt srcset=\"data:image\/svg+xml;base64,PHN2ZyB3aWR0aD0iMTkyMCIgaGVpZ2h0PSIxNDM4IiB2aWV3Qm94PSIwIDAgMTkyMCAxNDM4IiBmaWxsPSJub25lIiB4bWxucz0iaHR0cDovL3d3dy53My5vcmcvMjAwMC9zdmciPjwvc3ZnPg==\" data-src=\"https:\/\/www.design-award.cz\/wp-content\/uploads\/2025\/06\/KRAL_Mikulas_Lumen_Lodge_horska_chata_2-1920x1438.jpg\" data-srcset=\"https:\/\/www.design-award.cz\/wp-content\/uploads\/2025\/06\/KRAL_Mikulas_Lumen_Lodge_horska_chata_2-1920x1438.jpg 1920w, https:\/\/www.design-award.cz\/wp-content\/uploads\/2025\/06\/KRAL_Mikulas_Lumen_Lodge_horska_chata_2-300x225.jpg 300w, https:\/\/www.design-award.cz\/wp-content\/uploads\/2025\/06\/KRAL_Mikulas_Lumen_Lodge_horska_chata_2-1024x767.jpg 1024w, https:\/\/www.design-award.cz\/wp-content\/uploads\/2025\/06\/KRAL_Mikulas_Lumen_Lodge_horska_chata_2-768x575.jpg 768w, https:\/\/www.design-award.cz\/wp-content\/uploads\/2025\/06\/KRAL_Mikulas_Lumen_Lodge_horska_chata_2-1536x1151.jpg 1536w, https:\/\/www.design-award.cz\/wp-content\/uploads\/2025\/06\/KRAL_Mikulas_Lumen_Lodge_horska_chata_2-2048x1534.jpg 2048w, https:\/\/www.design-award.cz\/wp-content\/uploads\/2025\/06\/KRAL_Mikulas_Lumen_Lodge_horska_chata_2-500x375.jpg 500w, https:\/\/www.design-award.cz\/wp-content\/uploads\/2025\/06\/KRAL_Mikulas_Lumen_Lodge_horska_chata_2-800x599.jpg 800w, https:\/\/www.design-award.cz\/wp-content\/uploads\/2025\/06\/KRAL_Mikulas_Lumen_Lodge_horska_chata_2-1280x959.jpg 1280w\" data-sizes=\"auto\" loading=\"eager\">\n\t\t<\/a>\t<\/div>\n<\/div>\n\t<figcaption class=\"vp-portfolio__item-overlay vp-portfolio__item-overlay-text-align-center\">\n\t\t<div class=\"vp-portfolio__item-meta-wrap vp-portfolio__custom-scrollbar\">\n\t\t\t\t<a\n\t\thref=\"https:\/\/www.design-award.cz\/?portfolio=interierovy-design-horska-chata-lumen-lodge\"\n\t\ttabindex=\"-1\" class=\"vp-portfolio__item-meta\" \t>\n\t\n<h2 class=\"vp-portfolio__item-meta-title\">\n\tInteri\u00e9rov\u00fd design &#8211; Horsk\u00e1 chata &#8211; Lumen Lodge<\/h2>\n<\/a>\t\t<\/div>\n\t<\/figcaption>\n\t\t\t<\/figure>\n\t\t\t\t\t<\/article>\n\t\t\n\t\t<article\t\tclass=\"vp-portfolio__item-wrap post-2474 portfolio type-portfolio status-publish format-standard has-post-thumbnail hentry portfolio_category-soutezici-2023 entry has-media vp-portfolio__item-uid-a3f0225f\" data-vp-filter=\"soutezici-2023\" \t\t>\n\t\t\t\t\t\t\t\t\t<figure class=\"vp-portfolio__item\">\n\t\t\t\t\n<div class=\"vp-portfolio__item-img-wrap\">\n\t<div class=\"vp-portfolio__item-img\">\n\t\t\t<a\n\t\thref=\"https:\/\/www.design-award.cz\/?portfolio=soukromy-interier-finska-sauna-u-jezera\"\n\t\t\t>\n\t\n\t\t<noscript><img decoding=\"async\" width=\"1920\" height=\"2688\" data-skip-lazy src=\"https:\/\/www.design-award.cz\/wp-content\/uploads\/2023\/04\/BARTALOVA_SAUNA-1920x2688.jpg\" class=\"wp-image-2475\" alt=\"\" srcset=\"https:\/\/www.design-award.cz\/wp-content\/uploads\/2023\/04\/BARTALOVA_SAUNA-1920x2688.jpg 1920w, https:\/\/www.design-award.cz\/wp-content\/uploads\/2023\/04\/BARTALOVA_SAUNA-214x300.jpg 214w, https:\/\/www.design-award.cz\/wp-content\/uploads\/2023\/04\/BARTALOVA_SAUNA-731x1024.jpg 731w, https:\/\/www.design-award.cz\/wp-content\/uploads\/2023\/04\/BARTALOVA_SAUNA-768x1075.jpg 768w, https:\/\/www.design-award.cz\/wp-content\/uploads\/2023\/04\/BARTALOVA_SAUNA-1097x1536.jpg 1097w, https:\/\/www.design-award.cz\/wp-content\/uploads\/2023\/04\/BARTALOVA_SAUNA-1463x2048.jpg 1463w, https:\/\/www.design-award.cz\/wp-content\/uploads\/2023\/04\/BARTALOVA_SAUNA-500x700.jpg 500w, https:\/\/www.design-award.cz\/wp-content\/uploads\/2023\/04\/BARTALOVA_SAUNA-800x1120.jpg 800w, https:\/\/www.design-award.cz\/wp-content\/uploads\/2023\/04\/BARTALOVA_SAUNA-1280x1792.jpg 1280w, https:\/\/www.design-award.cz\/wp-content\/uploads\/2023\/04\/BARTALOVA_SAUNA-scaled.jpg 1829w\" sizes=\"(max-width: 1920px) 100vw, 1920px\" \/><\/noscript><img decoding=\"async\" width=\"1920\" height=\"2688\" src=\"https:\/\/www.design-award.cz\/wp-content\/uploads\/2023\/04\/BARTALOVA_SAUNA-1920x2688.jpg\" class=\"wp-image-2475 vp-lazyload\" alt srcset=\"data:image\/svg+xml;base64,PHN2ZyB3aWR0aD0iMTkyMCIgaGVpZ2h0PSIyNjg4IiB2aWV3Qm94PSIwIDAgMTkyMCAyNjg4IiBmaWxsPSJub25lIiB4bWxucz0iaHR0cDovL3d3dy53My5vcmcvMjAwMC9zdmciPjwvc3ZnPg==\" data-src=\"https:\/\/www.design-award.cz\/wp-content\/uploads\/2023\/04\/BARTALOVA_SAUNA-1920x2688.jpg\" data-srcset=\"https:\/\/www.design-award.cz\/wp-content\/uploads\/2023\/04\/BARTALOVA_SAUNA-1920x2688.jpg 1920w, https:\/\/www.design-award.cz\/wp-content\/uploads\/2023\/04\/BARTALOVA_SAUNA-214x300.jpg 214w, https:\/\/www.design-award.cz\/wp-content\/uploads\/2023\/04\/BARTALOVA_SAUNA-731x1024.jpg 731w, https:\/\/www.design-award.cz\/wp-content\/uploads\/2023\/04\/BARTALOVA_SAUNA-768x1075.jpg 768w, https:\/\/www.design-award.cz\/wp-content\/uploads\/2023\/04\/BARTALOVA_SAUNA-1097x1536.jpg 1097w, https:\/\/www.design-award.cz\/wp-content\/uploads\/2023\/04\/BARTALOVA_SAUNA-1463x2048.jpg 1463w, https:\/\/www.design-award.cz\/wp-content\/uploads\/2023\/04\/BARTALOVA_SAUNA-500x700.jpg 500w, https:\/\/www.design-award.cz\/wp-content\/uploads\/2023\/04\/BARTALOVA_SAUNA-800x1120.jpg 800w, https:\/\/www.design-award.cz\/wp-content\/uploads\/2023\/04\/BARTALOVA_SAUNA-1280x1792.jpg 1280w, https:\/\/www.design-award.cz\/wp-content\/uploads\/2023\/04\/BARTALOVA_SAUNA-scaled.jpg 1829w\" data-sizes=\"auto\" loading=\"eager\">\n\t\t<\/a>\t<\/div>\n<\/div>\n\t<figcaption class=\"vp-portfolio__item-overlay vp-portfolio__item-overlay-text-align-center\">\n\t\t<div class=\"vp-portfolio__item-meta-wrap vp-portfolio__custom-scrollbar\">\n\t\t\t\t<a\n\t\thref=\"https:\/\/www.design-award.cz\/?portfolio=soukromy-interier-finska-sauna-u-jezera\"\n\t\ttabindex=\"-1\" class=\"vp-portfolio__item-meta\" \t>\n\t\n<div class=\"vp-portfolio__item-meta-categories\">\n\t\t\t<div class=\"vp-portfolio__item-meta-category\">\n\t\t\t\t<span\t\t\t>\n\tSOUT\u011a\u017d\u00cdC\u00cd 2023<\/span>\t\t<\/div>\n\t\t<\/div>\n\n<h2 class=\"vp-portfolio__item-meta-title\">\n\tVe\u0159ejn\u00fd interi\u00e9r &#8211; Finsk\u00e1 sauna u jezera<\/h2>\n<\/a>\t\t<\/div>\n\t<\/figcaption>\n\t\t\t<\/figure>\n\t\t\t\t\t<\/article>\n\t\t\n\t\t<article\t\tclass=\"vp-portfolio__item-wrap post-2469 portfolio type-portfolio status-publish format-standard has-post-thumbnail hentry portfolio_category-soutezici-2023 entry has-media vp-portfolio__item-uid-c45a6fa3\" data-vp-filter=\"soutezici-2023\" \t\t>\n\t\t\t\t\t\t\t\t\t<figure class=\"vp-portfolio__item\">\n\t\t\t\t\n<div class=\"vp-portfolio__item-img-wrap\">\n\t<div class=\"vp-portfolio__item-img\">\n\t\t\t<a\n\t\thref=\"https:\/\/www.design-award.cz\/?portfolio=verejny-interier-dynamic-urban-furniture\"\n\t\t\t>\n\t\n\t\t<noscript><img decoding=\"async\" width=\"1920\" height=\"1437\" data-skip-lazy src=\"https:\/\/www.design-award.cz\/wp-content\/uploads\/2023\/04\/smotkova3-1920x1437.jpg\" class=\"wp-image-2471\" alt=\"\" srcset=\"https:\/\/www.design-award.cz\/wp-content\/uploads\/2023\/04\/smotkova3-1920x1437.jpg 1920w, https:\/\/www.design-award.cz\/wp-content\/uploads\/2023\/04\/smotkova3-300x225.jpg 300w, https:\/\/www.design-award.cz\/wp-content\/uploads\/2023\/04\/smotkova3-1024x766.jpg 1024w, https:\/\/www.design-award.cz\/wp-content\/uploads\/2023\/04\/smotkova3-768x575.jpg 768w, https:\/\/www.design-award.cz\/wp-content\/uploads\/2023\/04\/smotkova3-1536x1150.jpg 1536w, https:\/\/www.design-award.cz\/wp-content\/uploads\/2023\/04\/smotkova3-2048x1533.jpg 2048w, https:\/\/www.design-award.cz\/wp-content\/uploads\/2023\/04\/smotkova3-500x374.jpg 500w, https:\/\/www.design-award.cz\/wp-content\/uploads\/2023\/04\/smotkova3-800x599.jpg 800w, https:\/\/www.design-award.cz\/wp-content\/uploads\/2023\/04\/smotkova3-1280x958.jpg 1280w\" sizes=\"(max-width: 1920px) 100vw, 1920px\" \/><\/noscript><img decoding=\"async\" width=\"1920\" height=\"1437\" src=\"https:\/\/www.design-award.cz\/wp-content\/uploads\/2023\/04\/smotkova3-1920x1437.jpg\" class=\"wp-image-2471 vp-lazyload\" alt srcset=\"data:image\/svg+xml;base64,PHN2ZyB3aWR0aD0iMTkyMCIgaGVpZ2h0PSIxNDM3IiB2aWV3Qm94PSIwIDAgMTkyMCAxNDM3IiBmaWxsPSJub25lIiB4bWxucz0iaHR0cDovL3d3dy53My5vcmcvMjAwMC9zdmciPjwvc3ZnPg==\" data-src=\"https:\/\/www.design-award.cz\/wp-content\/uploads\/2023\/04\/smotkova3-1920x1437.jpg\" data-srcset=\"https:\/\/www.design-award.cz\/wp-content\/uploads\/2023\/04\/smotkova3-1920x1437.jpg 1920w, https:\/\/www.design-award.cz\/wp-content\/uploads\/2023\/04\/smotkova3-300x225.jpg 300w, https:\/\/www.design-award.cz\/wp-content\/uploads\/2023\/04\/smotkova3-1024x766.jpg 1024w, https:\/\/www.design-award.cz\/wp-content\/uploads\/2023\/04\/smotkova3-768x575.jpg 768w, https:\/\/www.design-award.cz\/wp-content\/uploads\/2023\/04\/smotkova3-1536x1150.jpg 1536w, https:\/\/www.design-award.cz\/wp-content\/uploads\/2023\/04\/smotkova3-2048x1533.jpg 2048w, https:\/\/www.design-award.cz\/wp-content\/uploads\/2023\/04\/smotkova3-500x374.jpg 500w, https:\/\/www.design-award.cz\/wp-content\/uploads\/2023\/04\/smotkova3-800x599.jpg 800w, https:\/\/www.design-award.cz\/wp-content\/uploads\/2023\/04\/smotkova3-1280x958.jpg 1280w\" data-sizes=\"auto\" loading=\"eager\">\n\t\t<\/a>\t<\/div>\n<\/div>\n\t<figcaption class=\"vp-portfolio__item-overlay vp-portfolio__item-overlay-text-align-center\">\n\t\t<div class=\"vp-portfolio__item-meta-wrap vp-portfolio__custom-scrollbar\">\n\t\t\t\t<a\n\t\thref=\"https:\/\/www.design-award.cz\/?portfolio=verejny-interier-dynamic-urban-furniture\"\n\t\ttabindex=\"-1\" class=\"vp-portfolio__item-meta\" \t>\n\t\n<div class=\"vp-portfolio__item-meta-categories\">\n\t\t\t<div class=\"vp-portfolio__item-meta-category\">\n\t\t\t\t<span\t\t\t>\n\tSOUT\u011a\u017d\u00cdC\u00cd 2023<\/span>\t\t<\/div>\n\t\t<\/div>\n\n<h2 class=\"vp-portfolio__item-meta-title\">\n\tVe\u0159ejn\u00fd interi\u00e9r &#8211; Dynamic Urban Furniture<\/h2>\n<\/a>\t\t<\/div>\n\t<\/figcaption>\n\t\t\t<\/figure>\n\t\t\t\t\t<\/article>\n\t\t\n<\/div>\n\n<div class=\"vp-portfolio__items-arrow vp-portfolio__items-arrow-prev\" tabindex=\"0\" role=\"button\" aria-label=\"Previous Slide\">\n\t\n<svg class=\"vp-svg-icon\" width=\"20\" height=\"20\" viewBox=\"0 0 20 20\" fill=\"none\" xmlns=\"http:\/\/www.w3.org\/2000\/svg\">\n\t<path d=\"M12 4L6 10L12 16\" stroke=\"currentColor\" stroke-width=\"1.5\" stroke-linecap=\"round\" stroke-linejoin=\"round\" fill=\"transparent\" \/>\n<\/svg>\n<\/div>\n<div class=\"vp-portfolio__items-arrow vp-portfolio__items-arrow-next\" tabindex=\"0\" role=\"button\" aria-label=\"Next Slide\">\n\t\n<svg class=\"vp-svg-icon\" width=\"20\" height=\"20\" viewBox=\"0 0 20 20\" fill=\"none\" xmlns=\"http:\/\/www.w3.org\/2000\/svg\">\n\t<path d=\"M8 4L14 10L8 16\" stroke=\"currentColor\" stroke-width=\"1.5\" stroke-linecap=\"round\" stroke-linejoin=\"round\" fill=\"transparent\" \/>\n<\/svg>\n<\/div>\n\t\t<\/div>\n\t\t\t\t<div class=\"vp-portfolio__layout-elements vp-portfolio__layout-elements-bottom vp-portfolio__layout-elements-align-center\">\n\t\t\t\t<div class=\"vp-portfolio__pagination-wrap\">\n\t\t\n<div class=\"vp-pagination vp-pagination__style-minimal\" data-vp-pagination-type=\"load-more\">\n\t<div class=\"vp-pagination__item\">\n\t\t<a class=\"vp-pagination__load-more\" href=\"https:\/\/www.design-award.cz\/index.php?rest_route=%2Fwp%2Fv2%2Fportfolio%2F706&#038;vp_page=2\">\n\t\t\t<span>Load More<\/span>\n\t\t\t<span class=\"vp-pagination__load-more-loading\"><span class=\"vp-spinner\"><\/span><span class=\"vp-screen-reader-text\"> Loading More&#8230;<\/span><\/span>\n\t\t\t<span class=\"vp-pagination__load-more-no-more\">You\u2019ve reached the end of the list<\/span>\n\t\t<\/a>\n\t<\/div>\n<\/div>\n\t\t<\/div>\n\t\t\t\t<\/div>\n\t\t\n<\/div>\n<\/div>","protected":false},"excerpt":{"rendered":"<p>\u010cen\u011bk Tr\u00e1vn\u00ed\u010dek Michael \u2013 St\u0159edn\u00ed \u0161kola a Vy\u0161\u0161\u00ed odborn\u00e1 \u0161kola reklamn\u00ed a um\u011bleck\u00e9 tvorby Projekt je sou\u010d\u00e1st\u00ed zad\u00e1n\u00ed maturitn\u00ed pr\u00e1ce, pro kterou je navrhov\u00e1n. Prostor m\u00e1 rozlohu 25 metr\u016f \u010dtvere\u010dn\u00edch. St\u00e1v\u00e1 se tak dosti velk\u00fdm prostorem. V podkrov\u00ed jsou v\u0161ak tyto velikosti b\u011b\u017en\u00e9 a jsou opticky zmen\u0161ov\u00e1ny \u0161ikmou st\u0159echou. Pokoj je v pr\u016fb\u011bhu let variabiln\u00ed, [&hellip;]<\/p>\n","protected":false},"author":1,"featured_media":710,"menu_order":0,"comment_status":"closed","ping_status":"closed","template":"","format":"standard","meta":{"ngg_post_thumbnail":0,"ocean_post_layout":"","ocean_both_sidebars_style":"","ocean_both_sidebars_content_width":0,"ocean_both_sidebars_sidebars_width":0,"ocean_sidebar":"","ocean_second_sidebar":"","ocean_disable_margins":"enable","ocean_add_body_class":"","ocean_shortcode_before_top_bar":"","ocean_shortcode_after_top_bar":"","ocean_shortcode_before_header":"","ocean_shortcode_after_header":"","ocean_has_shortcode":"","ocean_shortcode_after_title":"","ocean_shortcode_before_footer_widgets":"","ocean_shortcode_after_footer_widgets":"","ocean_shortcode_before_footer_bottom":"","ocean_shortcode_after_footer_bottom":"","ocean_display_top_bar":"default","ocean_display_header":"default","ocean_header_style":"","ocean_center_header_left_menu":"","ocean_custom_header_template":"","ocean_custom_logo":0,"ocean_custom_retina_logo":0,"ocean_custom_logo_max_width":0,"ocean_custom_logo_tablet_max_width":0,"ocean_custom_logo_mobile_max_width":0,"ocean_custom_logo_max_height":0,"ocean_custom_logo_tablet_max_height":0,"ocean_custom_logo_mobile_max_height":0,"ocean_header_custom_menu":"","ocean_menu_typo_font_family":"","ocean_menu_typo_font_subset":"","ocean_menu_typo_font_size":0,"ocean_menu_typo_font_size_tablet":0,"ocean_menu_typo_font_size_mobile":0,"ocean_menu_typo_font_size_unit":"px","ocean_menu_typo_font_weight":"","ocean_menu_typo_font_weight_tablet":"","ocean_menu_typo_font_weight_mobile":"","ocean_menu_typo_transform":"","ocean_menu_typo_transform_tablet":"","ocean_menu_typo_transform_mobile":"","ocean_menu_typo_line_height":0,"ocean_menu_typo_line_height_tablet":0,"ocean_menu_typo_line_height_mobile":0,"ocean_menu_typo_line_height_unit":"","ocean_menu_typo_spacing":0,"ocean_menu_typo_spacing_tablet":0,"ocean_menu_typo_spacing_mobile":0,"ocean_menu_typo_spacing_unit":"","ocean_menu_link_color":"","ocean_menu_link_color_hover":"","ocean_menu_link_color_active":"","ocean_menu_link_background":"","ocean_menu_link_hover_background":"","ocean_menu_link_active_background":"","ocean_menu_social_links_bg":"","ocean_menu_social_hover_links_bg":"","ocean_menu_social_links_color":"","ocean_menu_social_hover_links_color":"","ocean_disable_title":"default","ocean_disable_heading":"default","ocean_post_title":"","ocean_post_subheading":"","ocean_post_title_style":"","ocean_post_title_background_color":"","ocean_post_title_background":0,"ocean_post_title_bg_image_position":"","ocean_post_title_bg_image_attachment":"","ocean_post_title_bg_image_repeat":"","ocean_post_title_bg_image_size":"","ocean_post_title_height":0,"ocean_post_title_bg_overlay":0.5,"ocean_post_title_bg_overlay_color":"","ocean_disable_breadcrumbs":"default","ocean_breadcrumbs_color":"","ocean_breadcrumbs_separator_color":"","ocean_breadcrumbs_links_color":"","ocean_breadcrumbs_links_hover_color":"","ocean_display_footer_widgets":"default","ocean_display_footer_bottom":"default","ocean_custom_footer_template":"","_vp_format_video_url":"","_vp_image_focal_point":[],"footnotes":""},"portfolio_category":[],"portfolio_tag":[],"class_list":["post-706","portfolio","type-portfolio","status-publish","format-standard","has-post-thumbnail","hentry","entry","has-media"],"yoast_head":"<!-- This site is optimized with the Yoast SEO plugin v25.2 - https:\/\/yoast.com\/wordpress\/plugins\/seo\/ -->\n<title>Soukrom\u00fd interi\u00e9r - N\u00e1vrh pokoje pro 14 let\u00e9ho chlapce - design-award.cz<\/title>\n<meta name=\"description\" content=\"Projekt je sou\u010d\u00e1st\u00ed zad\u00e1n\u00ed maturitn\u00ed pr\u00e1ce, pro kterou je navrhov\u00e1n. Prostor m\u00e1 rozlohu 25 metr\u016f \u010dtvere\u010dn\u00edch. St\u00e1v\u00e1 se tak dosti velk\u00fdm prostorem. V podkrov\u00ed jsou v\u0161ak tyto velikosti b\u011b\u017en\u00e9 a jsou opticky zmen\u0161ov\u00e1ny \u0161ikmou st\u0159echou. Pokoj je v pr\u016fb\u011bhu let variabiln\u00ed, s mo\u017enost\u00ed levn\u00fdch \u00faprav. Moj\u00ed snahou bylo, aby to v\u0161ak nebylo nutn\u00e9.\" \/>\n<meta name=\"robots\" content=\"index, follow, max-snippet:-1, max-image-preview:large, max-video-preview:-1\" \/>\n<link rel=\"canonical\" href=\"https:\/\/www.design-award.cz\/?portfolio=soukromy-interier-navrh-pokoje-pro-14-leteho-chlapce\" \/>\n<meta property=\"og:locale\" content=\"cs_CZ\" \/>\n<meta property=\"og:type\" content=\"article\" \/>\n<meta property=\"og:title\" content=\"Soukrom\u00fd interi\u00e9r - N\u00e1vrh pokoje pro 14 let\u00e9ho chlapce - design-award.cz\" \/>\n<meta property=\"og:description\" content=\"Projekt je sou\u010d\u00e1st\u00ed zad\u00e1n\u00ed maturitn\u00ed pr\u00e1ce, pro kterou je navrhov\u00e1n. Prostor m\u00e1 rozlohu 25 metr\u016f \u010dtvere\u010dn\u00edch. St\u00e1v\u00e1 se tak dosti velk\u00fdm prostorem. V podkrov\u00ed jsou v\u0161ak tyto velikosti b\u011b\u017en\u00e9 a jsou opticky zmen\u0161ov\u00e1ny \u0161ikmou st\u0159echou. Pokoj je v pr\u016fb\u011bhu let variabiln\u00ed, s mo\u017enost\u00ed levn\u00fdch \u00faprav. Moj\u00ed snahou bylo, aby to v\u0161ak nebylo nutn\u00e9.\" \/>\n<meta property=\"og:url\" content=\"https:\/\/www.design-award.cz\/?portfolio=soukromy-interier-navrh-pokoje-pro-14-leteho-chlapce\" \/>\n<meta property=\"og:site_name\" content=\"design-award.cz\" \/>\n<meta property=\"article:modified_time\" content=\"2022-04-25T13:18:23+00:00\" \/>\n<meta property=\"og:image\" content=\"http:\/\/www.design-award.cz\/wp-content\/uploads\/2022\/04\/render-3-scaled.jpg\" \/>\n\t<meta property=\"og:image:width\" content=\"2560\" \/>\n\t<meta property=\"og:image:height\" content=\"1504\" \/>\n\t<meta property=\"og:image:type\" content=\"image\/jpeg\" \/>\n<meta name=\"twitter:card\" content=\"summary_large_image\" \/>\n<meta name=\"twitter:label1\" content=\"Odhadovan\u00e1 doba \u010dten\u00ed\" \/>\n\t<meta name=\"twitter:data1\" content=\"3 minuty\" \/>\n<script type=\"application\/ld+json\" class=\"yoast-schema-graph\">{\"@context\":\"https:\/\/schema.org\",\"@graph\":[{\"@type\":\"WebPage\",\"@id\":\"https:\/\/www.design-award.cz\/?portfolio=soukromy-interier-navrh-pokoje-pro-14-leteho-chlapce\",\"url\":\"https:\/\/www.design-award.cz\/?portfolio=soukromy-interier-navrh-pokoje-pro-14-leteho-chlapce\",\"name\":\"Soukrom\u00fd interi\u00e9r - N\u00e1vrh pokoje pro 14 let\u00e9ho chlapce - design-award.cz\",\"isPartOf\":{\"@id\":\"https:\/\/www.design-award.cz\/#website\"},\"primaryImageOfPage\":{\"@id\":\"https:\/\/www.design-award.cz\/?portfolio=soukromy-interier-navrh-pokoje-pro-14-leteho-chlapce#primaryimage\"},\"image\":{\"@id\":\"https:\/\/www.design-award.cz\/?portfolio=soukromy-interier-navrh-pokoje-pro-14-leteho-chlapce#primaryimage\"},\"thumbnailUrl\":\"https:\/\/www.design-award.cz\/wp-content\/uploads\/2022\/04\/render-3-scaled.jpg\",\"datePublished\":\"2022-04-25T13:17:20+00:00\",\"dateModified\":\"2022-04-25T13:18:23+00:00\",\"description\":\"Projekt je sou\u010d\u00e1st\u00ed zad\u00e1n\u00ed maturitn\u00ed pr\u00e1ce, pro kterou je navrhov\u00e1n. Prostor m\u00e1 rozlohu 25 metr\u016f \u010dtvere\u010dn\u00edch. St\u00e1v\u00e1 se tak dosti velk\u00fdm prostorem. V podkrov\u00ed jsou v\u0161ak tyto velikosti b\u011b\u017en\u00e9 a jsou opticky zmen\u0161ov\u00e1ny \u0161ikmou st\u0159echou. Pokoj je v pr\u016fb\u011bhu let variabiln\u00ed, s mo\u017enost\u00ed levn\u00fdch \u00faprav. Moj\u00ed snahou bylo, aby to v\u0161ak nebylo nutn\u00e9.\",\"breadcrumb\":{\"@id\":\"https:\/\/www.design-award.cz\/?portfolio=soukromy-interier-navrh-pokoje-pro-14-leteho-chlapce#breadcrumb\"},\"inLanguage\":\"cs\",\"potentialAction\":[{\"@type\":\"ReadAction\",\"target\":[\"https:\/\/www.design-award.cz\/?portfolio=soukromy-interier-navrh-pokoje-pro-14-leteho-chlapce\"]}]},{\"@type\":\"ImageObject\",\"inLanguage\":\"cs\",\"@id\":\"https:\/\/www.design-award.cz\/?portfolio=soukromy-interier-navrh-pokoje-pro-14-leteho-chlapce#primaryimage\",\"url\":\"https:\/\/www.design-award.cz\/wp-content\/uploads\/2022\/04\/render-3-scaled.jpg\",\"contentUrl\":\"https:\/\/www.design-award.cz\/wp-content\/uploads\/2022\/04\/render-3-scaled.jpg\",\"width\":2560,\"height\":1504},{\"@type\":\"BreadcrumbList\",\"@id\":\"https:\/\/www.design-award.cz\/?portfolio=soukromy-interier-navrh-pokoje-pro-14-leteho-chlapce#breadcrumb\",\"itemListElement\":[{\"@type\":\"ListItem\",\"position\":1,\"name\":\"Dom\u016f\",\"item\":\"https:\/\/www.design-award.cz\/\"},{\"@type\":\"ListItem\",\"position\":2,\"name\":\"Portfolio Items\",\"item\":\"https:\/\/www.design-award.cz\/?post_type=portfolio\"},{\"@type\":\"ListItem\",\"position\":3,\"name\":\"Soukrom\u00fd interi\u00e9r &#8211; N\u00e1vrh pokoje pro 14 let\u00e9ho chlapce\"}]},{\"@type\":\"WebSite\",\"@id\":\"https:\/\/www.design-award.cz\/#website\",\"url\":\"https:\/\/www.design-award.cz\/\",\"name\":\"design-award.cz\",\"description\":\"WARD vznikla v roce 2022. Je ur\u010dena p\u0159edev\u0161\u00edm student\u016fm st\u0159edn\u00edch um\u011bleck\u00fdch \u0161kol (S\u0160 a VO\u0160), kte\u0159\u00ed mohou bezplatn\u011b zaslat sv\u00e9 n\u00e1vrhy v uveden\u00fdch kategori\u00ed a tak pom\u011b\u0159it sv\u00e9 n\u00e1pady s konkurenc\u00ed sv\u00fdch vrstevn\u00edk\u016f. N\u00e1vrhy jsou n\u00e1sledn\u011b posouzeny nez\u00e1vislou porotou z \u0159ad v\u00fdtvarn\u00edk\u016f, pedagog\u016f a profesion\u00e1l\u016f z oboru.\",\"publisher\":{\"@id\":\"https:\/\/www.design-award.cz\/#organization\"},\"potentialAction\":[{\"@type\":\"SearchAction\",\"target\":{\"@type\":\"EntryPoint\",\"urlTemplate\":\"https:\/\/www.design-award.cz\/?s={search_term_string}\"},\"query-input\":{\"@type\":\"PropertyValueSpecification\",\"valueRequired\":true,\"valueName\":\"search_term_string\"}}],\"inLanguage\":\"cs\"},{\"@type\":\"Organization\",\"@id\":\"https:\/\/www.design-award.cz\/#organization\",\"name\":\"Design Award\",\"url\":\"https:\/\/www.design-award.cz\/\",\"logo\":{\"@type\":\"ImageObject\",\"inLanguage\":\"cs\",\"@id\":\"https:\/\/www.design-award.cz\/#\/schema\/logo\/image\/\",\"url\":\"http:\/\/www.design-award.cz\/wp-content\/uploads\/2021\/12\/hornilogo_design-award.png\",\"contentUrl\":\"http:\/\/www.design-award.cz\/wp-content\/uploads\/2021\/12\/hornilogo_design-award.png\",\"width\":800,\"height\":600,\"caption\":\"Design Award\"},\"image\":{\"@id\":\"https:\/\/www.design-award.cz\/#\/schema\/logo\/image\/\"},\"sameAs\":[\"https:\/\/www.instagram.com\/design_award\/\"]}]}<\/script>\n<!-- \/ Yoast SEO plugin. -->","yoast_head_json":{"title":"Soukrom\u00fd interi\u00e9r - N\u00e1vrh pokoje pro 14 let\u00e9ho chlapce - design-award.cz","description":"Projekt je sou\u010d\u00e1st\u00ed zad\u00e1n\u00ed maturitn\u00ed pr\u00e1ce, pro kterou je navrhov\u00e1n. Prostor m\u00e1 rozlohu 25 metr\u016f \u010dtvere\u010dn\u00edch. St\u00e1v\u00e1 se tak dosti velk\u00fdm prostorem. V podkrov\u00ed jsou v\u0161ak tyto velikosti b\u011b\u017en\u00e9 a jsou opticky zmen\u0161ov\u00e1ny \u0161ikmou st\u0159echou. Pokoj je v pr\u016fb\u011bhu let variabiln\u00ed, s mo\u017enost\u00ed levn\u00fdch \u00faprav. Moj\u00ed snahou bylo, aby to v\u0161ak nebylo nutn\u00e9.","robots":{"index":"index","follow":"follow","max-snippet":"max-snippet:-1","max-image-preview":"max-image-preview:large","max-video-preview":"max-video-preview:-1"},"canonical":"https:\/\/www.design-award.cz\/?portfolio=soukromy-interier-navrh-pokoje-pro-14-leteho-chlapce","og_locale":"cs_CZ","og_type":"article","og_title":"Soukrom\u00fd interi\u00e9r - N\u00e1vrh pokoje pro 14 let\u00e9ho chlapce - design-award.cz","og_description":"Projekt je sou\u010d\u00e1st\u00ed zad\u00e1n\u00ed maturitn\u00ed pr\u00e1ce, pro kterou je navrhov\u00e1n. Prostor m\u00e1 rozlohu 25 metr\u016f \u010dtvere\u010dn\u00edch. St\u00e1v\u00e1 se tak dosti velk\u00fdm prostorem. V podkrov\u00ed jsou v\u0161ak tyto velikosti b\u011b\u017en\u00e9 a jsou opticky zmen\u0161ov\u00e1ny \u0161ikmou st\u0159echou. Pokoj je v pr\u016fb\u011bhu let variabiln\u00ed, s mo\u017enost\u00ed levn\u00fdch \u00faprav. Moj\u00ed snahou bylo, aby to v\u0161ak nebylo nutn\u00e9.","og_url":"https:\/\/www.design-award.cz\/?portfolio=soukromy-interier-navrh-pokoje-pro-14-leteho-chlapce","og_site_name":"design-award.cz","article_modified_time":"2022-04-25T13:18:23+00:00","og_image":[{"width":2560,"height":1504,"url":"http:\/\/www.design-award.cz\/wp-content\/uploads\/2022\/04\/render-3-scaled.jpg","type":"image\/jpeg"}],"twitter_card":"summary_large_image","twitter_misc":{"Odhadovan\u00e1 doba \u010dten\u00ed":"3 minuty"},"schema":{"@context":"https:\/\/schema.org","@graph":[{"@type":"WebPage","@id":"https:\/\/www.design-award.cz\/?portfolio=soukromy-interier-navrh-pokoje-pro-14-leteho-chlapce","url":"https:\/\/www.design-award.cz\/?portfolio=soukromy-interier-navrh-pokoje-pro-14-leteho-chlapce","name":"Soukrom\u00fd interi\u00e9r - N\u00e1vrh pokoje pro 14 let\u00e9ho chlapce - design-award.cz","isPartOf":{"@id":"https:\/\/www.design-award.cz\/#website"},"primaryImageOfPage":{"@id":"https:\/\/www.design-award.cz\/?portfolio=soukromy-interier-navrh-pokoje-pro-14-leteho-chlapce#primaryimage"},"image":{"@id":"https:\/\/www.design-award.cz\/?portfolio=soukromy-interier-navrh-pokoje-pro-14-leteho-chlapce#primaryimage"},"thumbnailUrl":"https:\/\/www.design-award.cz\/wp-content\/uploads\/2022\/04\/render-3-scaled.jpg","datePublished":"2022-04-25T13:17:20+00:00","dateModified":"2022-04-25T13:18:23+00:00","description":"Projekt je sou\u010d\u00e1st\u00ed zad\u00e1n\u00ed maturitn\u00ed pr\u00e1ce, pro kterou je navrhov\u00e1n. Prostor m\u00e1 rozlohu 25 metr\u016f \u010dtvere\u010dn\u00edch. St\u00e1v\u00e1 se tak dosti velk\u00fdm prostorem. V podkrov\u00ed jsou v\u0161ak tyto velikosti b\u011b\u017en\u00e9 a jsou opticky zmen\u0161ov\u00e1ny \u0161ikmou st\u0159echou. Pokoj je v pr\u016fb\u011bhu let variabiln\u00ed, s mo\u017enost\u00ed levn\u00fdch \u00faprav. Moj\u00ed snahou bylo, aby to v\u0161ak nebylo nutn\u00e9.","breadcrumb":{"@id":"https:\/\/www.design-award.cz\/?portfolio=soukromy-interier-navrh-pokoje-pro-14-leteho-chlapce#breadcrumb"},"inLanguage":"cs","potentialAction":[{"@type":"ReadAction","target":["https:\/\/www.design-award.cz\/?portfolio=soukromy-interier-navrh-pokoje-pro-14-leteho-chlapce"]}]},{"@type":"ImageObject","inLanguage":"cs","@id":"https:\/\/www.design-award.cz\/?portfolio=soukromy-interier-navrh-pokoje-pro-14-leteho-chlapce#primaryimage","url":"https:\/\/www.design-award.cz\/wp-content\/uploads\/2022\/04\/render-3-scaled.jpg","contentUrl":"https:\/\/www.design-award.cz\/wp-content\/uploads\/2022\/04\/render-3-scaled.jpg","width":2560,"height":1504},{"@type":"BreadcrumbList","@id":"https:\/\/www.design-award.cz\/?portfolio=soukromy-interier-navrh-pokoje-pro-14-leteho-chlapce#breadcrumb","itemListElement":[{"@type":"ListItem","position":1,"name":"Dom\u016f","item":"https:\/\/www.design-award.cz\/"},{"@type":"ListItem","position":2,"name":"Portfolio Items","item":"https:\/\/www.design-award.cz\/?post_type=portfolio"},{"@type":"ListItem","position":3,"name":"Soukrom\u00fd interi\u00e9r &#8211; N\u00e1vrh pokoje pro 14 let\u00e9ho chlapce"}]},{"@type":"WebSite","@id":"https:\/\/www.design-award.cz\/#website","url":"https:\/\/www.design-award.cz\/","name":"design-award.cz","description":"WARD vznikla v roce 2022. Je ur\u010dena p\u0159edev\u0161\u00edm student\u016fm st\u0159edn\u00edch um\u011bleck\u00fdch \u0161kol (S\u0160 a VO\u0160), kte\u0159\u00ed mohou bezplatn\u011b zaslat sv\u00e9 n\u00e1vrhy v uveden\u00fdch kategori\u00ed a tak pom\u011b\u0159it sv\u00e9 n\u00e1pady s konkurenc\u00ed sv\u00fdch vrstevn\u00edk\u016f. N\u00e1vrhy jsou n\u00e1sledn\u011b posouzeny nez\u00e1vislou porotou z \u0159ad v\u00fdtvarn\u00edk\u016f, pedagog\u016f a profesion\u00e1l\u016f z oboru.","publisher":{"@id":"https:\/\/www.design-award.cz\/#organization"},"potentialAction":[{"@type":"SearchAction","target":{"@type":"EntryPoint","urlTemplate":"https:\/\/www.design-award.cz\/?s={search_term_string}"},"query-input":{"@type":"PropertyValueSpecification","valueRequired":true,"valueName":"search_term_string"}}],"inLanguage":"cs"},{"@type":"Organization","@id":"https:\/\/www.design-award.cz\/#organization","name":"Design Award","url":"https:\/\/www.design-award.cz\/","logo":{"@type":"ImageObject","inLanguage":"cs","@id":"https:\/\/www.design-award.cz\/#\/schema\/logo\/image\/","url":"http:\/\/www.design-award.cz\/wp-content\/uploads\/2021\/12\/hornilogo_design-award.png","contentUrl":"http:\/\/www.design-award.cz\/wp-content\/uploads\/2021\/12\/hornilogo_design-award.png","width":800,"height":600,"caption":"Design Award"},"image":{"@id":"https:\/\/www.design-award.cz\/#\/schema\/logo\/image\/"},"sameAs":["https:\/\/www.instagram.com\/design_award\/"]}]}},"_links":{"self":[{"href":"https:\/\/www.design-award.cz\/index.php?rest_route=\/wp\/v2\/portfolio\/706","targetHints":{"allow":["GET"]}}],"collection":[{"href":"https:\/\/www.design-award.cz\/index.php?rest_route=\/wp\/v2\/portfolio"}],"about":[{"href":"https:\/\/www.design-award.cz\/index.php?rest_route=\/wp\/v2\/types\/portfolio"}],"author":[{"embeddable":true,"href":"https:\/\/www.design-award.cz\/index.php?rest_route=\/wp\/v2\/users\/1"}],"replies":[{"embeddable":true,"href":"https:\/\/www.design-award.cz\/index.php?rest_route=%2Fwp%2Fv2%2Fcomments&post=706"}],"version-history":[{"count":1,"href":"https:\/\/www.design-award.cz\/index.php?rest_route=\/wp\/v2\/portfolio\/706\/revisions"}],"predecessor-version":[{"id":714,"href":"https:\/\/www.design-award.cz\/index.php?rest_route=\/wp\/v2\/portfolio\/706\/revisions\/714"}],"wp:featuredmedia":[{"embeddable":true,"href":"https:\/\/www.design-award.cz\/index.php?rest_route=\/wp\/v2\/media\/710"}],"wp:attachment":[{"href":"https:\/\/www.design-award.cz\/index.php?rest_route=%2Fwp%2Fv2%2Fmedia&parent=706"}],"wp:term":[{"taxonomy":"portfolio_category","embeddable":true,"href":"https:\/\/www.design-award.cz\/index.php?rest_route=%2Fwp%2Fv2%2Fportfolio_category&post=706"},{"taxonomy":"portfolio_tag","embeddable":true,"href":"https:\/\/www.design-award.cz\/index.php?rest_route=%2Fwp%2Fv2%2Fportfolio_tag&post=706"}],"curies":[{"name":"wp","href":"https:\/\/api.w.org\/{rel}","templated":true}]}}