{"id":756,"date":"2022-04-26T18:47:42","date_gmt":"2022-04-26T18:47:42","guid":{"rendered":"https:\/\/www.design-award.cz\/?post_type=portfolio&#038;p=756"},"modified":"2022-05-04T20:31:35","modified_gmt":"2022-05-04T20:31:35","slug":"verejny-interier-kavarna-s-japonskou-tematikou","status":"publish","type":"portfolio","link":"https:\/\/www.design-award.cz\/?portfolio=verejny-interier-kavarna-s-japonskou-tematikou","title":{"rendered":"Ve\u0159ejn\u00fd interi\u00e9r &#8211; Kav\u00e1rna s Japonskou t\u00e9matikou"},"content":{"rendered":"\n<h2 class=\"wp-block-heading\">Luk\u00e1\u0161 Ku\u010dera<\/h2>\n\n\n\n<p><strong>St\u0159edn\u00ed \u0161kola designu Kate\u0159inky<\/strong><\/p>\n\n\n\n<p>Cel\u00fd koncept kav\u00e1rny je zalo\u017een za \u00fa\u010delem bl\u00ed\u017ee sezn\u00e1mit ve\u0159ejnost s japonskou kulturou a vytvo\u0159it lidem m\u00edsto kde mohou v klidu odpo\u010d\u00edvat nebo i pracovat. Kav\u00e1rna navozuje dojem p\u0159\u00edjemn\u00e9ho japonsk\u00e9ho par\u010d\u00edku, kde lid\u00e9 r\u00e1di tr\u00e1v\u00ed sv\u016fj voln\u00fd \u010das.<br>Interi\u00e9r nen\u00ed designov\u00e1n v jednotn\u00e9m stylu, ale jsou zde kombinov\u00e1ny styly: Japandi a Modern\u00ed minimalistick\u00fd styl. Jsou zde pou\u017e\u00edv\u00e1ny um\u011bl\u00e9 t\u0159e\u0161\u0148ov\u00e9 stromy v barov\u00e9 \u010d\u00e1sti a jeden velk\u00fd uprost\u0159ed kav\u00e1rny a m\u016f\u017eeme zde tak\u00e9 naj\u00edt bonsaje ve v\u00fdloze. P\u0159ed zadn\u00ed st\u011bnou je postavena st\u011bna shoji, kter\u00e1 je podsv\u00edcena sv\u011bteln\u00fdmi deskami a p\u0159\u00edm\u00e9 sv\u011btlo zaji\u0161\u0165uj\u00ed led podsv\u00edcen\u00ed kruhov\u00e9ho tvaru na strop\u011b a zlat\u00e9 kulat\u00e9 lampy, kter\u00e9 zn\u00e1zor\u0148uj\u00ed tradi\u010dn\u00ed japonsk\u00e9 lampiony.<br>V kav\u00e1rn\u011b jsou pou\u017e\u00edv\u00e1ny kruhov\u00e9 prvky d\u00edky inspiraci z japonsk\u00e9 vlajky.<\/p>\n\n\n\n<figure class=\"wp-block-image size-large\"><img decoding=\"async\" width=\"717\" height=\"1024\" data-src=\"http:\/\/www.design-award.cz\/wp-content\/uploads\/2022\/04\/plakat-kavarna-717x1024.jpg\" alt=\"\" class=\"wp-image-760 lazyload\" data-srcset=\"https:\/\/www.design-award.cz\/wp-content\/uploads\/2022\/04\/plakat-kavarna-717x1024.jpg 717w, https:\/\/www.design-award.cz\/wp-content\/uploads\/2022\/04\/plakat-kavarna-210x300.jpg 210w, https:\/\/www.design-award.cz\/wp-content\/uploads\/2022\/04\/plakat-kavarna-768x1097.jpg 768w, https:\/\/www.design-award.cz\/wp-content\/uploads\/2022\/04\/plakat-kavarna-1075x1536.jpg 1075w, https:\/\/www.design-award.cz\/wp-content\/uploads\/2022\/04\/plakat-kavarna-1434x2048.jpg 1434w, https:\/\/www.design-award.cz\/wp-content\/uploads\/2022\/04\/plakat-kavarna-500x714.jpg 500w, https:\/\/www.design-award.cz\/wp-content\/uploads\/2022\/04\/plakat-kavarna-800x1143.jpg 800w, https:\/\/www.design-award.cz\/wp-content\/uploads\/2022\/04\/plakat-kavarna-1280x1828.jpg 1280w, https:\/\/www.design-award.cz\/wp-content\/uploads\/2022\/04\/plakat-kavarna-1920x2743.jpg 1920w, https:\/\/www.design-award.cz\/wp-content\/uploads\/2022\/04\/plakat-kavarna-scaled.jpg 1792w\" data-sizes=\"(max-width: 717px) 100vw, 717px\" src=\"data:image\/svg+xml;base64,PHN2ZyB3aWR0aD0iMSIgaGVpZ2h0PSIxIiB4bWxucz0iaHR0cDovL3d3dy53My5vcmcvMjAwMC9zdmciPjwvc3ZnPg==\" style=\"--smush-placeholder-width: 717px; --smush-placeholder-aspect-ratio: 717\/1024;\" \/><\/figure>\n\n\n\n<figure class=\"wp-block-image size-large\"><img decoding=\"async\" width=\"1024\" height=\"576\" data-src=\"http:\/\/www.design-award.cz\/wp-content\/uploads\/2022\/04\/coffee-shop-2-1024x576.jpg\" alt=\"\" class=\"wp-image-758 lazyload\" data-srcset=\"https:\/\/www.design-award.cz\/wp-content\/uploads\/2022\/04\/coffee-shop-2-1024x576.jpg 1024w, https:\/\/www.design-award.cz\/wp-content\/uploads\/2022\/04\/coffee-shop-2-300x169.jpg 300w, https:\/\/www.design-award.cz\/wp-content\/uploads\/2022\/04\/coffee-shop-2-768x432.jpg 768w, https:\/\/www.design-award.cz\/wp-content\/uploads\/2022\/04\/coffee-shop-2-1536x864.jpg 1536w, https:\/\/www.design-award.cz\/wp-content\/uploads\/2022\/04\/coffee-shop-2-500x281.jpg 500w, https:\/\/www.design-award.cz\/wp-content\/uploads\/2022\/04\/coffee-shop-2-800x450.jpg 800w, https:\/\/www.design-award.cz\/wp-content\/uploads\/2022\/04\/coffee-shop-2-1280x720.jpg 1280w, https:\/\/www.design-award.cz\/wp-content\/uploads\/2022\/04\/coffee-shop-2.jpg 1782w\" data-sizes=\"(max-width: 1024px) 100vw, 1024px\" src=\"data:image\/svg+xml;base64,PHN2ZyB3aWR0aD0iMSIgaGVpZ2h0PSIxIiB4bWxucz0iaHR0cDovL3d3dy53My5vcmcvMjAwMC9zdmciPjwvc3ZnPg==\" style=\"--smush-placeholder-width: 1024px; --smush-placeholder-aspect-ratio: 1024\/576;\" \/><\/figure>\n\n\n\n<figure class=\"wp-block-image size-large\"><img decoding=\"async\" width=\"1024\" height=\"576\" data-src=\"http:\/\/www.design-award.cz\/wp-content\/uploads\/2022\/04\/coffee-shop-3-1024x576.jpg\" alt=\"\" class=\"wp-image-759 lazyload\" data-srcset=\"https:\/\/www.design-award.cz\/wp-content\/uploads\/2022\/04\/coffee-shop-3-1024x576.jpg 1024w, https:\/\/www.design-award.cz\/wp-content\/uploads\/2022\/04\/coffee-shop-3-300x169.jpg 300w, https:\/\/www.design-award.cz\/wp-content\/uploads\/2022\/04\/coffee-shop-3-768x432.jpg 768w, https:\/\/www.design-award.cz\/wp-content\/uploads\/2022\/04\/coffee-shop-3-1536x864.jpg 1536w, https:\/\/www.design-award.cz\/wp-content\/uploads\/2022\/04\/coffee-shop-3-500x281.jpg 500w, https:\/\/www.design-award.cz\/wp-content\/uploads\/2022\/04\/coffee-shop-3-800x450.jpg 800w, https:\/\/www.design-award.cz\/wp-content\/uploads\/2022\/04\/coffee-shop-3-1280x720.jpg 1280w, https:\/\/www.design-award.cz\/wp-content\/uploads\/2022\/04\/coffee-shop-3.jpg 1778w\" data-sizes=\"(max-width: 1024px) 100vw, 1024px\" src=\"data:image\/svg+xml;base64,PHN2ZyB3aWR0aD0iMSIgaGVpZ2h0PSIxIiB4bWxucz0iaHR0cDovL3d3dy53My5vcmcvMjAwMC9zdmciPjwvc3ZnPg==\" style=\"--smush-placeholder-width: 1024px; --smush-placeholder-aspect-ratio: 1024\/576;\" \/><\/figure>\n\n\n\n<figure class=\"wp-block-image size-large\"><img decoding=\"async\" width=\"1024\" height=\"576\" data-src=\"http:\/\/www.design-award.cz\/wp-content\/uploads\/2022\/04\/pudorys-pred-a-po-koty-1024x576.png\" alt=\"\" class=\"wp-image-761 lazyload\" data-srcset=\"https:\/\/www.design-award.cz\/wp-content\/uploads\/2022\/04\/pudorys-pred-a-po-koty-1024x576.png 1024w, https:\/\/www.design-award.cz\/wp-content\/uploads\/2022\/04\/pudorys-pred-a-po-koty-300x169.png 300w, https:\/\/www.design-award.cz\/wp-content\/uploads\/2022\/04\/pudorys-pred-a-po-koty-768x432.png 768w, https:\/\/www.design-award.cz\/wp-content\/uploads\/2022\/04\/pudorys-pred-a-po-koty-1536x864.png 1536w, https:\/\/www.design-award.cz\/wp-content\/uploads\/2022\/04\/pudorys-pred-a-po-koty-500x281.png 500w, https:\/\/www.design-award.cz\/wp-content\/uploads\/2022\/04\/pudorys-pred-a-po-koty-800x450.png 800w, https:\/\/www.design-award.cz\/wp-content\/uploads\/2022\/04\/pudorys-pred-a-po-koty-1280x720.png 1280w, https:\/\/www.design-award.cz\/wp-content\/uploads\/2022\/04\/pudorys-pred-a-po-koty.png 1920w\" data-sizes=\"(max-width: 1024px) 100vw, 1024px\" src=\"data:image\/svg+xml;base64,PHN2ZyB3aWR0aD0iMSIgaGVpZ2h0PSIxIiB4bWxucz0iaHR0cDovL3d3dy53My5vcmcvMjAwMC9zdmciPjwvc3ZnPg==\" style=\"--smush-placeholder-width: 1024px; --smush-placeholder-aspect-ratio: 1024\/576;\" \/><\/figure>\n\n\n<div class=\"wp-block-visual-portfolio\">\n<div class=\"vp-portfolio vp-uid-2ece4a06 vp-id-607\"\n\tdata-vp-layout=\"slider\" data-vp-content-source=\"post-based\" data-vp-items-style=\"fade\" data-vp-items-click-action=\"url\" data-vp-items-gap=\"12\" data-vp-items-gap-vertical=\"\" data-vp-pagination=\"load-more\" data-vp-next-page-url=\"https:\/\/www.design-award.cz\/index.php?rest_route=%2Fwp%2Fv2%2Fportfolio%2F756&#038;vp_page=2\" data-vp-random-seed=\"1562990039\" data-vp-slider-effect=\"slide\" data-vp-slider-items-height=\"80%\" data-vp-slider-items-min-height=\"\" data-vp-slider-slides-per-view=\"3\" data-vp-slider-speed=\"0.3\" data-vp-slider-autoplay=\"4.8\" data-vp-slider-autoplay-hover-pause=\"false\" data-vp-slider-centered-slides=\"true\" data-vp-slider-loop=\"true\" data-vp-slider-free-mode=\"false\" data-vp-slider-free-mode-sticky=\"false\" data-vp-slider-arrows=\"true\" data-vp-slider-bullets=\"false\" data-vp-slider-bullets-dynamic=\"false\" data-vp-slider-mousewheel=\"false\" data-vp-slider-thumbnails=\"false\" >\n\t<div class=\"vp-portfolio__preloader-wrap\">\n\t\t<div class=\"vp-portfolio__preloader\">\n\t\t\t<img decoding=\"async\" loading=\"eager\" src=\"https:\/\/www.design-award.cz\/wp-content\/plugins\/visual-portfolio\/assets\/images\/logo-dark.svg\" alt=\"Visual Portfolio, Posts &amp; Image Gallery for WordPress\" width=\"20\" height=\"20\" data-skip-lazy>\n\t\t<\/div>\n\t<\/div>\n\t\t<div class=\"vp-portfolio__items-wrap\">\n\t\t\t\n<div class=\"vp-portfolio__items vp-portfolio__items-style-fade vp-portfolio__items-show-overlay-hover\">\n\n\t\t<article\t\tclass=\"vp-portfolio__item-wrap post-3556 portfolio type-portfolio status-publish format-standard has-post-thumbnail hentry entry has-media vp-portfolio__item-uid-c6b62ca3\" data-vp-filter=\"\" \t\t>\n\t\t\t\t\t\t\t\t\t<figure class=\"vp-portfolio__item\">\n\t\t\t\t\n<div class=\"vp-portfolio__item-img-wrap\">\n\t<div class=\"vp-portfolio__item-img\">\n\t\t\t<a\n\t\thref=\"https:\/\/www.design-award.cz\/?portfolio=produktovy-design-zvireci-calounena-mozaika-do-materske-skoly\"\n\t\t\t>\n\t\n\t\t<noscript><img decoding=\"async\" width=\"1920\" height=\"1080\" data-skip-lazy src=\"https:\/\/www.design-award.cz\/wp-content\/uploads\/2024\/06\/1.4444.effectsResult-min1-1920x1080.png\" class=\"wp-image-3585\" alt=\"\" srcset=\"https:\/\/www.design-award.cz\/wp-content\/uploads\/2024\/06\/1.4444.effectsResult-min1-1920x1080.png 1920w, https:\/\/www.design-award.cz\/wp-content\/uploads\/2024\/06\/1.4444.effectsResult-min1-300x169.png 300w, https:\/\/www.design-award.cz\/wp-content\/uploads\/2024\/06\/1.4444.effectsResult-min1-1024x576.png 1024w, https:\/\/www.design-award.cz\/wp-content\/uploads\/2024\/06\/1.4444.effectsResult-min1-768x432.png 768w, https:\/\/www.design-award.cz\/wp-content\/uploads\/2024\/06\/1.4444.effectsResult-min1-1536x864.png 1536w, https:\/\/www.design-award.cz\/wp-content\/uploads\/2024\/06\/1.4444.effectsResult-min1-2048x1152.png 2048w, https:\/\/www.design-award.cz\/wp-content\/uploads\/2024\/06\/1.4444.effectsResult-min1-500x281.png 500w, https:\/\/www.design-award.cz\/wp-content\/uploads\/2024\/06\/1.4444.effectsResult-min1-800x450.png 800w, https:\/\/www.design-award.cz\/wp-content\/uploads\/2024\/06\/1.4444.effectsResult-min1-1280x720.png 1280w\" sizes=\"(max-width: 1920px) 100vw, 1920px\" \/><\/noscript><img fetchpriority=\"high\" decoding=\"async\" width=\"1920\" height=\"1080\" src=\"https:\/\/www.design-award.cz\/wp-content\/uploads\/2024\/06\/1.4444.effectsResult-min1-1920x1080.png\" class=\"wp-image-3585 vp-lazyload\" alt srcset=\"data:image\/svg+xml;base64,PHN2ZyB3aWR0aD0iMTkyMCIgaGVpZ2h0PSIxMDgwIiB2aWV3Qm94PSIwIDAgMTkyMCAxMDgwIiBmaWxsPSJub25lIiB4bWxucz0iaHR0cDovL3d3dy53My5vcmcvMjAwMC9zdmciPjwvc3ZnPg==\" data-src=\"https:\/\/www.design-award.cz\/wp-content\/uploads\/2024\/06\/1.4444.effectsResult-min1-1920x1080.png\" data-srcset=\"https:\/\/www.design-award.cz\/wp-content\/uploads\/2024\/06\/1.4444.effectsResult-min1-1920x1080.png 1920w, https:\/\/www.design-award.cz\/wp-content\/uploads\/2024\/06\/1.4444.effectsResult-min1-300x169.png 300w, https:\/\/www.design-award.cz\/wp-content\/uploads\/2024\/06\/1.4444.effectsResult-min1-1024x576.png 1024w, https:\/\/www.design-award.cz\/wp-content\/uploads\/2024\/06\/1.4444.effectsResult-min1-768x432.png 768w, https:\/\/www.design-award.cz\/wp-content\/uploads\/2024\/06\/1.4444.effectsResult-min1-1536x864.png 1536w, https:\/\/www.design-award.cz\/wp-content\/uploads\/2024\/06\/1.4444.effectsResult-min1-2048x1152.png 2048w, https:\/\/www.design-award.cz\/wp-content\/uploads\/2024\/06\/1.4444.effectsResult-min1-500x281.png 500w, https:\/\/www.design-award.cz\/wp-content\/uploads\/2024\/06\/1.4444.effectsResult-min1-800x450.png 800w, https:\/\/www.design-award.cz\/wp-content\/uploads\/2024\/06\/1.4444.effectsResult-min1-1280x720.png 1280w\" data-sizes=\"auto\" loading=\"eager\">\n\t\t<\/a>\t<\/div>\n<\/div>\n\t<figcaption class=\"vp-portfolio__item-overlay vp-portfolio__item-overlay-text-align-center\">\n\t\t<div class=\"vp-portfolio__item-meta-wrap vp-portfolio__custom-scrollbar\">\n\t\t\t\t<a\n\t\thref=\"https:\/\/www.design-award.cz\/?portfolio=produktovy-design-zvireci-calounena-mozaika-do-materske-skoly\"\n\t\ttabindex=\"-1\" class=\"vp-portfolio__item-meta\" \t>\n\t\n<h2 class=\"vp-portfolio__item-meta-title\">\n\tProduktov\u00fd design &#8211; Zv\u00ed\u0159ec\u00ed \u010daloun\u011bn\u00e1 mozaika do Mate\u0159sk\u00e9 \u0161koly<\/h2>\n<\/a>\t\t<\/div>\n\t<\/figcaption>\n\t\t\t<\/figure>\n\t\t\t\t\t<\/article>\n\t\t\n\t\t<article\t\tclass=\"vp-portfolio__item-wrap post-5095 portfolio type-portfolio status-publish format-standard has-post-thumbnail hentry entry has-media vp-portfolio__item-uid-d0aaaf22\" data-vp-filter=\"\" \t\t>\n\t\t\t\t\t\t\t\t\t<figure class=\"vp-portfolio__item\">\n\t\t\t\t\n<div class=\"vp-portfolio__item-img-wrap\">\n\t<div class=\"vp-portfolio__item-img\">\n\t\t\t<a\n\t\thref=\"https:\/\/www.design-award.cz\/?portfolio=produktovy-design-doteky-vody\"\n\t\t\t>\n\t\n\t\t<noscript><img decoding=\"async\" width=\"1920\" height=\"2880\" data-skip-lazy src=\"https:\/\/www.design-award.cz\/wp-content\/uploads\/2025\/06\/alexandra_vargova_01-1920x2880.jpg\" class=\"wp-image-5096\" alt=\"\" srcset=\"https:\/\/www.design-award.cz\/wp-content\/uploads\/2025\/06\/alexandra_vargova_01-1920x2880.jpg 1920w, https:\/\/www.design-award.cz\/wp-content\/uploads\/2025\/06\/alexandra_vargova_01-200x300.jpg 200w, https:\/\/www.design-award.cz\/wp-content\/uploads\/2025\/06\/alexandra_vargova_01-683x1024.jpg 683w, https:\/\/www.design-award.cz\/wp-content\/uploads\/2025\/06\/alexandra_vargova_01-768x1152.jpg 768w, https:\/\/www.design-award.cz\/wp-content\/uploads\/2025\/06\/alexandra_vargova_01-1024x1536.jpg 1024w, https:\/\/www.design-award.cz\/wp-content\/uploads\/2025\/06\/alexandra_vargova_01-1365x2048.jpg 1365w, https:\/\/www.design-award.cz\/wp-content\/uploads\/2025\/06\/alexandra_vargova_01-500x750.jpg 500w, https:\/\/www.design-award.cz\/wp-content\/uploads\/2025\/06\/alexandra_vargova_01-800x1200.jpg 800w, https:\/\/www.design-award.cz\/wp-content\/uploads\/2025\/06\/alexandra_vargova_01-1280x1920.jpg 1280w, https:\/\/www.design-award.cz\/wp-content\/uploads\/2025\/06\/alexandra_vargova_01-scaled.jpg 1707w\" sizes=\"(max-width: 1920px) 100vw, 1920px\" \/><\/noscript><img decoding=\"async\" width=\"1920\" height=\"2880\" src=\"https:\/\/www.design-award.cz\/wp-content\/uploads\/2025\/06\/alexandra_vargova_01-1920x2880.jpg\" class=\"wp-image-5096 vp-lazyload\" alt srcset=\"data:image\/svg+xml;base64,PHN2ZyB3aWR0aD0iMTkyMCIgaGVpZ2h0PSIyODgwIiB2aWV3Qm94PSIwIDAgMTkyMCAyODgwIiBmaWxsPSJub25lIiB4bWxucz0iaHR0cDovL3d3dy53My5vcmcvMjAwMC9zdmciPjwvc3ZnPg==\" data-src=\"https:\/\/www.design-award.cz\/wp-content\/uploads\/2025\/06\/alexandra_vargova_01-1920x2880.jpg\" data-srcset=\"https:\/\/www.design-award.cz\/wp-content\/uploads\/2025\/06\/alexandra_vargova_01-1920x2880.jpg 1920w, https:\/\/www.design-award.cz\/wp-content\/uploads\/2025\/06\/alexandra_vargova_01-200x300.jpg 200w, https:\/\/www.design-award.cz\/wp-content\/uploads\/2025\/06\/alexandra_vargova_01-683x1024.jpg 683w, https:\/\/www.design-award.cz\/wp-content\/uploads\/2025\/06\/alexandra_vargova_01-768x1152.jpg 768w, https:\/\/www.design-award.cz\/wp-content\/uploads\/2025\/06\/alexandra_vargova_01-1024x1536.jpg 1024w, https:\/\/www.design-award.cz\/wp-content\/uploads\/2025\/06\/alexandra_vargova_01-1365x2048.jpg 1365w, https:\/\/www.design-award.cz\/wp-content\/uploads\/2025\/06\/alexandra_vargova_01-500x750.jpg 500w, https:\/\/www.design-award.cz\/wp-content\/uploads\/2025\/06\/alexandra_vargova_01-800x1200.jpg 800w, https:\/\/www.design-award.cz\/wp-content\/uploads\/2025\/06\/alexandra_vargova_01-1280x1920.jpg 1280w, https:\/\/www.design-award.cz\/wp-content\/uploads\/2025\/06\/alexandra_vargova_01-scaled.jpg 1707w\" data-sizes=\"auto\" loading=\"eager\">\n\t\t<\/a>\t<\/div>\n<\/div>\n\t<figcaption class=\"vp-portfolio__item-overlay vp-portfolio__item-overlay-text-align-center\">\n\t\t<div class=\"vp-portfolio__item-meta-wrap vp-portfolio__custom-scrollbar\">\n\t\t\t\t<a\n\t\thref=\"https:\/\/www.design-award.cz\/?portfolio=produktovy-design-doteky-vody\"\n\t\ttabindex=\"-1\" class=\"vp-portfolio__item-meta\" \t>\n\t\n<h2 class=\"vp-portfolio__item-meta-title\">\n\tProduktov\u00fd design &#8211; DOTEKY VODY<\/h2>\n<\/a>\t\t<\/div>\n\t<\/figcaption>\n\t\t\t<\/figure>\n\t\t\t\t\t<\/article>\n\t\t\n\t\t<article\t\tclass=\"vp-portfolio__item-wrap post-5280 portfolio type-portfolio status-publish format-standard has-post-thumbnail hentry entry has-media vp-portfolio__item-uid-ba5fbe82\" data-vp-filter=\"\" \t\t>\n\t\t\t\t\t\t\t\t\t<figure class=\"vp-portfolio__item\">\n\t\t\t\t\n<div class=\"vp-portfolio__item-img-wrap\">\n\t<div class=\"vp-portfolio__item-img\">\n\t\t\t<a\n\t\thref=\"https:\/\/www.design-award.cz\/?portfolio=interierovy-design-kontejner-jako-prilezitost\"\n\t\t\t>\n\t\n\t\t<noscript><img decoding=\"async\" width=\"1250\" height=\"700\" data-skip-lazy src=\"https:\/\/www.design-award.cz\/wp-content\/uploads\/2025\/06\/render1.png\" class=\"wp-image-5303\" alt=\"\" srcset=\"https:\/\/www.design-award.cz\/wp-content\/uploads\/2025\/06\/render1.png 1250w, https:\/\/www.design-award.cz\/wp-content\/uploads\/2025\/06\/render1-300x168.png 300w, https:\/\/www.design-award.cz\/wp-content\/uploads\/2025\/06\/render1-1024x573.png 1024w, https:\/\/www.design-award.cz\/wp-content\/uploads\/2025\/06\/render1-768x430.png 768w, https:\/\/www.design-award.cz\/wp-content\/uploads\/2025\/06\/render1-500x280.png 500w, https:\/\/www.design-award.cz\/wp-content\/uploads\/2025\/06\/render1-800x448.png 800w\" sizes=\"(max-width: 1250px) 100vw, 1250px\" \/><\/noscript><img decoding=\"async\" width=\"1250\" height=\"700\" src=\"https:\/\/www.design-award.cz\/wp-content\/uploads\/2025\/06\/render1.png\" class=\"wp-image-5303 vp-lazyload\" alt srcset=\"data:image\/svg+xml;base64,PHN2ZyB3aWR0aD0iMTI1MCIgaGVpZ2h0PSI3MDAiIHZpZXdCb3g9IjAgMCAxMjUwIDcwMCIgZmlsbD0ibm9uZSIgeG1sbnM9Imh0dHA6Ly93d3cudzMub3JnLzIwMDAvc3ZnIj48L3N2Zz4=\" data-src=\"https:\/\/www.design-award.cz\/wp-content\/uploads\/2025\/06\/render1.png\" data-srcset=\"https:\/\/www.design-award.cz\/wp-content\/uploads\/2025\/06\/render1.png 1250w, https:\/\/www.design-award.cz\/wp-content\/uploads\/2025\/06\/render1-300x168.png 300w, https:\/\/www.design-award.cz\/wp-content\/uploads\/2025\/06\/render1-1024x573.png 1024w, https:\/\/www.design-award.cz\/wp-content\/uploads\/2025\/06\/render1-768x430.png 768w, https:\/\/www.design-award.cz\/wp-content\/uploads\/2025\/06\/render1-500x280.png 500w, https:\/\/www.design-award.cz\/wp-content\/uploads\/2025\/06\/render1-800x448.png 800w\" data-sizes=\"auto\" loading=\"eager\">\n\t\t<\/a>\t<\/div>\n<\/div>\n\t<figcaption class=\"vp-portfolio__item-overlay vp-portfolio__item-overlay-text-align-center\">\n\t\t<div class=\"vp-portfolio__item-meta-wrap vp-portfolio__custom-scrollbar\">\n\t\t\t\t<a\n\t\thref=\"https:\/\/www.design-award.cz\/?portfolio=interierovy-design-kontejner-jako-prilezitost\"\n\t\ttabindex=\"-1\" class=\"vp-portfolio__item-meta\" \t>\n\t\n<h2 class=\"vp-portfolio__item-meta-title\">\n\tInteri\u00e9rov\u00fd design &#8211; kontejner jako p\u0159\u00edle\u017eitost<\/h2>\n<\/a>\t\t<\/div>\n\t<\/figcaption>\n\t\t\t<\/figure>\n\t\t\t\t\t<\/article>\n\t\t\n\t\t<article\t\tclass=\"vp-portfolio__item-wrap post-3564 portfolio type-portfolio status-publish format-standard has-post-thumbnail hentry entry has-media vp-portfolio__item-uid-03951e4c\" data-vp-filter=\"\" \t\t>\n\t\t\t\t\t\t\t\t\t<figure class=\"vp-portfolio__item\">\n\t\t\t\t\n<div class=\"vp-portfolio__item-img-wrap\">\n\t<div class=\"vp-portfolio__item-img\">\n\t\t\t<a\n\t\thref=\"https:\/\/www.design-award.cz\/?portfolio=soukromy-interier-byt-3kk-pardubice-nova-veselka\"\n\t\t\t>\n\t\n\t\t<noscript><img decoding=\"async\" width=\"1920\" height=\"1080\" data-skip-lazy src=\"https:\/\/www.design-award.cz\/wp-content\/uploads\/2024\/06\/vizualizace2-1920x1080.png\" class=\"wp-image-3598\" alt=\"\" srcset=\"https:\/\/www.design-award.cz\/wp-content\/uploads\/2024\/06\/vizualizace2-1920x1080.png 1920w, https:\/\/www.design-award.cz\/wp-content\/uploads\/2024\/06\/vizualizace2-300x169.png 300w, https:\/\/www.design-award.cz\/wp-content\/uploads\/2024\/06\/vizualizace2-1024x576.png 1024w, https:\/\/www.design-award.cz\/wp-content\/uploads\/2024\/06\/vizualizace2-768x432.png 768w, https:\/\/www.design-award.cz\/wp-content\/uploads\/2024\/06\/vizualizace2-1536x864.png 1536w, https:\/\/www.design-award.cz\/wp-content\/uploads\/2024\/06\/vizualizace2-500x281.png 500w, https:\/\/www.design-award.cz\/wp-content\/uploads\/2024\/06\/vizualizace2-800x450.png 800w, https:\/\/www.design-award.cz\/wp-content\/uploads\/2024\/06\/vizualizace2-1280x720.png 1280w, https:\/\/www.design-award.cz\/wp-content\/uploads\/2024\/06\/vizualizace2.png 2000w\" sizes=\"(max-width: 1920px) 100vw, 1920px\" \/><\/noscript><img decoding=\"async\" width=\"1920\" height=\"1080\" src=\"https:\/\/www.design-award.cz\/wp-content\/uploads\/2024\/06\/vizualizace2-1920x1080.png\" class=\"wp-image-3598 vp-lazyload\" alt srcset=\"data:image\/svg+xml;base64,PHN2ZyB3aWR0aD0iMTkyMCIgaGVpZ2h0PSIxMDgwIiB2aWV3Qm94PSIwIDAgMTkyMCAxMDgwIiBmaWxsPSJub25lIiB4bWxucz0iaHR0cDovL3d3dy53My5vcmcvMjAwMC9zdmciPjwvc3ZnPg==\" data-src=\"https:\/\/www.design-award.cz\/wp-content\/uploads\/2024\/06\/vizualizace2-1920x1080.png\" data-srcset=\"https:\/\/www.design-award.cz\/wp-content\/uploads\/2024\/06\/vizualizace2-1920x1080.png 1920w, https:\/\/www.design-award.cz\/wp-content\/uploads\/2024\/06\/vizualizace2-300x169.png 300w, https:\/\/www.design-award.cz\/wp-content\/uploads\/2024\/06\/vizualizace2-1024x576.png 1024w, https:\/\/www.design-award.cz\/wp-content\/uploads\/2024\/06\/vizualizace2-768x432.png 768w, https:\/\/www.design-award.cz\/wp-content\/uploads\/2024\/06\/vizualizace2-1536x864.png 1536w, https:\/\/www.design-award.cz\/wp-content\/uploads\/2024\/06\/vizualizace2-500x281.png 500w, https:\/\/www.design-award.cz\/wp-content\/uploads\/2024\/06\/vizualizace2-800x450.png 800w, https:\/\/www.design-award.cz\/wp-content\/uploads\/2024\/06\/vizualizace2-1280x720.png 1280w, https:\/\/www.design-award.cz\/wp-content\/uploads\/2024\/06\/vizualizace2.png 2000w\" data-sizes=\"auto\" loading=\"eager\">\n\t\t<\/a>\t<\/div>\n<\/div>\n\t<figcaption class=\"vp-portfolio__item-overlay vp-portfolio__item-overlay-text-align-center\">\n\t\t<div class=\"vp-portfolio__item-meta-wrap vp-portfolio__custom-scrollbar\">\n\t\t\t\t<a\n\t\thref=\"https:\/\/www.design-award.cz\/?portfolio=soukromy-interier-byt-3kk-pardubice-nova-veselka\"\n\t\ttabindex=\"-1\" class=\"vp-portfolio__item-meta\" \t>\n\t\n<h2 class=\"vp-portfolio__item-meta-title\">\n\tSoukrom\u00fd interi\u00e9r &#8211; Byt 3+kk &#8211; Pardubice, Nov\u00e1 Veselka<\/h2>\n<\/a>\t\t<\/div>\n\t<\/figcaption>\n\t\t\t<\/figure>\n\t\t\t\t\t<\/article>\n\t\t\n\t\t<article\t\tclass=\"vp-portfolio__item-wrap post-1280 portfolio type-portfolio status-publish format-standard has-post-thumbnail hentry entry has-media vp-portfolio__item-uid-353d29d5\" data-vp-filter=\"\" \t\t>\n\t\t\t\t\t\t\t\t\t<figure class=\"vp-portfolio__item\">\n\t\t\t\t\n<div class=\"vp-portfolio__item-img-wrap\">\n\t<div class=\"vp-portfolio__item-img\">\n\t\t\t<a\n\t\thref=\"https:\/\/www.design-award.cz\/?portfolio=soukromy-interier-navrh-bytu\"\n\t\t\t>\n\t\n\t\t<noscript><img decoding=\"async\" width=\"1920\" height=\"1358\" data-skip-lazy src=\"https:\/\/www.design-award.cz\/wp-content\/uploads\/2022\/04\/byt-1920x1358.jpg\" class=\"wp-image-1281\" alt=\"\" srcset=\"https:\/\/www.design-award.cz\/wp-content\/uploads\/2022\/04\/byt-1920x1358.jpg 1920w, https:\/\/www.design-award.cz\/wp-content\/uploads\/2022\/04\/byt-300x212.jpg 300w, https:\/\/www.design-award.cz\/wp-content\/uploads\/2022\/04\/byt-1024x724.jpg 1024w, https:\/\/www.design-award.cz\/wp-content\/uploads\/2022\/04\/byt-768x543.jpg 768w, https:\/\/www.design-award.cz\/wp-content\/uploads\/2022\/04\/byt-1536x1086.jpg 1536w, https:\/\/www.design-award.cz\/wp-content\/uploads\/2022\/04\/byt-2048x1448.jpg 2048w, https:\/\/www.design-award.cz\/wp-content\/uploads\/2022\/04\/byt-500x354.jpg 500w, https:\/\/www.design-award.cz\/wp-content\/uploads\/2022\/04\/byt-800x566.jpg 800w, https:\/\/www.design-award.cz\/wp-content\/uploads\/2022\/04\/byt-1280x905.jpg 1280w\" sizes=\"(max-width: 1920px) 100vw, 1920px\" \/><\/noscript><img decoding=\"async\" width=\"1920\" height=\"1358\" src=\"https:\/\/www.design-award.cz\/wp-content\/uploads\/2022\/04\/byt-1920x1358.jpg\" class=\"wp-image-1281 vp-lazyload\" alt srcset=\"data:image\/svg+xml;base64,PHN2ZyB3aWR0aD0iMTkyMCIgaGVpZ2h0PSIxMzU4IiB2aWV3Qm94PSIwIDAgMTkyMCAxMzU4IiBmaWxsPSJub25lIiB4bWxucz0iaHR0cDovL3d3dy53My5vcmcvMjAwMC9zdmciPjwvc3ZnPg==\" data-src=\"https:\/\/www.design-award.cz\/wp-content\/uploads\/2022\/04\/byt-1920x1358.jpg\" data-srcset=\"https:\/\/www.design-award.cz\/wp-content\/uploads\/2022\/04\/byt-1920x1358.jpg 1920w, https:\/\/www.design-award.cz\/wp-content\/uploads\/2022\/04\/byt-300x212.jpg 300w, https:\/\/www.design-award.cz\/wp-content\/uploads\/2022\/04\/byt-1024x724.jpg 1024w, https:\/\/www.design-award.cz\/wp-content\/uploads\/2022\/04\/byt-768x543.jpg 768w, https:\/\/www.design-award.cz\/wp-content\/uploads\/2022\/04\/byt-1536x1086.jpg 1536w, https:\/\/www.design-award.cz\/wp-content\/uploads\/2022\/04\/byt-2048x1448.jpg 2048w, https:\/\/www.design-award.cz\/wp-content\/uploads\/2022\/04\/byt-500x354.jpg 500w, https:\/\/www.design-award.cz\/wp-content\/uploads\/2022\/04\/byt-800x566.jpg 800w, https:\/\/www.design-award.cz\/wp-content\/uploads\/2022\/04\/byt-1280x905.jpg 1280w\" data-sizes=\"auto\" loading=\"eager\">\n\t\t<\/a>\t<\/div>\n<\/div>\n\t<figcaption class=\"vp-portfolio__item-overlay vp-portfolio__item-overlay-text-align-center\">\n\t\t<div class=\"vp-portfolio__item-meta-wrap vp-portfolio__custom-scrollbar\">\n\t\t\t\t<a\n\t\thref=\"https:\/\/www.design-award.cz\/?portfolio=soukromy-interier-navrh-bytu\"\n\t\ttabindex=\"-1\" class=\"vp-portfolio__item-meta\" \t>\n\t\n<h2 class=\"vp-portfolio__item-meta-title\">\n\tSoukrom\u00fd interi\u00e9r &#8211; N\u00e1vrh bytu<\/h2>\n<\/a>\t\t<\/div>\n\t<\/figcaption>\n\t\t\t<\/figure>\n\t\t\t\t\t<\/article>\n\t\t\n\t\t<article\t\tclass=\"vp-portfolio__item-wrap post-5358 portfolio type-portfolio status-publish format-standard has-post-thumbnail hentry entry has-media vp-portfolio__item-uid-00e822ca\" data-vp-filter=\"\" \t\t>\n\t\t\t\t\t\t\t\t\t<figure class=\"vp-portfolio__item\">\n\t\t\t\t\n<div class=\"vp-portfolio__item-img-wrap\">\n\t<div class=\"vp-portfolio__item-img\">\n\t\t\t<a\n\t\thref=\"https:\/\/www.design-award.cz\/?portfolio=interierovy-design-lio-vystava-v-prirode\"\n\t\t\t>\n\t\n\t\t<noscript><img decoding=\"async\" width=\"1400\" height=\"1000\" data-skip-lazy src=\"https:\/\/www.design-award.cz\/wp-content\/uploads\/2025\/06\/SEFRNOVA_Adela_LIO_obrazova_priloha-3.png\" class=\"wp-image-5366\" alt=\"\" srcset=\"https:\/\/www.design-award.cz\/wp-content\/uploads\/2025\/06\/SEFRNOVA_Adela_LIO_obrazova_priloha-3.png 1400w, https:\/\/www.design-award.cz\/wp-content\/uploads\/2025\/06\/SEFRNOVA_Adela_LIO_obrazova_priloha-3-300x214.png 300w, https:\/\/www.design-award.cz\/wp-content\/uploads\/2025\/06\/SEFRNOVA_Adela_LIO_obrazova_priloha-3-1024x731.png 1024w, https:\/\/www.design-award.cz\/wp-content\/uploads\/2025\/06\/SEFRNOVA_Adela_LIO_obrazova_priloha-3-768x549.png 768w, https:\/\/www.design-award.cz\/wp-content\/uploads\/2025\/06\/SEFRNOVA_Adela_LIO_obrazova_priloha-3-500x357.png 500w, https:\/\/www.design-award.cz\/wp-content\/uploads\/2025\/06\/SEFRNOVA_Adela_LIO_obrazova_priloha-3-800x571.png 800w, https:\/\/www.design-award.cz\/wp-content\/uploads\/2025\/06\/SEFRNOVA_Adela_LIO_obrazova_priloha-3-1280x914.png 1280w\" sizes=\"(max-width: 1400px) 100vw, 1400px\" \/><\/noscript><img decoding=\"async\" width=\"1400\" height=\"1000\" src=\"https:\/\/www.design-award.cz\/wp-content\/uploads\/2025\/06\/SEFRNOVA_Adela_LIO_obrazova_priloha-3.png\" class=\"wp-image-5366 vp-lazyload\" alt srcset=\"data:image\/svg+xml;base64,PHN2ZyB3aWR0aD0iMTQwMCIgaGVpZ2h0PSIxMDAwIiB2aWV3Qm94PSIwIDAgMTQwMCAxMDAwIiBmaWxsPSJub25lIiB4bWxucz0iaHR0cDovL3d3dy53My5vcmcvMjAwMC9zdmciPjwvc3ZnPg==\" data-src=\"https:\/\/www.design-award.cz\/wp-content\/uploads\/2025\/06\/SEFRNOVA_Adela_LIO_obrazova_priloha-3.png\" data-srcset=\"https:\/\/www.design-award.cz\/wp-content\/uploads\/2025\/06\/SEFRNOVA_Adela_LIO_obrazova_priloha-3.png 1400w, https:\/\/www.design-award.cz\/wp-content\/uploads\/2025\/06\/SEFRNOVA_Adela_LIO_obrazova_priloha-3-300x214.png 300w, https:\/\/www.design-award.cz\/wp-content\/uploads\/2025\/06\/SEFRNOVA_Adela_LIO_obrazova_priloha-3-1024x731.png 1024w, https:\/\/www.design-award.cz\/wp-content\/uploads\/2025\/06\/SEFRNOVA_Adela_LIO_obrazova_priloha-3-768x549.png 768w, https:\/\/www.design-award.cz\/wp-content\/uploads\/2025\/06\/SEFRNOVA_Adela_LIO_obrazova_priloha-3-500x357.png 500w, https:\/\/www.design-award.cz\/wp-content\/uploads\/2025\/06\/SEFRNOVA_Adela_LIO_obrazova_priloha-3-800x571.png 800w, https:\/\/www.design-award.cz\/wp-content\/uploads\/2025\/06\/SEFRNOVA_Adela_LIO_obrazova_priloha-3-1280x914.png 1280w\" data-sizes=\"auto\" loading=\"eager\">\n\t\t<\/a>\t<\/div>\n<\/div>\n\t<figcaption class=\"vp-portfolio__item-overlay vp-portfolio__item-overlay-text-align-center\">\n\t\t<div class=\"vp-portfolio__item-meta-wrap vp-portfolio__custom-scrollbar\">\n\t\t\t\t<a\n\t\thref=\"https:\/\/www.design-award.cz\/?portfolio=interierovy-design-lio-vystava-v-prirode\"\n\t\ttabindex=\"-1\" class=\"vp-portfolio__item-meta\" \t>\n\t\n<h2 class=\"vp-portfolio__item-meta-title\">\n\tInteri\u00e9rov\u00fd design &#8211; LIO \u2013 V\u00fdstava v p\u0159\u00edrod\u011b<\/h2>\n<\/a>\t\t<\/div>\n\t<\/figcaption>\n\t\t\t<\/figure>\n\t\t\t\t\t<\/article>\n\t\t\n\t\t<article\t\tclass=\"vp-portfolio__item-wrap post-2479 portfolio type-portfolio status-publish format-standard has-post-thumbnail hentry portfolio_category-soutezici-2023 entry has-media vp-portfolio__item-uid-dd415ee2\" data-vp-filter=\"soutezici-2023\" \t\t>\n\t\t\t\t\t\t\t\t\t<figure class=\"vp-portfolio__item\">\n\t\t\t\t\n<div class=\"vp-portfolio__item-img-wrap\">\n\t<div class=\"vp-portfolio__item-img\">\n\t\t\t<a\n\t\thref=\"https:\/\/www.design-award.cz\/?portfolio=produktovy-design-hranice-3d-tisku\"\n\t\t\t>\n\t\n\t\t<noscript><img decoding=\"async\" width=\"1920\" height=\"2931\" data-skip-lazy src=\"https:\/\/www.design-award.cz\/wp-content\/uploads\/2023\/04\/Hranice-3D-tisku-Design-Award-3-1920x2931.jpg\" class=\"wp-image-2480\" alt=\"\" srcset=\"https:\/\/www.design-award.cz\/wp-content\/uploads\/2023\/04\/Hranice-3D-tisku-Design-Award-3-1920x2931.jpg 1920w, https:\/\/www.design-award.cz\/wp-content\/uploads\/2023\/04\/Hranice-3D-tisku-Design-Award-3-196x300.jpg 196w, https:\/\/www.design-award.cz\/wp-content\/uploads\/2023\/04\/Hranice-3D-tisku-Design-Award-3-671x1024.jpg 671w, https:\/\/www.design-award.cz\/wp-content\/uploads\/2023\/04\/Hranice-3D-tisku-Design-Award-3-768x1173.jpg 768w, https:\/\/www.design-award.cz\/wp-content\/uploads\/2023\/04\/Hranice-3D-tisku-Design-Award-3-1006x1536.jpg 1006w, https:\/\/www.design-award.cz\/wp-content\/uploads\/2023\/04\/Hranice-3D-tisku-Design-Award-3-1341x2048.jpg 1341w, https:\/\/www.design-award.cz\/wp-content\/uploads\/2023\/04\/Hranice-3D-tisku-Design-Award-3-500x763.jpg 500w, https:\/\/www.design-award.cz\/wp-content\/uploads\/2023\/04\/Hranice-3D-tisku-Design-Award-3-800x1221.jpg 800w, https:\/\/www.design-award.cz\/wp-content\/uploads\/2023\/04\/Hranice-3D-tisku-Design-Award-3-1280x1954.jpg 1280w, https:\/\/www.design-award.cz\/wp-content\/uploads\/2023\/04\/Hranice-3D-tisku-Design-Award-3-scaled.jpg 1677w\" sizes=\"(max-width: 1920px) 100vw, 1920px\" \/><\/noscript><img decoding=\"async\" width=\"1920\" height=\"2931\" src=\"https:\/\/www.design-award.cz\/wp-content\/uploads\/2023\/04\/Hranice-3D-tisku-Design-Award-3-1920x2931.jpg\" class=\"wp-image-2480 vp-lazyload\" alt srcset=\"data:image\/svg+xml;base64,PHN2ZyB3aWR0aD0iMTkyMCIgaGVpZ2h0PSIyOTMxIiB2aWV3Qm94PSIwIDAgMTkyMCAyOTMxIiBmaWxsPSJub25lIiB4bWxucz0iaHR0cDovL3d3dy53My5vcmcvMjAwMC9zdmciPjwvc3ZnPg==\" data-src=\"https:\/\/www.design-award.cz\/wp-content\/uploads\/2023\/04\/Hranice-3D-tisku-Design-Award-3-1920x2931.jpg\" data-srcset=\"https:\/\/www.design-award.cz\/wp-content\/uploads\/2023\/04\/Hranice-3D-tisku-Design-Award-3-1920x2931.jpg 1920w, https:\/\/www.design-award.cz\/wp-content\/uploads\/2023\/04\/Hranice-3D-tisku-Design-Award-3-196x300.jpg 196w, https:\/\/www.design-award.cz\/wp-content\/uploads\/2023\/04\/Hranice-3D-tisku-Design-Award-3-671x1024.jpg 671w, https:\/\/www.design-award.cz\/wp-content\/uploads\/2023\/04\/Hranice-3D-tisku-Design-Award-3-768x1173.jpg 768w, https:\/\/www.design-award.cz\/wp-content\/uploads\/2023\/04\/Hranice-3D-tisku-Design-Award-3-1006x1536.jpg 1006w, https:\/\/www.design-award.cz\/wp-content\/uploads\/2023\/04\/Hranice-3D-tisku-Design-Award-3-1341x2048.jpg 1341w, https:\/\/www.design-award.cz\/wp-content\/uploads\/2023\/04\/Hranice-3D-tisku-Design-Award-3-500x763.jpg 500w, https:\/\/www.design-award.cz\/wp-content\/uploads\/2023\/04\/Hranice-3D-tisku-Design-Award-3-800x1221.jpg 800w, https:\/\/www.design-award.cz\/wp-content\/uploads\/2023\/04\/Hranice-3D-tisku-Design-Award-3-1280x1954.jpg 1280w, https:\/\/www.design-award.cz\/wp-content\/uploads\/2023\/04\/Hranice-3D-tisku-Design-Award-3-scaled.jpg 1677w\" data-sizes=\"auto\" loading=\"eager\">\n\t\t<\/a>\t<\/div>\n<\/div>\n\t<figcaption class=\"vp-portfolio__item-overlay vp-portfolio__item-overlay-text-align-center\">\n\t\t<div class=\"vp-portfolio__item-meta-wrap vp-portfolio__custom-scrollbar\">\n\t\t\t\t<a\n\t\thref=\"https:\/\/www.design-award.cz\/?portfolio=produktovy-design-hranice-3d-tisku\"\n\t\ttabindex=\"-1\" class=\"vp-portfolio__item-meta\" \t>\n\t\n<div class=\"vp-portfolio__item-meta-categories\">\n\t\t\t<div class=\"vp-portfolio__item-meta-category\">\n\t\t\t\t<span\t\t\t>\n\tSOUT\u011a\u017d\u00cdC\u00cd 2023<\/span>\t\t<\/div>\n\t\t<\/div>\n\n<h2 class=\"vp-portfolio__item-meta-title\">\n\tProduktov\u00fd design &#8211; Hranice 3D Tisku<\/h2>\n<\/a>\t\t<\/div>\n\t<\/figcaption>\n\t\t\t<\/figure>\n\t\t\t\t\t<\/article>\n\t\t\n\t\t<article\t\tclass=\"vp-portfolio__item-wrap post-2238 portfolio type-portfolio status-publish format-standard has-post-thumbnail hentry portfolio_category-soutezici-2023 entry has-media vp-portfolio__item-uid-caa7d7c2\" data-vp-filter=\"soutezici-2023\" \t\t>\n\t\t\t\t\t\t\t\t\t<figure class=\"vp-portfolio__item\">\n\t\t\t\t\n<div class=\"vp-portfolio__item-img-wrap\">\n\t<div class=\"vp-portfolio__item-img\">\n\t\t\t<a\n\t\thref=\"https:\/\/www.design-award.cz\/?portfolio=produktovy-design-ritual\"\n\t\t\t>\n\t\n\t\t<noscript><img decoding=\"async\" width=\"1485\" height=\"983\" data-skip-lazy src=\"https:\/\/www.design-award.cz\/wp-content\/uploads\/2023\/04\/3.jpg\" class=\"wp-image-2241\" alt=\"\" srcset=\"https:\/\/www.design-award.cz\/wp-content\/uploads\/2023\/04\/3.jpg 1485w, https:\/\/www.design-award.cz\/wp-content\/uploads\/2023\/04\/3-300x199.jpg 300w, https:\/\/www.design-award.cz\/wp-content\/uploads\/2023\/04\/3-1024x678.jpg 1024w, https:\/\/www.design-award.cz\/wp-content\/uploads\/2023\/04\/3-768x508.jpg 768w, https:\/\/www.design-award.cz\/wp-content\/uploads\/2023\/04\/3-500x331.jpg 500w, https:\/\/www.design-award.cz\/wp-content\/uploads\/2023\/04\/3-800x530.jpg 800w, https:\/\/www.design-award.cz\/wp-content\/uploads\/2023\/04\/3-1280x847.jpg 1280w\" sizes=\"(max-width: 1485px) 100vw, 1485px\" \/><\/noscript><img decoding=\"async\" width=\"1485\" height=\"983\" src=\"https:\/\/www.design-award.cz\/wp-content\/uploads\/2023\/04\/3.jpg\" class=\"wp-image-2241 vp-lazyload\" alt srcset=\"data:image\/svg+xml;base64,PHN2ZyB3aWR0aD0iMTQ4NSIgaGVpZ2h0PSI5ODMiIHZpZXdCb3g9IjAgMCAxNDg1IDk4MyIgZmlsbD0ibm9uZSIgeG1sbnM9Imh0dHA6Ly93d3cudzMub3JnLzIwMDAvc3ZnIj48L3N2Zz4=\" data-src=\"https:\/\/www.design-award.cz\/wp-content\/uploads\/2023\/04\/3.jpg\" data-srcset=\"https:\/\/www.design-award.cz\/wp-content\/uploads\/2023\/04\/3.jpg 1485w, https:\/\/www.design-award.cz\/wp-content\/uploads\/2023\/04\/3-300x199.jpg 300w, https:\/\/www.design-award.cz\/wp-content\/uploads\/2023\/04\/3-1024x678.jpg 1024w, https:\/\/www.design-award.cz\/wp-content\/uploads\/2023\/04\/3-768x508.jpg 768w, https:\/\/www.design-award.cz\/wp-content\/uploads\/2023\/04\/3-500x331.jpg 500w, https:\/\/www.design-award.cz\/wp-content\/uploads\/2023\/04\/3-800x530.jpg 800w, https:\/\/www.design-award.cz\/wp-content\/uploads\/2023\/04\/3-1280x847.jpg 1280w\" data-sizes=\"auto\" loading=\"eager\">\n\t\t<\/a>\t<\/div>\n<\/div>\n\t<figcaption class=\"vp-portfolio__item-overlay vp-portfolio__item-overlay-text-align-center\">\n\t\t<div class=\"vp-portfolio__item-meta-wrap vp-portfolio__custom-scrollbar\">\n\t\t\t\t<a\n\t\thref=\"https:\/\/www.design-award.cz\/?portfolio=produktovy-design-ritual\"\n\t\ttabindex=\"-1\" class=\"vp-portfolio__item-meta\" \t>\n\t\n<div class=\"vp-portfolio__item-meta-categories\">\n\t\t\t<div class=\"vp-portfolio__item-meta-category\">\n\t\t\t\t<span\t\t\t>\n\tSOUT\u011a\u017d\u00cdC\u00cd 2023<\/span>\t\t<\/div>\n\t\t<\/div>\n\n<h2 class=\"vp-portfolio__item-meta-title\">\n\tProduktov\u00fd design &#8211; Ritu\u00e1l<\/h2>\n<\/a>\t\t<\/div>\n\t<\/figcaption>\n\t\t\t<\/figure>\n\t\t\t\t\t<\/article>\n\t\t\n<\/div>\n\n<div class=\"vp-portfolio__items-arrow vp-portfolio__items-arrow-prev\" tabindex=\"0\" role=\"button\" aria-label=\"Previous Slide\">\n\t\n<svg class=\"vp-svg-icon\" width=\"20\" height=\"20\" viewBox=\"0 0 20 20\" fill=\"none\" xmlns=\"http:\/\/www.w3.org\/2000\/svg\">\n\t<path d=\"M12 4L6 10L12 16\" stroke=\"currentColor\" stroke-width=\"1.5\" stroke-linecap=\"round\" stroke-linejoin=\"round\" fill=\"transparent\" \/>\n<\/svg>\n<\/div>\n<div class=\"vp-portfolio__items-arrow vp-portfolio__items-arrow-next\" tabindex=\"0\" role=\"button\" aria-label=\"Next Slide\">\n\t\n<svg class=\"vp-svg-icon\" width=\"20\" height=\"20\" viewBox=\"0 0 20 20\" fill=\"none\" xmlns=\"http:\/\/www.w3.org\/2000\/svg\">\n\t<path d=\"M8 4L14 10L8 16\" stroke=\"currentColor\" stroke-width=\"1.5\" stroke-linecap=\"round\" stroke-linejoin=\"round\" fill=\"transparent\" \/>\n<\/svg>\n<\/div>\n\t\t<\/div>\n\t\t\t\t<div class=\"vp-portfolio__layout-elements vp-portfolio__layout-elements-bottom vp-portfolio__layout-elements-align-center\">\n\t\t\t\t<div class=\"vp-portfolio__pagination-wrap\">\n\t\t\n<div class=\"vp-pagination vp-pagination__style-minimal\" data-vp-pagination-type=\"load-more\">\n\t<div class=\"vp-pagination__item\">\n\t\t<a class=\"vp-pagination__load-more\" href=\"https:\/\/www.design-award.cz\/index.php?rest_route=%2Fwp%2Fv2%2Fportfolio%2F756&#038;vp_page=2\">\n\t\t\t<span>Load More<\/span>\n\t\t\t<span class=\"vp-pagination__load-more-loading\"><span class=\"vp-spinner\"><\/span><span class=\"vp-screen-reader-text\"> Loading More&#8230;<\/span><\/span>\n\t\t\t<span class=\"vp-pagination__load-more-no-more\">You\u2019ve reached the end of the list<\/span>\n\t\t<\/a>\n\t<\/div>\n<\/div>\n\t\t<\/div>\n\t\t\t\t<\/div>\n\t\t\n<\/div>\n<\/div>","protected":false},"excerpt":{"rendered":"<p>Luk\u00e1\u0161 Ku\u010dera St\u0159edn\u00ed \u0161kola designu Kate\u0159inky Cel\u00fd koncept kav\u00e1rny je zalo\u017een za \u00fa\u010delem bl\u00ed\u017ee sezn\u00e1mit ve\u0159ejnost s japonskou kulturou a vytvo\u0159it lidem m\u00edsto kde mohou v klidu odpo\u010d\u00edvat nebo i pracovat. Kav\u00e1rna navozuje dojem p\u0159\u00edjemn\u00e9ho japonsk\u00e9ho par\u010d\u00edku, kde lid\u00e9 r\u00e1di tr\u00e1v\u00ed sv\u016fj voln\u00fd \u010das.Interi\u00e9r nen\u00ed designov\u00e1n v jednotn\u00e9m stylu, ale jsou zde kombinov\u00e1ny styly: Japandi [&hellip;]<\/p>\n","protected":false},"author":1,"featured_media":1519,"menu_order":0,"comment_status":"closed","ping_status":"closed","template":"","format":"standard","meta":{"ngg_post_thumbnail":0,"ocean_post_layout":"","ocean_both_sidebars_style":"","ocean_both_sidebars_content_width":0,"ocean_both_sidebars_sidebars_width":0,"ocean_sidebar":"","ocean_second_sidebar":"","ocean_disable_margins":"enable","ocean_add_body_class":"","ocean_shortcode_before_top_bar":"","ocean_shortcode_after_top_bar":"","ocean_shortcode_before_header":"","ocean_shortcode_after_header":"","ocean_has_shortcode":"","ocean_shortcode_after_title":"","ocean_shortcode_before_footer_widgets":"","ocean_shortcode_after_footer_widgets":"","ocean_shortcode_before_footer_bottom":"","ocean_shortcode_after_footer_bottom":"","ocean_display_top_bar":"default","ocean_display_header":"default","ocean_header_style":"","ocean_center_header_left_menu":"","ocean_custom_header_template":"","ocean_custom_logo":0,"ocean_custom_retina_logo":0,"ocean_custom_logo_max_width":0,"ocean_custom_logo_tablet_max_width":0,"ocean_custom_logo_mobile_max_width":0,"ocean_custom_logo_max_height":0,"ocean_custom_logo_tablet_max_height":0,"ocean_custom_logo_mobile_max_height":0,"ocean_header_custom_menu":"","ocean_menu_typo_font_family":"","ocean_menu_typo_font_subset":"","ocean_menu_typo_font_size":0,"ocean_menu_typo_font_size_tablet":0,"ocean_menu_typo_font_size_mobile":0,"ocean_menu_typo_font_size_unit":"px","ocean_menu_typo_font_weight":"","ocean_menu_typo_font_weight_tablet":"","ocean_menu_typo_font_weight_mobile":"","ocean_menu_typo_transform":"","ocean_menu_typo_transform_tablet":"","ocean_menu_typo_transform_mobile":"","ocean_menu_typo_line_height":0,"ocean_menu_typo_line_height_tablet":0,"ocean_menu_typo_line_height_mobile":0,"ocean_menu_typo_line_height_unit":"","ocean_menu_typo_spacing":0,"ocean_menu_typo_spacing_tablet":0,"ocean_menu_typo_spacing_mobile":0,"ocean_menu_typo_spacing_unit":"","ocean_menu_link_color":"","ocean_menu_link_color_hover":"","ocean_menu_link_color_active":"","ocean_menu_link_background":"","ocean_menu_link_hover_background":"","ocean_menu_link_active_background":"","ocean_menu_social_links_bg":"","ocean_menu_social_hover_links_bg":"","ocean_menu_social_links_color":"","ocean_menu_social_hover_links_color":"","ocean_disable_title":"default","ocean_disable_heading":"default","ocean_post_title":"","ocean_post_subheading":"","ocean_post_title_style":"","ocean_post_title_background_color":"","ocean_post_title_background":0,"ocean_post_title_bg_image_position":"","ocean_post_title_bg_image_attachment":"","ocean_post_title_bg_image_repeat":"","ocean_post_title_bg_image_size":"","ocean_post_title_height":0,"ocean_post_title_bg_overlay":0.5,"ocean_post_title_bg_overlay_color":"","ocean_disable_breadcrumbs":"default","ocean_breadcrumbs_color":"","ocean_breadcrumbs_separator_color":"","ocean_breadcrumbs_links_color":"","ocean_breadcrumbs_links_hover_color":"","ocean_display_footer_widgets":"default","ocean_display_footer_bottom":"default","ocean_custom_footer_template":"","_vp_format_video_url":"","_vp_image_focal_point":[],"footnotes":""},"portfolio_category":[],"portfolio_tag":[],"class_list":["post-756","portfolio","type-portfolio","status-publish","format-standard","has-post-thumbnail","hentry","entry","has-media"],"yoast_head":"<!-- This site is optimized with the Yoast SEO plugin v25.2 - https:\/\/yoast.com\/wordpress\/plugins\/seo\/ -->\n<title>Ve\u0159ejn\u00fd interi\u00e9r - Kav\u00e1rna s Japonskou t\u00e9matikou - design-award.cz<\/title>\n<meta name=\"robots\" content=\"index, follow, max-snippet:-1, max-image-preview:large, max-video-preview:-1\" \/>\n<link rel=\"canonical\" href=\"https:\/\/www.design-award.cz\/?portfolio=verejny-interier-kavarna-s-japonskou-tematikou\" \/>\n<meta property=\"og:locale\" content=\"cs_CZ\" \/>\n<meta property=\"og:type\" content=\"article\" \/>\n<meta property=\"og:title\" content=\"Ve\u0159ejn\u00fd interi\u00e9r - Kav\u00e1rna s Japonskou t\u00e9matikou - design-award.cz\" \/>\n<meta property=\"og:description\" content=\"Luk\u00e1\u0161 Ku\u010dera St\u0159edn\u00ed \u0161kola designu Kate\u0159inky Cel\u00fd koncept kav\u00e1rny je zalo\u017een za \u00fa\u010delem bl\u00ed\u017ee sezn\u00e1mit ve\u0159ejnost s japonskou kulturou a vytvo\u0159it lidem m\u00edsto kde mohou v klidu odpo\u010d\u00edvat nebo i pracovat. Kav\u00e1rna navozuje dojem p\u0159\u00edjemn\u00e9ho japonsk\u00e9ho par\u010d\u00edku, kde lid\u00e9 r\u00e1di tr\u00e1v\u00ed sv\u016fj voln\u00fd \u010das.Interi\u00e9r nen\u00ed designov\u00e1n v jednotn\u00e9m stylu, ale jsou zde kombinov\u00e1ny styly: Japandi [&hellip;]\" \/>\n<meta property=\"og:url\" content=\"https:\/\/www.design-award.cz\/?portfolio=verejny-interier-kavarna-s-japonskou-tematikou\" \/>\n<meta property=\"og:site_name\" content=\"design-award.cz\" \/>\n<meta property=\"article:modified_time\" content=\"2022-05-04T20:31:35+00:00\" \/>\n<meta property=\"og:image\" content=\"http:\/\/www.design-award.cz\/wp-content\/uploads\/2022\/05\/Lukas-Kucera.jpg\" \/>\n\t<meta property=\"og:image:width\" content=\"1740\" \/>\n\t<meta property=\"og:image:height\" content=\"1047\" \/>\n\t<meta property=\"og:image:type\" content=\"image\/jpeg\" \/>\n<meta name=\"twitter:card\" content=\"summary_large_image\" \/>\n<meta name=\"twitter:label1\" content=\"Odhadovan\u00e1 doba \u010dten\u00ed\" \/>\n\t<meta name=\"twitter:data1\" content=\"2 minuty\" \/>\n<script type=\"application\/ld+json\" class=\"yoast-schema-graph\">{\"@context\":\"https:\/\/schema.org\",\"@graph\":[{\"@type\":\"WebPage\",\"@id\":\"https:\/\/www.design-award.cz\/?portfolio=verejny-interier-kavarna-s-japonskou-tematikou\",\"url\":\"https:\/\/www.design-award.cz\/?portfolio=verejny-interier-kavarna-s-japonskou-tematikou\",\"name\":\"Ve\u0159ejn\u00fd interi\u00e9r - Kav\u00e1rna s Japonskou t\u00e9matikou - design-award.cz\",\"isPartOf\":{\"@id\":\"https:\/\/www.design-award.cz\/#website\"},\"primaryImageOfPage\":{\"@id\":\"https:\/\/www.design-award.cz\/?portfolio=verejny-interier-kavarna-s-japonskou-tematikou#primaryimage\"},\"image\":{\"@id\":\"https:\/\/www.design-award.cz\/?portfolio=verejny-interier-kavarna-s-japonskou-tematikou#primaryimage\"},\"thumbnailUrl\":\"https:\/\/www.design-award.cz\/wp-content\/uploads\/2022\/05\/Lukas-Kucera.jpg\",\"datePublished\":\"2022-04-26T18:47:42+00:00\",\"dateModified\":\"2022-05-04T20:31:35+00:00\",\"breadcrumb\":{\"@id\":\"https:\/\/www.design-award.cz\/?portfolio=verejny-interier-kavarna-s-japonskou-tematikou#breadcrumb\"},\"inLanguage\":\"cs\",\"potentialAction\":[{\"@type\":\"ReadAction\",\"target\":[\"https:\/\/www.design-award.cz\/?portfolio=verejny-interier-kavarna-s-japonskou-tematikou\"]}]},{\"@type\":\"ImageObject\",\"inLanguage\":\"cs\",\"@id\":\"https:\/\/www.design-award.cz\/?portfolio=verejny-interier-kavarna-s-japonskou-tematikou#primaryimage\",\"url\":\"https:\/\/www.design-award.cz\/wp-content\/uploads\/2022\/05\/Lukas-Kucera.jpg\",\"contentUrl\":\"https:\/\/www.design-award.cz\/wp-content\/uploads\/2022\/05\/Lukas-Kucera.jpg\",\"width\":1740,\"height\":1047},{\"@type\":\"BreadcrumbList\",\"@id\":\"https:\/\/www.design-award.cz\/?portfolio=verejny-interier-kavarna-s-japonskou-tematikou#breadcrumb\",\"itemListElement\":[{\"@type\":\"ListItem\",\"position\":1,\"name\":\"Dom\u016f\",\"item\":\"https:\/\/www.design-award.cz\/\"},{\"@type\":\"ListItem\",\"position\":2,\"name\":\"Portfolio Items\",\"item\":\"https:\/\/www.design-award.cz\/?post_type=portfolio\"},{\"@type\":\"ListItem\",\"position\":3,\"name\":\"Ve\u0159ejn\u00fd interi\u00e9r &#8211; Kav\u00e1rna s Japonskou t\u00e9matikou\"}]},{\"@type\":\"WebSite\",\"@id\":\"https:\/\/www.design-award.cz\/#website\",\"url\":\"https:\/\/www.design-award.cz\/\",\"name\":\"design-award.cz\",\"description\":\"WARD vznikla v roce 2022. Je ur\u010dena p\u0159edev\u0161\u00edm student\u016fm st\u0159edn\u00edch um\u011bleck\u00fdch \u0161kol (S\u0160 a VO\u0160), kte\u0159\u00ed mohou bezplatn\u011b zaslat sv\u00e9 n\u00e1vrhy v uveden\u00fdch kategori\u00ed a tak pom\u011b\u0159it sv\u00e9 n\u00e1pady s konkurenc\u00ed sv\u00fdch vrstevn\u00edk\u016f. N\u00e1vrhy jsou n\u00e1sledn\u011b posouzeny nez\u00e1vislou porotou z \u0159ad v\u00fdtvarn\u00edk\u016f, pedagog\u016f a profesion\u00e1l\u016f z oboru.\",\"publisher\":{\"@id\":\"https:\/\/www.design-award.cz\/#organization\"},\"potentialAction\":[{\"@type\":\"SearchAction\",\"target\":{\"@type\":\"EntryPoint\",\"urlTemplate\":\"https:\/\/www.design-award.cz\/?s={search_term_string}\"},\"query-input\":{\"@type\":\"PropertyValueSpecification\",\"valueRequired\":true,\"valueName\":\"search_term_string\"}}],\"inLanguage\":\"cs\"},{\"@type\":\"Organization\",\"@id\":\"https:\/\/www.design-award.cz\/#organization\",\"name\":\"Design Award\",\"url\":\"https:\/\/www.design-award.cz\/\",\"logo\":{\"@type\":\"ImageObject\",\"inLanguage\":\"cs\",\"@id\":\"https:\/\/www.design-award.cz\/#\/schema\/logo\/image\/\",\"url\":\"http:\/\/www.design-award.cz\/wp-content\/uploads\/2021\/12\/hornilogo_design-award.png\",\"contentUrl\":\"http:\/\/www.design-award.cz\/wp-content\/uploads\/2021\/12\/hornilogo_design-award.png\",\"width\":800,\"height\":600,\"caption\":\"Design Award\"},\"image\":{\"@id\":\"https:\/\/www.design-award.cz\/#\/schema\/logo\/image\/\"},\"sameAs\":[\"https:\/\/www.instagram.com\/design_award\/\"]}]}<\/script>\n<!-- \/ Yoast SEO plugin. -->","yoast_head_json":{"title":"Ve\u0159ejn\u00fd interi\u00e9r - Kav\u00e1rna s Japonskou t\u00e9matikou - design-award.cz","robots":{"index":"index","follow":"follow","max-snippet":"max-snippet:-1","max-image-preview":"max-image-preview:large","max-video-preview":"max-video-preview:-1"},"canonical":"https:\/\/www.design-award.cz\/?portfolio=verejny-interier-kavarna-s-japonskou-tematikou","og_locale":"cs_CZ","og_type":"article","og_title":"Ve\u0159ejn\u00fd interi\u00e9r - Kav\u00e1rna s Japonskou t\u00e9matikou - design-award.cz","og_description":"Luk\u00e1\u0161 Ku\u010dera St\u0159edn\u00ed \u0161kola designu Kate\u0159inky Cel\u00fd koncept kav\u00e1rny je zalo\u017een za \u00fa\u010delem bl\u00ed\u017ee sezn\u00e1mit ve\u0159ejnost s japonskou kulturou a vytvo\u0159it lidem m\u00edsto kde mohou v klidu odpo\u010d\u00edvat nebo i pracovat. Kav\u00e1rna navozuje dojem p\u0159\u00edjemn\u00e9ho japonsk\u00e9ho par\u010d\u00edku, kde lid\u00e9 r\u00e1di tr\u00e1v\u00ed sv\u016fj voln\u00fd \u010das.Interi\u00e9r nen\u00ed designov\u00e1n v jednotn\u00e9m stylu, ale jsou zde kombinov\u00e1ny styly: Japandi [&hellip;]","og_url":"https:\/\/www.design-award.cz\/?portfolio=verejny-interier-kavarna-s-japonskou-tematikou","og_site_name":"design-award.cz","article_modified_time":"2022-05-04T20:31:35+00:00","og_image":[{"width":1740,"height":1047,"url":"http:\/\/www.design-award.cz\/wp-content\/uploads\/2022\/05\/Lukas-Kucera.jpg","type":"image\/jpeg"}],"twitter_card":"summary_large_image","twitter_misc":{"Odhadovan\u00e1 doba \u010dten\u00ed":"2 minuty"},"schema":{"@context":"https:\/\/schema.org","@graph":[{"@type":"WebPage","@id":"https:\/\/www.design-award.cz\/?portfolio=verejny-interier-kavarna-s-japonskou-tematikou","url":"https:\/\/www.design-award.cz\/?portfolio=verejny-interier-kavarna-s-japonskou-tematikou","name":"Ve\u0159ejn\u00fd interi\u00e9r - Kav\u00e1rna s Japonskou t\u00e9matikou - design-award.cz","isPartOf":{"@id":"https:\/\/www.design-award.cz\/#website"},"primaryImageOfPage":{"@id":"https:\/\/www.design-award.cz\/?portfolio=verejny-interier-kavarna-s-japonskou-tematikou#primaryimage"},"image":{"@id":"https:\/\/www.design-award.cz\/?portfolio=verejny-interier-kavarna-s-japonskou-tematikou#primaryimage"},"thumbnailUrl":"https:\/\/www.design-award.cz\/wp-content\/uploads\/2022\/05\/Lukas-Kucera.jpg","datePublished":"2022-04-26T18:47:42+00:00","dateModified":"2022-05-04T20:31:35+00:00","breadcrumb":{"@id":"https:\/\/www.design-award.cz\/?portfolio=verejny-interier-kavarna-s-japonskou-tematikou#breadcrumb"},"inLanguage":"cs","potentialAction":[{"@type":"ReadAction","target":["https:\/\/www.design-award.cz\/?portfolio=verejny-interier-kavarna-s-japonskou-tematikou"]}]},{"@type":"ImageObject","inLanguage":"cs","@id":"https:\/\/www.design-award.cz\/?portfolio=verejny-interier-kavarna-s-japonskou-tematikou#primaryimage","url":"https:\/\/www.design-award.cz\/wp-content\/uploads\/2022\/05\/Lukas-Kucera.jpg","contentUrl":"https:\/\/www.design-award.cz\/wp-content\/uploads\/2022\/05\/Lukas-Kucera.jpg","width":1740,"height":1047},{"@type":"BreadcrumbList","@id":"https:\/\/www.design-award.cz\/?portfolio=verejny-interier-kavarna-s-japonskou-tematikou#breadcrumb","itemListElement":[{"@type":"ListItem","position":1,"name":"Dom\u016f","item":"https:\/\/www.design-award.cz\/"},{"@type":"ListItem","position":2,"name":"Portfolio Items","item":"https:\/\/www.design-award.cz\/?post_type=portfolio"},{"@type":"ListItem","position":3,"name":"Ve\u0159ejn\u00fd interi\u00e9r &#8211; Kav\u00e1rna s Japonskou t\u00e9matikou"}]},{"@type":"WebSite","@id":"https:\/\/www.design-award.cz\/#website","url":"https:\/\/www.design-award.cz\/","name":"design-award.cz","description":"WARD vznikla v roce 2022. Je ur\u010dena p\u0159edev\u0161\u00edm student\u016fm st\u0159edn\u00edch um\u011bleck\u00fdch \u0161kol (S\u0160 a VO\u0160), kte\u0159\u00ed mohou bezplatn\u011b zaslat sv\u00e9 n\u00e1vrhy v uveden\u00fdch kategori\u00ed a tak pom\u011b\u0159it sv\u00e9 n\u00e1pady s konkurenc\u00ed sv\u00fdch vrstevn\u00edk\u016f. N\u00e1vrhy jsou n\u00e1sledn\u011b posouzeny nez\u00e1vislou porotou z \u0159ad v\u00fdtvarn\u00edk\u016f, pedagog\u016f a profesion\u00e1l\u016f z oboru.","publisher":{"@id":"https:\/\/www.design-award.cz\/#organization"},"potentialAction":[{"@type":"SearchAction","target":{"@type":"EntryPoint","urlTemplate":"https:\/\/www.design-award.cz\/?s={search_term_string}"},"query-input":{"@type":"PropertyValueSpecification","valueRequired":true,"valueName":"search_term_string"}}],"inLanguage":"cs"},{"@type":"Organization","@id":"https:\/\/www.design-award.cz\/#organization","name":"Design Award","url":"https:\/\/www.design-award.cz\/","logo":{"@type":"ImageObject","inLanguage":"cs","@id":"https:\/\/www.design-award.cz\/#\/schema\/logo\/image\/","url":"http:\/\/www.design-award.cz\/wp-content\/uploads\/2021\/12\/hornilogo_design-award.png","contentUrl":"http:\/\/www.design-award.cz\/wp-content\/uploads\/2021\/12\/hornilogo_design-award.png","width":800,"height":600,"caption":"Design Award"},"image":{"@id":"https:\/\/www.design-award.cz\/#\/schema\/logo\/image\/"},"sameAs":["https:\/\/www.instagram.com\/design_award\/"]}]}},"_links":{"self":[{"href":"https:\/\/www.design-award.cz\/index.php?rest_route=\/wp\/v2\/portfolio\/756","targetHints":{"allow":["GET"]}}],"collection":[{"href":"https:\/\/www.design-award.cz\/index.php?rest_route=\/wp\/v2\/portfolio"}],"about":[{"href":"https:\/\/www.design-award.cz\/index.php?rest_route=\/wp\/v2\/types\/portfolio"}],"author":[{"embeddable":true,"href":"https:\/\/www.design-award.cz\/index.php?rest_route=\/wp\/v2\/users\/1"}],"replies":[{"embeddable":true,"href":"https:\/\/www.design-award.cz\/index.php?rest_route=%2Fwp%2Fv2%2Fcomments&post=756"}],"version-history":[{"count":2,"href":"https:\/\/www.design-award.cz\/index.php?rest_route=\/wp\/v2\/portfolio\/756\/revisions"}],"predecessor-version":[{"id":796,"href":"https:\/\/www.design-award.cz\/index.php?rest_route=\/wp\/v2\/portfolio\/756\/revisions\/796"}],"wp:featuredmedia":[{"embeddable":true,"href":"https:\/\/www.design-award.cz\/index.php?rest_route=\/wp\/v2\/media\/1519"}],"wp:attachment":[{"href":"https:\/\/www.design-award.cz\/index.php?rest_route=%2Fwp%2Fv2%2Fmedia&parent=756"}],"wp:term":[{"taxonomy":"portfolio_category","embeddable":true,"href":"https:\/\/www.design-award.cz\/index.php?rest_route=%2Fwp%2Fv2%2Fportfolio_category&post=756"},{"taxonomy":"portfolio_tag","embeddable":true,"href":"https:\/\/www.design-award.cz\/index.php?rest_route=%2Fwp%2Fv2%2Fportfolio_tag&post=756"}],"curies":[{"name":"wp","href":"https:\/\/api.w.org\/{rel}","templated":true}]}}