{"id":771,"date":"2022-04-26T19:04:56","date_gmt":"2022-04-26T19:04:56","guid":{"rendered":"https:\/\/www.design-award.cz\/?post_type=portfolio&#038;p=771"},"modified":"2022-04-26T19:14:00","modified_gmt":"2022-04-26T19:14:00","slug":"771","status":"publish","type":"portfolio","link":"https:\/\/www.design-award.cz\/?portfolio=771","title":{"rendered":"Ve\u0159ejn\u00fd interi\u00e9r &#8211; Hotelov\u00fd pokoj"},"content":{"rendered":"\n<h2 class=\"wp-block-heading\">Adam \u0160ik\u00fd\u0159<\/h2>\n\n\n\n<p><strong>St\u0159edn\u00ed \u0161kola designu interi\u00e9ru Kate\u0159inky &#8211; Liberec, s.r.o. (S\u0160DI<\/strong>)<\/p>\n\n\n\n<p>Hlavn\u00ed my\u0161lenkou hotelov\u00e9ho pokoje\/apartm\u00e1 je p\u0159edev\u0161\u00edm ohled na \u017eivotn\u00ed prost\u0159ed\u00ed a propojen\u00ed s p\u0159\u00edrodou. Proto jsou zde vyu\u017eity materi\u00e1ly jako organoid, recyklovan\u00e9 plasty a prvky \u00fasporn\u00fdch elektrick\u00fdch spot\u0159ebi\u010d\u016f. V\u0161e v interi\u00e9ru jsem navrhoval tak, aby p\u0159i pohybu v prostoru nic nep\u0159ek\u00e1\u017eelo, ale aby byl v ka\u017ed\u00e9 m\u00edstnosti dostatek \u00falo\u017en\u00fdch prostor.&nbsp; Pokoj obsahuje vstupn\u00ed prostor, ob\u00fdvac\u00ed \u010d\u00e1st, koupelnu, lo\u017enici a kuchy\u0148ku s minibarem. P\u0159\u00ed\u010dka mezi ob\u00fdvac\u00ed \u010d\u00e1st\u00ed a koupelnou je v horn\u00ed \u010d\u00e1sti prosklen\u00e1, d\u00edky tomu proud\u00ed denn\u00ed sv\u011btlo i do koupelny a nemus\u00ed se tak p\u0159es den pou\u017e\u00edvat um\u011bl\u00e9 sv\u011btlo. Prostor je propojen\u00fd, ale lo\u017enici lze odd\u011blit pomoc\u00ed z\u00e1v\u011bsu, kter\u00fd na st\u011bn\u011b tvo\u0159\u00ed p\u0159\u00edjemnou atmosf\u00e9ru.<\/p>\n\n\n\n<p>Interi\u00e9r je navr\u017een v modern\u00edm stylu s ohledem na \u0161etrnost k \u017eivotn\u00edmu prost\u0159ed\u00ed. Cel\u00fd prostor propojuje 3D st\u011bna v zelen\u00e9 barv\u011b, kter\u00e1 dod\u00e1v\u00e1 klid. Jsou zde pou\u017eity materi\u00e1ly jako dubov\u00e1 p\u0159ekli\u017eka, dub-lamino, lamino v \u0161ed\u00e9 a zelen\u00e9 barv\u011b.&nbsp; Apartm\u00e1 s p\u0159ist\u00fdlkou vzniklo pomoc\u00ed spojen\u00ed dvou p\u016fvodn\u00edch hotelov\u00fdch pokoj\u016f.&nbsp; Pokoj je ur\u010den pro 2-3 osoby. Ani po otev\u0159en\u00ed oken hosty nic nevyru\u0161\u00ed, hotel se nach\u00e1z\u00ed v p\u0159\u00edjemn\u00e9 lokaci a je obklopen lesem, klid v hotelu tedy zajist\u00ed p\u0159\u00edroda.<\/p>\n\n\n\n<figure class=\"wp-block-image size-large\"><img decoding=\"async\" width=\"1024\" height=\"541\" data-src=\"http:\/\/www.design-award.cz\/wp-content\/uploads\/2022\/04\/koupelna1_optimized-1024x541.jpg\" alt=\"\" class=\"wp-image-772 lazyload\" data-srcset=\"https:\/\/www.design-award.cz\/wp-content\/uploads\/2022\/04\/koupelna1_optimized-1024x541.jpg 1024w, https:\/\/www.design-award.cz\/wp-content\/uploads\/2022\/04\/koupelna1_optimized-300x158.jpg 300w, https:\/\/www.design-award.cz\/wp-content\/uploads\/2022\/04\/koupelna1_optimized-768x406.jpg 768w, https:\/\/www.design-award.cz\/wp-content\/uploads\/2022\/04\/koupelna1_optimized-1536x811.jpg 1536w, https:\/\/www.design-award.cz\/wp-content\/uploads\/2022\/04\/koupelna1_optimized-2048x1082.jpg 2048w, https:\/\/www.design-award.cz\/wp-content\/uploads\/2022\/04\/koupelna1_optimized-500x264.jpg 500w, https:\/\/www.design-award.cz\/wp-content\/uploads\/2022\/04\/koupelna1_optimized-800x423.jpg 800w, https:\/\/www.design-award.cz\/wp-content\/uploads\/2022\/04\/koupelna1_optimized-1280x676.jpg 1280w, https:\/\/www.design-award.cz\/wp-content\/uploads\/2022\/04\/koupelna1_optimized-1920x1014.jpg 1920w\" data-sizes=\"(max-width: 1024px) 100vw, 1024px\" src=\"data:image\/svg+xml;base64,PHN2ZyB3aWR0aD0iMSIgaGVpZ2h0PSIxIiB4bWxucz0iaHR0cDovL3d3dy53My5vcmcvMjAwMC9zdmciPjwvc3ZnPg==\" style=\"--smush-placeholder-width: 1024px; --smush-placeholder-aspect-ratio: 1024\/541;\" \/><\/figure>\n\n\n\n<figure class=\"wp-block-image size-large\"><img decoding=\"async\" width=\"1024\" height=\"684\" data-src=\"http:\/\/www.design-award.cz\/wp-content\/uploads\/2022\/04\/loznice-1_optimized-1024x684.jpg\" alt=\"\" class=\"wp-image-773 lazyload\" data-srcset=\"https:\/\/www.design-award.cz\/wp-content\/uploads\/2022\/04\/loznice-1_optimized-1024x684.jpg 1024w, https:\/\/www.design-award.cz\/wp-content\/uploads\/2022\/04\/loznice-1_optimized-300x200.jpg 300w, https:\/\/www.design-award.cz\/wp-content\/uploads\/2022\/04\/loznice-1_optimized-768x513.jpg 768w, https:\/\/www.design-award.cz\/wp-content\/uploads\/2022\/04\/loznice-1_optimized-1536x1026.jpg 1536w, https:\/\/www.design-award.cz\/wp-content\/uploads\/2022\/04\/loznice-1_optimized-2048x1367.jpg 2048w, https:\/\/www.design-award.cz\/wp-content\/uploads\/2022\/04\/loznice-1_optimized-500x334.jpg 500w, https:\/\/www.design-award.cz\/wp-content\/uploads\/2022\/04\/loznice-1_optimized-800x534.jpg 800w, https:\/\/www.design-award.cz\/wp-content\/uploads\/2022\/04\/loznice-1_optimized-1280x855.jpg 1280w, https:\/\/www.design-award.cz\/wp-content\/uploads\/2022\/04\/loznice-1_optimized-1920x1282.jpg 1920w\" data-sizes=\"(max-width: 1024px) 100vw, 1024px\" src=\"data:image\/svg+xml;base64,PHN2ZyB3aWR0aD0iMSIgaGVpZ2h0PSIxIiB4bWxucz0iaHR0cDovL3d3dy53My5vcmcvMjAwMC9zdmciPjwvc3ZnPg==\" style=\"--smush-placeholder-width: 1024px; --smush-placeholder-aspect-ratio: 1024\/684;\" \/><\/figure>\n\n\n\n<figure class=\"wp-block-image size-large\"><img decoding=\"async\" width=\"1024\" height=\"683\" data-src=\"http:\/\/www.design-award.cz\/wp-content\/uploads\/2022\/04\/loznice-2_optimized-1024x683.jpg\" alt=\"\" class=\"wp-image-774 lazyload\" data-srcset=\"https:\/\/www.design-award.cz\/wp-content\/uploads\/2022\/04\/loznice-2_optimized-1024x683.jpg 1024w, https:\/\/www.design-award.cz\/wp-content\/uploads\/2022\/04\/loznice-2_optimized-300x200.jpg 300w, https:\/\/www.design-award.cz\/wp-content\/uploads\/2022\/04\/loznice-2_optimized-768x512.jpg 768w, https:\/\/www.design-award.cz\/wp-content\/uploads\/2022\/04\/loznice-2_optimized-1536x1024.jpg 1536w, https:\/\/www.design-award.cz\/wp-content\/uploads\/2022\/04\/loznice-2_optimized-2048x1365.jpg 2048w, https:\/\/www.design-award.cz\/wp-content\/uploads\/2022\/04\/loznice-2_optimized-500x333.jpg 500w, https:\/\/www.design-award.cz\/wp-content\/uploads\/2022\/04\/loznice-2_optimized-800x533.jpg 800w, https:\/\/www.design-award.cz\/wp-content\/uploads\/2022\/04\/loznice-2_optimized-1280x853.jpg 1280w, https:\/\/www.design-award.cz\/wp-content\/uploads\/2022\/04\/loznice-2_optimized-1920x1280.jpg 1920w\" data-sizes=\"(max-width: 1024px) 100vw, 1024px\" src=\"data:image\/svg+xml;base64,PHN2ZyB3aWR0aD0iMSIgaGVpZ2h0PSIxIiB4bWxucz0iaHR0cDovL3d3dy53My5vcmcvMjAwMC9zdmciPjwvc3ZnPg==\" style=\"--smush-placeholder-width: 1024px; --smush-placeholder-aspect-ratio: 1024\/683;\" \/><\/figure>\n\n\n\n<figure class=\"wp-block-image size-large\"><img decoding=\"async\" width=\"1024\" height=\"543\" data-src=\"http:\/\/www.design-award.cz\/wp-content\/uploads\/2022\/04\/obyvak-2_optimized-1024x543.jpg\" alt=\"\" class=\"wp-image-776 lazyload\" data-srcset=\"https:\/\/www.design-award.cz\/wp-content\/uploads\/2022\/04\/obyvak-2_optimized-1024x543.jpg 1024w, https:\/\/www.design-award.cz\/wp-content\/uploads\/2022\/04\/obyvak-2_optimized-300x159.jpg 300w, https:\/\/www.design-award.cz\/wp-content\/uploads\/2022\/04\/obyvak-2_optimized-768x407.jpg 768w, https:\/\/www.design-award.cz\/wp-content\/uploads\/2022\/04\/obyvak-2_optimized-1536x815.jpg 1536w, https:\/\/www.design-award.cz\/wp-content\/uploads\/2022\/04\/obyvak-2_optimized-2048x1086.jpg 2048w, https:\/\/www.design-award.cz\/wp-content\/uploads\/2022\/04\/obyvak-2_optimized-500x265.jpg 500w, https:\/\/www.design-award.cz\/wp-content\/uploads\/2022\/04\/obyvak-2_optimized-800x424.jpg 800w, https:\/\/www.design-award.cz\/wp-content\/uploads\/2022\/04\/obyvak-2_optimized-1280x679.jpg 1280w, https:\/\/www.design-award.cz\/wp-content\/uploads\/2022\/04\/obyvak-2_optimized-1920x1019.jpg 1920w\" data-sizes=\"(max-width: 1024px) 100vw, 1024px\" src=\"data:image\/svg+xml;base64,PHN2ZyB3aWR0aD0iMSIgaGVpZ2h0PSIxIiB4bWxucz0iaHR0cDovL3d3dy53My5vcmcvMjAwMC9zdmciPjwvc3ZnPg==\" style=\"--smush-placeholder-width: 1024px; --smush-placeholder-aspect-ratio: 1024\/543;\" \/><\/figure>\n\n\n\n<figure class=\"wp-block-image size-large\"><img decoding=\"async\" width=\"1024\" height=\"576\" data-src=\"http:\/\/www.design-award.cz\/wp-content\/uploads\/2022\/04\/pudorys-sikyr-1024x576.jpg\" alt=\"\" class=\"wp-image-777 lazyload\" data-srcset=\"https:\/\/www.design-award.cz\/wp-content\/uploads\/2022\/04\/pudorys-sikyr-1024x576.jpg 1024w, https:\/\/www.design-award.cz\/wp-content\/uploads\/2022\/04\/pudorys-sikyr-300x169.jpg 300w, https:\/\/www.design-award.cz\/wp-content\/uploads\/2022\/04\/pudorys-sikyr-768x432.jpg 768w, https:\/\/www.design-award.cz\/wp-content\/uploads\/2022\/04\/pudorys-sikyr-500x281.jpg 500w, https:\/\/www.design-award.cz\/wp-content\/uploads\/2022\/04\/pudorys-sikyr-800x450.jpg 800w, https:\/\/www.design-award.cz\/wp-content\/uploads\/2022\/04\/pudorys-sikyr.jpg 1280w\" data-sizes=\"(max-width: 1024px) 100vw, 1024px\" src=\"data:image\/svg+xml;base64,PHN2ZyB3aWR0aD0iMSIgaGVpZ2h0PSIxIiB4bWxucz0iaHR0cDovL3d3dy53My5vcmcvMjAwMC9zdmciPjwvc3ZnPg==\" style=\"--smush-placeholder-width: 1024px; --smush-placeholder-aspect-ratio: 1024\/576;\" \/><\/figure>\n\n\n<div class=\"wp-block-visual-portfolio\">\n<div class=\"vp-portfolio vp-uid-2ece4a06 vp-id-607\"\n\tdata-vp-layout=\"slider\" data-vp-content-source=\"post-based\" data-vp-items-style=\"fade\" data-vp-items-click-action=\"url\" data-vp-items-gap=\"12\" data-vp-items-gap-vertical=\"\" data-vp-pagination=\"load-more\" data-vp-next-page-url=\"https:\/\/www.design-award.cz\/index.php?rest_route=%2Fwp%2Fv2%2Fportfolio%2F771&#038;vp_page=2\" data-vp-random-seed=\"1334898143\" data-vp-slider-effect=\"slide\" data-vp-slider-items-height=\"80%\" data-vp-slider-items-min-height=\"\" data-vp-slider-slides-per-view=\"3\" data-vp-slider-speed=\"0.3\" data-vp-slider-autoplay=\"4.8\" data-vp-slider-autoplay-hover-pause=\"false\" data-vp-slider-centered-slides=\"true\" data-vp-slider-loop=\"true\" data-vp-slider-free-mode=\"false\" data-vp-slider-free-mode-sticky=\"false\" data-vp-slider-arrows=\"true\" data-vp-slider-bullets=\"false\" data-vp-slider-bullets-dynamic=\"false\" data-vp-slider-mousewheel=\"false\" data-vp-slider-thumbnails=\"false\" >\n\t<div class=\"vp-portfolio__preloader-wrap\">\n\t\t<div class=\"vp-portfolio__preloader\">\n\t\t\t<img decoding=\"async\" loading=\"eager\" src=\"https:\/\/www.design-award.cz\/wp-content\/plugins\/visual-portfolio\/assets\/images\/logo-dark.svg\" alt=\"Visual Portfolio, Posts &amp; Image Gallery for WordPress\" width=\"20\" height=\"20\" data-skip-lazy>\n\t\t<\/div>\n\t<\/div>\n\t\t<div class=\"vp-portfolio__items-wrap\">\n\t\t\t\n<div class=\"vp-portfolio__items vp-portfolio__items-style-fade vp-portfolio__items-show-overlay-hover\">\n\n\t\t<article\t\tclass=\"vp-portfolio__item-wrap post-2441 portfolio type-portfolio status-publish format-standard has-post-thumbnail hentry portfolio_category-soutezici-2023 entry has-media vp-portfolio__item-uid-f8b78513\" data-vp-filter=\"soutezici-2023\" \t\t>\n\t\t\t\t\t\t\t\t\t<figure class=\"vp-portfolio__item\">\n\t\t\t\t\n<div class=\"vp-portfolio__item-img-wrap\">\n\t<div class=\"vp-portfolio__item-img\">\n\t\t\t<a\n\t\thref=\"https:\/\/www.design-award.cz\/?portfolio=verejny-interier-rozhledna-v-trencine\"\n\t\t\t>\n\t\n\t\t<noscript><img decoding=\"async\" width=\"614\" height=\"859\" data-skip-lazy src=\"https:\/\/www.design-award.cz\/wp-content\/uploads\/2023\/04\/KRESBA-VYHLIADKY.png\" class=\"wp-image-2442\" alt=\"\" srcset=\"https:\/\/www.design-award.cz\/wp-content\/uploads\/2023\/04\/KRESBA-VYHLIADKY.png 614w, https:\/\/www.design-award.cz\/wp-content\/uploads\/2023\/04\/KRESBA-VYHLIADKY-214x300.png 214w, https:\/\/www.design-award.cz\/wp-content\/uploads\/2023\/04\/KRESBA-VYHLIADKY-500x700.png 500w\" sizes=\"(max-width: 614px) 100vw, 614px\" \/><\/noscript><img fetchpriority=\"high\" decoding=\"async\" width=\"614\" height=\"859\" src=\"https:\/\/www.design-award.cz\/wp-content\/uploads\/2023\/04\/KRESBA-VYHLIADKY.png\" class=\"wp-image-2442 vp-lazyload\" alt srcset=\"data:image\/svg+xml;base64,PHN2ZyB3aWR0aD0iNjE0IiBoZWlnaHQ9Ijg1OSIgdmlld0JveD0iMCAwIDYxNCA4NTkiIGZpbGw9Im5vbmUiIHhtbG5zPSJodHRwOi8vd3d3LnczLm9yZy8yMDAwL3N2ZyI+PC9zdmc+\" data-src=\"https:\/\/www.design-award.cz\/wp-content\/uploads\/2023\/04\/KRESBA-VYHLIADKY.png\" data-srcset=\"https:\/\/www.design-award.cz\/wp-content\/uploads\/2023\/04\/KRESBA-VYHLIADKY.png 614w, https:\/\/www.design-award.cz\/wp-content\/uploads\/2023\/04\/KRESBA-VYHLIADKY-214x300.png 214w, https:\/\/www.design-award.cz\/wp-content\/uploads\/2023\/04\/KRESBA-VYHLIADKY-500x700.png 500w\" data-sizes=\"auto\" loading=\"eager\">\n\t\t<\/a>\t<\/div>\n<\/div>\n\t<figcaption class=\"vp-portfolio__item-overlay vp-portfolio__item-overlay-text-align-center\">\n\t\t<div class=\"vp-portfolio__item-meta-wrap vp-portfolio__custom-scrollbar\">\n\t\t\t\t<a\n\t\thref=\"https:\/\/www.design-award.cz\/?portfolio=verejny-interier-rozhledna-v-trencine\"\n\t\ttabindex=\"-1\" class=\"vp-portfolio__item-meta\" \t>\n\t\n<div class=\"vp-portfolio__item-meta-categories\">\n\t\t\t<div class=\"vp-portfolio__item-meta-category\">\n\t\t\t\t<span\t\t\t>\n\tSOUT\u011a\u017d\u00cdC\u00cd 2023<\/span>\t\t<\/div>\n\t\t<\/div>\n\n<h2 class=\"vp-portfolio__item-meta-title\">\n\tVe\u0159ejn\u00fd interi\u00e9r &#8211; rozhledna v Tren\u010d\u00edne<\/h2>\n<\/a>\t\t<\/div>\n\t<\/figcaption>\n\t\t\t<\/figure>\n\t\t\t\t\t<\/article>\n\t\t\n\t\t<article\t\tclass=\"vp-portfolio__item-wrap post-3729 portfolio type-portfolio status-publish format-standard has-post-thumbnail hentry entry has-media vp-portfolio__item-uid-1acc739b\" data-vp-filter=\"\" \t\t>\n\t\t\t\t\t\t\t\t\t<figure class=\"vp-portfolio__item\">\n\t\t\t\t\n<div class=\"vp-portfolio__item-img-wrap\">\n\t<div class=\"vp-portfolio__item-img\">\n\t\t\t<a\n\t\thref=\"https:\/\/www.design-award.cz\/?portfolio=verejny-interier-skolni-vestibul\"\n\t\t\t>\n\t\n\t\t<noscript><img decoding=\"async\" width=\"1920\" height=\"1357\" data-skip-lazy src=\"https:\/\/www.design-award.cz\/wp-content\/uploads\/2024\/06\/Vestibul-Martin-Zaruba_page-0010-1920x1357.jpg\" class=\"wp-image-3743\" alt=\"\" srcset=\"https:\/\/www.design-award.cz\/wp-content\/uploads\/2024\/06\/Vestibul-Martin-Zaruba_page-0010-1920x1357.jpg 1920w, https:\/\/www.design-award.cz\/wp-content\/uploads\/2024\/06\/Vestibul-Martin-Zaruba_page-0010-300x212.jpg 300w, https:\/\/www.design-award.cz\/wp-content\/uploads\/2024\/06\/Vestibul-Martin-Zaruba_page-0010-1024x724.jpg 1024w, https:\/\/www.design-award.cz\/wp-content\/uploads\/2024\/06\/Vestibul-Martin-Zaruba_page-0010-768x543.jpg 768w, https:\/\/www.design-award.cz\/wp-content\/uploads\/2024\/06\/Vestibul-Martin-Zaruba_page-0010-1536x1086.jpg 1536w, https:\/\/www.design-award.cz\/wp-content\/uploads\/2024\/06\/Vestibul-Martin-Zaruba_page-0010-2048x1448.jpg 2048w, https:\/\/www.design-award.cz\/wp-content\/uploads\/2024\/06\/Vestibul-Martin-Zaruba_page-0010-500x353.jpg 500w, https:\/\/www.design-award.cz\/wp-content\/uploads\/2024\/06\/Vestibul-Martin-Zaruba_page-0010-800x566.jpg 800w, https:\/\/www.design-award.cz\/wp-content\/uploads\/2024\/06\/Vestibul-Martin-Zaruba_page-0010-1280x905.jpg 1280w\" sizes=\"(max-width: 1920px) 100vw, 1920px\" \/><\/noscript><img decoding=\"async\" width=\"1920\" height=\"1357\" src=\"https:\/\/www.design-award.cz\/wp-content\/uploads\/2024\/06\/Vestibul-Martin-Zaruba_page-0010-1920x1357.jpg\" class=\"wp-image-3743 vp-lazyload\" alt srcset=\"data:image\/svg+xml;base64,PHN2ZyB3aWR0aD0iMTkyMCIgaGVpZ2h0PSIxMzU3IiB2aWV3Qm94PSIwIDAgMTkyMCAxMzU3IiBmaWxsPSJub25lIiB4bWxucz0iaHR0cDovL3d3dy53My5vcmcvMjAwMC9zdmciPjwvc3ZnPg==\" data-src=\"https:\/\/www.design-award.cz\/wp-content\/uploads\/2024\/06\/Vestibul-Martin-Zaruba_page-0010-1920x1357.jpg\" data-srcset=\"https:\/\/www.design-award.cz\/wp-content\/uploads\/2024\/06\/Vestibul-Martin-Zaruba_page-0010-1920x1357.jpg 1920w, https:\/\/www.design-award.cz\/wp-content\/uploads\/2024\/06\/Vestibul-Martin-Zaruba_page-0010-300x212.jpg 300w, https:\/\/www.design-award.cz\/wp-content\/uploads\/2024\/06\/Vestibul-Martin-Zaruba_page-0010-1024x724.jpg 1024w, https:\/\/www.design-award.cz\/wp-content\/uploads\/2024\/06\/Vestibul-Martin-Zaruba_page-0010-768x543.jpg 768w, https:\/\/www.design-award.cz\/wp-content\/uploads\/2024\/06\/Vestibul-Martin-Zaruba_page-0010-1536x1086.jpg 1536w, https:\/\/www.design-award.cz\/wp-content\/uploads\/2024\/06\/Vestibul-Martin-Zaruba_page-0010-2048x1448.jpg 2048w, https:\/\/www.design-award.cz\/wp-content\/uploads\/2024\/06\/Vestibul-Martin-Zaruba_page-0010-500x353.jpg 500w, https:\/\/www.design-award.cz\/wp-content\/uploads\/2024\/06\/Vestibul-Martin-Zaruba_page-0010-800x566.jpg 800w, https:\/\/www.design-award.cz\/wp-content\/uploads\/2024\/06\/Vestibul-Martin-Zaruba_page-0010-1280x905.jpg 1280w\" data-sizes=\"auto\" loading=\"eager\">\n\t\t<\/a>\t<\/div>\n<\/div>\n\t<figcaption class=\"vp-portfolio__item-overlay vp-portfolio__item-overlay-text-align-center\">\n\t\t<div class=\"vp-portfolio__item-meta-wrap vp-portfolio__custom-scrollbar\">\n\t\t\t\t<a\n\t\thref=\"https:\/\/www.design-award.cz\/?portfolio=verejny-interier-skolni-vestibul\"\n\t\ttabindex=\"-1\" class=\"vp-portfolio__item-meta\" \t>\n\t\n<h2 class=\"vp-portfolio__item-meta-title\">\n\tVe\u0159ejn\u00fd interi\u00e9r &#8211; \u0160koln\u00ed vestibul<\/h2>\n<\/a>\t\t<\/div>\n\t<\/figcaption>\n\t\t\t<\/figure>\n\t\t\t\t\t<\/article>\n\t\t\n\t\t<article\t\tclass=\"vp-portfolio__item-wrap post-568 portfolio type-portfolio status-publish format-standard has-post-thumbnail hentry entry has-media vp-portfolio__item-uid-e48e32e6\" data-vp-filter=\"\" \t\t>\n\t\t\t\t\t\t\t\t\t<figure class=\"vp-portfolio__item\">\n\t\t\t\t\n<div class=\"vp-portfolio__item-img-wrap\">\n\t<div class=\"vp-portfolio__item-img\">\n\t\t\t<a\n\t\thref=\"https:\/\/www.design-award.cz\/?portfolio=soukromy-interier-rekonstrukce-bytoveho-interieru\"\n\t\t\t>\n\t\n\t\t<noscript><img decoding=\"async\" width=\"1920\" height=\"1080\" data-skip-lazy src=\"https:\/\/www.design-award.cz\/wp-content\/uploads\/2022\/03\/Vizualizace-1.png\" class=\"wp-image-570\" alt=\"\" srcset=\"https:\/\/www.design-award.cz\/wp-content\/uploads\/2022\/03\/Vizualizace-1.png 1920w, https:\/\/www.design-award.cz\/wp-content\/uploads\/2022\/03\/Vizualizace-1-300x169.png 300w, https:\/\/www.design-award.cz\/wp-content\/uploads\/2022\/03\/Vizualizace-1-1024x576.png 1024w, https:\/\/www.design-award.cz\/wp-content\/uploads\/2022\/03\/Vizualizace-1-768x432.png 768w, https:\/\/www.design-award.cz\/wp-content\/uploads\/2022\/03\/Vizualizace-1-1536x864.png 1536w, https:\/\/www.design-award.cz\/wp-content\/uploads\/2022\/03\/Vizualizace-1-500x281.png 500w, https:\/\/www.design-award.cz\/wp-content\/uploads\/2022\/03\/Vizualizace-1-800x450.png 800w, https:\/\/www.design-award.cz\/wp-content\/uploads\/2022\/03\/Vizualizace-1-1280x720.png 1280w\" sizes=\"(max-width: 1920px) 100vw, 1920px\" \/><\/noscript><img decoding=\"async\" width=\"1920\" height=\"1080\" src=\"https:\/\/www.design-award.cz\/wp-content\/uploads\/2022\/03\/Vizualizace-1.png\" class=\"wp-image-570 vp-lazyload\" alt srcset=\"data:image\/svg+xml;base64,PHN2ZyB3aWR0aD0iMTkyMCIgaGVpZ2h0PSIxMDgwIiB2aWV3Qm94PSIwIDAgMTkyMCAxMDgwIiBmaWxsPSJub25lIiB4bWxucz0iaHR0cDovL3d3dy53My5vcmcvMjAwMC9zdmciPjwvc3ZnPg==\" data-src=\"https:\/\/www.design-award.cz\/wp-content\/uploads\/2022\/03\/Vizualizace-1.png\" data-srcset=\"https:\/\/www.design-award.cz\/wp-content\/uploads\/2022\/03\/Vizualizace-1.png 1920w, https:\/\/www.design-award.cz\/wp-content\/uploads\/2022\/03\/Vizualizace-1-300x169.png 300w, https:\/\/www.design-award.cz\/wp-content\/uploads\/2022\/03\/Vizualizace-1-1024x576.png 1024w, https:\/\/www.design-award.cz\/wp-content\/uploads\/2022\/03\/Vizualizace-1-768x432.png 768w, https:\/\/www.design-award.cz\/wp-content\/uploads\/2022\/03\/Vizualizace-1-1536x864.png 1536w, https:\/\/www.design-award.cz\/wp-content\/uploads\/2022\/03\/Vizualizace-1-500x281.png 500w, https:\/\/www.design-award.cz\/wp-content\/uploads\/2022\/03\/Vizualizace-1-800x450.png 800w, https:\/\/www.design-award.cz\/wp-content\/uploads\/2022\/03\/Vizualizace-1-1280x720.png 1280w\" data-sizes=\"auto\" loading=\"eager\">\n\t\t<\/a>\t<\/div>\n<\/div>\n\t<figcaption class=\"vp-portfolio__item-overlay vp-portfolio__item-overlay-text-align-center\">\n\t\t<div class=\"vp-portfolio__item-meta-wrap vp-portfolio__custom-scrollbar\">\n\t\t\t\t<a\n\t\thref=\"https:\/\/www.design-award.cz\/?portfolio=soukromy-interier-rekonstrukce-bytoveho-interieru\"\n\t\ttabindex=\"-1\" class=\"vp-portfolio__item-meta\" \t>\n\t\n<h2 class=\"vp-portfolio__item-meta-title\">\n\tSoukrom\u00fd interi\u00e9r &#8211; Rekonstrukce bytov\u00e9ho interi\u00e9ru<\/h2>\n<\/a>\t\t<\/div>\n\t<\/figcaption>\n\t\t\t<\/figure>\n\t\t\t\t\t<\/article>\n\t\t\n\t\t<article\t\tclass=\"vp-portfolio__item-wrap post-1473 portfolio type-portfolio status-publish format-standard has-post-thumbnail hentry portfolio_category-https-www-design-award-cz-page_id1603 portfolio_tag-9 entry has-media vp-portfolio__item-uid-2f211812\" data-vp-filter=\"https-www-design-award-cz-page_id1603\" \t\t>\n\t\t\t\t\t\t\t\t\t<figure class=\"vp-portfolio__item\">\n\t\t\t\t\n<div class=\"vp-portfolio__item-img-wrap\">\n\t<div class=\"vp-portfolio__item-img\">\n\t\t\t<a\n\t\thref=\"https:\/\/www.design-award.cz\/?portfolio=verejny-interier-3d-tapeta\"\n\t\t\t>\n\t\n\t\t<noscript><img decoding=\"async\" width=\"1920\" height=\"1358\" data-skip-lazy src=\"https:\/\/www.design-award.cz\/wp-content\/uploads\/2022\/04\/Dlazdice-333-1920x1358.jpg\" class=\"wp-image-1477\" alt=\"\" srcset=\"https:\/\/www.design-award.cz\/wp-content\/uploads\/2022\/04\/Dlazdice-333-1920x1358.jpg 1920w, https:\/\/www.design-award.cz\/wp-content\/uploads\/2022\/04\/Dlazdice-333-300x212.jpg 300w, https:\/\/www.design-award.cz\/wp-content\/uploads\/2022\/04\/Dlazdice-333-1024x724.jpg 1024w, https:\/\/www.design-award.cz\/wp-content\/uploads\/2022\/04\/Dlazdice-333-768x543.jpg 768w, https:\/\/www.design-award.cz\/wp-content\/uploads\/2022\/04\/Dlazdice-333-1536x1086.jpg 1536w, https:\/\/www.design-award.cz\/wp-content\/uploads\/2022\/04\/Dlazdice-333-2048x1448.jpg 2048w, https:\/\/www.design-award.cz\/wp-content\/uploads\/2022\/04\/Dlazdice-333-500x354.jpg 500w, https:\/\/www.design-award.cz\/wp-content\/uploads\/2022\/04\/Dlazdice-333-800x566.jpg 800w, https:\/\/www.design-award.cz\/wp-content\/uploads\/2022\/04\/Dlazdice-333-1280x905.jpg 1280w\" sizes=\"(max-width: 1920px) 100vw, 1920px\" \/><\/noscript><img decoding=\"async\" width=\"1920\" height=\"1358\" src=\"https:\/\/www.design-award.cz\/wp-content\/uploads\/2022\/04\/Dlazdice-333-1920x1358.jpg\" class=\"wp-image-1477 vp-lazyload\" alt srcset=\"data:image\/svg+xml;base64,PHN2ZyB3aWR0aD0iMTkyMCIgaGVpZ2h0PSIxMzU4IiB2aWV3Qm94PSIwIDAgMTkyMCAxMzU4IiBmaWxsPSJub25lIiB4bWxucz0iaHR0cDovL3d3dy53My5vcmcvMjAwMC9zdmciPjwvc3ZnPg==\" data-src=\"https:\/\/www.design-award.cz\/wp-content\/uploads\/2022\/04\/Dlazdice-333-1920x1358.jpg\" data-srcset=\"https:\/\/www.design-award.cz\/wp-content\/uploads\/2022\/04\/Dlazdice-333-1920x1358.jpg 1920w, https:\/\/www.design-award.cz\/wp-content\/uploads\/2022\/04\/Dlazdice-333-300x212.jpg 300w, https:\/\/www.design-award.cz\/wp-content\/uploads\/2022\/04\/Dlazdice-333-1024x724.jpg 1024w, https:\/\/www.design-award.cz\/wp-content\/uploads\/2022\/04\/Dlazdice-333-768x543.jpg 768w, https:\/\/www.design-award.cz\/wp-content\/uploads\/2022\/04\/Dlazdice-333-1536x1086.jpg 1536w, https:\/\/www.design-award.cz\/wp-content\/uploads\/2022\/04\/Dlazdice-333-2048x1448.jpg 2048w, https:\/\/www.design-award.cz\/wp-content\/uploads\/2022\/04\/Dlazdice-333-500x354.jpg 500w, https:\/\/www.design-award.cz\/wp-content\/uploads\/2022\/04\/Dlazdice-333-800x566.jpg 800w, https:\/\/www.design-award.cz\/wp-content\/uploads\/2022\/04\/Dlazdice-333-1280x905.jpg 1280w\" data-sizes=\"auto\" loading=\"eager\">\n\t\t<\/a>\t<\/div>\n<\/div>\n\t<figcaption class=\"vp-portfolio__item-overlay vp-portfolio__item-overlay-text-align-center\">\n\t\t<div class=\"vp-portfolio__item-meta-wrap vp-portfolio__custom-scrollbar\">\n\t\t\t\t<a\n\t\thref=\"https:\/\/www.design-award.cz\/?portfolio=verejny-interier-3d-tapeta\"\n\t\ttabindex=\"-1\" class=\"vp-portfolio__item-meta\" \t>\n\t\n<div class=\"vp-portfolio__item-meta-categories\">\n\t\t\t<div class=\"vp-portfolio__item-meta-category\">\n\t\t\t\t<span\t\t\t>\n\tArchiv 2022<\/span>\t\t<\/div>\n\t\t<\/div>\n\n<h2 class=\"vp-portfolio__item-meta-title\">\n\tVe\u0159ejn\u00fd interi\u00e9r &#8211; 3D Tapeta<\/h2>\n<\/a>\t\t<\/div>\n\t<\/figcaption>\n\t\t\t<\/figure>\n\t\t\t\t\t<\/article>\n\t\t\n\t\t<article\t\tclass=\"vp-portfolio__item-wrap post-3481 portfolio type-portfolio status-publish format-standard has-post-thumbnail hentry entry has-media vp-portfolio__item-uid-ecbead7a\" data-vp-filter=\"\" \t\t>\n\t\t\t\t\t\t\t\t\t<figure class=\"vp-portfolio__item\">\n\t\t\t\t\n<div class=\"vp-portfolio__item-img-wrap\">\n\t<div class=\"vp-portfolio__item-img\">\n\t\t\t<a\n\t\thref=\"https:\/\/www.design-award.cz\/?portfolio=produktovy-design-ghost-chair\"\n\t\t\t>\n\t\n\t\t<noscript><img decoding=\"async\" width=\"850\" height=\"567\" data-skip-lazy src=\"https:\/\/www.design-award.cz\/wp-content\/uploads\/2024\/06\/glowingboys.png\" class=\"wp-image-3503\" alt=\"\" srcset=\"https:\/\/www.design-award.cz\/wp-content\/uploads\/2024\/06\/glowingboys.png 850w, https:\/\/www.design-award.cz\/wp-content\/uploads\/2024\/06\/glowingboys-300x200.png 300w, https:\/\/www.design-award.cz\/wp-content\/uploads\/2024\/06\/glowingboys-768x512.png 768w, https:\/\/www.design-award.cz\/wp-content\/uploads\/2024\/06\/glowingboys-500x334.png 500w, https:\/\/www.design-award.cz\/wp-content\/uploads\/2024\/06\/glowingboys-800x534.png 800w\" sizes=\"(max-width: 850px) 100vw, 850px\" \/><\/noscript><img decoding=\"async\" width=\"850\" height=\"567\" src=\"https:\/\/www.design-award.cz\/wp-content\/uploads\/2024\/06\/glowingboys.png\" class=\"wp-image-3503 vp-lazyload\" alt srcset=\"data:image\/svg+xml;base64,PHN2ZyB3aWR0aD0iODUwIiBoZWlnaHQ9IjU2NyIgdmlld0JveD0iMCAwIDg1MCA1NjciIGZpbGw9Im5vbmUiIHhtbG5zPSJodHRwOi8vd3d3LnczLm9yZy8yMDAwL3N2ZyI+PC9zdmc+\" data-src=\"https:\/\/www.design-award.cz\/wp-content\/uploads\/2024\/06\/glowingboys.png\" data-srcset=\"https:\/\/www.design-award.cz\/wp-content\/uploads\/2024\/06\/glowingboys.png 850w, https:\/\/www.design-award.cz\/wp-content\/uploads\/2024\/06\/glowingboys-300x200.png 300w, https:\/\/www.design-award.cz\/wp-content\/uploads\/2024\/06\/glowingboys-768x512.png 768w, https:\/\/www.design-award.cz\/wp-content\/uploads\/2024\/06\/glowingboys-500x334.png 500w, https:\/\/www.design-award.cz\/wp-content\/uploads\/2024\/06\/glowingboys-800x534.png 800w\" data-sizes=\"auto\" loading=\"eager\">\n\t\t<\/a>\t<\/div>\n<\/div>\n\t<figcaption class=\"vp-portfolio__item-overlay vp-portfolio__item-overlay-text-align-center\">\n\t\t<div class=\"vp-portfolio__item-meta-wrap vp-portfolio__custom-scrollbar\">\n\t\t\t\t<a\n\t\thref=\"https:\/\/www.design-award.cz\/?portfolio=produktovy-design-ghost-chair\"\n\t\ttabindex=\"-1\" class=\"vp-portfolio__item-meta\" \t>\n\t\n<h2 class=\"vp-portfolio__item-meta-title\">\n\tProduktov\u00fd design &#8211; Ghost Chair<\/h2>\n<\/a>\t\t<\/div>\n\t<\/figcaption>\n\t\t\t<\/figure>\n\t\t\t\t\t<\/article>\n\t\t\n\t\t<article\t\tclass=\"vp-portfolio__item-wrap post-4771 portfolio type-portfolio status-publish format-standard has-post-thumbnail hentry entry has-media vp-portfolio__item-uid-f4b73755\" data-vp-filter=\"\" \t\t>\n\t\t\t\t\t\t\t\t\t<figure class=\"vp-portfolio__item\">\n\t\t\t\t\n<div class=\"vp-portfolio__item-img-wrap\">\n\t<div class=\"vp-portfolio__item-img\">\n\t\t\t<a\n\t\thref=\"https:\/\/www.design-award.cz\/?portfolio=produktovy-design-silva\"\n\t\t\t>\n\t\n\t\t<noscript><img decoding=\"async\" width=\"1920\" height=\"1080\" data-skip-lazy src=\"https:\/\/www.design-award.cz\/wp-content\/uploads\/2025\/06\/k05-1920x1080.jpg\" class=\"wp-image-4777\" alt=\"\" srcset=\"https:\/\/www.design-award.cz\/wp-content\/uploads\/2025\/06\/k05-1920x1080.jpg 1920w, https:\/\/www.design-award.cz\/wp-content\/uploads\/2025\/06\/k05-300x169.jpg 300w, https:\/\/www.design-award.cz\/wp-content\/uploads\/2025\/06\/k05-1024x576.jpg 1024w, https:\/\/www.design-award.cz\/wp-content\/uploads\/2025\/06\/k05-768x432.jpg 768w, https:\/\/www.design-award.cz\/wp-content\/uploads\/2025\/06\/k05-1536x864.jpg 1536w, https:\/\/www.design-award.cz\/wp-content\/uploads\/2025\/06\/k05-2048x1152.jpg 2048w, https:\/\/www.design-award.cz\/wp-content\/uploads\/2025\/06\/k05-800x450.jpg 800w, https:\/\/www.design-award.cz\/wp-content\/uploads\/2025\/06\/k05-500x281.jpg 500w, https:\/\/www.design-award.cz\/wp-content\/uploads\/2025\/06\/k05-1280x720.jpg 1280w\" sizes=\"(max-width: 1920px) 100vw, 1920px\" \/><\/noscript><img decoding=\"async\" width=\"1920\" height=\"1080\" src=\"https:\/\/www.design-award.cz\/wp-content\/uploads\/2025\/06\/k05-1920x1080.jpg\" class=\"wp-image-4777 vp-lazyload\" alt srcset=\"data:image\/svg+xml;base64,PHN2ZyB3aWR0aD0iMTkyMCIgaGVpZ2h0PSIxMDgwIiB2aWV3Qm94PSIwIDAgMTkyMCAxMDgwIiBmaWxsPSJub25lIiB4bWxucz0iaHR0cDovL3d3dy53My5vcmcvMjAwMC9zdmciPjwvc3ZnPg==\" data-src=\"https:\/\/www.design-award.cz\/wp-content\/uploads\/2025\/06\/k05-1920x1080.jpg\" data-srcset=\"https:\/\/www.design-award.cz\/wp-content\/uploads\/2025\/06\/k05-1920x1080.jpg 1920w, https:\/\/www.design-award.cz\/wp-content\/uploads\/2025\/06\/k05-300x169.jpg 300w, https:\/\/www.design-award.cz\/wp-content\/uploads\/2025\/06\/k05-1024x576.jpg 1024w, https:\/\/www.design-award.cz\/wp-content\/uploads\/2025\/06\/k05-768x432.jpg 768w, https:\/\/www.design-award.cz\/wp-content\/uploads\/2025\/06\/k05-1536x864.jpg 1536w, https:\/\/www.design-award.cz\/wp-content\/uploads\/2025\/06\/k05-2048x1152.jpg 2048w, https:\/\/www.design-award.cz\/wp-content\/uploads\/2025\/06\/k05-800x450.jpg 800w, https:\/\/www.design-award.cz\/wp-content\/uploads\/2025\/06\/k05-500x281.jpg 500w, https:\/\/www.design-award.cz\/wp-content\/uploads\/2025\/06\/k05-1280x720.jpg 1280w\" data-sizes=\"auto\" loading=\"eager\">\n\t\t<\/a>\t<\/div>\n<\/div>\n\t<figcaption class=\"vp-portfolio__item-overlay vp-portfolio__item-overlay-text-align-center\">\n\t\t<div class=\"vp-portfolio__item-meta-wrap vp-portfolio__custom-scrollbar\">\n\t\t\t\t<a\n\t\thref=\"https:\/\/www.design-award.cz\/?portfolio=produktovy-design-silva\"\n\t\ttabindex=\"-1\" class=\"vp-portfolio__item-meta\" \t>\n\t\n<h2 class=\"vp-portfolio__item-meta-title\">\n\tProduktov\u00fd design &#8211; Silva<\/h2>\n<\/a>\t\t<\/div>\n\t<\/figcaption>\n\t\t\t<\/figure>\n\t\t\t\t\t<\/article>\n\t\t\n\t\t<article\t\tclass=\"vp-portfolio__item-wrap post-3157 portfolio type-portfolio status-publish format-standard has-post-thumbnail hentry entry has-media vp-portfolio__item-uid-b6b8b4e9\" data-vp-filter=\"\" \t\t>\n\t\t\t\t\t\t\t\t\t<figure class=\"vp-portfolio__item\">\n\t\t\t\t\n<div class=\"vp-portfolio__item-img-wrap\">\n\t<div class=\"vp-portfolio__item-img\">\n\t\t\t<a\n\t\thref=\"https:\/\/www.design-award.cz\/?portfolio=verejny-interier-navrh-prodejnich-prostor-pro-znacku-alo-yoga\"\n\t\t\t>\n\t\n\t\t<noscript><img decoding=\"async\" width=\"1753\" height=\"672\" data-skip-lazy src=\"https:\/\/www.design-award.cz\/wp-content\/uploads\/2024\/04\/MicrosoftTeams-image-8.jpg\" class=\"wp-image-3182\" alt=\"\" srcset=\"https:\/\/www.design-award.cz\/wp-content\/uploads\/2024\/04\/MicrosoftTeams-image-8.jpg 1753w, https:\/\/www.design-award.cz\/wp-content\/uploads\/2024\/04\/MicrosoftTeams-image-8-300x115.jpg 300w, https:\/\/www.design-award.cz\/wp-content\/uploads\/2024\/04\/MicrosoftTeams-image-8-1024x393.jpg 1024w, https:\/\/www.design-award.cz\/wp-content\/uploads\/2024\/04\/MicrosoftTeams-image-8-768x294.jpg 768w, https:\/\/www.design-award.cz\/wp-content\/uploads\/2024\/04\/MicrosoftTeams-image-8-1536x589.jpg 1536w, https:\/\/www.design-award.cz\/wp-content\/uploads\/2024\/04\/MicrosoftTeams-image-8-500x192.jpg 500w, https:\/\/www.design-award.cz\/wp-content\/uploads\/2024\/04\/MicrosoftTeams-image-8-800x307.jpg 800w, https:\/\/www.design-award.cz\/wp-content\/uploads\/2024\/04\/MicrosoftTeams-image-8-1280x491.jpg 1280w\" sizes=\"(max-width: 1753px) 100vw, 1753px\" \/><\/noscript><img decoding=\"async\" width=\"1753\" height=\"672\" src=\"https:\/\/www.design-award.cz\/wp-content\/uploads\/2024\/04\/MicrosoftTeams-image-8.jpg\" class=\"wp-image-3182 vp-lazyload\" alt srcset=\"data:image\/svg+xml;base64,PHN2ZyB3aWR0aD0iMTc1MyIgaGVpZ2h0PSI2NzIiIHZpZXdCb3g9IjAgMCAxNzUzIDY3MiIgZmlsbD0ibm9uZSIgeG1sbnM9Imh0dHA6Ly93d3cudzMub3JnLzIwMDAvc3ZnIj48L3N2Zz4=\" data-src=\"https:\/\/www.design-award.cz\/wp-content\/uploads\/2024\/04\/MicrosoftTeams-image-8.jpg\" data-srcset=\"https:\/\/www.design-award.cz\/wp-content\/uploads\/2024\/04\/MicrosoftTeams-image-8.jpg 1753w, https:\/\/www.design-award.cz\/wp-content\/uploads\/2024\/04\/MicrosoftTeams-image-8-300x115.jpg 300w, https:\/\/www.design-award.cz\/wp-content\/uploads\/2024\/04\/MicrosoftTeams-image-8-1024x393.jpg 1024w, https:\/\/www.design-award.cz\/wp-content\/uploads\/2024\/04\/MicrosoftTeams-image-8-768x294.jpg 768w, https:\/\/www.design-award.cz\/wp-content\/uploads\/2024\/04\/MicrosoftTeams-image-8-1536x589.jpg 1536w, https:\/\/www.design-award.cz\/wp-content\/uploads\/2024\/04\/MicrosoftTeams-image-8-500x192.jpg 500w, https:\/\/www.design-award.cz\/wp-content\/uploads\/2024\/04\/MicrosoftTeams-image-8-800x307.jpg 800w, https:\/\/www.design-award.cz\/wp-content\/uploads\/2024\/04\/MicrosoftTeams-image-8-1280x491.jpg 1280w\" data-sizes=\"auto\" loading=\"eager\">\n\t\t<\/a>\t<\/div>\n<\/div>\n\t<figcaption class=\"vp-portfolio__item-overlay vp-portfolio__item-overlay-text-align-center\">\n\t\t<div class=\"vp-portfolio__item-meta-wrap vp-portfolio__custom-scrollbar\">\n\t\t\t\t<a\n\t\thref=\"https:\/\/www.design-award.cz\/?portfolio=verejny-interier-navrh-prodejnich-prostor-pro-znacku-alo-yoga\"\n\t\ttabindex=\"-1\" class=\"vp-portfolio__item-meta\" \t>\n\t\n<h2 class=\"vp-portfolio__item-meta-title\">\n\tVe\u0159ejn\u00fd interi\u00e9r &#8211; N\u00c1VRH PRODEJN\u00cdCH PROSTOR PRO ZNA\u010cKU ALO YOGA<\/h2>\n<\/a>\t\t<\/div>\n\t<\/figcaption>\n\t\t\t<\/figure>\n\t\t\t\t\t<\/article>\n\t\t\n\t\t<article\t\tclass=\"vp-portfolio__item-wrap post-2490 portfolio type-portfolio status-publish format-standard has-post-thumbnail hentry portfolio_category-soutezici-2023 entry has-media vp-portfolio__item-uid-3a1ecbc8\" data-vp-filter=\"soutezici-2023\" \t\t>\n\t\t\t\t\t\t\t\t\t<figure class=\"vp-portfolio__item\">\n\t\t\t\t\n<div class=\"vp-portfolio__item-img-wrap\">\n\t<div class=\"vp-portfolio__item-img\">\n\t\t\t<a\n\t\thref=\"https:\/\/www.design-award.cz\/?portfolio=soukromy-interier-koupelna-3\"\n\t\t\t>\n\t\n\t\t<noscript><img decoding=\"async\" width=\"1920\" height=\"1080\" data-skip-lazy src=\"https:\/\/www.design-award.cz\/wp-content\/uploads\/2023\/04\/render-scene-3-1-min.png\" class=\"wp-image-2491\" alt=\"\" srcset=\"https:\/\/www.design-award.cz\/wp-content\/uploads\/2023\/04\/render-scene-3-1-min.png 1920w, https:\/\/www.design-award.cz\/wp-content\/uploads\/2023\/04\/render-scene-3-1-min-300x169.png 300w, https:\/\/www.design-award.cz\/wp-content\/uploads\/2023\/04\/render-scene-3-1-min-1024x576.png 1024w, https:\/\/www.design-award.cz\/wp-content\/uploads\/2023\/04\/render-scene-3-1-min-768x432.png 768w, https:\/\/www.design-award.cz\/wp-content\/uploads\/2023\/04\/render-scene-3-1-min-1536x864.png 1536w, https:\/\/www.design-award.cz\/wp-content\/uploads\/2023\/04\/render-scene-3-1-min-500x281.png 500w, https:\/\/www.design-award.cz\/wp-content\/uploads\/2023\/04\/render-scene-3-1-min-800x450.png 800w, https:\/\/www.design-award.cz\/wp-content\/uploads\/2023\/04\/render-scene-3-1-min-1280x720.png 1280w\" sizes=\"(max-width: 1920px) 100vw, 1920px\" \/><\/noscript><img decoding=\"async\" width=\"1920\" height=\"1080\" src=\"https:\/\/www.design-award.cz\/wp-content\/uploads\/2023\/04\/render-scene-3-1-min.png\" class=\"wp-image-2491 vp-lazyload\" alt srcset=\"data:image\/svg+xml;base64,PHN2ZyB3aWR0aD0iMTkyMCIgaGVpZ2h0PSIxMDgwIiB2aWV3Qm94PSIwIDAgMTkyMCAxMDgwIiBmaWxsPSJub25lIiB4bWxucz0iaHR0cDovL3d3dy53My5vcmcvMjAwMC9zdmciPjwvc3ZnPg==\" data-src=\"https:\/\/www.design-award.cz\/wp-content\/uploads\/2023\/04\/render-scene-3-1-min.png\" data-srcset=\"https:\/\/www.design-award.cz\/wp-content\/uploads\/2023\/04\/render-scene-3-1-min.png 1920w, https:\/\/www.design-award.cz\/wp-content\/uploads\/2023\/04\/render-scene-3-1-min-300x169.png 300w, https:\/\/www.design-award.cz\/wp-content\/uploads\/2023\/04\/render-scene-3-1-min-1024x576.png 1024w, https:\/\/www.design-award.cz\/wp-content\/uploads\/2023\/04\/render-scene-3-1-min-768x432.png 768w, https:\/\/www.design-award.cz\/wp-content\/uploads\/2023\/04\/render-scene-3-1-min-1536x864.png 1536w, https:\/\/www.design-award.cz\/wp-content\/uploads\/2023\/04\/render-scene-3-1-min-500x281.png 500w, https:\/\/www.design-award.cz\/wp-content\/uploads\/2023\/04\/render-scene-3-1-min-800x450.png 800w, https:\/\/www.design-award.cz\/wp-content\/uploads\/2023\/04\/render-scene-3-1-min-1280x720.png 1280w\" data-sizes=\"auto\" loading=\"eager\">\n\t\t<\/a>\t<\/div>\n<\/div>\n\t<figcaption class=\"vp-portfolio__item-overlay vp-portfolio__item-overlay-text-align-center\">\n\t\t<div class=\"vp-portfolio__item-meta-wrap vp-portfolio__custom-scrollbar\">\n\t\t\t\t<a\n\t\thref=\"https:\/\/www.design-award.cz\/?portfolio=soukromy-interier-koupelna-3\"\n\t\ttabindex=\"-1\" class=\"vp-portfolio__item-meta\" \t>\n\t\n<div class=\"vp-portfolio__item-meta-categories\">\n\t\t\t<div class=\"vp-portfolio__item-meta-category\">\n\t\t\t\t<span\t\t\t>\n\tSOUT\u011a\u017d\u00cdC\u00cd 2023<\/span>\t\t<\/div>\n\t\t<\/div>\n\n<h2 class=\"vp-portfolio__item-meta-title\">\n\tSoukrom\u00fd interi\u00e9r &#8211; Koupelna<\/h2>\n<\/a>\t\t<\/div>\n\t<\/figcaption>\n\t\t\t<\/figure>\n\t\t\t\t\t<\/article>\n\t\t\n<\/div>\n\n<div class=\"vp-portfolio__items-arrow vp-portfolio__items-arrow-prev\" tabindex=\"0\" role=\"button\" aria-label=\"Previous Slide\">\n\t\n<svg class=\"vp-svg-icon\" width=\"20\" height=\"20\" viewBox=\"0 0 20 20\" fill=\"none\" xmlns=\"http:\/\/www.w3.org\/2000\/svg\">\n\t<path d=\"M12 4L6 10L12 16\" stroke=\"currentColor\" stroke-width=\"1.5\" stroke-linecap=\"round\" stroke-linejoin=\"round\" fill=\"transparent\" \/>\n<\/svg>\n<\/div>\n<div class=\"vp-portfolio__items-arrow vp-portfolio__items-arrow-next\" tabindex=\"0\" role=\"button\" aria-label=\"Next Slide\">\n\t\n<svg class=\"vp-svg-icon\" width=\"20\" height=\"20\" viewBox=\"0 0 20 20\" fill=\"none\" xmlns=\"http:\/\/www.w3.org\/2000\/svg\">\n\t<path d=\"M8 4L14 10L8 16\" stroke=\"currentColor\" stroke-width=\"1.5\" stroke-linecap=\"round\" stroke-linejoin=\"round\" fill=\"transparent\" \/>\n<\/svg>\n<\/div>\n\t\t<\/div>\n\t\t\t\t<div class=\"vp-portfolio__layout-elements vp-portfolio__layout-elements-bottom vp-portfolio__layout-elements-align-center\">\n\t\t\t\t<div class=\"vp-portfolio__pagination-wrap\">\n\t\t\n<div class=\"vp-pagination vp-pagination__style-minimal\" data-vp-pagination-type=\"load-more\">\n\t<div class=\"vp-pagination__item\">\n\t\t<a class=\"vp-pagination__load-more\" href=\"https:\/\/www.design-award.cz\/index.php?rest_route=%2Fwp%2Fv2%2Fportfolio%2F771&#038;vp_page=2\">\n\t\t\t<span>Load More<\/span>\n\t\t\t<span class=\"vp-pagination__load-more-loading\"><span class=\"vp-spinner\"><\/span><span class=\"vp-screen-reader-text\"> Loading More&#8230;<\/span><\/span>\n\t\t\t<span class=\"vp-pagination__load-more-no-more\">You\u2019ve reached the end of the list<\/span>\n\t\t<\/a>\n\t<\/div>\n<\/div>\n\t\t<\/div>\n\t\t\t\t<\/div>\n\t\t\n<\/div>\n<\/div>","protected":false},"excerpt":{"rendered":"<p>Adam \u0160ik\u00fd\u0159 St\u0159edn\u00ed \u0161kola designu interi\u00e9ru Kate\u0159inky &#8211; Liberec, s.r.o. (S\u0160DI) Hlavn\u00ed my\u0161lenkou hotelov\u00e9ho pokoje\/apartm\u00e1 je p\u0159edev\u0161\u00edm ohled na \u017eivotn\u00ed prost\u0159ed\u00ed a propojen\u00ed s p\u0159\u00edrodou. Proto jsou zde vyu\u017eity materi\u00e1ly jako organoid, recyklovan\u00e9 plasty a prvky \u00fasporn\u00fdch elektrick\u00fdch spot\u0159ebi\u010d\u016f. V\u0161e v interi\u00e9ru jsem navrhoval tak, aby p\u0159i pohybu v prostoru nic nep\u0159ek\u00e1\u017eelo, ale aby byl [&hellip;]<\/p>\n","protected":false},"author":1,"featured_media":775,"menu_order":0,"comment_status":"closed","ping_status":"closed","template":"","format":"standard","meta":{"ngg_post_thumbnail":0,"ocean_post_layout":"","ocean_both_sidebars_style":"","ocean_both_sidebars_content_width":0,"ocean_both_sidebars_sidebars_width":0,"ocean_sidebar":"","ocean_second_sidebar":"","ocean_disable_margins":"enable","ocean_add_body_class":"","ocean_shortcode_before_top_bar":"","ocean_shortcode_after_top_bar":"","ocean_shortcode_before_header":"","ocean_shortcode_after_header":"","ocean_has_shortcode":"","ocean_shortcode_after_title":"","ocean_shortcode_before_footer_widgets":"","ocean_shortcode_after_footer_widgets":"","ocean_shortcode_before_footer_bottom":"","ocean_shortcode_after_footer_bottom":"","ocean_display_top_bar":"default","ocean_display_header":"default","ocean_header_style":"","ocean_center_header_left_menu":"","ocean_custom_header_template":"","ocean_custom_logo":0,"ocean_custom_retina_logo":0,"ocean_custom_logo_max_width":0,"ocean_custom_logo_tablet_max_width":0,"ocean_custom_logo_mobile_max_width":0,"ocean_custom_logo_max_height":0,"ocean_custom_logo_tablet_max_height":0,"ocean_custom_logo_mobile_max_height":0,"ocean_header_custom_menu":"","ocean_menu_typo_font_family":"","ocean_menu_typo_font_subset":"","ocean_menu_typo_font_size":0,"ocean_menu_typo_font_size_tablet":0,"ocean_menu_typo_font_size_mobile":0,"ocean_menu_typo_font_size_unit":"px","ocean_menu_typo_font_weight":"","ocean_menu_typo_font_weight_tablet":"","ocean_menu_typo_font_weight_mobile":"","ocean_menu_typo_transform":"","ocean_menu_typo_transform_tablet":"","ocean_menu_typo_transform_mobile":"","ocean_menu_typo_line_height":0,"ocean_menu_typo_line_height_tablet":0,"ocean_menu_typo_line_height_mobile":0,"ocean_menu_typo_line_height_unit":"","ocean_menu_typo_spacing":0,"ocean_menu_typo_spacing_tablet":0,"ocean_menu_typo_spacing_mobile":0,"ocean_menu_typo_spacing_unit":"","ocean_menu_link_color":"","ocean_menu_link_color_hover":"","ocean_menu_link_color_active":"","ocean_menu_link_background":"","ocean_menu_link_hover_background":"","ocean_menu_link_active_background":"","ocean_menu_social_links_bg":"","ocean_menu_social_hover_links_bg":"","ocean_menu_social_links_color":"","ocean_menu_social_hover_links_color":"","ocean_disable_title":"default","ocean_disable_heading":"default","ocean_post_title":"","ocean_post_subheading":"","ocean_post_title_style":"","ocean_post_title_background_color":"","ocean_post_title_background":0,"ocean_post_title_bg_image_position":"","ocean_post_title_bg_image_attachment":"","ocean_post_title_bg_image_repeat":"","ocean_post_title_bg_image_size":"","ocean_post_title_height":0,"ocean_post_title_bg_overlay":0.5,"ocean_post_title_bg_overlay_color":"","ocean_disable_breadcrumbs":"default","ocean_breadcrumbs_color":"","ocean_breadcrumbs_separator_color":"","ocean_breadcrumbs_links_color":"","ocean_breadcrumbs_links_hover_color":"","ocean_display_footer_widgets":"default","ocean_display_footer_bottom":"default","ocean_custom_footer_template":"","_vp_format_video_url":"","_vp_image_focal_point":{"x":0.33,"y":0.59},"footnotes":""},"portfolio_category":[],"portfolio_tag":[],"class_list":["post-771","portfolio","type-portfolio","status-publish","format-standard","has-post-thumbnail","hentry","entry","has-media"],"yoast_head":"<!-- This site is optimized with the Yoast SEO plugin v25.2 - https:\/\/yoast.com\/wordpress\/plugins\/seo\/ -->\n<title>Ve\u0159ejn\u00fd interi\u00e9r - Hotelov\u00fd pokoj - design-award.cz<\/title>\n<meta name=\"robots\" content=\"index, follow, max-snippet:-1, max-image-preview:large, max-video-preview:-1\" \/>\n<link rel=\"canonical\" href=\"https:\/\/www.design-award.cz\/?portfolio=771\" \/>\n<meta property=\"og:locale\" content=\"cs_CZ\" \/>\n<meta property=\"og:type\" content=\"article\" \/>\n<meta property=\"og:title\" content=\"Ve\u0159ejn\u00fd interi\u00e9r - Hotelov\u00fd pokoj - design-award.cz\" \/>\n<meta property=\"og:description\" content=\"Adam \u0160ik\u00fd\u0159 St\u0159edn\u00ed \u0161kola designu interi\u00e9ru Kate\u0159inky &#8211; Liberec, s.r.o. (S\u0160DI) Hlavn\u00ed my\u0161lenkou hotelov\u00e9ho pokoje\/apartm\u00e1 je p\u0159edev\u0161\u00edm ohled na \u017eivotn\u00ed prost\u0159ed\u00ed a propojen\u00ed s p\u0159\u00edrodou. Proto jsou zde vyu\u017eity materi\u00e1ly jako organoid, recyklovan\u00e9 plasty a prvky \u00fasporn\u00fdch elektrick\u00fdch spot\u0159ebi\u010d\u016f. V\u0161e v interi\u00e9ru jsem navrhoval tak, aby p\u0159i pohybu v prostoru nic nep\u0159ek\u00e1\u017eelo, ale aby byl [&hellip;]\" \/>\n<meta property=\"og:url\" content=\"https:\/\/www.design-award.cz\/?portfolio=771\" \/>\n<meta property=\"og:site_name\" content=\"design-award.cz\" \/>\n<meta property=\"article:modified_time\" content=\"2022-04-26T19:14:00+00:00\" \/>\n<meta property=\"og:image\" content=\"http:\/\/www.design-award.cz\/wp-content\/uploads\/2022\/04\/obyvak-1_optimized-scaled.jpg\" \/>\n\t<meta property=\"og:image:width\" content=\"2560\" \/>\n\t<meta property=\"og:image:height\" content=\"1706\" \/>\n\t<meta property=\"og:image:type\" content=\"image\/jpeg\" \/>\n<meta name=\"twitter:card\" content=\"summary_large_image\" \/>\n<meta name=\"twitter:label1\" content=\"Odhadovan\u00e1 doba \u010dten\u00ed\" \/>\n\t<meta name=\"twitter:data1\" content=\"3 minuty\" \/>\n<script type=\"application\/ld+json\" class=\"yoast-schema-graph\">{\"@context\":\"https:\/\/schema.org\",\"@graph\":[{\"@type\":\"WebPage\",\"@id\":\"https:\/\/www.design-award.cz\/?portfolio=771\",\"url\":\"https:\/\/www.design-award.cz\/?portfolio=771\",\"name\":\"Ve\u0159ejn\u00fd interi\u00e9r - Hotelov\u00fd pokoj - design-award.cz\",\"isPartOf\":{\"@id\":\"https:\/\/www.design-award.cz\/#website\"},\"primaryImageOfPage\":{\"@id\":\"https:\/\/www.design-award.cz\/?portfolio=771#primaryimage\"},\"image\":{\"@id\":\"https:\/\/www.design-award.cz\/?portfolio=771#primaryimage\"},\"thumbnailUrl\":\"https:\/\/www.design-award.cz\/wp-content\/uploads\/2022\/04\/obyvak-1_optimized-scaled.jpg\",\"datePublished\":\"2022-04-26T19:04:56+00:00\",\"dateModified\":\"2022-04-26T19:14:00+00:00\",\"breadcrumb\":{\"@id\":\"https:\/\/www.design-award.cz\/?portfolio=771#breadcrumb\"},\"inLanguage\":\"cs\",\"potentialAction\":[{\"@type\":\"ReadAction\",\"target\":[\"https:\/\/www.design-award.cz\/?portfolio=771\"]}]},{\"@type\":\"ImageObject\",\"inLanguage\":\"cs\",\"@id\":\"https:\/\/www.design-award.cz\/?portfolio=771#primaryimage\",\"url\":\"https:\/\/www.design-award.cz\/wp-content\/uploads\/2022\/04\/obyvak-1_optimized-scaled.jpg\",\"contentUrl\":\"https:\/\/www.design-award.cz\/wp-content\/uploads\/2022\/04\/obyvak-1_optimized-scaled.jpg\",\"width\":2560,\"height\":1706},{\"@type\":\"BreadcrumbList\",\"@id\":\"https:\/\/www.design-award.cz\/?portfolio=771#breadcrumb\",\"itemListElement\":[{\"@type\":\"ListItem\",\"position\":1,\"name\":\"Dom\u016f\",\"item\":\"https:\/\/www.design-award.cz\/\"},{\"@type\":\"ListItem\",\"position\":2,\"name\":\"Portfolio Items\",\"item\":\"https:\/\/www.design-award.cz\/?post_type=portfolio\"},{\"@type\":\"ListItem\",\"position\":3,\"name\":\"Ve\u0159ejn\u00fd interi\u00e9r &#8211; Hotelov\u00fd pokoj\"}]},{\"@type\":\"WebSite\",\"@id\":\"https:\/\/www.design-award.cz\/#website\",\"url\":\"https:\/\/www.design-award.cz\/\",\"name\":\"design-award.cz\",\"description\":\"WARD vznikla v roce 2022. Je ur\u010dena p\u0159edev\u0161\u00edm student\u016fm st\u0159edn\u00edch um\u011bleck\u00fdch \u0161kol (S\u0160 a VO\u0160), kte\u0159\u00ed mohou bezplatn\u011b zaslat sv\u00e9 n\u00e1vrhy v uveden\u00fdch kategori\u00ed a tak pom\u011b\u0159it sv\u00e9 n\u00e1pady s konkurenc\u00ed sv\u00fdch vrstevn\u00edk\u016f. N\u00e1vrhy jsou n\u00e1sledn\u011b posouzeny nez\u00e1vislou porotou z \u0159ad v\u00fdtvarn\u00edk\u016f, pedagog\u016f a profesion\u00e1l\u016f z oboru.\",\"publisher\":{\"@id\":\"https:\/\/www.design-award.cz\/#organization\"},\"potentialAction\":[{\"@type\":\"SearchAction\",\"target\":{\"@type\":\"EntryPoint\",\"urlTemplate\":\"https:\/\/www.design-award.cz\/?s={search_term_string}\"},\"query-input\":{\"@type\":\"PropertyValueSpecification\",\"valueRequired\":true,\"valueName\":\"search_term_string\"}}],\"inLanguage\":\"cs\"},{\"@type\":\"Organization\",\"@id\":\"https:\/\/www.design-award.cz\/#organization\",\"name\":\"Design Award\",\"url\":\"https:\/\/www.design-award.cz\/\",\"logo\":{\"@type\":\"ImageObject\",\"inLanguage\":\"cs\",\"@id\":\"https:\/\/www.design-award.cz\/#\/schema\/logo\/image\/\",\"url\":\"http:\/\/www.design-award.cz\/wp-content\/uploads\/2021\/12\/hornilogo_design-award.png\",\"contentUrl\":\"http:\/\/www.design-award.cz\/wp-content\/uploads\/2021\/12\/hornilogo_design-award.png\",\"width\":800,\"height\":600,\"caption\":\"Design Award\"},\"image\":{\"@id\":\"https:\/\/www.design-award.cz\/#\/schema\/logo\/image\/\"},\"sameAs\":[\"https:\/\/www.instagram.com\/design_award\/\"]}]}<\/script>\n<!-- \/ Yoast SEO plugin. -->","yoast_head_json":{"title":"Ve\u0159ejn\u00fd interi\u00e9r - Hotelov\u00fd pokoj - design-award.cz","robots":{"index":"index","follow":"follow","max-snippet":"max-snippet:-1","max-image-preview":"max-image-preview:large","max-video-preview":"max-video-preview:-1"},"canonical":"https:\/\/www.design-award.cz\/?portfolio=771","og_locale":"cs_CZ","og_type":"article","og_title":"Ve\u0159ejn\u00fd interi\u00e9r - Hotelov\u00fd pokoj - design-award.cz","og_description":"Adam \u0160ik\u00fd\u0159 St\u0159edn\u00ed \u0161kola designu interi\u00e9ru Kate\u0159inky &#8211; Liberec, s.r.o. (S\u0160DI) Hlavn\u00ed my\u0161lenkou hotelov\u00e9ho pokoje\/apartm\u00e1 je p\u0159edev\u0161\u00edm ohled na \u017eivotn\u00ed prost\u0159ed\u00ed a propojen\u00ed s p\u0159\u00edrodou. Proto jsou zde vyu\u017eity materi\u00e1ly jako organoid, recyklovan\u00e9 plasty a prvky \u00fasporn\u00fdch elektrick\u00fdch spot\u0159ebi\u010d\u016f. V\u0161e v interi\u00e9ru jsem navrhoval tak, aby p\u0159i pohybu v prostoru nic nep\u0159ek\u00e1\u017eelo, ale aby byl [&hellip;]","og_url":"https:\/\/www.design-award.cz\/?portfolio=771","og_site_name":"design-award.cz","article_modified_time":"2022-04-26T19:14:00+00:00","og_image":[{"width":2560,"height":1706,"url":"http:\/\/www.design-award.cz\/wp-content\/uploads\/2022\/04\/obyvak-1_optimized-scaled.jpg","type":"image\/jpeg"}],"twitter_card":"summary_large_image","twitter_misc":{"Odhadovan\u00e1 doba \u010dten\u00ed":"3 minuty"},"schema":{"@context":"https:\/\/schema.org","@graph":[{"@type":"WebPage","@id":"https:\/\/www.design-award.cz\/?portfolio=771","url":"https:\/\/www.design-award.cz\/?portfolio=771","name":"Ve\u0159ejn\u00fd interi\u00e9r - Hotelov\u00fd pokoj - design-award.cz","isPartOf":{"@id":"https:\/\/www.design-award.cz\/#website"},"primaryImageOfPage":{"@id":"https:\/\/www.design-award.cz\/?portfolio=771#primaryimage"},"image":{"@id":"https:\/\/www.design-award.cz\/?portfolio=771#primaryimage"},"thumbnailUrl":"https:\/\/www.design-award.cz\/wp-content\/uploads\/2022\/04\/obyvak-1_optimized-scaled.jpg","datePublished":"2022-04-26T19:04:56+00:00","dateModified":"2022-04-26T19:14:00+00:00","breadcrumb":{"@id":"https:\/\/www.design-award.cz\/?portfolio=771#breadcrumb"},"inLanguage":"cs","potentialAction":[{"@type":"ReadAction","target":["https:\/\/www.design-award.cz\/?portfolio=771"]}]},{"@type":"ImageObject","inLanguage":"cs","@id":"https:\/\/www.design-award.cz\/?portfolio=771#primaryimage","url":"https:\/\/www.design-award.cz\/wp-content\/uploads\/2022\/04\/obyvak-1_optimized-scaled.jpg","contentUrl":"https:\/\/www.design-award.cz\/wp-content\/uploads\/2022\/04\/obyvak-1_optimized-scaled.jpg","width":2560,"height":1706},{"@type":"BreadcrumbList","@id":"https:\/\/www.design-award.cz\/?portfolio=771#breadcrumb","itemListElement":[{"@type":"ListItem","position":1,"name":"Dom\u016f","item":"https:\/\/www.design-award.cz\/"},{"@type":"ListItem","position":2,"name":"Portfolio Items","item":"https:\/\/www.design-award.cz\/?post_type=portfolio"},{"@type":"ListItem","position":3,"name":"Ve\u0159ejn\u00fd interi\u00e9r &#8211; Hotelov\u00fd pokoj"}]},{"@type":"WebSite","@id":"https:\/\/www.design-award.cz\/#website","url":"https:\/\/www.design-award.cz\/","name":"design-award.cz","description":"WARD vznikla v roce 2022. Je ur\u010dena p\u0159edev\u0161\u00edm student\u016fm st\u0159edn\u00edch um\u011bleck\u00fdch \u0161kol (S\u0160 a VO\u0160), kte\u0159\u00ed mohou bezplatn\u011b zaslat sv\u00e9 n\u00e1vrhy v uveden\u00fdch kategori\u00ed a tak pom\u011b\u0159it sv\u00e9 n\u00e1pady s konkurenc\u00ed sv\u00fdch vrstevn\u00edk\u016f. N\u00e1vrhy jsou n\u00e1sledn\u011b posouzeny nez\u00e1vislou porotou z \u0159ad v\u00fdtvarn\u00edk\u016f, pedagog\u016f a profesion\u00e1l\u016f z oboru.","publisher":{"@id":"https:\/\/www.design-award.cz\/#organization"},"potentialAction":[{"@type":"SearchAction","target":{"@type":"EntryPoint","urlTemplate":"https:\/\/www.design-award.cz\/?s={search_term_string}"},"query-input":{"@type":"PropertyValueSpecification","valueRequired":true,"valueName":"search_term_string"}}],"inLanguage":"cs"},{"@type":"Organization","@id":"https:\/\/www.design-award.cz\/#organization","name":"Design Award","url":"https:\/\/www.design-award.cz\/","logo":{"@type":"ImageObject","inLanguage":"cs","@id":"https:\/\/www.design-award.cz\/#\/schema\/logo\/image\/","url":"http:\/\/www.design-award.cz\/wp-content\/uploads\/2021\/12\/hornilogo_design-award.png","contentUrl":"http:\/\/www.design-award.cz\/wp-content\/uploads\/2021\/12\/hornilogo_design-award.png","width":800,"height":600,"caption":"Design Award"},"image":{"@id":"https:\/\/www.design-award.cz\/#\/schema\/logo\/image\/"},"sameAs":["https:\/\/www.instagram.com\/design_award\/"]}]}},"_links":{"self":[{"href":"https:\/\/www.design-award.cz\/index.php?rest_route=\/wp\/v2\/portfolio\/771","targetHints":{"allow":["GET"]}}],"collection":[{"href":"https:\/\/www.design-award.cz\/index.php?rest_route=\/wp\/v2\/portfolio"}],"about":[{"href":"https:\/\/www.design-award.cz\/index.php?rest_route=\/wp\/v2\/types\/portfolio"}],"author":[{"embeddable":true,"href":"https:\/\/www.design-award.cz\/index.php?rest_route=\/wp\/v2\/users\/1"}],"replies":[{"embeddable":true,"href":"https:\/\/www.design-award.cz\/index.php?rest_route=%2Fwp%2Fv2%2Fcomments&post=771"}],"version-history":[{"count":3,"href":"https:\/\/www.design-award.cz\/index.php?rest_route=\/wp\/v2\/portfolio\/771\/revisions"}],"predecessor-version":[{"id":787,"href":"https:\/\/www.design-award.cz\/index.php?rest_route=\/wp\/v2\/portfolio\/771\/revisions\/787"}],"wp:featuredmedia":[{"embeddable":true,"href":"https:\/\/www.design-award.cz\/index.php?rest_route=\/wp\/v2\/media\/775"}],"wp:attachment":[{"href":"https:\/\/www.design-award.cz\/index.php?rest_route=%2Fwp%2Fv2%2Fmedia&parent=771"}],"wp:term":[{"taxonomy":"portfolio_category","embeddable":true,"href":"https:\/\/www.design-award.cz\/index.php?rest_route=%2Fwp%2Fv2%2Fportfolio_category&post=771"},{"taxonomy":"portfolio_tag","embeddable":true,"href":"https:\/\/www.design-award.cz\/index.php?rest_route=%2Fwp%2Fv2%2Fportfolio_tag&post=771"}],"curies":[{"name":"wp","href":"https:\/\/api.w.org\/{rel}","templated":true}]}}