{"id":780,"date":"2022-04-26T19:11:20","date_gmt":"2022-04-26T19:11:20","guid":{"rendered":"https:\/\/www.design-award.cz\/?post_type=portfolio&#038;p=780"},"modified":"2022-04-26T19:11:21","modified_gmt":"2022-04-26T19:11:21","slug":"produktovy-design-pracovni-stul-everythiyn","status":"publish","type":"portfolio","link":"https:\/\/www.design-award.cz\/?portfolio=produktovy-design-pracovni-stul-everythiyn","title":{"rendered":"Produktov\u00fd design &#8211; pracovn\u00ed st\u016fl Everythiyn&#8216;"},"content":{"rendered":"\n<h2 class=\"wp-block-heading\">Adam \u0160ik\u00fd\u0159<\/h2>\n\n\n\n<p><strong>St\u0159edn\u00ed \u0161kola designu interi\u00e9ru Kate\u0159inky &#8211; Liberec, s.r.o. (S\u0160DI)<\/strong><\/p>\n\n\n\n<p>St\u016fl pro studenty inspirovan\u00fd distan\u010dn\u00ed v\u00fdukou, kdy zji\u0161\u0165ujete, co v\u0161e je na stole pot\u0159eba. St\u016fl zaujme na prvn\u00ed pohled prvky oh\u00fdban\u00e9ho d\u0159eva. Nevynik\u00e1 pouze sv\u00fdm designem, ale hlavn\u011b funkcemi a prakti\u010dnost\u00ed. St\u016fl je z bukov\u00e9ho masivu a obsahuje polohovatelnou desku se zabudovan\u00fdm magnetem pro prav\u00edtko, kter\u00e9 po naklopen\u00ed desky zabr\u00e1n\u00ed tomu, aby v\u011bci z pohybliv\u00e9 \u010d\u00e1sti sj\u00ed\u017ed\u011bli. Panty jsou uzamykateln\u00e9 ve 3 poloh\u00e1ch. D\u00e1le zde nalezneme tak\u00e9 objemn\u00fd \u00falo\u017en\u00fd prostor, zabudovanou bezdr\u00e1tovou nab\u00edje\u010dku, nebo prostor pro jednoduch\u00e9 veden\u00ed el. kabel\u016f. St\u016fl je mo\u017en\u00e9 konfigurovat i s r\u016fzn\u00fdmi pomocn\u00edky pro \u0161koln\u00ed pot\u0159eby nebo jin\u00e9 barevn\u00e9 varianty. Tohle je st\u016fl Everythyin&#8216;-everything you need.<\/p>\n\n\n\n<figure class=\"wp-block-image size-large\"><img decoding=\"async\" width=\"717\" height=\"1024\" data-src=\"http:\/\/www.design-award.cz\/wp-content\/uploads\/2022\/04\/KLAUZURA-plakat-717x1024.jpg\" alt=\"\" class=\"wp-image-781 lazyload\" data-srcset=\"https:\/\/www.design-award.cz\/wp-content\/uploads\/2022\/04\/KLAUZURA-plakat-717x1024.jpg 717w, https:\/\/www.design-award.cz\/wp-content\/uploads\/2022\/04\/KLAUZURA-plakat-210x300.jpg 210w, https:\/\/www.design-award.cz\/wp-content\/uploads\/2022\/04\/KLAUZURA-plakat-768x1097.jpg 768w, https:\/\/www.design-award.cz\/wp-content\/uploads\/2022\/04\/KLAUZURA-plakat-1075x1536.jpg 1075w, https:\/\/www.design-award.cz\/wp-content\/uploads\/2022\/04\/KLAUZURA-plakat-1434x2048.jpg 1434w, https:\/\/www.design-award.cz\/wp-content\/uploads\/2022\/04\/KLAUZURA-plakat-500x714.jpg 500w, https:\/\/www.design-award.cz\/wp-content\/uploads\/2022\/04\/KLAUZURA-plakat-800x1143.jpg 800w, https:\/\/www.design-award.cz\/wp-content\/uploads\/2022\/04\/KLAUZURA-plakat-1280x1829.jpg 1280w, https:\/\/www.design-award.cz\/wp-content\/uploads\/2022\/04\/KLAUZURA-plakat-1920x2743.jpg 1920w, https:\/\/www.design-award.cz\/wp-content\/uploads\/2022\/04\/KLAUZURA-plakat-scaled.jpg 1792w\" data-sizes=\"(max-width: 717px) 100vw, 717px\" src=\"data:image\/svg+xml;base64,PHN2ZyB3aWR0aD0iMSIgaGVpZ2h0PSIxIiB4bWxucz0iaHR0cDovL3d3dy53My5vcmcvMjAwMC9zdmciPjwvc3ZnPg==\" style=\"--smush-placeholder-width: 717px; --smush-placeholder-aspect-ratio: 717\/1024;\" \/><\/figure>\n\n\n\n<figure class=\"wp-block-image size-full\"><img decoding=\"async\" width=\"619\" height=\"370\" data-src=\"http:\/\/www.design-award.cz\/wp-content\/uploads\/2022\/04\/sikyr-everythiyn3.jpg\" alt=\"\" class=\"wp-image-783 lazyload\" data-srcset=\"https:\/\/www.design-award.cz\/wp-content\/uploads\/2022\/04\/sikyr-everythiyn3.jpg 619w, https:\/\/www.design-award.cz\/wp-content\/uploads\/2022\/04\/sikyr-everythiyn3-300x179.jpg 300w, https:\/\/www.design-award.cz\/wp-content\/uploads\/2022\/04\/sikyr-everythiyn3-500x299.jpg 500w\" data-sizes=\"(max-width: 619px) 100vw, 619px\" src=\"data:image\/svg+xml;base64,PHN2ZyB3aWR0aD0iMSIgaGVpZ2h0PSIxIiB4bWxucz0iaHR0cDovL3d3dy53My5vcmcvMjAwMC9zdmciPjwvc3ZnPg==\" style=\"--smush-placeholder-width: 619px; --smush-placeholder-aspect-ratio: 619\/370;\" \/><\/figure>\n\n\n<div class=\"wp-block-visual-portfolio\">\n<div class=\"vp-portfolio vp-uid-2ece4a06 vp-id-607\"\n\tdata-vp-layout=\"slider\" data-vp-content-source=\"post-based\" data-vp-items-style=\"fade\" data-vp-items-click-action=\"url\" data-vp-items-gap=\"12\" data-vp-items-gap-vertical=\"\" data-vp-pagination=\"load-more\" data-vp-next-page-url=\"https:\/\/www.design-award.cz\/index.php?rest_route=%2Fwp%2Fv2%2Fportfolio%2F780&#038;vp_page=2\" data-vp-random-seed=\"4057052037\" data-vp-slider-effect=\"slide\" data-vp-slider-items-height=\"80%\" data-vp-slider-items-min-height=\"\" data-vp-slider-slides-per-view=\"3\" data-vp-slider-speed=\"0.3\" data-vp-slider-autoplay=\"4.8\" data-vp-slider-autoplay-hover-pause=\"false\" data-vp-slider-centered-slides=\"true\" data-vp-slider-loop=\"true\" data-vp-slider-free-mode=\"false\" data-vp-slider-free-mode-sticky=\"false\" data-vp-slider-arrows=\"true\" data-vp-slider-bullets=\"false\" data-vp-slider-bullets-dynamic=\"false\" data-vp-slider-mousewheel=\"false\" data-vp-slider-thumbnails=\"false\" >\n\t<div class=\"vp-portfolio__preloader-wrap\">\n\t\t<div class=\"vp-portfolio__preloader\">\n\t\t\t<img decoding=\"async\" loading=\"eager\" src=\"https:\/\/www.design-award.cz\/wp-content\/plugins\/visual-portfolio\/assets\/images\/logo-dark.svg\" alt=\"Visual Portfolio, Posts &amp; Image Gallery for WordPress\" width=\"20\" height=\"20\" data-skip-lazy>\n\t\t<\/div>\n\t<\/div>\n\t\t<div class=\"vp-portfolio__items-wrap\">\n\t\t\t\n<div class=\"vp-portfolio__items vp-portfolio__items-style-fade vp-portfolio__items-show-overlay-hover\">\n\n\t\t<article\t\tclass=\"vp-portfolio__item-wrap post-5668 portfolio type-portfolio status-publish format-standard has-post-thumbnail hentry entry has-media vp-portfolio__item-uid-2d0eb3e2\" data-vp-filter=\"\" \t\t>\n\t\t\t\t\t\t\t\t\t<figure class=\"vp-portfolio__item\">\n\t\t\t\t\n<div class=\"vp-portfolio__item-img-wrap\">\n\t<div class=\"vp-portfolio__item-img\">\n\t\t\t<a\n\t\thref=\"https:\/\/www.design-award.cz\/?portfolio=produktovy-design-colokid\"\n\t\t\t>\n\t\n\t\t<noscript><img decoding=\"async\" width=\"1748\" height=\"993\" data-skip-lazy src=\"https:\/\/www.design-award.cz\/wp-content\/uploads\/2025\/07\/Snimek-obrazovky-2025-07-01-001449.png\" class=\"wp-image-5671\" alt=\"\" srcset=\"https:\/\/www.design-award.cz\/wp-content\/uploads\/2025\/07\/Snimek-obrazovky-2025-07-01-001449.png 1748w, https:\/\/www.design-award.cz\/wp-content\/uploads\/2025\/07\/Snimek-obrazovky-2025-07-01-001449-300x170.png 300w, https:\/\/www.design-award.cz\/wp-content\/uploads\/2025\/07\/Snimek-obrazovky-2025-07-01-001449-1024x582.png 1024w, https:\/\/www.design-award.cz\/wp-content\/uploads\/2025\/07\/Snimek-obrazovky-2025-07-01-001449-768x436.png 768w, https:\/\/www.design-award.cz\/wp-content\/uploads\/2025\/07\/Snimek-obrazovky-2025-07-01-001449-1536x873.png 1536w, https:\/\/www.design-award.cz\/wp-content\/uploads\/2025\/07\/Snimek-obrazovky-2025-07-01-001449-500x284.png 500w, https:\/\/www.design-award.cz\/wp-content\/uploads\/2025\/07\/Snimek-obrazovky-2025-07-01-001449-800x454.png 800w, https:\/\/www.design-award.cz\/wp-content\/uploads\/2025\/07\/Snimek-obrazovky-2025-07-01-001449-1280x727.png 1280w\" sizes=\"(max-width: 1748px) 100vw, 1748px\" \/><\/noscript><img fetchpriority=\"high\" decoding=\"async\" width=\"1748\" height=\"993\" src=\"https:\/\/www.design-award.cz\/wp-content\/uploads\/2025\/07\/Snimek-obrazovky-2025-07-01-001449.png\" class=\"wp-image-5671 vp-lazyload\" alt srcset=\"data:image\/svg+xml;base64,PHN2ZyB3aWR0aD0iMTc0OCIgaGVpZ2h0PSI5OTMiIHZpZXdCb3g9IjAgMCAxNzQ4IDk5MyIgZmlsbD0ibm9uZSIgeG1sbnM9Imh0dHA6Ly93d3cudzMub3JnLzIwMDAvc3ZnIj48L3N2Zz4=\" data-src=\"https:\/\/www.design-award.cz\/wp-content\/uploads\/2025\/07\/Snimek-obrazovky-2025-07-01-001449.png\" data-srcset=\"https:\/\/www.design-award.cz\/wp-content\/uploads\/2025\/07\/Snimek-obrazovky-2025-07-01-001449.png 1748w, https:\/\/www.design-award.cz\/wp-content\/uploads\/2025\/07\/Snimek-obrazovky-2025-07-01-001449-300x170.png 300w, https:\/\/www.design-award.cz\/wp-content\/uploads\/2025\/07\/Snimek-obrazovky-2025-07-01-001449-1024x582.png 1024w, https:\/\/www.design-award.cz\/wp-content\/uploads\/2025\/07\/Snimek-obrazovky-2025-07-01-001449-768x436.png 768w, https:\/\/www.design-award.cz\/wp-content\/uploads\/2025\/07\/Snimek-obrazovky-2025-07-01-001449-1536x873.png 1536w, https:\/\/www.design-award.cz\/wp-content\/uploads\/2025\/07\/Snimek-obrazovky-2025-07-01-001449-500x284.png 500w, https:\/\/www.design-award.cz\/wp-content\/uploads\/2025\/07\/Snimek-obrazovky-2025-07-01-001449-800x454.png 800w, https:\/\/www.design-award.cz\/wp-content\/uploads\/2025\/07\/Snimek-obrazovky-2025-07-01-001449-1280x727.png 1280w\" data-sizes=\"auto\" loading=\"eager\">\n\t\t<\/a>\t<\/div>\n<\/div>\n\t<figcaption class=\"vp-portfolio__item-overlay vp-portfolio__item-overlay-text-align-center\">\n\t\t<div class=\"vp-portfolio__item-meta-wrap vp-portfolio__custom-scrollbar\">\n\t\t\t\t<a\n\t\thref=\"https:\/\/www.design-award.cz\/?portfolio=produktovy-design-colokid\"\n\t\ttabindex=\"-1\" class=\"vp-portfolio__item-meta\" \t>\n\t\n<h2 class=\"vp-portfolio__item-meta-title\">\n\tProduktov\u00fd design &#8211; Colokid<\/h2>\n<\/a>\t\t<\/div>\n\t<\/figcaption>\n\t\t\t<\/figure>\n\t\t\t\t\t<\/article>\n\t\t\n\t\t<article\t\tclass=\"vp-portfolio__item-wrap post-1718 portfolio type-portfolio status-publish format-standard has-post-thumbnail hentry portfolio_category-soutezici-2023 entry has-media vp-portfolio__item-uid-ecefd845\" data-vp-filter=\"soutezici-2023\" \t\t>\n\t\t\t\t\t\t\t\t\t<figure class=\"vp-portfolio__item\">\n\t\t\t\t\n<div class=\"vp-portfolio__item-img-wrap\">\n\t<div class=\"vp-portfolio__item-img\">\n\t\t\t<a\n\t\thref=\"https:\/\/www.design-award.cz\/?portfolio=verejny-interier-folklorni-expo\"\n\t\t\t>\n\t\n\t\t<noscript><img decoding=\"async\" width=\"800\" height=\"600\" data-skip-lazy src=\"https:\/\/www.design-award.cz\/wp-content\/uploads\/2023\/02\/Klauzury-VM4-Krejcirova-Folklor-VENEK.jpg\" class=\"wp-image-1724\" alt=\"\" srcset=\"https:\/\/www.design-award.cz\/wp-content\/uploads\/2023\/02\/Klauzury-VM4-Krejcirova-Folklor-VENEK.jpg 800w, https:\/\/www.design-award.cz\/wp-content\/uploads\/2023\/02\/Klauzury-VM4-Krejcirova-Folklor-VENEK-300x225.jpg 300w, https:\/\/www.design-award.cz\/wp-content\/uploads\/2023\/02\/Klauzury-VM4-Krejcirova-Folklor-VENEK-768x576.jpg 768w, https:\/\/www.design-award.cz\/wp-content\/uploads\/2023\/02\/Klauzury-VM4-Krejcirova-Folklor-VENEK-500x375.jpg 500w\" sizes=\"(max-width: 800px) 100vw, 800px\" \/><\/noscript><img decoding=\"async\" width=\"800\" height=\"600\" src=\"https:\/\/www.design-award.cz\/wp-content\/uploads\/2023\/02\/Klauzury-VM4-Krejcirova-Folklor-VENEK.jpg\" class=\"wp-image-1724 vp-lazyload\" alt srcset=\"data:image\/svg+xml;base64,PHN2ZyB3aWR0aD0iODAwIiBoZWlnaHQ9IjYwMCIgdmlld0JveD0iMCAwIDgwMCA2MDAiIGZpbGw9Im5vbmUiIHhtbG5zPSJodHRwOi8vd3d3LnczLm9yZy8yMDAwL3N2ZyI+PC9zdmc+\" data-src=\"https:\/\/www.design-award.cz\/wp-content\/uploads\/2023\/02\/Klauzury-VM4-Krejcirova-Folklor-VENEK.jpg\" data-srcset=\"https:\/\/www.design-award.cz\/wp-content\/uploads\/2023\/02\/Klauzury-VM4-Krejcirova-Folklor-VENEK.jpg 800w, https:\/\/www.design-award.cz\/wp-content\/uploads\/2023\/02\/Klauzury-VM4-Krejcirova-Folklor-VENEK-300x225.jpg 300w, https:\/\/www.design-award.cz\/wp-content\/uploads\/2023\/02\/Klauzury-VM4-Krejcirova-Folklor-VENEK-768x576.jpg 768w, https:\/\/www.design-award.cz\/wp-content\/uploads\/2023\/02\/Klauzury-VM4-Krejcirova-Folklor-VENEK-500x375.jpg 500w\" data-sizes=\"auto\" loading=\"eager\">\n\t\t<\/a>\t<\/div>\n<\/div>\n\t<figcaption class=\"vp-portfolio__item-overlay vp-portfolio__item-overlay-text-align-center\">\n\t\t<div class=\"vp-portfolio__item-meta-wrap vp-portfolio__custom-scrollbar\">\n\t\t\t\t<a\n\t\thref=\"https:\/\/www.design-award.cz\/?portfolio=verejny-interier-folklorni-expo\"\n\t\ttabindex=\"-1\" class=\"vp-portfolio__item-meta\" \t>\n\t\n<div class=\"vp-portfolio__item-meta-categories\">\n\t\t\t<div class=\"vp-portfolio__item-meta-category\">\n\t\t\t\t<span\t\t\t>\n\tSOUT\u011a\u017d\u00cdC\u00cd 2023<\/span>\t\t<\/div>\n\t\t<\/div>\n\n<h2 class=\"vp-portfolio__item-meta-title\">\n\tVe\u0159ejn\u00fd interi\u00e9r &#8211; Folkl\u00f3rn\u00ed expo<\/h2>\n<\/a>\t\t<\/div>\n\t<\/figcaption>\n\t\t\t<\/figure>\n\t\t\t\t\t<\/article>\n\t\t\n\t\t<article\t\tclass=\"vp-portfolio__item-wrap post-800 portfolio type-portfolio status-publish format-standard has-post-thumbnail hentry entry has-media vp-portfolio__item-uid-b4d78e01\" data-vp-filter=\"\" \t\t>\n\t\t\t\t\t\t\t\t\t<figure class=\"vp-portfolio__item\">\n\t\t\t\t\n<div class=\"vp-portfolio__item-img-wrap\">\n\t<div class=\"vp-portfolio__item-img\">\n\t\t\t<a\n\t\thref=\"https:\/\/www.design-award.cz\/?portfolio=verejny-interier-rekonstrukce-panskych-toalet-na-ss\"\n\t\t\t>\n\t\n\t\t<noscript><img decoding=\"async\" width=\"1920\" height=\"1080\" data-skip-lazy src=\"https:\/\/www.design-award.cz\/wp-content\/uploads\/2022\/04\/3.png\" class=\"wp-image-803\" alt=\"\" srcset=\"https:\/\/www.design-award.cz\/wp-content\/uploads\/2022\/04\/3.png 1920w, https:\/\/www.design-award.cz\/wp-content\/uploads\/2022\/04\/3-300x169.png 300w, https:\/\/www.design-award.cz\/wp-content\/uploads\/2022\/04\/3-1024x576.png 1024w, https:\/\/www.design-award.cz\/wp-content\/uploads\/2022\/04\/3-768x432.png 768w, https:\/\/www.design-award.cz\/wp-content\/uploads\/2022\/04\/3-1536x864.png 1536w, https:\/\/www.design-award.cz\/wp-content\/uploads\/2022\/04\/3-500x281.png 500w, https:\/\/www.design-award.cz\/wp-content\/uploads\/2022\/04\/3-800x450.png 800w, https:\/\/www.design-award.cz\/wp-content\/uploads\/2022\/04\/3-1280x720.png 1280w\" sizes=\"(max-width: 1920px) 100vw, 1920px\" \/><\/noscript><img decoding=\"async\" width=\"1920\" height=\"1080\" src=\"https:\/\/www.design-award.cz\/wp-content\/uploads\/2022\/04\/3.png\" class=\"wp-image-803 vp-lazyload\" alt srcset=\"data:image\/svg+xml;base64,PHN2ZyB3aWR0aD0iMTkyMCIgaGVpZ2h0PSIxMDgwIiB2aWV3Qm94PSIwIDAgMTkyMCAxMDgwIiBmaWxsPSJub25lIiB4bWxucz0iaHR0cDovL3d3dy53My5vcmcvMjAwMC9zdmciPjwvc3ZnPg==\" data-src=\"https:\/\/www.design-award.cz\/wp-content\/uploads\/2022\/04\/3.png\" data-srcset=\"https:\/\/www.design-award.cz\/wp-content\/uploads\/2022\/04\/3.png 1920w, https:\/\/www.design-award.cz\/wp-content\/uploads\/2022\/04\/3-300x169.png 300w, https:\/\/www.design-award.cz\/wp-content\/uploads\/2022\/04\/3-1024x576.png 1024w, https:\/\/www.design-award.cz\/wp-content\/uploads\/2022\/04\/3-768x432.png 768w, https:\/\/www.design-award.cz\/wp-content\/uploads\/2022\/04\/3-1536x864.png 1536w, https:\/\/www.design-award.cz\/wp-content\/uploads\/2022\/04\/3-500x281.png 500w, https:\/\/www.design-award.cz\/wp-content\/uploads\/2022\/04\/3-800x450.png 800w, https:\/\/www.design-award.cz\/wp-content\/uploads\/2022\/04\/3-1280x720.png 1280w\" data-sizes=\"auto\" loading=\"eager\">\n\t\t<\/a>\t<\/div>\n<\/div>\n\t<figcaption class=\"vp-portfolio__item-overlay vp-portfolio__item-overlay-text-align-center\">\n\t\t<div class=\"vp-portfolio__item-meta-wrap vp-portfolio__custom-scrollbar\">\n\t\t\t\t<a\n\t\thref=\"https:\/\/www.design-award.cz\/?portfolio=verejny-interier-rekonstrukce-panskych-toalet-na-ss\"\n\t\ttabindex=\"-1\" class=\"vp-portfolio__item-meta\" \t>\n\t\n<h2 class=\"vp-portfolio__item-meta-title\">\n\tVe\u0159ejn\u00fd interi\u00e9r &#8211; Rekonstrukce p\u00e1nsk\u00fdch toalet na S\u0160<\/h2>\n<\/a>\t\t<\/div>\n\t<\/figcaption>\n\t\t\t<\/figure>\n\t\t\t\t\t<\/article>\n\t\t\n\t\t<article\t\tclass=\"vp-portfolio__item-wrap post-5274 portfolio type-portfolio status-publish format-standard has-post-thumbnail hentry entry has-media vp-portfolio__item-uid-3aaa6654\" data-vp-filter=\"\" \t\t>\n\t\t\t\t\t\t\t\t\t<figure class=\"vp-portfolio__item\">\n\t\t\t\t\n<div class=\"vp-portfolio__item-img-wrap\">\n\t<div class=\"vp-portfolio__item-img\">\n\t\t\t<a\n\t\thref=\"https:\/\/www.design-award.cz\/?portfolio=interierovy-design-laitiqon-laitiqoasa-svetlo-a-architektura-v-rovnovaze-s-krajinou\"\n\t\t\t>\n\t\n\t\t<noscript><img decoding=\"async\" width=\"1920\" height=\"1440\" data-skip-lazy src=\"https:\/\/www.design-award.cz\/wp-content\/uploads\/2025\/06\/SVOBODA_Jakub_LAITOQoasa_podklady--1920x1440.jpg\" class=\"wp-image-5342\" alt=\"\" srcset=\"https:\/\/www.design-award.cz\/wp-content\/uploads\/2025\/06\/SVOBODA_Jakub_LAITOQoasa_podklady--1920x1440.jpg 1920w, https:\/\/www.design-award.cz\/wp-content\/uploads\/2025\/06\/SVOBODA_Jakub_LAITOQoasa_podklady--300x225.jpg 300w, https:\/\/www.design-award.cz\/wp-content\/uploads\/2025\/06\/SVOBODA_Jakub_LAITOQoasa_podklady--1024x768.jpg 1024w, https:\/\/www.design-award.cz\/wp-content\/uploads\/2025\/06\/SVOBODA_Jakub_LAITOQoasa_podklady--768x576.jpg 768w, https:\/\/www.design-award.cz\/wp-content\/uploads\/2025\/06\/SVOBODA_Jakub_LAITOQoasa_podklady--1536x1152.jpg 1536w, https:\/\/www.design-award.cz\/wp-content\/uploads\/2025\/06\/SVOBODA_Jakub_LAITOQoasa_podklady--2048x1536.jpg 2048w, https:\/\/www.design-award.cz\/wp-content\/uploads\/2025\/06\/SVOBODA_Jakub_LAITOQoasa_podklady--500x375.jpg 500w, https:\/\/www.design-award.cz\/wp-content\/uploads\/2025\/06\/SVOBODA_Jakub_LAITOQoasa_podklady--800x600.jpg 800w, https:\/\/www.design-award.cz\/wp-content\/uploads\/2025\/06\/SVOBODA_Jakub_LAITOQoasa_podklady--1280x960.jpg 1280w\" sizes=\"(max-width: 1920px) 100vw, 1920px\" \/><\/noscript><img decoding=\"async\" width=\"1920\" height=\"1440\" src=\"https:\/\/www.design-award.cz\/wp-content\/uploads\/2025\/06\/SVOBODA_Jakub_LAITOQoasa_podklady--1920x1440.jpg\" class=\"wp-image-5342 vp-lazyload\" alt srcset=\"data:image\/svg+xml;base64,PHN2ZyB3aWR0aD0iMTkyMCIgaGVpZ2h0PSIxNDQwIiB2aWV3Qm94PSIwIDAgMTkyMCAxNDQwIiBmaWxsPSJub25lIiB4bWxucz0iaHR0cDovL3d3dy53My5vcmcvMjAwMC9zdmciPjwvc3ZnPg==\" data-src=\"https:\/\/www.design-award.cz\/wp-content\/uploads\/2025\/06\/SVOBODA_Jakub_LAITOQoasa_podklady--1920x1440.jpg\" data-srcset=\"https:\/\/www.design-award.cz\/wp-content\/uploads\/2025\/06\/SVOBODA_Jakub_LAITOQoasa_podklady--1920x1440.jpg 1920w, https:\/\/www.design-award.cz\/wp-content\/uploads\/2025\/06\/SVOBODA_Jakub_LAITOQoasa_podklady--300x225.jpg 300w, https:\/\/www.design-award.cz\/wp-content\/uploads\/2025\/06\/SVOBODA_Jakub_LAITOQoasa_podklady--1024x768.jpg 1024w, https:\/\/www.design-award.cz\/wp-content\/uploads\/2025\/06\/SVOBODA_Jakub_LAITOQoasa_podklady--768x576.jpg 768w, https:\/\/www.design-award.cz\/wp-content\/uploads\/2025\/06\/SVOBODA_Jakub_LAITOQoasa_podklady--1536x1152.jpg 1536w, https:\/\/www.design-award.cz\/wp-content\/uploads\/2025\/06\/SVOBODA_Jakub_LAITOQoasa_podklady--2048x1536.jpg 2048w, https:\/\/www.design-award.cz\/wp-content\/uploads\/2025\/06\/SVOBODA_Jakub_LAITOQoasa_podklady--500x375.jpg 500w, https:\/\/www.design-award.cz\/wp-content\/uploads\/2025\/06\/SVOBODA_Jakub_LAITOQoasa_podklady--800x600.jpg 800w, https:\/\/www.design-award.cz\/wp-content\/uploads\/2025\/06\/SVOBODA_Jakub_LAITOQoasa_podklady--1280x960.jpg 1280w\" data-sizes=\"auto\" loading=\"eager\">\n\t\t<\/a>\t<\/div>\n<\/div>\n\t<figcaption class=\"vp-portfolio__item-overlay vp-portfolio__item-overlay-text-align-center\">\n\t\t<div class=\"vp-portfolio__item-meta-wrap vp-portfolio__custom-scrollbar\">\n\t\t\t\t<a\n\t\thref=\"https:\/\/www.design-award.cz\/?portfolio=interierovy-design-laitiqon-laitiqoasa-svetlo-a-architektura-v-rovnovaze-s-krajinou\"\n\t\ttabindex=\"-1\" class=\"vp-portfolio__item-meta\" \t>\n\t\n<h2 class=\"vp-portfolio__item-meta-title\">\n\tInteri\u00e9rov\u00fd design &#8211; Laitiqon &amp; Laitiqoasa \u2013 Sv\u011btlo a architektura v rovnov\u00e1ze s krajinou<\/h2>\n<\/a>\t\t<\/div>\n\t<\/figcaption>\n\t\t\t<\/figure>\n\t\t\t\t\t<\/article>\n\t\t\n\t\t<article\t\tclass=\"vp-portfolio__item-wrap post-706 portfolio type-portfolio status-publish format-standard has-post-thumbnail hentry entry has-media vp-portfolio__item-uid-56e86c09\" data-vp-filter=\"\" \t\t>\n\t\t\t\t\t\t\t\t\t<figure class=\"vp-portfolio__item\">\n\t\t\t\t\n<div class=\"vp-portfolio__item-img-wrap\">\n\t<div class=\"vp-portfolio__item-img\">\n\t\t\t<a\n\t\thref=\"https:\/\/www.design-award.cz\/?portfolio=soukromy-interier-navrh-pokoje-pro-14-leteho-chlapce\"\n\t\t\t>\n\t\n\t\t<noscript><img decoding=\"async\" width=\"1920\" height=\"1128\" data-skip-lazy src=\"https:\/\/www.design-award.cz\/wp-content\/uploads\/2022\/04\/render-3-1920x1128.jpg\" class=\"wp-image-710\" alt=\"\" srcset=\"https:\/\/www.design-award.cz\/wp-content\/uploads\/2022\/04\/render-3-1920x1128.jpg 1920w, https:\/\/www.design-award.cz\/wp-content\/uploads\/2022\/04\/render-3-300x176.jpg 300w, https:\/\/www.design-award.cz\/wp-content\/uploads\/2022\/04\/render-3-1024x602.jpg 1024w, https:\/\/www.design-award.cz\/wp-content\/uploads\/2022\/04\/render-3-768x451.jpg 768w, https:\/\/www.design-award.cz\/wp-content\/uploads\/2022\/04\/render-3-1536x902.jpg 1536w, https:\/\/www.design-award.cz\/wp-content\/uploads\/2022\/04\/render-3-2048x1203.jpg 2048w, https:\/\/www.design-award.cz\/wp-content\/uploads\/2022\/04\/render-3-500x294.jpg 500w, https:\/\/www.design-award.cz\/wp-content\/uploads\/2022\/04\/render-3-800x470.jpg 800w, https:\/\/www.design-award.cz\/wp-content\/uploads\/2022\/04\/render-3-1280x752.jpg 1280w\" sizes=\"(max-width: 1920px) 100vw, 1920px\" \/><\/noscript><img decoding=\"async\" width=\"1920\" height=\"1128\" src=\"https:\/\/www.design-award.cz\/wp-content\/uploads\/2022\/04\/render-3-1920x1128.jpg\" class=\"wp-image-710 vp-lazyload\" alt srcset=\"data:image\/svg+xml;base64,PHN2ZyB3aWR0aD0iMTkyMCIgaGVpZ2h0PSIxMTI4IiB2aWV3Qm94PSIwIDAgMTkyMCAxMTI4IiBmaWxsPSJub25lIiB4bWxucz0iaHR0cDovL3d3dy53My5vcmcvMjAwMC9zdmciPjwvc3ZnPg==\" data-src=\"https:\/\/www.design-award.cz\/wp-content\/uploads\/2022\/04\/render-3-1920x1128.jpg\" data-srcset=\"https:\/\/www.design-award.cz\/wp-content\/uploads\/2022\/04\/render-3-1920x1128.jpg 1920w, https:\/\/www.design-award.cz\/wp-content\/uploads\/2022\/04\/render-3-300x176.jpg 300w, https:\/\/www.design-award.cz\/wp-content\/uploads\/2022\/04\/render-3-1024x602.jpg 1024w, https:\/\/www.design-award.cz\/wp-content\/uploads\/2022\/04\/render-3-768x451.jpg 768w, https:\/\/www.design-award.cz\/wp-content\/uploads\/2022\/04\/render-3-1536x902.jpg 1536w, https:\/\/www.design-award.cz\/wp-content\/uploads\/2022\/04\/render-3-2048x1203.jpg 2048w, https:\/\/www.design-award.cz\/wp-content\/uploads\/2022\/04\/render-3-500x294.jpg 500w, https:\/\/www.design-award.cz\/wp-content\/uploads\/2022\/04\/render-3-800x470.jpg 800w, https:\/\/www.design-award.cz\/wp-content\/uploads\/2022\/04\/render-3-1280x752.jpg 1280w\" data-sizes=\"auto\" loading=\"eager\">\n\t\t<\/a>\t<\/div>\n<\/div>\n\t<figcaption class=\"vp-portfolio__item-overlay vp-portfolio__item-overlay-text-align-center\">\n\t\t<div class=\"vp-portfolio__item-meta-wrap vp-portfolio__custom-scrollbar\">\n\t\t\t\t<a\n\t\thref=\"https:\/\/www.design-award.cz\/?portfolio=soukromy-interier-navrh-pokoje-pro-14-leteho-chlapce\"\n\t\ttabindex=\"-1\" class=\"vp-portfolio__item-meta\" \t>\n\t\n<h2 class=\"vp-portfolio__item-meta-title\">\n\tSoukrom\u00fd interi\u00e9r &#8211; N\u00e1vrh pokoje pro 14 let\u00e9ho chlapce<\/h2>\n<\/a>\t\t<\/div>\n\t<\/figcaption>\n\t\t\t<\/figure>\n\t\t\t\t\t<\/article>\n\t\t\n\t\t<article\t\tclass=\"vp-portfolio__item-wrap post-2162 portfolio type-portfolio status-publish format-standard has-post-thumbnail hentry portfolio_category-soutezici-2023 entry has-media vp-portfolio__item-uid-554374c0\" data-vp-filter=\"soutezici-2023\" \t\t>\n\t\t\t\t\t\t\t\t\t<figure class=\"vp-portfolio__item\">\n\t\t\t\t\n<div class=\"vp-portfolio__item-img-wrap\">\n\t<div class=\"vp-portfolio__item-img\">\n\t\t\t<a\n\t\thref=\"https:\/\/www.design-award.cz\/?portfolio=produktovy-design-sklenicky-fit-together\"\n\t\t\t>\n\t\n\t\t<noscript><img decoding=\"async\" width=\"1920\" height=\"2489\" data-skip-lazy src=\"https:\/\/www.design-award.cz\/wp-content\/uploads\/2023\/04\/Sklenicky-3-1920x2489.jpg\" class=\"wp-image-2164\" alt=\"\" srcset=\"https:\/\/www.design-award.cz\/wp-content\/uploads\/2023\/04\/Sklenicky-3-1920x2489.jpg 1920w, https:\/\/www.design-award.cz\/wp-content\/uploads\/2023\/04\/Sklenicky-3-231x300.jpg 231w, https:\/\/www.design-award.cz\/wp-content\/uploads\/2023\/04\/Sklenicky-3-790x1024.jpg 790w, https:\/\/www.design-award.cz\/wp-content\/uploads\/2023\/04\/Sklenicky-3-768x996.jpg 768w, https:\/\/www.design-award.cz\/wp-content\/uploads\/2023\/04\/Sklenicky-3-1185x1536.jpg 1185w, https:\/\/www.design-award.cz\/wp-content\/uploads\/2023\/04\/Sklenicky-3-1580x2048.jpg 1580w, https:\/\/www.design-award.cz\/wp-content\/uploads\/2023\/04\/Sklenicky-3-500x648.jpg 500w, https:\/\/www.design-award.cz\/wp-content\/uploads\/2023\/04\/Sklenicky-3-800x1037.jpg 800w, https:\/\/www.design-award.cz\/wp-content\/uploads\/2023\/04\/Sklenicky-3-1280x1659.jpg 1280w, https:\/\/www.design-award.cz\/wp-content\/uploads\/2023\/04\/Sklenicky-3-scaled.jpg 1975w\" sizes=\"(max-width: 1920px) 100vw, 1920px\" \/><\/noscript><img decoding=\"async\" width=\"1920\" height=\"2489\" src=\"https:\/\/www.design-award.cz\/wp-content\/uploads\/2023\/04\/Sklenicky-3-1920x2489.jpg\" class=\"wp-image-2164 vp-lazyload\" alt srcset=\"data:image\/svg+xml;base64,PHN2ZyB3aWR0aD0iMTkyMCIgaGVpZ2h0PSIyNDg5IiB2aWV3Qm94PSIwIDAgMTkyMCAyNDg5IiBmaWxsPSJub25lIiB4bWxucz0iaHR0cDovL3d3dy53My5vcmcvMjAwMC9zdmciPjwvc3ZnPg==\" data-src=\"https:\/\/www.design-award.cz\/wp-content\/uploads\/2023\/04\/Sklenicky-3-1920x2489.jpg\" data-srcset=\"https:\/\/www.design-award.cz\/wp-content\/uploads\/2023\/04\/Sklenicky-3-1920x2489.jpg 1920w, https:\/\/www.design-award.cz\/wp-content\/uploads\/2023\/04\/Sklenicky-3-231x300.jpg 231w, https:\/\/www.design-award.cz\/wp-content\/uploads\/2023\/04\/Sklenicky-3-790x1024.jpg 790w, https:\/\/www.design-award.cz\/wp-content\/uploads\/2023\/04\/Sklenicky-3-768x996.jpg 768w, https:\/\/www.design-award.cz\/wp-content\/uploads\/2023\/04\/Sklenicky-3-1185x1536.jpg 1185w, https:\/\/www.design-award.cz\/wp-content\/uploads\/2023\/04\/Sklenicky-3-1580x2048.jpg 1580w, https:\/\/www.design-award.cz\/wp-content\/uploads\/2023\/04\/Sklenicky-3-500x648.jpg 500w, https:\/\/www.design-award.cz\/wp-content\/uploads\/2023\/04\/Sklenicky-3-800x1037.jpg 800w, https:\/\/www.design-award.cz\/wp-content\/uploads\/2023\/04\/Sklenicky-3-1280x1659.jpg 1280w, https:\/\/www.design-award.cz\/wp-content\/uploads\/2023\/04\/Sklenicky-3-scaled.jpg 1975w\" data-sizes=\"auto\" loading=\"eager\">\n\t\t<\/a>\t<\/div>\n<\/div>\n\t<figcaption class=\"vp-portfolio__item-overlay vp-portfolio__item-overlay-text-align-center\">\n\t\t<div class=\"vp-portfolio__item-meta-wrap vp-portfolio__custom-scrollbar\">\n\t\t\t\t<a\n\t\thref=\"https:\/\/www.design-award.cz\/?portfolio=produktovy-design-sklenicky-fit-together\"\n\t\ttabindex=\"-1\" class=\"vp-portfolio__item-meta\" \t>\n\t\n<div class=\"vp-portfolio__item-meta-categories\">\n\t\t\t<div class=\"vp-portfolio__item-meta-category\">\n\t\t\t\t<span\t\t\t>\n\tSOUT\u011a\u017d\u00cdC\u00cd 2023<\/span>\t\t<\/div>\n\t\t<\/div>\n\n<h2 class=\"vp-portfolio__item-meta-title\">\n\tProduktov\u00fd design &#8211; Skleni\u010dky &#8211; Fit together<\/h2>\n<\/a>\t\t<\/div>\n\t<\/figcaption>\n\t\t\t<\/figure>\n\t\t\t\t\t<\/article>\n\t\t\n\t\t<article\t\tclass=\"vp-portfolio__item-wrap post-1034 portfolio type-portfolio status-publish format-standard has-post-thumbnail hentry entry has-media vp-portfolio__item-uid-d220e069\" data-vp-filter=\"\" \t\t>\n\t\t\t\t\t\t\t\t\t<figure class=\"vp-portfolio__item\">\n\t\t\t\t\n<div class=\"vp-portfolio__item-img-wrap\">\n\t<div class=\"vp-portfolio__item-img\">\n\t\t\t<a\n\t\thref=\"https:\/\/www.design-award.cz\/?portfolio=soukromy-interier-rekonstrukce-interieru-31\"\n\t\t\t>\n\t\n\t\t<noscript><img decoding=\"async\" width=\"1920\" height=\"1080\" data-skip-lazy src=\"https:\/\/www.design-award.cz\/wp-content\/uploads\/2022\/04\/Image12_001.png\" class=\"wp-image-1035\" alt=\"\" srcset=\"https:\/\/www.design-award.cz\/wp-content\/uploads\/2022\/04\/Image12_001.png 1920w, https:\/\/www.design-award.cz\/wp-content\/uploads\/2022\/04\/Image12_001-300x169.png 300w, https:\/\/www.design-award.cz\/wp-content\/uploads\/2022\/04\/Image12_001-1024x576.png 1024w, https:\/\/www.design-award.cz\/wp-content\/uploads\/2022\/04\/Image12_001-768x432.png 768w, https:\/\/www.design-award.cz\/wp-content\/uploads\/2022\/04\/Image12_001-1536x864.png 1536w, https:\/\/www.design-award.cz\/wp-content\/uploads\/2022\/04\/Image12_001-500x281.png 500w, https:\/\/www.design-award.cz\/wp-content\/uploads\/2022\/04\/Image12_001-800x450.png 800w, https:\/\/www.design-award.cz\/wp-content\/uploads\/2022\/04\/Image12_001-1280x720.png 1280w\" sizes=\"(max-width: 1920px) 100vw, 1920px\" \/><\/noscript><img decoding=\"async\" width=\"1920\" height=\"1080\" src=\"https:\/\/www.design-award.cz\/wp-content\/uploads\/2022\/04\/Image12_001.png\" class=\"wp-image-1035 vp-lazyload\" alt srcset=\"data:image\/svg+xml;base64,PHN2ZyB3aWR0aD0iMTkyMCIgaGVpZ2h0PSIxMDgwIiB2aWV3Qm94PSIwIDAgMTkyMCAxMDgwIiBmaWxsPSJub25lIiB4bWxucz0iaHR0cDovL3d3dy53My5vcmcvMjAwMC9zdmciPjwvc3ZnPg==\" data-src=\"https:\/\/www.design-award.cz\/wp-content\/uploads\/2022\/04\/Image12_001.png\" data-srcset=\"https:\/\/www.design-award.cz\/wp-content\/uploads\/2022\/04\/Image12_001.png 1920w, https:\/\/www.design-award.cz\/wp-content\/uploads\/2022\/04\/Image12_001-300x169.png 300w, https:\/\/www.design-award.cz\/wp-content\/uploads\/2022\/04\/Image12_001-1024x576.png 1024w, https:\/\/www.design-award.cz\/wp-content\/uploads\/2022\/04\/Image12_001-768x432.png 768w, https:\/\/www.design-award.cz\/wp-content\/uploads\/2022\/04\/Image12_001-1536x864.png 1536w, https:\/\/www.design-award.cz\/wp-content\/uploads\/2022\/04\/Image12_001-500x281.png 500w, https:\/\/www.design-award.cz\/wp-content\/uploads\/2022\/04\/Image12_001-800x450.png 800w, https:\/\/www.design-award.cz\/wp-content\/uploads\/2022\/04\/Image12_001-1280x720.png 1280w\" data-sizes=\"auto\" loading=\"eager\">\n\t\t<\/a>\t<\/div>\n<\/div>\n\t<figcaption class=\"vp-portfolio__item-overlay vp-portfolio__item-overlay-text-align-center\">\n\t\t<div class=\"vp-portfolio__item-meta-wrap vp-portfolio__custom-scrollbar\">\n\t\t\t\t<a\n\t\thref=\"https:\/\/www.design-award.cz\/?portfolio=soukromy-interier-rekonstrukce-interieru-31\"\n\t\ttabindex=\"-1\" class=\"vp-portfolio__item-meta\" \t>\n\t\n<h2 class=\"vp-portfolio__item-meta-title\">\n\tSoukrom\u00fd interi\u00e9r &#8211; Rekonstrukce interi\u00e9ru 3+1<\/h2>\n<\/a>\t\t<\/div>\n\t<\/figcaption>\n\t\t\t<\/figure>\n\t\t\t\t\t<\/article>\n\t\t\n\t\t<article\t\tclass=\"vp-portfolio__item-wrap post-4849 portfolio type-portfolio status-publish format-standard has-post-thumbnail hentry entry has-media vp-portfolio__item-uid-da1dab99\" data-vp-filter=\"\" \t\t>\n\t\t\t\t\t\t\t\t\t<figure class=\"vp-portfolio__item\">\n\t\t\t\t\n<div class=\"vp-portfolio__item-img-wrap\">\n\t<div class=\"vp-portfolio__item-img\">\n\t\t\t<a\n\t\thref=\"https:\/\/www.design-award.cz\/?portfolio=produktovy-design-treering\"\n\t\t\t>\n\t\n\t\t<noscript><img decoding=\"async\" width=\"1920\" height=\"1080\" data-skip-lazy src=\"https:\/\/www.design-award.cz\/wp-content\/uploads\/2025\/06\/vizualizace-se-siluetama.png\" class=\"wp-image-4852\" alt=\"\" srcset=\"https:\/\/www.design-award.cz\/wp-content\/uploads\/2025\/06\/vizualizace-se-siluetama.png 1920w, https:\/\/www.design-award.cz\/wp-content\/uploads\/2025\/06\/vizualizace-se-siluetama-300x169.png 300w, https:\/\/www.design-award.cz\/wp-content\/uploads\/2025\/06\/vizualizace-se-siluetama-1024x576.png 1024w, https:\/\/www.design-award.cz\/wp-content\/uploads\/2025\/06\/vizualizace-se-siluetama-768x432.png 768w, https:\/\/www.design-award.cz\/wp-content\/uploads\/2025\/06\/vizualizace-se-siluetama-1536x864.png 1536w, https:\/\/www.design-award.cz\/wp-content\/uploads\/2025\/06\/vizualizace-se-siluetama-800x450.png 800w, https:\/\/www.design-award.cz\/wp-content\/uploads\/2025\/06\/vizualizace-se-siluetama-500x281.png 500w, https:\/\/www.design-award.cz\/wp-content\/uploads\/2025\/06\/vizualizace-se-siluetama-1280x720.png 1280w\" sizes=\"(max-width: 1920px) 100vw, 1920px\" \/><\/noscript><img decoding=\"async\" width=\"1920\" height=\"1080\" src=\"https:\/\/www.design-award.cz\/wp-content\/uploads\/2025\/06\/vizualizace-se-siluetama.png\" class=\"wp-image-4852 vp-lazyload\" alt srcset=\"data:image\/svg+xml;base64,PHN2ZyB3aWR0aD0iMTkyMCIgaGVpZ2h0PSIxMDgwIiB2aWV3Qm94PSIwIDAgMTkyMCAxMDgwIiBmaWxsPSJub25lIiB4bWxucz0iaHR0cDovL3d3dy53My5vcmcvMjAwMC9zdmciPjwvc3ZnPg==\" data-src=\"https:\/\/www.design-award.cz\/wp-content\/uploads\/2025\/06\/vizualizace-se-siluetama.png\" data-srcset=\"https:\/\/www.design-award.cz\/wp-content\/uploads\/2025\/06\/vizualizace-se-siluetama.png 1920w, https:\/\/www.design-award.cz\/wp-content\/uploads\/2025\/06\/vizualizace-se-siluetama-300x169.png 300w, https:\/\/www.design-award.cz\/wp-content\/uploads\/2025\/06\/vizualizace-se-siluetama-1024x576.png 1024w, https:\/\/www.design-award.cz\/wp-content\/uploads\/2025\/06\/vizualizace-se-siluetama-768x432.png 768w, https:\/\/www.design-award.cz\/wp-content\/uploads\/2025\/06\/vizualizace-se-siluetama-1536x864.png 1536w, https:\/\/www.design-award.cz\/wp-content\/uploads\/2025\/06\/vizualizace-se-siluetama-800x450.png 800w, https:\/\/www.design-award.cz\/wp-content\/uploads\/2025\/06\/vizualizace-se-siluetama-500x281.png 500w, https:\/\/www.design-award.cz\/wp-content\/uploads\/2025\/06\/vizualizace-se-siluetama-1280x720.png 1280w\" data-sizes=\"auto\" loading=\"eager\">\n\t\t<\/a>\t<\/div>\n<\/div>\n\t<figcaption class=\"vp-portfolio__item-overlay vp-portfolio__item-overlay-text-align-center\">\n\t\t<div class=\"vp-portfolio__item-meta-wrap vp-portfolio__custom-scrollbar\">\n\t\t\t\t<a\n\t\thref=\"https:\/\/www.design-award.cz\/?portfolio=produktovy-design-treering\"\n\t\ttabindex=\"-1\" class=\"vp-portfolio__item-meta\" \t>\n\t\n<h2 class=\"vp-portfolio__item-meta-title\">\n\tProduktov\u00fd design &#8211; TREERING<\/h2>\n<\/a>\t\t<\/div>\n\t<\/figcaption>\n\t\t\t<\/figure>\n\t\t\t\t\t<\/article>\n\t\t\n<\/div>\n\n<div class=\"vp-portfolio__items-arrow vp-portfolio__items-arrow-prev\" tabindex=\"0\" role=\"button\" aria-label=\"Previous Slide\">\n\t\n<svg class=\"vp-svg-icon\" width=\"20\" height=\"20\" viewBox=\"0 0 20 20\" fill=\"none\" xmlns=\"http:\/\/www.w3.org\/2000\/svg\">\n\t<path d=\"M12 4L6 10L12 16\" stroke=\"currentColor\" stroke-width=\"1.5\" stroke-linecap=\"round\" stroke-linejoin=\"round\" fill=\"transparent\" \/>\n<\/svg>\n<\/div>\n<div class=\"vp-portfolio__items-arrow vp-portfolio__items-arrow-next\" tabindex=\"0\" role=\"button\" aria-label=\"Next Slide\">\n\t\n<svg class=\"vp-svg-icon\" width=\"20\" height=\"20\" viewBox=\"0 0 20 20\" fill=\"none\" xmlns=\"http:\/\/www.w3.org\/2000\/svg\">\n\t<path d=\"M8 4L14 10L8 16\" stroke=\"currentColor\" stroke-width=\"1.5\" stroke-linecap=\"round\" stroke-linejoin=\"round\" fill=\"transparent\" \/>\n<\/svg>\n<\/div>\n\t\t<\/div>\n\t\t\t\t<div class=\"vp-portfolio__layout-elements vp-portfolio__layout-elements-bottom vp-portfolio__layout-elements-align-center\">\n\t\t\t\t<div class=\"vp-portfolio__pagination-wrap\">\n\t\t\n<div class=\"vp-pagination vp-pagination__style-minimal\" data-vp-pagination-type=\"load-more\">\n\t<div class=\"vp-pagination__item\">\n\t\t<a class=\"vp-pagination__load-more\" href=\"https:\/\/www.design-award.cz\/index.php?rest_route=%2Fwp%2Fv2%2Fportfolio%2F780&#038;vp_page=2\">\n\t\t\t<span>Load More<\/span>\n\t\t\t<span class=\"vp-pagination__load-more-loading\"><span class=\"vp-spinner\"><\/span><span class=\"vp-screen-reader-text\"> Loading More&#8230;<\/span><\/span>\n\t\t\t<span class=\"vp-pagination__load-more-no-more\">You\u2019ve reached the end of the list<\/span>\n\t\t<\/a>\n\t<\/div>\n<\/div>\n\t\t<\/div>\n\t\t\t\t<\/div>\n\t\t\n<\/div>\n<\/div>","protected":false},"excerpt":{"rendered":"<p>Adam \u0160ik\u00fd\u0159 St\u0159edn\u00ed \u0161kola designu interi\u00e9ru Kate\u0159inky &#8211; Liberec, s.r.o. (S\u0160DI) St\u016fl pro studenty inspirovan\u00fd distan\u010dn\u00ed v\u00fdukou, kdy zji\u0161\u0165ujete, co v\u0161e je na stole pot\u0159eba. St\u016fl zaujme na prvn\u00ed pohled prvky oh\u00fdban\u00e9ho d\u0159eva. Nevynik\u00e1 pouze sv\u00fdm designem, ale hlavn\u011b funkcemi a prakti\u010dnost\u00ed. St\u016fl je z bukov\u00e9ho masivu a obsahuje polohovatelnou desku se zabudovan\u00fdm magnetem pro [&hellip;]<\/p>\n","protected":false},"author":1,"featured_media":782,"menu_order":0,"comment_status":"closed","ping_status":"closed","template":"","format":"standard","meta":{"ngg_post_thumbnail":0,"ocean_post_layout":"","ocean_both_sidebars_style":"","ocean_both_sidebars_content_width":0,"ocean_both_sidebars_sidebars_width":0,"ocean_sidebar":"","ocean_second_sidebar":"","ocean_disable_margins":"enable","ocean_add_body_class":"","ocean_shortcode_before_top_bar":"","ocean_shortcode_after_top_bar":"","ocean_shortcode_before_header":"","ocean_shortcode_after_header":"","ocean_has_shortcode":"","ocean_shortcode_after_title":"","ocean_shortcode_before_footer_widgets":"","ocean_shortcode_after_footer_widgets":"","ocean_shortcode_before_footer_bottom":"","ocean_shortcode_after_footer_bottom":"","ocean_display_top_bar":"default","ocean_display_header":"default","ocean_header_style":"","ocean_center_header_left_menu":"","ocean_custom_header_template":"","ocean_custom_logo":0,"ocean_custom_retina_logo":0,"ocean_custom_logo_max_width":0,"ocean_custom_logo_tablet_max_width":0,"ocean_custom_logo_mobile_max_width":0,"ocean_custom_logo_max_height":0,"ocean_custom_logo_tablet_max_height":0,"ocean_custom_logo_mobile_max_height":0,"ocean_header_custom_menu":"","ocean_menu_typo_font_family":"","ocean_menu_typo_font_subset":"","ocean_menu_typo_font_size":0,"ocean_menu_typo_font_size_tablet":0,"ocean_menu_typo_font_size_mobile":0,"ocean_menu_typo_font_size_unit":"px","ocean_menu_typo_font_weight":"","ocean_menu_typo_font_weight_tablet":"","ocean_menu_typo_font_weight_mobile":"","ocean_menu_typo_transform":"","ocean_menu_typo_transform_tablet":"","ocean_menu_typo_transform_mobile":"","ocean_menu_typo_line_height":0,"ocean_menu_typo_line_height_tablet":0,"ocean_menu_typo_line_height_mobile":0,"ocean_menu_typo_line_height_unit":"","ocean_menu_typo_spacing":0,"ocean_menu_typo_spacing_tablet":0,"ocean_menu_typo_spacing_mobile":0,"ocean_menu_typo_spacing_unit":"","ocean_menu_link_color":"","ocean_menu_link_color_hover":"","ocean_menu_link_color_active":"","ocean_menu_link_background":"","ocean_menu_link_hover_background":"","ocean_menu_link_active_background":"","ocean_menu_social_links_bg":"","ocean_menu_social_hover_links_bg":"","ocean_menu_social_links_color":"","ocean_menu_social_hover_links_color":"","ocean_disable_title":"default","ocean_disable_heading":"default","ocean_post_title":"","ocean_post_subheading":"","ocean_post_title_style":"","ocean_post_title_background_color":"","ocean_post_title_background":0,"ocean_post_title_bg_image_position":"","ocean_post_title_bg_image_attachment":"","ocean_post_title_bg_image_repeat":"","ocean_post_title_bg_image_size":"","ocean_post_title_height":0,"ocean_post_title_bg_overlay":0.5,"ocean_post_title_bg_overlay_color":"","ocean_disable_breadcrumbs":"default","ocean_breadcrumbs_color":"","ocean_breadcrumbs_separator_color":"","ocean_breadcrumbs_links_color":"","ocean_breadcrumbs_links_hover_color":"","ocean_display_footer_widgets":"default","ocean_display_footer_bottom":"default","ocean_custom_footer_template":"","_vp_format_video_url":"","_vp_image_focal_point":[],"footnotes":""},"portfolio_category":[],"portfolio_tag":[],"class_list":["post-780","portfolio","type-portfolio","status-publish","format-standard","has-post-thumbnail","hentry","entry","has-media"],"yoast_head":"<!-- This site is optimized with the Yoast SEO plugin v25.2 - https:\/\/yoast.com\/wordpress\/plugins\/seo\/ -->\n<title>Produktov\u00fd design - pracovn\u00ed st\u016fl Everythiyn&#039; - design-award.cz<\/title>\n<meta name=\"robots\" content=\"index, follow, max-snippet:-1, max-image-preview:large, max-video-preview:-1\" \/>\n<link rel=\"canonical\" href=\"https:\/\/www.design-award.cz\/?portfolio=produktovy-design-pracovni-stul-everythiyn\" \/>\n<meta property=\"og:locale\" content=\"cs_CZ\" \/>\n<meta property=\"og:type\" content=\"article\" \/>\n<meta property=\"og:title\" content=\"Produktov\u00fd design - pracovn\u00ed st\u016fl Everythiyn&#039; - design-award.cz\" \/>\n<meta property=\"og:description\" content=\"Adam \u0160ik\u00fd\u0159 St\u0159edn\u00ed \u0161kola designu interi\u00e9ru Kate\u0159inky &#8211; Liberec, s.r.o. (S\u0160DI) St\u016fl pro studenty inspirovan\u00fd distan\u010dn\u00ed v\u00fdukou, kdy zji\u0161\u0165ujete, co v\u0161e je na stole pot\u0159eba. St\u016fl zaujme na prvn\u00ed pohled prvky oh\u00fdban\u00e9ho d\u0159eva. Nevynik\u00e1 pouze sv\u00fdm designem, ale hlavn\u011b funkcemi a prakti\u010dnost\u00ed. St\u016fl je z bukov\u00e9ho masivu a obsahuje polohovatelnou desku se zabudovan\u00fdm magnetem pro [&hellip;]\" \/>\n<meta property=\"og:url\" content=\"https:\/\/www.design-award.cz\/?portfolio=produktovy-design-pracovni-stul-everythiyn\" \/>\n<meta property=\"og:site_name\" content=\"design-award.cz\" \/>\n<meta property=\"article:modified_time\" content=\"2022-04-26T19:11:21+00:00\" \/>\n<meta property=\"og:image\" content=\"http:\/\/www.design-award.cz\/wp-content\/uploads\/2022\/04\/sikyr-everythiyn-2-scaled.jpg\" \/>\n\t<meta property=\"og:image:width\" content=\"2560\" \/>\n\t<meta property=\"og:image:height\" content=\"1248\" \/>\n\t<meta property=\"og:image:type\" content=\"image\/jpeg\" \/>\n<meta name=\"twitter:card\" content=\"summary_large_image\" \/>\n<meta name=\"twitter:label1\" content=\"Odhadovan\u00e1 doba \u010dten\u00ed\" \/>\n\t<meta name=\"twitter:data1\" content=\"2 minuty\" \/>\n<script type=\"application\/ld+json\" class=\"yoast-schema-graph\">{\"@context\":\"https:\/\/schema.org\",\"@graph\":[{\"@type\":\"WebPage\",\"@id\":\"https:\/\/www.design-award.cz\/?portfolio=produktovy-design-pracovni-stul-everythiyn\",\"url\":\"https:\/\/www.design-award.cz\/?portfolio=produktovy-design-pracovni-stul-everythiyn\",\"name\":\"Produktov\u00fd design - pracovn\u00ed st\u016fl Everythiyn' - design-award.cz\",\"isPartOf\":{\"@id\":\"https:\/\/www.design-award.cz\/#website\"},\"primaryImageOfPage\":{\"@id\":\"https:\/\/www.design-award.cz\/?portfolio=produktovy-design-pracovni-stul-everythiyn#primaryimage\"},\"image\":{\"@id\":\"https:\/\/www.design-award.cz\/?portfolio=produktovy-design-pracovni-stul-everythiyn#primaryimage\"},\"thumbnailUrl\":\"https:\/\/www.design-award.cz\/wp-content\/uploads\/2022\/04\/sikyr-everythiyn-2-scaled.jpg\",\"datePublished\":\"2022-04-26T19:11:20+00:00\",\"dateModified\":\"2022-04-26T19:11:21+00:00\",\"breadcrumb\":{\"@id\":\"https:\/\/www.design-award.cz\/?portfolio=produktovy-design-pracovni-stul-everythiyn#breadcrumb\"},\"inLanguage\":\"cs\",\"potentialAction\":[{\"@type\":\"ReadAction\",\"target\":[\"https:\/\/www.design-award.cz\/?portfolio=produktovy-design-pracovni-stul-everythiyn\"]}]},{\"@type\":\"ImageObject\",\"inLanguage\":\"cs\",\"@id\":\"https:\/\/www.design-award.cz\/?portfolio=produktovy-design-pracovni-stul-everythiyn#primaryimage\",\"url\":\"https:\/\/www.design-award.cz\/wp-content\/uploads\/2022\/04\/sikyr-everythiyn-2-scaled.jpg\",\"contentUrl\":\"https:\/\/www.design-award.cz\/wp-content\/uploads\/2022\/04\/sikyr-everythiyn-2-scaled.jpg\",\"width\":2560,\"height\":1248},{\"@type\":\"BreadcrumbList\",\"@id\":\"https:\/\/www.design-award.cz\/?portfolio=produktovy-design-pracovni-stul-everythiyn#breadcrumb\",\"itemListElement\":[{\"@type\":\"ListItem\",\"position\":1,\"name\":\"Dom\u016f\",\"item\":\"https:\/\/www.design-award.cz\/\"},{\"@type\":\"ListItem\",\"position\":2,\"name\":\"Portfolio Items\",\"item\":\"https:\/\/www.design-award.cz\/?post_type=portfolio\"},{\"@type\":\"ListItem\",\"position\":3,\"name\":\"Produktov\u00fd design &#8211; pracovn\u00ed st\u016fl Everythiyn&#8216;\"}]},{\"@type\":\"WebSite\",\"@id\":\"https:\/\/www.design-award.cz\/#website\",\"url\":\"https:\/\/www.design-award.cz\/\",\"name\":\"design-award.cz\",\"description\":\"WARD vznikla v roce 2022. Je ur\u010dena p\u0159edev\u0161\u00edm student\u016fm st\u0159edn\u00edch um\u011bleck\u00fdch \u0161kol (S\u0160 a VO\u0160), kte\u0159\u00ed mohou bezplatn\u011b zaslat sv\u00e9 n\u00e1vrhy v uveden\u00fdch kategori\u00ed a tak pom\u011b\u0159it sv\u00e9 n\u00e1pady s konkurenc\u00ed sv\u00fdch vrstevn\u00edk\u016f. N\u00e1vrhy jsou n\u00e1sledn\u011b posouzeny nez\u00e1vislou porotou z \u0159ad v\u00fdtvarn\u00edk\u016f, pedagog\u016f a profesion\u00e1l\u016f z oboru.\",\"publisher\":{\"@id\":\"https:\/\/www.design-award.cz\/#organization\"},\"potentialAction\":[{\"@type\":\"SearchAction\",\"target\":{\"@type\":\"EntryPoint\",\"urlTemplate\":\"https:\/\/www.design-award.cz\/?s={search_term_string}\"},\"query-input\":{\"@type\":\"PropertyValueSpecification\",\"valueRequired\":true,\"valueName\":\"search_term_string\"}}],\"inLanguage\":\"cs\"},{\"@type\":\"Organization\",\"@id\":\"https:\/\/www.design-award.cz\/#organization\",\"name\":\"Design Award\",\"url\":\"https:\/\/www.design-award.cz\/\",\"logo\":{\"@type\":\"ImageObject\",\"inLanguage\":\"cs\",\"@id\":\"https:\/\/www.design-award.cz\/#\/schema\/logo\/image\/\",\"url\":\"http:\/\/www.design-award.cz\/wp-content\/uploads\/2021\/12\/hornilogo_design-award.png\",\"contentUrl\":\"http:\/\/www.design-award.cz\/wp-content\/uploads\/2021\/12\/hornilogo_design-award.png\",\"width\":800,\"height\":600,\"caption\":\"Design Award\"},\"image\":{\"@id\":\"https:\/\/www.design-award.cz\/#\/schema\/logo\/image\/\"},\"sameAs\":[\"https:\/\/www.instagram.com\/design_award\/\"]}]}<\/script>\n<!-- \/ Yoast SEO plugin. -->","yoast_head_json":{"title":"Produktov\u00fd design - pracovn\u00ed st\u016fl Everythiyn' - design-award.cz","robots":{"index":"index","follow":"follow","max-snippet":"max-snippet:-1","max-image-preview":"max-image-preview:large","max-video-preview":"max-video-preview:-1"},"canonical":"https:\/\/www.design-award.cz\/?portfolio=produktovy-design-pracovni-stul-everythiyn","og_locale":"cs_CZ","og_type":"article","og_title":"Produktov\u00fd design - pracovn\u00ed st\u016fl Everythiyn' - design-award.cz","og_description":"Adam \u0160ik\u00fd\u0159 St\u0159edn\u00ed \u0161kola designu interi\u00e9ru Kate\u0159inky &#8211; Liberec, s.r.o. (S\u0160DI) St\u016fl pro studenty inspirovan\u00fd distan\u010dn\u00ed v\u00fdukou, kdy zji\u0161\u0165ujete, co v\u0161e je na stole pot\u0159eba. St\u016fl zaujme na prvn\u00ed pohled prvky oh\u00fdban\u00e9ho d\u0159eva. Nevynik\u00e1 pouze sv\u00fdm designem, ale hlavn\u011b funkcemi a prakti\u010dnost\u00ed. St\u016fl je z bukov\u00e9ho masivu a obsahuje polohovatelnou desku se zabudovan\u00fdm magnetem pro [&hellip;]","og_url":"https:\/\/www.design-award.cz\/?portfolio=produktovy-design-pracovni-stul-everythiyn","og_site_name":"design-award.cz","article_modified_time":"2022-04-26T19:11:21+00:00","og_image":[{"width":2560,"height":1248,"url":"http:\/\/www.design-award.cz\/wp-content\/uploads\/2022\/04\/sikyr-everythiyn-2-scaled.jpg","type":"image\/jpeg"}],"twitter_card":"summary_large_image","twitter_misc":{"Odhadovan\u00e1 doba \u010dten\u00ed":"2 minuty"},"schema":{"@context":"https:\/\/schema.org","@graph":[{"@type":"WebPage","@id":"https:\/\/www.design-award.cz\/?portfolio=produktovy-design-pracovni-stul-everythiyn","url":"https:\/\/www.design-award.cz\/?portfolio=produktovy-design-pracovni-stul-everythiyn","name":"Produktov\u00fd design - pracovn\u00ed st\u016fl Everythiyn' - design-award.cz","isPartOf":{"@id":"https:\/\/www.design-award.cz\/#website"},"primaryImageOfPage":{"@id":"https:\/\/www.design-award.cz\/?portfolio=produktovy-design-pracovni-stul-everythiyn#primaryimage"},"image":{"@id":"https:\/\/www.design-award.cz\/?portfolio=produktovy-design-pracovni-stul-everythiyn#primaryimage"},"thumbnailUrl":"https:\/\/www.design-award.cz\/wp-content\/uploads\/2022\/04\/sikyr-everythiyn-2-scaled.jpg","datePublished":"2022-04-26T19:11:20+00:00","dateModified":"2022-04-26T19:11:21+00:00","breadcrumb":{"@id":"https:\/\/www.design-award.cz\/?portfolio=produktovy-design-pracovni-stul-everythiyn#breadcrumb"},"inLanguage":"cs","potentialAction":[{"@type":"ReadAction","target":["https:\/\/www.design-award.cz\/?portfolio=produktovy-design-pracovni-stul-everythiyn"]}]},{"@type":"ImageObject","inLanguage":"cs","@id":"https:\/\/www.design-award.cz\/?portfolio=produktovy-design-pracovni-stul-everythiyn#primaryimage","url":"https:\/\/www.design-award.cz\/wp-content\/uploads\/2022\/04\/sikyr-everythiyn-2-scaled.jpg","contentUrl":"https:\/\/www.design-award.cz\/wp-content\/uploads\/2022\/04\/sikyr-everythiyn-2-scaled.jpg","width":2560,"height":1248},{"@type":"BreadcrumbList","@id":"https:\/\/www.design-award.cz\/?portfolio=produktovy-design-pracovni-stul-everythiyn#breadcrumb","itemListElement":[{"@type":"ListItem","position":1,"name":"Dom\u016f","item":"https:\/\/www.design-award.cz\/"},{"@type":"ListItem","position":2,"name":"Portfolio Items","item":"https:\/\/www.design-award.cz\/?post_type=portfolio"},{"@type":"ListItem","position":3,"name":"Produktov\u00fd design &#8211; pracovn\u00ed st\u016fl Everythiyn&#8216;"}]},{"@type":"WebSite","@id":"https:\/\/www.design-award.cz\/#website","url":"https:\/\/www.design-award.cz\/","name":"design-award.cz","description":"WARD vznikla v roce 2022. Je ur\u010dena p\u0159edev\u0161\u00edm student\u016fm st\u0159edn\u00edch um\u011bleck\u00fdch \u0161kol (S\u0160 a VO\u0160), kte\u0159\u00ed mohou bezplatn\u011b zaslat sv\u00e9 n\u00e1vrhy v uveden\u00fdch kategori\u00ed a tak pom\u011b\u0159it sv\u00e9 n\u00e1pady s konkurenc\u00ed sv\u00fdch vrstevn\u00edk\u016f. N\u00e1vrhy jsou n\u00e1sledn\u011b posouzeny nez\u00e1vislou porotou z \u0159ad v\u00fdtvarn\u00edk\u016f, pedagog\u016f a profesion\u00e1l\u016f z oboru.","publisher":{"@id":"https:\/\/www.design-award.cz\/#organization"},"potentialAction":[{"@type":"SearchAction","target":{"@type":"EntryPoint","urlTemplate":"https:\/\/www.design-award.cz\/?s={search_term_string}"},"query-input":{"@type":"PropertyValueSpecification","valueRequired":true,"valueName":"search_term_string"}}],"inLanguage":"cs"},{"@type":"Organization","@id":"https:\/\/www.design-award.cz\/#organization","name":"Design Award","url":"https:\/\/www.design-award.cz\/","logo":{"@type":"ImageObject","inLanguage":"cs","@id":"https:\/\/www.design-award.cz\/#\/schema\/logo\/image\/","url":"http:\/\/www.design-award.cz\/wp-content\/uploads\/2021\/12\/hornilogo_design-award.png","contentUrl":"http:\/\/www.design-award.cz\/wp-content\/uploads\/2021\/12\/hornilogo_design-award.png","width":800,"height":600,"caption":"Design Award"},"image":{"@id":"https:\/\/www.design-award.cz\/#\/schema\/logo\/image\/"},"sameAs":["https:\/\/www.instagram.com\/design_award\/"]}]}},"_links":{"self":[{"href":"https:\/\/www.design-award.cz\/index.php?rest_route=\/wp\/v2\/portfolio\/780","targetHints":{"allow":["GET"]}}],"collection":[{"href":"https:\/\/www.design-award.cz\/index.php?rest_route=\/wp\/v2\/portfolio"}],"about":[{"href":"https:\/\/www.design-award.cz\/index.php?rest_route=\/wp\/v2\/types\/portfolio"}],"author":[{"embeddable":true,"href":"https:\/\/www.design-award.cz\/index.php?rest_route=\/wp\/v2\/users\/1"}],"replies":[{"embeddable":true,"href":"https:\/\/www.design-award.cz\/index.php?rest_route=%2Fwp%2Fv2%2Fcomments&post=780"}],"version-history":[{"count":1,"href":"https:\/\/www.design-award.cz\/index.php?rest_route=\/wp\/v2\/portfolio\/780\/revisions"}],"predecessor-version":[{"id":786,"href":"https:\/\/www.design-award.cz\/index.php?rest_route=\/wp\/v2\/portfolio\/780\/revisions\/786"}],"wp:featuredmedia":[{"embeddable":true,"href":"https:\/\/www.design-award.cz\/index.php?rest_route=\/wp\/v2\/media\/782"}],"wp:attachment":[{"href":"https:\/\/www.design-award.cz\/index.php?rest_route=%2Fwp%2Fv2%2Fmedia&parent=780"}],"wp:term":[{"taxonomy":"portfolio_category","embeddable":true,"href":"https:\/\/www.design-award.cz\/index.php?rest_route=%2Fwp%2Fv2%2Fportfolio_category&post=780"},{"taxonomy":"portfolio_tag","embeddable":true,"href":"https:\/\/www.design-award.cz\/index.php?rest_route=%2Fwp%2Fv2%2Fportfolio_tag&post=780"}],"curies":[{"name":"wp","href":"https:\/\/api.w.org\/{rel}","templated":true}]}}