{"id":790,"date":"2022-04-26T19:20:34","date_gmt":"2022-04-26T19:20:34","guid":{"rendered":"https:\/\/www.design-award.cz\/?post_type=portfolio&#038;p=790"},"modified":"2022-04-26T19:20:35","modified_gmt":"2022-04-26T19:20:35","slug":"verejny-interier-navrh-recepce-horskeho-hotelu-s-kavarnou","status":"publish","type":"portfolio","link":"https:\/\/www.design-award.cz\/?portfolio=verejny-interier-navrh-recepce-horskeho-hotelu-s-kavarnou","title":{"rendered":"Ve\u0159ejn\u00fd interi\u00e9r &#8211; N\u00e1vrh recepce horsk\u00e9ho hotelu s kav\u00e1rnou"},"content":{"rendered":"\n<h2 class=\"wp-block-heading\">Ond\u0159ej Hruban<\/h2>\n\n\n\n<p><strong>St\u0159edn\u00ed \u0161kola Designu a m\u00f3dy<\/strong><\/p>\n\n\n\n<p>Zad\u00e1n\u00ed pololetn\u00ed pr\u00e1ce, bylo navrhnout interi\u00e9r horsk\u00e9 recepce s kav\u00e1rnou v Orlick\u00fdch hor\u00e1ch . Hlavn\u00ed my\u0161lenkou bylo p\u0159edev\u0161\u00edm zachovat p\u0159\u00edrodn\u00ed r\u00e1z s p\u0159id\u00e1n\u00edm kapky luxusu, kv\u016fli kter\u00e9mu m\u00e1 hotel tu spr\u00e1vnou p\u0159idanou hodnotu. Inspirac\u00ed v tomto n\u00e1vrhu pro m\u011b byly kruhy, kter\u00e9 ve mn\u011b evokuj\u00ed pocit klidu a soukrom\u00ed, proto se tento motiv v interi\u00e9ru n\u011bkolikr\u00e1t opakuje. Nejv\u011bt\u0161\u00ed v\u00fdznam m\u00e1 v sedac\u00edch \u010d\u00e1stech kav\u00e1rny, kde tvo\u0159\u00ed \u00fatuln\u00e1 z\u00e1kout\u00ed pro klienty. U sedac\u00edch \u010d\u00e1st\u00ed bych cht\u011bl upozornit na jejich z\u00e1da, kter\u00e1 jsou tvo\u0159en\u00e1 ze sklen\u011bn\u00fdch desti\u010dek, upevn\u011bn\u00fdch na kovov\u00fdch ty\u010dk\u00e1ch. Skl\u00ed\u010dka jsou zde z jednoho prost\u00e9ho d\u016fvodu a t\u00edm je, \u017ee z\u00e1da sezen\u00ed jsou oto\u010dena sm\u011brem ke dve\u0159\u00edm. Po otev\u0159en\u00ed venkovn\u00edch dve\u0159\u00ed, tak na klienty net\u00e1hne a i p\u0159i lehk\u00e9m pr\u016fvanu se skl\u00ed\u010dka za\u010dnou pomalu ot\u00e1\u010det a t\u00edm vznikne p\u0159\u00edjemn\u00fd efekt. Jedn\u00e1 se tedy o jednoduch\u00fd, ale z\u00e1rove\u0148 velmi dominantn\u00ed interi\u00e9r. Host\u00e9 hotelu, by se v tomto prost\u0159ed\u00ed m\u011bli c\u00edtit komfortn\u011b a uvoln\u011bn\u011b.<\/p>\n\n\n\n<figure class=\"wp-block-image size-large\"><img decoding=\"async\" width=\"1024\" height=\"574\" data-src=\"http:\/\/www.design-award.cz\/wp-content\/uploads\/2022\/04\/kavarna_-1024x574.png\" alt=\"\" class=\"wp-image-793 lazyload\" data-srcset=\"https:\/\/www.design-award.cz\/wp-content\/uploads\/2022\/04\/kavarna_-1024x574.png 1024w, https:\/\/www.design-award.cz\/wp-content\/uploads\/2022\/04\/kavarna_-300x168.png 300w, https:\/\/www.design-award.cz\/wp-content\/uploads\/2022\/04\/kavarna_-768x430.png 768w, https:\/\/www.design-award.cz\/wp-content\/uploads\/2022\/04\/kavarna_-1536x861.png 1536w, https:\/\/www.design-award.cz\/wp-content\/uploads\/2022\/04\/kavarna_-500x280.png 500w, https:\/\/www.design-award.cz\/wp-content\/uploads\/2022\/04\/kavarna_-800x448.png 800w, https:\/\/www.design-award.cz\/wp-content\/uploads\/2022\/04\/kavarna_-1280x717.png 1280w, https:\/\/www.design-award.cz\/wp-content\/uploads\/2022\/04\/kavarna_.png 1738w\" data-sizes=\"(max-width: 1024px) 100vw, 1024px\" src=\"data:image\/svg+xml;base64,PHN2ZyB3aWR0aD0iMSIgaGVpZ2h0PSIxIiB4bWxucz0iaHR0cDovL3d3dy53My5vcmcvMjAwMC9zdmciPjwvc3ZnPg==\" style=\"--smush-placeholder-width: 1024px; --smush-placeholder-aspect-ratio: 1024\/574;\" \/><\/figure>\n\n\n\n<figure class=\"wp-block-image size-large\"><img decoding=\"async\" width=\"1024\" height=\"574\" data-src=\"http:\/\/www.design-award.cz\/wp-content\/uploads\/2022\/04\/celkovy-pohled_-1024x574.png\" alt=\"\" class=\"wp-image-791 lazyload\" data-srcset=\"https:\/\/www.design-award.cz\/wp-content\/uploads\/2022\/04\/celkovy-pohled_-1024x574.png 1024w, https:\/\/www.design-award.cz\/wp-content\/uploads\/2022\/04\/celkovy-pohled_-300x168.png 300w, https:\/\/www.design-award.cz\/wp-content\/uploads\/2022\/04\/celkovy-pohled_-768x431.png 768w, https:\/\/www.design-award.cz\/wp-content\/uploads\/2022\/04\/celkovy-pohled_-1536x861.png 1536w, https:\/\/www.design-award.cz\/wp-content\/uploads\/2022\/04\/celkovy-pohled_-500x280.png 500w, https:\/\/www.design-award.cz\/wp-content\/uploads\/2022\/04\/celkovy-pohled_-800x448.png 800w, https:\/\/www.design-award.cz\/wp-content\/uploads\/2022\/04\/celkovy-pohled_-1280x718.png 1280w, https:\/\/www.design-award.cz\/wp-content\/uploads\/2022\/04\/celkovy-pohled_.png 1732w\" data-sizes=\"(max-width: 1024px) 100vw, 1024px\" src=\"data:image\/svg+xml;base64,PHN2ZyB3aWR0aD0iMSIgaGVpZ2h0PSIxIiB4bWxucz0iaHR0cDovL3d3dy53My5vcmcvMjAwMC9zdmciPjwvc3ZnPg==\" style=\"--smush-placeholder-width: 1024px; --smush-placeholder-aspect-ratio: 1024\/574;\" \/><\/figure>\n\n\n\n<figure class=\"wp-block-image size-large\"><img decoding=\"async\" width=\"1024\" height=\"773\" data-src=\"http:\/\/www.design-award.cz\/wp-content\/uploads\/2022\/04\/Snimek-obrazovky-12-1024x773.png\" alt=\"\" class=\"wp-image-789 lazyload\" data-srcset=\"https:\/\/www.design-award.cz\/wp-content\/uploads\/2022\/04\/Snimek-obrazovky-12-1024x773.png 1024w, https:\/\/www.design-award.cz\/wp-content\/uploads\/2022\/04\/Snimek-obrazovky-12-300x227.png 300w, https:\/\/www.design-award.cz\/wp-content\/uploads\/2022\/04\/Snimek-obrazovky-12-768x580.png 768w, https:\/\/www.design-award.cz\/wp-content\/uploads\/2022\/04\/Snimek-obrazovky-12-500x378.png 500w, https:\/\/www.design-award.cz\/wp-content\/uploads\/2022\/04\/Snimek-obrazovky-12-800x604.png 800w, https:\/\/www.design-award.cz\/wp-content\/uploads\/2022\/04\/Snimek-obrazovky-12-1280x967.png 1280w, https:\/\/www.design-award.cz\/wp-content\/uploads\/2022\/04\/Snimek-obrazovky-12.png 1430w\" data-sizes=\"(max-width: 1024px) 100vw, 1024px\" src=\"data:image\/svg+xml;base64,PHN2ZyB3aWR0aD0iMSIgaGVpZ2h0PSIxIiB4bWxucz0iaHR0cDovL3d3dy53My5vcmcvMjAwMC9zdmciPjwvc3ZnPg==\" style=\"--smush-placeholder-width: 1024px; --smush-placeholder-aspect-ratio: 1024\/773;\" \/><\/figure>\n\n\n\n<figure class=\"wp-block-image size-large\"><img decoding=\"async\" width=\"894\" height=\"1024\" data-src=\"http:\/\/www.design-award.cz\/wp-content\/uploads\/2022\/04\/IMG_E3423-894x1024.jpg\" alt=\"\" class=\"wp-image-792 lazyload\" data-srcset=\"https:\/\/www.design-award.cz\/wp-content\/uploads\/2022\/04\/IMG_E3423-894x1024.jpg 894w, https:\/\/www.design-award.cz\/wp-content\/uploads\/2022\/04\/IMG_E3423-262x300.jpg 262w, https:\/\/www.design-award.cz\/wp-content\/uploads\/2022\/04\/IMG_E3423-768x880.jpg 768w, https:\/\/www.design-award.cz\/wp-content\/uploads\/2022\/04\/IMG_E3423-500x573.jpg 500w, https:\/\/www.design-award.cz\/wp-content\/uploads\/2022\/04\/IMG_E3423-800x917.jpg 800w, https:\/\/www.design-award.cz\/wp-content\/uploads\/2022\/04\/IMG_E3423.jpg 1125w\" data-sizes=\"(max-width: 894px) 100vw, 894px\" src=\"data:image\/svg+xml;base64,PHN2ZyB3aWR0aD0iMSIgaGVpZ2h0PSIxIiB4bWxucz0iaHR0cDovL3d3dy53My5vcmcvMjAwMC9zdmciPjwvc3ZnPg==\" style=\"--smush-placeholder-width: 894px; --smush-placeholder-aspect-ratio: 894\/1024;\" \/><\/figure>\n\n\n<div class=\"wp-block-visual-portfolio\">\n<div class=\"vp-portfolio vp-uid-2ece4a06 vp-id-607\"\n\tdata-vp-layout=\"slider\" data-vp-content-source=\"post-based\" data-vp-items-style=\"fade\" data-vp-items-click-action=\"url\" data-vp-items-gap=\"12\" data-vp-items-gap-vertical=\"\" data-vp-pagination=\"load-more\" data-vp-next-page-url=\"https:\/\/www.design-award.cz\/index.php?rest_route=%2Fwp%2Fv2%2Fportfolio%2F790&#038;vp_page=2\" data-vp-random-seed=\"4177243167\" data-vp-slider-effect=\"slide\" data-vp-slider-items-height=\"80%\" data-vp-slider-items-min-height=\"\" data-vp-slider-slides-per-view=\"3\" data-vp-slider-speed=\"0.3\" data-vp-slider-autoplay=\"4.8\" data-vp-slider-autoplay-hover-pause=\"false\" data-vp-slider-centered-slides=\"true\" data-vp-slider-loop=\"true\" data-vp-slider-free-mode=\"false\" data-vp-slider-free-mode-sticky=\"false\" data-vp-slider-arrows=\"true\" data-vp-slider-bullets=\"false\" data-vp-slider-bullets-dynamic=\"false\" data-vp-slider-mousewheel=\"false\" data-vp-slider-thumbnails=\"false\" >\n\t<div class=\"vp-portfolio__preloader-wrap\">\n\t\t<div class=\"vp-portfolio__preloader\">\n\t\t\t<img decoding=\"async\" loading=\"eager\" src=\"https:\/\/www.design-award.cz\/wp-content\/plugins\/visual-portfolio\/assets\/images\/logo-dark.svg\" alt=\"Visual Portfolio, Posts &amp; Image Gallery for WordPress\" width=\"20\" height=\"20\" data-skip-lazy>\n\t\t<\/div>\n\t<\/div>\n\t\t<div class=\"vp-portfolio__items-wrap\">\n\t\t\t\n<div class=\"vp-portfolio__items vp-portfolio__items-style-fade vp-portfolio__items-show-overlay-hover\">\n\n\t\t<article\t\tclass=\"vp-portfolio__item-wrap post-1001 portfolio type-portfolio status-publish format-standard has-post-thumbnail hentry entry has-media vp-portfolio__item-uid-89674725\" data-vp-filter=\"\" \t\t>\n\t\t\t\t\t\t\t\t\t<figure class=\"vp-portfolio__item\">\n\t\t\t\t\n<div class=\"vp-portfolio__item-img-wrap\">\n\t<div class=\"vp-portfolio__item-img\">\n\t\t\t<a\n\t\thref=\"https:\/\/www.design-award.cz\/?portfolio=produktovy-design-jidlo-je-hra\"\n\t\t\t>\n\t\n\t\t<noscript><img decoding=\"async\" width=\"1920\" height=\"1080\" data-skip-lazy src=\"https:\/\/www.design-award.cz\/wp-content\/uploads\/2022\/04\/2T0A9735_Momentv.jpg\" class=\"wp-image-1002\" alt=\"\" srcset=\"https:\/\/www.design-award.cz\/wp-content\/uploads\/2022\/04\/2T0A9735_Momentv.jpg 1920w, https:\/\/www.design-award.cz\/wp-content\/uploads\/2022\/04\/2T0A9735_Momentv-300x169.jpg 300w, https:\/\/www.design-award.cz\/wp-content\/uploads\/2022\/04\/2T0A9735_Momentv-1024x576.jpg 1024w, https:\/\/www.design-award.cz\/wp-content\/uploads\/2022\/04\/2T0A9735_Momentv-768x432.jpg 768w, https:\/\/www.design-award.cz\/wp-content\/uploads\/2022\/04\/2T0A9735_Momentv-1536x864.jpg 1536w, https:\/\/www.design-award.cz\/wp-content\/uploads\/2022\/04\/2T0A9735_Momentv-500x281.jpg 500w, https:\/\/www.design-award.cz\/wp-content\/uploads\/2022\/04\/2T0A9735_Momentv-800x450.jpg 800w, https:\/\/www.design-award.cz\/wp-content\/uploads\/2022\/04\/2T0A9735_Momentv-1280x720.jpg 1280w\" sizes=\"(max-width: 1920px) 100vw, 1920px\" \/><\/noscript><img fetchpriority=\"high\" decoding=\"async\" width=\"1920\" height=\"1080\" src=\"https:\/\/www.design-award.cz\/wp-content\/uploads\/2022\/04\/2T0A9735_Momentv.jpg\" class=\"wp-image-1002 vp-lazyload\" alt srcset=\"data:image\/svg+xml;base64,PHN2ZyB3aWR0aD0iMTkyMCIgaGVpZ2h0PSIxMDgwIiB2aWV3Qm94PSIwIDAgMTkyMCAxMDgwIiBmaWxsPSJub25lIiB4bWxucz0iaHR0cDovL3d3dy53My5vcmcvMjAwMC9zdmciPjwvc3ZnPg==\" data-src=\"https:\/\/www.design-award.cz\/wp-content\/uploads\/2022\/04\/2T0A9735_Momentv.jpg\" data-srcset=\"https:\/\/www.design-award.cz\/wp-content\/uploads\/2022\/04\/2T0A9735_Momentv.jpg 1920w, https:\/\/www.design-award.cz\/wp-content\/uploads\/2022\/04\/2T0A9735_Momentv-300x169.jpg 300w, https:\/\/www.design-award.cz\/wp-content\/uploads\/2022\/04\/2T0A9735_Momentv-1024x576.jpg 1024w, https:\/\/www.design-award.cz\/wp-content\/uploads\/2022\/04\/2T0A9735_Momentv-768x432.jpg 768w, https:\/\/www.design-award.cz\/wp-content\/uploads\/2022\/04\/2T0A9735_Momentv-1536x864.jpg 1536w, https:\/\/www.design-award.cz\/wp-content\/uploads\/2022\/04\/2T0A9735_Momentv-500x281.jpg 500w, https:\/\/www.design-award.cz\/wp-content\/uploads\/2022\/04\/2T0A9735_Momentv-800x450.jpg 800w, https:\/\/www.design-award.cz\/wp-content\/uploads\/2022\/04\/2T0A9735_Momentv-1280x720.jpg 1280w\" data-sizes=\"auto\" loading=\"eager\">\n\t\t<\/a>\t<\/div>\n<\/div>\n\t<figcaption class=\"vp-portfolio__item-overlay vp-portfolio__item-overlay-text-align-center\">\n\t\t<div class=\"vp-portfolio__item-meta-wrap vp-portfolio__custom-scrollbar\">\n\t\t\t\t<a\n\t\thref=\"https:\/\/www.design-award.cz\/?portfolio=produktovy-design-jidlo-je-hra\"\n\t\ttabindex=\"-1\" class=\"vp-portfolio__item-meta\" \t>\n\t\n<h2 class=\"vp-portfolio__item-meta-title\">\n\tProduktov\u00fd design &#8211; J\u00eddlo je hra<\/h2>\n<\/a>\t\t<\/div>\n\t<\/figcaption>\n\t\t\t<\/figure>\n\t\t\t\t\t<\/article>\n\t\t\n\t\t<article\t\tclass=\"vp-portfolio__item-wrap post-4949 portfolio type-portfolio status-publish format-standard has-post-thumbnail hentry entry has-media vp-portfolio__item-uid-dbdfc1ae\" data-vp-filter=\"\" \t\t>\n\t\t\t\t\t\t\t\t\t<figure class=\"vp-portfolio__item\">\n\t\t\t\t\n<div class=\"vp-portfolio__item-img-wrap\">\n\t<div class=\"vp-portfolio__item-img\">\n\t\t\t<a\n\t\thref=\"https:\/\/www.design-award.cz\/?portfolio=produktovy-design-detske-edukacni-sedadlo-sella-montis\"\n\t\t\t>\n\t\n\t\t<noscript><img decoding=\"async\" width=\"1920\" height=\"1351\" data-skip-lazy src=\"https:\/\/www.design-award.cz\/wp-content\/uploads\/2025\/06\/sedadlo_9-Photo-1920x1351.jpg\" class=\"wp-image-4950\" alt=\"\" srcset=\"https:\/\/www.design-award.cz\/wp-content\/uploads\/2025\/06\/sedadlo_9-Photo-1920x1351.jpg 1920w, https:\/\/www.design-award.cz\/wp-content\/uploads\/2025\/06\/sedadlo_9-Photo-300x211.jpg 300w, https:\/\/www.design-award.cz\/wp-content\/uploads\/2025\/06\/sedadlo_9-Photo-1024x721.jpg 1024w, https:\/\/www.design-award.cz\/wp-content\/uploads\/2025\/06\/sedadlo_9-Photo-768x541.jpg 768w, https:\/\/www.design-award.cz\/wp-content\/uploads\/2025\/06\/sedadlo_9-Photo-1536x1081.jpg 1536w, https:\/\/www.design-award.cz\/wp-content\/uploads\/2025\/06\/sedadlo_9-Photo-2048x1442.jpg 2048w, https:\/\/www.design-award.cz\/wp-content\/uploads\/2025\/06\/sedadlo_9-Photo-500x352.jpg 500w, https:\/\/www.design-award.cz\/wp-content\/uploads\/2025\/06\/sedadlo_9-Photo-800x563.jpg 800w, https:\/\/www.design-award.cz\/wp-content\/uploads\/2025\/06\/sedadlo_9-Photo-1280x901.jpg 1280w\" sizes=\"(max-width: 1920px) 100vw, 1920px\" \/><\/noscript><img decoding=\"async\" width=\"1920\" height=\"1351\" src=\"https:\/\/www.design-award.cz\/wp-content\/uploads\/2025\/06\/sedadlo_9-Photo-1920x1351.jpg\" class=\"wp-image-4950 vp-lazyload\" alt srcset=\"data:image\/svg+xml;base64,PHN2ZyB3aWR0aD0iMTkyMCIgaGVpZ2h0PSIxMzUxIiB2aWV3Qm94PSIwIDAgMTkyMCAxMzUxIiBmaWxsPSJub25lIiB4bWxucz0iaHR0cDovL3d3dy53My5vcmcvMjAwMC9zdmciPjwvc3ZnPg==\" data-src=\"https:\/\/www.design-award.cz\/wp-content\/uploads\/2025\/06\/sedadlo_9-Photo-1920x1351.jpg\" data-srcset=\"https:\/\/www.design-award.cz\/wp-content\/uploads\/2025\/06\/sedadlo_9-Photo-1920x1351.jpg 1920w, https:\/\/www.design-award.cz\/wp-content\/uploads\/2025\/06\/sedadlo_9-Photo-300x211.jpg 300w, https:\/\/www.design-award.cz\/wp-content\/uploads\/2025\/06\/sedadlo_9-Photo-1024x721.jpg 1024w, https:\/\/www.design-award.cz\/wp-content\/uploads\/2025\/06\/sedadlo_9-Photo-768x541.jpg 768w, https:\/\/www.design-award.cz\/wp-content\/uploads\/2025\/06\/sedadlo_9-Photo-1536x1081.jpg 1536w, https:\/\/www.design-award.cz\/wp-content\/uploads\/2025\/06\/sedadlo_9-Photo-2048x1442.jpg 2048w, https:\/\/www.design-award.cz\/wp-content\/uploads\/2025\/06\/sedadlo_9-Photo-500x352.jpg 500w, https:\/\/www.design-award.cz\/wp-content\/uploads\/2025\/06\/sedadlo_9-Photo-800x563.jpg 800w, https:\/\/www.design-award.cz\/wp-content\/uploads\/2025\/06\/sedadlo_9-Photo-1280x901.jpg 1280w\" data-sizes=\"auto\" loading=\"eager\">\n\t\t<\/a>\t<\/div>\n<\/div>\n\t<figcaption class=\"vp-portfolio__item-overlay vp-portfolio__item-overlay-text-align-center\">\n\t\t<div class=\"vp-portfolio__item-meta-wrap vp-portfolio__custom-scrollbar\">\n\t\t\t\t<a\n\t\thref=\"https:\/\/www.design-award.cz\/?portfolio=produktovy-design-detske-edukacni-sedadlo-sella-montis\"\n\t\ttabindex=\"-1\" class=\"vp-portfolio__item-meta\" \t>\n\t\n<h2 class=\"vp-portfolio__item-meta-title\">\n\tProduktov\u00fd design &#8211; D\u011btsk\u00e9 eduka\u010dn\u00ed sedadlo-Sella Montis<\/h2>\n<\/a>\t\t<\/div>\n\t<\/figcaption>\n\t\t\t<\/figure>\n\t\t\t\t\t<\/article>\n\t\t\n\t\t<article\t\tclass=\"vp-portfolio__item-wrap post-2297 portfolio type-portfolio status-publish format-standard has-post-thumbnail hentry portfolio_category-soutezici-2023 entry has-media vp-portfolio__item-uid-a0f722d9\" data-vp-filter=\"soutezici-2023\" \t\t>\n\t\t\t\t\t\t\t\t\t<figure class=\"vp-portfolio__item\">\n\t\t\t\t\n<div class=\"vp-portfolio__item-img-wrap\">\n\t<div class=\"vp-portfolio__item-img\">\n\t\t\t<a\n\t\thref=\"https:\/\/www.design-award.cz\/?portfolio=produktovy-design-hanging-table\"\n\t\t\t>\n\t\n\t\t<noscript><img decoding=\"async\" width=\"1920\" height=\"1358\" data-skip-lazy src=\"https:\/\/www.design-award.cz\/wp-content\/uploads\/2023\/04\/HT_kolaz_vizualizace-1920x1358.jpg\" class=\"wp-image-2302\" alt=\"\" srcset=\"https:\/\/www.design-award.cz\/wp-content\/uploads\/2023\/04\/HT_kolaz_vizualizace-1920x1358.jpg 1920w, https:\/\/www.design-award.cz\/wp-content\/uploads\/2023\/04\/HT_kolaz_vizualizace-300x212.jpg 300w, https:\/\/www.design-award.cz\/wp-content\/uploads\/2023\/04\/HT_kolaz_vizualizace-1024x724.jpg 1024w, https:\/\/www.design-award.cz\/wp-content\/uploads\/2023\/04\/HT_kolaz_vizualizace-768x543.jpg 768w, https:\/\/www.design-award.cz\/wp-content\/uploads\/2023\/04\/HT_kolaz_vizualizace-1536x1086.jpg 1536w, https:\/\/www.design-award.cz\/wp-content\/uploads\/2023\/04\/HT_kolaz_vizualizace-2048x1448.jpg 2048w, https:\/\/www.design-award.cz\/wp-content\/uploads\/2023\/04\/HT_kolaz_vizualizace-500x354.jpg 500w, https:\/\/www.design-award.cz\/wp-content\/uploads\/2023\/04\/HT_kolaz_vizualizace-800x566.jpg 800w, https:\/\/www.design-award.cz\/wp-content\/uploads\/2023\/04\/HT_kolaz_vizualizace-1280x905.jpg 1280w\" sizes=\"(max-width: 1920px) 100vw, 1920px\" \/><\/noscript><img decoding=\"async\" width=\"1920\" height=\"1358\" src=\"https:\/\/www.design-award.cz\/wp-content\/uploads\/2023\/04\/HT_kolaz_vizualizace-1920x1358.jpg\" class=\"wp-image-2302 vp-lazyload\" alt srcset=\"data:image\/svg+xml;base64,PHN2ZyB3aWR0aD0iMTkyMCIgaGVpZ2h0PSIxMzU4IiB2aWV3Qm94PSIwIDAgMTkyMCAxMzU4IiBmaWxsPSJub25lIiB4bWxucz0iaHR0cDovL3d3dy53My5vcmcvMjAwMC9zdmciPjwvc3ZnPg==\" data-src=\"https:\/\/www.design-award.cz\/wp-content\/uploads\/2023\/04\/HT_kolaz_vizualizace-1920x1358.jpg\" data-srcset=\"https:\/\/www.design-award.cz\/wp-content\/uploads\/2023\/04\/HT_kolaz_vizualizace-1920x1358.jpg 1920w, https:\/\/www.design-award.cz\/wp-content\/uploads\/2023\/04\/HT_kolaz_vizualizace-300x212.jpg 300w, https:\/\/www.design-award.cz\/wp-content\/uploads\/2023\/04\/HT_kolaz_vizualizace-1024x724.jpg 1024w, https:\/\/www.design-award.cz\/wp-content\/uploads\/2023\/04\/HT_kolaz_vizualizace-768x543.jpg 768w, https:\/\/www.design-award.cz\/wp-content\/uploads\/2023\/04\/HT_kolaz_vizualizace-1536x1086.jpg 1536w, https:\/\/www.design-award.cz\/wp-content\/uploads\/2023\/04\/HT_kolaz_vizualizace-2048x1448.jpg 2048w, https:\/\/www.design-award.cz\/wp-content\/uploads\/2023\/04\/HT_kolaz_vizualizace-500x354.jpg 500w, https:\/\/www.design-award.cz\/wp-content\/uploads\/2023\/04\/HT_kolaz_vizualizace-800x566.jpg 800w, https:\/\/www.design-award.cz\/wp-content\/uploads\/2023\/04\/HT_kolaz_vizualizace-1280x905.jpg 1280w\" data-sizes=\"auto\" loading=\"eager\">\n\t\t<\/a>\t<\/div>\n<\/div>\n\t<figcaption class=\"vp-portfolio__item-overlay vp-portfolio__item-overlay-text-align-center\">\n\t\t<div class=\"vp-portfolio__item-meta-wrap vp-portfolio__custom-scrollbar\">\n\t\t\t\t<a\n\t\thref=\"https:\/\/www.design-award.cz\/?portfolio=produktovy-design-hanging-table\"\n\t\ttabindex=\"-1\" class=\"vp-portfolio__item-meta\" \t>\n\t\n<div class=\"vp-portfolio__item-meta-categories\">\n\t\t\t<div class=\"vp-portfolio__item-meta-category\">\n\t\t\t\t<span\t\t\t>\n\tSOUT\u011a\u017d\u00cdC\u00cd 2023<\/span>\t\t<\/div>\n\t\t<\/div>\n\n<h2 class=\"vp-portfolio__item-meta-title\">\n\tProduktov\u00fd design &#8211; Hanging Table<\/h2>\n<\/a>\t\t<\/div>\n\t<\/figcaption>\n\t\t\t<\/figure>\n\t\t\t\t\t<\/article>\n\t\t\n\t\t<article\t\tclass=\"vp-portfolio__item-wrap post-3480 portfolio type-portfolio status-publish format-standard has-post-thumbnail hentry entry has-media vp-portfolio__item-uid-9bb99dec\" data-vp-filter=\"\" \t\t>\n\t\t\t\t\t\t\t\t\t<figure class=\"vp-portfolio__item\">\n\t\t\t\t\n<div class=\"vp-portfolio__item-img-wrap\">\n\t<div class=\"vp-portfolio__item-img\">\n\t\t\t<a\n\t\thref=\"https:\/\/www.design-award.cz\/?portfolio=produktovy-design-amma\"\n\t\t\t>\n\t\n\t\t<noscript><img decoding=\"async\" width=\"810\" height=\"638\" data-skip-lazy src=\"https:\/\/www.design-award.cz\/wp-content\/uploads\/2024\/06\/amma2.png\" class=\"wp-image-3513\" alt=\"\" srcset=\"https:\/\/www.design-award.cz\/wp-content\/uploads\/2024\/06\/amma2.png 810w, https:\/\/www.design-award.cz\/wp-content\/uploads\/2024\/06\/amma2-300x236.png 300w, https:\/\/www.design-award.cz\/wp-content\/uploads\/2024\/06\/amma2-768x605.png 768w, https:\/\/www.design-award.cz\/wp-content\/uploads\/2024\/06\/amma2-500x394.png 500w, https:\/\/www.design-award.cz\/wp-content\/uploads\/2024\/06\/amma2-800x630.png 800w\" sizes=\"(max-width: 810px) 100vw, 810px\" \/><\/noscript><img decoding=\"async\" width=\"810\" height=\"638\" src=\"https:\/\/www.design-award.cz\/wp-content\/uploads\/2024\/06\/amma2.png\" class=\"wp-image-3513 vp-lazyload\" alt srcset=\"data:image\/svg+xml;base64,PHN2ZyB3aWR0aD0iODEwIiBoZWlnaHQ9IjYzOCIgdmlld0JveD0iMCAwIDgxMCA2MzgiIGZpbGw9Im5vbmUiIHhtbG5zPSJodHRwOi8vd3d3LnczLm9yZy8yMDAwL3N2ZyI+PC9zdmc+\" data-src=\"https:\/\/www.design-award.cz\/wp-content\/uploads\/2024\/06\/amma2.png\" data-srcset=\"https:\/\/www.design-award.cz\/wp-content\/uploads\/2024\/06\/amma2.png 810w, https:\/\/www.design-award.cz\/wp-content\/uploads\/2024\/06\/amma2-300x236.png 300w, https:\/\/www.design-award.cz\/wp-content\/uploads\/2024\/06\/amma2-768x605.png 768w, https:\/\/www.design-award.cz\/wp-content\/uploads\/2024\/06\/amma2-500x394.png 500w, https:\/\/www.design-award.cz\/wp-content\/uploads\/2024\/06\/amma2-800x630.png 800w\" data-sizes=\"auto\" loading=\"eager\">\n\t\t<\/a>\t<\/div>\n<\/div>\n\t<figcaption class=\"vp-portfolio__item-overlay vp-portfolio__item-overlay-text-align-center\">\n\t\t<div class=\"vp-portfolio__item-meta-wrap vp-portfolio__custom-scrollbar\">\n\t\t\t\t<a\n\t\thref=\"https:\/\/www.design-award.cz\/?portfolio=produktovy-design-amma\"\n\t\ttabindex=\"-1\" class=\"vp-portfolio__item-meta\" \t>\n\t\n<h2 class=\"vp-portfolio__item-meta-title\">\n\tProduktov\u00fd design &#8211; Amma<\/h2>\n<\/a>\t\t<\/div>\n\t<\/figcaption>\n\t\t\t<\/figure>\n\t\t\t\t\t<\/article>\n\t\t\n\t\t<article\t\tclass=\"vp-portfolio__item-wrap post-3160 portfolio type-portfolio status-publish format-standard has-post-thumbnail hentry entry has-media vp-portfolio__item-uid-03f17289\" data-vp-filter=\"\" \t\t>\n\t\t\t\t\t\t\t\t\t<figure class=\"vp-portfolio__item\">\n\t\t\t\t\n<div class=\"vp-portfolio__item-img-wrap\">\n\t<div class=\"vp-portfolio__item-img\">\n\t\t\t<a\n\t\thref=\"https:\/\/www.design-award.cz\/?portfolio=verejny-interier-navrh-prodejnich-prostor-pro-znacku-stussy\"\n\t\t\t>\n\t\n\t\t<noscript><img decoding=\"async\" width=\"1920\" height=\"1080\" data-skip-lazy src=\"https:\/\/www.design-award.cz\/wp-content\/uploads\/2024\/04\/pop-up-render-3new-1920x1080.png\" class=\"wp-image-3168\" alt=\"\" srcset=\"https:\/\/www.design-award.cz\/wp-content\/uploads\/2024\/04\/pop-up-render-3new-1920x1080.png 1920w, https:\/\/www.design-award.cz\/wp-content\/uploads\/2024\/04\/pop-up-render-3new-300x169.png 300w, https:\/\/www.design-award.cz\/wp-content\/uploads\/2024\/04\/pop-up-render-3new-1024x576.png 1024w, https:\/\/www.design-award.cz\/wp-content\/uploads\/2024\/04\/pop-up-render-3new-768x432.png 768w, https:\/\/www.design-award.cz\/wp-content\/uploads\/2024\/04\/pop-up-render-3new-1536x864.png 1536w, https:\/\/www.design-award.cz\/wp-content\/uploads\/2024\/04\/pop-up-render-3new-2048x1152.png 2048w, https:\/\/www.design-award.cz\/wp-content\/uploads\/2024\/04\/pop-up-render-3new-500x281.png 500w, https:\/\/www.design-award.cz\/wp-content\/uploads\/2024\/04\/pop-up-render-3new-800x450.png 800w, https:\/\/www.design-award.cz\/wp-content\/uploads\/2024\/04\/pop-up-render-3new-1280x720.png 1280w\" sizes=\"(max-width: 1920px) 100vw, 1920px\" \/><\/noscript><img decoding=\"async\" width=\"1920\" height=\"1080\" src=\"https:\/\/www.design-award.cz\/wp-content\/uploads\/2024\/04\/pop-up-render-3new-1920x1080.png\" class=\"wp-image-3168 vp-lazyload\" alt srcset=\"data:image\/svg+xml;base64,PHN2ZyB3aWR0aD0iMTkyMCIgaGVpZ2h0PSIxMDgwIiB2aWV3Qm94PSIwIDAgMTkyMCAxMDgwIiBmaWxsPSJub25lIiB4bWxucz0iaHR0cDovL3d3dy53My5vcmcvMjAwMC9zdmciPjwvc3ZnPg==\" data-src=\"https:\/\/www.design-award.cz\/wp-content\/uploads\/2024\/04\/pop-up-render-3new-1920x1080.png\" data-srcset=\"https:\/\/www.design-award.cz\/wp-content\/uploads\/2024\/04\/pop-up-render-3new-1920x1080.png 1920w, https:\/\/www.design-award.cz\/wp-content\/uploads\/2024\/04\/pop-up-render-3new-300x169.png 300w, https:\/\/www.design-award.cz\/wp-content\/uploads\/2024\/04\/pop-up-render-3new-1024x576.png 1024w, https:\/\/www.design-award.cz\/wp-content\/uploads\/2024\/04\/pop-up-render-3new-768x432.png 768w, https:\/\/www.design-award.cz\/wp-content\/uploads\/2024\/04\/pop-up-render-3new-1536x864.png 1536w, https:\/\/www.design-award.cz\/wp-content\/uploads\/2024\/04\/pop-up-render-3new-2048x1152.png 2048w, https:\/\/www.design-award.cz\/wp-content\/uploads\/2024\/04\/pop-up-render-3new-500x281.png 500w, https:\/\/www.design-award.cz\/wp-content\/uploads\/2024\/04\/pop-up-render-3new-800x450.png 800w, https:\/\/www.design-award.cz\/wp-content\/uploads\/2024\/04\/pop-up-render-3new-1280x720.png 1280w\" data-sizes=\"auto\" loading=\"eager\">\n\t\t<\/a>\t<\/div>\n<\/div>\n\t<figcaption class=\"vp-portfolio__item-overlay vp-portfolio__item-overlay-text-align-center\">\n\t\t<div class=\"vp-portfolio__item-meta-wrap vp-portfolio__custom-scrollbar\">\n\t\t\t\t<a\n\t\thref=\"https:\/\/www.design-award.cz\/?portfolio=verejny-interier-navrh-prodejnich-prostor-pro-znacku-stussy\"\n\t\ttabindex=\"-1\" class=\"vp-portfolio__item-meta\" \t>\n\t\n<h2 class=\"vp-portfolio__item-meta-title\">\n\tVe\u0159ejn\u00fd interi\u00e9r &#8211; N\u00c1VRH PRODEJN\u00cdCH PROSTOR PRO ZNA\u010cKU St\u00fcssy<\/h2>\n<\/a>\t\t<\/div>\n\t<\/figcaption>\n\t\t\t<\/figure>\n\t\t\t\t\t<\/article>\n\t\t\n\t\t<article\t\tclass=\"vp-portfolio__item-wrap post-3897 portfolio type-portfolio status-publish format-standard has-post-thumbnail hentry entry has-media vp-portfolio__item-uid-15dcc06a\" data-vp-filter=\"\" \t\t>\n\t\t\t\t\t\t\t\t\t<figure class=\"vp-portfolio__item\">\n\t\t\t\t\n<div class=\"vp-portfolio__item-img-wrap\">\n\t<div class=\"vp-portfolio__item-img\">\n\t\t\t<a\n\t\thref=\"https:\/\/www.design-award.cz\/?portfolio=soukromy-interier-tiny-house-z-kontejneru-2\"\n\t\t\t>\n\t\n\t\t<noscript><img decoding=\"async\" width=\"1920\" height=\"1080\" data-skip-lazy src=\"https:\/\/www.design-award.cz\/wp-content\/uploads\/2024\/06\/9-1-1920x1080.jpg\" class=\"wp-image-3899\" alt=\"\" srcset=\"https:\/\/www.design-award.cz\/wp-content\/uploads\/2024\/06\/9-1-1920x1080.jpg 1920w, https:\/\/www.design-award.cz\/wp-content\/uploads\/2024\/06\/9-1-300x169.jpg 300w, https:\/\/www.design-award.cz\/wp-content\/uploads\/2024\/06\/9-1-1024x576.jpg 1024w, https:\/\/www.design-award.cz\/wp-content\/uploads\/2024\/06\/9-1-768x432.jpg 768w, https:\/\/www.design-award.cz\/wp-content\/uploads\/2024\/06\/9-1-1536x864.jpg 1536w, https:\/\/www.design-award.cz\/wp-content\/uploads\/2024\/06\/9-1-2048x1152.jpg 2048w, https:\/\/www.design-award.cz\/wp-content\/uploads\/2024\/06\/9-1-500x281.jpg 500w, https:\/\/www.design-award.cz\/wp-content\/uploads\/2024\/06\/9-1-800x450.jpg 800w, https:\/\/www.design-award.cz\/wp-content\/uploads\/2024\/06\/9-1-1280x720.jpg 1280w\" sizes=\"(max-width: 1920px) 100vw, 1920px\" \/><\/noscript><img decoding=\"async\" width=\"1920\" height=\"1080\" src=\"https:\/\/www.design-award.cz\/wp-content\/uploads\/2024\/06\/9-1-1920x1080.jpg\" class=\"wp-image-3899 vp-lazyload\" alt srcset=\"data:image\/svg+xml;base64,PHN2ZyB3aWR0aD0iMTkyMCIgaGVpZ2h0PSIxMDgwIiB2aWV3Qm94PSIwIDAgMTkyMCAxMDgwIiBmaWxsPSJub25lIiB4bWxucz0iaHR0cDovL3d3dy53My5vcmcvMjAwMC9zdmciPjwvc3ZnPg==\" data-src=\"https:\/\/www.design-award.cz\/wp-content\/uploads\/2024\/06\/9-1-1920x1080.jpg\" data-srcset=\"https:\/\/www.design-award.cz\/wp-content\/uploads\/2024\/06\/9-1-1920x1080.jpg 1920w, https:\/\/www.design-award.cz\/wp-content\/uploads\/2024\/06\/9-1-300x169.jpg 300w, https:\/\/www.design-award.cz\/wp-content\/uploads\/2024\/06\/9-1-1024x576.jpg 1024w, https:\/\/www.design-award.cz\/wp-content\/uploads\/2024\/06\/9-1-768x432.jpg 768w, https:\/\/www.design-award.cz\/wp-content\/uploads\/2024\/06\/9-1-1536x864.jpg 1536w, https:\/\/www.design-award.cz\/wp-content\/uploads\/2024\/06\/9-1-2048x1152.jpg 2048w, https:\/\/www.design-award.cz\/wp-content\/uploads\/2024\/06\/9-1-500x281.jpg 500w, https:\/\/www.design-award.cz\/wp-content\/uploads\/2024\/06\/9-1-800x450.jpg 800w, https:\/\/www.design-award.cz\/wp-content\/uploads\/2024\/06\/9-1-1280x720.jpg 1280w\" data-sizes=\"auto\" loading=\"eager\">\n\t\t<\/a>\t<\/div>\n<\/div>\n\t<figcaption class=\"vp-portfolio__item-overlay vp-portfolio__item-overlay-text-align-center\">\n\t\t<div class=\"vp-portfolio__item-meta-wrap vp-portfolio__custom-scrollbar\">\n\t\t\t\t<a\n\t\thref=\"https:\/\/www.design-award.cz\/?portfolio=soukromy-interier-tiny-house-z-kontejneru-2\"\n\t\ttabindex=\"-1\" class=\"vp-portfolio__item-meta\" \t>\n\t\n<h2 class=\"vp-portfolio__item-meta-title\">\n\tSoukrom\u00fd interi\u00e9r &#8211; Tiny house z kontejner\u016f<\/h2>\n<\/a>\t\t<\/div>\n\t<\/figcaption>\n\t\t\t<\/figure>\n\t\t\t\t\t<\/article>\n\t\t\n\t\t<article\t\tclass=\"vp-portfolio__item-wrap post-5349 portfolio type-portfolio status-publish format-standard has-post-thumbnail hentry entry has-media vp-portfolio__item-uid-6ef4231d\" data-vp-filter=\"\" \t\t>\n\t\t\t\t\t\t\t\t\t<figure class=\"vp-portfolio__item\">\n\t\t\t\t\n<div class=\"vp-portfolio__item-img-wrap\">\n\t<div class=\"vp-portfolio__item-img\">\n\t\t\t<a\n\t\thref=\"https:\/\/www.design-award.cz\/?portfolio=produktovy-design-matcha-set\"\n\t\t\t>\n\t\n\t\t<noscript><img decoding=\"async\" width=\"1920\" height=\"1648\" data-skip-lazy src=\"https:\/\/www.design-award.cz\/wp-content\/uploads\/2025\/06\/KOPECKOVA_Simona_Matcha_set_viz-1-1920x1648.jpg\" class=\"wp-image-5422\" alt=\"\" srcset=\"https:\/\/www.design-award.cz\/wp-content\/uploads\/2025\/06\/KOPECKOVA_Simona_Matcha_set_viz-1-1920x1648.jpg 1920w, https:\/\/www.design-award.cz\/wp-content\/uploads\/2025\/06\/KOPECKOVA_Simona_Matcha_set_viz-1-300x258.jpg 300w, https:\/\/www.design-award.cz\/wp-content\/uploads\/2025\/06\/KOPECKOVA_Simona_Matcha_set_viz-1-1024x879.jpg 1024w, https:\/\/www.design-award.cz\/wp-content\/uploads\/2025\/06\/KOPECKOVA_Simona_Matcha_set_viz-1-768x659.jpg 768w, https:\/\/www.design-award.cz\/wp-content\/uploads\/2025\/06\/KOPECKOVA_Simona_Matcha_set_viz-1-1536x1319.jpg 1536w, https:\/\/www.design-award.cz\/wp-content\/uploads\/2025\/06\/KOPECKOVA_Simona_Matcha_set_viz-1-500x429.jpg 500w, https:\/\/www.design-award.cz\/wp-content\/uploads\/2025\/06\/KOPECKOVA_Simona_Matcha_set_viz-1-800x687.jpg 800w, https:\/\/www.design-award.cz\/wp-content\/uploads\/2025\/06\/KOPECKOVA_Simona_Matcha_set_viz-1-1280x1099.jpg 1280w, https:\/\/www.design-award.cz\/wp-content\/uploads\/2025\/06\/KOPECKOVA_Simona_Matcha_set_viz-1.jpg 2000w\" sizes=\"(max-width: 1920px) 100vw, 1920px\" \/><\/noscript><img decoding=\"async\" width=\"1920\" height=\"1648\" src=\"https:\/\/www.design-award.cz\/wp-content\/uploads\/2025\/06\/KOPECKOVA_Simona_Matcha_set_viz-1-1920x1648.jpg\" class=\"wp-image-5422 vp-lazyload\" alt srcset=\"data:image\/svg+xml;base64,PHN2ZyB3aWR0aD0iMTkyMCIgaGVpZ2h0PSIxNjQ4IiB2aWV3Qm94PSIwIDAgMTkyMCAxNjQ4IiBmaWxsPSJub25lIiB4bWxucz0iaHR0cDovL3d3dy53My5vcmcvMjAwMC9zdmciPjwvc3ZnPg==\" data-src=\"https:\/\/www.design-award.cz\/wp-content\/uploads\/2025\/06\/KOPECKOVA_Simona_Matcha_set_viz-1-1920x1648.jpg\" data-srcset=\"https:\/\/www.design-award.cz\/wp-content\/uploads\/2025\/06\/KOPECKOVA_Simona_Matcha_set_viz-1-1920x1648.jpg 1920w, https:\/\/www.design-award.cz\/wp-content\/uploads\/2025\/06\/KOPECKOVA_Simona_Matcha_set_viz-1-300x258.jpg 300w, https:\/\/www.design-award.cz\/wp-content\/uploads\/2025\/06\/KOPECKOVA_Simona_Matcha_set_viz-1-1024x879.jpg 1024w, https:\/\/www.design-award.cz\/wp-content\/uploads\/2025\/06\/KOPECKOVA_Simona_Matcha_set_viz-1-768x659.jpg 768w, https:\/\/www.design-award.cz\/wp-content\/uploads\/2025\/06\/KOPECKOVA_Simona_Matcha_set_viz-1-1536x1319.jpg 1536w, https:\/\/www.design-award.cz\/wp-content\/uploads\/2025\/06\/KOPECKOVA_Simona_Matcha_set_viz-1-500x429.jpg 500w, https:\/\/www.design-award.cz\/wp-content\/uploads\/2025\/06\/KOPECKOVA_Simona_Matcha_set_viz-1-800x687.jpg 800w, https:\/\/www.design-award.cz\/wp-content\/uploads\/2025\/06\/KOPECKOVA_Simona_Matcha_set_viz-1-1280x1099.jpg 1280w, https:\/\/www.design-award.cz\/wp-content\/uploads\/2025\/06\/KOPECKOVA_Simona_Matcha_set_viz-1.jpg 2000w\" data-sizes=\"auto\" loading=\"eager\">\n\t\t<\/a>\t<\/div>\n<\/div>\n\t<figcaption class=\"vp-portfolio__item-overlay vp-portfolio__item-overlay-text-align-center\">\n\t\t<div class=\"vp-portfolio__item-meta-wrap vp-portfolio__custom-scrollbar\">\n\t\t\t\t<a\n\t\thref=\"https:\/\/www.design-award.cz\/?portfolio=produktovy-design-matcha-set\"\n\t\ttabindex=\"-1\" class=\"vp-portfolio__item-meta\" \t>\n\t\n<h2 class=\"vp-portfolio__item-meta-title\">\n\tProduktov\u00fd design &#8211; Matcha Set<\/h2>\n<\/a>\t\t<\/div>\n\t<\/figcaption>\n\t\t\t<\/figure>\n\t\t\t\t\t<\/article>\n\t\t\n\t\t<article\t\tclass=\"vp-portfolio__item-wrap post-2291 portfolio type-portfolio status-publish format-standard has-post-thumbnail hentry portfolio_category-soutezici-2023 entry has-media vp-portfolio__item-uid-499487ec\" data-vp-filter=\"soutezici-2023\" \t\t>\n\t\t\t\t\t\t\t\t\t<figure class=\"vp-portfolio__item\">\n\t\t\t\t\n<div class=\"vp-portfolio__item-img-wrap\">\n\t<div class=\"vp-portfolio__item-img\">\n\t\t\t<a\n\t\thref=\"https:\/\/www.design-award.cz\/?portfolio=soukromy-interier-studentsky-pokoj\"\n\t\t\t>\n\t\n\t\t<noscript><img decoding=\"async\" width=\"1920\" height=\"1242\" data-skip-lazy src=\"https:\/\/www.design-award.cz\/wp-content\/uploads\/2023\/04\/Natalka_render_1pp-1920x1242.jpg\" class=\"wp-image-2294\" alt=\"\" srcset=\"https:\/\/www.design-award.cz\/wp-content\/uploads\/2023\/04\/Natalka_render_1pp-1920x1242.jpg 1920w, https:\/\/www.design-award.cz\/wp-content\/uploads\/2023\/04\/Natalka_render_1pp-300x194.jpg 300w, https:\/\/www.design-award.cz\/wp-content\/uploads\/2023\/04\/Natalka_render_1pp-1024x662.jpg 1024w, https:\/\/www.design-award.cz\/wp-content\/uploads\/2023\/04\/Natalka_render_1pp-768x497.jpg 768w, https:\/\/www.design-award.cz\/wp-content\/uploads\/2023\/04\/Natalka_render_1pp-1536x993.jpg 1536w, https:\/\/www.design-award.cz\/wp-content\/uploads\/2023\/04\/Natalka_render_1pp-2048x1324.jpg 2048w, https:\/\/www.design-award.cz\/wp-content\/uploads\/2023\/04\/Natalka_render_1pp-500x323.jpg 500w, https:\/\/www.design-award.cz\/wp-content\/uploads\/2023\/04\/Natalka_render_1pp-800x517.jpg 800w, https:\/\/www.design-award.cz\/wp-content\/uploads\/2023\/04\/Natalka_render_1pp-1280x828.jpg 1280w\" sizes=\"(max-width: 1920px) 100vw, 1920px\" \/><\/noscript><img decoding=\"async\" width=\"1920\" height=\"1242\" src=\"https:\/\/www.design-award.cz\/wp-content\/uploads\/2023\/04\/Natalka_render_1pp-1920x1242.jpg\" class=\"wp-image-2294 vp-lazyload\" alt srcset=\"data:image\/svg+xml;base64,PHN2ZyB3aWR0aD0iMTkyMCIgaGVpZ2h0PSIxMjQyIiB2aWV3Qm94PSIwIDAgMTkyMCAxMjQyIiBmaWxsPSJub25lIiB4bWxucz0iaHR0cDovL3d3dy53My5vcmcvMjAwMC9zdmciPjwvc3ZnPg==\" data-src=\"https:\/\/www.design-award.cz\/wp-content\/uploads\/2023\/04\/Natalka_render_1pp-1920x1242.jpg\" data-srcset=\"https:\/\/www.design-award.cz\/wp-content\/uploads\/2023\/04\/Natalka_render_1pp-1920x1242.jpg 1920w, https:\/\/www.design-award.cz\/wp-content\/uploads\/2023\/04\/Natalka_render_1pp-300x194.jpg 300w, https:\/\/www.design-award.cz\/wp-content\/uploads\/2023\/04\/Natalka_render_1pp-1024x662.jpg 1024w, https:\/\/www.design-award.cz\/wp-content\/uploads\/2023\/04\/Natalka_render_1pp-768x497.jpg 768w, https:\/\/www.design-award.cz\/wp-content\/uploads\/2023\/04\/Natalka_render_1pp-1536x993.jpg 1536w, https:\/\/www.design-award.cz\/wp-content\/uploads\/2023\/04\/Natalka_render_1pp-2048x1324.jpg 2048w, https:\/\/www.design-award.cz\/wp-content\/uploads\/2023\/04\/Natalka_render_1pp-500x323.jpg 500w, https:\/\/www.design-award.cz\/wp-content\/uploads\/2023\/04\/Natalka_render_1pp-800x517.jpg 800w, https:\/\/www.design-award.cz\/wp-content\/uploads\/2023\/04\/Natalka_render_1pp-1280x828.jpg 1280w\" data-sizes=\"auto\" loading=\"eager\">\n\t\t<\/a>\t<\/div>\n<\/div>\n\t<figcaption class=\"vp-portfolio__item-overlay vp-portfolio__item-overlay-text-align-center\">\n\t\t<div class=\"vp-portfolio__item-meta-wrap vp-portfolio__custom-scrollbar\">\n\t\t\t\t<a\n\t\thref=\"https:\/\/www.design-award.cz\/?portfolio=soukromy-interier-studentsky-pokoj\"\n\t\ttabindex=\"-1\" class=\"vp-portfolio__item-meta\" \t>\n\t\n<div class=\"vp-portfolio__item-meta-categories\">\n\t\t\t<div class=\"vp-portfolio__item-meta-category\">\n\t\t\t\t<span\t\t\t>\n\tSOUT\u011a\u017d\u00cdC\u00cd 2023<\/span>\t\t<\/div>\n\t\t<\/div>\n\n<h2 class=\"vp-portfolio__item-meta-title\">\n\tSoukrom\u00fd interi\u00e9r &#8211; Studentsk\u00fd pokoj<\/h2>\n<\/a>\t\t<\/div>\n\t<\/figcaption>\n\t\t\t<\/figure>\n\t\t\t\t\t<\/article>\n\t\t\n<\/div>\n\n<div class=\"vp-portfolio__items-arrow vp-portfolio__items-arrow-prev\" tabindex=\"0\" role=\"button\" aria-label=\"Previous Slide\">\n\t\n<svg class=\"vp-svg-icon\" width=\"20\" height=\"20\" viewBox=\"0 0 20 20\" fill=\"none\" xmlns=\"http:\/\/www.w3.org\/2000\/svg\">\n\t<path d=\"M12 4L6 10L12 16\" stroke=\"currentColor\" stroke-width=\"1.5\" stroke-linecap=\"round\" stroke-linejoin=\"round\" fill=\"transparent\" \/>\n<\/svg>\n<\/div>\n<div class=\"vp-portfolio__items-arrow vp-portfolio__items-arrow-next\" tabindex=\"0\" role=\"button\" aria-label=\"Next Slide\">\n\t\n<svg class=\"vp-svg-icon\" width=\"20\" height=\"20\" viewBox=\"0 0 20 20\" fill=\"none\" xmlns=\"http:\/\/www.w3.org\/2000\/svg\">\n\t<path d=\"M8 4L14 10L8 16\" stroke=\"currentColor\" stroke-width=\"1.5\" stroke-linecap=\"round\" stroke-linejoin=\"round\" fill=\"transparent\" \/>\n<\/svg>\n<\/div>\n\t\t<\/div>\n\t\t\t\t<div class=\"vp-portfolio__layout-elements vp-portfolio__layout-elements-bottom vp-portfolio__layout-elements-align-center\">\n\t\t\t\t<div class=\"vp-portfolio__pagination-wrap\">\n\t\t\n<div class=\"vp-pagination vp-pagination__style-minimal\" data-vp-pagination-type=\"load-more\">\n\t<div class=\"vp-pagination__item\">\n\t\t<a class=\"vp-pagination__load-more\" href=\"https:\/\/www.design-award.cz\/index.php?rest_route=%2Fwp%2Fv2%2Fportfolio%2F790&#038;vp_page=2\">\n\t\t\t<span>Load More<\/span>\n\t\t\t<span class=\"vp-pagination__load-more-loading\"><span class=\"vp-spinner\"><\/span><span class=\"vp-screen-reader-text\"> Loading More&#8230;<\/span><\/span>\n\t\t\t<span class=\"vp-pagination__load-more-no-more\">You\u2019ve reached the end of the list<\/span>\n\t\t<\/a>\n\t<\/div>\n<\/div>\n\t\t<\/div>\n\t\t\t\t<\/div>\n\t\t\n<\/div>\n<\/div>","protected":false},"excerpt":{"rendered":"<p>Ond\u0159ej Hruban St\u0159edn\u00ed \u0161kola Designu a m\u00f3dy Zad\u00e1n\u00ed pololetn\u00ed pr\u00e1ce, bylo navrhnout interi\u00e9r horsk\u00e9 recepce s kav\u00e1rnou v Orlick\u00fdch hor\u00e1ch . Hlavn\u00ed my\u0161lenkou bylo p\u0159edev\u0161\u00edm zachovat p\u0159\u00edrodn\u00ed r\u00e1z s p\u0159id\u00e1n\u00edm kapky luxusu, kv\u016fli kter\u00e9mu m\u00e1 hotel tu spr\u00e1vnou p\u0159idanou hodnotu. Inspirac\u00ed v tomto n\u00e1vrhu pro m\u011b byly kruhy, kter\u00e9 ve mn\u011b evokuj\u00ed pocit klidu a [&hellip;]<\/p>\n","protected":false},"author":1,"featured_media":788,"menu_order":0,"comment_status":"closed","ping_status":"closed","template":"","format":"standard","meta":{"ngg_post_thumbnail":0,"ocean_post_layout":"","ocean_both_sidebars_style":"","ocean_both_sidebars_content_width":0,"ocean_both_sidebars_sidebars_width":0,"ocean_sidebar":"","ocean_second_sidebar":"","ocean_disable_margins":"enable","ocean_add_body_class":"","ocean_shortcode_before_top_bar":"","ocean_shortcode_after_top_bar":"","ocean_shortcode_before_header":"","ocean_shortcode_after_header":"","ocean_has_shortcode":"","ocean_shortcode_after_title":"","ocean_shortcode_before_footer_widgets":"","ocean_shortcode_after_footer_widgets":"","ocean_shortcode_before_footer_bottom":"","ocean_shortcode_after_footer_bottom":"","ocean_display_top_bar":"default","ocean_display_header":"default","ocean_header_style":"","ocean_center_header_left_menu":"","ocean_custom_header_template":"","ocean_custom_logo":0,"ocean_custom_retina_logo":0,"ocean_custom_logo_max_width":0,"ocean_custom_logo_tablet_max_width":0,"ocean_custom_logo_mobile_max_width":0,"ocean_custom_logo_max_height":0,"ocean_custom_logo_tablet_max_height":0,"ocean_custom_logo_mobile_max_height":0,"ocean_header_custom_menu":"","ocean_menu_typo_font_family":"","ocean_menu_typo_font_subset":"","ocean_menu_typo_font_size":0,"ocean_menu_typo_font_size_tablet":0,"ocean_menu_typo_font_size_mobile":0,"ocean_menu_typo_font_size_unit":"px","ocean_menu_typo_font_weight":"","ocean_menu_typo_font_weight_tablet":"","ocean_menu_typo_font_weight_mobile":"","ocean_menu_typo_transform":"","ocean_menu_typo_transform_tablet":"","ocean_menu_typo_transform_mobile":"","ocean_menu_typo_line_height":0,"ocean_menu_typo_line_height_tablet":0,"ocean_menu_typo_line_height_mobile":0,"ocean_menu_typo_line_height_unit":"","ocean_menu_typo_spacing":0,"ocean_menu_typo_spacing_tablet":0,"ocean_menu_typo_spacing_mobile":0,"ocean_menu_typo_spacing_unit":"","ocean_menu_link_color":"","ocean_menu_link_color_hover":"","ocean_menu_link_color_active":"","ocean_menu_link_background":"","ocean_menu_link_hover_background":"","ocean_menu_link_active_background":"","ocean_menu_social_links_bg":"","ocean_menu_social_hover_links_bg":"","ocean_menu_social_links_color":"","ocean_menu_social_hover_links_color":"","ocean_disable_title":"default","ocean_disable_heading":"default","ocean_post_title":"","ocean_post_subheading":"","ocean_post_title_style":"","ocean_post_title_background_color":"","ocean_post_title_background":0,"ocean_post_title_bg_image_position":"","ocean_post_title_bg_image_attachment":"","ocean_post_title_bg_image_repeat":"","ocean_post_title_bg_image_size":"","ocean_post_title_height":0,"ocean_post_title_bg_overlay":0.5,"ocean_post_title_bg_overlay_color":"","ocean_disable_breadcrumbs":"default","ocean_breadcrumbs_color":"","ocean_breadcrumbs_separator_color":"","ocean_breadcrumbs_links_color":"","ocean_breadcrumbs_links_hover_color":"","ocean_display_footer_widgets":"default","ocean_display_footer_bottom":"default","ocean_custom_footer_template":"","_vp_format_video_url":"","_vp_image_focal_point":{"x":0.7,"y":0.58},"footnotes":""},"portfolio_category":[],"portfolio_tag":[],"class_list":["post-790","portfolio","type-portfolio","status-publish","format-standard","has-post-thumbnail","hentry","entry","has-media"],"yoast_head":"<!-- This site is optimized with the Yoast SEO plugin v25.2 - https:\/\/yoast.com\/wordpress\/plugins\/seo\/ -->\n<title>Ve\u0159ejn\u00fd interi\u00e9r - N\u00e1vrh recepce horsk\u00e9ho hotelu s kav\u00e1rnou - design-award.cz<\/title>\n<meta name=\"robots\" content=\"index, follow, max-snippet:-1, max-image-preview:large, max-video-preview:-1\" \/>\n<link rel=\"canonical\" href=\"https:\/\/www.design-award.cz\/?portfolio=verejny-interier-navrh-recepce-horskeho-hotelu-s-kavarnou\" \/>\n<meta property=\"og:locale\" content=\"cs_CZ\" \/>\n<meta property=\"og:type\" content=\"article\" \/>\n<meta property=\"og:title\" content=\"Ve\u0159ejn\u00fd interi\u00e9r - N\u00e1vrh recepce horsk\u00e9ho hotelu s kav\u00e1rnou - design-award.cz\" \/>\n<meta property=\"og:description\" content=\"Ond\u0159ej Hruban St\u0159edn\u00ed \u0161kola Designu a m\u00f3dy Zad\u00e1n\u00ed pololetn\u00ed pr\u00e1ce, bylo navrhnout interi\u00e9r horsk\u00e9 recepce s kav\u00e1rnou v Orlick\u00fdch hor\u00e1ch . Hlavn\u00ed my\u0161lenkou bylo p\u0159edev\u0161\u00edm zachovat p\u0159\u00edrodn\u00ed r\u00e1z s p\u0159id\u00e1n\u00edm kapky luxusu, kv\u016fli kter\u00e9mu m\u00e1 hotel tu spr\u00e1vnou p\u0159idanou hodnotu. Inspirac\u00ed v tomto n\u00e1vrhu pro m\u011b byly kruhy, kter\u00e9 ve mn\u011b evokuj\u00ed pocit klidu a [&hellip;]\" \/>\n<meta property=\"og:url\" content=\"https:\/\/www.design-award.cz\/?portfolio=verejny-interier-navrh-recepce-horskeho-hotelu-s-kavarnou\" \/>\n<meta property=\"og:site_name\" content=\"design-award.cz\" \/>\n<meta property=\"article:modified_time\" content=\"2022-04-26T19:20:35+00:00\" \/>\n<meta property=\"og:image\" content=\"http:\/\/www.design-award.cz\/wp-content\/uploads\/2022\/04\/recepce_-1024x575.png\" \/>\n\t<meta property=\"og:image:width\" content=\"1024\" \/>\n\t<meta property=\"og:image:height\" content=\"575\" \/>\n\t<meta property=\"og:image:type\" content=\"image\/png\" \/>\n<meta name=\"twitter:card\" content=\"summary_large_image\" \/>\n<meta name=\"twitter:label1\" content=\"Odhadovan\u00e1 doba \u010dten\u00ed\" \/>\n\t<meta name=\"twitter:data1\" content=\"2 minuty\" \/>\n<script type=\"application\/ld+json\" class=\"yoast-schema-graph\">{\"@context\":\"https:\/\/schema.org\",\"@graph\":[{\"@type\":\"WebPage\",\"@id\":\"https:\/\/www.design-award.cz\/?portfolio=verejny-interier-navrh-recepce-horskeho-hotelu-s-kavarnou\",\"url\":\"https:\/\/www.design-award.cz\/?portfolio=verejny-interier-navrh-recepce-horskeho-hotelu-s-kavarnou\",\"name\":\"Ve\u0159ejn\u00fd interi\u00e9r - N\u00e1vrh recepce horsk\u00e9ho hotelu s kav\u00e1rnou - design-award.cz\",\"isPartOf\":{\"@id\":\"https:\/\/www.design-award.cz\/#website\"},\"primaryImageOfPage\":{\"@id\":\"https:\/\/www.design-award.cz\/?portfolio=verejny-interier-navrh-recepce-horskeho-hotelu-s-kavarnou#primaryimage\"},\"image\":{\"@id\":\"https:\/\/www.design-award.cz\/?portfolio=verejny-interier-navrh-recepce-horskeho-hotelu-s-kavarnou#primaryimage\"},\"thumbnailUrl\":\"https:\/\/www.design-award.cz\/wp-content\/uploads\/2022\/04\/recepce_.png\",\"datePublished\":\"2022-04-26T19:20:34+00:00\",\"dateModified\":\"2022-04-26T19:20:35+00:00\",\"breadcrumb\":{\"@id\":\"https:\/\/www.design-award.cz\/?portfolio=verejny-interier-navrh-recepce-horskeho-hotelu-s-kavarnou#breadcrumb\"},\"inLanguage\":\"cs\",\"potentialAction\":[{\"@type\":\"ReadAction\",\"target\":[\"https:\/\/www.design-award.cz\/?portfolio=verejny-interier-navrh-recepce-horskeho-hotelu-s-kavarnou\"]}]},{\"@type\":\"ImageObject\",\"inLanguage\":\"cs\",\"@id\":\"https:\/\/www.design-award.cz\/?portfolio=verejny-interier-navrh-recepce-horskeho-hotelu-s-kavarnou#primaryimage\",\"url\":\"https:\/\/www.design-award.cz\/wp-content\/uploads\/2022\/04\/recepce_.png\",\"contentUrl\":\"https:\/\/www.design-award.cz\/wp-content\/uploads\/2022\/04\/recepce_.png\",\"width\":1738,\"height\":976},{\"@type\":\"BreadcrumbList\",\"@id\":\"https:\/\/www.design-award.cz\/?portfolio=verejny-interier-navrh-recepce-horskeho-hotelu-s-kavarnou#breadcrumb\",\"itemListElement\":[{\"@type\":\"ListItem\",\"position\":1,\"name\":\"Dom\u016f\",\"item\":\"https:\/\/www.design-award.cz\/\"},{\"@type\":\"ListItem\",\"position\":2,\"name\":\"Portfolio Items\",\"item\":\"https:\/\/www.design-award.cz\/?post_type=portfolio\"},{\"@type\":\"ListItem\",\"position\":3,\"name\":\"Ve\u0159ejn\u00fd interi\u00e9r &#8211; N\u00e1vrh recepce horsk\u00e9ho hotelu s kav\u00e1rnou\"}]},{\"@type\":\"WebSite\",\"@id\":\"https:\/\/www.design-award.cz\/#website\",\"url\":\"https:\/\/www.design-award.cz\/\",\"name\":\"design-award.cz\",\"description\":\"WARD vznikla v roce 2022. Je ur\u010dena p\u0159edev\u0161\u00edm student\u016fm st\u0159edn\u00edch um\u011bleck\u00fdch \u0161kol (S\u0160 a VO\u0160), kte\u0159\u00ed mohou bezplatn\u011b zaslat sv\u00e9 n\u00e1vrhy v uveden\u00fdch kategori\u00ed a tak pom\u011b\u0159it sv\u00e9 n\u00e1pady s konkurenc\u00ed sv\u00fdch vrstevn\u00edk\u016f. N\u00e1vrhy jsou n\u00e1sledn\u011b posouzeny nez\u00e1vislou porotou z \u0159ad v\u00fdtvarn\u00edk\u016f, pedagog\u016f a profesion\u00e1l\u016f z oboru.\",\"publisher\":{\"@id\":\"https:\/\/www.design-award.cz\/#organization\"},\"potentialAction\":[{\"@type\":\"SearchAction\",\"target\":{\"@type\":\"EntryPoint\",\"urlTemplate\":\"https:\/\/www.design-award.cz\/?s={search_term_string}\"},\"query-input\":{\"@type\":\"PropertyValueSpecification\",\"valueRequired\":true,\"valueName\":\"search_term_string\"}}],\"inLanguage\":\"cs\"},{\"@type\":\"Organization\",\"@id\":\"https:\/\/www.design-award.cz\/#organization\",\"name\":\"Design Award\",\"url\":\"https:\/\/www.design-award.cz\/\",\"logo\":{\"@type\":\"ImageObject\",\"inLanguage\":\"cs\",\"@id\":\"https:\/\/www.design-award.cz\/#\/schema\/logo\/image\/\",\"url\":\"http:\/\/www.design-award.cz\/wp-content\/uploads\/2021\/12\/hornilogo_design-award.png\",\"contentUrl\":\"http:\/\/www.design-award.cz\/wp-content\/uploads\/2021\/12\/hornilogo_design-award.png\",\"width\":800,\"height\":600,\"caption\":\"Design Award\"},\"image\":{\"@id\":\"https:\/\/www.design-award.cz\/#\/schema\/logo\/image\/\"},\"sameAs\":[\"https:\/\/www.instagram.com\/design_award\/\"]}]}<\/script>\n<!-- \/ Yoast SEO plugin. -->","yoast_head_json":{"title":"Ve\u0159ejn\u00fd interi\u00e9r - N\u00e1vrh recepce horsk\u00e9ho hotelu s kav\u00e1rnou - design-award.cz","robots":{"index":"index","follow":"follow","max-snippet":"max-snippet:-1","max-image-preview":"max-image-preview:large","max-video-preview":"max-video-preview:-1"},"canonical":"https:\/\/www.design-award.cz\/?portfolio=verejny-interier-navrh-recepce-horskeho-hotelu-s-kavarnou","og_locale":"cs_CZ","og_type":"article","og_title":"Ve\u0159ejn\u00fd interi\u00e9r - N\u00e1vrh recepce horsk\u00e9ho hotelu s kav\u00e1rnou - design-award.cz","og_description":"Ond\u0159ej Hruban St\u0159edn\u00ed \u0161kola Designu a m\u00f3dy Zad\u00e1n\u00ed pololetn\u00ed pr\u00e1ce, bylo navrhnout interi\u00e9r horsk\u00e9 recepce s kav\u00e1rnou v Orlick\u00fdch hor\u00e1ch . Hlavn\u00ed my\u0161lenkou bylo p\u0159edev\u0161\u00edm zachovat p\u0159\u00edrodn\u00ed r\u00e1z s p\u0159id\u00e1n\u00edm kapky luxusu, kv\u016fli kter\u00e9mu m\u00e1 hotel tu spr\u00e1vnou p\u0159idanou hodnotu. Inspirac\u00ed v tomto n\u00e1vrhu pro m\u011b byly kruhy, kter\u00e9 ve mn\u011b evokuj\u00ed pocit klidu a [&hellip;]","og_url":"https:\/\/www.design-award.cz\/?portfolio=verejny-interier-navrh-recepce-horskeho-hotelu-s-kavarnou","og_site_name":"design-award.cz","article_modified_time":"2022-04-26T19:20:35+00:00","og_image":[{"width":1024,"height":575,"url":"http:\/\/www.design-award.cz\/wp-content\/uploads\/2022\/04\/recepce_-1024x575.png","type":"image\/png"}],"twitter_card":"summary_large_image","twitter_misc":{"Odhadovan\u00e1 doba \u010dten\u00ed":"2 minuty"},"schema":{"@context":"https:\/\/schema.org","@graph":[{"@type":"WebPage","@id":"https:\/\/www.design-award.cz\/?portfolio=verejny-interier-navrh-recepce-horskeho-hotelu-s-kavarnou","url":"https:\/\/www.design-award.cz\/?portfolio=verejny-interier-navrh-recepce-horskeho-hotelu-s-kavarnou","name":"Ve\u0159ejn\u00fd interi\u00e9r - N\u00e1vrh recepce horsk\u00e9ho hotelu s kav\u00e1rnou - design-award.cz","isPartOf":{"@id":"https:\/\/www.design-award.cz\/#website"},"primaryImageOfPage":{"@id":"https:\/\/www.design-award.cz\/?portfolio=verejny-interier-navrh-recepce-horskeho-hotelu-s-kavarnou#primaryimage"},"image":{"@id":"https:\/\/www.design-award.cz\/?portfolio=verejny-interier-navrh-recepce-horskeho-hotelu-s-kavarnou#primaryimage"},"thumbnailUrl":"https:\/\/www.design-award.cz\/wp-content\/uploads\/2022\/04\/recepce_.png","datePublished":"2022-04-26T19:20:34+00:00","dateModified":"2022-04-26T19:20:35+00:00","breadcrumb":{"@id":"https:\/\/www.design-award.cz\/?portfolio=verejny-interier-navrh-recepce-horskeho-hotelu-s-kavarnou#breadcrumb"},"inLanguage":"cs","potentialAction":[{"@type":"ReadAction","target":["https:\/\/www.design-award.cz\/?portfolio=verejny-interier-navrh-recepce-horskeho-hotelu-s-kavarnou"]}]},{"@type":"ImageObject","inLanguage":"cs","@id":"https:\/\/www.design-award.cz\/?portfolio=verejny-interier-navrh-recepce-horskeho-hotelu-s-kavarnou#primaryimage","url":"https:\/\/www.design-award.cz\/wp-content\/uploads\/2022\/04\/recepce_.png","contentUrl":"https:\/\/www.design-award.cz\/wp-content\/uploads\/2022\/04\/recepce_.png","width":1738,"height":976},{"@type":"BreadcrumbList","@id":"https:\/\/www.design-award.cz\/?portfolio=verejny-interier-navrh-recepce-horskeho-hotelu-s-kavarnou#breadcrumb","itemListElement":[{"@type":"ListItem","position":1,"name":"Dom\u016f","item":"https:\/\/www.design-award.cz\/"},{"@type":"ListItem","position":2,"name":"Portfolio Items","item":"https:\/\/www.design-award.cz\/?post_type=portfolio"},{"@type":"ListItem","position":3,"name":"Ve\u0159ejn\u00fd interi\u00e9r &#8211; N\u00e1vrh recepce horsk\u00e9ho hotelu s kav\u00e1rnou"}]},{"@type":"WebSite","@id":"https:\/\/www.design-award.cz\/#website","url":"https:\/\/www.design-award.cz\/","name":"design-award.cz","description":"WARD vznikla v roce 2022. Je ur\u010dena p\u0159edev\u0161\u00edm student\u016fm st\u0159edn\u00edch um\u011bleck\u00fdch \u0161kol (S\u0160 a VO\u0160), kte\u0159\u00ed mohou bezplatn\u011b zaslat sv\u00e9 n\u00e1vrhy v uveden\u00fdch kategori\u00ed a tak pom\u011b\u0159it sv\u00e9 n\u00e1pady s konkurenc\u00ed sv\u00fdch vrstevn\u00edk\u016f. N\u00e1vrhy jsou n\u00e1sledn\u011b posouzeny nez\u00e1vislou porotou z \u0159ad v\u00fdtvarn\u00edk\u016f, pedagog\u016f a profesion\u00e1l\u016f z oboru.","publisher":{"@id":"https:\/\/www.design-award.cz\/#organization"},"potentialAction":[{"@type":"SearchAction","target":{"@type":"EntryPoint","urlTemplate":"https:\/\/www.design-award.cz\/?s={search_term_string}"},"query-input":{"@type":"PropertyValueSpecification","valueRequired":true,"valueName":"search_term_string"}}],"inLanguage":"cs"},{"@type":"Organization","@id":"https:\/\/www.design-award.cz\/#organization","name":"Design Award","url":"https:\/\/www.design-award.cz\/","logo":{"@type":"ImageObject","inLanguage":"cs","@id":"https:\/\/www.design-award.cz\/#\/schema\/logo\/image\/","url":"http:\/\/www.design-award.cz\/wp-content\/uploads\/2021\/12\/hornilogo_design-award.png","contentUrl":"http:\/\/www.design-award.cz\/wp-content\/uploads\/2021\/12\/hornilogo_design-award.png","width":800,"height":600,"caption":"Design Award"},"image":{"@id":"https:\/\/www.design-award.cz\/#\/schema\/logo\/image\/"},"sameAs":["https:\/\/www.instagram.com\/design_award\/"]}]}},"_links":{"self":[{"href":"https:\/\/www.design-award.cz\/index.php?rest_route=\/wp\/v2\/portfolio\/790","targetHints":{"allow":["GET"]}}],"collection":[{"href":"https:\/\/www.design-award.cz\/index.php?rest_route=\/wp\/v2\/portfolio"}],"about":[{"href":"https:\/\/www.design-award.cz\/index.php?rest_route=\/wp\/v2\/types\/portfolio"}],"author":[{"embeddable":true,"href":"https:\/\/www.design-award.cz\/index.php?rest_route=\/wp\/v2\/users\/1"}],"replies":[{"embeddable":true,"href":"https:\/\/www.design-award.cz\/index.php?rest_route=%2Fwp%2Fv2%2Fcomments&post=790"}],"version-history":[{"count":1,"href":"https:\/\/www.design-award.cz\/index.php?rest_route=\/wp\/v2\/portfolio\/790\/revisions"}],"predecessor-version":[{"id":794,"href":"https:\/\/www.design-award.cz\/index.php?rest_route=\/wp\/v2\/portfolio\/790\/revisions\/794"}],"wp:featuredmedia":[{"embeddable":true,"href":"https:\/\/www.design-award.cz\/index.php?rest_route=\/wp\/v2\/media\/788"}],"wp:attachment":[{"href":"https:\/\/www.design-award.cz\/index.php?rest_route=%2Fwp%2Fv2%2Fmedia&parent=790"}],"wp:term":[{"taxonomy":"portfolio_category","embeddable":true,"href":"https:\/\/www.design-award.cz\/index.php?rest_route=%2Fwp%2Fv2%2Fportfolio_category&post=790"},{"taxonomy":"portfolio_tag","embeddable":true,"href":"https:\/\/www.design-award.cz\/index.php?rest_route=%2Fwp%2Fv2%2Fportfolio_tag&post=790"}],"curies":[{"name":"wp","href":"https:\/\/api.w.org\/{rel}","templated":true}]}}