{"id":800,"date":"2022-04-26T20:04:30","date_gmt":"2022-04-26T20:04:30","guid":{"rendered":"https:\/\/www.design-award.cz\/?post_type=portfolio&#038;p=800"},"modified":"2022-04-26T20:04:57","modified_gmt":"2022-04-26T20:04:57","slug":"verejny-interier-rekonstrukce-panskych-toalet-na-ss","status":"publish","type":"portfolio","link":"https:\/\/www.design-award.cz\/?portfolio=verejny-interier-rekonstrukce-panskych-toalet-na-ss","title":{"rendered":"Ve\u0159ejn\u00fd interi\u00e9r &#8211; Rekonstrukce p\u00e1nsk\u00fdch toalet na S\u0160"},"content":{"rendered":"\n<h2 class=\"wp-block-heading\">Rudolf Hable<\/h2>\n\n\n\n<p><strong>St\u0159edn\u00ed \u0161kola designu interi\u00e9ru Kate\u0159inky &#8211; Liberec, s.r.o.<\/strong><\/p>\n\n\n\n<p>Zad\u00e1n\u00edm u tohoto projektu byla rekonstrukce p\u00e1nsk\u00fdch toalet na S\u0160. Toalety se nach\u00e1z\u00ed na pat\u0159e, kde studuj\u00ed design\u00e9\u0159i interi\u00e9ru, tud\u00ed\u017e byl kladen d\u016fraz na estetick\u00e9 a z\u00e1rove\u0148 funk\u010dn\u00ed \u0159e\u0161en\u00ed rekonstrukce. M\u016fj hlavn\u00ed z\u00e1m\u011br byl ud\u011blat sv\u011btl\u00fd interi\u00e9r, ve kter\u00e9m se \u010dlov\u011bk nebude c\u00edtit, kv\u016fli jeho mal\u00fdm rozm\u011br\u016fm, jako v n\u011bjak\u00e9m \u201cbunkru\u201d. Pom\u011brn\u011b slo\u017eit\u00e9 bylo vymyslet uspo\u0159\u00e1d\u00e1n\u00ed cel\u00e9ho prostoru, kv\u016fli jeho velmi specifick\u00e9mu tvaru a rozm\u011br\u016fm (17m2). Prostor m\u011bl p\u016fvodn\u011b uprost\u0159ed p\u0159\u00ed\u010dku. Z\u00e1chody byly tak rozd\u011bleny na dva velmi st\u00edsn\u011bn\u00e9 prostory, ve kter\u00fdch se nedalo po\u0159\u00e1dn\u011b h\u00fdbat. Kabinky byly tak mal\u00e9, \u017ee \u010dlov\u011bk nemohl ani po\u0159\u00e1dn\u011b zav\u0159\u00edt dve\u0159e. Toto jsem se sna\u017eil eliminovat odstran\u011bn\u00edm p\u0159\u00ed\u010dky a doc\u00edlit tak jednoho velk\u00e9ho prostoru. Toalety jsou d\u00edky tomu daleko vzdu\u0161n\u011bj\u0161\u00ed a prostorn\u011bj\u0161\u00ed. Po\u010det toalet se nechal stejn\u00fd jako d\u0159\u00edve a je podle normy. Materi\u00e1lov\u011b je z\u00e1chod vy\u0159e\u0161en ze 4 druh\u016f dla\u017eeb\/kachli\u010dek, kter\u00e9 maj\u00ed r\u016fzn\u00e9 uspo\u0159\u00e1d\u00e1n\u00ed, pohledov\u00fdm betonem pod piso\u00e1ry a lamin\u00e1ty zalisovan\u00fdch na vod\u011bodoln\u00fdch MDF desk\u00e1ch, kter\u00e9 maj\u00ed dekor Dub Halifax a Chromix st\u0159\u00edbrn\u00fd. St\u011bny jsou vymalov\u00e1ny sv\u011btle \u0161edou barvou. P\u00e1nsk\u00e9 toalety jsem se sna\u017eil navrhnout dob\u0159e udr\u017eiteln\u00e9, finan\u010dn\u011b nen\u00e1kladn\u00e9 a prostorn\u00e9.<\/p>\n\n\n\n<figure class=\"wp-block-image size-large\"><img decoding=\"async\" width=\"1280\" height=\"1600\" data-src=\"http:\/\/www.design-award.cz\/wp-content\/uploads\/2022\/04\/4-819x1024.png\" alt=\"\" class=\"wp-image-804 lazyload\" data-srcset=\"https:\/\/www.design-award.cz\/wp-content\/uploads\/2022\/04\/4-819x1024.png 819w, https:\/\/www.design-award.cz\/wp-content\/uploads\/2022\/04\/4-240x300.png 240w, https:\/\/www.design-award.cz\/wp-content\/uploads\/2022\/04\/4-768x960.png 768w, https:\/\/www.design-award.cz\/wp-content\/uploads\/2022\/04\/4-1229x1536.png 1229w, https:\/\/www.design-award.cz\/wp-content\/uploads\/2022\/04\/4-500x625.png 500w, https:\/\/www.design-award.cz\/wp-content\/uploads\/2022\/04\/4-800x1000.png 800w, https:\/\/www.design-award.cz\/wp-content\/uploads\/2022\/04\/4.png 1280w\" data-sizes=\"(max-width: 1280px) 100vw, 1280px\" src=\"data:image\/svg+xml;base64,PHN2ZyB3aWR0aD0iMSIgaGVpZ2h0PSIxIiB4bWxucz0iaHR0cDovL3d3dy53My5vcmcvMjAwMC9zdmciPjwvc3ZnPg==\" style=\"--smush-placeholder-width: 1280px; --smush-placeholder-aspect-ratio: 1280\/1600;\" \/><\/figure>\n\n\n\n<figure class=\"wp-block-image size-large\"><img decoding=\"async\" width=\"819\" height=\"1024\" data-src=\"http:\/\/www.design-award.cz\/wp-content\/uploads\/2022\/04\/5-819x1024.png\" alt=\"\" class=\"wp-image-805 lazyload\" data-srcset=\"https:\/\/www.design-award.cz\/wp-content\/uploads\/2022\/04\/5-819x1024.png 819w, https:\/\/www.design-award.cz\/wp-content\/uploads\/2022\/04\/5-240x300.png 240w, https:\/\/www.design-award.cz\/wp-content\/uploads\/2022\/04\/5-768x960.png 768w, https:\/\/www.design-award.cz\/wp-content\/uploads\/2022\/04\/5-1229x1536.png 1229w, https:\/\/www.design-award.cz\/wp-content\/uploads\/2022\/04\/5-500x625.png 500w, https:\/\/www.design-award.cz\/wp-content\/uploads\/2022\/04\/5-800x1000.png 800w, https:\/\/www.design-award.cz\/wp-content\/uploads\/2022\/04\/5.png 1280w\" data-sizes=\"(max-width: 819px) 100vw, 819px\" src=\"data:image\/svg+xml;base64,PHN2ZyB3aWR0aD0iMSIgaGVpZ2h0PSIxIiB4bWxucz0iaHR0cDovL3d3dy53My5vcmcvMjAwMC9zdmciPjwvc3ZnPg==\" style=\"--smush-placeholder-width: 819px; --smush-placeholder-aspect-ratio: 819\/1024;\" \/><\/figure>\n\n\n\n<figure class=\"wp-block-image size-large\"><img decoding=\"async\" width=\"1024\" height=\"576\" data-src=\"http:\/\/www.design-award.cz\/wp-content\/uploads\/2022\/04\/1-1024x576.png\" alt=\"\" class=\"wp-image-801 lazyload\" data-srcset=\"https:\/\/www.design-award.cz\/wp-content\/uploads\/2022\/04\/1-1024x576.png 1024w, https:\/\/www.design-award.cz\/wp-content\/uploads\/2022\/04\/1-300x169.png 300w, https:\/\/www.design-award.cz\/wp-content\/uploads\/2022\/04\/1-768x432.png 768w, https:\/\/www.design-award.cz\/wp-content\/uploads\/2022\/04\/1-1536x864.png 1536w, https:\/\/www.design-award.cz\/wp-content\/uploads\/2022\/04\/1-500x281.png 500w, https:\/\/www.design-award.cz\/wp-content\/uploads\/2022\/04\/1-800x450.png 800w, https:\/\/www.design-award.cz\/wp-content\/uploads\/2022\/04\/1-1280x720.png 1280w, https:\/\/www.design-award.cz\/wp-content\/uploads\/2022\/04\/1.png 1920w\" data-sizes=\"(max-width: 1024px) 100vw, 1024px\" src=\"data:image\/svg+xml;base64,PHN2ZyB3aWR0aD0iMSIgaGVpZ2h0PSIxIiB4bWxucz0iaHR0cDovL3d3dy53My5vcmcvMjAwMC9zdmciPjwvc3ZnPg==\" style=\"--smush-placeholder-width: 1024px; --smush-placeholder-aspect-ratio: 1024\/576;\" \/><\/figure>\n\n\n\n<figure class=\"wp-block-image size-large\"><img decoding=\"async\" width=\"1024\" height=\"576\" data-src=\"http:\/\/www.design-award.cz\/wp-content\/uploads\/2022\/04\/2-1024x576.png\" alt=\"\" class=\"wp-image-802 lazyload\" data-srcset=\"https:\/\/www.design-award.cz\/wp-content\/uploads\/2022\/04\/2-1024x576.png 1024w, https:\/\/www.design-award.cz\/wp-content\/uploads\/2022\/04\/2-300x169.png 300w, https:\/\/www.design-award.cz\/wp-content\/uploads\/2022\/04\/2-768x432.png 768w, https:\/\/www.design-award.cz\/wp-content\/uploads\/2022\/04\/2-1536x864.png 1536w, https:\/\/www.design-award.cz\/wp-content\/uploads\/2022\/04\/2-500x281.png 500w, https:\/\/www.design-award.cz\/wp-content\/uploads\/2022\/04\/2-800x450.png 800w, https:\/\/www.design-award.cz\/wp-content\/uploads\/2022\/04\/2-1280x720.png 1280w, https:\/\/www.design-award.cz\/wp-content\/uploads\/2022\/04\/2.png 1920w\" data-sizes=\"(max-width: 1024px) 100vw, 1024px\" src=\"data:image\/svg+xml;base64,PHN2ZyB3aWR0aD0iMSIgaGVpZ2h0PSIxIiB4bWxucz0iaHR0cDovL3d3dy53My5vcmcvMjAwMC9zdmciPjwvc3ZnPg==\" style=\"--smush-placeholder-width: 1024px; --smush-placeholder-aspect-ratio: 1024\/576;\" \/><\/figure>\n\n\n\n<figure class=\"wp-block-image size-large\"><img decoding=\"async\" width=\"1024\" height=\"724\" data-src=\"http:\/\/www.design-award.cz\/wp-content\/uploads\/2022\/04\/TECHNICKE-PARAMETRY-1024x724.png\" alt=\"\" class=\"wp-image-806 lazyload\" data-srcset=\"https:\/\/www.design-award.cz\/wp-content\/uploads\/2022\/04\/TECHNICKE-PARAMETRY-1024x724.png 1024w, https:\/\/www.design-award.cz\/wp-content\/uploads\/2022\/04\/TECHNICKE-PARAMETRY-300x212.png 300w, https:\/\/www.design-award.cz\/wp-content\/uploads\/2022\/04\/TECHNICKE-PARAMETRY-768x543.png 768w, https:\/\/www.design-award.cz\/wp-content\/uploads\/2022\/04\/TECHNICKE-PARAMETRY-1536x1086.png 1536w, https:\/\/www.design-award.cz\/wp-content\/uploads\/2022\/04\/TECHNICKE-PARAMETRY-2048x1448.png 2048w, https:\/\/www.design-award.cz\/wp-content\/uploads\/2022\/04\/TECHNICKE-PARAMETRY-500x354.png 500w, https:\/\/www.design-award.cz\/wp-content\/uploads\/2022\/04\/TECHNICKE-PARAMETRY-800x566.png 800w, https:\/\/www.design-award.cz\/wp-content\/uploads\/2022\/04\/TECHNICKE-PARAMETRY-1280x905.png 1280w, https:\/\/www.design-award.cz\/wp-content\/uploads\/2022\/04\/TECHNICKE-PARAMETRY-1920x1358.png 1920w\" data-sizes=\"(max-width: 1024px) 100vw, 1024px\" src=\"data:image\/svg+xml;base64,PHN2ZyB3aWR0aD0iMSIgaGVpZ2h0PSIxIiB4bWxucz0iaHR0cDovL3d3dy53My5vcmcvMjAwMC9zdmciPjwvc3ZnPg==\" style=\"--smush-placeholder-width: 1024px; --smush-placeholder-aspect-ratio: 1024\/724;\" \/><\/figure>\n\n\n<div class=\"wp-block-visual-portfolio\">\n<div class=\"vp-portfolio vp-uid-2ece4a06 vp-id-607\"\n\tdata-vp-layout=\"slider\" data-vp-content-source=\"post-based\" data-vp-items-style=\"fade\" data-vp-items-click-action=\"url\" data-vp-items-gap=\"12\" data-vp-items-gap-vertical=\"\" data-vp-pagination=\"load-more\" data-vp-next-page-url=\"https:\/\/www.design-award.cz\/index.php?rest_route=%2Fwp%2Fv2%2Fportfolio%2F800&#038;vp_page=2\" data-vp-random-seed=\"1127455079\" data-vp-slider-effect=\"slide\" data-vp-slider-items-height=\"80%\" data-vp-slider-items-min-height=\"\" data-vp-slider-slides-per-view=\"3\" data-vp-slider-speed=\"0.3\" data-vp-slider-autoplay=\"4.8\" data-vp-slider-autoplay-hover-pause=\"false\" data-vp-slider-centered-slides=\"true\" data-vp-slider-loop=\"true\" data-vp-slider-free-mode=\"false\" data-vp-slider-free-mode-sticky=\"false\" data-vp-slider-arrows=\"true\" data-vp-slider-bullets=\"false\" data-vp-slider-bullets-dynamic=\"false\" data-vp-slider-mousewheel=\"false\" data-vp-slider-thumbnails=\"false\" >\n\t<div class=\"vp-portfolio__preloader-wrap\">\n\t\t<div class=\"vp-portfolio__preloader\">\n\t\t\t<img decoding=\"async\" loading=\"eager\" src=\"https:\/\/www.design-award.cz\/wp-content\/plugins\/visual-portfolio\/assets\/images\/logo-dark.svg\" alt=\"Visual Portfolio, Posts &amp; Image Gallery for WordPress\" width=\"20\" height=\"20\" data-skip-lazy>\n\t\t<\/div>\n\t<\/div>\n\t\t<div class=\"vp-portfolio__items-wrap\">\n\t\t\t\n<div class=\"vp-portfolio__items vp-portfolio__items-style-fade vp-portfolio__items-show-overlay-hover\">\n\n\t\t<article\t\tclass=\"vp-portfolio__item-wrap post-4641 portfolio type-portfolio status-publish format-standard has-post-thumbnail hentry entry has-media vp-portfolio__item-uid-de580ea1\" data-vp-filter=\"\" \t\t>\n\t\t\t\t\t\t\t\t\t<figure class=\"vp-portfolio__item\">\n\t\t\t\t\n<div class=\"vp-portfolio__item-img-wrap\">\n\t<div class=\"vp-portfolio__item-img\">\n\t\t\t<a\n\t\thref=\"https:\/\/www.design-award.cz\/?portfolio=interierovy-design-rekreacni-objekt-tyson\"\n\t\t\t>\n\t\n\t\t<noscript><img decoding=\"async\" width=\"1500\" height=\"844\" data-skip-lazy src=\"https:\/\/www.design-award.cz\/wp-content\/uploads\/2025\/06\/ren10b.jpg\" class=\"wp-image-4801\" alt=\"\" srcset=\"https:\/\/www.design-award.cz\/wp-content\/uploads\/2025\/06\/ren10b.jpg 1500w, https:\/\/www.design-award.cz\/wp-content\/uploads\/2025\/06\/ren10b-300x169.jpg 300w, https:\/\/www.design-award.cz\/wp-content\/uploads\/2025\/06\/ren10b-1024x576.jpg 1024w, https:\/\/www.design-award.cz\/wp-content\/uploads\/2025\/06\/ren10b-768x432.jpg 768w, https:\/\/www.design-award.cz\/wp-content\/uploads\/2025\/06\/ren10b-800x450.jpg 800w, https:\/\/www.design-award.cz\/wp-content\/uploads\/2025\/06\/ren10b-500x281.jpg 500w, https:\/\/www.design-award.cz\/wp-content\/uploads\/2025\/06\/ren10b-1280x720.jpg 1280w\" sizes=\"(max-width: 1500px) 100vw, 1500px\" \/><\/noscript><img fetchpriority=\"high\" decoding=\"async\" width=\"1500\" height=\"844\" src=\"https:\/\/www.design-award.cz\/wp-content\/uploads\/2025\/06\/ren10b.jpg\" class=\"wp-image-4801 vp-lazyload\" alt srcset=\"data:image\/svg+xml;base64,PHN2ZyB3aWR0aD0iMTUwMCIgaGVpZ2h0PSI4NDQiIHZpZXdCb3g9IjAgMCAxNTAwIDg0NCIgZmlsbD0ibm9uZSIgeG1sbnM9Imh0dHA6Ly93d3cudzMub3JnLzIwMDAvc3ZnIj48L3N2Zz4=\" data-src=\"https:\/\/www.design-award.cz\/wp-content\/uploads\/2025\/06\/ren10b.jpg\" data-srcset=\"https:\/\/www.design-award.cz\/wp-content\/uploads\/2025\/06\/ren10b.jpg 1500w, https:\/\/www.design-award.cz\/wp-content\/uploads\/2025\/06\/ren10b-300x169.jpg 300w, https:\/\/www.design-award.cz\/wp-content\/uploads\/2025\/06\/ren10b-1024x576.jpg 1024w, https:\/\/www.design-award.cz\/wp-content\/uploads\/2025\/06\/ren10b-768x432.jpg 768w, https:\/\/www.design-award.cz\/wp-content\/uploads\/2025\/06\/ren10b-800x450.jpg 800w, https:\/\/www.design-award.cz\/wp-content\/uploads\/2025\/06\/ren10b-500x281.jpg 500w, https:\/\/www.design-award.cz\/wp-content\/uploads\/2025\/06\/ren10b-1280x720.jpg 1280w\" data-sizes=\"auto\" loading=\"eager\">\n\t\t<\/a>\t<\/div>\n<\/div>\n\t<figcaption class=\"vp-portfolio__item-overlay vp-portfolio__item-overlay-text-align-center\">\n\t\t<div class=\"vp-portfolio__item-meta-wrap vp-portfolio__custom-scrollbar\">\n\t\t\t\t<a\n\t\thref=\"https:\/\/www.design-award.cz\/?portfolio=interierovy-design-rekreacni-objekt-tyson\"\n\t\ttabindex=\"-1\" class=\"vp-portfolio__item-meta\" \t>\n\t\n<h2 class=\"vp-portfolio__item-meta-title\">\n\tInteri\u00e9rov\u00fd design &#8211; Rekrea\u010dn\u00ed objekt Tyson<\/h2>\n<\/a>\t\t<\/div>\n\t<\/figcaption>\n\t\t\t<\/figure>\n\t\t\t\t\t<\/article>\n\t\t\n\t\t<article\t\tclass=\"vp-portfolio__item-wrap post-1980 portfolio type-portfolio status-publish format-standard has-post-thumbnail hentry portfolio_category-soutezici-2023 entry has-media vp-portfolio__item-uid-3968c634\" data-vp-filter=\"soutezici-2023\" \t\t>\n\t\t\t\t\t\t\t\t\t<figure class=\"vp-portfolio__item\">\n\t\t\t\t\n<div class=\"vp-portfolio__item-img-wrap\">\n\t<div class=\"vp-portfolio__item-img\">\n\t\t\t<a\n\t\thref=\"https:\/\/www.design-award.cz\/?portfolio=soukromy-interier-tiny-house\"\n\t\t\t>\n\t\n\t\t<noscript><img decoding=\"async\" width=\"1860\" height=\"950\" data-skip-lazy src=\"https:\/\/www.design-award.cz\/wp-content\/uploads\/2023\/04\/R3.jpg\" class=\"wp-image-1982\" alt=\"\" srcset=\"https:\/\/www.design-award.cz\/wp-content\/uploads\/2023\/04\/R3.jpg 1860w, https:\/\/www.design-award.cz\/wp-content\/uploads\/2023\/04\/R3-300x153.jpg 300w, https:\/\/www.design-award.cz\/wp-content\/uploads\/2023\/04\/R3-1024x523.jpg 1024w, https:\/\/www.design-award.cz\/wp-content\/uploads\/2023\/04\/R3-768x392.jpg 768w, https:\/\/www.design-award.cz\/wp-content\/uploads\/2023\/04\/R3-1536x785.jpg 1536w, https:\/\/www.design-award.cz\/wp-content\/uploads\/2023\/04\/R3-500x255.jpg 500w, https:\/\/www.design-award.cz\/wp-content\/uploads\/2023\/04\/R3-800x409.jpg 800w, https:\/\/www.design-award.cz\/wp-content\/uploads\/2023\/04\/R3-1280x654.jpg 1280w\" sizes=\"(max-width: 1860px) 100vw, 1860px\" \/><\/noscript><img decoding=\"async\" width=\"1860\" height=\"950\" src=\"https:\/\/www.design-award.cz\/wp-content\/uploads\/2023\/04\/R3.jpg\" class=\"wp-image-1982 vp-lazyload\" alt srcset=\"data:image\/svg+xml;base64,PHN2ZyB3aWR0aD0iMTg2MCIgaGVpZ2h0PSI5NTAiIHZpZXdCb3g9IjAgMCAxODYwIDk1MCIgZmlsbD0ibm9uZSIgeG1sbnM9Imh0dHA6Ly93d3cudzMub3JnLzIwMDAvc3ZnIj48L3N2Zz4=\" data-src=\"https:\/\/www.design-award.cz\/wp-content\/uploads\/2023\/04\/R3.jpg\" data-srcset=\"https:\/\/www.design-award.cz\/wp-content\/uploads\/2023\/04\/R3.jpg 1860w, https:\/\/www.design-award.cz\/wp-content\/uploads\/2023\/04\/R3-300x153.jpg 300w, https:\/\/www.design-award.cz\/wp-content\/uploads\/2023\/04\/R3-1024x523.jpg 1024w, https:\/\/www.design-award.cz\/wp-content\/uploads\/2023\/04\/R3-768x392.jpg 768w, https:\/\/www.design-award.cz\/wp-content\/uploads\/2023\/04\/R3-1536x785.jpg 1536w, https:\/\/www.design-award.cz\/wp-content\/uploads\/2023\/04\/R3-500x255.jpg 500w, https:\/\/www.design-award.cz\/wp-content\/uploads\/2023\/04\/R3-800x409.jpg 800w, https:\/\/www.design-award.cz\/wp-content\/uploads\/2023\/04\/R3-1280x654.jpg 1280w\" data-sizes=\"auto\" loading=\"eager\">\n\t\t<\/a>\t<\/div>\n<\/div>\n\t<figcaption class=\"vp-portfolio__item-overlay vp-portfolio__item-overlay-text-align-center\">\n\t\t<div class=\"vp-portfolio__item-meta-wrap vp-portfolio__custom-scrollbar\">\n\t\t\t\t<a\n\t\thref=\"https:\/\/www.design-award.cz\/?portfolio=soukromy-interier-tiny-house\"\n\t\ttabindex=\"-1\" class=\"vp-portfolio__item-meta\" \t>\n\t\n<div class=\"vp-portfolio__item-meta-categories\">\n\t\t\t<div class=\"vp-portfolio__item-meta-category\">\n\t\t\t\t<span\t\t\t>\n\tSOUT\u011a\u017d\u00cdC\u00cd 2023<\/span>\t\t<\/div>\n\t\t<\/div>\n\n<h2 class=\"vp-portfolio__item-meta-title\">\n\tSoukrom\u00fd interi\u00e9r &#8211; Tiny House<\/h2>\n<\/a>\t\t<\/div>\n\t<\/figcaption>\n\t\t\t<\/figure>\n\t\t\t\t\t<\/article>\n\t\t\n\t\t<article\t\tclass=\"vp-portfolio__item-wrap post-5353 portfolio type-portfolio status-publish format-standard has-post-thumbnail hentry entry has-media vp-portfolio__item-uid-973afb42\" data-vp-filter=\"\" \t\t>\n\t\t\t\t\t\t\t\t\t<figure class=\"vp-portfolio__item\">\n\t\t\t\t\n<div class=\"vp-portfolio__item-img-wrap\">\n\t<div class=\"vp-portfolio__item-img\">\n\t\t\t<a\n\t\thref=\"https:\/\/www.design-award.cz\/?portfolio=interierovy-design-byt-ul-trojicka\"\n\t\t\t>\n\t\n\t\t<noscript><img decoding=\"async\" width=\"1920\" height=\"1080\" data-skip-lazy src=\"https:\/\/www.design-award.cz\/wp-content\/uploads\/2025\/06\/IMG_2452-1920x1080.jpg\" class=\"wp-image-5402\" alt=\"\" srcset=\"https:\/\/www.design-award.cz\/wp-content\/uploads\/2025\/06\/IMG_2452-1920x1080.jpg 1920w, https:\/\/www.design-award.cz\/wp-content\/uploads\/2025\/06\/IMG_2452-300x169.jpg 300w, https:\/\/www.design-award.cz\/wp-content\/uploads\/2025\/06\/IMG_2452-1024x576.jpg 1024w, https:\/\/www.design-award.cz\/wp-content\/uploads\/2025\/06\/IMG_2452-768x432.jpg 768w, https:\/\/www.design-award.cz\/wp-content\/uploads\/2025\/06\/IMG_2452-1536x864.jpg 1536w, https:\/\/www.design-award.cz\/wp-content\/uploads\/2025\/06\/IMG_2452-800x450.jpg 800w, https:\/\/www.design-award.cz\/wp-content\/uploads\/2025\/06\/IMG_2452-500x281.jpg 500w, https:\/\/www.design-award.cz\/wp-content\/uploads\/2025\/06\/IMG_2452-1280x720.jpg 1280w, https:\/\/www.design-award.cz\/wp-content\/uploads\/2025\/06\/IMG_2452.jpg 2048w\" sizes=\"(max-width: 1920px) 100vw, 1920px\" \/><\/noscript><img decoding=\"async\" width=\"1920\" height=\"1080\" src=\"https:\/\/www.design-award.cz\/wp-content\/uploads\/2025\/06\/IMG_2452-1920x1080.jpg\" class=\"wp-image-5402 vp-lazyload\" alt srcset=\"data:image\/svg+xml;base64,PHN2ZyB3aWR0aD0iMTkyMCIgaGVpZ2h0PSIxMDgwIiB2aWV3Qm94PSIwIDAgMTkyMCAxMDgwIiBmaWxsPSJub25lIiB4bWxucz0iaHR0cDovL3d3dy53My5vcmcvMjAwMC9zdmciPjwvc3ZnPg==\" data-src=\"https:\/\/www.design-award.cz\/wp-content\/uploads\/2025\/06\/IMG_2452-1920x1080.jpg\" data-srcset=\"https:\/\/www.design-award.cz\/wp-content\/uploads\/2025\/06\/IMG_2452-1920x1080.jpg 1920w, https:\/\/www.design-award.cz\/wp-content\/uploads\/2025\/06\/IMG_2452-300x169.jpg 300w, https:\/\/www.design-award.cz\/wp-content\/uploads\/2025\/06\/IMG_2452-1024x576.jpg 1024w, https:\/\/www.design-award.cz\/wp-content\/uploads\/2025\/06\/IMG_2452-768x432.jpg 768w, https:\/\/www.design-award.cz\/wp-content\/uploads\/2025\/06\/IMG_2452-1536x864.jpg 1536w, https:\/\/www.design-award.cz\/wp-content\/uploads\/2025\/06\/IMG_2452-800x450.jpg 800w, https:\/\/www.design-award.cz\/wp-content\/uploads\/2025\/06\/IMG_2452-500x281.jpg 500w, https:\/\/www.design-award.cz\/wp-content\/uploads\/2025\/06\/IMG_2452-1280x720.jpg 1280w, https:\/\/www.design-award.cz\/wp-content\/uploads\/2025\/06\/IMG_2452.jpg 2048w\" data-sizes=\"auto\" loading=\"eager\">\n\t\t<\/a>\t<\/div>\n<\/div>\n\t<figcaption class=\"vp-portfolio__item-overlay vp-portfolio__item-overlay-text-align-center\">\n\t\t<div class=\"vp-portfolio__item-meta-wrap vp-portfolio__custom-scrollbar\">\n\t\t\t\t<a\n\t\thref=\"https:\/\/www.design-award.cz\/?portfolio=interierovy-design-byt-ul-trojicka\"\n\t\ttabindex=\"-1\" class=\"vp-portfolio__item-meta\" \t>\n\t\n<h2 class=\"vp-portfolio__item-meta-title\">\n\tInteri\u00e9rov\u00fd design &#8211; Byt ul. Trojick\u00e1<\/h2>\n<\/a>\t\t<\/div>\n\t<\/figcaption>\n\t\t\t<\/figure>\n\t\t\t\t\t<\/article>\n\t\t\n\t\t<article\t\tclass=\"vp-portfolio__item-wrap post-2123 portfolio type-portfolio status-publish format-standard has-post-thumbnail hentry portfolio_category-soutezici-2023 entry has-media vp-portfolio__item-uid-46288152\" data-vp-filter=\"soutezici-2023\" \t\t>\n\t\t\t\t\t\t\t\t\t<figure class=\"vp-portfolio__item\">\n\t\t\t\t\n<div class=\"vp-portfolio__item-img-wrap\">\n\t<div class=\"vp-portfolio__item-img\">\n\t\t\t<a\n\t\thref=\"https:\/\/www.design-award.cz\/?portfolio=produktovy-design-kyv\"\n\t\t\t>\n\t\n\t\t<noscript><img decoding=\"async\" width=\"1920\" height=\"1899\" data-skip-lazy src=\"https:\/\/www.design-award.cz\/wp-content\/uploads\/2023\/04\/Kyv-1-1920x1899.jpg\" class=\"wp-image-2126\" alt=\"\" srcset=\"https:\/\/www.design-award.cz\/wp-content\/uploads\/2023\/04\/Kyv-1-1920x1899.jpg 1920w, https:\/\/www.design-award.cz\/wp-content\/uploads\/2023\/04\/Kyv-1-300x297.jpg 300w, https:\/\/www.design-award.cz\/wp-content\/uploads\/2023\/04\/Kyv-1-1024x1013.jpg 1024w, https:\/\/www.design-award.cz\/wp-content\/uploads\/2023\/04\/Kyv-1-768x760.jpg 768w, https:\/\/www.design-award.cz\/wp-content\/uploads\/2023\/04\/Kyv-1-1536x1519.jpg 1536w, https:\/\/www.design-award.cz\/wp-content\/uploads\/2023\/04\/Kyv-1-500x495.jpg 500w, https:\/\/www.design-award.cz\/wp-content\/uploads\/2023\/04\/Kyv-1-800x791.jpg 800w, https:\/\/www.design-award.cz\/wp-content\/uploads\/2023\/04\/Kyv-1-1280x1266.jpg 1280w, https:\/\/www.design-award.cz\/wp-content\/uploads\/2023\/04\/Kyv-1.jpg 2000w\" sizes=\"(max-width: 1920px) 100vw, 1920px\" \/><\/noscript><img decoding=\"async\" width=\"1920\" height=\"1899\" src=\"https:\/\/www.design-award.cz\/wp-content\/uploads\/2023\/04\/Kyv-1-1920x1899.jpg\" class=\"wp-image-2126 vp-lazyload\" alt srcset=\"data:image\/svg+xml;base64,PHN2ZyB3aWR0aD0iMTkyMCIgaGVpZ2h0PSIxODk5IiB2aWV3Qm94PSIwIDAgMTkyMCAxODk5IiBmaWxsPSJub25lIiB4bWxucz0iaHR0cDovL3d3dy53My5vcmcvMjAwMC9zdmciPjwvc3ZnPg==\" data-src=\"https:\/\/www.design-award.cz\/wp-content\/uploads\/2023\/04\/Kyv-1-1920x1899.jpg\" data-srcset=\"https:\/\/www.design-award.cz\/wp-content\/uploads\/2023\/04\/Kyv-1-1920x1899.jpg 1920w, https:\/\/www.design-award.cz\/wp-content\/uploads\/2023\/04\/Kyv-1-300x297.jpg 300w, https:\/\/www.design-award.cz\/wp-content\/uploads\/2023\/04\/Kyv-1-1024x1013.jpg 1024w, https:\/\/www.design-award.cz\/wp-content\/uploads\/2023\/04\/Kyv-1-768x760.jpg 768w, https:\/\/www.design-award.cz\/wp-content\/uploads\/2023\/04\/Kyv-1-1536x1519.jpg 1536w, https:\/\/www.design-award.cz\/wp-content\/uploads\/2023\/04\/Kyv-1-500x495.jpg 500w, https:\/\/www.design-award.cz\/wp-content\/uploads\/2023\/04\/Kyv-1-800x791.jpg 800w, https:\/\/www.design-award.cz\/wp-content\/uploads\/2023\/04\/Kyv-1-1280x1266.jpg 1280w, https:\/\/www.design-award.cz\/wp-content\/uploads\/2023\/04\/Kyv-1.jpg 2000w\" data-sizes=\"auto\" loading=\"eager\">\n\t\t<\/a>\t<\/div>\n<\/div>\n\t<figcaption class=\"vp-portfolio__item-overlay vp-portfolio__item-overlay-text-align-center\">\n\t\t<div class=\"vp-portfolio__item-meta-wrap vp-portfolio__custom-scrollbar\">\n\t\t\t\t<a\n\t\thref=\"https:\/\/www.design-award.cz\/?portfolio=produktovy-design-kyv\"\n\t\ttabindex=\"-1\" class=\"vp-portfolio__item-meta\" \t>\n\t\n<div class=\"vp-portfolio__item-meta-categories\">\n\t\t\t<div class=\"vp-portfolio__item-meta-category\">\n\t\t\t\t<span\t\t\t>\n\tSOUT\u011a\u017d\u00cdC\u00cd 2023<\/span>\t\t<\/div>\n\t\t<\/div>\n\n<h2 class=\"vp-portfolio__item-meta-title\">\n\tProduktov\u00fd design &#8211; Kyv<\/h2>\n<\/a>\t\t<\/div>\n\t<\/figcaption>\n\t\t\t<\/figure>\n\t\t\t\t\t<\/article>\n\t\t\n\t\t<article\t\tclass=\"vp-portfolio__item-wrap post-2581 portfolio type-portfolio status-publish format-standard has-post-thumbnail hentry portfolio_category-soutezici-2023 entry has-media vp-portfolio__item-uid-55c0a028\" data-vp-filter=\"soutezici-2023\" \t\t>\n\t\t\t\t\t\t\t\t\t<figure class=\"vp-portfolio__item\">\n\t\t\t\t\n<div class=\"vp-portfolio__item-img-wrap\">\n\t<div class=\"vp-portfolio__item-img\">\n\t\t\t<a\n\t\thref=\"https:\/\/www.design-award.cz\/?portfolio=produktovy-design-dverni-kovani\"\n\t\t\t>\n\t\n\t\t<noscript><img decoding=\"async\" width=\"1329\" height=\"1999\" data-skip-lazy src=\"https:\/\/www.design-award.cz\/wp-content\/uploads\/2023\/04\/MODEL-DVERNIHO-KOVANI-Patrik-Simek-plast-16-x-24-x-9-cm-pod-vedenim-MgA.-Martiny-Klimosove-a-Ing.-Doubravky-Lesakove.jpg\" class=\"wp-image-2583\" alt=\"\" srcset=\"https:\/\/www.design-award.cz\/wp-content\/uploads\/2023\/04\/MODEL-DVERNIHO-KOVANI-Patrik-Simek-plast-16-x-24-x-9-cm-pod-vedenim-MgA.-Martiny-Klimosove-a-Ing.-Doubravky-Lesakove.jpg 1329w, https:\/\/www.design-award.cz\/wp-content\/uploads\/2023\/04\/MODEL-DVERNIHO-KOVANI-Patrik-Simek-plast-16-x-24-x-9-cm-pod-vedenim-MgA.-Martiny-Klimosove-a-Ing.-Doubravky-Lesakove-199x300.jpg 199w, https:\/\/www.design-award.cz\/wp-content\/uploads\/2023\/04\/MODEL-DVERNIHO-KOVANI-Patrik-Simek-plast-16-x-24-x-9-cm-pod-vedenim-MgA.-Martiny-Klimosove-a-Ing.-Doubravky-Lesakove-681x1024.jpg 681w, https:\/\/www.design-award.cz\/wp-content\/uploads\/2023\/04\/MODEL-DVERNIHO-KOVANI-Patrik-Simek-plast-16-x-24-x-9-cm-pod-vedenim-MgA.-Martiny-Klimosove-a-Ing.-Doubravky-Lesakove-768x1155.jpg 768w, https:\/\/www.design-award.cz\/wp-content\/uploads\/2023\/04\/MODEL-DVERNIHO-KOVANI-Patrik-Simek-plast-16-x-24-x-9-cm-pod-vedenim-MgA.-Martiny-Klimosove-a-Ing.-Doubravky-Lesakove-1021x1536.jpg 1021w, https:\/\/www.design-award.cz\/wp-content\/uploads\/2023\/04\/MODEL-DVERNIHO-KOVANI-Patrik-Simek-plast-16-x-24-x-9-cm-pod-vedenim-MgA.-Martiny-Klimosove-a-Ing.-Doubravky-Lesakove-500x752.jpg 500w, https:\/\/www.design-award.cz\/wp-content\/uploads\/2023\/04\/MODEL-DVERNIHO-KOVANI-Patrik-Simek-plast-16-x-24-x-9-cm-pod-vedenim-MgA.-Martiny-Klimosove-a-Ing.-Doubravky-Lesakove-800x1203.jpg 800w, https:\/\/www.design-award.cz\/wp-content\/uploads\/2023\/04\/MODEL-DVERNIHO-KOVANI-Patrik-Simek-plast-16-x-24-x-9-cm-pod-vedenim-MgA.-Martiny-Klimosove-a-Ing.-Doubravky-Lesakove-1280x1925.jpg 1280w\" sizes=\"(max-width: 1329px) 100vw, 1329px\" \/><\/noscript><img decoding=\"async\" width=\"1329\" height=\"1999\" src=\"https:\/\/www.design-award.cz\/wp-content\/uploads\/2023\/04\/MODEL-DVERNIHO-KOVANI-Patrik-Simek-plast-16-x-24-x-9-cm-pod-vedenim-MgA.-Martiny-Klimosove-a-Ing.-Doubravky-Lesakove.jpg\" class=\"wp-image-2583 vp-lazyload\" alt srcset=\"data:image\/svg+xml;base64,PHN2ZyB3aWR0aD0iMTMyOSIgaGVpZ2h0PSIxOTk5IiB2aWV3Qm94PSIwIDAgMTMyOSAxOTk5IiBmaWxsPSJub25lIiB4bWxucz0iaHR0cDovL3d3dy53My5vcmcvMjAwMC9zdmciPjwvc3ZnPg==\" data-src=\"https:\/\/www.design-award.cz\/wp-content\/uploads\/2023\/04\/MODEL-DVERNIHO-KOVANI-Patrik-Simek-plast-16-x-24-x-9-cm-pod-vedenim-MgA.-Martiny-Klimosove-a-Ing.-Doubravky-Lesakove.jpg\" data-srcset=\"https:\/\/www.design-award.cz\/wp-content\/uploads\/2023\/04\/MODEL-DVERNIHO-KOVANI-Patrik-Simek-plast-16-x-24-x-9-cm-pod-vedenim-MgA.-Martiny-Klimosove-a-Ing.-Doubravky-Lesakove.jpg 1329w, https:\/\/www.design-award.cz\/wp-content\/uploads\/2023\/04\/MODEL-DVERNIHO-KOVANI-Patrik-Simek-plast-16-x-24-x-9-cm-pod-vedenim-MgA.-Martiny-Klimosove-a-Ing.-Doubravky-Lesakove-199x300.jpg 199w, https:\/\/www.design-award.cz\/wp-content\/uploads\/2023\/04\/MODEL-DVERNIHO-KOVANI-Patrik-Simek-plast-16-x-24-x-9-cm-pod-vedenim-MgA.-Martiny-Klimosove-a-Ing.-Doubravky-Lesakove-681x1024.jpg 681w, https:\/\/www.design-award.cz\/wp-content\/uploads\/2023\/04\/MODEL-DVERNIHO-KOVANI-Patrik-Simek-plast-16-x-24-x-9-cm-pod-vedenim-MgA.-Martiny-Klimosove-a-Ing.-Doubravky-Lesakove-768x1155.jpg 768w, https:\/\/www.design-award.cz\/wp-content\/uploads\/2023\/04\/MODEL-DVERNIHO-KOVANI-Patrik-Simek-plast-16-x-24-x-9-cm-pod-vedenim-MgA.-Martiny-Klimosove-a-Ing.-Doubravky-Lesakove-1021x1536.jpg 1021w, https:\/\/www.design-award.cz\/wp-content\/uploads\/2023\/04\/MODEL-DVERNIHO-KOVANI-Patrik-Simek-plast-16-x-24-x-9-cm-pod-vedenim-MgA.-Martiny-Klimosove-a-Ing.-Doubravky-Lesakove-500x752.jpg 500w, https:\/\/www.design-award.cz\/wp-content\/uploads\/2023\/04\/MODEL-DVERNIHO-KOVANI-Patrik-Simek-plast-16-x-24-x-9-cm-pod-vedenim-MgA.-Martiny-Klimosove-a-Ing.-Doubravky-Lesakove-800x1203.jpg 800w, https:\/\/www.design-award.cz\/wp-content\/uploads\/2023\/04\/MODEL-DVERNIHO-KOVANI-Patrik-Simek-plast-16-x-24-x-9-cm-pod-vedenim-MgA.-Martiny-Klimosove-a-Ing.-Doubravky-Lesakove-1280x1925.jpg 1280w\" data-sizes=\"auto\" loading=\"eager\">\n\t\t<\/a>\t<\/div>\n<\/div>\n\t<figcaption class=\"vp-portfolio__item-overlay vp-portfolio__item-overlay-text-align-center\">\n\t\t<div class=\"vp-portfolio__item-meta-wrap vp-portfolio__custom-scrollbar\">\n\t\t\t\t<a\n\t\thref=\"https:\/\/www.design-award.cz\/?portfolio=produktovy-design-dverni-kovani\"\n\t\ttabindex=\"-1\" class=\"vp-portfolio__item-meta\" \t>\n\t\n<div class=\"vp-portfolio__item-meta-categories\">\n\t\t\t<div class=\"vp-portfolio__item-meta-category\">\n\t\t\t\t<span\t\t\t>\n\tSOUT\u011a\u017d\u00cdC\u00cd 2023<\/span>\t\t<\/div>\n\t\t<\/div>\n\n<h2 class=\"vp-portfolio__item-meta-title\">\n\tProduktov\u00fd design \u2013 Dve\u0159n\u00ed kov\u00e1n\u00ed<\/h2>\n<\/a>\t\t<\/div>\n\t<\/figcaption>\n\t\t\t<\/figure>\n\t\t\t\t\t<\/article>\n\t\t\n\t\t<article\t\tclass=\"vp-portfolio__item-wrap post-402 portfolio type-portfolio status-publish format-standard has-post-thumbnail hentry entry has-media vp-portfolio__item-uid-53c31649\" data-vp-filter=\"\" \t\t>\n\t\t\t\t\t\t\t\t\t<figure class=\"vp-portfolio__item\">\n\t\t\t\t\n<div class=\"vp-portfolio__item-img-wrap\">\n\t<div class=\"vp-portfolio__item-img\">\n\t\t\t<a\n\t\thref=\"https:\/\/www.design-award.cz\/?portfolio=soukromy-interier-kuchyne-s-obyvaci-casti\"\n\t\t\t>\n\t\n\t\t<noscript><img decoding=\"async\" width=\"1920\" height=\"1398\" data-skip-lazy src=\"https:\/\/www.design-award.cz\/wp-content\/uploads\/2022\/02\/kresba_obyvak-1920x1398.jpg\" class=\"wp-image-404\" alt=\"\" srcset=\"https:\/\/www.design-award.cz\/wp-content\/uploads\/2022\/02\/kresba_obyvak-1920x1398.jpg 1920w, https:\/\/www.design-award.cz\/wp-content\/uploads\/2022\/02\/kresba_obyvak-300x218.jpg 300w, https:\/\/www.design-award.cz\/wp-content\/uploads\/2022\/02\/kresba_obyvak-1024x746.jpg 1024w, https:\/\/www.design-award.cz\/wp-content\/uploads\/2022\/02\/kresba_obyvak-768x559.jpg 768w, https:\/\/www.design-award.cz\/wp-content\/uploads\/2022\/02\/kresba_obyvak-1536x1119.jpg 1536w, https:\/\/www.design-award.cz\/wp-content\/uploads\/2022\/02\/kresba_obyvak-2048x1491.jpg 2048w, https:\/\/www.design-award.cz\/wp-content\/uploads\/2022\/02\/kresba_obyvak-500x364.jpg 500w, https:\/\/www.design-award.cz\/wp-content\/uploads\/2022\/02\/kresba_obyvak-800x583.jpg 800w, https:\/\/www.design-award.cz\/wp-content\/uploads\/2022\/02\/kresba_obyvak-1280x932.jpg 1280w\" sizes=\"(max-width: 1920px) 100vw, 1920px\" \/><\/noscript><img decoding=\"async\" width=\"1920\" height=\"1398\" src=\"https:\/\/www.design-award.cz\/wp-content\/uploads\/2022\/02\/kresba_obyvak-1920x1398.jpg\" class=\"wp-image-404 vp-lazyload\" alt srcset=\"data:image\/svg+xml;base64,PHN2ZyB3aWR0aD0iMTkyMCIgaGVpZ2h0PSIxMzk4IiB2aWV3Qm94PSIwIDAgMTkyMCAxMzk4IiBmaWxsPSJub25lIiB4bWxucz0iaHR0cDovL3d3dy53My5vcmcvMjAwMC9zdmciPjwvc3ZnPg==\" data-src=\"https:\/\/www.design-award.cz\/wp-content\/uploads\/2022\/02\/kresba_obyvak-1920x1398.jpg\" data-srcset=\"https:\/\/www.design-award.cz\/wp-content\/uploads\/2022\/02\/kresba_obyvak-1920x1398.jpg 1920w, https:\/\/www.design-award.cz\/wp-content\/uploads\/2022\/02\/kresba_obyvak-300x218.jpg 300w, https:\/\/www.design-award.cz\/wp-content\/uploads\/2022\/02\/kresba_obyvak-1024x746.jpg 1024w, https:\/\/www.design-award.cz\/wp-content\/uploads\/2022\/02\/kresba_obyvak-768x559.jpg 768w, https:\/\/www.design-award.cz\/wp-content\/uploads\/2022\/02\/kresba_obyvak-1536x1119.jpg 1536w, https:\/\/www.design-award.cz\/wp-content\/uploads\/2022\/02\/kresba_obyvak-2048x1491.jpg 2048w, https:\/\/www.design-award.cz\/wp-content\/uploads\/2022\/02\/kresba_obyvak-500x364.jpg 500w, https:\/\/www.design-award.cz\/wp-content\/uploads\/2022\/02\/kresba_obyvak-800x583.jpg 800w, https:\/\/www.design-award.cz\/wp-content\/uploads\/2022\/02\/kresba_obyvak-1280x932.jpg 1280w\" data-sizes=\"auto\" loading=\"eager\">\n\t\t<\/a>\t<\/div>\n<\/div>\n\t<figcaption class=\"vp-portfolio__item-overlay vp-portfolio__item-overlay-text-align-center\">\n\t\t<div class=\"vp-portfolio__item-meta-wrap vp-portfolio__custom-scrollbar\">\n\t\t\t\t<a\n\t\thref=\"https:\/\/www.design-award.cz\/?portfolio=soukromy-interier-kuchyne-s-obyvaci-casti\"\n\t\ttabindex=\"-1\" class=\"vp-portfolio__item-meta\" \t>\n\t\n<h2 class=\"vp-portfolio__item-meta-title\">\n\tSoukrom\u00fd interi\u00e9r &#8211; Kuchyn\u011b s ob\u00fdvac\u00ed \u010d\u00e1st\u00ed<\/h2>\n<\/a>\t\t<\/div>\n\t<\/figcaption>\n\t\t\t<\/figure>\n\t\t\t\t\t<\/article>\n\t\t\n\t\t<article\t\tclass=\"vp-portfolio__item-wrap post-2525 portfolio type-portfolio status-publish format-standard has-post-thumbnail hentry portfolio_category-soutezici-2023 entry has-media vp-portfolio__item-uid-a8428cbb\" data-vp-filter=\"soutezici-2023\" \t\t>\n\t\t\t\t\t\t\t\t\t<figure class=\"vp-portfolio__item\">\n\t\t\t\t\n<div class=\"vp-portfolio__item-img-wrap\">\n\t<div class=\"vp-portfolio__item-img\">\n\t\t\t<a\n\t\thref=\"https:\/\/www.design-award.cz\/?portfolio=produktovy-design-polohovatelna-stolni-lampa\"\n\t\t\t>\n\t\n\t\t<noscript><img decoding=\"async\" width=\"1920\" height=\"1080\" data-skip-lazy src=\"https:\/\/www.design-award.cz\/wp-content\/uploads\/2023\/04\/7-1920x1080.jpg\" class=\"wp-image-2528\" alt=\"\" srcset=\"https:\/\/www.design-award.cz\/wp-content\/uploads\/2023\/04\/7-1920x1080.jpg 1920w, https:\/\/www.design-award.cz\/wp-content\/uploads\/2023\/04\/7-300x169.jpg 300w, https:\/\/www.design-award.cz\/wp-content\/uploads\/2023\/04\/7-1024x576.jpg 1024w, https:\/\/www.design-award.cz\/wp-content\/uploads\/2023\/04\/7-768x432.jpg 768w, https:\/\/www.design-award.cz\/wp-content\/uploads\/2023\/04\/7-1536x864.jpg 1536w, https:\/\/www.design-award.cz\/wp-content\/uploads\/2023\/04\/7-2048x1152.jpg 2048w, https:\/\/www.design-award.cz\/wp-content\/uploads\/2023\/04\/7-500x281.jpg 500w, https:\/\/www.design-award.cz\/wp-content\/uploads\/2023\/04\/7-800x450.jpg 800w, https:\/\/www.design-award.cz\/wp-content\/uploads\/2023\/04\/7-1280x720.jpg 1280w\" sizes=\"(max-width: 1920px) 100vw, 1920px\" \/><\/noscript><img decoding=\"async\" width=\"1920\" height=\"1080\" src=\"https:\/\/www.design-award.cz\/wp-content\/uploads\/2023\/04\/7-1920x1080.jpg\" class=\"wp-image-2528 vp-lazyload\" alt srcset=\"data:image\/svg+xml;base64,PHN2ZyB3aWR0aD0iMTkyMCIgaGVpZ2h0PSIxMDgwIiB2aWV3Qm94PSIwIDAgMTkyMCAxMDgwIiBmaWxsPSJub25lIiB4bWxucz0iaHR0cDovL3d3dy53My5vcmcvMjAwMC9zdmciPjwvc3ZnPg==\" data-src=\"https:\/\/www.design-award.cz\/wp-content\/uploads\/2023\/04\/7-1920x1080.jpg\" data-srcset=\"https:\/\/www.design-award.cz\/wp-content\/uploads\/2023\/04\/7-1920x1080.jpg 1920w, https:\/\/www.design-award.cz\/wp-content\/uploads\/2023\/04\/7-300x169.jpg 300w, https:\/\/www.design-award.cz\/wp-content\/uploads\/2023\/04\/7-1024x576.jpg 1024w, https:\/\/www.design-award.cz\/wp-content\/uploads\/2023\/04\/7-768x432.jpg 768w, https:\/\/www.design-award.cz\/wp-content\/uploads\/2023\/04\/7-1536x864.jpg 1536w, https:\/\/www.design-award.cz\/wp-content\/uploads\/2023\/04\/7-2048x1152.jpg 2048w, https:\/\/www.design-award.cz\/wp-content\/uploads\/2023\/04\/7-500x281.jpg 500w, https:\/\/www.design-award.cz\/wp-content\/uploads\/2023\/04\/7-800x450.jpg 800w, https:\/\/www.design-award.cz\/wp-content\/uploads\/2023\/04\/7-1280x720.jpg 1280w\" data-sizes=\"auto\" loading=\"eager\">\n\t\t<\/a>\t<\/div>\n<\/div>\n\t<figcaption class=\"vp-portfolio__item-overlay vp-portfolio__item-overlay-text-align-center\">\n\t\t<div class=\"vp-portfolio__item-meta-wrap vp-portfolio__custom-scrollbar\">\n\t\t\t\t<a\n\t\thref=\"https:\/\/www.design-award.cz\/?portfolio=produktovy-design-polohovatelna-stolni-lampa\"\n\t\ttabindex=\"-1\" class=\"vp-portfolio__item-meta\" \t>\n\t\n<div class=\"vp-portfolio__item-meta-categories\">\n\t\t\t<div class=\"vp-portfolio__item-meta-category\">\n\t\t\t\t<span\t\t\t>\n\tSOUT\u011a\u017d\u00cdC\u00cd 2023<\/span>\t\t<\/div>\n\t\t<\/div>\n\n<h2 class=\"vp-portfolio__item-meta-title\">\n\tProduktov\u00fd design &#8211; Polohovateln\u00e1 stoln\u00ed lampa<\/h2>\n<\/a>\t\t<\/div>\n\t<\/figcaption>\n\t\t\t<\/figure>\n\t\t\t\t\t<\/article>\n\t\t\n\t\t<article\t\tclass=\"vp-portfolio__item-wrap post-3348 portfolio type-portfolio status-publish format-standard has-post-thumbnail hentry entry has-media vp-portfolio__item-uid-3c984c57\" data-vp-filter=\"\" \t\t>\n\t\t\t\t\t\t\t\t\t<figure class=\"vp-portfolio__item\">\n\t\t\t\t\n<div class=\"vp-portfolio__item-img-wrap\">\n\t<div class=\"vp-portfolio__item-img\">\n\t\t\t<a\n\t\thref=\"https:\/\/www.design-award.cz\/?portfolio=verejny-interier-bistro-6\"\n\t\t\t>\n\t\n\t\t<noscript><img decoding=\"async\" width=\"1920\" height=\"1080\" data-skip-lazy src=\"https:\/\/www.design-award.cz\/wp-content\/uploads\/2024\/05\/render1-1920x1080.jpg\" class=\"wp-image-3350\" alt=\"\" srcset=\"https:\/\/www.design-award.cz\/wp-content\/uploads\/2024\/05\/render1-1920x1080.jpg 1920w, https:\/\/www.design-award.cz\/wp-content\/uploads\/2024\/05\/render1-300x169.jpg 300w, https:\/\/www.design-award.cz\/wp-content\/uploads\/2024\/05\/render1-1024x576.jpg 1024w, https:\/\/www.design-award.cz\/wp-content\/uploads\/2024\/05\/render1-768x432.jpg 768w, https:\/\/www.design-award.cz\/wp-content\/uploads\/2024\/05\/render1-1536x864.jpg 1536w, https:\/\/www.design-award.cz\/wp-content\/uploads\/2024\/05\/render1-2048x1152.jpg 2048w, https:\/\/www.design-award.cz\/wp-content\/uploads\/2024\/05\/render1-500x281.jpg 500w, https:\/\/www.design-award.cz\/wp-content\/uploads\/2024\/05\/render1-800x450.jpg 800w, https:\/\/www.design-award.cz\/wp-content\/uploads\/2024\/05\/render1-1280x720.jpg 1280w\" sizes=\"(max-width: 1920px) 100vw, 1920px\" \/><\/noscript><img decoding=\"async\" width=\"1920\" height=\"1080\" src=\"https:\/\/www.design-award.cz\/wp-content\/uploads\/2024\/05\/render1-1920x1080.jpg\" class=\"wp-image-3350 vp-lazyload\" alt srcset=\"data:image\/svg+xml;base64,PHN2ZyB3aWR0aD0iMTkyMCIgaGVpZ2h0PSIxMDgwIiB2aWV3Qm94PSIwIDAgMTkyMCAxMDgwIiBmaWxsPSJub25lIiB4bWxucz0iaHR0cDovL3d3dy53My5vcmcvMjAwMC9zdmciPjwvc3ZnPg==\" data-src=\"https:\/\/www.design-award.cz\/wp-content\/uploads\/2024\/05\/render1-1920x1080.jpg\" data-srcset=\"https:\/\/www.design-award.cz\/wp-content\/uploads\/2024\/05\/render1-1920x1080.jpg 1920w, https:\/\/www.design-award.cz\/wp-content\/uploads\/2024\/05\/render1-300x169.jpg 300w, https:\/\/www.design-award.cz\/wp-content\/uploads\/2024\/05\/render1-1024x576.jpg 1024w, https:\/\/www.design-award.cz\/wp-content\/uploads\/2024\/05\/render1-768x432.jpg 768w, https:\/\/www.design-award.cz\/wp-content\/uploads\/2024\/05\/render1-1536x864.jpg 1536w, https:\/\/www.design-award.cz\/wp-content\/uploads\/2024\/05\/render1-2048x1152.jpg 2048w, https:\/\/www.design-award.cz\/wp-content\/uploads\/2024\/05\/render1-500x281.jpg 500w, https:\/\/www.design-award.cz\/wp-content\/uploads\/2024\/05\/render1-800x450.jpg 800w, https:\/\/www.design-award.cz\/wp-content\/uploads\/2024\/05\/render1-1280x720.jpg 1280w\" data-sizes=\"auto\" loading=\"eager\">\n\t\t<\/a>\t<\/div>\n<\/div>\n\t<figcaption class=\"vp-portfolio__item-overlay vp-portfolio__item-overlay-text-align-center\">\n\t\t<div class=\"vp-portfolio__item-meta-wrap vp-portfolio__custom-scrollbar\">\n\t\t\t\t<a\n\t\thref=\"https:\/\/www.design-award.cz\/?portfolio=verejny-interier-bistro-6\"\n\t\ttabindex=\"-1\" class=\"vp-portfolio__item-meta\" \t>\n\t\n<h2 class=\"vp-portfolio__item-meta-title\">\n\tVe\u0159ejn\u00fd interi\u00e9r &#8211; Bistro<\/h2>\n<\/a>\t\t<\/div>\n\t<\/figcaption>\n\t\t\t<\/figure>\n\t\t\t\t\t<\/article>\n\t\t\n<\/div>\n\n<div class=\"vp-portfolio__items-arrow vp-portfolio__items-arrow-prev\" tabindex=\"0\" role=\"button\" aria-label=\"Previous Slide\">\n\t\n<svg class=\"vp-svg-icon\" width=\"20\" height=\"20\" viewBox=\"0 0 20 20\" fill=\"none\" xmlns=\"http:\/\/www.w3.org\/2000\/svg\">\n\t<path d=\"M12 4L6 10L12 16\" stroke=\"currentColor\" stroke-width=\"1.5\" stroke-linecap=\"round\" stroke-linejoin=\"round\" fill=\"transparent\" \/>\n<\/svg>\n<\/div>\n<div class=\"vp-portfolio__items-arrow vp-portfolio__items-arrow-next\" tabindex=\"0\" role=\"button\" aria-label=\"Next Slide\">\n\t\n<svg class=\"vp-svg-icon\" width=\"20\" height=\"20\" viewBox=\"0 0 20 20\" fill=\"none\" xmlns=\"http:\/\/www.w3.org\/2000\/svg\">\n\t<path d=\"M8 4L14 10L8 16\" stroke=\"currentColor\" stroke-width=\"1.5\" stroke-linecap=\"round\" stroke-linejoin=\"round\" fill=\"transparent\" \/>\n<\/svg>\n<\/div>\n\t\t<\/div>\n\t\t\t\t<div class=\"vp-portfolio__layout-elements vp-portfolio__layout-elements-bottom vp-portfolio__layout-elements-align-center\">\n\t\t\t\t<div class=\"vp-portfolio__pagination-wrap\">\n\t\t\n<div class=\"vp-pagination vp-pagination__style-minimal\" data-vp-pagination-type=\"load-more\">\n\t<div class=\"vp-pagination__item\">\n\t\t<a class=\"vp-pagination__load-more\" href=\"https:\/\/www.design-award.cz\/index.php?rest_route=%2Fwp%2Fv2%2Fportfolio%2F800&#038;vp_page=2\">\n\t\t\t<span>Load More<\/span>\n\t\t\t<span class=\"vp-pagination__load-more-loading\"><span class=\"vp-spinner\"><\/span><span class=\"vp-screen-reader-text\"> Loading More&#8230;<\/span><\/span>\n\t\t\t<span class=\"vp-pagination__load-more-no-more\">You\u2019ve reached the end of the list<\/span>\n\t\t<\/a>\n\t<\/div>\n<\/div>\n\t\t<\/div>\n\t\t\t\t<\/div>\n\t\t\n<\/div>\n<\/div>","protected":false},"excerpt":{"rendered":"<p>Rudolf Hable St\u0159edn\u00ed \u0161kola designu interi\u00e9ru Kate\u0159inky &#8211; Liberec, s.r.o. Zad\u00e1n\u00edm u tohoto projektu byla rekonstrukce p\u00e1nsk\u00fdch toalet na S\u0160. Toalety se nach\u00e1z\u00ed na pat\u0159e, kde studuj\u00ed design\u00e9\u0159i interi\u00e9ru, tud\u00ed\u017e byl kladen d\u016fraz na estetick\u00e9 a z\u00e1rove\u0148 funk\u010dn\u00ed \u0159e\u0161en\u00ed rekonstrukce. M\u016fj hlavn\u00ed z\u00e1m\u011br byl ud\u011blat sv\u011btl\u00fd interi\u00e9r, ve kter\u00e9m se \u010dlov\u011bk nebude c\u00edtit, kv\u016fli jeho [&hellip;]<\/p>\n","protected":false},"author":1,"featured_media":803,"menu_order":0,"comment_status":"closed","ping_status":"closed","template":"","format":"standard","meta":{"ngg_post_thumbnail":0,"ocean_post_layout":"","ocean_both_sidebars_style":"","ocean_both_sidebars_content_width":0,"ocean_both_sidebars_sidebars_width":0,"ocean_sidebar":"","ocean_second_sidebar":"","ocean_disable_margins":"enable","ocean_add_body_class":"","ocean_shortcode_before_top_bar":"","ocean_shortcode_after_top_bar":"","ocean_shortcode_before_header":"","ocean_shortcode_after_header":"","ocean_has_shortcode":"","ocean_shortcode_after_title":"","ocean_shortcode_before_footer_widgets":"","ocean_shortcode_after_footer_widgets":"","ocean_shortcode_before_footer_bottom":"","ocean_shortcode_after_footer_bottom":"","ocean_display_top_bar":"default","ocean_display_header":"default","ocean_header_style":"","ocean_center_header_left_menu":"","ocean_custom_header_template":"","ocean_custom_logo":0,"ocean_custom_retina_logo":0,"ocean_custom_logo_max_width":0,"ocean_custom_logo_tablet_max_width":0,"ocean_custom_logo_mobile_max_width":0,"ocean_custom_logo_max_height":0,"ocean_custom_logo_tablet_max_height":0,"ocean_custom_logo_mobile_max_height":0,"ocean_header_custom_menu":"","ocean_menu_typo_font_family":"","ocean_menu_typo_font_subset":"","ocean_menu_typo_font_size":0,"ocean_menu_typo_font_size_tablet":0,"ocean_menu_typo_font_size_mobile":0,"ocean_menu_typo_font_size_unit":"px","ocean_menu_typo_font_weight":"","ocean_menu_typo_font_weight_tablet":"","ocean_menu_typo_font_weight_mobile":"","ocean_menu_typo_transform":"","ocean_menu_typo_transform_tablet":"","ocean_menu_typo_transform_mobile":"","ocean_menu_typo_line_height":0,"ocean_menu_typo_line_height_tablet":0,"ocean_menu_typo_line_height_mobile":0,"ocean_menu_typo_line_height_unit":"","ocean_menu_typo_spacing":0,"ocean_menu_typo_spacing_tablet":0,"ocean_menu_typo_spacing_mobile":0,"ocean_menu_typo_spacing_unit":"","ocean_menu_link_color":"","ocean_menu_link_color_hover":"","ocean_menu_link_color_active":"","ocean_menu_link_background":"","ocean_menu_link_hover_background":"","ocean_menu_link_active_background":"","ocean_menu_social_links_bg":"","ocean_menu_social_hover_links_bg":"","ocean_menu_social_links_color":"","ocean_menu_social_hover_links_color":"","ocean_disable_title":"default","ocean_disable_heading":"default","ocean_post_title":"","ocean_post_subheading":"","ocean_post_title_style":"","ocean_post_title_background_color":"","ocean_post_title_background":0,"ocean_post_title_bg_image_position":"","ocean_post_title_bg_image_attachment":"","ocean_post_title_bg_image_repeat":"","ocean_post_title_bg_image_size":"","ocean_post_title_height":0,"ocean_post_title_bg_overlay":0.5,"ocean_post_title_bg_overlay_color":"","ocean_disable_breadcrumbs":"default","ocean_breadcrumbs_color":"","ocean_breadcrumbs_separator_color":"","ocean_breadcrumbs_links_color":"","ocean_breadcrumbs_links_hover_color":"","ocean_display_footer_widgets":"default","ocean_display_footer_bottom":"default","ocean_custom_footer_template":"","_vp_format_video_url":"","_vp_image_focal_point":[],"footnotes":""},"portfolio_category":[],"portfolio_tag":[],"class_list":["post-800","portfolio","type-portfolio","status-publish","format-standard","has-post-thumbnail","hentry","entry","has-media"],"yoast_head":"<!-- This site is optimized with the Yoast SEO plugin v25.2 - https:\/\/yoast.com\/wordpress\/plugins\/seo\/ -->\n<title>Ve\u0159ejn\u00fd interi\u00e9r - Rekonstrukce p\u00e1nsk\u00fdch toalet na S\u0160 - design-award.cz<\/title>\n<meta name=\"robots\" content=\"index, follow, max-snippet:-1, max-image-preview:large, max-video-preview:-1\" \/>\n<link rel=\"canonical\" href=\"https:\/\/www.design-award.cz\/?portfolio=verejny-interier-rekonstrukce-panskych-toalet-na-ss\" \/>\n<meta property=\"og:locale\" content=\"cs_CZ\" \/>\n<meta property=\"og:type\" content=\"article\" \/>\n<meta property=\"og:title\" content=\"Ve\u0159ejn\u00fd interi\u00e9r - Rekonstrukce p\u00e1nsk\u00fdch toalet na S\u0160 - design-award.cz\" \/>\n<meta property=\"og:description\" content=\"Rudolf Hable St\u0159edn\u00ed \u0161kola designu interi\u00e9ru Kate\u0159inky &#8211; Liberec, s.r.o. Zad\u00e1n\u00edm u tohoto projektu byla rekonstrukce p\u00e1nsk\u00fdch toalet na S\u0160. Toalety se nach\u00e1z\u00ed na pat\u0159e, kde studuj\u00ed design\u00e9\u0159i interi\u00e9ru, tud\u00ed\u017e byl kladen d\u016fraz na estetick\u00e9 a z\u00e1rove\u0148 funk\u010dn\u00ed \u0159e\u0161en\u00ed rekonstrukce. M\u016fj hlavn\u00ed z\u00e1m\u011br byl ud\u011blat sv\u011btl\u00fd interi\u00e9r, ve kter\u00e9m se \u010dlov\u011bk nebude c\u00edtit, kv\u016fli jeho [&hellip;]\" \/>\n<meta property=\"og:url\" content=\"https:\/\/www.design-award.cz\/?portfolio=verejny-interier-rekonstrukce-panskych-toalet-na-ss\" \/>\n<meta property=\"og:site_name\" content=\"design-award.cz\" \/>\n<meta property=\"article:modified_time\" content=\"2022-04-26T20:04:57+00:00\" \/>\n<meta property=\"og:image\" content=\"http:\/\/www.design-award.cz\/wp-content\/uploads\/2022\/04\/3-1024x576.png\" \/>\n\t<meta property=\"og:image:width\" content=\"1024\" \/>\n\t<meta property=\"og:image:height\" content=\"576\" \/>\n\t<meta property=\"og:image:type\" content=\"image\/png\" \/>\n<meta name=\"twitter:card\" content=\"summary_large_image\" \/>\n<meta name=\"twitter:label1\" content=\"Odhadovan\u00e1 doba \u010dten\u00ed\" \/>\n\t<meta name=\"twitter:data1\" content=\"3 minuty\" \/>\n<script type=\"application\/ld+json\" class=\"yoast-schema-graph\">{\"@context\":\"https:\/\/schema.org\",\"@graph\":[{\"@type\":\"WebPage\",\"@id\":\"https:\/\/www.design-award.cz\/?portfolio=verejny-interier-rekonstrukce-panskych-toalet-na-ss\",\"url\":\"https:\/\/www.design-award.cz\/?portfolio=verejny-interier-rekonstrukce-panskych-toalet-na-ss\",\"name\":\"Ve\u0159ejn\u00fd interi\u00e9r - Rekonstrukce p\u00e1nsk\u00fdch toalet na S\u0160 - design-award.cz\",\"isPartOf\":{\"@id\":\"https:\/\/www.design-award.cz\/#website\"},\"primaryImageOfPage\":{\"@id\":\"https:\/\/www.design-award.cz\/?portfolio=verejny-interier-rekonstrukce-panskych-toalet-na-ss#primaryimage\"},\"image\":{\"@id\":\"https:\/\/www.design-award.cz\/?portfolio=verejny-interier-rekonstrukce-panskych-toalet-na-ss#primaryimage\"},\"thumbnailUrl\":\"https:\/\/www.design-award.cz\/wp-content\/uploads\/2022\/04\/3.png\",\"datePublished\":\"2022-04-26T20:04:30+00:00\",\"dateModified\":\"2022-04-26T20:04:57+00:00\",\"breadcrumb\":{\"@id\":\"https:\/\/www.design-award.cz\/?portfolio=verejny-interier-rekonstrukce-panskych-toalet-na-ss#breadcrumb\"},\"inLanguage\":\"cs\",\"potentialAction\":[{\"@type\":\"ReadAction\",\"target\":[\"https:\/\/www.design-award.cz\/?portfolio=verejny-interier-rekonstrukce-panskych-toalet-na-ss\"]}]},{\"@type\":\"ImageObject\",\"inLanguage\":\"cs\",\"@id\":\"https:\/\/www.design-award.cz\/?portfolio=verejny-interier-rekonstrukce-panskych-toalet-na-ss#primaryimage\",\"url\":\"https:\/\/www.design-award.cz\/wp-content\/uploads\/2022\/04\/3.png\",\"contentUrl\":\"https:\/\/www.design-award.cz\/wp-content\/uploads\/2022\/04\/3.png\",\"width\":1920,\"height\":1080},{\"@type\":\"BreadcrumbList\",\"@id\":\"https:\/\/www.design-award.cz\/?portfolio=verejny-interier-rekonstrukce-panskych-toalet-na-ss#breadcrumb\",\"itemListElement\":[{\"@type\":\"ListItem\",\"position\":1,\"name\":\"Dom\u016f\",\"item\":\"https:\/\/www.design-award.cz\/\"},{\"@type\":\"ListItem\",\"position\":2,\"name\":\"Portfolio Items\",\"item\":\"https:\/\/www.design-award.cz\/?post_type=portfolio\"},{\"@type\":\"ListItem\",\"position\":3,\"name\":\"Ve\u0159ejn\u00fd interi\u00e9r &#8211; Rekonstrukce p\u00e1nsk\u00fdch toalet na S\u0160\"}]},{\"@type\":\"WebSite\",\"@id\":\"https:\/\/www.design-award.cz\/#website\",\"url\":\"https:\/\/www.design-award.cz\/\",\"name\":\"design-award.cz\",\"description\":\"WARD vznikla v roce 2022. Je ur\u010dena p\u0159edev\u0161\u00edm student\u016fm st\u0159edn\u00edch um\u011bleck\u00fdch \u0161kol (S\u0160 a VO\u0160), kte\u0159\u00ed mohou bezplatn\u011b zaslat sv\u00e9 n\u00e1vrhy v uveden\u00fdch kategori\u00ed a tak pom\u011b\u0159it sv\u00e9 n\u00e1pady s konkurenc\u00ed sv\u00fdch vrstevn\u00edk\u016f. N\u00e1vrhy jsou n\u00e1sledn\u011b posouzeny nez\u00e1vislou porotou z \u0159ad v\u00fdtvarn\u00edk\u016f, pedagog\u016f a profesion\u00e1l\u016f z oboru.\",\"publisher\":{\"@id\":\"https:\/\/www.design-award.cz\/#organization\"},\"potentialAction\":[{\"@type\":\"SearchAction\",\"target\":{\"@type\":\"EntryPoint\",\"urlTemplate\":\"https:\/\/www.design-award.cz\/?s={search_term_string}\"},\"query-input\":{\"@type\":\"PropertyValueSpecification\",\"valueRequired\":true,\"valueName\":\"search_term_string\"}}],\"inLanguage\":\"cs\"},{\"@type\":\"Organization\",\"@id\":\"https:\/\/www.design-award.cz\/#organization\",\"name\":\"Design Award\",\"url\":\"https:\/\/www.design-award.cz\/\",\"logo\":{\"@type\":\"ImageObject\",\"inLanguage\":\"cs\",\"@id\":\"https:\/\/www.design-award.cz\/#\/schema\/logo\/image\/\",\"url\":\"http:\/\/www.design-award.cz\/wp-content\/uploads\/2021\/12\/hornilogo_design-award.png\",\"contentUrl\":\"http:\/\/www.design-award.cz\/wp-content\/uploads\/2021\/12\/hornilogo_design-award.png\",\"width\":800,\"height\":600,\"caption\":\"Design Award\"},\"image\":{\"@id\":\"https:\/\/www.design-award.cz\/#\/schema\/logo\/image\/\"},\"sameAs\":[\"https:\/\/www.instagram.com\/design_award\/\"]}]}<\/script>\n<!-- \/ Yoast SEO plugin. -->","yoast_head_json":{"title":"Ve\u0159ejn\u00fd interi\u00e9r - Rekonstrukce p\u00e1nsk\u00fdch toalet na S\u0160 - design-award.cz","robots":{"index":"index","follow":"follow","max-snippet":"max-snippet:-1","max-image-preview":"max-image-preview:large","max-video-preview":"max-video-preview:-1"},"canonical":"https:\/\/www.design-award.cz\/?portfolio=verejny-interier-rekonstrukce-panskych-toalet-na-ss","og_locale":"cs_CZ","og_type":"article","og_title":"Ve\u0159ejn\u00fd interi\u00e9r - Rekonstrukce p\u00e1nsk\u00fdch toalet na S\u0160 - design-award.cz","og_description":"Rudolf Hable St\u0159edn\u00ed \u0161kola designu interi\u00e9ru Kate\u0159inky &#8211; Liberec, s.r.o. Zad\u00e1n\u00edm u tohoto projektu byla rekonstrukce p\u00e1nsk\u00fdch toalet na S\u0160. Toalety se nach\u00e1z\u00ed na pat\u0159e, kde studuj\u00ed design\u00e9\u0159i interi\u00e9ru, tud\u00ed\u017e byl kladen d\u016fraz na estetick\u00e9 a z\u00e1rove\u0148 funk\u010dn\u00ed \u0159e\u0161en\u00ed rekonstrukce. M\u016fj hlavn\u00ed z\u00e1m\u011br byl ud\u011blat sv\u011btl\u00fd interi\u00e9r, ve kter\u00e9m se \u010dlov\u011bk nebude c\u00edtit, kv\u016fli jeho [&hellip;]","og_url":"https:\/\/www.design-award.cz\/?portfolio=verejny-interier-rekonstrukce-panskych-toalet-na-ss","og_site_name":"design-award.cz","article_modified_time":"2022-04-26T20:04:57+00:00","og_image":[{"width":1024,"height":576,"url":"http:\/\/www.design-award.cz\/wp-content\/uploads\/2022\/04\/3-1024x576.png","type":"image\/png"}],"twitter_card":"summary_large_image","twitter_misc":{"Odhadovan\u00e1 doba \u010dten\u00ed":"3 minuty"},"schema":{"@context":"https:\/\/schema.org","@graph":[{"@type":"WebPage","@id":"https:\/\/www.design-award.cz\/?portfolio=verejny-interier-rekonstrukce-panskych-toalet-na-ss","url":"https:\/\/www.design-award.cz\/?portfolio=verejny-interier-rekonstrukce-panskych-toalet-na-ss","name":"Ve\u0159ejn\u00fd interi\u00e9r - Rekonstrukce p\u00e1nsk\u00fdch toalet na S\u0160 - design-award.cz","isPartOf":{"@id":"https:\/\/www.design-award.cz\/#website"},"primaryImageOfPage":{"@id":"https:\/\/www.design-award.cz\/?portfolio=verejny-interier-rekonstrukce-panskych-toalet-na-ss#primaryimage"},"image":{"@id":"https:\/\/www.design-award.cz\/?portfolio=verejny-interier-rekonstrukce-panskych-toalet-na-ss#primaryimage"},"thumbnailUrl":"https:\/\/www.design-award.cz\/wp-content\/uploads\/2022\/04\/3.png","datePublished":"2022-04-26T20:04:30+00:00","dateModified":"2022-04-26T20:04:57+00:00","breadcrumb":{"@id":"https:\/\/www.design-award.cz\/?portfolio=verejny-interier-rekonstrukce-panskych-toalet-na-ss#breadcrumb"},"inLanguage":"cs","potentialAction":[{"@type":"ReadAction","target":["https:\/\/www.design-award.cz\/?portfolio=verejny-interier-rekonstrukce-panskych-toalet-na-ss"]}]},{"@type":"ImageObject","inLanguage":"cs","@id":"https:\/\/www.design-award.cz\/?portfolio=verejny-interier-rekonstrukce-panskych-toalet-na-ss#primaryimage","url":"https:\/\/www.design-award.cz\/wp-content\/uploads\/2022\/04\/3.png","contentUrl":"https:\/\/www.design-award.cz\/wp-content\/uploads\/2022\/04\/3.png","width":1920,"height":1080},{"@type":"BreadcrumbList","@id":"https:\/\/www.design-award.cz\/?portfolio=verejny-interier-rekonstrukce-panskych-toalet-na-ss#breadcrumb","itemListElement":[{"@type":"ListItem","position":1,"name":"Dom\u016f","item":"https:\/\/www.design-award.cz\/"},{"@type":"ListItem","position":2,"name":"Portfolio Items","item":"https:\/\/www.design-award.cz\/?post_type=portfolio"},{"@type":"ListItem","position":3,"name":"Ve\u0159ejn\u00fd interi\u00e9r &#8211; Rekonstrukce p\u00e1nsk\u00fdch toalet na S\u0160"}]},{"@type":"WebSite","@id":"https:\/\/www.design-award.cz\/#website","url":"https:\/\/www.design-award.cz\/","name":"design-award.cz","description":"WARD vznikla v roce 2022. Je ur\u010dena p\u0159edev\u0161\u00edm student\u016fm st\u0159edn\u00edch um\u011bleck\u00fdch \u0161kol (S\u0160 a VO\u0160), kte\u0159\u00ed mohou bezplatn\u011b zaslat sv\u00e9 n\u00e1vrhy v uveden\u00fdch kategori\u00ed a tak pom\u011b\u0159it sv\u00e9 n\u00e1pady s konkurenc\u00ed sv\u00fdch vrstevn\u00edk\u016f. N\u00e1vrhy jsou n\u00e1sledn\u011b posouzeny nez\u00e1vislou porotou z \u0159ad v\u00fdtvarn\u00edk\u016f, pedagog\u016f a profesion\u00e1l\u016f z oboru.","publisher":{"@id":"https:\/\/www.design-award.cz\/#organization"},"potentialAction":[{"@type":"SearchAction","target":{"@type":"EntryPoint","urlTemplate":"https:\/\/www.design-award.cz\/?s={search_term_string}"},"query-input":{"@type":"PropertyValueSpecification","valueRequired":true,"valueName":"search_term_string"}}],"inLanguage":"cs"},{"@type":"Organization","@id":"https:\/\/www.design-award.cz\/#organization","name":"Design Award","url":"https:\/\/www.design-award.cz\/","logo":{"@type":"ImageObject","inLanguage":"cs","@id":"https:\/\/www.design-award.cz\/#\/schema\/logo\/image\/","url":"http:\/\/www.design-award.cz\/wp-content\/uploads\/2021\/12\/hornilogo_design-award.png","contentUrl":"http:\/\/www.design-award.cz\/wp-content\/uploads\/2021\/12\/hornilogo_design-award.png","width":800,"height":600,"caption":"Design Award"},"image":{"@id":"https:\/\/www.design-award.cz\/#\/schema\/logo\/image\/"},"sameAs":["https:\/\/www.instagram.com\/design_award\/"]}]}},"_links":{"self":[{"href":"https:\/\/www.design-award.cz\/index.php?rest_route=\/wp\/v2\/portfolio\/800","targetHints":{"allow":["GET"]}}],"collection":[{"href":"https:\/\/www.design-award.cz\/index.php?rest_route=\/wp\/v2\/portfolio"}],"about":[{"href":"https:\/\/www.design-award.cz\/index.php?rest_route=\/wp\/v2\/types\/portfolio"}],"author":[{"embeddable":true,"href":"https:\/\/www.design-award.cz\/index.php?rest_route=\/wp\/v2\/users\/1"}],"replies":[{"embeddable":true,"href":"https:\/\/www.design-award.cz\/index.php?rest_route=%2Fwp%2Fv2%2Fcomments&post=800"}],"version-history":[{"count":1,"href":"https:\/\/www.design-award.cz\/index.php?rest_route=\/wp\/v2\/portfolio\/800\/revisions"}],"predecessor-version":[{"id":807,"href":"https:\/\/www.design-award.cz\/index.php?rest_route=\/wp\/v2\/portfolio\/800\/revisions\/807"}],"wp:featuredmedia":[{"embeddable":true,"href":"https:\/\/www.design-award.cz\/index.php?rest_route=\/wp\/v2\/media\/803"}],"wp:attachment":[{"href":"https:\/\/www.design-award.cz\/index.php?rest_route=%2Fwp%2Fv2%2Fmedia&parent=800"}],"wp:term":[{"taxonomy":"portfolio_category","embeddable":true,"href":"https:\/\/www.design-award.cz\/index.php?rest_route=%2Fwp%2Fv2%2Fportfolio_category&post=800"},{"taxonomy":"portfolio_tag","embeddable":true,"href":"https:\/\/www.design-award.cz\/index.php?rest_route=%2Fwp%2Fv2%2Fportfolio_tag&post=800"}],"curies":[{"name":"wp","href":"https:\/\/api.w.org\/{rel}","templated":true}]}}