{"id":874,"date":"2022-04-28T11:13:58","date_gmt":"2022-04-28T11:13:58","guid":{"rendered":"https:\/\/www.design-award.cz\/?post_type=portfolio&#038;p=874"},"modified":"2022-04-28T11:34:11","modified_gmt":"2022-04-28T11:34:11","slug":"874","status":"publish","type":"portfolio","link":"https:\/\/www.design-award.cz\/?portfolio=874","title":{"rendered":"Soukrom\u00fd interi\u00e9r &#8211; The Finsen"},"content":{"rendered":"\n<h2 class=\"wp-block-heading\">Pavl\u00edna \u0160t\u011bpa\u0159ov\u00e1<\/h2>\n\n\n\n<p><strong>St\u0159edn\u00ed \u0161kola Kate\u0159inky<\/strong><\/p>\n\n\n\n<p>Jeliko\u017e design jako takov\u00fd je velmi obs\u00e1hl\u00e9 t\u00e9ma a je v\u0161ude kolem n\u00e1s. Tak je velkou sou\u010d\u00e1st\u00ed na\u0161eho ka\u017edodenn\u00edho byt\u00ed, proto n\u00e1s tak n\u00e1s ovliv\u0148uje, a\u0165 u\u017e to vn\u00edm\u00e1me nebo ne. Ka\u017ed\u00fd detail, tvar \u010di barva v n\u00e1s podv\u011bdom\u011b vyvol\u00e1 n\u011bjak\u00fd pocit \u010di emoci. Proto jsem cht\u011bla vytvo\u0159it prost\u0159ed\u00ed, kter\u00e9 n\u00e1s bude inspirovat, uklid\u0148ovat, rozv\u00edjet a ovliv\u0148ovat na\u0161e vn\u00edm\u00e1n\u00ed. V cel\u00e9m interi\u00e9ru jsem pou\u017e\u00edvala barevn\u00e9 a v\u00fdtvarn\u00e9 prvky, kter\u00e9 na n\u00e1s p\u016fsob\u00ed. N\u00e1vrhu jsem dala n\u00e1zev The Finsen, jeliko\u017e se touto teori\u00ed, jak n\u00e1s barvy a sv\u011btla ovliv\u0148uj\u00ed zab\u00fdval Niels Finsen, ale tuto teorii zn\u00e1me i od Hippokrata.<\/p>\n\n\n\n<p><\/p>\n\n\n\n<figure class=\"wp-block-image size-large\"><img decoding=\"async\" width=\"1024\" height=\"768\" data-src=\"http:\/\/www.design-award.cz\/wp-content\/uploads\/2022\/04\/Snimek1-1024x768.jpg\" alt=\"\" class=\"wp-image-875 lazyload\" data-srcset=\"https:\/\/www.design-award.cz\/wp-content\/uploads\/2022\/04\/Snimek1-1024x768.jpg 1024w, https:\/\/www.design-award.cz\/wp-content\/uploads\/2022\/04\/Snimek1-300x225.jpg 300w, https:\/\/www.design-award.cz\/wp-content\/uploads\/2022\/04\/Snimek1-768x576.jpg 768w, https:\/\/www.design-award.cz\/wp-content\/uploads\/2022\/04\/Snimek1-500x375.jpg 500w, https:\/\/www.design-award.cz\/wp-content\/uploads\/2022\/04\/Snimek1-800x600.jpg 800w, https:\/\/www.design-award.cz\/wp-content\/uploads\/2022\/04\/Snimek1-1280x960.jpg 1280w, https:\/\/www.design-award.cz\/wp-content\/uploads\/2022\/04\/Snimek1-rotated.jpg 1344w\" data-sizes=\"(max-width: 1024px) 100vw, 1024px\" src=\"data:image\/svg+xml;base64,PHN2ZyB3aWR0aD0iMSIgaGVpZ2h0PSIxIiB4bWxucz0iaHR0cDovL3d3dy53My5vcmcvMjAwMC9zdmciPjwvc3ZnPg==\" style=\"--smush-placeholder-width: 1024px; --smush-placeholder-aspect-ratio: 1024\/768;\" \/><\/figure>\n\n\n\n<figure class=\"wp-block-image size-large\"><img decoding=\"async\" width=\"1024\" height=\"768\" data-src=\"http:\/\/www.design-award.cz\/wp-content\/uploads\/2022\/04\/Snimek2-1024x768.jpg\" alt=\"\" class=\"wp-image-876 lazyload\" data-srcset=\"https:\/\/www.design-award.cz\/wp-content\/uploads\/2022\/04\/Snimek2-1024x768.jpg 1024w, https:\/\/www.design-award.cz\/wp-content\/uploads\/2022\/04\/Snimek2-300x225.jpg 300w, https:\/\/www.design-award.cz\/wp-content\/uploads\/2022\/04\/Snimek2-768x576.jpg 768w, https:\/\/www.design-award.cz\/wp-content\/uploads\/2022\/04\/Snimek2-500x375.jpg 500w, https:\/\/www.design-award.cz\/wp-content\/uploads\/2022\/04\/Snimek2-800x600.jpg 800w, https:\/\/www.design-award.cz\/wp-content\/uploads\/2022\/04\/Snimek2-1280x960.jpg 1280w, https:\/\/www.design-award.cz\/wp-content\/uploads\/2022\/04\/Snimek2-rotated.jpg 1344w\" data-sizes=\"(max-width: 1024px) 100vw, 1024px\" src=\"data:image\/svg+xml;base64,PHN2ZyB3aWR0aD0iMSIgaGVpZ2h0PSIxIiB4bWxucz0iaHR0cDovL3d3dy53My5vcmcvMjAwMC9zdmciPjwvc3ZnPg==\" style=\"--smush-placeholder-width: 1024px; --smush-placeholder-aspect-ratio: 1024\/768;\" \/><\/figure>\n\n\n\n<figure class=\"wp-block-image size-large\"><img decoding=\"async\" width=\"1024\" height=\"768\" data-src=\"http:\/\/www.design-award.cz\/wp-content\/uploads\/2022\/04\/Snimek3-1024x768.jpg\" alt=\"\" class=\"wp-image-877 lazyload\" data-srcset=\"https:\/\/www.design-award.cz\/wp-content\/uploads\/2022\/04\/Snimek3-1024x768.jpg 1024w, https:\/\/www.design-award.cz\/wp-content\/uploads\/2022\/04\/Snimek3-300x225.jpg 300w, https:\/\/www.design-award.cz\/wp-content\/uploads\/2022\/04\/Snimek3-768x576.jpg 768w, https:\/\/www.design-award.cz\/wp-content\/uploads\/2022\/04\/Snimek3-500x375.jpg 500w, https:\/\/www.design-award.cz\/wp-content\/uploads\/2022\/04\/Snimek3-800x600.jpg 800w, https:\/\/www.design-award.cz\/wp-content\/uploads\/2022\/04\/Snimek3-1280x960.jpg 1280w, https:\/\/www.design-award.cz\/wp-content\/uploads\/2022\/04\/Snimek3-rotated.jpg 1344w\" data-sizes=\"(max-width: 1024px) 100vw, 1024px\" src=\"data:image\/svg+xml;base64,PHN2ZyB3aWR0aD0iMSIgaGVpZ2h0PSIxIiB4bWxucz0iaHR0cDovL3d3dy53My5vcmcvMjAwMC9zdmciPjwvc3ZnPg==\" style=\"--smush-placeholder-width: 1024px; --smush-placeholder-aspect-ratio: 1024\/768;\" \/><\/figure>\n\n\n<div class=\"wp-block-visual-portfolio\">\n<div class=\"vp-portfolio vp-uid-2ece4a06 vp-id-607\"\n\tdata-vp-layout=\"slider\" data-vp-content-source=\"post-based\" data-vp-items-style=\"fade\" data-vp-items-click-action=\"url\" data-vp-items-gap=\"12\" data-vp-items-gap-vertical=\"\" data-vp-pagination=\"load-more\" data-vp-next-page-url=\"https:\/\/www.design-award.cz\/index.php?rest_route=%2Fwp%2Fv2%2Fportfolio%2F874&#038;vp_page=2\" data-vp-random-seed=\"118341025\" data-vp-slider-effect=\"slide\" data-vp-slider-items-height=\"80%\" data-vp-slider-items-min-height=\"\" data-vp-slider-slides-per-view=\"3\" data-vp-slider-speed=\"0.3\" data-vp-slider-autoplay=\"4.8\" data-vp-slider-autoplay-hover-pause=\"false\" data-vp-slider-centered-slides=\"true\" data-vp-slider-loop=\"true\" data-vp-slider-free-mode=\"false\" data-vp-slider-free-mode-sticky=\"false\" data-vp-slider-arrows=\"true\" data-vp-slider-bullets=\"false\" data-vp-slider-bullets-dynamic=\"false\" data-vp-slider-mousewheel=\"false\" data-vp-slider-thumbnails=\"false\" >\n\t<div class=\"vp-portfolio__preloader-wrap\">\n\t\t<div class=\"vp-portfolio__preloader\">\n\t\t\t<img decoding=\"async\" loading=\"eager\" src=\"https:\/\/www.design-award.cz\/wp-content\/plugins\/visual-portfolio\/assets\/images\/logo-dark.svg\" alt=\"Visual Portfolio, Posts &amp; Image Gallery for WordPress\" width=\"20\" height=\"20\" data-skip-lazy>\n\t\t<\/div>\n\t<\/div>\n\t\t<div class=\"vp-portfolio__items-wrap\">\n\t\t\t\n<div class=\"vp-portfolio__items vp-portfolio__items-style-fade vp-portfolio__items-show-overlay-hover\">\n\n\t\t<article\t\tclass=\"vp-portfolio__item-wrap post-2469 portfolio type-portfolio status-publish format-standard has-post-thumbnail hentry portfolio_category-soutezici-2023 entry has-media vp-portfolio__item-uid-c45a6fa3\" data-vp-filter=\"soutezici-2023\" \t\t>\n\t\t\t\t\t\t\t\t\t<figure class=\"vp-portfolio__item\">\n\t\t\t\t\n<div class=\"vp-portfolio__item-img-wrap\">\n\t<div class=\"vp-portfolio__item-img\">\n\t\t\t<a\n\t\thref=\"https:\/\/www.design-award.cz\/?portfolio=verejny-interier-dynamic-urban-furniture\"\n\t\t\t>\n\t\n\t\t<noscript><img decoding=\"async\" width=\"1920\" height=\"1437\" data-skip-lazy src=\"https:\/\/www.design-award.cz\/wp-content\/uploads\/2023\/04\/smotkova3-1920x1437.jpg\" class=\"wp-image-2471\" alt=\"\" srcset=\"https:\/\/www.design-award.cz\/wp-content\/uploads\/2023\/04\/smotkova3-1920x1437.jpg 1920w, https:\/\/www.design-award.cz\/wp-content\/uploads\/2023\/04\/smotkova3-300x225.jpg 300w, https:\/\/www.design-award.cz\/wp-content\/uploads\/2023\/04\/smotkova3-1024x766.jpg 1024w, https:\/\/www.design-award.cz\/wp-content\/uploads\/2023\/04\/smotkova3-768x575.jpg 768w, https:\/\/www.design-award.cz\/wp-content\/uploads\/2023\/04\/smotkova3-1536x1150.jpg 1536w, https:\/\/www.design-award.cz\/wp-content\/uploads\/2023\/04\/smotkova3-2048x1533.jpg 2048w, https:\/\/www.design-award.cz\/wp-content\/uploads\/2023\/04\/smotkova3-500x374.jpg 500w, https:\/\/www.design-award.cz\/wp-content\/uploads\/2023\/04\/smotkova3-800x599.jpg 800w, https:\/\/www.design-award.cz\/wp-content\/uploads\/2023\/04\/smotkova3-1280x958.jpg 1280w\" sizes=\"(max-width: 1920px) 100vw, 1920px\" \/><\/noscript><img fetchpriority=\"high\" decoding=\"async\" width=\"1920\" height=\"1437\" src=\"https:\/\/www.design-award.cz\/wp-content\/uploads\/2023\/04\/smotkova3-1920x1437.jpg\" class=\"wp-image-2471 vp-lazyload\" alt srcset=\"data:image\/svg+xml;base64,PHN2ZyB3aWR0aD0iMTkyMCIgaGVpZ2h0PSIxNDM3IiB2aWV3Qm94PSIwIDAgMTkyMCAxNDM3IiBmaWxsPSJub25lIiB4bWxucz0iaHR0cDovL3d3dy53My5vcmcvMjAwMC9zdmciPjwvc3ZnPg==\" data-src=\"https:\/\/www.design-award.cz\/wp-content\/uploads\/2023\/04\/smotkova3-1920x1437.jpg\" data-srcset=\"https:\/\/www.design-award.cz\/wp-content\/uploads\/2023\/04\/smotkova3-1920x1437.jpg 1920w, https:\/\/www.design-award.cz\/wp-content\/uploads\/2023\/04\/smotkova3-300x225.jpg 300w, https:\/\/www.design-award.cz\/wp-content\/uploads\/2023\/04\/smotkova3-1024x766.jpg 1024w, https:\/\/www.design-award.cz\/wp-content\/uploads\/2023\/04\/smotkova3-768x575.jpg 768w, https:\/\/www.design-award.cz\/wp-content\/uploads\/2023\/04\/smotkova3-1536x1150.jpg 1536w, https:\/\/www.design-award.cz\/wp-content\/uploads\/2023\/04\/smotkova3-2048x1533.jpg 2048w, https:\/\/www.design-award.cz\/wp-content\/uploads\/2023\/04\/smotkova3-500x374.jpg 500w, https:\/\/www.design-award.cz\/wp-content\/uploads\/2023\/04\/smotkova3-800x599.jpg 800w, https:\/\/www.design-award.cz\/wp-content\/uploads\/2023\/04\/smotkova3-1280x958.jpg 1280w\" data-sizes=\"auto\" loading=\"eager\">\n\t\t<\/a>\t<\/div>\n<\/div>\n\t<figcaption class=\"vp-portfolio__item-overlay vp-portfolio__item-overlay-text-align-center\">\n\t\t<div class=\"vp-portfolio__item-meta-wrap vp-portfolio__custom-scrollbar\">\n\t\t\t\t<a\n\t\thref=\"https:\/\/www.design-award.cz\/?portfolio=verejny-interier-dynamic-urban-furniture\"\n\t\ttabindex=\"-1\" class=\"vp-portfolio__item-meta\" \t>\n\t\n<div class=\"vp-portfolio__item-meta-categories\">\n\t\t\t<div class=\"vp-portfolio__item-meta-category\">\n\t\t\t\t<span\t\t\t>\n\tSOUT\u011a\u017d\u00cdC\u00cd 2023<\/span>\t\t<\/div>\n\t\t<\/div>\n\n<h2 class=\"vp-portfolio__item-meta-title\">\n\tVe\u0159ejn\u00fd interi\u00e9r &#8211; Dynamic Urban Furniture<\/h2>\n<\/a>\t\t<\/div>\n\t<\/figcaption>\n\t\t\t<\/figure>\n\t\t\t\t\t<\/article>\n\t\t\n\t\t<article\t\tclass=\"vp-portfolio__item-wrap post-4547 portfolio type-portfolio status-publish format-standard has-post-thumbnail hentry entry has-media vp-portfolio__item-uid-357d15cd\" data-vp-filter=\"\" \t\t>\n\t\t\t\t\t\t\t\t\t<figure class=\"vp-portfolio__item\">\n\t\t\t\t\n<div class=\"vp-portfolio__item-img-wrap\">\n\t<div class=\"vp-portfolio__item-img\">\n\t\t\t<a\n\t\thref=\"https:\/\/www.design-award.cz\/?portfolio=interierovy-design-navrh-malometrazniho-bytu-inspirovaneho-ladislavem-sutnarem\"\n\t\t\t>\n\t\n\t\t<noscript><img decoding=\"async\" width=\"1136\" height=\"850\" data-skip-lazy src=\"https:\/\/www.design-award.cz\/wp-content\/uploads\/2025\/05\/JachymTolar_obyt.jpg\" class=\"wp-image-4552\" alt=\"\" srcset=\"https:\/\/www.design-award.cz\/wp-content\/uploads\/2025\/05\/JachymTolar_obyt.jpg 1136w, https:\/\/www.design-award.cz\/wp-content\/uploads\/2025\/05\/JachymTolar_obyt-300x224.jpg 300w, https:\/\/www.design-award.cz\/wp-content\/uploads\/2025\/05\/JachymTolar_obyt-1024x766.jpg 1024w, https:\/\/www.design-award.cz\/wp-content\/uploads\/2025\/05\/JachymTolar_obyt-768x575.jpg 768w, https:\/\/www.design-award.cz\/wp-content\/uploads\/2025\/05\/JachymTolar_obyt-500x374.jpg 500w, https:\/\/www.design-award.cz\/wp-content\/uploads\/2025\/05\/JachymTolar_obyt-800x599.jpg 800w\" sizes=\"(max-width: 1136px) 100vw, 1136px\" \/><\/noscript><img decoding=\"async\" width=\"1136\" height=\"850\" src=\"https:\/\/www.design-award.cz\/wp-content\/uploads\/2025\/05\/JachymTolar_obyt.jpg\" class=\"wp-image-4552 vp-lazyload\" alt srcset=\"data:image\/svg+xml;base64,PHN2ZyB3aWR0aD0iMTEzNiIgaGVpZ2h0PSI4NTAiIHZpZXdCb3g9IjAgMCAxMTM2IDg1MCIgZmlsbD0ibm9uZSIgeG1sbnM9Imh0dHA6Ly93d3cudzMub3JnLzIwMDAvc3ZnIj48L3N2Zz4=\" data-src=\"https:\/\/www.design-award.cz\/wp-content\/uploads\/2025\/05\/JachymTolar_obyt.jpg\" data-srcset=\"https:\/\/www.design-award.cz\/wp-content\/uploads\/2025\/05\/JachymTolar_obyt.jpg 1136w, https:\/\/www.design-award.cz\/wp-content\/uploads\/2025\/05\/JachymTolar_obyt-300x224.jpg 300w, https:\/\/www.design-award.cz\/wp-content\/uploads\/2025\/05\/JachymTolar_obyt-1024x766.jpg 1024w, https:\/\/www.design-award.cz\/wp-content\/uploads\/2025\/05\/JachymTolar_obyt-768x575.jpg 768w, https:\/\/www.design-award.cz\/wp-content\/uploads\/2025\/05\/JachymTolar_obyt-500x374.jpg 500w, https:\/\/www.design-award.cz\/wp-content\/uploads\/2025\/05\/JachymTolar_obyt-800x599.jpg 800w\" data-sizes=\"auto\" loading=\"eager\">\n\t\t<\/a>\t<\/div>\n<\/div>\n\t<figcaption class=\"vp-portfolio__item-overlay vp-portfolio__item-overlay-text-align-center\">\n\t\t<div class=\"vp-portfolio__item-meta-wrap vp-portfolio__custom-scrollbar\">\n\t\t\t\t<a\n\t\thref=\"https:\/\/www.design-award.cz\/?portfolio=interierovy-design-navrh-malometrazniho-bytu-inspirovaneho-ladislavem-sutnarem\"\n\t\ttabindex=\"-1\" class=\"vp-portfolio__item-meta\" \t>\n\t\n<h2 class=\"vp-portfolio__item-meta-title\">\n\tInteri\u00e9rov\u00fd design &#8211; N\u00c1VRH MALOMETR\u00c1\u017dN\u00cdHO BYTU INSPIROVAN\u00c9HO LADISLAVEM SUTNAREM<\/h2>\n<\/a>\t\t<\/div>\n\t<\/figcaption>\n\t\t\t<\/figure>\n\t\t\t\t\t<\/article>\n\t\t\n\t\t<article\t\tclass=\"vp-portfolio__item-wrap post-4163 portfolio type-portfolio status-publish format-standard has-post-thumbnail hentry entry has-media vp-portfolio__item-uid-072f1b8a\" data-vp-filter=\"\" \t\t>\n\t\t\t\t\t\t\t\t\t<figure class=\"vp-portfolio__item\">\n\t\t\t\t\n<div class=\"vp-portfolio__item-img-wrap\">\n\t<div class=\"vp-portfolio__item-img\">\n\t\t\t<a\n\t\thref=\"https:\/\/www.design-award.cz\/?portfolio=produktovy-design-balanc\"\n\t\t\t>\n\t\n\t\t<noscript><img decoding=\"async\" width=\"800\" height=\"566\" data-skip-lazy src=\"https:\/\/www.design-award.cz\/wp-content\/uploads\/2024\/07\/KLIMOVA_BALANC_3_A4.jpg\" class=\"wp-image-4200\" alt=\"\" srcset=\"https:\/\/www.design-award.cz\/wp-content\/uploads\/2024\/07\/KLIMOVA_BALANC_3_A4.jpg 800w, https:\/\/www.design-award.cz\/wp-content\/uploads\/2024\/07\/KLIMOVA_BALANC_3_A4-300x212.jpg 300w, https:\/\/www.design-award.cz\/wp-content\/uploads\/2024\/07\/KLIMOVA_BALANC_3_A4-768x543.jpg 768w, https:\/\/www.design-award.cz\/wp-content\/uploads\/2024\/07\/KLIMOVA_BALANC_3_A4-500x354.jpg 500w\" sizes=\"(max-width: 800px) 100vw, 800px\" \/><\/noscript><img decoding=\"async\" width=\"800\" height=\"566\" src=\"https:\/\/www.design-award.cz\/wp-content\/uploads\/2024\/07\/KLIMOVA_BALANC_3_A4.jpg\" class=\"wp-image-4200 vp-lazyload\" alt srcset=\"data:image\/svg+xml;base64,PHN2ZyB3aWR0aD0iODAwIiBoZWlnaHQ9IjU2NiIgdmlld0JveD0iMCAwIDgwMCA1NjYiIGZpbGw9Im5vbmUiIHhtbG5zPSJodHRwOi8vd3d3LnczLm9yZy8yMDAwL3N2ZyI+PC9zdmc+\" data-src=\"https:\/\/www.design-award.cz\/wp-content\/uploads\/2024\/07\/KLIMOVA_BALANC_3_A4.jpg\" data-srcset=\"https:\/\/www.design-award.cz\/wp-content\/uploads\/2024\/07\/KLIMOVA_BALANC_3_A4.jpg 800w, https:\/\/www.design-award.cz\/wp-content\/uploads\/2024\/07\/KLIMOVA_BALANC_3_A4-300x212.jpg 300w, https:\/\/www.design-award.cz\/wp-content\/uploads\/2024\/07\/KLIMOVA_BALANC_3_A4-768x543.jpg 768w, https:\/\/www.design-award.cz\/wp-content\/uploads\/2024\/07\/KLIMOVA_BALANC_3_A4-500x354.jpg 500w\" data-sizes=\"auto\" loading=\"eager\">\n\t\t<\/a>\t<\/div>\n<\/div>\n\t<figcaption class=\"vp-portfolio__item-overlay vp-portfolio__item-overlay-text-align-center\">\n\t\t<div class=\"vp-portfolio__item-meta-wrap vp-portfolio__custom-scrollbar\">\n\t\t\t\t<a\n\t\thref=\"https:\/\/www.design-award.cz\/?portfolio=produktovy-design-balanc\"\n\t\ttabindex=\"-1\" class=\"vp-portfolio__item-meta\" \t>\n\t\n<h2 class=\"vp-portfolio__item-meta-title\">\n\tProduktov\u00fd design &#8211; Balanc<\/h2>\n<\/a>\t\t<\/div>\n\t<\/figcaption>\n\t\t\t<\/figure>\n\t\t\t\t\t<\/article>\n\t\t\n\t\t<article\t\tclass=\"vp-portfolio__item-wrap post-1367 portfolio type-portfolio status-publish format-standard has-post-thumbnail hentry portfolio_category-https-www-design-award-cz-page_id1603 portfolio_tag-9 entry has-media vp-portfolio__item-uid-3418fbcf\" data-vp-filter=\"https-www-design-award-cz-page_id1603\" \t\t>\n\t\t\t\t\t\t\t\t\t<figure class=\"vp-portfolio__item\">\n\t\t\t\t\n<div class=\"vp-portfolio__item-img-wrap\">\n\t<div class=\"vp-portfolio__item-img\">\n\t\t\t<a\n\t\thref=\"https:\/\/www.design-award.cz\/?portfolio=produktovy-design-udrzitelny-produkt-krichle\"\n\t\t\t>\n\t\n\t\t<noscript><img decoding=\"async\" width=\"1920\" height=\"1201\" data-skip-lazy src=\"https:\/\/www.design-award.cz\/wp-content\/uploads\/2022\/04\/VIZUAL2-1920x1201.png\" class=\"wp-image-1370\" alt=\"\" srcset=\"https:\/\/www.design-award.cz\/wp-content\/uploads\/2022\/04\/VIZUAL2-1920x1201.png 1920w, https:\/\/www.design-award.cz\/wp-content\/uploads\/2022\/04\/VIZUAL2-300x188.png 300w, https:\/\/www.design-award.cz\/wp-content\/uploads\/2022\/04\/VIZUAL2-1024x641.png 1024w, https:\/\/www.design-award.cz\/wp-content\/uploads\/2022\/04\/VIZUAL2-768x481.png 768w, https:\/\/www.design-award.cz\/wp-content\/uploads\/2022\/04\/VIZUAL2-1536x961.png 1536w, https:\/\/www.design-award.cz\/wp-content\/uploads\/2022\/04\/VIZUAL2-2048x1281.png 2048w, https:\/\/www.design-award.cz\/wp-content\/uploads\/2022\/04\/VIZUAL2-500x313.png 500w, https:\/\/www.design-award.cz\/wp-content\/uploads\/2022\/04\/VIZUAL2-800x501.png 800w, https:\/\/www.design-award.cz\/wp-content\/uploads\/2022\/04\/VIZUAL2-1280x801.png 1280w\" sizes=\"(max-width: 1920px) 100vw, 1920px\" \/><\/noscript><img decoding=\"async\" width=\"1920\" height=\"1201\" src=\"https:\/\/www.design-award.cz\/wp-content\/uploads\/2022\/04\/VIZUAL2-1920x1201.png\" class=\"wp-image-1370 vp-lazyload\" alt srcset=\"data:image\/svg+xml;base64,PHN2ZyB3aWR0aD0iMTkyMCIgaGVpZ2h0PSIxMjAxIiB2aWV3Qm94PSIwIDAgMTkyMCAxMjAxIiBmaWxsPSJub25lIiB4bWxucz0iaHR0cDovL3d3dy53My5vcmcvMjAwMC9zdmciPjwvc3ZnPg==\" data-src=\"https:\/\/www.design-award.cz\/wp-content\/uploads\/2022\/04\/VIZUAL2-1920x1201.png\" data-srcset=\"https:\/\/www.design-award.cz\/wp-content\/uploads\/2022\/04\/VIZUAL2-1920x1201.png 1920w, https:\/\/www.design-award.cz\/wp-content\/uploads\/2022\/04\/VIZUAL2-300x188.png 300w, https:\/\/www.design-award.cz\/wp-content\/uploads\/2022\/04\/VIZUAL2-1024x641.png 1024w, https:\/\/www.design-award.cz\/wp-content\/uploads\/2022\/04\/VIZUAL2-768x481.png 768w, https:\/\/www.design-award.cz\/wp-content\/uploads\/2022\/04\/VIZUAL2-1536x961.png 1536w, https:\/\/www.design-award.cz\/wp-content\/uploads\/2022\/04\/VIZUAL2-2048x1281.png 2048w, https:\/\/www.design-award.cz\/wp-content\/uploads\/2022\/04\/VIZUAL2-500x313.png 500w, https:\/\/www.design-award.cz\/wp-content\/uploads\/2022\/04\/VIZUAL2-800x501.png 800w, https:\/\/www.design-award.cz\/wp-content\/uploads\/2022\/04\/VIZUAL2-1280x801.png 1280w\" data-sizes=\"auto\" loading=\"eager\">\n\t\t<\/a>\t<\/div>\n<\/div>\n\t<figcaption class=\"vp-portfolio__item-overlay vp-portfolio__item-overlay-text-align-center\">\n\t\t<div class=\"vp-portfolio__item-meta-wrap vp-portfolio__custom-scrollbar\">\n\t\t\t\t<a\n\t\thref=\"https:\/\/www.design-award.cz\/?portfolio=produktovy-design-udrzitelny-produkt-krichle\"\n\t\ttabindex=\"-1\" class=\"vp-portfolio__item-meta\" \t>\n\t\n<div class=\"vp-portfolio__item-meta-categories\">\n\t\t\t<div class=\"vp-portfolio__item-meta-category\">\n\t\t\t\t<span\t\t\t>\n\tArchiv 2022<\/span>\t\t<\/div>\n\t\t<\/div>\n\n<h2 class=\"vp-portfolio__item-meta-title\">\n\tProduktov\u00fd design &#8211; Udr\u017eiteln\u00fd produkt &#8211; KRiCHLE<\/h2>\n<\/a>\t\t<\/div>\n\t<\/figcaption>\n\t\t\t<\/figure>\n\t\t\t\t\t<\/article>\n\t\t\n\t\t<article\t\tclass=\"vp-portfolio__item-wrap post-3202 portfolio type-portfolio status-publish format-standard has-post-thumbnail hentry entry has-media vp-portfolio__item-uid-b9e30a7a\" data-vp-filter=\"\" \t\t>\n\t\t\t\t\t\t\t\t\t<figure class=\"vp-portfolio__item\">\n\t\t\t\t\n<div class=\"vp-portfolio__item-img-wrap\">\n\t<div class=\"vp-portfolio__item-img\">\n\t\t\t<a\n\t\thref=\"https:\/\/www.design-award.cz\/?portfolio=verejny-interier-bistro-4\"\n\t\t\t>\n\t\n\t\t<noscript><img decoding=\"async\" width=\"1134\" height=\"638\" data-skip-lazy src=\"https:\/\/www.design-award.cz\/wp-content\/uploads\/2024\/04\/render-okno-PLAKAAAAAT.png\" class=\"wp-image-3209\" alt=\"\" srcset=\"https:\/\/www.design-award.cz\/wp-content\/uploads\/2024\/04\/render-okno-PLAKAAAAAT.png 1134w, https:\/\/www.design-award.cz\/wp-content\/uploads\/2024\/04\/render-okno-PLAKAAAAAT-300x169.png 300w, https:\/\/www.design-award.cz\/wp-content\/uploads\/2024\/04\/render-okno-PLAKAAAAAT-1024x576.png 1024w, https:\/\/www.design-award.cz\/wp-content\/uploads\/2024\/04\/render-okno-PLAKAAAAAT-768x432.png 768w, https:\/\/www.design-award.cz\/wp-content\/uploads\/2024\/04\/render-okno-PLAKAAAAAT-500x281.png 500w, https:\/\/www.design-award.cz\/wp-content\/uploads\/2024\/04\/render-okno-PLAKAAAAAT-800x450.png 800w\" sizes=\"(max-width: 1134px) 100vw, 1134px\" \/><\/noscript><img decoding=\"async\" width=\"1134\" height=\"638\" src=\"https:\/\/www.design-award.cz\/wp-content\/uploads\/2024\/04\/render-okno-PLAKAAAAAT.png\" class=\"wp-image-3209 vp-lazyload\" alt srcset=\"data:image\/svg+xml;base64,PHN2ZyB3aWR0aD0iMTEzNCIgaGVpZ2h0PSI2MzgiIHZpZXdCb3g9IjAgMCAxMTM0IDYzOCIgZmlsbD0ibm9uZSIgeG1sbnM9Imh0dHA6Ly93d3cudzMub3JnLzIwMDAvc3ZnIj48L3N2Zz4=\" data-src=\"https:\/\/www.design-award.cz\/wp-content\/uploads\/2024\/04\/render-okno-PLAKAAAAAT.png\" data-srcset=\"https:\/\/www.design-award.cz\/wp-content\/uploads\/2024\/04\/render-okno-PLAKAAAAAT.png 1134w, https:\/\/www.design-award.cz\/wp-content\/uploads\/2024\/04\/render-okno-PLAKAAAAAT-300x169.png 300w, https:\/\/www.design-award.cz\/wp-content\/uploads\/2024\/04\/render-okno-PLAKAAAAAT-1024x576.png 1024w, https:\/\/www.design-award.cz\/wp-content\/uploads\/2024\/04\/render-okno-PLAKAAAAAT-768x432.png 768w, https:\/\/www.design-award.cz\/wp-content\/uploads\/2024\/04\/render-okno-PLAKAAAAAT-500x281.png 500w, https:\/\/www.design-award.cz\/wp-content\/uploads\/2024\/04\/render-okno-PLAKAAAAAT-800x450.png 800w\" data-sizes=\"auto\" loading=\"eager\">\n\t\t<\/a>\t<\/div>\n<\/div>\n\t<figcaption class=\"vp-portfolio__item-overlay vp-portfolio__item-overlay-text-align-center\">\n\t\t<div class=\"vp-portfolio__item-meta-wrap vp-portfolio__custom-scrollbar\">\n\t\t\t\t<a\n\t\thref=\"https:\/\/www.design-award.cz\/?portfolio=verejny-interier-bistro-4\"\n\t\ttabindex=\"-1\" class=\"vp-portfolio__item-meta\" \t>\n\t\n<h2 class=\"vp-portfolio__item-meta-title\">\n\tVe\u0159ejn\u00fd interi\u00e9r &#8211; Bistro<\/h2>\n<\/a>\t\t<\/div>\n\t<\/figcaption>\n\t\t\t<\/figure>\n\t\t\t\t\t<\/article>\n\t\t\n\t\t<article\t\tclass=\"vp-portfolio__item-wrap post-4967 portfolio type-portfolio status-publish format-standard has-post-thumbnail hentry entry has-media vp-portfolio__item-uid-0e518e2b\" data-vp-filter=\"\" \t\t>\n\t\t\t\t\t\t\t\t\t<figure class=\"vp-portfolio__item\">\n\t\t\t\t\n<div class=\"vp-portfolio__item-img-wrap\">\n\t<div class=\"vp-portfolio__item-img\">\n\t\t\t<a\n\t\thref=\"https:\/\/www.design-award.cz\/?portfolio=produktovy-design-chaturang\"\n\t\t\t>\n\t\n\t\t<noscript><img decoding=\"async\" width=\"931\" height=\"483\" data-skip-lazy src=\"https:\/\/www.design-award.cz\/wp-content\/uploads\/2025\/06\/Figurky.jpg\" class=\"wp-image-4969\" alt=\"\" srcset=\"https:\/\/www.design-award.cz\/wp-content\/uploads\/2025\/06\/Figurky.jpg 931w, https:\/\/www.design-award.cz\/wp-content\/uploads\/2025\/06\/Figurky-300x156.jpg 300w, https:\/\/www.design-award.cz\/wp-content\/uploads\/2025\/06\/Figurky-768x398.jpg 768w, https:\/\/www.design-award.cz\/wp-content\/uploads\/2025\/06\/Figurky-500x259.jpg 500w, https:\/\/www.design-award.cz\/wp-content\/uploads\/2025\/06\/Figurky-800x415.jpg 800w\" sizes=\"(max-width: 931px) 100vw, 931px\" \/><\/noscript><img decoding=\"async\" width=\"931\" height=\"483\" src=\"https:\/\/www.design-award.cz\/wp-content\/uploads\/2025\/06\/Figurky.jpg\" class=\"wp-image-4969 vp-lazyload\" alt srcset=\"data:image\/svg+xml;base64,PHN2ZyB3aWR0aD0iOTMxIiBoZWlnaHQ9IjQ4MyIgdmlld0JveD0iMCAwIDkzMSA0ODMiIGZpbGw9Im5vbmUiIHhtbG5zPSJodHRwOi8vd3d3LnczLm9yZy8yMDAwL3N2ZyI+PC9zdmc+\" data-src=\"https:\/\/www.design-award.cz\/wp-content\/uploads\/2025\/06\/Figurky.jpg\" data-srcset=\"https:\/\/www.design-award.cz\/wp-content\/uploads\/2025\/06\/Figurky.jpg 931w, https:\/\/www.design-award.cz\/wp-content\/uploads\/2025\/06\/Figurky-300x156.jpg 300w, https:\/\/www.design-award.cz\/wp-content\/uploads\/2025\/06\/Figurky-768x398.jpg 768w, https:\/\/www.design-award.cz\/wp-content\/uploads\/2025\/06\/Figurky-500x259.jpg 500w, https:\/\/www.design-award.cz\/wp-content\/uploads\/2025\/06\/Figurky-800x415.jpg 800w\" data-sizes=\"auto\" loading=\"eager\">\n\t\t<\/a>\t<\/div>\n<\/div>\n\t<figcaption class=\"vp-portfolio__item-overlay vp-portfolio__item-overlay-text-align-center\">\n\t\t<div class=\"vp-portfolio__item-meta-wrap vp-portfolio__custom-scrollbar\">\n\t\t\t\t<a\n\t\thref=\"https:\/\/www.design-award.cz\/?portfolio=produktovy-design-chaturang\"\n\t\ttabindex=\"-1\" class=\"vp-portfolio__item-meta\" \t>\n\t\n<h2 class=\"vp-portfolio__item-meta-title\">\n\tProduktov\u00fd design &#8211; Chaturang<\/h2>\n<\/a>\t\t<\/div>\n\t<\/figcaption>\n\t\t\t<\/figure>\n\t\t\t\t\t<\/article>\n\t\t\n\t\t<article\t\tclass=\"vp-portfolio__item-wrap post-2123 portfolio type-portfolio status-publish format-standard has-post-thumbnail hentry portfolio_category-soutezici-2023 entry has-media vp-portfolio__item-uid-46288152\" data-vp-filter=\"soutezici-2023\" \t\t>\n\t\t\t\t\t\t\t\t\t<figure class=\"vp-portfolio__item\">\n\t\t\t\t\n<div class=\"vp-portfolio__item-img-wrap\">\n\t<div class=\"vp-portfolio__item-img\">\n\t\t\t<a\n\t\thref=\"https:\/\/www.design-award.cz\/?portfolio=produktovy-design-kyv\"\n\t\t\t>\n\t\n\t\t<noscript><img decoding=\"async\" width=\"1920\" height=\"1899\" data-skip-lazy src=\"https:\/\/www.design-award.cz\/wp-content\/uploads\/2023\/04\/Kyv-1-1920x1899.jpg\" class=\"wp-image-2126\" alt=\"\" srcset=\"https:\/\/www.design-award.cz\/wp-content\/uploads\/2023\/04\/Kyv-1-1920x1899.jpg 1920w, https:\/\/www.design-award.cz\/wp-content\/uploads\/2023\/04\/Kyv-1-300x297.jpg 300w, https:\/\/www.design-award.cz\/wp-content\/uploads\/2023\/04\/Kyv-1-1024x1013.jpg 1024w, https:\/\/www.design-award.cz\/wp-content\/uploads\/2023\/04\/Kyv-1-768x760.jpg 768w, https:\/\/www.design-award.cz\/wp-content\/uploads\/2023\/04\/Kyv-1-1536x1519.jpg 1536w, https:\/\/www.design-award.cz\/wp-content\/uploads\/2023\/04\/Kyv-1-500x495.jpg 500w, https:\/\/www.design-award.cz\/wp-content\/uploads\/2023\/04\/Kyv-1-800x791.jpg 800w, https:\/\/www.design-award.cz\/wp-content\/uploads\/2023\/04\/Kyv-1-1280x1266.jpg 1280w, https:\/\/www.design-award.cz\/wp-content\/uploads\/2023\/04\/Kyv-1.jpg 2000w\" sizes=\"(max-width: 1920px) 100vw, 1920px\" \/><\/noscript><img decoding=\"async\" width=\"1920\" height=\"1899\" src=\"https:\/\/www.design-award.cz\/wp-content\/uploads\/2023\/04\/Kyv-1-1920x1899.jpg\" class=\"wp-image-2126 vp-lazyload\" alt srcset=\"data:image\/svg+xml;base64,PHN2ZyB3aWR0aD0iMTkyMCIgaGVpZ2h0PSIxODk5IiB2aWV3Qm94PSIwIDAgMTkyMCAxODk5IiBmaWxsPSJub25lIiB4bWxucz0iaHR0cDovL3d3dy53My5vcmcvMjAwMC9zdmciPjwvc3ZnPg==\" data-src=\"https:\/\/www.design-award.cz\/wp-content\/uploads\/2023\/04\/Kyv-1-1920x1899.jpg\" data-srcset=\"https:\/\/www.design-award.cz\/wp-content\/uploads\/2023\/04\/Kyv-1-1920x1899.jpg 1920w, https:\/\/www.design-award.cz\/wp-content\/uploads\/2023\/04\/Kyv-1-300x297.jpg 300w, https:\/\/www.design-award.cz\/wp-content\/uploads\/2023\/04\/Kyv-1-1024x1013.jpg 1024w, https:\/\/www.design-award.cz\/wp-content\/uploads\/2023\/04\/Kyv-1-768x760.jpg 768w, https:\/\/www.design-award.cz\/wp-content\/uploads\/2023\/04\/Kyv-1-1536x1519.jpg 1536w, https:\/\/www.design-award.cz\/wp-content\/uploads\/2023\/04\/Kyv-1-500x495.jpg 500w, https:\/\/www.design-award.cz\/wp-content\/uploads\/2023\/04\/Kyv-1-800x791.jpg 800w, https:\/\/www.design-award.cz\/wp-content\/uploads\/2023\/04\/Kyv-1-1280x1266.jpg 1280w, https:\/\/www.design-award.cz\/wp-content\/uploads\/2023\/04\/Kyv-1.jpg 2000w\" data-sizes=\"auto\" loading=\"eager\">\n\t\t<\/a>\t<\/div>\n<\/div>\n\t<figcaption class=\"vp-portfolio__item-overlay vp-portfolio__item-overlay-text-align-center\">\n\t\t<div class=\"vp-portfolio__item-meta-wrap vp-portfolio__custom-scrollbar\">\n\t\t\t\t<a\n\t\thref=\"https:\/\/www.design-award.cz\/?portfolio=produktovy-design-kyv\"\n\t\ttabindex=\"-1\" class=\"vp-portfolio__item-meta\" \t>\n\t\n<div class=\"vp-portfolio__item-meta-categories\">\n\t\t\t<div class=\"vp-portfolio__item-meta-category\">\n\t\t\t\t<span\t\t\t>\n\tSOUT\u011a\u017d\u00cdC\u00cd 2023<\/span>\t\t<\/div>\n\t\t<\/div>\n\n<h2 class=\"vp-portfolio__item-meta-title\">\n\tProduktov\u00fd design &#8211; Kyv<\/h2>\n<\/a>\t\t<\/div>\n\t<\/figcaption>\n\t\t\t<\/figure>\n\t\t\t\t\t<\/article>\n\t\t\n\t\t<article\t\tclass=\"vp-portfolio__item-wrap post-4164 portfolio type-portfolio status-publish format-standard has-post-thumbnail hentry entry has-media vp-portfolio__item-uid-994b8e29\" data-vp-filter=\"\" \t\t>\n\t\t\t\t\t\t\t\t\t<figure class=\"vp-portfolio__item\">\n\t\t\t\t\n<div class=\"vp-portfolio__item-img-wrap\">\n\t<div class=\"vp-portfolio__item-img\">\n\t\t\t<a\n\t\thref=\"https:\/\/www.design-award.cz\/?portfolio=produktovy-design-vceli-ul-vertical\"\n\t\t\t>\n\t\n\t\t<noscript><img decoding=\"async\" width=\"1920\" height=\"1081\" data-skip-lazy src=\"https:\/\/www.design-award.cz\/wp-content\/uploads\/2024\/07\/Kreis-9-1920x1081.jpg\" class=\"wp-image-4210\" alt=\"\" srcset=\"https:\/\/www.design-award.cz\/wp-content\/uploads\/2024\/07\/Kreis-9-1920x1081.jpg 1920w, https:\/\/www.design-award.cz\/wp-content\/uploads\/2024\/07\/Kreis-9-300x169.jpg 300w, https:\/\/www.design-award.cz\/wp-content\/uploads\/2024\/07\/Kreis-9-1024x576.jpg 1024w, https:\/\/www.design-award.cz\/wp-content\/uploads\/2024\/07\/Kreis-9-768x432.jpg 768w, https:\/\/www.design-award.cz\/wp-content\/uploads\/2024\/07\/Kreis-9-1536x864.jpg 1536w, https:\/\/www.design-award.cz\/wp-content\/uploads\/2024\/07\/Kreis-9-2048x1153.jpg 2048w, https:\/\/www.design-award.cz\/wp-content\/uploads\/2024\/07\/Kreis-9-500x281.jpg 500w, https:\/\/www.design-award.cz\/wp-content\/uploads\/2024\/07\/Kreis-9-800x450.jpg 800w, https:\/\/www.design-award.cz\/wp-content\/uploads\/2024\/07\/Kreis-9-1280x720.jpg 1280w\" sizes=\"(max-width: 1920px) 100vw, 1920px\" \/><\/noscript><img decoding=\"async\" width=\"1920\" height=\"1081\" src=\"https:\/\/www.design-award.cz\/wp-content\/uploads\/2024\/07\/Kreis-9-1920x1081.jpg\" class=\"wp-image-4210 vp-lazyload\" alt srcset=\"data:image\/svg+xml;base64,PHN2ZyB3aWR0aD0iMTkyMCIgaGVpZ2h0PSIxMDgxIiB2aWV3Qm94PSIwIDAgMTkyMCAxMDgxIiBmaWxsPSJub25lIiB4bWxucz0iaHR0cDovL3d3dy53My5vcmcvMjAwMC9zdmciPjwvc3ZnPg==\" data-src=\"https:\/\/www.design-award.cz\/wp-content\/uploads\/2024\/07\/Kreis-9-1920x1081.jpg\" data-srcset=\"https:\/\/www.design-award.cz\/wp-content\/uploads\/2024\/07\/Kreis-9-1920x1081.jpg 1920w, https:\/\/www.design-award.cz\/wp-content\/uploads\/2024\/07\/Kreis-9-300x169.jpg 300w, https:\/\/www.design-award.cz\/wp-content\/uploads\/2024\/07\/Kreis-9-1024x576.jpg 1024w, https:\/\/www.design-award.cz\/wp-content\/uploads\/2024\/07\/Kreis-9-768x432.jpg 768w, https:\/\/www.design-award.cz\/wp-content\/uploads\/2024\/07\/Kreis-9-1536x864.jpg 1536w, https:\/\/www.design-award.cz\/wp-content\/uploads\/2024\/07\/Kreis-9-2048x1153.jpg 2048w, https:\/\/www.design-award.cz\/wp-content\/uploads\/2024\/07\/Kreis-9-500x281.jpg 500w, https:\/\/www.design-award.cz\/wp-content\/uploads\/2024\/07\/Kreis-9-800x450.jpg 800w, https:\/\/www.design-award.cz\/wp-content\/uploads\/2024\/07\/Kreis-9-1280x720.jpg 1280w\" data-sizes=\"auto\" loading=\"eager\">\n\t\t<\/a>\t<\/div>\n<\/div>\n\t<figcaption class=\"vp-portfolio__item-overlay vp-portfolio__item-overlay-text-align-center\">\n\t\t<div class=\"vp-portfolio__item-meta-wrap vp-portfolio__custom-scrollbar\">\n\t\t\t\t<a\n\t\thref=\"https:\/\/www.design-award.cz\/?portfolio=produktovy-design-vceli-ul-vertical\"\n\t\ttabindex=\"-1\" class=\"vp-portfolio__item-meta\" \t>\n\t\n<h2 class=\"vp-portfolio__item-meta-title\">\n\tProduktov\u00fd design &#8211; V\u010del\u00ed \u00fal Vertical<\/h2>\n<\/a>\t\t<\/div>\n\t<\/figcaption>\n\t\t\t<\/figure>\n\t\t\t\t\t<\/article>\n\t\t\n<\/div>\n\n<div class=\"vp-portfolio__items-arrow vp-portfolio__items-arrow-prev\" tabindex=\"0\" role=\"button\" aria-label=\"Previous Slide\">\n\t\n<svg class=\"vp-svg-icon\" width=\"20\" height=\"20\" viewBox=\"0 0 20 20\" fill=\"none\" xmlns=\"http:\/\/www.w3.org\/2000\/svg\">\n\t<path d=\"M12 4L6 10L12 16\" stroke=\"currentColor\" stroke-width=\"1.5\" stroke-linecap=\"round\" stroke-linejoin=\"round\" fill=\"transparent\" \/>\n<\/svg>\n<\/div>\n<div class=\"vp-portfolio__items-arrow vp-portfolio__items-arrow-next\" tabindex=\"0\" role=\"button\" aria-label=\"Next Slide\">\n\t\n<svg class=\"vp-svg-icon\" width=\"20\" height=\"20\" viewBox=\"0 0 20 20\" fill=\"none\" xmlns=\"http:\/\/www.w3.org\/2000\/svg\">\n\t<path d=\"M8 4L14 10L8 16\" stroke=\"currentColor\" stroke-width=\"1.5\" stroke-linecap=\"round\" stroke-linejoin=\"round\" fill=\"transparent\" \/>\n<\/svg>\n<\/div>\n\t\t<\/div>\n\t\t\t\t<div class=\"vp-portfolio__layout-elements vp-portfolio__layout-elements-bottom vp-portfolio__layout-elements-align-center\">\n\t\t\t\t<div class=\"vp-portfolio__pagination-wrap\">\n\t\t\n<div class=\"vp-pagination vp-pagination__style-minimal\" data-vp-pagination-type=\"load-more\">\n\t<div class=\"vp-pagination__item\">\n\t\t<a class=\"vp-pagination__load-more\" href=\"https:\/\/www.design-award.cz\/index.php?rest_route=%2Fwp%2Fv2%2Fportfolio%2F874&#038;vp_page=2\">\n\t\t\t<span>Load More<\/span>\n\t\t\t<span class=\"vp-pagination__load-more-loading\"><span class=\"vp-spinner\"><\/span><span class=\"vp-screen-reader-text\"> Loading More&#8230;<\/span><\/span>\n\t\t\t<span class=\"vp-pagination__load-more-no-more\">You\u2019ve reached the end of the list<\/span>\n\t\t<\/a>\n\t<\/div>\n<\/div>\n\t\t<\/div>\n\t\t\t\t<\/div>\n\t\t\n<\/div>\n<\/div>","protected":false},"excerpt":{"rendered":"<p>Pavl\u00edna \u0160t\u011bpa\u0159ov\u00e1 St\u0159edn\u00ed \u0161kola Kate\u0159inky Jeliko\u017e design jako takov\u00fd je velmi obs\u00e1hl\u00e9 t\u00e9ma a je v\u0161ude kolem n\u00e1s. Tak je velkou sou\u010d\u00e1st\u00ed na\u0161eho ka\u017edodenn\u00edho byt\u00ed, proto n\u00e1s tak n\u00e1s ovliv\u0148uje, a\u0165 u\u017e to vn\u00edm\u00e1me nebo ne. Ka\u017ed\u00fd detail, tvar \u010di barva v n\u00e1s podv\u011bdom\u011b vyvol\u00e1 n\u011bjak\u00fd pocit \u010di emoci. Proto jsem cht\u011bla vytvo\u0159it prost\u0159ed\u00ed, kter\u00e9 [&hellip;]<\/p>\n","protected":false},"author":1,"featured_media":878,"menu_order":0,"comment_status":"closed","ping_status":"closed","template":"","format":"standard","meta":{"ngg_post_thumbnail":0,"ocean_post_layout":"","ocean_both_sidebars_style":"","ocean_both_sidebars_content_width":0,"ocean_both_sidebars_sidebars_width":0,"ocean_sidebar":"","ocean_second_sidebar":"","ocean_disable_margins":"enable","ocean_add_body_class":"","ocean_shortcode_before_top_bar":"","ocean_shortcode_after_top_bar":"","ocean_shortcode_before_header":"","ocean_shortcode_after_header":"","ocean_has_shortcode":"","ocean_shortcode_after_title":"","ocean_shortcode_before_footer_widgets":"","ocean_shortcode_after_footer_widgets":"","ocean_shortcode_before_footer_bottom":"","ocean_shortcode_after_footer_bottom":"","ocean_display_top_bar":"default","ocean_display_header":"default","ocean_header_style":"","ocean_center_header_left_menu":"","ocean_custom_header_template":"","ocean_custom_logo":0,"ocean_custom_retina_logo":0,"ocean_custom_logo_max_width":0,"ocean_custom_logo_tablet_max_width":0,"ocean_custom_logo_mobile_max_width":0,"ocean_custom_logo_max_height":0,"ocean_custom_logo_tablet_max_height":0,"ocean_custom_logo_mobile_max_height":0,"ocean_header_custom_menu":"","ocean_menu_typo_font_family":"","ocean_menu_typo_font_subset":"","ocean_menu_typo_font_size":0,"ocean_menu_typo_font_size_tablet":0,"ocean_menu_typo_font_size_mobile":0,"ocean_menu_typo_font_size_unit":"px","ocean_menu_typo_font_weight":"","ocean_menu_typo_font_weight_tablet":"","ocean_menu_typo_font_weight_mobile":"","ocean_menu_typo_transform":"","ocean_menu_typo_transform_tablet":"","ocean_menu_typo_transform_mobile":"","ocean_menu_typo_line_height":0,"ocean_menu_typo_line_height_tablet":0,"ocean_menu_typo_line_height_mobile":0,"ocean_menu_typo_line_height_unit":"","ocean_menu_typo_spacing":0,"ocean_menu_typo_spacing_tablet":0,"ocean_menu_typo_spacing_mobile":0,"ocean_menu_typo_spacing_unit":"","ocean_menu_link_color":"","ocean_menu_link_color_hover":"","ocean_menu_link_color_active":"","ocean_menu_link_background":"","ocean_menu_link_hover_background":"","ocean_menu_link_active_background":"","ocean_menu_social_links_bg":"","ocean_menu_social_hover_links_bg":"","ocean_menu_social_links_color":"","ocean_menu_social_hover_links_color":"","ocean_disable_title":"default","ocean_disable_heading":"default","ocean_post_title":"","ocean_post_subheading":"","ocean_post_title_style":"","ocean_post_title_background_color":"","ocean_post_title_background":0,"ocean_post_title_bg_image_position":"","ocean_post_title_bg_image_attachment":"","ocean_post_title_bg_image_repeat":"","ocean_post_title_bg_image_size":"","ocean_post_title_height":0,"ocean_post_title_bg_overlay":0.5,"ocean_post_title_bg_overlay_color":"","ocean_disable_breadcrumbs":"default","ocean_breadcrumbs_color":"","ocean_breadcrumbs_separator_color":"","ocean_breadcrumbs_links_color":"","ocean_breadcrumbs_links_hover_color":"","ocean_display_footer_widgets":"default","ocean_display_footer_bottom":"default","ocean_custom_footer_template":"","_vp_format_video_url":"","_vp_image_focal_point":{"x":0.52,"y":0.12},"footnotes":""},"portfolio_category":[],"portfolio_tag":[],"class_list":["post-874","portfolio","type-portfolio","status-publish","format-standard","has-post-thumbnail","hentry","entry","has-media"],"yoast_head":"<!-- This site is optimized with the Yoast SEO plugin v25.2 - https:\/\/yoast.com\/wordpress\/plugins\/seo\/ -->\n<title>Soukrom\u00fd interi\u00e9r - The Finsen - design-award.cz<\/title>\n<meta name=\"robots\" content=\"index, follow, max-snippet:-1, max-image-preview:large, max-video-preview:-1\" \/>\n<link rel=\"canonical\" href=\"https:\/\/www.design-award.cz\/?portfolio=874\" \/>\n<meta property=\"og:locale\" content=\"cs_CZ\" \/>\n<meta property=\"og:type\" content=\"article\" \/>\n<meta property=\"og:title\" content=\"Soukrom\u00fd interi\u00e9r - The Finsen - design-award.cz\" \/>\n<meta property=\"og:description\" content=\"Pavl\u00edna \u0160t\u011bpa\u0159ov\u00e1 St\u0159edn\u00ed \u0161kola Kate\u0159inky Jeliko\u017e design jako takov\u00fd je velmi obs\u00e1hl\u00e9 t\u00e9ma a je v\u0161ude kolem n\u00e1s. Tak je velkou sou\u010d\u00e1st\u00ed na\u0161eho ka\u017edodenn\u00edho byt\u00ed, proto n\u00e1s tak n\u00e1s ovliv\u0148uje, a\u0165 u\u017e to vn\u00edm\u00e1me nebo ne. Ka\u017ed\u00fd detail, tvar \u010di barva v n\u00e1s podv\u011bdom\u011b vyvol\u00e1 n\u011bjak\u00fd pocit \u010di emoci. Proto jsem cht\u011bla vytvo\u0159it prost\u0159ed\u00ed, kter\u00e9 [&hellip;]\" \/>\n<meta property=\"og:url\" content=\"https:\/\/www.design-award.cz\/?portfolio=874\" \/>\n<meta property=\"og:site_name\" content=\"design-award.cz\" \/>\n<meta property=\"article:modified_time\" content=\"2022-04-28T11:34:11+00:00\" \/>\n<meta property=\"og:image\" content=\"http:\/\/www.design-award.cz\/wp-content\/uploads\/2022\/04\/The-finsen1-scaled.jpg\" \/>\n\t<meta property=\"og:image:width\" content=\"1792\" \/>\n\t<meta property=\"og:image:height\" content=\"2560\" \/>\n\t<meta property=\"og:image:type\" content=\"image\/jpeg\" \/>\n<meta name=\"twitter:card\" content=\"summary_large_image\" \/>\n<meta name=\"twitter:label1\" content=\"Odhadovan\u00e1 doba \u010dten\u00ed\" \/>\n\t<meta name=\"twitter:data1\" content=\"2 minuty\" \/>\n<script type=\"application\/ld+json\" class=\"yoast-schema-graph\">{\"@context\":\"https:\/\/schema.org\",\"@graph\":[{\"@type\":\"WebPage\",\"@id\":\"https:\/\/www.design-award.cz\/?portfolio=874\",\"url\":\"https:\/\/www.design-award.cz\/?portfolio=874\",\"name\":\"Soukrom\u00fd interi\u00e9r - The Finsen - design-award.cz\",\"isPartOf\":{\"@id\":\"https:\/\/www.design-award.cz\/#website\"},\"primaryImageOfPage\":{\"@id\":\"https:\/\/www.design-award.cz\/?portfolio=874#primaryimage\"},\"image\":{\"@id\":\"https:\/\/www.design-award.cz\/?portfolio=874#primaryimage\"},\"thumbnailUrl\":\"https:\/\/www.design-award.cz\/wp-content\/uploads\/2022\/04\/The-finsen1-scaled.jpg\",\"datePublished\":\"2022-04-28T11:13:58+00:00\",\"dateModified\":\"2022-04-28T11:34:11+00:00\",\"breadcrumb\":{\"@id\":\"https:\/\/www.design-award.cz\/?portfolio=874#breadcrumb\"},\"inLanguage\":\"cs\",\"potentialAction\":[{\"@type\":\"ReadAction\",\"target\":[\"https:\/\/www.design-award.cz\/?portfolio=874\"]}]},{\"@type\":\"ImageObject\",\"inLanguage\":\"cs\",\"@id\":\"https:\/\/www.design-award.cz\/?portfolio=874#primaryimage\",\"url\":\"https:\/\/www.design-award.cz\/wp-content\/uploads\/2022\/04\/The-finsen1-scaled.jpg\",\"contentUrl\":\"https:\/\/www.design-award.cz\/wp-content\/uploads\/2022\/04\/The-finsen1-scaled.jpg\",\"width\":1792,\"height\":2560},{\"@type\":\"BreadcrumbList\",\"@id\":\"https:\/\/www.design-award.cz\/?portfolio=874#breadcrumb\",\"itemListElement\":[{\"@type\":\"ListItem\",\"position\":1,\"name\":\"Dom\u016f\",\"item\":\"https:\/\/www.design-award.cz\/\"},{\"@type\":\"ListItem\",\"position\":2,\"name\":\"Portfolio Items\",\"item\":\"https:\/\/www.design-award.cz\/?post_type=portfolio\"},{\"@type\":\"ListItem\",\"position\":3,\"name\":\"Soukrom\u00fd interi\u00e9r &#8211; The Finsen\"}]},{\"@type\":\"WebSite\",\"@id\":\"https:\/\/www.design-award.cz\/#website\",\"url\":\"https:\/\/www.design-award.cz\/\",\"name\":\"design-award.cz\",\"description\":\"WARD vznikla v roce 2022. Je ur\u010dena p\u0159edev\u0161\u00edm student\u016fm st\u0159edn\u00edch um\u011bleck\u00fdch \u0161kol (S\u0160 a VO\u0160), kte\u0159\u00ed mohou bezplatn\u011b zaslat sv\u00e9 n\u00e1vrhy v uveden\u00fdch kategori\u00ed a tak pom\u011b\u0159it sv\u00e9 n\u00e1pady s konkurenc\u00ed sv\u00fdch vrstevn\u00edk\u016f. N\u00e1vrhy jsou n\u00e1sledn\u011b posouzeny nez\u00e1vislou porotou z \u0159ad v\u00fdtvarn\u00edk\u016f, pedagog\u016f a profesion\u00e1l\u016f z oboru.\",\"publisher\":{\"@id\":\"https:\/\/www.design-award.cz\/#organization\"},\"potentialAction\":[{\"@type\":\"SearchAction\",\"target\":{\"@type\":\"EntryPoint\",\"urlTemplate\":\"https:\/\/www.design-award.cz\/?s={search_term_string}\"},\"query-input\":{\"@type\":\"PropertyValueSpecification\",\"valueRequired\":true,\"valueName\":\"search_term_string\"}}],\"inLanguage\":\"cs\"},{\"@type\":\"Organization\",\"@id\":\"https:\/\/www.design-award.cz\/#organization\",\"name\":\"Design Award\",\"url\":\"https:\/\/www.design-award.cz\/\",\"logo\":{\"@type\":\"ImageObject\",\"inLanguage\":\"cs\",\"@id\":\"https:\/\/www.design-award.cz\/#\/schema\/logo\/image\/\",\"url\":\"http:\/\/www.design-award.cz\/wp-content\/uploads\/2021\/12\/hornilogo_design-award.png\",\"contentUrl\":\"http:\/\/www.design-award.cz\/wp-content\/uploads\/2021\/12\/hornilogo_design-award.png\",\"width\":800,\"height\":600,\"caption\":\"Design Award\"},\"image\":{\"@id\":\"https:\/\/www.design-award.cz\/#\/schema\/logo\/image\/\"},\"sameAs\":[\"https:\/\/www.instagram.com\/design_award\/\"]}]}<\/script>\n<!-- \/ Yoast SEO plugin. -->","yoast_head_json":{"title":"Soukrom\u00fd interi\u00e9r - The Finsen - design-award.cz","robots":{"index":"index","follow":"follow","max-snippet":"max-snippet:-1","max-image-preview":"max-image-preview:large","max-video-preview":"max-video-preview:-1"},"canonical":"https:\/\/www.design-award.cz\/?portfolio=874","og_locale":"cs_CZ","og_type":"article","og_title":"Soukrom\u00fd interi\u00e9r - The Finsen - design-award.cz","og_description":"Pavl\u00edna \u0160t\u011bpa\u0159ov\u00e1 St\u0159edn\u00ed \u0161kola Kate\u0159inky Jeliko\u017e design jako takov\u00fd je velmi obs\u00e1hl\u00e9 t\u00e9ma a je v\u0161ude kolem n\u00e1s. Tak je velkou sou\u010d\u00e1st\u00ed na\u0161eho ka\u017edodenn\u00edho byt\u00ed, proto n\u00e1s tak n\u00e1s ovliv\u0148uje, a\u0165 u\u017e to vn\u00edm\u00e1me nebo ne. Ka\u017ed\u00fd detail, tvar \u010di barva v n\u00e1s podv\u011bdom\u011b vyvol\u00e1 n\u011bjak\u00fd pocit \u010di emoci. Proto jsem cht\u011bla vytvo\u0159it prost\u0159ed\u00ed, kter\u00e9 [&hellip;]","og_url":"https:\/\/www.design-award.cz\/?portfolio=874","og_site_name":"design-award.cz","article_modified_time":"2022-04-28T11:34:11+00:00","og_image":[{"width":1792,"height":2560,"url":"http:\/\/www.design-award.cz\/wp-content\/uploads\/2022\/04\/The-finsen1-scaled.jpg","type":"image\/jpeg"}],"twitter_card":"summary_large_image","twitter_misc":{"Odhadovan\u00e1 doba \u010dten\u00ed":"2 minuty"},"schema":{"@context":"https:\/\/schema.org","@graph":[{"@type":"WebPage","@id":"https:\/\/www.design-award.cz\/?portfolio=874","url":"https:\/\/www.design-award.cz\/?portfolio=874","name":"Soukrom\u00fd interi\u00e9r - The Finsen - design-award.cz","isPartOf":{"@id":"https:\/\/www.design-award.cz\/#website"},"primaryImageOfPage":{"@id":"https:\/\/www.design-award.cz\/?portfolio=874#primaryimage"},"image":{"@id":"https:\/\/www.design-award.cz\/?portfolio=874#primaryimage"},"thumbnailUrl":"https:\/\/www.design-award.cz\/wp-content\/uploads\/2022\/04\/The-finsen1-scaled.jpg","datePublished":"2022-04-28T11:13:58+00:00","dateModified":"2022-04-28T11:34:11+00:00","breadcrumb":{"@id":"https:\/\/www.design-award.cz\/?portfolio=874#breadcrumb"},"inLanguage":"cs","potentialAction":[{"@type":"ReadAction","target":["https:\/\/www.design-award.cz\/?portfolio=874"]}]},{"@type":"ImageObject","inLanguage":"cs","@id":"https:\/\/www.design-award.cz\/?portfolio=874#primaryimage","url":"https:\/\/www.design-award.cz\/wp-content\/uploads\/2022\/04\/The-finsen1-scaled.jpg","contentUrl":"https:\/\/www.design-award.cz\/wp-content\/uploads\/2022\/04\/The-finsen1-scaled.jpg","width":1792,"height":2560},{"@type":"BreadcrumbList","@id":"https:\/\/www.design-award.cz\/?portfolio=874#breadcrumb","itemListElement":[{"@type":"ListItem","position":1,"name":"Dom\u016f","item":"https:\/\/www.design-award.cz\/"},{"@type":"ListItem","position":2,"name":"Portfolio Items","item":"https:\/\/www.design-award.cz\/?post_type=portfolio"},{"@type":"ListItem","position":3,"name":"Soukrom\u00fd interi\u00e9r &#8211; The Finsen"}]},{"@type":"WebSite","@id":"https:\/\/www.design-award.cz\/#website","url":"https:\/\/www.design-award.cz\/","name":"design-award.cz","description":"WARD vznikla v roce 2022. Je ur\u010dena p\u0159edev\u0161\u00edm student\u016fm st\u0159edn\u00edch um\u011bleck\u00fdch \u0161kol (S\u0160 a VO\u0160), kte\u0159\u00ed mohou bezplatn\u011b zaslat sv\u00e9 n\u00e1vrhy v uveden\u00fdch kategori\u00ed a tak pom\u011b\u0159it sv\u00e9 n\u00e1pady s konkurenc\u00ed sv\u00fdch vrstevn\u00edk\u016f. N\u00e1vrhy jsou n\u00e1sledn\u011b posouzeny nez\u00e1vislou porotou z \u0159ad v\u00fdtvarn\u00edk\u016f, pedagog\u016f a profesion\u00e1l\u016f z oboru.","publisher":{"@id":"https:\/\/www.design-award.cz\/#organization"},"potentialAction":[{"@type":"SearchAction","target":{"@type":"EntryPoint","urlTemplate":"https:\/\/www.design-award.cz\/?s={search_term_string}"},"query-input":{"@type":"PropertyValueSpecification","valueRequired":true,"valueName":"search_term_string"}}],"inLanguage":"cs"},{"@type":"Organization","@id":"https:\/\/www.design-award.cz\/#organization","name":"Design Award","url":"https:\/\/www.design-award.cz\/","logo":{"@type":"ImageObject","inLanguage":"cs","@id":"https:\/\/www.design-award.cz\/#\/schema\/logo\/image\/","url":"http:\/\/www.design-award.cz\/wp-content\/uploads\/2021\/12\/hornilogo_design-award.png","contentUrl":"http:\/\/www.design-award.cz\/wp-content\/uploads\/2021\/12\/hornilogo_design-award.png","width":800,"height":600,"caption":"Design Award"},"image":{"@id":"https:\/\/www.design-award.cz\/#\/schema\/logo\/image\/"},"sameAs":["https:\/\/www.instagram.com\/design_award\/"]}]}},"_links":{"self":[{"href":"https:\/\/www.design-award.cz\/index.php?rest_route=\/wp\/v2\/portfolio\/874","targetHints":{"allow":["GET"]}}],"collection":[{"href":"https:\/\/www.design-award.cz\/index.php?rest_route=\/wp\/v2\/portfolio"}],"about":[{"href":"https:\/\/www.design-award.cz\/index.php?rest_route=\/wp\/v2\/types\/portfolio"}],"author":[{"embeddable":true,"href":"https:\/\/www.design-award.cz\/index.php?rest_route=\/wp\/v2\/users\/1"}],"replies":[{"embeddable":true,"href":"https:\/\/www.design-award.cz\/index.php?rest_route=%2Fwp%2Fv2%2Fcomments&post=874"}],"version-history":[{"count":2,"href":"https:\/\/www.design-award.cz\/index.php?rest_route=\/wp\/v2\/portfolio\/874\/revisions"}],"predecessor-version":[{"id":880,"href":"https:\/\/www.design-award.cz\/index.php?rest_route=\/wp\/v2\/portfolio\/874\/revisions\/880"}],"wp:featuredmedia":[{"embeddable":true,"href":"https:\/\/www.design-award.cz\/index.php?rest_route=\/wp\/v2\/media\/878"}],"wp:attachment":[{"href":"https:\/\/www.design-award.cz\/index.php?rest_route=%2Fwp%2Fv2%2Fmedia&parent=874"}],"wp:term":[{"taxonomy":"portfolio_category","embeddable":true,"href":"https:\/\/www.design-award.cz\/index.php?rest_route=%2Fwp%2Fv2%2Fportfolio_category&post=874"},{"taxonomy":"portfolio_tag","embeddable":true,"href":"https:\/\/www.design-award.cz\/index.php?rest_route=%2Fwp%2Fv2%2Fportfolio_tag&post=874"}],"curies":[{"name":"wp","href":"https:\/\/api.w.org\/{rel}","templated":true}]}}