{"id":897,"date":"2022-04-28T12:17:06","date_gmt":"2022-04-28T12:17:06","guid":{"rendered":"https:\/\/www.design-award.cz\/?post_type=portfolio&#038;p=897"},"modified":"2022-04-28T12:18:55","modified_gmt":"2022-04-28T12:18:55","slug":"soukromy-interier-kuchyne","status":"publish","type":"portfolio","link":"https:\/\/www.design-award.cz\/?portfolio=soukromy-interier-kuchyne","title":{"rendered":"Soukrom\u00fd interi\u00e9r &#8211; Kuchyn\u011b"},"content":{"rendered":"\n<h2 class=\"wp-block-heading\">Ad\u00e9la R\u016f\u017ei\u010dkov\u00e1<\/h2>\n\n\n\n<p><strong>SO\u0160 obchodu, u\u017eit\u00e9ho um\u011bn\u00ed a designu, Nerudova 33, Plze\u0148<\/strong><\/p>\n\n\n\n<p>N\u00e1vrh kuchy\u0148sk\u00e9 linky<br>Zad\u00e1n\u00edm m\u00e9 pr\u00e1ce bylo navrhnout kuchyni pro z\u00e1kaznici dle jej\u00edch p\u0159edstav. D\u016fle\u017eit\u00e9 bylo, aby m\u00edstnost byla dostate\u010dn\u011b prostorn\u00e1 a umo\u017e\u0148ovala voln\u00fd pohyb mezi jednotliv\u00fdmi m\u00edstnostmi, do kter\u00fdch se p\u0159es kuchyni proch\u00e1z\u00ed. Prostor pro velk\u00fd j\u00eddeln\u00ed st\u016fl, kv\u016fli rozs\u00e1hl\u00e9 rodin\u011b, byl jedn\u00edm z hlavn\u00edch po\u017eadavk\u016f z\u00e1kaznice. Zvolila si \u010dernou a latte barvu.<\/p>\n\n\n\n<p>Dostala jsem zam\u011b\u0159enou m\u00edstnost a za\u010dala s rozvr\u017een\u00edm dispozice a n\u00e1sledn\u011b ud\u011blala model ve 3D programu Rhinoceros. Um\u00edst\u011bn\u00ed p\u0159\u00edvodu vody a digesto\u0159e bylo pevn\u011b d\u00e1no.<\/p>\n\n\n\n<p>Kuchy\u0148skou linku jsem prot\u00e1hla pod okno, kv\u016fli dostatku prostoru pro va\u0159en\u00ed a mo\u017enosti vyu\u017eit\u00ed denn\u00edho sv\u011btla. To mi umo\u017enilo zkonstruovat dostatek \u00falo\u017en\u00e9ho prostoru nejen ve spodn\u00ed \u010d\u00e1sti. Sk\u0159\u00ed\u0148k\u00e1m jsem dala po\u017eadovanou latte barvu, kv\u016fli jemnosti interi\u00e9ru a zvolila jsem \u010dernou pracovn\u00ed desku. Detailem cel\u00e9 kuchyn\u011b jsou \u010dern\u00e9 jemn\u00e9 \u00fachytky zopakovan\u00e9 na v\u0161ech sk\u0159\u00ed\u0148k\u00e1ch. N\u00e1vrh j\u00eddeln\u00edho stolu nebyl od z\u00e1kaznice po\u017eadov\u00e1n, zvolila jsem tedy pro ilustraci st\u016fl spole\u010dn\u011b s j\u00eddeln\u00edmi \u017eidlemi od \u010desk\u00e9 n\u00e1bytkov\u00e9 zna\u010dky TON.<\/p>\n\n\n\n<figure class=\"wp-block-image size-large\"><img decoding=\"async\" width=\"1024\" height=\"576\" data-src=\"http:\/\/www.design-award.cz\/wp-content\/uploads\/2022\/04\/ruzickova_adela_kuchyne-4_optimized-1024x576.jpg\" alt=\"\" class=\"wp-image-898 lazyload\" data-srcset=\"https:\/\/www.design-award.cz\/wp-content\/uploads\/2022\/04\/ruzickova_adela_kuchyne-4_optimized-1024x576.jpg 1024w, https:\/\/www.design-award.cz\/wp-content\/uploads\/2022\/04\/ruzickova_adela_kuchyne-4_optimized-300x169.jpg 300w, https:\/\/www.design-award.cz\/wp-content\/uploads\/2022\/04\/ruzickova_adela_kuchyne-4_optimized-768x432.jpg 768w, https:\/\/www.design-award.cz\/wp-content\/uploads\/2022\/04\/ruzickova_adela_kuchyne-4_optimized-1536x864.jpg 1536w, https:\/\/www.design-award.cz\/wp-content\/uploads\/2022\/04\/ruzickova_adela_kuchyne-4_optimized-2048x1152.jpg 2048w, https:\/\/www.design-award.cz\/wp-content\/uploads\/2022\/04\/ruzickova_adela_kuchyne-4_optimized-500x281.jpg 500w, https:\/\/www.design-award.cz\/wp-content\/uploads\/2022\/04\/ruzickova_adela_kuchyne-4_optimized-800x450.jpg 800w, https:\/\/www.design-award.cz\/wp-content\/uploads\/2022\/04\/ruzickova_adela_kuchyne-4_optimized-1280x720.jpg 1280w, https:\/\/www.design-award.cz\/wp-content\/uploads\/2022\/04\/ruzickova_adela_kuchyne-4_optimized-1920x1080.jpg 1920w\" data-sizes=\"(max-width: 1024px) 100vw, 1024px\" src=\"data:image\/svg+xml;base64,PHN2ZyB3aWR0aD0iMSIgaGVpZ2h0PSIxIiB4bWxucz0iaHR0cDovL3d3dy53My5vcmcvMjAwMC9zdmciPjwvc3ZnPg==\" style=\"--smush-placeholder-width: 1024px; --smush-placeholder-aspect-ratio: 1024\/576;\" \/><\/figure>\n\n\n\n<figure class=\"wp-block-image size-large\"><img decoding=\"async\" width=\"1024\" height=\"576\" data-src=\"http:\/\/www.design-award.cz\/wp-content\/uploads\/2022\/04\/ruzickova_adela_kuchyne-2_optimized-1024x576.jpg\" alt=\"\" class=\"wp-image-895 lazyload\" data-srcset=\"https:\/\/www.design-award.cz\/wp-content\/uploads\/2022\/04\/ruzickova_adela_kuchyne-2_optimized-1024x576.jpg 1024w, https:\/\/www.design-award.cz\/wp-content\/uploads\/2022\/04\/ruzickova_adela_kuchyne-2_optimized-300x169.jpg 300w, https:\/\/www.design-award.cz\/wp-content\/uploads\/2022\/04\/ruzickova_adela_kuchyne-2_optimized-768x432.jpg 768w, https:\/\/www.design-award.cz\/wp-content\/uploads\/2022\/04\/ruzickova_adela_kuchyne-2_optimized-1536x864.jpg 1536w, https:\/\/www.design-award.cz\/wp-content\/uploads\/2022\/04\/ruzickova_adela_kuchyne-2_optimized-2048x1152.jpg 2048w, https:\/\/www.design-award.cz\/wp-content\/uploads\/2022\/04\/ruzickova_adela_kuchyne-2_optimized-500x281.jpg 500w, https:\/\/www.design-award.cz\/wp-content\/uploads\/2022\/04\/ruzickova_adela_kuchyne-2_optimized-800x450.jpg 800w, https:\/\/www.design-award.cz\/wp-content\/uploads\/2022\/04\/ruzickova_adela_kuchyne-2_optimized-1280x720.jpg 1280w, https:\/\/www.design-award.cz\/wp-content\/uploads\/2022\/04\/ruzickova_adela_kuchyne-2_optimized-1920x1080.jpg 1920w\" data-sizes=\"(max-width: 1024px) 100vw, 1024px\" src=\"data:image\/svg+xml;base64,PHN2ZyB3aWR0aD0iMSIgaGVpZ2h0PSIxIiB4bWxucz0iaHR0cDovL3d3dy53My5vcmcvMjAwMC9zdmciPjwvc3ZnPg==\" style=\"--smush-placeholder-width: 1024px; --smush-placeholder-aspect-ratio: 1024\/576;\" \/><\/figure>\n\n\n\n<figure class=\"wp-block-image size-large\"><img decoding=\"async\" width=\"1024\" height=\"576\" data-src=\"http:\/\/www.design-award.cz\/wp-content\/uploads\/2022\/04\/ruzickova_adela_kuchyne-1_optimized-1024x576.jpg\" alt=\"\" class=\"wp-image-894 lazyload\" data-srcset=\"https:\/\/www.design-award.cz\/wp-content\/uploads\/2022\/04\/ruzickova_adela_kuchyne-1_optimized-1024x576.jpg 1024w, https:\/\/www.design-award.cz\/wp-content\/uploads\/2022\/04\/ruzickova_adela_kuchyne-1_optimized-300x169.jpg 300w, https:\/\/www.design-award.cz\/wp-content\/uploads\/2022\/04\/ruzickova_adela_kuchyne-1_optimized-768x432.jpg 768w, https:\/\/www.design-award.cz\/wp-content\/uploads\/2022\/04\/ruzickova_adela_kuchyne-1_optimized-1536x864.jpg 1536w, https:\/\/www.design-award.cz\/wp-content\/uploads\/2022\/04\/ruzickova_adela_kuchyne-1_optimized-2048x1152.jpg 2048w, https:\/\/www.design-award.cz\/wp-content\/uploads\/2022\/04\/ruzickova_adela_kuchyne-1_optimized-500x281.jpg 500w, https:\/\/www.design-award.cz\/wp-content\/uploads\/2022\/04\/ruzickova_adela_kuchyne-1_optimized-800x450.jpg 800w, https:\/\/www.design-award.cz\/wp-content\/uploads\/2022\/04\/ruzickova_adela_kuchyne-1_optimized-1280x720.jpg 1280w, https:\/\/www.design-award.cz\/wp-content\/uploads\/2022\/04\/ruzickova_adela_kuchyne-1_optimized-1920x1080.jpg 1920w\" data-sizes=\"(max-width: 1024px) 100vw, 1024px\" src=\"data:image\/svg+xml;base64,PHN2ZyB3aWR0aD0iMSIgaGVpZ2h0PSIxIiB4bWxucz0iaHR0cDovL3d3dy53My5vcmcvMjAwMC9zdmciPjwvc3ZnPg==\" style=\"--smush-placeholder-width: 1024px; --smush-placeholder-aspect-ratio: 1024\/576;\" \/><\/figure>\n\n\n\n<figure class=\"wp-block-image size-large\"><img decoding=\"async\" width=\"1024\" height=\"576\" data-src=\"http:\/\/www.design-award.cz\/wp-content\/uploads\/2022\/04\/ruzickova_adela_kuchyne-5_optimized-1024x576.jpg\" alt=\"\" class=\"wp-image-899 lazyload\" data-srcset=\"https:\/\/www.design-award.cz\/wp-content\/uploads\/2022\/04\/ruzickova_adela_kuchyne-5_optimized-1024x576.jpg 1024w, https:\/\/www.design-award.cz\/wp-content\/uploads\/2022\/04\/ruzickova_adela_kuchyne-5_optimized-300x169.jpg 300w, https:\/\/www.design-award.cz\/wp-content\/uploads\/2022\/04\/ruzickova_adela_kuchyne-5_optimized-768x432.jpg 768w, https:\/\/www.design-award.cz\/wp-content\/uploads\/2022\/04\/ruzickova_adela_kuchyne-5_optimized-1536x864.jpg 1536w, https:\/\/www.design-award.cz\/wp-content\/uploads\/2022\/04\/ruzickova_adela_kuchyne-5_optimized-2048x1152.jpg 2048w, https:\/\/www.design-award.cz\/wp-content\/uploads\/2022\/04\/ruzickova_adela_kuchyne-5_optimized-500x281.jpg 500w, https:\/\/www.design-award.cz\/wp-content\/uploads\/2022\/04\/ruzickova_adela_kuchyne-5_optimized-800x450.jpg 800w, https:\/\/www.design-award.cz\/wp-content\/uploads\/2022\/04\/ruzickova_adela_kuchyne-5_optimized-1280x720.jpg 1280w, https:\/\/www.design-award.cz\/wp-content\/uploads\/2022\/04\/ruzickova_adela_kuchyne-5_optimized-1920x1080.jpg 1920w\" data-sizes=\"(max-width: 1024px) 100vw, 1024px\" src=\"data:image\/svg+xml;base64,PHN2ZyB3aWR0aD0iMSIgaGVpZ2h0PSIxIiB4bWxucz0iaHR0cDovL3d3dy53My5vcmcvMjAwMC9zdmciPjwvc3ZnPg==\" style=\"--smush-placeholder-width: 1024px; --smush-placeholder-aspect-ratio: 1024\/576;\" \/><\/figure>\n\n\n\n<figure class=\"wp-block-image size-large\"><img decoding=\"async\" width=\"1024\" height=\"724\" data-src=\"http:\/\/www.design-award.cz\/wp-content\/uploads\/2022\/04\/ruzickova_adela_kuchyne_pudorys-1024x724.jpg\" alt=\"\" class=\"wp-image-893 lazyload\" data-srcset=\"https:\/\/www.design-award.cz\/wp-content\/uploads\/2022\/04\/ruzickova_adela_kuchyne_pudorys-1024x724.jpg 1024w, https:\/\/www.design-award.cz\/wp-content\/uploads\/2022\/04\/ruzickova_adela_kuchyne_pudorys-300x212.jpg 300w, https:\/\/www.design-award.cz\/wp-content\/uploads\/2022\/04\/ruzickova_adela_kuchyne_pudorys-768x543.jpg 768w, https:\/\/www.design-award.cz\/wp-content\/uploads\/2022\/04\/ruzickova_adela_kuchyne_pudorys-1536x1086.jpg 1536w, https:\/\/www.design-award.cz\/wp-content\/uploads\/2022\/04\/ruzickova_adela_kuchyne_pudorys-500x354.jpg 500w, https:\/\/www.design-award.cz\/wp-content\/uploads\/2022\/04\/ruzickova_adela_kuchyne_pudorys-800x566.jpg 800w, https:\/\/www.design-award.cz\/wp-content\/uploads\/2022\/04\/ruzickova_adela_kuchyne_pudorys-1280x905.jpg 1280w, https:\/\/www.design-award.cz\/wp-content\/uploads\/2022\/04\/ruzickova_adela_kuchyne_pudorys.jpg 1683w\" data-sizes=\"(max-width: 1024px) 100vw, 1024px\" src=\"data:image\/svg+xml;base64,PHN2ZyB3aWR0aD0iMSIgaGVpZ2h0PSIxIiB4bWxucz0iaHR0cDovL3d3dy53My5vcmcvMjAwMC9zdmciPjwvc3ZnPg==\" style=\"--smush-placeholder-width: 1024px; --smush-placeholder-aspect-ratio: 1024\/724;\" \/><\/figure>\n\n\n<div class=\"wp-block-visual-portfolio\">\n<div class=\"vp-portfolio vp-uid-2ece4a06 vp-id-607\"\n\tdata-vp-layout=\"slider\" data-vp-content-source=\"post-based\" data-vp-items-style=\"fade\" data-vp-items-click-action=\"url\" data-vp-items-gap=\"12\" data-vp-items-gap-vertical=\"\" data-vp-pagination=\"load-more\" data-vp-next-page-url=\"https:\/\/www.design-award.cz\/index.php?rest_route=%2Fwp%2Fv2%2Fportfolio%2F897&#038;vp_page=2\" data-vp-random-seed=\"3885423268\" data-vp-slider-effect=\"slide\" data-vp-slider-items-height=\"80%\" data-vp-slider-items-min-height=\"\" data-vp-slider-slides-per-view=\"3\" data-vp-slider-speed=\"0.3\" data-vp-slider-autoplay=\"4.8\" data-vp-slider-autoplay-hover-pause=\"false\" data-vp-slider-centered-slides=\"true\" data-vp-slider-loop=\"true\" data-vp-slider-free-mode=\"false\" data-vp-slider-free-mode-sticky=\"false\" data-vp-slider-arrows=\"true\" data-vp-slider-bullets=\"false\" data-vp-slider-bullets-dynamic=\"false\" data-vp-slider-mousewheel=\"false\" data-vp-slider-thumbnails=\"false\" >\n\t<div class=\"vp-portfolio__preloader-wrap\">\n\t\t<div class=\"vp-portfolio__preloader\">\n\t\t\t<img decoding=\"async\" loading=\"eager\" src=\"https:\/\/www.design-award.cz\/wp-content\/plugins\/visual-portfolio\/assets\/images\/logo-dark.svg\" alt=\"Visual Portfolio, Posts &amp; Image Gallery for WordPress\" width=\"20\" height=\"20\" data-skip-lazy>\n\t\t<\/div>\n\t<\/div>\n\t\t<div class=\"vp-portfolio__items-wrap\">\n\t\t\t\n<div class=\"vp-portfolio__items vp-portfolio__items-style-fade vp-portfolio__items-show-overlay-hover\">\n\n\t\t<article\t\tclass=\"vp-portfolio__item-wrap post-5606 portfolio type-portfolio status-publish format-standard has-post-thumbnail hentry entry has-media vp-portfolio__item-uid-9cec3963\" data-vp-filter=\"\" \t\t>\n\t\t\t\t\t\t\t\t\t<figure class=\"vp-portfolio__item\">\n\t\t\t\t\n<div class=\"vp-portfolio__item-img-wrap\">\n\t<div class=\"vp-portfolio__item-img\">\n\t\t\t<a\n\t\thref=\"https:\/\/www.design-award.cz\/?portfolio=interierovy-design-spolecensky-prostor-do-skolni-zahrady\"\n\t\t\t>\n\t\n\t\t<noscript><img decoding=\"async\" width=\"1496\" height=\"957\" data-skip-lazy src=\"https:\/\/www.design-award.cz\/wp-content\/uploads\/2025\/07\/havel1.png\" class=\"wp-image-5643\" alt=\"\" srcset=\"https:\/\/www.design-award.cz\/wp-content\/uploads\/2025\/07\/havel1.png 1496w, https:\/\/www.design-award.cz\/wp-content\/uploads\/2025\/07\/havel1-300x192.png 300w, https:\/\/www.design-award.cz\/wp-content\/uploads\/2025\/07\/havel1-1024x655.png 1024w, https:\/\/www.design-award.cz\/wp-content\/uploads\/2025\/07\/havel1-768x491.png 768w, https:\/\/www.design-award.cz\/wp-content\/uploads\/2025\/07\/havel1-500x320.png 500w, https:\/\/www.design-award.cz\/wp-content\/uploads\/2025\/07\/havel1-800x512.png 800w, https:\/\/www.design-award.cz\/wp-content\/uploads\/2025\/07\/havel1-1280x819.png 1280w\" sizes=\"(max-width: 1496px) 100vw, 1496px\" \/><\/noscript><img fetchpriority=\"high\" decoding=\"async\" width=\"1496\" height=\"957\" src=\"https:\/\/www.design-award.cz\/wp-content\/uploads\/2025\/07\/havel1.png\" class=\"wp-image-5643 vp-lazyload\" alt srcset=\"data:image\/svg+xml;base64,PHN2ZyB3aWR0aD0iMTQ5NiIgaGVpZ2h0PSI5NTciIHZpZXdCb3g9IjAgMCAxNDk2IDk1NyIgZmlsbD0ibm9uZSIgeG1sbnM9Imh0dHA6Ly93d3cudzMub3JnLzIwMDAvc3ZnIj48L3N2Zz4=\" data-src=\"https:\/\/www.design-award.cz\/wp-content\/uploads\/2025\/07\/havel1.png\" data-srcset=\"https:\/\/www.design-award.cz\/wp-content\/uploads\/2025\/07\/havel1.png 1496w, https:\/\/www.design-award.cz\/wp-content\/uploads\/2025\/07\/havel1-300x192.png 300w, https:\/\/www.design-award.cz\/wp-content\/uploads\/2025\/07\/havel1-1024x655.png 1024w, https:\/\/www.design-award.cz\/wp-content\/uploads\/2025\/07\/havel1-768x491.png 768w, https:\/\/www.design-award.cz\/wp-content\/uploads\/2025\/07\/havel1-500x320.png 500w, https:\/\/www.design-award.cz\/wp-content\/uploads\/2025\/07\/havel1-800x512.png 800w, https:\/\/www.design-award.cz\/wp-content\/uploads\/2025\/07\/havel1-1280x819.png 1280w\" data-sizes=\"auto\" loading=\"eager\">\n\t\t<\/a>\t<\/div>\n<\/div>\n\t<figcaption class=\"vp-portfolio__item-overlay vp-portfolio__item-overlay-text-align-center\">\n\t\t<div class=\"vp-portfolio__item-meta-wrap vp-portfolio__custom-scrollbar\">\n\t\t\t\t<a\n\t\thref=\"https:\/\/www.design-award.cz\/?portfolio=interierovy-design-spolecensky-prostor-do-skolni-zahrady\"\n\t\ttabindex=\"-1\" class=\"vp-portfolio__item-meta\" \t>\n\t\n<h2 class=\"vp-portfolio__item-meta-title\">\n\tInteri\u00e9rov\u00fd design &#8211; SPOLE\u010cENSK\u00dd PROSTOR DO \u0160KOLN\u00cd ZAHRADY<\/h2>\n<\/a>\t\t<\/div>\n\t<\/figcaption>\n\t\t\t<\/figure>\n\t\t\t\t\t<\/article>\n\t\t\n\t\t<article\t\tclass=\"vp-portfolio__item-wrap post-1213 portfolio type-portfolio status-publish format-standard has-post-thumbnail hentry entry has-media vp-portfolio__item-uid-7df6c326\" data-vp-filter=\"\" \t\t>\n\t\t\t\t\t\t\t\t\t<figure class=\"vp-portfolio__item\">\n\t\t\t\t\n<div class=\"vp-portfolio__item-img-wrap\">\n\t<div class=\"vp-portfolio__item-img\">\n\t\t\t<a\n\t\thref=\"https:\/\/www.design-award.cz\/?portfolio=produktovy-design-zavesny-kocici-pelisek\"\n\t\t\t>\n\t\n\t\t<noscript><img decoding=\"async\" width=\"999\" height=\"1475\" data-skip-lazy src=\"https:\/\/www.design-award.cz\/wp-content\/uploads\/2022\/04\/pelisek.jpg\" class=\"wp-image-1214\" alt=\"\" srcset=\"https:\/\/www.design-award.cz\/wp-content\/uploads\/2022\/04\/pelisek.jpg 999w, https:\/\/www.design-award.cz\/wp-content\/uploads\/2022\/04\/pelisek-203x300.jpg 203w, https:\/\/www.design-award.cz\/wp-content\/uploads\/2022\/04\/pelisek-694x1024.jpg 694w, https:\/\/www.design-award.cz\/wp-content\/uploads\/2022\/04\/pelisek-768x1134.jpg 768w, https:\/\/www.design-award.cz\/wp-content\/uploads\/2022\/04\/pelisek-500x738.jpg 500w, https:\/\/www.design-award.cz\/wp-content\/uploads\/2022\/04\/pelisek-800x1181.jpg 800w\" sizes=\"(max-width: 999px) 100vw, 999px\" \/><\/noscript><img decoding=\"async\" width=\"999\" height=\"1475\" src=\"https:\/\/www.design-award.cz\/wp-content\/uploads\/2022\/04\/pelisek.jpg\" class=\"wp-image-1214 vp-lazyload\" alt srcset=\"data:image\/svg+xml;base64,PHN2ZyB3aWR0aD0iOTk5IiBoZWlnaHQ9IjE0NzUiIHZpZXdCb3g9IjAgMCA5OTkgMTQ3NSIgZmlsbD0ibm9uZSIgeG1sbnM9Imh0dHA6Ly93d3cudzMub3JnLzIwMDAvc3ZnIj48L3N2Zz4=\" data-src=\"https:\/\/www.design-award.cz\/wp-content\/uploads\/2022\/04\/pelisek.jpg\" data-srcset=\"https:\/\/www.design-award.cz\/wp-content\/uploads\/2022\/04\/pelisek.jpg 999w, https:\/\/www.design-award.cz\/wp-content\/uploads\/2022\/04\/pelisek-203x300.jpg 203w, https:\/\/www.design-award.cz\/wp-content\/uploads\/2022\/04\/pelisek-694x1024.jpg 694w, https:\/\/www.design-award.cz\/wp-content\/uploads\/2022\/04\/pelisek-768x1134.jpg 768w, https:\/\/www.design-award.cz\/wp-content\/uploads\/2022\/04\/pelisek-500x738.jpg 500w, https:\/\/www.design-award.cz\/wp-content\/uploads\/2022\/04\/pelisek-800x1181.jpg 800w\" data-sizes=\"auto\" loading=\"eager\">\n\t\t<\/a>\t<\/div>\n<\/div>\n\t<figcaption class=\"vp-portfolio__item-overlay vp-portfolio__item-overlay-text-align-center\">\n\t\t<div class=\"vp-portfolio__item-meta-wrap vp-portfolio__custom-scrollbar\">\n\t\t\t\t<a\n\t\thref=\"https:\/\/www.design-award.cz\/?portfolio=produktovy-design-zavesny-kocici-pelisek\"\n\t\ttabindex=\"-1\" class=\"vp-portfolio__item-meta\" \t>\n\t\n<h2 class=\"vp-portfolio__item-meta-title\">\n\tProduktov\u00fd design &#8211; Z\u00e1v\u011bsn\u00fd ko\u010di\u010d\u00ed pel\u00ed\u0161ek<\/h2>\n<\/a>\t\t<\/div>\n\t<\/figcaption>\n\t\t\t<\/figure>\n\t\t\t\t\t<\/article>\n\t\t\n\t\t<article\t\tclass=\"vp-portfolio__item-wrap post-3777 portfolio type-portfolio status-publish format-standard has-post-thumbnail hentry entry has-media vp-portfolio__item-uid-8003aad9\" data-vp-filter=\"\" \t\t>\n\t\t\t\t\t\t\t\t\t<figure class=\"vp-portfolio__item\">\n\t\t\t\t\n<div class=\"vp-portfolio__item-img-wrap\">\n\t<div class=\"vp-portfolio__item-img\">\n\t\t\t<a\n\t\thref=\"https:\/\/www.design-award.cz\/?portfolio=verejny-interier-asmodias-tramvaj-chtice\"\n\t\t\t>\n\t\n\t\t<noscript><img decoding=\"async\" width=\"1920\" height=\"1080\" data-skip-lazy src=\"https:\/\/www.design-award.cz\/wp-content\/uploads\/2024\/06\/Rendr-1-1920x1080.jpg\" class=\"wp-image-3790\" alt=\"\" srcset=\"https:\/\/www.design-award.cz\/wp-content\/uploads\/2024\/06\/Rendr-1-1920x1080.jpg 1920w, https:\/\/www.design-award.cz\/wp-content\/uploads\/2024\/06\/Rendr-1-300x169.jpg 300w, https:\/\/www.design-award.cz\/wp-content\/uploads\/2024\/06\/Rendr-1-1024x576.jpg 1024w, https:\/\/www.design-award.cz\/wp-content\/uploads\/2024\/06\/Rendr-1-768x432.jpg 768w, https:\/\/www.design-award.cz\/wp-content\/uploads\/2024\/06\/Rendr-1-1536x864.jpg 1536w, https:\/\/www.design-award.cz\/wp-content\/uploads\/2024\/06\/Rendr-1-2048x1152.jpg 2048w, https:\/\/www.design-award.cz\/wp-content\/uploads\/2024\/06\/Rendr-1-500x281.jpg 500w, https:\/\/www.design-award.cz\/wp-content\/uploads\/2024\/06\/Rendr-1-800x450.jpg 800w, https:\/\/www.design-award.cz\/wp-content\/uploads\/2024\/06\/Rendr-1-1280x720.jpg 1280w\" sizes=\"(max-width: 1920px) 100vw, 1920px\" \/><\/noscript><img decoding=\"async\" width=\"1920\" height=\"1080\" src=\"https:\/\/www.design-award.cz\/wp-content\/uploads\/2024\/06\/Rendr-1-1920x1080.jpg\" class=\"wp-image-3790 vp-lazyload\" alt srcset=\"data:image\/svg+xml;base64,PHN2ZyB3aWR0aD0iMTkyMCIgaGVpZ2h0PSIxMDgwIiB2aWV3Qm94PSIwIDAgMTkyMCAxMDgwIiBmaWxsPSJub25lIiB4bWxucz0iaHR0cDovL3d3dy53My5vcmcvMjAwMC9zdmciPjwvc3ZnPg==\" data-src=\"https:\/\/www.design-award.cz\/wp-content\/uploads\/2024\/06\/Rendr-1-1920x1080.jpg\" data-srcset=\"https:\/\/www.design-award.cz\/wp-content\/uploads\/2024\/06\/Rendr-1-1920x1080.jpg 1920w, https:\/\/www.design-award.cz\/wp-content\/uploads\/2024\/06\/Rendr-1-300x169.jpg 300w, https:\/\/www.design-award.cz\/wp-content\/uploads\/2024\/06\/Rendr-1-1024x576.jpg 1024w, https:\/\/www.design-award.cz\/wp-content\/uploads\/2024\/06\/Rendr-1-768x432.jpg 768w, https:\/\/www.design-award.cz\/wp-content\/uploads\/2024\/06\/Rendr-1-1536x864.jpg 1536w, https:\/\/www.design-award.cz\/wp-content\/uploads\/2024\/06\/Rendr-1-2048x1152.jpg 2048w, https:\/\/www.design-award.cz\/wp-content\/uploads\/2024\/06\/Rendr-1-500x281.jpg 500w, https:\/\/www.design-award.cz\/wp-content\/uploads\/2024\/06\/Rendr-1-800x450.jpg 800w, https:\/\/www.design-award.cz\/wp-content\/uploads\/2024\/06\/Rendr-1-1280x720.jpg 1280w\" data-sizes=\"auto\" loading=\"eager\">\n\t\t<\/a>\t<\/div>\n<\/div>\n\t<figcaption class=\"vp-portfolio__item-overlay vp-portfolio__item-overlay-text-align-center\">\n\t\t<div class=\"vp-portfolio__item-meta-wrap vp-portfolio__custom-scrollbar\">\n\t\t\t\t<a\n\t\thref=\"https:\/\/www.design-award.cz\/?portfolio=verejny-interier-asmodias-tramvaj-chtice\"\n\t\ttabindex=\"-1\" class=\"vp-portfolio__item-meta\" \t>\n\t\n<h2 class=\"vp-portfolio__item-meta-title\">\n\tVe\u0159ejn\u00fd interi\u00e9r &#8211; ASMODEUS &#8211; Tramvaj Cht\u00ed\u010de<\/h2>\n<\/a>\t\t<\/div>\n\t<\/figcaption>\n\t\t\t<\/figure>\n\t\t\t\t\t<\/article>\n\t\t\n\t\t<article\t\tclass=\"vp-portfolio__item-wrap post-5048 portfolio type-portfolio status-publish format-standard has-post-thumbnail hentry entry has-media vp-portfolio__item-uid-1bb5add2\" data-vp-filter=\"\" \t\t>\n\t\t\t\t\t\t\t\t\t<figure class=\"vp-portfolio__item\">\n\t\t\t\t\n<div class=\"vp-portfolio__item-img-wrap\">\n\t<div class=\"vp-portfolio__item-img\">\n\t\t\t<a\n\t\thref=\"https:\/\/www.design-award.cz\/?portfolio=interierovy-design-koupelna-pixel\"\n\t\t\t>\n\t\n\t\t<noscript><img decoding=\"async\" width=\"1080\" height=\"1080\" data-skip-lazy src=\"https:\/\/www.design-award.cz\/wp-content\/uploads\/2025\/06\/5-2.jpg\" class=\"wp-image-5069\" alt=\"\" srcset=\"https:\/\/www.design-award.cz\/wp-content\/uploads\/2025\/06\/5-2.jpg 1080w, https:\/\/www.design-award.cz\/wp-content\/uploads\/2025\/06\/5-2-300x300.jpg 300w, https:\/\/www.design-award.cz\/wp-content\/uploads\/2025\/06\/5-2-1024x1024.jpg 1024w, https:\/\/www.design-award.cz\/wp-content\/uploads\/2025\/06\/5-2-150x150.jpg 150w, https:\/\/www.design-award.cz\/wp-content\/uploads\/2025\/06\/5-2-768x768.jpg 768w, https:\/\/www.design-award.cz\/wp-content\/uploads\/2025\/06\/5-2-600x600.jpg 600w, https:\/\/www.design-award.cz\/wp-content\/uploads\/2025\/06\/5-2-500x500.jpg 500w, https:\/\/www.design-award.cz\/wp-content\/uploads\/2025\/06\/5-2-800x800.jpg 800w\" sizes=\"(max-width: 1080px) 100vw, 1080px\" \/><\/noscript><img decoding=\"async\" width=\"1080\" height=\"1080\" src=\"https:\/\/www.design-award.cz\/wp-content\/uploads\/2025\/06\/5-2.jpg\" class=\"wp-image-5069 vp-lazyload\" alt srcset=\"data:image\/svg+xml;base64,PHN2ZyB3aWR0aD0iMTA4MCIgaGVpZ2h0PSIxMDgwIiB2aWV3Qm94PSIwIDAgMTA4MCAxMDgwIiBmaWxsPSJub25lIiB4bWxucz0iaHR0cDovL3d3dy53My5vcmcvMjAwMC9zdmciPjwvc3ZnPg==\" data-src=\"https:\/\/www.design-award.cz\/wp-content\/uploads\/2025\/06\/5-2.jpg\" data-srcset=\"https:\/\/www.design-award.cz\/wp-content\/uploads\/2025\/06\/5-2.jpg 1080w, https:\/\/www.design-award.cz\/wp-content\/uploads\/2025\/06\/5-2-300x300.jpg 300w, https:\/\/www.design-award.cz\/wp-content\/uploads\/2025\/06\/5-2-1024x1024.jpg 1024w, https:\/\/www.design-award.cz\/wp-content\/uploads\/2025\/06\/5-2-150x150.jpg 150w, https:\/\/www.design-award.cz\/wp-content\/uploads\/2025\/06\/5-2-768x768.jpg 768w, https:\/\/www.design-award.cz\/wp-content\/uploads\/2025\/06\/5-2-600x600.jpg 600w, https:\/\/www.design-award.cz\/wp-content\/uploads\/2025\/06\/5-2-500x500.jpg 500w, https:\/\/www.design-award.cz\/wp-content\/uploads\/2025\/06\/5-2-800x800.jpg 800w\" data-sizes=\"auto\" loading=\"eager\">\n\t\t<\/a>\t<\/div>\n<\/div>\n\t<figcaption class=\"vp-portfolio__item-overlay vp-portfolio__item-overlay-text-align-center\">\n\t\t<div class=\"vp-portfolio__item-meta-wrap vp-portfolio__custom-scrollbar\">\n\t\t\t\t<a\n\t\thref=\"https:\/\/www.design-award.cz\/?portfolio=interierovy-design-koupelna-pixel\"\n\t\ttabindex=\"-1\" class=\"vp-portfolio__item-meta\" \t>\n\t\n<h2 class=\"vp-portfolio__item-meta-title\">\n\tInteri\u00e9rov\u00fd design &#8211; koupelna PIXEL<\/h2>\n<\/a>\t\t<\/div>\n\t<\/figcaption>\n\t\t\t<\/figure>\n\t\t\t\t\t<\/article>\n\t\t\n\t\t<article\t\tclass=\"vp-portfolio__item-wrap post-1782 portfolio type-portfolio status-publish format-standard has-post-thumbnail hentry portfolio_category-soutezici-2023 entry has-media vp-portfolio__item-uid-ddf88a12\" data-vp-filter=\"soutezici-2023\" \t\t>\n\t\t\t\t\t\t\t\t\t<figure class=\"vp-portfolio__item\">\n\t\t\t\t\n<div class=\"vp-portfolio__item-img-wrap\">\n\t<div class=\"vp-portfolio__item-img\">\n\t\t\t<a\n\t\thref=\"https:\/\/www.design-award.cz\/?portfolio=soukromy-interier-navrh-studentskeho-bytu\"\n\t\t\t>\n\t\n\t\t<noscript><img decoding=\"async\" width=\"1920\" height=\"1080\" data-skip-lazy src=\"https:\/\/www.design-award.cz\/wp-content\/uploads\/2023\/03\/kuchyn-render-new-1920x1080.png\" class=\"wp-image-1786\" alt=\"\" srcset=\"https:\/\/www.design-award.cz\/wp-content\/uploads\/2023\/03\/kuchyn-render-new-1920x1080.png 1920w, https:\/\/www.design-award.cz\/wp-content\/uploads\/2023\/03\/kuchyn-render-new-300x169.png 300w, https:\/\/www.design-award.cz\/wp-content\/uploads\/2023\/03\/kuchyn-render-new-1024x576.png 1024w, https:\/\/www.design-award.cz\/wp-content\/uploads\/2023\/03\/kuchyn-render-new-768x432.png 768w, https:\/\/www.design-award.cz\/wp-content\/uploads\/2023\/03\/kuchyn-render-new-1536x864.png 1536w, https:\/\/www.design-award.cz\/wp-content\/uploads\/2023\/03\/kuchyn-render-new-500x281.png 500w, https:\/\/www.design-award.cz\/wp-content\/uploads\/2023\/03\/kuchyn-render-new-800x450.png 800w, https:\/\/www.design-award.cz\/wp-content\/uploads\/2023\/03\/kuchyn-render-new-1280x720.png 1280w, https:\/\/www.design-award.cz\/wp-content\/uploads\/2023\/03\/kuchyn-render-new.png 1984w\" sizes=\"(max-width: 1920px) 100vw, 1920px\" \/><\/noscript><img decoding=\"async\" width=\"1920\" height=\"1080\" src=\"https:\/\/www.design-award.cz\/wp-content\/uploads\/2023\/03\/kuchyn-render-new-1920x1080.png\" class=\"wp-image-1786 vp-lazyload\" alt srcset=\"data:image\/svg+xml;base64,PHN2ZyB3aWR0aD0iMTkyMCIgaGVpZ2h0PSIxMDgwIiB2aWV3Qm94PSIwIDAgMTkyMCAxMDgwIiBmaWxsPSJub25lIiB4bWxucz0iaHR0cDovL3d3dy53My5vcmcvMjAwMC9zdmciPjwvc3ZnPg==\" data-src=\"https:\/\/www.design-award.cz\/wp-content\/uploads\/2023\/03\/kuchyn-render-new-1920x1080.png\" data-srcset=\"https:\/\/www.design-award.cz\/wp-content\/uploads\/2023\/03\/kuchyn-render-new-1920x1080.png 1920w, https:\/\/www.design-award.cz\/wp-content\/uploads\/2023\/03\/kuchyn-render-new-300x169.png 300w, https:\/\/www.design-award.cz\/wp-content\/uploads\/2023\/03\/kuchyn-render-new-1024x576.png 1024w, https:\/\/www.design-award.cz\/wp-content\/uploads\/2023\/03\/kuchyn-render-new-768x432.png 768w, https:\/\/www.design-award.cz\/wp-content\/uploads\/2023\/03\/kuchyn-render-new-1536x864.png 1536w, https:\/\/www.design-award.cz\/wp-content\/uploads\/2023\/03\/kuchyn-render-new-500x281.png 500w, https:\/\/www.design-award.cz\/wp-content\/uploads\/2023\/03\/kuchyn-render-new-800x450.png 800w, https:\/\/www.design-award.cz\/wp-content\/uploads\/2023\/03\/kuchyn-render-new-1280x720.png 1280w, https:\/\/www.design-award.cz\/wp-content\/uploads\/2023\/03\/kuchyn-render-new.png 1984w\" data-sizes=\"auto\" loading=\"eager\">\n\t\t<\/a>\t<\/div>\n<\/div>\n\t<figcaption class=\"vp-portfolio__item-overlay vp-portfolio__item-overlay-text-align-center\">\n\t\t<div class=\"vp-portfolio__item-meta-wrap vp-portfolio__custom-scrollbar\">\n\t\t\t\t<a\n\t\thref=\"https:\/\/www.design-award.cz\/?portfolio=soukromy-interier-navrh-studentskeho-bytu\"\n\t\ttabindex=\"-1\" class=\"vp-portfolio__item-meta\" \t>\n\t\n<div class=\"vp-portfolio__item-meta-categories\">\n\t\t\t<div class=\"vp-portfolio__item-meta-category\">\n\t\t\t\t<span\t\t\t>\n\tSOUT\u011a\u017d\u00cdC\u00cd 2023<\/span>\t\t<\/div>\n\t\t<\/div>\n\n<h2 class=\"vp-portfolio__item-meta-title\">\n\tSoukrom\u00fd interi\u00e9r &#8211; N\u00e1vrh studentsk\u00e9ho bytu<\/h2>\n<\/a>\t\t<\/div>\n\t<\/figcaption>\n\t\t\t<\/figure>\n\t\t\t\t\t<\/article>\n\t\t\n\t\t<article\t\tclass=\"vp-portfolio__item-wrap post-4162 portfolio type-portfolio status-publish format-standard has-post-thumbnail hentry entry has-media vp-portfolio__item-uid-70282b1c\" data-vp-filter=\"\" \t\t>\n\t\t\t\t\t\t\t\t\t<figure class=\"vp-portfolio__item\">\n\t\t\t\t\n<div class=\"vp-portfolio__item-img-wrap\">\n\t<div class=\"vp-portfolio__item-img\">\n\t\t\t<a\n\t\thref=\"https:\/\/www.design-award.cz\/?portfolio=produktovy-design-sada-interierovych-doplnku-balance\"\n\t\t\t>\n\t\n\t\t<noscript><img decoding=\"async\" width=\"1440\" height=\"1231\" data-skip-lazy src=\"https:\/\/www.design-award.cz\/wp-content\/uploads\/2024\/07\/0D70A016-5418-4D01-88E0-4A3B5F96A8CF.png\" class=\"wp-image-4192\" alt=\"\" srcset=\"https:\/\/www.design-award.cz\/wp-content\/uploads\/2024\/07\/0D70A016-5418-4D01-88E0-4A3B5F96A8CF.png 1440w, https:\/\/www.design-award.cz\/wp-content\/uploads\/2024\/07\/0D70A016-5418-4D01-88E0-4A3B5F96A8CF-300x256.png 300w, https:\/\/www.design-award.cz\/wp-content\/uploads\/2024\/07\/0D70A016-5418-4D01-88E0-4A3B5F96A8CF-1024x875.png 1024w, https:\/\/www.design-award.cz\/wp-content\/uploads\/2024\/07\/0D70A016-5418-4D01-88E0-4A3B5F96A8CF-768x657.png 768w, https:\/\/www.design-award.cz\/wp-content\/uploads\/2024\/07\/0D70A016-5418-4D01-88E0-4A3B5F96A8CF-500x427.png 500w, https:\/\/www.design-award.cz\/wp-content\/uploads\/2024\/07\/0D70A016-5418-4D01-88E0-4A3B5F96A8CF-800x684.png 800w, https:\/\/www.design-award.cz\/wp-content\/uploads\/2024\/07\/0D70A016-5418-4D01-88E0-4A3B5F96A8CF-1280x1094.png 1280w\" sizes=\"(max-width: 1440px) 100vw, 1440px\" \/><\/noscript><img decoding=\"async\" width=\"1440\" height=\"1231\" src=\"https:\/\/www.design-award.cz\/wp-content\/uploads\/2024\/07\/0D70A016-5418-4D01-88E0-4A3B5F96A8CF.png\" class=\"wp-image-4192 vp-lazyload\" alt srcset=\"data:image\/svg+xml;base64,PHN2ZyB3aWR0aD0iMTQ0MCIgaGVpZ2h0PSIxMjMxIiB2aWV3Qm94PSIwIDAgMTQ0MCAxMjMxIiBmaWxsPSJub25lIiB4bWxucz0iaHR0cDovL3d3dy53My5vcmcvMjAwMC9zdmciPjwvc3ZnPg==\" data-src=\"https:\/\/www.design-award.cz\/wp-content\/uploads\/2024\/07\/0D70A016-5418-4D01-88E0-4A3B5F96A8CF.png\" data-srcset=\"https:\/\/www.design-award.cz\/wp-content\/uploads\/2024\/07\/0D70A016-5418-4D01-88E0-4A3B5F96A8CF.png 1440w, https:\/\/www.design-award.cz\/wp-content\/uploads\/2024\/07\/0D70A016-5418-4D01-88E0-4A3B5F96A8CF-300x256.png 300w, https:\/\/www.design-award.cz\/wp-content\/uploads\/2024\/07\/0D70A016-5418-4D01-88E0-4A3B5F96A8CF-1024x875.png 1024w, https:\/\/www.design-award.cz\/wp-content\/uploads\/2024\/07\/0D70A016-5418-4D01-88E0-4A3B5F96A8CF-768x657.png 768w, https:\/\/www.design-award.cz\/wp-content\/uploads\/2024\/07\/0D70A016-5418-4D01-88E0-4A3B5F96A8CF-500x427.png 500w, https:\/\/www.design-award.cz\/wp-content\/uploads\/2024\/07\/0D70A016-5418-4D01-88E0-4A3B5F96A8CF-800x684.png 800w, https:\/\/www.design-award.cz\/wp-content\/uploads\/2024\/07\/0D70A016-5418-4D01-88E0-4A3B5F96A8CF-1280x1094.png 1280w\" data-sizes=\"auto\" loading=\"eager\">\n\t\t<\/a>\t<\/div>\n<\/div>\n\t<figcaption class=\"vp-portfolio__item-overlay vp-portfolio__item-overlay-text-align-center\">\n\t\t<div class=\"vp-portfolio__item-meta-wrap vp-portfolio__custom-scrollbar\">\n\t\t\t\t<a\n\t\thref=\"https:\/\/www.design-award.cz\/?portfolio=produktovy-design-sada-interierovych-doplnku-balance\"\n\t\ttabindex=\"-1\" class=\"vp-portfolio__item-meta\" \t>\n\t\n<h2 class=\"vp-portfolio__item-meta-title\">\n\tProduktov\u00fd design &#8211; Sada interi\u00e9rov\u00fdch dopl\u0148k\u016f Balance<\/h2>\n<\/a>\t\t<\/div>\n\t<\/figcaption>\n\t\t\t<\/figure>\n\t\t\t\t\t<\/article>\n\t\t\n\t\t<article\t\tclass=\"vp-portfolio__item-wrap post-3131 portfolio type-portfolio status-publish format-standard has-post-thumbnail hentry portfolio_category-soutezici-2024 entry has-media vp-portfolio__item-uid-0981b65a\" data-vp-filter=\"soutezici-2024\" \t\t>\n\t\t\t\t\t\t\t\t\t<figure class=\"vp-portfolio__item\">\n\t\t\t\t\n<div class=\"vp-portfolio__item-img-wrap\">\n\t<div class=\"vp-portfolio__item-img\">\n\t\t\t<a\n\t\thref=\"https:\/\/www.design-award.cz\/?portfolio=produktovy-design-vohynek\"\n\t\t\t>\n\t\n\t\t<noscript><img decoding=\"async\" width=\"1920\" height=\"1080\" data-skip-lazy src=\"https:\/\/www.design-award.cz\/wp-content\/uploads\/2024\/04\/emakrajickova_vohynek_foto1-1920x1080.jpg\" class=\"wp-image-3133\" alt=\"\" srcset=\"https:\/\/www.design-award.cz\/wp-content\/uploads\/2024\/04\/emakrajickova_vohynek_foto1-1920x1080.jpg 1920w, https:\/\/www.design-award.cz\/wp-content\/uploads\/2024\/04\/emakrajickova_vohynek_foto1-300x169.jpg 300w, https:\/\/www.design-award.cz\/wp-content\/uploads\/2024\/04\/emakrajickova_vohynek_foto1-1024x576.jpg 1024w, https:\/\/www.design-award.cz\/wp-content\/uploads\/2024\/04\/emakrajickova_vohynek_foto1-768x432.jpg 768w, https:\/\/www.design-award.cz\/wp-content\/uploads\/2024\/04\/emakrajickova_vohynek_foto1-1536x864.jpg 1536w, https:\/\/www.design-award.cz\/wp-content\/uploads\/2024\/04\/emakrajickova_vohynek_foto1-2048x1152.jpg 2048w, https:\/\/www.design-award.cz\/wp-content\/uploads\/2024\/04\/emakrajickova_vohynek_foto1-500x281.jpg 500w, https:\/\/www.design-award.cz\/wp-content\/uploads\/2024\/04\/emakrajickova_vohynek_foto1-800x450.jpg 800w, https:\/\/www.design-award.cz\/wp-content\/uploads\/2024\/04\/emakrajickova_vohynek_foto1-1280x720.jpg 1280w\" sizes=\"(max-width: 1920px) 100vw, 1920px\" \/><\/noscript><img decoding=\"async\" width=\"1920\" height=\"1080\" src=\"https:\/\/www.design-award.cz\/wp-content\/uploads\/2024\/04\/emakrajickova_vohynek_foto1-1920x1080.jpg\" class=\"wp-image-3133 vp-lazyload\" alt srcset=\"data:image\/svg+xml;base64,PHN2ZyB3aWR0aD0iMTkyMCIgaGVpZ2h0PSIxMDgwIiB2aWV3Qm94PSIwIDAgMTkyMCAxMDgwIiBmaWxsPSJub25lIiB4bWxucz0iaHR0cDovL3d3dy53My5vcmcvMjAwMC9zdmciPjwvc3ZnPg==\" data-src=\"https:\/\/www.design-award.cz\/wp-content\/uploads\/2024\/04\/emakrajickova_vohynek_foto1-1920x1080.jpg\" data-srcset=\"https:\/\/www.design-award.cz\/wp-content\/uploads\/2024\/04\/emakrajickova_vohynek_foto1-1920x1080.jpg 1920w, https:\/\/www.design-award.cz\/wp-content\/uploads\/2024\/04\/emakrajickova_vohynek_foto1-300x169.jpg 300w, https:\/\/www.design-award.cz\/wp-content\/uploads\/2024\/04\/emakrajickova_vohynek_foto1-1024x576.jpg 1024w, https:\/\/www.design-award.cz\/wp-content\/uploads\/2024\/04\/emakrajickova_vohynek_foto1-768x432.jpg 768w, https:\/\/www.design-award.cz\/wp-content\/uploads\/2024\/04\/emakrajickova_vohynek_foto1-1536x864.jpg 1536w, https:\/\/www.design-award.cz\/wp-content\/uploads\/2024\/04\/emakrajickova_vohynek_foto1-2048x1152.jpg 2048w, https:\/\/www.design-award.cz\/wp-content\/uploads\/2024\/04\/emakrajickova_vohynek_foto1-500x281.jpg 500w, https:\/\/www.design-award.cz\/wp-content\/uploads\/2024\/04\/emakrajickova_vohynek_foto1-800x450.jpg 800w, https:\/\/www.design-award.cz\/wp-content\/uploads\/2024\/04\/emakrajickova_vohynek_foto1-1280x720.jpg 1280w\" data-sizes=\"auto\" loading=\"eager\">\n\t\t<\/a>\t<\/div>\n<\/div>\n\t<figcaption class=\"vp-portfolio__item-overlay vp-portfolio__item-overlay-text-align-center\">\n\t\t<div class=\"vp-portfolio__item-meta-wrap vp-portfolio__custom-scrollbar\">\n\t\t\t\t<a\n\t\thref=\"https:\/\/www.design-award.cz\/?portfolio=produktovy-design-vohynek\"\n\t\ttabindex=\"-1\" class=\"vp-portfolio__item-meta\" \t>\n\t\n<div class=\"vp-portfolio__item-meta-categories\">\n\t\t\t<div class=\"vp-portfolio__item-meta-category\">\n\t\t\t\t<span\t\t\t>\n\tSOUT\u011a\u017d\u00cdC\u00cd 2024<\/span>\t\t<\/div>\n\t\t<\/div>\n\n<h2 class=\"vp-portfolio__item-meta-title\">\n\tProduktov\u00fd design &#8211; Voh\u00fdnek<\/h2>\n<\/a>\t\t<\/div>\n\t<\/figcaption>\n\t\t\t<\/figure>\n\t\t\t\t\t<\/article>\n\t\t\n\t\t<article\t\tclass=\"vp-portfolio__item-wrap post-4641 portfolio type-portfolio status-publish format-standard has-post-thumbnail hentry entry has-media vp-portfolio__item-uid-de580ea1\" data-vp-filter=\"\" \t\t>\n\t\t\t\t\t\t\t\t\t<figure class=\"vp-portfolio__item\">\n\t\t\t\t\n<div class=\"vp-portfolio__item-img-wrap\">\n\t<div class=\"vp-portfolio__item-img\">\n\t\t\t<a\n\t\thref=\"https:\/\/www.design-award.cz\/?portfolio=interierovy-design-rekreacni-objekt-tyson\"\n\t\t\t>\n\t\n\t\t<noscript><img decoding=\"async\" width=\"1500\" height=\"844\" data-skip-lazy src=\"https:\/\/www.design-award.cz\/wp-content\/uploads\/2025\/06\/ren10b.jpg\" class=\"wp-image-4801\" alt=\"\" srcset=\"https:\/\/www.design-award.cz\/wp-content\/uploads\/2025\/06\/ren10b.jpg 1500w, https:\/\/www.design-award.cz\/wp-content\/uploads\/2025\/06\/ren10b-300x169.jpg 300w, https:\/\/www.design-award.cz\/wp-content\/uploads\/2025\/06\/ren10b-1024x576.jpg 1024w, https:\/\/www.design-award.cz\/wp-content\/uploads\/2025\/06\/ren10b-768x432.jpg 768w, https:\/\/www.design-award.cz\/wp-content\/uploads\/2025\/06\/ren10b-800x450.jpg 800w, https:\/\/www.design-award.cz\/wp-content\/uploads\/2025\/06\/ren10b-500x281.jpg 500w, https:\/\/www.design-award.cz\/wp-content\/uploads\/2025\/06\/ren10b-1280x720.jpg 1280w\" sizes=\"(max-width: 1500px) 100vw, 1500px\" \/><\/noscript><img decoding=\"async\" width=\"1500\" height=\"844\" src=\"https:\/\/www.design-award.cz\/wp-content\/uploads\/2025\/06\/ren10b.jpg\" class=\"wp-image-4801 vp-lazyload\" alt srcset=\"data:image\/svg+xml;base64,PHN2ZyB3aWR0aD0iMTUwMCIgaGVpZ2h0PSI4NDQiIHZpZXdCb3g9IjAgMCAxNTAwIDg0NCIgZmlsbD0ibm9uZSIgeG1sbnM9Imh0dHA6Ly93d3cudzMub3JnLzIwMDAvc3ZnIj48L3N2Zz4=\" data-src=\"https:\/\/www.design-award.cz\/wp-content\/uploads\/2025\/06\/ren10b.jpg\" data-srcset=\"https:\/\/www.design-award.cz\/wp-content\/uploads\/2025\/06\/ren10b.jpg 1500w, https:\/\/www.design-award.cz\/wp-content\/uploads\/2025\/06\/ren10b-300x169.jpg 300w, https:\/\/www.design-award.cz\/wp-content\/uploads\/2025\/06\/ren10b-1024x576.jpg 1024w, https:\/\/www.design-award.cz\/wp-content\/uploads\/2025\/06\/ren10b-768x432.jpg 768w, https:\/\/www.design-award.cz\/wp-content\/uploads\/2025\/06\/ren10b-800x450.jpg 800w, https:\/\/www.design-award.cz\/wp-content\/uploads\/2025\/06\/ren10b-500x281.jpg 500w, https:\/\/www.design-award.cz\/wp-content\/uploads\/2025\/06\/ren10b-1280x720.jpg 1280w\" data-sizes=\"auto\" loading=\"eager\">\n\t\t<\/a>\t<\/div>\n<\/div>\n\t<figcaption class=\"vp-portfolio__item-overlay vp-portfolio__item-overlay-text-align-center\">\n\t\t<div class=\"vp-portfolio__item-meta-wrap vp-portfolio__custom-scrollbar\">\n\t\t\t\t<a\n\t\thref=\"https:\/\/www.design-award.cz\/?portfolio=interierovy-design-rekreacni-objekt-tyson\"\n\t\ttabindex=\"-1\" class=\"vp-portfolio__item-meta\" \t>\n\t\n<h2 class=\"vp-portfolio__item-meta-title\">\n\tInteri\u00e9rov\u00fd design &#8211; Rekrea\u010dn\u00ed objekt Tyson<\/h2>\n<\/a>\t\t<\/div>\n\t<\/figcaption>\n\t\t\t<\/figure>\n\t\t\t\t\t<\/article>\n\t\t\n<\/div>\n\n<div class=\"vp-portfolio__items-arrow vp-portfolio__items-arrow-prev\" tabindex=\"0\" role=\"button\" aria-label=\"Previous Slide\">\n\t\n<svg class=\"vp-svg-icon\" width=\"20\" height=\"20\" viewBox=\"0 0 20 20\" fill=\"none\" xmlns=\"http:\/\/www.w3.org\/2000\/svg\">\n\t<path d=\"M12 4L6 10L12 16\" stroke=\"currentColor\" stroke-width=\"1.5\" stroke-linecap=\"round\" stroke-linejoin=\"round\" fill=\"transparent\" \/>\n<\/svg>\n<\/div>\n<div class=\"vp-portfolio__items-arrow vp-portfolio__items-arrow-next\" tabindex=\"0\" role=\"button\" aria-label=\"Next Slide\">\n\t\n<svg class=\"vp-svg-icon\" width=\"20\" height=\"20\" viewBox=\"0 0 20 20\" fill=\"none\" xmlns=\"http:\/\/www.w3.org\/2000\/svg\">\n\t<path d=\"M8 4L14 10L8 16\" stroke=\"currentColor\" stroke-width=\"1.5\" stroke-linecap=\"round\" stroke-linejoin=\"round\" fill=\"transparent\" \/>\n<\/svg>\n<\/div>\n\t\t<\/div>\n\t\t\t\t<div class=\"vp-portfolio__layout-elements vp-portfolio__layout-elements-bottom vp-portfolio__layout-elements-align-center\">\n\t\t\t\t<div class=\"vp-portfolio__pagination-wrap\">\n\t\t\n<div class=\"vp-pagination vp-pagination__style-minimal\" data-vp-pagination-type=\"load-more\">\n\t<div class=\"vp-pagination__item\">\n\t\t<a class=\"vp-pagination__load-more\" href=\"https:\/\/www.design-award.cz\/index.php?rest_route=%2Fwp%2Fv2%2Fportfolio%2F897&#038;vp_page=2\">\n\t\t\t<span>Load More<\/span>\n\t\t\t<span class=\"vp-pagination__load-more-loading\"><span class=\"vp-spinner\"><\/span><span class=\"vp-screen-reader-text\"> Loading More&#8230;<\/span><\/span>\n\t\t\t<span class=\"vp-pagination__load-more-no-more\">You\u2019ve reached the end of the list<\/span>\n\t\t<\/a>\n\t<\/div>\n<\/div>\n\t\t<\/div>\n\t\t\t\t<\/div>\n\t\t\n<\/div>\n<\/div>","protected":false},"excerpt":{"rendered":"<p>Ad\u00e9la R\u016f\u017ei\u010dkov\u00e1 SO\u0160 obchodu, u\u017eit\u00e9ho um\u011bn\u00ed a designu, Nerudova 33, Plze\u0148 N\u00e1vrh kuchy\u0148sk\u00e9 linkyZad\u00e1n\u00edm m\u00e9 pr\u00e1ce bylo navrhnout kuchyni pro z\u00e1kaznici dle jej\u00edch p\u0159edstav. D\u016fle\u017eit\u00e9 bylo, aby m\u00edstnost byla dostate\u010dn\u011b prostorn\u00e1 a umo\u017e\u0148ovala voln\u00fd pohyb mezi jednotliv\u00fdmi m\u00edstnostmi, do kter\u00fdch se p\u0159es kuchyni proch\u00e1z\u00ed. Prostor pro velk\u00fd j\u00eddeln\u00ed st\u016fl, kv\u016fli rozs\u00e1hl\u00e9 rodin\u011b, byl jedn\u00edm z [&hellip;]<\/p>\n","protected":false},"author":1,"featured_media":896,"menu_order":0,"comment_status":"closed","ping_status":"closed","template":"","format":"standard","meta":{"ngg_post_thumbnail":0,"ocean_post_layout":"","ocean_both_sidebars_style":"","ocean_both_sidebars_content_width":0,"ocean_both_sidebars_sidebars_width":0,"ocean_sidebar":"","ocean_second_sidebar":"","ocean_disable_margins":"enable","ocean_add_body_class":"","ocean_shortcode_before_top_bar":"","ocean_shortcode_after_top_bar":"","ocean_shortcode_before_header":"","ocean_shortcode_after_header":"","ocean_has_shortcode":"","ocean_shortcode_after_title":"","ocean_shortcode_before_footer_widgets":"","ocean_shortcode_after_footer_widgets":"","ocean_shortcode_before_footer_bottom":"","ocean_shortcode_after_footer_bottom":"","ocean_display_top_bar":"default","ocean_display_header":"default","ocean_header_style":"","ocean_center_header_left_menu":"","ocean_custom_header_template":"","ocean_custom_logo":0,"ocean_custom_retina_logo":0,"ocean_custom_logo_max_width":0,"ocean_custom_logo_tablet_max_width":0,"ocean_custom_logo_mobile_max_width":0,"ocean_custom_logo_max_height":0,"ocean_custom_logo_tablet_max_height":0,"ocean_custom_logo_mobile_max_height":0,"ocean_header_custom_menu":"","ocean_menu_typo_font_family":"","ocean_menu_typo_font_subset":"","ocean_menu_typo_font_size":0,"ocean_menu_typo_font_size_tablet":0,"ocean_menu_typo_font_size_mobile":0,"ocean_menu_typo_font_size_unit":"px","ocean_menu_typo_font_weight":"","ocean_menu_typo_font_weight_tablet":"","ocean_menu_typo_font_weight_mobile":"","ocean_menu_typo_transform":"","ocean_menu_typo_transform_tablet":"","ocean_menu_typo_transform_mobile":"","ocean_menu_typo_line_height":0,"ocean_menu_typo_line_height_tablet":0,"ocean_menu_typo_line_height_mobile":0,"ocean_menu_typo_line_height_unit":"","ocean_menu_typo_spacing":0,"ocean_menu_typo_spacing_tablet":0,"ocean_menu_typo_spacing_mobile":0,"ocean_menu_typo_spacing_unit":"","ocean_menu_link_color":"","ocean_menu_link_color_hover":"","ocean_menu_link_color_active":"","ocean_menu_link_background":"","ocean_menu_link_hover_background":"","ocean_menu_link_active_background":"","ocean_menu_social_links_bg":"","ocean_menu_social_hover_links_bg":"","ocean_menu_social_links_color":"","ocean_menu_social_hover_links_color":"","ocean_disable_title":"default","ocean_disable_heading":"default","ocean_post_title":"","ocean_post_subheading":"","ocean_post_title_style":"","ocean_post_title_background_color":"","ocean_post_title_background":0,"ocean_post_title_bg_image_position":"","ocean_post_title_bg_image_attachment":"","ocean_post_title_bg_image_repeat":"","ocean_post_title_bg_image_size":"","ocean_post_title_height":0,"ocean_post_title_bg_overlay":0.5,"ocean_post_title_bg_overlay_color":"","ocean_disable_breadcrumbs":"default","ocean_breadcrumbs_color":"","ocean_breadcrumbs_separator_color":"","ocean_breadcrumbs_links_color":"","ocean_breadcrumbs_links_hover_color":"","ocean_display_footer_widgets":"default","ocean_display_footer_bottom":"default","ocean_custom_footer_template":"","_vp_format_video_url":"","_vp_image_focal_point":[],"footnotes":""},"portfolio_category":[],"portfolio_tag":[],"class_list":["post-897","portfolio","type-portfolio","status-publish","format-standard","has-post-thumbnail","hentry","entry","has-media"],"yoast_head":"<!-- This site is optimized with the Yoast SEO plugin v25.2 - https:\/\/yoast.com\/wordpress\/plugins\/seo\/ -->\n<title>Soukrom\u00fd interi\u00e9r - Kuchyn\u011b - design-award.cz<\/title>\n<meta name=\"robots\" content=\"index, follow, max-snippet:-1, max-image-preview:large, max-video-preview:-1\" \/>\n<link rel=\"canonical\" href=\"https:\/\/www.design-award.cz\/?portfolio=soukromy-interier-kuchyne\" \/>\n<meta property=\"og:locale\" content=\"cs_CZ\" \/>\n<meta property=\"og:type\" content=\"article\" \/>\n<meta property=\"og:title\" content=\"Soukrom\u00fd interi\u00e9r - Kuchyn\u011b - design-award.cz\" \/>\n<meta property=\"og:description\" content=\"Ad\u00e9la R\u016f\u017ei\u010dkov\u00e1 SO\u0160 obchodu, u\u017eit\u00e9ho um\u011bn\u00ed a designu, Nerudova 33, Plze\u0148 N\u00e1vrh kuchy\u0148sk\u00e9 linkyZad\u00e1n\u00edm m\u00e9 pr\u00e1ce bylo navrhnout kuchyni pro z\u00e1kaznici dle jej\u00edch p\u0159edstav. D\u016fle\u017eit\u00e9 bylo, aby m\u00edstnost byla dostate\u010dn\u011b prostorn\u00e1 a umo\u017e\u0148ovala voln\u00fd pohyb mezi jednotliv\u00fdmi m\u00edstnostmi, do kter\u00fdch se p\u0159es kuchyni proch\u00e1z\u00ed. Prostor pro velk\u00fd j\u00eddeln\u00ed st\u016fl, kv\u016fli rozs\u00e1hl\u00e9 rodin\u011b, byl jedn\u00edm z [&hellip;]\" \/>\n<meta property=\"og:url\" content=\"https:\/\/www.design-award.cz\/?portfolio=soukromy-interier-kuchyne\" \/>\n<meta property=\"og:site_name\" content=\"design-award.cz\" \/>\n<meta property=\"article:modified_time\" content=\"2022-04-28T12:18:55+00:00\" \/>\n<meta property=\"og:image\" content=\"http:\/\/www.design-award.cz\/wp-content\/uploads\/2022\/04\/ruzickova_adela_kuchyne-3_optimized-scaled.jpg\" \/>\n\t<meta property=\"og:image:width\" content=\"2560\" \/>\n\t<meta property=\"og:image:height\" content=\"1440\" \/>\n\t<meta property=\"og:image:type\" content=\"image\/jpeg\" \/>\n<meta name=\"twitter:card\" content=\"summary_large_image\" \/>\n<meta name=\"twitter:label1\" content=\"Odhadovan\u00e1 doba \u010dten\u00ed\" \/>\n\t<meta name=\"twitter:data1\" content=\"2 minuty\" \/>\n<script type=\"application\/ld+json\" class=\"yoast-schema-graph\">{\"@context\":\"https:\/\/schema.org\",\"@graph\":[{\"@type\":\"WebPage\",\"@id\":\"https:\/\/www.design-award.cz\/?portfolio=soukromy-interier-kuchyne\",\"url\":\"https:\/\/www.design-award.cz\/?portfolio=soukromy-interier-kuchyne\",\"name\":\"Soukrom\u00fd interi\u00e9r - Kuchyn\u011b - design-award.cz\",\"isPartOf\":{\"@id\":\"https:\/\/www.design-award.cz\/#website\"},\"primaryImageOfPage\":{\"@id\":\"https:\/\/www.design-award.cz\/?portfolio=soukromy-interier-kuchyne#primaryimage\"},\"image\":{\"@id\":\"https:\/\/www.design-award.cz\/?portfolio=soukromy-interier-kuchyne#primaryimage\"},\"thumbnailUrl\":\"https:\/\/www.design-award.cz\/wp-content\/uploads\/2022\/04\/ruzickova_adela_kuchyne-3_optimized-scaled.jpg\",\"datePublished\":\"2022-04-28T12:17:06+00:00\",\"dateModified\":\"2022-04-28T12:18:55+00:00\",\"breadcrumb\":{\"@id\":\"https:\/\/www.design-award.cz\/?portfolio=soukromy-interier-kuchyne#breadcrumb\"},\"inLanguage\":\"cs\",\"potentialAction\":[{\"@type\":\"ReadAction\",\"target\":[\"https:\/\/www.design-award.cz\/?portfolio=soukromy-interier-kuchyne\"]}]},{\"@type\":\"ImageObject\",\"inLanguage\":\"cs\",\"@id\":\"https:\/\/www.design-award.cz\/?portfolio=soukromy-interier-kuchyne#primaryimage\",\"url\":\"https:\/\/www.design-award.cz\/wp-content\/uploads\/2022\/04\/ruzickova_adela_kuchyne-3_optimized-scaled.jpg\",\"contentUrl\":\"https:\/\/www.design-award.cz\/wp-content\/uploads\/2022\/04\/ruzickova_adela_kuchyne-3_optimized-scaled.jpg\",\"width\":2560,\"height\":1440},{\"@type\":\"BreadcrumbList\",\"@id\":\"https:\/\/www.design-award.cz\/?portfolio=soukromy-interier-kuchyne#breadcrumb\",\"itemListElement\":[{\"@type\":\"ListItem\",\"position\":1,\"name\":\"Dom\u016f\",\"item\":\"https:\/\/www.design-award.cz\/\"},{\"@type\":\"ListItem\",\"position\":2,\"name\":\"Portfolio Items\",\"item\":\"https:\/\/www.design-award.cz\/?post_type=portfolio\"},{\"@type\":\"ListItem\",\"position\":3,\"name\":\"Soukrom\u00fd interi\u00e9r &#8211; Kuchyn\u011b\"}]},{\"@type\":\"WebSite\",\"@id\":\"https:\/\/www.design-award.cz\/#website\",\"url\":\"https:\/\/www.design-award.cz\/\",\"name\":\"design-award.cz\",\"description\":\"WARD vznikla v roce 2022. Je ur\u010dena p\u0159edev\u0161\u00edm student\u016fm st\u0159edn\u00edch um\u011bleck\u00fdch \u0161kol (S\u0160 a VO\u0160), kte\u0159\u00ed mohou bezplatn\u011b zaslat sv\u00e9 n\u00e1vrhy v uveden\u00fdch kategori\u00ed a tak pom\u011b\u0159it sv\u00e9 n\u00e1pady s konkurenc\u00ed sv\u00fdch vrstevn\u00edk\u016f. N\u00e1vrhy jsou n\u00e1sledn\u011b posouzeny nez\u00e1vislou porotou z \u0159ad v\u00fdtvarn\u00edk\u016f, pedagog\u016f a profesion\u00e1l\u016f z oboru.\",\"publisher\":{\"@id\":\"https:\/\/www.design-award.cz\/#organization\"},\"potentialAction\":[{\"@type\":\"SearchAction\",\"target\":{\"@type\":\"EntryPoint\",\"urlTemplate\":\"https:\/\/www.design-award.cz\/?s={search_term_string}\"},\"query-input\":{\"@type\":\"PropertyValueSpecification\",\"valueRequired\":true,\"valueName\":\"search_term_string\"}}],\"inLanguage\":\"cs\"},{\"@type\":\"Organization\",\"@id\":\"https:\/\/www.design-award.cz\/#organization\",\"name\":\"Design Award\",\"url\":\"https:\/\/www.design-award.cz\/\",\"logo\":{\"@type\":\"ImageObject\",\"inLanguage\":\"cs\",\"@id\":\"https:\/\/www.design-award.cz\/#\/schema\/logo\/image\/\",\"url\":\"http:\/\/www.design-award.cz\/wp-content\/uploads\/2021\/12\/hornilogo_design-award.png\",\"contentUrl\":\"http:\/\/www.design-award.cz\/wp-content\/uploads\/2021\/12\/hornilogo_design-award.png\",\"width\":800,\"height\":600,\"caption\":\"Design Award\"},\"image\":{\"@id\":\"https:\/\/www.design-award.cz\/#\/schema\/logo\/image\/\"},\"sameAs\":[\"https:\/\/www.instagram.com\/design_award\/\"]}]}<\/script>\n<!-- \/ Yoast SEO plugin. -->","yoast_head_json":{"title":"Soukrom\u00fd interi\u00e9r - Kuchyn\u011b - design-award.cz","robots":{"index":"index","follow":"follow","max-snippet":"max-snippet:-1","max-image-preview":"max-image-preview:large","max-video-preview":"max-video-preview:-1"},"canonical":"https:\/\/www.design-award.cz\/?portfolio=soukromy-interier-kuchyne","og_locale":"cs_CZ","og_type":"article","og_title":"Soukrom\u00fd interi\u00e9r - Kuchyn\u011b - design-award.cz","og_description":"Ad\u00e9la R\u016f\u017ei\u010dkov\u00e1 SO\u0160 obchodu, u\u017eit\u00e9ho um\u011bn\u00ed a designu, Nerudova 33, Plze\u0148 N\u00e1vrh kuchy\u0148sk\u00e9 linkyZad\u00e1n\u00edm m\u00e9 pr\u00e1ce bylo navrhnout kuchyni pro z\u00e1kaznici dle jej\u00edch p\u0159edstav. D\u016fle\u017eit\u00e9 bylo, aby m\u00edstnost byla dostate\u010dn\u011b prostorn\u00e1 a umo\u017e\u0148ovala voln\u00fd pohyb mezi jednotliv\u00fdmi m\u00edstnostmi, do kter\u00fdch se p\u0159es kuchyni proch\u00e1z\u00ed. Prostor pro velk\u00fd j\u00eddeln\u00ed st\u016fl, kv\u016fli rozs\u00e1hl\u00e9 rodin\u011b, byl jedn\u00edm z [&hellip;]","og_url":"https:\/\/www.design-award.cz\/?portfolio=soukromy-interier-kuchyne","og_site_name":"design-award.cz","article_modified_time":"2022-04-28T12:18:55+00:00","og_image":[{"width":2560,"height":1440,"url":"http:\/\/www.design-award.cz\/wp-content\/uploads\/2022\/04\/ruzickova_adela_kuchyne-3_optimized-scaled.jpg","type":"image\/jpeg"}],"twitter_card":"summary_large_image","twitter_misc":{"Odhadovan\u00e1 doba \u010dten\u00ed":"2 minuty"},"schema":{"@context":"https:\/\/schema.org","@graph":[{"@type":"WebPage","@id":"https:\/\/www.design-award.cz\/?portfolio=soukromy-interier-kuchyne","url":"https:\/\/www.design-award.cz\/?portfolio=soukromy-interier-kuchyne","name":"Soukrom\u00fd interi\u00e9r - Kuchyn\u011b - design-award.cz","isPartOf":{"@id":"https:\/\/www.design-award.cz\/#website"},"primaryImageOfPage":{"@id":"https:\/\/www.design-award.cz\/?portfolio=soukromy-interier-kuchyne#primaryimage"},"image":{"@id":"https:\/\/www.design-award.cz\/?portfolio=soukromy-interier-kuchyne#primaryimage"},"thumbnailUrl":"https:\/\/www.design-award.cz\/wp-content\/uploads\/2022\/04\/ruzickova_adela_kuchyne-3_optimized-scaled.jpg","datePublished":"2022-04-28T12:17:06+00:00","dateModified":"2022-04-28T12:18:55+00:00","breadcrumb":{"@id":"https:\/\/www.design-award.cz\/?portfolio=soukromy-interier-kuchyne#breadcrumb"},"inLanguage":"cs","potentialAction":[{"@type":"ReadAction","target":["https:\/\/www.design-award.cz\/?portfolio=soukromy-interier-kuchyne"]}]},{"@type":"ImageObject","inLanguage":"cs","@id":"https:\/\/www.design-award.cz\/?portfolio=soukromy-interier-kuchyne#primaryimage","url":"https:\/\/www.design-award.cz\/wp-content\/uploads\/2022\/04\/ruzickova_adela_kuchyne-3_optimized-scaled.jpg","contentUrl":"https:\/\/www.design-award.cz\/wp-content\/uploads\/2022\/04\/ruzickova_adela_kuchyne-3_optimized-scaled.jpg","width":2560,"height":1440},{"@type":"BreadcrumbList","@id":"https:\/\/www.design-award.cz\/?portfolio=soukromy-interier-kuchyne#breadcrumb","itemListElement":[{"@type":"ListItem","position":1,"name":"Dom\u016f","item":"https:\/\/www.design-award.cz\/"},{"@type":"ListItem","position":2,"name":"Portfolio Items","item":"https:\/\/www.design-award.cz\/?post_type=portfolio"},{"@type":"ListItem","position":3,"name":"Soukrom\u00fd interi\u00e9r &#8211; Kuchyn\u011b"}]},{"@type":"WebSite","@id":"https:\/\/www.design-award.cz\/#website","url":"https:\/\/www.design-award.cz\/","name":"design-award.cz","description":"WARD vznikla v roce 2022. Je ur\u010dena p\u0159edev\u0161\u00edm student\u016fm st\u0159edn\u00edch um\u011bleck\u00fdch \u0161kol (S\u0160 a VO\u0160), kte\u0159\u00ed mohou bezplatn\u011b zaslat sv\u00e9 n\u00e1vrhy v uveden\u00fdch kategori\u00ed a tak pom\u011b\u0159it sv\u00e9 n\u00e1pady s konkurenc\u00ed sv\u00fdch vrstevn\u00edk\u016f. N\u00e1vrhy jsou n\u00e1sledn\u011b posouzeny nez\u00e1vislou porotou z \u0159ad v\u00fdtvarn\u00edk\u016f, pedagog\u016f a profesion\u00e1l\u016f z oboru.","publisher":{"@id":"https:\/\/www.design-award.cz\/#organization"},"potentialAction":[{"@type":"SearchAction","target":{"@type":"EntryPoint","urlTemplate":"https:\/\/www.design-award.cz\/?s={search_term_string}"},"query-input":{"@type":"PropertyValueSpecification","valueRequired":true,"valueName":"search_term_string"}}],"inLanguage":"cs"},{"@type":"Organization","@id":"https:\/\/www.design-award.cz\/#organization","name":"Design Award","url":"https:\/\/www.design-award.cz\/","logo":{"@type":"ImageObject","inLanguage":"cs","@id":"https:\/\/www.design-award.cz\/#\/schema\/logo\/image\/","url":"http:\/\/www.design-award.cz\/wp-content\/uploads\/2021\/12\/hornilogo_design-award.png","contentUrl":"http:\/\/www.design-award.cz\/wp-content\/uploads\/2021\/12\/hornilogo_design-award.png","width":800,"height":600,"caption":"Design Award"},"image":{"@id":"https:\/\/www.design-award.cz\/#\/schema\/logo\/image\/"},"sameAs":["https:\/\/www.instagram.com\/design_award\/"]}]}},"_links":{"self":[{"href":"https:\/\/www.design-award.cz\/index.php?rest_route=\/wp\/v2\/portfolio\/897","targetHints":{"allow":["GET"]}}],"collection":[{"href":"https:\/\/www.design-award.cz\/index.php?rest_route=\/wp\/v2\/portfolio"}],"about":[{"href":"https:\/\/www.design-award.cz\/index.php?rest_route=\/wp\/v2\/types\/portfolio"}],"author":[{"embeddable":true,"href":"https:\/\/www.design-award.cz\/index.php?rest_route=\/wp\/v2\/users\/1"}],"replies":[{"embeddable":true,"href":"https:\/\/www.design-award.cz\/index.php?rest_route=%2Fwp%2Fv2%2Fcomments&post=897"}],"version-history":[{"count":1,"href":"https:\/\/www.design-award.cz\/index.php?rest_route=\/wp\/v2\/portfolio\/897\/revisions"}],"predecessor-version":[{"id":900,"href":"https:\/\/www.design-award.cz\/index.php?rest_route=\/wp\/v2\/portfolio\/897\/revisions\/900"}],"wp:featuredmedia":[{"embeddable":true,"href":"https:\/\/www.design-award.cz\/index.php?rest_route=\/wp\/v2\/media\/896"}],"wp:attachment":[{"href":"https:\/\/www.design-award.cz\/index.php?rest_route=%2Fwp%2Fv2%2Fmedia&parent=897"}],"wp:term":[{"taxonomy":"portfolio_category","embeddable":true,"href":"https:\/\/www.design-award.cz\/index.php?rest_route=%2Fwp%2Fv2%2Fportfolio_category&post=897"},{"taxonomy":"portfolio_tag","embeddable":true,"href":"https:\/\/www.design-award.cz\/index.php?rest_route=%2Fwp%2Fv2%2Fportfolio_tag&post=897"}],"curies":[{"name":"wp","href":"https:\/\/api.w.org\/{rel}","templated":true}]}}