{"id":907,"date":"2022-04-28T12:20:54","date_gmt":"2022-04-28T12:20:54","guid":{"rendered":"https:\/\/www.design-award.cz\/?post_type=portfolio&#038;p=907"},"modified":"2022-04-28T12:26:31","modified_gmt":"2022-04-28T12:26:31","slug":"soukromy-interier-garsoniera-pro-studentsky-par","status":"publish","type":"portfolio","link":"https:\/\/www.design-award.cz\/?portfolio=soukromy-interier-garsoniera-pro-studentsky-par","title":{"rendered":"Soukrom\u00fd interi\u00e9r &#8211; Garsoniera pro studentsk\u00fd p\u00e1r"},"content":{"rendered":"\n<h2 class=\"wp-block-heading\">Michaela T\u00e1chov\u00e1<\/h2>\n\n\n\n<p><strong>SO\u0160 obchodu, u\u017eit\u00e9ho um\u011bn\u00ed a designu, Nerudova 33, Plze\u0148<\/strong><\/p>\n\n\n\n<p>Zad\u00e1n\u00edm bylo vytvo\u0159it interi\u00e9r garsonky pro mlad\u00fd p\u00e1r. C\u00edlem bylo vybavit m\u00edstnost tak, aby zde byl prostor pro odpo\u010dinek, pr\u00e1ci i kon\u00ed\u010dky. P\u0159id\u011blen\u00fd p\u016fdorys ji\u017e obsahoval za\u0159\u00edzenou koupelnu, proto jsem se zam\u011b\u0159ila jen na hlavn\u00ed obytnou \u010d\u00e1st bytu.<br>Dal\u0161\u00edm \u00fakolem bylo vytvo\u0159it autorsk\u00fd n\u00e1vrh kuchyn\u011b, zbytek m\u00edstnosti mohl b\u00fdt dovybaven ji\u017e existuj\u00edc\u00edmi prvky.<br>Kuchyn\u011b musela b\u00fdt kv\u016fli odpad\u016fm a vod\u011b na st\u011bn\u011b mezi dve\u0159mi. Abych ale prostor l\u00e9pe vyu\u017eila a roz\u010dlenila, postavila jsem ji sm\u011brem do prost\u0159edku m\u00edstnosti. Vzniklo t\u00edm p\u0159ed kuchy\u0148skou linkou m\u00edsto pro j\u00eddeln\u00ed kout a za n\u00ed prostor pro pracovn\u00ed plochu. Linku jsem navrhla tak, aby bylo v\u0161e efektivn\u011b za\u010dlen\u011bno. Za kuchy\u0148skou linkou je postaven pln\u00fd blok, ve kter\u00e9m je zabudovan\u00e1 mal\u00e1 trouba, jsou j\u00edm t\u00e9\u017e vedeny odpady a voda, aby mohl b\u00fdt prostor pod linkou pln\u011b vyu\u017eit. Blok m\u016f\u017ee t\u00e9\u017e slou\u017eit jako bar, skr\u00fdv\u00e1 tak\u00e9 z\u00e1da ledni\u010dky a z druh\u00e9 strany je v n\u011bm zabudov\u00e1n mal\u00fd policov\u00fd syst\u00e9m.<br>Garsonka je vybavena man\u017eelskou postel\u00ed, dv\u011bma \u0161atn\u00edmi sk\u0159\u00edn\u011bmi, pohovkou s k\u0159eslem a konferen\u010dn\u00edm stolkem. Jsou zde um\u00edst\u011bny tak\u00e9 dva pracovn\u00ed stoly od sebe tak, aby se partne\u0159i navz\u00e1jem neru\u0161ili u pr\u00e1ce. Dal\u0161\u00edm d\u011bl\u00edc\u00edm prost\u0159edkem v m\u00edstnosti je otev\u0159en\u00e1 knihovna, za kterou je um\u00edst\u011bn\u00e9 piano.<br>Inspirovala jsem se retro stylem, pou\u017eila jsem hodn\u011b d\u0159ev\u011bn\u00e9ho n\u00e1bytku a dopl\u0148ky r\u016fzn\u00fdch barev a vzor\u016f, aby prostor p\u016fsobil zaj\u00edmav\u011b a \u00fatuln\u011b.<\/p>\n\n\n\n<figure class=\"wp-block-image size-full\"><img decoding=\"async\" width=\"825\" height=\"731\" data-src=\"http:\/\/www.design-award.cz\/wp-content\/uploads\/2022\/04\/tachova_celek3.jpg\" alt=\"\" class=\"wp-image-903 lazyload\" data-srcset=\"https:\/\/www.design-award.cz\/wp-content\/uploads\/2022\/04\/tachova_celek3.jpg 825w, https:\/\/www.design-award.cz\/wp-content\/uploads\/2022\/04\/tachova_celek3-300x266.jpg 300w, https:\/\/www.design-award.cz\/wp-content\/uploads\/2022\/04\/tachova_celek3-768x680.jpg 768w, https:\/\/www.design-award.cz\/wp-content\/uploads\/2022\/04\/tachova_celek3-500x443.jpg 500w, https:\/\/www.design-award.cz\/wp-content\/uploads\/2022\/04\/tachova_celek3-800x709.jpg 800w\" data-sizes=\"(max-width: 825px) 100vw, 825px\" src=\"data:image\/svg+xml;base64,PHN2ZyB3aWR0aD0iMSIgaGVpZ2h0PSIxIiB4bWxucz0iaHR0cDovL3d3dy53My5vcmcvMjAwMC9zdmciPjwvc3ZnPg==\" style=\"--smush-placeholder-width: 825px; --smush-placeholder-aspect-ratio: 825\/731;\" \/><\/figure>\n\n\n\n<figure class=\"wp-block-image size-large\"><img decoding=\"async\" width=\"1024\" height=\"492\" data-src=\"http:\/\/www.design-award.cz\/wp-content\/uploads\/2022\/04\/tachova_celek2-1024x492.jpg\" alt=\"\" class=\"wp-image-902 lazyload\" data-srcset=\"https:\/\/www.design-award.cz\/wp-content\/uploads\/2022\/04\/tachova_celek2-1024x492.jpg 1024w, https:\/\/www.design-award.cz\/wp-content\/uploads\/2022\/04\/tachova_celek2-300x144.jpg 300w, https:\/\/www.design-award.cz\/wp-content\/uploads\/2022\/04\/tachova_celek2-768x369.jpg 768w, https:\/\/www.design-award.cz\/wp-content\/uploads\/2022\/04\/tachova_celek2-500x240.jpg 500w, https:\/\/www.design-award.cz\/wp-content\/uploads\/2022\/04\/tachova_celek2-800x385.jpg 800w, https:\/\/www.design-award.cz\/wp-content\/uploads\/2022\/04\/tachova_celek2-1280x615.jpg 1280w, https:\/\/www.design-award.cz\/wp-content\/uploads\/2022\/04\/tachova_celek2.jpg 1396w\" data-sizes=\"(max-width: 1024px) 100vw, 1024px\" src=\"data:image\/svg+xml;base64,PHN2ZyB3aWR0aD0iMSIgaGVpZ2h0PSIxIiB4bWxucz0iaHR0cDovL3d3dy53My5vcmcvMjAwMC9zdmciPjwvc3ZnPg==\" style=\"--smush-placeholder-width: 1024px; --smush-placeholder-aspect-ratio: 1024\/492;\" \/><\/figure>\n\n\n\n<figure class=\"wp-block-image size-large\"><img decoding=\"async\" width=\"1024\" height=\"560\" data-src=\"http:\/\/www.design-award.cz\/wp-content\/uploads\/2022\/04\/tachova_celek1-1-1024x560.jpg\" alt=\"\" class=\"wp-image-901 lazyload\" data-srcset=\"https:\/\/www.design-award.cz\/wp-content\/uploads\/2022\/04\/tachova_celek1-1-1024x560.jpg 1024w, https:\/\/www.design-award.cz\/wp-content\/uploads\/2022\/04\/tachova_celek1-1-300x164.jpg 300w, https:\/\/www.design-award.cz\/wp-content\/uploads\/2022\/04\/tachova_celek1-1-768x420.jpg 768w, https:\/\/www.design-award.cz\/wp-content\/uploads\/2022\/04\/tachova_celek1-1-500x273.jpg 500w, https:\/\/www.design-award.cz\/wp-content\/uploads\/2022\/04\/tachova_celek1-1-800x437.jpg 800w, https:\/\/www.design-award.cz\/wp-content\/uploads\/2022\/04\/tachova_celek1-1-1280x700.jpg 1280w, https:\/\/www.design-award.cz\/wp-content\/uploads\/2022\/04\/tachova_celek1-1.jpg 1363w\" data-sizes=\"(max-width: 1024px) 100vw, 1024px\" src=\"data:image\/svg+xml;base64,PHN2ZyB3aWR0aD0iMSIgaGVpZ2h0PSIxIiB4bWxucz0iaHR0cDovL3d3dy53My5vcmcvMjAwMC9zdmciPjwvc3ZnPg==\" style=\"--smush-placeholder-width: 1024px; --smush-placeholder-aspect-ratio: 1024\/560;\" \/><\/figure>\n\n\n\n<figure class=\"wp-block-image size-large\"><img decoding=\"async\" width=\"1024\" height=\"470\" data-src=\"http:\/\/www.design-award.cz\/wp-content\/uploads\/2022\/04\/tachova_celek5-1-1024x470.jpg\" alt=\"\" class=\"wp-image-905 lazyload\" data-srcset=\"https:\/\/www.design-award.cz\/wp-content\/uploads\/2022\/04\/tachova_celek5-1-1024x470.jpg 1024w, https:\/\/www.design-award.cz\/wp-content\/uploads\/2022\/04\/tachova_celek5-1-300x138.jpg 300w, https:\/\/www.design-award.cz\/wp-content\/uploads\/2022\/04\/tachova_celek5-1-768x352.jpg 768w, https:\/\/www.design-award.cz\/wp-content\/uploads\/2022\/04\/tachova_celek5-1-500x229.jpg 500w, https:\/\/www.design-award.cz\/wp-content\/uploads\/2022\/04\/tachova_celek5-1-800x367.jpg 800w, https:\/\/www.design-award.cz\/wp-content\/uploads\/2022\/04\/tachova_celek5-1-1280x587.jpg 1280w, https:\/\/www.design-award.cz\/wp-content\/uploads\/2022\/04\/tachova_celek5-1.jpg 1502w\" data-sizes=\"(max-width: 1024px) 100vw, 1024px\" src=\"data:image\/svg+xml;base64,PHN2ZyB3aWR0aD0iMSIgaGVpZ2h0PSIxIiB4bWxucz0iaHR0cDovL3d3dy53My5vcmcvMjAwMC9zdmciPjwvc3ZnPg==\" style=\"--smush-placeholder-width: 1024px; --smush-placeholder-aspect-ratio: 1024\/470;\" \/><\/figure>\n\n\n\n<figure class=\"wp-block-image size-full\"><img decoding=\"async\" width=\"983\" height=\"738\" data-src=\"http:\/\/www.design-award.cz\/wp-content\/uploads\/2022\/04\/tachova_dispozice.jpg\" alt=\"\" class=\"wp-image-906 lazyload\" data-srcset=\"https:\/\/www.design-award.cz\/wp-content\/uploads\/2022\/04\/tachova_dispozice.jpg 983w, https:\/\/www.design-award.cz\/wp-content\/uploads\/2022\/04\/tachova_dispozice-300x225.jpg 300w, https:\/\/www.design-award.cz\/wp-content\/uploads\/2022\/04\/tachova_dispozice-768x577.jpg 768w, https:\/\/www.design-award.cz\/wp-content\/uploads\/2022\/04\/tachova_dispozice-500x375.jpg 500w, https:\/\/www.design-award.cz\/wp-content\/uploads\/2022\/04\/tachova_dispozice-800x601.jpg 800w\" data-sizes=\"(max-width: 983px) 100vw, 983px\" src=\"data:image\/svg+xml;base64,PHN2ZyB3aWR0aD0iMSIgaGVpZ2h0PSIxIiB4bWxucz0iaHR0cDovL3d3dy53My5vcmcvMjAwMC9zdmciPjwvc3ZnPg==\" style=\"--smush-placeholder-width: 983px; --smush-placeholder-aspect-ratio: 983\/738;\" \/><\/figure>\n\n\n<div class=\"wp-block-visual-portfolio\">\n<div class=\"vp-portfolio vp-uid-2ece4a06 vp-id-607\"\n\tdata-vp-layout=\"slider\" data-vp-content-source=\"post-based\" data-vp-items-style=\"fade\" data-vp-items-click-action=\"url\" data-vp-items-gap=\"12\" data-vp-items-gap-vertical=\"\" data-vp-pagination=\"load-more\" data-vp-next-page-url=\"https:\/\/www.design-award.cz\/index.php?rest_route=%2Fwp%2Fv2%2Fportfolio%2F907&#038;vp_page=2\" data-vp-random-seed=\"2515884711\" data-vp-slider-effect=\"slide\" data-vp-slider-items-height=\"80%\" data-vp-slider-items-min-height=\"\" data-vp-slider-slides-per-view=\"3\" data-vp-slider-speed=\"0.3\" data-vp-slider-autoplay=\"4.8\" data-vp-slider-autoplay-hover-pause=\"false\" data-vp-slider-centered-slides=\"true\" data-vp-slider-loop=\"true\" data-vp-slider-free-mode=\"false\" data-vp-slider-free-mode-sticky=\"false\" data-vp-slider-arrows=\"true\" data-vp-slider-bullets=\"false\" data-vp-slider-bullets-dynamic=\"false\" data-vp-slider-mousewheel=\"false\" data-vp-slider-thumbnails=\"false\" >\n\t<div class=\"vp-portfolio__preloader-wrap\">\n\t\t<div class=\"vp-portfolio__preloader\">\n\t\t\t<img decoding=\"async\" loading=\"eager\" src=\"https:\/\/www.design-award.cz\/wp-content\/plugins\/visual-portfolio\/assets\/images\/logo-dark.svg\" alt=\"Visual Portfolio, Posts &amp; Image Gallery for WordPress\" width=\"20\" height=\"20\" data-skip-lazy>\n\t\t<\/div>\n\t<\/div>\n\t\t<div class=\"vp-portfolio__items-wrap\">\n\t\t\t\n<div class=\"vp-portfolio__items vp-portfolio__items-style-fade vp-portfolio__items-show-overlay-hover\">\n\n\t\t<article\t\tclass=\"vp-portfolio__item-wrap post-4635 portfolio type-portfolio status-publish format-standard has-post-thumbnail hentry entry has-media vp-portfolio__item-uid-96745c7f\" data-vp-filter=\"\" \t\t>\n\t\t\t\t\t\t\t\t\t<figure class=\"vp-portfolio__item\">\n\t\t\t\t\n<div class=\"vp-portfolio__item-img-wrap\">\n\t<div class=\"vp-portfolio__item-img\">\n\t\t\t<a\n\t\thref=\"https:\/\/www.design-award.cz\/?portfolio=interierovy-design-fixpoint\"\n\t\t\t>\n\t\n\t\t<noscript><img decoding=\"async\" width=\"1920\" height=\"1080\" data-skip-lazy src=\"https:\/\/www.design-award.cz\/wp-content\/uploads\/2025\/06\/Image4.png\" class=\"wp-image-4638\" alt=\"\" srcset=\"https:\/\/www.design-award.cz\/wp-content\/uploads\/2025\/06\/Image4.png 1920w, https:\/\/www.design-award.cz\/wp-content\/uploads\/2025\/06\/Image4-300x169.png 300w, https:\/\/www.design-award.cz\/wp-content\/uploads\/2025\/06\/Image4-1024x576.png 1024w, https:\/\/www.design-award.cz\/wp-content\/uploads\/2025\/06\/Image4-768x432.png 768w, https:\/\/www.design-award.cz\/wp-content\/uploads\/2025\/06\/Image4-1536x864.png 1536w, https:\/\/www.design-award.cz\/wp-content\/uploads\/2025\/06\/Image4-800x450.png 800w, https:\/\/www.design-award.cz\/wp-content\/uploads\/2025\/06\/Image4-500x281.png 500w, https:\/\/www.design-award.cz\/wp-content\/uploads\/2025\/06\/Image4-1280x720.png 1280w\" sizes=\"(max-width: 1920px) 100vw, 1920px\" \/><\/noscript><img fetchpriority=\"high\" decoding=\"async\" width=\"1920\" height=\"1080\" src=\"https:\/\/www.design-award.cz\/wp-content\/uploads\/2025\/06\/Image4.png\" class=\"wp-image-4638 vp-lazyload\" alt srcset=\"data:image\/svg+xml;base64,PHN2ZyB3aWR0aD0iMTkyMCIgaGVpZ2h0PSIxMDgwIiB2aWV3Qm94PSIwIDAgMTkyMCAxMDgwIiBmaWxsPSJub25lIiB4bWxucz0iaHR0cDovL3d3dy53My5vcmcvMjAwMC9zdmciPjwvc3ZnPg==\" data-src=\"https:\/\/www.design-award.cz\/wp-content\/uploads\/2025\/06\/Image4.png\" data-srcset=\"https:\/\/www.design-award.cz\/wp-content\/uploads\/2025\/06\/Image4.png 1920w, https:\/\/www.design-award.cz\/wp-content\/uploads\/2025\/06\/Image4-300x169.png 300w, https:\/\/www.design-award.cz\/wp-content\/uploads\/2025\/06\/Image4-1024x576.png 1024w, https:\/\/www.design-award.cz\/wp-content\/uploads\/2025\/06\/Image4-768x432.png 768w, https:\/\/www.design-award.cz\/wp-content\/uploads\/2025\/06\/Image4-1536x864.png 1536w, https:\/\/www.design-award.cz\/wp-content\/uploads\/2025\/06\/Image4-800x450.png 800w, https:\/\/www.design-award.cz\/wp-content\/uploads\/2025\/06\/Image4-500x281.png 500w, https:\/\/www.design-award.cz\/wp-content\/uploads\/2025\/06\/Image4-1280x720.png 1280w\" data-sizes=\"auto\" loading=\"eager\">\n\t\t<\/a>\t<\/div>\n<\/div>\n\t<figcaption class=\"vp-portfolio__item-overlay vp-portfolio__item-overlay-text-align-center\">\n\t\t<div class=\"vp-portfolio__item-meta-wrap vp-portfolio__custom-scrollbar\">\n\t\t\t\t<a\n\t\thref=\"https:\/\/www.design-award.cz\/?portfolio=interierovy-design-fixpoint\"\n\t\ttabindex=\"-1\" class=\"vp-portfolio__item-meta\" \t>\n\t\n<h2 class=\"vp-portfolio__item-meta-title\">\n\tInteri\u00e9rov\u00fd design &#8211; FIXPOINT<\/h2>\n<\/a>\t\t<\/div>\n\t<\/figcaption>\n\t\t\t<\/figure>\n\t\t\t\t\t<\/article>\n\t\t\n\t\t<article\t\tclass=\"vp-portfolio__item-wrap post-4752 portfolio type-portfolio status-publish format-standard has-post-thumbnail hentry entry has-media vp-portfolio__item-uid-5f88046d\" data-vp-filter=\"\" style=\"--vp-images__object-position: 50% 20%;\" \t\t>\n\t\t\t\t\t\t\t\t\t<figure class=\"vp-portfolio__item\">\n\t\t\t\t\n<div class=\"vp-portfolio__item-img-wrap\">\n\t<div class=\"vp-portfolio__item-img\">\n\t\t\t<a\n\t\thref=\"https:\/\/www.design-award.cz\/?portfolio=produktovy-design-flow-chair\"\n\t\t\t>\n\t\n\t\t<noscript><img decoding=\"async\" width=\"1920\" height=\"2880\" data-skip-lazy src=\"https:\/\/www.design-award.cz\/wp-content\/uploads\/2025\/06\/zidle-render-v-prostoru-1-1920x2880.jpg\" class=\"wp-image-4758\" alt=\"\" srcset=\"https:\/\/www.design-award.cz\/wp-content\/uploads\/2025\/06\/zidle-render-v-prostoru-1-1920x2880.jpg 1920w, https:\/\/www.design-award.cz\/wp-content\/uploads\/2025\/06\/zidle-render-v-prostoru-1-200x300.jpg 200w, https:\/\/www.design-award.cz\/wp-content\/uploads\/2025\/06\/zidle-render-v-prostoru-1-683x1024.jpg 683w, https:\/\/www.design-award.cz\/wp-content\/uploads\/2025\/06\/zidle-render-v-prostoru-1-768x1152.jpg 768w, https:\/\/www.design-award.cz\/wp-content\/uploads\/2025\/06\/zidle-render-v-prostoru-1-1024x1536.jpg 1024w, https:\/\/www.design-award.cz\/wp-content\/uploads\/2025\/06\/zidle-render-v-prostoru-1-1365x2048.jpg 1365w, https:\/\/www.design-award.cz\/wp-content\/uploads\/2025\/06\/zidle-render-v-prostoru-1-500x750.jpg 500w, https:\/\/www.design-award.cz\/wp-content\/uploads\/2025\/06\/zidle-render-v-prostoru-1-800x1200.jpg 800w, https:\/\/www.design-award.cz\/wp-content\/uploads\/2025\/06\/zidle-render-v-prostoru-1-1280x1920.jpg 1280w, https:\/\/www.design-award.cz\/wp-content\/uploads\/2025\/06\/zidle-render-v-prostoru-1-scaled.jpg 1707w\" sizes=\"(max-width: 1920px) 100vw, 1920px\" \/><\/noscript><img decoding=\"async\" width=\"1920\" height=\"2880\" src=\"https:\/\/www.design-award.cz\/wp-content\/uploads\/2025\/06\/zidle-render-v-prostoru-1-1920x2880.jpg\" class=\"wp-image-4758 vp-lazyload\" alt srcset=\"data:image\/svg+xml;base64,PHN2ZyB3aWR0aD0iMTkyMCIgaGVpZ2h0PSIyODgwIiB2aWV3Qm94PSIwIDAgMTkyMCAyODgwIiBmaWxsPSJub25lIiB4bWxucz0iaHR0cDovL3d3dy53My5vcmcvMjAwMC9zdmciPjwvc3ZnPg==\" data-src=\"https:\/\/www.design-award.cz\/wp-content\/uploads\/2025\/06\/zidle-render-v-prostoru-1-1920x2880.jpg\" data-srcset=\"https:\/\/www.design-award.cz\/wp-content\/uploads\/2025\/06\/zidle-render-v-prostoru-1-1920x2880.jpg 1920w, https:\/\/www.design-award.cz\/wp-content\/uploads\/2025\/06\/zidle-render-v-prostoru-1-200x300.jpg 200w, https:\/\/www.design-award.cz\/wp-content\/uploads\/2025\/06\/zidle-render-v-prostoru-1-683x1024.jpg 683w, https:\/\/www.design-award.cz\/wp-content\/uploads\/2025\/06\/zidle-render-v-prostoru-1-768x1152.jpg 768w, https:\/\/www.design-award.cz\/wp-content\/uploads\/2025\/06\/zidle-render-v-prostoru-1-1024x1536.jpg 1024w, https:\/\/www.design-award.cz\/wp-content\/uploads\/2025\/06\/zidle-render-v-prostoru-1-1365x2048.jpg 1365w, https:\/\/www.design-award.cz\/wp-content\/uploads\/2025\/06\/zidle-render-v-prostoru-1-500x750.jpg 500w, https:\/\/www.design-award.cz\/wp-content\/uploads\/2025\/06\/zidle-render-v-prostoru-1-800x1200.jpg 800w, https:\/\/www.design-award.cz\/wp-content\/uploads\/2025\/06\/zidle-render-v-prostoru-1-1280x1920.jpg 1280w, https:\/\/www.design-award.cz\/wp-content\/uploads\/2025\/06\/zidle-render-v-prostoru-1-scaled.jpg 1707w\" data-sizes=\"auto\" loading=\"eager\">\n\t\t<\/a>\t<\/div>\n<\/div>\n\t<figcaption class=\"vp-portfolio__item-overlay vp-portfolio__item-overlay-text-align-center\">\n\t\t<div class=\"vp-portfolio__item-meta-wrap vp-portfolio__custom-scrollbar\">\n\t\t\t\t<a\n\t\thref=\"https:\/\/www.design-award.cz\/?portfolio=produktovy-design-flow-chair\"\n\t\ttabindex=\"-1\" class=\"vp-portfolio__item-meta\" \t>\n\t\n<h2 class=\"vp-portfolio__item-meta-title\">\n\tProduktov\u00fd design &#8211; Flow Chair<\/h2>\n<\/a>\t\t<\/div>\n\t<\/figcaption>\n\t\t\t<\/figure>\n\t\t\t\t\t<\/article>\n\t\t\n\t\t<article\t\tclass=\"vp-portfolio__item-wrap post-1280 portfolio type-portfolio status-publish format-standard has-post-thumbnail hentry entry has-media vp-portfolio__item-uid-353d29d5\" data-vp-filter=\"\" \t\t>\n\t\t\t\t\t\t\t\t\t<figure class=\"vp-portfolio__item\">\n\t\t\t\t\n<div class=\"vp-portfolio__item-img-wrap\">\n\t<div class=\"vp-portfolio__item-img\">\n\t\t\t<a\n\t\thref=\"https:\/\/www.design-award.cz\/?portfolio=soukromy-interier-navrh-bytu\"\n\t\t\t>\n\t\n\t\t<noscript><img decoding=\"async\" width=\"1920\" height=\"1358\" data-skip-lazy src=\"https:\/\/www.design-award.cz\/wp-content\/uploads\/2022\/04\/byt-1920x1358.jpg\" class=\"wp-image-1281\" alt=\"\" srcset=\"https:\/\/www.design-award.cz\/wp-content\/uploads\/2022\/04\/byt-1920x1358.jpg 1920w, https:\/\/www.design-award.cz\/wp-content\/uploads\/2022\/04\/byt-300x212.jpg 300w, https:\/\/www.design-award.cz\/wp-content\/uploads\/2022\/04\/byt-1024x724.jpg 1024w, https:\/\/www.design-award.cz\/wp-content\/uploads\/2022\/04\/byt-768x543.jpg 768w, https:\/\/www.design-award.cz\/wp-content\/uploads\/2022\/04\/byt-1536x1086.jpg 1536w, https:\/\/www.design-award.cz\/wp-content\/uploads\/2022\/04\/byt-2048x1448.jpg 2048w, https:\/\/www.design-award.cz\/wp-content\/uploads\/2022\/04\/byt-500x354.jpg 500w, https:\/\/www.design-award.cz\/wp-content\/uploads\/2022\/04\/byt-800x566.jpg 800w, https:\/\/www.design-award.cz\/wp-content\/uploads\/2022\/04\/byt-1280x905.jpg 1280w\" sizes=\"(max-width: 1920px) 100vw, 1920px\" \/><\/noscript><img decoding=\"async\" width=\"1920\" height=\"1358\" src=\"https:\/\/www.design-award.cz\/wp-content\/uploads\/2022\/04\/byt-1920x1358.jpg\" class=\"wp-image-1281 vp-lazyload\" alt srcset=\"data:image\/svg+xml;base64,PHN2ZyB3aWR0aD0iMTkyMCIgaGVpZ2h0PSIxMzU4IiB2aWV3Qm94PSIwIDAgMTkyMCAxMzU4IiBmaWxsPSJub25lIiB4bWxucz0iaHR0cDovL3d3dy53My5vcmcvMjAwMC9zdmciPjwvc3ZnPg==\" data-src=\"https:\/\/www.design-award.cz\/wp-content\/uploads\/2022\/04\/byt-1920x1358.jpg\" data-srcset=\"https:\/\/www.design-award.cz\/wp-content\/uploads\/2022\/04\/byt-1920x1358.jpg 1920w, https:\/\/www.design-award.cz\/wp-content\/uploads\/2022\/04\/byt-300x212.jpg 300w, https:\/\/www.design-award.cz\/wp-content\/uploads\/2022\/04\/byt-1024x724.jpg 1024w, https:\/\/www.design-award.cz\/wp-content\/uploads\/2022\/04\/byt-768x543.jpg 768w, https:\/\/www.design-award.cz\/wp-content\/uploads\/2022\/04\/byt-1536x1086.jpg 1536w, https:\/\/www.design-award.cz\/wp-content\/uploads\/2022\/04\/byt-2048x1448.jpg 2048w, https:\/\/www.design-award.cz\/wp-content\/uploads\/2022\/04\/byt-500x354.jpg 500w, https:\/\/www.design-award.cz\/wp-content\/uploads\/2022\/04\/byt-800x566.jpg 800w, https:\/\/www.design-award.cz\/wp-content\/uploads\/2022\/04\/byt-1280x905.jpg 1280w\" data-sizes=\"auto\" loading=\"eager\">\n\t\t<\/a>\t<\/div>\n<\/div>\n\t<figcaption class=\"vp-portfolio__item-overlay vp-portfolio__item-overlay-text-align-center\">\n\t\t<div class=\"vp-portfolio__item-meta-wrap vp-portfolio__custom-scrollbar\">\n\t\t\t\t<a\n\t\thref=\"https:\/\/www.design-award.cz\/?portfolio=soukromy-interier-navrh-bytu\"\n\t\ttabindex=\"-1\" class=\"vp-portfolio__item-meta\" \t>\n\t\n<h2 class=\"vp-portfolio__item-meta-title\">\n\tSoukrom\u00fd interi\u00e9r &#8211; N\u00e1vrh bytu<\/h2>\n<\/a>\t\t<\/div>\n\t<\/figcaption>\n\t\t\t<\/figure>\n\t\t\t\t\t<\/article>\n\t\t\n\t\t<article\t\tclass=\"vp-portfolio__item-wrap post-2474 portfolio type-portfolio status-publish format-standard has-post-thumbnail hentry portfolio_category-soutezici-2023 entry has-media vp-portfolio__item-uid-a3f0225f\" data-vp-filter=\"soutezici-2023\" \t\t>\n\t\t\t\t\t\t\t\t\t<figure class=\"vp-portfolio__item\">\n\t\t\t\t\n<div class=\"vp-portfolio__item-img-wrap\">\n\t<div class=\"vp-portfolio__item-img\">\n\t\t\t<a\n\t\thref=\"https:\/\/www.design-award.cz\/?portfolio=soukromy-interier-finska-sauna-u-jezera\"\n\t\t\t>\n\t\n\t\t<noscript><img decoding=\"async\" width=\"1920\" height=\"2688\" data-skip-lazy src=\"https:\/\/www.design-award.cz\/wp-content\/uploads\/2023\/04\/BARTALOVA_SAUNA-1920x2688.jpg\" class=\"wp-image-2475\" alt=\"\" srcset=\"https:\/\/www.design-award.cz\/wp-content\/uploads\/2023\/04\/BARTALOVA_SAUNA-1920x2688.jpg 1920w, https:\/\/www.design-award.cz\/wp-content\/uploads\/2023\/04\/BARTALOVA_SAUNA-214x300.jpg 214w, https:\/\/www.design-award.cz\/wp-content\/uploads\/2023\/04\/BARTALOVA_SAUNA-731x1024.jpg 731w, https:\/\/www.design-award.cz\/wp-content\/uploads\/2023\/04\/BARTALOVA_SAUNA-768x1075.jpg 768w, https:\/\/www.design-award.cz\/wp-content\/uploads\/2023\/04\/BARTALOVA_SAUNA-1097x1536.jpg 1097w, https:\/\/www.design-award.cz\/wp-content\/uploads\/2023\/04\/BARTALOVA_SAUNA-1463x2048.jpg 1463w, https:\/\/www.design-award.cz\/wp-content\/uploads\/2023\/04\/BARTALOVA_SAUNA-500x700.jpg 500w, https:\/\/www.design-award.cz\/wp-content\/uploads\/2023\/04\/BARTALOVA_SAUNA-800x1120.jpg 800w, https:\/\/www.design-award.cz\/wp-content\/uploads\/2023\/04\/BARTALOVA_SAUNA-1280x1792.jpg 1280w, https:\/\/www.design-award.cz\/wp-content\/uploads\/2023\/04\/BARTALOVA_SAUNA-scaled.jpg 1829w\" sizes=\"(max-width: 1920px) 100vw, 1920px\" \/><\/noscript><img decoding=\"async\" width=\"1920\" height=\"2688\" src=\"https:\/\/www.design-award.cz\/wp-content\/uploads\/2023\/04\/BARTALOVA_SAUNA-1920x2688.jpg\" class=\"wp-image-2475 vp-lazyload\" alt srcset=\"data:image\/svg+xml;base64,PHN2ZyB3aWR0aD0iMTkyMCIgaGVpZ2h0PSIyNjg4IiB2aWV3Qm94PSIwIDAgMTkyMCAyNjg4IiBmaWxsPSJub25lIiB4bWxucz0iaHR0cDovL3d3dy53My5vcmcvMjAwMC9zdmciPjwvc3ZnPg==\" data-src=\"https:\/\/www.design-award.cz\/wp-content\/uploads\/2023\/04\/BARTALOVA_SAUNA-1920x2688.jpg\" data-srcset=\"https:\/\/www.design-award.cz\/wp-content\/uploads\/2023\/04\/BARTALOVA_SAUNA-1920x2688.jpg 1920w, https:\/\/www.design-award.cz\/wp-content\/uploads\/2023\/04\/BARTALOVA_SAUNA-214x300.jpg 214w, https:\/\/www.design-award.cz\/wp-content\/uploads\/2023\/04\/BARTALOVA_SAUNA-731x1024.jpg 731w, https:\/\/www.design-award.cz\/wp-content\/uploads\/2023\/04\/BARTALOVA_SAUNA-768x1075.jpg 768w, https:\/\/www.design-award.cz\/wp-content\/uploads\/2023\/04\/BARTALOVA_SAUNA-1097x1536.jpg 1097w, https:\/\/www.design-award.cz\/wp-content\/uploads\/2023\/04\/BARTALOVA_SAUNA-1463x2048.jpg 1463w, https:\/\/www.design-award.cz\/wp-content\/uploads\/2023\/04\/BARTALOVA_SAUNA-500x700.jpg 500w, https:\/\/www.design-award.cz\/wp-content\/uploads\/2023\/04\/BARTALOVA_SAUNA-800x1120.jpg 800w, https:\/\/www.design-award.cz\/wp-content\/uploads\/2023\/04\/BARTALOVA_SAUNA-1280x1792.jpg 1280w, https:\/\/www.design-award.cz\/wp-content\/uploads\/2023\/04\/BARTALOVA_SAUNA-scaled.jpg 1829w\" data-sizes=\"auto\" loading=\"eager\">\n\t\t<\/a>\t<\/div>\n<\/div>\n\t<figcaption class=\"vp-portfolio__item-overlay vp-portfolio__item-overlay-text-align-center\">\n\t\t<div class=\"vp-portfolio__item-meta-wrap vp-portfolio__custom-scrollbar\">\n\t\t\t\t<a\n\t\thref=\"https:\/\/www.design-award.cz\/?portfolio=soukromy-interier-finska-sauna-u-jezera\"\n\t\ttabindex=\"-1\" class=\"vp-portfolio__item-meta\" \t>\n\t\n<div class=\"vp-portfolio__item-meta-categories\">\n\t\t\t<div class=\"vp-portfolio__item-meta-category\">\n\t\t\t\t<span\t\t\t>\n\tSOUT\u011a\u017d\u00cdC\u00cd 2023<\/span>\t\t<\/div>\n\t\t<\/div>\n\n<h2 class=\"vp-portfolio__item-meta-title\">\n\tVe\u0159ejn\u00fd interi\u00e9r &#8211; Finsk\u00e1 sauna u jezera<\/h2>\n<\/a>\t\t<\/div>\n\t<\/figcaption>\n\t\t\t<\/figure>\n\t\t\t\t\t<\/article>\n\t\t\n\t\t<article\t\tclass=\"vp-portfolio__item-wrap post-3358 portfolio type-portfolio status-publish format-standard has-post-thumbnail hentry entry has-media vp-portfolio__item-uid-25837d16\" data-vp-filter=\"\" \t\t>\n\t\t\t\t\t\t\t\t\t<figure class=\"vp-portfolio__item\">\n\t\t\t\t\n<div class=\"vp-portfolio__item-img-wrap\">\n\t<div class=\"vp-portfolio__item-img\">\n\t\t\t<a\n\t\thref=\"https:\/\/www.design-award.cz\/?portfolio=verejny-interier-bistro-svit\"\n\t\t\t>\n\t\n\t\t<noscript><img decoding=\"async\" width=\"1575\" height=\"886\" data-skip-lazy src=\"https:\/\/www.design-award.cz\/wp-content\/uploads\/2024\/05\/HLAVNI-RENDER-Mensi.jpg\" class=\"wp-image-3359\" alt=\"\" srcset=\"https:\/\/www.design-award.cz\/wp-content\/uploads\/2024\/05\/HLAVNI-RENDER-Mensi.jpg 1575w, https:\/\/www.design-award.cz\/wp-content\/uploads\/2024\/05\/HLAVNI-RENDER-Mensi-300x169.jpg 300w, https:\/\/www.design-award.cz\/wp-content\/uploads\/2024\/05\/HLAVNI-RENDER-Mensi-1024x576.jpg 1024w, https:\/\/www.design-award.cz\/wp-content\/uploads\/2024\/05\/HLAVNI-RENDER-Mensi-768x432.jpg 768w, https:\/\/www.design-award.cz\/wp-content\/uploads\/2024\/05\/HLAVNI-RENDER-Mensi-1536x864.jpg 1536w, https:\/\/www.design-award.cz\/wp-content\/uploads\/2024\/05\/HLAVNI-RENDER-Mensi-500x281.jpg 500w, https:\/\/www.design-award.cz\/wp-content\/uploads\/2024\/05\/HLAVNI-RENDER-Mensi-800x450.jpg 800w, https:\/\/www.design-award.cz\/wp-content\/uploads\/2024\/05\/HLAVNI-RENDER-Mensi-1280x720.jpg 1280w\" sizes=\"(max-width: 1575px) 100vw, 1575px\" \/><\/noscript><img decoding=\"async\" width=\"1575\" height=\"886\" src=\"https:\/\/www.design-award.cz\/wp-content\/uploads\/2024\/05\/HLAVNI-RENDER-Mensi.jpg\" class=\"wp-image-3359 vp-lazyload\" alt srcset=\"data:image\/svg+xml;base64,PHN2ZyB3aWR0aD0iMTU3NSIgaGVpZ2h0PSI4ODYiIHZpZXdCb3g9IjAgMCAxNTc1IDg4NiIgZmlsbD0ibm9uZSIgeG1sbnM9Imh0dHA6Ly93d3cudzMub3JnLzIwMDAvc3ZnIj48L3N2Zz4=\" data-src=\"https:\/\/www.design-award.cz\/wp-content\/uploads\/2024\/05\/HLAVNI-RENDER-Mensi.jpg\" data-srcset=\"https:\/\/www.design-award.cz\/wp-content\/uploads\/2024\/05\/HLAVNI-RENDER-Mensi.jpg 1575w, https:\/\/www.design-award.cz\/wp-content\/uploads\/2024\/05\/HLAVNI-RENDER-Mensi-300x169.jpg 300w, https:\/\/www.design-award.cz\/wp-content\/uploads\/2024\/05\/HLAVNI-RENDER-Mensi-1024x576.jpg 1024w, https:\/\/www.design-award.cz\/wp-content\/uploads\/2024\/05\/HLAVNI-RENDER-Mensi-768x432.jpg 768w, https:\/\/www.design-award.cz\/wp-content\/uploads\/2024\/05\/HLAVNI-RENDER-Mensi-1536x864.jpg 1536w, https:\/\/www.design-award.cz\/wp-content\/uploads\/2024\/05\/HLAVNI-RENDER-Mensi-500x281.jpg 500w, https:\/\/www.design-award.cz\/wp-content\/uploads\/2024\/05\/HLAVNI-RENDER-Mensi-800x450.jpg 800w, https:\/\/www.design-award.cz\/wp-content\/uploads\/2024\/05\/HLAVNI-RENDER-Mensi-1280x720.jpg 1280w\" data-sizes=\"auto\" loading=\"eager\">\n\t\t<\/a>\t<\/div>\n<\/div>\n\t<figcaption class=\"vp-portfolio__item-overlay vp-portfolio__item-overlay-text-align-center\">\n\t\t<div class=\"vp-portfolio__item-meta-wrap vp-portfolio__custom-scrollbar\">\n\t\t\t\t<a\n\t\thref=\"https:\/\/www.design-award.cz\/?portfolio=verejny-interier-bistro-svit\"\n\t\ttabindex=\"-1\" class=\"vp-portfolio__item-meta\" \t>\n\t\n<h2 class=\"vp-portfolio__item-meta-title\">\n\tVe\u0159ejn\u00fd interi\u00e9r &#8211; Bistro Svit<\/h2>\n<\/a>\t\t<\/div>\n\t<\/figcaption>\n\t\t\t<\/figure>\n\t\t\t\t\t<\/article>\n\t\t\n\t\t<article\t\tclass=\"vp-portfolio__item-wrap post-4166 portfolio type-portfolio status-publish format-standard has-post-thumbnail hentry entry has-media vp-portfolio__item-uid-7745ef05\" data-vp-filter=\"\" \t\t>\n\t\t\t\t\t\t\t\t\t<figure class=\"vp-portfolio__item\">\n\t\t\t\t\n<div class=\"vp-portfolio__item-img-wrap\">\n\t<div class=\"vp-portfolio__item-img\">\n\t\t\t<a\n\t\thref=\"https:\/\/www.design-award.cz\/?portfolio=produktovy-design-carousel-kolotoc\"\n\t\t\t>\n\t\n\t\t<noscript><img decoding=\"async\" width=\"1920\" height=\"1080\" data-skip-lazy src=\"https:\/\/www.design-award.cz\/wp-content\/uploads\/2024\/07\/Pomazunovska_vizualizace-5-1920x1080.jpg\" class=\"wp-image-4221\" alt=\"\" srcset=\"https:\/\/www.design-award.cz\/wp-content\/uploads\/2024\/07\/Pomazunovska_vizualizace-5-1920x1080.jpg 1920w, https:\/\/www.design-award.cz\/wp-content\/uploads\/2024\/07\/Pomazunovska_vizualizace-5-300x169.jpg 300w, https:\/\/www.design-award.cz\/wp-content\/uploads\/2024\/07\/Pomazunovska_vizualizace-5-1024x576.jpg 1024w, https:\/\/www.design-award.cz\/wp-content\/uploads\/2024\/07\/Pomazunovska_vizualizace-5-768x432.jpg 768w, https:\/\/www.design-award.cz\/wp-content\/uploads\/2024\/07\/Pomazunovska_vizualizace-5-1536x864.jpg 1536w, https:\/\/www.design-award.cz\/wp-content\/uploads\/2024\/07\/Pomazunovska_vizualizace-5-2048x1152.jpg 2048w, https:\/\/www.design-award.cz\/wp-content\/uploads\/2024\/07\/Pomazunovska_vizualizace-5-500x281.jpg 500w, https:\/\/www.design-award.cz\/wp-content\/uploads\/2024\/07\/Pomazunovska_vizualizace-5-800x450.jpg 800w, https:\/\/www.design-award.cz\/wp-content\/uploads\/2024\/07\/Pomazunovska_vizualizace-5-1280x720.jpg 1280w\" sizes=\"(max-width: 1920px) 100vw, 1920px\" \/><\/noscript><img decoding=\"async\" width=\"1920\" height=\"1080\" src=\"https:\/\/www.design-award.cz\/wp-content\/uploads\/2024\/07\/Pomazunovska_vizualizace-5-1920x1080.jpg\" class=\"wp-image-4221 vp-lazyload\" alt srcset=\"data:image\/svg+xml;base64,PHN2ZyB3aWR0aD0iMTkyMCIgaGVpZ2h0PSIxMDgwIiB2aWV3Qm94PSIwIDAgMTkyMCAxMDgwIiBmaWxsPSJub25lIiB4bWxucz0iaHR0cDovL3d3dy53My5vcmcvMjAwMC9zdmciPjwvc3ZnPg==\" data-src=\"https:\/\/www.design-award.cz\/wp-content\/uploads\/2024\/07\/Pomazunovska_vizualizace-5-1920x1080.jpg\" data-srcset=\"https:\/\/www.design-award.cz\/wp-content\/uploads\/2024\/07\/Pomazunovska_vizualizace-5-1920x1080.jpg 1920w, https:\/\/www.design-award.cz\/wp-content\/uploads\/2024\/07\/Pomazunovska_vizualizace-5-300x169.jpg 300w, https:\/\/www.design-award.cz\/wp-content\/uploads\/2024\/07\/Pomazunovska_vizualizace-5-1024x576.jpg 1024w, https:\/\/www.design-award.cz\/wp-content\/uploads\/2024\/07\/Pomazunovska_vizualizace-5-768x432.jpg 768w, https:\/\/www.design-award.cz\/wp-content\/uploads\/2024\/07\/Pomazunovska_vizualizace-5-1536x864.jpg 1536w, https:\/\/www.design-award.cz\/wp-content\/uploads\/2024\/07\/Pomazunovska_vizualizace-5-2048x1152.jpg 2048w, https:\/\/www.design-award.cz\/wp-content\/uploads\/2024\/07\/Pomazunovska_vizualizace-5-500x281.jpg 500w, https:\/\/www.design-award.cz\/wp-content\/uploads\/2024\/07\/Pomazunovska_vizualizace-5-800x450.jpg 800w, https:\/\/www.design-award.cz\/wp-content\/uploads\/2024\/07\/Pomazunovska_vizualizace-5-1280x720.jpg 1280w\" data-sizes=\"auto\" loading=\"eager\">\n\t\t<\/a>\t<\/div>\n<\/div>\n\t<figcaption class=\"vp-portfolio__item-overlay vp-portfolio__item-overlay-text-align-center\">\n\t\t<div class=\"vp-portfolio__item-meta-wrap vp-portfolio__custom-scrollbar\">\n\t\t\t\t<a\n\t\thref=\"https:\/\/www.design-award.cz\/?portfolio=produktovy-design-carousel-kolotoc\"\n\t\ttabindex=\"-1\" class=\"vp-portfolio__item-meta\" \t>\n\t\n<h2 class=\"vp-portfolio__item-meta-title\">\n\tProduktov\u00fd design &#8211; Carousel \/ koloto\u010d<\/h2>\n<\/a>\t\t<\/div>\n\t<\/figcaption>\n\t\t\t<\/figure>\n\t\t\t\t\t<\/article>\n\t\t\n\t\t<article\t\tclass=\"vp-portfolio__item-wrap post-5080 portfolio type-portfolio status-publish format-standard has-post-thumbnail hentry entry has-media vp-portfolio__item-uid-b9db6aec\" data-vp-filter=\"\" \t\t>\n\t\t\t\t\t\t\t\t\t<figure class=\"vp-portfolio__item\">\n\t\t\t\t\n<div class=\"vp-portfolio__item-img-wrap\">\n\t<div class=\"vp-portfolio__item-img\">\n\t\t\t<a\n\t\thref=\"https:\/\/www.design-award.cz\/?portfolio=produktovy-design-fazulin\"\n\t\t\t>\n\t\n\t\t<noscript><img decoding=\"async\" width=\"1920\" height=\"1358\" data-skip-lazy src=\"https:\/\/www.design-award.cz\/wp-content\/uploads\/2025\/06\/Fazulin_vizu-1920x1358.jpg\" class=\"wp-image-5088\" alt=\"\" srcset=\"https:\/\/www.design-award.cz\/wp-content\/uploads\/2025\/06\/Fazulin_vizu-1920x1358.jpg 1920w, https:\/\/www.design-award.cz\/wp-content\/uploads\/2025\/06\/Fazulin_vizu-300x212.jpg 300w, https:\/\/www.design-award.cz\/wp-content\/uploads\/2025\/06\/Fazulin_vizu-1024x724.jpg 1024w, https:\/\/www.design-award.cz\/wp-content\/uploads\/2025\/06\/Fazulin_vizu-768x543.jpg 768w, https:\/\/www.design-award.cz\/wp-content\/uploads\/2025\/06\/Fazulin_vizu-1536x1086.jpg 1536w, https:\/\/www.design-award.cz\/wp-content\/uploads\/2025\/06\/Fazulin_vizu-2048x1448.jpg 2048w, https:\/\/www.design-award.cz\/wp-content\/uploads\/2025\/06\/Fazulin_vizu-500x354.jpg 500w, https:\/\/www.design-award.cz\/wp-content\/uploads\/2025\/06\/Fazulin_vizu-800x566.jpg 800w, https:\/\/www.design-award.cz\/wp-content\/uploads\/2025\/06\/Fazulin_vizu-1280x905.jpg 1280w\" sizes=\"(max-width: 1920px) 100vw, 1920px\" \/><\/noscript><img decoding=\"async\" width=\"1920\" height=\"1358\" src=\"https:\/\/www.design-award.cz\/wp-content\/uploads\/2025\/06\/Fazulin_vizu-1920x1358.jpg\" class=\"wp-image-5088 vp-lazyload\" alt srcset=\"data:image\/svg+xml;base64,PHN2ZyB3aWR0aD0iMTkyMCIgaGVpZ2h0PSIxMzU4IiB2aWV3Qm94PSIwIDAgMTkyMCAxMzU4IiBmaWxsPSJub25lIiB4bWxucz0iaHR0cDovL3d3dy53My5vcmcvMjAwMC9zdmciPjwvc3ZnPg==\" data-src=\"https:\/\/www.design-award.cz\/wp-content\/uploads\/2025\/06\/Fazulin_vizu-1920x1358.jpg\" data-srcset=\"https:\/\/www.design-award.cz\/wp-content\/uploads\/2025\/06\/Fazulin_vizu-1920x1358.jpg 1920w, https:\/\/www.design-award.cz\/wp-content\/uploads\/2025\/06\/Fazulin_vizu-300x212.jpg 300w, https:\/\/www.design-award.cz\/wp-content\/uploads\/2025\/06\/Fazulin_vizu-1024x724.jpg 1024w, https:\/\/www.design-award.cz\/wp-content\/uploads\/2025\/06\/Fazulin_vizu-768x543.jpg 768w, https:\/\/www.design-award.cz\/wp-content\/uploads\/2025\/06\/Fazulin_vizu-1536x1086.jpg 1536w, https:\/\/www.design-award.cz\/wp-content\/uploads\/2025\/06\/Fazulin_vizu-2048x1448.jpg 2048w, https:\/\/www.design-award.cz\/wp-content\/uploads\/2025\/06\/Fazulin_vizu-500x354.jpg 500w, https:\/\/www.design-award.cz\/wp-content\/uploads\/2025\/06\/Fazulin_vizu-800x566.jpg 800w, https:\/\/www.design-award.cz\/wp-content\/uploads\/2025\/06\/Fazulin_vizu-1280x905.jpg 1280w\" data-sizes=\"auto\" loading=\"eager\">\n\t\t<\/a>\t<\/div>\n<\/div>\n\t<figcaption class=\"vp-portfolio__item-overlay vp-portfolio__item-overlay-text-align-center\">\n\t\t<div class=\"vp-portfolio__item-meta-wrap vp-portfolio__custom-scrollbar\">\n\t\t\t\t<a\n\t\thref=\"https:\/\/www.design-award.cz\/?portfolio=produktovy-design-fazulin\"\n\t\ttabindex=\"-1\" class=\"vp-portfolio__item-meta\" \t>\n\t\n<h2 class=\"vp-portfolio__item-meta-title\">\n\tProduktov\u00fd design &#8211; Fazulin<\/h2>\n<\/a>\t\t<\/div>\n\t<\/figcaption>\n\t\t\t<\/figure>\n\t\t\t\t\t<\/article>\n\t\t\n\t\t<article\t\tclass=\"vp-portfolio__item-wrap post-5567 portfolio type-portfolio status-publish format-standard has-post-thumbnail hentry entry has-media vp-portfolio__item-uid-bff7102a\" data-vp-filter=\"\" \t\t>\n\t\t\t\t\t\t\t\t\t<figure class=\"vp-portfolio__item\">\n\t\t\t\t\n<div class=\"vp-portfolio__item-img-wrap\">\n\t<div class=\"vp-portfolio__item-img\">\n\t\t\t<a\n\t\thref=\"https:\/\/www.design-award.cz\/?portfolio=interierovy-design-studio-interieroveho-designera-3\"\n\t\t\t>\n\t\n\t\t<noscript><img decoding=\"async\" width=\"1920\" height=\"1006\" data-skip-lazy src=\"https:\/\/www.design-award.cz\/wp-content\/uploads\/2025\/06\/BLAHOVA_Justyna_studio_interieroveho_designera_vizualizace-1920x1006.jpg\" class=\"wp-image-5595\" alt=\"\" srcset=\"https:\/\/www.design-award.cz\/wp-content\/uploads\/2025\/06\/BLAHOVA_Justyna_studio_interieroveho_designera_vizualizace-1920x1006.jpg 1920w, https:\/\/www.design-award.cz\/wp-content\/uploads\/2025\/06\/BLAHOVA_Justyna_studio_interieroveho_designera_vizualizace-300x157.jpg 300w, https:\/\/www.design-award.cz\/wp-content\/uploads\/2025\/06\/BLAHOVA_Justyna_studio_interieroveho_designera_vizualizace-1024x536.jpg 1024w, https:\/\/www.design-award.cz\/wp-content\/uploads\/2025\/06\/BLAHOVA_Justyna_studio_interieroveho_designera_vizualizace-768x402.jpg 768w, https:\/\/www.design-award.cz\/wp-content\/uploads\/2025\/06\/BLAHOVA_Justyna_studio_interieroveho_designera_vizualizace-1536x804.jpg 1536w, https:\/\/www.design-award.cz\/wp-content\/uploads\/2025\/06\/BLAHOVA_Justyna_studio_interieroveho_designera_vizualizace-2048x1073.jpg 2048w, https:\/\/www.design-award.cz\/wp-content\/uploads\/2025\/06\/BLAHOVA_Justyna_studio_interieroveho_designera_vizualizace-500x262.jpg 500w, https:\/\/www.design-award.cz\/wp-content\/uploads\/2025\/06\/BLAHOVA_Justyna_studio_interieroveho_designera_vizualizace-800x419.jpg 800w, https:\/\/www.design-award.cz\/wp-content\/uploads\/2025\/06\/BLAHOVA_Justyna_studio_interieroveho_designera_vizualizace-1280x670.jpg 1280w\" sizes=\"(max-width: 1920px) 100vw, 1920px\" \/><\/noscript><img decoding=\"async\" width=\"1920\" height=\"1006\" src=\"https:\/\/www.design-award.cz\/wp-content\/uploads\/2025\/06\/BLAHOVA_Justyna_studio_interieroveho_designera_vizualizace-1920x1006.jpg\" class=\"wp-image-5595 vp-lazyload\" alt srcset=\"data:image\/svg+xml;base64,PHN2ZyB3aWR0aD0iMTkyMCIgaGVpZ2h0PSIxMDA2IiB2aWV3Qm94PSIwIDAgMTkyMCAxMDA2IiBmaWxsPSJub25lIiB4bWxucz0iaHR0cDovL3d3dy53My5vcmcvMjAwMC9zdmciPjwvc3ZnPg==\" data-src=\"https:\/\/www.design-award.cz\/wp-content\/uploads\/2025\/06\/BLAHOVA_Justyna_studio_interieroveho_designera_vizualizace-1920x1006.jpg\" data-srcset=\"https:\/\/www.design-award.cz\/wp-content\/uploads\/2025\/06\/BLAHOVA_Justyna_studio_interieroveho_designera_vizualizace-1920x1006.jpg 1920w, https:\/\/www.design-award.cz\/wp-content\/uploads\/2025\/06\/BLAHOVA_Justyna_studio_interieroveho_designera_vizualizace-300x157.jpg 300w, https:\/\/www.design-award.cz\/wp-content\/uploads\/2025\/06\/BLAHOVA_Justyna_studio_interieroveho_designera_vizualizace-1024x536.jpg 1024w, https:\/\/www.design-award.cz\/wp-content\/uploads\/2025\/06\/BLAHOVA_Justyna_studio_interieroveho_designera_vizualizace-768x402.jpg 768w, https:\/\/www.design-award.cz\/wp-content\/uploads\/2025\/06\/BLAHOVA_Justyna_studio_interieroveho_designera_vizualizace-1536x804.jpg 1536w, https:\/\/www.design-award.cz\/wp-content\/uploads\/2025\/06\/BLAHOVA_Justyna_studio_interieroveho_designera_vizualizace-2048x1073.jpg 2048w, https:\/\/www.design-award.cz\/wp-content\/uploads\/2025\/06\/BLAHOVA_Justyna_studio_interieroveho_designera_vizualizace-500x262.jpg 500w, https:\/\/www.design-award.cz\/wp-content\/uploads\/2025\/06\/BLAHOVA_Justyna_studio_interieroveho_designera_vizualizace-800x419.jpg 800w, https:\/\/www.design-award.cz\/wp-content\/uploads\/2025\/06\/BLAHOVA_Justyna_studio_interieroveho_designera_vizualizace-1280x670.jpg 1280w\" data-sizes=\"auto\" loading=\"eager\">\n\t\t<\/a>\t<\/div>\n<\/div>\n\t<figcaption class=\"vp-portfolio__item-overlay vp-portfolio__item-overlay-text-align-center\">\n\t\t<div class=\"vp-portfolio__item-meta-wrap vp-portfolio__custom-scrollbar\">\n\t\t\t\t<a\n\t\thref=\"https:\/\/www.design-award.cz\/?portfolio=interierovy-design-studio-interieroveho-designera-3\"\n\t\ttabindex=\"-1\" class=\"vp-portfolio__item-meta\" \t>\n\t\n<h2 class=\"vp-portfolio__item-meta-title\">\n\tInteri\u00e9rov\u00fd design &#8211; Studio interi\u00e9rov\u00e9ho design\u00e9ra<\/h2>\n<\/a>\t\t<\/div>\n\t<\/figcaption>\n\t\t\t<\/figure>\n\t\t\t\t\t<\/article>\n\t\t\n<\/div>\n\n<div class=\"vp-portfolio__items-arrow vp-portfolio__items-arrow-prev\" tabindex=\"0\" role=\"button\" aria-label=\"Previous Slide\">\n\t\n<svg class=\"vp-svg-icon\" width=\"20\" height=\"20\" viewBox=\"0 0 20 20\" fill=\"none\" xmlns=\"http:\/\/www.w3.org\/2000\/svg\">\n\t<path d=\"M12 4L6 10L12 16\" stroke=\"currentColor\" stroke-width=\"1.5\" stroke-linecap=\"round\" stroke-linejoin=\"round\" fill=\"transparent\" \/>\n<\/svg>\n<\/div>\n<div class=\"vp-portfolio__items-arrow vp-portfolio__items-arrow-next\" tabindex=\"0\" role=\"button\" aria-label=\"Next Slide\">\n\t\n<svg class=\"vp-svg-icon\" width=\"20\" height=\"20\" viewBox=\"0 0 20 20\" fill=\"none\" xmlns=\"http:\/\/www.w3.org\/2000\/svg\">\n\t<path d=\"M8 4L14 10L8 16\" stroke=\"currentColor\" stroke-width=\"1.5\" stroke-linecap=\"round\" stroke-linejoin=\"round\" fill=\"transparent\" \/>\n<\/svg>\n<\/div>\n\t\t<\/div>\n\t\t\t\t<div class=\"vp-portfolio__layout-elements vp-portfolio__layout-elements-bottom vp-portfolio__layout-elements-align-center\">\n\t\t\t\t<div class=\"vp-portfolio__pagination-wrap\">\n\t\t\n<div class=\"vp-pagination vp-pagination__style-minimal\" data-vp-pagination-type=\"load-more\">\n\t<div class=\"vp-pagination__item\">\n\t\t<a class=\"vp-pagination__load-more\" href=\"https:\/\/www.design-award.cz\/index.php?rest_route=%2Fwp%2Fv2%2Fportfolio%2F907&#038;vp_page=2\">\n\t\t\t<span>Load More<\/span>\n\t\t\t<span class=\"vp-pagination__load-more-loading\"><span class=\"vp-spinner\"><\/span><span class=\"vp-screen-reader-text\"> Loading More&#8230;<\/span><\/span>\n\t\t\t<span class=\"vp-pagination__load-more-no-more\">You\u2019ve reached the end of the list<\/span>\n\t\t<\/a>\n\t<\/div>\n<\/div>\n\t\t<\/div>\n\t\t\t\t<\/div>\n\t\t\n<\/div>\n<\/div>","protected":false},"excerpt":{"rendered":"<p>Michaela T\u00e1chov\u00e1 SO\u0160 obchodu, u\u017eit\u00e9ho um\u011bn\u00ed a designu, Nerudova 33, Plze\u0148 Zad\u00e1n\u00edm bylo vytvo\u0159it interi\u00e9r garsonky pro mlad\u00fd p\u00e1r. C\u00edlem bylo vybavit m\u00edstnost tak, aby zde byl prostor pro odpo\u010dinek, pr\u00e1ci i kon\u00ed\u010dky. P\u0159id\u011blen\u00fd p\u016fdorys ji\u017e obsahoval za\u0159\u00edzenou koupelnu, proto jsem se zam\u011b\u0159ila jen na hlavn\u00ed obytnou \u010d\u00e1st bytu.Dal\u0161\u00edm \u00fakolem bylo vytvo\u0159it autorsk\u00fd n\u00e1vrh kuchyn\u011b, [&hellip;]<\/p>\n","protected":false},"author":1,"featured_media":904,"menu_order":0,"comment_status":"closed","ping_status":"closed","template":"","format":"standard","meta":{"ngg_post_thumbnail":0,"ocean_post_layout":"","ocean_both_sidebars_style":"","ocean_both_sidebars_content_width":0,"ocean_both_sidebars_sidebars_width":0,"ocean_sidebar":"","ocean_second_sidebar":"","ocean_disable_margins":"enable","ocean_add_body_class":"","ocean_shortcode_before_top_bar":"","ocean_shortcode_after_top_bar":"","ocean_shortcode_before_header":"","ocean_shortcode_after_header":"","ocean_has_shortcode":"","ocean_shortcode_after_title":"","ocean_shortcode_before_footer_widgets":"","ocean_shortcode_after_footer_widgets":"","ocean_shortcode_before_footer_bottom":"","ocean_shortcode_after_footer_bottom":"","ocean_display_top_bar":"default","ocean_display_header":"default","ocean_header_style":"","ocean_center_header_left_menu":"","ocean_custom_header_template":"","ocean_custom_logo":0,"ocean_custom_retina_logo":0,"ocean_custom_logo_max_width":0,"ocean_custom_logo_tablet_max_width":0,"ocean_custom_logo_mobile_max_width":0,"ocean_custom_logo_max_height":0,"ocean_custom_logo_tablet_max_height":0,"ocean_custom_logo_mobile_max_height":0,"ocean_header_custom_menu":"","ocean_menu_typo_font_family":"","ocean_menu_typo_font_subset":"","ocean_menu_typo_font_size":0,"ocean_menu_typo_font_size_tablet":0,"ocean_menu_typo_font_size_mobile":0,"ocean_menu_typo_font_size_unit":"px","ocean_menu_typo_font_weight":"","ocean_menu_typo_font_weight_tablet":"","ocean_menu_typo_font_weight_mobile":"","ocean_menu_typo_transform":"","ocean_menu_typo_transform_tablet":"","ocean_menu_typo_transform_mobile":"","ocean_menu_typo_line_height":0,"ocean_menu_typo_line_height_tablet":0,"ocean_menu_typo_line_height_mobile":0,"ocean_menu_typo_line_height_unit":"","ocean_menu_typo_spacing":0,"ocean_menu_typo_spacing_tablet":0,"ocean_menu_typo_spacing_mobile":0,"ocean_menu_typo_spacing_unit":"","ocean_menu_link_color":"","ocean_menu_link_color_hover":"","ocean_menu_link_color_active":"","ocean_menu_link_background":"","ocean_menu_link_hover_background":"","ocean_menu_link_active_background":"","ocean_menu_social_links_bg":"","ocean_menu_social_hover_links_bg":"","ocean_menu_social_links_color":"","ocean_menu_social_hover_links_color":"","ocean_disable_title":"default","ocean_disable_heading":"default","ocean_post_title":"","ocean_post_subheading":"","ocean_post_title_style":"","ocean_post_title_background_color":"","ocean_post_title_background":0,"ocean_post_title_bg_image_position":"","ocean_post_title_bg_image_attachment":"","ocean_post_title_bg_image_repeat":"","ocean_post_title_bg_image_size":"","ocean_post_title_height":0,"ocean_post_title_bg_overlay":0.5,"ocean_post_title_bg_overlay_color":"","ocean_disable_breadcrumbs":"default","ocean_breadcrumbs_color":"","ocean_breadcrumbs_separator_color":"","ocean_breadcrumbs_links_color":"","ocean_breadcrumbs_links_hover_color":"","ocean_display_footer_widgets":"default","ocean_display_footer_bottom":"default","ocean_custom_footer_template":"","_vp_format_video_url":"","_vp_image_focal_point":[],"footnotes":""},"portfolio_category":[],"portfolio_tag":[],"class_list":["post-907","portfolio","type-portfolio","status-publish","format-standard","has-post-thumbnail","hentry","entry","has-media"],"yoast_head":"<!-- This site is optimized with the Yoast SEO plugin v25.2 - https:\/\/yoast.com\/wordpress\/plugins\/seo\/ -->\n<title>Soukrom\u00fd interi\u00e9r - Garsoniera pro studentsk\u00fd p\u00e1r - design-award.cz<\/title>\n<meta name=\"robots\" content=\"index, follow, max-snippet:-1, max-image-preview:large, max-video-preview:-1\" \/>\n<link rel=\"canonical\" href=\"https:\/\/www.design-award.cz\/?portfolio=soukromy-interier-garsoniera-pro-studentsky-par\" \/>\n<meta property=\"og:locale\" content=\"cs_CZ\" \/>\n<meta property=\"og:type\" content=\"article\" \/>\n<meta property=\"og:title\" content=\"Soukrom\u00fd interi\u00e9r - Garsoniera pro studentsk\u00fd p\u00e1r - design-award.cz\" \/>\n<meta property=\"og:description\" content=\"Michaela T\u00e1chov\u00e1 SO\u0160 obchodu, u\u017eit\u00e9ho um\u011bn\u00ed a designu, Nerudova 33, Plze\u0148 Zad\u00e1n\u00edm bylo vytvo\u0159it interi\u00e9r garsonky pro mlad\u00fd p\u00e1r. C\u00edlem bylo vybavit m\u00edstnost tak, aby zde byl prostor pro odpo\u010dinek, pr\u00e1ci i kon\u00ed\u010dky. P\u0159id\u011blen\u00fd p\u016fdorys ji\u017e obsahoval za\u0159\u00edzenou koupelnu, proto jsem se zam\u011b\u0159ila jen na hlavn\u00ed obytnou \u010d\u00e1st bytu.Dal\u0161\u00edm \u00fakolem bylo vytvo\u0159it autorsk\u00fd n\u00e1vrh kuchyn\u011b, [&hellip;]\" \/>\n<meta property=\"og:url\" content=\"https:\/\/www.design-award.cz\/?portfolio=soukromy-interier-garsoniera-pro-studentsky-par\" \/>\n<meta property=\"og:site_name\" content=\"design-award.cz\" \/>\n<meta property=\"article:modified_time\" content=\"2022-04-28T12:26:31+00:00\" \/>\n<meta property=\"og:image\" content=\"http:\/\/www.design-award.cz\/wp-content\/uploads\/2022\/04\/tachova_celek4-1.jpg\" \/>\n\t<meta property=\"og:image:width\" content=\"1215\" \/>\n\t<meta property=\"og:image:height\" content=\"744\" \/>\n\t<meta property=\"og:image:type\" content=\"image\/jpeg\" \/>\n<meta name=\"twitter:card\" content=\"summary_large_image\" \/>\n<meta name=\"twitter:label1\" content=\"Odhadovan\u00e1 doba \u010dten\u00ed\" \/>\n\t<meta name=\"twitter:data1\" content=\"3 minuty\" \/>\n<script type=\"application\/ld+json\" class=\"yoast-schema-graph\">{\"@context\":\"https:\/\/schema.org\",\"@graph\":[{\"@type\":\"WebPage\",\"@id\":\"https:\/\/www.design-award.cz\/?portfolio=soukromy-interier-garsoniera-pro-studentsky-par\",\"url\":\"https:\/\/www.design-award.cz\/?portfolio=soukromy-interier-garsoniera-pro-studentsky-par\",\"name\":\"Soukrom\u00fd interi\u00e9r - Garsoniera pro studentsk\u00fd p\u00e1r - design-award.cz\",\"isPartOf\":{\"@id\":\"https:\/\/www.design-award.cz\/#website\"},\"primaryImageOfPage\":{\"@id\":\"https:\/\/www.design-award.cz\/?portfolio=soukromy-interier-garsoniera-pro-studentsky-par#primaryimage\"},\"image\":{\"@id\":\"https:\/\/www.design-award.cz\/?portfolio=soukromy-interier-garsoniera-pro-studentsky-par#primaryimage\"},\"thumbnailUrl\":\"https:\/\/www.design-award.cz\/wp-content\/uploads\/2022\/04\/tachova_celek4-1.jpg\",\"datePublished\":\"2022-04-28T12:20:54+00:00\",\"dateModified\":\"2022-04-28T12:26:31+00:00\",\"breadcrumb\":{\"@id\":\"https:\/\/www.design-award.cz\/?portfolio=soukromy-interier-garsoniera-pro-studentsky-par#breadcrumb\"},\"inLanguage\":\"cs\",\"potentialAction\":[{\"@type\":\"ReadAction\",\"target\":[\"https:\/\/www.design-award.cz\/?portfolio=soukromy-interier-garsoniera-pro-studentsky-par\"]}]},{\"@type\":\"ImageObject\",\"inLanguage\":\"cs\",\"@id\":\"https:\/\/www.design-award.cz\/?portfolio=soukromy-interier-garsoniera-pro-studentsky-par#primaryimage\",\"url\":\"https:\/\/www.design-award.cz\/wp-content\/uploads\/2022\/04\/tachova_celek4-1.jpg\",\"contentUrl\":\"https:\/\/www.design-award.cz\/wp-content\/uploads\/2022\/04\/tachova_celek4-1.jpg\",\"width\":1215,\"height\":744},{\"@type\":\"BreadcrumbList\",\"@id\":\"https:\/\/www.design-award.cz\/?portfolio=soukromy-interier-garsoniera-pro-studentsky-par#breadcrumb\",\"itemListElement\":[{\"@type\":\"ListItem\",\"position\":1,\"name\":\"Dom\u016f\",\"item\":\"https:\/\/www.design-award.cz\/\"},{\"@type\":\"ListItem\",\"position\":2,\"name\":\"Portfolio Items\",\"item\":\"https:\/\/www.design-award.cz\/?post_type=portfolio\"},{\"@type\":\"ListItem\",\"position\":3,\"name\":\"Soukrom\u00fd interi\u00e9r &#8211; Garsoniera pro studentsk\u00fd p\u00e1r\"}]},{\"@type\":\"WebSite\",\"@id\":\"https:\/\/www.design-award.cz\/#website\",\"url\":\"https:\/\/www.design-award.cz\/\",\"name\":\"design-award.cz\",\"description\":\"WARD vznikla v roce 2022. Je ur\u010dena p\u0159edev\u0161\u00edm student\u016fm st\u0159edn\u00edch um\u011bleck\u00fdch \u0161kol (S\u0160 a VO\u0160), kte\u0159\u00ed mohou bezplatn\u011b zaslat sv\u00e9 n\u00e1vrhy v uveden\u00fdch kategori\u00ed a tak pom\u011b\u0159it sv\u00e9 n\u00e1pady s konkurenc\u00ed sv\u00fdch vrstevn\u00edk\u016f. N\u00e1vrhy jsou n\u00e1sledn\u011b posouzeny nez\u00e1vislou porotou z \u0159ad v\u00fdtvarn\u00edk\u016f, pedagog\u016f a profesion\u00e1l\u016f z oboru.\",\"publisher\":{\"@id\":\"https:\/\/www.design-award.cz\/#organization\"},\"potentialAction\":[{\"@type\":\"SearchAction\",\"target\":{\"@type\":\"EntryPoint\",\"urlTemplate\":\"https:\/\/www.design-award.cz\/?s={search_term_string}\"},\"query-input\":{\"@type\":\"PropertyValueSpecification\",\"valueRequired\":true,\"valueName\":\"search_term_string\"}}],\"inLanguage\":\"cs\"},{\"@type\":\"Organization\",\"@id\":\"https:\/\/www.design-award.cz\/#organization\",\"name\":\"Design Award\",\"url\":\"https:\/\/www.design-award.cz\/\",\"logo\":{\"@type\":\"ImageObject\",\"inLanguage\":\"cs\",\"@id\":\"https:\/\/www.design-award.cz\/#\/schema\/logo\/image\/\",\"url\":\"http:\/\/www.design-award.cz\/wp-content\/uploads\/2021\/12\/hornilogo_design-award.png\",\"contentUrl\":\"http:\/\/www.design-award.cz\/wp-content\/uploads\/2021\/12\/hornilogo_design-award.png\",\"width\":800,\"height\":600,\"caption\":\"Design Award\"},\"image\":{\"@id\":\"https:\/\/www.design-award.cz\/#\/schema\/logo\/image\/\"},\"sameAs\":[\"https:\/\/www.instagram.com\/design_award\/\"]}]}<\/script>\n<!-- \/ Yoast SEO plugin. -->","yoast_head_json":{"title":"Soukrom\u00fd interi\u00e9r - Garsoniera pro studentsk\u00fd p\u00e1r - design-award.cz","robots":{"index":"index","follow":"follow","max-snippet":"max-snippet:-1","max-image-preview":"max-image-preview:large","max-video-preview":"max-video-preview:-1"},"canonical":"https:\/\/www.design-award.cz\/?portfolio=soukromy-interier-garsoniera-pro-studentsky-par","og_locale":"cs_CZ","og_type":"article","og_title":"Soukrom\u00fd interi\u00e9r - Garsoniera pro studentsk\u00fd p\u00e1r - design-award.cz","og_description":"Michaela T\u00e1chov\u00e1 SO\u0160 obchodu, u\u017eit\u00e9ho um\u011bn\u00ed a designu, Nerudova 33, Plze\u0148 Zad\u00e1n\u00edm bylo vytvo\u0159it interi\u00e9r garsonky pro mlad\u00fd p\u00e1r. C\u00edlem bylo vybavit m\u00edstnost tak, aby zde byl prostor pro odpo\u010dinek, pr\u00e1ci i kon\u00ed\u010dky. P\u0159id\u011blen\u00fd p\u016fdorys ji\u017e obsahoval za\u0159\u00edzenou koupelnu, proto jsem se zam\u011b\u0159ila jen na hlavn\u00ed obytnou \u010d\u00e1st bytu.Dal\u0161\u00edm \u00fakolem bylo vytvo\u0159it autorsk\u00fd n\u00e1vrh kuchyn\u011b, [&hellip;]","og_url":"https:\/\/www.design-award.cz\/?portfolio=soukromy-interier-garsoniera-pro-studentsky-par","og_site_name":"design-award.cz","article_modified_time":"2022-04-28T12:26:31+00:00","og_image":[{"width":1215,"height":744,"url":"http:\/\/www.design-award.cz\/wp-content\/uploads\/2022\/04\/tachova_celek4-1.jpg","type":"image\/jpeg"}],"twitter_card":"summary_large_image","twitter_misc":{"Odhadovan\u00e1 doba \u010dten\u00ed":"3 minuty"},"schema":{"@context":"https:\/\/schema.org","@graph":[{"@type":"WebPage","@id":"https:\/\/www.design-award.cz\/?portfolio=soukromy-interier-garsoniera-pro-studentsky-par","url":"https:\/\/www.design-award.cz\/?portfolio=soukromy-interier-garsoniera-pro-studentsky-par","name":"Soukrom\u00fd interi\u00e9r - Garsoniera pro studentsk\u00fd p\u00e1r - design-award.cz","isPartOf":{"@id":"https:\/\/www.design-award.cz\/#website"},"primaryImageOfPage":{"@id":"https:\/\/www.design-award.cz\/?portfolio=soukromy-interier-garsoniera-pro-studentsky-par#primaryimage"},"image":{"@id":"https:\/\/www.design-award.cz\/?portfolio=soukromy-interier-garsoniera-pro-studentsky-par#primaryimage"},"thumbnailUrl":"https:\/\/www.design-award.cz\/wp-content\/uploads\/2022\/04\/tachova_celek4-1.jpg","datePublished":"2022-04-28T12:20:54+00:00","dateModified":"2022-04-28T12:26:31+00:00","breadcrumb":{"@id":"https:\/\/www.design-award.cz\/?portfolio=soukromy-interier-garsoniera-pro-studentsky-par#breadcrumb"},"inLanguage":"cs","potentialAction":[{"@type":"ReadAction","target":["https:\/\/www.design-award.cz\/?portfolio=soukromy-interier-garsoniera-pro-studentsky-par"]}]},{"@type":"ImageObject","inLanguage":"cs","@id":"https:\/\/www.design-award.cz\/?portfolio=soukromy-interier-garsoniera-pro-studentsky-par#primaryimage","url":"https:\/\/www.design-award.cz\/wp-content\/uploads\/2022\/04\/tachova_celek4-1.jpg","contentUrl":"https:\/\/www.design-award.cz\/wp-content\/uploads\/2022\/04\/tachova_celek4-1.jpg","width":1215,"height":744},{"@type":"BreadcrumbList","@id":"https:\/\/www.design-award.cz\/?portfolio=soukromy-interier-garsoniera-pro-studentsky-par#breadcrumb","itemListElement":[{"@type":"ListItem","position":1,"name":"Dom\u016f","item":"https:\/\/www.design-award.cz\/"},{"@type":"ListItem","position":2,"name":"Portfolio Items","item":"https:\/\/www.design-award.cz\/?post_type=portfolio"},{"@type":"ListItem","position":3,"name":"Soukrom\u00fd interi\u00e9r &#8211; Garsoniera pro studentsk\u00fd p\u00e1r"}]},{"@type":"WebSite","@id":"https:\/\/www.design-award.cz\/#website","url":"https:\/\/www.design-award.cz\/","name":"design-award.cz","description":"WARD vznikla v roce 2022. Je ur\u010dena p\u0159edev\u0161\u00edm student\u016fm st\u0159edn\u00edch um\u011bleck\u00fdch \u0161kol (S\u0160 a VO\u0160), kte\u0159\u00ed mohou bezplatn\u011b zaslat sv\u00e9 n\u00e1vrhy v uveden\u00fdch kategori\u00ed a tak pom\u011b\u0159it sv\u00e9 n\u00e1pady s konkurenc\u00ed sv\u00fdch vrstevn\u00edk\u016f. N\u00e1vrhy jsou n\u00e1sledn\u011b posouzeny nez\u00e1vislou porotou z \u0159ad v\u00fdtvarn\u00edk\u016f, pedagog\u016f a profesion\u00e1l\u016f z oboru.","publisher":{"@id":"https:\/\/www.design-award.cz\/#organization"},"potentialAction":[{"@type":"SearchAction","target":{"@type":"EntryPoint","urlTemplate":"https:\/\/www.design-award.cz\/?s={search_term_string}"},"query-input":{"@type":"PropertyValueSpecification","valueRequired":true,"valueName":"search_term_string"}}],"inLanguage":"cs"},{"@type":"Organization","@id":"https:\/\/www.design-award.cz\/#organization","name":"Design Award","url":"https:\/\/www.design-award.cz\/","logo":{"@type":"ImageObject","inLanguage":"cs","@id":"https:\/\/www.design-award.cz\/#\/schema\/logo\/image\/","url":"http:\/\/www.design-award.cz\/wp-content\/uploads\/2021\/12\/hornilogo_design-award.png","contentUrl":"http:\/\/www.design-award.cz\/wp-content\/uploads\/2021\/12\/hornilogo_design-award.png","width":800,"height":600,"caption":"Design Award"},"image":{"@id":"https:\/\/www.design-award.cz\/#\/schema\/logo\/image\/"},"sameAs":["https:\/\/www.instagram.com\/design_award\/"]}]}},"_links":{"self":[{"href":"https:\/\/www.design-award.cz\/index.php?rest_route=\/wp\/v2\/portfolio\/907","targetHints":{"allow":["GET"]}}],"collection":[{"href":"https:\/\/www.design-award.cz\/index.php?rest_route=\/wp\/v2\/portfolio"}],"about":[{"href":"https:\/\/www.design-award.cz\/index.php?rest_route=\/wp\/v2\/types\/portfolio"}],"author":[{"embeddable":true,"href":"https:\/\/www.design-award.cz\/index.php?rest_route=\/wp\/v2\/users\/1"}],"replies":[{"embeddable":true,"href":"https:\/\/www.design-award.cz\/index.php?rest_route=%2Fwp%2Fv2%2Fcomments&post=907"}],"version-history":[{"count":2,"href":"https:\/\/www.design-award.cz\/index.php?rest_route=\/wp\/v2\/portfolio\/907\/revisions"}],"predecessor-version":[{"id":917,"href":"https:\/\/www.design-award.cz\/index.php?rest_route=\/wp\/v2\/portfolio\/907\/revisions\/917"}],"wp:featuredmedia":[{"embeddable":true,"href":"https:\/\/www.design-award.cz\/index.php?rest_route=\/wp\/v2\/media\/904"}],"wp:attachment":[{"href":"https:\/\/www.design-award.cz\/index.php?rest_route=%2Fwp%2Fv2%2Fmedia&parent=907"}],"wp:term":[{"taxonomy":"portfolio_category","embeddable":true,"href":"https:\/\/www.design-award.cz\/index.php?rest_route=%2Fwp%2Fv2%2Fportfolio_category&post=907"},{"taxonomy":"portfolio_tag","embeddable":true,"href":"https:\/\/www.design-award.cz\/index.php?rest_route=%2Fwp%2Fv2%2Fportfolio_tag&post=907"}],"curies":[{"name":"wp","href":"https:\/\/api.w.org\/{rel}","templated":true}]}}