{"id":909,"date":"2022-04-28T12:25:37","date_gmt":"2022-04-28T12:25:37","guid":{"rendered":"https:\/\/www.design-award.cz\/?post_type=portfolio&#038;p=909"},"modified":"2022-04-28T12:25:39","modified_gmt":"2022-04-28T12:25:39","slug":"soukromy-interier-garsoniera-pro-studentsky-par-2","status":"publish","type":"portfolio","link":"https:\/\/www.design-award.cz\/?portfolio=soukromy-interier-garsoniera-pro-studentsky-par-2","title":{"rendered":"Soukrom\u00fd interi\u00e9r &#8211; Garsoniera pro studentsk\u00fd p\u00e1r"},"content":{"rendered":"\n<h2 class=\"wp-block-heading\">Karol\u00edna Mart\u00ednkov\u00e1<\/h2>\n\n\n\n<p><strong>SO\u0160 obchodu, u\u017eit\u00e9ho um\u011bn\u00ed a designu, Nerudova 33, Plze\u0148<\/strong><\/p>\n\n\n\n<p>Vizualizace garsoniery<br>Zad\u00e1n\u00edm projektu bylo navrhnut\u00ed garsoniery pro mlad\u00fd p\u00e1r, kter\u00fd se zaj\u00edm\u00e1 o um\u011bn\u00ed a<br>\u010dinnosti s n\u00edm spojen\u00e9. V podkladech jsem dostala m\u00edstnost s rozm\u011bry 7,3m x 5,7m a<br>n\u00e1sledn\u011b jsem za\u010dala se zpracov\u00e1n\u00edm ve 3D programu Rhinoceros.<br>St\u011b\u017eejn\u00edm bylo navrhnout chytr\u00e9 a zaj\u00edmav\u00e9 \u0159e\u0161en\u00ed dispozice, abychom z\u00edskali \u00falo\u017en\u00e9<br>prostory a tak\u00e9 zakomponovali v\u0161echny pot\u0159ebn\u00e9 \u010d\u00e1sti jako nap\u0159\u00edklad pracovn\u00ed kout, j\u00eddeln\u00ed<br>st\u016fl nebo m\u00edsto ur\u010den\u00e9 pro malov\u00e1n\u00ed.<br>Cel\u00fd prostor jsem rozd\u011blila postel\u00ed, kter\u00e1 se nach\u00e1z\u00ed na sk\u0159\u00edni. T\u00edm se umo\u017enil p\u0159\u00edstup do<br>sk\u0159\u00edn\u011b z obou stran a vytvo\u0159il se pracovn\u00ed kout. D\u00edky sk\u0159\u00edni je m\u00edsto pro pr\u00e1ci v\u00edce schovan\u00e9 a<br>doty\u010dn\u00fd m\u016f\u017ee m\u00edt v\u011bt\u0161\u00ed klid. Jeliko\u017e tento byt nen\u00ed ur\u010den pro dlouhodob\u00e9 bydlen\u00ed, m\u00edsto<br>seda\u010dky, jsem zvolila pouze k\u0159es\u00edlka, kter\u00e1 pro mlad\u00fd p\u00e1r posta\u010d\u00ed.<br>Garsoniera je lad\u011bn\u00e1 do tepl\u00fdch t\u00f3n\u016f, ze kter\u00fdch dominuje oran\u017eov\u00e1 barva. Do kontrastu<br>jsem p\u0159idala tmav\u011b modr\u00e9 dla\u017edice v kuchy\u0148sk\u00e9m koutu. Kuchy\u0148sk\u00fd kout je rohov\u00fd a<br>um\u00edst\u011bn\u00fd u okna, abychom v m\u00edstnosti nabyli v\u00edce voln\u00e9ho m\u00edsta a sv\u011btla p\u0159i va\u0159en\u00ed. Linku<br>jsem d\u00e1le vedla do tvaru L, \u010d\u00edm\u017e n\u00e1m vznikl j\u00eddeln\u00ed st\u016fl, nad kter\u00fdm jsem um\u00edstila v\u00fdrazn\u00fd<br>prvek a t\u00edm jsou sklen\u011bn\u00e1 sv\u00edtidla zna\u010dky Bomma. \u017didle j\u00eddeln\u00ed i pracovn\u00ed jsou zvoleny \u010dern\u00e9<br>od zna\u010dky TON.<br>Pro z\u00fatuln\u011bn\u00ed interi\u00e9ru jsem vybrala rostliny, koberec \u010di obrazy od Alfonse Muchy, kter\u00e9<br>navod\u00ed p\u0159\u00edjemn\u011bj\u0161\u00ed atmosf\u00e9ru a pohodl\u00ed.<\/p>\n\n\n\n<figure class=\"wp-block-image size-large\"><img decoding=\"async\" width=\"1024\" height=\"506\" data-src=\"http:\/\/www.design-award.cz\/wp-content\/uploads\/2022\/04\/3DI_Martinkova_Karolina_garsoniera_render-1-1024x506.jpg\" alt=\"\" class=\"wp-image-911 lazyload\" data-srcset=\"https:\/\/www.design-award.cz\/wp-content\/uploads\/2022\/04\/3DI_Martinkova_Karolina_garsoniera_render-1-1024x506.jpg 1024w, https:\/\/www.design-award.cz\/wp-content\/uploads\/2022\/04\/3DI_Martinkova_Karolina_garsoniera_render-1-300x148.jpg 300w, https:\/\/www.design-award.cz\/wp-content\/uploads\/2022\/04\/3DI_Martinkova_Karolina_garsoniera_render-1-768x379.jpg 768w, https:\/\/www.design-award.cz\/wp-content\/uploads\/2022\/04\/3DI_Martinkova_Karolina_garsoniera_render-1-1536x759.jpg 1536w, https:\/\/www.design-award.cz\/wp-content\/uploads\/2022\/04\/3DI_Martinkova_Karolina_garsoniera_render-1-500x247.jpg 500w, https:\/\/www.design-award.cz\/wp-content\/uploads\/2022\/04\/3DI_Martinkova_Karolina_garsoniera_render-1-800x395.jpg 800w, https:\/\/www.design-award.cz\/wp-content\/uploads\/2022\/04\/3DI_Martinkova_Karolina_garsoniera_render-1-1280x632.jpg 1280w, https:\/\/www.design-award.cz\/wp-content\/uploads\/2022\/04\/3DI_Martinkova_Karolina_garsoniera_render-1.jpg 1650w\" data-sizes=\"(max-width: 1024px) 100vw, 1024px\" src=\"data:image\/svg+xml;base64,PHN2ZyB3aWR0aD0iMSIgaGVpZ2h0PSIxIiB4bWxucz0iaHR0cDovL3d3dy53My5vcmcvMjAwMC9zdmciPjwvc3ZnPg==\" style=\"--smush-placeholder-width: 1024px; --smush-placeholder-aspect-ratio: 1024\/506;\" \/><\/figure>\n\n\n\n<figure class=\"wp-block-image size-large\"><img decoding=\"async\" width=\"1024\" height=\"506\" data-src=\"http:\/\/www.design-award.cz\/wp-content\/uploads\/2022\/04\/3DI_Martinkova_Karolina_garsoniera_render-8-1-1024x506.jpg\" alt=\"\" class=\"wp-image-915 lazyload\" data-srcset=\"https:\/\/www.design-award.cz\/wp-content\/uploads\/2022\/04\/3DI_Martinkova_Karolina_garsoniera_render-8-1-1024x506.jpg 1024w, https:\/\/www.design-award.cz\/wp-content\/uploads\/2022\/04\/3DI_Martinkova_Karolina_garsoniera_render-8-1-300x148.jpg 300w, https:\/\/www.design-award.cz\/wp-content\/uploads\/2022\/04\/3DI_Martinkova_Karolina_garsoniera_render-8-1-768x379.jpg 768w, https:\/\/www.design-award.cz\/wp-content\/uploads\/2022\/04\/3DI_Martinkova_Karolina_garsoniera_render-8-1-1536x759.jpg 1536w, https:\/\/www.design-award.cz\/wp-content\/uploads\/2022\/04\/3DI_Martinkova_Karolina_garsoniera_render-8-1-500x247.jpg 500w, https:\/\/www.design-award.cz\/wp-content\/uploads\/2022\/04\/3DI_Martinkova_Karolina_garsoniera_render-8-1-800x395.jpg 800w, https:\/\/www.design-award.cz\/wp-content\/uploads\/2022\/04\/3DI_Martinkova_Karolina_garsoniera_render-8-1-1280x632.jpg 1280w, https:\/\/www.design-award.cz\/wp-content\/uploads\/2022\/04\/3DI_Martinkova_Karolina_garsoniera_render-8-1.jpg 1650w\" data-sizes=\"(max-width: 1024px) 100vw, 1024px\" src=\"data:image\/svg+xml;base64,PHN2ZyB3aWR0aD0iMSIgaGVpZ2h0PSIxIiB4bWxucz0iaHR0cDovL3d3dy53My5vcmcvMjAwMC9zdmciPjwvc3ZnPg==\" style=\"--smush-placeholder-width: 1024px; --smush-placeholder-aspect-ratio: 1024\/506;\" \/><\/figure>\n\n\n\n<figure class=\"wp-block-image size-large\"><img decoding=\"async\" width=\"1024\" height=\"506\" data-src=\"http:\/\/www.design-award.cz\/wp-content\/uploads\/2022\/04\/3DI_Martinkova_Karolina_garsoniera_render-3-1-1024x506.jpg\" alt=\"\" class=\"wp-image-913 lazyload\" data-srcset=\"https:\/\/www.design-award.cz\/wp-content\/uploads\/2022\/04\/3DI_Martinkova_Karolina_garsoniera_render-3-1-1024x506.jpg 1024w, https:\/\/www.design-award.cz\/wp-content\/uploads\/2022\/04\/3DI_Martinkova_Karolina_garsoniera_render-3-1-300x148.jpg 300w, https:\/\/www.design-award.cz\/wp-content\/uploads\/2022\/04\/3DI_Martinkova_Karolina_garsoniera_render-3-1-768x379.jpg 768w, https:\/\/www.design-award.cz\/wp-content\/uploads\/2022\/04\/3DI_Martinkova_Karolina_garsoniera_render-3-1-1536x759.jpg 1536w, https:\/\/www.design-award.cz\/wp-content\/uploads\/2022\/04\/3DI_Martinkova_Karolina_garsoniera_render-3-1-500x247.jpg 500w, https:\/\/www.design-award.cz\/wp-content\/uploads\/2022\/04\/3DI_Martinkova_Karolina_garsoniera_render-3-1-800x395.jpg 800w, https:\/\/www.design-award.cz\/wp-content\/uploads\/2022\/04\/3DI_Martinkova_Karolina_garsoniera_render-3-1-1280x632.jpg 1280w, https:\/\/www.design-award.cz\/wp-content\/uploads\/2022\/04\/3DI_Martinkova_Karolina_garsoniera_render-3-1.jpg 1650w\" data-sizes=\"(max-width: 1024px) 100vw, 1024px\" src=\"data:image\/svg+xml;base64,PHN2ZyB3aWR0aD0iMSIgaGVpZ2h0PSIxIiB4bWxucz0iaHR0cDovL3d3dy53My5vcmcvMjAwMC9zdmciPjwvc3ZnPg==\" style=\"--smush-placeholder-width: 1024px; --smush-placeholder-aspect-ratio: 1024\/506;\" \/><\/figure>\n\n\n\n<figure class=\"wp-block-image size-large\"><img decoding=\"async\" width=\"1024\" height=\"506\" data-src=\"http:\/\/www.design-award.cz\/wp-content\/uploads\/2022\/04\/3DI_Martinkova_Karolina_garsoniera_render-2-1024x506.jpg\" alt=\"\" class=\"wp-image-912 lazyload\" data-srcset=\"https:\/\/www.design-award.cz\/wp-content\/uploads\/2022\/04\/3DI_Martinkova_Karolina_garsoniera_render-2-1024x506.jpg 1024w, https:\/\/www.design-award.cz\/wp-content\/uploads\/2022\/04\/3DI_Martinkova_Karolina_garsoniera_render-2-300x148.jpg 300w, https:\/\/www.design-award.cz\/wp-content\/uploads\/2022\/04\/3DI_Martinkova_Karolina_garsoniera_render-2-768x379.jpg 768w, https:\/\/www.design-award.cz\/wp-content\/uploads\/2022\/04\/3DI_Martinkova_Karolina_garsoniera_render-2-1536x759.jpg 1536w, https:\/\/www.design-award.cz\/wp-content\/uploads\/2022\/04\/3DI_Martinkova_Karolina_garsoniera_render-2-500x247.jpg 500w, https:\/\/www.design-award.cz\/wp-content\/uploads\/2022\/04\/3DI_Martinkova_Karolina_garsoniera_render-2-800x395.jpg 800w, https:\/\/www.design-award.cz\/wp-content\/uploads\/2022\/04\/3DI_Martinkova_Karolina_garsoniera_render-2-1280x632.jpg 1280w, https:\/\/www.design-award.cz\/wp-content\/uploads\/2022\/04\/3DI_Martinkova_Karolina_garsoniera_render-2.jpg 1650w\" data-sizes=\"(max-width: 1024px) 100vw, 1024px\" src=\"data:image\/svg+xml;base64,PHN2ZyB3aWR0aD0iMSIgaGVpZ2h0PSIxIiB4bWxucz0iaHR0cDovL3d3dy53My5vcmcvMjAwMC9zdmciPjwvc3ZnPg==\" style=\"--smush-placeholder-width: 1024px; --smush-placeholder-aspect-ratio: 1024\/506;\" \/><\/figure>\n\n\n\n<figure class=\"wp-block-image size-large\"><img decoding=\"async\" width=\"1024\" height=\"724\" data-src=\"http:\/\/www.design-award.cz\/wp-content\/uploads\/2022\/04\/3DI_Martinkova_Karolina_garsoniera_pudorysne_reseni-1024x724.jpg\" alt=\"\" class=\"wp-image-910 lazyload\" data-srcset=\"https:\/\/www.design-award.cz\/wp-content\/uploads\/2022\/04\/3DI_Martinkova_Karolina_garsoniera_pudorysne_reseni-1024x724.jpg 1024w, https:\/\/www.design-award.cz\/wp-content\/uploads\/2022\/04\/3DI_Martinkova_Karolina_garsoniera_pudorysne_reseni-300x212.jpg 300w, https:\/\/www.design-award.cz\/wp-content\/uploads\/2022\/04\/3DI_Martinkova_Karolina_garsoniera_pudorysne_reseni-768x543.jpg 768w, https:\/\/www.design-award.cz\/wp-content\/uploads\/2022\/04\/3DI_Martinkova_Karolina_garsoniera_pudorysne_reseni-1536x1086.jpg 1536w, https:\/\/www.design-award.cz\/wp-content\/uploads\/2022\/04\/3DI_Martinkova_Karolina_garsoniera_pudorysne_reseni-2048x1448.jpg 2048w, https:\/\/www.design-award.cz\/wp-content\/uploads\/2022\/04\/3DI_Martinkova_Karolina_garsoniera_pudorysne_reseni-500x353.jpg 500w, https:\/\/www.design-award.cz\/wp-content\/uploads\/2022\/04\/3DI_Martinkova_Karolina_garsoniera_pudorysne_reseni-800x565.jpg 800w, https:\/\/www.design-award.cz\/wp-content\/uploads\/2022\/04\/3DI_Martinkova_Karolina_garsoniera_pudorysne_reseni-1280x905.jpg 1280w, https:\/\/www.design-award.cz\/wp-content\/uploads\/2022\/04\/3DI_Martinkova_Karolina_garsoniera_pudorysne_reseni-1920x1357.jpg 1920w\" data-sizes=\"(max-width: 1024px) 100vw, 1024px\" src=\"data:image\/svg+xml;base64,PHN2ZyB3aWR0aD0iMSIgaGVpZ2h0PSIxIiB4bWxucz0iaHR0cDovL3d3dy53My5vcmcvMjAwMC9zdmciPjwvc3ZnPg==\" style=\"--smush-placeholder-width: 1024px; --smush-placeholder-aspect-ratio: 1024\/724;\" \/><\/figure>\n\n\n<div class=\"wp-block-visual-portfolio\">\n<div class=\"vp-portfolio vp-uid-2ece4a06 vp-id-607\"\n\tdata-vp-layout=\"slider\" data-vp-content-source=\"post-based\" data-vp-items-style=\"fade\" data-vp-items-click-action=\"url\" data-vp-items-gap=\"12\" data-vp-items-gap-vertical=\"\" data-vp-pagination=\"load-more\" data-vp-next-page-url=\"https:\/\/www.design-award.cz\/index.php?rest_route=%2Fwp%2Fv2%2Fportfolio%2F909&#038;vp_page=2\" data-vp-random-seed=\"4047506563\" data-vp-slider-effect=\"slide\" data-vp-slider-items-height=\"80%\" data-vp-slider-items-min-height=\"\" data-vp-slider-slides-per-view=\"3\" data-vp-slider-speed=\"0.3\" data-vp-slider-autoplay=\"4.8\" data-vp-slider-autoplay-hover-pause=\"false\" data-vp-slider-centered-slides=\"true\" data-vp-slider-loop=\"true\" data-vp-slider-free-mode=\"false\" data-vp-slider-free-mode-sticky=\"false\" data-vp-slider-arrows=\"true\" data-vp-slider-bullets=\"false\" data-vp-slider-bullets-dynamic=\"false\" data-vp-slider-mousewheel=\"false\" data-vp-slider-thumbnails=\"false\" >\n\t<div class=\"vp-portfolio__preloader-wrap\">\n\t\t<div class=\"vp-portfolio__preloader\">\n\t\t\t<img decoding=\"async\" loading=\"eager\" src=\"https:\/\/www.design-award.cz\/wp-content\/plugins\/visual-portfolio\/assets\/images\/logo-dark.svg\" alt=\"Visual Portfolio, Posts &amp; Image Gallery for WordPress\" width=\"20\" height=\"20\" data-skip-lazy>\n\t\t<\/div>\n\t<\/div>\n\t\t<div class=\"vp-portfolio__items-wrap\">\n\t\t\t\n<div class=\"vp-portfolio__items vp-portfolio__items-style-fade vp-portfolio__items-show-overlay-hover\">\n\n\t\t<article\t\tclass=\"vp-portfolio__item-wrap post-717 portfolio type-portfolio status-publish format-standard has-post-thumbnail hentry entry has-media vp-portfolio__item-uid-38f46dde\" data-vp-filter=\"\" \t\t>\n\t\t\t\t\t\t\t\t\t<figure class=\"vp-portfolio__item\">\n\t\t\t\t\n<div class=\"vp-portfolio__item-img-wrap\">\n\t<div class=\"vp-portfolio__item-img\">\n\t\t\t<a\n\t\thref=\"https:\/\/www.design-award.cz\/?portfolio=soukromy-interier-spolecne-prostory-rd-v-liberci\"\n\t\t\t>\n\t\n\t\t<noscript><img decoding=\"async\" width=\"1920\" height=\"1080\" data-skip-lazy src=\"https:\/\/www.design-award.cz\/wp-content\/uploads\/2022\/05\/Rudolf-Hable.jpg\" class=\"wp-image-1520\" alt=\"\" srcset=\"https:\/\/www.design-award.cz\/wp-content\/uploads\/2022\/05\/Rudolf-Hable.jpg 1920w, https:\/\/www.design-award.cz\/wp-content\/uploads\/2022\/05\/Rudolf-Hable-300x169.jpg 300w, https:\/\/www.design-award.cz\/wp-content\/uploads\/2022\/05\/Rudolf-Hable-1024x576.jpg 1024w, https:\/\/www.design-award.cz\/wp-content\/uploads\/2022\/05\/Rudolf-Hable-768x432.jpg 768w, https:\/\/www.design-award.cz\/wp-content\/uploads\/2022\/05\/Rudolf-Hable-1536x864.jpg 1536w, https:\/\/www.design-award.cz\/wp-content\/uploads\/2022\/05\/Rudolf-Hable-500x281.jpg 500w, https:\/\/www.design-award.cz\/wp-content\/uploads\/2022\/05\/Rudolf-Hable-800x450.jpg 800w, https:\/\/www.design-award.cz\/wp-content\/uploads\/2022\/05\/Rudolf-Hable-1280x720.jpg 1280w\" sizes=\"(max-width: 1920px) 100vw, 1920px\" \/><\/noscript><img fetchpriority=\"high\" decoding=\"async\" width=\"1920\" height=\"1080\" src=\"https:\/\/www.design-award.cz\/wp-content\/uploads\/2022\/05\/Rudolf-Hable.jpg\" class=\"wp-image-1520 vp-lazyload\" alt srcset=\"data:image\/svg+xml;base64,PHN2ZyB3aWR0aD0iMTkyMCIgaGVpZ2h0PSIxMDgwIiB2aWV3Qm94PSIwIDAgMTkyMCAxMDgwIiBmaWxsPSJub25lIiB4bWxucz0iaHR0cDovL3d3dy53My5vcmcvMjAwMC9zdmciPjwvc3ZnPg==\" data-src=\"https:\/\/www.design-award.cz\/wp-content\/uploads\/2022\/05\/Rudolf-Hable.jpg\" data-srcset=\"https:\/\/www.design-award.cz\/wp-content\/uploads\/2022\/05\/Rudolf-Hable.jpg 1920w, https:\/\/www.design-award.cz\/wp-content\/uploads\/2022\/05\/Rudolf-Hable-300x169.jpg 300w, https:\/\/www.design-award.cz\/wp-content\/uploads\/2022\/05\/Rudolf-Hable-1024x576.jpg 1024w, https:\/\/www.design-award.cz\/wp-content\/uploads\/2022\/05\/Rudolf-Hable-768x432.jpg 768w, https:\/\/www.design-award.cz\/wp-content\/uploads\/2022\/05\/Rudolf-Hable-1536x864.jpg 1536w, https:\/\/www.design-award.cz\/wp-content\/uploads\/2022\/05\/Rudolf-Hable-500x281.jpg 500w, https:\/\/www.design-award.cz\/wp-content\/uploads\/2022\/05\/Rudolf-Hable-800x450.jpg 800w, https:\/\/www.design-award.cz\/wp-content\/uploads\/2022\/05\/Rudolf-Hable-1280x720.jpg 1280w\" data-sizes=\"auto\" loading=\"eager\">\n\t\t<\/a>\t<\/div>\n<\/div>\n\t<figcaption class=\"vp-portfolio__item-overlay vp-portfolio__item-overlay-text-align-center\">\n\t\t<div class=\"vp-portfolio__item-meta-wrap vp-portfolio__custom-scrollbar\">\n\t\t\t\t<a\n\t\thref=\"https:\/\/www.design-award.cz\/?portfolio=soukromy-interier-spolecne-prostory-rd-v-liberci\"\n\t\ttabindex=\"-1\" class=\"vp-portfolio__item-meta\" \t>\n\t\n<h2 class=\"vp-portfolio__item-meta-title\">\n\tSoukrom\u00fd interi\u00e9r &#8211; Spole\u010dn\u00e9 prostory RD v Liberci<\/h2>\n<\/a>\t\t<\/div>\n\t<\/figcaption>\n\t\t\t<\/figure>\n\t\t\t\t\t<\/article>\n\t\t\n\t\t<article\t\tclass=\"vp-portfolio__item-wrap post-2411 portfolio type-portfolio status-publish format-standard has-post-thumbnail hentry portfolio_category-soutezici-2023 entry has-media vp-portfolio__item-uid-85c07156\" data-vp-filter=\"soutezici-2023\" \t\t>\n\t\t\t\t\t\t\t\t\t<figure class=\"vp-portfolio__item\">\n\t\t\t\t\n<div class=\"vp-portfolio__item-img-wrap\">\n\t<div class=\"vp-portfolio__item-img\">\n\t\t\t<a\n\t\thref=\"https:\/\/www.design-award.cz\/?portfolio=soukromy-interier-brno-mestska-cast-cerna-pole\"\n\t\t\t>\n\t\n\t\t<noscript><img decoding=\"async\" width=\"1920\" height=\"1080\" data-skip-lazy src=\"https:\/\/www.design-award.cz\/wp-content\/uploads\/2023\/04\/Veronika-Halouzkova-obyvaci-pokoj-1920x1080.jpg\" class=\"wp-image-2417\" alt=\"\" srcset=\"https:\/\/www.design-award.cz\/wp-content\/uploads\/2023\/04\/Veronika-Halouzkova-obyvaci-pokoj-1920x1080.jpg 1920w, https:\/\/www.design-award.cz\/wp-content\/uploads\/2023\/04\/Veronika-Halouzkova-obyvaci-pokoj-300x169.jpg 300w, https:\/\/www.design-award.cz\/wp-content\/uploads\/2023\/04\/Veronika-Halouzkova-obyvaci-pokoj-1024x576.jpg 1024w, https:\/\/www.design-award.cz\/wp-content\/uploads\/2023\/04\/Veronika-Halouzkova-obyvaci-pokoj-768x432.jpg 768w, https:\/\/www.design-award.cz\/wp-content\/uploads\/2023\/04\/Veronika-Halouzkova-obyvaci-pokoj-1536x864.jpg 1536w, https:\/\/www.design-award.cz\/wp-content\/uploads\/2023\/04\/Veronika-Halouzkova-obyvaci-pokoj-2048x1152.jpg 2048w, https:\/\/www.design-award.cz\/wp-content\/uploads\/2023\/04\/Veronika-Halouzkova-obyvaci-pokoj-500x281.jpg 500w, https:\/\/www.design-award.cz\/wp-content\/uploads\/2023\/04\/Veronika-Halouzkova-obyvaci-pokoj-800x450.jpg 800w, https:\/\/www.design-award.cz\/wp-content\/uploads\/2023\/04\/Veronika-Halouzkova-obyvaci-pokoj-1280x720.jpg 1280w\" sizes=\"(max-width: 1920px) 100vw, 1920px\" \/><\/noscript><img decoding=\"async\" width=\"1920\" height=\"1080\" src=\"https:\/\/www.design-award.cz\/wp-content\/uploads\/2023\/04\/Veronika-Halouzkova-obyvaci-pokoj-1920x1080.jpg\" class=\"wp-image-2417 vp-lazyload\" alt srcset=\"data:image\/svg+xml;base64,PHN2ZyB3aWR0aD0iMTkyMCIgaGVpZ2h0PSIxMDgwIiB2aWV3Qm94PSIwIDAgMTkyMCAxMDgwIiBmaWxsPSJub25lIiB4bWxucz0iaHR0cDovL3d3dy53My5vcmcvMjAwMC9zdmciPjwvc3ZnPg==\" data-src=\"https:\/\/www.design-award.cz\/wp-content\/uploads\/2023\/04\/Veronika-Halouzkova-obyvaci-pokoj-1920x1080.jpg\" data-srcset=\"https:\/\/www.design-award.cz\/wp-content\/uploads\/2023\/04\/Veronika-Halouzkova-obyvaci-pokoj-1920x1080.jpg 1920w, https:\/\/www.design-award.cz\/wp-content\/uploads\/2023\/04\/Veronika-Halouzkova-obyvaci-pokoj-300x169.jpg 300w, https:\/\/www.design-award.cz\/wp-content\/uploads\/2023\/04\/Veronika-Halouzkova-obyvaci-pokoj-1024x576.jpg 1024w, https:\/\/www.design-award.cz\/wp-content\/uploads\/2023\/04\/Veronika-Halouzkova-obyvaci-pokoj-768x432.jpg 768w, https:\/\/www.design-award.cz\/wp-content\/uploads\/2023\/04\/Veronika-Halouzkova-obyvaci-pokoj-1536x864.jpg 1536w, https:\/\/www.design-award.cz\/wp-content\/uploads\/2023\/04\/Veronika-Halouzkova-obyvaci-pokoj-2048x1152.jpg 2048w, https:\/\/www.design-award.cz\/wp-content\/uploads\/2023\/04\/Veronika-Halouzkova-obyvaci-pokoj-500x281.jpg 500w, https:\/\/www.design-award.cz\/wp-content\/uploads\/2023\/04\/Veronika-Halouzkova-obyvaci-pokoj-800x450.jpg 800w, https:\/\/www.design-award.cz\/wp-content\/uploads\/2023\/04\/Veronika-Halouzkova-obyvaci-pokoj-1280x720.jpg 1280w\" data-sizes=\"auto\" loading=\"eager\">\n\t\t<\/a>\t<\/div>\n<\/div>\n\t<figcaption class=\"vp-portfolio__item-overlay vp-portfolio__item-overlay-text-align-center\">\n\t\t<div class=\"vp-portfolio__item-meta-wrap vp-portfolio__custom-scrollbar\">\n\t\t\t\t<a\n\t\thref=\"https:\/\/www.design-award.cz\/?portfolio=soukromy-interier-brno-mestska-cast-cerna-pole\"\n\t\ttabindex=\"-1\" class=\"vp-portfolio__item-meta\" \t>\n\t\n<div class=\"vp-portfolio__item-meta-categories\">\n\t\t\t<div class=\"vp-portfolio__item-meta-category\">\n\t\t\t\t<span\t\t\t>\n\tSOUT\u011a\u017d\u00cdC\u00cd 2023<\/span>\t\t<\/div>\n\t\t<\/div>\n\n<h2 class=\"vp-portfolio__item-meta-title\">\n\tSoukrom\u00fd interi\u00e9r &#8211; Brno, m\u011bstsk\u00e1 \u010d\u00e1st \u010cern\u00e1 Pole<\/h2>\n<\/a>\t\t<\/div>\n\t<\/figcaption>\n\t\t\t<\/figure>\n\t\t\t\t\t<\/article>\n\t\t\n\t\t<article\t\tclass=\"vp-portfolio__item-wrap post-4061 portfolio type-portfolio status-publish format-standard has-post-thumbnail hentry entry has-media vp-portfolio__item-uid-e8e31091\" data-vp-filter=\"\" \t\t>\n\t\t\t\t\t\t\t\t\t<figure class=\"vp-portfolio__item\">\n\t\t\t\t\n<div class=\"vp-portfolio__item-img-wrap\">\n\t<div class=\"vp-portfolio__item-img\">\n\t\t\t<a\n\t\thref=\"https:\/\/www.design-award.cz\/?portfolio=produktovy-design-oculum\"\n\t\t\t>\n\t\n\t\t<noscript><img decoding=\"async\" width=\"1541\" height=\"814\" data-skip-lazy src=\"https:\/\/www.design-award.cz\/wp-content\/uploads\/2024\/06\/render-lampy.jpg\" class=\"wp-image-4110\" alt=\"\" srcset=\"https:\/\/www.design-award.cz\/wp-content\/uploads\/2024\/06\/render-lampy.jpg 1541w, https:\/\/www.design-award.cz\/wp-content\/uploads\/2024\/06\/render-lampy-300x158.jpg 300w, https:\/\/www.design-award.cz\/wp-content\/uploads\/2024\/06\/render-lampy-1024x541.jpg 1024w, https:\/\/www.design-award.cz\/wp-content\/uploads\/2024\/06\/render-lampy-768x406.jpg 768w, https:\/\/www.design-award.cz\/wp-content\/uploads\/2024\/06\/render-lampy-1536x811.jpg 1536w, https:\/\/www.design-award.cz\/wp-content\/uploads\/2024\/06\/render-lampy-500x264.jpg 500w, https:\/\/www.design-award.cz\/wp-content\/uploads\/2024\/06\/render-lampy-800x423.jpg 800w, https:\/\/www.design-award.cz\/wp-content\/uploads\/2024\/06\/render-lampy-1280x676.jpg 1280w\" sizes=\"(max-width: 1541px) 100vw, 1541px\" \/><\/noscript><img decoding=\"async\" width=\"1541\" height=\"814\" src=\"https:\/\/www.design-award.cz\/wp-content\/uploads\/2024\/06\/render-lampy.jpg\" class=\"wp-image-4110 vp-lazyload\" alt srcset=\"data:image\/svg+xml;base64,PHN2ZyB3aWR0aD0iMTU0MSIgaGVpZ2h0PSI4MTQiIHZpZXdCb3g9IjAgMCAxNTQxIDgxNCIgZmlsbD0ibm9uZSIgeG1sbnM9Imh0dHA6Ly93d3cudzMub3JnLzIwMDAvc3ZnIj48L3N2Zz4=\" data-src=\"https:\/\/www.design-award.cz\/wp-content\/uploads\/2024\/06\/render-lampy.jpg\" data-srcset=\"https:\/\/www.design-award.cz\/wp-content\/uploads\/2024\/06\/render-lampy.jpg 1541w, https:\/\/www.design-award.cz\/wp-content\/uploads\/2024\/06\/render-lampy-300x158.jpg 300w, https:\/\/www.design-award.cz\/wp-content\/uploads\/2024\/06\/render-lampy-1024x541.jpg 1024w, https:\/\/www.design-award.cz\/wp-content\/uploads\/2024\/06\/render-lampy-768x406.jpg 768w, https:\/\/www.design-award.cz\/wp-content\/uploads\/2024\/06\/render-lampy-1536x811.jpg 1536w, https:\/\/www.design-award.cz\/wp-content\/uploads\/2024\/06\/render-lampy-500x264.jpg 500w, https:\/\/www.design-award.cz\/wp-content\/uploads\/2024\/06\/render-lampy-800x423.jpg 800w, https:\/\/www.design-award.cz\/wp-content\/uploads\/2024\/06\/render-lampy-1280x676.jpg 1280w\" data-sizes=\"auto\" loading=\"eager\">\n\t\t<\/a>\t<\/div>\n<\/div>\n\t<figcaption class=\"vp-portfolio__item-overlay vp-portfolio__item-overlay-text-align-center\">\n\t\t<div class=\"vp-portfolio__item-meta-wrap vp-portfolio__custom-scrollbar\">\n\t\t\t\t<a\n\t\thref=\"https:\/\/www.design-award.cz\/?portfolio=produktovy-design-oculum\"\n\t\ttabindex=\"-1\" class=\"vp-portfolio__item-meta\" \t>\n\t\n<h2 class=\"vp-portfolio__item-meta-title\">\n\tProduktov\u00fd design &#8211; Oculum<\/h2>\n<\/a>\t\t<\/div>\n\t<\/figcaption>\n\t\t\t<\/figure>\n\t\t\t\t\t<\/article>\n\t\t\n\t\t<article\t\tclass=\"vp-portfolio__item-wrap post-2305 portfolio type-portfolio status-publish format-standard has-post-thumbnail hentry portfolio_category-soutezici-2023 entry has-media vp-portfolio__item-uid-9ef9928b\" data-vp-filter=\"soutezici-2023\" \t\t>\n\t\t\t\t\t\t\t\t\t<figure class=\"vp-portfolio__item\">\n\t\t\t\t\n<div class=\"vp-portfolio__item-img-wrap\">\n\t<div class=\"vp-portfolio__item-img\">\n\t\t\t<a\n\t\thref=\"https:\/\/www.design-award.cz\/?portfolio=produktovy-design-bacteria-light\"\n\t\t\t>\n\t\n\t\t<noscript><img decoding=\"async\" width=\"1920\" height=\"1358\" data-skip-lazy src=\"https:\/\/www.design-award.cz\/wp-content\/uploads\/2023\/04\/BAKTERIA-LIGHT-vizualizace-rozlozeneho-svitidla-Drabinova-1920x1358.jpg\" class=\"wp-image-2310\" alt=\"\" srcset=\"https:\/\/www.design-award.cz\/wp-content\/uploads\/2023\/04\/BAKTERIA-LIGHT-vizualizace-rozlozeneho-svitidla-Drabinova-1920x1358.jpg 1920w, https:\/\/www.design-award.cz\/wp-content\/uploads\/2023\/04\/BAKTERIA-LIGHT-vizualizace-rozlozeneho-svitidla-Drabinova-300x212.jpg 300w, https:\/\/www.design-award.cz\/wp-content\/uploads\/2023\/04\/BAKTERIA-LIGHT-vizualizace-rozlozeneho-svitidla-Drabinova-1024x724.jpg 1024w, https:\/\/www.design-award.cz\/wp-content\/uploads\/2023\/04\/BAKTERIA-LIGHT-vizualizace-rozlozeneho-svitidla-Drabinova-768x543.jpg 768w, https:\/\/www.design-award.cz\/wp-content\/uploads\/2023\/04\/BAKTERIA-LIGHT-vizualizace-rozlozeneho-svitidla-Drabinova-1536x1086.jpg 1536w, https:\/\/www.design-award.cz\/wp-content\/uploads\/2023\/04\/BAKTERIA-LIGHT-vizualizace-rozlozeneho-svitidla-Drabinova-2048x1448.jpg 2048w, https:\/\/www.design-award.cz\/wp-content\/uploads\/2023\/04\/BAKTERIA-LIGHT-vizualizace-rozlozeneho-svitidla-Drabinova-500x354.jpg 500w, https:\/\/www.design-award.cz\/wp-content\/uploads\/2023\/04\/BAKTERIA-LIGHT-vizualizace-rozlozeneho-svitidla-Drabinova-800x566.jpg 800w, https:\/\/www.design-award.cz\/wp-content\/uploads\/2023\/04\/BAKTERIA-LIGHT-vizualizace-rozlozeneho-svitidla-Drabinova-1280x905.jpg 1280w\" sizes=\"(max-width: 1920px) 100vw, 1920px\" \/><\/noscript><img decoding=\"async\" width=\"1920\" height=\"1358\" src=\"https:\/\/www.design-award.cz\/wp-content\/uploads\/2023\/04\/BAKTERIA-LIGHT-vizualizace-rozlozeneho-svitidla-Drabinova-1920x1358.jpg\" class=\"wp-image-2310 vp-lazyload\" alt srcset=\"data:image\/svg+xml;base64,PHN2ZyB3aWR0aD0iMTkyMCIgaGVpZ2h0PSIxMzU4IiB2aWV3Qm94PSIwIDAgMTkyMCAxMzU4IiBmaWxsPSJub25lIiB4bWxucz0iaHR0cDovL3d3dy53My5vcmcvMjAwMC9zdmciPjwvc3ZnPg==\" data-src=\"https:\/\/www.design-award.cz\/wp-content\/uploads\/2023\/04\/BAKTERIA-LIGHT-vizualizace-rozlozeneho-svitidla-Drabinova-1920x1358.jpg\" data-srcset=\"https:\/\/www.design-award.cz\/wp-content\/uploads\/2023\/04\/BAKTERIA-LIGHT-vizualizace-rozlozeneho-svitidla-Drabinova-1920x1358.jpg 1920w, https:\/\/www.design-award.cz\/wp-content\/uploads\/2023\/04\/BAKTERIA-LIGHT-vizualizace-rozlozeneho-svitidla-Drabinova-300x212.jpg 300w, https:\/\/www.design-award.cz\/wp-content\/uploads\/2023\/04\/BAKTERIA-LIGHT-vizualizace-rozlozeneho-svitidla-Drabinova-1024x724.jpg 1024w, https:\/\/www.design-award.cz\/wp-content\/uploads\/2023\/04\/BAKTERIA-LIGHT-vizualizace-rozlozeneho-svitidla-Drabinova-768x543.jpg 768w, https:\/\/www.design-award.cz\/wp-content\/uploads\/2023\/04\/BAKTERIA-LIGHT-vizualizace-rozlozeneho-svitidla-Drabinova-1536x1086.jpg 1536w, https:\/\/www.design-award.cz\/wp-content\/uploads\/2023\/04\/BAKTERIA-LIGHT-vizualizace-rozlozeneho-svitidla-Drabinova-2048x1448.jpg 2048w, https:\/\/www.design-award.cz\/wp-content\/uploads\/2023\/04\/BAKTERIA-LIGHT-vizualizace-rozlozeneho-svitidla-Drabinova-500x354.jpg 500w, https:\/\/www.design-award.cz\/wp-content\/uploads\/2023\/04\/BAKTERIA-LIGHT-vizualizace-rozlozeneho-svitidla-Drabinova-800x566.jpg 800w, https:\/\/www.design-award.cz\/wp-content\/uploads\/2023\/04\/BAKTERIA-LIGHT-vizualizace-rozlozeneho-svitidla-Drabinova-1280x905.jpg 1280w\" data-sizes=\"auto\" loading=\"eager\">\n\t\t<\/a>\t<\/div>\n<\/div>\n\t<figcaption class=\"vp-portfolio__item-overlay vp-portfolio__item-overlay-text-align-center\">\n\t\t<div class=\"vp-portfolio__item-meta-wrap vp-portfolio__custom-scrollbar\">\n\t\t\t\t<a\n\t\thref=\"https:\/\/www.design-award.cz\/?portfolio=produktovy-design-bacteria-light\"\n\t\ttabindex=\"-1\" class=\"vp-portfolio__item-meta\" \t>\n\t\n<div class=\"vp-portfolio__item-meta-categories\">\n\t\t\t<div class=\"vp-portfolio__item-meta-category\">\n\t\t\t\t<span\t\t\t>\n\tSOUT\u011a\u017d\u00cdC\u00cd 2023<\/span>\t\t<\/div>\n\t\t<\/div>\n\n<h2 class=\"vp-portfolio__item-meta-title\">\n\tProduktov\u00fd design &#8211; Bacteria Light<\/h2>\n<\/a>\t\t<\/div>\n\t<\/figcaption>\n\t\t\t<\/figure>\n\t\t\t\t\t<\/article>\n\t\t\n\t\t<article\t\tclass=\"vp-portfolio__item-wrap post-5095 portfolio type-portfolio status-publish format-standard has-post-thumbnail hentry entry has-media vp-portfolio__item-uid-d0aaaf22\" data-vp-filter=\"\" \t\t>\n\t\t\t\t\t\t\t\t\t<figure class=\"vp-portfolio__item\">\n\t\t\t\t\n<div class=\"vp-portfolio__item-img-wrap\">\n\t<div class=\"vp-portfolio__item-img\">\n\t\t\t<a\n\t\thref=\"https:\/\/www.design-award.cz\/?portfolio=produktovy-design-doteky-vody\"\n\t\t\t>\n\t\n\t\t<noscript><img decoding=\"async\" width=\"1920\" height=\"2880\" data-skip-lazy src=\"https:\/\/www.design-award.cz\/wp-content\/uploads\/2025\/06\/alexandra_vargova_01-1920x2880.jpg\" class=\"wp-image-5096\" alt=\"\" srcset=\"https:\/\/www.design-award.cz\/wp-content\/uploads\/2025\/06\/alexandra_vargova_01-1920x2880.jpg 1920w, https:\/\/www.design-award.cz\/wp-content\/uploads\/2025\/06\/alexandra_vargova_01-200x300.jpg 200w, https:\/\/www.design-award.cz\/wp-content\/uploads\/2025\/06\/alexandra_vargova_01-683x1024.jpg 683w, https:\/\/www.design-award.cz\/wp-content\/uploads\/2025\/06\/alexandra_vargova_01-768x1152.jpg 768w, https:\/\/www.design-award.cz\/wp-content\/uploads\/2025\/06\/alexandra_vargova_01-1024x1536.jpg 1024w, https:\/\/www.design-award.cz\/wp-content\/uploads\/2025\/06\/alexandra_vargova_01-1365x2048.jpg 1365w, https:\/\/www.design-award.cz\/wp-content\/uploads\/2025\/06\/alexandra_vargova_01-500x750.jpg 500w, https:\/\/www.design-award.cz\/wp-content\/uploads\/2025\/06\/alexandra_vargova_01-800x1200.jpg 800w, https:\/\/www.design-award.cz\/wp-content\/uploads\/2025\/06\/alexandra_vargova_01-1280x1920.jpg 1280w, https:\/\/www.design-award.cz\/wp-content\/uploads\/2025\/06\/alexandra_vargova_01-scaled.jpg 1707w\" sizes=\"(max-width: 1920px) 100vw, 1920px\" \/><\/noscript><img decoding=\"async\" width=\"1920\" height=\"2880\" src=\"https:\/\/www.design-award.cz\/wp-content\/uploads\/2025\/06\/alexandra_vargova_01-1920x2880.jpg\" class=\"wp-image-5096 vp-lazyload\" alt srcset=\"data:image\/svg+xml;base64,PHN2ZyB3aWR0aD0iMTkyMCIgaGVpZ2h0PSIyODgwIiB2aWV3Qm94PSIwIDAgMTkyMCAyODgwIiBmaWxsPSJub25lIiB4bWxucz0iaHR0cDovL3d3dy53My5vcmcvMjAwMC9zdmciPjwvc3ZnPg==\" data-src=\"https:\/\/www.design-award.cz\/wp-content\/uploads\/2025\/06\/alexandra_vargova_01-1920x2880.jpg\" data-srcset=\"https:\/\/www.design-award.cz\/wp-content\/uploads\/2025\/06\/alexandra_vargova_01-1920x2880.jpg 1920w, https:\/\/www.design-award.cz\/wp-content\/uploads\/2025\/06\/alexandra_vargova_01-200x300.jpg 200w, https:\/\/www.design-award.cz\/wp-content\/uploads\/2025\/06\/alexandra_vargova_01-683x1024.jpg 683w, https:\/\/www.design-award.cz\/wp-content\/uploads\/2025\/06\/alexandra_vargova_01-768x1152.jpg 768w, https:\/\/www.design-award.cz\/wp-content\/uploads\/2025\/06\/alexandra_vargova_01-1024x1536.jpg 1024w, https:\/\/www.design-award.cz\/wp-content\/uploads\/2025\/06\/alexandra_vargova_01-1365x2048.jpg 1365w, https:\/\/www.design-award.cz\/wp-content\/uploads\/2025\/06\/alexandra_vargova_01-500x750.jpg 500w, https:\/\/www.design-award.cz\/wp-content\/uploads\/2025\/06\/alexandra_vargova_01-800x1200.jpg 800w, https:\/\/www.design-award.cz\/wp-content\/uploads\/2025\/06\/alexandra_vargova_01-1280x1920.jpg 1280w, https:\/\/www.design-award.cz\/wp-content\/uploads\/2025\/06\/alexandra_vargova_01-scaled.jpg 1707w\" data-sizes=\"auto\" loading=\"eager\">\n\t\t<\/a>\t<\/div>\n<\/div>\n\t<figcaption class=\"vp-portfolio__item-overlay vp-portfolio__item-overlay-text-align-center\">\n\t\t<div class=\"vp-portfolio__item-meta-wrap vp-portfolio__custom-scrollbar\">\n\t\t\t\t<a\n\t\thref=\"https:\/\/www.design-award.cz\/?portfolio=produktovy-design-doteky-vody\"\n\t\ttabindex=\"-1\" class=\"vp-portfolio__item-meta\" \t>\n\t\n<h2 class=\"vp-portfolio__item-meta-title\">\n\tProduktov\u00fd design &#8211; DOTEKY VODY<\/h2>\n<\/a>\t\t<\/div>\n\t<\/figcaption>\n\t\t\t<\/figure>\n\t\t\t\t\t<\/article>\n\t\t\n\t\t<article\t\tclass=\"vp-portfolio__item-wrap post-5434 portfolio type-portfolio status-publish format-standard has-post-thumbnail hentry entry has-media vp-portfolio__item-uid-5a4bdfe2\" data-vp-filter=\"\" \t\t>\n\t\t\t\t\t\t\t\t\t<figure class=\"vp-portfolio__item\">\n\t\t\t\t\n<div class=\"vp-portfolio__item-img-wrap\">\n\t<div class=\"vp-portfolio__item-img\">\n\t\t\t<a\n\t\thref=\"https:\/\/www.design-award.cz\/?portfolio=5434\"\n\t\t\t>\n\t\n\t\t<noscript><img decoding=\"async\" width=\"905\" height=\"1134\" data-skip-lazy src=\"https:\/\/www.design-award.cz\/wp-content\/uploads\/2025\/06\/IMG_4894_converted.png\" class=\"wp-image-5471\" alt=\"\" srcset=\"https:\/\/www.design-award.cz\/wp-content\/uploads\/2025\/06\/IMG_4894_converted.png 905w, https:\/\/www.design-award.cz\/wp-content\/uploads\/2025\/06\/IMG_4894_converted-239x300.png 239w, https:\/\/www.design-award.cz\/wp-content\/uploads\/2025\/06\/IMG_4894_converted-817x1024.png 817w, https:\/\/www.design-award.cz\/wp-content\/uploads\/2025\/06\/IMG_4894_converted-768x962.png 768w, https:\/\/www.design-award.cz\/wp-content\/uploads\/2025\/06\/IMG_4894_converted-500x627.png 500w, https:\/\/www.design-award.cz\/wp-content\/uploads\/2025\/06\/IMG_4894_converted-800x1002.png 800w\" sizes=\"(max-width: 905px) 100vw, 905px\" \/><\/noscript><img decoding=\"async\" width=\"905\" height=\"1134\" src=\"https:\/\/www.design-award.cz\/wp-content\/uploads\/2025\/06\/IMG_4894_converted.png\" class=\"wp-image-5471 vp-lazyload\" alt srcset=\"data:image\/svg+xml;base64,PHN2ZyB3aWR0aD0iOTA1IiBoZWlnaHQ9IjExMzQiIHZpZXdCb3g9IjAgMCA5MDUgMTEzNCIgZmlsbD0ibm9uZSIgeG1sbnM9Imh0dHA6Ly93d3cudzMub3JnLzIwMDAvc3ZnIj48L3N2Zz4=\" data-src=\"https:\/\/www.design-award.cz\/wp-content\/uploads\/2025\/06\/IMG_4894_converted.png\" data-srcset=\"https:\/\/www.design-award.cz\/wp-content\/uploads\/2025\/06\/IMG_4894_converted.png 905w, https:\/\/www.design-award.cz\/wp-content\/uploads\/2025\/06\/IMG_4894_converted-239x300.png 239w, https:\/\/www.design-award.cz\/wp-content\/uploads\/2025\/06\/IMG_4894_converted-817x1024.png 817w, https:\/\/www.design-award.cz\/wp-content\/uploads\/2025\/06\/IMG_4894_converted-768x962.png 768w, https:\/\/www.design-award.cz\/wp-content\/uploads\/2025\/06\/IMG_4894_converted-500x627.png 500w, https:\/\/www.design-award.cz\/wp-content\/uploads\/2025\/06\/IMG_4894_converted-800x1002.png 800w\" data-sizes=\"auto\" loading=\"eager\">\n\t\t<\/a>\t<\/div>\n<\/div>\n\t<figcaption class=\"vp-portfolio__item-overlay vp-portfolio__item-overlay-text-align-center\">\n\t\t<div class=\"vp-portfolio__item-meta-wrap vp-portfolio__custom-scrollbar\">\n\t\t\t\t<a\n\t\thref=\"https:\/\/www.design-award.cz\/?portfolio=5434\"\n\t\ttabindex=\"-1\" class=\"vp-portfolio__item-meta\" \t>\n\t\n<h2 class=\"vp-portfolio__item-meta-title\">\n\tProduktov\u00fd design &#8211; Hra pro d\u011bti<\/h2>\n<\/a>\t\t<\/div>\n\t<\/figcaption>\n\t\t\t<\/figure>\n\t\t\t\t\t<\/article>\n\t\t\n\t\t<article\t\tclass=\"vp-portfolio__item-wrap post-3730 portfolio type-portfolio status-publish format-standard has-post-thumbnail hentry entry has-media vp-portfolio__item-uid-7a0bfa7e\" data-vp-filter=\"\" \t\t>\n\t\t\t\t\t\t\t\t\t<figure class=\"vp-portfolio__item\">\n\t\t\t\t\n<div class=\"vp-portfolio__item-img-wrap\">\n\t<div class=\"vp-portfolio__item-img\">\n\t\t\t<a\n\t\thref=\"https:\/\/www.design-award.cz\/?portfolio=verejny-interier-klauzurni-prace-vestibul-skoly\"\n\t\t\t>\n\t\n\t\t<noscript><img decoding=\"async\" width=\"1417\" height=\"1984\" data-skip-lazy src=\"https:\/\/www.design-award.cz\/wp-content\/uploads\/2024\/06\/plakat-klauzura.jpg\" class=\"wp-image-3749\" alt=\"\" srcset=\"https:\/\/www.design-award.cz\/wp-content\/uploads\/2024\/06\/plakat-klauzura.jpg 1417w, https:\/\/www.design-award.cz\/wp-content\/uploads\/2024\/06\/plakat-klauzura-214x300.jpg 214w, https:\/\/www.design-award.cz\/wp-content\/uploads\/2024\/06\/plakat-klauzura-731x1024.jpg 731w, https:\/\/www.design-award.cz\/wp-content\/uploads\/2024\/06\/plakat-klauzura-768x1075.jpg 768w, https:\/\/www.design-award.cz\/wp-content\/uploads\/2024\/06\/plakat-klauzura-1097x1536.jpg 1097w, https:\/\/www.design-award.cz\/wp-content\/uploads\/2024\/06\/plakat-klauzura-500x700.jpg 500w, https:\/\/www.design-award.cz\/wp-content\/uploads\/2024\/06\/plakat-klauzura-800x1120.jpg 800w, https:\/\/www.design-award.cz\/wp-content\/uploads\/2024\/06\/plakat-klauzura-1280x1792.jpg 1280w\" sizes=\"(max-width: 1417px) 100vw, 1417px\" \/><\/noscript><img decoding=\"async\" width=\"1417\" height=\"1984\" src=\"https:\/\/www.design-award.cz\/wp-content\/uploads\/2024\/06\/plakat-klauzura.jpg\" class=\"wp-image-3749 vp-lazyload\" alt srcset=\"data:image\/svg+xml;base64,PHN2ZyB3aWR0aD0iMTQxNyIgaGVpZ2h0PSIxOTg0IiB2aWV3Qm94PSIwIDAgMTQxNyAxOTg0IiBmaWxsPSJub25lIiB4bWxucz0iaHR0cDovL3d3dy53My5vcmcvMjAwMC9zdmciPjwvc3ZnPg==\" data-src=\"https:\/\/www.design-award.cz\/wp-content\/uploads\/2024\/06\/plakat-klauzura.jpg\" data-srcset=\"https:\/\/www.design-award.cz\/wp-content\/uploads\/2024\/06\/plakat-klauzura.jpg 1417w, https:\/\/www.design-award.cz\/wp-content\/uploads\/2024\/06\/plakat-klauzura-214x300.jpg 214w, https:\/\/www.design-award.cz\/wp-content\/uploads\/2024\/06\/plakat-klauzura-731x1024.jpg 731w, https:\/\/www.design-award.cz\/wp-content\/uploads\/2024\/06\/plakat-klauzura-768x1075.jpg 768w, https:\/\/www.design-award.cz\/wp-content\/uploads\/2024\/06\/plakat-klauzura-1097x1536.jpg 1097w, https:\/\/www.design-award.cz\/wp-content\/uploads\/2024\/06\/plakat-klauzura-500x700.jpg 500w, https:\/\/www.design-award.cz\/wp-content\/uploads\/2024\/06\/plakat-klauzura-800x1120.jpg 800w, https:\/\/www.design-award.cz\/wp-content\/uploads\/2024\/06\/plakat-klauzura-1280x1792.jpg 1280w\" data-sizes=\"auto\" loading=\"eager\">\n\t\t<\/a>\t<\/div>\n<\/div>\n\t<figcaption class=\"vp-portfolio__item-overlay vp-portfolio__item-overlay-text-align-center\">\n\t\t<div class=\"vp-portfolio__item-meta-wrap vp-portfolio__custom-scrollbar\">\n\t\t\t\t<a\n\t\thref=\"https:\/\/www.design-award.cz\/?portfolio=verejny-interier-klauzurni-prace-vestibul-skoly\"\n\t\ttabindex=\"-1\" class=\"vp-portfolio__item-meta\" \t>\n\t\n<h2 class=\"vp-portfolio__item-meta-title\">\n\tVe\u0159ejn\u00fd interi\u00e9r &#8211; Klauzurn\u00ed pr\u00e1ce- vestibul \u0161koly<\/h2>\n<\/a>\t\t<\/div>\n\t<\/figcaption>\n\t\t\t<\/figure>\n\t\t\t\t\t<\/article>\n\t\t\n\t\t<article\t\tclass=\"vp-portfolio__item-wrap post-1988 portfolio type-portfolio status-publish format-standard has-post-thumbnail hentry portfolio_category-soutezici-2023 entry has-media vp-portfolio__item-uid-37b34e06\" data-vp-filter=\"soutezici-2023\" \t\t>\n\t\t\t\t\t\t\t\t\t<figure class=\"vp-portfolio__item\">\n\t\t\t\t\n<div class=\"vp-portfolio__item-img-wrap\">\n\t<div class=\"vp-portfolio__item-img\">\n\t\t\t<a\n\t\thref=\"https:\/\/www.design-award.cz\/?portfolio=soukromy-interier-studentsky-pokoj-two-faces\"\n\t\t\t>\n\t\n\t\t<noscript><img decoding=\"async\" width=\"900\" height=\"576\" data-skip-lazy src=\"https:\/\/www.design-award.cz\/wp-content\/uploads\/2023\/04\/vizualizace-poster1.png\" class=\"wp-image-1991\" alt=\"\" srcset=\"https:\/\/www.design-award.cz\/wp-content\/uploads\/2023\/04\/vizualizace-poster1.png 900w, https:\/\/www.design-award.cz\/wp-content\/uploads\/2023\/04\/vizualizace-poster1-300x192.png 300w, https:\/\/www.design-award.cz\/wp-content\/uploads\/2023\/04\/vizualizace-poster1-768x492.png 768w, https:\/\/www.design-award.cz\/wp-content\/uploads\/2023\/04\/vizualizace-poster1-500x320.png 500w, https:\/\/www.design-award.cz\/wp-content\/uploads\/2023\/04\/vizualizace-poster1-800x512.png 800w\" sizes=\"(max-width: 900px) 100vw, 900px\" \/><\/noscript><img decoding=\"async\" width=\"900\" height=\"576\" src=\"https:\/\/www.design-award.cz\/wp-content\/uploads\/2023\/04\/vizualizace-poster1.png\" class=\"wp-image-1991 vp-lazyload\" alt srcset=\"data:image\/svg+xml;base64,PHN2ZyB3aWR0aD0iOTAwIiBoZWlnaHQ9IjU3NiIgdmlld0JveD0iMCAwIDkwMCA1NzYiIGZpbGw9Im5vbmUiIHhtbG5zPSJodHRwOi8vd3d3LnczLm9yZy8yMDAwL3N2ZyI+PC9zdmc+\" data-src=\"https:\/\/www.design-award.cz\/wp-content\/uploads\/2023\/04\/vizualizace-poster1.png\" data-srcset=\"https:\/\/www.design-award.cz\/wp-content\/uploads\/2023\/04\/vizualizace-poster1.png 900w, https:\/\/www.design-award.cz\/wp-content\/uploads\/2023\/04\/vizualizace-poster1-300x192.png 300w, https:\/\/www.design-award.cz\/wp-content\/uploads\/2023\/04\/vizualizace-poster1-768x492.png 768w, https:\/\/www.design-award.cz\/wp-content\/uploads\/2023\/04\/vizualizace-poster1-500x320.png 500w, https:\/\/www.design-award.cz\/wp-content\/uploads\/2023\/04\/vizualizace-poster1-800x512.png 800w\" data-sizes=\"auto\" loading=\"eager\">\n\t\t<\/a>\t<\/div>\n<\/div>\n\t<figcaption class=\"vp-portfolio__item-overlay vp-portfolio__item-overlay-text-align-center\">\n\t\t<div class=\"vp-portfolio__item-meta-wrap vp-portfolio__custom-scrollbar\">\n\t\t\t\t<a\n\t\thref=\"https:\/\/www.design-award.cz\/?portfolio=soukromy-interier-studentsky-pokoj-two-faces\"\n\t\ttabindex=\"-1\" class=\"vp-portfolio__item-meta\" \t>\n\t\n<div class=\"vp-portfolio__item-meta-categories\">\n\t\t\t<div class=\"vp-portfolio__item-meta-category\">\n\t\t\t\t<span\t\t\t>\n\tSOUT\u011a\u017d\u00cdC\u00cd 2023<\/span>\t\t<\/div>\n\t\t<\/div>\n\n<h2 class=\"vp-portfolio__item-meta-title\">\n\tSoukrom\u00fd interi\u00e9r &#8211; Studentsk\u00fd pokoj &#8211; Two faces<\/h2>\n<\/a>\t\t<\/div>\n\t<\/figcaption>\n\t\t\t<\/figure>\n\t\t\t\t\t<\/article>\n\t\t\n<\/div>\n\n<div class=\"vp-portfolio__items-arrow vp-portfolio__items-arrow-prev\" tabindex=\"0\" role=\"button\" aria-label=\"Previous Slide\">\n\t\n<svg class=\"vp-svg-icon\" width=\"20\" height=\"20\" viewBox=\"0 0 20 20\" fill=\"none\" xmlns=\"http:\/\/www.w3.org\/2000\/svg\">\n\t<path d=\"M12 4L6 10L12 16\" stroke=\"currentColor\" stroke-width=\"1.5\" stroke-linecap=\"round\" stroke-linejoin=\"round\" fill=\"transparent\" \/>\n<\/svg>\n<\/div>\n<div class=\"vp-portfolio__items-arrow vp-portfolio__items-arrow-next\" tabindex=\"0\" role=\"button\" aria-label=\"Next Slide\">\n\t\n<svg class=\"vp-svg-icon\" width=\"20\" height=\"20\" viewBox=\"0 0 20 20\" fill=\"none\" xmlns=\"http:\/\/www.w3.org\/2000\/svg\">\n\t<path d=\"M8 4L14 10L8 16\" stroke=\"currentColor\" stroke-width=\"1.5\" stroke-linecap=\"round\" stroke-linejoin=\"round\" fill=\"transparent\" \/>\n<\/svg>\n<\/div>\n\t\t<\/div>\n\t\t\t\t<div class=\"vp-portfolio__layout-elements vp-portfolio__layout-elements-bottom vp-portfolio__layout-elements-align-center\">\n\t\t\t\t<div class=\"vp-portfolio__pagination-wrap\">\n\t\t\n<div class=\"vp-pagination vp-pagination__style-minimal\" data-vp-pagination-type=\"load-more\">\n\t<div class=\"vp-pagination__item\">\n\t\t<a class=\"vp-pagination__load-more\" href=\"https:\/\/www.design-award.cz\/index.php?rest_route=%2Fwp%2Fv2%2Fportfolio%2F909&#038;vp_page=2\">\n\t\t\t<span>Load More<\/span>\n\t\t\t<span class=\"vp-pagination__load-more-loading\"><span class=\"vp-spinner\"><\/span><span class=\"vp-screen-reader-text\"> Loading More&#8230;<\/span><\/span>\n\t\t\t<span class=\"vp-pagination__load-more-no-more\">You\u2019ve reached the end of the list<\/span>\n\t\t<\/a>\n\t<\/div>\n<\/div>\n\t\t<\/div>\n\t\t\t\t<\/div>\n\t\t\n<\/div>\n<\/div>","protected":false},"excerpt":{"rendered":"<p>Karol\u00edna Mart\u00ednkov\u00e1 SO\u0160 obchodu, u\u017eit\u00e9ho um\u011bn\u00ed a designu, Nerudova 33, Plze\u0148 Vizualizace garsonieryZad\u00e1n\u00edm projektu bylo navrhnut\u00ed garsoniery pro mlad\u00fd p\u00e1r, kter\u00fd se zaj\u00edm\u00e1 o um\u011bn\u00ed a\u010dinnosti s n\u00edm spojen\u00e9. V podkladech jsem dostala m\u00edstnost s rozm\u011bry 7,3m x 5,7m an\u00e1sledn\u011b jsem za\u010dala se zpracov\u00e1n\u00edm ve 3D programu Rhinoceros.St\u011b\u017eejn\u00edm bylo navrhnout chytr\u00e9 a zaj\u00edmav\u00e9 \u0159e\u0161en\u00ed dispozice, [&hellip;]<\/p>\n","protected":false},"author":1,"featured_media":914,"menu_order":0,"comment_status":"closed","ping_status":"closed","template":"","format":"standard","meta":{"ngg_post_thumbnail":0,"ocean_post_layout":"","ocean_both_sidebars_style":"","ocean_both_sidebars_content_width":0,"ocean_both_sidebars_sidebars_width":0,"ocean_sidebar":"","ocean_second_sidebar":"","ocean_disable_margins":"enable","ocean_add_body_class":"","ocean_shortcode_before_top_bar":"","ocean_shortcode_after_top_bar":"","ocean_shortcode_before_header":"","ocean_shortcode_after_header":"","ocean_has_shortcode":"","ocean_shortcode_after_title":"","ocean_shortcode_before_footer_widgets":"","ocean_shortcode_after_footer_widgets":"","ocean_shortcode_before_footer_bottom":"","ocean_shortcode_after_footer_bottom":"","ocean_display_top_bar":"default","ocean_display_header":"default","ocean_header_style":"","ocean_center_header_left_menu":"","ocean_custom_header_template":"","ocean_custom_logo":0,"ocean_custom_retina_logo":0,"ocean_custom_logo_max_width":0,"ocean_custom_logo_tablet_max_width":0,"ocean_custom_logo_mobile_max_width":0,"ocean_custom_logo_max_height":0,"ocean_custom_logo_tablet_max_height":0,"ocean_custom_logo_mobile_max_height":0,"ocean_header_custom_menu":"","ocean_menu_typo_font_family":"","ocean_menu_typo_font_subset":"","ocean_menu_typo_font_size":0,"ocean_menu_typo_font_size_tablet":0,"ocean_menu_typo_font_size_mobile":0,"ocean_menu_typo_font_size_unit":"px","ocean_menu_typo_font_weight":"","ocean_menu_typo_font_weight_tablet":"","ocean_menu_typo_font_weight_mobile":"","ocean_menu_typo_transform":"","ocean_menu_typo_transform_tablet":"","ocean_menu_typo_transform_mobile":"","ocean_menu_typo_line_height":0,"ocean_menu_typo_line_height_tablet":0,"ocean_menu_typo_line_height_mobile":0,"ocean_menu_typo_line_height_unit":"","ocean_menu_typo_spacing":0,"ocean_menu_typo_spacing_tablet":0,"ocean_menu_typo_spacing_mobile":0,"ocean_menu_typo_spacing_unit":"","ocean_menu_link_color":"","ocean_menu_link_color_hover":"","ocean_menu_link_color_active":"","ocean_menu_link_background":"","ocean_menu_link_hover_background":"","ocean_menu_link_active_background":"","ocean_menu_social_links_bg":"","ocean_menu_social_hover_links_bg":"","ocean_menu_social_links_color":"","ocean_menu_social_hover_links_color":"","ocean_disable_title":"default","ocean_disable_heading":"default","ocean_post_title":"","ocean_post_subheading":"","ocean_post_title_style":"","ocean_post_title_background_color":"","ocean_post_title_background":0,"ocean_post_title_bg_image_position":"","ocean_post_title_bg_image_attachment":"","ocean_post_title_bg_image_repeat":"","ocean_post_title_bg_image_size":"","ocean_post_title_height":0,"ocean_post_title_bg_overlay":0.5,"ocean_post_title_bg_overlay_color":"","ocean_disable_breadcrumbs":"default","ocean_breadcrumbs_color":"","ocean_breadcrumbs_separator_color":"","ocean_breadcrumbs_links_color":"","ocean_breadcrumbs_links_hover_color":"","ocean_display_footer_widgets":"default","ocean_display_footer_bottom":"default","ocean_custom_footer_template":"","_vp_format_video_url":"","_vp_image_focal_point":[],"footnotes":""},"portfolio_category":[],"portfolio_tag":[],"class_list":["post-909","portfolio","type-portfolio","status-publish","format-standard","has-post-thumbnail","hentry","entry","has-media"],"yoast_head":"<!-- This site is optimized with the Yoast SEO plugin v25.2 - https:\/\/yoast.com\/wordpress\/plugins\/seo\/ -->\n<title>Soukrom\u00fd interi\u00e9r - Garsoniera pro studentsk\u00fd p\u00e1r - design-award.cz<\/title>\n<meta name=\"robots\" content=\"index, follow, max-snippet:-1, max-image-preview:large, max-video-preview:-1\" \/>\n<link rel=\"canonical\" href=\"https:\/\/www.design-award.cz\/?portfolio=soukromy-interier-garsoniera-pro-studentsky-par-2\" \/>\n<meta property=\"og:locale\" content=\"cs_CZ\" \/>\n<meta property=\"og:type\" content=\"article\" \/>\n<meta property=\"og:title\" content=\"Soukrom\u00fd interi\u00e9r - Garsoniera pro studentsk\u00fd p\u00e1r - design-award.cz\" \/>\n<meta property=\"og:description\" content=\"Karol\u00edna Mart\u00ednkov\u00e1 SO\u0160 obchodu, u\u017eit\u00e9ho um\u011bn\u00ed a designu, Nerudova 33, Plze\u0148 Vizualizace garsonieryZad\u00e1n\u00edm projektu bylo navrhnut\u00ed garsoniery pro mlad\u00fd p\u00e1r, kter\u00fd se zaj\u00edm\u00e1 o um\u011bn\u00ed a\u010dinnosti s n\u00edm spojen\u00e9. V podkladech jsem dostala m\u00edstnost s rozm\u011bry 7,3m x 5,7m an\u00e1sledn\u011b jsem za\u010dala se zpracov\u00e1n\u00edm ve 3D programu Rhinoceros.St\u011b\u017eejn\u00edm bylo navrhnout chytr\u00e9 a zaj\u00edmav\u00e9 \u0159e\u0161en\u00ed dispozice, [&hellip;]\" \/>\n<meta property=\"og:url\" content=\"https:\/\/www.design-award.cz\/?portfolio=soukromy-interier-garsoniera-pro-studentsky-par-2\" \/>\n<meta property=\"og:site_name\" content=\"design-award.cz\" \/>\n<meta property=\"article:modified_time\" content=\"2022-04-28T12:25:39+00:00\" \/>\n<meta property=\"og:image\" content=\"http:\/\/www.design-award.cz\/wp-content\/uploads\/2022\/04\/3DI_Martinkova_Karolina_garsoniera_render-6-1.jpg\" \/>\n\t<meta property=\"og:image:width\" content=\"1650\" \/>\n\t<meta property=\"og:image:height\" content=\"815\" \/>\n\t<meta property=\"og:image:type\" content=\"image\/jpeg\" \/>\n<meta name=\"twitter:card\" content=\"summary_large_image\" \/>\n<meta name=\"twitter:label1\" content=\"Odhadovan\u00e1 doba \u010dten\u00ed\" \/>\n\t<meta name=\"twitter:data1\" content=\"3 minuty\" \/>\n<script type=\"application\/ld+json\" class=\"yoast-schema-graph\">{\"@context\":\"https:\/\/schema.org\",\"@graph\":[{\"@type\":\"WebPage\",\"@id\":\"https:\/\/www.design-award.cz\/?portfolio=soukromy-interier-garsoniera-pro-studentsky-par-2\",\"url\":\"https:\/\/www.design-award.cz\/?portfolio=soukromy-interier-garsoniera-pro-studentsky-par-2\",\"name\":\"Soukrom\u00fd interi\u00e9r - Garsoniera pro studentsk\u00fd p\u00e1r - design-award.cz\",\"isPartOf\":{\"@id\":\"https:\/\/www.design-award.cz\/#website\"},\"primaryImageOfPage\":{\"@id\":\"https:\/\/www.design-award.cz\/?portfolio=soukromy-interier-garsoniera-pro-studentsky-par-2#primaryimage\"},\"image\":{\"@id\":\"https:\/\/www.design-award.cz\/?portfolio=soukromy-interier-garsoniera-pro-studentsky-par-2#primaryimage\"},\"thumbnailUrl\":\"https:\/\/www.design-award.cz\/wp-content\/uploads\/2022\/04\/3DI_Martinkova_Karolina_garsoniera_render-6-1.jpg\",\"datePublished\":\"2022-04-28T12:25:37+00:00\",\"dateModified\":\"2022-04-28T12:25:39+00:00\",\"breadcrumb\":{\"@id\":\"https:\/\/www.design-award.cz\/?portfolio=soukromy-interier-garsoniera-pro-studentsky-par-2#breadcrumb\"},\"inLanguage\":\"cs\",\"potentialAction\":[{\"@type\":\"ReadAction\",\"target\":[\"https:\/\/www.design-award.cz\/?portfolio=soukromy-interier-garsoniera-pro-studentsky-par-2\"]}]},{\"@type\":\"ImageObject\",\"inLanguage\":\"cs\",\"@id\":\"https:\/\/www.design-award.cz\/?portfolio=soukromy-interier-garsoniera-pro-studentsky-par-2#primaryimage\",\"url\":\"https:\/\/www.design-award.cz\/wp-content\/uploads\/2022\/04\/3DI_Martinkova_Karolina_garsoniera_render-6-1.jpg\",\"contentUrl\":\"https:\/\/www.design-award.cz\/wp-content\/uploads\/2022\/04\/3DI_Martinkova_Karolina_garsoniera_render-6-1.jpg\",\"width\":1650,\"height\":815},{\"@type\":\"BreadcrumbList\",\"@id\":\"https:\/\/www.design-award.cz\/?portfolio=soukromy-interier-garsoniera-pro-studentsky-par-2#breadcrumb\",\"itemListElement\":[{\"@type\":\"ListItem\",\"position\":1,\"name\":\"Dom\u016f\",\"item\":\"https:\/\/www.design-award.cz\/\"},{\"@type\":\"ListItem\",\"position\":2,\"name\":\"Portfolio Items\",\"item\":\"https:\/\/www.design-award.cz\/?post_type=portfolio\"},{\"@type\":\"ListItem\",\"position\":3,\"name\":\"Soukrom\u00fd interi\u00e9r &#8211; Garsoniera pro studentsk\u00fd p\u00e1r\"}]},{\"@type\":\"WebSite\",\"@id\":\"https:\/\/www.design-award.cz\/#website\",\"url\":\"https:\/\/www.design-award.cz\/\",\"name\":\"design-award.cz\",\"description\":\"WARD vznikla v roce 2022. Je ur\u010dena p\u0159edev\u0161\u00edm student\u016fm st\u0159edn\u00edch um\u011bleck\u00fdch \u0161kol (S\u0160 a VO\u0160), kte\u0159\u00ed mohou bezplatn\u011b zaslat sv\u00e9 n\u00e1vrhy v uveden\u00fdch kategori\u00ed a tak pom\u011b\u0159it sv\u00e9 n\u00e1pady s konkurenc\u00ed sv\u00fdch vrstevn\u00edk\u016f. N\u00e1vrhy jsou n\u00e1sledn\u011b posouzeny nez\u00e1vislou porotou z \u0159ad v\u00fdtvarn\u00edk\u016f, pedagog\u016f a profesion\u00e1l\u016f z oboru.\",\"publisher\":{\"@id\":\"https:\/\/www.design-award.cz\/#organization\"},\"potentialAction\":[{\"@type\":\"SearchAction\",\"target\":{\"@type\":\"EntryPoint\",\"urlTemplate\":\"https:\/\/www.design-award.cz\/?s={search_term_string}\"},\"query-input\":{\"@type\":\"PropertyValueSpecification\",\"valueRequired\":true,\"valueName\":\"search_term_string\"}}],\"inLanguage\":\"cs\"},{\"@type\":\"Organization\",\"@id\":\"https:\/\/www.design-award.cz\/#organization\",\"name\":\"Design Award\",\"url\":\"https:\/\/www.design-award.cz\/\",\"logo\":{\"@type\":\"ImageObject\",\"inLanguage\":\"cs\",\"@id\":\"https:\/\/www.design-award.cz\/#\/schema\/logo\/image\/\",\"url\":\"http:\/\/www.design-award.cz\/wp-content\/uploads\/2021\/12\/hornilogo_design-award.png\",\"contentUrl\":\"http:\/\/www.design-award.cz\/wp-content\/uploads\/2021\/12\/hornilogo_design-award.png\",\"width\":800,\"height\":600,\"caption\":\"Design Award\"},\"image\":{\"@id\":\"https:\/\/www.design-award.cz\/#\/schema\/logo\/image\/\"},\"sameAs\":[\"https:\/\/www.instagram.com\/design_award\/\"]}]}<\/script>\n<!-- \/ Yoast SEO plugin. -->","yoast_head_json":{"title":"Soukrom\u00fd interi\u00e9r - Garsoniera pro studentsk\u00fd p\u00e1r - design-award.cz","robots":{"index":"index","follow":"follow","max-snippet":"max-snippet:-1","max-image-preview":"max-image-preview:large","max-video-preview":"max-video-preview:-1"},"canonical":"https:\/\/www.design-award.cz\/?portfolio=soukromy-interier-garsoniera-pro-studentsky-par-2","og_locale":"cs_CZ","og_type":"article","og_title":"Soukrom\u00fd interi\u00e9r - Garsoniera pro studentsk\u00fd p\u00e1r - design-award.cz","og_description":"Karol\u00edna Mart\u00ednkov\u00e1 SO\u0160 obchodu, u\u017eit\u00e9ho um\u011bn\u00ed a designu, Nerudova 33, Plze\u0148 Vizualizace garsonieryZad\u00e1n\u00edm projektu bylo navrhnut\u00ed garsoniery pro mlad\u00fd p\u00e1r, kter\u00fd se zaj\u00edm\u00e1 o um\u011bn\u00ed a\u010dinnosti s n\u00edm spojen\u00e9. V podkladech jsem dostala m\u00edstnost s rozm\u011bry 7,3m x 5,7m an\u00e1sledn\u011b jsem za\u010dala se zpracov\u00e1n\u00edm ve 3D programu Rhinoceros.St\u011b\u017eejn\u00edm bylo navrhnout chytr\u00e9 a zaj\u00edmav\u00e9 \u0159e\u0161en\u00ed dispozice, [&hellip;]","og_url":"https:\/\/www.design-award.cz\/?portfolio=soukromy-interier-garsoniera-pro-studentsky-par-2","og_site_name":"design-award.cz","article_modified_time":"2022-04-28T12:25:39+00:00","og_image":[{"width":1650,"height":815,"url":"http:\/\/www.design-award.cz\/wp-content\/uploads\/2022\/04\/3DI_Martinkova_Karolina_garsoniera_render-6-1.jpg","type":"image\/jpeg"}],"twitter_card":"summary_large_image","twitter_misc":{"Odhadovan\u00e1 doba \u010dten\u00ed":"3 minuty"},"schema":{"@context":"https:\/\/schema.org","@graph":[{"@type":"WebPage","@id":"https:\/\/www.design-award.cz\/?portfolio=soukromy-interier-garsoniera-pro-studentsky-par-2","url":"https:\/\/www.design-award.cz\/?portfolio=soukromy-interier-garsoniera-pro-studentsky-par-2","name":"Soukrom\u00fd interi\u00e9r - Garsoniera pro studentsk\u00fd p\u00e1r - design-award.cz","isPartOf":{"@id":"https:\/\/www.design-award.cz\/#website"},"primaryImageOfPage":{"@id":"https:\/\/www.design-award.cz\/?portfolio=soukromy-interier-garsoniera-pro-studentsky-par-2#primaryimage"},"image":{"@id":"https:\/\/www.design-award.cz\/?portfolio=soukromy-interier-garsoniera-pro-studentsky-par-2#primaryimage"},"thumbnailUrl":"https:\/\/www.design-award.cz\/wp-content\/uploads\/2022\/04\/3DI_Martinkova_Karolina_garsoniera_render-6-1.jpg","datePublished":"2022-04-28T12:25:37+00:00","dateModified":"2022-04-28T12:25:39+00:00","breadcrumb":{"@id":"https:\/\/www.design-award.cz\/?portfolio=soukromy-interier-garsoniera-pro-studentsky-par-2#breadcrumb"},"inLanguage":"cs","potentialAction":[{"@type":"ReadAction","target":["https:\/\/www.design-award.cz\/?portfolio=soukromy-interier-garsoniera-pro-studentsky-par-2"]}]},{"@type":"ImageObject","inLanguage":"cs","@id":"https:\/\/www.design-award.cz\/?portfolio=soukromy-interier-garsoniera-pro-studentsky-par-2#primaryimage","url":"https:\/\/www.design-award.cz\/wp-content\/uploads\/2022\/04\/3DI_Martinkova_Karolina_garsoniera_render-6-1.jpg","contentUrl":"https:\/\/www.design-award.cz\/wp-content\/uploads\/2022\/04\/3DI_Martinkova_Karolina_garsoniera_render-6-1.jpg","width":1650,"height":815},{"@type":"BreadcrumbList","@id":"https:\/\/www.design-award.cz\/?portfolio=soukromy-interier-garsoniera-pro-studentsky-par-2#breadcrumb","itemListElement":[{"@type":"ListItem","position":1,"name":"Dom\u016f","item":"https:\/\/www.design-award.cz\/"},{"@type":"ListItem","position":2,"name":"Portfolio Items","item":"https:\/\/www.design-award.cz\/?post_type=portfolio"},{"@type":"ListItem","position":3,"name":"Soukrom\u00fd interi\u00e9r &#8211; Garsoniera pro studentsk\u00fd p\u00e1r"}]},{"@type":"WebSite","@id":"https:\/\/www.design-award.cz\/#website","url":"https:\/\/www.design-award.cz\/","name":"design-award.cz","description":"WARD vznikla v roce 2022. Je ur\u010dena p\u0159edev\u0161\u00edm student\u016fm st\u0159edn\u00edch um\u011bleck\u00fdch \u0161kol (S\u0160 a VO\u0160), kte\u0159\u00ed mohou bezplatn\u011b zaslat sv\u00e9 n\u00e1vrhy v uveden\u00fdch kategori\u00ed a tak pom\u011b\u0159it sv\u00e9 n\u00e1pady s konkurenc\u00ed sv\u00fdch vrstevn\u00edk\u016f. N\u00e1vrhy jsou n\u00e1sledn\u011b posouzeny nez\u00e1vislou porotou z \u0159ad v\u00fdtvarn\u00edk\u016f, pedagog\u016f a profesion\u00e1l\u016f z oboru.","publisher":{"@id":"https:\/\/www.design-award.cz\/#organization"},"potentialAction":[{"@type":"SearchAction","target":{"@type":"EntryPoint","urlTemplate":"https:\/\/www.design-award.cz\/?s={search_term_string}"},"query-input":{"@type":"PropertyValueSpecification","valueRequired":true,"valueName":"search_term_string"}}],"inLanguage":"cs"},{"@type":"Organization","@id":"https:\/\/www.design-award.cz\/#organization","name":"Design Award","url":"https:\/\/www.design-award.cz\/","logo":{"@type":"ImageObject","inLanguage":"cs","@id":"https:\/\/www.design-award.cz\/#\/schema\/logo\/image\/","url":"http:\/\/www.design-award.cz\/wp-content\/uploads\/2021\/12\/hornilogo_design-award.png","contentUrl":"http:\/\/www.design-award.cz\/wp-content\/uploads\/2021\/12\/hornilogo_design-award.png","width":800,"height":600,"caption":"Design Award"},"image":{"@id":"https:\/\/www.design-award.cz\/#\/schema\/logo\/image\/"},"sameAs":["https:\/\/www.instagram.com\/design_award\/"]}]}},"_links":{"self":[{"href":"https:\/\/www.design-award.cz\/index.php?rest_route=\/wp\/v2\/portfolio\/909","targetHints":{"allow":["GET"]}}],"collection":[{"href":"https:\/\/www.design-award.cz\/index.php?rest_route=\/wp\/v2\/portfolio"}],"about":[{"href":"https:\/\/www.design-award.cz\/index.php?rest_route=\/wp\/v2\/types\/portfolio"}],"author":[{"embeddable":true,"href":"https:\/\/www.design-award.cz\/index.php?rest_route=\/wp\/v2\/users\/1"}],"replies":[{"embeddable":true,"href":"https:\/\/www.design-award.cz\/index.php?rest_route=%2Fwp%2Fv2%2Fcomments&post=909"}],"version-history":[{"count":1,"href":"https:\/\/www.design-award.cz\/index.php?rest_route=\/wp\/v2\/portfolio\/909\/revisions"}],"predecessor-version":[{"id":916,"href":"https:\/\/www.design-award.cz\/index.php?rest_route=\/wp\/v2\/portfolio\/909\/revisions\/916"}],"wp:featuredmedia":[{"embeddable":true,"href":"https:\/\/www.design-award.cz\/index.php?rest_route=\/wp\/v2\/media\/914"}],"wp:attachment":[{"href":"https:\/\/www.design-award.cz\/index.php?rest_route=%2Fwp%2Fv2%2Fmedia&parent=909"}],"wp:term":[{"taxonomy":"portfolio_category","embeddable":true,"href":"https:\/\/www.design-award.cz\/index.php?rest_route=%2Fwp%2Fv2%2Fportfolio_category&post=909"},{"taxonomy":"portfolio_tag","embeddable":true,"href":"https:\/\/www.design-award.cz\/index.php?rest_route=%2Fwp%2Fv2%2Fportfolio_tag&post=909"}],"curies":[{"name":"wp","href":"https:\/\/api.w.org\/{rel}","templated":true}]}}