{"id":945,"date":"2022-04-28T16:13:11","date_gmt":"2022-04-28T16:13:11","guid":{"rendered":"https:\/\/www.design-award.cz\/?post_type=portfolio&#038;p=945"},"modified":"2022-04-28T16:13:12","modified_gmt":"2022-04-28T16:13:12","slug":"soukromy-interier-navrh-rodinneho-domu-3","status":"publish","type":"portfolio","link":"https:\/\/www.design-award.cz\/?portfolio=soukromy-interier-navrh-rodinneho-domu-3","title":{"rendered":"Soukrom\u00fd interi\u00e9r &#8211; N\u00e1vrh rodinn\u00e9ho domu"},"content":{"rendered":"\n<h2 class=\"wp-block-heading\">Charlota Pr\u00e1\u0161kov\u00e1<\/h2>\n\n\n\n<p>\u0160kola Michael<\/p>\n\n\n\n<p>T\u00e9matem leto\u0161n\u00edch maturitn\u00edch prac\u00ed byl n\u00e1vrh rodinn\u00e9ho domu. Sou\u010d\u00e1st\u00ed zad\u00e1n\u00ed bylo, \u017ee d\u016fm m\u00e1 b\u00fdt navr\u017een pro \u010dty\u0159i osoby \u2013 dva dosp\u011bl\u00e9 a dv\u011b d\u011bti ve v\u011bku 8 a 14 let. Maxim\u00e1ln\u00ed velikost domu m\u00e1 b\u00fdt 150 m2 a d\u016fm m\u00e1 b\u00fdt postaven v \u010cesk\u00e9 republice. Ostatn\u00ed specifika byla ve vlastn\u00ed kompetenci student\u016f.<br>Rozhodla jsem se rodinn\u00fd d\u016fm um\u00edstit do m\u00fdch rodn\u00fdch Krkono\u0161, konkr\u00e9tn\u011b do malebn\u00e9ho \u0160pindlerova Ml\u00fdna. Samotn\u00e1 stavba domu se rozkl\u00e1d\u00e1 na plo\u0161e 123,2 m2 s t\u00edm, \u017ee u domu je vcelku velk\u00e1 zahrada<br>s posezen\u00edm, ohni\u0161t\u011bm a p\u011bkn\u00fdm v\u00fdhledem na \u00fadol\u00ed. Samotn\u00fd interi\u00e9r jsem se sna\u017eila navrhnout jednodu\u0161e<br>s vyu\u017eit\u00edm lok\u00e1ln\u00edch materi\u00e1l\u016f tak, aby vyhovoval ka\u017ed\u00e9mu \u010dlenu rodiny.<\/p>\n\n\n\n<figure class=\"wp-block-image size-large\"><img decoding=\"async\" width=\"1024\" height=\"576\" data-src=\"http:\/\/www.design-award.cz\/wp-content\/uploads\/2022\/04\/Praskova_koupelna-1024x576.png\" alt=\"\" class=\"wp-image-949 lazyload\" data-srcset=\"https:\/\/www.design-award.cz\/wp-content\/uploads\/2022\/04\/Praskova_koupelna-1024x576.png 1024w, https:\/\/www.design-award.cz\/wp-content\/uploads\/2022\/04\/Praskova_koupelna-300x169.png 300w, https:\/\/www.design-award.cz\/wp-content\/uploads\/2022\/04\/Praskova_koupelna-768x432.png 768w, https:\/\/www.design-award.cz\/wp-content\/uploads\/2022\/04\/Praskova_koupelna-1536x864.png 1536w, https:\/\/www.design-award.cz\/wp-content\/uploads\/2022\/04\/Praskova_koupelna-500x281.png 500w, https:\/\/www.design-award.cz\/wp-content\/uploads\/2022\/04\/Praskova_koupelna-800x450.png 800w, https:\/\/www.design-award.cz\/wp-content\/uploads\/2022\/04\/Praskova_koupelna-1280x720.png 1280w, https:\/\/www.design-award.cz\/wp-content\/uploads\/2022\/04\/Praskova_koupelna.png 1920w\" data-sizes=\"(max-width: 1024px) 100vw, 1024px\" src=\"data:image\/svg+xml;base64,PHN2ZyB3aWR0aD0iMSIgaGVpZ2h0PSIxIiB4bWxucz0iaHR0cDovL3d3dy53My5vcmcvMjAwMC9zdmciPjwvc3ZnPg==\" style=\"--smush-placeholder-width: 1024px; --smush-placeholder-aspect-ratio: 1024\/576;\" \/><\/figure>\n\n\n\n<figure class=\"wp-block-image size-large\"><img decoding=\"async\" width=\"1024\" height=\"843\" data-src=\"http:\/\/www.design-award.cz\/wp-content\/uploads\/2022\/04\/Praskova_kuchyn_low-1024x843.png\" alt=\"\" class=\"wp-image-950 lazyload\" data-srcset=\"https:\/\/www.design-award.cz\/wp-content\/uploads\/2022\/04\/Praskova_kuchyn_low-1024x843.png 1024w, https:\/\/www.design-award.cz\/wp-content\/uploads\/2022\/04\/Praskova_kuchyn_low-300x247.png 300w, https:\/\/www.design-award.cz\/wp-content\/uploads\/2022\/04\/Praskova_kuchyn_low-768x633.png 768w, https:\/\/www.design-award.cz\/wp-content\/uploads\/2022\/04\/Praskova_kuchyn_low-500x412.png 500w, https:\/\/www.design-award.cz\/wp-content\/uploads\/2022\/04\/Praskova_kuchyn_low-800x659.png 800w, https:\/\/www.design-award.cz\/wp-content\/uploads\/2022\/04\/Praskova_kuchyn_low.png 1134w\" data-sizes=\"(max-width: 1024px) 100vw, 1024px\" src=\"data:image\/svg+xml;base64,PHN2ZyB3aWR0aD0iMSIgaGVpZ2h0PSIxIiB4bWxucz0iaHR0cDovL3d3dy53My5vcmcvMjAwMC9zdmciPjwvc3ZnPg==\" style=\"--smush-placeholder-width: 1024px; --smush-placeholder-aspect-ratio: 1024\/843;\" \/><\/figure>\n\n\n\n<figure class=\"wp-block-image size-full\"><img decoding=\"async\" width=\"800\" height=\"450\" data-src=\"http:\/\/www.design-award.cz\/wp-content\/uploads\/2022\/04\/Praskova_vestibul.png\" alt=\"\" class=\"wp-image-951 lazyload\" data-srcset=\"https:\/\/www.design-award.cz\/wp-content\/uploads\/2022\/04\/Praskova_vestibul.png 800w, https:\/\/www.design-award.cz\/wp-content\/uploads\/2022\/04\/Praskova_vestibul-300x169.png 300w, https:\/\/www.design-award.cz\/wp-content\/uploads\/2022\/04\/Praskova_vestibul-768x432.png 768w, https:\/\/www.design-award.cz\/wp-content\/uploads\/2022\/04\/Praskova_vestibul-500x281.png 500w\" data-sizes=\"(max-width: 800px) 100vw, 800px\" src=\"data:image\/svg+xml;base64,PHN2ZyB3aWR0aD0iMSIgaGVpZ2h0PSIxIiB4bWxucz0iaHR0cDovL3d3dy53My5vcmcvMjAwMC9zdmciPjwvc3ZnPg==\" style=\"--smush-placeholder-width: 800px; --smush-placeholder-aspect-ratio: 800\/450;\" \/><\/figure>\n\n\n\n<figure class=\"wp-block-image size-large\"><img decoding=\"async\" width=\"1024\" height=\"724\" data-src=\"http:\/\/www.design-award.cz\/wp-content\/uploads\/2022\/04\/pudorys_prizemi_Praskova-1024x724.jpg\" alt=\"\" class=\"wp-image-947 lazyload\" data-srcset=\"https:\/\/www.design-award.cz\/wp-content\/uploads\/2022\/04\/pudorys_prizemi_Praskova-1024x724.jpg 1024w, https:\/\/www.design-award.cz\/wp-content\/uploads\/2022\/04\/pudorys_prizemi_Praskova-300x212.jpg 300w, https:\/\/www.design-award.cz\/wp-content\/uploads\/2022\/04\/pudorys_prizemi_Praskova-768x543.jpg 768w, https:\/\/www.design-award.cz\/wp-content\/uploads\/2022\/04\/pudorys_prizemi_Praskova-1536x1086.jpg 1536w, https:\/\/www.design-award.cz\/wp-content\/uploads\/2022\/04\/pudorys_prizemi_Praskova-2048x1448.jpg 2048w, https:\/\/www.design-award.cz\/wp-content\/uploads\/2022\/04\/pudorys_prizemi_Praskova-500x354.jpg 500w, https:\/\/www.design-award.cz\/wp-content\/uploads\/2022\/04\/pudorys_prizemi_Praskova-800x566.jpg 800w, https:\/\/www.design-award.cz\/wp-content\/uploads\/2022\/04\/pudorys_prizemi_Praskova-1280x905.jpg 1280w, https:\/\/www.design-award.cz\/wp-content\/uploads\/2022\/04\/pudorys_prizemi_Praskova-1920x1358.jpg 1920w\" data-sizes=\"(max-width: 1024px) 100vw, 1024px\" src=\"data:image\/svg+xml;base64,PHN2ZyB3aWR0aD0iMSIgaGVpZ2h0PSIxIiB4bWxucz0iaHR0cDovL3d3dy53My5vcmcvMjAwMC9zdmciPjwvc3ZnPg==\" style=\"--smush-placeholder-width: 1024px; --smush-placeholder-aspect-ratio: 1024\/724;\" \/><\/figure>\n\n\n\n<figure class=\"wp-block-image size-large\"><img decoding=\"async\" width=\"1024\" height=\"724\" data-src=\"http:\/\/www.design-award.cz\/wp-content\/uploads\/2022\/04\/Pudorys_2.patro_Praskova-1024x724.jpg\" alt=\"\" class=\"wp-image-946 lazyload\" data-srcset=\"https:\/\/www.design-award.cz\/wp-content\/uploads\/2022\/04\/Pudorys_2.patro_Praskova-1024x724.jpg 1024w, https:\/\/www.design-award.cz\/wp-content\/uploads\/2022\/04\/Pudorys_2.patro_Praskova-300x212.jpg 300w, https:\/\/www.design-award.cz\/wp-content\/uploads\/2022\/04\/Pudorys_2.patro_Praskova-768x543.jpg 768w, https:\/\/www.design-award.cz\/wp-content\/uploads\/2022\/04\/Pudorys_2.patro_Praskova-500x354.jpg 500w, https:\/\/www.design-award.cz\/wp-content\/uploads\/2022\/04\/Pudorys_2.patro_Praskova-800x566.jpg 800w, https:\/\/www.design-award.cz\/wp-content\/uploads\/2022\/04\/Pudorys_2.patro_Praskova.jpg 1134w\" data-sizes=\"(max-width: 1024px) 100vw, 1024px\" src=\"data:image\/svg+xml;base64,PHN2ZyB3aWR0aD0iMSIgaGVpZ2h0PSIxIiB4bWxucz0iaHR0cDovL3d3dy53My5vcmcvMjAwMC9zdmciPjwvc3ZnPg==\" style=\"--smush-placeholder-width: 1024px; --smush-placeholder-aspect-ratio: 1024\/724;\" \/><\/figure>\n\n\n<div class=\"wp-block-visual-portfolio\">\n<div class=\"vp-portfolio vp-uid-2ece4a06 vp-id-607\"\n\tdata-vp-layout=\"slider\" data-vp-content-source=\"post-based\" data-vp-items-style=\"fade\" data-vp-items-click-action=\"url\" data-vp-items-gap=\"12\" data-vp-items-gap-vertical=\"\" data-vp-pagination=\"load-more\" data-vp-next-page-url=\"https:\/\/www.design-award.cz\/index.php?rest_route=%2Fwp%2Fv2%2Fportfolio%2F945&#038;vp_page=2\" data-vp-random-seed=\"925399069\" data-vp-slider-effect=\"slide\" data-vp-slider-items-height=\"80%\" data-vp-slider-items-min-height=\"\" data-vp-slider-slides-per-view=\"3\" data-vp-slider-speed=\"0.3\" data-vp-slider-autoplay=\"4.8\" data-vp-slider-autoplay-hover-pause=\"false\" data-vp-slider-centered-slides=\"true\" data-vp-slider-loop=\"true\" data-vp-slider-free-mode=\"false\" data-vp-slider-free-mode-sticky=\"false\" data-vp-slider-arrows=\"true\" data-vp-slider-bullets=\"false\" data-vp-slider-bullets-dynamic=\"false\" data-vp-slider-mousewheel=\"false\" data-vp-slider-thumbnails=\"false\" >\n\t<div class=\"vp-portfolio__preloader-wrap\">\n\t\t<div class=\"vp-portfolio__preloader\">\n\t\t\t<img decoding=\"async\" loading=\"eager\" src=\"https:\/\/www.design-award.cz\/wp-content\/plugins\/visual-portfolio\/assets\/images\/logo-dark.svg\" alt=\"Visual Portfolio, Posts &amp; Image Gallery for WordPress\" width=\"20\" height=\"20\" data-skip-lazy>\n\t\t<\/div>\n\t<\/div>\n\t\t<div class=\"vp-portfolio__items-wrap\">\n\t\t\t\n<div class=\"vp-portfolio__items vp-portfolio__items-style-fade vp-portfolio__items-show-overlay-hover\">\n\n\t\t<article\t\tclass=\"vp-portfolio__item-wrap post-3515 portfolio type-portfolio status-publish format-standard has-post-thumbnail hentry entry has-media vp-portfolio__item-uid-3bd3b81d\" data-vp-filter=\"\" \t\t>\n\t\t\t\t\t\t\t\t\t<figure class=\"vp-portfolio__item\">\n\t\t\t\t\n<div class=\"vp-portfolio__item-img-wrap\">\n\t<div class=\"vp-portfolio__item-img\">\n\t\t\t<a\n\t\thref=\"https:\/\/www.design-award.cz\/?portfolio=produktovy-design-double-table\"\n\t\t\t>\n\t\n\t\t<noscript><img decoding=\"async\" width=\"1753\" height=\"1081\" data-skip-lazy src=\"https:\/\/www.design-award.cz\/wp-content\/uploads\/2024\/06\/4441.png\" class=\"wp-image-3539\" alt=\"\" srcset=\"https:\/\/www.design-award.cz\/wp-content\/uploads\/2024\/06\/4441.png 1753w, https:\/\/www.design-award.cz\/wp-content\/uploads\/2024\/06\/4441-300x185.png 300w, https:\/\/www.design-award.cz\/wp-content\/uploads\/2024\/06\/4441-1024x631.png 1024w, https:\/\/www.design-award.cz\/wp-content\/uploads\/2024\/06\/4441-768x474.png 768w, https:\/\/www.design-award.cz\/wp-content\/uploads\/2024\/06\/4441-1536x947.png 1536w, https:\/\/www.design-award.cz\/wp-content\/uploads\/2024\/06\/4441-500x308.png 500w, https:\/\/www.design-award.cz\/wp-content\/uploads\/2024\/06\/4441-800x493.png 800w, https:\/\/www.design-award.cz\/wp-content\/uploads\/2024\/06\/4441-1280x789.png 1280w\" sizes=\"(max-width: 1753px) 100vw, 1753px\" \/><\/noscript><img fetchpriority=\"high\" decoding=\"async\" width=\"1753\" height=\"1081\" src=\"https:\/\/www.design-award.cz\/wp-content\/uploads\/2024\/06\/4441.png\" class=\"wp-image-3539 vp-lazyload\" alt srcset=\"data:image\/svg+xml;base64,PHN2ZyB3aWR0aD0iMTc1MyIgaGVpZ2h0PSIxMDgxIiB2aWV3Qm94PSIwIDAgMTc1MyAxMDgxIiBmaWxsPSJub25lIiB4bWxucz0iaHR0cDovL3d3dy53My5vcmcvMjAwMC9zdmciPjwvc3ZnPg==\" data-src=\"https:\/\/www.design-award.cz\/wp-content\/uploads\/2024\/06\/4441.png\" data-srcset=\"https:\/\/www.design-award.cz\/wp-content\/uploads\/2024\/06\/4441.png 1753w, https:\/\/www.design-award.cz\/wp-content\/uploads\/2024\/06\/4441-300x185.png 300w, https:\/\/www.design-award.cz\/wp-content\/uploads\/2024\/06\/4441-1024x631.png 1024w, https:\/\/www.design-award.cz\/wp-content\/uploads\/2024\/06\/4441-768x474.png 768w, https:\/\/www.design-award.cz\/wp-content\/uploads\/2024\/06\/4441-1536x947.png 1536w, https:\/\/www.design-award.cz\/wp-content\/uploads\/2024\/06\/4441-500x308.png 500w, https:\/\/www.design-award.cz\/wp-content\/uploads\/2024\/06\/4441-800x493.png 800w, https:\/\/www.design-award.cz\/wp-content\/uploads\/2024\/06\/4441-1280x789.png 1280w\" data-sizes=\"auto\" loading=\"eager\">\n\t\t<\/a>\t<\/div>\n<\/div>\n\t<figcaption class=\"vp-portfolio__item-overlay vp-portfolio__item-overlay-text-align-center\">\n\t\t<div class=\"vp-portfolio__item-meta-wrap vp-portfolio__custom-scrollbar\">\n\t\t\t\t<a\n\t\thref=\"https:\/\/www.design-award.cz\/?portfolio=produktovy-design-double-table\"\n\t\ttabindex=\"-1\" class=\"vp-portfolio__item-meta\" \t>\n\t\n<h2 class=\"vp-portfolio__item-meta-title\">\n\tProduktov\u00fd design &#8211; Double Table<\/h2>\n<\/a>\t\t<\/div>\n\t<\/figcaption>\n\t\t\t<\/figure>\n\t\t\t\t\t<\/article>\n\t\t\n\t\t<article\t\tclass=\"vp-portfolio__item-wrap post-985 portfolio type-portfolio status-publish format-standard has-post-thumbnail hentry entry has-media vp-portfolio__item-uid-0da69ab1\" data-vp-filter=\"\" \t\t>\n\t\t\t\t\t\t\t\t\t<figure class=\"vp-portfolio__item\">\n\t\t\t\t\n<div class=\"vp-portfolio__item-img-wrap\">\n\t<div class=\"vp-portfolio__item-img\">\n\t\t\t<a\n\t\thref=\"https:\/\/www.design-award.cz\/?portfolio=produktovy-design-slant\"\n\t\t\t>\n\t\n\t\t<noscript><img decoding=\"async\" width=\"1920\" height=\"1340\" data-skip-lazy src=\"https:\/\/www.design-award.cz\/wp-content\/uploads\/2022\/04\/untitled.5.jpg\" class=\"wp-image-983\" alt=\"\" srcset=\"https:\/\/www.design-award.cz\/wp-content\/uploads\/2022\/04\/untitled.5.jpg 1920w, https:\/\/www.design-award.cz\/wp-content\/uploads\/2022\/04\/untitled.5-300x209.jpg 300w, https:\/\/www.design-award.cz\/wp-content\/uploads\/2022\/04\/untitled.5-1024x715.jpg 1024w, https:\/\/www.design-award.cz\/wp-content\/uploads\/2022\/04\/untitled.5-768x536.jpg 768w, https:\/\/www.design-award.cz\/wp-content\/uploads\/2022\/04\/untitled.5-1536x1072.jpg 1536w, https:\/\/www.design-award.cz\/wp-content\/uploads\/2022\/04\/untitled.5-500x349.jpg 500w, https:\/\/www.design-award.cz\/wp-content\/uploads\/2022\/04\/untitled.5-800x558.jpg 800w, https:\/\/www.design-award.cz\/wp-content\/uploads\/2022\/04\/untitled.5-1280x893.jpg 1280w\" sizes=\"(max-width: 1920px) 100vw, 1920px\" \/><\/noscript><img decoding=\"async\" width=\"1920\" height=\"1340\" src=\"https:\/\/www.design-award.cz\/wp-content\/uploads\/2022\/04\/untitled.5.jpg\" class=\"wp-image-983 vp-lazyload\" alt srcset=\"data:image\/svg+xml;base64,PHN2ZyB3aWR0aD0iMTkyMCIgaGVpZ2h0PSIxMzQwIiB2aWV3Qm94PSIwIDAgMTkyMCAxMzQwIiBmaWxsPSJub25lIiB4bWxucz0iaHR0cDovL3d3dy53My5vcmcvMjAwMC9zdmciPjwvc3ZnPg==\" data-src=\"https:\/\/www.design-award.cz\/wp-content\/uploads\/2022\/04\/untitled.5.jpg\" data-srcset=\"https:\/\/www.design-award.cz\/wp-content\/uploads\/2022\/04\/untitled.5.jpg 1920w, https:\/\/www.design-award.cz\/wp-content\/uploads\/2022\/04\/untitled.5-300x209.jpg 300w, https:\/\/www.design-award.cz\/wp-content\/uploads\/2022\/04\/untitled.5-1024x715.jpg 1024w, https:\/\/www.design-award.cz\/wp-content\/uploads\/2022\/04\/untitled.5-768x536.jpg 768w, https:\/\/www.design-award.cz\/wp-content\/uploads\/2022\/04\/untitled.5-1536x1072.jpg 1536w, https:\/\/www.design-award.cz\/wp-content\/uploads\/2022\/04\/untitled.5-500x349.jpg 500w, https:\/\/www.design-award.cz\/wp-content\/uploads\/2022\/04\/untitled.5-800x558.jpg 800w, https:\/\/www.design-award.cz\/wp-content\/uploads\/2022\/04\/untitled.5-1280x893.jpg 1280w\" data-sizes=\"auto\" loading=\"eager\">\n\t\t<\/a>\t<\/div>\n<\/div>\n\t<figcaption class=\"vp-portfolio__item-overlay vp-portfolio__item-overlay-text-align-center\">\n\t\t<div class=\"vp-portfolio__item-meta-wrap vp-portfolio__custom-scrollbar\">\n\t\t\t\t<a\n\t\thref=\"https:\/\/www.design-award.cz\/?portfolio=produktovy-design-slant\"\n\t\ttabindex=\"-1\" class=\"vp-portfolio__item-meta\" \t>\n\t\n<h2 class=\"vp-portfolio__item-meta-title\">\n\tProduktov\u00fd design &#8211; Slant<\/h2>\n<\/a>\t\t<\/div>\n\t<\/figcaption>\n\t\t\t<\/figure>\n\t\t\t\t\t<\/article>\n\t\t\n\t\t<article\t\tclass=\"vp-portfolio__item-wrap post-5081 portfolio type-portfolio status-publish format-standard has-post-thumbnail hentry entry has-media vp-portfolio__item-uid-cedc5a7a\" data-vp-filter=\"\" \t\t>\n\t\t\t\t\t\t\t\t\t<figure class=\"vp-portfolio__item\">\n\t\t\t\t\n<div class=\"vp-portfolio__item-img-wrap\">\n\t<div class=\"vp-portfolio__item-img\">\n\t\t\t<a\n\t\thref=\"https:\/\/www.design-award.cz\/?portfolio=interierovy-design-navrh-interieru-bytu-high-tech\"\n\t\t\t>\n\t\n\t\t<noscript><img decoding=\"async\" width=\"1920\" height=\"1080\" data-skip-lazy src=\"https:\/\/www.design-award.cz\/wp-content\/uploads\/2025\/06\/obyvak-1-psp-1920x1080.jpg\" class=\"wp-image-5083\" alt=\"\" srcset=\"https:\/\/www.design-award.cz\/wp-content\/uploads\/2025\/06\/obyvak-1-psp-1920x1080.jpg 1920w, https:\/\/www.design-award.cz\/wp-content\/uploads\/2025\/06\/obyvak-1-psp-300x169.jpg 300w, https:\/\/www.design-award.cz\/wp-content\/uploads\/2025\/06\/obyvak-1-psp-1024x576.jpg 1024w, https:\/\/www.design-award.cz\/wp-content\/uploads\/2025\/06\/obyvak-1-psp-768x432.jpg 768w, https:\/\/www.design-award.cz\/wp-content\/uploads\/2025\/06\/obyvak-1-psp-1536x864.jpg 1536w, https:\/\/www.design-award.cz\/wp-content\/uploads\/2025\/06\/obyvak-1-psp-2048x1152.jpg 2048w, https:\/\/www.design-award.cz\/wp-content\/uploads\/2025\/06\/obyvak-1-psp-800x450.jpg 800w, https:\/\/www.design-award.cz\/wp-content\/uploads\/2025\/06\/obyvak-1-psp-500x281.jpg 500w, https:\/\/www.design-award.cz\/wp-content\/uploads\/2025\/06\/obyvak-1-psp-1280x720.jpg 1280w\" sizes=\"(max-width: 1920px) 100vw, 1920px\" \/><\/noscript><img decoding=\"async\" width=\"1920\" height=\"1080\" src=\"https:\/\/www.design-award.cz\/wp-content\/uploads\/2025\/06\/obyvak-1-psp-1920x1080.jpg\" class=\"wp-image-5083 vp-lazyload\" alt srcset=\"data:image\/svg+xml;base64,PHN2ZyB3aWR0aD0iMTkyMCIgaGVpZ2h0PSIxMDgwIiB2aWV3Qm94PSIwIDAgMTkyMCAxMDgwIiBmaWxsPSJub25lIiB4bWxucz0iaHR0cDovL3d3dy53My5vcmcvMjAwMC9zdmciPjwvc3ZnPg==\" data-src=\"https:\/\/www.design-award.cz\/wp-content\/uploads\/2025\/06\/obyvak-1-psp-1920x1080.jpg\" data-srcset=\"https:\/\/www.design-award.cz\/wp-content\/uploads\/2025\/06\/obyvak-1-psp-1920x1080.jpg 1920w, https:\/\/www.design-award.cz\/wp-content\/uploads\/2025\/06\/obyvak-1-psp-300x169.jpg 300w, https:\/\/www.design-award.cz\/wp-content\/uploads\/2025\/06\/obyvak-1-psp-1024x576.jpg 1024w, https:\/\/www.design-award.cz\/wp-content\/uploads\/2025\/06\/obyvak-1-psp-768x432.jpg 768w, https:\/\/www.design-award.cz\/wp-content\/uploads\/2025\/06\/obyvak-1-psp-1536x864.jpg 1536w, https:\/\/www.design-award.cz\/wp-content\/uploads\/2025\/06\/obyvak-1-psp-2048x1152.jpg 2048w, https:\/\/www.design-award.cz\/wp-content\/uploads\/2025\/06\/obyvak-1-psp-800x450.jpg 800w, https:\/\/www.design-award.cz\/wp-content\/uploads\/2025\/06\/obyvak-1-psp-500x281.jpg 500w, https:\/\/www.design-award.cz\/wp-content\/uploads\/2025\/06\/obyvak-1-psp-1280x720.jpg 1280w\" data-sizes=\"auto\" loading=\"eager\">\n\t\t<\/a>\t<\/div>\n<\/div>\n\t<figcaption class=\"vp-portfolio__item-overlay vp-portfolio__item-overlay-text-align-center\">\n\t\t<div class=\"vp-portfolio__item-meta-wrap vp-portfolio__custom-scrollbar\">\n\t\t\t\t<a\n\t\thref=\"https:\/\/www.design-award.cz\/?portfolio=interierovy-design-navrh-interieru-bytu-high-tech\"\n\t\ttabindex=\"-1\" class=\"vp-portfolio__item-meta\" \t>\n\t\n<h2 class=\"vp-portfolio__item-meta-title\">\n\tInteri\u00e9rov\u00fd design &#8211; N\u00e1vrh interi\u00e9ru bytu High-Tech<\/h2>\n<\/a>\t\t<\/div>\n\t<\/figcaption>\n\t\t\t<\/figure>\n\t\t\t\t\t<\/article>\n\t\t\n\t\t<article\t\tclass=\"vp-portfolio__item-wrap post-1934 portfolio type-portfolio status-publish format-standard has-post-thumbnail hentry portfolio_category-soutezici-2023 entry has-media vp-portfolio__item-uid-ddf1dbe6\" data-vp-filter=\"soutezici-2023\" \t\t>\n\t\t\t\t\t\t\t\t\t<figure class=\"vp-portfolio__item\">\n\t\t\t\t\n<div class=\"vp-portfolio__item-img-wrap\">\n\t<div class=\"vp-portfolio__item-img\">\n\t\t\t<a\n\t\thref=\"https:\/\/www.design-award.cz\/?portfolio=produktovy-design-soubor-rohu\"\n\t\t\t>\n\t\n\t\t<noscript><img decoding=\"async\" width=\"1920\" height=\"2715\" data-skip-lazy src=\"https:\/\/www.design-award.cz\/wp-content\/uploads\/2023\/04\/rohy-1920x2715.jpg\" class=\"wp-image-1936\" alt=\"\" srcset=\"https:\/\/www.design-award.cz\/wp-content\/uploads\/2023\/04\/rohy-1920x2715.jpg 1920w, https:\/\/www.design-award.cz\/wp-content\/uploads\/2023\/04\/rohy-212x300.jpg 212w, https:\/\/www.design-award.cz\/wp-content\/uploads\/2023\/04\/rohy-724x1024.jpg 724w, https:\/\/www.design-award.cz\/wp-content\/uploads\/2023\/04\/rohy-768x1086.jpg 768w, https:\/\/www.design-award.cz\/wp-content\/uploads\/2023\/04\/rohy-1086x1536.jpg 1086w, https:\/\/www.design-award.cz\/wp-content\/uploads\/2023\/04\/rohy-1448x2048.jpg 1448w, https:\/\/www.design-award.cz\/wp-content\/uploads\/2023\/04\/rohy-500x707.jpg 500w, https:\/\/www.design-award.cz\/wp-content\/uploads\/2023\/04\/rohy-800x1131.jpg 800w, https:\/\/www.design-award.cz\/wp-content\/uploads\/2023\/04\/rohy-1280x1810.jpg 1280w, https:\/\/www.design-award.cz\/wp-content\/uploads\/2023\/04\/rohy-scaled.jpg 1811w\" sizes=\"(max-width: 1920px) 100vw, 1920px\" \/><\/noscript><img decoding=\"async\" width=\"1920\" height=\"2715\" src=\"https:\/\/www.design-award.cz\/wp-content\/uploads\/2023\/04\/rohy-1920x2715.jpg\" class=\"wp-image-1936 vp-lazyload\" alt srcset=\"data:image\/svg+xml;base64,PHN2ZyB3aWR0aD0iMTkyMCIgaGVpZ2h0PSIyNzE1IiB2aWV3Qm94PSIwIDAgMTkyMCAyNzE1IiBmaWxsPSJub25lIiB4bWxucz0iaHR0cDovL3d3dy53My5vcmcvMjAwMC9zdmciPjwvc3ZnPg==\" data-src=\"https:\/\/www.design-award.cz\/wp-content\/uploads\/2023\/04\/rohy-1920x2715.jpg\" data-srcset=\"https:\/\/www.design-award.cz\/wp-content\/uploads\/2023\/04\/rohy-1920x2715.jpg 1920w, https:\/\/www.design-award.cz\/wp-content\/uploads\/2023\/04\/rohy-212x300.jpg 212w, https:\/\/www.design-award.cz\/wp-content\/uploads\/2023\/04\/rohy-724x1024.jpg 724w, https:\/\/www.design-award.cz\/wp-content\/uploads\/2023\/04\/rohy-768x1086.jpg 768w, https:\/\/www.design-award.cz\/wp-content\/uploads\/2023\/04\/rohy-1086x1536.jpg 1086w, https:\/\/www.design-award.cz\/wp-content\/uploads\/2023\/04\/rohy-1448x2048.jpg 1448w, https:\/\/www.design-award.cz\/wp-content\/uploads\/2023\/04\/rohy-500x707.jpg 500w, https:\/\/www.design-award.cz\/wp-content\/uploads\/2023\/04\/rohy-800x1131.jpg 800w, https:\/\/www.design-award.cz\/wp-content\/uploads\/2023\/04\/rohy-1280x1810.jpg 1280w, https:\/\/www.design-award.cz\/wp-content\/uploads\/2023\/04\/rohy-scaled.jpg 1811w\" data-sizes=\"auto\" loading=\"eager\">\n\t\t<\/a>\t<\/div>\n<\/div>\n\t<figcaption class=\"vp-portfolio__item-overlay vp-portfolio__item-overlay-text-align-center\">\n\t\t<div class=\"vp-portfolio__item-meta-wrap vp-portfolio__custom-scrollbar\">\n\t\t\t\t<a\n\t\thref=\"https:\/\/www.design-award.cz\/?portfolio=produktovy-design-soubor-rohu\"\n\t\ttabindex=\"-1\" class=\"vp-portfolio__item-meta\" \t>\n\t\n<div class=\"vp-portfolio__item-meta-categories\">\n\t\t\t<div class=\"vp-portfolio__item-meta-category\">\n\t\t\t\t<span\t\t\t>\n\tSOUT\u011a\u017d\u00cdC\u00cd 2023<\/span>\t\t<\/div>\n\t\t<\/div>\n\n<h2 class=\"vp-portfolio__item-meta-title\">\n\tProduktov\u00fd design &#8211; soubor roh\u016f<\/h2>\n<\/a>\t\t<\/div>\n\t<\/figcaption>\n\t\t\t<\/figure>\n\t\t\t\t\t<\/article>\n\t\t\n\t\t<article\t\tclass=\"vp-portfolio__item-wrap post-3564 portfolio type-portfolio status-publish format-standard has-post-thumbnail hentry entry has-media vp-portfolio__item-uid-03951e4c\" data-vp-filter=\"\" \t\t>\n\t\t\t\t\t\t\t\t\t<figure class=\"vp-portfolio__item\">\n\t\t\t\t\n<div class=\"vp-portfolio__item-img-wrap\">\n\t<div class=\"vp-portfolio__item-img\">\n\t\t\t<a\n\t\thref=\"https:\/\/www.design-award.cz\/?portfolio=soukromy-interier-byt-3kk-pardubice-nova-veselka\"\n\t\t\t>\n\t\n\t\t<noscript><img decoding=\"async\" width=\"1920\" height=\"1080\" data-skip-lazy src=\"https:\/\/www.design-award.cz\/wp-content\/uploads\/2024\/06\/vizualizace2-1920x1080.png\" class=\"wp-image-3598\" alt=\"\" srcset=\"https:\/\/www.design-award.cz\/wp-content\/uploads\/2024\/06\/vizualizace2-1920x1080.png 1920w, https:\/\/www.design-award.cz\/wp-content\/uploads\/2024\/06\/vizualizace2-300x169.png 300w, https:\/\/www.design-award.cz\/wp-content\/uploads\/2024\/06\/vizualizace2-1024x576.png 1024w, https:\/\/www.design-award.cz\/wp-content\/uploads\/2024\/06\/vizualizace2-768x432.png 768w, https:\/\/www.design-award.cz\/wp-content\/uploads\/2024\/06\/vizualizace2-1536x864.png 1536w, https:\/\/www.design-award.cz\/wp-content\/uploads\/2024\/06\/vizualizace2-500x281.png 500w, https:\/\/www.design-award.cz\/wp-content\/uploads\/2024\/06\/vizualizace2-800x450.png 800w, https:\/\/www.design-award.cz\/wp-content\/uploads\/2024\/06\/vizualizace2-1280x720.png 1280w, https:\/\/www.design-award.cz\/wp-content\/uploads\/2024\/06\/vizualizace2.png 2000w\" sizes=\"(max-width: 1920px) 100vw, 1920px\" \/><\/noscript><img decoding=\"async\" width=\"1920\" height=\"1080\" src=\"https:\/\/www.design-award.cz\/wp-content\/uploads\/2024\/06\/vizualizace2-1920x1080.png\" class=\"wp-image-3598 vp-lazyload\" alt srcset=\"data:image\/svg+xml;base64,PHN2ZyB3aWR0aD0iMTkyMCIgaGVpZ2h0PSIxMDgwIiB2aWV3Qm94PSIwIDAgMTkyMCAxMDgwIiBmaWxsPSJub25lIiB4bWxucz0iaHR0cDovL3d3dy53My5vcmcvMjAwMC9zdmciPjwvc3ZnPg==\" data-src=\"https:\/\/www.design-award.cz\/wp-content\/uploads\/2024\/06\/vizualizace2-1920x1080.png\" data-srcset=\"https:\/\/www.design-award.cz\/wp-content\/uploads\/2024\/06\/vizualizace2-1920x1080.png 1920w, https:\/\/www.design-award.cz\/wp-content\/uploads\/2024\/06\/vizualizace2-300x169.png 300w, https:\/\/www.design-award.cz\/wp-content\/uploads\/2024\/06\/vizualizace2-1024x576.png 1024w, https:\/\/www.design-award.cz\/wp-content\/uploads\/2024\/06\/vizualizace2-768x432.png 768w, https:\/\/www.design-award.cz\/wp-content\/uploads\/2024\/06\/vizualizace2-1536x864.png 1536w, https:\/\/www.design-award.cz\/wp-content\/uploads\/2024\/06\/vizualizace2-500x281.png 500w, https:\/\/www.design-award.cz\/wp-content\/uploads\/2024\/06\/vizualizace2-800x450.png 800w, https:\/\/www.design-award.cz\/wp-content\/uploads\/2024\/06\/vizualizace2-1280x720.png 1280w, https:\/\/www.design-award.cz\/wp-content\/uploads\/2024\/06\/vizualizace2.png 2000w\" data-sizes=\"auto\" loading=\"eager\">\n\t\t<\/a>\t<\/div>\n<\/div>\n\t<figcaption class=\"vp-portfolio__item-overlay vp-portfolio__item-overlay-text-align-center\">\n\t\t<div class=\"vp-portfolio__item-meta-wrap vp-portfolio__custom-scrollbar\">\n\t\t\t\t<a\n\t\thref=\"https:\/\/www.design-award.cz\/?portfolio=soukromy-interier-byt-3kk-pardubice-nova-veselka\"\n\t\ttabindex=\"-1\" class=\"vp-portfolio__item-meta\" \t>\n\t\n<h2 class=\"vp-portfolio__item-meta-title\">\n\tSoukrom\u00fd interi\u00e9r &#8211; Byt 3+kk &#8211; Pardubice, Nov\u00e1 Veselka<\/h2>\n<\/a>\t\t<\/div>\n\t<\/figcaption>\n\t\t\t<\/figure>\n\t\t\t\t\t<\/article>\n\t\t\n\t\t<article\t\tclass=\"vp-portfolio__item-wrap post-1058 portfolio type-portfolio status-publish format-standard has-post-thumbnail hentry entry has-media vp-portfolio__item-uid-8dcc0bc4\" data-vp-filter=\"\" \t\t>\n\t\t\t\t\t\t\t\t\t<figure class=\"vp-portfolio__item\">\n\t\t\t\t\n<div class=\"vp-portfolio__item-img-wrap\">\n\t<div class=\"vp-portfolio__item-img\">\n\t\t\t<a\n\t\thref=\"https:\/\/www.design-award.cz\/?portfolio=produktovy-design-zahradni-zidle\"\n\t\t\t>\n\t\n\t\t<noscript><img decoding=\"async\" width=\"1920\" height=\"1268\" data-skip-lazy src=\"https:\/\/www.design-award.cz\/wp-content\/uploads\/2022\/04\/Vizualizace-zidle-1920x1268.jpg\" class=\"wp-image-1059\" alt=\"\" srcset=\"https:\/\/www.design-award.cz\/wp-content\/uploads\/2022\/04\/Vizualizace-zidle-1920x1268.jpg 1920w, https:\/\/www.design-award.cz\/wp-content\/uploads\/2022\/04\/Vizualizace-zidle-300x198.jpg 300w, https:\/\/www.design-award.cz\/wp-content\/uploads\/2022\/04\/Vizualizace-zidle-1024x676.jpg 1024w, https:\/\/www.design-award.cz\/wp-content\/uploads\/2022\/04\/Vizualizace-zidle-768x507.jpg 768w, https:\/\/www.design-award.cz\/wp-content\/uploads\/2022\/04\/Vizualizace-zidle-1536x1014.jpg 1536w, https:\/\/www.design-award.cz\/wp-content\/uploads\/2022\/04\/Vizualizace-zidle-2048x1352.jpg 2048w, https:\/\/www.design-award.cz\/wp-content\/uploads\/2022\/04\/Vizualizace-zidle-500x330.jpg 500w, https:\/\/www.design-award.cz\/wp-content\/uploads\/2022\/04\/Vizualizace-zidle-800x528.jpg 800w, https:\/\/www.design-award.cz\/wp-content\/uploads\/2022\/04\/Vizualizace-zidle-1280x845.jpg 1280w\" sizes=\"(max-width: 1920px) 100vw, 1920px\" \/><\/noscript><img decoding=\"async\" width=\"1920\" height=\"1268\" src=\"https:\/\/www.design-award.cz\/wp-content\/uploads\/2022\/04\/Vizualizace-zidle-1920x1268.jpg\" class=\"wp-image-1059 vp-lazyload\" alt srcset=\"data:image\/svg+xml;base64,PHN2ZyB3aWR0aD0iMTkyMCIgaGVpZ2h0PSIxMjY4IiB2aWV3Qm94PSIwIDAgMTkyMCAxMjY4IiBmaWxsPSJub25lIiB4bWxucz0iaHR0cDovL3d3dy53My5vcmcvMjAwMC9zdmciPjwvc3ZnPg==\" data-src=\"https:\/\/www.design-award.cz\/wp-content\/uploads\/2022\/04\/Vizualizace-zidle-1920x1268.jpg\" data-srcset=\"https:\/\/www.design-award.cz\/wp-content\/uploads\/2022\/04\/Vizualizace-zidle-1920x1268.jpg 1920w, https:\/\/www.design-award.cz\/wp-content\/uploads\/2022\/04\/Vizualizace-zidle-300x198.jpg 300w, https:\/\/www.design-award.cz\/wp-content\/uploads\/2022\/04\/Vizualizace-zidle-1024x676.jpg 1024w, https:\/\/www.design-award.cz\/wp-content\/uploads\/2022\/04\/Vizualizace-zidle-768x507.jpg 768w, https:\/\/www.design-award.cz\/wp-content\/uploads\/2022\/04\/Vizualizace-zidle-1536x1014.jpg 1536w, https:\/\/www.design-award.cz\/wp-content\/uploads\/2022\/04\/Vizualizace-zidle-2048x1352.jpg 2048w, https:\/\/www.design-award.cz\/wp-content\/uploads\/2022\/04\/Vizualizace-zidle-500x330.jpg 500w, https:\/\/www.design-award.cz\/wp-content\/uploads\/2022\/04\/Vizualizace-zidle-800x528.jpg 800w, https:\/\/www.design-award.cz\/wp-content\/uploads\/2022\/04\/Vizualizace-zidle-1280x845.jpg 1280w\" data-sizes=\"auto\" loading=\"eager\">\n\t\t<\/a>\t<\/div>\n<\/div>\n\t<figcaption class=\"vp-portfolio__item-overlay vp-portfolio__item-overlay-text-align-center\">\n\t\t<div class=\"vp-portfolio__item-meta-wrap vp-portfolio__custom-scrollbar\">\n\t\t\t\t<a\n\t\thref=\"https:\/\/www.design-award.cz\/?portfolio=produktovy-design-zahradni-zidle\"\n\t\ttabindex=\"-1\" class=\"vp-portfolio__item-meta\" \t>\n\t\n<h2 class=\"vp-portfolio__item-meta-title\">\n\tProduktov\u00fd design &#8211; zahradn\u00ed \u017eidle<\/h2>\n<\/a>\t\t<\/div>\n\t<\/figcaption>\n\t\t\t<\/figure>\n\t\t\t\t\t<\/article>\n\t\t\n\t\t<article\t\tclass=\"vp-portfolio__item-wrap post-5103 portfolio type-portfolio status-publish format-standard has-post-thumbnail hentry entry has-media vp-portfolio__item-uid-e9c9db69\" data-vp-filter=\"\" \t\t>\n\t\t\t\t\t\t\t\t\t<figure class=\"vp-portfolio__item\">\n\t\t\t\t\n<div class=\"vp-portfolio__item-img-wrap\">\n\t<div class=\"vp-portfolio__item-img\">\n\t\t\t<a\n\t\thref=\"https:\/\/www.design-award.cz\/?portfolio=interierovy-design-navrh-interieru-bytu\"\n\t\t\t>\n\t\n\t\t<noscript><img decoding=\"async\" width=\"1920\" height=\"1080\" data-skip-lazy src=\"https:\/\/www.design-award.cz\/wp-content\/uploads\/2025\/06\/Obyvaci-pokoj-1920x1080.png\" class=\"wp-image-5104\" alt=\"\" srcset=\"https:\/\/www.design-award.cz\/wp-content\/uploads\/2025\/06\/Obyvaci-pokoj-1920x1080.png 1920w, https:\/\/www.design-award.cz\/wp-content\/uploads\/2025\/06\/Obyvaci-pokoj-300x169.png 300w, https:\/\/www.design-award.cz\/wp-content\/uploads\/2025\/06\/Obyvaci-pokoj-1024x576.png 1024w, https:\/\/www.design-award.cz\/wp-content\/uploads\/2025\/06\/Obyvaci-pokoj-768x432.png 768w, https:\/\/www.design-award.cz\/wp-content\/uploads\/2025\/06\/Obyvaci-pokoj-1536x864.png 1536w, https:\/\/www.design-award.cz\/wp-content\/uploads\/2025\/06\/Obyvaci-pokoj-800x450.png 800w, https:\/\/www.design-award.cz\/wp-content\/uploads\/2025\/06\/Obyvaci-pokoj-500x281.png 500w, https:\/\/www.design-award.cz\/wp-content\/uploads\/2025\/06\/Obyvaci-pokoj-1280x720.png 1280w, https:\/\/www.design-award.cz\/wp-content\/uploads\/2025\/06\/Obyvaci-pokoj.png 2000w\" sizes=\"(max-width: 1920px) 100vw, 1920px\" \/><\/noscript><img decoding=\"async\" width=\"1920\" height=\"1080\" src=\"https:\/\/www.design-award.cz\/wp-content\/uploads\/2025\/06\/Obyvaci-pokoj-1920x1080.png\" class=\"wp-image-5104 vp-lazyload\" alt srcset=\"data:image\/svg+xml;base64,PHN2ZyB3aWR0aD0iMTkyMCIgaGVpZ2h0PSIxMDgwIiB2aWV3Qm94PSIwIDAgMTkyMCAxMDgwIiBmaWxsPSJub25lIiB4bWxucz0iaHR0cDovL3d3dy53My5vcmcvMjAwMC9zdmciPjwvc3ZnPg==\" data-src=\"https:\/\/www.design-award.cz\/wp-content\/uploads\/2025\/06\/Obyvaci-pokoj-1920x1080.png\" data-srcset=\"https:\/\/www.design-award.cz\/wp-content\/uploads\/2025\/06\/Obyvaci-pokoj-1920x1080.png 1920w, https:\/\/www.design-award.cz\/wp-content\/uploads\/2025\/06\/Obyvaci-pokoj-300x169.png 300w, https:\/\/www.design-award.cz\/wp-content\/uploads\/2025\/06\/Obyvaci-pokoj-1024x576.png 1024w, https:\/\/www.design-award.cz\/wp-content\/uploads\/2025\/06\/Obyvaci-pokoj-768x432.png 768w, https:\/\/www.design-award.cz\/wp-content\/uploads\/2025\/06\/Obyvaci-pokoj-1536x864.png 1536w, https:\/\/www.design-award.cz\/wp-content\/uploads\/2025\/06\/Obyvaci-pokoj-800x450.png 800w, https:\/\/www.design-award.cz\/wp-content\/uploads\/2025\/06\/Obyvaci-pokoj-500x281.png 500w, https:\/\/www.design-award.cz\/wp-content\/uploads\/2025\/06\/Obyvaci-pokoj-1280x720.png 1280w, https:\/\/www.design-award.cz\/wp-content\/uploads\/2025\/06\/Obyvaci-pokoj.png 2000w\" data-sizes=\"auto\" loading=\"eager\">\n\t\t<\/a>\t<\/div>\n<\/div>\n\t<figcaption class=\"vp-portfolio__item-overlay vp-portfolio__item-overlay-text-align-center\">\n\t\t<div class=\"vp-portfolio__item-meta-wrap vp-portfolio__custom-scrollbar\">\n\t\t\t\t<a\n\t\thref=\"https:\/\/www.design-award.cz\/?portfolio=interierovy-design-navrh-interieru-bytu\"\n\t\ttabindex=\"-1\" class=\"vp-portfolio__item-meta\" \t>\n\t\n<h2 class=\"vp-portfolio__item-meta-title\">\n\tInteri\u00e9rov\u00fd design &#8211; N\u00e1vrh interi\u00e9ru bytu<\/h2>\n<\/a>\t\t<\/div>\n\t<\/figcaption>\n\t\t\t<\/figure>\n\t\t\t\t\t<\/article>\n\t\t\n\t\t<article\t\tclass=\"vp-portfolio__item-wrap post-874 portfolio type-portfolio status-publish format-standard has-post-thumbnail hentry entry has-media vp-portfolio__item-uid-fcfbdcdf\" data-vp-filter=\"\" style=\"--vp-images__object-position: 52% 12%;\" \t\t>\n\t\t\t\t\t\t\t\t\t<figure class=\"vp-portfolio__item\">\n\t\t\t\t\n<div class=\"vp-portfolio__item-img-wrap\">\n\t<div class=\"vp-portfolio__item-img\">\n\t\t\t<a\n\t\thref=\"https:\/\/www.design-award.cz\/?portfolio=874\"\n\t\t\t>\n\t\n\t\t<noscript><img decoding=\"async\" width=\"1920\" height=\"2743\" data-skip-lazy src=\"https:\/\/www.design-award.cz\/wp-content\/uploads\/2022\/04\/The-finsen1-1920x2743.jpg\" class=\"wp-image-878\" alt=\"\" srcset=\"https:\/\/www.design-award.cz\/wp-content\/uploads\/2022\/04\/The-finsen1-1920x2743.jpg 1920w, https:\/\/www.design-award.cz\/wp-content\/uploads\/2022\/04\/The-finsen1-210x300.jpg 210w, https:\/\/www.design-award.cz\/wp-content\/uploads\/2022\/04\/The-finsen1-717x1024.jpg 717w, https:\/\/www.design-award.cz\/wp-content\/uploads\/2022\/04\/The-finsen1-768x1097.jpg 768w, https:\/\/www.design-award.cz\/wp-content\/uploads\/2022\/04\/The-finsen1-1075x1536.jpg 1075w, https:\/\/www.design-award.cz\/wp-content\/uploads\/2022\/04\/The-finsen1-1434x2048.jpg 1434w, https:\/\/www.design-award.cz\/wp-content\/uploads\/2022\/04\/The-finsen1-500x714.jpg 500w, https:\/\/www.design-award.cz\/wp-content\/uploads\/2022\/04\/The-finsen1-800x1143.jpg 800w, https:\/\/www.design-award.cz\/wp-content\/uploads\/2022\/04\/The-finsen1-1280x1829.jpg 1280w, https:\/\/www.design-award.cz\/wp-content\/uploads\/2022\/04\/The-finsen1-scaled.jpg 1792w\" sizes=\"(max-width: 1920px) 100vw, 1920px\" \/><\/noscript><img decoding=\"async\" width=\"1920\" height=\"2743\" src=\"https:\/\/www.design-award.cz\/wp-content\/uploads\/2022\/04\/The-finsen1-1920x2743.jpg\" class=\"wp-image-878 vp-lazyload\" alt srcset=\"data:image\/svg+xml;base64,PHN2ZyB3aWR0aD0iMTkyMCIgaGVpZ2h0PSIyNzQzIiB2aWV3Qm94PSIwIDAgMTkyMCAyNzQzIiBmaWxsPSJub25lIiB4bWxucz0iaHR0cDovL3d3dy53My5vcmcvMjAwMC9zdmciPjwvc3ZnPg==\" data-src=\"https:\/\/www.design-award.cz\/wp-content\/uploads\/2022\/04\/The-finsen1-1920x2743.jpg\" data-srcset=\"https:\/\/www.design-award.cz\/wp-content\/uploads\/2022\/04\/The-finsen1-1920x2743.jpg 1920w, https:\/\/www.design-award.cz\/wp-content\/uploads\/2022\/04\/The-finsen1-210x300.jpg 210w, https:\/\/www.design-award.cz\/wp-content\/uploads\/2022\/04\/The-finsen1-717x1024.jpg 717w, https:\/\/www.design-award.cz\/wp-content\/uploads\/2022\/04\/The-finsen1-768x1097.jpg 768w, https:\/\/www.design-award.cz\/wp-content\/uploads\/2022\/04\/The-finsen1-1075x1536.jpg 1075w, https:\/\/www.design-award.cz\/wp-content\/uploads\/2022\/04\/The-finsen1-1434x2048.jpg 1434w, https:\/\/www.design-award.cz\/wp-content\/uploads\/2022\/04\/The-finsen1-500x714.jpg 500w, https:\/\/www.design-award.cz\/wp-content\/uploads\/2022\/04\/The-finsen1-800x1143.jpg 800w, https:\/\/www.design-award.cz\/wp-content\/uploads\/2022\/04\/The-finsen1-1280x1829.jpg 1280w, https:\/\/www.design-award.cz\/wp-content\/uploads\/2022\/04\/The-finsen1-scaled.jpg 1792w\" data-sizes=\"auto\" loading=\"eager\">\n\t\t<\/a>\t<\/div>\n<\/div>\n\t<figcaption class=\"vp-portfolio__item-overlay vp-portfolio__item-overlay-text-align-center\">\n\t\t<div class=\"vp-portfolio__item-meta-wrap vp-portfolio__custom-scrollbar\">\n\t\t\t\t<a\n\t\thref=\"https:\/\/www.design-award.cz\/?portfolio=874\"\n\t\ttabindex=\"-1\" class=\"vp-portfolio__item-meta\" \t>\n\t\n<h2 class=\"vp-portfolio__item-meta-title\">\n\tSoukrom\u00fd interi\u00e9r &#8211; The Finsen<\/h2>\n<\/a>\t\t<\/div>\n\t<\/figcaption>\n\t\t\t<\/figure>\n\t\t\t\t\t<\/article>\n\t\t\n<\/div>\n\n<div class=\"vp-portfolio__items-arrow vp-portfolio__items-arrow-prev\" tabindex=\"0\" role=\"button\" aria-label=\"Previous Slide\">\n\t\n<svg class=\"vp-svg-icon\" width=\"20\" height=\"20\" viewBox=\"0 0 20 20\" fill=\"none\" xmlns=\"http:\/\/www.w3.org\/2000\/svg\">\n\t<path d=\"M12 4L6 10L12 16\" stroke=\"currentColor\" stroke-width=\"1.5\" stroke-linecap=\"round\" stroke-linejoin=\"round\" fill=\"transparent\" \/>\n<\/svg>\n<\/div>\n<div class=\"vp-portfolio__items-arrow vp-portfolio__items-arrow-next\" tabindex=\"0\" role=\"button\" aria-label=\"Next Slide\">\n\t\n<svg class=\"vp-svg-icon\" width=\"20\" height=\"20\" viewBox=\"0 0 20 20\" fill=\"none\" xmlns=\"http:\/\/www.w3.org\/2000\/svg\">\n\t<path d=\"M8 4L14 10L8 16\" stroke=\"currentColor\" stroke-width=\"1.5\" stroke-linecap=\"round\" stroke-linejoin=\"round\" fill=\"transparent\" \/>\n<\/svg>\n<\/div>\n\t\t<\/div>\n\t\t\t\t<div class=\"vp-portfolio__layout-elements vp-portfolio__layout-elements-bottom vp-portfolio__layout-elements-align-center\">\n\t\t\t\t<div class=\"vp-portfolio__pagination-wrap\">\n\t\t\n<div class=\"vp-pagination vp-pagination__style-minimal\" data-vp-pagination-type=\"load-more\">\n\t<div class=\"vp-pagination__item\">\n\t\t<a class=\"vp-pagination__load-more\" href=\"https:\/\/www.design-award.cz\/index.php?rest_route=%2Fwp%2Fv2%2Fportfolio%2F945&#038;vp_page=2\">\n\t\t\t<span>Load More<\/span>\n\t\t\t<span class=\"vp-pagination__load-more-loading\"><span class=\"vp-spinner\"><\/span><span class=\"vp-screen-reader-text\"> Loading More&#8230;<\/span><\/span>\n\t\t\t<span class=\"vp-pagination__load-more-no-more\">You\u2019ve reached the end of the list<\/span>\n\t\t<\/a>\n\t<\/div>\n<\/div>\n\t\t<\/div>\n\t\t\t\t<\/div>\n\t\t\n<\/div>\n<\/div>","protected":false},"excerpt":{"rendered":"<p>Charlota Pr\u00e1\u0161kov\u00e1 \u0160kola Michael T\u00e9matem leto\u0161n\u00edch maturitn\u00edch prac\u00ed byl n\u00e1vrh rodinn\u00e9ho domu. Sou\u010d\u00e1st\u00ed zad\u00e1n\u00ed bylo, \u017ee d\u016fm m\u00e1 b\u00fdt navr\u017een pro \u010dty\u0159i osoby \u2013 dva dosp\u011bl\u00e9 a dv\u011b d\u011bti ve v\u011bku 8 a 14 let. Maxim\u00e1ln\u00ed velikost domu m\u00e1 b\u00fdt 150 m2 a d\u016fm m\u00e1 b\u00fdt postaven v \u010cesk\u00e9 republice. Ostatn\u00ed specifika byla ve vlastn\u00ed [&hellip;]<\/p>\n","protected":false},"author":1,"featured_media":948,"menu_order":0,"comment_status":"closed","ping_status":"closed","template":"","format":"standard","meta":{"ngg_post_thumbnail":0,"ocean_post_layout":"","ocean_both_sidebars_style":"","ocean_both_sidebars_content_width":0,"ocean_both_sidebars_sidebars_width":0,"ocean_sidebar":"","ocean_second_sidebar":"","ocean_disable_margins":"enable","ocean_add_body_class":"","ocean_shortcode_before_top_bar":"","ocean_shortcode_after_top_bar":"","ocean_shortcode_before_header":"","ocean_shortcode_after_header":"","ocean_has_shortcode":"","ocean_shortcode_after_title":"","ocean_shortcode_before_footer_widgets":"","ocean_shortcode_after_footer_widgets":"","ocean_shortcode_before_footer_bottom":"","ocean_shortcode_after_footer_bottom":"","ocean_display_top_bar":"default","ocean_display_header":"default","ocean_header_style":"","ocean_center_header_left_menu":"","ocean_custom_header_template":"","ocean_custom_logo":0,"ocean_custom_retina_logo":0,"ocean_custom_logo_max_width":0,"ocean_custom_logo_tablet_max_width":0,"ocean_custom_logo_mobile_max_width":0,"ocean_custom_logo_max_height":0,"ocean_custom_logo_tablet_max_height":0,"ocean_custom_logo_mobile_max_height":0,"ocean_header_custom_menu":"","ocean_menu_typo_font_family":"","ocean_menu_typo_font_subset":"","ocean_menu_typo_font_size":0,"ocean_menu_typo_font_size_tablet":0,"ocean_menu_typo_font_size_mobile":0,"ocean_menu_typo_font_size_unit":"px","ocean_menu_typo_font_weight":"","ocean_menu_typo_font_weight_tablet":"","ocean_menu_typo_font_weight_mobile":"","ocean_menu_typo_transform":"","ocean_menu_typo_transform_tablet":"","ocean_menu_typo_transform_mobile":"","ocean_menu_typo_line_height":0,"ocean_menu_typo_line_height_tablet":0,"ocean_menu_typo_line_height_mobile":0,"ocean_menu_typo_line_height_unit":"","ocean_menu_typo_spacing":0,"ocean_menu_typo_spacing_tablet":0,"ocean_menu_typo_spacing_mobile":0,"ocean_menu_typo_spacing_unit":"","ocean_menu_link_color":"","ocean_menu_link_color_hover":"","ocean_menu_link_color_active":"","ocean_menu_link_background":"","ocean_menu_link_hover_background":"","ocean_menu_link_active_background":"","ocean_menu_social_links_bg":"","ocean_menu_social_hover_links_bg":"","ocean_menu_social_links_color":"","ocean_menu_social_hover_links_color":"","ocean_disable_title":"default","ocean_disable_heading":"default","ocean_post_title":"","ocean_post_subheading":"","ocean_post_title_style":"","ocean_post_title_background_color":"","ocean_post_title_background":0,"ocean_post_title_bg_image_position":"","ocean_post_title_bg_image_attachment":"","ocean_post_title_bg_image_repeat":"","ocean_post_title_bg_image_size":"","ocean_post_title_height":0,"ocean_post_title_bg_overlay":0.5,"ocean_post_title_bg_overlay_color":"","ocean_disable_breadcrumbs":"default","ocean_breadcrumbs_color":"","ocean_breadcrumbs_separator_color":"","ocean_breadcrumbs_links_color":"","ocean_breadcrumbs_links_hover_color":"","ocean_display_footer_widgets":"default","ocean_display_footer_bottom":"default","ocean_custom_footer_template":"","_vp_format_video_url":"","_vp_image_focal_point":[],"footnotes":""},"portfolio_category":[],"portfolio_tag":[],"class_list":["post-945","portfolio","type-portfolio","status-publish","format-standard","has-post-thumbnail","hentry","entry","has-media"],"yoast_head":"<!-- This site is optimized with the Yoast SEO plugin v25.2 - https:\/\/yoast.com\/wordpress\/plugins\/seo\/ -->\n<title>Soukrom\u00fd interi\u00e9r - N\u00e1vrh rodinn\u00e9ho domu - design-award.cz<\/title>\n<meta name=\"robots\" content=\"index, follow, max-snippet:-1, max-image-preview:large, max-video-preview:-1\" \/>\n<link rel=\"canonical\" href=\"https:\/\/www.design-award.cz\/?portfolio=soukromy-interier-navrh-rodinneho-domu-3\" \/>\n<meta property=\"og:locale\" content=\"cs_CZ\" \/>\n<meta property=\"og:type\" content=\"article\" \/>\n<meta property=\"og:title\" content=\"Soukrom\u00fd interi\u00e9r - N\u00e1vrh rodinn\u00e9ho domu - design-award.cz\" \/>\n<meta property=\"og:description\" content=\"Charlota Pr\u00e1\u0161kov\u00e1 \u0160kola Michael T\u00e9matem leto\u0161n\u00edch maturitn\u00edch prac\u00ed byl n\u00e1vrh rodinn\u00e9ho domu. Sou\u010d\u00e1st\u00ed zad\u00e1n\u00ed bylo, \u017ee d\u016fm m\u00e1 b\u00fdt navr\u017een pro \u010dty\u0159i osoby \u2013 dva dosp\u011bl\u00e9 a dv\u011b d\u011bti ve v\u011bku 8 a 14 let. Maxim\u00e1ln\u00ed velikost domu m\u00e1 b\u00fdt 150 m2 a d\u016fm m\u00e1 b\u00fdt postaven v \u010cesk\u00e9 republice. Ostatn\u00ed specifika byla ve vlastn\u00ed [&hellip;]\" \/>\n<meta property=\"og:url\" content=\"https:\/\/www.design-award.cz\/?portfolio=soukromy-interier-navrh-rodinneho-domu-3\" \/>\n<meta property=\"og:site_name\" content=\"design-award.cz\" \/>\n<meta property=\"article:modified_time\" content=\"2022-04-28T16:13:12+00:00\" \/>\n<meta property=\"og:image\" content=\"http:\/\/www.design-award.cz\/wp-content\/uploads\/2022\/04\/Praskova_detsky-pokoj.png\" \/>\n\t<meta property=\"og:image:width\" content=\"1920\" \/>\n\t<meta property=\"og:image:height\" content=\"1080\" \/>\n\t<meta property=\"og:image:type\" content=\"image\/png\" \/>\n<meta name=\"twitter:card\" content=\"summary_large_image\" \/>\n<meta name=\"twitter:label1\" content=\"Odhadovan\u00e1 doba \u010dten\u00ed\" \/>\n\t<meta name=\"twitter:data1\" content=\"2 minuty\" \/>\n<script type=\"application\/ld+json\" class=\"yoast-schema-graph\">{\"@context\":\"https:\/\/schema.org\",\"@graph\":[{\"@type\":\"WebPage\",\"@id\":\"https:\/\/www.design-award.cz\/?portfolio=soukromy-interier-navrh-rodinneho-domu-3\",\"url\":\"https:\/\/www.design-award.cz\/?portfolio=soukromy-interier-navrh-rodinneho-domu-3\",\"name\":\"Soukrom\u00fd interi\u00e9r - N\u00e1vrh rodinn\u00e9ho domu - design-award.cz\",\"isPartOf\":{\"@id\":\"https:\/\/www.design-award.cz\/#website\"},\"primaryImageOfPage\":{\"@id\":\"https:\/\/www.design-award.cz\/?portfolio=soukromy-interier-navrh-rodinneho-domu-3#primaryimage\"},\"image\":{\"@id\":\"https:\/\/www.design-award.cz\/?portfolio=soukromy-interier-navrh-rodinneho-domu-3#primaryimage\"},\"thumbnailUrl\":\"https:\/\/www.design-award.cz\/wp-content\/uploads\/2022\/04\/Praskova_detsky-pokoj.png\",\"datePublished\":\"2022-04-28T16:13:11+00:00\",\"dateModified\":\"2022-04-28T16:13:12+00:00\",\"breadcrumb\":{\"@id\":\"https:\/\/www.design-award.cz\/?portfolio=soukromy-interier-navrh-rodinneho-domu-3#breadcrumb\"},\"inLanguage\":\"cs\",\"potentialAction\":[{\"@type\":\"ReadAction\",\"target\":[\"https:\/\/www.design-award.cz\/?portfolio=soukromy-interier-navrh-rodinneho-domu-3\"]}]},{\"@type\":\"ImageObject\",\"inLanguage\":\"cs\",\"@id\":\"https:\/\/www.design-award.cz\/?portfolio=soukromy-interier-navrh-rodinneho-domu-3#primaryimage\",\"url\":\"https:\/\/www.design-award.cz\/wp-content\/uploads\/2022\/04\/Praskova_detsky-pokoj.png\",\"contentUrl\":\"https:\/\/www.design-award.cz\/wp-content\/uploads\/2022\/04\/Praskova_detsky-pokoj.png\",\"width\":1920,\"height\":1080},{\"@type\":\"BreadcrumbList\",\"@id\":\"https:\/\/www.design-award.cz\/?portfolio=soukromy-interier-navrh-rodinneho-domu-3#breadcrumb\",\"itemListElement\":[{\"@type\":\"ListItem\",\"position\":1,\"name\":\"Dom\u016f\",\"item\":\"https:\/\/www.design-award.cz\/\"},{\"@type\":\"ListItem\",\"position\":2,\"name\":\"Portfolio Items\",\"item\":\"https:\/\/www.design-award.cz\/?post_type=portfolio\"},{\"@type\":\"ListItem\",\"position\":3,\"name\":\"Soukrom\u00fd interi\u00e9r &#8211; N\u00e1vrh rodinn\u00e9ho domu\"}]},{\"@type\":\"WebSite\",\"@id\":\"https:\/\/www.design-award.cz\/#website\",\"url\":\"https:\/\/www.design-award.cz\/\",\"name\":\"design-award.cz\",\"description\":\"WARD vznikla v roce 2022. Je ur\u010dena p\u0159edev\u0161\u00edm student\u016fm st\u0159edn\u00edch um\u011bleck\u00fdch \u0161kol (S\u0160 a VO\u0160), kte\u0159\u00ed mohou bezplatn\u011b zaslat sv\u00e9 n\u00e1vrhy v uveden\u00fdch kategori\u00ed a tak pom\u011b\u0159it sv\u00e9 n\u00e1pady s konkurenc\u00ed sv\u00fdch vrstevn\u00edk\u016f. N\u00e1vrhy jsou n\u00e1sledn\u011b posouzeny nez\u00e1vislou porotou z \u0159ad v\u00fdtvarn\u00edk\u016f, pedagog\u016f a profesion\u00e1l\u016f z oboru.\",\"publisher\":{\"@id\":\"https:\/\/www.design-award.cz\/#organization\"},\"potentialAction\":[{\"@type\":\"SearchAction\",\"target\":{\"@type\":\"EntryPoint\",\"urlTemplate\":\"https:\/\/www.design-award.cz\/?s={search_term_string}\"},\"query-input\":{\"@type\":\"PropertyValueSpecification\",\"valueRequired\":true,\"valueName\":\"search_term_string\"}}],\"inLanguage\":\"cs\"},{\"@type\":\"Organization\",\"@id\":\"https:\/\/www.design-award.cz\/#organization\",\"name\":\"Design Award\",\"url\":\"https:\/\/www.design-award.cz\/\",\"logo\":{\"@type\":\"ImageObject\",\"inLanguage\":\"cs\",\"@id\":\"https:\/\/www.design-award.cz\/#\/schema\/logo\/image\/\",\"url\":\"http:\/\/www.design-award.cz\/wp-content\/uploads\/2021\/12\/hornilogo_design-award.png\",\"contentUrl\":\"http:\/\/www.design-award.cz\/wp-content\/uploads\/2021\/12\/hornilogo_design-award.png\",\"width\":800,\"height\":600,\"caption\":\"Design Award\"},\"image\":{\"@id\":\"https:\/\/www.design-award.cz\/#\/schema\/logo\/image\/\"},\"sameAs\":[\"https:\/\/www.instagram.com\/design_award\/\"]}]}<\/script>\n<!-- \/ Yoast SEO plugin. -->","yoast_head_json":{"title":"Soukrom\u00fd interi\u00e9r - N\u00e1vrh rodinn\u00e9ho domu - design-award.cz","robots":{"index":"index","follow":"follow","max-snippet":"max-snippet:-1","max-image-preview":"max-image-preview:large","max-video-preview":"max-video-preview:-1"},"canonical":"https:\/\/www.design-award.cz\/?portfolio=soukromy-interier-navrh-rodinneho-domu-3","og_locale":"cs_CZ","og_type":"article","og_title":"Soukrom\u00fd interi\u00e9r - N\u00e1vrh rodinn\u00e9ho domu - design-award.cz","og_description":"Charlota Pr\u00e1\u0161kov\u00e1 \u0160kola Michael T\u00e9matem leto\u0161n\u00edch maturitn\u00edch prac\u00ed byl n\u00e1vrh rodinn\u00e9ho domu. Sou\u010d\u00e1st\u00ed zad\u00e1n\u00ed bylo, \u017ee d\u016fm m\u00e1 b\u00fdt navr\u017een pro \u010dty\u0159i osoby \u2013 dva dosp\u011bl\u00e9 a dv\u011b d\u011bti ve v\u011bku 8 a 14 let. Maxim\u00e1ln\u00ed velikost domu m\u00e1 b\u00fdt 150 m2 a d\u016fm m\u00e1 b\u00fdt postaven v \u010cesk\u00e9 republice. Ostatn\u00ed specifika byla ve vlastn\u00ed [&hellip;]","og_url":"https:\/\/www.design-award.cz\/?portfolio=soukromy-interier-navrh-rodinneho-domu-3","og_site_name":"design-award.cz","article_modified_time":"2022-04-28T16:13:12+00:00","og_image":[{"width":1920,"height":1080,"url":"http:\/\/www.design-award.cz\/wp-content\/uploads\/2022\/04\/Praskova_detsky-pokoj.png","type":"image\/png"}],"twitter_card":"summary_large_image","twitter_misc":{"Odhadovan\u00e1 doba \u010dten\u00ed":"2 minuty"},"schema":{"@context":"https:\/\/schema.org","@graph":[{"@type":"WebPage","@id":"https:\/\/www.design-award.cz\/?portfolio=soukromy-interier-navrh-rodinneho-domu-3","url":"https:\/\/www.design-award.cz\/?portfolio=soukromy-interier-navrh-rodinneho-domu-3","name":"Soukrom\u00fd interi\u00e9r - N\u00e1vrh rodinn\u00e9ho domu - design-award.cz","isPartOf":{"@id":"https:\/\/www.design-award.cz\/#website"},"primaryImageOfPage":{"@id":"https:\/\/www.design-award.cz\/?portfolio=soukromy-interier-navrh-rodinneho-domu-3#primaryimage"},"image":{"@id":"https:\/\/www.design-award.cz\/?portfolio=soukromy-interier-navrh-rodinneho-domu-3#primaryimage"},"thumbnailUrl":"https:\/\/www.design-award.cz\/wp-content\/uploads\/2022\/04\/Praskova_detsky-pokoj.png","datePublished":"2022-04-28T16:13:11+00:00","dateModified":"2022-04-28T16:13:12+00:00","breadcrumb":{"@id":"https:\/\/www.design-award.cz\/?portfolio=soukromy-interier-navrh-rodinneho-domu-3#breadcrumb"},"inLanguage":"cs","potentialAction":[{"@type":"ReadAction","target":["https:\/\/www.design-award.cz\/?portfolio=soukromy-interier-navrh-rodinneho-domu-3"]}]},{"@type":"ImageObject","inLanguage":"cs","@id":"https:\/\/www.design-award.cz\/?portfolio=soukromy-interier-navrh-rodinneho-domu-3#primaryimage","url":"https:\/\/www.design-award.cz\/wp-content\/uploads\/2022\/04\/Praskova_detsky-pokoj.png","contentUrl":"https:\/\/www.design-award.cz\/wp-content\/uploads\/2022\/04\/Praskova_detsky-pokoj.png","width":1920,"height":1080},{"@type":"BreadcrumbList","@id":"https:\/\/www.design-award.cz\/?portfolio=soukromy-interier-navrh-rodinneho-domu-3#breadcrumb","itemListElement":[{"@type":"ListItem","position":1,"name":"Dom\u016f","item":"https:\/\/www.design-award.cz\/"},{"@type":"ListItem","position":2,"name":"Portfolio Items","item":"https:\/\/www.design-award.cz\/?post_type=portfolio"},{"@type":"ListItem","position":3,"name":"Soukrom\u00fd interi\u00e9r &#8211; N\u00e1vrh rodinn\u00e9ho domu"}]},{"@type":"WebSite","@id":"https:\/\/www.design-award.cz\/#website","url":"https:\/\/www.design-award.cz\/","name":"design-award.cz","description":"WARD vznikla v roce 2022. Je ur\u010dena p\u0159edev\u0161\u00edm student\u016fm st\u0159edn\u00edch um\u011bleck\u00fdch \u0161kol (S\u0160 a VO\u0160), kte\u0159\u00ed mohou bezplatn\u011b zaslat sv\u00e9 n\u00e1vrhy v uveden\u00fdch kategori\u00ed a tak pom\u011b\u0159it sv\u00e9 n\u00e1pady s konkurenc\u00ed sv\u00fdch vrstevn\u00edk\u016f. N\u00e1vrhy jsou n\u00e1sledn\u011b posouzeny nez\u00e1vislou porotou z \u0159ad v\u00fdtvarn\u00edk\u016f, pedagog\u016f a profesion\u00e1l\u016f z oboru.","publisher":{"@id":"https:\/\/www.design-award.cz\/#organization"},"potentialAction":[{"@type":"SearchAction","target":{"@type":"EntryPoint","urlTemplate":"https:\/\/www.design-award.cz\/?s={search_term_string}"},"query-input":{"@type":"PropertyValueSpecification","valueRequired":true,"valueName":"search_term_string"}}],"inLanguage":"cs"},{"@type":"Organization","@id":"https:\/\/www.design-award.cz\/#organization","name":"Design Award","url":"https:\/\/www.design-award.cz\/","logo":{"@type":"ImageObject","inLanguage":"cs","@id":"https:\/\/www.design-award.cz\/#\/schema\/logo\/image\/","url":"http:\/\/www.design-award.cz\/wp-content\/uploads\/2021\/12\/hornilogo_design-award.png","contentUrl":"http:\/\/www.design-award.cz\/wp-content\/uploads\/2021\/12\/hornilogo_design-award.png","width":800,"height":600,"caption":"Design Award"},"image":{"@id":"https:\/\/www.design-award.cz\/#\/schema\/logo\/image\/"},"sameAs":["https:\/\/www.instagram.com\/design_award\/"]}]}},"_links":{"self":[{"href":"https:\/\/www.design-award.cz\/index.php?rest_route=\/wp\/v2\/portfolio\/945","targetHints":{"allow":["GET"]}}],"collection":[{"href":"https:\/\/www.design-award.cz\/index.php?rest_route=\/wp\/v2\/portfolio"}],"about":[{"href":"https:\/\/www.design-award.cz\/index.php?rest_route=\/wp\/v2\/types\/portfolio"}],"author":[{"embeddable":true,"href":"https:\/\/www.design-award.cz\/index.php?rest_route=\/wp\/v2\/users\/1"}],"replies":[{"embeddable":true,"href":"https:\/\/www.design-award.cz\/index.php?rest_route=%2Fwp%2Fv2%2Fcomments&post=945"}],"version-history":[{"count":1,"href":"https:\/\/www.design-award.cz\/index.php?rest_route=\/wp\/v2\/portfolio\/945\/revisions"}],"predecessor-version":[{"id":952,"href":"https:\/\/www.design-award.cz\/index.php?rest_route=\/wp\/v2\/portfolio\/945\/revisions\/952"}],"wp:featuredmedia":[{"embeddable":true,"href":"https:\/\/www.design-award.cz\/index.php?rest_route=\/wp\/v2\/media\/948"}],"wp:attachment":[{"href":"https:\/\/www.design-award.cz\/index.php?rest_route=%2Fwp%2Fv2%2Fmedia&parent=945"}],"wp:term":[{"taxonomy":"portfolio_category","embeddable":true,"href":"https:\/\/www.design-award.cz\/index.php?rest_route=%2Fwp%2Fv2%2Fportfolio_category&post=945"},{"taxonomy":"portfolio_tag","embeddable":true,"href":"https:\/\/www.design-award.cz\/index.php?rest_route=%2Fwp%2Fv2%2Fportfolio_tag&post=945"}],"curies":[{"name":"wp","href":"https:\/\/api.w.org\/{rel}","templated":true}]}}