{"id":953,"date":"2022-04-28T16:20:02","date_gmt":"2022-04-28T16:20:02","guid":{"rendered":"https:\/\/www.design-award.cz\/?post_type=portfolio&#038;p=953"},"modified":"2022-04-28T16:23:08","modified_gmt":"2022-04-28T16:23:08","slug":"soukromy-interier-navrh-rodinneho-domu-4","status":"publish","type":"portfolio","link":"https:\/\/www.design-award.cz\/?portfolio=soukromy-interier-navrh-rodinneho-domu-4","title":{"rendered":"Soukrom\u00fd interi\u00e9r &#8211; N\u00e1vrh rodinn\u00e9ho domu"},"content":{"rendered":"\n<h2 class=\"wp-block-heading\">Johana Behensk\u00e1<\/h2>\n\n\n\n<p><strong>Michael \u2013 St\u0159edn\u00ed \u0161kola a Vy\u0161\u0161\u00ed odborn\u00e1 \u0161kola reklamn\u00ed a um\u011bleck\u00e9 tvorby<\/strong><\/p>\n\n\n\n<p>\u00dakolem leto\u0161n\u00ed maturitn\u00ed pr\u00e1ce byl n\u00e1vrh rodinn\u00e9ho domu pro \u010dty\u0159\u010dlennou rodinu, kterou tvo\u0159\u00ed man\u017eelsk\u00fd p\u00e1r a dv\u011b d\u011bti, d\u00edvka ve v\u011bku 14 let a chlapec ve v\u011bku 8 let. Volba interi\u00e9rov\u00e9ho a architektonick\u00e9ho stylu byla zcela na n\u00e1s. Dostali jsme pouze prostorov\u00e9 omezen\u00ed zastav\u011bn\u00e9 plochy o maxim\u00e1ln\u00ed velikosti do 150 m2.<br>My\u0161lenka<br>Mou my\u0161lenkou bylo navrhnout modern\u00ed d\u016fm a interi\u00e9r s velk\u00fdmi francouzsk\u00fdmi okny, aby prostor provzdu\u0161nily a rozsv\u00edtily. Z\u00e1rove\u0148 jsem ale cht\u011bla, aby d\u016fm p\u016fsobil \u00fatuln\u011b. Proto jsem nap\u0159\u00edklad do spole\u010dn\u00e9ho prostoru doprost\u0159ed um\u00edstila krb, kter\u00fd navozuje pocit tepla a pohody. D\u016fm bych um\u00edstila na okraji m\u011bsta.<\/p>\n\n\n\n<figure class=\"wp-block-image size-large\"><img decoding=\"async\" width=\"1024\" height=\"576\" data-src=\"http:\/\/www.design-award.cz\/wp-content\/uploads\/2022\/04\/loznice-vetsi-kvalita-renderu_J.Behenska-1024x576.jpg\" alt=\"\" class=\"wp-image-955 lazyload\" data-srcset=\"https:\/\/www.design-award.cz\/wp-content\/uploads\/2022\/04\/loznice-vetsi-kvalita-renderu_J.Behenska-1024x576.jpg 1024w, https:\/\/www.design-award.cz\/wp-content\/uploads\/2022\/04\/loznice-vetsi-kvalita-renderu_J.Behenska-300x169.jpg 300w, https:\/\/www.design-award.cz\/wp-content\/uploads\/2022\/04\/loznice-vetsi-kvalita-renderu_J.Behenska-768x432.jpg 768w, https:\/\/www.design-award.cz\/wp-content\/uploads\/2022\/04\/loznice-vetsi-kvalita-renderu_J.Behenska-1536x864.jpg 1536w, https:\/\/www.design-award.cz\/wp-content\/uploads\/2022\/04\/loznice-vetsi-kvalita-renderu_J.Behenska-500x281.jpg 500w, https:\/\/www.design-award.cz\/wp-content\/uploads\/2022\/04\/loznice-vetsi-kvalita-renderu_J.Behenska-800x450.jpg 800w, https:\/\/www.design-award.cz\/wp-content\/uploads\/2022\/04\/loznice-vetsi-kvalita-renderu_J.Behenska-1280x720.jpg 1280w, https:\/\/www.design-award.cz\/wp-content\/uploads\/2022\/04\/loznice-vetsi-kvalita-renderu_J.Behenska-1920x1080.jpg 1920w, https:\/\/www.design-award.cz\/wp-content\/uploads\/2022\/04\/loznice-vetsi-kvalita-renderu_J.Behenska.jpg 1980w\" data-sizes=\"(max-width: 1024px) 100vw, 1024px\" src=\"data:image\/svg+xml;base64,PHN2ZyB3aWR0aD0iMSIgaGVpZ2h0PSIxIiB4bWxucz0iaHR0cDovL3d3dy53My5vcmcvMjAwMC9zdmciPjwvc3ZnPg==\" style=\"--smush-placeholder-width: 1024px; --smush-placeholder-aspect-ratio: 1024\/576;\" \/><\/figure>\n\n\n\n<figure class=\"wp-block-image size-large\"><img decoding=\"async\" width=\"1024\" height=\"576\" data-src=\"http:\/\/www.design-award.cz\/wp-content\/uploads\/2022\/04\/obyvak-1_J.Behenska-1024x576.png\" alt=\"\" class=\"wp-image-956 lazyload\" data-srcset=\"https:\/\/www.design-award.cz\/wp-content\/uploads\/2022\/04\/obyvak-1_J.Behenska-1024x576.png 1024w, https:\/\/www.design-award.cz\/wp-content\/uploads\/2022\/04\/obyvak-1_J.Behenska-300x169.png 300w, https:\/\/www.design-award.cz\/wp-content\/uploads\/2022\/04\/obyvak-1_J.Behenska-768x432.png 768w, https:\/\/www.design-award.cz\/wp-content\/uploads\/2022\/04\/obyvak-1_J.Behenska-1536x864.png 1536w, https:\/\/www.design-award.cz\/wp-content\/uploads\/2022\/04\/obyvak-1_J.Behenska-500x281.png 500w, https:\/\/www.design-award.cz\/wp-content\/uploads\/2022\/04\/obyvak-1_J.Behenska-800x450.png 800w, https:\/\/www.design-award.cz\/wp-content\/uploads\/2022\/04\/obyvak-1_J.Behenska-1280x720.png 1280w, https:\/\/www.design-award.cz\/wp-content\/uploads\/2022\/04\/obyvak-1_J.Behenska-1920x1080.png 1920w, https:\/\/www.design-award.cz\/wp-content\/uploads\/2022\/04\/obyvak-1_J.Behenska.png 1980w\" data-sizes=\"(max-width: 1024px) 100vw, 1024px\" src=\"data:image\/svg+xml;base64,PHN2ZyB3aWR0aD0iMSIgaGVpZ2h0PSIxIiB4bWxucz0iaHR0cDovL3d3dy53My5vcmcvMjAwMC9zdmciPjwvc3ZnPg==\" style=\"--smush-placeholder-width: 1024px; --smush-placeholder-aspect-ratio: 1024\/576;\" \/><\/figure>\n\n\n\n<figure class=\"wp-block-image size-large\"><img decoding=\"async\" width=\"1024\" height=\"576\" data-src=\"http:\/\/www.design-award.cz\/wp-content\/uploads\/2022\/04\/obyvak-novyJ.Behenska-1024x576.jpg\" alt=\"\" class=\"wp-image-957 lazyload\" data-srcset=\"https:\/\/www.design-award.cz\/wp-content\/uploads\/2022\/04\/obyvak-novyJ.Behenska-1024x576.jpg 1024w, https:\/\/www.design-award.cz\/wp-content\/uploads\/2022\/04\/obyvak-novyJ.Behenska-300x169.jpg 300w, https:\/\/www.design-award.cz\/wp-content\/uploads\/2022\/04\/obyvak-novyJ.Behenska-768x432.jpg 768w, https:\/\/www.design-award.cz\/wp-content\/uploads\/2022\/04\/obyvak-novyJ.Behenska-1536x864.jpg 1536w, https:\/\/www.design-award.cz\/wp-content\/uploads\/2022\/04\/obyvak-novyJ.Behenska-500x281.jpg 500w, https:\/\/www.design-award.cz\/wp-content\/uploads\/2022\/04\/obyvak-novyJ.Behenska-800x450.jpg 800w, https:\/\/www.design-award.cz\/wp-content\/uploads\/2022\/04\/obyvak-novyJ.Behenska-1280x720.jpg 1280w, https:\/\/www.design-award.cz\/wp-content\/uploads\/2022\/04\/obyvak-novyJ.Behenska-1920x1080.jpg 1920w, https:\/\/www.design-award.cz\/wp-content\/uploads\/2022\/04\/obyvak-novyJ.Behenska.jpg 1980w\" data-sizes=\"(max-width: 1024px) 100vw, 1024px\" src=\"data:image\/svg+xml;base64,PHN2ZyB3aWR0aD0iMSIgaGVpZ2h0PSIxIiB4bWxucz0iaHR0cDovL3d3dy53My5vcmcvMjAwMC9zdmciPjwvc3ZnPg==\" style=\"--smush-placeholder-width: 1024px; --smush-placeholder-aspect-ratio: 1024\/576;\" \/><\/figure>\n\n\n\n<figure class=\"wp-block-image size-large\"><img decoding=\"async\" width=\"1024\" height=\"576\" data-src=\"http:\/\/www.design-award.cz\/wp-content\/uploads\/2022\/04\/pokoj-holka-3-pohled-leps.-kval.-renderu_J.Behenska-1024x576.jpg\" alt=\"\" class=\"wp-image-958 lazyload\" data-srcset=\"https:\/\/www.design-award.cz\/wp-content\/uploads\/2022\/04\/pokoj-holka-3-pohled-leps.-kval.-renderu_J.Behenska-1024x576.jpg 1024w, https:\/\/www.design-award.cz\/wp-content\/uploads\/2022\/04\/pokoj-holka-3-pohled-leps.-kval.-renderu_J.Behenska-300x169.jpg 300w, https:\/\/www.design-award.cz\/wp-content\/uploads\/2022\/04\/pokoj-holka-3-pohled-leps.-kval.-renderu_J.Behenska-768x432.jpg 768w, https:\/\/www.design-award.cz\/wp-content\/uploads\/2022\/04\/pokoj-holka-3-pohled-leps.-kval.-renderu_J.Behenska-1536x864.jpg 1536w, https:\/\/www.design-award.cz\/wp-content\/uploads\/2022\/04\/pokoj-holka-3-pohled-leps.-kval.-renderu_J.Behenska-500x281.jpg 500w, https:\/\/www.design-award.cz\/wp-content\/uploads\/2022\/04\/pokoj-holka-3-pohled-leps.-kval.-renderu_J.Behenska-800x450.jpg 800w, https:\/\/www.design-award.cz\/wp-content\/uploads\/2022\/04\/pokoj-holka-3-pohled-leps.-kval.-renderu_J.Behenska-1280x720.jpg 1280w, https:\/\/www.design-award.cz\/wp-content\/uploads\/2022\/04\/pokoj-holka-3-pohled-leps.-kval.-renderu_J.Behenska-1920x1080.jpg 1920w, https:\/\/www.design-award.cz\/wp-content\/uploads\/2022\/04\/pokoj-holka-3-pohled-leps.-kval.-renderu_J.Behenska.jpg 1980w\" data-sizes=\"(max-width: 1024px) 100vw, 1024px\" src=\"data:image\/svg+xml;base64,PHN2ZyB3aWR0aD0iMSIgaGVpZ2h0PSIxIiB4bWxucz0iaHR0cDovL3d3dy53My5vcmcvMjAwMC9zdmciPjwvc3ZnPg==\" style=\"--smush-placeholder-width: 1024px; --smush-placeholder-aspect-ratio: 1024\/576;\" \/><\/figure>\n\n\n\n<figure class=\"wp-block-image size-large\"><img decoding=\"async\" width=\"1024\" height=\"647\" data-src=\"http:\/\/www.design-award.cz\/wp-content\/uploads\/2022\/04\/pudorys-prizemi-s-nabytkem-1024x647.jpg\" alt=\"\" class=\"wp-image-959 lazyload\" data-srcset=\"https:\/\/www.design-award.cz\/wp-content\/uploads\/2022\/04\/pudorys-prizemi-s-nabytkem-1024x647.jpg 1024w, https:\/\/www.design-award.cz\/wp-content\/uploads\/2022\/04\/pudorys-prizemi-s-nabytkem-300x189.jpg 300w, https:\/\/www.design-award.cz\/wp-content\/uploads\/2022\/04\/pudorys-prizemi-s-nabytkem-768x485.jpg 768w, https:\/\/www.design-award.cz\/wp-content\/uploads\/2022\/04\/pudorys-prizemi-s-nabytkem-1536x970.jpg 1536w, https:\/\/www.design-award.cz\/wp-content\/uploads\/2022\/04\/pudorys-prizemi-s-nabytkem-500x316.jpg 500w, https:\/\/www.design-award.cz\/wp-content\/uploads\/2022\/04\/pudorys-prizemi-s-nabytkem-800x505.jpg 800w, https:\/\/www.design-award.cz\/wp-content\/uploads\/2022\/04\/pudorys-prizemi-s-nabytkem-1280x808.jpg 1280w, https:\/\/www.design-award.cz\/wp-content\/uploads\/2022\/04\/pudorys-prizemi-s-nabytkem.jpg 1560w\" data-sizes=\"(max-width: 1024px) 100vw, 1024px\" src=\"data:image\/svg+xml;base64,PHN2ZyB3aWR0aD0iMSIgaGVpZ2h0PSIxIiB4bWxucz0iaHR0cDovL3d3dy53My5vcmcvMjAwMC9zdmciPjwvc3ZnPg==\" style=\"--smush-placeholder-width: 1024px; --smush-placeholder-aspect-ratio: 1024\/647;\" \/><\/figure>\n\n\n<div class=\"wp-block-visual-portfolio\">\n<div class=\"vp-portfolio vp-uid-2ece4a06 vp-id-607\"\n\tdata-vp-layout=\"slider\" data-vp-content-source=\"post-based\" data-vp-items-style=\"fade\" data-vp-items-click-action=\"url\" data-vp-items-gap=\"12\" data-vp-items-gap-vertical=\"\" data-vp-pagination=\"load-more\" data-vp-next-page-url=\"https:\/\/www.design-award.cz\/index.php?rest_route=%2Fwp%2Fv2%2Fportfolio%2F953&#038;vp_page=2\" data-vp-random-seed=\"4153005728\" data-vp-slider-effect=\"slide\" data-vp-slider-items-height=\"80%\" data-vp-slider-items-min-height=\"\" data-vp-slider-slides-per-view=\"3\" data-vp-slider-speed=\"0.3\" data-vp-slider-autoplay=\"4.8\" data-vp-slider-autoplay-hover-pause=\"false\" data-vp-slider-centered-slides=\"true\" data-vp-slider-loop=\"true\" data-vp-slider-free-mode=\"false\" data-vp-slider-free-mode-sticky=\"false\" data-vp-slider-arrows=\"true\" data-vp-slider-bullets=\"false\" data-vp-slider-bullets-dynamic=\"false\" data-vp-slider-mousewheel=\"false\" data-vp-slider-thumbnails=\"false\" >\n\t<div class=\"vp-portfolio__preloader-wrap\">\n\t\t<div class=\"vp-portfolio__preloader\">\n\t\t\t<img decoding=\"async\" loading=\"eager\" src=\"https:\/\/www.design-award.cz\/wp-content\/plugins\/visual-portfolio\/assets\/images\/logo-dark.svg\" alt=\"Visual Portfolio, Posts &amp; Image Gallery for WordPress\" width=\"20\" height=\"20\" data-skip-lazy>\n\t\t<\/div>\n\t<\/div>\n\t\t<div class=\"vp-portfolio__items-wrap\">\n\t\t\t\n<div class=\"vp-portfolio__items vp-portfolio__items-style-fade vp-portfolio__items-show-overlay-hover\">\n\n\t\t<article\t\tclass=\"vp-portfolio__item-wrap post-5173 portfolio type-portfolio status-publish format-standard has-post-thumbnail hentry entry has-media vp-portfolio__item-uid-a6884dae\" data-vp-filter=\"\" \t\t>\n\t\t\t\t\t\t\t\t\t<figure class=\"vp-portfolio__item\">\n\t\t\t\t\n<div class=\"vp-portfolio__item-img-wrap\">\n\t<div class=\"vp-portfolio__item-img\">\n\t\t\t<a\n\t\thref=\"https:\/\/www.design-award.cz\/?portfolio=produktovy-design-nanuuk\"\n\t\t\t>\n\t\n\t\t<noscript><img decoding=\"async\" width=\"1920\" height=\"1080\" data-skip-lazy src=\"https:\/\/www.design-award.cz\/wp-content\/uploads\/2025\/06\/nanuk8_7-Photo-1920x1080.jpg\" class=\"wp-image-5175\" alt=\"\" srcset=\"https:\/\/www.design-award.cz\/wp-content\/uploads\/2025\/06\/nanuk8_7-Photo-1920x1080.jpg 1920w, https:\/\/www.design-award.cz\/wp-content\/uploads\/2025\/06\/nanuk8_7-Photo-300x169.jpg 300w, https:\/\/www.design-award.cz\/wp-content\/uploads\/2025\/06\/nanuk8_7-Photo-1024x576.jpg 1024w, https:\/\/www.design-award.cz\/wp-content\/uploads\/2025\/06\/nanuk8_7-Photo-768x432.jpg 768w, https:\/\/www.design-award.cz\/wp-content\/uploads\/2025\/06\/nanuk8_7-Photo-1536x864.jpg 1536w, https:\/\/www.design-award.cz\/wp-content\/uploads\/2025\/06\/nanuk8_7-Photo-2048x1152.jpg 2048w, https:\/\/www.design-award.cz\/wp-content\/uploads\/2025\/06\/nanuk8_7-Photo-800x450.jpg 800w, https:\/\/www.design-award.cz\/wp-content\/uploads\/2025\/06\/nanuk8_7-Photo-500x281.jpg 500w, https:\/\/www.design-award.cz\/wp-content\/uploads\/2025\/06\/nanuk8_7-Photo-1280x720.jpg 1280w\" sizes=\"(max-width: 1920px) 100vw, 1920px\" \/><\/noscript><img fetchpriority=\"high\" decoding=\"async\" width=\"1920\" height=\"1080\" src=\"https:\/\/www.design-award.cz\/wp-content\/uploads\/2025\/06\/nanuk8_7-Photo-1920x1080.jpg\" class=\"wp-image-5175 vp-lazyload\" alt srcset=\"data:image\/svg+xml;base64,PHN2ZyB3aWR0aD0iMTkyMCIgaGVpZ2h0PSIxMDgwIiB2aWV3Qm94PSIwIDAgMTkyMCAxMDgwIiBmaWxsPSJub25lIiB4bWxucz0iaHR0cDovL3d3dy53My5vcmcvMjAwMC9zdmciPjwvc3ZnPg==\" data-src=\"https:\/\/www.design-award.cz\/wp-content\/uploads\/2025\/06\/nanuk8_7-Photo-1920x1080.jpg\" data-srcset=\"https:\/\/www.design-award.cz\/wp-content\/uploads\/2025\/06\/nanuk8_7-Photo-1920x1080.jpg 1920w, https:\/\/www.design-award.cz\/wp-content\/uploads\/2025\/06\/nanuk8_7-Photo-300x169.jpg 300w, https:\/\/www.design-award.cz\/wp-content\/uploads\/2025\/06\/nanuk8_7-Photo-1024x576.jpg 1024w, https:\/\/www.design-award.cz\/wp-content\/uploads\/2025\/06\/nanuk8_7-Photo-768x432.jpg 768w, https:\/\/www.design-award.cz\/wp-content\/uploads\/2025\/06\/nanuk8_7-Photo-1536x864.jpg 1536w, https:\/\/www.design-award.cz\/wp-content\/uploads\/2025\/06\/nanuk8_7-Photo-2048x1152.jpg 2048w, https:\/\/www.design-award.cz\/wp-content\/uploads\/2025\/06\/nanuk8_7-Photo-800x450.jpg 800w, https:\/\/www.design-award.cz\/wp-content\/uploads\/2025\/06\/nanuk8_7-Photo-500x281.jpg 500w, https:\/\/www.design-award.cz\/wp-content\/uploads\/2025\/06\/nanuk8_7-Photo-1280x720.jpg 1280w\" data-sizes=\"auto\" loading=\"eager\">\n\t\t<\/a>\t<\/div>\n<\/div>\n\t<figcaption class=\"vp-portfolio__item-overlay vp-portfolio__item-overlay-text-align-center\">\n\t\t<div class=\"vp-portfolio__item-meta-wrap vp-portfolio__custom-scrollbar\">\n\t\t\t\t<a\n\t\thref=\"https:\/\/www.design-award.cz\/?portfolio=produktovy-design-nanuuk\"\n\t\ttabindex=\"-1\" class=\"vp-portfolio__item-meta\" \t>\n\t\n<h2 class=\"vp-portfolio__item-meta-title\">\n\tProduktov\u00fd design &#8211; NANUUK<\/h2>\n<\/a>\t\t<\/div>\n\t<\/figcaption>\n\t\t\t<\/figure>\n\t\t\t\t\t<\/article>\n\t\t\n\t\t<article\t\tclass=\"vp-portfolio__item-wrap post-851 portfolio type-portfolio status-publish format-standard has-post-thumbnail hentry entry has-media vp-portfolio__item-uid-bea74ad2\" data-vp-filter=\"\" \t\t>\n\t\t\t\t\t\t\t\t\t<figure class=\"vp-portfolio__item\">\n\t\t\t\t\n<div class=\"vp-portfolio__item-img-wrap\">\n\t<div class=\"vp-portfolio__item-img\">\n\t\t\t<a\n\t\thref=\"https:\/\/www.design-award.cz\/?portfolio=soukromy-interier-navrh-rodinneho-domu\"\n\t\t\t>\n\t\n\t\t<noscript><img decoding=\"async\" width=\"1134\" height=\"638\" data-skip-lazy src=\"https:\/\/www.design-award.cz\/wp-content\/uploads\/2022\/05\/Loznice_Ngyen-Hieu_low.jpg\" class=\"wp-image-1518\" alt=\"\" srcset=\"https:\/\/www.design-award.cz\/wp-content\/uploads\/2022\/05\/Loznice_Ngyen-Hieu_low.jpg 1134w, https:\/\/www.design-award.cz\/wp-content\/uploads\/2022\/05\/Loznice_Ngyen-Hieu_low-300x169.jpg 300w, https:\/\/www.design-award.cz\/wp-content\/uploads\/2022\/05\/Loznice_Ngyen-Hieu_low-1024x576.jpg 1024w, https:\/\/www.design-award.cz\/wp-content\/uploads\/2022\/05\/Loznice_Ngyen-Hieu_low-768x432.jpg 768w, https:\/\/www.design-award.cz\/wp-content\/uploads\/2022\/05\/Loznice_Ngyen-Hieu_low-500x281.jpg 500w, https:\/\/www.design-award.cz\/wp-content\/uploads\/2022\/05\/Loznice_Ngyen-Hieu_low-800x450.jpg 800w\" sizes=\"(max-width: 1134px) 100vw, 1134px\" \/><\/noscript><img decoding=\"async\" width=\"1134\" height=\"638\" src=\"https:\/\/www.design-award.cz\/wp-content\/uploads\/2022\/05\/Loznice_Ngyen-Hieu_low.jpg\" class=\"wp-image-1518 vp-lazyload\" alt srcset=\"data:image\/svg+xml;base64,PHN2ZyB3aWR0aD0iMTEzNCIgaGVpZ2h0PSI2MzgiIHZpZXdCb3g9IjAgMCAxMTM0IDYzOCIgZmlsbD0ibm9uZSIgeG1sbnM9Imh0dHA6Ly93d3cudzMub3JnLzIwMDAvc3ZnIj48L3N2Zz4=\" data-src=\"https:\/\/www.design-award.cz\/wp-content\/uploads\/2022\/05\/Loznice_Ngyen-Hieu_low.jpg\" data-srcset=\"https:\/\/www.design-award.cz\/wp-content\/uploads\/2022\/05\/Loznice_Ngyen-Hieu_low.jpg 1134w, https:\/\/www.design-award.cz\/wp-content\/uploads\/2022\/05\/Loznice_Ngyen-Hieu_low-300x169.jpg 300w, https:\/\/www.design-award.cz\/wp-content\/uploads\/2022\/05\/Loznice_Ngyen-Hieu_low-1024x576.jpg 1024w, https:\/\/www.design-award.cz\/wp-content\/uploads\/2022\/05\/Loznice_Ngyen-Hieu_low-768x432.jpg 768w, https:\/\/www.design-award.cz\/wp-content\/uploads\/2022\/05\/Loznice_Ngyen-Hieu_low-500x281.jpg 500w, https:\/\/www.design-award.cz\/wp-content\/uploads\/2022\/05\/Loznice_Ngyen-Hieu_low-800x450.jpg 800w\" data-sizes=\"auto\" loading=\"eager\">\n\t\t<\/a>\t<\/div>\n<\/div>\n\t<figcaption class=\"vp-portfolio__item-overlay vp-portfolio__item-overlay-text-align-center\">\n\t\t<div class=\"vp-portfolio__item-meta-wrap vp-portfolio__custom-scrollbar\">\n\t\t\t\t<a\n\t\thref=\"https:\/\/www.design-award.cz\/?portfolio=soukromy-interier-navrh-rodinneho-domu\"\n\t\ttabindex=\"-1\" class=\"vp-portfolio__item-meta\" \t>\n\t\n<h2 class=\"vp-portfolio__item-meta-title\">\n\tSoukrom\u00fd interi\u00e9r &#8211; N\u00e1vrh rodinn\u00e9ho domu<\/h2>\n<\/a>\t\t<\/div>\n\t<\/figcaption>\n\t\t\t<\/figure>\n\t\t\t\t\t<\/article>\n\t\t\n\t\t<article\t\tclass=\"vp-portfolio__item-wrap post-4327 portfolio type-portfolio status-publish format-standard has-post-thumbnail hentry entry has-media vp-portfolio__item-uid-67aacef9\" data-vp-filter=\"\" \t\t>\n\t\t\t\t\t\t\t\t\t<figure class=\"vp-portfolio__item\">\n\t\t\t\t\n<div class=\"vp-portfolio__item-img-wrap\">\n\t<div class=\"vp-portfolio__item-img\">\n\t\t\t<a\n\t\thref=\"https:\/\/www.design-award.cz\/?portfolio=produktovy-design-favonius-fen-do-verejneho-prostoru\"\n\t\t\t>\n\t\n\t\t<noscript><img decoding=\"async\" width=\"1387\" height=\"2176\" data-skip-lazy src=\"https:\/\/www.design-award.cz\/wp-content\/uploads\/2024\/07\/render.jpg\" class=\"wp-image-4359\" alt=\"\" srcset=\"https:\/\/www.design-award.cz\/wp-content\/uploads\/2024\/07\/render.jpg 1387w, https:\/\/www.design-award.cz\/wp-content\/uploads\/2024\/07\/render-191x300.jpg 191w, https:\/\/www.design-award.cz\/wp-content\/uploads\/2024\/07\/render-653x1024.jpg 653w, https:\/\/www.design-award.cz\/wp-content\/uploads\/2024\/07\/render-768x1205.jpg 768w, https:\/\/www.design-award.cz\/wp-content\/uploads\/2024\/07\/render-979x1536.jpg 979w, https:\/\/www.design-award.cz\/wp-content\/uploads\/2024\/07\/render-1305x2048.jpg 1305w, https:\/\/www.design-award.cz\/wp-content\/uploads\/2024\/07\/render-500x784.jpg 500w, https:\/\/www.design-award.cz\/wp-content\/uploads\/2024\/07\/render-800x1255.jpg 800w, https:\/\/www.design-award.cz\/wp-content\/uploads\/2024\/07\/render-1280x2008.jpg 1280w\" sizes=\"(max-width: 1387px) 100vw, 1387px\" \/><\/noscript><img decoding=\"async\" width=\"1387\" height=\"2176\" src=\"https:\/\/www.design-award.cz\/wp-content\/uploads\/2024\/07\/render.jpg\" class=\"wp-image-4359 vp-lazyload\" alt srcset=\"data:image\/svg+xml;base64,PHN2ZyB3aWR0aD0iMTM4NyIgaGVpZ2h0PSIyMTc2IiB2aWV3Qm94PSIwIDAgMTM4NyAyMTc2IiBmaWxsPSJub25lIiB4bWxucz0iaHR0cDovL3d3dy53My5vcmcvMjAwMC9zdmciPjwvc3ZnPg==\" data-src=\"https:\/\/www.design-award.cz\/wp-content\/uploads\/2024\/07\/render.jpg\" data-srcset=\"https:\/\/www.design-award.cz\/wp-content\/uploads\/2024\/07\/render.jpg 1387w, https:\/\/www.design-award.cz\/wp-content\/uploads\/2024\/07\/render-191x300.jpg 191w, https:\/\/www.design-award.cz\/wp-content\/uploads\/2024\/07\/render-653x1024.jpg 653w, https:\/\/www.design-award.cz\/wp-content\/uploads\/2024\/07\/render-768x1205.jpg 768w, https:\/\/www.design-award.cz\/wp-content\/uploads\/2024\/07\/render-979x1536.jpg 979w, https:\/\/www.design-award.cz\/wp-content\/uploads\/2024\/07\/render-1305x2048.jpg 1305w, https:\/\/www.design-award.cz\/wp-content\/uploads\/2024\/07\/render-500x784.jpg 500w, https:\/\/www.design-award.cz\/wp-content\/uploads\/2024\/07\/render-800x1255.jpg 800w, https:\/\/www.design-award.cz\/wp-content\/uploads\/2024\/07\/render-1280x2008.jpg 1280w\" data-sizes=\"auto\" loading=\"eager\">\n\t\t<\/a>\t<\/div>\n<\/div>\n\t<figcaption class=\"vp-portfolio__item-overlay vp-portfolio__item-overlay-text-align-center\">\n\t\t<div class=\"vp-portfolio__item-meta-wrap vp-portfolio__custom-scrollbar\">\n\t\t\t\t<a\n\t\thref=\"https:\/\/www.design-award.cz\/?portfolio=produktovy-design-favonius-fen-do-verejneho-prostoru\"\n\t\ttabindex=\"-1\" class=\"vp-portfolio__item-meta\" \t>\n\t\n<h2 class=\"vp-portfolio__item-meta-title\">\n\tProduktov\u00fd design &#8211; Favonius &#8211; f\u00e9n do ve\u0159ejn\u00e9ho prostoru<\/h2>\n<\/a>\t\t<\/div>\n\t<\/figcaption>\n\t\t\t<\/figure>\n\t\t\t\t\t<\/article>\n\t\t\n\t\t<article\t\tclass=\"vp-portfolio__item-wrap post-4326 portfolio type-portfolio status-publish format-standard has-post-thumbnail hentry entry has-media vp-portfolio__item-uid-10adfe6f\" data-vp-filter=\"\" \t\t>\n\t\t\t\t\t\t\t\t\t<figure class=\"vp-portfolio__item\">\n\t\t\t\t\n<div class=\"vp-portfolio__item-img-wrap\">\n\t<div class=\"vp-portfolio__item-img\">\n\t\t\t<a\n\t\thref=\"https:\/\/www.design-award.cz\/?portfolio=produktovy-design-resurrection-2\"\n\t\t\t>\n\t\n\t\t<noscript><img decoding=\"async\" width=\"1920\" height=\"1080\" data-skip-lazy src=\"https:\/\/www.design-award.cz\/wp-content\/uploads\/2024\/07\/1.jpg\" class=\"wp-image-4350\" alt=\"\" srcset=\"https:\/\/www.design-award.cz\/wp-content\/uploads\/2024\/07\/1.jpg 1920w, https:\/\/www.design-award.cz\/wp-content\/uploads\/2024\/07\/1-300x169.jpg 300w, https:\/\/www.design-award.cz\/wp-content\/uploads\/2024\/07\/1-1024x576.jpg 1024w, https:\/\/www.design-award.cz\/wp-content\/uploads\/2024\/07\/1-768x432.jpg 768w, https:\/\/www.design-award.cz\/wp-content\/uploads\/2024\/07\/1-1536x864.jpg 1536w, https:\/\/www.design-award.cz\/wp-content\/uploads\/2024\/07\/1-500x281.jpg 500w, https:\/\/www.design-award.cz\/wp-content\/uploads\/2024\/07\/1-800x450.jpg 800w, https:\/\/www.design-award.cz\/wp-content\/uploads\/2024\/07\/1-1280x720.jpg 1280w\" sizes=\"(max-width: 1920px) 100vw, 1920px\" \/><\/noscript><img decoding=\"async\" width=\"1920\" height=\"1080\" src=\"https:\/\/www.design-award.cz\/wp-content\/uploads\/2024\/07\/1.jpg\" class=\"wp-image-4350 vp-lazyload\" alt srcset=\"data:image\/svg+xml;base64,PHN2ZyB3aWR0aD0iMTkyMCIgaGVpZ2h0PSIxMDgwIiB2aWV3Qm94PSIwIDAgMTkyMCAxMDgwIiBmaWxsPSJub25lIiB4bWxucz0iaHR0cDovL3d3dy53My5vcmcvMjAwMC9zdmciPjwvc3ZnPg==\" data-src=\"https:\/\/www.design-award.cz\/wp-content\/uploads\/2024\/07\/1.jpg\" data-srcset=\"https:\/\/www.design-award.cz\/wp-content\/uploads\/2024\/07\/1.jpg 1920w, https:\/\/www.design-award.cz\/wp-content\/uploads\/2024\/07\/1-300x169.jpg 300w, https:\/\/www.design-award.cz\/wp-content\/uploads\/2024\/07\/1-1024x576.jpg 1024w, https:\/\/www.design-award.cz\/wp-content\/uploads\/2024\/07\/1-768x432.jpg 768w, https:\/\/www.design-award.cz\/wp-content\/uploads\/2024\/07\/1-1536x864.jpg 1536w, https:\/\/www.design-award.cz\/wp-content\/uploads\/2024\/07\/1-500x281.jpg 500w, https:\/\/www.design-award.cz\/wp-content\/uploads\/2024\/07\/1-800x450.jpg 800w, https:\/\/www.design-award.cz\/wp-content\/uploads\/2024\/07\/1-1280x720.jpg 1280w\" data-sizes=\"auto\" loading=\"eager\">\n\t\t<\/a>\t<\/div>\n<\/div>\n\t<figcaption class=\"vp-portfolio__item-overlay vp-portfolio__item-overlay-text-align-center\">\n\t\t<div class=\"vp-portfolio__item-meta-wrap vp-portfolio__custom-scrollbar\">\n\t\t\t\t<a\n\t\thref=\"https:\/\/www.design-award.cz\/?portfolio=produktovy-design-resurrection-2\"\n\t\ttabindex=\"-1\" class=\"vp-portfolio__item-meta\" \t>\n\t\n<h2 class=\"vp-portfolio__item-meta-title\">\n\tProduktov\u00fd design &#8211; Resurrection<\/h2>\n<\/a>\t\t<\/div>\n\t<\/figcaption>\n\t\t\t<\/figure>\n\t\t\t\t\t<\/article>\n\t\t\n\t\t<article\t\tclass=\"vp-portfolio__item-wrap post-1242 portfolio type-portfolio status-publish format-standard has-post-thumbnail hentry entry has-media vp-portfolio__item-uid-778607f5\" data-vp-filter=\"\" \t\t>\n\t\t\t\t\t\t\t\t\t<figure class=\"vp-portfolio__item\">\n\t\t\t\t\n<div class=\"vp-portfolio__item-img-wrap\">\n\t<div class=\"vp-portfolio__item-img\">\n\t\t\t<a\n\t\thref=\"https:\/\/www.design-award.cz\/?portfolio=soukromy-interier-navrh-mezonetoveho-bytu\"\n\t\t\t>\n\t\n\t\t<noscript><img decoding=\"async\" width=\"1737\" height=\"978\" data-skip-lazy src=\"https:\/\/www.design-award.cz\/wp-content\/uploads\/2022\/04\/kuchyn_.png\" class=\"wp-image-1243\" alt=\"\" srcset=\"https:\/\/www.design-award.cz\/wp-content\/uploads\/2022\/04\/kuchyn_.png 1737w, https:\/\/www.design-award.cz\/wp-content\/uploads\/2022\/04\/kuchyn_-300x169.png 300w, https:\/\/www.design-award.cz\/wp-content\/uploads\/2022\/04\/kuchyn_-1024x577.png 1024w, https:\/\/www.design-award.cz\/wp-content\/uploads\/2022\/04\/kuchyn_-768x432.png 768w, https:\/\/www.design-award.cz\/wp-content\/uploads\/2022\/04\/kuchyn_-1536x865.png 1536w, https:\/\/www.design-award.cz\/wp-content\/uploads\/2022\/04\/kuchyn_-500x282.png 500w, https:\/\/www.design-award.cz\/wp-content\/uploads\/2022\/04\/kuchyn_-800x450.png 800w, https:\/\/www.design-award.cz\/wp-content\/uploads\/2022\/04\/kuchyn_-1280x721.png 1280w\" sizes=\"(max-width: 1737px) 100vw, 1737px\" \/><\/noscript><img decoding=\"async\" width=\"1737\" height=\"978\" src=\"https:\/\/www.design-award.cz\/wp-content\/uploads\/2022\/04\/kuchyn_.png\" class=\"wp-image-1243 vp-lazyload\" alt srcset=\"data:image\/svg+xml;base64,PHN2ZyB3aWR0aD0iMTczNyIgaGVpZ2h0PSI5NzgiIHZpZXdCb3g9IjAgMCAxNzM3IDk3OCIgZmlsbD0ibm9uZSIgeG1sbnM9Imh0dHA6Ly93d3cudzMub3JnLzIwMDAvc3ZnIj48L3N2Zz4=\" data-src=\"https:\/\/www.design-award.cz\/wp-content\/uploads\/2022\/04\/kuchyn_.png\" data-srcset=\"https:\/\/www.design-award.cz\/wp-content\/uploads\/2022\/04\/kuchyn_.png 1737w, https:\/\/www.design-award.cz\/wp-content\/uploads\/2022\/04\/kuchyn_-300x169.png 300w, https:\/\/www.design-award.cz\/wp-content\/uploads\/2022\/04\/kuchyn_-1024x577.png 1024w, https:\/\/www.design-award.cz\/wp-content\/uploads\/2022\/04\/kuchyn_-768x432.png 768w, https:\/\/www.design-award.cz\/wp-content\/uploads\/2022\/04\/kuchyn_-1536x865.png 1536w, https:\/\/www.design-award.cz\/wp-content\/uploads\/2022\/04\/kuchyn_-500x282.png 500w, https:\/\/www.design-award.cz\/wp-content\/uploads\/2022\/04\/kuchyn_-800x450.png 800w, https:\/\/www.design-award.cz\/wp-content\/uploads\/2022\/04\/kuchyn_-1280x721.png 1280w\" data-sizes=\"auto\" loading=\"eager\">\n\t\t<\/a>\t<\/div>\n<\/div>\n\t<figcaption class=\"vp-portfolio__item-overlay vp-portfolio__item-overlay-text-align-center\">\n\t\t<div class=\"vp-portfolio__item-meta-wrap vp-portfolio__custom-scrollbar\">\n\t\t\t\t<a\n\t\thref=\"https:\/\/www.design-award.cz\/?portfolio=soukromy-interier-navrh-mezonetoveho-bytu\"\n\t\ttabindex=\"-1\" class=\"vp-portfolio__item-meta\" \t>\n\t\n<h2 class=\"vp-portfolio__item-meta-title\">\n\tSoukrom\u00fd interi\u00e9r &#8211; N\u00e1vrh mezonetov\u00e9ho bytu<\/h2>\n<\/a>\t\t<\/div>\n\t<\/figcaption>\n\t\t\t<\/figure>\n\t\t\t\t\t<\/article>\n\t\t\n\t\t<article\t\tclass=\"vp-portfolio__item-wrap post-3484 portfolio type-portfolio status-publish format-standard has-post-thumbnail hentry entry has-media vp-portfolio__item-uid-9cd459f5\" data-vp-filter=\"\" \t\t>\n\t\t\t\t\t\t\t\t\t<figure class=\"vp-portfolio__item\">\n\t\t\t\t\n<div class=\"vp-portfolio__item-img-wrap\">\n\t<div class=\"vp-portfolio__item-img\">\n\t\t\t<a\n\t\thref=\"https:\/\/www.design-award.cz\/?portfolio=verejny-interier-coffe-time\"\n\t\t\t>\n\t\n\t\t<noscript><img decoding=\"async\" width=\"848\" height=\"663\" data-skip-lazy src=\"https:\/\/www.design-award.cz\/wp-content\/uploads\/2024\/06\/D5_Image_20240412_210548-min.png\" class=\"wp-image-3490\" alt=\"\" srcset=\"https:\/\/www.design-award.cz\/wp-content\/uploads\/2024\/06\/D5_Image_20240412_210548-min.png 848w, https:\/\/www.design-award.cz\/wp-content\/uploads\/2024\/06\/D5_Image_20240412_210548-min-300x235.png 300w, https:\/\/www.design-award.cz\/wp-content\/uploads\/2024\/06\/D5_Image_20240412_210548-min-768x600.png 768w, https:\/\/www.design-award.cz\/wp-content\/uploads\/2024\/06\/D5_Image_20240412_210548-min-500x391.png 500w, https:\/\/www.design-award.cz\/wp-content\/uploads\/2024\/06\/D5_Image_20240412_210548-min-800x625.png 800w\" sizes=\"(max-width: 848px) 100vw, 848px\" \/><\/noscript><img decoding=\"async\" width=\"848\" height=\"663\" src=\"https:\/\/www.design-award.cz\/wp-content\/uploads\/2024\/06\/D5_Image_20240412_210548-min.png\" class=\"wp-image-3490 vp-lazyload\" alt srcset=\"data:image\/svg+xml;base64,PHN2ZyB3aWR0aD0iODQ4IiBoZWlnaHQ9IjY2MyIgdmlld0JveD0iMCAwIDg0OCA2NjMiIGZpbGw9Im5vbmUiIHhtbG5zPSJodHRwOi8vd3d3LnczLm9yZy8yMDAwL3N2ZyI+PC9zdmc+\" data-src=\"https:\/\/www.design-award.cz\/wp-content\/uploads\/2024\/06\/D5_Image_20240412_210548-min.png\" data-srcset=\"https:\/\/www.design-award.cz\/wp-content\/uploads\/2024\/06\/D5_Image_20240412_210548-min.png 848w, https:\/\/www.design-award.cz\/wp-content\/uploads\/2024\/06\/D5_Image_20240412_210548-min-300x235.png 300w, https:\/\/www.design-award.cz\/wp-content\/uploads\/2024\/06\/D5_Image_20240412_210548-min-768x600.png 768w, https:\/\/www.design-award.cz\/wp-content\/uploads\/2024\/06\/D5_Image_20240412_210548-min-500x391.png 500w, https:\/\/www.design-award.cz\/wp-content\/uploads\/2024\/06\/D5_Image_20240412_210548-min-800x625.png 800w\" data-sizes=\"auto\" loading=\"eager\">\n\t\t<\/a>\t<\/div>\n<\/div>\n\t<figcaption class=\"vp-portfolio__item-overlay vp-portfolio__item-overlay-text-align-center\">\n\t\t<div class=\"vp-portfolio__item-meta-wrap vp-portfolio__custom-scrollbar\">\n\t\t\t\t<a\n\t\thref=\"https:\/\/www.design-award.cz\/?portfolio=verejny-interier-coffe-time\"\n\t\ttabindex=\"-1\" class=\"vp-portfolio__item-meta\" \t>\n\t\n<h2 class=\"vp-portfolio__item-meta-title\">\n\tVe\u0159ejn\u00fd interi\u00e9r &#8211; Coffe time<\/h2>\n<\/a>\t\t<\/div>\n\t<\/figcaption>\n\t\t\t<\/figure>\n\t\t\t\t\t<\/article>\n\t\t\n\t\t<article\t\tclass=\"vp-portfolio__item-wrap post-3291 portfolio type-portfolio status-publish format-standard has-post-thumbnail hentry entry has-media vp-portfolio__item-uid-f128e089\" data-vp-filter=\"\" \t\t>\n\t\t\t\t\t\t\t\t\t<figure class=\"vp-portfolio__item\">\n\t\t\t\t\n<div class=\"vp-portfolio__item-img-wrap\">\n\t<div class=\"vp-portfolio__item-img\">\n\t\t\t<a\n\t\thref=\"https:\/\/www.design-award.cz\/?portfolio=verejny-interier-glight-vystavni-stanek\"\n\t\t\t>\n\t\n\t\t<noscript><img decoding=\"async\" width=\"1122\" height=\"839\" data-skip-lazy src=\"https:\/\/www.design-award.cz\/wp-content\/uploads\/2024\/05\/IMG_5693.jpg\" class=\"wp-image-3298\" alt=\"\" srcset=\"https:\/\/www.design-award.cz\/wp-content\/uploads\/2024\/05\/IMG_5693.jpg 1122w, https:\/\/www.design-award.cz\/wp-content\/uploads\/2024\/05\/IMG_5693-300x224.jpg 300w, https:\/\/www.design-award.cz\/wp-content\/uploads\/2024\/05\/IMG_5693-1024x766.jpg 1024w, https:\/\/www.design-award.cz\/wp-content\/uploads\/2024\/05\/IMG_5693-768x574.jpg 768w, https:\/\/www.design-award.cz\/wp-content\/uploads\/2024\/05\/IMG_5693-500x374.jpg 500w, https:\/\/www.design-award.cz\/wp-content\/uploads\/2024\/05\/IMG_5693-800x598.jpg 800w\" sizes=\"(max-width: 1122px) 100vw, 1122px\" \/><\/noscript><img decoding=\"async\" width=\"1122\" height=\"839\" src=\"https:\/\/www.design-award.cz\/wp-content\/uploads\/2024\/05\/IMG_5693.jpg\" class=\"wp-image-3298 vp-lazyload\" alt srcset=\"data:image\/svg+xml;base64,PHN2ZyB3aWR0aD0iMTEyMiIgaGVpZ2h0PSI4MzkiIHZpZXdCb3g9IjAgMCAxMTIyIDgzOSIgZmlsbD0ibm9uZSIgeG1sbnM9Imh0dHA6Ly93d3cudzMub3JnLzIwMDAvc3ZnIj48L3N2Zz4=\" data-src=\"https:\/\/www.design-award.cz\/wp-content\/uploads\/2024\/05\/IMG_5693.jpg\" data-srcset=\"https:\/\/www.design-award.cz\/wp-content\/uploads\/2024\/05\/IMG_5693.jpg 1122w, https:\/\/www.design-award.cz\/wp-content\/uploads\/2024\/05\/IMG_5693-300x224.jpg 300w, https:\/\/www.design-award.cz\/wp-content\/uploads\/2024\/05\/IMG_5693-1024x766.jpg 1024w, https:\/\/www.design-award.cz\/wp-content\/uploads\/2024\/05\/IMG_5693-768x574.jpg 768w, https:\/\/www.design-award.cz\/wp-content\/uploads\/2024\/05\/IMG_5693-500x374.jpg 500w, https:\/\/www.design-award.cz\/wp-content\/uploads\/2024\/05\/IMG_5693-800x598.jpg 800w\" data-sizes=\"auto\" loading=\"eager\">\n\t\t<\/a>\t<\/div>\n<\/div>\n\t<figcaption class=\"vp-portfolio__item-overlay vp-portfolio__item-overlay-text-align-center\">\n\t\t<div class=\"vp-portfolio__item-meta-wrap vp-portfolio__custom-scrollbar\">\n\t\t\t\t<a\n\t\thref=\"https:\/\/www.design-award.cz\/?portfolio=verejny-interier-glight-vystavni-stanek\"\n\t\ttabindex=\"-1\" class=\"vp-portfolio__item-meta\" \t>\n\t\n<h2 class=\"vp-portfolio__item-meta-title\">\n\tVe\u0159ejn\u00fd interi\u00e9r &#8211; GLIGHT &#8211; v\u00fdstavn\u00ed st\u00e1nek<\/h2>\n<\/a>\t\t<\/div>\n\t<\/figcaption>\n\t\t\t<\/figure>\n\t\t\t\t\t<\/article>\n\t\t\n\t\t<article\t\tclass=\"vp-portfolio__item-wrap post-413 portfolio type-portfolio status-publish format-standard has-post-thumbnail hentry portfolio_category-https-www-design-award-cz-page_id1603 portfolio_tag-9 entry has-media vp-portfolio__item-uid-3ddf179e\" data-vp-filter=\"https-www-design-award-cz-page_id1603\" \t\t>\n\t\t\t\t\t\t\t\t\t<figure class=\"vp-portfolio__item\">\n\t\t\t\t\n<div class=\"vp-portfolio__item-img-wrap\">\n\t<div class=\"vp-portfolio__item-img\">\n\t\t\t<a\n\t\thref=\"https:\/\/www.design-award.cz\/?portfolio=soukromy-interier-kuchyne-s-obyvaci-casti-2\"\n\t\t\t>\n\t\n\t\t<noscript><img decoding=\"async\" width=\"1920\" height=\"1080\" data-skip-lazy src=\"https:\/\/www.design-award.cz\/wp-content\/uploads\/2022\/02\/DI_render_13-1-1920x1080.jpg\" class=\"wp-image-416\" alt=\"\" srcset=\"https:\/\/www.design-award.cz\/wp-content\/uploads\/2022\/02\/DI_render_13-1-1920x1080.jpg 1920w, https:\/\/www.design-award.cz\/wp-content\/uploads\/2022\/02\/DI_render_13-1-300x169.jpg 300w, https:\/\/www.design-award.cz\/wp-content\/uploads\/2022\/02\/DI_render_13-1-1024x576.jpg 1024w, https:\/\/www.design-award.cz\/wp-content\/uploads\/2022\/02\/DI_render_13-1-768x432.jpg 768w, https:\/\/www.design-award.cz\/wp-content\/uploads\/2022\/02\/DI_render_13-1-1536x864.jpg 1536w, https:\/\/www.design-award.cz\/wp-content\/uploads\/2022\/02\/DI_render_13-1-2048x1152.jpg 2048w, https:\/\/www.design-award.cz\/wp-content\/uploads\/2022\/02\/DI_render_13-1-500x281.jpg 500w, https:\/\/www.design-award.cz\/wp-content\/uploads\/2022\/02\/DI_render_13-1-800x450.jpg 800w, https:\/\/www.design-award.cz\/wp-content\/uploads\/2022\/02\/DI_render_13-1-1280x720.jpg 1280w\" sizes=\"(max-width: 1920px) 100vw, 1920px\" \/><\/noscript><img decoding=\"async\" width=\"1920\" height=\"1080\" src=\"https:\/\/www.design-award.cz\/wp-content\/uploads\/2022\/02\/DI_render_13-1-1920x1080.jpg\" class=\"wp-image-416 vp-lazyload\" alt srcset=\"data:image\/svg+xml;base64,PHN2ZyB3aWR0aD0iMTkyMCIgaGVpZ2h0PSIxMDgwIiB2aWV3Qm94PSIwIDAgMTkyMCAxMDgwIiBmaWxsPSJub25lIiB4bWxucz0iaHR0cDovL3d3dy53My5vcmcvMjAwMC9zdmciPjwvc3ZnPg==\" data-src=\"https:\/\/www.design-award.cz\/wp-content\/uploads\/2022\/02\/DI_render_13-1-1920x1080.jpg\" data-srcset=\"https:\/\/www.design-award.cz\/wp-content\/uploads\/2022\/02\/DI_render_13-1-1920x1080.jpg 1920w, https:\/\/www.design-award.cz\/wp-content\/uploads\/2022\/02\/DI_render_13-1-300x169.jpg 300w, https:\/\/www.design-award.cz\/wp-content\/uploads\/2022\/02\/DI_render_13-1-1024x576.jpg 1024w, https:\/\/www.design-award.cz\/wp-content\/uploads\/2022\/02\/DI_render_13-1-768x432.jpg 768w, https:\/\/www.design-award.cz\/wp-content\/uploads\/2022\/02\/DI_render_13-1-1536x864.jpg 1536w, https:\/\/www.design-award.cz\/wp-content\/uploads\/2022\/02\/DI_render_13-1-2048x1152.jpg 2048w, https:\/\/www.design-award.cz\/wp-content\/uploads\/2022\/02\/DI_render_13-1-500x281.jpg 500w, https:\/\/www.design-award.cz\/wp-content\/uploads\/2022\/02\/DI_render_13-1-800x450.jpg 800w, https:\/\/www.design-award.cz\/wp-content\/uploads\/2022\/02\/DI_render_13-1-1280x720.jpg 1280w\" data-sizes=\"auto\" loading=\"eager\">\n\t\t<\/a>\t<\/div>\n<\/div>\n\t<figcaption class=\"vp-portfolio__item-overlay vp-portfolio__item-overlay-text-align-center\">\n\t\t<div class=\"vp-portfolio__item-meta-wrap vp-portfolio__custom-scrollbar\">\n\t\t\t\t<a\n\t\thref=\"https:\/\/www.design-award.cz\/?portfolio=soukromy-interier-kuchyne-s-obyvaci-casti-2\"\n\t\ttabindex=\"-1\" class=\"vp-portfolio__item-meta\" \t>\n\t\n<div class=\"vp-portfolio__item-meta-categories\">\n\t\t\t<div class=\"vp-portfolio__item-meta-category\">\n\t\t\t\t<span\t\t\t>\n\tArchiv 2022<\/span>\t\t<\/div>\n\t\t<\/div>\n\n<h2 class=\"vp-portfolio__item-meta-title\">\n\tSoukrom\u00fd interi\u00e9r \u2013 Kuchyn\u011b s ob\u00fdvac\u00ed \u010d\u00e1st\u00ed<\/h2>\n<\/a>\t\t<\/div>\n\t<\/figcaption>\n\t\t\t<\/figure>\n\t\t\t\t\t<\/article>\n\t\t\n<\/div>\n\n<div class=\"vp-portfolio__items-arrow vp-portfolio__items-arrow-prev\" tabindex=\"0\" role=\"button\" aria-label=\"Previous Slide\">\n\t\n<svg class=\"vp-svg-icon\" width=\"20\" height=\"20\" viewBox=\"0 0 20 20\" fill=\"none\" xmlns=\"http:\/\/www.w3.org\/2000\/svg\">\n\t<path d=\"M12 4L6 10L12 16\" stroke=\"currentColor\" stroke-width=\"1.5\" stroke-linecap=\"round\" stroke-linejoin=\"round\" fill=\"transparent\" \/>\n<\/svg>\n<\/div>\n<div class=\"vp-portfolio__items-arrow vp-portfolio__items-arrow-next\" tabindex=\"0\" role=\"button\" aria-label=\"Next Slide\">\n\t\n<svg class=\"vp-svg-icon\" width=\"20\" height=\"20\" viewBox=\"0 0 20 20\" fill=\"none\" xmlns=\"http:\/\/www.w3.org\/2000\/svg\">\n\t<path d=\"M8 4L14 10L8 16\" stroke=\"currentColor\" stroke-width=\"1.5\" stroke-linecap=\"round\" stroke-linejoin=\"round\" fill=\"transparent\" \/>\n<\/svg>\n<\/div>\n\t\t<\/div>\n\t\t\t\t<div class=\"vp-portfolio__layout-elements vp-portfolio__layout-elements-bottom vp-portfolio__layout-elements-align-center\">\n\t\t\t\t<div class=\"vp-portfolio__pagination-wrap\">\n\t\t\n<div class=\"vp-pagination vp-pagination__style-minimal\" data-vp-pagination-type=\"load-more\">\n\t<div class=\"vp-pagination__item\">\n\t\t<a class=\"vp-pagination__load-more\" href=\"https:\/\/www.design-award.cz\/index.php?rest_route=%2Fwp%2Fv2%2Fportfolio%2F953&#038;vp_page=2\">\n\t\t\t<span>Load More<\/span>\n\t\t\t<span class=\"vp-pagination__load-more-loading\"><span class=\"vp-spinner\"><\/span><span class=\"vp-screen-reader-text\"> Loading More&#8230;<\/span><\/span>\n\t\t\t<span class=\"vp-pagination__load-more-no-more\">You\u2019ve reached the end of the list<\/span>\n\t\t<\/a>\n\t<\/div>\n<\/div>\n\t\t<\/div>\n\t\t\t\t<\/div>\n\t\t\n<\/div>\n<\/div>","protected":false},"excerpt":{"rendered":"<p>Johana Behensk\u00e1 Michael \u2013 St\u0159edn\u00ed \u0161kola a Vy\u0161\u0161\u00ed odborn\u00e1 \u0161kola reklamn\u00ed a um\u011bleck\u00e9 tvorby \u00dakolem leto\u0161n\u00ed maturitn\u00ed pr\u00e1ce byl n\u00e1vrh rodinn\u00e9ho domu pro \u010dty\u0159\u010dlennou rodinu, kterou tvo\u0159\u00ed man\u017eelsk\u00fd p\u00e1r a dv\u011b d\u011bti, d\u00edvka ve v\u011bku 14 let a chlapec ve v\u011bku 8 let. Volba interi\u00e9rov\u00e9ho a architektonick\u00e9ho stylu byla zcela na n\u00e1s. Dostali jsme pouze [&hellip;]<\/p>\n","protected":false},"author":1,"featured_media":954,"menu_order":0,"comment_status":"closed","ping_status":"closed","template":"","format":"standard","meta":{"ngg_post_thumbnail":0,"ocean_post_layout":"","ocean_both_sidebars_style":"","ocean_both_sidebars_content_width":0,"ocean_both_sidebars_sidebars_width":0,"ocean_sidebar":"","ocean_second_sidebar":"","ocean_disable_margins":"enable","ocean_add_body_class":"","ocean_shortcode_before_top_bar":"","ocean_shortcode_after_top_bar":"","ocean_shortcode_before_header":"","ocean_shortcode_after_header":"","ocean_has_shortcode":"","ocean_shortcode_after_title":"","ocean_shortcode_before_footer_widgets":"","ocean_shortcode_after_footer_widgets":"","ocean_shortcode_before_footer_bottom":"","ocean_shortcode_after_footer_bottom":"","ocean_display_top_bar":"default","ocean_display_header":"default","ocean_header_style":"","ocean_center_header_left_menu":"","ocean_custom_header_template":"","ocean_custom_logo":0,"ocean_custom_retina_logo":0,"ocean_custom_logo_max_width":0,"ocean_custom_logo_tablet_max_width":0,"ocean_custom_logo_mobile_max_width":0,"ocean_custom_logo_max_height":0,"ocean_custom_logo_tablet_max_height":0,"ocean_custom_logo_mobile_max_height":0,"ocean_header_custom_menu":"","ocean_menu_typo_font_family":"","ocean_menu_typo_font_subset":"","ocean_menu_typo_font_size":0,"ocean_menu_typo_font_size_tablet":0,"ocean_menu_typo_font_size_mobile":0,"ocean_menu_typo_font_size_unit":"px","ocean_menu_typo_font_weight":"","ocean_menu_typo_font_weight_tablet":"","ocean_menu_typo_font_weight_mobile":"","ocean_menu_typo_transform":"","ocean_menu_typo_transform_tablet":"","ocean_menu_typo_transform_mobile":"","ocean_menu_typo_line_height":0,"ocean_menu_typo_line_height_tablet":0,"ocean_menu_typo_line_height_mobile":0,"ocean_menu_typo_line_height_unit":"","ocean_menu_typo_spacing":0,"ocean_menu_typo_spacing_tablet":0,"ocean_menu_typo_spacing_mobile":0,"ocean_menu_typo_spacing_unit":"","ocean_menu_link_color":"","ocean_menu_link_color_hover":"","ocean_menu_link_color_active":"","ocean_menu_link_background":"","ocean_menu_link_hover_background":"","ocean_menu_link_active_background":"","ocean_menu_social_links_bg":"","ocean_menu_social_hover_links_bg":"","ocean_menu_social_links_color":"","ocean_menu_social_hover_links_color":"","ocean_disable_title":"default","ocean_disable_heading":"default","ocean_post_title":"","ocean_post_subheading":"","ocean_post_title_style":"","ocean_post_title_background_color":"","ocean_post_title_background":0,"ocean_post_title_bg_image_position":"","ocean_post_title_bg_image_attachment":"","ocean_post_title_bg_image_repeat":"","ocean_post_title_bg_image_size":"","ocean_post_title_height":0,"ocean_post_title_bg_overlay":0.5,"ocean_post_title_bg_overlay_color":"","ocean_disable_breadcrumbs":"default","ocean_breadcrumbs_color":"","ocean_breadcrumbs_separator_color":"","ocean_breadcrumbs_links_color":"","ocean_breadcrumbs_links_hover_color":"","ocean_display_footer_widgets":"default","ocean_display_footer_bottom":"default","ocean_custom_footer_template":"","_vp_format_video_url":"","_vp_image_focal_point":[],"footnotes":""},"portfolio_category":[],"portfolio_tag":[],"class_list":["post-953","portfolio","type-portfolio","status-publish","format-standard","has-post-thumbnail","hentry","entry","has-media"],"yoast_head":"<!-- This site is optimized with the Yoast SEO plugin v25.2 - https:\/\/yoast.com\/wordpress\/plugins\/seo\/ -->\n<title>Soukrom\u00fd interi\u00e9r - N\u00e1vrh rodinn\u00e9ho domu - design-award.cz<\/title>\n<meta name=\"robots\" content=\"index, follow, max-snippet:-1, max-image-preview:large, max-video-preview:-1\" \/>\n<link rel=\"canonical\" href=\"https:\/\/www.design-award.cz\/?portfolio=soukromy-interier-navrh-rodinneho-domu-4\" \/>\n<meta property=\"og:locale\" content=\"cs_CZ\" \/>\n<meta property=\"og:type\" content=\"article\" \/>\n<meta property=\"og:title\" content=\"Soukrom\u00fd interi\u00e9r - N\u00e1vrh rodinn\u00e9ho domu - design-award.cz\" \/>\n<meta property=\"og:description\" content=\"Johana Behensk\u00e1 Michael \u2013 St\u0159edn\u00ed \u0161kola a Vy\u0161\u0161\u00ed odborn\u00e1 \u0161kola reklamn\u00ed a um\u011bleck\u00e9 tvorby \u00dakolem leto\u0161n\u00ed maturitn\u00ed pr\u00e1ce byl n\u00e1vrh rodinn\u00e9ho domu pro \u010dty\u0159\u010dlennou rodinu, kterou tvo\u0159\u00ed man\u017eelsk\u00fd p\u00e1r a dv\u011b d\u011bti, d\u00edvka ve v\u011bku 14 let a chlapec ve v\u011bku 8 let. Volba interi\u00e9rov\u00e9ho a architektonick\u00e9ho stylu byla zcela na n\u00e1s. Dostali jsme pouze [&hellip;]\" \/>\n<meta property=\"og:url\" content=\"https:\/\/www.design-award.cz\/?portfolio=soukromy-interier-navrh-rodinneho-domu-4\" \/>\n<meta property=\"og:site_name\" content=\"design-award.cz\" \/>\n<meta property=\"article:modified_time\" content=\"2022-04-28T16:23:08+00:00\" \/>\n<meta property=\"og:image\" content=\"http:\/\/www.design-award.cz\/wp-content\/uploads\/2022\/04\/kuchyn-1_J.Behenska.jpg\" \/>\n\t<meta property=\"og:image:width\" content=\"1980\" \/>\n\t<meta property=\"og:image:height\" content=\"1114\" \/>\n\t<meta property=\"og:image:type\" content=\"image\/jpeg\" \/>\n<meta name=\"twitter:card\" content=\"summary_large_image\" \/>\n<meta name=\"twitter:label1\" content=\"Odhadovan\u00e1 doba \u010dten\u00ed\" \/>\n\t<meta name=\"twitter:data1\" content=\"2 minuty\" \/>\n<script type=\"application\/ld+json\" class=\"yoast-schema-graph\">{\"@context\":\"https:\/\/schema.org\",\"@graph\":[{\"@type\":\"WebPage\",\"@id\":\"https:\/\/www.design-award.cz\/?portfolio=soukromy-interier-navrh-rodinneho-domu-4\",\"url\":\"https:\/\/www.design-award.cz\/?portfolio=soukromy-interier-navrh-rodinneho-domu-4\",\"name\":\"Soukrom\u00fd interi\u00e9r - N\u00e1vrh rodinn\u00e9ho domu - design-award.cz\",\"isPartOf\":{\"@id\":\"https:\/\/www.design-award.cz\/#website\"},\"primaryImageOfPage\":{\"@id\":\"https:\/\/www.design-award.cz\/?portfolio=soukromy-interier-navrh-rodinneho-domu-4#primaryimage\"},\"image\":{\"@id\":\"https:\/\/www.design-award.cz\/?portfolio=soukromy-interier-navrh-rodinneho-domu-4#primaryimage\"},\"thumbnailUrl\":\"https:\/\/www.design-award.cz\/wp-content\/uploads\/2022\/04\/kuchyn-1_J.Behenska.jpg\",\"datePublished\":\"2022-04-28T16:20:02+00:00\",\"dateModified\":\"2022-04-28T16:23:08+00:00\",\"breadcrumb\":{\"@id\":\"https:\/\/www.design-award.cz\/?portfolio=soukromy-interier-navrh-rodinneho-domu-4#breadcrumb\"},\"inLanguage\":\"cs\",\"potentialAction\":[{\"@type\":\"ReadAction\",\"target\":[\"https:\/\/www.design-award.cz\/?portfolio=soukromy-interier-navrh-rodinneho-domu-4\"]}]},{\"@type\":\"ImageObject\",\"inLanguage\":\"cs\",\"@id\":\"https:\/\/www.design-award.cz\/?portfolio=soukromy-interier-navrh-rodinneho-domu-4#primaryimage\",\"url\":\"https:\/\/www.design-award.cz\/wp-content\/uploads\/2022\/04\/kuchyn-1_J.Behenska.jpg\",\"contentUrl\":\"https:\/\/www.design-award.cz\/wp-content\/uploads\/2022\/04\/kuchyn-1_J.Behenska.jpg\",\"width\":1980,\"height\":1114},{\"@type\":\"BreadcrumbList\",\"@id\":\"https:\/\/www.design-award.cz\/?portfolio=soukromy-interier-navrh-rodinneho-domu-4#breadcrumb\",\"itemListElement\":[{\"@type\":\"ListItem\",\"position\":1,\"name\":\"Dom\u016f\",\"item\":\"https:\/\/www.design-award.cz\/\"},{\"@type\":\"ListItem\",\"position\":2,\"name\":\"Portfolio Items\",\"item\":\"https:\/\/www.design-award.cz\/?post_type=portfolio\"},{\"@type\":\"ListItem\",\"position\":3,\"name\":\"Soukrom\u00fd interi\u00e9r &#8211; N\u00e1vrh rodinn\u00e9ho domu\"}]},{\"@type\":\"WebSite\",\"@id\":\"https:\/\/www.design-award.cz\/#website\",\"url\":\"https:\/\/www.design-award.cz\/\",\"name\":\"design-award.cz\",\"description\":\"WARD vznikla v roce 2022. Je ur\u010dena p\u0159edev\u0161\u00edm student\u016fm st\u0159edn\u00edch um\u011bleck\u00fdch \u0161kol (S\u0160 a VO\u0160), kte\u0159\u00ed mohou bezplatn\u011b zaslat sv\u00e9 n\u00e1vrhy v uveden\u00fdch kategori\u00ed a tak pom\u011b\u0159it sv\u00e9 n\u00e1pady s konkurenc\u00ed sv\u00fdch vrstevn\u00edk\u016f. N\u00e1vrhy jsou n\u00e1sledn\u011b posouzeny nez\u00e1vislou porotou z \u0159ad v\u00fdtvarn\u00edk\u016f, pedagog\u016f a profesion\u00e1l\u016f z oboru.\",\"publisher\":{\"@id\":\"https:\/\/www.design-award.cz\/#organization\"},\"potentialAction\":[{\"@type\":\"SearchAction\",\"target\":{\"@type\":\"EntryPoint\",\"urlTemplate\":\"https:\/\/www.design-award.cz\/?s={search_term_string}\"},\"query-input\":{\"@type\":\"PropertyValueSpecification\",\"valueRequired\":true,\"valueName\":\"search_term_string\"}}],\"inLanguage\":\"cs\"},{\"@type\":\"Organization\",\"@id\":\"https:\/\/www.design-award.cz\/#organization\",\"name\":\"Design Award\",\"url\":\"https:\/\/www.design-award.cz\/\",\"logo\":{\"@type\":\"ImageObject\",\"inLanguage\":\"cs\",\"@id\":\"https:\/\/www.design-award.cz\/#\/schema\/logo\/image\/\",\"url\":\"http:\/\/www.design-award.cz\/wp-content\/uploads\/2021\/12\/hornilogo_design-award.png\",\"contentUrl\":\"http:\/\/www.design-award.cz\/wp-content\/uploads\/2021\/12\/hornilogo_design-award.png\",\"width\":800,\"height\":600,\"caption\":\"Design Award\"},\"image\":{\"@id\":\"https:\/\/www.design-award.cz\/#\/schema\/logo\/image\/\"},\"sameAs\":[\"https:\/\/www.instagram.com\/design_award\/\"]}]}<\/script>\n<!-- \/ Yoast SEO plugin. -->","yoast_head_json":{"title":"Soukrom\u00fd interi\u00e9r - N\u00e1vrh rodinn\u00e9ho domu - design-award.cz","robots":{"index":"index","follow":"follow","max-snippet":"max-snippet:-1","max-image-preview":"max-image-preview:large","max-video-preview":"max-video-preview:-1"},"canonical":"https:\/\/www.design-award.cz\/?portfolio=soukromy-interier-navrh-rodinneho-domu-4","og_locale":"cs_CZ","og_type":"article","og_title":"Soukrom\u00fd interi\u00e9r - N\u00e1vrh rodinn\u00e9ho domu - design-award.cz","og_description":"Johana Behensk\u00e1 Michael \u2013 St\u0159edn\u00ed \u0161kola a Vy\u0161\u0161\u00ed odborn\u00e1 \u0161kola reklamn\u00ed a um\u011bleck\u00e9 tvorby \u00dakolem leto\u0161n\u00ed maturitn\u00ed pr\u00e1ce byl n\u00e1vrh rodinn\u00e9ho domu pro \u010dty\u0159\u010dlennou rodinu, kterou tvo\u0159\u00ed man\u017eelsk\u00fd p\u00e1r a dv\u011b d\u011bti, d\u00edvka ve v\u011bku 14 let a chlapec ve v\u011bku 8 let. Volba interi\u00e9rov\u00e9ho a architektonick\u00e9ho stylu byla zcela na n\u00e1s. Dostali jsme pouze [&hellip;]","og_url":"https:\/\/www.design-award.cz\/?portfolio=soukromy-interier-navrh-rodinneho-domu-4","og_site_name":"design-award.cz","article_modified_time":"2022-04-28T16:23:08+00:00","og_image":[{"width":1980,"height":1114,"url":"http:\/\/www.design-award.cz\/wp-content\/uploads\/2022\/04\/kuchyn-1_J.Behenska.jpg","type":"image\/jpeg"}],"twitter_card":"summary_large_image","twitter_misc":{"Odhadovan\u00e1 doba \u010dten\u00ed":"2 minuty"},"schema":{"@context":"https:\/\/schema.org","@graph":[{"@type":"WebPage","@id":"https:\/\/www.design-award.cz\/?portfolio=soukromy-interier-navrh-rodinneho-domu-4","url":"https:\/\/www.design-award.cz\/?portfolio=soukromy-interier-navrh-rodinneho-domu-4","name":"Soukrom\u00fd interi\u00e9r - N\u00e1vrh rodinn\u00e9ho domu - design-award.cz","isPartOf":{"@id":"https:\/\/www.design-award.cz\/#website"},"primaryImageOfPage":{"@id":"https:\/\/www.design-award.cz\/?portfolio=soukromy-interier-navrh-rodinneho-domu-4#primaryimage"},"image":{"@id":"https:\/\/www.design-award.cz\/?portfolio=soukromy-interier-navrh-rodinneho-domu-4#primaryimage"},"thumbnailUrl":"https:\/\/www.design-award.cz\/wp-content\/uploads\/2022\/04\/kuchyn-1_J.Behenska.jpg","datePublished":"2022-04-28T16:20:02+00:00","dateModified":"2022-04-28T16:23:08+00:00","breadcrumb":{"@id":"https:\/\/www.design-award.cz\/?portfolio=soukromy-interier-navrh-rodinneho-domu-4#breadcrumb"},"inLanguage":"cs","potentialAction":[{"@type":"ReadAction","target":["https:\/\/www.design-award.cz\/?portfolio=soukromy-interier-navrh-rodinneho-domu-4"]}]},{"@type":"ImageObject","inLanguage":"cs","@id":"https:\/\/www.design-award.cz\/?portfolio=soukromy-interier-navrh-rodinneho-domu-4#primaryimage","url":"https:\/\/www.design-award.cz\/wp-content\/uploads\/2022\/04\/kuchyn-1_J.Behenska.jpg","contentUrl":"https:\/\/www.design-award.cz\/wp-content\/uploads\/2022\/04\/kuchyn-1_J.Behenska.jpg","width":1980,"height":1114},{"@type":"BreadcrumbList","@id":"https:\/\/www.design-award.cz\/?portfolio=soukromy-interier-navrh-rodinneho-domu-4#breadcrumb","itemListElement":[{"@type":"ListItem","position":1,"name":"Dom\u016f","item":"https:\/\/www.design-award.cz\/"},{"@type":"ListItem","position":2,"name":"Portfolio Items","item":"https:\/\/www.design-award.cz\/?post_type=portfolio"},{"@type":"ListItem","position":3,"name":"Soukrom\u00fd interi\u00e9r &#8211; N\u00e1vrh rodinn\u00e9ho domu"}]},{"@type":"WebSite","@id":"https:\/\/www.design-award.cz\/#website","url":"https:\/\/www.design-award.cz\/","name":"design-award.cz","description":"WARD vznikla v roce 2022. Je ur\u010dena p\u0159edev\u0161\u00edm student\u016fm st\u0159edn\u00edch um\u011bleck\u00fdch \u0161kol (S\u0160 a VO\u0160), kte\u0159\u00ed mohou bezplatn\u011b zaslat sv\u00e9 n\u00e1vrhy v uveden\u00fdch kategori\u00ed a tak pom\u011b\u0159it sv\u00e9 n\u00e1pady s konkurenc\u00ed sv\u00fdch vrstevn\u00edk\u016f. N\u00e1vrhy jsou n\u00e1sledn\u011b posouzeny nez\u00e1vislou porotou z \u0159ad v\u00fdtvarn\u00edk\u016f, pedagog\u016f a profesion\u00e1l\u016f z oboru.","publisher":{"@id":"https:\/\/www.design-award.cz\/#organization"},"potentialAction":[{"@type":"SearchAction","target":{"@type":"EntryPoint","urlTemplate":"https:\/\/www.design-award.cz\/?s={search_term_string}"},"query-input":{"@type":"PropertyValueSpecification","valueRequired":true,"valueName":"search_term_string"}}],"inLanguage":"cs"},{"@type":"Organization","@id":"https:\/\/www.design-award.cz\/#organization","name":"Design Award","url":"https:\/\/www.design-award.cz\/","logo":{"@type":"ImageObject","inLanguage":"cs","@id":"https:\/\/www.design-award.cz\/#\/schema\/logo\/image\/","url":"http:\/\/www.design-award.cz\/wp-content\/uploads\/2021\/12\/hornilogo_design-award.png","contentUrl":"http:\/\/www.design-award.cz\/wp-content\/uploads\/2021\/12\/hornilogo_design-award.png","width":800,"height":600,"caption":"Design Award"},"image":{"@id":"https:\/\/www.design-award.cz\/#\/schema\/logo\/image\/"},"sameAs":["https:\/\/www.instagram.com\/design_award\/"]}]}},"_links":{"self":[{"href":"https:\/\/www.design-award.cz\/index.php?rest_route=\/wp\/v2\/portfolio\/953","targetHints":{"allow":["GET"]}}],"collection":[{"href":"https:\/\/www.design-award.cz\/index.php?rest_route=\/wp\/v2\/portfolio"}],"about":[{"href":"https:\/\/www.design-award.cz\/index.php?rest_route=\/wp\/v2\/types\/portfolio"}],"author":[{"embeddable":true,"href":"https:\/\/www.design-award.cz\/index.php?rest_route=\/wp\/v2\/users\/1"}],"replies":[{"embeddable":true,"href":"https:\/\/www.design-award.cz\/index.php?rest_route=%2Fwp%2Fv2%2Fcomments&post=953"}],"version-history":[{"count":2,"href":"https:\/\/www.design-award.cz\/index.php?rest_route=\/wp\/v2\/portfolio\/953\/revisions"}],"predecessor-version":[{"id":962,"href":"https:\/\/www.design-award.cz\/index.php?rest_route=\/wp\/v2\/portfolio\/953\/revisions\/962"}],"wp:featuredmedia":[{"embeddable":true,"href":"https:\/\/www.design-award.cz\/index.php?rest_route=\/wp\/v2\/media\/954"}],"wp:attachment":[{"href":"https:\/\/www.design-award.cz\/index.php?rest_route=%2Fwp%2Fv2%2Fmedia&parent=953"}],"wp:term":[{"taxonomy":"portfolio_category","embeddable":true,"href":"https:\/\/www.design-award.cz\/index.php?rest_route=%2Fwp%2Fv2%2Fportfolio_category&post=953"},{"taxonomy":"portfolio_tag","embeddable":true,"href":"https:\/\/www.design-award.cz\/index.php?rest_route=%2Fwp%2Fv2%2Fportfolio_tag&post=953"}],"curies":[{"name":"wp","href":"https:\/\/api.w.org\/{rel}","templated":true}]}}