{"id":953,"date":"2022-04-28T16:20:02","date_gmt":"2022-04-28T16:20:02","guid":{"rendered":"https:\/\/www.design-award.cz\/?post_type=portfolio&#038;p=953"},"modified":"2022-04-28T16:23:08","modified_gmt":"2022-04-28T16:23:08","slug":"soukromy-interier-navrh-rodinneho-domu-4","status":"publish","type":"portfolio","link":"https:\/\/www.design-award.cz\/?portfolio=soukromy-interier-navrh-rodinneho-domu-4","title":{"rendered":"Soukrom\u00fd interi\u00e9r &#8211; N\u00e1vrh rodinn\u00e9ho domu"},"content":{"rendered":"\n<h2 class=\"wp-block-heading\">Johana Behensk\u00e1<\/h2>\n\n\n\n<p><strong>Michael \u2013 St\u0159edn\u00ed \u0161kola a Vy\u0161\u0161\u00ed odborn\u00e1 \u0161kola reklamn\u00ed a um\u011bleck\u00e9 tvorby<\/strong><\/p>\n\n\n\n<p>\u00dakolem leto\u0161n\u00ed maturitn\u00ed pr\u00e1ce byl n\u00e1vrh rodinn\u00e9ho domu pro \u010dty\u0159\u010dlennou rodinu, kterou tvo\u0159\u00ed man\u017eelsk\u00fd p\u00e1r a dv\u011b d\u011bti, d\u00edvka ve v\u011bku 14 let a chlapec ve v\u011bku 8 let. Volba interi\u00e9rov\u00e9ho a architektonick\u00e9ho stylu byla zcela na n\u00e1s. Dostali jsme pouze prostorov\u00e9 omezen\u00ed zastav\u011bn\u00e9 plochy o maxim\u00e1ln\u00ed velikosti do 150 m2.<br>My\u0161lenka<br>Mou my\u0161lenkou bylo navrhnout modern\u00ed d\u016fm a interi\u00e9r s velk\u00fdmi francouzsk\u00fdmi okny, aby prostor provzdu\u0161nily a rozsv\u00edtily. Z\u00e1rove\u0148 jsem ale cht\u011bla, aby d\u016fm p\u016fsobil \u00fatuln\u011b. Proto jsem nap\u0159\u00edklad do spole\u010dn\u00e9ho prostoru doprost\u0159ed um\u00edstila krb, kter\u00fd navozuje pocit tepla a pohody. D\u016fm bych um\u00edstila na okraji m\u011bsta.<\/p>\n\n\n\n<figure class=\"wp-block-image size-large\"><img decoding=\"async\" width=\"1024\" height=\"576\" data-src=\"http:\/\/www.design-award.cz\/wp-content\/uploads\/2022\/04\/loznice-vetsi-kvalita-renderu_J.Behenska-1024x576.jpg\" alt=\"\" class=\"wp-image-955 lazyload\" data-srcset=\"https:\/\/www.design-award.cz\/wp-content\/uploads\/2022\/04\/loznice-vetsi-kvalita-renderu_J.Behenska-1024x576.jpg 1024w, https:\/\/www.design-award.cz\/wp-content\/uploads\/2022\/04\/loznice-vetsi-kvalita-renderu_J.Behenska-300x169.jpg 300w, https:\/\/www.design-award.cz\/wp-content\/uploads\/2022\/04\/loznice-vetsi-kvalita-renderu_J.Behenska-768x432.jpg 768w, https:\/\/www.design-award.cz\/wp-content\/uploads\/2022\/04\/loznice-vetsi-kvalita-renderu_J.Behenska-1536x864.jpg 1536w, https:\/\/www.design-award.cz\/wp-content\/uploads\/2022\/04\/loznice-vetsi-kvalita-renderu_J.Behenska-500x281.jpg 500w, https:\/\/www.design-award.cz\/wp-content\/uploads\/2022\/04\/loznice-vetsi-kvalita-renderu_J.Behenska-800x450.jpg 800w, https:\/\/www.design-award.cz\/wp-content\/uploads\/2022\/04\/loznice-vetsi-kvalita-renderu_J.Behenska-1280x720.jpg 1280w, https:\/\/www.design-award.cz\/wp-content\/uploads\/2022\/04\/loznice-vetsi-kvalita-renderu_J.Behenska-1920x1080.jpg 1920w, https:\/\/www.design-award.cz\/wp-content\/uploads\/2022\/04\/loznice-vetsi-kvalita-renderu_J.Behenska.jpg 1980w\" data-sizes=\"(max-width: 1024px) 100vw, 1024px\" src=\"data:image\/svg+xml;base64,PHN2ZyB3aWR0aD0iMSIgaGVpZ2h0PSIxIiB4bWxucz0iaHR0cDovL3d3dy53My5vcmcvMjAwMC9zdmciPjwvc3ZnPg==\" style=\"--smush-placeholder-width: 1024px; --smush-placeholder-aspect-ratio: 1024\/576;\" \/><\/figure>\n\n\n\n<figure class=\"wp-block-image size-large\"><img decoding=\"async\" width=\"1024\" height=\"576\" data-src=\"http:\/\/www.design-award.cz\/wp-content\/uploads\/2022\/04\/obyvak-1_J.Behenska-1024x576.png\" alt=\"\" class=\"wp-image-956 lazyload\" data-srcset=\"https:\/\/www.design-award.cz\/wp-content\/uploads\/2022\/04\/obyvak-1_J.Behenska-1024x576.png 1024w, https:\/\/www.design-award.cz\/wp-content\/uploads\/2022\/04\/obyvak-1_J.Behenska-300x169.png 300w, https:\/\/www.design-award.cz\/wp-content\/uploads\/2022\/04\/obyvak-1_J.Behenska-768x432.png 768w, https:\/\/www.design-award.cz\/wp-content\/uploads\/2022\/04\/obyvak-1_J.Behenska-1536x864.png 1536w, https:\/\/www.design-award.cz\/wp-content\/uploads\/2022\/04\/obyvak-1_J.Behenska-500x281.png 500w, https:\/\/www.design-award.cz\/wp-content\/uploads\/2022\/04\/obyvak-1_J.Behenska-800x450.png 800w, https:\/\/www.design-award.cz\/wp-content\/uploads\/2022\/04\/obyvak-1_J.Behenska-1280x720.png 1280w, https:\/\/www.design-award.cz\/wp-content\/uploads\/2022\/04\/obyvak-1_J.Behenska-1920x1080.png 1920w, https:\/\/www.design-award.cz\/wp-content\/uploads\/2022\/04\/obyvak-1_J.Behenska.png 1980w\" data-sizes=\"(max-width: 1024px) 100vw, 1024px\" src=\"data:image\/svg+xml;base64,PHN2ZyB3aWR0aD0iMSIgaGVpZ2h0PSIxIiB4bWxucz0iaHR0cDovL3d3dy53My5vcmcvMjAwMC9zdmciPjwvc3ZnPg==\" style=\"--smush-placeholder-width: 1024px; --smush-placeholder-aspect-ratio: 1024\/576;\" \/><\/figure>\n\n\n\n<figure class=\"wp-block-image size-large\"><img decoding=\"async\" width=\"1024\" height=\"576\" data-src=\"http:\/\/www.design-award.cz\/wp-content\/uploads\/2022\/04\/obyvak-novyJ.Behenska-1024x576.jpg\" alt=\"\" class=\"wp-image-957 lazyload\" data-srcset=\"https:\/\/www.design-award.cz\/wp-content\/uploads\/2022\/04\/obyvak-novyJ.Behenska-1024x576.jpg 1024w, https:\/\/www.design-award.cz\/wp-content\/uploads\/2022\/04\/obyvak-novyJ.Behenska-300x169.jpg 300w, https:\/\/www.design-award.cz\/wp-content\/uploads\/2022\/04\/obyvak-novyJ.Behenska-768x432.jpg 768w, https:\/\/www.design-award.cz\/wp-content\/uploads\/2022\/04\/obyvak-novyJ.Behenska-1536x864.jpg 1536w, https:\/\/www.design-award.cz\/wp-content\/uploads\/2022\/04\/obyvak-novyJ.Behenska-500x281.jpg 500w, https:\/\/www.design-award.cz\/wp-content\/uploads\/2022\/04\/obyvak-novyJ.Behenska-800x450.jpg 800w, https:\/\/www.design-award.cz\/wp-content\/uploads\/2022\/04\/obyvak-novyJ.Behenska-1280x720.jpg 1280w, https:\/\/www.design-award.cz\/wp-content\/uploads\/2022\/04\/obyvak-novyJ.Behenska-1920x1080.jpg 1920w, https:\/\/www.design-award.cz\/wp-content\/uploads\/2022\/04\/obyvak-novyJ.Behenska.jpg 1980w\" data-sizes=\"(max-width: 1024px) 100vw, 1024px\" src=\"data:image\/svg+xml;base64,PHN2ZyB3aWR0aD0iMSIgaGVpZ2h0PSIxIiB4bWxucz0iaHR0cDovL3d3dy53My5vcmcvMjAwMC9zdmciPjwvc3ZnPg==\" style=\"--smush-placeholder-width: 1024px; --smush-placeholder-aspect-ratio: 1024\/576;\" \/><\/figure>\n\n\n\n<figure class=\"wp-block-image size-large\"><img decoding=\"async\" width=\"1024\" height=\"576\" data-src=\"http:\/\/www.design-award.cz\/wp-content\/uploads\/2022\/04\/pokoj-holka-3-pohled-leps.-kval.-renderu_J.Behenska-1024x576.jpg\" alt=\"\" class=\"wp-image-958 lazyload\" data-srcset=\"https:\/\/www.design-award.cz\/wp-content\/uploads\/2022\/04\/pokoj-holka-3-pohled-leps.-kval.-renderu_J.Behenska-1024x576.jpg 1024w, https:\/\/www.design-award.cz\/wp-content\/uploads\/2022\/04\/pokoj-holka-3-pohled-leps.-kval.-renderu_J.Behenska-300x169.jpg 300w, https:\/\/www.design-award.cz\/wp-content\/uploads\/2022\/04\/pokoj-holka-3-pohled-leps.-kval.-renderu_J.Behenska-768x432.jpg 768w, https:\/\/www.design-award.cz\/wp-content\/uploads\/2022\/04\/pokoj-holka-3-pohled-leps.-kval.-renderu_J.Behenska-1536x864.jpg 1536w, https:\/\/www.design-award.cz\/wp-content\/uploads\/2022\/04\/pokoj-holka-3-pohled-leps.-kval.-renderu_J.Behenska-500x281.jpg 500w, https:\/\/www.design-award.cz\/wp-content\/uploads\/2022\/04\/pokoj-holka-3-pohled-leps.-kval.-renderu_J.Behenska-800x450.jpg 800w, https:\/\/www.design-award.cz\/wp-content\/uploads\/2022\/04\/pokoj-holka-3-pohled-leps.-kval.-renderu_J.Behenska-1280x720.jpg 1280w, https:\/\/www.design-award.cz\/wp-content\/uploads\/2022\/04\/pokoj-holka-3-pohled-leps.-kval.-renderu_J.Behenska-1920x1080.jpg 1920w, https:\/\/www.design-award.cz\/wp-content\/uploads\/2022\/04\/pokoj-holka-3-pohled-leps.-kval.-renderu_J.Behenska.jpg 1980w\" data-sizes=\"(max-width: 1024px) 100vw, 1024px\" src=\"data:image\/svg+xml;base64,PHN2ZyB3aWR0aD0iMSIgaGVpZ2h0PSIxIiB4bWxucz0iaHR0cDovL3d3dy53My5vcmcvMjAwMC9zdmciPjwvc3ZnPg==\" style=\"--smush-placeholder-width: 1024px; --smush-placeholder-aspect-ratio: 1024\/576;\" \/><\/figure>\n\n\n\n<figure class=\"wp-block-image size-large\"><img decoding=\"async\" width=\"1024\" height=\"647\" data-src=\"http:\/\/www.design-award.cz\/wp-content\/uploads\/2022\/04\/pudorys-prizemi-s-nabytkem-1024x647.jpg\" alt=\"\" class=\"wp-image-959 lazyload\" data-srcset=\"https:\/\/www.design-award.cz\/wp-content\/uploads\/2022\/04\/pudorys-prizemi-s-nabytkem-1024x647.jpg 1024w, https:\/\/www.design-award.cz\/wp-content\/uploads\/2022\/04\/pudorys-prizemi-s-nabytkem-300x189.jpg 300w, https:\/\/www.design-award.cz\/wp-content\/uploads\/2022\/04\/pudorys-prizemi-s-nabytkem-768x485.jpg 768w, https:\/\/www.design-award.cz\/wp-content\/uploads\/2022\/04\/pudorys-prizemi-s-nabytkem-1536x970.jpg 1536w, https:\/\/www.design-award.cz\/wp-content\/uploads\/2022\/04\/pudorys-prizemi-s-nabytkem-500x316.jpg 500w, https:\/\/www.design-award.cz\/wp-content\/uploads\/2022\/04\/pudorys-prizemi-s-nabytkem-800x505.jpg 800w, https:\/\/www.design-award.cz\/wp-content\/uploads\/2022\/04\/pudorys-prizemi-s-nabytkem-1280x808.jpg 1280w, https:\/\/www.design-award.cz\/wp-content\/uploads\/2022\/04\/pudorys-prizemi-s-nabytkem.jpg 1560w\" data-sizes=\"(max-width: 1024px) 100vw, 1024px\" src=\"data:image\/svg+xml;base64,PHN2ZyB3aWR0aD0iMSIgaGVpZ2h0PSIxIiB4bWxucz0iaHR0cDovL3d3dy53My5vcmcvMjAwMC9zdmciPjwvc3ZnPg==\" style=\"--smush-placeholder-width: 1024px; --smush-placeholder-aspect-ratio: 1024\/647;\" \/><\/figure>\n\n\n<div class=\"wp-block-visual-portfolio\">\n<div class=\"vp-portfolio vp-uid-2ece4a06 vp-id-607\"\n\tdata-vp-layout=\"slider\" data-vp-content-source=\"post-based\" data-vp-items-style=\"fade\" data-vp-items-click-action=\"url\" data-vp-items-gap=\"12\" data-vp-items-gap-vertical=\"\" data-vp-pagination=\"load-more\" data-vp-next-page-url=\"https:\/\/www.design-award.cz\/index.php?rest_route=%2Fwp%2Fv2%2Fportfolio%2F953&#038;vp_page=2\" data-vp-random-seed=\"1932828680\" data-vp-slider-effect=\"slide\" data-vp-slider-items-height=\"80%\" data-vp-slider-items-min-height=\"\" data-vp-slider-slides-per-view=\"3\" data-vp-slider-speed=\"0.3\" data-vp-slider-autoplay=\"4.8\" data-vp-slider-autoplay-hover-pause=\"false\" data-vp-slider-centered-slides=\"true\" data-vp-slider-loop=\"true\" data-vp-slider-free-mode=\"false\" data-vp-slider-free-mode-sticky=\"false\" data-vp-slider-arrows=\"true\" data-vp-slider-bullets=\"false\" data-vp-slider-bullets-dynamic=\"false\" data-vp-slider-mousewheel=\"false\" data-vp-slider-thumbnails=\"false\" >\n\t<div class=\"vp-portfolio__preloader-wrap\">\n\t\t<div class=\"vp-portfolio__preloader\">\n\t\t\t<img decoding=\"async\" loading=\"eager\" src=\"https:\/\/www.design-award.cz\/wp-content\/plugins\/visual-portfolio\/assets\/images\/logo-dark.svg\" alt=\"Visual Portfolio, Posts &amp; Image Gallery for WordPress\" width=\"20\" height=\"20\" data-skip-lazy>\n\t\t<\/div>\n\t<\/div>\n\t\t<div class=\"vp-portfolio__items-wrap\">\n\t\t\t\n<div class=\"vp-portfolio__items vp-portfolio__items-style-fade vp-portfolio__items-show-overlay-hover\">\n\n\t\t<article\t\tclass=\"vp-portfolio__item-wrap post-1819 portfolio type-portfolio status-publish format-standard has-post-thumbnail hentry portfolio_category-soutezici-2023 entry has-media vp-portfolio__item-uid-90b4afee\" data-vp-filter=\"soutezici-2023\" \t\t>\n\t\t\t\t\t\t\t\t\t<figure class=\"vp-portfolio__item\">\n\t\t\t\t\n<div class=\"vp-portfolio__item-img-wrap\">\n\t<div class=\"vp-portfolio__item-img\">\n\t\t\t<a\n\t\thref=\"https:\/\/www.design-award.cz\/?portfolio=produktovy-design-illuusio\"\n\t\t\t>\n\t\n\t\t<noscript><img decoding=\"async\" width=\"1414\" height=\"1231\" data-skip-lazy src=\"https:\/\/www.design-award.cz\/wp-content\/uploads\/2023\/03\/Vizualizace-1-1.jpg\" class=\"wp-image-1821\" alt=\"\" srcset=\"https:\/\/www.design-award.cz\/wp-content\/uploads\/2023\/03\/Vizualizace-1-1.jpg 1414w, https:\/\/www.design-award.cz\/wp-content\/uploads\/2023\/03\/Vizualizace-1-1-300x261.jpg 300w, https:\/\/www.design-award.cz\/wp-content\/uploads\/2023\/03\/Vizualizace-1-1-1024x891.jpg 1024w, https:\/\/www.design-award.cz\/wp-content\/uploads\/2023\/03\/Vizualizace-1-1-768x669.jpg 768w, https:\/\/www.design-award.cz\/wp-content\/uploads\/2023\/03\/Vizualizace-1-1-500x435.jpg 500w, https:\/\/www.design-award.cz\/wp-content\/uploads\/2023\/03\/Vizualizace-1-1-800x696.jpg 800w, https:\/\/www.design-award.cz\/wp-content\/uploads\/2023\/03\/Vizualizace-1-1-1280x1114.jpg 1280w\" sizes=\"(max-width: 1414px) 100vw, 1414px\" \/><\/noscript><img fetchpriority=\"high\" decoding=\"async\" width=\"1414\" height=\"1231\" src=\"https:\/\/www.design-award.cz\/wp-content\/uploads\/2023\/03\/Vizualizace-1-1.jpg\" class=\"wp-image-1821 vp-lazyload\" alt srcset=\"data:image\/svg+xml;base64,PHN2ZyB3aWR0aD0iMTQxNCIgaGVpZ2h0PSIxMjMxIiB2aWV3Qm94PSIwIDAgMTQxNCAxMjMxIiBmaWxsPSJub25lIiB4bWxucz0iaHR0cDovL3d3dy53My5vcmcvMjAwMC9zdmciPjwvc3ZnPg==\" data-src=\"https:\/\/www.design-award.cz\/wp-content\/uploads\/2023\/03\/Vizualizace-1-1.jpg\" data-srcset=\"https:\/\/www.design-award.cz\/wp-content\/uploads\/2023\/03\/Vizualizace-1-1.jpg 1414w, https:\/\/www.design-award.cz\/wp-content\/uploads\/2023\/03\/Vizualizace-1-1-300x261.jpg 300w, https:\/\/www.design-award.cz\/wp-content\/uploads\/2023\/03\/Vizualizace-1-1-1024x891.jpg 1024w, https:\/\/www.design-award.cz\/wp-content\/uploads\/2023\/03\/Vizualizace-1-1-768x669.jpg 768w, https:\/\/www.design-award.cz\/wp-content\/uploads\/2023\/03\/Vizualizace-1-1-500x435.jpg 500w, https:\/\/www.design-award.cz\/wp-content\/uploads\/2023\/03\/Vizualizace-1-1-800x696.jpg 800w, https:\/\/www.design-award.cz\/wp-content\/uploads\/2023\/03\/Vizualizace-1-1-1280x1114.jpg 1280w\" data-sizes=\"auto\" loading=\"eager\">\n\t\t<\/a>\t<\/div>\n<\/div>\n\t<figcaption class=\"vp-portfolio__item-overlay vp-portfolio__item-overlay-text-align-center\">\n\t\t<div class=\"vp-portfolio__item-meta-wrap vp-portfolio__custom-scrollbar\">\n\t\t\t\t<a\n\t\thref=\"https:\/\/www.design-award.cz\/?portfolio=produktovy-design-illuusio\"\n\t\ttabindex=\"-1\" class=\"vp-portfolio__item-meta\" \t>\n\t\n<div class=\"vp-portfolio__item-meta-categories\">\n\t\t\t<div class=\"vp-portfolio__item-meta-category\">\n\t\t\t\t<span\t\t\t>\n\tSOUT\u011a\u017d\u00cdC\u00cd 2023<\/span>\t\t<\/div>\n\t\t<\/div>\n\n<h2 class=\"vp-portfolio__item-meta-title\">\n\tProduktov\u00fd design &#8211; Illuusio<\/h2>\n<\/a>\t\t<\/div>\n\t<\/figcaption>\n\t\t\t<\/figure>\n\t\t\t\t\t<\/article>\n\t\t\n\t\t<article\t\tclass=\"vp-portfolio__item-wrap post-2479 portfolio type-portfolio status-publish format-standard has-post-thumbnail hentry portfolio_category-soutezici-2023 entry has-media vp-portfolio__item-uid-dd415ee2\" data-vp-filter=\"soutezici-2023\" \t\t>\n\t\t\t\t\t\t\t\t\t<figure class=\"vp-portfolio__item\">\n\t\t\t\t\n<div class=\"vp-portfolio__item-img-wrap\">\n\t<div class=\"vp-portfolio__item-img\">\n\t\t\t<a\n\t\thref=\"https:\/\/www.design-award.cz\/?portfolio=produktovy-design-hranice-3d-tisku\"\n\t\t\t>\n\t\n\t\t<noscript><img decoding=\"async\" width=\"1920\" height=\"2931\" data-skip-lazy src=\"https:\/\/www.design-award.cz\/wp-content\/uploads\/2023\/04\/Hranice-3D-tisku-Design-Award-3-1920x2931.jpg\" class=\"wp-image-2480\" alt=\"\" srcset=\"https:\/\/www.design-award.cz\/wp-content\/uploads\/2023\/04\/Hranice-3D-tisku-Design-Award-3-1920x2931.jpg 1920w, https:\/\/www.design-award.cz\/wp-content\/uploads\/2023\/04\/Hranice-3D-tisku-Design-Award-3-196x300.jpg 196w, https:\/\/www.design-award.cz\/wp-content\/uploads\/2023\/04\/Hranice-3D-tisku-Design-Award-3-671x1024.jpg 671w, https:\/\/www.design-award.cz\/wp-content\/uploads\/2023\/04\/Hranice-3D-tisku-Design-Award-3-768x1173.jpg 768w, https:\/\/www.design-award.cz\/wp-content\/uploads\/2023\/04\/Hranice-3D-tisku-Design-Award-3-1006x1536.jpg 1006w, https:\/\/www.design-award.cz\/wp-content\/uploads\/2023\/04\/Hranice-3D-tisku-Design-Award-3-1341x2048.jpg 1341w, https:\/\/www.design-award.cz\/wp-content\/uploads\/2023\/04\/Hranice-3D-tisku-Design-Award-3-500x763.jpg 500w, https:\/\/www.design-award.cz\/wp-content\/uploads\/2023\/04\/Hranice-3D-tisku-Design-Award-3-800x1221.jpg 800w, https:\/\/www.design-award.cz\/wp-content\/uploads\/2023\/04\/Hranice-3D-tisku-Design-Award-3-1280x1954.jpg 1280w, https:\/\/www.design-award.cz\/wp-content\/uploads\/2023\/04\/Hranice-3D-tisku-Design-Award-3-scaled.jpg 1677w\" sizes=\"(max-width: 1920px) 100vw, 1920px\" \/><\/noscript><img decoding=\"async\" width=\"1920\" height=\"2931\" src=\"https:\/\/www.design-award.cz\/wp-content\/uploads\/2023\/04\/Hranice-3D-tisku-Design-Award-3-1920x2931.jpg\" class=\"wp-image-2480 vp-lazyload\" alt srcset=\"data:image\/svg+xml;base64,PHN2ZyB3aWR0aD0iMTkyMCIgaGVpZ2h0PSIyOTMxIiB2aWV3Qm94PSIwIDAgMTkyMCAyOTMxIiBmaWxsPSJub25lIiB4bWxucz0iaHR0cDovL3d3dy53My5vcmcvMjAwMC9zdmciPjwvc3ZnPg==\" data-src=\"https:\/\/www.design-award.cz\/wp-content\/uploads\/2023\/04\/Hranice-3D-tisku-Design-Award-3-1920x2931.jpg\" data-srcset=\"https:\/\/www.design-award.cz\/wp-content\/uploads\/2023\/04\/Hranice-3D-tisku-Design-Award-3-1920x2931.jpg 1920w, https:\/\/www.design-award.cz\/wp-content\/uploads\/2023\/04\/Hranice-3D-tisku-Design-Award-3-196x300.jpg 196w, https:\/\/www.design-award.cz\/wp-content\/uploads\/2023\/04\/Hranice-3D-tisku-Design-Award-3-671x1024.jpg 671w, https:\/\/www.design-award.cz\/wp-content\/uploads\/2023\/04\/Hranice-3D-tisku-Design-Award-3-768x1173.jpg 768w, https:\/\/www.design-award.cz\/wp-content\/uploads\/2023\/04\/Hranice-3D-tisku-Design-Award-3-1006x1536.jpg 1006w, https:\/\/www.design-award.cz\/wp-content\/uploads\/2023\/04\/Hranice-3D-tisku-Design-Award-3-1341x2048.jpg 1341w, https:\/\/www.design-award.cz\/wp-content\/uploads\/2023\/04\/Hranice-3D-tisku-Design-Award-3-500x763.jpg 500w, https:\/\/www.design-award.cz\/wp-content\/uploads\/2023\/04\/Hranice-3D-tisku-Design-Award-3-800x1221.jpg 800w, https:\/\/www.design-award.cz\/wp-content\/uploads\/2023\/04\/Hranice-3D-tisku-Design-Award-3-1280x1954.jpg 1280w, https:\/\/www.design-award.cz\/wp-content\/uploads\/2023\/04\/Hranice-3D-tisku-Design-Award-3-scaled.jpg 1677w\" data-sizes=\"auto\" loading=\"eager\">\n\t\t<\/a>\t<\/div>\n<\/div>\n\t<figcaption class=\"vp-portfolio__item-overlay vp-portfolio__item-overlay-text-align-center\">\n\t\t<div class=\"vp-portfolio__item-meta-wrap vp-portfolio__custom-scrollbar\">\n\t\t\t\t<a\n\t\thref=\"https:\/\/www.design-award.cz\/?portfolio=produktovy-design-hranice-3d-tisku\"\n\t\ttabindex=\"-1\" class=\"vp-portfolio__item-meta\" \t>\n\t\n<div class=\"vp-portfolio__item-meta-categories\">\n\t\t\t<div class=\"vp-portfolio__item-meta-category\">\n\t\t\t\t<span\t\t\t>\n\tSOUT\u011a\u017d\u00cdC\u00cd 2023<\/span>\t\t<\/div>\n\t\t<\/div>\n\n<h2 class=\"vp-portfolio__item-meta-title\">\n\tProduktov\u00fd design &#8211; Hranice 3D Tisku<\/h2>\n<\/a>\t\t<\/div>\n\t<\/figcaption>\n\t\t\t<\/figure>\n\t\t\t\t\t<\/article>\n\t\t\n\t\t<article\t\tclass=\"vp-portfolio__item-wrap post-5353 portfolio type-portfolio status-publish format-standard has-post-thumbnail hentry entry has-media vp-portfolio__item-uid-973afb42\" data-vp-filter=\"\" \t\t>\n\t\t\t\t\t\t\t\t\t<figure class=\"vp-portfolio__item\">\n\t\t\t\t\n<div class=\"vp-portfolio__item-img-wrap\">\n\t<div class=\"vp-portfolio__item-img\">\n\t\t\t<a\n\t\thref=\"https:\/\/www.design-award.cz\/?portfolio=interierovy-design-byt-ul-trojicka\"\n\t\t\t>\n\t\n\t\t<noscript><img decoding=\"async\" width=\"1920\" height=\"1080\" data-skip-lazy src=\"https:\/\/www.design-award.cz\/wp-content\/uploads\/2025\/06\/IMG_2452-1920x1080.jpg\" class=\"wp-image-5402\" alt=\"\" srcset=\"https:\/\/www.design-award.cz\/wp-content\/uploads\/2025\/06\/IMG_2452-1920x1080.jpg 1920w, https:\/\/www.design-award.cz\/wp-content\/uploads\/2025\/06\/IMG_2452-300x169.jpg 300w, https:\/\/www.design-award.cz\/wp-content\/uploads\/2025\/06\/IMG_2452-1024x576.jpg 1024w, https:\/\/www.design-award.cz\/wp-content\/uploads\/2025\/06\/IMG_2452-768x432.jpg 768w, https:\/\/www.design-award.cz\/wp-content\/uploads\/2025\/06\/IMG_2452-1536x864.jpg 1536w, https:\/\/www.design-award.cz\/wp-content\/uploads\/2025\/06\/IMG_2452-800x450.jpg 800w, https:\/\/www.design-award.cz\/wp-content\/uploads\/2025\/06\/IMG_2452-500x281.jpg 500w, https:\/\/www.design-award.cz\/wp-content\/uploads\/2025\/06\/IMG_2452-1280x720.jpg 1280w, https:\/\/www.design-award.cz\/wp-content\/uploads\/2025\/06\/IMG_2452.jpg 2048w\" sizes=\"(max-width: 1920px) 100vw, 1920px\" \/><\/noscript><img decoding=\"async\" width=\"1920\" height=\"1080\" src=\"https:\/\/www.design-award.cz\/wp-content\/uploads\/2025\/06\/IMG_2452-1920x1080.jpg\" class=\"wp-image-5402 vp-lazyload\" alt srcset=\"data:image\/svg+xml;base64,PHN2ZyB3aWR0aD0iMTkyMCIgaGVpZ2h0PSIxMDgwIiB2aWV3Qm94PSIwIDAgMTkyMCAxMDgwIiBmaWxsPSJub25lIiB4bWxucz0iaHR0cDovL3d3dy53My5vcmcvMjAwMC9zdmciPjwvc3ZnPg==\" data-src=\"https:\/\/www.design-award.cz\/wp-content\/uploads\/2025\/06\/IMG_2452-1920x1080.jpg\" data-srcset=\"https:\/\/www.design-award.cz\/wp-content\/uploads\/2025\/06\/IMG_2452-1920x1080.jpg 1920w, https:\/\/www.design-award.cz\/wp-content\/uploads\/2025\/06\/IMG_2452-300x169.jpg 300w, https:\/\/www.design-award.cz\/wp-content\/uploads\/2025\/06\/IMG_2452-1024x576.jpg 1024w, https:\/\/www.design-award.cz\/wp-content\/uploads\/2025\/06\/IMG_2452-768x432.jpg 768w, https:\/\/www.design-award.cz\/wp-content\/uploads\/2025\/06\/IMG_2452-1536x864.jpg 1536w, https:\/\/www.design-award.cz\/wp-content\/uploads\/2025\/06\/IMG_2452-800x450.jpg 800w, https:\/\/www.design-award.cz\/wp-content\/uploads\/2025\/06\/IMG_2452-500x281.jpg 500w, https:\/\/www.design-award.cz\/wp-content\/uploads\/2025\/06\/IMG_2452-1280x720.jpg 1280w, https:\/\/www.design-award.cz\/wp-content\/uploads\/2025\/06\/IMG_2452.jpg 2048w\" data-sizes=\"auto\" loading=\"eager\">\n\t\t<\/a>\t<\/div>\n<\/div>\n\t<figcaption class=\"vp-portfolio__item-overlay vp-portfolio__item-overlay-text-align-center\">\n\t\t<div class=\"vp-portfolio__item-meta-wrap vp-portfolio__custom-scrollbar\">\n\t\t\t\t<a\n\t\thref=\"https:\/\/www.design-award.cz\/?portfolio=interierovy-design-byt-ul-trojicka\"\n\t\ttabindex=\"-1\" class=\"vp-portfolio__item-meta\" \t>\n\t\n<h2 class=\"vp-portfolio__item-meta-title\">\n\tInteri\u00e9rov\u00fd design &#8211; Byt ul. Trojick\u00e1<\/h2>\n<\/a>\t\t<\/div>\n\t<\/figcaption>\n\t\t\t<\/figure>\n\t\t\t\t\t<\/article>\n\t\t\n\t\t<article\t\tclass=\"vp-portfolio__item-wrap post-808 portfolio type-portfolio status-publish format-standard has-post-thumbnail hentry entry has-media vp-portfolio__item-uid-ba0c0633\" data-vp-filter=\"\" \t\t>\n\t\t\t\t\t\t\t\t\t<figure class=\"vp-portfolio__item\">\n\t\t\t\t\n<div class=\"vp-portfolio__item-img-wrap\">\n\t<div class=\"vp-portfolio__item-img\">\n\t\t\t<a\n\t\thref=\"https:\/\/www.design-award.cz\/?portfolio=produktovy-design-manzelska-postel-malmo\"\n\t\t\t>\n\t\n\t\t<noscript><img decoding=\"async\" width=\"1920\" height=\"1080\" data-skip-lazy src=\"https:\/\/www.design-award.cz\/wp-content\/uploads\/2022\/04\/11.jpg\" class=\"wp-image-811\" alt=\"\" srcset=\"https:\/\/www.design-award.cz\/wp-content\/uploads\/2022\/04\/11.jpg 1920w, https:\/\/www.design-award.cz\/wp-content\/uploads\/2022\/04\/11-300x169.jpg 300w, https:\/\/www.design-award.cz\/wp-content\/uploads\/2022\/04\/11-1024x576.jpg 1024w, https:\/\/www.design-award.cz\/wp-content\/uploads\/2022\/04\/11-768x432.jpg 768w, https:\/\/www.design-award.cz\/wp-content\/uploads\/2022\/04\/11-1536x864.jpg 1536w, https:\/\/www.design-award.cz\/wp-content\/uploads\/2022\/04\/11-500x281.jpg 500w, https:\/\/www.design-award.cz\/wp-content\/uploads\/2022\/04\/11-800x450.jpg 800w, https:\/\/www.design-award.cz\/wp-content\/uploads\/2022\/04\/11-1280x720.jpg 1280w\" sizes=\"(max-width: 1920px) 100vw, 1920px\" \/><\/noscript><img decoding=\"async\" width=\"1920\" height=\"1080\" src=\"https:\/\/www.design-award.cz\/wp-content\/uploads\/2022\/04\/11.jpg\" class=\"wp-image-811 vp-lazyload\" alt srcset=\"data:image\/svg+xml;base64,PHN2ZyB3aWR0aD0iMTkyMCIgaGVpZ2h0PSIxMDgwIiB2aWV3Qm94PSIwIDAgMTkyMCAxMDgwIiBmaWxsPSJub25lIiB4bWxucz0iaHR0cDovL3d3dy53My5vcmcvMjAwMC9zdmciPjwvc3ZnPg==\" data-src=\"https:\/\/www.design-award.cz\/wp-content\/uploads\/2022\/04\/11.jpg\" data-srcset=\"https:\/\/www.design-award.cz\/wp-content\/uploads\/2022\/04\/11.jpg 1920w, https:\/\/www.design-award.cz\/wp-content\/uploads\/2022\/04\/11-300x169.jpg 300w, https:\/\/www.design-award.cz\/wp-content\/uploads\/2022\/04\/11-1024x576.jpg 1024w, https:\/\/www.design-award.cz\/wp-content\/uploads\/2022\/04\/11-768x432.jpg 768w, https:\/\/www.design-award.cz\/wp-content\/uploads\/2022\/04\/11-1536x864.jpg 1536w, https:\/\/www.design-award.cz\/wp-content\/uploads\/2022\/04\/11-500x281.jpg 500w, https:\/\/www.design-award.cz\/wp-content\/uploads\/2022\/04\/11-800x450.jpg 800w, https:\/\/www.design-award.cz\/wp-content\/uploads\/2022\/04\/11-1280x720.jpg 1280w\" data-sizes=\"auto\" loading=\"eager\">\n\t\t<\/a>\t<\/div>\n<\/div>\n\t<figcaption class=\"vp-portfolio__item-overlay vp-portfolio__item-overlay-text-align-center\">\n\t\t<div class=\"vp-portfolio__item-meta-wrap vp-portfolio__custom-scrollbar\">\n\t\t\t\t<a\n\t\thref=\"https:\/\/www.design-award.cz\/?portfolio=produktovy-design-manzelska-postel-malmo\"\n\t\ttabindex=\"-1\" class=\"vp-portfolio__item-meta\" \t>\n\t\n<h2 class=\"vp-portfolio__item-meta-title\">\n\tProduktov\u00fd design &#8211; Man\u017eelsk\u00e1 postel MALMO<\/h2>\n<\/a>\t\t<\/div>\n\t<\/figcaption>\n\t\t\t<\/figure>\n\t\t\t\t\t<\/article>\n\t\t\n\t\t<article\t\tclass=\"vp-portfolio__item-wrap post-4730 portfolio type-portfolio status-publish format-standard has-post-thumbnail hentry entry has-media vp-portfolio__item-uid-e7dcc2c7\" data-vp-filter=\"\" \t\t>\n\t\t\t\t\t\t\t\t\t<figure class=\"vp-portfolio__item\">\n\t\t\t\t\n<div class=\"vp-portfolio__item-img-wrap\">\n\t<div class=\"vp-portfolio__item-img\">\n\t\t\t<a\n\t\thref=\"https:\/\/www.design-award.cz\/?portfolio=produktovy-design-aghu\"\n\t\t\t>\n\t\n\t\t<noscript><img decoding=\"async\" width=\"1903\" height=\"1080\" data-skip-lazy src=\"https:\/\/www.design-award.cz\/wp-content\/uploads\/2025\/06\/render-1.jpg\" class=\"wp-image-4732\" alt=\"\" srcset=\"https:\/\/www.design-award.cz\/wp-content\/uploads\/2025\/06\/render-1.jpg 1903w, https:\/\/www.design-award.cz\/wp-content\/uploads\/2025\/06\/render-1-300x170.jpg 300w, https:\/\/www.design-award.cz\/wp-content\/uploads\/2025\/06\/render-1-1024x581.jpg 1024w, https:\/\/www.design-award.cz\/wp-content\/uploads\/2025\/06\/render-1-768x436.jpg 768w, https:\/\/www.design-award.cz\/wp-content\/uploads\/2025\/06\/render-1-1536x872.jpg 1536w, https:\/\/www.design-award.cz\/wp-content\/uploads\/2025\/06\/render-1-500x284.jpg 500w, https:\/\/www.design-award.cz\/wp-content\/uploads\/2025\/06\/render-1-800x454.jpg 800w, https:\/\/www.design-award.cz\/wp-content\/uploads\/2025\/06\/render-1-1280x726.jpg 1280w\" sizes=\"(max-width: 1903px) 100vw, 1903px\" \/><\/noscript><img decoding=\"async\" width=\"1903\" height=\"1080\" src=\"https:\/\/www.design-award.cz\/wp-content\/uploads\/2025\/06\/render-1.jpg\" class=\"wp-image-4732 vp-lazyload\" alt srcset=\"data:image\/svg+xml;base64,PHN2ZyB3aWR0aD0iMTkwMyIgaGVpZ2h0PSIxMDgwIiB2aWV3Qm94PSIwIDAgMTkwMyAxMDgwIiBmaWxsPSJub25lIiB4bWxucz0iaHR0cDovL3d3dy53My5vcmcvMjAwMC9zdmciPjwvc3ZnPg==\" data-src=\"https:\/\/www.design-award.cz\/wp-content\/uploads\/2025\/06\/render-1.jpg\" data-srcset=\"https:\/\/www.design-award.cz\/wp-content\/uploads\/2025\/06\/render-1.jpg 1903w, https:\/\/www.design-award.cz\/wp-content\/uploads\/2025\/06\/render-1-300x170.jpg 300w, https:\/\/www.design-award.cz\/wp-content\/uploads\/2025\/06\/render-1-1024x581.jpg 1024w, https:\/\/www.design-award.cz\/wp-content\/uploads\/2025\/06\/render-1-768x436.jpg 768w, https:\/\/www.design-award.cz\/wp-content\/uploads\/2025\/06\/render-1-1536x872.jpg 1536w, https:\/\/www.design-award.cz\/wp-content\/uploads\/2025\/06\/render-1-500x284.jpg 500w, https:\/\/www.design-award.cz\/wp-content\/uploads\/2025\/06\/render-1-800x454.jpg 800w, https:\/\/www.design-award.cz\/wp-content\/uploads\/2025\/06\/render-1-1280x726.jpg 1280w\" data-sizes=\"auto\" loading=\"eager\">\n\t\t<\/a>\t<\/div>\n<\/div>\n\t<figcaption class=\"vp-portfolio__item-overlay vp-portfolio__item-overlay-text-align-center\">\n\t\t<div class=\"vp-portfolio__item-meta-wrap vp-portfolio__custom-scrollbar\">\n\t\t\t\t<a\n\t\thref=\"https:\/\/www.design-award.cz\/?portfolio=produktovy-design-aghu\"\n\t\ttabindex=\"-1\" class=\"vp-portfolio__item-meta\" \t>\n\t\n<h2 class=\"vp-portfolio__item-meta-title\">\n\tProduktov\u00fd design &#8211; Aghu<\/h2>\n<\/a>\t\t<\/div>\n\t<\/figcaption>\n\t\t\t<\/figure>\n\t\t\t\t\t<\/article>\n\t\t\n\t\t<article\t\tclass=\"vp-portfolio__item-wrap post-2223 portfolio type-portfolio status-publish format-standard has-post-thumbnail hentry portfolio_category-soutezici-2023 entry has-media vp-portfolio__item-uid-446e3f0b\" data-vp-filter=\"soutezici-2023\" \t\t>\n\t\t\t\t\t\t\t\t\t<figure class=\"vp-portfolio__item\">\n\t\t\t\t\n<div class=\"vp-portfolio__item-img-wrap\">\n\t<div class=\"vp-portfolio__item-img\">\n\t\t\t<a\n\t\thref=\"https:\/\/www.design-award.cz\/?portfolio=produktovy-design-list\"\n\t\t\t>\n\t\n\t\t<noscript><img decoding=\"async\" width=\"1920\" height=\"1358\" data-skip-lazy src=\"https:\/\/www.design-award.cz\/wp-content\/uploads\/2023\/04\/misa-poster-1920x1358.jpg\" class=\"wp-image-2227\" alt=\"\" srcset=\"https:\/\/www.design-award.cz\/wp-content\/uploads\/2023\/04\/misa-poster-1920x1358.jpg 1920w, https:\/\/www.design-award.cz\/wp-content\/uploads\/2023\/04\/misa-poster-300x212.jpg 300w, https:\/\/www.design-award.cz\/wp-content\/uploads\/2023\/04\/misa-poster-1024x724.jpg 1024w, https:\/\/www.design-award.cz\/wp-content\/uploads\/2023\/04\/misa-poster-768x543.jpg 768w, https:\/\/www.design-award.cz\/wp-content\/uploads\/2023\/04\/misa-poster-1536x1086.jpg 1536w, https:\/\/www.design-award.cz\/wp-content\/uploads\/2023\/04\/misa-poster-2048x1448.jpg 2048w, https:\/\/www.design-award.cz\/wp-content\/uploads\/2023\/04\/misa-poster-500x354.jpg 500w, https:\/\/www.design-award.cz\/wp-content\/uploads\/2023\/04\/misa-poster-800x566.jpg 800w, https:\/\/www.design-award.cz\/wp-content\/uploads\/2023\/04\/misa-poster-1280x905.jpg 1280w\" sizes=\"(max-width: 1920px) 100vw, 1920px\" \/><\/noscript><img decoding=\"async\" width=\"1920\" height=\"1358\" src=\"https:\/\/www.design-award.cz\/wp-content\/uploads\/2023\/04\/misa-poster-1920x1358.jpg\" class=\"wp-image-2227 vp-lazyload\" alt srcset=\"data:image\/svg+xml;base64,PHN2ZyB3aWR0aD0iMTkyMCIgaGVpZ2h0PSIxMzU4IiB2aWV3Qm94PSIwIDAgMTkyMCAxMzU4IiBmaWxsPSJub25lIiB4bWxucz0iaHR0cDovL3d3dy53My5vcmcvMjAwMC9zdmciPjwvc3ZnPg==\" data-src=\"https:\/\/www.design-award.cz\/wp-content\/uploads\/2023\/04\/misa-poster-1920x1358.jpg\" data-srcset=\"https:\/\/www.design-award.cz\/wp-content\/uploads\/2023\/04\/misa-poster-1920x1358.jpg 1920w, https:\/\/www.design-award.cz\/wp-content\/uploads\/2023\/04\/misa-poster-300x212.jpg 300w, https:\/\/www.design-award.cz\/wp-content\/uploads\/2023\/04\/misa-poster-1024x724.jpg 1024w, https:\/\/www.design-award.cz\/wp-content\/uploads\/2023\/04\/misa-poster-768x543.jpg 768w, https:\/\/www.design-award.cz\/wp-content\/uploads\/2023\/04\/misa-poster-1536x1086.jpg 1536w, https:\/\/www.design-award.cz\/wp-content\/uploads\/2023\/04\/misa-poster-2048x1448.jpg 2048w, https:\/\/www.design-award.cz\/wp-content\/uploads\/2023\/04\/misa-poster-500x354.jpg 500w, https:\/\/www.design-award.cz\/wp-content\/uploads\/2023\/04\/misa-poster-800x566.jpg 800w, https:\/\/www.design-award.cz\/wp-content\/uploads\/2023\/04\/misa-poster-1280x905.jpg 1280w\" data-sizes=\"auto\" loading=\"eager\">\n\t\t<\/a>\t<\/div>\n<\/div>\n\t<figcaption class=\"vp-portfolio__item-overlay vp-portfolio__item-overlay-text-align-center\">\n\t\t<div class=\"vp-portfolio__item-meta-wrap vp-portfolio__custom-scrollbar\">\n\t\t\t\t<a\n\t\thref=\"https:\/\/www.design-award.cz\/?portfolio=produktovy-design-list\"\n\t\ttabindex=\"-1\" class=\"vp-portfolio__item-meta\" \t>\n\t\n<div class=\"vp-portfolio__item-meta-categories\">\n\t\t\t<div class=\"vp-portfolio__item-meta-category\">\n\t\t\t\t<span\t\t\t>\n\tSOUT\u011a\u017d\u00cdC\u00cd 2023<\/span>\t\t<\/div>\n\t\t<\/div>\n\n<h2 class=\"vp-portfolio__item-meta-title\">\n\tProduktov\u00fd design &#8211; List<\/h2>\n<\/a>\t\t<\/div>\n\t<\/figcaption>\n\t\t\t<\/figure>\n\t\t\t\t\t<\/article>\n\t\t\n\t\t<article\t\tclass=\"vp-portfolio__item-wrap post-1388 portfolio type-portfolio status-publish format-standard has-post-thumbnail hentry portfolio_category-https-www-design-award-cz-page_id1603 portfolio_tag-9 entry has-media vp-portfolio__item-uid-3a24cbd0\" data-vp-filter=\"https-www-design-award-cz-page_id1603\" \t\t>\n\t\t\t\t\t\t\t\t\t<figure class=\"vp-portfolio__item\">\n\t\t\t\t\n<div class=\"vp-portfolio__item-img-wrap\">\n\t<div class=\"vp-portfolio__item-img\">\n\t\t\t<a\n\t\thref=\"https:\/\/www.design-award.cz\/?portfolio=produktovy-design-kokbox-kurnik\"\n\t\t\t>\n\t\n\t\t<noscript><img decoding=\"async\" width=\"1920\" height=\"1398\" data-skip-lazy src=\"https:\/\/www.design-award.cz\/wp-content\/uploads\/2022\/05\/Koubova_Eva_portfolio_pmz_Stranka_5-1920x1398-1.jpg\" class=\"wp-image-1517\" alt=\"\" srcset=\"https:\/\/www.design-award.cz\/wp-content\/uploads\/2022\/05\/Koubova_Eva_portfolio_pmz_Stranka_5-1920x1398-1.jpg 1920w, https:\/\/www.design-award.cz\/wp-content\/uploads\/2022\/05\/Koubova_Eva_portfolio_pmz_Stranka_5-1920x1398-1-300x218.jpg 300w, https:\/\/www.design-award.cz\/wp-content\/uploads\/2022\/05\/Koubova_Eva_portfolio_pmz_Stranka_5-1920x1398-1-1024x746.jpg 1024w, https:\/\/www.design-award.cz\/wp-content\/uploads\/2022\/05\/Koubova_Eva_portfolio_pmz_Stranka_5-1920x1398-1-768x559.jpg 768w, https:\/\/www.design-award.cz\/wp-content\/uploads\/2022\/05\/Koubova_Eva_portfolio_pmz_Stranka_5-1920x1398-1-1536x1118.jpg 1536w, https:\/\/www.design-award.cz\/wp-content\/uploads\/2022\/05\/Koubova_Eva_portfolio_pmz_Stranka_5-1920x1398-1-500x364.jpg 500w, https:\/\/www.design-award.cz\/wp-content\/uploads\/2022\/05\/Koubova_Eva_portfolio_pmz_Stranka_5-1920x1398-1-800x583.jpg 800w, https:\/\/www.design-award.cz\/wp-content\/uploads\/2022\/05\/Koubova_Eva_portfolio_pmz_Stranka_5-1920x1398-1-1280x932.jpg 1280w\" sizes=\"(max-width: 1920px) 100vw, 1920px\" \/><\/noscript><img decoding=\"async\" width=\"1920\" height=\"1398\" src=\"https:\/\/www.design-award.cz\/wp-content\/uploads\/2022\/05\/Koubova_Eva_portfolio_pmz_Stranka_5-1920x1398-1.jpg\" class=\"wp-image-1517 vp-lazyload\" alt srcset=\"data:image\/svg+xml;base64,PHN2ZyB3aWR0aD0iMTkyMCIgaGVpZ2h0PSIxMzk4IiB2aWV3Qm94PSIwIDAgMTkyMCAxMzk4IiBmaWxsPSJub25lIiB4bWxucz0iaHR0cDovL3d3dy53My5vcmcvMjAwMC9zdmciPjwvc3ZnPg==\" data-src=\"https:\/\/www.design-award.cz\/wp-content\/uploads\/2022\/05\/Koubova_Eva_portfolio_pmz_Stranka_5-1920x1398-1.jpg\" data-srcset=\"https:\/\/www.design-award.cz\/wp-content\/uploads\/2022\/05\/Koubova_Eva_portfolio_pmz_Stranka_5-1920x1398-1.jpg 1920w, https:\/\/www.design-award.cz\/wp-content\/uploads\/2022\/05\/Koubova_Eva_portfolio_pmz_Stranka_5-1920x1398-1-300x218.jpg 300w, https:\/\/www.design-award.cz\/wp-content\/uploads\/2022\/05\/Koubova_Eva_portfolio_pmz_Stranka_5-1920x1398-1-1024x746.jpg 1024w, https:\/\/www.design-award.cz\/wp-content\/uploads\/2022\/05\/Koubova_Eva_portfolio_pmz_Stranka_5-1920x1398-1-768x559.jpg 768w, https:\/\/www.design-award.cz\/wp-content\/uploads\/2022\/05\/Koubova_Eva_portfolio_pmz_Stranka_5-1920x1398-1-1536x1118.jpg 1536w, https:\/\/www.design-award.cz\/wp-content\/uploads\/2022\/05\/Koubova_Eva_portfolio_pmz_Stranka_5-1920x1398-1-500x364.jpg 500w, https:\/\/www.design-award.cz\/wp-content\/uploads\/2022\/05\/Koubova_Eva_portfolio_pmz_Stranka_5-1920x1398-1-800x583.jpg 800w, https:\/\/www.design-award.cz\/wp-content\/uploads\/2022\/05\/Koubova_Eva_portfolio_pmz_Stranka_5-1920x1398-1-1280x932.jpg 1280w\" data-sizes=\"auto\" loading=\"eager\">\n\t\t<\/a>\t<\/div>\n<\/div>\n\t<figcaption class=\"vp-portfolio__item-overlay vp-portfolio__item-overlay-text-align-center\">\n\t\t<div class=\"vp-portfolio__item-meta-wrap vp-portfolio__custom-scrollbar\">\n\t\t\t\t<a\n\t\thref=\"https:\/\/www.design-award.cz\/?portfolio=produktovy-design-kokbox-kurnik\"\n\t\ttabindex=\"-1\" class=\"vp-portfolio__item-meta\" \t>\n\t\n<div class=\"vp-portfolio__item-meta-categories\">\n\t\t\t<div class=\"vp-portfolio__item-meta-category\">\n\t\t\t\t<span\t\t\t>\n\tArchiv 2022<\/span>\t\t<\/div>\n\t\t<\/div>\n\n<h2 class=\"vp-portfolio__item-meta-title\">\n\tProduktov\u00fd design &#8211; KOKbox &#8211; kurn\u00edk<\/h2>\n<\/a>\t\t<\/div>\n\t<\/figcaption>\n\t\t\t<\/figure>\n\t\t\t\t\t<\/article>\n\t\t\n\t\t<article\t\tclass=\"vp-portfolio__item-wrap post-3385 portfolio type-portfolio status-publish format-standard has-post-thumbnail hentry entry has-media vp-portfolio__item-uid-ee9c7fe6\" data-vp-filter=\"\" \t\t>\n\t\t\t\t\t\t\t\t\t<figure class=\"vp-portfolio__item\">\n\t\t\t\t\n<div class=\"vp-portfolio__item-img-wrap\">\n\t<div class=\"vp-portfolio__item-img\">\n\t\t\t<a\n\t\thref=\"https:\/\/www.design-award.cz\/?portfolio=produktovy-design-upcykling-buder-67\"\n\t\t\t>\n\t\n\t\t<noscript><img decoding=\"async\" width=\"822\" height=\"543\" data-skip-lazy src=\"https:\/\/www.design-award.cz\/wp-content\/uploads\/2024\/05\/Snimek-obrazovky-87.png\" class=\"wp-image-3395\" alt=\"\" srcset=\"https:\/\/www.design-award.cz\/wp-content\/uploads\/2024\/05\/Snimek-obrazovky-87.png 822w, https:\/\/www.design-award.cz\/wp-content\/uploads\/2024\/05\/Snimek-obrazovky-87-300x198.png 300w, https:\/\/www.design-award.cz\/wp-content\/uploads\/2024\/05\/Snimek-obrazovky-87-768x507.png 768w, https:\/\/www.design-award.cz\/wp-content\/uploads\/2024\/05\/Snimek-obrazovky-87-500x330.png 500w, https:\/\/www.design-award.cz\/wp-content\/uploads\/2024\/05\/Snimek-obrazovky-87-800x528.png 800w\" sizes=\"(max-width: 822px) 100vw, 822px\" \/><\/noscript><img decoding=\"async\" width=\"822\" height=\"543\" src=\"https:\/\/www.design-award.cz\/wp-content\/uploads\/2024\/05\/Snimek-obrazovky-87.png\" class=\"wp-image-3395 vp-lazyload\" alt srcset=\"data:image\/svg+xml;base64,PHN2ZyB3aWR0aD0iODIyIiBoZWlnaHQ9IjU0MyIgdmlld0JveD0iMCAwIDgyMiA1NDMiIGZpbGw9Im5vbmUiIHhtbG5zPSJodHRwOi8vd3d3LnczLm9yZy8yMDAwL3N2ZyI+PC9zdmc+\" data-src=\"https:\/\/www.design-award.cz\/wp-content\/uploads\/2024\/05\/Snimek-obrazovky-87.png\" data-srcset=\"https:\/\/www.design-award.cz\/wp-content\/uploads\/2024\/05\/Snimek-obrazovky-87.png 822w, https:\/\/www.design-award.cz\/wp-content\/uploads\/2024\/05\/Snimek-obrazovky-87-300x198.png 300w, https:\/\/www.design-award.cz\/wp-content\/uploads\/2024\/05\/Snimek-obrazovky-87-768x507.png 768w, https:\/\/www.design-award.cz\/wp-content\/uploads\/2024\/05\/Snimek-obrazovky-87-500x330.png 500w, https:\/\/www.design-award.cz\/wp-content\/uploads\/2024\/05\/Snimek-obrazovky-87-800x528.png 800w\" data-sizes=\"auto\" loading=\"eager\">\n\t\t<\/a>\t<\/div>\n<\/div>\n\t<figcaption class=\"vp-portfolio__item-overlay vp-portfolio__item-overlay-text-align-center\">\n\t\t<div class=\"vp-portfolio__item-meta-wrap vp-portfolio__custom-scrollbar\">\n\t\t\t\t<a\n\t\thref=\"https:\/\/www.design-award.cz\/?portfolio=produktovy-design-upcykling-buder-67\"\n\t\ttabindex=\"-1\" class=\"vp-portfolio__item-meta\" \t>\n\t\n<h2 class=\"vp-portfolio__item-meta-title\">\n\tProduktov\u00fd design &#8211; Upcykling &#8211; B\u00fcder 67<\/h2>\n<\/a>\t\t<\/div>\n\t<\/figcaption>\n\t\t\t<\/figure>\n\t\t\t\t\t<\/article>\n\t\t\n<\/div>\n\n<div class=\"vp-portfolio__items-arrow vp-portfolio__items-arrow-prev\" tabindex=\"0\" role=\"button\" aria-label=\"Previous Slide\">\n\t\n<svg class=\"vp-svg-icon\" width=\"20\" height=\"20\" viewBox=\"0 0 20 20\" fill=\"none\" xmlns=\"http:\/\/www.w3.org\/2000\/svg\">\n\t<path d=\"M12 4L6 10L12 16\" stroke=\"currentColor\" stroke-width=\"1.5\" stroke-linecap=\"round\" stroke-linejoin=\"round\" fill=\"transparent\" \/>\n<\/svg>\n<\/div>\n<div class=\"vp-portfolio__items-arrow vp-portfolio__items-arrow-next\" tabindex=\"0\" role=\"button\" aria-label=\"Next Slide\">\n\t\n<svg class=\"vp-svg-icon\" width=\"20\" height=\"20\" viewBox=\"0 0 20 20\" fill=\"none\" xmlns=\"http:\/\/www.w3.org\/2000\/svg\">\n\t<path d=\"M8 4L14 10L8 16\" stroke=\"currentColor\" stroke-width=\"1.5\" stroke-linecap=\"round\" stroke-linejoin=\"round\" fill=\"transparent\" \/>\n<\/svg>\n<\/div>\n\t\t<\/div>\n\t\t\t\t<div class=\"vp-portfolio__layout-elements vp-portfolio__layout-elements-bottom vp-portfolio__layout-elements-align-center\">\n\t\t\t\t<div class=\"vp-portfolio__pagination-wrap\">\n\t\t\n<div class=\"vp-pagination vp-pagination__style-minimal\" data-vp-pagination-type=\"load-more\">\n\t<div class=\"vp-pagination__item\">\n\t\t<a class=\"vp-pagination__load-more\" href=\"https:\/\/www.design-award.cz\/index.php?rest_route=%2Fwp%2Fv2%2Fportfolio%2F953&#038;vp_page=2\">\n\t\t\t<span>Load More<\/span>\n\t\t\t<span class=\"vp-pagination__load-more-loading\"><span class=\"vp-spinner\"><\/span><span class=\"vp-screen-reader-text\"> Loading More&#8230;<\/span><\/span>\n\t\t\t<span class=\"vp-pagination__load-more-no-more\">You\u2019ve reached the end of the list<\/span>\n\t\t<\/a>\n\t<\/div>\n<\/div>\n\t\t<\/div>\n\t\t\t\t<\/div>\n\t\t\n<\/div>\n<\/div>","protected":false},"excerpt":{"rendered":"<p>Johana Behensk\u00e1 Michael \u2013 St\u0159edn\u00ed \u0161kola a Vy\u0161\u0161\u00ed odborn\u00e1 \u0161kola reklamn\u00ed a um\u011bleck\u00e9 tvorby \u00dakolem leto\u0161n\u00ed maturitn\u00ed pr\u00e1ce byl n\u00e1vrh rodinn\u00e9ho domu pro \u010dty\u0159\u010dlennou rodinu, kterou tvo\u0159\u00ed man\u017eelsk\u00fd p\u00e1r a dv\u011b d\u011bti, d\u00edvka ve v\u011bku 14 let a chlapec ve v\u011bku 8 let. Volba interi\u00e9rov\u00e9ho a architektonick\u00e9ho stylu byla zcela na n\u00e1s. Dostali jsme pouze [&hellip;]<\/p>\n","protected":false},"author":1,"featured_media":954,"menu_order":0,"comment_status":"closed","ping_status":"closed","template":"","format":"standard","meta":{"ngg_post_thumbnail":0,"ocean_post_layout":"","ocean_both_sidebars_style":"","ocean_both_sidebars_content_width":0,"ocean_both_sidebars_sidebars_width":0,"ocean_sidebar":"","ocean_second_sidebar":"","ocean_disable_margins":"enable","ocean_add_body_class":"","ocean_shortcode_before_top_bar":"","ocean_shortcode_after_top_bar":"","ocean_shortcode_before_header":"","ocean_shortcode_after_header":"","ocean_has_shortcode":"","ocean_shortcode_after_title":"","ocean_shortcode_before_footer_widgets":"","ocean_shortcode_after_footer_widgets":"","ocean_shortcode_before_footer_bottom":"","ocean_shortcode_after_footer_bottom":"","ocean_display_top_bar":"default","ocean_display_header":"default","ocean_header_style":"","ocean_center_header_left_menu":"","ocean_custom_header_template":"","ocean_custom_logo":0,"ocean_custom_retina_logo":0,"ocean_custom_logo_max_width":0,"ocean_custom_logo_tablet_max_width":0,"ocean_custom_logo_mobile_max_width":0,"ocean_custom_logo_max_height":0,"ocean_custom_logo_tablet_max_height":0,"ocean_custom_logo_mobile_max_height":0,"ocean_header_custom_menu":"","ocean_menu_typo_font_family":"","ocean_menu_typo_font_subset":"","ocean_menu_typo_font_size":0,"ocean_menu_typo_font_size_tablet":0,"ocean_menu_typo_font_size_mobile":0,"ocean_menu_typo_font_size_unit":"px","ocean_menu_typo_font_weight":"","ocean_menu_typo_font_weight_tablet":"","ocean_menu_typo_font_weight_mobile":"","ocean_menu_typo_transform":"","ocean_menu_typo_transform_tablet":"","ocean_menu_typo_transform_mobile":"","ocean_menu_typo_line_height":0,"ocean_menu_typo_line_height_tablet":0,"ocean_menu_typo_line_height_mobile":0,"ocean_menu_typo_line_height_unit":"","ocean_menu_typo_spacing":0,"ocean_menu_typo_spacing_tablet":0,"ocean_menu_typo_spacing_mobile":0,"ocean_menu_typo_spacing_unit":"","ocean_menu_link_color":"","ocean_menu_link_color_hover":"","ocean_menu_link_color_active":"","ocean_menu_link_background":"","ocean_menu_link_hover_background":"","ocean_menu_link_active_background":"","ocean_menu_social_links_bg":"","ocean_menu_social_hover_links_bg":"","ocean_menu_social_links_color":"","ocean_menu_social_hover_links_color":"","ocean_disable_title":"default","ocean_disable_heading":"default","ocean_post_title":"","ocean_post_subheading":"","ocean_post_title_style":"","ocean_post_title_background_color":"","ocean_post_title_background":0,"ocean_post_title_bg_image_position":"","ocean_post_title_bg_image_attachment":"","ocean_post_title_bg_image_repeat":"","ocean_post_title_bg_image_size":"","ocean_post_title_height":0,"ocean_post_title_bg_overlay":0.5,"ocean_post_title_bg_overlay_color":"","ocean_disable_breadcrumbs":"default","ocean_breadcrumbs_color":"","ocean_breadcrumbs_separator_color":"","ocean_breadcrumbs_links_color":"","ocean_breadcrumbs_links_hover_color":"","ocean_display_footer_widgets":"default","ocean_display_footer_bottom":"default","ocean_custom_footer_template":"","_vp_format_video_url":"","_vp_image_focal_point":[],"footnotes":""},"portfolio_category":[],"portfolio_tag":[],"class_list":["post-953","portfolio","type-portfolio","status-publish","format-standard","has-post-thumbnail","hentry","entry","has-media"],"yoast_head":"<!-- This site is optimized with the Yoast SEO plugin v25.2 - https:\/\/yoast.com\/wordpress\/plugins\/seo\/ -->\n<title>Soukrom\u00fd interi\u00e9r - N\u00e1vrh rodinn\u00e9ho domu - design-award.cz<\/title>\n<meta name=\"robots\" content=\"index, follow, max-snippet:-1, max-image-preview:large, max-video-preview:-1\" \/>\n<link rel=\"canonical\" href=\"https:\/\/www.design-award.cz\/?portfolio=soukromy-interier-navrh-rodinneho-domu-4\" \/>\n<meta property=\"og:locale\" content=\"cs_CZ\" \/>\n<meta property=\"og:type\" content=\"article\" \/>\n<meta property=\"og:title\" content=\"Soukrom\u00fd interi\u00e9r - N\u00e1vrh rodinn\u00e9ho domu - design-award.cz\" \/>\n<meta property=\"og:description\" content=\"Johana Behensk\u00e1 Michael \u2013 St\u0159edn\u00ed \u0161kola a Vy\u0161\u0161\u00ed odborn\u00e1 \u0161kola reklamn\u00ed a um\u011bleck\u00e9 tvorby \u00dakolem leto\u0161n\u00ed maturitn\u00ed pr\u00e1ce byl n\u00e1vrh rodinn\u00e9ho domu pro \u010dty\u0159\u010dlennou rodinu, kterou tvo\u0159\u00ed man\u017eelsk\u00fd p\u00e1r a dv\u011b d\u011bti, d\u00edvka ve v\u011bku 14 let a chlapec ve v\u011bku 8 let. Volba interi\u00e9rov\u00e9ho a architektonick\u00e9ho stylu byla zcela na n\u00e1s. Dostali jsme pouze [&hellip;]\" \/>\n<meta property=\"og:url\" content=\"https:\/\/www.design-award.cz\/?portfolio=soukromy-interier-navrh-rodinneho-domu-4\" \/>\n<meta property=\"og:site_name\" content=\"design-award.cz\" \/>\n<meta property=\"article:modified_time\" content=\"2022-04-28T16:23:08+00:00\" \/>\n<meta property=\"og:image\" content=\"http:\/\/www.design-award.cz\/wp-content\/uploads\/2022\/04\/kuchyn-1_J.Behenska.jpg\" \/>\n\t<meta property=\"og:image:width\" content=\"1980\" \/>\n\t<meta property=\"og:image:height\" content=\"1114\" \/>\n\t<meta property=\"og:image:type\" content=\"image\/jpeg\" \/>\n<meta name=\"twitter:card\" content=\"summary_large_image\" \/>\n<meta name=\"twitter:label1\" content=\"Odhadovan\u00e1 doba \u010dten\u00ed\" \/>\n\t<meta name=\"twitter:data1\" content=\"2 minuty\" \/>\n<script type=\"application\/ld+json\" class=\"yoast-schema-graph\">{\"@context\":\"https:\/\/schema.org\",\"@graph\":[{\"@type\":\"WebPage\",\"@id\":\"https:\/\/www.design-award.cz\/?portfolio=soukromy-interier-navrh-rodinneho-domu-4\",\"url\":\"https:\/\/www.design-award.cz\/?portfolio=soukromy-interier-navrh-rodinneho-domu-4\",\"name\":\"Soukrom\u00fd interi\u00e9r - N\u00e1vrh rodinn\u00e9ho domu - design-award.cz\",\"isPartOf\":{\"@id\":\"https:\/\/www.design-award.cz\/#website\"},\"primaryImageOfPage\":{\"@id\":\"https:\/\/www.design-award.cz\/?portfolio=soukromy-interier-navrh-rodinneho-domu-4#primaryimage\"},\"image\":{\"@id\":\"https:\/\/www.design-award.cz\/?portfolio=soukromy-interier-navrh-rodinneho-domu-4#primaryimage\"},\"thumbnailUrl\":\"https:\/\/www.design-award.cz\/wp-content\/uploads\/2022\/04\/kuchyn-1_J.Behenska.jpg\",\"datePublished\":\"2022-04-28T16:20:02+00:00\",\"dateModified\":\"2022-04-28T16:23:08+00:00\",\"breadcrumb\":{\"@id\":\"https:\/\/www.design-award.cz\/?portfolio=soukromy-interier-navrh-rodinneho-domu-4#breadcrumb\"},\"inLanguage\":\"cs\",\"potentialAction\":[{\"@type\":\"ReadAction\",\"target\":[\"https:\/\/www.design-award.cz\/?portfolio=soukromy-interier-navrh-rodinneho-domu-4\"]}]},{\"@type\":\"ImageObject\",\"inLanguage\":\"cs\",\"@id\":\"https:\/\/www.design-award.cz\/?portfolio=soukromy-interier-navrh-rodinneho-domu-4#primaryimage\",\"url\":\"https:\/\/www.design-award.cz\/wp-content\/uploads\/2022\/04\/kuchyn-1_J.Behenska.jpg\",\"contentUrl\":\"https:\/\/www.design-award.cz\/wp-content\/uploads\/2022\/04\/kuchyn-1_J.Behenska.jpg\",\"width\":1980,\"height\":1114},{\"@type\":\"BreadcrumbList\",\"@id\":\"https:\/\/www.design-award.cz\/?portfolio=soukromy-interier-navrh-rodinneho-domu-4#breadcrumb\",\"itemListElement\":[{\"@type\":\"ListItem\",\"position\":1,\"name\":\"Dom\u016f\",\"item\":\"https:\/\/www.design-award.cz\/\"},{\"@type\":\"ListItem\",\"position\":2,\"name\":\"Portfolio Items\",\"item\":\"https:\/\/www.design-award.cz\/?post_type=portfolio\"},{\"@type\":\"ListItem\",\"position\":3,\"name\":\"Soukrom\u00fd interi\u00e9r &#8211; N\u00e1vrh rodinn\u00e9ho domu\"}]},{\"@type\":\"WebSite\",\"@id\":\"https:\/\/www.design-award.cz\/#website\",\"url\":\"https:\/\/www.design-award.cz\/\",\"name\":\"design-award.cz\",\"description\":\"WARD vznikla v roce 2022. Je ur\u010dena p\u0159edev\u0161\u00edm student\u016fm st\u0159edn\u00edch um\u011bleck\u00fdch \u0161kol (S\u0160 a VO\u0160), kte\u0159\u00ed mohou bezplatn\u011b zaslat sv\u00e9 n\u00e1vrhy v uveden\u00fdch kategori\u00ed a tak pom\u011b\u0159it sv\u00e9 n\u00e1pady s konkurenc\u00ed sv\u00fdch vrstevn\u00edk\u016f. N\u00e1vrhy jsou n\u00e1sledn\u011b posouzeny nez\u00e1vislou porotou z \u0159ad v\u00fdtvarn\u00edk\u016f, pedagog\u016f a profesion\u00e1l\u016f z oboru.\",\"publisher\":{\"@id\":\"https:\/\/www.design-award.cz\/#organization\"},\"potentialAction\":[{\"@type\":\"SearchAction\",\"target\":{\"@type\":\"EntryPoint\",\"urlTemplate\":\"https:\/\/www.design-award.cz\/?s={search_term_string}\"},\"query-input\":{\"@type\":\"PropertyValueSpecification\",\"valueRequired\":true,\"valueName\":\"search_term_string\"}}],\"inLanguage\":\"cs\"},{\"@type\":\"Organization\",\"@id\":\"https:\/\/www.design-award.cz\/#organization\",\"name\":\"Design Award\",\"url\":\"https:\/\/www.design-award.cz\/\",\"logo\":{\"@type\":\"ImageObject\",\"inLanguage\":\"cs\",\"@id\":\"https:\/\/www.design-award.cz\/#\/schema\/logo\/image\/\",\"url\":\"http:\/\/www.design-award.cz\/wp-content\/uploads\/2021\/12\/hornilogo_design-award.png\",\"contentUrl\":\"http:\/\/www.design-award.cz\/wp-content\/uploads\/2021\/12\/hornilogo_design-award.png\",\"width\":800,\"height\":600,\"caption\":\"Design Award\"},\"image\":{\"@id\":\"https:\/\/www.design-award.cz\/#\/schema\/logo\/image\/\"},\"sameAs\":[\"https:\/\/www.instagram.com\/design_award\/\"]}]}<\/script>\n<!-- \/ Yoast SEO plugin. -->","yoast_head_json":{"title":"Soukrom\u00fd interi\u00e9r - N\u00e1vrh rodinn\u00e9ho domu - design-award.cz","robots":{"index":"index","follow":"follow","max-snippet":"max-snippet:-1","max-image-preview":"max-image-preview:large","max-video-preview":"max-video-preview:-1"},"canonical":"https:\/\/www.design-award.cz\/?portfolio=soukromy-interier-navrh-rodinneho-domu-4","og_locale":"cs_CZ","og_type":"article","og_title":"Soukrom\u00fd interi\u00e9r - N\u00e1vrh rodinn\u00e9ho domu - design-award.cz","og_description":"Johana Behensk\u00e1 Michael \u2013 St\u0159edn\u00ed \u0161kola a Vy\u0161\u0161\u00ed odborn\u00e1 \u0161kola reklamn\u00ed a um\u011bleck\u00e9 tvorby \u00dakolem leto\u0161n\u00ed maturitn\u00ed pr\u00e1ce byl n\u00e1vrh rodinn\u00e9ho domu pro \u010dty\u0159\u010dlennou rodinu, kterou tvo\u0159\u00ed man\u017eelsk\u00fd p\u00e1r a dv\u011b d\u011bti, d\u00edvka ve v\u011bku 14 let a chlapec ve v\u011bku 8 let. Volba interi\u00e9rov\u00e9ho a architektonick\u00e9ho stylu byla zcela na n\u00e1s. Dostali jsme pouze [&hellip;]","og_url":"https:\/\/www.design-award.cz\/?portfolio=soukromy-interier-navrh-rodinneho-domu-4","og_site_name":"design-award.cz","article_modified_time":"2022-04-28T16:23:08+00:00","og_image":[{"width":1980,"height":1114,"url":"http:\/\/www.design-award.cz\/wp-content\/uploads\/2022\/04\/kuchyn-1_J.Behenska.jpg","type":"image\/jpeg"}],"twitter_card":"summary_large_image","twitter_misc":{"Odhadovan\u00e1 doba \u010dten\u00ed":"2 minuty"},"schema":{"@context":"https:\/\/schema.org","@graph":[{"@type":"WebPage","@id":"https:\/\/www.design-award.cz\/?portfolio=soukromy-interier-navrh-rodinneho-domu-4","url":"https:\/\/www.design-award.cz\/?portfolio=soukromy-interier-navrh-rodinneho-domu-4","name":"Soukrom\u00fd interi\u00e9r - N\u00e1vrh rodinn\u00e9ho domu - design-award.cz","isPartOf":{"@id":"https:\/\/www.design-award.cz\/#website"},"primaryImageOfPage":{"@id":"https:\/\/www.design-award.cz\/?portfolio=soukromy-interier-navrh-rodinneho-domu-4#primaryimage"},"image":{"@id":"https:\/\/www.design-award.cz\/?portfolio=soukromy-interier-navrh-rodinneho-domu-4#primaryimage"},"thumbnailUrl":"https:\/\/www.design-award.cz\/wp-content\/uploads\/2022\/04\/kuchyn-1_J.Behenska.jpg","datePublished":"2022-04-28T16:20:02+00:00","dateModified":"2022-04-28T16:23:08+00:00","breadcrumb":{"@id":"https:\/\/www.design-award.cz\/?portfolio=soukromy-interier-navrh-rodinneho-domu-4#breadcrumb"},"inLanguage":"cs","potentialAction":[{"@type":"ReadAction","target":["https:\/\/www.design-award.cz\/?portfolio=soukromy-interier-navrh-rodinneho-domu-4"]}]},{"@type":"ImageObject","inLanguage":"cs","@id":"https:\/\/www.design-award.cz\/?portfolio=soukromy-interier-navrh-rodinneho-domu-4#primaryimage","url":"https:\/\/www.design-award.cz\/wp-content\/uploads\/2022\/04\/kuchyn-1_J.Behenska.jpg","contentUrl":"https:\/\/www.design-award.cz\/wp-content\/uploads\/2022\/04\/kuchyn-1_J.Behenska.jpg","width":1980,"height":1114},{"@type":"BreadcrumbList","@id":"https:\/\/www.design-award.cz\/?portfolio=soukromy-interier-navrh-rodinneho-domu-4#breadcrumb","itemListElement":[{"@type":"ListItem","position":1,"name":"Dom\u016f","item":"https:\/\/www.design-award.cz\/"},{"@type":"ListItem","position":2,"name":"Portfolio Items","item":"https:\/\/www.design-award.cz\/?post_type=portfolio"},{"@type":"ListItem","position":3,"name":"Soukrom\u00fd interi\u00e9r &#8211; N\u00e1vrh rodinn\u00e9ho domu"}]},{"@type":"WebSite","@id":"https:\/\/www.design-award.cz\/#website","url":"https:\/\/www.design-award.cz\/","name":"design-award.cz","description":"WARD vznikla v roce 2022. Je ur\u010dena p\u0159edev\u0161\u00edm student\u016fm st\u0159edn\u00edch um\u011bleck\u00fdch \u0161kol (S\u0160 a VO\u0160), kte\u0159\u00ed mohou bezplatn\u011b zaslat sv\u00e9 n\u00e1vrhy v uveden\u00fdch kategori\u00ed a tak pom\u011b\u0159it sv\u00e9 n\u00e1pady s konkurenc\u00ed sv\u00fdch vrstevn\u00edk\u016f. N\u00e1vrhy jsou n\u00e1sledn\u011b posouzeny nez\u00e1vislou porotou z \u0159ad v\u00fdtvarn\u00edk\u016f, pedagog\u016f a profesion\u00e1l\u016f z oboru.","publisher":{"@id":"https:\/\/www.design-award.cz\/#organization"},"potentialAction":[{"@type":"SearchAction","target":{"@type":"EntryPoint","urlTemplate":"https:\/\/www.design-award.cz\/?s={search_term_string}"},"query-input":{"@type":"PropertyValueSpecification","valueRequired":true,"valueName":"search_term_string"}}],"inLanguage":"cs"},{"@type":"Organization","@id":"https:\/\/www.design-award.cz\/#organization","name":"Design Award","url":"https:\/\/www.design-award.cz\/","logo":{"@type":"ImageObject","inLanguage":"cs","@id":"https:\/\/www.design-award.cz\/#\/schema\/logo\/image\/","url":"http:\/\/www.design-award.cz\/wp-content\/uploads\/2021\/12\/hornilogo_design-award.png","contentUrl":"http:\/\/www.design-award.cz\/wp-content\/uploads\/2021\/12\/hornilogo_design-award.png","width":800,"height":600,"caption":"Design Award"},"image":{"@id":"https:\/\/www.design-award.cz\/#\/schema\/logo\/image\/"},"sameAs":["https:\/\/www.instagram.com\/design_award\/"]}]}},"_links":{"self":[{"href":"https:\/\/www.design-award.cz\/index.php?rest_route=\/wp\/v2\/portfolio\/953","targetHints":{"allow":["GET"]}}],"collection":[{"href":"https:\/\/www.design-award.cz\/index.php?rest_route=\/wp\/v2\/portfolio"}],"about":[{"href":"https:\/\/www.design-award.cz\/index.php?rest_route=\/wp\/v2\/types\/portfolio"}],"author":[{"embeddable":true,"href":"https:\/\/www.design-award.cz\/index.php?rest_route=\/wp\/v2\/users\/1"}],"replies":[{"embeddable":true,"href":"https:\/\/www.design-award.cz\/index.php?rest_route=%2Fwp%2Fv2%2Fcomments&post=953"}],"version-history":[{"count":2,"href":"https:\/\/www.design-award.cz\/index.php?rest_route=\/wp\/v2\/portfolio\/953\/revisions"}],"predecessor-version":[{"id":962,"href":"https:\/\/www.design-award.cz\/index.php?rest_route=\/wp\/v2\/portfolio\/953\/revisions\/962"}],"wp:featuredmedia":[{"embeddable":true,"href":"https:\/\/www.design-award.cz\/index.php?rest_route=\/wp\/v2\/media\/954"}],"wp:attachment":[{"href":"https:\/\/www.design-award.cz\/index.php?rest_route=%2Fwp%2Fv2%2Fmedia&parent=953"}],"wp:term":[{"taxonomy":"portfolio_category","embeddable":true,"href":"https:\/\/www.design-award.cz\/index.php?rest_route=%2Fwp%2Fv2%2Fportfolio_category&post=953"},{"taxonomy":"portfolio_tag","embeddable":true,"href":"https:\/\/www.design-award.cz\/index.php?rest_route=%2Fwp%2Fv2%2Fportfolio_tag&post=953"}],"curies":[{"name":"wp","href":"https:\/\/api.w.org\/{rel}","templated":true}]}}