{"id":963,"date":"2022-04-28T16:27:47","date_gmt":"2022-04-28T16:27:47","guid":{"rendered":"https:\/\/www.design-award.cz\/?post_type=portfolio&#038;p=963"},"modified":"2022-04-28T16:27:48","modified_gmt":"2022-04-28T16:27:48","slug":"soukromy-interier-navrh-rodinneho-domu-5","status":"publish","type":"portfolio","link":"https:\/\/www.design-award.cz\/?portfolio=soukromy-interier-navrh-rodinneho-domu-5","title":{"rendered":"Soukrom\u00fd interi\u00e9r &#8211; N\u00e1vrh rodinn\u00e9ho domu"},"content":{"rendered":"\n<h2 class=\"wp-block-heading\"><strong>Viktorie \u0160indel\u00e1\u0159ov\u00e1<\/strong><\/h2>\n\n\n\n<p><strong>Akademie Sv\u011btl\u00e1 nad S\u00e1zavou<\/strong><\/p>\n\n\n\n<p>Zad\u00e1n\u00edm bylo navrhnout dle zadan\u00fdch rozm\u011br\u016f kuchy\u0148, j\u00eddelnu a ob\u00fdvac\u00ed pokoj pro \u010dty\u0159\u010dlennou rodinu.<br>Interi\u00e9r musel b\u00fdt za\u0159\u00edzen v rustik\u00e1ln\u00edm a modern\u00edm stylu. Rozpo\u010det nebyl omezen.<\/p>\n\n\n\n<p>V m\u00e9m n\u00e1vrhu jsem se zam\u011b\u0159ila na neutr\u00e1ln\u00ed barvy v kontrastu s v\u00fdraznou \u017elutou. Cel\u00fd interi\u00e9r je p\u0159ev\u00e1\u017en\u011b b\u00edl\u00fd, aby<br>l\u00e9pe nesl p\u0159\u00edrodn\u00ed sv\u011btlo. Vinylov\u00e1 \u0161ed\u00e1 podlaha jemn\u011b podtrh\u00e1v\u00e1 b\u00edl\u00fd n\u00e1bytek. V kontrastu s n\u00e1bytkem<br>jsem zvolila p\u0159iznan\u00e9 cihly v j\u00eddeln\u00ed \u010d\u00e1sti a na kom\u00ednu, a takt\u00e9\u017e masivn\u00ed dub na pracovn\u00ed desku.<br>Neutr\u00e1ln\u00ed barvy o\u017eivuje ji\u017e zm\u00edn\u011bn\u00e1 \u017elut\u00e1 barva na ve\u0161ker\u00e9m sedac\u00edm n\u00e1bytku.<\/p>\n\n\n\n<p>S prac\u00ed jsem velmi spokojen\u00e1. Interi\u00e9r na mne p\u016fsob\u00ed pozitivn\u011b a sv\u011b\u017ee.<\/p>\n\n\n\n<figure class=\"wp-block-image size-full\"><img decoding=\"async\" width=\"982\" height=\"493\" data-src=\"http:\/\/www.design-award.cz\/wp-content\/uploads\/2022\/04\/Obyvak_V_Sindelarova.jpg\" alt=\"\" class=\"wp-image-966 lazyload\" data-srcset=\"https:\/\/www.design-award.cz\/wp-content\/uploads\/2022\/04\/Obyvak_V_Sindelarova.jpg 982w, https:\/\/www.design-award.cz\/wp-content\/uploads\/2022\/04\/Obyvak_V_Sindelarova-300x151.jpg 300w, https:\/\/www.design-award.cz\/wp-content\/uploads\/2022\/04\/Obyvak_V_Sindelarova-768x386.jpg 768w, https:\/\/www.design-award.cz\/wp-content\/uploads\/2022\/04\/Obyvak_V_Sindelarova-500x251.jpg 500w, https:\/\/www.design-award.cz\/wp-content\/uploads\/2022\/04\/Obyvak_V_Sindelarova-800x402.jpg 800w\" data-sizes=\"(max-width: 982px) 100vw, 982px\" src=\"data:image\/svg+xml;base64,PHN2ZyB3aWR0aD0iMSIgaGVpZ2h0PSIxIiB4bWxucz0iaHR0cDovL3d3dy53My5vcmcvMjAwMC9zdmciPjwvc3ZnPg==\" style=\"--smush-placeholder-width: 982px; --smush-placeholder-aspect-ratio: 982\/493;\" \/><\/figure>\n\n\n\n<figure class=\"wp-block-image size-full\"><img decoding=\"async\" width=\"1013\" height=\"766\" data-src=\"http:\/\/www.design-award.cz\/wp-content\/uploads\/2022\/04\/Okotovany-pudorys_V.Sindelarova.jpg\" alt=\"\" class=\"wp-image-967 lazyload\" data-srcset=\"https:\/\/www.design-award.cz\/wp-content\/uploads\/2022\/04\/Okotovany-pudorys_V.Sindelarova.jpg 1013w, https:\/\/www.design-award.cz\/wp-content\/uploads\/2022\/04\/Okotovany-pudorys_V.Sindelarova-300x227.jpg 300w, https:\/\/www.design-award.cz\/wp-content\/uploads\/2022\/04\/Okotovany-pudorys_V.Sindelarova-768x581.jpg 768w, https:\/\/www.design-award.cz\/wp-content\/uploads\/2022\/04\/Okotovany-pudorys_V.Sindelarova-500x378.jpg 500w, https:\/\/www.design-award.cz\/wp-content\/uploads\/2022\/04\/Okotovany-pudorys_V.Sindelarova-800x605.jpg 800w\" data-sizes=\"(max-width: 1013px) 100vw, 1013px\" src=\"data:image\/svg+xml;base64,PHN2ZyB3aWR0aD0iMSIgaGVpZ2h0PSIxIiB4bWxucz0iaHR0cDovL3d3dy53My5vcmcvMjAwMC9zdmciPjwvc3ZnPg==\" style=\"--smush-placeholder-width: 1013px; --smush-placeholder-aspect-ratio: 1013\/766;\" \/><\/figure>\n\n\n<div class=\"wp-block-visual-portfolio\">\n<div class=\"vp-portfolio vp-uid-2ece4a06 vp-id-607\"\n\tdata-vp-layout=\"slider\" data-vp-content-source=\"post-based\" data-vp-items-style=\"fade\" data-vp-items-click-action=\"url\" data-vp-items-gap=\"12\" data-vp-items-gap-vertical=\"\" data-vp-pagination=\"load-more\" data-vp-next-page-url=\"https:\/\/www.design-award.cz\/index.php?rest_route=%2Fwp%2Fv2%2Fportfolio%2F963&#038;vp_page=2\" data-vp-random-seed=\"217254825\" data-vp-slider-effect=\"slide\" data-vp-slider-items-height=\"80%\" data-vp-slider-items-min-height=\"\" data-vp-slider-slides-per-view=\"3\" data-vp-slider-speed=\"0.3\" data-vp-slider-autoplay=\"4.8\" data-vp-slider-autoplay-hover-pause=\"false\" data-vp-slider-centered-slides=\"true\" data-vp-slider-loop=\"true\" data-vp-slider-free-mode=\"false\" data-vp-slider-free-mode-sticky=\"false\" data-vp-slider-arrows=\"true\" data-vp-slider-bullets=\"false\" data-vp-slider-bullets-dynamic=\"false\" data-vp-slider-mousewheel=\"false\" data-vp-slider-thumbnails=\"false\" >\n\t<div class=\"vp-portfolio__preloader-wrap\">\n\t\t<div class=\"vp-portfolio__preloader\">\n\t\t\t<img decoding=\"async\" loading=\"eager\" src=\"https:\/\/www.design-award.cz\/wp-content\/plugins\/visual-portfolio\/assets\/images\/logo-dark.svg\" alt=\"Visual Portfolio, Posts &amp; Image Gallery for WordPress\" width=\"20\" height=\"20\" data-skip-lazy>\n\t\t<\/div>\n\t<\/div>\n\t\t<div class=\"vp-portfolio__items-wrap\">\n\t\t\t\n<div class=\"vp-portfolio__items vp-portfolio__items-style-fade vp-portfolio__items-show-overlay-hover\">\n\n\t\t<article\t\tclass=\"vp-portfolio__item-wrap post-4327 portfolio type-portfolio status-publish format-standard has-post-thumbnail hentry entry has-media vp-portfolio__item-uid-67aacef9\" data-vp-filter=\"\" \t\t>\n\t\t\t\t\t\t\t\t\t<figure class=\"vp-portfolio__item\">\n\t\t\t\t\n<div class=\"vp-portfolio__item-img-wrap\">\n\t<div class=\"vp-portfolio__item-img\">\n\t\t\t<a\n\t\thref=\"https:\/\/www.design-award.cz\/?portfolio=produktovy-design-favonius-fen-do-verejneho-prostoru\"\n\t\t\t>\n\t\n\t\t<noscript><img decoding=\"async\" width=\"1387\" height=\"2176\" data-skip-lazy src=\"https:\/\/www.design-award.cz\/wp-content\/uploads\/2024\/07\/render.jpg\" class=\"wp-image-4359\" alt=\"\" srcset=\"https:\/\/www.design-award.cz\/wp-content\/uploads\/2024\/07\/render.jpg 1387w, https:\/\/www.design-award.cz\/wp-content\/uploads\/2024\/07\/render-191x300.jpg 191w, https:\/\/www.design-award.cz\/wp-content\/uploads\/2024\/07\/render-653x1024.jpg 653w, https:\/\/www.design-award.cz\/wp-content\/uploads\/2024\/07\/render-768x1205.jpg 768w, https:\/\/www.design-award.cz\/wp-content\/uploads\/2024\/07\/render-979x1536.jpg 979w, https:\/\/www.design-award.cz\/wp-content\/uploads\/2024\/07\/render-1305x2048.jpg 1305w, https:\/\/www.design-award.cz\/wp-content\/uploads\/2024\/07\/render-500x784.jpg 500w, https:\/\/www.design-award.cz\/wp-content\/uploads\/2024\/07\/render-800x1255.jpg 800w, https:\/\/www.design-award.cz\/wp-content\/uploads\/2024\/07\/render-1280x2008.jpg 1280w\" sizes=\"(max-width: 1387px) 100vw, 1387px\" \/><\/noscript><img fetchpriority=\"high\" decoding=\"async\" width=\"1387\" height=\"2176\" src=\"https:\/\/www.design-award.cz\/wp-content\/uploads\/2024\/07\/render.jpg\" class=\"wp-image-4359 vp-lazyload\" alt srcset=\"data:image\/svg+xml;base64,PHN2ZyB3aWR0aD0iMTM4NyIgaGVpZ2h0PSIyMTc2IiB2aWV3Qm94PSIwIDAgMTM4NyAyMTc2IiBmaWxsPSJub25lIiB4bWxucz0iaHR0cDovL3d3dy53My5vcmcvMjAwMC9zdmciPjwvc3ZnPg==\" data-src=\"https:\/\/www.design-award.cz\/wp-content\/uploads\/2024\/07\/render.jpg\" data-srcset=\"https:\/\/www.design-award.cz\/wp-content\/uploads\/2024\/07\/render.jpg 1387w, https:\/\/www.design-award.cz\/wp-content\/uploads\/2024\/07\/render-191x300.jpg 191w, https:\/\/www.design-award.cz\/wp-content\/uploads\/2024\/07\/render-653x1024.jpg 653w, https:\/\/www.design-award.cz\/wp-content\/uploads\/2024\/07\/render-768x1205.jpg 768w, https:\/\/www.design-award.cz\/wp-content\/uploads\/2024\/07\/render-979x1536.jpg 979w, https:\/\/www.design-award.cz\/wp-content\/uploads\/2024\/07\/render-1305x2048.jpg 1305w, https:\/\/www.design-award.cz\/wp-content\/uploads\/2024\/07\/render-500x784.jpg 500w, https:\/\/www.design-award.cz\/wp-content\/uploads\/2024\/07\/render-800x1255.jpg 800w, https:\/\/www.design-award.cz\/wp-content\/uploads\/2024\/07\/render-1280x2008.jpg 1280w\" data-sizes=\"auto\" loading=\"eager\">\n\t\t<\/a>\t<\/div>\n<\/div>\n\t<figcaption class=\"vp-portfolio__item-overlay vp-portfolio__item-overlay-text-align-center\">\n\t\t<div class=\"vp-portfolio__item-meta-wrap vp-portfolio__custom-scrollbar\">\n\t\t\t\t<a\n\t\thref=\"https:\/\/www.design-award.cz\/?portfolio=produktovy-design-favonius-fen-do-verejneho-prostoru\"\n\t\ttabindex=\"-1\" class=\"vp-portfolio__item-meta\" \t>\n\t\n<h2 class=\"vp-portfolio__item-meta-title\">\n\tProduktov\u00fd design &#8211; Favonius &#8211; f\u00e9n do ve\u0159ejn\u00e9ho prostoru<\/h2>\n<\/a>\t\t<\/div>\n\t<\/figcaption>\n\t\t\t<\/figure>\n\t\t\t\t\t<\/article>\n\t\t\n\t\t<article\t\tclass=\"vp-portfolio__item-wrap post-3158 portfolio type-portfolio status-publish format-standard has-post-thumbnail hentry entry has-media vp-portfolio__item-uid-2607a978\" data-vp-filter=\"\" \t\t>\n\t\t\t\t\t\t\t\t\t<figure class=\"vp-portfolio__item\">\n\t\t\t\t\n<div class=\"vp-portfolio__item-img-wrap\">\n\t<div class=\"vp-portfolio__item-img\">\n\t\t\t<a\n\t\thref=\"https:\/\/www.design-award.cz\/?portfolio=verejny-interier-bistro\"\n\t\t\t>\n\t\n\t\t<noscript><img decoding=\"async\" width=\"984\" height=\"672\" data-skip-lazy src=\"https:\/\/www.design-award.cz\/wp-content\/uploads\/2024\/06\/hl.render.png\" class=\"wp-image-4072\" alt=\"\" srcset=\"https:\/\/www.design-award.cz\/wp-content\/uploads\/2024\/06\/hl.render.png 984w, https:\/\/www.design-award.cz\/wp-content\/uploads\/2024\/06\/hl.render-300x205.png 300w, https:\/\/www.design-award.cz\/wp-content\/uploads\/2024\/06\/hl.render-768x524.png 768w, https:\/\/www.design-award.cz\/wp-content\/uploads\/2024\/06\/hl.render-500x341.png 500w, https:\/\/www.design-award.cz\/wp-content\/uploads\/2024\/06\/hl.render-800x546.png 800w\" sizes=\"(max-width: 984px) 100vw, 984px\" \/><\/noscript><img decoding=\"async\" width=\"984\" height=\"672\" src=\"https:\/\/www.design-award.cz\/wp-content\/uploads\/2024\/06\/hl.render.png\" class=\"wp-image-4072 vp-lazyload\" alt srcset=\"data:image\/svg+xml;base64,PHN2ZyB3aWR0aD0iOTg0IiBoZWlnaHQ9IjY3MiIgdmlld0JveD0iMCAwIDk4NCA2NzIiIGZpbGw9Im5vbmUiIHhtbG5zPSJodHRwOi8vd3d3LnczLm9yZy8yMDAwL3N2ZyI+PC9zdmc+\" data-src=\"https:\/\/www.design-award.cz\/wp-content\/uploads\/2024\/06\/hl.render.png\" data-srcset=\"https:\/\/www.design-award.cz\/wp-content\/uploads\/2024\/06\/hl.render.png 984w, https:\/\/www.design-award.cz\/wp-content\/uploads\/2024\/06\/hl.render-300x205.png 300w, https:\/\/www.design-award.cz\/wp-content\/uploads\/2024\/06\/hl.render-768x524.png 768w, https:\/\/www.design-award.cz\/wp-content\/uploads\/2024\/06\/hl.render-500x341.png 500w, https:\/\/www.design-award.cz\/wp-content\/uploads\/2024\/06\/hl.render-800x546.png 800w\" data-sizes=\"auto\" loading=\"eager\">\n\t\t<\/a>\t<\/div>\n<\/div>\n\t<figcaption class=\"vp-portfolio__item-overlay vp-portfolio__item-overlay-text-align-center\">\n\t\t<div class=\"vp-portfolio__item-meta-wrap vp-portfolio__custom-scrollbar\">\n\t\t\t\t<a\n\t\thref=\"https:\/\/www.design-award.cz\/?portfolio=verejny-interier-bistro\"\n\t\ttabindex=\"-1\" class=\"vp-portfolio__item-meta\" \t>\n\t\n<h2 class=\"vp-portfolio__item-meta-title\">\n\tVe\u0159ejn\u00fd interi\u00e9r &#8211; Bistro<\/h2>\n<\/a>\t\t<\/div>\n\t<\/figcaption>\n\t\t\t<\/figure>\n\t\t\t\t\t<\/article>\n\t\t\n\t\t<article\t\tclass=\"vp-portfolio__item-wrap post-1263 portfolio type-portfolio status-publish format-standard has-post-thumbnail hentry entry has-media vp-portfolio__item-uid-32b755e1\" data-vp-filter=\"\" \t\t>\n\t\t\t\t\t\t\t\t\t<figure class=\"vp-portfolio__item\">\n\t\t\t\t\n<div class=\"vp-portfolio__item-img-wrap\">\n\t<div class=\"vp-portfolio__item-img\">\n\t\t\t<a\n\t\thref=\"https:\/\/www.design-award.cz\/?portfolio=soukromy-interier-navrh-koupelny\"\n\t\t\t>\n\t\n\t\t<noscript><img decoding=\"async\" width=\"1920\" height=\"1080\" data-skip-lazy src=\"https:\/\/www.design-award.cz\/wp-content\/uploads\/2022\/04\/rendr_3-photo_optimized-1920x1080.jpg\" class=\"wp-image-1265\" alt=\"\" srcset=\"https:\/\/www.design-award.cz\/wp-content\/uploads\/2022\/04\/rendr_3-photo_optimized-1920x1080.jpg 1920w, https:\/\/www.design-award.cz\/wp-content\/uploads\/2022\/04\/rendr_3-photo_optimized-300x169.jpg 300w, https:\/\/www.design-award.cz\/wp-content\/uploads\/2022\/04\/rendr_3-photo_optimized-1024x576.jpg 1024w, https:\/\/www.design-award.cz\/wp-content\/uploads\/2022\/04\/rendr_3-photo_optimized-768x432.jpg 768w, https:\/\/www.design-award.cz\/wp-content\/uploads\/2022\/04\/rendr_3-photo_optimized-1536x864.jpg 1536w, https:\/\/www.design-award.cz\/wp-content\/uploads\/2022\/04\/rendr_3-photo_optimized-2048x1152.jpg 2048w, https:\/\/www.design-award.cz\/wp-content\/uploads\/2022\/04\/rendr_3-photo_optimized-500x281.jpg 500w, https:\/\/www.design-award.cz\/wp-content\/uploads\/2022\/04\/rendr_3-photo_optimized-800x450.jpg 800w, https:\/\/www.design-award.cz\/wp-content\/uploads\/2022\/04\/rendr_3-photo_optimized-1280x720.jpg 1280w\" sizes=\"(max-width: 1920px) 100vw, 1920px\" \/><\/noscript><img decoding=\"async\" width=\"1920\" height=\"1080\" src=\"https:\/\/www.design-award.cz\/wp-content\/uploads\/2022\/04\/rendr_3-photo_optimized-1920x1080.jpg\" class=\"wp-image-1265 vp-lazyload\" alt srcset=\"data:image\/svg+xml;base64,PHN2ZyB3aWR0aD0iMTkyMCIgaGVpZ2h0PSIxMDgwIiB2aWV3Qm94PSIwIDAgMTkyMCAxMDgwIiBmaWxsPSJub25lIiB4bWxucz0iaHR0cDovL3d3dy53My5vcmcvMjAwMC9zdmciPjwvc3ZnPg==\" data-src=\"https:\/\/www.design-award.cz\/wp-content\/uploads\/2022\/04\/rendr_3-photo_optimized-1920x1080.jpg\" data-srcset=\"https:\/\/www.design-award.cz\/wp-content\/uploads\/2022\/04\/rendr_3-photo_optimized-1920x1080.jpg 1920w, https:\/\/www.design-award.cz\/wp-content\/uploads\/2022\/04\/rendr_3-photo_optimized-300x169.jpg 300w, https:\/\/www.design-award.cz\/wp-content\/uploads\/2022\/04\/rendr_3-photo_optimized-1024x576.jpg 1024w, https:\/\/www.design-award.cz\/wp-content\/uploads\/2022\/04\/rendr_3-photo_optimized-768x432.jpg 768w, https:\/\/www.design-award.cz\/wp-content\/uploads\/2022\/04\/rendr_3-photo_optimized-1536x864.jpg 1536w, https:\/\/www.design-award.cz\/wp-content\/uploads\/2022\/04\/rendr_3-photo_optimized-2048x1152.jpg 2048w, https:\/\/www.design-award.cz\/wp-content\/uploads\/2022\/04\/rendr_3-photo_optimized-500x281.jpg 500w, https:\/\/www.design-award.cz\/wp-content\/uploads\/2022\/04\/rendr_3-photo_optimized-800x450.jpg 800w, https:\/\/www.design-award.cz\/wp-content\/uploads\/2022\/04\/rendr_3-photo_optimized-1280x720.jpg 1280w\" data-sizes=\"auto\" loading=\"eager\">\n\t\t<\/a>\t<\/div>\n<\/div>\n\t<figcaption class=\"vp-portfolio__item-overlay vp-portfolio__item-overlay-text-align-center\">\n\t\t<div class=\"vp-portfolio__item-meta-wrap vp-portfolio__custom-scrollbar\">\n\t\t\t\t<a\n\t\thref=\"https:\/\/www.design-award.cz\/?portfolio=soukromy-interier-navrh-koupelny\"\n\t\ttabindex=\"-1\" class=\"vp-portfolio__item-meta\" \t>\n\t\n<h2 class=\"vp-portfolio__item-meta-title\">\n\tSoukrom\u00fd interi\u00e9r &#8211; N\u00e1vrh koupelny<\/h2>\n<\/a>\t\t<\/div>\n\t<\/figcaption>\n\t\t\t<\/figure>\n\t\t\t\t\t<\/article>\n\t\t\n\t\t<article\t\tclass=\"vp-portfolio__item-wrap post-593 portfolio type-portfolio status-publish format-standard has-post-thumbnail hentry entry has-media vp-portfolio__item-uid-f4c4f7a1\" data-vp-filter=\"\" style=\"--vp-images__object-position: 48% 25%;\" \t\t>\n\t\t\t\t\t\t\t\t\t<figure class=\"vp-portfolio__item\">\n\t\t\t\t\n<div class=\"vp-portfolio__item-img-wrap\">\n\t<div class=\"vp-portfolio__item-img\">\n\t\t\t<a\n\t\thref=\"https:\/\/www.design-award.cz\/?portfolio=produktovy-design-kruhova-klika%e2%81%a0-wonn\"\n\t\t\t>\n\t\n\t\t<noscript><img decoding=\"async\" width=\"1920\" height=\"2715\" data-skip-lazy src=\"https:\/\/www.design-award.cz\/wp-content\/uploads\/2022\/04\/plakat-1920x2715.jpg\" class=\"wp-image-596\" alt=\"\" srcset=\"https:\/\/www.design-award.cz\/wp-content\/uploads\/2022\/04\/plakat-1920x2715.jpg 1920w, https:\/\/www.design-award.cz\/wp-content\/uploads\/2022\/04\/plakat-212x300.jpg 212w, https:\/\/www.design-award.cz\/wp-content\/uploads\/2022\/04\/plakat-724x1024.jpg 724w, https:\/\/www.design-award.cz\/wp-content\/uploads\/2022\/04\/plakat-768x1086.jpg 768w, https:\/\/www.design-award.cz\/wp-content\/uploads\/2022\/04\/plakat-1086x1536.jpg 1086w, https:\/\/www.design-award.cz\/wp-content\/uploads\/2022\/04\/plakat-1448x2048.jpg 1448w, https:\/\/www.design-award.cz\/wp-content\/uploads\/2022\/04\/plakat-500x707.jpg 500w, https:\/\/www.design-award.cz\/wp-content\/uploads\/2022\/04\/plakat-800x1131.jpg 800w, https:\/\/www.design-award.cz\/wp-content\/uploads\/2022\/04\/plakat-1280x1810.jpg 1280w, https:\/\/www.design-award.cz\/wp-content\/uploads\/2022\/04\/plakat-scaled.jpg 1810w\" sizes=\"(max-width: 1920px) 100vw, 1920px\" \/><\/noscript><img decoding=\"async\" width=\"1920\" height=\"2715\" src=\"https:\/\/www.design-award.cz\/wp-content\/uploads\/2022\/04\/plakat-1920x2715.jpg\" class=\"wp-image-596 vp-lazyload\" alt srcset=\"data:image\/svg+xml;base64,PHN2ZyB3aWR0aD0iMTkyMCIgaGVpZ2h0PSIyNzE1IiB2aWV3Qm94PSIwIDAgMTkyMCAyNzE1IiBmaWxsPSJub25lIiB4bWxucz0iaHR0cDovL3d3dy53My5vcmcvMjAwMC9zdmciPjwvc3ZnPg==\" data-src=\"https:\/\/www.design-award.cz\/wp-content\/uploads\/2022\/04\/plakat-1920x2715.jpg\" data-srcset=\"https:\/\/www.design-award.cz\/wp-content\/uploads\/2022\/04\/plakat-1920x2715.jpg 1920w, https:\/\/www.design-award.cz\/wp-content\/uploads\/2022\/04\/plakat-212x300.jpg 212w, https:\/\/www.design-award.cz\/wp-content\/uploads\/2022\/04\/plakat-724x1024.jpg 724w, https:\/\/www.design-award.cz\/wp-content\/uploads\/2022\/04\/plakat-768x1086.jpg 768w, https:\/\/www.design-award.cz\/wp-content\/uploads\/2022\/04\/plakat-1086x1536.jpg 1086w, https:\/\/www.design-award.cz\/wp-content\/uploads\/2022\/04\/plakat-1448x2048.jpg 1448w, https:\/\/www.design-award.cz\/wp-content\/uploads\/2022\/04\/plakat-500x707.jpg 500w, https:\/\/www.design-award.cz\/wp-content\/uploads\/2022\/04\/plakat-800x1131.jpg 800w, https:\/\/www.design-award.cz\/wp-content\/uploads\/2022\/04\/plakat-1280x1810.jpg 1280w, https:\/\/www.design-award.cz\/wp-content\/uploads\/2022\/04\/plakat-scaled.jpg 1810w\" data-sizes=\"auto\" loading=\"eager\">\n\t\t<\/a>\t<\/div>\n<\/div>\n\t<figcaption class=\"vp-portfolio__item-overlay vp-portfolio__item-overlay-text-align-center\">\n\t\t<div class=\"vp-portfolio__item-meta-wrap vp-portfolio__custom-scrollbar\">\n\t\t\t\t<a\n\t\thref=\"https:\/\/www.design-award.cz\/?portfolio=produktovy-design-kruhova-klika%e2%81%a0-wonn\"\n\t\ttabindex=\"-1\" class=\"vp-portfolio__item-meta\" \t>\n\t\n<h2 class=\"vp-portfolio__item-meta-title\">\n\tProduktov\u00fd design &#8211; Kruhov\u00e1 klika\u2060 Wonn<\/h2>\n<\/a>\t\t<\/div>\n\t<\/figcaption>\n\t\t\t<\/figure>\n\t\t\t\t\t<\/article>\n\t\t\n\t\t<article\t\tclass=\"vp-portfolio__item-wrap post-4664 portfolio type-portfolio status-publish format-standard has-post-thumbnail hentry entry has-media vp-portfolio__item-uid-9c0498ac\" data-vp-filter=\"\" \t\t>\n\t\t\t\t\t\t\t\t\t<figure class=\"vp-portfolio__item\">\n\t\t\t\t\n<div class=\"vp-portfolio__item-img-wrap\">\n\t<div class=\"vp-portfolio__item-img\">\n\t\t\t<a\n\t\thref=\"https:\/\/www.design-award.cz\/?portfolio=produktovy-design-duco-chair\"\n\t\t\t>\n\t\n\t\t<noscript><img decoding=\"async\" width=\"1064\" height=\"806\" data-skip-lazy src=\"https:\/\/www.design-award.cz\/wp-content\/uploads\/2025\/06\/IMG_3718.jpg\" class=\"wp-image-4667\" alt=\"\" srcset=\"https:\/\/www.design-award.cz\/wp-content\/uploads\/2025\/06\/IMG_3718.jpg 1064w, https:\/\/www.design-award.cz\/wp-content\/uploads\/2025\/06\/IMG_3718-300x227.jpg 300w, https:\/\/www.design-award.cz\/wp-content\/uploads\/2025\/06\/IMG_3718-1024x776.jpg 1024w, https:\/\/www.design-award.cz\/wp-content\/uploads\/2025\/06\/IMG_3718-768x582.jpg 768w, https:\/\/www.design-award.cz\/wp-content\/uploads\/2025\/06\/IMG_3718-500x379.jpg 500w, https:\/\/www.design-award.cz\/wp-content\/uploads\/2025\/06\/IMG_3718-800x606.jpg 800w\" sizes=\"(max-width: 1064px) 100vw, 1064px\" \/><\/noscript><img decoding=\"async\" width=\"1064\" height=\"806\" src=\"https:\/\/www.design-award.cz\/wp-content\/uploads\/2025\/06\/IMG_3718.jpg\" class=\"wp-image-4667 vp-lazyload\" alt srcset=\"data:image\/svg+xml;base64,PHN2ZyB3aWR0aD0iMTA2NCIgaGVpZ2h0PSI4MDYiIHZpZXdCb3g9IjAgMCAxMDY0IDgwNiIgZmlsbD0ibm9uZSIgeG1sbnM9Imh0dHA6Ly93d3cudzMub3JnLzIwMDAvc3ZnIj48L3N2Zz4=\" data-src=\"https:\/\/www.design-award.cz\/wp-content\/uploads\/2025\/06\/IMG_3718.jpg\" data-srcset=\"https:\/\/www.design-award.cz\/wp-content\/uploads\/2025\/06\/IMG_3718.jpg 1064w, https:\/\/www.design-award.cz\/wp-content\/uploads\/2025\/06\/IMG_3718-300x227.jpg 300w, https:\/\/www.design-award.cz\/wp-content\/uploads\/2025\/06\/IMG_3718-1024x776.jpg 1024w, https:\/\/www.design-award.cz\/wp-content\/uploads\/2025\/06\/IMG_3718-768x582.jpg 768w, https:\/\/www.design-award.cz\/wp-content\/uploads\/2025\/06\/IMG_3718-500x379.jpg 500w, https:\/\/www.design-award.cz\/wp-content\/uploads\/2025\/06\/IMG_3718-800x606.jpg 800w\" data-sizes=\"auto\" loading=\"eager\">\n\t\t<\/a>\t<\/div>\n<\/div>\n\t<figcaption class=\"vp-portfolio__item-overlay vp-portfolio__item-overlay-text-align-center\">\n\t\t<div class=\"vp-portfolio__item-meta-wrap vp-portfolio__custom-scrollbar\">\n\t\t\t\t<a\n\t\thref=\"https:\/\/www.design-award.cz\/?portfolio=produktovy-design-duco-chair\"\n\t\ttabindex=\"-1\" class=\"vp-portfolio__item-meta\" \t>\n\t\n<h2 class=\"vp-portfolio__item-meta-title\">\n\tProduktov\u00fd design &#8211; DUCO chair<\/h2>\n<\/a>\t\t<\/div>\n\t<\/figcaption>\n\t\t\t<\/figure>\n\t\t\t\t\t<\/article>\n\t\t\n\t\t<article\t\tclass=\"vp-portfolio__item-wrap post-1367 portfolio type-portfolio status-publish format-standard has-post-thumbnail hentry portfolio_category-https-www-design-award-cz-page_id1603 portfolio_tag-9 entry has-media vp-portfolio__item-uid-3418fbcf\" data-vp-filter=\"https-www-design-award-cz-page_id1603\" \t\t>\n\t\t\t\t\t\t\t\t\t<figure class=\"vp-portfolio__item\">\n\t\t\t\t\n<div class=\"vp-portfolio__item-img-wrap\">\n\t<div class=\"vp-portfolio__item-img\">\n\t\t\t<a\n\t\thref=\"https:\/\/www.design-award.cz\/?portfolio=produktovy-design-udrzitelny-produkt-krichle\"\n\t\t\t>\n\t\n\t\t<noscript><img decoding=\"async\" width=\"1920\" height=\"1201\" data-skip-lazy src=\"https:\/\/www.design-award.cz\/wp-content\/uploads\/2022\/04\/VIZUAL2-1920x1201.png\" class=\"wp-image-1370\" alt=\"\" srcset=\"https:\/\/www.design-award.cz\/wp-content\/uploads\/2022\/04\/VIZUAL2-1920x1201.png 1920w, https:\/\/www.design-award.cz\/wp-content\/uploads\/2022\/04\/VIZUAL2-300x188.png 300w, https:\/\/www.design-award.cz\/wp-content\/uploads\/2022\/04\/VIZUAL2-1024x641.png 1024w, https:\/\/www.design-award.cz\/wp-content\/uploads\/2022\/04\/VIZUAL2-768x481.png 768w, https:\/\/www.design-award.cz\/wp-content\/uploads\/2022\/04\/VIZUAL2-1536x961.png 1536w, https:\/\/www.design-award.cz\/wp-content\/uploads\/2022\/04\/VIZUAL2-2048x1281.png 2048w, https:\/\/www.design-award.cz\/wp-content\/uploads\/2022\/04\/VIZUAL2-500x313.png 500w, https:\/\/www.design-award.cz\/wp-content\/uploads\/2022\/04\/VIZUAL2-800x501.png 800w, https:\/\/www.design-award.cz\/wp-content\/uploads\/2022\/04\/VIZUAL2-1280x801.png 1280w\" sizes=\"(max-width: 1920px) 100vw, 1920px\" \/><\/noscript><img decoding=\"async\" width=\"1920\" height=\"1201\" src=\"https:\/\/www.design-award.cz\/wp-content\/uploads\/2022\/04\/VIZUAL2-1920x1201.png\" class=\"wp-image-1370 vp-lazyload\" alt srcset=\"data:image\/svg+xml;base64,PHN2ZyB3aWR0aD0iMTkyMCIgaGVpZ2h0PSIxMjAxIiB2aWV3Qm94PSIwIDAgMTkyMCAxMjAxIiBmaWxsPSJub25lIiB4bWxucz0iaHR0cDovL3d3dy53My5vcmcvMjAwMC9zdmciPjwvc3ZnPg==\" data-src=\"https:\/\/www.design-award.cz\/wp-content\/uploads\/2022\/04\/VIZUAL2-1920x1201.png\" data-srcset=\"https:\/\/www.design-award.cz\/wp-content\/uploads\/2022\/04\/VIZUAL2-1920x1201.png 1920w, https:\/\/www.design-award.cz\/wp-content\/uploads\/2022\/04\/VIZUAL2-300x188.png 300w, https:\/\/www.design-award.cz\/wp-content\/uploads\/2022\/04\/VIZUAL2-1024x641.png 1024w, https:\/\/www.design-award.cz\/wp-content\/uploads\/2022\/04\/VIZUAL2-768x481.png 768w, https:\/\/www.design-award.cz\/wp-content\/uploads\/2022\/04\/VIZUAL2-1536x961.png 1536w, https:\/\/www.design-award.cz\/wp-content\/uploads\/2022\/04\/VIZUAL2-2048x1281.png 2048w, https:\/\/www.design-award.cz\/wp-content\/uploads\/2022\/04\/VIZUAL2-500x313.png 500w, https:\/\/www.design-award.cz\/wp-content\/uploads\/2022\/04\/VIZUAL2-800x501.png 800w, https:\/\/www.design-award.cz\/wp-content\/uploads\/2022\/04\/VIZUAL2-1280x801.png 1280w\" data-sizes=\"auto\" loading=\"eager\">\n\t\t<\/a>\t<\/div>\n<\/div>\n\t<figcaption class=\"vp-portfolio__item-overlay vp-portfolio__item-overlay-text-align-center\">\n\t\t<div class=\"vp-portfolio__item-meta-wrap vp-portfolio__custom-scrollbar\">\n\t\t\t\t<a\n\t\thref=\"https:\/\/www.design-award.cz\/?portfolio=produktovy-design-udrzitelny-produkt-krichle\"\n\t\ttabindex=\"-1\" class=\"vp-portfolio__item-meta\" \t>\n\t\n<div class=\"vp-portfolio__item-meta-categories\">\n\t\t\t<div class=\"vp-portfolio__item-meta-category\">\n\t\t\t\t<span\t\t\t>\n\tArchiv 2022<\/span>\t\t<\/div>\n\t\t<\/div>\n\n<h2 class=\"vp-portfolio__item-meta-title\">\n\tProduktov\u00fd design &#8211; Udr\u017eiteln\u00fd produkt &#8211; KRiCHLE<\/h2>\n<\/a>\t\t<\/div>\n\t<\/figcaption>\n\t\t\t<\/figure>\n\t\t\t\t\t<\/article>\n\t\t\n\t\t<article\t\tclass=\"vp-portfolio__item-wrap post-5654 portfolio type-portfolio status-publish format-standard has-post-thumbnail hentry entry has-media vp-portfolio__item-uid-0f95ac0a\" data-vp-filter=\"\" \t\t>\n\t\t\t\t\t\t\t\t\t<figure class=\"vp-portfolio__item\">\n\t\t\t\t\n<div class=\"vp-portfolio__item-img-wrap\">\n\t<div class=\"vp-portfolio__item-img\">\n\t\t\t<a\n\t\thref=\"https:\/\/www.design-award.cz\/?portfolio=produktovy-design-fjol-jidelni-sestava-nabytku\"\n\t\t\t>\n\t\n\t\t<noscript><img decoding=\"async\" width=\"1920\" height=\"1080\" data-skip-lazy src=\"https:\/\/www.design-award.cz\/wp-content\/uploads\/2025\/07\/fjol-barvy.png\" class=\"wp-image-5656\" alt=\"\" srcset=\"https:\/\/www.design-award.cz\/wp-content\/uploads\/2025\/07\/fjol-barvy.png 1920w, https:\/\/www.design-award.cz\/wp-content\/uploads\/2025\/07\/fjol-barvy-300x169.png 300w, https:\/\/www.design-award.cz\/wp-content\/uploads\/2025\/07\/fjol-barvy-1024x576.png 1024w, https:\/\/www.design-award.cz\/wp-content\/uploads\/2025\/07\/fjol-barvy-768x432.png 768w, https:\/\/www.design-award.cz\/wp-content\/uploads\/2025\/07\/fjol-barvy-1536x864.png 1536w, https:\/\/www.design-award.cz\/wp-content\/uploads\/2025\/07\/fjol-barvy-800x450.png 800w, https:\/\/www.design-award.cz\/wp-content\/uploads\/2025\/07\/fjol-barvy-500x281.png 500w, https:\/\/www.design-award.cz\/wp-content\/uploads\/2025\/07\/fjol-barvy-1280x720.png 1280w\" sizes=\"(max-width: 1920px) 100vw, 1920px\" \/><\/noscript><img decoding=\"async\" width=\"1920\" height=\"1080\" src=\"https:\/\/www.design-award.cz\/wp-content\/uploads\/2025\/07\/fjol-barvy.png\" class=\"wp-image-5656 vp-lazyload\" alt srcset=\"data:image\/svg+xml;base64,PHN2ZyB3aWR0aD0iMTkyMCIgaGVpZ2h0PSIxMDgwIiB2aWV3Qm94PSIwIDAgMTkyMCAxMDgwIiBmaWxsPSJub25lIiB4bWxucz0iaHR0cDovL3d3dy53My5vcmcvMjAwMC9zdmciPjwvc3ZnPg==\" data-src=\"https:\/\/www.design-award.cz\/wp-content\/uploads\/2025\/07\/fjol-barvy.png\" data-srcset=\"https:\/\/www.design-award.cz\/wp-content\/uploads\/2025\/07\/fjol-barvy.png 1920w, https:\/\/www.design-award.cz\/wp-content\/uploads\/2025\/07\/fjol-barvy-300x169.png 300w, https:\/\/www.design-award.cz\/wp-content\/uploads\/2025\/07\/fjol-barvy-1024x576.png 1024w, https:\/\/www.design-award.cz\/wp-content\/uploads\/2025\/07\/fjol-barvy-768x432.png 768w, https:\/\/www.design-award.cz\/wp-content\/uploads\/2025\/07\/fjol-barvy-1536x864.png 1536w, https:\/\/www.design-award.cz\/wp-content\/uploads\/2025\/07\/fjol-barvy-800x450.png 800w, https:\/\/www.design-award.cz\/wp-content\/uploads\/2025\/07\/fjol-barvy-500x281.png 500w, https:\/\/www.design-award.cz\/wp-content\/uploads\/2025\/07\/fjol-barvy-1280x720.png 1280w\" data-sizes=\"auto\" loading=\"eager\">\n\t\t<\/a>\t<\/div>\n<\/div>\n\t<figcaption class=\"vp-portfolio__item-overlay vp-portfolio__item-overlay-text-align-center\">\n\t\t<div class=\"vp-portfolio__item-meta-wrap vp-portfolio__custom-scrollbar\">\n\t\t\t\t<a\n\t\thref=\"https:\/\/www.design-award.cz\/?portfolio=produktovy-design-fjol-jidelni-sestava-nabytku\"\n\t\ttabindex=\"-1\" class=\"vp-portfolio__item-meta\" \t>\n\t\n<h2 class=\"vp-portfolio__item-meta-title\">\n\tProduktov\u00fd design &#8211; fjol \u2013 j\u00eddeln\u00ed sestava n\u00e1bytku<\/h2>\n<\/a>\t\t<\/div>\n\t<\/figcaption>\n\t\t\t<\/figure>\n\t\t\t\t\t<\/article>\n\t\t\n\t\t<article\t\tclass=\"vp-portfolio__item-wrap post-4167 portfolio type-portfolio status-publish format-standard has-post-thumbnail hentry entry has-media vp-portfolio__item-uid-0042df93\" data-vp-filter=\"\" \t\t>\n\t\t\t\t\t\t\t\t\t<figure class=\"vp-portfolio__item\">\n\t\t\t\t\n<div class=\"vp-portfolio__item-img-wrap\">\n\t<div class=\"vp-portfolio__item-img\">\n\t\t\t<a\n\t\thref=\"https:\/\/www.design-award.cz\/?portfolio=produktovy-design-hoabinh-chair\"\n\t\t\t>\n\t\n\t\t<noscript><img decoding=\"async\" width=\"850\" height=\"478\" data-skip-lazy src=\"https:\/\/www.design-award.cz\/wp-content\/uploads\/2024\/07\/pudorys1.png\" class=\"wp-image-4228\" alt=\"\" srcset=\"https:\/\/www.design-award.cz\/wp-content\/uploads\/2024\/07\/pudorys1.png 850w, https:\/\/www.design-award.cz\/wp-content\/uploads\/2024\/07\/pudorys1-300x169.png 300w, https:\/\/www.design-award.cz\/wp-content\/uploads\/2024\/07\/pudorys1-768x432.png 768w, https:\/\/www.design-award.cz\/wp-content\/uploads\/2024\/07\/pudorys1-500x281.png 500w, https:\/\/www.design-award.cz\/wp-content\/uploads\/2024\/07\/pudorys1-800x450.png 800w\" sizes=\"(max-width: 850px) 100vw, 850px\" \/><\/noscript><img decoding=\"async\" width=\"850\" height=\"478\" src=\"https:\/\/www.design-award.cz\/wp-content\/uploads\/2024\/07\/pudorys1.png\" class=\"wp-image-4228 vp-lazyload\" alt srcset=\"data:image\/svg+xml;base64,PHN2ZyB3aWR0aD0iODUwIiBoZWlnaHQ9IjQ3OCIgdmlld0JveD0iMCAwIDg1MCA0NzgiIGZpbGw9Im5vbmUiIHhtbG5zPSJodHRwOi8vd3d3LnczLm9yZy8yMDAwL3N2ZyI+PC9zdmc+\" data-src=\"https:\/\/www.design-award.cz\/wp-content\/uploads\/2024\/07\/pudorys1.png\" data-srcset=\"https:\/\/www.design-award.cz\/wp-content\/uploads\/2024\/07\/pudorys1.png 850w, https:\/\/www.design-award.cz\/wp-content\/uploads\/2024\/07\/pudorys1-300x169.png 300w, https:\/\/www.design-award.cz\/wp-content\/uploads\/2024\/07\/pudorys1-768x432.png 768w, https:\/\/www.design-award.cz\/wp-content\/uploads\/2024\/07\/pudorys1-500x281.png 500w, https:\/\/www.design-award.cz\/wp-content\/uploads\/2024\/07\/pudorys1-800x450.png 800w\" data-sizes=\"auto\" loading=\"eager\">\n\t\t<\/a>\t<\/div>\n<\/div>\n\t<figcaption class=\"vp-portfolio__item-overlay vp-portfolio__item-overlay-text-align-center\">\n\t\t<div class=\"vp-portfolio__item-meta-wrap vp-portfolio__custom-scrollbar\">\n\t\t\t\t<a\n\t\thref=\"https:\/\/www.design-award.cz\/?portfolio=produktovy-design-hoabinh-chair\"\n\t\ttabindex=\"-1\" class=\"vp-portfolio__item-meta\" \t>\n\t\n<h2 class=\"vp-portfolio__item-meta-title\">\n\tProduktov\u00fd design &#8211; Hoabinh Chair<\/h2>\n<\/a>\t\t<\/div>\n\t<\/figcaption>\n\t\t\t<\/figure>\n\t\t\t\t\t<\/article>\n\t\t\n<\/div>\n\n<div class=\"vp-portfolio__items-arrow vp-portfolio__items-arrow-prev\" tabindex=\"0\" role=\"button\" aria-label=\"Previous Slide\">\n\t\n<svg class=\"vp-svg-icon\" width=\"20\" height=\"20\" viewBox=\"0 0 20 20\" fill=\"none\" xmlns=\"http:\/\/www.w3.org\/2000\/svg\">\n\t<path d=\"M12 4L6 10L12 16\" stroke=\"currentColor\" stroke-width=\"1.5\" stroke-linecap=\"round\" stroke-linejoin=\"round\" fill=\"transparent\" \/>\n<\/svg>\n<\/div>\n<div class=\"vp-portfolio__items-arrow vp-portfolio__items-arrow-next\" tabindex=\"0\" role=\"button\" aria-label=\"Next Slide\">\n\t\n<svg class=\"vp-svg-icon\" width=\"20\" height=\"20\" viewBox=\"0 0 20 20\" fill=\"none\" xmlns=\"http:\/\/www.w3.org\/2000\/svg\">\n\t<path d=\"M8 4L14 10L8 16\" stroke=\"currentColor\" stroke-width=\"1.5\" stroke-linecap=\"round\" stroke-linejoin=\"round\" fill=\"transparent\" \/>\n<\/svg>\n<\/div>\n\t\t<\/div>\n\t\t\t\t<div class=\"vp-portfolio__layout-elements vp-portfolio__layout-elements-bottom vp-portfolio__layout-elements-align-center\">\n\t\t\t\t<div class=\"vp-portfolio__pagination-wrap\">\n\t\t\n<div class=\"vp-pagination vp-pagination__style-minimal\" data-vp-pagination-type=\"load-more\">\n\t<div class=\"vp-pagination__item\">\n\t\t<a class=\"vp-pagination__load-more\" href=\"https:\/\/www.design-award.cz\/index.php?rest_route=%2Fwp%2Fv2%2Fportfolio%2F963&#038;vp_page=2\">\n\t\t\t<span>Load More<\/span>\n\t\t\t<span class=\"vp-pagination__load-more-loading\"><span class=\"vp-spinner\"><\/span><span class=\"vp-screen-reader-text\"> Loading More&#8230;<\/span><\/span>\n\t\t\t<span class=\"vp-pagination__load-more-no-more\">You\u2019ve reached the end of the list<\/span>\n\t\t<\/a>\n\t<\/div>\n<\/div>\n\t\t<\/div>\n\t\t\t\t<\/div>\n\t\t\n<\/div>\n<\/div>","protected":false},"excerpt":{"rendered":"<p>Viktorie \u0160indel\u00e1\u0159ov\u00e1 Akademie Sv\u011btl\u00e1 nad S\u00e1zavou Zad\u00e1n\u00edm bylo navrhnout dle zadan\u00fdch rozm\u011br\u016f kuchy\u0148, j\u00eddelnu a ob\u00fdvac\u00ed pokoj pro \u010dty\u0159\u010dlennou rodinu.Interi\u00e9r musel b\u00fdt za\u0159\u00edzen v rustik\u00e1ln\u00edm a modern\u00edm stylu. Rozpo\u010det nebyl omezen. V m\u00e9m n\u00e1vrhu jsem se zam\u011b\u0159ila na neutr\u00e1ln\u00ed barvy v kontrastu s v\u00fdraznou \u017elutou. Cel\u00fd interi\u00e9r je p\u0159ev\u00e1\u017en\u011b b\u00edl\u00fd, abyl\u00e9pe nesl p\u0159\u00edrodn\u00ed sv\u011btlo. Vinylov\u00e1 [&hellip;]<\/p>\n","protected":false},"author":1,"featured_media":965,"menu_order":0,"comment_status":"closed","ping_status":"closed","template":"","format":"standard","meta":{"ngg_post_thumbnail":0,"ocean_post_layout":"","ocean_both_sidebars_style":"","ocean_both_sidebars_content_width":0,"ocean_both_sidebars_sidebars_width":0,"ocean_sidebar":"","ocean_second_sidebar":"","ocean_disable_margins":"enable","ocean_add_body_class":"","ocean_shortcode_before_top_bar":"","ocean_shortcode_after_top_bar":"","ocean_shortcode_before_header":"","ocean_shortcode_after_header":"","ocean_has_shortcode":"","ocean_shortcode_after_title":"","ocean_shortcode_before_footer_widgets":"","ocean_shortcode_after_footer_widgets":"","ocean_shortcode_before_footer_bottom":"","ocean_shortcode_after_footer_bottom":"","ocean_display_top_bar":"default","ocean_display_header":"default","ocean_header_style":"","ocean_center_header_left_menu":"","ocean_custom_header_template":"","ocean_custom_logo":0,"ocean_custom_retina_logo":0,"ocean_custom_logo_max_width":0,"ocean_custom_logo_tablet_max_width":0,"ocean_custom_logo_mobile_max_width":0,"ocean_custom_logo_max_height":0,"ocean_custom_logo_tablet_max_height":0,"ocean_custom_logo_mobile_max_height":0,"ocean_header_custom_menu":"","ocean_menu_typo_font_family":"","ocean_menu_typo_font_subset":"","ocean_menu_typo_font_size":0,"ocean_menu_typo_font_size_tablet":0,"ocean_menu_typo_font_size_mobile":0,"ocean_menu_typo_font_size_unit":"px","ocean_menu_typo_font_weight":"","ocean_menu_typo_font_weight_tablet":"","ocean_menu_typo_font_weight_mobile":"","ocean_menu_typo_transform":"","ocean_menu_typo_transform_tablet":"","ocean_menu_typo_transform_mobile":"","ocean_menu_typo_line_height":0,"ocean_menu_typo_line_height_tablet":0,"ocean_menu_typo_line_height_mobile":0,"ocean_menu_typo_line_height_unit":"","ocean_menu_typo_spacing":0,"ocean_menu_typo_spacing_tablet":0,"ocean_menu_typo_spacing_mobile":0,"ocean_menu_typo_spacing_unit":"","ocean_menu_link_color":"","ocean_menu_link_color_hover":"","ocean_menu_link_color_active":"","ocean_menu_link_background":"","ocean_menu_link_hover_background":"","ocean_menu_link_active_background":"","ocean_menu_social_links_bg":"","ocean_menu_social_hover_links_bg":"","ocean_menu_social_links_color":"","ocean_menu_social_hover_links_color":"","ocean_disable_title":"default","ocean_disable_heading":"default","ocean_post_title":"","ocean_post_subheading":"","ocean_post_title_style":"","ocean_post_title_background_color":"","ocean_post_title_background":0,"ocean_post_title_bg_image_position":"","ocean_post_title_bg_image_attachment":"","ocean_post_title_bg_image_repeat":"","ocean_post_title_bg_image_size":"","ocean_post_title_height":0,"ocean_post_title_bg_overlay":0.5,"ocean_post_title_bg_overlay_color":"","ocean_disable_breadcrumbs":"default","ocean_breadcrumbs_color":"","ocean_breadcrumbs_separator_color":"","ocean_breadcrumbs_links_color":"","ocean_breadcrumbs_links_hover_color":"","ocean_display_footer_widgets":"default","ocean_display_footer_bottom":"default","ocean_custom_footer_template":"","_vp_format_video_url":"","_vp_image_focal_point":[],"footnotes":""},"portfolio_category":[],"portfolio_tag":[],"class_list":["post-963","portfolio","type-portfolio","status-publish","format-standard","has-post-thumbnail","hentry","entry","has-media"],"yoast_head":"<!-- This site is optimized with the Yoast SEO plugin v25.2 - https:\/\/yoast.com\/wordpress\/plugins\/seo\/ -->\n<title>Soukrom\u00fd interi\u00e9r - N\u00e1vrh rodinn\u00e9ho domu - design-award.cz<\/title>\n<meta name=\"robots\" content=\"index, follow, max-snippet:-1, max-image-preview:large, max-video-preview:-1\" \/>\n<link rel=\"canonical\" href=\"https:\/\/www.design-award.cz\/?portfolio=soukromy-interier-navrh-rodinneho-domu-5\" \/>\n<meta property=\"og:locale\" content=\"cs_CZ\" \/>\n<meta property=\"og:type\" content=\"article\" \/>\n<meta property=\"og:title\" content=\"Soukrom\u00fd interi\u00e9r - N\u00e1vrh rodinn\u00e9ho domu - design-award.cz\" \/>\n<meta property=\"og:description\" content=\"Viktorie \u0160indel\u00e1\u0159ov\u00e1 Akademie Sv\u011btl\u00e1 nad S\u00e1zavou Zad\u00e1n\u00edm bylo navrhnout dle zadan\u00fdch rozm\u011br\u016f kuchy\u0148, j\u00eddelnu a ob\u00fdvac\u00ed pokoj pro \u010dty\u0159\u010dlennou rodinu.Interi\u00e9r musel b\u00fdt za\u0159\u00edzen v rustik\u00e1ln\u00edm a modern\u00edm stylu. Rozpo\u010det nebyl omezen. V m\u00e9m n\u00e1vrhu jsem se zam\u011b\u0159ila na neutr\u00e1ln\u00ed barvy v kontrastu s v\u00fdraznou \u017elutou. Cel\u00fd interi\u00e9r je p\u0159ev\u00e1\u017en\u011b b\u00edl\u00fd, abyl\u00e9pe nesl p\u0159\u00edrodn\u00ed sv\u011btlo. Vinylov\u00e1 [&hellip;]\" \/>\n<meta property=\"og:url\" content=\"https:\/\/www.design-award.cz\/?portfolio=soukromy-interier-navrh-rodinneho-domu-5\" \/>\n<meta property=\"og:site_name\" content=\"design-award.cz\" \/>\n<meta property=\"article:modified_time\" content=\"2022-04-28T16:27:48+00:00\" \/>\n<meta property=\"og:image\" content=\"http:\/\/www.design-award.cz\/wp-content\/uploads\/2022\/04\/Obyvaci_cast_V.Sindelarova-1024x576.png\" \/>\n\t<meta property=\"og:image:width\" content=\"1024\" \/>\n\t<meta property=\"og:image:height\" content=\"576\" \/>\n\t<meta property=\"og:image:type\" content=\"image\/png\" \/>\n<meta name=\"twitter:card\" content=\"summary_large_image\" \/>\n<meta name=\"twitter:label1\" content=\"Odhadovan\u00e1 doba \u010dten\u00ed\" \/>\n\t<meta name=\"twitter:data1\" content=\"1 minuta\" \/>\n<script type=\"application\/ld+json\" class=\"yoast-schema-graph\">{\"@context\":\"https:\/\/schema.org\",\"@graph\":[{\"@type\":\"WebPage\",\"@id\":\"https:\/\/www.design-award.cz\/?portfolio=soukromy-interier-navrh-rodinneho-domu-5\",\"url\":\"https:\/\/www.design-award.cz\/?portfolio=soukromy-interier-navrh-rodinneho-domu-5\",\"name\":\"Soukrom\u00fd interi\u00e9r - N\u00e1vrh rodinn\u00e9ho domu - design-award.cz\",\"isPartOf\":{\"@id\":\"https:\/\/www.design-award.cz\/#website\"},\"primaryImageOfPage\":{\"@id\":\"https:\/\/www.design-award.cz\/?portfolio=soukromy-interier-navrh-rodinneho-domu-5#primaryimage\"},\"image\":{\"@id\":\"https:\/\/www.design-award.cz\/?portfolio=soukromy-interier-navrh-rodinneho-domu-5#primaryimage\"},\"thumbnailUrl\":\"https:\/\/www.design-award.cz\/wp-content\/uploads\/2022\/04\/Obyvaci_cast_V.Sindelarova.png\",\"datePublished\":\"2022-04-28T16:27:47+00:00\",\"dateModified\":\"2022-04-28T16:27:48+00:00\",\"breadcrumb\":{\"@id\":\"https:\/\/www.design-award.cz\/?portfolio=soukromy-interier-navrh-rodinneho-domu-5#breadcrumb\"},\"inLanguage\":\"cs\",\"potentialAction\":[{\"@type\":\"ReadAction\",\"target\":[\"https:\/\/www.design-award.cz\/?portfolio=soukromy-interier-navrh-rodinneho-domu-5\"]}]},{\"@type\":\"ImageObject\",\"inLanguage\":\"cs\",\"@id\":\"https:\/\/www.design-award.cz\/?portfolio=soukromy-interier-navrh-rodinneho-domu-5#primaryimage\",\"url\":\"https:\/\/www.design-award.cz\/wp-content\/uploads\/2022\/04\/Obyvaci_cast_V.Sindelarova.png\",\"contentUrl\":\"https:\/\/www.design-award.cz\/wp-content\/uploads\/2022\/04\/Obyvaci_cast_V.Sindelarova.png\",\"width\":1920,\"height\":1080},{\"@type\":\"BreadcrumbList\",\"@id\":\"https:\/\/www.design-award.cz\/?portfolio=soukromy-interier-navrh-rodinneho-domu-5#breadcrumb\",\"itemListElement\":[{\"@type\":\"ListItem\",\"position\":1,\"name\":\"Dom\u016f\",\"item\":\"https:\/\/www.design-award.cz\/\"},{\"@type\":\"ListItem\",\"position\":2,\"name\":\"Portfolio Items\",\"item\":\"https:\/\/www.design-award.cz\/?post_type=portfolio\"},{\"@type\":\"ListItem\",\"position\":3,\"name\":\"Soukrom\u00fd interi\u00e9r &#8211; N\u00e1vrh rodinn\u00e9ho domu\"}]},{\"@type\":\"WebSite\",\"@id\":\"https:\/\/www.design-award.cz\/#website\",\"url\":\"https:\/\/www.design-award.cz\/\",\"name\":\"design-award.cz\",\"description\":\"WARD vznikla v roce 2022. Je ur\u010dena p\u0159edev\u0161\u00edm student\u016fm st\u0159edn\u00edch um\u011bleck\u00fdch \u0161kol (S\u0160 a VO\u0160), kte\u0159\u00ed mohou bezplatn\u011b zaslat sv\u00e9 n\u00e1vrhy v uveden\u00fdch kategori\u00ed a tak pom\u011b\u0159it sv\u00e9 n\u00e1pady s konkurenc\u00ed sv\u00fdch vrstevn\u00edk\u016f. N\u00e1vrhy jsou n\u00e1sledn\u011b posouzeny nez\u00e1vislou porotou z \u0159ad v\u00fdtvarn\u00edk\u016f, pedagog\u016f a profesion\u00e1l\u016f z oboru.\",\"publisher\":{\"@id\":\"https:\/\/www.design-award.cz\/#organization\"},\"potentialAction\":[{\"@type\":\"SearchAction\",\"target\":{\"@type\":\"EntryPoint\",\"urlTemplate\":\"https:\/\/www.design-award.cz\/?s={search_term_string}\"},\"query-input\":{\"@type\":\"PropertyValueSpecification\",\"valueRequired\":true,\"valueName\":\"search_term_string\"}}],\"inLanguage\":\"cs\"},{\"@type\":\"Organization\",\"@id\":\"https:\/\/www.design-award.cz\/#organization\",\"name\":\"Design Award\",\"url\":\"https:\/\/www.design-award.cz\/\",\"logo\":{\"@type\":\"ImageObject\",\"inLanguage\":\"cs\",\"@id\":\"https:\/\/www.design-award.cz\/#\/schema\/logo\/image\/\",\"url\":\"http:\/\/www.design-award.cz\/wp-content\/uploads\/2021\/12\/hornilogo_design-award.png\",\"contentUrl\":\"http:\/\/www.design-award.cz\/wp-content\/uploads\/2021\/12\/hornilogo_design-award.png\",\"width\":800,\"height\":600,\"caption\":\"Design Award\"},\"image\":{\"@id\":\"https:\/\/www.design-award.cz\/#\/schema\/logo\/image\/\"},\"sameAs\":[\"https:\/\/www.instagram.com\/design_award\/\"]}]}<\/script>\n<!-- \/ Yoast SEO plugin. -->","yoast_head_json":{"title":"Soukrom\u00fd interi\u00e9r - N\u00e1vrh rodinn\u00e9ho domu - design-award.cz","robots":{"index":"index","follow":"follow","max-snippet":"max-snippet:-1","max-image-preview":"max-image-preview:large","max-video-preview":"max-video-preview:-1"},"canonical":"https:\/\/www.design-award.cz\/?portfolio=soukromy-interier-navrh-rodinneho-domu-5","og_locale":"cs_CZ","og_type":"article","og_title":"Soukrom\u00fd interi\u00e9r - N\u00e1vrh rodinn\u00e9ho domu - design-award.cz","og_description":"Viktorie \u0160indel\u00e1\u0159ov\u00e1 Akademie Sv\u011btl\u00e1 nad S\u00e1zavou Zad\u00e1n\u00edm bylo navrhnout dle zadan\u00fdch rozm\u011br\u016f kuchy\u0148, j\u00eddelnu a ob\u00fdvac\u00ed pokoj pro \u010dty\u0159\u010dlennou rodinu.Interi\u00e9r musel b\u00fdt za\u0159\u00edzen v rustik\u00e1ln\u00edm a modern\u00edm stylu. Rozpo\u010det nebyl omezen. V m\u00e9m n\u00e1vrhu jsem se zam\u011b\u0159ila na neutr\u00e1ln\u00ed barvy v kontrastu s v\u00fdraznou \u017elutou. Cel\u00fd interi\u00e9r je p\u0159ev\u00e1\u017en\u011b b\u00edl\u00fd, abyl\u00e9pe nesl p\u0159\u00edrodn\u00ed sv\u011btlo. Vinylov\u00e1 [&hellip;]","og_url":"https:\/\/www.design-award.cz\/?portfolio=soukromy-interier-navrh-rodinneho-domu-5","og_site_name":"design-award.cz","article_modified_time":"2022-04-28T16:27:48+00:00","og_image":[{"width":1024,"height":576,"url":"http:\/\/www.design-award.cz\/wp-content\/uploads\/2022\/04\/Obyvaci_cast_V.Sindelarova-1024x576.png","type":"image\/png"}],"twitter_card":"summary_large_image","twitter_misc":{"Odhadovan\u00e1 doba \u010dten\u00ed":"1 minuta"},"schema":{"@context":"https:\/\/schema.org","@graph":[{"@type":"WebPage","@id":"https:\/\/www.design-award.cz\/?portfolio=soukromy-interier-navrh-rodinneho-domu-5","url":"https:\/\/www.design-award.cz\/?portfolio=soukromy-interier-navrh-rodinneho-domu-5","name":"Soukrom\u00fd interi\u00e9r - N\u00e1vrh rodinn\u00e9ho domu - design-award.cz","isPartOf":{"@id":"https:\/\/www.design-award.cz\/#website"},"primaryImageOfPage":{"@id":"https:\/\/www.design-award.cz\/?portfolio=soukromy-interier-navrh-rodinneho-domu-5#primaryimage"},"image":{"@id":"https:\/\/www.design-award.cz\/?portfolio=soukromy-interier-navrh-rodinneho-domu-5#primaryimage"},"thumbnailUrl":"https:\/\/www.design-award.cz\/wp-content\/uploads\/2022\/04\/Obyvaci_cast_V.Sindelarova.png","datePublished":"2022-04-28T16:27:47+00:00","dateModified":"2022-04-28T16:27:48+00:00","breadcrumb":{"@id":"https:\/\/www.design-award.cz\/?portfolio=soukromy-interier-navrh-rodinneho-domu-5#breadcrumb"},"inLanguage":"cs","potentialAction":[{"@type":"ReadAction","target":["https:\/\/www.design-award.cz\/?portfolio=soukromy-interier-navrh-rodinneho-domu-5"]}]},{"@type":"ImageObject","inLanguage":"cs","@id":"https:\/\/www.design-award.cz\/?portfolio=soukromy-interier-navrh-rodinneho-domu-5#primaryimage","url":"https:\/\/www.design-award.cz\/wp-content\/uploads\/2022\/04\/Obyvaci_cast_V.Sindelarova.png","contentUrl":"https:\/\/www.design-award.cz\/wp-content\/uploads\/2022\/04\/Obyvaci_cast_V.Sindelarova.png","width":1920,"height":1080},{"@type":"BreadcrumbList","@id":"https:\/\/www.design-award.cz\/?portfolio=soukromy-interier-navrh-rodinneho-domu-5#breadcrumb","itemListElement":[{"@type":"ListItem","position":1,"name":"Dom\u016f","item":"https:\/\/www.design-award.cz\/"},{"@type":"ListItem","position":2,"name":"Portfolio Items","item":"https:\/\/www.design-award.cz\/?post_type=portfolio"},{"@type":"ListItem","position":3,"name":"Soukrom\u00fd interi\u00e9r &#8211; N\u00e1vrh rodinn\u00e9ho domu"}]},{"@type":"WebSite","@id":"https:\/\/www.design-award.cz\/#website","url":"https:\/\/www.design-award.cz\/","name":"design-award.cz","description":"WARD vznikla v roce 2022. Je ur\u010dena p\u0159edev\u0161\u00edm student\u016fm st\u0159edn\u00edch um\u011bleck\u00fdch \u0161kol (S\u0160 a VO\u0160), kte\u0159\u00ed mohou bezplatn\u011b zaslat sv\u00e9 n\u00e1vrhy v uveden\u00fdch kategori\u00ed a tak pom\u011b\u0159it sv\u00e9 n\u00e1pady s konkurenc\u00ed sv\u00fdch vrstevn\u00edk\u016f. N\u00e1vrhy jsou n\u00e1sledn\u011b posouzeny nez\u00e1vislou porotou z \u0159ad v\u00fdtvarn\u00edk\u016f, pedagog\u016f a profesion\u00e1l\u016f z oboru.","publisher":{"@id":"https:\/\/www.design-award.cz\/#organization"},"potentialAction":[{"@type":"SearchAction","target":{"@type":"EntryPoint","urlTemplate":"https:\/\/www.design-award.cz\/?s={search_term_string}"},"query-input":{"@type":"PropertyValueSpecification","valueRequired":true,"valueName":"search_term_string"}}],"inLanguage":"cs"},{"@type":"Organization","@id":"https:\/\/www.design-award.cz\/#organization","name":"Design Award","url":"https:\/\/www.design-award.cz\/","logo":{"@type":"ImageObject","inLanguage":"cs","@id":"https:\/\/www.design-award.cz\/#\/schema\/logo\/image\/","url":"http:\/\/www.design-award.cz\/wp-content\/uploads\/2021\/12\/hornilogo_design-award.png","contentUrl":"http:\/\/www.design-award.cz\/wp-content\/uploads\/2021\/12\/hornilogo_design-award.png","width":800,"height":600,"caption":"Design Award"},"image":{"@id":"https:\/\/www.design-award.cz\/#\/schema\/logo\/image\/"},"sameAs":["https:\/\/www.instagram.com\/design_award\/"]}]}},"_links":{"self":[{"href":"https:\/\/www.design-award.cz\/index.php?rest_route=\/wp\/v2\/portfolio\/963","targetHints":{"allow":["GET"]}}],"collection":[{"href":"https:\/\/www.design-award.cz\/index.php?rest_route=\/wp\/v2\/portfolio"}],"about":[{"href":"https:\/\/www.design-award.cz\/index.php?rest_route=\/wp\/v2\/types\/portfolio"}],"author":[{"embeddable":true,"href":"https:\/\/www.design-award.cz\/index.php?rest_route=\/wp\/v2\/users\/1"}],"replies":[{"embeddable":true,"href":"https:\/\/www.design-award.cz\/index.php?rest_route=%2Fwp%2Fv2%2Fcomments&post=963"}],"version-history":[{"count":1,"href":"https:\/\/www.design-award.cz\/index.php?rest_route=\/wp\/v2\/portfolio\/963\/revisions"}],"predecessor-version":[{"id":968,"href":"https:\/\/www.design-award.cz\/index.php?rest_route=\/wp\/v2\/portfolio\/963\/revisions\/968"}],"wp:featuredmedia":[{"embeddable":true,"href":"https:\/\/www.design-award.cz\/index.php?rest_route=\/wp\/v2\/media\/965"}],"wp:attachment":[{"href":"https:\/\/www.design-award.cz\/index.php?rest_route=%2Fwp%2Fv2%2Fmedia&parent=963"}],"wp:term":[{"taxonomy":"portfolio_category","embeddable":true,"href":"https:\/\/www.design-award.cz\/index.php?rest_route=%2Fwp%2Fv2%2Fportfolio_category&post=963"},{"taxonomy":"portfolio_tag","embeddable":true,"href":"https:\/\/www.design-award.cz\/index.php?rest_route=%2Fwp%2Fv2%2Fportfolio_tag&post=963"}],"curies":[{"name":"wp","href":"https:\/\/api.w.org\/{rel}","templated":true}]}}